{"id":140841,"date":"2025-07-31T14:51:38","date_gmt":"2025-07-31T14:51:38","guid":{"rendered":"https:\/\/www.granapadano.it\/?post_type=recipe#038;p=140841"},"modified":"2026-03-18T14:44:39","modified_gmt":"2026-03-18T14:44:39","slug":"grana-padano-dop-e-senape","status":"publish","type":"recipe","link":"https:\/\/www.granapadano.it\/it-it\/ricette\/abbinamenti\/grana-padano-dop-e-senape\/","title":{"rendered":"Grana Padano DOP e senape"},"content":{"rendered":"<p>[et_pb_section fb_built=&#8221;1&#8243; fullwidth=&#8221;on&#8221; _builder_version=&#8221;4.19.2&#8243; _module_preset=&#8221;default&#8221; locked=&#8221;off&#8221; global_colors_info=&#8221;{}&#8221;][et_pb_fullwidth_image src=&#8221;https:\/\/www.granapadano.it\/wp-content\/uploads\/2025\/07\/GP_senape_1920x360.jpg&#8221; title_text=&#8221;GP_senape_450x200&#8243; src_tablet=&#8221;https:\/\/www.granapadano.it\/wp-content\/uploads\/2025\/07\/GP_senape_1920x360.jpg&#8221; src_phone=&#8221;https:\/\/www.granapadano.it\/wp-content\/uploads\/2025\/07\/GP_senape_450x200.jpg&#8221; src_last_edited=&#8221;on|phone&#8221; _builder_version=&#8221;4.27.4&#8243; _module_preset=&#8221;default&#8221; global_colors_info=&#8221;{}&#8221;][\/et_pb_fullwidth_image][\/et_pb_section][et_pb_section fb_built=&#8221;1&#8243; module_class=&#8221;single_recipe_content&#8221; _builder_version=&#8221;4.19.2&#8243; _module_preset=&#8221;default&#8221; custom_padding=&#8221;13px||0px|||&#8221; global_colors_info=&#8221;{}&#8221;][et_pb_row module_class=&#8221;recipe_filter_section&#8221; _builder_version=&#8221;4.27.4&#8243; _module_preset=&#8221;5743ec59-06ba-4cc0-a4d5-3225a18a9137&#8243; max_width=&#8221;90%&#8221; custom_margin=&#8221;|auto|-60px|auto|false|false&#8221; custom_padding=&#8221;2px|||||&#8221; global_colors_info=&#8221;{}&#8221;][et_pb_column type=&#8221;4_4&#8243; _builder_version=&#8221;4.19.2&#8243; _module_preset=&#8221;default&#8221; global_colors_info=&#8221;{}&#8221;][et_pb_code _builder_version=&#8221;4.19.2&#8243; _module_preset=&#8221;default&#8221; custom_margin=&#8221;||16px|||&#8221; global_colors_info=&#8221;{}&#8221;]<div class=\"breadcrumb\"><a href=\"https:\/\/www.granapadano.it\/it-it\/\">Home<\/a>  <  <\/div>[\/et_pb_code][et_pb_code module_class=&#8221;recipe_likes_section&#8221; _builder_version=&#8221;4.19.2&#8243; _module_preset=&#8221;default&#8221; global_colors_info=&#8221;{}&#8221;]<div class=\"recipe_social_main\"><div class=\"recipe_like_section \"><a href=\"javascript:\" class=\"recipe_like_btn dev_like_btn\" data-id=\"140841\"><img decoding=\"async\" src=\"https:\/\/granapadano.kleecks-cdn.com\/wp-content\/uploads\/2022\/12\/like_thumb.png\"><span>Mi piace<\/span><\/a><\/div><div class=\"recipe_liked_count dev_liked_count\"><img decoding=\"async\" src=\"https:\/\/granapadano.kleecks-cdn.com\/wp-content\/uploads\/2022\/12\/heart_like.png\"><span>Piace a <em>10<\/em><\/span><\/div><div class=\"recipe_social_share\"><p>Condividi<\/p><ul><li><a href=\"https:\/\/www.facebook.com\/sharer.php?u=https:\/\/www.granapadano.it\/it-it\/ricette\/abbinamenti\/grana-padano-dop-e-senape\/\" class=\"recipe_like_btn\" target=\"_blank\"><img decoding=\"async\" src=\"https:\/\/granapadano.kleecks-cdn.com\/wp-content\/uploads\/2022\/12\/fb.png\"><\/a><\/li><li><a href=\"https:\/\/pinterest.com\/pin\/create\/button\/?url=https:\/\/www.granapadano.it\/it-it\/ricette\/abbinamenti\/grana-padano-dop-e-senape\/&media=https:\/\/www.granapadano.it\/wp-content\/uploads\/2025\/07\/GP_senape_395x395.jpg&description=Grana Padano DOP e senape\" class=\"recipe_like_btn\" target=\"_blank\"><img decoding=\"async\" src=\"https:\/\/granapadano.kleecks-cdn.com\/wp-content\/uploads\/2022\/12\/print.png\"><\/a><\/li><li><a href=\"https:\/\/twitter.com\/share?text=Grana Padano DOP e senape&url=https:\/\/www.granapadano.it\/it-it\/ricette\/abbinamenti\/grana-padano-dop-e-senape\/\" class=\"recipe_like_btn\" target=\"_blank\"><img decoding=\"async\" src=\"https:\/\/granapadano.kleecks-cdn.com\/wp-content\/uploads\/2022\/12\/twitter.png\"><\/a><\/li><ul><\/div><\/div><!-- NO CAT -->[\/et_pb_code][et_pb_post_title meta=&#8221;off&#8221; featured_image=&#8221;off&#8221; _builder_version=&#8221;4.27.4&#8243; _module_preset=&#8221;default&#8221; title_level=&#8221;h2&#8243; title_font=&#8221;Merriweather||||||||&#8221; title_text_color=&#8221;#000000&#8243; title_font_size=&#8221;56px&#8221; custom_margin=&#8221;10px||||false|false&#8221; custom_padding=&#8221;10px||||false|false&#8221; title_font_size_tablet=&#8221;56px&#8221; title_font_size_phone=&#8221;36px&#8221; title_font_size_last_edited=&#8221;on|phone&#8221; global_colors_info=&#8221;{}&#8221;][\/et_pb_post_title][\/et_pb_column][\/et_pb_row][\/et_pb_section][et_pb_section fb_built=&#8221;1&#8243; module_class=&#8221;ingredient_sec&#8221; _builder_version=&#8221;4.19.2&#8243; _module_preset=&#8221;default&#8221; custom_margin=&#8221;-6px|||||&#8221; custom_padding=&#8221;4px|||||&#8221; global_colors_info=&#8221;{}&#8221;][et_pb_row _builder_version=&#8221;4.21.0&#8243; _module_preset=&#8221;default&#8221; custom_padding=&#8221;||1px|||&#8221; global_colors_info=&#8221;{}&#8221;][et_pb_column type=&#8221;4_4&#8243; _builder_version=&#8221;4.21.0&#8243; _module_preset=&#8221;default&#8221; global_colors_info=&#8221;{}&#8221;][et_pb_text _builder_version=&#8221;4.27.4&#8243; _module_preset=&#8221;default&#8221; text_font=&#8221;||||||||&#8221; global_colors_info=&#8221;{}&#8221;]<\/p>\n<h4>Il sapore di Grana Padano DOP, ricco di umami, si sposa alla perfezione con il carattere pungente e aromatico della senape, piccante al punto giusto e dalle sfumature dolci e aromatiche.<\/h4>\n<p>[\/et_pb_text][\/et_pb_column][\/et_pb_row][et_pb_row disabled_on=&#8221;off|off|off&#8221; _builder_version=&#8221;4.27.4&#8243; _module_preset=&#8221;default&#8221; max_width=&#8221;90%&#8221; custom_margin=&#8221;||15px||false|false&#8221; custom_padding=&#8221;||0px||false|false&#8221; locked=&#8221;off&#8221; global_colors_info=&#8221;{}&#8221;][et_pb_column type=&#8221;4_4&#8243; _builder_version=&#8221;4.19.2&#8243; _module_preset=&#8221;default&#8221; global_colors_info=&#8221;{}&#8221;][et_pb_text _builder_version=&#8221;4.27.4&#8243; _module_preset=&#8221;default&#8221; text_font=&#8221;||||||||&#8221; custom_margin=&#8221;||0px||false|false&#8221; locked=&#8221;off&#8221; global_colors_info=&#8221;{}&#8221;]<\/p>\n<h2>Con quale senape abbinare Grana Padano?<\/h2>\n<h4>Un abbinamento sorprendente e dal carattere deciso, che conquista il palato di chi cerca qualcosa di nuovo. Il sapore unico di Grana Padano DOP, ricco di umami e sentori di stagionatura, si sposa alla perfezione con il carattere pungente e aromatico della senape, piccante al punto giusto, con le sue sfumature dolci e aromatiche.<br \/>Quando si incontrano, creano un contrasto perfetto: il dolce incontra il salato, il cremoso si bilancia con il piccante. Un\u2019esperienza gustativa che rompe gli schemi, perfetta sul tagliere dell\u2019aperitivo, su una bruschetta calda o per accompagnare un vino bianco aromatico o una birra artigianale.<br \/>Diversi tipi di senape si abbinano meglio con diverse stagionature di Grana Padano, per creare armonie e contrasti che esaltano il gusto di entrambi gli ingredienti.<\/h4>\n<p>[\/et_pb_text][et_pb_accordion open_toggle_text_color=&#8221;#0f0f0f&#8221; open_toggle_background_color=&#8221;RGBA(255,255,255,0)&#8221; closed_toggle_background_color=&#8221;RGBA(255,255,255,0)&#8221; toggle_icon=&#8221;&#x33;||divi||400&#8243; icon_color=&#8221;#0f0f0f&#8221; use_icon_font_size=&#8221;on&#8221; icon_font_size=&#8221;44px&#8221; module_class=&#8221;pa-add-accordion-icon gp_accordian_item_main&#8221; _builder_version=&#8221;4.27.4&#8243; _module_preset=&#8221;default&#8221; toggle_text_color=&#8221;#0f0f0f&#8221; toggle_font=&#8221;||||||||&#8221; toggle_font_size=&#8221;23px&#8221; toggle_line_height=&#8221;27px&#8221; body_font=&#8221;Merriweather||||||||&#8221; body_text_color=&#8221;#0f0f0f&#8221; body_font_size=&#8221;18px&#8221; body_line_height=&#8221;26px&#8221; border_width_all=&#8221;0px&#8221; border_width_top=&#8221;1px&#8221; border_color_top=&#8221;#0f0f0f&#8221; border_color_bottom=&#8221;#0f0f0f&#8221; locked=&#8221;off&#8221; global_colors_info=&#8221;{%22gcid-8696fd7e-29dd-4028-9d4d-981b208a53a9%22:%91%22border_color_top%22,%22border_color_bottom%22,%22icon_color%22%93}&#8221;][et_pb_accordion_item open=&#8221;on&#8221; _builder_version=&#8221;4.19.5&#8243; _module_preset=&#8221;default&#8221; custom_css_main_element=&#8221;display:none&#8221; global_colors_info=&#8221;{}&#8221;][\/et_pb_accordion_item][et_pb_accordion_item title=&#8221;Grana Padano DOP 9-16 mesi e senape al miele&#8221; title_tablet=&#8221;Stuffed pasta&#8221; title_phone=&#8221;Stuffed pasta&#8221; title_last_edited=&#8221;off|desktop&#8221; _builder_version=&#8221;4.27.4&#8243; _module_preset=&#8221;default&#8221; global_colors_info=&#8221;{}&#8221; open=&#8221;off&#8221;]<\/p>\n<p>Il gusto dolce e rotondo della stagionatura pi\u00f9 giovane di <strong>Grana Padano<\/strong>, con il suo profumo lattato, trova un equilibrio naturale con una senape dolce e delicata, in perfetta armonia con il formaggio.<br \/>\u00c8 per questo che consigliamo un abbinamento con la <strong>senape al miele<\/strong>, una variet\u00e0 che nasce, come indica il nome stesso, dall\u2019unione di senape gialla e miele. Il risultato \u00e8 una senape cremosissima, di un giallo intenso e con un sapore in perfetto equilibrio tra piccantezza e dolcezza.<br \/>Questo abbinamento \u00e8 perfetto per un aperitivo diverso dal solito, raffinato e gustoso.<\/p>\n<p><strong>Curiosit\u00e0:<\/strong><br \/>&#8211; Per la produzione della senape al miele si utilizzano spesso mieli delicati, come il miele di acacia, millefiori o tiglio, che conferiscono alla senape una dolcezza equilibrata che non copre il gusto naturale della senape gialla, ma lo ammorbidisce, creando un perfetto equilibrio tra dolce e piccante.<br \/>&#8211; La senape al miele ha conquistato un ruolo speciale nelle cucine di Germania e Stati Uniti, dove \u00e8 particolarmente apprezzata per il suo sapore dolce e delicato che equilibra la sapidit\u00e0 e la robustezza dei piatti tipici.<\/p>\n<p><strong>Altri abbinamenti suggeriti:<\/strong><br \/>&#8211; Senape gialla americana<br \/>&#8211; Senape fruttata<\/p>\n<p>[\/et_pb_accordion_item][\/et_pb_accordion][et_pb_accordion open_toggle_text_color=&#8221;#0f0f0f&#8221; open_toggle_background_color=&#8221;RGBA(255,255,255,0)&#8221; closed_toggle_background_color=&#8221;RGBA(255,255,255,0)&#8221; toggle_icon=&#8221;&#x33;||divi||400&#8243; icon_color=&#8221;#0f0f0f&#8221; use_icon_font_size=&#8221;on&#8221; icon_font_size=&#8221;44px&#8221; module_class=&#8221;pa-add-accordion-icon gp_accordian_item_main&#8221; _builder_version=&#8221;4.27.4&#8243; _module_preset=&#8221;default&#8221; toggle_text_color=&#8221;#0f0f0f&#8221; toggle_font=&#8221;||||||||&#8221; toggle_font_size=&#8221;23px&#8221; toggle_line_height=&#8221;27px&#8221; body_font=&#8221;Merriweather||||||||&#8221; body_text_color=&#8221;#0f0f0f&#8221; body_font_size=&#8221;18px&#8221; body_line_height=&#8221;26px&#8221; border_width_all=&#8221;0px&#8221; border_width_top=&#8221;1px&#8221; border_color_top=&#8221;#0f0f0f&#8221; border_color_bottom=&#8221;#0f0f0f&#8221; global_colors_info=&#8221;{%22gcid-8696fd7e-29dd-4028-9d4d-981b208a53a9%22:%91%22border_color_top%22,%22border_color_bottom%22,%22icon_color%22%93}&#8221;][et_pb_accordion_item open=&#8221;on&#8221; _builder_version=&#8221;4.19.5&#8243; _module_preset=&#8221;default&#8221; custom_css_main_element=&#8221;display:none&#8221; global_colors_info=&#8221;{}&#8221;][\/et_pb_accordion_item][et_pb_accordion_item title=&#8221;Grana Padano DOP 16-20 mesi e senape a grani interi&#8221; title_tablet=&#8221;Dry pasta and fresh pasta&#8221; title_phone=&#8221;Dry pasta and fresh pasta&#8221; title_last_edited=&#8221;off|desktop&#8221; _builder_version=&#8221;4.27.4&#8243; _module_preset=&#8221;default&#8221; global_colors_info=&#8221;{}&#8221; open=&#8221;off&#8221;]<\/p>\n<p>Il gusto equilibrato e sapido di questa stagionatura di <strong>Grana Padano<\/strong> \u00e8 arricchito da piacevoli note di frutta secca. Per questo, lo abbiniamo ad una <strong>senape a grani interi,<\/strong> dalla consistenza rustica e croccante, caratterizzata da aromi morbidi e leggermente piccanti ma sempre equilibrati.<br \/>\u00c8 un abbinamento elegante e raffinato, che oltre alla perfetta armonia di sapori, presenta un interessante gioco di texture tra la granulosit\u00e0 del Grana Padano e la consistenza croccante della senape non perfettamente liscia.<br \/>Questo abbinamento si presta benissimo ad essere incorporato in ricette di vario tipo, da una semplice insalata di pollo arricchita da scaglie di grana e condita con senape a grani interi, fino ad un hamburger, all\u2019interno del quale i sapori si fondono creando un\u2019esperienza di gusto unica.<\/p>\n<p><strong>Curiosit\u00e0:<br \/><\/strong>&#8211; Questa senape mantiene i semi interi o parzialmente schiacciati, una tecnica che risale addirittura al Medioevo, quando si preferiva un sapore pi\u00f9 rustico e una texture pi\u00f9 croccante.<br \/>&#8211; Oltre al classico accompagnamento per carni e formaggi, \u00e8 molto usata per preparare glasse agrodolci o per insaporire marinate, grazie ai suoi semi che rilasciano lentamente aroma e piccantezza.<\/p>\n<p><strong>Altri abbinamenti suggeriti:<br \/><\/strong>&#8211; Senape all\u2019arancia<br \/>&#8211; Senape al tartufo<\/p>\n<p>[\/et_pb_accordion_item][\/et_pb_accordion][et_pb_accordion open_toggle_text_color=&#8221;#0f0f0f&#8221; open_toggle_background_color=&#8221;RGBA(255,255,255,0)&#8221; closed_toggle_background_color=&#8221;RGBA(255,255,255,0)&#8221; toggle_icon=&#8221;&#x33;||divi||400&#8243; icon_color=&#8221;#0f0f0f&#8221; use_icon_font_size=&#8221;on&#8221; icon_font_size=&#8221;44px&#8221; disabled_on=&#8221;off|off|off&#8221; module_class=&#8221;pa-add-accordion-icon gp_accordian_item_main&#8221; _builder_version=&#8221;4.27.4&#8243; _module_preset=&#8221;default&#8221; toggle_text_color=&#8221;#0f0f0f&#8221; toggle_font=&#8221;||||||||&#8221; toggle_font_size=&#8221;23px&#8221; toggle_line_height=&#8221;27px&#8221; body_font=&#8221;Merriweather||||||||&#8221; body_text_color=&#8221;#0f0f0f&#8221; body_font_size=&#8221;18px&#8221; body_line_height=&#8221;26px&#8221; border_width_all=&#8221;0px&#8221; border_width_top=&#8221;1px&#8221; border_color_top=&#8221;#0f0f0f&#8221; border_color_bottom=&#8221;#0f0f0f&#8221; locked=&#8221;off&#8221; global_colors_info=&#8221;{%22gcid-8696fd7e-29dd-4028-9d4d-981b208a53a9%22:%91%22border_color_top%22,%22border_color_bottom%22,%22icon_color%22%93}&#8221;][et_pb_accordion_item open=&#8221;on&#8221; _builder_version=&#8221;4.19.5&#8243; _module_preset=&#8221;default&#8221; custom_css_main_element=&#8221;display:none&#8221; global_colors_info=&#8221;{}&#8221;][\/et_pb_accordion_item][et_pb_accordion_item title=&#8221;Grana Padano DOP \u201cRiserva\u201d 20-24 mesi e senape di Digione&#8221; title_tablet=&#8221;Pasta formats&#8221; title_phone=&#8221;Pasta formats&#8221; title_last_edited=&#8221;off|desktop&#8221; _builder_version=&#8221;4.27.4&#8243; _module_preset=&#8221;default&#8221; global_colors_info=&#8221;{}&#8221; open=&#8221;off&#8221;]<\/p>\n<p>Il <strong>Grana Padano con stagionatura tra i 20 e i 24 mesi<\/strong> si presenta con un sapore pi\u00f9 deciso e aromatico, arricchito da una piacevole sapidit\u00e0 e da lievi sentori di frutta secca e burro. Per valorizzare questa complessit\u00e0, suggeriamo l\u2019abbinamento con la <strong>senape di Digione<\/strong>, caratterizzata da una consistenza cremosa e un gusto deciso ma equilibrato, con una punta di acidit\u00e0.<br \/>L\u2019incontro tra il carattere ricco del formaggio e la delicatezza pungente della senape di Digione crea un\u2019esperienza raffinata e armoniosa, perfetta per accompagnare piatti di alta cucina o per concludere in bellezza una cena speciale.<\/p>\n<p><strong>Curiosit\u00e0:<br \/><\/strong>&#8211; L\u2019ingrediente chiave che rende unica questa senape \u00e8 il verjus, un succo di uva acerba, che dona freschezza e un\u2019acidit\u00e0 particolare senza aggiungere aceto.<br \/>&#8211; La denominazione \u2018di Digione\u2019 \u00e8 dovuta alla cittadine francese a cui si deve la produzione tradizionale di questo tipo di senape, nonostante oggi senapi con caratteristiche simili siano realizzate anche in altre localit\u00e0, anche fuori dalla Francia.<\/p>\n<p><strong>Altri abbinamenti suggeriti:<\/strong><br \/>&#8211; Senape tedesca dolce-piccante<br \/>&#8211; Senape Karashi giapponese<\/p>\n<p>[\/et_pb_accordion_item][\/et_pb_accordion][et_pb_accordion open_toggle_text_color=&#8221;#0f0f0f&#8221; open_toggle_background_color=&#8221;RGBA(255,255,255,0)&#8221; closed_toggle_background_color=&#8221;RGBA(255,255,255,0)&#8221; toggle_icon=&#8221;&#x33;||divi||400&#8243; icon_color=&#8221;#0f0f0f&#8221; use_icon_font_size=&#8221;on&#8221; icon_font_size=&#8221;44px&#8221; module_class=&#8221;pa-add-accordion-icon gp_accordian_item_main&#8221; _builder_version=&#8221;4.27.4&#8243; _module_preset=&#8221;default&#8221; toggle_text_color=&#8221;#0f0f0f&#8221; toggle_font=&#8221;||||||||&#8221; toggle_font_size=&#8221;23px&#8221; toggle_line_height=&#8221;27px&#8221; body_font=&#8221;Merriweather||||||||&#8221; body_text_color=&#8221;#0f0f0f&#8221; body_font_size=&#8221;18px&#8221; body_line_height=&#8221;26px&#8221; border_width_all=&#8221;0px&#8221; border_width_top=&#8221;1px&#8221; border_color_top=&#8221;#0f0f0f&#8221; border_color_bottom=&#8221;#0f0f0f&#8221; locked=&#8221;off&#8221; global_colors_info=&#8221;{%22gcid-8696fd7e-29dd-4028-9d4d-981b208a53a9%22:%91%22border_color_top%22,%22border_color_bottom%22,%22icon_color%22%93}&#8221;][et_pb_accordion_item open=&#8221;on&#8221; _builder_version=&#8221;4.19.5&#8243; _module_preset=&#8221;default&#8221; custom_css_main_element=&#8221;display:none&#8221; global_colors_info=&#8221;{}&#8221;][\/et_pb_accordion_item][et_pb_accordion_item title=&#8221;Grana Padano DOP \u201cRiserva\u201d oltre 24 mesi e senape inglese&#8221; title_tablet=&#8221;Other types of pasta&#8221; title_phone=&#8221;Other types of pasta&#8221; title_last_edited=&#8221;off|desktop&#8221; _builder_version=&#8221;4.27.4&#8243; _module_preset=&#8221;default&#8221; global_colors_info=&#8221;{}&#8221; open=&#8221;off&#8221;]<\/p>\n<p>Quando il <strong>Grana Padano supera i 24 mesi<\/strong> di stagionatura, il suo gusto diventa intenso, strutturato e friabile, con una sapidit\u00e0 accentuata e note aromatiche pi\u00f9 profonde. <br \/>Per questo formaggio audace, consigliamo la <strong>senape inglese<\/strong>, dalla personalit\u00e0 forte e piccante, capace di bilanciare e al contempo esaltare la complessit\u00e0 del formaggio.<br \/>La sua piccantezza intensa e decisa si sposa perfettamente con la struttura del Grana Padano pi\u00f9 maturo, dando vita a un abbinamento robusto e ricco di carattere, ideale per accompagnare secondi di carne e vini corposi.<\/p>\n<p><strong>Curiosit\u00e0:<br \/><\/strong>&#8211; La senape inglese tradizionale \u00e8 caratterizzata da una piccantezza decisa, in quanto viene preparata con polvere di semi di senape appena macinata, che sprigiona il massimo della forza e del calore se consumata fresca.<br \/>&#8211; Viene spesso associata al piatto \u201cSunday roast\u201d (arrosto domenicale), ed \u00e8 cos\u00ec popolare da essere considerata una sorta di \u201cpatrimonio gastronomico\u201d nazionale in Inghilterra.<\/p>\n<p><strong>Altri abbinamenti suggeriti:<\/strong><br \/>&#8211; Senape Spicy Brown <br \/>&#8211; Senape creola o affumicata<\/p>\n<p>[\/et_pb_accordion_item][\/et_pb_accordion][et_pb_divider color=&#8221;#000000&#8243; _builder_version=&#8221;4.20.2&#8243; _module_preset=&#8221;default&#8221; global_colors_info=&#8221;{}&#8221;][\/et_pb_divider][\/et_pb_column][\/et_pb_row][\/et_pb_section][et_pb_section fb_built=&#8221;1&#8243; module_class=&#8221;ricette_main_sec&#8221; _builder_version=&#8221;4.27.4&#8243; _module_preset=&#8221;default&#8221; background_color=&#8221;RGBA(255,255,255,0)&#8221; custom_margin=&#8221;||-20px||false|false&#8221; custom_padding=&#8221;3px||0px||false|false&#8221; locked=&#8221;off&#8221; global_colors_info=&#8221;{}&#8221;][et_pb_row module_class=&#8221;scopri_btn&#8221; _builder_version=&#8221;4.27.4&#8243; _module_preset=&#8221;default&#8221; custom_margin=&#8221;13px|auto||auto||&#8221; custom_padding=&#8221;||5px||false|false&#8221; global_colors_info=&#8221;{}&#8221;][et_pb_column type=&#8221;4_4&#8243; _builder_version=&#8221;4.19.1&#8243; _module_preset=&#8221;default&#8221; global_colors_info=&#8221;{}&#8221;][et_pb_button button_url=&#8221;https:\/\/www.granapadano.it\/momenti-di-consumo\/abbinamenti\/&#8221; button_text=&#8221;Scopri tutti gli abbinamenti&#8221; button_alignment=&#8221;center&#8221; _builder_version=&#8221;4.27.4&#8243; _module_preset=&#8221;default&#8221; custom_button=&#8221;on&#8221; button_text_size=&#8221;22px&#8221; button_text_color=&#8221;#0f0f0f&#8221; button_border_width=&#8221;1px&#8221; button_border_color=&#8221;#221f1c&#8221; button_border_radius=&#8221;40px&#8221; button_font=&#8221;Merriweather|700|||||||&#8221; button_icon=&#8221;&#x35;||divi||400&#8243; button_icon_color=&#8221;#000000&#8243; button_on_hover=&#8221;off&#8221; custom_margin=&#8221;-1px|||||&#8221; custom_padding=&#8221;3px||3px|||&#8221; global_colors_info=&#8221;{}&#8221; button_bg_color__hover_enabled=&#8221;on|hover&#8221; button_bg_color__hover=&#8221;#0f0f0f&#8221; button_bg_enable_color__hover=&#8221;on&#8221; button_text_color__hover_enabled=&#8221;on|hover&#8221; button_text_color__hover=&#8221;#FFFFFF&#8221; button_icon_color__hover_enabled=&#8221;on|hover&#8221; button_icon_color__hover=&#8221;#FFFFFF&#8221;][\/et_pb_button][\/et_pb_column][\/et_pb_row][\/et_pb_section]<\/p>\n","protected":false},"excerpt":{"rendered":"<p><div class=\"breadcrumb\"><a href=\"https:\/\/www.granapadano.it\/it-it\/\">Home<\/a>  <  <\/div><div class=\"recipe_social_main\"><div class=\"recipe_like_section \"><a href=\"javascript:\" class=\"recipe_like_btn dev_like_btn\" data-id=\"140841\"><img decoding=\"async\" src=\"https:\/\/granapadano.kleecks-cdn.com\/wp-content\/uploads\/2022\/12\/like_thumb.png\"><span>Mi piace<\/span><\/a><\/div><div class=\"recipe_liked_count dev_liked_count\"><img decoding=\"async\" src=\"https:\/\/granapadano.kleecks-cdn.com\/wp-content\/uploads\/2022\/12\/heart_like.png\"><span>Piace a <em>10<\/em><\/span><\/div><div class=\"recipe_social_share\"><p>Condividi<\/p><ul><li><a href=\"https:\/\/www.facebook.com\/sharer.php?u=https:\/\/www.granapadano.it\/it-it\/ricette\/abbinamenti\/grana-padano-dop-e-senape\/\" class=\"recipe_like_btn\" target=\"_blank\"><img decoding=\"async\" src=\"https:\/\/granapadano.kleecks-cdn.com\/wp-content\/uploads\/2022\/12\/fb.png\"><\/a><\/li><li><a href=\"https:\/\/pinterest.com\/pin\/create\/button\/?url=https:\/\/www.granapadano.it\/it-it\/ricette\/abbinamenti\/grana-padano-dop-e-senape\/&media=https:\/\/www.granapadano.it\/wp-content\/uploads\/2025\/07\/GP_senape_395x395.jpg&description=Grana Padano DOP e senape\" class=\"recipe_like_btn\" target=\"_blank\"><img decoding=\"async\" src=\"https:\/\/granapadano.kleecks-cdn.com\/wp-content\/uploads\/2022\/12\/print.png\"><\/a><\/li><li><a href=\"https:\/\/twitter.com\/share?text=Grana Padano DOP e senape&url=https:\/\/www.granapadano.it\/it-it\/ricette\/abbinamenti\/grana-padano-dop-e-senape\/\" class=\"recipe_like_btn\" target=\"_blank\"><img decoding=\"async\" src=\"https:\/\/granapadano.kleecks-cdn.com\/wp-content\/uploads\/2022\/12\/twitter.png\"><\/a><\/li><ul><\/div><\/div><!-- NO CAT -->Il sapore di Grana Padano DOP, ricco di umami, si sposa alla perfezione con il carattere pungente e aromatico della senape, piccante al punto giusto e dalle sfumature dolci e aromatiche.Con quale senape abbinare Grana Padano? Un abbinamento sorprendente e dal carattere deciso, che conquista il palato di chi cerca qualcosa di nuovo. Il sapore [&hellip;]<\/p>\n","protected":false},"author":11,"featured_media":140843,"menu_order":562,"comment_status":"open","ping_status":"closed","template":"","meta":{"_acf_changed":false,"_et_pb_use_builder":"on","_et_pb_old_content":"","_et_gb_content_width":"","footnotes":""},"recipe_cat":[3412],"stagionatura":[],"variety":[],"tempo":[],"intolerance":[],"class_list":["post-140841","recipe","type-recipe","status-publish","has-post-thumbnail","hentry"],"acf":[],"yoast_head":"<!-- This site is optimized with the Yoast SEO plugin v27.4 - https:\/\/yoast.com\/product\/yoast-seo-wordpress\/ -->\n<title>Grana Padano DOP e senape - Grana Padano<\/title>\n<meta name=\"description\" content=\"Abbinamenti: Il sapore di Grana Padano DOP, ricco di umami, si sposa alla perfezione con il carattere pungente e aromatico della senape.\" \/>\n<meta name=\"robots\" content=\"index, follow, max-snippet:-1, max-image-preview:large, max-video-preview:-1\" \/>\n<link rel=\"canonical\" href=\"https:\/\/www.granapadano.it\/it-it\/ricette\/abbinamenti\/grana-padano-dop-e-senape\/\" \/>\n<meta property=\"og:locale\" content=\"it_IT\" \/>\n<meta property=\"og:type\" content=\"article\" \/>\n<meta property=\"og:title\" content=\"Grana Padano DOP e senape - Grana Padano\" \/>\n<meta property=\"og:description\" content=\"Abbinamenti: Il sapore di Grana Padano DOP, ricco di umami, si sposa alla perfezione con il carattere pungente e aromatico della senape.\" \/>\n<meta property=\"og:url\" content=\"https:\/\/www.granapadano.it\/it-it\/ricette\/abbinamenti\/grana-padano-dop-e-senape\/\" \/>\n<meta property=\"og:site_name\" content=\"Grana Padano\" \/>\n<meta property=\"article:modified_time\" content=\"2026-03-18T14:44:39+00:00\" \/>\n<meta property=\"og:image\" content=\"https:\/\/granapadano.kleecks-cdn.com\/wp-content\/uploads\/2025\/07\/GP_senape_395x395.jpg\" \/>\n\t<meta property=\"og:image:width\" content=\"395\" \/>\n\t<meta property=\"og:image:height\" content=\"395\" \/>\n\t<meta property=\"og:image:type\" content=\"image\/jpeg\" \/>\n<meta name=\"twitter:card\" content=\"summary_large_image\" \/>\n<meta name=\"twitter:label1\" content=\"Est. reading time\" \/>\n\t<meta name=\"twitter:data1\" content=\"7 minutes\" \/>\n<script type=\"application\/ld+json\" class=\"yoast-schema-graph\">{\"@context\":\"https:\\\/\\\/schema.org\",\"@graph\":[{\"@type\":\"WebPage\",\"@id\":\"https:\\\/\\\/www.granapadano.it\\\/it-it\\\/ricette\\\/abbinamenti\\\/grana-padano-dop-e-senape\\\/\",\"url\":\"https:\\\/\\\/www.granapadano.it\\\/it-it\\\/ricette\\\/abbinamenti\\\/grana-padano-dop-e-senape\\\/\",\"name\":\"Grana Padano DOP e senape - Grana Padano\",\"isPartOf\":{\"@id\":\"https:\\\/\\\/www.granapadano.it\\\/it-it\\\/#website\"},\"primaryImageOfPage\":{\"@id\":\"https:\\\/\\\/www.granapadano.it\\\/it-it\\\/ricette\\\/abbinamenti\\\/grana-padano-dop-e-senape\\\/#primaryimage\"},\"image\":{\"@id\":\"https:\\\/\\\/www.granapadano.it\\\/it-it\\\/ricette\\\/abbinamenti\\\/grana-padano-dop-e-senape\\\/#primaryimage\"},\"thumbnailUrl\":\"https:\\\/\\\/granapadano.kleecks-cdn.com\\\/wp-content\\\/uploads\\\/2025\\\/07\\\/GP_senape_395x395.jpg\",\"datePublished\":\"2025-07-31T14:51:38+00:00\",\"dateModified\":\"2026-03-18T14:44:39+00:00\",\"description\":\"Abbinamenti: Il sapore di Grana Padano DOP, ricco di umami, si sposa alla perfezione con il carattere pungente e aromatico della senape.\",\"breadcrumb\":{\"@id\":\"https:\\\/\\\/www.granapadano.it\\\/it-it\\\/ricette\\\/abbinamenti\\\/grana-padano-dop-e-senape\\\/#breadcrumb\"},\"inLanguage\":\"it-it\",\"potentialAction\":[{\"@type\":\"ReadAction\",\"target\":[\"https:\\\/\\\/www.granapadano.it\\\/it-it\\\/ricette\\\/abbinamenti\\\/grana-padano-dop-e-senape\\\/\"]}]},{\"@type\":\"ImageObject\",\"inLanguage\":\"it-it\",\"@id\":\"https:\\\/\\\/www.granapadano.it\\\/it-it\\\/ricette\\\/abbinamenti\\\/grana-padano-dop-e-senape\\\/#primaryimage\",\"url\":\"https:\\\/\\\/granapadano.kleecks-cdn.com\\\/wp-content\\\/uploads\\\/2025\\\/07\\\/GP_senape_395x395.jpg\",\"contentUrl\":\"https:\\\/\\\/granapadano.kleecks-cdn.com\\\/wp-content\\\/uploads\\\/2025\\\/07\\\/GP_senape_395x395.jpg\",\"width\":395,\"height\":395},{\"@type\":\"BreadcrumbList\",\"@id\":\"https:\\\/\\\/www.granapadano.it\\\/it-it\\\/ricette\\\/abbinamenti\\\/grana-padano-dop-e-senape\\\/#breadcrumb\",\"itemListElement\":[{\"@type\":\"ListItem\",\"position\":1,\"name\":\"Home\",\"item\":\"https:\\\/\\\/www.granapadano.it\\\/it-it\\\/\"},{\"@type\":\"ListItem\",\"position\":2,\"name\":\"Grana Padano DOP e senape\"}]},{\"@type\":\"WebSite\",\"@id\":\"https:\\\/\\\/www.granapadano.it\\\/it-it\\\/#website\",\"url\":\"https:\\\/\\\/www.granapadano.it\\\/it-it\\\/\",\"name\":\"Grana Padano\",\"description\":\"\",\"potentialAction\":[{\"@type\":\"SearchAction\",\"target\":{\"@type\":\"EntryPoint\",\"urlTemplate\":\"https:\\\/\\\/www.granapadano.it\\\/it-it\\\/?s={search_term_string}\"},\"query-input\":{\"@type\":\"PropertyValueSpecification\",\"valueRequired\":true,\"valueName\":\"search_term_string\"}}],\"inLanguage\":\"it-it\"}]}<\/script>\n<!-- \/ Yoast SEO plugin. -->","yoast_head_json":{"title":"Grana Padano DOP e senape - Grana Padano","description":"Abbinamenti: Il sapore di Grana Padano DOP, ricco di umami, si sposa alla perfezione con il carattere pungente e aromatico della senape.","robots":{"index":"index","follow":"follow","max-snippet":"max-snippet:-1","max-image-preview":"max-image-preview:large","max-video-preview":"max-video-preview:-1"},"canonical":"https:\/\/www.granapadano.it\/it-it\/ricette\/abbinamenti\/grana-padano-dop-e-senape\/","og_locale":"it_IT","og_type":"article","og_title":"Grana Padano DOP e senape - Grana Padano","og_description":"Abbinamenti: Il sapore di Grana Padano DOP, ricco di umami, si sposa alla perfezione con il carattere pungente e aromatico della senape.","og_url":"https:\/\/www.granapadano.it\/it-it\/ricette\/abbinamenti\/grana-padano-dop-e-senape\/","og_site_name":"Grana Padano","article_modified_time":"2026-03-18T14:44:39+00:00","og_image":[{"width":395,"height":395,"url":"https:\/\/granapadano.kleecks-cdn.com\/wp-content\/uploads\/2025\/07\/GP_senape_395x395.jpg","type":"image\/jpeg"}],"twitter_card":"summary_large_image","twitter_misc":{"Est. reading time":"7 minutes"},"schema":{"@context":"https:\/\/schema.org","@graph":[{"@type":"WebPage","@id":"https:\/\/www.granapadano.it\/it-it\/ricette\/abbinamenti\/grana-padano-dop-e-senape\/","url":"https:\/\/www.granapadano.it\/it-it\/ricette\/abbinamenti\/grana-padano-dop-e-senape\/","name":"Grana Padano DOP e senape - Grana Padano","isPartOf":{"@id":"https:\/\/www.granapadano.it\/it-it\/#website"},"primaryImageOfPage":{"@id":"https:\/\/www.granapadano.it\/it-it\/ricette\/abbinamenti\/grana-padano-dop-e-senape\/#primaryimage"},"image":{"@id":"https:\/\/www.granapadano.it\/it-it\/ricette\/abbinamenti\/grana-padano-dop-e-senape\/#primaryimage"},"thumbnailUrl":"https:\/\/granapadano.kleecks-cdn.com\/wp-content\/uploads\/2025\/07\/GP_senape_395x395.jpg","datePublished":"2025-07-31T14:51:38+00:00","dateModified":"2026-03-18T14:44:39+00:00","description":"Abbinamenti: Il sapore di Grana Padano DOP, ricco di umami, si sposa alla perfezione con il carattere pungente e aromatico della senape.","breadcrumb":{"@id":"https:\/\/www.granapadano.it\/it-it\/ricette\/abbinamenti\/grana-padano-dop-e-senape\/#breadcrumb"},"inLanguage":"it-it","potentialAction":[{"@type":"ReadAction","target":["https:\/\/www.granapadano.it\/it-it\/ricette\/abbinamenti\/grana-padano-dop-e-senape\/"]}]},{"@type":"ImageObject","inLanguage":"it-it","@id":"https:\/\/www.granapadano.it\/it-it\/ricette\/abbinamenti\/grana-padano-dop-e-senape\/#primaryimage","url":"https:\/\/granapadano.kleecks-cdn.com\/wp-content\/uploads\/2025\/07\/GP_senape_395x395.jpg","contentUrl":"https:\/\/granapadano.kleecks-cdn.com\/wp-content\/uploads\/2025\/07\/GP_senape_395x395.jpg","width":395,"height":395},{"@type":"BreadcrumbList","@id":"https:\/\/www.granapadano.it\/it-it\/ricette\/abbinamenti\/grana-padano-dop-e-senape\/#breadcrumb","itemListElement":[{"@type":"ListItem","position":1,"name":"Home","item":"https:\/\/www.granapadano.it\/it-it\/"},{"@type":"ListItem","position":2,"name":"Grana Padano DOP e senape"}]},{"@type":"WebSite","@id":"https:\/\/www.granapadano.it\/it-it\/#website","url":"https:\/\/www.granapadano.it\/it-it\/","name":"Grana Padano","description":"","potentialAction":[{"@type":"SearchAction","target":{"@type":"EntryPoint","urlTemplate":"https:\/\/www.granapadano.it\/it-it\/?s={search_term_string}"},"query-input":{"@type":"PropertyValueSpecification","valueRequired":true,"valueName":"search_term_string"}}],"inLanguage":"it-it"}]}},"_links":{"self":[{"href":"https:\/\/www.granapadano.it\/it-it\/wp-json\/wp\/v2\/recipe\/140841","targetHints":{"allow":["GET"]}}],"collection":[{"href":"https:\/\/www.granapadano.it\/it-it\/wp-json\/wp\/v2\/recipe"}],"about":[{"href":"https:\/\/www.granapadano.it\/it-it\/wp-json\/wp\/v2\/types\/recipe"}],"author":[{"embeddable":true,"href":"https:\/\/www.granapadano.it\/it-it\/wp-json\/wp\/v2\/users\/11"}],"replies":[{"embeddable":true,"href":"https:\/\/www.granapadano.it\/it-it\/wp-json\/wp\/v2\/comments?post=140841"}],"version-history":[{"count":7,"href":"https:\/\/www.granapadano.it\/it-it\/wp-json\/wp\/v2\/recipe\/140841\/revisions"}],"predecessor-version":[{"id":140896,"href":"https:\/\/www.granapadano.it\/it-it\/wp-json\/wp\/v2\/recipe\/140841\/revisions\/140896"}],"wp:featuredmedia":[{"embeddable":true,"href":"https:\/\/www.granapadano.it\/it-it\/wp-json\/wp\/v2\/media\/140843"}],"wp:attachment":[{"href":"https:\/\/www.granapadano.it\/it-it\/wp-json\/wp\/v2\/media?parent=140841"}],"wp:term":[{"taxonomy":"recipe_cat","embeddable":true,"href":"https:\/\/www.granapadano.it\/it-it\/wp-json\/wp\/v2\/recipe_cat?post=140841"},{"taxonomy":"stagionatura","embeddable":true,"href":"https:\/\/www.granapadano.it\/it-it\/wp-json\/wp\/v2\/stagionatura?post=140841"},{"taxonomy":"variety","embeddable":true,"href":"https:\/\/www.granapadano.it\/it-it\/wp-json\/wp\/v2\/variety?post=140841"},{"taxonomy":"tempo","embeddable":true,"href":"https:\/\/www.granapadano.it\/it-it\/wp-json\/wp\/v2\/tempo?post=140841"},{"taxonomy":"intolerance","embeddable":true,"href":"https:\/\/www.granapadano.it\/it-it\/wp-json\/wp\/v2\/intolerance?post=140841"}],"curies":[{"name":"wp","href":"https:\/\/api.w.org\/{rel}","templated":true}]}}