{"id":9792,"date":"2023-01-30T13:32:05","date_gmt":"2023-01-30T13:32:05","guid":{"rendered":"https:\/\/www.granapadano.it\/larte-della-produzione\/il-prodotto-iconico\/ingredienti-copy\/"},"modified":"2026-03-27T09:57:14","modified_gmt":"2026-03-27T09:57:14","slug":"come-riconoscerlo","status":"publish","type":"page","link":"https:\/\/www.granapadano.it\/it-it\/larte-del-saper-fare\/il-prodotto-iconico\/come-riconoscerlo\/","title":{"rendered":"Come riconoscerlo"},"content":{"rendered":"<p>[et_pb_section fb_built=&#8221;1&#8243; fullwidth=&#8221;on&#8221; _builder_version=&#8221;4.19.0&#8243; _module_preset=&#8221;default&#8221; locked=&#8221;off&#8221; global_colors_info=&#8221;{}&#8221;][et_pb_fullwidth_image src=&#8221;https:\/\/www.granapadano.it\/wp-content\/uploads\/2023\/02\/Come-Riconoscerlo-h.jpg&#8221; title_text=&#8221;Come Riconoscerlo-m&#8221; src_tablet=&#8221;https:\/\/www.granapadano.it\/wp-content\/uploads\/2023\/02\/Come-Riconoscerlo-h.jpg&#8221; src_phone=&#8221;https:\/\/www.granapadano.it\/wp-content\/uploads\/2023\/02\/Come-Riconoscerlo-m.jpg&#8221; src_last_edited=&#8221;on|phone&#8221; _builder_version=&#8221;4.19.5&#8243; _module_preset=&#8221;default&#8221; global_colors_info=&#8221;{}&#8221;][\/et_pb_fullwidth_image][\/et_pb_section][et_pb_section fb_built=&#8221;1&#8243; module_class=&#8221;production_sub_hub_main_wrapper&#8221; _builder_version=&#8221;4.19.4&#8243; _module_preset=&#8221;default&#8221; custom_padding=&#8221;13px||0px|||&#8221; locked=&#8221;off&#8221; global_colors_info=&#8221;{}&#8221;][et_pb_row module_class=&#8221;recipe_filter_section&#8221; _builder_version=&#8221;4.19.2&#8243; _module_preset=&#8221;default&#8221; max_width=&#8221;90%&#8221; custom_padding=&#8221;||7px|||&#8221; global_colors_info=&#8221;{}&#8221;][et_pb_column type=&#8221;4_4&#8243; _builder_version=&#8221;4.19.2&#8243; _module_preset=&#8221;default&#8221; global_colors_info=&#8221;{}&#8221;][et_pb_code _builder_version=&#8221;4.19.2&#8243; _module_preset=&#8221;default&#8221; custom_margin=&#8221;||16px|||&#8221; global_colors_info=&#8221;{}&#8221;]<div class=\"breadcrumb\"><a href=\"https:\/\/www.granapadano.it\/it-it\/\">Home<\/a>  <  <\/div>[\/et_pb_code][\/et_pb_column][\/et_pb_row][\/et_pb_section][et_pb_section fb_built=&#8221;1&#8243; module_class=&#8221;prodotto_come_ricodcserlo_top_wrapper&#8221; _builder_version=&#8221;4.20.0&#8243; _module_preset=&#8221;default&#8221; custom_padding=&#8221;||35px|||&#8221; global_colors_info=&#8221;{}&#8221;][et_pb_row column_structure=&#8221;1_2,1_2&#8243; _builder_version=&#8221;4.20.2&#8243; _module_preset=&#8221;default&#8221; custom_margin=&#8221;0px||||false|false&#8221; custom_padding=&#8221;0px||70px||false|false&#8221; border_width_bottom=&#8221;1px&#8221; global_colors_info=&#8221;{}&#8221;][et_pb_column type=&#8221;1_2&#8243; _builder_version=&#8221;4.19.5&#8243; _module_preset=&#8221;default&#8221; global_colors_info=&#8221;{}&#8221;][et_pb_text _builder_version=&#8221;4.27.6&#8243; _module_preset=&#8221;default&#8221; header_font=&#8221;||||||||&#8221; header_text_color=&#8221;#000000&#8243; header_font_size=&#8221;38px&#8221; header_line_height=&#8221;44px&#8221; header_3_font=&#8221;Merriweather||||||||&#8221; header_3_text_color=&#8221;#000000&#8243; header_3_font_size=&#8221;56px&#8221; header_3_line_height=&#8221;62px&#8221; text_orientation=&#8221;center&#8221; custom_padding=&#8221;||0px|||&#8221; global_colors_info=&#8221;{}&#8221;]<\/p>\n<h1 style=\"text-align: left;\">Come Riconoscerlo<\/h1>\n<p>[\/et_pb_text][et_pb_text _builder_version=&#8221;4.27.6&#8243; _module_preset=&#8221;default&#8221; text_font=&#8221;|300|||||||&#8221; text_text_color=&#8221;#876346&#8243; text_font_size=&#8221;16px&#8221; text_line_height=&#8221;26px&#8221; text_orientation=&#8221;center&#8221; custom_padding=&#8221;10px||0px||false|false&#8221; hover_enabled=&#8221;0&#8243; global_colors_info=&#8221;{}&#8221; sticky_enabled=&#8221;0&#8243;]<\/p>\n<p style=\"text-align: left;\">Come essere certi che il formaggio Grana Padano<br \/>sia quello autentico?<\/p>\n<p>[\/et_pb_text][et_pb_image src=&#8221;https:\/\/www.granapadano.it\/wp-content\/uploads\/2023\/03\/loghi-grana-50214-1.jpg&#8221; title_text=&#8221;loghi-grana-50214-1&#8243; src_tablet=&#8221;https:\/\/www.granapadano.it\/wp-content\/uploads\/2023\/03\/loghi-grana-50214-1.jpg&#8221; src_phone=&#8221;https:\/\/www.granapadano.it\/wp-content\/uploads\/2023\/03\/loghi-grana-50214-1.jpg&#8221; src_last_edited=&#8221;on|phone&#8221; show_bottom_space_tablet=&#8221;&#8221; show_bottom_space_phone=&#8221;&#8221; show_bottom_space_last_edited=&#8221;on|desktop&#8221; _builder_version=&#8221;4.27.6&#8243; _module_preset=&#8221;default&#8221; transform_scale=&#8221;120%|120%&#8221; custom_margin=&#8221;0px|||-66px|false|false&#8221; custom_padding=&#8221;100px||22px||false|false&#8221; border_radii=&#8221;on|20px|20px|20px|20px&#8221; global_colors_info=&#8221;{}&#8221;][\/et_pb_image][\/et_pb_column][et_pb_column type=&#8221;1_2&#8243; _builder_version=&#8221;4.27.6&#8243; _module_preset=&#8221;default&#8221; global_colors_info=&#8221;{}&#8221;][et_pb_text module_class=&#8221;recipe_single_button&#8221; _builder_version=&#8221;4.27.6&#8243; _module_preset=&#8221;default&#8221; text_font=&#8221;FontPadano-Bold|300|||||||&#8221; text_text_color=&#8221;#000000&#8243; text_font_size=&#8221;26px&#8221; header_font=&#8221;FontPadano-Bold||||||||&#8221; background_color=&#8221;gcid-26f0371c-74dd-4e63-bbf8-f8ec94f09a6d&#8221; transform_scale=&#8221;90%|90%&#8221; text_orientation=&#8221;center&#8221; width=&#8221;30%&#8221; width_tablet=&#8221;24%&#8221; width_phone=&#8221;25%&#8221; width_last_edited=&#8221;on|phone&#8221; custom_margin=&#8221;5px||20px|28px|false|false&#8221; custom_padding=&#8221;5px|10px|5px|10px|false|false&#8221; border_style_all=&#8221;none&#8221; locked=&#8221;off&#8221; global_colors_info=&#8221;{%22gcid-26f0371c-74dd-4e63-bbf8-f8ec94f09a6d%22:%91%22background_color%22%93}&#8221;]<\/p>\n<p>Nuovo Logo<\/p>\n<p>[\/et_pb_text][et_pb_text _builder_version=&#8221;4.27.6&#8243; _module_preset=&#8221;default&#8221; text_text_color=&#8221;#0f0f0f&#8221; text_font_size=&#8221;16px&#8221; text_line_height=&#8221;26px&#8221; custom_margin=&#8221;|||40px|false|false&#8221; custom_padding=&#8221;|||0px|false|false&#8221; hover_enabled=&#8221;0&#8243; locked=&#8221;off&#8221; global_colors_info=&#8221;{}&#8221; text_font=&#8221;||||||||&#8221; sticky_enabled=&#8221;0&#8243;]<\/p>\n<p>Riconoscerlo a prima vista \u00e8 facile: ognuna delle forme di formaggio \u00e8 contraddistinta dai marchi di origine e di selezione. Se non ci sono loro, allora non \u00e8 <strong>Grana Padano<\/strong>.<br \/>Questi marchi sono la cifra unica e personale e differenziano il prodotto da qualunque altro formaggio presente sul mercato.<br \/><strong>Attestano la qualit\u00e0<\/strong>, la <strong>provenienza<\/strong> e la natura di &#8220;formaggio tipico&#8221; e <strong>inimitabile<\/strong>.<\/p>\n<p>Da settembre 2022 sulle confezioni di Grana Padano \u00e8 stato introdotto un <strong>nuovo logo<\/strong>. Il passaggio alla nuova grafica e quindi l\u2019adeguamento delle confezioni richieder\u00e0 un periodo di tempo durante il quale il consumatore potr\u00e0 ancora trovare in commercio confezioni di prodotto riportanti il vecchio logo.<\/p>\n<p>[\/et_pb_text][\/et_pb_column][\/et_pb_row][et_pb_row column_structure=&#8221;1_3,2_3&#8243; _builder_version=&#8221;4.20.2&#8243; _module_preset=&#8221;default&#8221; custom_padding=&#8221;0px||0px|||&#8221; global_colors_info=&#8221;{}&#8221;][et_pb_column type=&#8221;1_3&#8243; _builder_version=&#8221;4.19.5&#8243; _module_preset=&#8221;default&#8221; global_colors_info=&#8221;{}&#8221;][et_pb_image src=&#8221;https:\/\/www.granapadano.it\/wp-content\/uploads\/2023\/02\/Marchiatura.jpg&#8221; title_text=&#8221;Marchiatura&#8221; src_tablet=&#8221;https:\/\/www.granapadano.it\/wp-content\/uploads\/2023\/02\/Marchiatura.jpg&#8221; src_phone=&#8221;https:\/\/www.granapadano.it\/wp-content\/uploads\/2023\/02\/Marchiatura.jpg&#8221; src_last_edited=&#8221;on|phone&#8221; _builder_version=&#8221;4.27.6&#8243; _module_preset=&#8221;default&#8221; custom_padding=&#8221;60px||||false|false&#8221; border_radii=&#8221;on|3px|3px|3px|3px&#8221; global_colors_info=&#8221;{}&#8221;][\/et_pb_image][\/et_pb_column][et_pb_column type=&#8221;2_3&#8243; _builder_version=&#8221;4.19.5&#8243; _module_preset=&#8221;default&#8221; global_colors_info=&#8221;{}&#8221;][et_pb_text module_class=&#8221;recipe_single_button&#8221; _builder_version=&#8221;4.27.6&#8243; _module_preset=&#8221;default&#8221; text_font=&#8221;FontPadano-Bold|300|||||||&#8221; text_text_color=&#8221;#000000&#8243; text_font_size=&#8221;26px&#8221; header_font=&#8221;FontPadano-Bold||||||||&#8221; background_color=&#8221;gcid-26f0371c-74dd-4e63-bbf8-f8ec94f09a6d&#8221; transform_scale=&#8221;90%|90%&#8221; text_orientation=&#8221;center&#8221; width=&#8221;30%&#8221; width_tablet=&#8221;24%&#8221; width_phone=&#8221;25%&#8221; width_last_edited=&#8221;on|phone&#8221; custom_margin=&#8221;49px||20px|28px|false|false&#8221; custom_padding=&#8221;5px|10px|5px|10px|false|false&#8221; hover_enabled=&#8221;0&#8243; border_style_all=&#8221;none&#8221; locked=&#8221;off&#8221; global_colors_info=&#8221;{%22gcid-26f0371c-74dd-4e63-bbf8-f8ec94f09a6d%22:%91%22background_color%22%93}&#8221; sticky_enabled=&#8221;0&#8243;]<\/p>\n<p>Marchio<\/p>\n<p>[\/et_pb_text][et_pb_text _builder_version=&#8221;4.27.6&#8243; _module_preset=&#8221;default&#8221; text_text_color=&#8221;#0f0f0f&#8221; text_font_size=&#8221;16px&#8221; text_line_height=&#8221;26px&#8221; custom_margin=&#8221;|||40px|false|false&#8221; custom_padding=&#8221;|||0px|false|false&#8221; hover_enabled=&#8221;0&#8243; locked=&#8221;off&#8221; global_colors_info=&#8221;{}&#8221; text_font=&#8221;||||||||&#8221; sticky_enabled=&#8221;0&#8243;]Chi assaggia il formaggio Grana Padano spesso lo acquista in porzioni, ovvero non acquista la forma intera il cui peso deve obbligatoriamente variare tra i 24 e i 40 kg.<br \/>\nAnche quando \u00e8 a porzione, il formaggio conserva i marchi che devono essere sempre ben riconoscibili. Nel caso in cui non lo fossero, quello che si sta comprando non \u00e8 Grana Padano DOP.<\/p>\n<p>La riproduzione del logo Grana Padano in nero su campo giallo sulle confezioni di formaggio in porzioni o formaggio grattugiato attesta che all&#8217;origine il prodotto era regolarmente marchiato a fuoco.<\/p>\n<p>Inoltre, in particolare per il formaggio grattugiato, il logo attesta anche che le operazioni di grattugia sono state effettuate nella zona di produzione, secondo quanto prescritto dal Disciplinare di produzione e dalla normativa D.P.C.M. 4.11 .199.<\/p>\n<p>Sulle confezioni di Grana Padano in porzioni e Grana Padano grattugiato deve figurare sempre anche il logo DOP., ovvero il marchio specifico definito dall&#8217;Unione Europea che contrassegna i prodotti a Denominazione di Origine Protetta.\u200b[\/et_pb_text][\/et_pb_column][\/et_pb_row][\/et_pb_section][et_pb_section fb_built=&#8221;1&#8243; module_class=&#8221;gp_production_sub_hub_slider_sec gp_larte_della_slider larte_della_cust_slider&#8221; _builder_version=&#8221;4.27.6&#8243; _module_preset=&#8221;default&#8221; background_color=&#8221;#f9f1e4&#8243; custom_padding=&#8221;35px||0px|||&#8221; locked=&#8221;off&#8221; global_colors_info=&#8221;{}&#8221;][et_pb_row _builder_version=&#8221;4.19.4&#8243; _module_preset=&#8221;default&#8221; max_width=&#8221;90%&#8221; custom_padding=&#8221;||||false|false&#8221; global_colors_info=&#8221;{}&#8221;][et_pb_column type=&#8221;4_4&#8243; _builder_version=&#8221;4.19.1&#8243; _module_preset=&#8221;default&#8221; global_colors_info=&#8221;{}&#8221;][et_pb_text _builder_version=&#8221;4.27.6&#8243; _module_preset=&#8221;default&#8221; header_text_align=&#8221;left&#8221; header_2_font=&#8221;|700|||||||&#8221; header_2_text_color=&#8221;#221f1c&#8221; header_2_font_size=&#8221;35px&#8221; header_2_line_height=&#8221;52px&#8221; text_orientation=&#8221;center&#8221; min_height=&#8221;66px&#8221; custom_margin=&#8221;20px||20px|40px|true|false&#8221; custom_padding=&#8221;30px||||false|false&#8221; hover_enabled=&#8221;0&#8243; global_colors_info=&#8221;{}&#8221; sticky_enabled=&#8221;0&#8243;]<\/p>\n<h2 style=\"text-align: left;\"><\/h2>\n<h2 style=\"text-align: left;\">I marchi di orgini e di selezione:<\/h2>\n<p>[\/et_pb_text][\/et_pb_column][\/et_pb_row][et_pb_row module_id=&#8221;marchi-origine-selezione&#8221; _builder_version=&#8221;4.27.6&#8243; _module_preset=&#8221;default&#8221; custom_margin=&#8221;||6px||false|false&#8221; custom_padding=&#8221;||5px||false|false&#8221; global_colors_info=&#8221;{}&#8221;][et_pb_column type=&#8221;4_4&#8243; _builder_version=&#8221;4.19.4&#8243; _module_preset=&#8221;default&#8221; global_colors_info=&#8221;{}&#8221;][et_pb_slider _builder_version=&#8221;4.27.6&#8243; _module_preset=&#8221;default&#8221; width=&#8221;90%&#8221; max_width=&#8221;90%&#8221; custom_margin=&#8221;||||false|false&#8221; custom_padding=&#8221;12px|0px|27px|0px|false|false&#8221; hover_enabled=&#8221;0&#8243; global_colors_info=&#8221;{}&#8221; sticky_enabled=&#8221;0&#8243;][et_pb_slide heading=&#8221;Placca di caseina&#8221; image=&#8221;https:\/\/www.granapadano.it\/wp-content\/uploads\/2023\/03\/Im-caseina-2.jpg&#8221; dot_nav_custom_color=&#8221;#000000&#8243; _builder_version=&#8221;4.27.6&#8243; _module_preset=&#8221;default&#8221; header_level=&#8221;h2&#8243; header_font=&#8221;Merriweather|700|||||||&#8221; header_text_align=&#8221;center&#8221; header_text_color=&#8221;#0f0f0f&#8221; header_font_size=&#8221;22px&#8221; header_line_height=&#8221;30px&#8221; body_font=&#8221;|300|||||||&#8221; body_text_align=&#8221;center&#8221; body_text_color=&#8221;#000000&#8243; body_font_size=&#8221;16px&#8221; body_line_height=&#8221;26px&#8221; background_enable_color=&#8221;off&#8221; custom_button=&#8221;on&#8221; button_text_size=&#8221;24px&#8221; button_text_color=&#8221;gcid-8696fd7e-29dd-4028-9d4d-981b208a53a9&#8243; button_bg_color=&#8221;gcid-26f0371c-74dd-4e63-bbf8-f8ec94f09a6d&#8221; button_border_color=&#8221;gcid-26f0371c-74dd-4e63-bbf8-f8ec94f09a6d&#8221; button_border_radius=&#8221;45px&#8221; button_font=&#8221;FontPadano-Bold|700|||||||&#8221; button_use_icon=&#8221;off&#8221; button_alignment=&#8221;center&#8221; button_custom_padding=&#8221;|50px||50px|false|false&#8221; background_layout=&#8221;light&#8221; hover_enabled=&#8221;0&#8243; custom_css_free_form=&#8221;.gp_larte_della_slider .et_pb_slider .et_pb_slide .et_pb_slide_image img{||    border-radius: 0px 0px 0px 0px !important||}&#8221; global_colors_info=&#8221;{%22gcid-8696fd7e-29dd-4028-9d4d-981b208a53a9%22:%91%22button_text_color%22%93,%22gcid-26f0371c-74dd-4e63-bbf8-f8ec94f09a6d%22:%91%22button_border_color%22,%22button_bg_color%22%93}&#8221; button_icon_color__hover_enabled=&#8221;on|desktop&#8221; button_icon_color__hover=&#8221;RGBA(255,255,255,0)&#8221; dot_nav_custom_color__hover_enabled=&#8221;off|desktop&#8221; sticky_transition=&#8221;on&#8221; sticky_enabled=&#8221;0&#8243;]<\/p>\n<p>Inserita sulla superficie piatta della forma al momento della formatura, diviene un tutt\u2019uno con la crosta del formaggio.<\/p>\n<p style=\"text-align: center;\">Comprende:<br \/>&#8211; la scritta \u201c<strong>GRANA PADANO<\/strong>\u201d,<br \/>&#8211; i <strong>codici identificativi della forma<\/strong>, che garantiscono la tracciabilit\u00e0 del prodotto, e indicano il luogo di produzione,<br \/>&#8211; la scritta &#8220;<strong>GARANTITO dal MIPAAF<\/strong> ai sensi dell\u2019art.10 del reg. (CE) 510\/2006&#8243;.<\/p>\n<p>[\/et_pb_slide][et_pb_slide heading=&#8221;Quadrifoglio&#8221; image=&#8221;https:\/\/www.granapadano.it\/wp-content\/uploads\/2023\/03\/Quadrifoglio-1.jpg&#8221; dot_nav_custom_color=&#8221;#000000&#8243; _builder_version=&#8221;4.27.6&#8243; _module_preset=&#8221;default&#8221; header_level=&#8221;h2&#8243; header_font=&#8221;Merriweather|700|||||||&#8221; header_text_align=&#8221;center&#8221; header_text_color=&#8221;#0f0f0f&#8221; header_font_size=&#8221;22px&#8221; header_line_height=&#8221;30px&#8221; body_font=&#8221;||||||||&#8221; body_text_align=&#8221;center&#8221; body_text_color=&#8221;#000000&#8243; body_font_size=&#8221;16px&#8221; body_line_height=&#8221;26px&#8221; background_enable_color=&#8221;off&#8221; custom_button=&#8221;on&#8221; button_text_size=&#8221;24px&#8221; button_text_color=&#8221;gcid-8696fd7e-29dd-4028-9d4d-981b208a53a9&#8243; button_bg_color=&#8221;gcid-26f0371c-74dd-4e63-bbf8-f8ec94f09a6d&#8221; button_border_color=&#8221;gcid-26f0371c-74dd-4e63-bbf8-f8ec94f09a6d&#8221; button_border_radius=&#8221;45px&#8221; button_font=&#8221;FontPadano-Bold|700|||||||&#8221; button_use_icon=&#8221;off&#8221; button_alignment=&#8221;center&#8221; button_custom_padding=&#8221;|50px||50px|false|false&#8221; background_layout=&#8221;light&#8221; hover_enabled=&#8221;0&#8243; global_colors_info=&#8221;{%22gcid-8696fd7e-29dd-4028-9d4d-981b208a53a9%22:%91%22button_text_color%22,%22button_text_color%22%93,%22gcid-26f0371c-74dd-4e63-bbf8-f8ec94f09a6d%22:%91%22button_border_color%22,%22button_bg_color%22,%22button_border_color%22,%22button_bg_color%22%93}&#8221; button_icon_color__hover_enabled=&#8221;on|desktop&#8221; button_icon_color__hover=&#8221;RGBA(255,255,255,0)&#8221; dot_nav_custom_color__hover_enabled=&#8221;off|desktop&#8221; sticky_transition=&#8221;on&#8221; sticky_enabled=&#8221;0&#8243;]<\/p>\n<p>Quando la cagliata viene stretta nelle fascere viene impresso sullo scalzo il <strong>quadrifoglio<\/strong>.<br \/>\u00c8 il marchio che <strong>identifica la provenienza della forma<\/strong>, riportando la sigla della provincia e il numero di matricola del caseificio produttore.<br \/>Comprende anche la dicitura DOP, che contrassegna soltanto il formaggio prodotto nella regione di origine definita per legge e in conformit\u00e0 al Disciplinare di produzione.<\/p>\n<p>[\/et_pb_slide][et_pb_slide heading=&#8221;Losanghe&#8221; image=&#8221;https:\/\/www.granapadano.it\/wp-content\/uploads\/2023\/03\/Losanghe.jpg&#8221; dot_nav_custom_color=&#8221;#000000&#8243; _builder_version=&#8221;4.27.6&#8243; _module_preset=&#8221;default&#8221; header_level=&#8221;h2&#8243; header_font=&#8221;Merriweather|700|||||||&#8221; header_text_align=&#8221;center&#8221; header_text_color=&#8221;#0f0f0f&#8221; header_font_size=&#8221;22px&#8221; header_line_height=&#8221;30px&#8221; body_font=&#8221;||||||||&#8221; body_text_align=&#8221;center&#8221; body_text_color=&#8221;#000000&#8243; body_font_size=&#8221;16px&#8221; body_line_height=&#8221;26px&#8221; background_enable_color=&#8221;off&#8221; custom_button=&#8221;on&#8221; button_text_size=&#8221;24px&#8221; button_text_color=&#8221;gcid-8696fd7e-29dd-4028-9d4d-981b208a53a9&#8243; button_bg_color=&#8221;gcid-26f0371c-74dd-4e63-bbf8-f8ec94f09a6d&#8221; button_border_color=&#8221;gcid-26f0371c-74dd-4e63-bbf8-f8ec94f09a6d&#8221; button_border_radius=&#8221;45px&#8221; button_font=&#8221;FontPadano-Bold|700|||||||&#8221; button_use_icon=&#8221;off&#8221; button_alignment=&#8221;center&#8221; button_custom_padding=&#8221;|50px||50px|false|false&#8221; background_layout=&#8221;light&#8221; hover_enabled=&#8221;0&#8243; global_colors_info=&#8221;{%22gcid-8696fd7e-29dd-4028-9d4d-981b208a53a9%22:%91%22button_text_color%22,%22button_text_color%22%93,%22gcid-26f0371c-74dd-4e63-bbf8-f8ec94f09a6d%22:%91%22button_border_color%22,%22button_bg_color%22,%22button_border_color%22,%22button_bg_color%22%93}&#8221; button_icon_color__hover_enabled=&#8221;on|desktop&#8221; button_icon_color__hover=&#8221;RGBA(255,255,255,0)&#8221; dot_nav_custom_color__hover_enabled=&#8221;off|desktop&#8221; sticky_transition=&#8221;on&#8221; sticky_enabled=&#8221;0&#8243;]<\/p>\n<p><span>Vengono impresse mediante la fascera.<br \/>Ogni losanga, dal bordo tratteggiato, riporta alternativamente la scritta &#8220;<strong>GRANA<\/strong>&#8221; e &#8220;<strong>PADANO<\/strong>&#8220;.<\/span><\/p>\n<p>Le losanghe sono <strong>ripetute in continuo<\/strong> sullo scalzo e <strong>ricoprono interamente il bordo della forma<\/strong>, consentendo di identificare GRANA PADANO anche quando viene venduto a pezzi<\/p>\n<p>[\/et_pb_slide][et_pb_slide heading=&#8221;Bollo CE, Marchio di identificazione&#8221; image=&#8221;https:\/\/www.granapadano.it\/wp-content\/uploads\/2023\/03\/logo-2.jpg&#8221; dot_nav_custom_color=&#8221;#000000&#8243; _builder_version=&#8221;4.27.6&#8243; _module_preset=&#8221;default&#8221; header_level=&#8221;h2&#8243; header_font=&#8221;Merriweather|700|||||||&#8221; header_text_align=&#8221;center&#8221; header_text_color=&#8221;#0f0f0f&#8221; header_font_size=&#8221;22px&#8221; header_line_height=&#8221;30px&#8221; body_font=&#8221;||||||||&#8221; body_text_align=&#8221;center&#8221; body_text_color=&#8221;#000000&#8243; body_font_size=&#8221;16px&#8221; body_line_height=&#8221;26px&#8221; background_enable_color=&#8221;off&#8221; custom_button=&#8221;on&#8221; button_text_size=&#8221;24px&#8221; button_text_color=&#8221;gcid-8696fd7e-29dd-4028-9d4d-981b208a53a9&#8243; button_bg_color=&#8221;gcid-26f0371c-74dd-4e63-bbf8-f8ec94f09a6d&#8221; button_border_color=&#8221;gcid-26f0371c-74dd-4e63-bbf8-f8ec94f09a6d&#8221; button_border_radius=&#8221;45px&#8221; button_font=&#8221;FontPadano-Bold|700|||||||&#8221; button_use_icon=&#8221;off&#8221; button_alignment=&#8221;center&#8221; button_custom_padding=&#8221;|50px||50px|false|false&#8221; background_layout=&#8221;light&#8221; hover_enabled=&#8221;0&#8243; global_colors_info=&#8221;{%22gcid-8696fd7e-29dd-4028-9d4d-981b208a53a9%22:%91%22button_text_color%22,%22button_text_color%22%93,%22gcid-26f0371c-74dd-4e63-bbf8-f8ec94f09a6d%22:%91%22button_border_color%22,%22button_bg_color%22,%22button_border_color%22,%22button_bg_color%22%93}&#8221; button_icon_color__hover_enabled=&#8221;on|desktop&#8221; button_icon_color__hover=&#8221;RGBA(255,255,255,0)&#8221; dot_nav_custom_color__hover_enabled=&#8221;off|desktop&#8221; sticky_transition=&#8221;on&#8221; sticky_enabled=&#8221;0&#8243;]<\/p>\n<p>Viene impresso mediante le fascere.<br \/>Indica:<br \/>&#8211; <em>il mese e l&#8217;anno di produzione<\/em>,<br \/>&#8211; <em>lo stabilimento di produzione<\/em>: un dato importante a fini sanitari.<\/p>\n<p>[\/et_pb_slide][et_pb_slide heading=&#8221;Marchio a fuoco&#8221; image=&#8221;https:\/\/www.granapadano.it\/wp-content\/uploads\/2023\/03\/Marchiatura-2.jpg&#8221; dot_nav_custom_color=&#8221;#000000&#8243; _builder_version=&#8221;4.27.6&#8243; _module_preset=&#8221;default&#8221; header_level=&#8221;h2&#8243; header_font=&#8221;Merriweather|700|||||||&#8221; header_text_align=&#8221;center&#8221; header_text_color=&#8221;#0f0f0f&#8221; header_font_size=&#8221;22px&#8221; header_line_height=&#8221;30px&#8221; body_font=&#8221;||||||||&#8221; body_text_align=&#8221;center&#8221; body_text_color=&#8221;#000000&#8243; body_font_size=&#8221;16px&#8221; body_line_height=&#8221;26px&#8221; background_enable_color=&#8221;off&#8221; custom_button=&#8221;on&#8221; button_text_size=&#8221;24px&#8221; button_text_color=&#8221;gcid-8696fd7e-29dd-4028-9d4d-981b208a53a9&#8243; button_bg_color=&#8221;gcid-26f0371c-74dd-4e63-bbf8-f8ec94f09a6d&#8221; button_border_color=&#8221;gcid-26f0371c-74dd-4e63-bbf8-f8ec94f09a6d&#8221; button_border_radius=&#8221;45px&#8221; button_font=&#8221;FontPadano-Bold|700|||||||&#8221; button_use_icon=&#8221;off&#8221; button_alignment=&#8221;center&#8221; button_custom_padding=&#8221;|50px||50px|false|false&#8221; background_layout=&#8221;light&#8221; hover_enabled=&#8221;0&#8243; global_colors_info=&#8221;{%22gcid-8696fd7e-29dd-4028-9d4d-981b208a53a9%22:%91%22button_text_color%22,%22button_text_color%22,%22button_text_color%22,%22button_text_color%22%93,%22gcid-26f0371c-74dd-4e63-bbf8-f8ec94f09a6d%22:%91%22button_border_color%22,%22button_bg_color%22,%22button_border_color%22,%22button_bg_color%22,%22button_border_color%22,%22button_bg_color%22,%22button_border_color%22,%22button_bg_color%22%93}&#8221; button_icon_color__hover_enabled=&#8221;on|desktop&#8221; button_icon_color__hover=&#8221;RGBA(255,255,255,0)&#8221; dot_nav_custom_color__hover_enabled=&#8221;off|desktop&#8221; sticky_transition=&#8221;on&#8221; sticky_enabled=&#8221;0&#8243;]<\/p>\n<p>Qualifica le forme attestandone la perfetta corrispondenza ai dettami espressi nel Disciplinare di produzione. La &#8220;Denominazione di Origine Protetta&#8221; (DOP) \u00e8 cos\u00ec legittima. Senza questo marchio il formaggio non pu\u00f2 essere n\u00e9 denominato n\u00e9 commercializzato come &#8220;Grana Padano&#8221;, anche nelle confezioni porzionate o grattugiate. Il marchio &#8220;GRANA PADANO&#8221; \u00e8 stato ideato e brevettato dal Consorzio di tutela omonimo. \u00c8 registrato presso il Bureau International pour la Protection de la Propri\u00e9t\u00e9 Industrielle di Berna ed \u00e8 depositato in Italia e nei principali Paesi esteri come marchio collettivo, di certificazione o di garanzia, secondo le norme vigenti.<\/p>\n<p><strong>I marchi di selezione vengono apposti a fuoco dai tecnici del Consorzio Tutela Grana Padano.<\/strong><\/p>\n<p>[\/et_pb_slide][et_pb_slide heading=&#8221;Il %22Riserva%22&#8243; image=&#8221;https:\/\/www.granapadano.it\/wp-content\/uploads\/2023\/03\/Riserva.jpg&#8221; dot_nav_custom_color=&#8221;#000000&#8243; _builder_version=&#8221;4.27.6&#8243; _module_preset=&#8221;default&#8221; header_level=&#8221;h2&#8243; header_font=&#8221;Merriweather|700|||||||&#8221; header_text_align=&#8221;center&#8221; header_text_color=&#8221;#0f0f0f&#8221; header_font_size=&#8221;22px&#8221; header_line_height=&#8221;30px&#8221; body_font=&#8221;||||||||&#8221; body_text_align=&#8221;center&#8221; body_text_color=&#8221;#000000&#8243; body_font_size=&#8221;16px&#8221; body_line_height=&#8221;26px&#8221; background_enable_color=&#8221;off&#8221; custom_button=&#8221;on&#8221; button_text_size=&#8221;24px&#8221; button_text_color=&#8221;gcid-8696fd7e-29dd-4028-9d4d-981b208a53a9&#8243; button_bg_color=&#8221;gcid-26f0371c-74dd-4e63-bbf8-f8ec94f09a6d&#8221; button_border_color=&#8221;gcid-26f0371c-74dd-4e63-bbf8-f8ec94f09a6d&#8221; button_border_radius=&#8221;45px&#8221; button_font=&#8221;FontPadano-Bold|700|||||||&#8221; button_use_icon=&#8221;off&#8221; button_alignment=&#8221;center&#8221; button_custom_padding=&#8221;|50px||50px|false|false&#8221; background_layout=&#8221;light&#8221; hover_enabled=&#8221;0&#8243; global_colors_info=&#8221;{%22gcid-8696fd7e-29dd-4028-9d4d-981b208a53a9%22:%91%22button_text_color%22,%22button_text_color%22,%22button_text_color%22,%22button_text_color%22%93,%22gcid-26f0371c-74dd-4e63-bbf8-f8ec94f09a6d%22:%91%22button_border_color%22,%22button_bg_color%22,%22button_border_color%22,%22button_bg_color%22,%22button_border_color%22,%22button_bg_color%22,%22button_border_color%22,%22button_bg_color%22%93}&#8221; button_icon_color__hover_enabled=&#8221;on|desktop&#8221; button_icon_color__hover=&#8221;RGBA(255,255,255,0)&#8221; dot_nav_custom_color__hover_enabled=&#8221;off|desktop&#8221; sticky_transition=&#8221;on&#8221; sticky_enabled=&#8221;0&#8243;]<\/p>\n<p>Qualifica le forme che oltre ad aver ottenuto la generale marchiatura a fuoco, oltrepassano i 20 mesi di stagionatura e presentano le seguenti caratteristiche: a) scelto sperlato; b) pasta a grana evidente con chiara struttura radiale a scaglia; c) colore omogeneo bianco o paglierino; d) assenza di odori anomali; e)\u00a0sapore fragrante e delicato.<\/p>\n<p>Questo secondo marchio a fuoco viene apposto a caldo sullo scalzo delle forme con le stesse modalit\u00e0 previste per il marchio DOP, in prossimit\u00e0 del quadrifoglio, dalla parte opposta a quella dove figura il marchio a fuoco &#8220;Grana Padano&#8221;.<\/p>\n<p>Solo le forme che ricevono il marchio in questione potranno riportare sulle confezioni gli specifici loghi <em>Riserva Oltre 20 mesi<\/em> e <em>Riserva Oltre 24 mesi<\/em>.<\/p>\n<p><strong>I marchi di selezione vengono apposti a fuoco dai tecnici del Consorzio Tutela Grana Padano.<\/strong><\/p>\n<p>[\/et_pb_slide][\/et_pb_slider][\/et_pb_column][\/et_pb_row][\/et_pb_section][et_pb_section fb_built=&#8221;1&#8243; _builder_version=&#8221;4.20.2&#8243; _module_preset=&#8221;default&#8221; min_height=&#8221;540.6px&#8221; custom_padding=&#8221;0px|||||&#8221; global_colors_info=&#8221;{}&#8221;][et_pb_row column_structure=&#8221;1_3,1_3,1_3&#8243; module_class=&#8221;dop_four_section_wrapper&#8221; _builder_version=&#8221;4.27.6&#8243; _module_preset=&#8221;default&#8221; transform_scale=&#8221;94%|94%&#8221; max_width=&#8221;90%&#8221; custom_padding=&#8221;35px||||false|false&#8221; global_colors_info=&#8221;{}&#8221;][et_pb_column type=&#8221;1_3&#8243; _builder_version=&#8221;4.27.6&#8243; _module_preset=&#8221;default&#8221; link_option_url=&#8221;\/it-it\/larte-della-produzione\/il-prodotto-iconico\/ingredienti\/&#8221; custom_css_free_form=&#8221;.dop_four_section_wrapper .et_pb_column { border-radius: 0px 0px 0px 0px !important||}&#8221; global_colors_info=&#8221;{}&#8221;][et_pb_image src=&#8221;https:\/\/www.granapadano.it\/wp-content\/uploads\/2023\/03\/Icon-Ingredienti-2.png&#8221; title_text=&#8221;Icon-Ingredienti-2&#8243; align=&#8221;center&#8221; _builder_version=&#8221;4.20.2&#8243; _module_preset=&#8221;default&#8221; custom_margin=&#8221;||23px|||&#8221; global_colors_info=&#8221;{}&#8221; src__hover_enabled=&#8221;off|desktop&#8221; src__hover=&#8221;https:\/\/www.granapadano.it\/wp-content\/uploads\/2022\/11\/1.png&#8221;][\/et_pb_image][et_pb_text _builder_version=&#8221;4.19.5&#8243; _module_preset=&#8221;default&#8221; text_font=&#8221;FontPadano-Bold|300|||||||&#8221; text_text_color=&#8221;#0f0f0f&#8221; text_font_size=&#8221;30px&#8221; text_line_height=&#8221;38px&#8221; ul_text_align=&#8221;left&#8221; header_3_font=&#8221;FontPadano-Bold|300|||||||&#8221; header_3_text_color=&#8221;#0f0f0f&#8221; header_3_font_size=&#8221;23px&#8221; header_3_line_height=&#8221;31px&#8221; text_orientation=&#8221;center&#8221; custom_margin=&#8221;||11px|||&#8221; global_colors_info=&#8221;{}&#8221;]<\/p>\n<h3>Ingredienti<\/h3>\n<p>[\/et_pb_text][et_pb_text _builder_version=&#8221;4.19.5&#8243; _module_preset=&#8221;default&#8221; text_text_color=&#8221;#0f0f0f&#8221; text_font_size=&#8221;18px&#8221; text_line_height=&#8221;26px&#8221; text_orientation=&#8221;center&#8221; global_colors_info=&#8221;{}&#8221;]<\/p>\n<p>La <strong>bont\u00e0 vera<\/strong> richiede pochi ingredienti. <strong>Latte di qualit\u00e0 eccelsa<\/strong>, caglio, lisozima e sale: da qui nasce la magia.<\/p>\n<p>[\/et_pb_text][et_pb_image src=&#8221;https:\/\/www.granapadano.it\/wp-content\/uploads\/2022\/11\/Path-20171.png&#8221; title_text=&#8221;Path 20171&#8243; url=&#8221;https:\/\/www.granapadano.it\/larte-del-saper-fare\/il-prodotto-iconico\/ingredienti\/&#8221; align=&#8221;right&#8221; _builder_version=&#8221;4.27.6&#8243; _module_preset=&#8221;default&#8221; global_colors_info=&#8221;{}&#8221;][\/et_pb_image][\/et_pb_column][et_pb_column type=&#8221;1_3&#8243; _builder_version=&#8221;4.19.5&#8243; _module_preset=&#8221;default&#8221; link_option_url=&#8221;\/it-it\/larte-della-produzione\/il-prodotto-iconico\/le-stagionature\/&#8221; global_colors_info=&#8221;{}&#8221;][et_pb_image src=&#8221;https:\/\/www.granapadano.it\/wp-content\/uploads\/2023\/03\/Icon-Stagionaure.png&#8221; title_text=&#8221;Icon-Stagionaure&#8221; align=&#8221;center&#8221; _builder_version=&#8221;4.20.2&#8243; _module_preset=&#8221;default&#8221; global_colors_info=&#8221;{}&#8221; src__hover_enabled=&#8221;off|hover&#8221; src__hover=&#8221;https:\/\/www.granapadano.it\/wp-content\/uploads\/2022\/11\/2.png&#8221;][\/et_pb_image][et_pb_text _builder_version=&#8221;4.20.2&#8243; _module_preset=&#8221;default&#8221; text_font=&#8221;FontPadano-Bold|700|||||||&#8221; text_text_color=&#8221;#0f0f0f&#8221; text_font_size=&#8221;30px&#8221; text_line_height=&#8221;38px&#8221; ul_text_align=&#8221;left&#8221; header_2_font=&#8221;Merriweather||||||||&#8221; header_2_font_size=&#8221;20px&#8221; header_2_line_height=&#8221;26px&#8221; header_3_font=&#8221;Merriweather|300|||||||&#8221; header_3_text_color=&#8221;#0f0f0f&#8221; header_3_font_size=&#8221;20px&#8221; header_3_line_height=&#8221;26px&#8221; text_orientation=&#8221;center&#8221; custom_margin=&#8221;||11px|||&#8221; global_colors_info=&#8221;{}&#8221;]<\/p>\n<h3>Le Stagionature<\/h3>\n<p>[\/et_pb_text][et_pb_text _builder_version=&#8221;4.20.2&#8243; _module_preset=&#8221;default&#8221; text_text_color=&#8221;#0f0f0f&#8221; text_font_size=&#8221;18px&#8221; text_line_height=&#8221;26px&#8221; text_orientation=&#8221;center&#8221; global_colors_info=&#8221;{}&#8221;]<\/p>\n<p>\u00c8 la <strong>stagionatura<\/strong> a caratterizzare le <strong>sfumature di sapore<\/strong> di Grana Padano. Diverse stagionature, diversi modi di vivere l\u2019attesa.<\/p>\n<p>[\/et_pb_text][et_pb_image src=&#8221;https:\/\/www.granapadano.it\/wp-content\/uploads\/2022\/11\/Path-20171.png&#8221; title_text=&#8221;Path 20171&#8243; url=&#8221;https:\/\/www.granapadano.it\/larte-del-saper-fare\/il-prodotto-iconico\/le-stagionature\/&#8221; align=&#8221;right&#8221; _builder_version=&#8221;4.27.6&#8243; _module_preset=&#8221;default&#8221; background_enable_color=&#8221;off&#8221; global_colors_info=&#8221;{}&#8221; background__hover_enabled=&#8221;off|desktop&#8221;][\/et_pb_image][\/et_pb_column][et_pb_column type=&#8221;1_3&#8243; _builder_version=&#8221;4.19.5&#8243; _module_preset=&#8221;default&#8221; link_option_url=&#8221;\/it-it\/larte-della-produzione\/il-prodotto-iconico\/come-degustarlo\/&#8221; global_colors_info=&#8221;{}&#8221;][et_pb_image src=&#8221;https:\/\/www.granapadano.it\/wp-content\/uploads\/2023\/03\/Icon-Degustarlo.png&#8221; title_text=&#8221;Icon-Degustarlo&#8221; align=&#8221;center&#8221; _builder_version=&#8221;4.20.2&#8243; _module_preset=&#8221;default&#8221; global_colors_info=&#8221;{}&#8221; src__hover_enabled=&#8221;off|desktop&#8221; src__hover=&#8221;https:\/\/www.granapadano.it\/wp-content\/uploads\/2022\/11\/4.png&#8221;][\/et_pb_image][et_pb_text _builder_version=&#8221;4.20.2&#8243; _module_preset=&#8221;default&#8221; text_font=&#8221;FontPadano-Bold|700|||||||&#8221; text_text_color=&#8221;#0f0f0f&#8221; text_font_size=&#8221;30px&#8221; text_line_height=&#8221;38px&#8221; ul_text_align=&#8221;left&#8221; header_2_font=&#8221;Merriweather||||||||&#8221; header_2_font_size=&#8221;20px&#8221; header_2_line_height=&#8221;26px&#8221; header_3_font=&#8221;Merriweather|300|||||||&#8221; header_3_text_color=&#8221;#0f0f0f&#8221; header_3_font_size=&#8221;20px&#8221; header_3_line_height=&#8221;26px&#8221; text_orientation=&#8221;center&#8221; custom_margin=&#8221;||11px|||&#8221; global_colors_info=&#8221;{}&#8221;]<\/p>\n<h3>Come Degustarlo<\/h3>\n<p>[\/et_pb_text][et_pb_text _builder_version=&#8221;4.19.4&#8243; _module_preset=&#8221;default&#8221; text_text_color=&#8221;#0f0f0f&#8221; text_font_size=&#8221;18px&#8221; text_line_height=&#8221;26px&#8221; text_orientation=&#8221;center&#8221; global_colors_info=&#8221;{}&#8221;]<\/p>\n<p>Ci sono molti modi di assaporare il <strong>gusto italiano<\/strong>. Perch\u00e9 assaggiare Grana Padano \u00e8 sempre <strong>un\u2019esperienza unica<\/strong>.<\/p>\n<p>[\/et_pb_text][et_pb_image src=&#8221;https:\/\/www.granapadano.it\/wp-content\/uploads\/2022\/11\/Path-20171.png&#8221; title_text=&#8221;Path 20171&#8243; url=&#8221;https:\/\/www.granapadano.it\/larte-del-saper-fare\/il-prodotto-iconico\/come-degustarlo\/&#8221; align=&#8221;right&#8221; _builder_version=&#8221;4.27.6&#8243; _module_preset=&#8221;default&#8221; global_colors_info=&#8221;{}&#8221;][\/et_pb_image][\/et_pb_column][\/et_pb_row][\/et_pb_section]<\/p>\n","protected":false},"excerpt":{"rendered":"<p><div class=\"breadcrumb\"><a href=\"https:\/\/www.granapadano.it\/it-it\/\">Home<\/a>  <  <\/div>Come RiconoscerloCome essere certi che il formaggio Grana Padanosia quello autentico?Nuovo LogoRiconoscerlo a prima vista \u00e8 facile: ognuna delle forme di formaggio \u00e8 contraddistinta dai marchi di origine e di selezione. Se non ci sono loro, allora non \u00e8 Grana Padano.Questi marchi sono la cifra unica e personale e differenziano il prodotto da qualunque altro [&hellip;]<\/p>\n","protected":false},"author":6,"featured_media":0,"parent":4853,"menu_order":934,"comment_status":"closed","ping_status":"closed","template":"","meta":{"_acf_changed":false,"_et_pb_use_builder":"on","_et_pb_old_content":"","_et_gb_content_width":"","footnotes":""},"class_list":["post-9792","page","type-page","status-publish","hentry"],"acf":[],"yoast_head":"<!-- This site is optimized with the Yoast SEO plugin v27.4 - https:\/\/yoast.com\/product\/yoast-seo-wordpress\/ -->\n<title>Come riconoscerlo - Grana Padano<\/title>\n<meta name=\"robots\" content=\"index, follow, max-snippet:-1, max-image-preview:large, max-video-preview:-1\" \/>\n<link rel=\"canonical\" href=\"https:\/\/www.granapadano.it\/it-it\/larte-del-saper-fare\/il-prodotto-iconico\/come-riconoscerlo\/\" \/>\n<meta property=\"og:locale\" content=\"it_IT\" \/>\n<meta property=\"og:type\" content=\"article\" \/>\n<meta property=\"og:title\" content=\"Come riconoscerlo - Grana Padano\" \/>\n<meta property=\"og:description\" content=\"Come RiconoscerloCome essere certi che il formaggio Grana Padanosia quello autentico?Nuovo LogoRiconoscerlo a prima vista \u00e8 facile: ognuna delle forme di formaggio \u00e8 contraddistinta dai marchi di origine e di selezione. Se non ci sono loro, allora non \u00e8 Grana Padano.Questi marchi sono la cifra unica e personale e differenziano il prodotto da qualunque altro [&hellip;]\" \/>\n<meta property=\"og:url\" content=\"https:\/\/www.granapadano.it\/it-it\/larte-del-saper-fare\/il-prodotto-iconico\/come-riconoscerlo\/\" \/>\n<meta property=\"og:site_name\" content=\"Grana Padano\" \/>\n<meta property=\"article:modified_time\" content=\"2026-03-27T09:57:14+00:00\" \/>\n<meta name=\"twitter:card\" content=\"summary_large_image\" \/>\n<meta name=\"twitter:label1\" content=\"Est. reading time\" \/>\n\t<meta name=\"twitter:data1\" content=\"8 minutes\" \/>\n<script type=\"application\/ld+json\" class=\"yoast-schema-graph\">{\"@context\":\"https:\\\/\\\/schema.org\",\"@graph\":[{\"@type\":\"WebPage\",\"@id\":\"https:\\\/\\\/www.granapadano.it\\\/it-it\\\/larte-del-saper-fare\\\/il-prodotto-iconico\\\/come-riconoscerlo\\\/\",\"url\":\"https:\\\/\\\/www.granapadano.it\\\/it-it\\\/larte-del-saper-fare\\\/il-prodotto-iconico\\\/come-riconoscerlo\\\/\",\"name\":\"Come riconoscerlo - Grana Padano\",\"isPartOf\":{\"@id\":\"https:\\\/\\\/www.granapadano.it\\\/it-it\\\/#website\"},\"datePublished\":\"2023-01-30T13:32:05+00:00\",\"dateModified\":\"2026-03-27T09:57:14+00:00\",\"breadcrumb\":{\"@id\":\"https:\\\/\\\/www.granapadano.it\\\/it-it\\\/larte-del-saper-fare\\\/il-prodotto-iconico\\\/come-riconoscerlo\\\/#breadcrumb\"},\"inLanguage\":\"it-it\",\"potentialAction\":[{\"@type\":\"ReadAction\",\"target\":[\"https:\\\/\\\/www.granapadano.it\\\/it-it\\\/larte-del-saper-fare\\\/il-prodotto-iconico\\\/come-riconoscerlo\\\/\"]}]},{\"@type\":\"BreadcrumbList\",\"@id\":\"https:\\\/\\\/www.granapadano.it\\\/it-it\\\/larte-del-saper-fare\\\/il-prodotto-iconico\\\/come-riconoscerlo\\\/#breadcrumb\",\"itemListElement\":[{\"@type\":\"ListItem\",\"position\":1,\"name\":\"Home\",\"item\":\"https:\\\/\\\/www.granapadano.it\\\/it-it\\\/\"},{\"@type\":\"ListItem\",\"position\":2,\"name\":\"L&#8217;arte del saper fare\",\"item\":\"https:\\\/\\\/www.granapadano.it\\\/it-it\\\/larte-del-saper-fare\\\/\"},{\"@type\":\"ListItem\",\"position\":3,\"name\":\"Il prodotto Iconico\",\"item\":\"https:\\\/\\\/www.granapadano.it\\\/it-it\\\/larte-del-saper-fare\\\/il-prodotto-iconico\\\/\"},{\"@type\":\"ListItem\",\"position\":4,\"name\":\"Come riconoscerlo\"}]},{\"@type\":\"WebSite\",\"@id\":\"https:\\\/\\\/www.granapadano.it\\\/it-it\\\/#website\",\"url\":\"https:\\\/\\\/www.granapadano.it\\\/it-it\\\/\",\"name\":\"Grana Padano\",\"description\":\"\",\"potentialAction\":[{\"@type\":\"SearchAction\",\"target\":{\"@type\":\"EntryPoint\",\"urlTemplate\":\"https:\\\/\\\/www.granapadano.it\\\/it-it\\\/?s={search_term_string}\"},\"query-input\":{\"@type\":\"PropertyValueSpecification\",\"valueRequired\":true,\"valueName\":\"search_term_string\"}}],\"inLanguage\":\"it-it\"}]}<\/script>\n<!-- \/ Yoast SEO plugin. -->","yoast_head_json":{"title":"Come riconoscerlo - Grana Padano","robots":{"index":"index","follow":"follow","max-snippet":"max-snippet:-1","max-image-preview":"max-image-preview:large","max-video-preview":"max-video-preview:-1"},"canonical":"https:\/\/www.granapadano.it\/it-it\/larte-del-saper-fare\/il-prodotto-iconico\/come-riconoscerlo\/","og_locale":"it_IT","og_type":"article","og_title":"Come riconoscerlo - Grana Padano","og_description":"Come RiconoscerloCome essere certi che il formaggio Grana Padanosia quello autentico?Nuovo LogoRiconoscerlo a prima vista \u00e8 facile: ognuna delle forme di formaggio \u00e8 contraddistinta dai marchi di origine e di selezione. Se non ci sono loro, allora non \u00e8 Grana Padano.Questi marchi sono la cifra unica e personale e differenziano il prodotto da qualunque altro [&hellip;]","og_url":"https:\/\/www.granapadano.it\/it-it\/larte-del-saper-fare\/il-prodotto-iconico\/come-riconoscerlo\/","og_site_name":"Grana Padano","article_modified_time":"2026-03-27T09:57:14+00:00","twitter_card":"summary_large_image","twitter_misc":{"Est. reading time":"8 minutes"},"schema":{"@context":"https:\/\/schema.org","@graph":[{"@type":"WebPage","@id":"https:\/\/www.granapadano.it\/it-it\/larte-del-saper-fare\/il-prodotto-iconico\/come-riconoscerlo\/","url":"https:\/\/www.granapadano.it\/it-it\/larte-del-saper-fare\/il-prodotto-iconico\/come-riconoscerlo\/","name":"Come riconoscerlo - Grana Padano","isPartOf":{"@id":"https:\/\/www.granapadano.it\/it-it\/#website"},"datePublished":"2023-01-30T13:32:05+00:00","dateModified":"2026-03-27T09:57:14+00:00","breadcrumb":{"@id":"https:\/\/www.granapadano.it\/it-it\/larte-del-saper-fare\/il-prodotto-iconico\/come-riconoscerlo\/#breadcrumb"},"inLanguage":"it-it","potentialAction":[{"@type":"ReadAction","target":["https:\/\/www.granapadano.it\/it-it\/larte-del-saper-fare\/il-prodotto-iconico\/come-riconoscerlo\/"]}]},{"@type":"BreadcrumbList","@id":"https:\/\/www.granapadano.it\/it-it\/larte-del-saper-fare\/il-prodotto-iconico\/come-riconoscerlo\/#breadcrumb","itemListElement":[{"@type":"ListItem","position":1,"name":"Home","item":"https:\/\/www.granapadano.it\/it-it\/"},{"@type":"ListItem","position":2,"name":"L&#8217;arte del saper fare","item":"https:\/\/www.granapadano.it\/it-it\/larte-del-saper-fare\/"},{"@type":"ListItem","position":3,"name":"Il prodotto Iconico","item":"https:\/\/www.granapadano.it\/it-it\/larte-del-saper-fare\/il-prodotto-iconico\/"},{"@type":"ListItem","position":4,"name":"Come riconoscerlo"}]},{"@type":"WebSite","@id":"https:\/\/www.granapadano.it\/it-it\/#website","url":"https:\/\/www.granapadano.it\/it-it\/","name":"Grana Padano","description":"","potentialAction":[{"@type":"SearchAction","target":{"@type":"EntryPoint","urlTemplate":"https:\/\/www.granapadano.it\/it-it\/?s={search_term_string}"},"query-input":{"@type":"PropertyValueSpecification","valueRequired":true,"valueName":"search_term_string"}}],"inLanguage":"it-it"}]}},"_links":{"self":[{"href":"https:\/\/www.granapadano.it\/it-it\/wp-json\/wp\/v2\/pages\/9792","targetHints":{"allow":["GET"]}}],"collection":[{"href":"https:\/\/www.granapadano.it\/it-it\/wp-json\/wp\/v2\/pages"}],"about":[{"href":"https:\/\/www.granapadano.it\/it-it\/wp-json\/wp\/v2\/types\/page"}],"author":[{"embeddable":true,"href":"https:\/\/www.granapadano.it\/it-it\/wp-json\/wp\/v2\/users\/6"}],"replies":[{"embeddable":true,"href":"https:\/\/www.granapadano.it\/it-it\/wp-json\/wp\/v2\/comments?post=9792"}],"version-history":[{"count":12,"href":"https:\/\/www.granapadano.it\/it-it\/wp-json\/wp\/v2\/pages\/9792\/revisions"}],"predecessor-version":[{"id":152839,"href":"https:\/\/www.granapadano.it\/it-it\/wp-json\/wp\/v2\/pages\/9792\/revisions\/152839"}],"up":[{"embeddable":true,"href":"https:\/\/www.granapadano.it\/it-it\/wp-json\/wp\/v2\/pages\/4853"}],"wp:attachment":[{"href":"https:\/\/www.granapadano.it\/it-it\/wp-json\/wp\/v2\/media?parent=9792"}],"curies":[{"name":"wp","href":"https:\/\/api.w.org\/{rel}","templated":true}]}}