{"id":96563,"date":"2023-05-11T09:05:44","date_gmt":"2023-05-11T09:05:44","guid":{"rendered":"https:\/\/www.granapadano.it\/?page_id=96563"},"modified":"2026-04-01T13:45:46","modified_gmt":"2026-04-01T13:45:46","slug":"valori-nutrizionali-e-calorie-del-grana-padano","status":"publish","type":"page","link":"https:\/\/www.granapadano.it\/it-it\/la-forma-del-benessere\/proprieta-nutrizionali\/valori-nutrizionali-e-calorie-del-grana-padano\/","title":{"rendered":"Valori nutrizionali e calorie del Grana Padano"},"content":{"rendered":"<p>[et_pb_section fb_built=&#8221;1&#8243; fullwidth=&#8221;on&#8221; _builder_version=&#8221;4.19.0&#8243; _module_preset=&#8221;default&#8221; global_colors_info=&#8221;{}&#8221;][et_pb_fullwidth_image src=&#8221;https:\/\/www.granapadano.it\/wp-content\/uploads\/2023\/02\/Valori-nutrizionali-h.jpg&#8221; title_text=&#8221;Valori nutrizionali-m&#8221; src_tablet=&#8221;https:\/\/www.granapadano.it\/wp-content\/uploads\/2023\/02\/Valori-nutrizionali-h.jpg&#8221; src_phone=&#8221;https:\/\/www.granapadano.it\/wp-content\/uploads\/2023\/02\/Valori-nutrizionali-m.jpg&#8221; src_last_edited=&#8221;on|phone&#8221; _builder_version=&#8221;4.19.5&#8243; _module_preset=&#8221;default&#8221; global_colors_info=&#8221;{}&#8221;][\/et_pb_fullwidth_image][\/et_pb_section][et_pb_section fb_built=&#8221;1&#8243; module_class=&#8221;production_sub_hub_main_wrapper&#8221; _builder_version=&#8221;4.19.3&#8243; _module_preset=&#8221;default&#8221; custom_padding=&#8221;13px||0px|||&#8221; global_colors_info=&#8221;{}&#8221;][et_pb_row module_class=&#8221;recipe_filter_section&#8221; _builder_version=&#8221;4.19.4&#8243; _module_preset=&#8221;default&#8221; max_width=&#8221;90%&#8221; custom_padding=&#8221;||7px|||&#8221; global_colors_info=&#8221;{}&#8221;][et_pb_column type=&#8221;4_4&#8243; _builder_version=&#8221;4.19.4&#8243; _module_preset=&#8221;default&#8221; global_colors_info=&#8221;{}&#8221;][et_pb_code _builder_version=&#8221;4.19.4&#8243; _module_preset=&#8221;default&#8221; global_colors_info=&#8221;{}&#8221;]<div class=\"breadcrumb\"><a href=\"https:\/\/www.granapadano.it\/it-it\/\">Home<\/a>  <  <\/div>[\/et_pb_code][\/et_pb_column][\/et_pb_row][\/et_pb_section][et_pb_section fb_built=&#8221;1&#8243; _builder_version=&#8221;4.27.6&#8243; _module_preset=&#8221;default&#8221; custom_padding=&#8221;50px||0px||false|false&#8221; global_colors_info=&#8221;{}&#8221;][et_pb_row column_structure=&#8221;2_5,3_5&#8243; custom_padding_last_edited=&#8221;on|tablet&#8221; _builder_version=&#8221;4.27.6&#8243; _module_preset=&#8221;default&#8221; custom_margin=&#8221;||80px||false|false&#8221; custom_padding=&#8221;0px||0px||false|false&#8221; custom_padding_tablet=&#8221;32px|32px|32px|32px|true|true&#8221; custom_padding_phone=&#8221;32px|0px|32px|0px|true|true&#8221; locked=&#8221;off&#8221; global_colors_info=&#8221;{}&#8221;][et_pb_column type=&#8221;2_5&#8243; _builder_version=&#8221;4.27.6&#8243; _module_preset=&#8221;default&#8221; global_colors_info=&#8221;{}&#8221;][et_pb_heading title=&#8221;Valori nutrizionali e calorie del Grana&#8221; admin_label=&#8221;Heading&#8221; module_class=&#8221;new-gp-h1-heading&#8221; _builder_version=&#8221;4.27.6&#8243; _module_preset=&#8221;default&#8221; title_font=&#8221;&#8211;et_global_heading_font|600|||||||&#8221; title_text_color=&#8221;gcid-cdd0517b-cb7c-4f63-9e4c-4eaf7d046da3&#8243; title_font_size=&#8221;45px&#8221; title_line_height=&#8221;1.6em&#8221; max_width=&#8221;100%&#8221; module_alignment=&#8221;left&#8221; custom_margin=&#8221;|||0px|false|false&#8221; custom_padding=&#8221;|||0px|false|false&#8221; title_font_size_tablet=&#8221;32px&#8221; title_font_size_phone=&#8221;32px&#8221; title_font_size_last_edited=&#8221;on|phone&#8221; locked=&#8221;off&#8221; global_colors_info=&#8221;{%22gcid-cdd0517b-cb7c-4f63-9e4c-4eaf7d046da3%22:%91%22title_text_color%22%93}&#8221;][\/et_pb_heading][et_pb_text disabled_on=&#8221;on|off|off&#8221; _builder_version=&#8221;4.27.6&#8243; _module_preset=&#8221;default&#8221; text_font=&#8221;|300|||||||&#8221; text_text_color=&#8221;#876346&#8243; text_font_size=&#8221;12px&#8221; text_line_height=&#8221;26px&#8221; max_width=&#8221;94%&#8221; custom_padding=&#8221;||21px||false|false&#8221; global_colors_info=&#8221;{}&#8221;]<\/p>\n<p>I valori nutrizionali e le calorie del Grana Padano DOP sono stabili nel tempo, grazie a un <strong>Disciplinare che ne garantisce la qualit\u00e0.<\/strong><\/p>\n<p>[\/et_pb_text][et_pb_button button_url=&#8221;https:\/\/www.granapadano.it\/it-it\/la-forma-del-benessere\/proprieta-nutrizionali\/valori-nutrizionali-e-calorie-del-grana-padano\/#sec100g&#8221; button_text=&#8221;Valori nutrizionali per 100 grammi&#8221; button_alignment=&#8221;left&#8221; module_class=&#8221;yellow-btn&#8221; _builder_version=&#8221;4.27.6&#8243; _module_preset=&#8221;default&#8221; custom_button=&#8221;on&#8221; button_text_size=&#8221;12px&#8221; button_text_color=&#8221;gcid-cdd0517b-cb7c-4f63-9e4c-4eaf7d046da3&#8243; button_bg_color=&#8221;#f9f1e4&#8243; button_border_width=&#8221;1px&#8221; button_border_color=&#8221;#876346&#8243; button_border_radius=&#8221;0px&#8221; button_font=&#8221;&#8211;et_global_heading_font||||||||&#8221; button_icon=&#8221;&#x22;||divi||400&#8243; custom_margin=&#8221;32px||||false|false&#8221; custom_padding=&#8221;13px|30px|13px|16px|true|false&#8221; locked=&#8221;off&#8221; global_colors_info=&#8221;{%22gcid-cdd0517b-cb7c-4f63-9e4c-4eaf7d046da3%22:%91%22button_text_color%22,%22button_icon_color%22,%22button_text_color%22,%22button_icon_color%22%93,%22gcid-46a7fd9b-e7e5-4c0a-b621-f5f3bcee3ed6%22:%91%22button_text_color%22,%22button_text_color%22%93}&#8221;][\/et_pb_button][\/et_pb_column][et_pb_column type=&#8221;3_5&#8243; _builder_version=&#8221;4.27.6&#8243; _module_preset=&#8221;default&#8221; custom_padding=&#8221;||0px||false|false&#8221; global_colors_info=&#8221;{}&#8221;][et_pb_text _builder_version=&#8221;4.27.6&#8243; _module_preset=&#8221;default&#8221; text_font=&#8221;&#8211;et_global_body_font||||||||&#8221; text_text_color=&#8221;#44392b&#8221; text_font_size=&#8221;16px&#8221; text_line_height=&#8221;1.6em&#8221; custom_margin=&#8221;||30px||false|false&#8221; custom_padding_tablet=&#8221;&#8221; custom_padding_phone=&#8221;||||false|false&#8221; custom_padding_last_edited=&#8221;on|phone&#8221; global_colors_info=&#8221;{}&#8221;]<\/p>\n<p style=\"text-align: left;\">Il Grana Padano DOP \u00e8 un concentrato di latte perch\u00e9 per farne 100 grammi occorrono 1,5 litri di latte fresco proveniente dalla Pianura Padana. La lavorazione e la stagionatura del formaggio consentono la diminuzione dei lipidi, l\u2019eliminazione del lattosio, l\u2019apporto di proteine con i 9 aminoacidi essenziali, la massima biodisponibilit\u00e0 di minerali e vitamine e un\u2019alta digeribilit\u00e0 a tutte le et\u00e0. I valori nutrizionali medi e le calorie del Grana Padano DOP riportati nella tabella sottostante sono da considerarsi stabili nel tempo, in quanto tutta la filiera, dagli alimenti per le bovine alla marchiatura, \u00e8 regolamentata da un rigido Disciplinare che garantisce il formaggio DOP. Di conseguenza, l\u2019oscillazione dei valori nutrizionali e delle calorie \u00e8 minima e insignificante ai fini della definizione di una dieta equilibrata.<\/p>\n<p>[\/et_pb_text][\/et_pb_column][\/et_pb_row][\/et_pb_section][et_pb_section fb_built=&#8221;1&#8243; _builder_version=&#8221;4.27.6&#8243; _module_preset=&#8221;default&#8221; background_color=&#8221;#f9f1e4&#8243; custom_padding=&#8221;0px||||false|false&#8221; global_colors_info=&#8221;{}&#8221;][et_pb_row column_structure=&#8221;1_5,1_5,1_5,1_5,1_5&#8243; module_id=&#8221;sec100g&#8221; _builder_version=&#8221;4.27.6&#8243; _module_preset=&#8221;default&#8221; custom_margin=&#8221;0px||||false|false&#8221; custom_padding=&#8221;60px||0px||false|false&#8221; global_colors_info=&#8221;{}&#8221;][et_pb_column type=&#8221;1_5&#8243; _builder_version=&#8221;4.19.5&#8243; _module_preset=&#8221;default&#8221; global_colors_info=&#8221;{}&#8221;][et_pb_number_counter number=&#8221;398Kcal&#8221; percent_sign=&#8221;off&#8221; module_class=&#8221;gp_counter&#8221; _builder_version=&#8221;4.27.6&#8243; _module_preset=&#8221;default&#8221; title_text_color=&#8221;RGBA(255,255,255,0)&#8221; number_font=&#8221;FontPadano-Bold||||||||&#8221; number_text_color=&#8221;#876346&#8243; number_font_size=&#8221;50px&#8221; width=&#8221;82.2%&#8221; hover_enabled=&#8221;0&#8243; global_colors_info=&#8221;{}&#8221; number_text_align=&#8221;center&#8221; sticky_enabled=&#8221;0&#8243;][\/et_pb_number_counter][et_pb_image src=&#8221;https:\/\/www.granapadano.it\/wp-content\/uploads\/2026\/03\/Linea-Divisorio.jpg&#8221; title_text=&#8221;Linea-Divisorio&#8221; align=&#8221;center&#8221; _builder_version=&#8221;4.27.6&#8243; _module_preset=&#8221;default&#8221; custom_margin=&#8221;||20px||false|false&#8221; custom_padding=&#8221;||||false|false&#8221; hover_enabled=&#8221;0&#8243; global_colors_info=&#8221;{}&#8221; sticky_enabled=&#8221;0&#8243;][\/et_pb_image][et_pb_text _builder_version=&#8221;4.27.6&#8243; _module_preset=&#8221;default&#8221; text_font=&#8221;&#8211;et_global_heading_font||||||||&#8221; text_text_color=&#8221;gcid-46a7fd9b-e7e5-4c0a-b621-f5f3bcee3ed6&#8243; text_font_size=&#8221;16px&#8221; text_line_height=&#8221;1.6em&#8221; hover_enabled=&#8221;0&#8243; global_colors_info=&#8221;{%22gcid-46a7fd9b-e7e5-4c0a-b621-f5f3bcee3ed6%22:%91%22text_text_color%22,%22text_text_color%22%93}&#8221; sticky_enabled=&#8221;0&#8243;]<\/p>\n<p style=\"text-align: center;\">Calorie<\/p>\n<p>[\/et_pb_text][\/et_pb_column][et_pb_column type=&#8221;1_5&#8243; _builder_version=&#8221;4.19.5&#8243; _module_preset=&#8221;default&#8221; global_colors_info=&#8221;{}&#8221;][et_pb_number_counter number=&#8221;33g&#8221; percent_sign=&#8221;off&#8221; module_class=&#8221;gp_counter&#8221; _builder_version=&#8221;4.27.6&#8243; _module_preset=&#8221;default&#8221; title_text_color=&#8221;RGBA(255,255,255,0)&#8221; number_font=&#8221;FontPadano-Bold||||||||&#8221; number_text_color=&#8221;#876346&#8243; number_font_size=&#8221;50px&#8221; width=&#8221;82.2%&#8221; hover_enabled=&#8221;0&#8243; global_colors_info=&#8221;{}&#8221; number_text_align=&#8221;center&#8221; sticky_enabled=&#8221;0&#8243;][\/et_pb_number_counter][et_pb_image src=&#8221;https:\/\/www.granapadano.it\/wp-content\/uploads\/2026\/03\/Linea-Divisorio.jpg&#8221; title_text=&#8221;Linea-Divisorio&#8221; align=&#8221;center&#8221; _builder_version=&#8221;4.27.6&#8243; _module_preset=&#8221;default&#8221; custom_margin=&#8221;||20px||false|false&#8221; custom_padding=&#8221;||||false|false&#8221; global_colors_info=&#8221;{}&#8221;][\/et_pb_image][et_pb_text _builder_version=&#8221;4.27.6&#8243; _module_preset=&#8221;default&#8221; text_font=&#8221;&#8211;et_global_heading_font||||||||&#8221; text_text_color=&#8221;gcid-46a7fd9b-e7e5-4c0a-b621-f5f3bcee3ed6&#8243; text_font_size=&#8221;16px&#8221; text_line_height=&#8221;1.6em&#8221; global_colors_info=&#8221;{%22gcid-46a7fd9b-e7e5-4c0a-b621-f5f3bcee3ed6%22:%91%22text_text_color%22,%22text_text_color%22%93}&#8221;]<\/p>\n<p style=\"text-align: center;\">Proteine<\/p>\n<p>[\/et_pb_text][\/et_pb_column][et_pb_column type=&#8221;1_5&#8243; _builder_version=&#8221;4.19.5&#8243; _module_preset=&#8221;default&#8221; global_colors_info=&#8221;{}&#8221;][et_pb_number_counter number=&#8221;0g&#8221; percent_sign=&#8221;off&#8221; module_class=&#8221;gp_counter&#8221; _builder_version=&#8221;4.27.6&#8243; _module_preset=&#8221;default&#8221; title_text_color=&#8221;RGBA(255,255,255,0)&#8221; number_font=&#8221;FontPadano-Bold||||||||&#8221; number_text_color=&#8221;#876346&#8243; number_font_size=&#8221;50px&#8221; width=&#8221;82.2%&#8221; hover_enabled=&#8221;0&#8243; global_colors_info=&#8221;{}&#8221; number_text_align=&#8221;center&#8221; sticky_enabled=&#8221;0&#8243;][\/et_pb_number_counter][et_pb_image src=&#8221;https:\/\/www.granapadano.it\/wp-content\/uploads\/2026\/03\/Linea-Divisorio.jpg&#8221; title_text=&#8221;Linea-Divisorio&#8221; align=&#8221;center&#8221; _builder_version=&#8221;4.27.6&#8243; _module_preset=&#8221;default&#8221; custom_margin=&#8221;||20px||false|false&#8221; custom_padding=&#8221;||||false|false&#8221; global_colors_info=&#8221;{}&#8221;][\/et_pb_image][et_pb_text _builder_version=&#8221;4.27.6&#8243; _module_preset=&#8221;default&#8221; text_font=&#8221;&#8211;et_global_heading_font||||||||&#8221; text_text_color=&#8221;gcid-46a7fd9b-e7e5-4c0a-b621-f5f3bcee3ed6&#8243; text_font_size=&#8221;16px&#8221; text_line_height=&#8221;1.6em&#8221; global_colors_info=&#8221;{%22gcid-46a7fd9b-e7e5-4c0a-b621-f5f3bcee3ed6%22:%91%22text_text_color%22,%22text_text_color%22%93}&#8221;]<\/p>\n<p style=\"text-align: center;\">Carboidrati<\/p>\n<p>[\/et_pb_text][\/et_pb_column][et_pb_column type=&#8221;1_5&#8243; _builder_version=&#8221;4.19.5&#8243; _module_preset=&#8221;default&#8221; global_colors_info=&#8221;{}&#8221;][et_pb_number_counter number=&#8221;29g&#8221; percent_sign=&#8221;off&#8221; module_class=&#8221;gp_counter&#8221; _builder_version=&#8221;4.27.6&#8243; _module_preset=&#8221;default&#8221; title_text_color=&#8221;RGBA(255,255,255,0)&#8221; number_font=&#8221;FontPadano-Bold||||||||&#8221; number_text_color=&#8221;#876346&#8243; number_font_size=&#8221;50px&#8221; width=&#8221;82.2%&#8221; hover_enabled=&#8221;0&#8243; global_colors_info=&#8221;{}&#8221; number_text_align=&#8221;center&#8221; sticky_enabled=&#8221;0&#8243;][\/et_pb_number_counter][et_pb_image src=&#8221;https:\/\/www.granapadano.it\/wp-content\/uploads\/2026\/03\/Linea-Divisorio.jpg&#8221; title_text=&#8221;Linea-Divisorio&#8221; align=&#8221;center&#8221; _builder_version=&#8221;4.27.6&#8243; _module_preset=&#8221;default&#8221; custom_margin=&#8221;||20px||false|false&#8221; custom_padding=&#8221;||||false|false&#8221; global_colors_info=&#8221;{}&#8221;][\/et_pb_image][et_pb_text _builder_version=&#8221;4.27.6&#8243; _module_preset=&#8221;default&#8221; text_font=&#8221;&#8211;et_global_heading_font||||||||&#8221; text_text_color=&#8221;gcid-46a7fd9b-e7e5-4c0a-b621-f5f3bcee3ed6&#8243; text_font_size=&#8221;16px&#8221; text_line_height=&#8221;1.6em&#8221; global_colors_info=&#8221;{%22gcid-46a7fd9b-e7e5-4c0a-b621-f5f3bcee3ed6%22:%91%22text_text_color%22%93}&#8221;]<\/p>\n<p style=\"text-align: center;\">Grassi<\/p>\n<p>[\/et_pb_text][\/et_pb_column][et_pb_column type=&#8221;1_5&#8243; _builder_version=&#8221;4.19.5&#8243; _module_preset=&#8221;default&#8221; global_colors_info=&#8221;{}&#8221;][et_pb_number_counter number=&#8221;32g&#8221; percent_sign=&#8221;off&#8221; module_class=&#8221;gp_counter&#8221; _builder_version=&#8221;4.27.6&#8243; _module_preset=&#8221;default&#8221; title_text_color=&#8221;RGBA(255,255,255,0)&#8221; number_font=&#8221;FontPadano-Bold||||||||&#8221; number_text_color=&#8221;#876346&#8243; number_font_size=&#8221;50px&#8221; width=&#8221;82.2%&#8221; hover_enabled=&#8221;0&#8243; global_colors_info=&#8221;{}&#8221; number_text_align=&#8221;center&#8221; sticky_enabled=&#8221;0&#8243;][\/et_pb_number_counter][et_pb_image src=&#8221;https:\/\/www.granapadano.it\/wp-content\/uploads\/2026\/03\/Linea-Divisorio.jpg&#8221; title_text=&#8221;Linea-Divisorio&#8221; align=&#8221;center&#8221; _builder_version=&#8221;4.27.6&#8243; _module_preset=&#8221;default&#8221; custom_margin=&#8221;||20px||false|false&#8221; custom_padding=&#8221;||||false|false&#8221; global_colors_info=&#8221;{}&#8221;][\/et_pb_image][et_pb_text _builder_version=&#8221;4.27.6&#8243; _module_preset=&#8221;default&#8221; text_font=&#8221;&#8211;et_global_heading_font||||||||&#8221; text_text_color=&#8221;gcid-46a7fd9b-e7e5-4c0a-b621-f5f3bcee3ed6&#8243; text_font_size=&#8221;16px&#8221; text_line_height=&#8221;1.6em&#8221; global_colors_info=&#8221;{%22gcid-46a7fd9b-e7e5-4c0a-b621-f5f3bcee3ed6%22:%91%22text_text_color%22%93}&#8221;]<\/p>\n<p style=\"text-align: center;\">Acqua<\/p>\n<p>[\/et_pb_text][\/et_pb_column][\/et_pb_row][\/et_pb_section][et_pb_section fb_built=&#8221;1&#8243; disabled_on=&#8221;on|on|on&#8221; module_class=&#8221;curriosita_accordion curriosita_eventi_accordion &#8221; _builder_version=&#8221;4.19.5&#8243; _module_preset=&#8221;default&#8221; custom_margin=&#8221;-6px|||||&#8221; disabled=&#8221;on&#8221; locked=&#8221;off&#8221; global_colors_info=&#8221;{}&#8221;][et_pb_row _builder_version=&#8221;4.19.5&#8243; _module_preset=&#8221;default&#8221; max_width=&#8221;90%&#8221; global_colors_info=&#8221;{}&#8221;][et_pb_column type=&#8221;4_4&#8243; _builder_version=&#8221;4.19.2&#8243; _module_preset=&#8221;default&#8221; global_colors_info=&#8221;{}&#8221;][et_pb_text _builder_version=&#8221;4.19.5&#8243; _module_preset=&#8221;default&#8221; text_font=&#8221;Merriweather|700|||||||&#8221; text_text_color=&#8221;#0f0f0f&#8221; text_font_size=&#8221;44px&#8221; text_line_height=&#8221;62px&#8221; header_text_color=&#8221;gcid-8696fd7e-29dd-4028-9d4d-981b208a53a9&#8243; header_font_size=&#8221;44px&#8221; header_line_height=&#8221;52px&#8221; text_orientation=&#8221;center&#8221; custom_margin=&#8221;-12px||7px|||&#8221; global_colors_info=&#8221;{%22gcid-8696fd7e-29dd-4028-9d4d-981b208a53a9%22:%91%22header_text_color%22%93}&#8221;]<\/p>\n<h1>Macronutrienti<\/h1>\n<p>[\/et_pb_text][et_pb_accordion open_toggle_text_color=&#8221;#0f0f0f&#8221; open_toggle_background_color=&#8221;RGBA(255,255,255,0)&#8221; closed_toggle_background_color=&#8221;RGBA(255,255,255,0)&#8221; toggle_icon=&#8221;&#x33;||divi||400&#8243; icon_color=&#8221;gcid-8696fd7e-29dd-4028-9d4d-981b208a53a9&#8243; use_icon_font_size=&#8221;on&#8221; icon_font_size=&#8221;44px&#8221; module_class=&#8221;pa-add-accordion-icon gp_accordian_item_main&#8221; _builder_version=&#8221;4.24.2&#8243; _module_preset=&#8221;default&#8221; toggle_text_color=&#8221;#0f0f0f&#8221; toggle_font=&#8221;Merriweather||||||||&#8221; toggle_font_size=&#8221;23px&#8221; toggle_line_height=&#8221;27px&#8221; body_font=&#8221;Merriweather||||||||&#8221; body_text_color=&#8221;#0f0f0f&#8221; body_font_size=&#8221;18px&#8221; body_line_height=&#8221;26px&#8221; border_width_all=&#8221;0px&#8221; border_width_top=&#8221;1px&#8221; border_color_top=&#8221;gcid-8696fd7e-29dd-4028-9d4d-981b208a53a9&#8243; border_color_bottom=&#8221;gcid-8696fd7e-29dd-4028-9d4d-981b208a53a9&#8243; global_colors_info=&#8221;{%22gcid-8696fd7e-29dd-4028-9d4d-981b208a53a9%22:%91%22border_color_top%22,%22border_color_bottom%22,%22icon_color%22%93}&#8221;][et_pb_accordion_item open=&#8221;on&#8221; _builder_version=&#8221;4.19.5&#8243; _module_preset=&#8221;default&#8221; custom_css_main_element=&#8221;display:none&#8221; global_colors_info=&#8221;{}&#8221;][\/et_pb_accordion_item][et_pb_accordion_item title=&#8221;Proteine | 33g&#8221; _builder_version=&#8221;4.19.5&#8243; _module_preset=&#8221;default&#8221; global_colors_info=&#8221;{}&#8221; toggle_level=&#8221;h5&#8243; open=&#8221;off&#8221;]Il 33% del Grana Padano DOP \u00e8 costituito da proteine per la maggior parte ad alto valore biologico, cio\u00e8 capaci di soddisfare le necessit\u00e0 metaboliche dell\u2019organismo. Il Grana Padano DOP apporta tutti e 9 gli aminoacidi essenziali, dei quali il 20% \u00e8 rappresentato da aminoacidi ramificati: isoleucina, leucina e valina. Gli aminoacidi ramificati sono importanti perch\u00e9 vengono captati direttamente dai muscoli, senza passare per il fegato, dove possono essere utilizzati per riparare le strutture proteiche danneggiate o per produrre energia immediata, fattore importante soprattutto nello sport. La leucina, inoltre, favorisce il mantenimento della massa magra e l\u2019aumento della sensazione di saziet\u00e0, due elementi fondamentali per chi deve dimagrire e segue una dieta ipocalorica.[\/et_pb_accordion_item][et_pb_accordion_item title=&#8221;Carboidrati | 0g&#8221; _builder_version=&#8221;4.19.5&#8243; _module_preset=&#8221;default&#8221; global_colors_info=&#8221;{}&#8221; toggle_level=&#8221;h5&#8243; open=&#8221;off&#8221;]Il Grana Padano DOP non contiene lattosio (zucchero del latte) perch\u00e9 viene naturalmente rimosso durante la produzione del formaggio grazie all\u2019azione dei batteri lattici, che utilizzano quasi tutto il lattosio presente. La restante minima quantit\u00e0 viene eliminata attraverso il processo di stagionatura. Dopo nove mesi, tempo minimo stabilito dal Disciplinare del Grana Padano DOP, il formaggio \u00e8 naturalmente privo di lattosio e il galattosio \u00e8 intorno ai 10 mg, una quantit\u00e0 esigua che lo rende digeribile anche per chi \u00e8 intollerante agli zuccheri del latte.[\/et_pb_accordion_item][et_pb_accordion_item title=&#8221;Grassi | 29g&#8221; _builder_version=&#8221;4.19.5&#8243; _module_preset=&#8221;default&#8221; global_colors_info=&#8221;{}&#8221; open=&#8221;off&#8221;]<\/p>\n<p>All\u2019inizio della lavorazione del Grana Padano DOP, il latte intero utilizzato viene parzialmente decremato per affioramento naturale. Durante questa fase, il latte intero perde poco meno del 50% dei grassi, una scrematura che tecnicamente definisce il formaggio semigrasso. Grazie alla scrematura, in 100 g di formaggio restano mediamente 29 grammi di lipidi, dei quali il 68% \u00e8 rappresentato da grassi saturi (l\u201911% dei quali \u00e8 costituito da saturi a corta catena, cio\u00e8 simili ai cosiddetti \u201cgrassi buoni\u201d), il 28% \u00e8 rappresentato da grassi monoinsaturi (gli stessi presenti nell\u2019olio di oliva) e il 4% da grassi polinsaturi (gli stessi presenti nel pesce, nelle noci e nella frutta secca). Essendo secreti dalla mammella della bovina, i lipidi del latte sono differenti da quelli della carne, che sono invece strutturati nel tessuto dell\u2019animale, e ancora diversi da quelli delle uova. Sono costituiti da triacilgliceroli in forma di globuli rivestiti da una membrana lipo-proteica chiamata MFGM (Milk Fat Globule Membrane), che svolge funzioni metaboliche bioattive e possiede caratteristiche salutari, anche se si tratta di grassi saturi. Data tale caratteristica dei lipidi del latte (anche i saturi aterogeni) con cui \u00e8 fatto il Grana Padano DOP, si pu\u00f2 dedurre che il formaggio non sia gravato da quel rischio cardiovascolare tipico invece dei grassi saturi degli altri alimenti di origine animale.<\/p>\n<p>Secondo l\u2019AHA (American Heart Association), un adulto non dovrebbe assumere dal cibo, in media, pi\u00f9 di 200\/300 mg di colesterolo al giorno. In 25 g di Grana Padano DOP ci sono circa 25 mg di colesterolo, che rappresentano una piccola parte (10-11%) di quanto raccomanda quotidianamente l\u2019American Heart Association.<\/p>\n<p><em>Acidi grassi SATURI: 18,4 g<\/em><\/p>\n<p><em>Acidi grassi MONOINSATURI: 7,4 g<\/em><\/p>\n<p><em>Acidi grassi POLINSATURI: 1,1 g<\/em><\/p>\n<p><em>Colesterolo: 98,3 mg<\/em><\/p>\n<p>[\/et_pb_accordion_item][\/et_pb_accordion][\/et_pb_column][\/et_pb_row][et_pb_row _builder_version=&#8221;4.19.5&#8243; _module_preset=&#8221;default&#8221; max_width=&#8221;90%&#8221; custom_margin=&#8221;16px|auto||auto||&#8221; global_colors_info=&#8221;{}&#8221;][et_pb_column type=&#8221;4_4&#8243; _builder_version=&#8221;4.19.2&#8243; _module_preset=&#8221;default&#8221; global_colors_info=&#8221;{}&#8221;][et_pb_text _builder_version=&#8221;4.19.5&#8243; _module_preset=&#8221;default&#8221; text_font=&#8221;Merriweather|700|||||||&#8221; text_text_color=&#8221;#0f0f0f&#8221; text_font_size=&#8221;44px&#8221; text_line_height=&#8221;62px&#8221; header_text_color=&#8221;gcid-8696fd7e-29dd-4028-9d4d-981b208a53a9&#8243; header_font_size=&#8221;44px&#8221; header_line_height=&#8221;52px&#8221; text_orientation=&#8221;center&#8221; custom_margin=&#8221;-12px||7px|||&#8221; custom_padding=&#8221;60px|||||&#8221; global_colors_info=&#8221;{%22gcid-8696fd7e-29dd-4028-9d4d-981b208a53a9%22:%91%22header_text_color%22%93}&#8221;]<\/p>\n<h1>Micronutrienti<\/h1>\n<p>[\/et_pb_text][et_pb_accordion open_toggle_text_color=&#8221;#0f0f0f&#8221; open_toggle_background_color=&#8221;RGBA(255,255,255,0)&#8221; closed_toggle_background_color=&#8221;RGBA(255,255,255,0)&#8221; toggle_icon=&#8221;&#x33;||divi||400&#8243; icon_color=&#8221;gcid-8696fd7e-29dd-4028-9d4d-981b208a53a9&#8243; use_icon_font_size=&#8221;on&#8221; icon_font_size=&#8221;44px&#8221; module_class=&#8221;pa-add-accordion-icon gp_accordian_item_main&#8221; _builder_version=&#8221;4.24.2&#8243; _module_preset=&#8221;default&#8221; toggle_text_color=&#8221;#0f0f0f&#8221; toggle_font=&#8221;Merriweather||||||||&#8221; toggle_font_size=&#8221;23px&#8221; toggle_line_height=&#8221;27px&#8221; body_font=&#8221;Merriweather||||||||&#8221; body_text_color=&#8221;#0f0f0f&#8221; body_font_size=&#8221;18px&#8221; body_line_height=&#8221;26px&#8221; border_width_all=&#8221;0px&#8221; border_width_top=&#8221;1px&#8221; border_color_top=&#8221;gcid-8696fd7e-29dd-4028-9d4d-981b208a53a9&#8243; border_color_bottom=&#8221;gcid-8696fd7e-29dd-4028-9d4d-981b208a53a9&#8243; global_colors_info=&#8221;{%22gcid-8696fd7e-29dd-4028-9d4d-981b208a53a9%22:%91%22border_color_top%22,%22border_color_bottom%22,%22icon_color%22%93}&#8221;][et_pb_accordion_item open=&#8221;on&#8221; _builder_version=&#8221;4.19.5&#8243; _module_preset=&#8221;default&#8221; custom_css_main_element=&#8221;display:none&#8221; global_colors_info=&#8221;{}&#8221;][\/et_pb_accordion_item][et_pb_accordion_item title=&#8221;Minerali&#8221; _builder_version=&#8221;4.19.5&#8243; _module_preset=&#8221;default&#8221; global_colors_info=&#8221;{}&#8221; toggle_level=&#8221;h5&#8243; open=&#8221;off&#8221;]<\/p>\n<p>Il Grana Padano DOP \u00e8 un concentrato di latte ed \u00e8 quindi ricco di minerali essenziali come il calcio. Il calcio contenuto nel formaggio non si distingue solo per la grande quantit\u00e0, ma soprattutto per la sua alta bio-disponibilit\u00e0, in quanto \u00e8 assimilato dall\u2019organismo per circa il 75%, mentre il calcio derivato dai vegetali viene assorbito solo per il 2-10%. Per questa ragione gli esperti dell\u2019osso della SIOMMMS (Societ\u00e0 Italiana dell\u2019Osteoporosi del Metabolismo Minerale e delle Malattie dello Scheletro) raccomandano di assumere il calcio principalmente da latte e derivati. Secondo le tabelle di composizione degli alimenti BDA dello IEO (Database Alimenti dell\u2019Istituto Europeo di Oncologia) 1, in 25 g di Grana Padano DOP (2 cucchiai da cucina di grattugiato) ci sono ben 291 mg di calcio, una quantit\u00e0 elevata e raramente riscontrabile tra tutti gli alimenti maggiormente consumati dalla popolazione italiana. 25 g di Grana Padano DOP soddisfano il 30% del fabbisogno quotidiano di una persona adulta (DRV) di calcio, fosforo e zinco, quest\u2019ultimo e il selenio svolgono anche un\u2019importante funzione antiossidante.<\/p>\n<p>L\u2019Organizzazione Mondiale della Sanit\u00e0 (OMS), per prevenire l\u2019ipertensione nei soggetti adulti, raccomanda di assumere non pi\u00f9 di 5 g di sale al giorno, corrispondenti a 2 g di sodio. 25 g di Grana Padano DOP apportano solo il 7,5% della quantit\u00e0 giornaliera massima di sodio raccomandata.<\/p>\n<p><em>Calcio: 1165,0 mg<\/em><\/p>\n<p><em>Fosforo: 692,0 mg<\/em><\/p>\n<p><em>Potassio: 120 mg<\/em><\/p>\n<p><em>Magnesio: 63 mg<\/em><\/p>\n<p><em>Zinco: 11 mg<\/em><\/p>\n<p><em>Rame: 0,5 mg<\/em><\/p>\n<p><em>Ferro: 0,14 mg<\/em><\/p>\n<p><em>Rapporto Calcio \/ Fosforo: 1,7<\/em><\/p>\n<p><em>Sale: 1,5 g<\/em><\/p>\n<p><em>Iodio: 35,5 \u00b5g<\/em><\/p>\n<p><em>Selenio: 12 \u00b5g<\/em><\/p>\n<p>[\/et_pb_accordion_item][et_pb_accordion_item title=&#8221;Vitamine&#8221; _builder_version=&#8221;4.24.2&#8243; _module_preset=&#8221;default&#8221; global_colors_info=&#8221;{}&#8221; open=&#8221;off&#8221;]<\/p>\n<p>Tutte le vitamine del latte vaccino, essenziali per l\u2019organismo umano, sono concentrate nel Grana Padano DOP in quantit\u00e0 significative, in particolare le vitamine del gruppo B e la vitamina A. Rispetto all\u2019assunzione di riferimento dei DRV, il consumo di 25 g di Grana Padano DOP soddisfa il fabbisogno quotidiano di un adulto (media maschi e femmine da 18 a 59 anni) di vitamina B12 per il 35%, di vitamina B2 per il 7% e di vitamina A per il 10%.<br \/>\u00c8 interessante sottolineare l\u2019importanza della vitamina B12 presente nel Grana Padano DOP perch\u00e9 la sua quantit\u00e0 e biodisponibilit\u00e0 sono fattori che aiutano a coprire il fabbisogno quotidiano del nutriente, soprattutto per quanto concerne le persone che mangiano poca carne o uova. La vitamina B12 svolge un ruolo fondamentale nella maturazione dei globuli rossi (una sua carenza induce anemia perniciosa) ed \u00e8 molto importante per la salute del sistema nervoso. Ricordiamo che la vitamina A, tra le sue numerose funzioni essenziali, aumenta l\u2019acutezza visiva e, come lo zinco e il selenio, svolge un\u2019importante azione antiossidante.<\/p>\n<p><em>Vitamina A: 224 \u00b5g<\/em><\/p>\n<p><em>Vitamina B1: 20 \u00b5g<\/em><\/p>\n<p><em>Vitamina B2: 0,36 mg<\/em><\/p>\n<p><em>Vitamina B6: 0,12 mg<\/em><\/p>\n<p><em>Vitamina B12: 3,0 \u00b5g<\/em><\/p>\n<p><em>Vitamina D3: 0,5 \u00b5g<\/em><\/p>\n<p><em>Vitamina PP: 3,0 \u00b5g<\/em><\/p>\n<p><em>Vitamina E: 206 \u00b5g<\/em><\/p>\n<p><em>Acido Pantotenico: 246 \u00b5g<\/em><\/p>\n<p><em>Colina: 20,0 mg<\/em><\/p>\n<p><em>Biotina: 6,0 \u00b5g<\/em><\/p>\n<p>[\/et_pb_accordion_item][\/et_pb_accordion][et_pb_text _builder_version=&#8221;4.19.5&#8243; _module_preset=&#8221;default&#8221; custom_padding=&#8221;26px|||||&#8221; global_colors_info=&#8221;{}&#8221;]<\/p>\n<p><strong>Fonti bibliografiche<\/strong><br \/>1 BDA-IEO Database Alimenti &#8211; IEO (Istituto Europeo di Oncologia).<br \/>2 SIOMMMS &#8211; Societ\u00e0 Italiana dell\u2019Osteoporosi del Metabolismo Minerale e delle Malattie dello Scheletro.<br \/>3 Dietary Reference Values for the EU population as derived by the EFSA (European Food Safety Agency).<br \/>4 A. Marseglia, A. M. Castellazzi, C. Valsecchi, A. Licari, G. Piva, F. Rossi, L. Fiorentini, G. L. Marseglia (2012), \u201cOutcome of oral provocation test in egg-sensitive children receiving semi-fat hard cheese Grana Padano PDO (protected designation of origin) containing, or not, lysozyme\u201d, Springer-Verlag 2012.<br \/>5 Filippo Rossi, PhD, Amerigo Iaconelli, MD, Lucia Fiorentini, BSc, Francesco Zito, MD, Maria Benedett Donati, MD, PhD, Maria Laura De Cristofaro, MD, Gianfranco Piva, BSc, Geltrude Mingrone, MD (2011), \u201cImmunological Response in Egg-Sensitive Adults Challenged with Cheese Containing or Not Containing Lysozyme\u201d, American College of Nutrition, Journal of the American College of Nutrition, Vol. 31, No. 6, 385\u2013391 (2012).<br \/>6 Amerigo Iaconelli, MD, Lucia Fiorentini, PhD, Sara Bruschi, PhD, Filippo Rossi, PhD, Geltrude Mingrone, MD, PhD, FACN, Gianfranco Piva, PhD (2008), \u201cAbsence of Allergic Reactions to Egg White Lysozyme Additive in Grana Padano Cheese\u201d, American College of Nutrition, Journal of the American College of Nutrition Vol. 27, No. 2, 326\u2013331 (2008).<\/p>\n<p>Valori Nutrizionali Grana Padano, USDA, Food Data Central<\/p>\n<p>[\/et_pb_text][\/et_pb_column][\/et_pb_row][\/et_pb_section][et_pb_section fb_built=&#8221;1&#8243; _builder_version=&#8221;4.27.6&#8243; _module_preset=&#8221;default&#8221; locked=&#8221;off&#8221; global_colors_info=&#8221;{}&#8221;][et_pb_row use_custom_gutter=&#8221;on&#8221; gutter_width=&#8221;3&#8243; _builder_version=&#8221;4.27.6&#8243; _module_preset=&#8221;default&#8221; custom_margin=&#8221;||40px||false|false&#8221; custom_padding=&#8221;0px||||false|false&#8221; global_colors_info=&#8221;{}&#8221;][et_pb_column type=&#8221;4_4&#8243; _builder_version=&#8221;4.27.6&#8243; _module_preset=&#8221;default&#8221; global_colors_info=&#8221;{}&#8221;][et_pb_text _builder_version=&#8221;4.27.6&#8243; _module_preset=&#8221;default&#8221; text_font=&#8221;Merriweather|700|||||||&#8221; text_text_color=&#8221;#0f0f0f&#8221; text_font_size=&#8221;44px&#8221; text_line_height=&#8221;62px&#8221; header_text_color=&#8221;gcid-8696fd7e-29dd-4028-9d4d-981b208a53a9&#8243; header_font_size=&#8221;44px&#8221; header_line_height=&#8221;52px&#8221; header_2_text_align=&#8221;left&#8221; header_2_font_size=&#8221;35px&#8221; text_orientation=&#8221;center&#8221; custom_margin=&#8221;0px||10px||false|false&#8221; global_colors_info=&#8221;{%22gcid-8696fd7e-29dd-4028-9d4d-981b208a53a9%22:%91%22header_text_color%22%93}&#8221;]<\/p>\n<h2 style=\"text-align: center;\">Focus sui macronutrienti<\/h2>\n<p>[\/et_pb_text][et_pb_accordion open_toggle_text_color=&#8221;#44392b&#8221; closed_toggle_background_color=&#8221;RGBA(255,255,255,0)&#8221; toggle_icon=&#8221;&#x33;||divi||400&#8243; icon_color=&#8221;gcid-46a7fd9b-e7e5-4c0a-b621-f5f3bcee3ed6&#8243; use_icon_font_size=&#8221;on&#8221; icon_font_size=&#8221;24px&#8221; module_class=&#8221;gp-new-faqs&#8221; _builder_version=&#8221;4.27.6&#8243; _module_preset=&#8221;default&#8221; toggle_text_color=&#8221;#876346&#8243; toggle_level=&#8221;h4&#8243; toggle_font=&#8221;&#8211;et_global_heading_font||||||||&#8221; body_font=&#8221;&#8211;et_global_heading_font||||||||&#8221; body_text_color=&#8221;#201d19&#8243; text_orientation=&#8221;left&#8221; border_width_top=&#8221;0px&#8221; border_color_right=&#8221;RGBA(255,255,255,0)&#8221; border_color_bottom=&#8221;gcid-46a7fd9b-e7e5-4c0a-b621-f5f3bcee3ed6&#8243; border_width_left=&#8221;0px&#8221; global_colors_info=&#8221;{%22gcid-46a7fd9b-e7e5-4c0a-b621-f5f3bcee3ed6%22:%91%22border_color_bottom%22,%22icon_color%22%93}&#8221; custom_padding__hover_enabled=&#8221;off|desktop&#8221; closed_toggle_background_color__hover_enabled=&#8221;on|hover&#8221; closed_toggle_background_color__hover=&#8221;RGBA(255,255,255,0)&#8221; toggle_icon__hover_enabled=&#8221;off|desktop&#8221; toggle_icon__hover=&#8221;2||divi||400&#8243;][et_pb_accordion_item title=&#8221;Proteine | 33g&#8221; open=&#8221;on&#8221; _builder_version=&#8221;4.27.6&#8243; _module_preset=&#8221;default&#8221; background_color=&#8221;RGBA(255,255,255,0)&#8221; background_enable_color=&#8221;on&#8221; global_colors_info=&#8221;{}&#8221;]<\/p>\n<p>Il 33% del Grana Padano DOP \u00e8 costituito da proteine per la maggior parte ad alto valore biologico, cio\u00e8 capaci di soddisfare le necessit\u00e0 metaboliche dell\u2019organismo. Il Grana Padano DOP apporta tutti e 9 gli aminoacidi essenziali, dei quali il 20% \u00e8 rappresentato da aminoacidi ramificati: isoleucina, leucina e valina. Gli aminoacidi ramificati sono importanti perch\u00e9 vengono captati direttamente dai muscoli, senza passare per il fegato, dove possono essere utilizzati per riparare le strutture proteiche danneggiate o per produrre energia immediata, fattore importante soprattutto nello sport. La leucina, inoltre, favorisce il mantenimento della massa magra e l\u2019aumento della sensazione di saziet\u00e0, due elementi fondamentali per chi deve dimagrire e segue una dieta ipocalorica.<\/p>\n<p>[\/et_pb_accordion_item][et_pb_accordion_item title=&#8221;Carboidrati | 0g&#8221; _builder_version=&#8221;4.27.6&#8243; _module_preset=&#8221;default&#8221; global_colors_info=&#8221;{}&#8221; open=&#8221;off&#8221;]<\/p>\n<p>Il Grana Padano DOP non contiene lattosio (zucchero del latte) perch\u00e9 viene naturalmente rimosso durante la produzione del formaggio grazie all\u2019azione dei batteri lattici, che utilizzano quasi tutto il lattosio presente. La restante minima quantit\u00e0 viene eliminata attraverso il processo di stagionatura. Dopo nove mesi, tempo minimo stabilito dal Disciplinare del Grana Padano DOP, il formaggio \u00e8 naturalmente privo di lattosio e il galattosio \u00e8 intorno ai 10 mg, una quantit\u00e0 esigua che lo rende digeribile anche per chi \u00e8 intollerante agli zuccheri del latte.<\/p>\n<p>[\/et_pb_accordion_item][et_pb_accordion_item title=&#8221;Grassi | 29g&#8221; _builder_version=&#8221;4.27.6&#8243; _module_preset=&#8221;default&#8221; global_colors_info=&#8221;{}&#8221; open=&#8221;off&#8221;]<\/p>\n<p>All\u2019inizio della lavorazione del Grana Padano DOP, il latte intero utilizzato viene parzialmente decremato per affioramento naturale. Durante questa fase, il latte intero perde poco meno del 50% dei grassi, una scrematura che tecnicamente definisce il formaggio semigrasso. Grazie alla scrematura, in 100 g di formaggio restano mediamente 29 grammi di lipidi, dei quali il 68% \u00e8 rappresentato da grassi saturi (l\u201911% dei quali \u00e8 costituito da saturi a corta catena, cio\u00e8 simili ai cosiddetti \u201cgrassi buoni\u201d), il 28% \u00e8 rappresentato da grassi monoinsaturi (gli stessi presenti nell\u2019olio di oliva) e il 4% da grassi polinsaturi (gli stessi presenti nel pesce, nelle noci e nella frutta secca). Essendo secreti dalla mammella della bovina, i lipidi del latte sono differenti da quelli della carne, che sono invece strutturati nel tessuto dell\u2019animale, e ancora diversi da quelli delle uova. Sono costituiti da triacilgliceroli in forma di globuli rivestiti da una membrana lipo-proteica chiamata MFGM (Milk Fat Globule Membrane), che svolge funzioni metaboliche bioattive e possiede caratteristiche salutari, anche se si tratta di grassi saturi. Data tale caratteristica dei lipidi del latte (anche i saturi aterogeni) con cui \u00e8 fatto il Grana Padano DOP, si pu\u00f2 dedurre che il formaggio non sia gravato da quel rischio cardiovascolare tipico invece dei grassi saturi degli altri alimenti di origine animale.<\/p>\n<p>Secondo l\u2019AHA (American Heart Association), un adulto non dovrebbe assumere dal cibo, in media, pi\u00f9 di 200\/300 mg di colesterolo al giorno. In 25 g di Grana Padano DOP ci sono circa 25 mg di colesterolo, che rappresentano una piccola parte (10-11%) di quanto raccomanda quotidianamente l\u2019American Heart Association.<\/p>\n<p><em>Acidi grassi SATURI: 18,4 g<\/em><\/p>\n<p><em>Acidi grassi MONOINSATURI: 7,4 g<\/em><\/p>\n<p><em>Acidi grassi POLINSATURI: 1,1 g<\/em><\/p>\n<p><em>Colesterolo: 98,3 mg<\/em><\/p>\n<p>[\/et_pb_accordion_item][\/et_pb_accordion][\/et_pb_column][\/et_pb_row][et_pb_row use_custom_gutter=&#8221;on&#8221; gutter_width=&#8221;3&#8243; _builder_version=&#8221;4.27.6&#8243; _module_preset=&#8221;default&#8221; custom_padding=&#8221;0px||||false|false&#8221; global_colors_info=&#8221;{}&#8221;][et_pb_column type=&#8221;4_4&#8243; _builder_version=&#8221;4.27.6&#8243; _module_preset=&#8221;default&#8221; global_colors_info=&#8221;{}&#8221;][et_pb_text _builder_version=&#8221;4.27.6&#8243; _module_preset=&#8221;default&#8221; text_font=&#8221;Merriweather|700|||||||&#8221; text_text_color=&#8221;#0f0f0f&#8221; text_font_size=&#8221;44px&#8221; text_line_height=&#8221;62px&#8221; header_text_color=&#8221;gcid-8696fd7e-29dd-4028-9d4d-981b208a53a9&#8243; header_font_size=&#8221;44px&#8221; header_line_height=&#8221;52px&#8221; header_2_font_size=&#8221;35px&#8221; text_orientation=&#8221;center&#8221; custom_margin=&#8221;0px||7px||false|false&#8221; global_colors_info=&#8221;{%22gcid-8696fd7e-29dd-4028-9d4d-981b208a53a9%22:%91%22header_text_color%22%93}&#8221;]<\/p>\n<h2 style=\"text-align: center;\">Focus sui micronutrienti<\/h2>\n<p>[\/et_pb_text][et_pb_accordion open_toggle_text_color=&#8221;#44392b&#8221; closed_toggle_background_color=&#8221;RGBA(255,255,255,0)&#8221; toggle_icon=&#8221;&#x33;||divi||400&#8243; icon_color=&#8221;gcid-46a7fd9b-e7e5-4c0a-b621-f5f3bcee3ed6&#8243; use_icon_font_size=&#8221;on&#8221; icon_font_size=&#8221;24px&#8221; module_class=&#8221;gp-new-faqs&#8221; _builder_version=&#8221;4.27.6&#8243; _module_preset=&#8221;default&#8221; toggle_text_color=&#8221;#876346&#8243; toggle_level=&#8221;h4&#8243; toggle_font=&#8221;&#8211;et_global_heading_font||||||||&#8221; body_font=&#8221;&#8211;et_global_heading_font||||||||&#8221; body_text_color=&#8221;#201d19&#8243; text_orientation=&#8221;left&#8221; border_width_top=&#8221;0px&#8221; border_color_right=&#8221;RGBA(255,255,255,0)&#8221; border_color_bottom=&#8221;gcid-46a7fd9b-e7e5-4c0a-b621-f5f3bcee3ed6&#8243; border_width_left=&#8221;0px&#8221; global_colors_info=&#8221;{%22gcid-46a7fd9b-e7e5-4c0a-b621-f5f3bcee3ed6%22:%91%22border_color_bottom%22,%22icon_color%22%93}&#8221; custom_padding__hover_enabled=&#8221;off|desktop&#8221; closed_toggle_background_color__hover_enabled=&#8221;on|hover&#8221; closed_toggle_background_color__hover=&#8221;RGBA(255,255,255,0)&#8221; toggle_icon__hover_enabled=&#8221;off|desktop&#8221; toggle_icon__hover=&#8221;2||divi||400&#8243;][et_pb_accordion_item title=&#8221;Minerali&#8221; open=&#8221;on&#8221; _builder_version=&#8221;4.27.6&#8243; _module_preset=&#8221;default&#8221; background_color=&#8221;RGBA(255,255,255,0)&#8221; background_enable_color=&#8221;on&#8221; global_colors_info=&#8221;{}&#8221;]<\/p>\n<p>Il Grana Padano DOP \u00e8 un concentrato di latte ed \u00e8 quindi ricco di minerali essenziali come il calcio. Il calcio contenuto nel formaggio non si distingue solo per la grande quantit\u00e0, ma soprattutto per la sua alta bio-disponibilit\u00e0, in quanto \u00e8 assimilato dall\u2019organismo per circa il 75%, mentre il calcio derivato dai vegetali viene assorbito solo per il 2-10%. Per questa ragione gli esperti dell\u2019osso della SIOMMMS (Societ\u00e0 Italiana dell\u2019Osteoporosi del Metabolismo Minerale e delle Malattie dello Scheletro) raccomandano di assumere il calcio principalmente da latte e derivati. Secondo le tabelle di composizione degli alimenti BDA dello IEO (Database Alimenti dell\u2019Istituto Europeo di Oncologia) 1, in 25 g di Grana Padano DOP (2 cucchiai da cucina di grattugiato) ci sono ben 291 mg di calcio, una quantit\u00e0 elevata e raramente riscontrabile tra tutti gli alimenti maggiormente consumati dalla popolazione italiana. 25 g di Grana Padano DOP soddisfano il 30% del fabbisogno quotidiano di una persona adulta (DRV) di calcio, fosforo e zinco, quest\u2019ultimo e il selenio svolgono anche un\u2019importante funzione antiossidante.<\/p>\n<p>L\u2019Organizzazione Mondiale della Sanit\u00e0 (OMS), per prevenire l\u2019ipertensione nei soggetti adulti, raccomanda di assumere non pi\u00f9 di 5 g di sale al giorno, corrispondenti a 2 g di sodio. 25 g di Grana Padano DOP apportano solo il 7,5% della quantit\u00e0 giornaliera massima di sodio raccomandata.<\/p>\n<p><em>Calcio: 1165,0 mg<\/em><\/p>\n<p><em>Fosforo: 692,0 mg<\/em><\/p>\n<p><em>Potassio: 120 mg<\/em><\/p>\n<p><em>Magnesio: 63 mg<\/em><\/p>\n<p><em>Zinco: 11 mg<\/em><\/p>\n<p><em>Rame: 0,5 mg<\/em><\/p>\n<p><em>Ferro: 0,14 mg<\/em><\/p>\n<p><em>Rapporto Calcio \/ Fosforo: 1,7<\/em><\/p>\n<p><em>Sale: 1,5 g<\/em><\/p>\n<p><em>Iodio: 35,5 \u00b5g<\/em><\/p>\n<p><em>Selenio: 12 \u00b5g<\/em><\/p>\n<p>[\/et_pb_accordion_item][et_pb_accordion_item title=&#8221;Vitamine&#8221; _builder_version=&#8221;4.27.6&#8243; _module_preset=&#8221;default&#8221; global_colors_info=&#8221;{}&#8221; open=&#8221;off&#8221;]<\/p>\n<p>Tutte le vitamine del latte vaccino, essenziali per l\u2019organismo umano, sono concentrate nel Grana Padano DOP in quantit\u00e0 significative, in particolare le vitamine del gruppo B e la vitamina A. Rispetto all\u2019assunzione di riferimento dei DRV, il consumo di 25 g di Grana Padano DOP soddisfa il fabbisogno quotidiano di un adulto (media maschi e femmine da 18 a 59 anni) di vitamina B12 per il 35%, di vitamina B2 per il 7% e di vitamina A per il 10%.<br \/>\u00c8 interessante sottolineare l\u2019importanza della vitamina B12 presente nel Grana Padano DOP perch\u00e9 la sua quantit\u00e0 e biodisponibilit\u00e0 sono fattori che aiutano a coprire il fabbisogno quotidiano del nutriente, soprattutto per quanto concerne le persone che mangiano poca carne o uova. La vitamina B12 svolge un ruolo fondamentale nella maturazione dei globuli rossi (una sua carenza induce anemia perniciosa) ed \u00e8 molto importante per la salute del sistema nervoso. Ricordiamo che la vitamina A, tra le sue numerose funzioni essenziali, aumenta l\u2019acutezza visiva e, come lo zinco e il selenio, svolge un\u2019importante azione antiossidante.<\/p>\n<p><em>Vitamina A: 224 \u00b5g<\/em><\/p>\n<p><em>Vitamina B1: 20 \u00b5g<\/em><\/p>\n<p><em>Vitamina B2: 0,36 mg<\/em><\/p>\n<p><em>Vitamina B6: 0,12 mg<\/em><\/p>\n<p><em>Vitamina B12: 3,0 \u00b5g<\/em><\/p>\n<p><em>Vitamina D3: 0,5 \u00b5g<\/em><\/p>\n<p><em>Vitamina PP: 3,0 \u00b5g<\/em><\/p>\n<p><em>Vitamina E: 206 \u00b5g<\/em><\/p>\n<p><em>Acido Pantotenico: 246 \u00b5g<\/em><\/p>\n<p><em>Colina: 20,0 mg<\/em><\/p>\n<p><em>Biotina: 6,0 \u00b5g<\/em><\/p>\n<p>[\/et_pb_accordion_item][\/et_pb_accordion][et_pb_text _builder_version=&#8221;4.27.6&#8243; _module_preset=&#8221;default&#8221; text_font=&#8221;||||||||&#8221; text_text_color=&#8221;#201d19&#8243; custom_padding=&#8221;26px|||||&#8221; locked=&#8221;off&#8221; global_colors_info=&#8221;{}&#8221;]<\/p>\n<p><strong>Fonti bibliografiche<\/strong><br \/>1 BDA-IEO Database Alimenti &#8211; IEO (Istituto Europeo di Oncologia).<br \/>2 SIOMMMS &#8211; Societ\u00e0 Italiana dell\u2019Osteoporosi del Metabolismo Minerale e delle Malattie dello Scheletro.<br \/>3 Dietary Reference Values for the EU population as derived by the EFSA (European Food Safety Agency).<br \/>4 A. Marseglia, A. M. Castellazzi, C. Valsecchi, A. Licari, G. Piva, F. Rossi, L. Fiorentini, G. L. Marseglia (2012), \u201cOutcome of oral provocation test in egg-sensitive children receiving semi-fat hard cheese Grana Padano PDO (protected designation of origin) containing, or not, lysozyme\u201d, Springer-Verlag 2012.<br \/>5 Filippo Rossi, PhD, Amerigo Iaconelli, MD, Lucia Fiorentini, BSc, Francesco Zito, MD, Maria Benedett Donati, MD, PhD, Maria Laura De Cristofaro, MD, Gianfranco Piva, BSc, Geltrude Mingrone, MD (2011), \u201cImmunological Response in Egg-Sensitive Adults Challenged with Cheese Containing or Not Containing Lysozyme\u201d, American College of Nutrition, Journal of the American College of Nutrition, Vol. 31, No. 6, 385\u2013391 (2012).<br \/>6 Amerigo Iaconelli, MD, Lucia Fiorentini, PhD, Sara Bruschi, PhD, Filippo Rossi, PhD, Geltrude Mingrone, MD, PhD, FACN, Gianfranco Piva, PhD (2008), \u201cAbsence of Allergic Reactions to Egg White Lysozyme Additive in Grana Padano Cheese\u201d, American College of Nutrition, Journal of the American College of Nutrition Vol. 27, No. 2, 326\u2013331 (2008).<\/p>\n<p>Valori Nutrizionali Grana Padano, USDA, Food Data Central<\/p>\n<p>[\/et_pb_text][\/et_pb_column][\/et_pb_row][\/et_pb_section][et_pb_section fb_built=&#8221;1&#8243; _builder_version=&#8221;4.19.5&#8243; _module_preset=&#8221;default&#8221; custom_padding=&#8221;0px||5px|||&#8221; locked=&#8221;off&#8221; global_colors_info=&#8221;{}&#8221;][et_pb_row _builder_version=&#8221;4.19.5&#8243; _module_preset=&#8221;default&#8221; custom_padding=&#8221;||2px|||&#8221; locked=&#8221;off&#8221; global_colors_info=&#8221;{}&#8221;][et_pb_column type=&#8221;4_4&#8243; _builder_version=&#8221;4.19.5&#8243; _module_preset=&#8221;default&#8221; global_colors_info=&#8221;{}&#8221;][et_pb_text module_class=&#8221;prodotto_scopri_heading&#8221; _builder_version=&#8221;4.20.0&#8243; _module_preset=&#8221;default&#8221; text_font=&#8221;Merriweather|700|||||||&#8221; text_text_color=&#8221;#0f0f0f&#8221; text_font_size=&#8221;44px&#8221; text_line_height=&#8221;62px&#8221; header_font=&#8221;Merriweather||||||||&#8221; header_text_color=&#8221;gcid-8696fd7e-29dd-4028-9d4d-981b208a53a9&#8243; header_font_size=&#8221;38px&#8221; header_line_height=&#8221;46px&#8221; text_orientation=&#8221;center&#8221; custom_margin=&#8221;-12px||7px|||&#8221; custom_padding=&#8221;0px|||||&#8221; global_colors_info=&#8221;{%22gcid-8696fd7e-29dd-4028-9d4d-981b208a53a9%22:%91%22header_text_color%22%93}&#8221;]<\/p>\n<h1>Scopri anche:<\/h1>\n<p>[\/et_pb_text][\/et_pb_column][\/et_pb_row][et_pb_row column_structure=&#8221;1_2,1_2&#8243; use_custom_gutter=&#8221;on&#8221; gutter_width=&#8221;3&#8243; module_class=&#8221;consorzio_saprate_section consorzio_vini_abbinare_page&#8221; _builder_version=&#8221;4.27.6&#8243; _module_preset=&#8221;default&#8221; transform_scale=&#8221;94%|94%&#8221; max_width=&#8221;90%&#8221; custom_padding=&#8221;0px||50px|||&#8221; global_colors_info=&#8221;{}&#8221;][et_pb_column type=&#8221;1_2&#8243; _builder_version=&#8221;4.27.6&#8243; _module_preset=&#8221;default&#8221; link_option_url=&#8221;\/it-it\/larte-della-produzione\/il-prodotto-iconico\/le-proprieta\/grana-padano-naturalmente-privo-di-lattosio\/&#8221; custom_css_free_form=&#8221;    .et_pb_gutters3 .et_pb_column_1_2, .et_pb_gutters3.et_pb_row .et_pb_column_1_2 {||    border-radius: 0px 0px 0px 0px !important; background-color: #F9F1E4 !important;||}&#8221; global_colors_info=&#8221;{}&#8221;][et_pb_image title_text=&#8221;Privo-di-lattosio&#8221; align=&#8221;center&#8221; _builder_version=&#8221;4.20.2&#8243; _module_preset=&#8221;default&#8221; background_color=&#8221;RGBA(255,255,255,0)&#8221; background_image=&#8221;https:\/\/www.granapadano.it\/wp-content\/uploads\/2023\/03\/Privo-di-lattosio.jpg&#8221; min_height=&#8221;89px&#8221; custom_padding=&#8221;209px|0px||2px|false|false&#8221; global_colors_info=&#8221;{}&#8221;][\/et_pb_image][et_pb_text _builder_version=&#8221;4.20.2&#8243; _module_preset=&#8221;default&#8221; header_3_font=&#8221;Merriweather|700|||||||&#8221; header_3_text_color=&#8221;#0f0f0f&#8221; header_3_font_size=&#8221;23px&#8221; header_3_line_height=&#8221;31px&#8221; locked=&#8221;off&#8221; global_colors_info=&#8221;{}&#8221;]<\/p>\n<h3>Grana Padano naturalmente privo di lattosio<\/h3>\n<p>[\/et_pb_text][et_pb_text _builder_version=&#8221;4.20.2&#8243; _module_preset=&#8221;default&#8221; text_text_color=&#8221;#0f0f0f&#8221; text_font_size=&#8221;18px&#8221; text_line_height=&#8221;26px&#8221; locked=&#8221;off&#8221; global_colors_info=&#8221;{}&#8221;]Naturalmente privo di lattosio come conseguenza del naturale processo di produzione del Grana Padano DOP.[\/et_pb_text][et_pb_image src=&#8221;https:\/\/www.granapadano.it\/wp-content\/uploads\/2022\/11\/Path-20171.png&#8221; title_text=&#8221;Path 20171&#8243; url=&#8221;https:\/\/www.granapadano.it\/la-forma-del-benessere\/proprieta-nutrizionali\/grana-padano-naturalmente-privo-di-lattosio\/&#8221; align=&#8221;right&#8221; _builder_version=&#8221;4.27.6&#8243; _module_preset=&#8221;default&#8221; locked=&#8221;off&#8221; global_colors_info=&#8221;{}&#8221;][\/et_pb_image][\/et_pb_column][et_pb_column type=&#8221;1_2&#8243; _builder_version=&#8221;4.20.2&#8243; _module_preset=&#8221;default&#8221; link_option_url=&#8221;\/it-it\/larte-della-produzione\/il-prodotto-iconico\/le-proprieta\/tabella-valori-nutrizionali-del-grana-padano\/&#8221; global_colors_info=&#8221;{}&#8221;][et_pb_image title_text=&#8221;A Cow grazing in a field&#8221; align=&#8221;center&#8221; _builder_version=&#8221;4.20.2&#8243; _module_preset=&#8221;default&#8221; background_color=&#8221;RGBA(255,255,255,0)&#8221; background_image=&#8221;https:\/\/www.granapadano.it\/wp-content\/uploads\/2023\/03\/Tabella-nutrizionale.jpg&#8221; min_height=&#8221;89px&#8221; custom_padding=&#8221;209px|0px||2px|false|false&#8221; global_colors_info=&#8221;{}&#8221;][\/et_pb_image][et_pb_text _builder_version=&#8221;4.20.2&#8243; _module_preset=&#8221;default&#8221; header_3_font=&#8221;Merriweather|700|||||||&#8221; header_3_text_color=&#8221;#0f0f0f&#8221; header_3_font_size=&#8221;23px&#8221; header_3_line_height=&#8221;31px&#8221; locked=&#8221;off&#8221; global_colors_info=&#8221;{}&#8221;]<\/p>\n<h3>Tabella nutrizionale del Grana Padano<\/h3>\n<p>[\/et_pb_text][et_pb_text _builder_version=&#8221;4.20.2&#8243; _module_preset=&#8221;default&#8221; text_text_color=&#8221;#0f0f0f&#8221; text_font_size=&#8221;18px&#8221; text_line_height=&#8221;26px&#8221; locked=&#8221;off&#8221; global_colors_info=&#8221;{}&#8221;]100 grammi di Grana Padano hanno un valore nutrizionale di 398 calorie&#8230;.[\/et_pb_text][et_pb_image src=&#8221;https:\/\/www.granapadano.it\/wp-content\/uploads\/2022\/11\/Path-20171.png&#8221; title_text=&#8221;Path 20171&#8243; url=&#8221;https:\/\/www.granapadano.it\/la-forma-del-benessere\/proprieta-nutrizionali\/tabella-valori-nutrizionali-del-grana-padano\/%20&#8243; align=&#8221;right&#8221; _builder_version=&#8221;4.27.6&#8243; _module_preset=&#8221;default&#8221; locked=&#8221;off&#8221; global_colors_info=&#8221;{}&#8221;][\/et_pb_image][\/et_pb_column][\/et_pb_row][\/et_pb_section]<\/p>\n","protected":false},"excerpt":{"rendered":"<p><div class=\"breadcrumb\"><a href=\"https:\/\/www.granapadano.it\/it-it\/\">Home<\/a>  <  <\/div>I valori nutrizionali e le calorie del Grana Padano DOP sono stabili nel tempo, grazie a un Disciplinare che ne garantisce la qualit\u00e0.Il Grana Padano DOP \u00e8 un concentrato di latte perch\u00e9 per farne 100 grammi occorrono 1,5 litri di latte fresco proveniente dalla Pianura Padana. La lavorazione e la stagionatura del formaggio consentono la [&hellip;]<\/p>\n","protected":false},"author":12,"featured_media":0,"parent":7804,"menu_order":878,"comment_status":"closed","ping_status":"closed","template":"","meta":{"_acf_changed":false,"_et_pb_use_builder":"on","_et_pb_old_content":"","_et_gb_content_width":"","footnotes":""},"class_list":["post-96563","page","type-page","status-publish","hentry"],"acf":[],"yoast_head":"<!-- This site is optimized with the Yoast SEO plugin v27.4 - https:\/\/yoast.com\/product\/yoast-seo-wordpress\/ -->\n<title>Valori nutrizionali e calorie del Grana Padano - Grana Padano<\/title>\n<meta name=\"robots\" content=\"index, follow, max-snippet:-1, max-image-preview:large, max-video-preview:-1\" \/>\n<link rel=\"canonical\" href=\"https:\/\/www.granapadano.it\/it-it\/la-forma-del-benessere\/proprieta-nutrizionali\/valori-nutrizionali-e-calorie-del-grana-padano\/\" \/>\n<meta property=\"og:locale\" content=\"it_IT\" \/>\n<meta property=\"og:type\" content=\"article\" \/>\n<meta property=\"og:title\" content=\"Valori nutrizionali e calorie del Grana Padano - Grana Padano\" \/>\n<meta property=\"og:description\" content=\"I valori nutrizionali e le calorie del Grana Padano DOP sono stabili nel tempo, grazie a un Disciplinare che ne garantisce la qualit\u00e0.Il Grana Padano DOP \u00e8 un concentrato di latte perch\u00e9 per farne 100 grammi occorrono 1,5 litri di latte fresco proveniente dalla Pianura Padana. La lavorazione e la stagionatura del formaggio consentono la [&hellip;]\" \/>\n<meta property=\"og:url\" content=\"https:\/\/www.granapadano.it\/it-it\/la-forma-del-benessere\/proprieta-nutrizionali\/valori-nutrizionali-e-calorie-del-grana-padano\/\" \/>\n<meta property=\"og:site_name\" content=\"Grana Padano\" \/>\n<meta property=\"article:modified_time\" content=\"2026-04-01T13:45:46+00:00\" \/>\n<meta name=\"twitter:card\" content=\"summary_large_image\" \/>\n<meta name=\"twitter:label1\" content=\"Est. reading time\" \/>\n\t<meta name=\"twitter:data1\" content=\"9 minutes\" \/>\n<script type=\"application\/ld+json\" class=\"yoast-schema-graph\">{\"@context\":\"https:\\\/\\\/schema.org\",\"@graph\":[{\"@type\":\"WebPage\",\"@id\":\"https:\\\/\\\/www.granapadano.it\\\/it-it\\\/la-forma-del-benessere\\\/proprieta-nutrizionali\\\/valori-nutrizionali-e-calorie-del-grana-padano\\\/\",\"url\":\"https:\\\/\\\/www.granapadano.it\\\/it-it\\\/la-forma-del-benessere\\\/proprieta-nutrizionali\\\/valori-nutrizionali-e-calorie-del-grana-padano\\\/\",\"name\":\"Valori nutrizionali e calorie del Grana Padano - Grana Padano\",\"isPartOf\":{\"@id\":\"https:\\\/\\\/www.granapadano.it\\\/it-it\\\/#website\"},\"datePublished\":\"2023-05-11T09:05:44+00:00\",\"dateModified\":\"2026-04-01T13:45:46+00:00\",\"breadcrumb\":{\"@id\":\"https:\\\/\\\/www.granapadano.it\\\/it-it\\\/la-forma-del-benessere\\\/proprieta-nutrizionali\\\/valori-nutrizionali-e-calorie-del-grana-padano\\\/#breadcrumb\"},\"inLanguage\":\"it-it\",\"potentialAction\":[{\"@type\":\"ReadAction\",\"target\":[\"https:\\\/\\\/www.granapadano.it\\\/it-it\\\/la-forma-del-benessere\\\/proprieta-nutrizionali\\\/valori-nutrizionali-e-calorie-del-grana-padano\\\/\"]}]},{\"@type\":\"BreadcrumbList\",\"@id\":\"https:\\\/\\\/www.granapadano.it\\\/it-it\\\/la-forma-del-benessere\\\/proprieta-nutrizionali\\\/valori-nutrizionali-e-calorie-del-grana-padano\\\/#breadcrumb\",\"itemListElement\":[{\"@type\":\"ListItem\",\"position\":1,\"name\":\"Home\",\"item\":\"https:\\\/\\\/www.granapadano.it\\\/it-it\\\/\"},{\"@type\":\"ListItem\",\"position\":2,\"name\":\"La forma del benessere\",\"item\":\"https:\\\/\\\/www.granapadano.it\\\/it-it\\\/la-forma-del-benessere\\\/\"},{\"@type\":\"ListItem\",\"position\":3,\"name\":\"Propriet\u00e0 nutrizionali\",\"item\":\"https:\\\/\\\/www.granapadano.it\\\/it-it\\\/la-forma-del-benessere\\\/proprieta-nutrizionali\\\/\"},{\"@type\":\"ListItem\",\"position\":4,\"name\":\"Valori nutrizionali e calorie del Grana Padano\"}]},{\"@type\":\"WebSite\",\"@id\":\"https:\\\/\\\/www.granapadano.it\\\/it-it\\\/#website\",\"url\":\"https:\\\/\\\/www.granapadano.it\\\/it-it\\\/\",\"name\":\"Grana Padano\",\"description\":\"\",\"potentialAction\":[{\"@type\":\"SearchAction\",\"target\":{\"@type\":\"EntryPoint\",\"urlTemplate\":\"https:\\\/\\\/www.granapadano.it\\\/it-it\\\/?s={search_term_string}\"},\"query-input\":{\"@type\":\"PropertyValueSpecification\",\"valueRequired\":true,\"valueName\":\"search_term_string\"}}],\"inLanguage\":\"it-it\"}]}<\/script>\n<!-- \/ Yoast SEO plugin. -->","yoast_head_json":{"title":"Valori nutrizionali e calorie del Grana Padano - Grana Padano","robots":{"index":"index","follow":"follow","max-snippet":"max-snippet:-1","max-image-preview":"max-image-preview:large","max-video-preview":"max-video-preview:-1"},"canonical":"https:\/\/www.granapadano.it\/it-it\/la-forma-del-benessere\/proprieta-nutrizionali\/valori-nutrizionali-e-calorie-del-grana-padano\/","og_locale":"it_IT","og_type":"article","og_title":"Valori nutrizionali e calorie del Grana Padano - Grana Padano","og_description":"I valori nutrizionali e le calorie del Grana Padano DOP sono stabili nel tempo, grazie a un Disciplinare che ne garantisce la qualit\u00e0.Il Grana Padano DOP \u00e8 un concentrato di latte perch\u00e9 per farne 100 grammi occorrono 1,5 litri di latte fresco proveniente dalla Pianura Padana. La lavorazione e la stagionatura del formaggio consentono la [&hellip;]","og_url":"https:\/\/www.granapadano.it\/it-it\/la-forma-del-benessere\/proprieta-nutrizionali\/valori-nutrizionali-e-calorie-del-grana-padano\/","og_site_name":"Grana Padano","article_modified_time":"2026-04-01T13:45:46+00:00","twitter_card":"summary_large_image","twitter_misc":{"Est. reading time":"9 minutes"},"schema":{"@context":"https:\/\/schema.org","@graph":[{"@type":"WebPage","@id":"https:\/\/www.granapadano.it\/it-it\/la-forma-del-benessere\/proprieta-nutrizionali\/valori-nutrizionali-e-calorie-del-grana-padano\/","url":"https:\/\/www.granapadano.it\/it-it\/la-forma-del-benessere\/proprieta-nutrizionali\/valori-nutrizionali-e-calorie-del-grana-padano\/","name":"Valori nutrizionali e calorie del Grana Padano - Grana Padano","isPartOf":{"@id":"https:\/\/www.granapadano.it\/it-it\/#website"},"datePublished":"2023-05-11T09:05:44+00:00","dateModified":"2026-04-01T13:45:46+00:00","breadcrumb":{"@id":"https:\/\/www.granapadano.it\/it-it\/la-forma-del-benessere\/proprieta-nutrizionali\/valori-nutrizionali-e-calorie-del-grana-padano\/#breadcrumb"},"inLanguage":"it-it","potentialAction":[{"@type":"ReadAction","target":["https:\/\/www.granapadano.it\/it-it\/la-forma-del-benessere\/proprieta-nutrizionali\/valori-nutrizionali-e-calorie-del-grana-padano\/"]}]},{"@type":"BreadcrumbList","@id":"https:\/\/www.granapadano.it\/it-it\/la-forma-del-benessere\/proprieta-nutrizionali\/valori-nutrizionali-e-calorie-del-grana-padano\/#breadcrumb","itemListElement":[{"@type":"ListItem","position":1,"name":"Home","item":"https:\/\/www.granapadano.it\/it-it\/"},{"@type":"ListItem","position":2,"name":"La forma del benessere","item":"https:\/\/www.granapadano.it\/it-it\/la-forma-del-benessere\/"},{"@type":"ListItem","position":3,"name":"Propriet\u00e0 nutrizionali","item":"https:\/\/www.granapadano.it\/it-it\/la-forma-del-benessere\/proprieta-nutrizionali\/"},{"@type":"ListItem","position":4,"name":"Valori nutrizionali e calorie del Grana Padano"}]},{"@type":"WebSite","@id":"https:\/\/www.granapadano.it\/it-it\/#website","url":"https:\/\/www.granapadano.it\/it-it\/","name":"Grana Padano","description":"","potentialAction":[{"@type":"SearchAction","target":{"@type":"EntryPoint","urlTemplate":"https:\/\/www.granapadano.it\/it-it\/?s={search_term_string}"},"query-input":{"@type":"PropertyValueSpecification","valueRequired":true,"valueName":"search_term_string"}}],"inLanguage":"it-it"}]}},"_links":{"self":[{"href":"https:\/\/www.granapadano.it\/it-it\/wp-json\/wp\/v2\/pages\/96563","targetHints":{"allow":["GET"]}}],"collection":[{"href":"https:\/\/www.granapadano.it\/it-it\/wp-json\/wp\/v2\/pages"}],"about":[{"href":"https:\/\/www.granapadano.it\/it-it\/wp-json\/wp\/v2\/types\/page"}],"author":[{"embeddable":true,"href":"https:\/\/www.granapadano.it\/it-it\/wp-json\/wp\/v2\/users\/12"}],"replies":[{"embeddable":true,"href":"https:\/\/www.granapadano.it\/it-it\/wp-json\/wp\/v2\/comments?post=96563"}],"version-history":[{"count":17,"href":"https:\/\/www.granapadano.it\/it-it\/wp-json\/wp\/v2\/pages\/96563\/revisions"}],"predecessor-version":[{"id":153794,"href":"https:\/\/www.granapadano.it\/it-it\/wp-json\/wp\/v2\/pages\/96563\/revisions\/153794"}],"up":[{"embeddable":true,"href":"https:\/\/www.granapadano.it\/it-it\/wp-json\/wp\/v2\/pages\/7804"}],"wp:attachment":[{"href":"https:\/\/www.granapadano.it\/it-it\/wp-json\/wp\/v2\/media?parent=96563"}],"curies":[{"name":"wp","href":"https:\/\/api.w.org\/{rel}","templated":true}]}}