{"id":7804,"date":"2023-01-27T11:09:49","date_gmt":"2023-01-27T11:09:49","guid":{"rendered":"https:\/\/www.granapadano.it\/larte-della-produzione\/il-prodotto-iconico\/come-si-produce-il-formaggio-grana-padano-copy\/"},"modified":"2026-03-27T15:06:00","modified_gmt":"2026-03-27T15:06:00","slug":"proprieta-nutrizionali","status":"publish","type":"page","link":"https:\/\/www.granapadano.it\/it-it\/la-forma-del-benessere\/proprieta-nutrizionali\/","title":{"rendered":"Propriet\u00e0 nutrizionali"},"content":{"rendered":"<p>[et_pb_section fb_built=&#8221;1&#8243; fullwidth=&#8221;on&#8221; _builder_version=&#8221;4.19.0&#8243; _module_preset=&#8221;default&#8221; global_colors_info=&#8221;{}&#8221;][et_pb_fullwidth_image src=&#8221;https:\/\/www.granapadano.it\/wp-content\/uploads\/2026\/03\/GP-Header_2.png&#8221; title_text=&#8221;GP-Header_2&#8243; src_tablet=&#8221;https:\/\/www.granapadano.it\/wp-content\/uploads\/2023\/02\/Le-proprieta-h.jpg&#8221; src_phone=&#8221;https:\/\/www.granapadano.it\/wp-content\/uploads\/2023\/02\/Le-proprieta-m.jpg&#8221; src_last_edited=&#8221;on|phone&#8221; _builder_version=&#8221;4.27.6&#8243; _module_preset=&#8221;default&#8221; global_colors_info=&#8221;{}&#8221;][\/et_pb_fullwidth_image][\/et_pb_section][et_pb_section fb_built=&#8221;1&#8243; module_class=&#8221;production_sub_hub_main_wrapper&#8221; _builder_version=&#8221;4.19.3&#8243; _module_preset=&#8221;default&#8221; custom_padding=&#8221;13px||0px|||&#8221; global_colors_info=&#8221;{}&#8221;][et_pb_row module_class=&#8221;recipe_filter_section&#8221; _builder_version=&#8221;4.19.4&#8243; _module_preset=&#8221;default&#8221; max_width=&#8221;90%&#8221; custom_padding=&#8221;||7px|||&#8221; global_colors_info=&#8221;{}&#8221;][et_pb_column type=&#8221;4_4&#8243; _builder_version=&#8221;4.19.4&#8243; _module_preset=&#8221;default&#8221; global_colors_info=&#8221;{}&#8221;][et_pb_code _builder_version=&#8221;4.19.4&#8243; _module_preset=&#8221;default&#8221; global_colors_info=&#8221;{}&#8221;]<div class=\"breadcrumb\"><a href=\"https:\/\/www.granapadano.it\/it-it\/\">Home<\/a>  <  <\/div>[\/et_pb_code][\/et_pb_column][\/et_pb_row][\/et_pb_section][et_pb_section fb_built=&#8221;1&#8243; _builder_version=&#8221;4.27.6&#8243; _module_preset=&#8221;default&#8221; custom_padding=&#8221;50px|||||&#8221; global_colors_info=&#8221;{}&#8221;][et_pb_row column_structure=&#8221;1_3,2_3&#8243; _builder_version=&#8221;4.27.6&#8243; _module_preset=&#8221;default&#8221; max_width=&#8221;90%&#8221; min_height=&#8221;55.9px&#8221; custom_padding=&#8221;7px||0px|||&#8221; global_colors_info=&#8221;{}&#8221;][et_pb_column type=&#8221;1_3&#8243; _builder_version=&#8221;4.19.4&#8243; _module_preset=&#8221;default&#8221; global_colors_info=&#8221;{}&#8221;][et_pb_text _builder_version=&#8221;4.27.6&#8243; _module_preset=&#8221;default&#8221; text_font=&#8221;Merriweather|700|||||||&#8221; text_text_color=&#8221;#0f0f0f&#8221; text_font_size=&#8221;44px&#8221; text_line_height=&#8221;62px&#8221; header_text_color=&#8221;gcid-8696fd7e-29dd-4028-9d4d-981b208a53a9&#8243; header_font_size=&#8221;45px&#8221; header_line_height=&#8221;52px&#8221; text_orientation=&#8221;center&#8221; custom_margin=&#8221;0px||7px|40px|false|false&#8221; global_colors_info=&#8221;{%22gcid-8696fd7e-29dd-4028-9d4d-981b208a53a9%22:%91%22header_text_color%22%93}&#8221;]<\/p>\n<h1 style=\"text-align: left;\">Le propriet\u00e0 nutrizionali di Grana Padano<\/h1>\n<p>[\/et_pb_text][\/et_pb_column][et_pb_column type=&#8221;2_3&#8243; _builder_version=&#8221;4.19.4&#8243; _module_preset=&#8221;default&#8221; global_colors_info=&#8221;{}&#8221;][et_pb_text _builder_version=&#8221;4.27.6&#8243; _module_preset=&#8221;default&#8221; text_font=&#8221;||||||||&#8221; text_text_color=&#8221;#0f0f0f&#8221; text_font_size=&#8221;16px&#8221; text_line_height=&#8221;26px&#8221; custom_padding=&#8221;||50px||false|false&#8221; locked=&#8221;off&#8221; global_colors_info=&#8221;{}&#8221;]<\/p>\n<p style=\"text-align: left;\">Il Grana Padano \u00e8 un formaggio naturalmente ricco di nutrienti essenziali, frutto di ingredienti genuini, di una lavorazione tradizionale e di una lunga stagionatura. Grazie all\u2019elevata concentrazione di proteine ad alto valore biologico, vitamine e minerali come calcio e fosforo, rappresenta un alimento prezioso all\u2019interno di una dieta equilibrata: un gusto inconfondibile che unisce tradizione e benessere nutrizionale.<\/p>\n<p>[\/et_pb_text][\/et_pb_column][\/et_pb_row][\/et_pb_section][et_pb_section fb_built=&#8221;1&#8243; _builder_version=&#8221;4.19.5&#8243; _module_preset=&#8221;default&#8221; custom_padding=&#8221;0px||5px|||&#8221; locked=&#8221;off&#8221; global_colors_info=&#8221;{}&#8221;][et_pb_row column_structure=&#8221;1_3,1_3,1_3&#8243; use_custom_gutter=&#8221;on&#8221; gutter_width=&#8221;3&#8243; module_class=&#8221;consorzio_saprate_section consorzio_vini_abbinare_page&#8221; _builder_version=&#8221;4.27.6&#8243; _module_preset=&#8221;default&#8221; transform_scale=&#8221;94%|94%&#8221; max_width=&#8221;90%&#8221; custom_padding=&#8221;0px||50px|||&#8221; global_colors_info=&#8221;{}&#8221;][et_pb_column type=&#8221;1_3&#8243; _builder_version=&#8221;4.27.6&#8243; _module_preset=&#8221;default&#8221; link_option_url=&#8221;\/it-it\/larte-della-produzione\/il-prodotto-iconico\/le-proprieta\/valori-nutrizionali-e-calorie-del-grana-padano\/&#8221; custom_css_free_form=&#8221;.et_pb_gutters3 .et_pb_column_1_3, .et_pb_gutters3.et_pb_row .et_pb_column_1_3 {||    border-radius: 0px 0px 0px 0px !important }||.et_pb_gutters3 .et_pb_column_1_3, .et_pb_gutters3.et_pb_row .et_pb_column_1_3 {  background-color: #F9F1E4 !important;||}&#8221; global_colors_info=&#8221;{}&#8221;][et_pb_image title_text=&#8221;A Cow grazing in a field&#8221; align=&#8221;center&#8221; _builder_version=&#8221;4.20.2&#8243; _module_preset=&#8221;default&#8221; background_color=&#8221;RGBA(255,255,255,0)&#8221; background_image=&#8221;https:\/\/www.granapadano.it\/wp-content\/uploads\/2023\/03\/Valori-nutrizionali.jpg&#8221; min_height=&#8221;89px&#8221; custom_padding=&#8221;209px|0px||2px|false|false&#8221; global_colors_info=&#8221;{}&#8221;][\/et_pb_image][et_pb_text _builder_version=&#8221;4.19.5&#8243; _module_preset=&#8221;default&#8221; header_3_font=&#8221;Merriweather|700|||||||&#8221; header_3_text_color=&#8221;#0f0f0f&#8221; header_3_font_size=&#8221;23px&#8221; header_3_line_height=&#8221;31px&#8221; global_colors_info=&#8221;{}&#8221;]<\/p>\n<h3>Valori nutrizionali e calorie del Grana Padano<\/h3>\n<p>[\/et_pb_text][et_pb_text _builder_version=&#8221;4.19.5&#8243; _module_preset=&#8221;default&#8221; text_text_color=&#8221;#0f0f0f&#8221; text_font_size=&#8221;18px&#8221; text_line_height=&#8221;26px&#8221; global_colors_info=&#8221;{}&#8221;]Il Grana Padano DOP \u00e8 un concentrato di latte perch\u00e9 per farne 100 grammi occorrono 1,5 litri di latte fresco. Scopri i valori nutrizionali[\/et_pb_text][et_pb_image src=&#8221;https:\/\/www.granapadano.it\/wp-content\/uploads\/2022\/11\/Path-20171.png&#8221; title_text=&#8221;Path 20171&#8243; url=&#8221;https:\/\/www.granapadano.it\/la-forma-del-benessere\/proprieta-nutrizionali\/valori-nutrizionali-e-calorie-del-grana-padano\/%20&#8243; align=&#8221;right&#8221; _builder_version=&#8221;4.27.6&#8243; _module_preset=&#8221;default&#8221; global_colors_info=&#8221;{}&#8221;][\/et_pb_image][\/et_pb_column][et_pb_column type=&#8221;1_3&#8243; _builder_version=&#8221;4.20.2&#8243; _module_preset=&#8221;default&#8221; link_option_url=&#8221;\/it-it\/larte-della-produzione\/il-prodotto-iconico\/le-proprieta\/grana-padano-naturalmente-privo-di-lattosio\/&#8221; global_colors_info=&#8221;{}&#8221;][et_pb_image title_text=&#8221;Privo-di-lattosio&#8221; align=&#8221;center&#8221; _builder_version=&#8221;4.20.2&#8243; _module_preset=&#8221;default&#8221; background_color=&#8221;RGBA(255,255,255,0)&#8221; background_image=&#8221;https:\/\/www.granapadano.it\/wp-content\/uploads\/2023\/03\/Privo-di-lattosio.jpg&#8221; min_height=&#8221;89px&#8221; custom_padding=&#8221;209px|0px||2px|false|false&#8221; global_colors_info=&#8221;{}&#8221;][\/et_pb_image][et_pb_text _builder_version=&#8221;4.20.2&#8243; _module_preset=&#8221;default&#8221; header_3_font=&#8221;Merriweather|700|||||||&#8221; header_3_text_color=&#8221;#0f0f0f&#8221; header_3_font_size=&#8221;23px&#8221; header_3_line_height=&#8221;31px&#8221; locked=&#8221;off&#8221; global_colors_info=&#8221;{}&#8221;]<\/p>\n<h3>Grana Padano naturalmente privo di lattosio<\/h3>\n<p>[\/et_pb_text][et_pb_text _builder_version=&#8221;4.20.2&#8243; _module_preset=&#8221;default&#8221; text_text_color=&#8221;#0f0f0f&#8221; text_font_size=&#8221;18px&#8221; text_line_height=&#8221;26px&#8221; locked=&#8221;off&#8221; global_colors_info=&#8221;{}&#8221;]Naturalmente privo di lattosio come conseguenza del naturale processo di produzione del Grana Padano DOP.[\/et_pb_text][et_pb_image src=&#8221;https:\/\/www.granapadano.it\/wp-content\/uploads\/2022\/11\/Path-20171.png&#8221; title_text=&#8221;Path 20171&#8243; url=&#8221;https:\/\/www.granapadano.it\/la-forma-del-benessere\/proprieta-nutrizionali\/grana-padano-naturalmente-privo-di-lattosio\/&#8221; align=&#8221;right&#8221; _builder_version=&#8221;4.27.6&#8243; _module_preset=&#8221;default&#8221; locked=&#8221;off&#8221; global_colors_info=&#8221;{}&#8221;][\/et_pb_image][\/et_pb_column][et_pb_column type=&#8221;1_3&#8243; _builder_version=&#8221;4.20.2&#8243; _module_preset=&#8221;default&#8221; link_option_url=&#8221;\/it-it\/larte-della-produzione\/il-prodotto-iconico\/le-proprieta\/tabella-valori-nutrizionali-del-grana-padano\/&#8221; global_colors_info=&#8221;{}&#8221;][et_pb_image title_text=&#8221;A Cow grazing in a field&#8221; align=&#8221;center&#8221; _builder_version=&#8221;4.20.2&#8243; _module_preset=&#8221;default&#8221; background_color=&#8221;RGBA(255,255,255,0)&#8221; background_image=&#8221;https:\/\/www.granapadano.it\/wp-content\/uploads\/2023\/03\/Tabella-nutrizionale.jpg&#8221; min_height=&#8221;89px&#8221; custom_padding=&#8221;209px|0px||2px|false|false&#8221; global_colors_info=&#8221;{}&#8221;][\/et_pb_image][et_pb_text _builder_version=&#8221;4.20.2&#8243; _module_preset=&#8221;default&#8221; header_3_font=&#8221;Merriweather|700|||||||&#8221; header_3_text_color=&#8221;#0f0f0f&#8221; header_3_font_size=&#8221;23px&#8221; header_3_line_height=&#8221;31px&#8221; locked=&#8221;off&#8221; global_colors_info=&#8221;{}&#8221;]<\/p>\n<h3>Tabella nutrizionale del Grana Padano<\/h3>\n<p>[\/et_pb_text][et_pb_text _builder_version=&#8221;4.20.2&#8243; _module_preset=&#8221;default&#8221; text_text_color=&#8221;#0f0f0f&#8221; text_font_size=&#8221;18px&#8221; text_line_height=&#8221;26px&#8221; locked=&#8221;off&#8221; global_colors_info=&#8221;{}&#8221;]100 grammi di Grana Padano hanno un valore nutrizionale di 398 calorie&#8230;.[\/et_pb_text][et_pb_image src=&#8221;https:\/\/www.granapadano.it\/wp-content\/uploads\/2022\/11\/Path-20171.png&#8221; title_text=&#8221;Path 20171&#8243; url=&#8221;https:\/\/www.granapadano.it\/la-forma-del-benessere\/proprieta-nutrizionali\/tabella-valori-nutrizionali-del-grana-padano\/%20&#8243; align=&#8221;right&#8221; _builder_version=&#8221;4.27.6&#8243; _module_preset=&#8221;default&#8221; locked=&#8221;off&#8221; global_colors_info=&#8221;{}&#8221;][\/et_pb_image][\/et_pb_column][\/et_pb_row][\/et_pb_section][et_pb_section fb_built=&#8221;1&#8243; _builder_version=&#8221;4.27.6&#8243; _module_preset=&#8221;default&#8221; locked=&#8221;off&#8221; global_colors_info=&#8221;{}&#8221;][et_pb_row use_custom_gutter=&#8221;on&#8221; gutter_width=&#8221;3&#8243; _builder_version=&#8221;4.27.6&#8243; _module_preset=&#8221;default&#8221; custom_margin=&#8221;||40px||false|false&#8221; custom_padding=&#8221;0px||||false|false&#8221; global_colors_info=&#8221;{}&#8221;][et_pb_column type=&#8221;4_4&#8243; _builder_version=&#8221;4.27.6&#8243; _module_preset=&#8221;default&#8221; global_colors_info=&#8221;{}&#8221;][et_pb_text _builder_version=&#8221;4.27.6&#8243; _module_preset=&#8221;default&#8221; text_font=&#8221;Merriweather|700|||||||&#8221; text_text_color=&#8221;#0f0f0f&#8221; text_font_size=&#8221;44px&#8221; text_line_height=&#8221;62px&#8221; header_text_color=&#8221;gcid-8696fd7e-29dd-4028-9d4d-981b208a53a9&#8243; header_font_size=&#8221;44px&#8221; header_line_height=&#8221;52px&#8221; header_2_text_align=&#8221;left&#8221; header_2_font_size=&#8221;35px&#8221; text_orientation=&#8221;center&#8221; custom_margin=&#8221;0px||10px||false|false&#8221; global_colors_info=&#8221;{%22gcid-8696fd7e-29dd-4028-9d4d-981b208a53a9%22:%91%22header_text_color%22%93}&#8221;]<\/p>\n<h2 style=\"text-align: center;\">Focus sui macronutrienti<\/h2>\n<p>[\/et_pb_text][et_pb_accordion open_toggle_text_color=&#8221;#44392b&#8221; closed_toggle_background_color=&#8221;RGBA(255,255,255,0)&#8221; toggle_icon=&#8221;&#x33;||divi||400&#8243; icon_color=&#8221;gcid-46a7fd9b-e7e5-4c0a-b621-f5f3bcee3ed6&#8243; use_icon_font_size=&#8221;on&#8221; icon_font_size=&#8221;24px&#8221; module_class=&#8221;gp-new-faqs&#8221; _builder_version=&#8221;4.27.6&#8243; _module_preset=&#8221;default&#8221; toggle_text_color=&#8221;#876346&#8243; toggle_level=&#8221;h4&#8243; toggle_font=&#8221;&#8211;et_global_heading_font||||||||&#8221; body_font=&#8221;&#8211;et_global_heading_font||||||||&#8221; body_text_color=&#8221;#201d19&#8243; text_orientation=&#8221;left&#8221; border_width_top=&#8221;0px&#8221; border_color_right=&#8221;RGBA(255,255,255,0)&#8221; border_color_bottom=&#8221;gcid-46a7fd9b-e7e5-4c0a-b621-f5f3bcee3ed6&#8243; border_width_left=&#8221;0px&#8221; global_colors_info=&#8221;{%22gcid-46a7fd9b-e7e5-4c0a-b621-f5f3bcee3ed6%22:%91%22border_color_bottom%22,%22icon_color%22%93}&#8221; custom_padding__hover_enabled=&#8221;off|desktop&#8221; closed_toggle_background_color__hover_enabled=&#8221;on|hover&#8221; closed_toggle_background_color__hover=&#8221;RGBA(255,255,255,0)&#8221; toggle_icon__hover_enabled=&#8221;off|desktop&#8221; toggle_icon__hover=&#8221;2||divi||400&#8243;][et_pb_accordion_item title=&#8221;Proteine&#8221; open=&#8221;on&#8221; _builder_version=&#8221;4.27.6&#8243; _module_preset=&#8221;default&#8221; background_color=&#8221;RGBA(255,255,255,0)&#8221; background_enable_color=&#8221;on&#8221; global_colors_info=&#8221;{}&#8221;]<\/p>\n<p>In 50 g di Grana Padano DOP ci sono mediamente 16 g di proteine (33%), in gran parte ad alto valore biologico. Il valore biologico di una proteina identifica la sua capacit\u00e0 di soddisfare le necessit\u00e0 metaboliche dell\u2019organismo per aminoacidi totali ed essenziali. Semplificando, nel Grana Padano DOP sono presenti in maggior quantit\u00e0 le proteine ad alto valore biologico, nei legumi quelle a medio valore biologico e nei cereali quelle a basso valore biologico. La qualit\u00e0 proteica varia in funzione della digeribilit\u00e0 della proteina (% quantit\u00e0 digerita e quantitativo di aminoacidi assorbiti nel tratto gastrointestinale) e della sua composizione in aminoacidi essenziali, chiamati cos\u00ec perch\u00e9 il nostro organismo non pu\u00f2 sintetizzarli da solo e si possono assumere solamente dagli alimenti.<br \/>Il Grana Padano DOP contiene tutti e 9 gli aminoacidi essenziali, dei quali il 20% \u00e8 rappresentato da aminoacidi ramificati. Isoleucina, leucina e valina sono importanti perch\u00e9 vengono captate direttamente dai muscoli senza passare per il fegato, dove possono essere utilizzate per riparare le strutture proteiche danneggiate o per produrre energia immediata, fattore importante soprattutto per l\u2019alimentazione degli sportivi. La leucina, inoltre, favorisce il mantenimento della massa magra e l\u2019aumento della sensazione di saziet\u00e0, due elementi importanti per chi deve dimagrire e segue una dieta ipocalorica. Grazie al processo di stagionatura, le proteine del Grana Padano DOP sono maggiormente digeribili rispetto a quelle di altri alimenti di origine animale.<\/p>\n<p>[\/et_pb_accordion_item][et_pb_accordion_item title=&#8221;Grassi&#8221; _builder_version=&#8221;4.27.6&#8243; _module_preset=&#8221;default&#8221; global_colors_info=&#8221;{}&#8221; open=&#8221;off&#8221;]<\/p>\n<p>All\u2019inizio della lavorazione del Grana Padano DOP, il latte intero utilizzato viene parzialmente decremato per affioramento naturale. Durante questa fase, il latte perde poco meno del 50% dei grassi presenti al suo interno. Grazie quindi alla scrematura, in 100 grammi di formaggio sono mediamente presenti 29 g di lipidi, dei quali il 68% \u00e8 rappresentato da grassi saturi, ma ci sono anche \u201cgrassi buoni\u201d: il 28% \u00e8 rappresentato da grassi monoinsaturi (gli stessi presenti nell\u2019olio di oliva) e il 4% da grassi polinsaturi (presenti nel pesce, nelle noci e nella frutta secca). Tra i saturi, l\u201911% \u00e8 costituito da \u201csaturi a corta catena\u201d, cio\u00e8 simili ai cosiddetti \u201cgrassi buoni\u201d. La quantit\u00e0 di grassi saturi pu\u00f2 far pensare che comunque la maggioranza dei lipidi siano \u201cgrassi cattivi\u201d, ma quest\u2019affermazione non tiene conto del fatto che i grassi del latte sono differenti da quelli della carne o delle uova in quanto, per loro natura, sono strutturati nel tessuto dell\u2019animale. I lipidi del latte, invece, sono secreti dalla mammella della vacca e costituiti da trigliceridi in forma di globuli rivestiti da una membrana lipo-proteica chiamata MFGM (Milk Fat Globule Membrane), che svolge funzioni metaboliche bioattive e possiede caratteristiche positive, anche se si tratta di grassi saturi. Alcuni studiosi svedesi hanno rivelato che il ruolo delle MFGM possa condizionare (limitare) l\u2019assorbimento del colesterolo. Nello studio, pubblicato sull\u2019 American Journal of Clinical Nutrition, si ritiene che proprio il ruolo della lipoproteina MFGM sia la discriminante che condiziona il metabolismo dei grassi contenuti in latte e derivati. Studi d\u2019intervento hanno dimostrato che il consumo di alimenti derivati dal latte (burro, gelati e formaggi) per un apporto energetico quotidiano del 20% su donne e uomini di mezza et\u00e0 ha ridotto i livelli di colesterolo totale e LDL (quello cattivo) senza modificare l\u2019HDL (quello buono). Si pu\u00f2 quindi dedurre che il consumo di Grana Padano DOP, grazie alla particolare struttura dei grassi con cui \u00e8 fatto (strato lipoproteico) e alla presenza di lipidi buoni (43% tra insaturi e a corta catena), non abbia lo stesso effetto dei grassi della carne a parit\u00e0 di energia fornita. Si potrebbe anche dedurre che il grasso del latte (anche i saturi aterogeni) con cui \u00e8 fatto il Grana Padano DOP non sia gravato da quel rischio cardiovascolare tipico invece dei grassi saturi degli altri alimenti di origine animale, come carne, uova, etc.<\/p>\n<p>[\/et_pb_accordion_item][\/et_pb_accordion][\/et_pb_column][\/et_pb_row][et_pb_row use_custom_gutter=&#8221;on&#8221; gutter_width=&#8221;3&#8243; _builder_version=&#8221;4.27.6&#8243; _module_preset=&#8221;default&#8221; custom_padding=&#8221;0px||||false|false&#8221; global_colors_info=&#8221;{}&#8221;][et_pb_column type=&#8221;4_4&#8243; _builder_version=&#8221;4.27.6&#8243; _module_preset=&#8221;default&#8221; global_colors_info=&#8221;{}&#8221;][et_pb_text _builder_version=&#8221;4.27.6&#8243; _module_preset=&#8221;default&#8221; text_font=&#8221;Merriweather|700|||||||&#8221; text_text_color=&#8221;#0f0f0f&#8221; text_font_size=&#8221;44px&#8221; text_line_height=&#8221;62px&#8221; header_text_color=&#8221;gcid-8696fd7e-29dd-4028-9d4d-981b208a53a9&#8243; header_font_size=&#8221;44px&#8221; header_line_height=&#8221;52px&#8221; header_2_font_size=&#8221;35px&#8221; text_orientation=&#8221;center&#8221; custom_margin=&#8221;0px||7px||false|false&#8221; global_colors_info=&#8221;{%22gcid-8696fd7e-29dd-4028-9d4d-981b208a53a9%22:%91%22header_text_color%22%93}&#8221;]<\/p>\n<h2 style=\"text-align: center;\">Focus sui micronutrienti<\/h2>\n<p>[\/et_pb_text][et_pb_accordion open_toggle_text_color=&#8221;#44392b&#8221; closed_toggle_background_color=&#8221;RGBA(255,255,255,0)&#8221; toggle_icon=&#8221;&#x33;||divi||400&#8243; icon_color=&#8221;gcid-46a7fd9b-e7e5-4c0a-b621-f5f3bcee3ed6&#8243; use_icon_font_size=&#8221;on&#8221; icon_font_size=&#8221;24px&#8221; module_class=&#8221;gp-new-faqs&#8221; _builder_version=&#8221;4.27.6&#8243; _module_preset=&#8221;default&#8221; toggle_text_color=&#8221;#876346&#8243; toggle_level=&#8221;h4&#8243; toggle_font=&#8221;&#8211;et_global_heading_font||||||||&#8221; body_font=&#8221;&#8211;et_global_heading_font||||||||&#8221; body_text_color=&#8221;#201d19&#8243; text_orientation=&#8221;left&#8221; border_width_top=&#8221;0px&#8221; border_color_right=&#8221;RGBA(255,255,255,0)&#8221; border_color_bottom=&#8221;gcid-46a7fd9b-e7e5-4c0a-b621-f5f3bcee3ed6&#8243; border_width_left=&#8221;0px&#8221; global_colors_info=&#8221;{%22gcid-46a7fd9b-e7e5-4c0a-b621-f5f3bcee3ed6%22:%91%22border_color_bottom%22,%22icon_color%22%93}&#8221; custom_padding__hover_enabled=&#8221;off|desktop&#8221; closed_toggle_background_color__hover_enabled=&#8221;on|hover&#8221; closed_toggle_background_color__hover=&#8221;RGBA(255,255,255,0)&#8221; toggle_icon__hover_enabled=&#8221;off|desktop&#8221; toggle_icon__hover=&#8221;2||divi||400&#8243;][et_pb_accordion_item title=&#8221;Minerali&#8221; open=&#8221;on&#8221; _builder_version=&#8221;4.27.6&#8243; _module_preset=&#8221;default&#8221; background_color=&#8221;RGBA(255,255,255,0)&#8221; background_enable_color=&#8221;on&#8221; global_colors_info=&#8221;{}&#8221;]<\/p>\n<p>Il Grana Padano DOP \u00e8 un concentrato di latte ed \u00e8 quindi ricchissimo di minerali essenziali come il calcio. Apporta inoltre ottime quantit\u00e0 di fosforo, zinco, rame ed \u00e8 fonte di selenio, iodio e magnesio. Secondo le tabelle di composizione degli alimenti BDA dello IEO4, in 100 g di Grana Padano DOP troviamo ben 1165 mg di calcio, una quantit\u00e0 elevata e raramente riscontrabile tra tutti gli alimenti maggiormente consumati dalla popolazione italiana a parit\u00e0 di calorie. Il fabbisogno quotidiano di riferimento di minerali per una persona adulta (media tra maschi e femmine di et\u00e0 compresa tra i 18 e i 59 anni), secondo i DRV5, \u00e8 di 1000 mg al giorno (1300 nei maschi e femmine da 11 a 17 anni). Molti studi rilevano che l\u2019assunzione di calcio degli italiani \u00e8 insufficiente, situazione che pu\u00f2 influire sulla crescita fisiologica della massa ossea in et\u00e0 evolutiva e portare a problemi dell\u2019osso in et\u00e0 adulta, come l\u2019osteoporosi nelle donne quando andranno in menopausa. Rispetto ai DRV5, mangiando 50 g di Grana Padano DOP si soddisfa mediamente il 60% del fabbisogno di calcio e zinco negli adulti e il 44% nei ragazzi, oltre all\u2019 8,5% di selenio. Spesso si ritiene che l\u2019apporto di calcio possa essere soddisfatto consumando alimenti vegetali al posto di latte e derivati come il Grana Padano DOP, l\u2019alimento con maggiore quantit\u00e0 di calcio di tutti i derivati del latte maggiormente consumati (DBA-IEO3). Oltre alla differenza quantitativa in rapporto al peso, si trascura la biodisponibilit\u00e0 dei minerali, cio\u00e8 la capacit\u00e0 dell\u2019organismo di assorbire il minerale dai vegetali e di utilizzarlo al meglio. Il calcio del latte \u00e8 biodisponibile per circa il 70% della sua quantit\u00e0 se i livelli di vitamina D sono regolari, il calcio dei vegetali ha invece una biodisponibilit\u00e0 che spesso non supera il 2% e tocca il 10% in alcuni vegetali e una bassa quantit\u00e0 rispetto al peso. Esempio: l\u2019origano secco ne contiene 1,58 g per 100 g di prodotto, ma quanto origano consumiamo? Su pizza o insalate forse arriviamo a 3 g, assumendo una quantit\u00e0 di calcio insignificante, cio\u00e8 intorno ai 5 mg. Per questa ragione gli studi effettuati dagli esperti dell\u2019osso della SIOMMMS6 raccomandano di assumere il calcio da latte e derivati. Raccomandazione saggia se si pensa che un solo cucchiaio (10 g) di Grana Padano DOP grattugiato apporta 116 mg di calcio e ne sono assorbiti circa 81 mg. Degli altri minerali presenti nel Grana Padano DOP vanno messi in evidenza il fosforo, che con il calcio forma gran parte del tessuto osseo, zinco e selenio, due importanti oligoelementi con funzione antiossidante che non solo combattono i radicali liberi, ma sono anche indispensabili per molte funzioni metaboliche.<\/p>\n<p>[\/et_pb_accordion_item][et_pb_accordion_item title=&#8221;Vitamine&#8221; _builder_version=&#8221;4.27.6&#8243; _module_preset=&#8221;default&#8221; global_colors_info=&#8221;{}&#8221; open=&#8221;off&#8221;]<\/p>\n<p>Le vitamine contenute nel latte e concentrate nel Grana Padano DOP sono molto importanti per la salute: in particolare, nel formaggio vi sono quantit\u00e0 significative di vitamine del gruppo B e di vitamina A. Rispetto all\u2019assunzione di riferimento dei LARN2, il consumo di 25 g di Grana Padano DOP soddisfa il fabbisogno quotidiano (media maschi e femmine 18 e 59 anni) di vitamina B12 per il 35%, di B2 per il 7% e di vitamina A per il 10%. \u00c8 importante sottolineare che la grande quantit\u00e0 di B12 in 25g di Grana Padano DOP \u00e8 dovuta alla concentrazione dei 375g di latte con cui \u00e8 fatto e che questa vitamina si trova solo nel regno animale e in alcuni casi, come le alghe, in quello vegetale, ma di scarsa biodisponibilit\u00e0. Infatti, la carenza di vitamina B12 \u00e8 particolarmente segnalata nelle diete vegane. La vitamina B12 svolge un ruolo fondamentale nella maturazione dei globuli rossi (una sua carenza induce anemia perniciosa) ed \u00e8 molto importante per la salute del sistema nervoso. La B2 \u00e8 indispensabile alla respirazione cellulare e attiva nel metabolismo degli zuccheri, proteine e grassi. La vitamina A, oltre ai benefici che porta all\u2019acutezza visiva, \u00e8, insieme allo zinco e al selenio, uno degli antiossidanti presenti nel Grana Padano DOP.<\/p>\n<p>[\/et_pb_accordion_item][et_pb_accordion_item title=&#8221;Lisozima, antibatterico naturale&#8221; _builder_version=&#8221;4.27.6&#8243; _module_preset=&#8221;default&#8221; global_colors_info=&#8221;{}&#8221; open=&#8221;off&#8221;]<\/p>\n<p>Il lisozima \u00e8 una proteina naturalmente presente in elevate quantit\u00e0 nel latte materno, nelle lacrime, nella saliva umana e nell\u2019albume dell\u2019uovo di gallina. Si tratta di un enzima dotato di propriet\u00e0 antibatteriche e impiegato nella produzione di vari formaggi stagionati per controllare le fermentazioni indesiderate. Il lisozima viene anche utilizzato nella produzione di alcune tipologie di vino e birra. L\u2019enzima antibatterico presente nel Grana Padano DOP \u00e8 estratto dall\u2019albume dell\u2019uovo con metodi fisici, il quantitativo utilizzato nella caseificazione (secondo quanto previsto dal Disciplinare di produzione) \u00e8 al massino di 2,5 g per 1000 litri di latte, quindi in una porzione da 50 g di formaggio si trovano pochi milligrammi di lisozima. Da recenti ricerche condotte sulla presunta allergia al lisozima contenuto del Grana Padano DOP, si conclude che in letteratura non sia riportato nemmeno un caso di allergia riconducibile al lisozima nel Grana Padano DOP, anche se \u00e8 comunque prudente valutarne il consumo nei bambini in cui si sia riscontrata l\u2019allergia all\u2019uovo.<\/p>\n<p>[\/et_pb_accordion_item][\/et_pb_accordion][\/et_pb_column][\/et_pb_row][\/et_pb_section][et_pb_section fb_built=&#8221;1&#8243; _builder_version=&#8221;4.27.6&#8243; _module_preset=&#8221;default&#8221; background_image=&#8221;https:\/\/www.granapadano.it\/wp-content\/uploads\/2026\/03\/GP_Banner-Benessere-scaled.jpg&#8221; background_size=&#8221;initial&#8221; min_height=&#8221;550px&#8221; custom_padding=&#8221;40px||40px||true|false&#8221; background_last_edited=&#8221;on|desktop&#8221; locked=&#8221;off&#8221; global_colors_info=&#8221;{}&#8221;][et_pb_row custom_padding_last_edited=&#8221;on|tablet&#8221; _builder_version=&#8221;4.27.6&#8243; _module_preset=&#8221;default&#8221; custom_padding=&#8221;0px||||false|false&#8221; custom_padding_tablet=&#8221;32px|32px|32px|32px|true|true&#8221; custom_padding_phone=&#8221;32px|0px|32px|0px|true|true&#8221; global_colors_info=&#8221;{}&#8221;][et_pb_column type=&#8221;4_4&#8243; _builder_version=&#8221;4.27.6&#8243; _module_preset=&#8221;default&#8221; global_colors_info=&#8221;{}&#8221;][et_pb_heading title=&#8221;Gusto e benessere&#8221; _builder_version=&#8221;4.27.6&#8243; _module_preset=&#8221;default&#8221; title_level=&#8221;h2&#8243; title_font=&#8221;&#8211;et_global_heading_font||||||||&#8221; title_text_align=&#8221;left&#8221; title_text_color=&#8221;#876346&#8243; title_font_size=&#8221;32px&#8221; title_line_height=&#8221;1.6em&#8221; width=&#8221;400px&#8221; width_tablet=&#8221;400px&#8221; width_phone=&#8221;400px&#8221; width_last_edited=&#8221;on|desktop&#8221; custom_margin_tablet=&#8221;0px||0px||false|false&#8221; custom_margin_phone=&#8221;0px||0px||false|false&#8221; custom_margin_last_edited=&#8221;on|tablet&#8221; title_font_size_tablet=&#8221;24px&#8221; title_font_size_phone=&#8221;24px&#8221; title_font_size_last_edited=&#8221;on|tablet&#8221; title_line_height_tablet=&#8221;0em&#8221; title_line_height_phone=&#8221;1.6em&#8221; title_line_height_last_edited=&#8221;on|tablet&#8221; global_colors_info=&#8221;{}&#8221;][\/et_pb_heading][et_pb_text _builder_version=&#8221;4.27.6&#8243; _module_preset=&#8221;default&#8221; text_font=&#8221;&#8211;et_global_heading_font||||||||&#8221; text_text_color=&#8221;#876346&#8243; text_font_size=&#8221;16px&#8221; text_line_height=&#8221;1.6em&#8221; header_4_font=&#8221;&#8211;et_global_heading_font||||||||&#8221; header_4_text_align=&#8221;left&#8221; width=&#8221;400px&#8221; width_tablet=&#8221;400px&#8221; width_phone=&#8221;400px&#8221; width_last_edited=&#8221;on|desktop&#8221; custom_margin=&#8221;24px||24px||false|false&#8221; custom_margin_tablet=&#8221;24px||||false|false&#8221; custom_margin_phone=&#8221;24px||||false|false&#8221; custom_margin_last_edited=&#8221;on|desktop&#8221; global_colors_info=&#8221;{}&#8221;]Grana Padano si distingue non solo per il sapore inimitabile, ma anche per le sue propriet\u00e0 nutrizionali e per l\u2019alto contenuto proteico.[\/et_pb_text][et_pb_button button_url=&#8221;https:\/\/www.granapadano.it\/la-forma-del-benessere\/proprieta-nutrizionali\/il-formaggio-che-promuove-la-salute\/&#8221; button_text=&#8221;Scopri tutte le propriet\u00e0&#8221; button_alignment=&#8221;left&#8221; module_class=&#8221;yellow-btn&#8221; _builder_version=&#8221;4.27.6&#8243; _module_preset=&#8221;default&#8221; custom_button=&#8221;on&#8221; button_text_size=&#8221;12px&#8221; button_text_color=&#8221;gcid-cdd0517b-cb7c-4f63-9e4c-4eaf7d046da3&#8243; button_bg_color=&#8221;#ffdc00&#8243; button_border_width=&#8221;0px&#8221; button_border_radius=&#8221;0px&#8221; button_font=&#8221;&#8211;et_global_heading_font||||||||&#8221; button_icon=&#8221;&#x24;||divi||400&#8243; button_icon_color=&#8221;gcid-cdd0517b-cb7c-4f63-9e4c-4eaf7d046da3&#8243; button_on_hover=&#8221;off&#8221; custom_margin=&#8221;32px||||false|false&#8221; custom_padding=&#8221;13px|30px|13px|16px|true|false&#8221; locked=&#8221;off&#8221; global_colors_info=&#8221;{%22gcid-cdd0517b-cb7c-4f63-9e4c-4eaf7d046da3%22:%91%22button_text_color%22,%22button_icon_color%22,%22button_text_color%22,%22button_icon_color%22%93,%22gcid-46a7fd9b-e7e5-4c0a-b621-f5f3bcee3ed6%22:%91%22button_text_color%22,%22button_text_color%22%93}&#8221;][\/et_pb_button][\/et_pb_column][\/et_pb_row][\/et_pb_section][et_pb_section fb_built=&#8221;1&#8243; module_id=&#8221;crosta-edibile&#8221; _builder_version=&#8221;4.27.6&#8243; _module_preset=&#8221;default&#8221; background_color=&#8221;#FFFFFF&#8221; custom_margin=&#8221;||60px||false|false&#8221; custom_padding=&#8221;||0px||false|false&#8221; locked=&#8221;off&#8221; global_colors_info=&#8221;{}&#8221;][et_pb_row column_structure=&#8221;2_5,3_5&#8243; _builder_version=&#8221;4.20.2&#8243; _module_preset=&#8221;default&#8221; custom_margin=&#8221;0px||0px||false|false&#8221; custom_padding=&#8221;0px||0px||false|false&#8221; global_colors_info=&#8221;{}&#8221;][et_pb_column type=&#8221;2_5&#8243; _builder_version=&#8221;4.20.2&#8243; _module_preset=&#8221;default&#8221; global_colors_info=&#8221;{}&#8221;][et_pb_text _builder_version=&#8221;4.27.6&#8243; _module_preset=&#8221;default&#8221; text_font=&#8221;||||||||&#8221; header_font=&#8221;||||||||&#8221; header_text_color=&#8221;#000000&#8243; header_font_size=&#8221;38px&#8221; header_line_height=&#8221;36px&#8221; header_3_font=&#8221;||||||||&#8221; header_3_text_color=&#8221;#000000&#8243; header_3_font_size=&#8221;35px&#8221; header_3_line_height=&#8221;1.4em&#8221; text_orientation=&#8221;center&#8221; custom_margin=&#8221;0px||||false|false&#8221; custom_padding=&#8221;0px||15px||false|false&#8221; header_font_size_tablet=&#8221;38px&#8221; header_font_size_phone=&#8221;28px&#8221; header_font_size_last_edited=&#8221;on|phone&#8221; header_3_font_tablet=&#8221;||||||||&#8221; header_3_font_phone=&#8221;||||||||&#8221; header_3_font_last_edited=&#8221;on|phone&#8221; locked=&#8221;off&#8221; global_colors_info=&#8221;{}&#8221;]<\/p>\n<h3 style=\"text-align: left;\">Si pu\u00f2 mangiare la<\/h3>\n<h3 style=\"text-align: left;\">crosta di Grana Padano?<\/h3>\n<p>[\/et_pb_text][et_pb_text _builder_version=&#8221;4.27.6&#8243; _module_preset=&#8221;default&#8221; text_font=&#8221;||||||||&#8221; text_text_color=&#8221;#876346&#8243; text_font_size=&#8221;16px&#8221; text_line_height=&#8221;26px&#8221; width=&#8221;89.4%&#8221; custom_padding=&#8221;||50px||false|false&#8221; locked=&#8221;off&#8221; global_colors_info=&#8221;{}&#8221;]Note tecnico-scientifiche  sicurezza alimentare della crosta del formaggio Grana Padano DOP<\/strong><\/span><\/p>\n<p>[\/et_pb_text][\/et_pb_column][et_pb_column type=&#8221;3_5&#8243; _builder_version=&#8221;4.20.2&#8243; _module_preset=&#8221;default&#8221; global_colors_info=&#8221;{}&#8221;][et_pb_text _builder_version=&#8221;4.27.6&#8243; _module_preset=&#8221;default&#8221; text_font=&#8221;||||||||&#8221; text_text_color=&#8221;#0f0f0f&#8221; text_font_size=&#8221;16px&#8221; text_line_height=&#8221;25px&#8221; custom_padding=&#8221;||50px||false|false&#8221; hover_enabled=&#8221;0&#8243; locked=&#8221;off&#8221; global_colors_info=&#8221;{}&#8221; sticky_enabled=&#8221;0&#8243;]<\/p>\n<p>l Grana Padano DOP \u00e8 un <strong>alimento igienicamente sicuro<\/strong>, in quanto \u00e8 stato dimostrato, da specifiche sperimentazioni, che il processo di produzione come previsto dal Disciplinare di Produzione garantisce l\u2019<strong>eliminazione dei potenziali patogeni<\/strong> presenti nel latte crudo e che potrebbero svilupparsi successivamente nel formaggio. Questo accade per l\u2019effetto combinato della temperatura e pH che si instaurano durante la fase di formatura della forma grazie alla naturale fermentazione lattica e che perdura per qualche ora.<\/p>\n<p>[\/et_pb_text][\/et_pb_column][\/et_pb_row][et_pb_row module_class=&#8221;article_sub_img_text_content&#8221; _builder_version=&#8221;4.27.6&#8243; _module_preset=&#8221;default&#8221; custom_padding=&#8221;||0px||false|false&#8221; global_colors_info=&#8221;{}&#8221;][et_pb_column type=&#8221;4_4&#8243; module_class=&#8221;article_sub_img_wrap&#8221; _builder_version=&#8221;4.20.2&#8243; _module_preset=&#8221;default&#8221; global_colors_info=&#8221;{}&#8221;][et_pb_text _builder_version=&#8221;4.27.6&#8243; _module_preset=&#8221;default&#8221; text_text_color=&#8221;#0f0f0f&#8221; text_font_size=&#8221;18px&#8221; text_line_height=&#8221;26px&#8221; custom_padding=&#8221;||50px||false|false&#8221; locked=&#8221;off&#8221; global_colors_info=&#8221;{}&#8221;]<\/p>\n<p>La parte pi\u00f9 esterna del formaggio diviene nel tempo crosta. La sua comparsa inizia ad essere apprezzata gi\u00e0 a circa 24 ore dalla produzione, per poi completarsi grazie prima alla fase di salatura del formaggio in salamoia ed alla successiva stagionatura, che deve durare minimo 9 mesi, indurendosi consentendo cos\u00ec l\u2019<strong>isolamento della pasta<\/strong> del formaggio dall\u2019esterno.<\/p>\n<p>Ogni forma \u00e8 posta a stagionare nei magazzini dedicati a condizioni di temperatura e umidit\u00e0 controllata. Durante i mesi di stagionatura la superficie della crosta della forma \u00e8 soggetta a continue \u201ctoelettature\u201d seguita da rivoltamento della forma non solo per favorire la perdita di umidit\u00e0 ma anche per eliminare le contaminazioni superficiali di muffe presenti nell\u2019ambiente che possono colonizzare la superficie in conseguenza delle naturali essudazioni.<\/p>\n<p>Di fatto quindi durante il periodo di stagionatura, la crosta del Grana Padano DOP costituisce <strong>una barriera agli eventuali agenti esterni<\/strong> che potrebbero compromettere la pasta del formaggio.<\/p>\n<p>Una volta che la forma di formaggio acquisisce la denominazione di Grana Padano DOP, essa pu\u00f2 essere immessa in commercio previa toelettatura ed eventualmente trasformata in porzioni o grattugiato o bocconcini o scaglie o altri trasformati.<\/p>\n<p>[\/et_pb_text][\/et_pb_column][\/et_pb_row][et_pb_row use_custom_gutter=&#8221;on&#8221; gutter_width=&#8221;3&#8243; disabled_on=&#8221;on|on|on&#8221; _builder_version=&#8221;4.27.6&#8243; _module_preset=&#8221;default&#8221; custom_padding=&#8221;0px||||false|false&#8221; disabled=&#8221;on&#8221; locked=&#8221;off&#8221; global_colors_info=&#8221;{}&#8221;][et_pb_column type=&#8221;4_4&#8243; _builder_version=&#8221;4.27.6&#8243; _module_preset=&#8221;default&#8221; global_colors_info=&#8221;{}&#8221;][et_pb_accordion open_toggle_text_color=&#8221;#44392b&#8221; closed_toggle_background_color=&#8221;RGBA(255,255,255,0)&#8221; toggle_icon=&#8221;&#x33;||divi||400&#8243; icon_color=&#8221;gcid-46a7fd9b-e7e5-4c0a-b621-f5f3bcee3ed6&#8243; use_icon_font_size=&#8221;on&#8221; icon_font_size=&#8221;24px&#8221; module_class=&#8221;gp-new-faqs&#8221; _builder_version=&#8221;4.27.6&#8243; _module_preset=&#8221;default&#8221; toggle_text_color=&#8221;#876346&#8243; toggle_level=&#8221;h4&#8243; toggle_font=&#8221;&#8211;et_global_heading_font||||||||&#8221; body_font=&#8221;&#8211;et_global_heading_font||||||||&#8221; body_text_color=&#8221;#201d19&#8243; text_orientation=&#8221;left&#8221; border_width_top=&#8221;0px&#8221; border_color_right=&#8221;RGBA(255,255,255,0)&#8221; border_color_bottom=&#8221;gcid-46a7fd9b-e7e5-4c0a-b621-f5f3bcee3ed6&#8243; border_width_left=&#8221;0px&#8221; global_colors_info=&#8221;{%22gcid-46a7fd9b-e7e5-4c0a-b621-f5f3bcee3ed6%22:%91%22border_color_bottom%22,%22icon_color%22%93}&#8221; custom_padding__hover_enabled=&#8221;off|desktop&#8221; closed_toggle_background_color__hover_enabled=&#8221;on|hover&#8221; closed_toggle_background_color__hover=&#8221;RGBA(255,255,255,0)&#8221; toggle_icon__hover_enabled=&#8221;off|desktop&#8221; toggle_icon__hover=&#8221;2||divi||400&#8243;][et_pb_accordion_item title=&#8221;La Pulitura&#8221; open=&#8221;on&#8221; _builder_version=&#8221;4.27.6&#8243; _module_preset=&#8221;default&#8221; background_color=&#8221;RGBA(255,255,255,0)&#8221; background_enable_color=&#8221;on&#8221; global_colors_info=&#8221;{}&#8221; closed_toggle_font_size=&#8221;14px&#8221;]<\/p>\n<p><span class=\"faq-btn-wrap\"><\/span><span style=\"font-size: large;\">La crosta del Grana Padano DOP \u00e8 quindi <strong>parte integrante del formaggio<\/strong> e risulta essere edibile a seguito di una <strong>corretta pulitura<\/strong> della parte superficiale, come accade per la buccia di una mela, anche perch\u00e9 essa, come previsto dal <a href=\"\/wp-content\/uploads\/2023\/02\/DisciplinareGranaPadanoDOP2022-50232.pdf\" target=\"_blank\" rel=\"noopener\">Disciplinare di Produzione<\/a>, non \u00e8 sottoposta a trattamenti chimici o ricoperta da colori o materiali plastici.<\/span><\/p>\n<p><span style=\"font-size: large;\">Come per tutti i prodotti alimentari non confezionati i soggetti che ne vengono a contatto durante la filiera di commercializzazione, come previsto per il settore alimentare, hanno l\u2019obbligo di applicare un <strong>sistema HACCP<\/strong>.<\/span><\/p>\n<p><span style=\"font-size: large;\">La corretta applicazione del sistema HACCP garantisce la <strong>sicurezza<\/strong> <strong>alimentare<\/strong> e l\u2019edibilit\u00e0 della crosta del formaggio Grana Padano DOP.<\/span><\/p>\n<p><span style=\"font-size: large;\">L\u2019<strong>utilizzo a fini alimentari della crosta<\/strong> di questo formaggio risulta pertanto essere corretta, consentita ed addirittura prevista in alcune ricette dove risulta tra gli ingredienti.<\/span><\/p>\n<p><strong><\/strong><\/p>\n<p><strong>Riferimenti bibliografici<\/strong><\/p>\n<p><span style=\"font-size: small;\">L. Pellegrino et al (2001), CHEESEMAKING CONDITIONS AND COMPOSITIVE CHARACTERISTICS SUPPORTING THE SAFETY OF THE RAW MILK CHEESE ITALIAN GRANA, Sci. Tecn. Latt. Cas., 52 (2), 105-114<\/span><br \/><span style=\"font-size: small;\">VALUTAZIONE DELLA SICUREZZA MICROBIOLOGICA DI FORMAGGIO GRANA PADANO DOP &#8211; documentazione a cura dell\u2019Istituto Zooprofilattico Sperimentale della Lombardia e dell&#8217;Emilia Romagna.<\/span><\/p>\n<p>[\/et_pb_accordion_item][\/et_pb_accordion][\/et_pb_column][\/et_pb_row][\/et_pb_section][et_pb_section fb_built=&#8221;1&#8243; _builder_version=&#8221;4.27.6&#8243; _module_preset=&#8221;default&#8221; custom_margin=&#8221;0px||60px||false|false&#8221; custom_padding=&#8221;10px||0px||false|false&#8221; locked=&#8221;off&#8221; global_colors_info=&#8221;{}&#8221;][et_pb_row column_structure=&#8221;2_5,3_5&#8243; _builder_version=&#8221;4.27.6&#8243; _module_preset=&#8221;default&#8221; max_width=&#8221;90%&#8221; module_alignment=&#8221;center&#8221; custom_padding=&#8221;0px||0px||false|false&#8221; global_colors_info=&#8221;{}&#8221;][et_pb_column type=&#8221;2_5&#8243; _builder_version=&#8221;4.19.1&#8243; _module_preset=&#8221;default&#8221; global_colors_info=&#8221;{}&#8221;][et_pb_image src=&#8221;https:\/\/www.granapadano.it\/wp-content\/uploads\/2023\/02\/logo-educazione-nutrizionale-grana-padano.gif&#8221; title_text=&#8221;logo-educazione-nutrizionale-grana-padano&#8221; show_bottom_space=&#8221;off&#8221; _builder_version=&#8221;4.27.6&#8243; _module_preset=&#8221;default&#8221; width=&#8221;80.9%&#8221; module_alignment=&#8221;left&#8221; custom_margin=&#8221;35px|0px|10px||false|false&#8221; custom_margin_tablet=&#8221;||||false|false&#8221; custom_margin_phone=&#8221;-78px|16px|||false|false&#8221; custom_margin_last_edited=&#8221;on|desktop&#8221; custom_padding=&#8221;0px|0px|10px||false|false&#8221; global_colors_info=&#8221;{}&#8221;][\/et_pb_image][\/et_pb_column][et_pb_column type=&#8221;3_5&#8243; _builder_version=&#8221;4.19.1&#8243; _module_preset=&#8221;default&#8221; global_colors_info=&#8221;{}&#8221;][et_pb_text _builder_version=&#8221;4.27.6&#8243; _module_preset=&#8221;default&#8221; text_font=&#8221;||||||||&#8221; text_text_color=&#8221;#0f0f0f&#8221; text_font_size=&#8221;16px&#8221; text_line_height=&#8221;26.5px&#8221; custom_margin=&#8221;20px||20px||false|false&#8221; custom_padding=&#8221;20px||0px||false|false&#8221; locked=&#8221;off&#8221; global_colors_info=&#8221;{}&#8221;]<\/p>\n<p>Il progetto &#8220;Educazione Nutrizionale Grana Padano&#8221; nasce allo scopo di diffondere i principi dell\u2019equilibrata alimentazione e del corretto stile di vita, nonch\u00e9 supportare la classe medica per migliorare il counseling nutrizionale e divulgare i principi della prevenzione primaria e secondaria.<\/p>\n<p>[\/et_pb_text][et_pb_button button_url=&#8221;https:\/\/www.educazionenutrizionale.granapadano.it\/&#8221; url_new_window=&#8221;on&#8221; button_text=&#8221;Scopri il progetto&#8221; button_alignment=&#8221;left&#8221; module_class=&#8221;Brown-btn&#8221; _builder_version=&#8221;4.27.6&#8243; _module_preset=&#8221;default&#8221; custom_button=&#8221;on&#8221; button_text_size=&#8221;12px&#8221; button_text_color=&#8221;#f9f1e4&#8243; button_bg_color=&#8221;#876346&#8243; button_border_width=&#8221;0px&#8221; button_border_color=&#8221;RGBA(255,255,255,0)&#8221; button_border_radius=&#8221;0px&#8221; button_font=&#8221;&#8211;et_global_heading_font||||||||&#8221; button_icon=&#8221;&#x24;||divi||400&#8243; button_on_hover=&#8221;off&#8221; transform_scale=&#8221;86%|86%&#8221; custom_margin=&#8221;0px||0px||false|false&#8221; custom_padding=&#8221;16px|30px|16px|16px|true|false&#8221; locked=&#8221;off&#8221; global_colors_info=&#8221;{%22gcid-26f0371c-74dd-4e63-bbf8-f8ec94f09a6d%22:%91%22button_bg_color%22%93,%22gcid-46a7fd9b-e7e5-4c0a-b621-f5f3bcee3ed6%22:%91%22button_bg_color%22%93}&#8221; button_text_color__hover_enabled=&#8221;on|desktop&#8221; button_bg_color__hover_enabled=&#8221;on|hover&#8221; button_bg_enable_color__hover=&#8221;on&#8221; button_text_color__hover=&#8221;#f9f1e4&#8243; button_bg_color__hover=&#8221;#876346&#8243;][\/et_pb_button][\/et_pb_column][\/et_pb_row][\/et_pb_section]<\/p>\n","protected":false},"excerpt":{"rendered":"<p><div class=\"breadcrumb\"><a href=\"https:\/\/www.granapadano.it\/it-it\/\">Home<\/a>  <  <\/div>Le propriet\u00e0 nutrizionali di Grana PadanoIl Grana Padano \u00e8 un formaggio naturalmente ricco di nutrienti essenziali, frutto di ingredienti genuini, di una lavorazione tradizionale e di una lunga stagionatura. Grazie all\u2019elevata concentrazione di proteine ad alto valore biologico, vitamine e minerali come calcio e fosforo, rappresenta un alimento prezioso all\u2019interno di una dieta equilibrata: un [&hellip;]<\/p>\n","protected":false},"author":6,"featured_media":0,"parent":147447,"menu_order":896,"comment_status":"closed","ping_status":"closed","template":"","meta":{"_acf_changed":false,"_et_pb_use_builder":"on","_et_pb_old_content":"","_et_gb_content_width":"","footnotes":""},"class_list":["post-7804","page","type-page","status-publish","hentry"],"acf":[],"yoast_head":"<!-- This site is optimized with the Yoast SEO plugin v27.4 - https:\/\/yoast.com\/product\/yoast-seo-wordpress\/ -->\n<title>Propriet\u00e0 nutrizionali - Grana Padano<\/title>\n<meta name=\"robots\" content=\"index, follow, max-snippet:-1, max-image-preview:large, max-video-preview:-1\" \/>\n<link rel=\"canonical\" href=\"https:\/\/www.granapadano.it\/it-it\/la-forma-del-benessere\/proprieta-nutrizionali\/\" \/>\n<meta property=\"og:locale\" content=\"it_IT\" \/>\n<meta property=\"og:type\" content=\"article\" \/>\n<meta property=\"og:title\" content=\"Propriet\u00e0 nutrizionali - Grana Padano\" \/>\n<meta property=\"og:description\" content=\"Le propriet\u00e0 nutrizionali di Grana PadanoIl Grana Padano \u00e8 un formaggio naturalmente ricco di nutrienti essenziali, frutto di ingredienti genuini, di una lavorazione tradizionale e di una lunga stagionatura. Grazie all\u2019elevata concentrazione di proteine ad alto valore biologico, vitamine e minerali come calcio e fosforo, rappresenta un alimento prezioso all\u2019interno di una dieta equilibrata: un [&hellip;]\" \/>\n<meta property=\"og:url\" content=\"https:\/\/www.granapadano.it\/it-it\/la-forma-del-benessere\/proprieta-nutrizionali\/\" \/>\n<meta property=\"og:site_name\" content=\"Grana Padano\" \/>\n<meta property=\"article:modified_time\" content=\"2026-03-27T15:06:00+00:00\" \/>\n<meta name=\"twitter:card\" content=\"summary_large_image\" \/>\n<meta name=\"twitter:label1\" content=\"Est. reading time\" \/>\n\t<meta name=\"twitter:data1\" content=\"12 minutes\" \/>\n<script type=\"application\/ld+json\" class=\"yoast-schema-graph\">{\"@context\":\"https:\\\/\\\/schema.org\",\"@graph\":[{\"@type\":\"WebPage\",\"@id\":\"https:\\\/\\\/www.granapadano.it\\\/it-it\\\/la-forma-del-benessere\\\/proprieta-nutrizionali\\\/\",\"url\":\"https:\\\/\\\/www.granapadano.it\\\/it-it\\\/la-forma-del-benessere\\\/proprieta-nutrizionali\\\/\",\"name\":\"Propriet\u00e0 nutrizionali - Grana Padano\",\"isPartOf\":{\"@id\":\"https:\\\/\\\/www.granapadano.it\\\/it-it\\\/#website\"},\"datePublished\":\"2023-01-27T11:09:49+00:00\",\"dateModified\":\"2026-03-27T15:06:00+00:00\",\"breadcrumb\":{\"@id\":\"https:\\\/\\\/www.granapadano.it\\\/it-it\\\/la-forma-del-benessere\\\/proprieta-nutrizionali\\\/#breadcrumb\"},\"inLanguage\":\"it-it\",\"potentialAction\":[{\"@type\":\"ReadAction\",\"target\":[\"https:\\\/\\\/www.granapadano.it\\\/it-it\\\/la-forma-del-benessere\\\/proprieta-nutrizionali\\\/\"]}]},{\"@type\":\"BreadcrumbList\",\"@id\":\"https:\\\/\\\/www.granapadano.it\\\/it-it\\\/la-forma-del-benessere\\\/proprieta-nutrizionali\\\/#breadcrumb\",\"itemListElement\":[{\"@type\":\"ListItem\",\"position\":1,\"name\":\"Home\",\"item\":\"https:\\\/\\\/www.granapadano.it\\\/it-it\\\/\"},{\"@type\":\"ListItem\",\"position\":2,\"name\":\"La forma del benessere\",\"item\":\"https:\\\/\\\/www.granapadano.it\\\/it-it\\\/la-forma-del-benessere\\\/\"},{\"@type\":\"ListItem\",\"position\":3,\"name\":\"Propriet\u00e0 nutrizionali\"}]},{\"@type\":\"WebSite\",\"@id\":\"https:\\\/\\\/www.granapadano.it\\\/it-it\\\/#website\",\"url\":\"https:\\\/\\\/www.granapadano.it\\\/it-it\\\/\",\"name\":\"Grana Padano\",\"description\":\"\",\"potentialAction\":[{\"@type\":\"SearchAction\",\"target\":{\"@type\":\"EntryPoint\",\"urlTemplate\":\"https:\\\/\\\/www.granapadano.it\\\/it-it\\\/?s={search_term_string}\"},\"query-input\":{\"@type\":\"PropertyValueSpecification\",\"valueRequired\":true,\"valueName\":\"search_term_string\"}}],\"inLanguage\":\"it-it\"}]}<\/script>\n<!-- \/ Yoast SEO plugin. -->","yoast_head_json":{"title":"Propriet\u00e0 nutrizionali - Grana Padano","robots":{"index":"index","follow":"follow","max-snippet":"max-snippet:-1","max-image-preview":"max-image-preview:large","max-video-preview":"max-video-preview:-1"},"canonical":"https:\/\/www.granapadano.it\/it-it\/la-forma-del-benessere\/proprieta-nutrizionali\/","og_locale":"it_IT","og_type":"article","og_title":"Propriet\u00e0 nutrizionali - Grana Padano","og_description":"Le propriet\u00e0 nutrizionali di Grana PadanoIl Grana Padano \u00e8 un formaggio naturalmente ricco di nutrienti essenziali, frutto di ingredienti genuini, di una lavorazione tradizionale e di una lunga stagionatura. Grazie all\u2019elevata concentrazione di proteine ad alto valore biologico, vitamine e minerali come calcio e fosforo, rappresenta un alimento prezioso all\u2019interno di una dieta equilibrata: un [&hellip;]","og_url":"https:\/\/www.granapadano.it\/it-it\/la-forma-del-benessere\/proprieta-nutrizionali\/","og_site_name":"Grana Padano","article_modified_time":"2026-03-27T15:06:00+00:00","twitter_card":"summary_large_image","twitter_misc":{"Est. reading time":"12 minutes"},"schema":{"@context":"https:\/\/schema.org","@graph":[{"@type":"WebPage","@id":"https:\/\/www.granapadano.it\/it-it\/la-forma-del-benessere\/proprieta-nutrizionali\/","url":"https:\/\/www.granapadano.it\/it-it\/la-forma-del-benessere\/proprieta-nutrizionali\/","name":"Propriet\u00e0 nutrizionali - Grana Padano","isPartOf":{"@id":"https:\/\/www.granapadano.it\/it-it\/#website"},"datePublished":"2023-01-27T11:09:49+00:00","dateModified":"2026-03-27T15:06:00+00:00","breadcrumb":{"@id":"https:\/\/www.granapadano.it\/it-it\/la-forma-del-benessere\/proprieta-nutrizionali\/#breadcrumb"},"inLanguage":"it-it","potentialAction":[{"@type":"ReadAction","target":["https:\/\/www.granapadano.it\/it-it\/la-forma-del-benessere\/proprieta-nutrizionali\/"]}]},{"@type":"BreadcrumbList","@id":"https:\/\/www.granapadano.it\/it-it\/la-forma-del-benessere\/proprieta-nutrizionali\/#breadcrumb","itemListElement":[{"@type":"ListItem","position":1,"name":"Home","item":"https:\/\/www.granapadano.it\/it-it\/"},{"@type":"ListItem","position":2,"name":"La forma del benessere","item":"https:\/\/www.granapadano.it\/it-it\/la-forma-del-benessere\/"},{"@type":"ListItem","position":3,"name":"Propriet\u00e0 nutrizionali"}]},{"@type":"WebSite","@id":"https:\/\/www.granapadano.it\/it-it\/#website","url":"https:\/\/www.granapadano.it\/it-it\/","name":"Grana Padano","description":"","potentialAction":[{"@type":"SearchAction","target":{"@type":"EntryPoint","urlTemplate":"https:\/\/www.granapadano.it\/it-it\/?s={search_term_string}"},"query-input":{"@type":"PropertyValueSpecification","valueRequired":true,"valueName":"search_term_string"}}],"inLanguage":"it-it"}]}},"_links":{"self":[{"href":"https:\/\/www.granapadano.it\/it-it\/wp-json\/wp\/v2\/pages\/7804","targetHints":{"allow":["GET"]}}],"collection":[{"href":"https:\/\/www.granapadano.it\/it-it\/wp-json\/wp\/v2\/pages"}],"about":[{"href":"https:\/\/www.granapadano.it\/it-it\/wp-json\/wp\/v2\/types\/page"}],"author":[{"embeddable":true,"href":"https:\/\/www.granapadano.it\/it-it\/wp-json\/wp\/v2\/users\/6"}],"replies":[{"embeddable":true,"href":"https:\/\/www.granapadano.it\/it-it\/wp-json\/wp\/v2\/comments?post=7804"}],"version-history":[{"count":47,"href":"https:\/\/www.granapadano.it\/it-it\/wp-json\/wp\/v2\/pages\/7804\/revisions"}],"predecessor-version":[{"id":153118,"href":"https:\/\/www.granapadano.it\/it-it\/wp-json\/wp\/v2\/pages\/7804\/revisions\/153118"}],"up":[{"embeddable":true,"href":"https:\/\/www.granapadano.it\/it-it\/wp-json\/wp\/v2\/pages\/147447"}],"wp:attachment":[{"href":"https:\/\/www.granapadano.it\/it-it\/wp-json\/wp\/v2\/media?parent=7804"}],"curies":[{"name":"wp","href":"https:\/\/api.w.org\/{rel}","templated":true}]}}