{"id":4853,"date":"2023-01-19T16:31:34","date_gmt":"2023-01-19T16:31:34","guid":{"rendered":"https:\/\/www.granapadano.it\/larte-della-produzione-copy\/"},"modified":"2026-04-09T09:21:07","modified_gmt":"2026-04-09T09:21:07","slug":"il-prodotto-iconico","status":"publish","type":"page","link":"https:\/\/www.granapadano.it\/it-it\/larte-del-saper-fare\/il-prodotto-iconico\/","title":{"rendered":"Il prodotto Iconico"},"content":{"rendered":"<p>[et_pb_section fb_built=&#8221;1&#8243; fullwidth=&#8221;on&#8221; _builder_version=&#8221;4.19.0&#8243; _module_preset=&#8221;default&#8221; locked=&#8221;off&#8221; global_colors_info=&#8221;{}&#8221;][et_pb_fullwidth_image src=&#8221;https:\/\/www.granapadano.it\/wp-content\/uploads\/2023\/03\/Il-prodotto-iconico-h-1.jpg&#8221; title_text=&#8221;Il-prodotto-iconico-h&#8221; src_tablet=&#8221;https:\/\/www.granapadano.it\/wp-content\/uploads\/2023\/03\/Il-prodotto-iconico-h-1.jpg&#8221; src_phone=&#8221;https:\/\/www.granapadano.it\/wp-content\/uploads\/2023\/03\/Il-prodotto-iconico-m.jpg&#8221; src_last_edited=&#8221;on|tablet&#8221; _builder_version=&#8221;4.20.2&#8243; _module_preset=&#8221;default&#8221; global_colors_info=&#8221;{}&#8221;][\/et_pb_fullwidth_image][\/et_pb_section][et_pb_section fb_built=&#8221;1&#8243; module_class=&#8221;production_sub_hub_main_wrapper&#8221; _builder_version=&#8221;4.19.4&#8243; _module_preset=&#8221;default&#8221; custom_padding=&#8221;13px||0px|||&#8221; locked=&#8221;off&#8221; global_colors_info=&#8221;{}&#8221;][et_pb_row module_class=&#8221;recipe_filter_section&#8221; _builder_version=&#8221;4.19.2&#8243; _module_preset=&#8221;default&#8221; max_width=&#8221;90%&#8221; custom_padding=&#8221;||7px|||&#8221; global_colors_info=&#8221;{}&#8221;][et_pb_column type=&#8221;4_4&#8243; _builder_version=&#8221;4.19.2&#8243; _module_preset=&#8221;default&#8221; global_colors_info=&#8221;{}&#8221;][et_pb_code _builder_version=&#8221;4.19.2&#8243; _module_preset=&#8221;default&#8221; custom_margin=&#8221;||16px|||&#8221; global_colors_info=&#8221;{}&#8221;]<div class=\"breadcrumb\"><a href=\"https:\/\/www.granapadano.it\/it-it\/\">Home<\/a>  <  <\/div>[\/et_pb_code][\/et_pb_column][\/et_pb_row][\/et_pb_section][et_pb_section fb_built=&#8221;1&#8243; _builder_version=&#8221;4.27.6&#8243; _module_preset=&#8221;default&#8221; background_enable_image=&#8221;off&#8221; background_position=&#8221;top_center&#8221; min_height=&#8221;550px&#8221; custom_margin=&#8221;||-60px||false|false&#8221; custom_padding=&#8221;60px||0px||false|false&#8221; locked=&#8221;off&#8221; global_colors_info=&#8221;{}&#8221;][et_pb_row column_structure=&#8221;2_5,3_5&#8243; custom_padding_last_edited=&#8221;on|tablet&#8221; _builder_version=&#8221;4.27.6&#8243; _module_preset=&#8221;default&#8221; custom_margin=&#8221;||0px||false|false&#8221; custom_padding=&#8221;0px||0px||false|false&#8221; custom_padding_tablet=&#8221;32px|32px|32px|32px|true|true&#8221; custom_padding_phone=&#8221;32px|0px|32px|0px|true|true&#8221; global_colors_info=&#8221;{}&#8221;][et_pb_column type=&#8221;2_5&#8243; _builder_version=&#8221;4.27.6&#8243; _module_preset=&#8221;default&#8221; global_colors_info=&#8221;{}&#8221;][et_pb_heading title=&#8221;Grana Padano DOP&#8221; admin_label=&#8221;Heading&#8221; module_class=&#8221;new-gp-h1-heading&#8221; _builder_version=&#8221;4.27.6&#8243; _module_preset=&#8221;default&#8221; title_font=&#8221;&#8211;et_global_heading_font|600|||||||&#8221; title_text_color=&#8221;gcid-cdd0517b-cb7c-4f63-9e4c-4eaf7d046da3&#8243; title_font_size=&#8221;45px&#8221; title_line_height=&#8221;1.6em&#8221; max_width=&#8221;100%&#8221; module_alignment=&#8221;left&#8221; custom_margin=&#8221;|||0px|false|false&#8221; custom_padding=&#8221;|||0px|false|false&#8221; title_font_size_tablet=&#8221;32px&#8221; title_font_size_phone=&#8221;32px&#8221; title_font_size_last_edited=&#8221;on|phone&#8221; locked=&#8221;off&#8221; global_colors_info=&#8221;{%22gcid-cdd0517b-cb7c-4f63-9e4c-4eaf7d046da3%22:%91%22title_text_color%22%93}&#8221;][\/et_pb_heading][et_pb_text disabled_on=&#8221;on|off|off&#8221; _builder_version=&#8221;4.27.6&#8243; _module_preset=&#8221;default&#8221; text_font=&#8221;|300|||||||&#8221; text_text_color=&#8221;#876346&#8243; text_font_size=&#8221;12px&#8221; text_line_height=&#8221;26px&#8221; max_width=&#8221;94%&#8221; custom_padding=&#8221;||21px||false|false&#8221; hover_enabled=&#8221;0&#8243; global_colors_info=&#8221;{}&#8221; sticky_enabled=&#8221;0&#8243;]<\/p>\n<p>Non esiste <strong>nessun\u2019altra classificazione casearia<\/strong> che pu\u00f2 utilizzare<br \/>il termine \u201cgrana\u201d. Il<strong> nome<\/strong> di questo formaggio italiano andrebbe<br \/>sempre pronunciato per intero: <strong>Grana Padano<\/strong>.<\/p>\n<p>[\/et_pb_text][et_pb_text disabled_on=&#8221;off|on|on&#8221; _builder_version=&#8221;4.27.6&#8243; _module_preset=&#8221;default&#8221; text_font=&#8221;|300|||||||&#8221; text_text_color=&#8221;#876346&#8243; text_font_size=&#8221;12px&#8221; text_line_height=&#8221;26px&#8221; max_width=&#8221;94%&#8221; custom_padding=&#8221;||21px||false|false&#8221; global_colors_info=&#8221;{}&#8221;]<\/p>\n<p>Non esiste <strong>nessun\u2019altra classificazione casearia<br \/><\/strong>che pu\u00f2 utilizzare il termine \u201cgrana\u201d.<br \/><strong>Il nome<\/strong> di questo formaggio italiano andrebbe<br \/>sempre pronunciato per intero: <strong>Grana Padano<\/strong>.<\/p>\n<p>[\/et_pb_text][et_pb_button button_url=&#8221;https:\/\/www.granapadano.it\/it-it\/la-forma-del-benessere\/proprieta-nutrizionali\/&#8221; button_text=&#8221;Scopri di pi\u00f9&#8221; button_alignment=&#8221;left&#8221; module_class=&#8221;yellow-btn&#8221; _builder_version=&#8221;4.27.6&#8243; _module_preset=&#8221;default&#8221; custom_button=&#8221;on&#8221; button_text_color=&#8221;gcid-46a7fd9b-e7e5-4c0a-b621-f5f3bcee3ed6&#8243; button_bg_color=&#8221;#ffdc00&#8243; button_border_width=&#8221;0px&#8221; button_border_radius=&#8221;0px&#8221; button_font=&#8221;&#8211;et_global_heading_font||||||||&#8221; button_icon=&#8221;&#x24;||divi||400&#8243; button_on_hover=&#8221;off&#8221; custom_padding=&#8221;16px|30px|16px|16px|true|false&#8221; locked=&#8221;off&#8221; global_colors_info=&#8221;{%22gcid-46a7fd9b-e7e5-4c0a-b621-f5f3bcee3ed6%22:%91%22button_text_color%22%93}&#8221;][\/et_pb_button][\/et_pb_column][et_pb_column type=&#8221;3_5&#8243; _builder_version=&#8221;4.27.6&#8243; _module_preset=&#8221;default&#8221; custom_padding=&#8221;||0px||false|false&#8221; global_colors_info=&#8221;{}&#8221;][et_pb_text _builder_version=&#8221;4.27.6&#8243; _module_preset=&#8221;default&#8221; text_font=&#8221;&#8211;et_global_body_font||||||||&#8221; text_text_color=&#8221;#44392b&#8221; text_font_size=&#8221;16px&#8221; text_line_height=&#8221;1.6em&#8221; custom_margin=&#8221;||30px||false|false&#8221; custom_padding_tablet=&#8221;&#8221; custom_padding_phone=&#8221;||||false|false&#8221; custom_padding_last_edited=&#8221;on|phone&#8221; global_colors_info=&#8221;{}&#8221;]<\/p>\n<p style=\"text-align: left;\">\n<p style=\"text-align: left;\">Si sa, quando un alimento si distingue per le proprie qualit\u00e0, quando diventa noto e apprezzato in tutto il mondo e quando sono davvero in molti a chiamarlo, succede che il suo nome \u2013 Grana Padano, per l\u2019appunto &#8211; diventi un\u2019antonomasia e venga utilizzato per riferirsi a un intero genere di formaggi. Tuttavia, noi del Consorzio di Tutela crediamo nell\u2019importanza dei nomi e ci adoperiamo affinch\u00e9 vengano rispettati. Poich\u00e9 Grana Padano DOP \u00e8 molto pi\u00f9 di una denominazione: \u00e8 la storia di un formaggio eccezionale, di secoli di tradizioni, passione e maestria.<\/p>\n<p style=\"text-align: left;\">Scoprire i segreti dietro a Grana Padano significa fare un viaggio tra le curiosit\u00e0 del formaggio DOP pi\u00f9 amato al mondo.<br \/>Come nasce Grana Padano, i dettagli della lavorazione, i vari formati, il taglio della forma\u2026 Il mondo di Grana Padano \u00e8 ampio, interessante e generoso. E aspetta solo di essere scoperto.<\/p>\n<p>[\/et_pb_text][\/et_pb_column][\/et_pb_row][\/et_pb_section][et_pb_section fb_built=&#8221;1&#8243; module_class=&#8221;prodotto_icono_dop_four_sec&#8221; _builder_version=&#8221;4.27.6&#8243; _module_preset=&#8221;default&#8221; background_enable_image=&#8221;off&#8221; background_size=&#8221;contain&#8221; background_position=&#8221;top_center&#8221; min_height=&#8221;966.1px&#8221; custom_margin=&#8221;0px||||false|false&#8221; custom_padding=&#8221;2px||40px|||&#8221; locked=&#8221;off&#8221; global_colors_info=&#8221;{}&#8221;][et_pb_row disabled_on=&#8221;off|off|off&#8221; _builder_version=&#8221;4.27.6&#8243; _module_preset=&#8221;default&#8221; width=&#8221;100%&#8221; max_width=&#8221;100%&#8221; custom_margin=&#8221;20px||||false|false&#8221; custom_padding=&#8221;0px||60px||false|false&#8221; locked=&#8221;off&#8221; global_colors_info=&#8221;{}&#8221;][et_pb_column type=&#8221;4_4&#8243; _builder_version=&#8221;4.19.0&#8243; _module_preset=&#8221;default&#8221; global_colors_info=&#8221;{}&#8221;][et_pb_image src=&#8221;https:\/\/www.granapadano.it\/wp-content\/uploads\/2026\/03\/GP_Il-prodotto-iconico-cuore-ITA-scaled.png&#8221; title_text=&#8221;GP_Il prodotto iconico cuore ITA mob&#8221; align=&#8221;center&#8221; src_tablet=&#8221;https:\/\/www.granapadano.it\/wp-content\/uploads\/2026\/03\/GP_Il-prodotto-iconico-cuore-ITA-scaled.png&#8221; src_phone=&#8221;https:\/\/www.granapadano.it\/wp-content\/uploads\/2026\/03\/GP_Il-prodotto-iconico-cuore-ITA-mob.png&#8221; src_last_edited=&#8221;on|phone&#8221; _builder_version=&#8221;4.27.6&#8243; _module_preset=&#8221;default&#8221; transform_scale=&#8221;110%|110%&#8221; transform_scale_tablet=&#8221;125%|125%&#8221; transform_scale_phone=&#8221;110%|110%&#8221; transform_scale_last_edited=&#8221;on|phone&#8221; transform_translate_tablet=&#8221;&#8221; transform_translate_phone=&#8221;&#8221; transform_translate_last_edited=&#8221;on|desktop&#8221; transform_rotate_tablet=&#8221;&#8221; transform_rotate_phone=&#8221;&#8221; transform_rotate_last_edited=&#8221;on|desktop&#8221; transform_skew_tablet=&#8221;&#8221; transform_skew_phone=&#8221;&#8221; transform_skew_last_edited=&#8221;on|desktop&#8221; transform_origin_tablet=&#8221;&#8221; transform_origin_phone=&#8221;&#8221; transform_origin_last_edited=&#8221;on|desktop&#8221; transform_styles_last_edited=&#8221;on|phone&#8221; width=&#8221;100%&#8221; transform_styles_tablet=&#8221;&#8221; transform_styles_phone=&#8221;&#8221; global_colors_info=&#8221;{}&#8221;][\/et_pb_image][\/et_pb_column][\/et_pb_row][et_pb_row column_structure=&#8221;1_4,1_4,1_4,1_4&#8243; module_class=&#8221;dop_four_section_wrapper&#8221; _builder_version=&#8221;4.27.6&#8243; _module_preset=&#8221;default&#8221; transform_scale=&#8221;94%|94%&#8221; max_width=&#8221;90%&#8221; custom_padding=&#8221;11px|||||&#8221; global_colors_info=&#8221;{}&#8221;][et_pb_column type=&#8221;1_4&#8243; _builder_version=&#8221;4.27.6&#8243; _module_preset=&#8221;default&#8221; link_option_url=&#8221;\/larte-della-produzione\/il-prodotto-iconico\/ingredienti\/&#8221; custom_css_free_form=&#8221;.dop_four_section_wrapper .et_pb_column { border-radius: 0px 0px 0px 0px !important }&#8221; global_colors_info=&#8221;{}&#8221;][et_pb_image src=&#8221;https:\/\/www.granapadano.it\/wp-content\/uploads\/2023\/03\/Icon-Ingredienti-2.png&#8221; title_text=&#8221;Icon-Ingredienti-2&#8243; align=&#8221;center&#8221; _builder_version=&#8221;4.20.2&#8243; _module_preset=&#8221;default&#8221; custom_margin=&#8221;||23px|||&#8221; global_colors_info=&#8221;{}&#8221; src__hover_enabled=&#8221;off|desktop&#8221; src__hover=&#8221;https:\/\/www.granapadano.it\/wp-content\/uploads\/2022\/11\/1.png&#8221;][\/et_pb_image][et_pb_text _builder_version=&#8221;4.19.5&#8243; _module_preset=&#8221;default&#8221; text_font=&#8221;FontPadano-Bold|300|||||||&#8221; text_text_color=&#8221;#0f0f0f&#8221; text_font_size=&#8221;30px&#8221; text_line_height=&#8221;38px&#8221; ul_text_align=&#8221;left&#8221; header_3_font=&#8221;FontPadano-Bold|300|||||||&#8221; header_3_text_color=&#8221;#0f0f0f&#8221; header_3_font_size=&#8221;23px&#8221; header_3_line_height=&#8221;31px&#8221; text_orientation=&#8221;center&#8221; custom_margin=&#8221;||11px|||&#8221; global_colors_info=&#8221;{}&#8221;]<\/p>\n<h3>Ingredienti<\/h3>\n<p>[\/et_pb_text][et_pb_text _builder_version=&#8221;4.27.6&#8243; _module_preset=&#8221;default&#8221; text_font=&#8221;||||||||&#8221; text_text_color=&#8221;#0f0f0f&#8221; text_font_size=&#8221;18px&#8221; text_line_height=&#8221;26px&#8221; text_orientation=&#8221;center&#8221; custom_margin=&#8221;|0px||0px|false|false&#8221; custom_padding=&#8221;|0px||0px|false|false&#8221; global_colors_info=&#8221;{}&#8221;]<\/p>\n<p>La <strong>bont\u00e0 vera<\/strong> richiede pochi ingredienti. <strong>Latte di qualit\u00e0 eccelsa<\/strong>, caglio, lisozima e sale: da qui nasce la magia.<\/p>\n<p>[\/et_pb_text][et_pb_image src=&#8221;https:\/\/www.granapadano.it\/wp-content\/uploads\/2022\/11\/Path-20171.png&#8221; title_text=&#8221;Path 20171&#8243; url=&#8221;https:\/\/www.granapadano.it\/larte-del-saper-fare\/il-prodotto-iconico\/ingredienti\/&#8221; align=&#8221;right&#8221; _builder_version=&#8221;4.27.6&#8243; _module_preset=&#8221;default&#8221; global_colors_info=&#8221;{}&#8221;][\/et_pb_image][\/et_pb_column][et_pb_column type=&#8221;1_4&#8243; _builder_version=&#8221;4.27.6&#8243; _module_preset=&#8221;default&#8221; link_option_url=&#8221;https:\/\/www.granapadano.it\/larte-del-saper-fare\/il-prodotto-iconico\/le-stagionature\/&#8221; global_colors_info=&#8221;{}&#8221;][et_pb_image src=&#8221;https:\/\/www.granapadano.it\/wp-content\/uploads\/2023\/03\/Icon-Stagionaure.png&#8221; title_text=&#8221;Icon-Stagionaure&#8221; align=&#8221;center&#8221; _builder_version=&#8221;4.20.2&#8243; _module_preset=&#8221;default&#8221; global_colors_info=&#8221;{}&#8221; src__hover_enabled=&#8221;off|hover&#8221; src__hover=&#8221;https:\/\/www.granapadano.it\/wp-content\/uploads\/2022\/11\/2.png&#8221;][\/et_pb_image][et_pb_text _builder_version=&#8221;4.19.4&#8243; _module_preset=&#8221;default&#8221; text_font=&#8221;FontPadano-Bold|300|||||||&#8221; text_text_color=&#8221;#0f0f0f&#8221; text_font_size=&#8221;30px&#8221; text_line_height=&#8221;38px&#8221; ul_text_align=&#8221;left&#8221; header_3_font=&#8221;FontPadano-Bold|300|||||||&#8221; header_3_text_color=&#8221;#0f0f0f&#8221; header_3_font_size=&#8221;23px&#8221; header_3_line_height=&#8221;31px&#8221; text_orientation=&#8221;center&#8221; custom_margin=&#8221;||11px|||&#8221; global_colors_info=&#8221;{}&#8221;]<\/p>\n<h3>Le Stagionature<\/h3>\n<p>[\/et_pb_text][et_pb_text _builder_version=&#8221;4.20.2&#8243; _module_preset=&#8221;default&#8221; text_text_color=&#8221;#0f0f0f&#8221; text_font_size=&#8221;18px&#8221; text_line_height=&#8221;26px&#8221; text_orientation=&#8221;center&#8221; global_colors_info=&#8221;{}&#8221;]\u00c8 la <strong>stagionatura<\/strong> a caratterizzare le <strong>sfumature di sapore<\/strong> di Grana Padano. Diverse stagionature, diversi modi di vivere l\u2019attesa.<br \/>\n[\/et_pb_text][et_pb_image src=&#8221;https:\/\/www.granapadano.it\/wp-content\/uploads\/2022\/11\/Path-20171.png&#8221; title_text=&#8221;Path 20171&#8243; url=&#8221;https:\/\/www.granapadano.it\/larte-del-saper-fare\/il-prodotto-iconico\/le-stagionature\/&#8221; align=&#8221;right&#8221; _builder_version=&#8221;4.27.6&#8243; _module_preset=&#8221;default&#8221; background_enable_color=&#8221;off&#8221; global_colors_info=&#8221;{}&#8221; background__hover_enabled=&#8221;off|desktop&#8221;][\/et_pb_image][\/et_pb_column][et_pb_column type=&#8221;1_4&#8243; _builder_version=&#8221;4.27.6&#8243; _module_preset=&#8221;default&#8221; link_option_url=&#8221;https:\/\/www.granapadano.it\/larte-del-saper-fare\/il-prodotto-iconico\/come-riconoscerlo\/&#8221; global_colors_info=&#8221;{}&#8221;][et_pb_image src=&#8221;https:\/\/www.granapadano.it\/wp-content\/uploads\/2023\/03\/Icon-Riconoscerlo.png&#8221; title_text=&#8221;Icon-Riconoscerlo&#8221; align=&#8221;center&#8221; _builder_version=&#8221;4.20.2&#8243; _module_preset=&#8221;default&#8221; global_colors_info=&#8221;{}&#8221; src__hover_enabled=&#8221;off|desktop&#8221; src__hover=&#8221;https:\/\/www.granapadano.it\/wp-content\/uploads\/2022\/11\/3.png&#8221;][\/et_pb_image][et_pb_text _builder_version=&#8221;4.19.1&#8243; _module_preset=&#8221;default&#8221; text_font=&#8221;FontPadano-Bold|300|||||||&#8221; text_text_color=&#8221;#0f0f0f&#8221; text_font_size=&#8221;30px&#8221; text_line_height=&#8221;38px&#8221; ul_text_align=&#8221;left&#8221; header_3_font=&#8221;FontPadano-Bold|300|||||||&#8221; header_3_text_color=&#8221;#0f0f0f&#8221; header_3_font_size=&#8221;23px&#8221; header_3_line_height=&#8221;31px&#8221; text_orientation=&#8221;center&#8221; custom_margin=&#8221;||11px|||&#8221; global_colors_info=&#8221;{}&#8221;]<\/p>\n<h3>Come Riconoscerlo<\/h3>\n<p>[\/et_pb_text][et_pb_text _builder_version=&#8221;4.20.2&#8243; _module_preset=&#8221;default&#8221; text_text_color=&#8221;#0f0f0f&#8221; text_font_size=&#8221;18px&#8221; text_line_height=&#8221;26px&#8221; text_orientation=&#8221;center&#8221; global_colors_info=&#8221;{}&#8221;]Solo le migliori forme ricevono il <strong>marchio a fuoco<\/strong>, simbolo che le identifica ufficialmente come formaggio Grana Padano DOP.<br \/>\n[\/et_pb_text][et_pb_image src=&#8221;https:\/\/www.granapadano.it\/wp-content\/uploads\/2022\/11\/Path-20171.png&#8221; title_text=&#8221;Path 20171&#8243; url=&#8221;https:\/\/www.granapadano.it\/larte-del-saper-fare\/il-prodotto-iconico\/come-riconoscerlo\/&#8221; align=&#8221;right&#8221; _builder_version=&#8221;4.27.6&#8243; _module_preset=&#8221;default&#8221; global_colors_info=&#8221;{}&#8221;][\/et_pb_image][\/et_pb_column][et_pb_column type=&#8221;1_4&#8243; _builder_version=&#8221;4.27.6&#8243; _module_preset=&#8221;default&#8221; link_option_url=&#8221;https:\/\/www.granapadano.it\/larte-del-saper-fare\/il-prodotto-iconico\/come-degustarlo\/&#8221; global_colors_info=&#8221;{}&#8221;][et_pb_image src=&#8221;https:\/\/www.granapadano.it\/wp-content\/uploads\/2023\/03\/Icon-Degustarlo.png&#8221; title_text=&#8221;Icon-Degustarlo&#8221; align=&#8221;center&#8221; _builder_version=&#8221;4.20.2&#8243; _module_preset=&#8221;default&#8221; global_colors_info=&#8221;{}&#8221; src__hover_enabled=&#8221;off|desktop&#8221; src__hover=&#8221;https:\/\/www.granapadano.it\/wp-content\/uploads\/2022\/11\/4.png&#8221;][\/et_pb_image][et_pb_text _builder_version=&#8221;4.19.1&#8243; _module_preset=&#8221;default&#8221; text_font=&#8221;FontPadano-Bold|300|||||||&#8221; text_text_color=&#8221;#0f0f0f&#8221; text_font_size=&#8221;30px&#8221; text_line_height=&#8221;38px&#8221; ul_text_align=&#8221;left&#8221; header_3_font=&#8221;FontPadano-Bold|300|||||||&#8221; header_3_text_color=&#8221;#0f0f0f&#8221; header_3_font_size=&#8221;23px&#8221; header_3_line_height=&#8221;31px&#8221; text_orientation=&#8221;center&#8221; custom_margin=&#8221;||11px|||&#8221; global_colors_info=&#8221;{}&#8221;]<\/p>\n<h3>Come Degustarlo<\/h3>\n<p>[\/et_pb_text][et_pb_text _builder_version=&#8221;4.19.4&#8243; _module_preset=&#8221;default&#8221; text_text_color=&#8221;#0f0f0f&#8221; text_font_size=&#8221;18px&#8221; text_line_height=&#8221;26px&#8221; text_orientation=&#8221;center&#8221; global_colors_info=&#8221;{}&#8221;]Ci sono molti modi di assaporare il <strong>gusto italiano<\/strong>. Perch\u00e9 assaggiare Grana Padano \u00e8 sempre <strong>un\u2019esperienza unica<\/strong>.<br \/>\n[\/et_pb_text][et_pb_image src=&#8221;https:\/\/www.granapadano.it\/wp-content\/uploads\/2022\/11\/Path-20171.png&#8221; title_text=&#8221;Path 20171&#8243; url=&#8221;https:\/\/www.granapadano.it\/larte-del-saper-fare\/il-prodotto-iconico\/come-degustarlo\/&#8221; align=&#8221;right&#8221; _builder_version=&#8221;4.27.6&#8243; _module_preset=&#8221;default&#8221; global_colors_info=&#8221;{}&#8221;][\/et_pb_image][\/et_pb_column][\/et_pb_row][\/et_pb_section][et_pb_section fb_built=&#8221;1&#8243; disabled_on=&#8221;off|off|off&#8221; module_class=&#8221;giovani_filiera_title curiosita_eventi_filiera &#8221; _builder_version=&#8221;4.27.6&#8243; _module_preset=&#8221;default&#8221; background_color=&#8221;#201d19&#8243; custom_padding=&#8221;||||false|false&#8221; locked=&#8221;off&#8221; global_colors_info=&#8221;{}&#8221;][et_pb_row column_structure=&#8221;3_5,2_5&#8243; use_custom_gutter=&#8221;on&#8221; gutter_width=&#8221;3&#8243; make_equal=&#8221;on&#8221; module_class=&#8221;giovani_top_sec_wrapper giovani_filiera_top_wrapper&#8221; _builder_version=&#8221;4.20.2&#8243; _module_preset=&#8221;default&#8221; custom_margin=&#8221;-30px||||false|false&#8221; custom_padding=&#8221;30px||30px|||&#8221; global_colors_info=&#8221;{}&#8221;][et_pb_column type=&#8221;3_5&#8243; _builder_version=&#8221;4.19.4&#8243; _module_preset=&#8221;default&#8221; global_colors_info=&#8221;{}&#8221;][et_pb_video src=&#8221;https:\/\/www.youtube.com\/embed\/pfLaf3N_Xkg&#8221; image_src=&#8221;https:\/\/www.granapadano.it\/wp-content\/uploads\/2026\/03\/GP_Il-prodotto-iconico_Im-come-si-taglia.png&#8221; play_icon_color=&#8221;rgba(0,0,0,0.56)&#8221; font_icon=&#8221;&#xf144;||fa||900&#8243; thumbnail_overlay_color=&#8221;#000000&#8243; _builder_version=&#8221;4.27.6&#8243; _module_preset=&#8221;default&#8221; width=&#8221;90%&#8221; module_alignment=&#8221;right&#8221; global_colors_info=&#8221;{}&#8221;][\/et_pb_video][\/et_pb_column][et_pb_column type=&#8221;2_5&#8243; _builder_version=&#8221;4.19.4&#8243; _module_preset=&#8221;default&#8221; global_colors_info=&#8221;{}&#8221;][et_pb_text _builder_version=&#8221;4.27.6&#8243; _module_preset=&#8221;default&#8221; text_font=&#8221;Merriweather|700|||||||&#8221; text_text_color=&#8221;#FFFFFF&#8221; text_font_size=&#8221;22px&#8221; text_line_height=&#8221;26px&#8221; header_font=&#8221;|700|||||||&#8221; header_text_color=&#8221;#0f0f0f&#8221; header_font_size=&#8221;56px&#8221; header_line_height=&#8221;62px&#8221; header_2_text_color=&#8221;#FFFFFF&#8221; header_2_font_size=&#8221;35px&#8221; header_2_line_height=&#8221;1.4em&#8221; header_3_font=&#8221;|700|||||||&#8221; header_3_text_color=&#8221;#f9f1e4&#8243; header_3_font_size=&#8221;45px&#8221; header_3_line_height=&#8221;48px&#8221; custom_margin=&#8221;|0px||0px|false|false&#8221; custom_padding=&#8221;0px|0px||0px|false|false&#8221; global_colors_info=&#8221;{}&#8221;]<\/p>\n<h2 style=\"text-align: left;\">Come si taglia una forma<br \/>di Grana Padano<\/h2>\n<p>[\/et_pb_text][et_pb_text _builder_version=&#8221;4.27.6&#8243; _module_preset=&#8221;default&#8221; text_font=&#8221;||||||||&#8221; text_text_color=&#8221;#FFFFFF&#8221; text_font_size=&#8221;16px&#8221; text_line_height=&#8221;26px&#8221; custom_margin=&#8221;|0px||0px|false|false&#8221; custom_padding=&#8221;|0px|25px|0px|false|false&#8221; global_colors_info=&#8221;{}&#8221;]<\/p>\n<p>Il taglio della forma \u00e8 come un rituale, un processo che va svolto con precisione e cura. La forma intera viene tagliata secondo una geometria precisa, grazie a gesti studiati e definiti nel tempo dalla tradizione e dalla bravura dei migliori maestri casari, anche perch\u00e9 evitare gli sprechi \u00e8 uno dei valori e delle priorit\u00e0 di chi produce Grana Padano.<br \/>Ecco come nascono le \u201cpunte\u201d perfette, con il giusto equilibrio tra pasta e crosta , per garantire una degustazione che sia un vero trionfo di sensazioni.<\/p>\n<p>[\/et_pb_text][\/et_pb_column][\/et_pb_row][\/et_pb_section][et_pb_section fb_built=&#8221;1&#8243; module_id=&#8221;presentarlo-conservarlo&#8221; module_class=&#8221;gp_production_sub_hub_slider_sec gp_larte_della_slider&#8221; _builder_version=&#8221;4.20.4&#8243; _module_preset=&#8221;default&#8221; custom_padding=&#8221;35px||16px|||&#8221; locked=&#8221;off&#8221; global_colors_info=&#8221;{}&#8221;][et_pb_row _builder_version=&#8221;4.19.4&#8243; _module_preset=&#8221;default&#8221; max_width=&#8221;90%&#8221; custom_padding=&#8221;||||false|false&#8221; global_colors_info=&#8221;{}&#8221;][et_pb_column type=&#8221;4_4&#8243; _builder_version=&#8221;4.19.1&#8243; _module_preset=&#8221;default&#8221; global_colors_info=&#8221;{}&#8221;][et_pb_text _builder_version=&#8221;4.27.6&#8243; _module_preset=&#8221;default&#8221; header_text_align=&#8221;left&#8221; header_2_font=&#8221;|700|||||||&#8221; header_2_text_color=&#8221;#221f1c&#8221; header_2_font_size=&#8221;35px&#8221; header_2_line_height=&#8221;52px&#8221; text_orientation=&#8221;center&#8221; min_height=&#8221;66px&#8221; custom_margin=&#8221;||-12px||false|false&#8221; custom_padding=&#8221;40px||||false|false&#8221; global_colors_info=&#8221;{}&#8221;]<\/p>\n<h2><span style=\"color: #000000;\">Come presentarlo e conservarlo<\/span><\/h2>\n<p>[\/et_pb_text][\/et_pb_column][\/et_pb_row][et_pb_row _builder_version=&#8221;4.19.4&#8243; _module_preset=&#8221;default&#8221; global_colors_info=&#8221;{}&#8221;][et_pb_column type=&#8221;4_4&#8243; _builder_version=&#8221;4.19.4&#8243; _module_preset=&#8221;default&#8221; global_colors_info=&#8221;{}&#8221;][et_pb_slider _builder_version=&#8221;4.27.6&#8243; _module_preset=&#8221;default&#8221; width=&#8221;90%&#8221; max_width=&#8221;90%&#8221; custom_margin=&#8221;||||false|false&#8221; custom_padding=&#8221;0px|0px|0px|0px|false|false&#8221; global_colors_info=&#8221;{}&#8221;][et_pb_slide heading=&#8221;Tutto comincia con il tipico coltellino&#8221; image=&#8221;https:\/\/www.granapadano.it\/wp-content\/uploads\/2026\/03\/GP_Il-prodotto-iconico_Coltellino-1.jpg&#8221; dot_nav_custom_color=&#8221;#000000&#8243; _builder_version=&#8221;4.27.6&#8243; _module_preset=&#8221;default&#8221; header_level=&#8221;h2&#8243; header_font=&#8221;Merriweather|700|||||||&#8221; header_text_align=&#8221;center&#8221; header_text_color=&#8221;#0f0f0f&#8221; header_font_size=&#8221;22px&#8221; header_line_height=&#8221;30px&#8221; body_font=&#8221;||||||||&#8221; body_text_align=&#8221;center&#8221; body_text_color=&#8221;#000000&#8243; body_line_height=&#8221;26px&#8221; background_enable_color=&#8221;off&#8221; custom_button=&#8221;on&#8221; button_text_size=&#8221;24px&#8221; button_text_color=&#8221;gcid-8696fd7e-29dd-4028-9d4d-981b208a53a9&#8243; button_bg_color=&#8221;gcid-26f0371c-74dd-4e63-bbf8-f8ec94f09a6d&#8221; button_border_color=&#8221;gcid-26f0371c-74dd-4e63-bbf8-f8ec94f09a6d&#8221; button_border_radius=&#8221;45px&#8221; button_font=&#8221;FontPadano-Bold|700|||||||&#8221; button_use_icon=&#8221;off&#8221; button_alignment=&#8221;center&#8221; button_custom_padding=&#8221;|50px||50px|false|false&#8221; background_layout=&#8221;light&#8221; custom_css_free_form=&#8221;ingredient_sec .et_pb_image_wrap img, .gp_production_sub_hub_slider_sec .et_pb_slider_container_inner img{|| border-radius: 0px 0px 0px 0px !important }&#8221; global_colors_info=&#8221;{%22gcid-8696fd7e-29dd-4028-9d4d-981b208a53a9%22:%91%22button_text_color%22%93,%22gcid-26f0371c-74dd-4e63-bbf8-f8ec94f09a6d%22:%91%22button_border_color%22,%22button_bg_color%22%93}&#8221; button_icon_color__hover_enabled=&#8221;on|desktop&#8221; button_icon_color__hover=&#8221;RGBA(255,255,255,0)&#8221; dot_nav_custom_color__hover_enabled=&#8221;off|desktop&#8221; sticky_transition=&#8221;on&#8221;]<\/p>\n<p>Grana Padano \u00e8 perfetto per <strong>un aperitivo in compagnia<\/strong>, o a fine pasto prima della frutta.<br \/>Per servire un tagliere di Grana Padano \u00e8 necessario dotarsi del tipico coltellino. Il <strong>tagliagrana<\/strong> \u00e8 un coltello dalla lama corta e robusta ed \u00e8 l\u2019ideale per realizzare singole <strong>scaglie<\/strong> di Grana Padano. Il formaggio in questo caso non deve essere tagliato, bensi \u201cscalzato\u201d in pezzi di dimensioni simili, che esprimono tutta la <strong>fragranza e l\u2019aroma<\/strong> di questo prodotto.<\/p>\n<p>[\/et_pb_slide][et_pb_slide heading=&#8221;La sottigliezza delicata e leggera dell&#8217;affettagrana&#8221; image=&#8221;https:\/\/www.granapadano.it\/wp-content\/uploads\/2026\/03\/affettagrana.jpg&#8221; dot_nav_custom_color=&#8221;#000000&#8243; _builder_version=&#8221;4.27.6&#8243; _module_preset=&#8221;default&#8221; header_level=&#8221;h2&#8243; header_font=&#8221;Merriweather|700|||||||&#8221; header_text_align=&#8221;center&#8221; header_text_color=&#8221;#0f0f0f&#8221; header_font_size=&#8221;22px&#8221; header_line_height=&#8221;30px&#8221; body_font=&#8221;||||||||&#8221; body_text_align=&#8221;center&#8221; body_text_color=&#8221;#000000&#8243; body_line_height=&#8221;26px&#8221; background_enable_color=&#8221;off&#8221; custom_button=&#8221;on&#8221; button_text_size=&#8221;24px&#8221; button_text_color=&#8221;gcid-8696fd7e-29dd-4028-9d4d-981b208a53a9&#8243; button_bg_color=&#8221;gcid-26f0371c-74dd-4e63-bbf8-f8ec94f09a6d&#8221; button_border_color=&#8221;gcid-26f0371c-74dd-4e63-bbf8-f8ec94f09a6d&#8221; button_border_radius=&#8221;45px&#8221; button_font=&#8221;FontPadano-Bold|700|||||||&#8221; button_use_icon=&#8221;off&#8221; button_alignment=&#8221;center&#8221; button_custom_padding=&#8221;|50px||50px|false|false&#8221; background_layout=&#8221;light&#8221; global_colors_info=&#8221;{%22gcid-8696fd7e-29dd-4028-9d4d-981b208a53a9%22:%91%22button_text_color%22,%22button_text_color%22%93,%22gcid-26f0371c-74dd-4e63-bbf8-f8ec94f09a6d%22:%91%22button_border_color%22,%22button_bg_color%22,%22button_border_color%22,%22button_bg_color%22%93}&#8221; button_icon_color__hover_enabled=&#8221;on|desktop&#8221; button_icon_color__hover=&#8221;RGBA(255,255,255,0)&#8221; dot_nav_custom_color__hover_enabled=&#8221;off|desktop&#8221; sticky_transition=&#8221;on&#8221;]<\/p>\n<p>Se ci\u00f2 che ti serve \u00e8 ottenere delle scagliette sottili come sfoglia, da spargere a completamento dei tuoi piatti, usa il <strong>tipico coltello &#8220;affettagrana&#8221;<\/strong> che permette di ottenere sottilissimi &#8220;petali&#8221; di formaggio, che si adageranno sulle tue preparazioni senza appesantirle e<strong> senza alterare l&#8217;equilibrio dei sapori<\/strong>.<\/p>\n<p>[\/et_pb_slide][et_pb_slide heading=&#8221;L&#8217;inconfondibile stile della tradizione italiana&#8221; image=&#8221;https:\/\/www.granapadano.it\/wp-content\/uploads\/2023\/01\/Grattugia-1-1.jpg&#8221; dot_nav_custom_color=&#8221;#000000&#8243; _builder_version=&#8221;4.27.6&#8243; _module_preset=&#8221;default&#8221; header_level=&#8221;h2&#8243; header_font=&#8221;Merriweather|700|||||||&#8221; header_text_align=&#8221;center&#8221; header_text_color=&#8221;#0f0f0f&#8221; header_font_size=&#8221;22px&#8221; header_line_height=&#8221;30px&#8221; body_font=&#8221;||||||||&#8221; body_text_align=&#8221;center&#8221; body_text_color=&#8221;#000000&#8243; body_line_height=&#8221;26px&#8221; background_enable_color=&#8221;off&#8221; custom_button=&#8221;on&#8221; button_text_size=&#8221;24px&#8221; button_text_color=&#8221;gcid-8696fd7e-29dd-4028-9d4d-981b208a53a9&#8243; button_bg_color=&#8221;gcid-26f0371c-74dd-4e63-bbf8-f8ec94f09a6d&#8221; button_border_color=&#8221;gcid-26f0371c-74dd-4e63-bbf8-f8ec94f09a6d&#8221; button_border_radius=&#8221;45px&#8221; button_font=&#8221;FontPadano-Bold|700|||||||&#8221; button_use_icon=&#8221;off&#8221; button_alignment=&#8221;center&#8221; button_custom_padding=&#8221;|50px||50px|false|false&#8221; background_layout=&#8221;light&#8221; global_colors_info=&#8221;{%22gcid-8696fd7e-29dd-4028-9d4d-981b208a53a9%22:%91%22button_text_color%22,%22button_text_color%22%93,%22gcid-26f0371c-74dd-4e63-bbf8-f8ec94f09a6d%22:%91%22button_border_color%22,%22button_bg_color%22,%22button_border_color%22,%22button_bg_color%22%93}&#8221; button_icon_color__hover_enabled=&#8221;on|desktop&#8221; button_icon_color__hover=&#8221;RGBA(255,255,255,0)&#8221; dot_nav_custom_color__hover_enabled=&#8221;off|desktop&#8221; sticky_transition=&#8221;on&#8221;]<\/p>\n<p>Tra gli strumenti principe per consumarmi al meglio, non pu\u00f2 mancare la <strong>grattugia<\/strong>. Inconfondibile simbolo della tradizione culinaria italiana, permetter\u00e0 di cospargere il formaggio in modo uniforme, a granulosit\u00e0 pi\u00f9 o meno sottile, che cadr\u00e0 &#8220;a neve&#8221; su tutti i tuoi piatti con un effetto decorativo di grande e tipico effetto.<\/p>\n<p>[\/et_pb_slide][et_pb_slide heading=&#8221;Come conservarlo&#8221; image=&#8221;https:\/\/www.granapadano.it\/wp-content\/uploads\/2023\/01\/Come-conservarlo-1.jpg&#8221; dot_nav_custom_color=&#8221;#000000&#8243; _builder_version=&#8221;4.27.6&#8243; _module_preset=&#8221;default&#8221; header_level=&#8221;h2&#8243; header_font=&#8221;Merriweather|700|||||||&#8221; header_text_align=&#8221;center&#8221; header_text_color=&#8221;#0f0f0f&#8221; header_font_size=&#8221;22px&#8221; header_line_height=&#8221;30px&#8221; body_font=&#8221;||||||||&#8221; body_text_align=&#8221;center&#8221; body_text_color=&#8221;#000000&#8243; body_line_height=&#8221;26px&#8221; background_enable_color=&#8221;off&#8221; custom_button=&#8221;on&#8221; button_text_size=&#8221;24px&#8221; button_text_color=&#8221;gcid-8696fd7e-29dd-4028-9d4d-981b208a53a9&#8243; button_bg_color=&#8221;gcid-26f0371c-74dd-4e63-bbf8-f8ec94f09a6d&#8221; button_border_color=&#8221;gcid-26f0371c-74dd-4e63-bbf8-f8ec94f09a6d&#8221; button_border_radius=&#8221;45px&#8221; button_font=&#8221;FontPadano-Bold|700|||||||&#8221; button_use_icon=&#8221;off&#8221; button_alignment=&#8221;center&#8221; button_custom_padding=&#8221;|50px||50px|false|false&#8221; background_layout=&#8221;light&#8221; global_colors_info=&#8221;{%22gcid-8696fd7e-29dd-4028-9d4d-981b208a53a9%22:%91%22button_text_color%22,%22button_text_color%22%93,%22gcid-26f0371c-74dd-4e63-bbf8-f8ec94f09a6d%22:%91%22button_border_color%22,%22button_bg_color%22,%22button_border_color%22,%22button_bg_color%22%93}&#8221; button_icon_color__hover_enabled=&#8221;on|desktop&#8221; button_icon_color__hover=&#8221;RGBA(255,255,255,0)&#8221; dot_nav_custom_color__hover_enabled=&#8221;off|desktop&#8221; sticky_transition=&#8221;on&#8221;]<\/p>\n<p>Il Grana Padano va collocato nella<strong> parte meno fredda del frigorifero<\/strong>, dove la temperatura si aggira normalmente attorno ai 8\u00b0. Non mettere il Grana Padano accanto ad altri formaggi dal sapore e dagli aromi diversi, poich\u00e9 potrebbero contaminare le sue qualit\u00e0 organolettiche. \u00c8 consigliabile avvolgere il Grana Padano, in <strong>pellicola ad uso alimentare oppure<\/strong> conservarlo in<strong> contenitori di plastica o vetro<\/strong>. Per gustare al meglio il Grana Padano, tiratelo fuori dal frigorifero un\u2019ora prima, scartatelo e lasciatelo \u201crespirare\u201d cosicch\u00e9 possa esprimere al meglio fragranza e gusto. Preparate delle scaglie solo al momento di servirlo per evitare che queste si asciughino.<\/p>\n<p>[\/et_pb_slide][\/et_pb_slider][\/et_pb_column][\/et_pb_row][\/et_pb_section][et_pb_section fb_built=&#8221;1&#8243; disabled_on=&#8221;on|on|on&#8221; module_id=&#8221;come-si-taglia&#8221; module_class=&#8221;gp_production_sub_hub_slider_sec gp_larte_della_slider curiosita_eventi_slider&#8221; _builder_version=&#8221;4.20.4&#8243; _module_preset=&#8221;default&#8221; custom_margin=&#8221;0px||||false|false&#8221; custom_padding=&#8221;||215px||false|false&#8221; disabled=&#8221;on&#8221; locked=&#8221;off&#8221; global_colors_info=&#8221;{}&#8221;][et_pb_row _builder_version=&#8221;4.20.2&#8243; _module_preset=&#8221;default&#8221; custom_margin=&#8221;0px||||false|false&#8221; global_colors_info=&#8221;{}&#8221;][et_pb_column type=&#8221;4_4&#8243; _builder_version=&#8221;4.19.4&#8243; _module_preset=&#8221;default&#8221; global_colors_info=&#8221;{}&#8221;][et_pb_slider module_class=&#8221;gp_yellow_btn_main&#8221; _builder_version=&#8221;4.27.6&#8243; _module_preset=&#8221;default&#8221; background_color=&#8221;RGBA(255,255,255,0)&#8221; width=&#8221;90%&#8221; max_width=&#8221;90%&#8221; custom_margin=&#8221;||||false|false&#8221; custom_padding=&#8221;0px|0px|0px|0px|false|false&#8221; global_colors_info=&#8221;{}&#8221;][et_pb_slide heading=&#8221; Il primo passo: l \u2019incisione&#8221; image=&#8221;https:\/\/www.granapadano.it\/wp-content\/uploads\/2023\/03\/MG_6408.jpg&#8221; dot_nav_custom_color=&#8221;#000000&#8243; _builder_version=&#8221;4.27.6&#8243; _module_preset=&#8221;default&#8221; header_level=&#8221;h2&#8243; header_font=&#8221;&#8211;et_global_heading_font|700|||||||&#8221; header_text_align=&#8221;center&#8221; header_text_color=&#8221;#0f0f0f&#8221; header_font_size=&#8221;25px&#8221; header_line_height=&#8221;31px&#8221; body_font=&#8221;Merriweather||||||||&#8221; body_text_align=&#8221;center&#8221; body_text_color=&#8221;#000000&#8243; body_font_size=&#8221;21px&#8221; body_line_height=&#8221;27px&#8221; background_enable_color=&#8221;off&#8221; custom_button=&#8221;on&#8221; button_text_size=&#8221;16px&#8221; button_text_color=&#8221;gcid-8696fd7e-29dd-4028-9d4d-981b208a53a9&#8243; button_bg_color=&#8221;gcid-26f0371c-74dd-4e63-bbf8-f8ec94f09a6d&#8221; button_border_color=&#8221;gcid-26f0371c-74dd-4e63-bbf8-f8ec94f09a6d&#8221; button_border_radius=&#8221;0px&#8221; button_font=&#8221;|700|||||||&#8221; button_use_icon=&#8221;off&#8221; button_alignment=&#8221;left&#8221; button_custom_padding=&#8221;|50px||50px|false|false&#8221; background_layout=&#8221;light&#8221; global_colors_info=&#8221;{%22gcid-8696fd7e-29dd-4028-9d4d-981b208a53a9%22:%91%22button_text_color%22%93,%22gcid-26f0371c-74dd-4e63-bbf8-f8ec94f09a6d%22:%91%22button_border_color%22,%22button_bg_color%22%93}&#8221; button_icon_color__hover_enabled=&#8221;on|desktop&#8221; button_icon_color__hover=&#8221;RGBA(255,255,255,0)&#8221; dot_nav_custom_color__hover_enabled=&#8221;off|desktop&#8221; background_layout__hover_enabled=&#8221;on|desktop&#8221; background_layout__hover=&#8221;light&#8221; sticky_transition=&#8221;on&#8221;]Tracciare una linea leggera con il particolare coltello uncinato lungo il diametro della forma e sullo scalzo, ambo i lati. Girare la forma e completare l&#8217; incisione sull&#8217; altra faccia piana. Usando il coltello uncinato, incidere la crosta per circa 1 centimetro.<br \/>\n[\/et_pb_slide][et_pb_slide heading=&#8221;Il secondo passo: l&#8217;inserimento&#8221; image=&#8221;https:\/\/www.granapadano.it\/wp-content\/uploads\/2023\/03\/MG_6442.jpg&#8221; dot_nav_custom_color=&#8221;#000000&#8243; _builder_version=&#8221;4.27.6&#8243; _module_preset=&#8221;default&#8221; header_level=&#8221;h2&#8243; header_font=&#8221;Merriweather|700|||||||&#8221; header_text_align=&#8221;center&#8221; header_text_color=&#8221;#0f0f0f&#8221; header_font_size=&#8221;25px&#8221; header_line_height=&#8221;31px&#8221; body_font=&#8221;Merriweather||||||||&#8221; body_text_align=&#8221;center&#8221; body_text_color=&#8221;#000000&#8243; body_font_size=&#8221;21px&#8221; body_line_height=&#8221;27px&#8221; background_enable_color=&#8221;off&#8221; custom_button=&#8221;on&#8221; button_text_size=&#8221;16px&#8221; button_text_color=&#8221;gcid-8696fd7e-29dd-4028-9d4d-981b208a53a9&#8243; button_bg_color=&#8221;gcid-26f0371c-74dd-4e63-bbf8-f8ec94f09a6d&#8221; button_border_color=&#8221;gcid-26f0371c-74dd-4e63-bbf8-f8ec94f09a6d&#8221; button_border_radius=&#8221;0px&#8221; button_font=&#8221;&#8211;et_global_heading_font||||||||&#8221; button_use_icon=&#8221;off&#8221; button_alignment=&#8221;left&#8221; button_custom_padding=&#8221;|50px||50px|false|false&#8221; background_layout=&#8221;light&#8221; global_colors_info=&#8221;{%22gcid-8696fd7e-29dd-4028-9d4d-981b208a53a9%22:%91%22button_text_color%22,%22button_text_color%22%93,%22gcid-26f0371c-74dd-4e63-bbf8-f8ec94f09a6d%22:%91%22button_border_color%22,%22button_bg_color%22,%22button_border_color%22,%22button_bg_color%22%93}&#8221; button_icon_color__hover_enabled=&#8221;on|desktop&#8221; button_icon_color__hover=&#8221;RGBA(255,255,255,0)&#8221; dot_nav_custom_color__hover_enabled=&#8221;off|desktop&#8221; sticky_transition=&#8221;on&#8221;]Adesso, bisogna inserire tutto il coltello a spatola al centro della linea intagliata sulla superficie superiore, inserendo invece un coltello a goccia nell\u2019intaglio dello scalzo, su entrambi i lati, opposti, sempre lungo la linea di intaglio.<br \/>\nAl posto del secondo coltello a goccia si pu\u00f2 anche utilizzare quello per la crosta, con l\u2019accortezza di posizionare il manico del coltello in posizione orizzontale.<br \/>\n[\/et_pb_slide][et_pb_slide heading=&#8221;Il terzo passo: la rimozione e un nuovo inserimento&#8221; image=&#8221;https:\/\/www.granapadano.it\/wp-content\/uploads\/2023\/03\/MG_6460.jpg&#8221; dot_nav_custom_color=&#8221;#000000&#8243; _builder_version=&#8221;4.27.6&#8243; _module_preset=&#8221;default&#8221; header_level=&#8221;h2&#8243; header_font=&#8221;Merriweather|700|||||||&#8221; header_text_align=&#8221;center&#8221; header_text_color=&#8221;#0f0f0f&#8221; header_font_size=&#8221;25px&#8221; header_line_height=&#8221;31px&#8221; body_font=&#8221;Merriweather||||||||&#8221; body_text_align=&#8221;center&#8221; body_text_color=&#8221;#000000&#8243; body_font_size=&#8221;21px&#8221; body_line_height=&#8221;27px&#8221; background_enable_color=&#8221;off&#8221; custom_button=&#8221;on&#8221; button_text_size=&#8221;22px&#8221; button_text_color=&#8221;gcid-8696fd7e-29dd-4028-9d4d-981b208a53a9&#8243; button_bg_color=&#8221;gcid-26f0371c-74dd-4e63-bbf8-f8ec94f09a6d&#8221; button_border_color=&#8221;gcid-26f0371c-74dd-4e63-bbf8-f8ec94f09a6d&#8221; button_border_radius=&#8221;5px&#8221; button_font=&#8221;|700|||||||&#8221; button_use_icon=&#8221;off&#8221; button_alignment=&#8221;center&#8221; button_custom_padding=&#8221;|50px||50px|false|false&#8221; background_layout=&#8221;light&#8221; global_colors_info=&#8221;{%22gcid-8696fd7e-29dd-4028-9d4d-981b208a53a9%22:%91%22button_text_color%22,%22button_text_color%22%93,%22gcid-26f0371c-74dd-4e63-bbf8-f8ec94f09a6d%22:%91%22button_border_color%22,%22button_bg_color%22,%22button_border_color%22,%22button_bg_color%22%93}&#8221; button_icon_color__hover_enabled=&#8221;on|desktop&#8221; button_icon_color__hover=&#8221;RGBA(255,255,255,0)&#8221; dot_nav_custom_color__hover_enabled=&#8221;off|desktop&#8221; sticky_transition=&#8221;on&#8221;]A questo punto, rimuoviamo tutti e tre i coltelli e ripetiamo la procedura sul lato opposto della forma, girandola sottosopra.<br \/>\n[\/et_pb_slide][et_pb_slide heading=&#8221;Il quarto passo: la seconda rimozione e un ulteriore inserimento&#8221; image=&#8221;https:\/\/www.granapadano.it\/wp-content\/uploads\/2023\/03\/MG_6462.jpg&#8221; dot_nav_custom_color=&#8221;#000000&#8243; _builder_version=&#8221;4.27.6&#8243; _module_preset=&#8221;default&#8221; header_level=&#8221;h2&#8243; header_font=&#8221;Merriweather|700|||||||&#8221; header_text_align=&#8221;center&#8221; header_text_color=&#8221;#0f0f0f&#8221; header_font_size=&#8221;25px&#8221; header_line_height=&#8221;31px&#8221; body_font=&#8221;Merriweather||||||||&#8221; body_text_align=&#8221;center&#8221; body_text_color=&#8221;#000000&#8243; body_font_size=&#8221;21px&#8221; body_line_height=&#8221;27px&#8221; background_enable_color=&#8221;off&#8221; custom_button=&#8221;on&#8221; button_text_size=&#8221;22px&#8221; button_text_color=&#8221;gcid-8696fd7e-29dd-4028-9d4d-981b208a53a9&#8243; button_bg_color=&#8221;gcid-26f0371c-74dd-4e63-bbf8-f8ec94f09a6d&#8221; button_border_color=&#8221;gcid-26f0371c-74dd-4e63-bbf8-f8ec94f09a6d&#8221; button_border_radius=&#8221;5px&#8221; button_font=&#8221;|700|||||||&#8221; button_use_icon=&#8221;off&#8221; button_alignment=&#8221;center&#8221; button_custom_padding=&#8221;|50px||50px|false|false&#8221; background_layout=&#8221;light&#8221; global_colors_info=&#8221;{%22gcid-8696fd7e-29dd-4028-9d4d-981b208a53a9%22:%91%22button_text_color%22,%22button_text_color%22%93,%22gcid-26f0371c-74dd-4e63-bbf8-f8ec94f09a6d%22:%91%22button_border_color%22,%22button_bg_color%22,%22button_border_color%22,%22button_bg_color%22%93}&#8221; button_icon_color__hover_enabled=&#8221;on|desktop&#8221; button_icon_color__hover=&#8221;RGBA(255,255,255,0)&#8221; dot_nav_custom_color__hover_enabled=&#8221;off|desktop&#8221; sticky_transition=&#8221;on&#8221;]Infine, rimuoviamo tutti i coltelli e inseriamone due nella porzione superiore di entrambi i lati della forma.<br \/>\n[\/et_pb_slide][et_pb_slide heading=&#8221;L&#8217;ultimo passo: la divisione della forma&#8221; image=&#8221;https:\/\/www.granapadano.it\/wp-content\/uploads\/2023\/03\/MG_6469.jpg&#8221; dot_nav_custom_color=&#8221;#000000&#8243; _builder_version=&#8221;4.27.6&#8243; _module_preset=&#8221;default&#8221; header_level=&#8221;h2&#8243; header_font=&#8221;Merriweather|700|||||||&#8221; header_text_align=&#8221;center&#8221; header_text_color=&#8221;#0f0f0f&#8221; header_font_size=&#8221;25px&#8221; header_line_height=&#8221;31px&#8221; body_font=&#8221;Merriweather||||||||&#8221; body_text_align=&#8221;center&#8221; body_text_color=&#8221;#000000&#8243; body_font_size=&#8221;21px&#8221; body_line_height=&#8221;27px&#8221; background_enable_color=&#8221;off&#8221; custom_button=&#8221;on&#8221; button_text_size=&#8221;22px&#8221; button_text_color=&#8221;gcid-8696fd7e-29dd-4028-9d4d-981b208a53a9&#8243; button_bg_color=&#8221;gcid-26f0371c-74dd-4e63-bbf8-f8ec94f09a6d&#8221; button_border_color=&#8221;gcid-26f0371c-74dd-4e63-bbf8-f8ec94f09a6d&#8221; button_border_radius=&#8221;5px&#8221; button_font=&#8221;|700|||||||&#8221; button_use_icon=&#8221;off&#8221; button_alignment=&#8221;center&#8221; button_custom_padding=&#8221;|50px||50px|false|false&#8221; background_layout=&#8221;light&#8221; global_colors_info=&#8221;{%22gcid-8696fd7e-29dd-4028-9d4d-981b208a53a9%22:%91%22button_text_color%22,%22button_text_color%22%93,%22gcid-26f0371c-74dd-4e63-bbf8-f8ec94f09a6d%22:%91%22button_border_color%22,%22button_bg_color%22,%22button_border_color%22,%22button_bg_color%22%93}&#8221; button_icon_color__hover_enabled=&#8221;on|desktop&#8221; button_icon_color__hover=&#8221;RGBA(255,255,255,0)&#8221; dot_nav_custom_color__hover_enabled=&#8221;off|desktop&#8221; sticky_transition=&#8221;on&#8221;]Non resta che spingere uno dei coltelli in avanti e il secondo nella direzione opposta, in modo da provocare la divisione della forma.<br \/>\n[\/et_pb_slide][\/et_pb_slider][\/et_pb_column][\/et_pb_row][\/et_pb_section][et_pb_section fb_built=&#8221;1&#8243; _builder_version=&#8221;4.27.6&#8243; _module_preset=&#8221;default&#8221; background_image=&#8221;https:\/\/www.granapadano.it\/wp-content\/uploads\/2026\/03\/GP_PI-Banner-Differenze-GP-PR.jpg&#8221; background_size=&#8221;initial&#8221; background_position=&#8221;top_center&#8221; min_height=&#8221;550px&#8221; custom_padding=&#8221;40px||40px||true|false&#8221; locked=&#8221;off&#8221; global_colors_info=&#8221;{}&#8221;][et_pb_row custom_padding_last_edited=&#8221;on|tablet&#8221; _builder_version=&#8221;4.27.6&#8243; _module_preset=&#8221;default&#8221; custom_padding=&#8221;0px||||false|false&#8221; custom_padding_tablet=&#8221;32px|32px|32px|32px|true|true&#8221; custom_padding_phone=&#8221;32px|0px|32px|0px|true|true&#8221; global_colors_info=&#8221;{}&#8221;][et_pb_column type=&#8221;4_4&#8243; _builder_version=&#8221;4.27.6&#8243; _module_preset=&#8221;default&#8221; global_colors_info=&#8221;{}&#8221;][et_pb_text _builder_version=&#8221;4.27.6&#8243; _module_preset=&#8221;default&#8221; text_font=&#8221;||||||||&#8221; header_2_text_color=&#8221;#FFFFFF&#8221; header_2_font_size=&#8221;25px&#8221; header_3_font=&#8221;|700|||||||&#8221; header_3_text_color=&#8221;#FFFFFF&#8221; header_3_font_size=&#8221;25px&#8221; header_3_line_height=&#8221;1.4em&#8221; text_orientation=&#8221;center&#8221; custom_margin=&#8221;||0px||false|false&#8221; custom_padding=&#8221;||0px|||&#8221; locked=&#8221;off&#8221; global_colors_info=&#8221;{}&#8221;]<\/p>\n<h3 style=\"text-align: left;\">Differenze tra Grana Padano<br \/>e Parmigiano Reggiano<\/h3>\n<p>[\/et_pb_text][et_pb_text _builder_version=&#8221;4.27.6&#8243; _module_preset=&#8221;default&#8221; text_font=&#8221;&#8211;et_global_heading_font||||||||&#8221; text_text_color=&#8221;#FFFFFF&#8221; text_font_size=&#8221;16px&#8221; text_line_height=&#8221;1.6em&#8221; header_4_font=&#8221;&#8211;et_global_heading_font||||||||&#8221; header_4_text_align=&#8221;left&#8221; width=&#8221;400px&#8221; width_tablet=&#8221;400px&#8221; width_phone=&#8221;400px&#8221; width_last_edited=&#8221;on|desktop&#8221; custom_margin=&#8221;24px||24px||false|false&#8221; custom_margin_tablet=&#8221;24px||||false|false&#8221; custom_margin_phone=&#8221;24px||||false|false&#8221; custom_margin_last_edited=&#8221;on|desktop&#8221; global_colors_info=&#8221;{}&#8221;]<\/p>\n<p>Grana Padano e Parmigiano Reggiano presentano una serie di caratteristiche che li accomunano e una serie di elementi che invece li differenziano e li distinguono nettamente, tanto che entrambi i formaggi si sono affermati come denominazione di origine e tipica, con il riconoscimento della Denominazione di Origine Protetta.<\/p>\n<p>[\/et_pb_text][et_pb_button button_url=&#8221;https:\/\/www.granapadano.it\/larte-del-saper-fare\/il-prodotto-iconico\/differenze-tra-grana-padano-e-parmigiano-reggiano\/&#8221; button_text=&#8221;Scopri di pi\u00f9&#8221; button_alignment=&#8221;left&#8221; module_class=&#8221;yellow-btn&#8221; _builder_version=&#8221;4.27.6&#8243; _module_preset=&#8221;default&#8221; custom_button=&#8221;on&#8221; button_text_color=&#8221;gcid-46a7fd9b-e7e5-4c0a-b621-f5f3bcee3ed6&#8243; button_bg_color=&#8221;#ffdc00&#8243; button_border_width=&#8221;0px&#8221; button_border_radius=&#8221;0px&#8221; button_font=&#8221;&#8211;et_global_heading_font||||||||&#8221; button_icon=&#8221;&#x24;||divi||400&#8243; button_on_hover=&#8221;off&#8221; custom_padding=&#8221;16px|30px|16px|16px|true|false&#8221; locked=&#8221;off&#8221; global_colors_info=&#8221;{%22gcid-46a7fd9b-e7e5-4c0a-b621-f5f3bcee3ed6%22:%91%22button_text_color%22%93}&#8221;][\/et_pb_button][\/et_pb_column][\/et_pb_row][\/et_pb_section][et_pb_section fb_built=&#8221;1&#8243; _builder_version=&#8221;4.27.6&#8243; _module_preset=&#8221;default&#8221; locked=&#8221;off&#8221; global_colors_info=&#8221;{}&#8221;][et_pb_row use_custom_gutter=&#8221;on&#8221; gutter_width=&#8221;3&#8243; _builder_version=&#8221;4.27.6&#8243; _module_preset=&#8221;default&#8221; custom_padding=&#8221;0px||||false|false&#8221; locked=&#8221;off&#8221; global_colors_info=&#8221;{}&#8221;][et_pb_column type=&#8221;4_4&#8243; _builder_version=&#8221;4.27.6&#8243; _module_preset=&#8221;default&#8221; global_colors_info=&#8221;{}&#8221;][et_pb_heading title=&#8221;Curiosit\u00e0 e tradizione&#8221; _builder_version=&#8221;4.27.6&#8243; _module_preset=&#8221;default&#8221; title_level=&#8221;h3&#8243; title_font=&#8221;&#8211;et_global_heading_font||||||||&#8221; title_text_align=&#8221;left&#8221; title_text_color=&#8221;#201d19&#8243; title_font_size=&#8221;25px&#8221; title_line_height=&#8221;1.6em&#8221; custom_margin_tablet=&#8221;&#8221; custom_margin_phone=&#8221;&#8221; custom_margin_last_edited=&#8221;on|phone&#8221; global_colors_info=&#8221;{}&#8221;][\/et_pb_heading][et_pb_text _builder_version=&#8221;4.27.6&#8243; _module_preset=&#8221;default&#8221; text_font=&#8221;&#8211;et_global_body_font||||||||&#8221; text_text_color=&#8221;#44392b&#8221; text_font_size=&#8221;16px&#8221; text_line_height=&#8221;1.6em&#8221; custom_margin=&#8221;||30px||false|false&#8221; custom_padding_tablet=&#8221;&#8221; custom_padding_phone=&#8221;||||false|false&#8221; custom_padding_last_edited=&#8221;on|phone&#8221; global_colors_info=&#8221;{}&#8221;]<span style=\"color: #000000;\">Entra nel mondo di Grana Padano e scopri tutto quello che c\u2019\u00e8 da sapere su questo prodotto quasi millenario, amato dai buongustai di tutto il mondo.<\/span><br \/>\n[\/et_pb_text][\/et_pb_column][\/et_pb_row][et_pb_row column_structure=&#8221;1_2,1_2&#8243; use_custom_gutter=&#8221;on&#8221; gutter_width=&#8221;3&#8243; _builder_version=&#8221;4.27.6&#8243; _module_preset=&#8221;default&#8221; custom_padding=&#8221;0px||||false|false&#8221; global_colors_info=&#8221;{}&#8221;][et_pb_column type=&#8221;1_2&#8243; _builder_version=&#8221;4.27.6&#8243; _module_preset=&#8221;default&#8221; global_colors_info=&#8221;{}&#8221;][et_pb_accordion open_toggle_text_color=&#8221;#44392b&#8221; closed_toggle_background_color=&#8221;RGBA(255,255,255,0)&#8221; toggle_icon=&#8221;&#x33;||divi||400&#8243; icon_color=&#8221;gcid-46a7fd9b-e7e5-4c0a-b621-f5f3bcee3ed6&#8243; use_icon_font_size=&#8221;on&#8221; icon_font_size=&#8221;24px&#8221; module_class=&#8221;gp-new-faqs&#8221; _builder_version=&#8221;4.27.6&#8243; _module_preset=&#8221;default&#8221; toggle_text_color=&#8221;#876346&#8243; toggle_level=&#8221;h4&#8243; toggle_font=&#8221;&#8211;et_global_heading_font||||||||&#8221; body_font=&#8221;&#8211;et_global_heading_font||||||||&#8221; body_text_color=&#8221;#201d19&#8243; text_orientation=&#8221;left&#8221; border_width_top=&#8221;0px&#8221; border_color_right=&#8221;RGBA(255,255,255,0)&#8221; border_color_bottom=&#8221;gcid-46a7fd9b-e7e5-4c0a-b621-f5f3bcee3ed6&#8243; border_width_left=&#8221;0px&#8221; global_colors_info=&#8221;{%22gcid-46a7fd9b-e7e5-4c0a-b621-f5f3bcee3ed6%22:%91%22border_color_bottom%22,%22icon_color%22%93}&#8221; custom_padding__hover_enabled=&#8221;off|desktop&#8221; closed_toggle_background_color__hover_enabled=&#8221;on|hover&#8221; closed_toggle_background_color__hover=&#8221;RGBA(255,255,255,0)&#8221; toggle_icon__hover_enabled=&#8221;off|desktop&#8221; toggle_icon__hover=&#8221;2||divi||400&#8243;][et_pb_accordion_item title=&#8221;Per quali ricette si usa grattugiato?&#8221; _builder_version=&#8221;4.27.6&#8243; _module_preset=&#8221;default&#8221; global_colors_info=&#8221;{}&#8221; toggle_level=&#8221;h4&#8243; toggle_font_size=&#8221;14px&#8221; open=&#8221;on&#8221;]<\/p>\n<p>E\u2019 possibile utilizzare il Grana Padano grattugiato in tutte le ricette che non prevedono l\u2019utilizzo del prodotto intero o a scaglie. Si pu\u00f2 utilizzare il prodotto grattugiato anche come condimento di pastasciutte e per la mantecatura dei risotti.<\/p>\n<p><span class=\"faq-btn-wrap\"><a class=\"faq-in-btn\" href=\"https:\/\/www.granapadano.it\/it-it\/ricette\/\">Scopri le nostre ricette<\/a><br \/><\/span><\/p>\n<p>[\/et_pb_accordion_item][et_pb_accordion_item title=&#8221;Quale parte del Grana Padano, pu\u00f2 essere grattuggiata?&#8221; toggle_icon=&#8221;&#x33;||divi||400&#8243; _builder_version=&#8221;4.27.6&#8243; _module_preset=&#8221;default&#8221; global_colors_info=&#8221;{}&#8221; toggle_font_size=&#8221;14px&#8221; open=&#8221;off&#8221;]<\/p>\n<p>Si, acquistando una confezione di formaggio grattugiato, contrassegnata con il marchio del Consorzio Tutela Grana Padano, c\u2019\u00e8 l\u2019assoluta certezza che all\u2019interno non ci sia altro che Grana Padano DOP. Tale garanzia deriva dai controlli scrupolosi che l\u2019ente di certificazione e il Consorzio stesso compiono su tutte le operazioni di produzione, porzionatura e confezionamento del Grana Padano DOP.<\/p>\n<p>Oltre al formaggio stesso \u00e8 possibile che una confezione di Grana Padano DOP grattugiato contenga una porzione di crosta che non pu\u00f2 essere superiore al 18% del totale.<\/p>\n<p>[\/et_pb_accordion_item][et_pb_accordion_item title=&#8221;\u00c8 controllata la produzione di Grana Padano grattugiato?&#8221; _builder_version=&#8221;4.27.6&#8243; _module_preset=&#8221;default&#8221; global_colors_info=&#8221;{}&#8221; toggle_font_size=&#8221;14px&#8221; open=&#8221;off&#8221;]<\/p>\n<p>Si, le lavorazioni di Grana Padano DOP dalle quali si ottengono prodotti senza crosta, che pertanto non consentono un riscontro immediato circa l\u2019autenticit\u00e0, sono sottoposte a rigorosi piani di controllo stilati dall\u2019ente di certificazione e dal Consorzio di tutela.<\/p>\n<p>[\/et_pb_accordion_item][et_pb_accordion_item title=&#8221;Quanto costa il Grana Padano grattugiato?&#8221; _builder_version=&#8221;4.27.6&#8243; _module_preset=&#8221;default&#8221; global_colors_info=&#8221;{}&#8221; toggle_font_size=&#8221;14px&#8221; open=&#8221;off&#8221;]<\/p>\n<p>Il prezzo del prodotto gi\u00e0 confezionato non subisce sostanziali variazioni rispetto al prodotto porzionato e confezionato intero.<\/p>\n<p>[\/et_pb_accordion_item][et_pb_accordion_item title=&#8221;Nel porzionato senza crosta \u00e8 solo Grana Padano?&#8221; open=&#8221;off&#8221; _builder_version=&#8221;4.27.6&#8243; _module_preset=&#8221;default&#8221; global_colors_info=&#8221;{}&#8221; toggle_font_size=&#8221;14px&#8221;]Al fine di salvaguardare la qualit\u00e0 e l\u2019autenticit\u00e0 del prodotto, il Disciplinare di produzione del Grana Padano DOP prevede due distinte autorizzazioni al confezionamento: una per gli spicchi con crosta ed un\u2019altra per le lavorazioni senza la crosta.<\/p>\n<p>Le autorizzazioni al confezionamento di formaggio senza crosta possono essere rilasciate unicamente a soggetti operanti all\u2019interno della zona di produzione. I prodotti porzionati senza crosta sono sottoposti inoltre a controlli rigorosi, in presenza di ispettori, nel corso di ogni fase di lavorazione e poi ad esami di laboratorio a campione che verificano l\u2019origine e la qualit\u00e0 della materia prima impiegata.<br \/>\n[\/et_pb_accordion_item][\/et_pb_accordion][\/et_pb_column][et_pb_column type=&#8221;1_2&#8243; _builder_version=&#8221;4.27.6&#8243; _module_preset=&#8221;default&#8221; global_colors_info=&#8221;{}&#8221;][et_pb_accordion open_toggle_text_color=&#8221;#44392b&#8221; closed_toggle_background_color=&#8221;RGBA(255,255,255,0)&#8221; toggle_icon=&#8221;&#x33;||divi||400&#8243; icon_color=&#8221;gcid-46a7fd9b-e7e5-4c0a-b621-f5f3bcee3ed6&#8243; use_icon_font_size=&#8221;on&#8221; icon_font_size=&#8221;24px&#8221; module_class=&#8221;gp-new-faqs&#8221; _builder_version=&#8221;4.27.6&#8243; _module_preset=&#8221;default&#8221; toggle_text_color=&#8221;#876346&#8243; toggle_level=&#8221;h4&#8243; toggle_font=&#8221;&#8211;et_global_heading_font||||||||&#8221; body_font=&#8221;&#8211;et_global_heading_font||||||||&#8221; body_text_color=&#8221;#201d19&#8243; text_orientation=&#8221;left&#8221; border_width_top=&#8221;0px&#8221; border_color_right=&#8221;RGBA(255,255,255,0)&#8221; border_color_bottom=&#8221;gcid-46a7fd9b-e7e5-4c0a-b621-f5f3bcee3ed6&#8243; border_width_left=&#8221;0px&#8221; global_colors_info=&#8221;{%22gcid-46a7fd9b-e7e5-4c0a-b621-f5f3bcee3ed6%22:%91%22border_color_bottom%22,%22icon_color%22%93}&#8221; custom_padding__hover_enabled=&#8221;off|desktop&#8221; closed_toggle_background_color__hover_enabled=&#8221;on|hover&#8221; closed_toggle_background_color__hover=&#8221;RGBA(255,255,255,0)&#8221; toggle_icon__hover_enabled=&#8221;off|desktop&#8221; toggle_icon__hover=&#8221;2||divi||400&#8243;][et_pb_accordion_item title=&#8221;Vengono fatte le analisi di laboratorio?&#8221; _builder_version=&#8221;4.27.6&#8243; _module_preset=&#8221;default&#8221; background_color=&#8221;RGBA(255,255,255,0)&#8221; background_enable_color=&#8221;on&#8221; global_colors_info=&#8221;{}&#8221; toggle_font_size=&#8221;14px&#8221; open=&#8221;on&#8221;]Si, con riferimento al prodotto grattugiato le analisi di laboratorio sono tese a rilevarne il corretto tenore di umidit\u00e0 (tra 25% e 35%), la granulometria delle particelle (quelle con diametro inferiore a 0,5 mm non devono essere superiori al 25%). Il grattugiato \u00e8 sottoposto anche a specifiche analisi sul profilo isotopico e minerale al fine di verificarne l\u2019autenticit\u00e0 e la provenienza; in tale ambito si verifica che il campione analizzato sia effettivamente Grana Padano DOP, ottenuto da latte proveniente dalla zona di produzione individuata nel Disciplinare di Produzione.<br \/>\n[\/et_pb_accordion_item][et_pb_accordion_item title=&#8221;Come avvengono i controlli?&#8221; open=&#8221;off&#8221; _builder_version=&#8221;4.27.6&#8243; _module_preset=&#8221;default&#8221; global_colors_info=&#8221;{}&#8221; toggle_font_size=&#8221;14px&#8221;]I controlli prevedono che tutte le attivit\u00e0 di grattugia (o assimilate) siano svolte in presenza degli ispettori dall\u2019ente di certificazione, garantendo in tal modo l\u2019origine della materia prima impiegata.<br \/>\n[\/et_pb_accordion_item][et_pb_accordion_item title=&#8221;Come si conserva e quanto dura?&#8221; _builder_version=&#8221;4.27.6&#8243; _module_preset=&#8221;default&#8221; global_colors_info=&#8221;{}&#8221; toggle_font_size=&#8221;14px&#8221; open=&#8221;off&#8221;]Si conserva in frigorifero nella parte meno fredda dove la temperatura si aggira normalmente attorno ai 8\u00b0. Come per il prodotto intero, \u00e8 sempre consigliabile tenerlo in un contenitore di vetro perfettamente asciutto e con la chiusura di tipo ermetico.<\/p>\n<p>Una volta grattugiato il Grana Padano conservato in frigorifero mantiene la sua fragranza per un qualche giorno. Sulle confezioni di formaggio grattugiato sono indicate le date di confezionamento e i termini minimi di conservazione del prodotto, nonch\u00e9 entro quanti giorni sarebbe preferibile consumare il formaggio una volta aperto.<br \/>\n[\/et_pb_accordion_item][et_pb_accordion_item title=&#8221;Cosa contiene?&#8221; _builder_version=&#8221;4.27.6&#8243; _module_preset=&#8221;default&#8221; global_colors_info=&#8221;{}&#8221; toggle_font_size=&#8221;14px&#8221; open=&#8221;off&#8221;]Una confezione di formaggio contrassegnata con il marchio Grana Padano DOP, grazie anche ai controlli a cui \u00e8 sottoposta la lavorazione del prodotto, oltre al formaggio pu\u00f2 contenere anche delle parti di crosta che non possono essere superiori al 18% del contenuto totale.<br \/>\n[\/et_pb_accordion_item][et_pb_accordion_item title=&#8221;Un busta contiene solo Grana Padano?&#8221; _builder_version=&#8221;4.27.6&#8243; _module_preset=&#8221;default&#8221; global_colors_info=&#8221;{}&#8221; toggle_font_size=&#8221;14px&#8221; open=&#8221;off&#8221;]Si, acquistando una confezione di formaggio grattugiato, contrassegnata con il marchio del Consorzio Tutela Grana Padano, c\u2019\u00e8 l\u2019assoluta certezza che all\u2019interno non ci sia altro che Grana Padano DOP. Tale garanzia deriva dai controlli scrupolosi che l\u2019ente di certificazione e il Consorzio stesso compiono su tutte le operazioni di produzione, porzionatura e confezionamento del Grana Padano DOP.<\/p>\n<p>Oltre al formaggio stesso \u00e8 possibile che una confezione di Grana Padano DOP grattugiato contenga una porzione di crosta che non pu\u00f2 essere superiore al 18% del totale.<br \/>\n[\/et_pb_accordion_item][\/et_pb_accordion][\/et_pb_column][\/et_pb_row][\/et_pb_section][et_pb_section fb_built=&#8221;1&#8243; module_class=&#8221;abbinarlo_banner_section&#8221; _builder_version=&#8221;4.19.5&#8243; _module_preset=&#8221;default&#8221; background_image=&#8221;https:\/\/www.granapadano.it\/wp-content\/uploads\/2023\/01\/Valori-nutrizionali.jpg&#8221; custom_padding=&#8221;50px||50px||false|false&#8221; locked=&#8221;off&#8221; global_colors_info=&#8221;{}&#8221;][et_pb_row module_class=&#8221;gp_hero_section&#8221; _builder_version=&#8221;4.19.1&#8243; _module_preset=&#8221;default&#8221; custom_margin=&#8221;|auto||auto|false|false&#8221; custom_padding=&#8221;5px||10px||false|false&#8221; global_colors_info=&#8221;{}&#8221;][et_pb_column type=&#8221;4_4&#8243; _builder_version=&#8221;4.19.1&#8243; _module_preset=&#8221;default&#8221; custom_padding=&#8221;||||false|false&#8221; global_colors_info=&#8221;{}&#8221;][et_pb_text _builder_version=&#8221;4.27.6&#8243; _module_preset=&#8221;default&#8221; header_2_text_color=&#8221;#FFFFFF&#8221; header_2_font_size=&#8221;35px&#8221; header_3_font=&#8221;|700|||||||&#8221; header_3_text_color=&#8221;#000000&#8243; header_3_font_size=&#8221;25px&#8221; header_3_line_height=&#8221;52px&#8221; text_orientation=&#8221;center&#8221; custom_margin=&#8221;||0px||false|false&#8221; custom_padding=&#8221;||0px|||&#8221; locked=&#8221;off&#8221; global_colors_info=&#8221;{}&#8221;]<\/p>\n<h2>Curiosit\u00e0 e tradizione<\/h2>\n<p>[\/et_pb_text][et_pb_text _builder_version=&#8221;4.27.6&#8243; _module_preset=&#8221;default&#8221; text_font=&#8221;Merriweather|700|||||||&#8221; text_text_color=&#8221;#ffffff&#8221; text_font_size=&#8221;18px&#8221; text_line_height=&#8221;26px&#8221; text_orientation=&#8221;center&#8221; custom_padding=&#8221;15px|0px|25px||false|false&#8221; global_colors_info=&#8221;{}&#8221;]<\/p>\n<p class=\"p1\" style=\"text-align: center;\">Il gusto unico di Grana Padano \u00e8 il risultato di tanti elementi diversi che, insieme, lo rendono unico. Propriet\u00e0 eccezionali, che si ritrovano in ogni morso del formaggio pi\u00f9 amato al mondo.<\/p>\n<p>[\/et_pb_text][et_pb_button button_url=&#8221;https:\/\/www.granapadano.it\/larte-del-saper-fare\/il-prodotto-iconico\/le-caratteristiche-di-grana-padano\/&#8221; button_text=&#8221;Scopri di pi\u00f9&#8221; button_alignment=&#8221;center&#8221; module_class=&#8221;yellow-btn&#8221; _builder_version=&#8221;4.27.6&#8243; _module_preset=&#8221;default&#8221; custom_button=&#8221;on&#8221; button_text_color=&#8221;gcid-46a7fd9b-e7e5-4c0a-b621-f5f3bcee3ed6&#8243; button_bg_color=&#8221;#ffdc00&#8243; button_border_width=&#8221;0px&#8221; button_border_radius=&#8221;0px&#8221; button_font=&#8221;&#8211;et_global_heading_font||||||||&#8221; button_icon=&#8221;&#x24;||divi||400&#8243; button_on_hover=&#8221;off&#8221; custom_padding=&#8221;16px|30px|16px|16px|true|false&#8221; locked=&#8221;off&#8221; global_colors_info=&#8221;{%22gcid-46a7fd9b-e7e5-4c0a-b621-f5f3bcee3ed6%22:%91%22button_text_color%22%93}&#8221;][\/et_pb_button][\/et_pb_column][\/et_pb_row][\/et_pb_section]<\/p>\n","protected":false},"excerpt":{"rendered":"<p><div class=\"breadcrumb\"><a href=\"https:\/\/www.granapadano.it\/it-it\/\">Home<\/a>  <  <\/div>Non esiste nessun\u2019altra classificazione casearia che pu\u00f2 utilizzareil termine \u201cgrana\u201d. Il nome di questo formaggio italiano andrebbesempre pronunciato per intero: Grana Padano.Non esiste nessun\u2019altra classificazione caseariache pu\u00f2 utilizzare il termine \u201cgrana\u201d.Il nome di questo formaggio italiano andrebbesempre pronunciato per intero: Grana Padano. Si sa, quando un alimento si distingue per le proprie qualit\u00e0, quando diventa [&hellip;]<\/p>\n","protected":false},"author":3,"featured_media":26303,"parent":147435,"menu_order":75,"comment_status":"closed","ping_status":"closed","template":"","meta":{"_acf_changed":false,"_et_pb_use_builder":"on","_et_pb_old_content":"","_et_gb_content_width":"","footnotes":""},"class_list":["post-4853","page","type-page","status-publish","has-post-thumbnail","hentry"],"acf":[],"yoast_head":"<!-- This site is optimized with the Yoast SEO plugin v27.4 - https:\/\/yoast.com\/product\/yoast-seo-wordpress\/ -->\n<title>Il prodotto Iconico - Grana Padano<\/title>\n<meta name=\"robots\" content=\"index, follow, max-snippet:-1, max-image-preview:large, max-video-preview:-1\" \/>\n<link rel=\"canonical\" href=\"https:\/\/www.granapadano.it\/it-it\/larte-del-saper-fare\/il-prodotto-iconico\/\" \/>\n<meta property=\"og:locale\" content=\"it_IT\" \/>\n<meta property=\"og:type\" content=\"article\" \/>\n<meta property=\"og:title\" content=\"Il prodotto Iconico - Grana Padano\" \/>\n<meta property=\"og:description\" content=\"Non esiste nessun\u2019altra classificazione casearia che pu\u00f2 utilizzareil termine \u201cgrana\u201d. Il nome di questo formaggio italiano andrebbesempre pronunciato per intero: Grana Padano.Non esiste nessun\u2019altra classificazione caseariache pu\u00f2 utilizzare il termine \u201cgrana\u201d.Il nome di questo formaggio italiano andrebbesempre pronunciato per intero: Grana Padano. Si sa, quando un alimento si distingue per le proprie qualit\u00e0, quando diventa [&hellip;]\" \/>\n<meta property=\"og:url\" content=\"https:\/\/www.granapadano.it\/it-it\/larte-del-saper-fare\/il-prodotto-iconico\/\" \/>\n<meta property=\"og:site_name\" content=\"Grana Padano\" \/>\n<meta property=\"article:modified_time\" content=\"2026-04-09T09:21:07+00:00\" \/>\n<meta property=\"og:image\" content=\"https:\/\/granapadano.kleecks-cdn.com\/wp-content\/uploads\/2023\/02\/Thumb-il-prodotto-iconico.jpg\" \/>\n\t<meta property=\"og:image:width\" content=\"395\" \/>\n\t<meta property=\"og:image:height\" content=\"395\" \/>\n\t<meta property=\"og:image:type\" content=\"image\/jpeg\" \/>\n<meta name=\"twitter:card\" content=\"summary_large_image\" \/>\n<meta name=\"twitter:label1\" content=\"Est. reading time\" \/>\n\t<meta name=\"twitter:data1\" content=\"11 minutes\" \/>\n<script type=\"application\/ld+json\" class=\"yoast-schema-graph\">{\"@context\":\"https:\\\/\\\/schema.org\",\"@graph\":[{\"@type\":\"WebPage\",\"@id\":\"https:\\\/\\\/www.granapadano.it\\\/it-it\\\/larte-del-saper-fare\\\/il-prodotto-iconico\\\/\",\"url\":\"https:\\\/\\\/www.granapadano.it\\\/it-it\\\/larte-del-saper-fare\\\/il-prodotto-iconico\\\/\",\"name\":\"Il prodotto Iconico - Grana Padano\",\"isPartOf\":{\"@id\":\"https:\\\/\\\/www.granapadano.it\\\/it-it\\\/#website\"},\"primaryImageOfPage\":{\"@id\":\"https:\\\/\\\/www.granapadano.it\\\/it-it\\\/larte-del-saper-fare\\\/il-prodotto-iconico#primaryimage\"},\"image\":{\"@id\":\"https:\\\/\\\/www.granapadano.it\\\/it-it\\\/larte-del-saper-fare\\\/il-prodotto-iconico#primaryimage\"},\"thumbnailUrl\":\"https:\\\/\\\/granapadano.kleecks-cdn.com\\\/wp-content\\\/uploads\\\/2023\\\/02\\\/Thumb-il-prodotto-iconico.jpg\",\"datePublished\":\"2023-01-19T16:31:34+00:00\",\"dateModified\":\"2026-04-09T09:21:07+00:00\",\"breadcrumb\":{\"@id\":\"https:\\\/\\\/www.granapadano.it\\\/it-it\\\/larte-del-saper-fare\\\/il-prodotto-iconico#breadcrumb\"},\"inLanguage\":\"it-it\",\"potentialAction\":[{\"@type\":\"ReadAction\",\"target\":[\"https:\\\/\\\/www.granapadano.it\\\/it-it\\\/larte-del-saper-fare\\\/il-prodotto-iconico\\\/\"]}]},{\"@type\":\"ImageObject\",\"inLanguage\":\"it-it\",\"@id\":\"https:\\\/\\\/www.granapadano.it\\\/it-it\\\/larte-del-saper-fare\\\/il-prodotto-iconico#primaryimage\",\"url\":\"https:\\\/\\\/granapadano.kleecks-cdn.com\\\/wp-content\\\/uploads\\\/2023\\\/02\\\/Thumb-il-prodotto-iconico.jpg\",\"contentUrl\":\"https:\\\/\\\/granapadano.kleecks-cdn.com\\\/wp-content\\\/uploads\\\/2023\\\/02\\\/Thumb-il-prodotto-iconico.jpg\",\"width\":395,\"height\":395},{\"@type\":\"BreadcrumbList\",\"@id\":\"https:\\\/\\\/www.granapadano.it\\\/it-it\\\/larte-del-saper-fare\\\/il-prodotto-iconico#breadcrumb\",\"itemListElement\":[{\"@type\":\"ListItem\",\"position\":1,\"name\":\"Home\",\"item\":\"https:\\\/\\\/www.granapadano.it\\\/it-it\\\/\"},{\"@type\":\"ListItem\",\"position\":2,\"name\":\"L&#8217;arte del saper fare\",\"item\":\"https:\\\/\\\/www.granapadano.it\\\/it-it\\\/larte-del-saper-fare\\\/\"},{\"@type\":\"ListItem\",\"position\":3,\"name\":\"Il prodotto Iconico\"}]},{\"@type\":\"WebSite\",\"@id\":\"https:\\\/\\\/www.granapadano.it\\\/it-it\\\/#website\",\"url\":\"https:\\\/\\\/www.granapadano.it\\\/it-it\\\/\",\"name\":\"Grana Padano\",\"description\":\"\",\"potentialAction\":[{\"@type\":\"SearchAction\",\"target\":{\"@type\":\"EntryPoint\",\"urlTemplate\":\"https:\\\/\\\/www.granapadano.it\\\/it-it\\\/?s={search_term_string}\"},\"query-input\":{\"@type\":\"PropertyValueSpecification\",\"valueRequired\":true,\"valueName\":\"search_term_string\"}}],\"inLanguage\":\"it-it\"}]}<\/script>\n<!-- \/ Yoast SEO plugin. -->","yoast_head_json":{"title":"Il prodotto Iconico - Grana Padano","robots":{"index":"index","follow":"follow","max-snippet":"max-snippet:-1","max-image-preview":"max-image-preview:large","max-video-preview":"max-video-preview:-1"},"canonical":"https:\/\/www.granapadano.it\/it-it\/larte-del-saper-fare\/il-prodotto-iconico\/","og_locale":"it_IT","og_type":"article","og_title":"Il prodotto Iconico - Grana Padano","og_description":"Non esiste nessun\u2019altra classificazione casearia che pu\u00f2 utilizzareil termine \u201cgrana\u201d. Il nome di questo formaggio italiano andrebbesempre pronunciato per intero: Grana Padano.Non esiste nessun\u2019altra classificazione caseariache pu\u00f2 utilizzare il termine \u201cgrana\u201d.Il nome di questo formaggio italiano andrebbesempre pronunciato per intero: Grana Padano. Si sa, quando un alimento si distingue per le proprie qualit\u00e0, quando diventa [&hellip;]","og_url":"https:\/\/www.granapadano.it\/it-it\/larte-del-saper-fare\/il-prodotto-iconico\/","og_site_name":"Grana Padano","article_modified_time":"2026-04-09T09:21:07+00:00","og_image":[{"width":395,"height":395,"url":"https:\/\/granapadano.kleecks-cdn.com\/wp-content\/uploads\/2023\/02\/Thumb-il-prodotto-iconico.jpg","type":"image\/jpeg"}],"twitter_card":"summary_large_image","twitter_misc":{"Est. reading time":"11 minutes"},"schema":{"@context":"https:\/\/schema.org","@graph":[{"@type":"WebPage","@id":"https:\/\/www.granapadano.it\/it-it\/larte-del-saper-fare\/il-prodotto-iconico\/","url":"https:\/\/www.granapadano.it\/it-it\/larte-del-saper-fare\/il-prodotto-iconico\/","name":"Il prodotto Iconico - Grana Padano","isPartOf":{"@id":"https:\/\/www.granapadano.it\/it-it\/#website"},"primaryImageOfPage":{"@id":"https:\/\/www.granapadano.it\/it-it\/larte-del-saper-fare\/il-prodotto-iconico#primaryimage"},"image":{"@id":"https:\/\/www.granapadano.it\/it-it\/larte-del-saper-fare\/il-prodotto-iconico#primaryimage"},"thumbnailUrl":"https:\/\/granapadano.kleecks-cdn.com\/wp-content\/uploads\/2023\/02\/Thumb-il-prodotto-iconico.jpg","datePublished":"2023-01-19T16:31:34+00:00","dateModified":"2026-04-09T09:21:07+00:00","breadcrumb":{"@id":"https:\/\/www.granapadano.it\/it-it\/larte-del-saper-fare\/il-prodotto-iconico#breadcrumb"},"inLanguage":"it-it","potentialAction":[{"@type":"ReadAction","target":["https:\/\/www.granapadano.it\/it-it\/larte-del-saper-fare\/il-prodotto-iconico\/"]}]},{"@type":"ImageObject","inLanguage":"it-it","@id":"https:\/\/www.granapadano.it\/it-it\/larte-del-saper-fare\/il-prodotto-iconico#primaryimage","url":"https:\/\/granapadano.kleecks-cdn.com\/wp-content\/uploads\/2023\/02\/Thumb-il-prodotto-iconico.jpg","contentUrl":"https:\/\/granapadano.kleecks-cdn.com\/wp-content\/uploads\/2023\/02\/Thumb-il-prodotto-iconico.jpg","width":395,"height":395},{"@type":"BreadcrumbList","@id":"https:\/\/www.granapadano.it\/it-it\/larte-del-saper-fare\/il-prodotto-iconico#breadcrumb","itemListElement":[{"@type":"ListItem","position":1,"name":"Home","item":"https:\/\/www.granapadano.it\/it-it\/"},{"@type":"ListItem","position":2,"name":"L&#8217;arte del saper fare","item":"https:\/\/www.granapadano.it\/it-it\/larte-del-saper-fare\/"},{"@type":"ListItem","position":3,"name":"Il prodotto Iconico"}]},{"@type":"WebSite","@id":"https:\/\/www.granapadano.it\/it-it\/#website","url":"https:\/\/www.granapadano.it\/it-it\/","name":"Grana Padano","description":"","potentialAction":[{"@type":"SearchAction","target":{"@type":"EntryPoint","urlTemplate":"https:\/\/www.granapadano.it\/it-it\/?s={search_term_string}"},"query-input":{"@type":"PropertyValueSpecification","valueRequired":true,"valueName":"search_term_string"}}],"inLanguage":"it-it"}]}},"_links":{"self":[{"href":"https:\/\/www.granapadano.it\/it-it\/wp-json\/wp\/v2\/pages\/4853","targetHints":{"allow":["GET"]}}],"collection":[{"href":"https:\/\/www.granapadano.it\/it-it\/wp-json\/wp\/v2\/pages"}],"about":[{"href":"https:\/\/www.granapadano.it\/it-it\/wp-json\/wp\/v2\/types\/page"}],"author":[{"embeddable":true,"href":"https:\/\/www.granapadano.it\/it-it\/wp-json\/wp\/v2\/users\/3"}],"replies":[{"embeddable":true,"href":"https:\/\/www.granapadano.it\/it-it\/wp-json\/wp\/v2\/comments?post=4853"}],"version-history":[{"count":247,"href":"https:\/\/www.granapadano.it\/it-it\/wp-json\/wp\/v2\/pages\/4853\/revisions"}],"predecessor-version":[{"id":154888,"href":"https:\/\/www.granapadano.it\/it-it\/wp-json\/wp\/v2\/pages\/4853\/revisions\/154888"}],"up":[{"embeddable":true,"href":"https:\/\/www.granapadano.it\/it-it\/wp-json\/wp\/v2\/pages\/147435"}],"wp:featuredmedia":[{"embeddable":true,"href":"https:\/\/www.granapadano.it\/it-it\/wp-json\/wp\/v2\/media\/26303"}],"wp:attachment":[{"href":"https:\/\/www.granapadano.it\/it-it\/wp-json\/wp\/v2\/media?parent=4853"}],"curies":[{"name":"wp","href":"https:\/\/api.w.org\/{rel}","templated":true}]}}