{"id":45969,"date":"2023-02-21T13:45:39","date_gmt":"2023-02-21T13:45:39","guid":{"rendered":"https:\/\/www.granapadano.it\/larte-della-produzione\/il-prodotto-iconico\/le-proprieta\/valori-nutrizionali-e-calorie-del-grana-padano-copy\/"},"modified":"2026-04-27T07:03:58","modified_gmt":"2026-04-27T07:03:58","slug":"cartella-stampa","status":"publish","type":"page","link":"https:\/\/www.granapadano.it\/it-it\/il-mondo-di-grana-padano\/i-nostri-comunicati-stampa\/cartella-stampa\/","title":{"rendered":"Cartella Stampa"},"content":{"rendered":"<p>[et_pb_section fb_built=&#8221;1&#8243; fullwidth=&#8221;on&#8221; _builder_version=&#8221;4.19.0&#8243; _module_preset=&#8221;default&#8221; global_colors_info=&#8221;{}&#8221;][et_pb_fullwidth_image src=&#8221;https:\/\/www.granapadano.it\/wp-content\/uploads\/2023\/02\/Cartella-Stampa-h.jpg&#8221; title_text=&#8221;Cartella-Stampa-m&#8221; src_tablet=&#8221;https:\/\/www.granapadano.it\/wp-content\/uploads\/2023\/02\/Cartella-Stampa-h.jpg&#8221; src_phone=&#8221;https:\/\/www.granapadano.it\/wp-content\/uploads\/2023\/02\/Cartella-Stampa-m.jpg&#8221; src_last_edited=&#8221;on|phone&#8221; _builder_version=&#8221;4.20.0&#8243; _module_preset=&#8221;default&#8221; global_colors_info=&#8221;{}&#8221;][\/et_pb_fullwidth_image][\/et_pb_section][et_pb_section fb_built=&#8221;1&#8243; module_class=&#8221;production_sub_hub_main_wrapper&#8221; _builder_version=&#8221;4.19.3&#8243; _module_preset=&#8221;default&#8221; custom_padding=&#8221;13px||0px|||&#8221; global_colors_info=&#8221;{}&#8221;][et_pb_row module_class=&#8221;recipe_filter_section&#8221; _builder_version=&#8221;4.19.4&#8243; _module_preset=&#8221;default&#8221; max_width=&#8221;90%&#8221; custom_padding=&#8221;||7px|||&#8221; global_colors_info=&#8221;{}&#8221;][et_pb_column type=&#8221;4_4&#8243; _builder_version=&#8221;4.19.4&#8243; _module_preset=&#8221;default&#8221; global_colors_info=&#8221;{}&#8221;][et_pb_code _builder_version=&#8221;4.19.4&#8243; _module_preset=&#8221;default&#8221; global_colors_info=&#8221;{}&#8221;]<div class=\"breadcrumb\"><a href=\"https:\/\/www.granapadano.it\/it-it\/\">Home<\/a>  <  <\/div>[\/et_pb_code][\/et_pb_column][\/et_pb_row][\/et_pb_section][et_pb_section fb_built=&#8221;1&#8243; _builder_version=&#8221;4.19.5&#8243; _module_preset=&#8221;default&#8221; custom_padding=&#8221;50px|||||&#8221; global_colors_info=&#8221;{}&#8221;][et_pb_row _builder_version=&#8221;4.19.4&#8243; _module_preset=&#8221;default&#8221; max_width=&#8221;90%&#8221; min_height=&#8221;55.9px&#8221; custom_padding=&#8221;7px||0px|||&#8221; global_colors_info=&#8221;{}&#8221;][et_pb_column type=&#8221;4_4&#8243; _builder_version=&#8221;4.19.4&#8243; _module_preset=&#8221;default&#8221; global_colors_info=&#8221;{}&#8221;][et_pb_text module_class=&#8221;eventi_ambascitori_top_sec_title&#8221; _builder_version=&#8221;4.21.0&#8243; _module_preset=&#8221;default&#8221; text_font=&#8221;Merriweather|700|||||||&#8221; text_text_color=&#8221;#0f0f0f&#8221; text_font_size=&#8221;44px&#8221; text_line_height=&#8221;62px&#8221; header_text_color=&#8221;gcid-8696fd7e-29dd-4028-9d4d-981b208a53a9&#8243; header_font_size=&#8221;44px&#8221; header_line_height=&#8221;52px&#8221; text_orientation=&#8221;center&#8221; custom_margin=&#8221;-12px||6px||false|false&#8221; custom_padding=&#8221;||30px||false|false&#8221; global_colors_info=&#8221;{%22gcid-8696fd7e-29dd-4028-9d4d-981b208a53a9%22:%91%22header_text_color%22%93}&#8221;]<\/p>\n<h1>Cartella stampa<\/h1>\n<p>[\/et_pb_text][et_pb_text _builder_version=&#8221;4.21.0&#8243; _module_preset=&#8221;default&#8221; text_font=&#8221;Merriweather|700|||||||&#8221; text_text_color=&#8221;#0f0f0f&#8221; text_font_size=&#8221;22px&#8221; text_line_height=&#8221;62px&#8221; header_text_color=&#8221;gcid-8696fd7e-29dd-4028-9d4d-981b208a53a9&#8243; header_font_size=&#8221;22px&#8221; header_line_height=&#8221;26px&#8221; text_orientation=&#8221;center&#8221; custom_margin=&#8221;-12px||7px|||&#8221; global_colors_info=&#8221;{%22gcid-8696fd7e-29dd-4028-9d4d-981b208a53a9%22:%91%22header_text_color%22%93}&#8221;]<\/p>\n<h1 style=\"text-align: left;\">La storia<\/h1>\n<p>[\/et_pb_text][et_pb_text _builder_version=&#8221;4.21.0&#8243; _module_preset=&#8221;default&#8221; text_font=&#8221;Merriweather|300|||||||&#8221; text_text_color=&#8221;#000000&#8243; text_font_size=&#8221;18px&#8221; text_line_height=&#8221;26px&#8221; text_orientation=&#8221;center&#8221; global_colors_info=&#8221;{}&#8221;]<\/p>\n<p style=\"text-align: left;\"><span style=\"text-decoration: underline;\"><strong>Le Origini<\/strong><\/span><br \/>La storia narra che il formaggio grana della Pianura Padana sia nato attorno al 1135 fra le storiche mura di pietra dell\u2019<strong>Abbazia di Chiaravalle<\/strong>, oggi situata nel Parco Agricolo Sud di Milano. Quel luogo divenne subito punto di riferimento per l\u2019esperienza monastica fondata sullo spirito dell\u2019\u201cOra et Labora \u2013 prega e lavora\u201d, il cui esempio di sobriet\u00e0, semplicit\u00e0 di vita, rispetto dell\u2019ambiente e valorizzazione del lavoro \u00e8 valido ancora oggi e premessa per il futuro.<\/p>\n<p style=\"text-align: left;\">Qui, infatti, in apposite caldaie all\u2019interno del monastero, antenato di un moderno caseificio, fu ideato dai monaci un processo di caseificazione di un formaggio duro e destinato a migliorare con il tempo attraverso la stagionatura. Veniva prodotto in apposite caldaie all\u2019interno di monasteri, che possono essere considerati i primi caseifici. <strong>I monaci lo chiamarono caseus vetus, formaggio vecchio.<\/strong><\/p>\n<p style=\"text-align: left;\">Il <strong>popolo<\/strong>, che non aveva dimestichezza con il latino, gli diede un altro nome, derivato dalla particolarit\u00e0 della pasta, compatta ma granulosa. Cos\u00ec nacque il nome di formaggio di grana o pi\u00f9 semplicemente grana. I grana pi\u00f9 citati sono il lodesano o lodigiano, considerato da molti il pi\u00f9 antico, il milanese, il parmigiano, il piacentino ed il mantovano.<\/p>\n<p style=\"text-align: left;\"><span style=\"text-decoration: underline;\"><strong>La svolta<\/strong><\/span><br \/>Il momento di svolta nella produzione dei formaggi <strong>\u00e8 datato 1951. A Stresa<\/strong>, nel giugno di quell\u2019anno, tecnici e operatori caseari europei siglarono una <strong>\u201cConvenzione\u201d<\/strong>, nella quale fissarono norme precise in tema di denominazione dei formaggi e indicazioni sulle loro caratteristiche. In quella occasione vennero distinti il formaggio \u201cdi Grana Lodigiano\u201d, che poi \u00e8 divenuto il <strong>\u201cGrana Padano\u201d<\/strong>, e il \u201cParmigiano-Reggiano\u201d.<\/p>\n<p style=\"text-align: left;\">Si dovette per\u00f2 attendere il 10 aprile 1954, perch\u00e9 l\u2019Italia stabilisse alcune norme sulla \u201cTutela delle Denominazioni di origine e tipiche dei formaggi\u201d.<\/p>\n<p style=\"text-align: left;\">Il 18 giugno 1954, su iniziativa di Federlatte (Federazione Latterie Cooperative) e di Assolatte (Associazione Industrie Lattiero-Casearie), nacque il <strong>Consorzio per la tutela del Formaggio Grana Padano<\/strong>, per riunire tutti i produttori, gli stagionatori e i commercianti di questo formaggio.<\/p>\n<p style=\"text-align: left;\"><span style=\"text-decoration: underline;\"><strong>Il Decreto del Presidente della Repubblica<\/strong><\/span><br \/><strong>Il 30 ottobre 1955<\/strong> fu emanato il Decreto del Presidente della Repubblica n.1269 sul <strong>\u201cRiconoscimento delle denominazioni<\/strong> circa i metodi di lavorazione, caratteristiche merceologiche e zone di produzione dei formaggi\u201d, compreso il Grana Padano. Solo con i decreti ministeriali del 1957, il Consorzio Tutela <strong>Grana Padano<\/strong> assunse l\u2019incarico di vigilare sulla produzione e sul commercio del formaggio.<\/p>\n<p>[\/et_pb_text][et_pb_text _builder_version=&#8221;4.21.0&#8243; _module_preset=&#8221;default&#8221; text_font=&#8221;Merriweather|700|||||||&#8221; text_text_color=&#8221;#0f0f0f&#8221; text_font_size=&#8221;22px&#8221; text_line_height=&#8221;62px&#8221; header_text_color=&#8221;gcid-8696fd7e-29dd-4028-9d4d-981b208a53a9&#8243; header_font_size=&#8221;22px&#8221; header_line_height=&#8221;26px&#8221; text_orientation=&#8221;center&#8221; custom_margin=&#8221;60px||7px||false|false&#8221; global_colors_info=&#8221;{%22gcid-8696fd7e-29dd-4028-9d4d-981b208a53a9%22:%91%22header_text_color%22%93}&#8221;]<\/p>\n<h1 style=\"text-align: left;\">Il riconoscimento della DOP<\/h1>\n<p>[\/et_pb_text][et_pb_text _builder_version=&#8221;4.20.0&#8243; _module_preset=&#8221;default&#8221; text_font=&#8221;Merriweather|300|||||||&#8221; text_text_color=&#8221;#000000&#8243; text_font_size=&#8221;18px&#8221; text_line_height=&#8221;26px&#8221; text_orientation=&#8221;center&#8221; global_colors_info=&#8221;{}&#8221;]<\/p>\n<p style=\"text-align: left;\">Nel <strong>1996<\/strong> il GRANA PADANO ha ottenuto il riconoscimento della <strong>Denominazione di Origine Protetta<\/strong> da parte dell&#8217;Unione Europea. A seguito del mutato regime conseguenza di detto riconoscimento, le funzioni di controllo &#8211; che consistono nella verifica della sussistenza delle condizioni stabilite dal Disciplinare di produzione affinch\u00e9 il prodotto abbia diritto all&#8217;apposizione del marchio a fuoco romboidale, distintivo della Denominazione di Origine Protetta GRANA PADANO &#8211; sono oggi esercitate, su designazione del Consorzio e autorizzazione del Ministero per le Politiche Agricole, dalla CSQA Certificazioni Srl, con sede in Thiene (VI).<\/p>\n<p>[\/et_pb_text][et_pb_text _builder_version=&#8221;4.20.0&#8243; _module_preset=&#8221;default&#8221; text_font=&#8221;Merriweather|700|||||||&#8221; text_text_color=&#8221;#0f0f0f&#8221; text_font_size=&#8221;22px&#8221; text_line_height=&#8221;62px&#8221; header_text_color=&#8221;gcid-8696fd7e-29dd-4028-9d4d-981b208a53a9&#8243; header_font_size=&#8221;22px&#8221; header_line_height=&#8221;26px&#8221; text_orientation=&#8221;center&#8221; custom_margin=&#8221;60px||7px||false|false&#8221; global_colors_info=&#8221;{%22gcid-8696fd7e-29dd-4028-9d4d-981b208a53a9%22:%91%22header_text_color%22%93}&#8221;]<\/p>\n<h1 style=\"text-align: left;\">Attivit\u00e0 e finalit\u00e0 del Consorzio<\/h1>\n<p>[\/et_pb_text][et_pb_text _builder_version=&#8221;4.20.0&#8243; _module_preset=&#8221;default&#8221; text_font=&#8221;Merriweather|300|||||||&#8221; text_text_color=&#8221;#000000&#8243; text_font_size=&#8221;18px&#8221; text_line_height=&#8221;26px&#8221; text_orientation=&#8221;center&#8221; global_colors_info=&#8221;{}&#8221;]<\/p>\n<p style=\"text-align: left;\">Del <strong>Consorzio per la Tutela del Formaggio Grana Padano<\/strong> (CTFGP) fanno parte 128 caseifici produttori e 149 stagionatori. Sono inoltre autorizzate a confezionare Grana Padano in porzioni e alla grattugiatura 205 aziende. 19 sono le aziende autorizzate ad usare la DOP in prodotti composti elaborati e trasformati (CET).<\/p>\n<p style=\"text-align: left;\">Ha sede a San Martino della Battaglia, localit\u00e0 nel territorio di Desenzano del Garda, in provincia di Brescia; si trova quindi nel cuore della zona di produzione del formaggio Grana Padano, che si estende lungo tutta la pianura Padana e comprende 34 province dal Piemonte al Veneto, dalla provincia di Trento a quella di Piacenza; la produzione effettiva \u00e8 oggi concentrata in <strong>13<\/strong> province.<\/p>\n<p style=\"text-align: left;\">L\u2019art. 4 dello Statuto dispone che il Consorzio:<\/p>\n<p style=\"text-align: left;\"><strong>&#8211; Non ha scopo di lucro.<\/strong><\/p>\n<p style=\"text-align: left;\">&#8211; Ha ad oggetto la<strong> tutela<\/strong> e la<strong> promozione del formaggio GRANA PADANO e della relativa denominazione<\/strong> in Italia e all&#8217;estero, da realizzarsi <strong>\u00abmediante il compimento di ogni attivit\u00e0 e l&#8217;assunzione di ogni iniziativa all&#8217;uopo necessarie\u00bb<\/strong>, fra le quali ricordiamo:<\/p>\n<p style=\"text-align: left;\">\n<ul>\n<li style=\"text-align: left;\">l&#8217;esercizio di una costante <strong>vigilanza sulla produzione e sul commercio del GRANA PADANO<\/strong>, anche attraverso <strong>l&#8217;apposizione di marcature e\/o di altri contrassegni sulle forme e\/o sugli involucri<\/strong>;<\/li>\n<li style=\"text-align: left;\">la collaborazione con Enti, Organi e uffici &#8211; pubblici o privati, nazionali, comunitario comunque sovrannazionali od esteri &#8211; in ordine all&#8217;applicazione delle vigenti norme di tutela delle denominazioni di origine dei formaggi<\/li>\n<li style=\"text-align: left;\">realizzazione di contrassegni, marchi o brevetti;<\/li>\n<li style=\"text-align: left;\">svolgimento di attivit\u00e0 promo-pubblicitaria;<\/li>\n<li style=\"text-align: left;\">svolgimento di ricerche, tecniche e di mercato, intese a favorire il progresso dei metodi e dei mezzi di produzione e di commercializzazione del GRANA PADANO;<\/li>\n<li style=\"text-align: left;\">l&#8217;esercizio delle azioni, anche giudiziarie, a difesa della denominazione, dei segni distintivi e le privative consortili in genere e per prevenire o reprimere inadempimenti e\/o atti dei Consorziati e\/o di terzi lesivi degli interessi del Consorzio e\/o dei Consorziati.<\/li>\n<\/ul>\n<p>[\/et_pb_text][et_pb_text _builder_version=&#8221;4.20.0&#8243; _module_preset=&#8221;default&#8221; text_font=&#8221;Merriweather|700|||||||&#8221; text_text_color=&#8221;#0f0f0f&#8221; text_font_size=&#8221;22px&#8221; text_line_height=&#8221;62px&#8221; header_text_color=&#8221;gcid-8696fd7e-29dd-4028-9d4d-981b208a53a9&#8243; header_font_size=&#8221;22px&#8221; header_line_height=&#8221;26px&#8221; text_orientation=&#8221;center&#8221; custom_margin=&#8221;60px||7px||false|false&#8221; global_colors_info=&#8221;{%22gcid-8696fd7e-29dd-4028-9d4d-981b208a53a9%22:%91%22header_text_color%22%93}&#8221;]<\/p>\n<h1 style=\"text-align: left;\">Le fasi di lavorazione<\/h1>\n<p>[\/et_pb_text][et_pb_text _builder_version=&#8221;4.20.0&#8243; _module_preset=&#8221;default&#8221; text_font=&#8221;Merriweather|300|||||||&#8221; text_text_color=&#8221;#000000&#8243; text_font_size=&#8221;18px&#8221; text_line_height=&#8221;26px&#8221; text_orientation=&#8221;center&#8221; global_colors_info=&#8221;{}&#8221;]<\/p>\n<p style=\"text-align: left;\"><span style=\"text-decoration: underline;\"><strong>La ricetta del Grana Padano DOP<\/strong><\/span><br \/>Il Grana Padano DOP si produce esclusivamente con latte crudo, proveniente dalla zona di produzione, parzialmente decremato per affioramento naturale, <strong>munto non pi\u00f9 di due volte al giorno da bovine alimentate secondo regole precise<\/strong> e lavorato esclusivamente in caldaie in rame o con rivestimento interno in rame a forma di campana rovesciata, da ognuna delle quali si ricavano due forme.<\/p>\n<p style=\"text-align: left;\">Al latte in caldaia viene aggiunto il siero innesto naturale, viene poi riscaldato a una temperatura di 31-33 C\u00b0 e addizionato di caglio di vitello per la coagulazione. Si procede con la rottura della cagliata con lo spino e alla successiva cottura sotto agitazione fino ad una temperatura di 53 \u2013 56 C\u00b0.<\/p>\n<p style=\"text-align: left;\">La massa caseosa si deposita sul fondo della caldaia ed \u00e8 lasciata riposare fino ad un massimo di 70 minuti, perch\u00e9 rassodi e spurghi il siero. Infine gli operatori, con una pala in legno ed un telo (\u201cschiavino\u201d), la sollevano all&#8217;interno della caldaia e la tagliano in due parti uguali, le \u201cforme gemelle\u201d. Ognuna di esse \u00e8 avvolta in un telo di lino, estratta dalla caldaia e posta sullo spersore.<\/p>\n<p style=\"text-align: left;\"><span style=\"text-decoration: underline;\"><strong>Marchio di riconoscimento<\/strong><\/span><br \/>A questo punto ogni nuova forma \u00e8 racchiusa in una \u201cfascera\u201d, un tempo di legno ed oggi di idoneo materiale plastico, tenuta ben stretta e leggermente pressata da un disco dello stesso materiale. Dopo circa 12 ore dalla \u201cmessa in forma\u201d, tra la \u201cfascera\u201d e la parte laterale della forma (lo scalzo), \u00e8 inserita un&#8217;altra fascia di plastica, la fascera marchiante, con in rilievo i marchi di origine: il quadrifoglio con <strong>impresso il numero di matricola del caseificio, la sigla della provincia e il mese e l\u2019anno di produzione<\/strong>, e le piccole losanghe romboidali tratteggiate che riportano al loro interno alternativamente le parole \u201cGRANA\u201d e \u201cPADANO\u201d.<\/p>\n<p style=\"text-align: left;\"><span style=\"text-decoration: underline;\"><strong>Stagionatura dai 9 a Oltre 24 mesi<\/strong><\/span><\/p>\n<p style=\"text-align: left;\">Dopo circa 24 ore si sostituisce la fascera con una di acciaio, costellata di piccoli fori e leggermente bombata, che in un giorno circa d\u00e0 al formaggio la definitiva forma caratteristica: scalzo convesso e piatti piani. A quel punto, \u00e8 pronto per la salatura, immerso in una soluzione di acqua e sale per un periodo che varia dai 14 ai 30 giorni. <strong>Dopo l\u2019asciugatura<\/strong> in un locale adatto detto camera calda o locale di stufatura,<strong> inizia la stagionatura<\/strong>, da un minimo di 9 a oltre 24 mesi, in ambienti ben coibentati, con moderni sistemi di controllo della temperatura, dell&#8217;umidit\u00e0 e dell\u2019aerazione.<\/p>\n<p style=\"text-align: left;\">Durante il lungo periodo della stagionatura, il Grana Padano subisce una serie di mutamenti chimico-fisici, e microbiologici che si riflettono sulle sue caratteristiche organolettiche.<\/p>\n<p style=\"text-align: left;\">In questi mesi le forme vengono curate, pulite e girate ogni 15 giorni circa. Queste operazioni un tempo completamente manuali, oggi sono assicurate da macchine spazzolatrici e rivoltatrici robottizzate.<\/p>\n<p>[\/et_pb_text][et_pb_text _builder_version=&#8221;4.20.0&#8243; _module_preset=&#8221;default&#8221; text_font=&#8221;Merriweather|700|||||||&#8221; text_text_color=&#8221;#0f0f0f&#8221; text_font_size=&#8221;22px&#8221; text_line_height=&#8221;62px&#8221; header_text_color=&#8221;gcid-8696fd7e-29dd-4028-9d4d-981b208a53a9&#8243; header_font_size=&#8221;22px&#8221; header_line_height=&#8221;26px&#8221; text_orientation=&#8221;center&#8221; custom_margin=&#8221;60px||7px||false|false&#8221; global_colors_info=&#8221;{%22gcid-8696fd7e-29dd-4028-9d4d-981b208a53a9%22:%91%22header_text_color%22%93}&#8221;]<\/p>\n<h1 style=\"text-align: left;\">Il marchio a fuoco<\/h1>\n<p>[\/et_pb_text][et_pb_text _builder_version=&#8221;4.20.0&#8243; _module_preset=&#8221;default&#8221; text_font=&#8221;Merriweather|300|||||||&#8221; text_text_color=&#8221;#000000&#8243; text_font_size=&#8221;18px&#8221; text_line_height=&#8221;26px&#8221; text_orientation=&#8221;center&#8221; global_colors_info=&#8221;{}&#8221;]<\/p>\n<p style=\"text-align: left;\"><span style=\"text-decoration: underline;\"><strong>Controlli e verifiche<\/strong><\/span><br \/>Al nono mese le forme di <strong>Grana Padano sono esaminate<\/strong> con i tradizionali strumenti di controllo &#8211;<strong> il martelletto, l\u2019ago e la sonda<\/strong>.<br \/>Accanto a queste procedure, si aggiunge la verifica organolettica sistematica sulle forme, in corso di approvazione dagli organi di controllo sul Disciplinare di Produzione.<br \/>Tutte le partite di formaggio devono rispettare precisi parametri quali la fragranza, la friabilit\u00e0, la salubrit\u00e0, la tessitura e l\u2019intensit\u00e0 e soprattutto il gusto. E a verificare il rispetto di questi criteri sar\u00e0 un ente pubblico, qualificato ed imparziale, l\u2019Istituto Zooprofilattico Sperimentale della Lombardia e dell\u2019Emilia Romagna nei suoi laboratori di Brescia.<br \/>Si tratta di un processo molto impegnativo e oneroso nell\u2019applicazione e nell\u2019attuazione sistematica, che pone il Consorzio Grana Padano all\u2019avanguardia assoluta nei controlli di selezione qualitativa, con benefici molto importanti per il consumatore sul versante della qualit\u00e0, soprattutto sulle forme di Grana Padano destinate alle stagionature pi\u00f9 prolungate e pregiate.<br \/>Se superano tutte le prove, ricevono il <strong>marchio a fuoco<\/strong>, che garantisce la qualit\u00e0 \u201csana, leale e mercantile\u201d del Grana Padano DOP; ad apporlo sulle forme sono i tecnici dei caseifici, sotto l\u2019occhio dei funzionari del Consorzio di Tutela e su disposizione dell\u2019ente certificatore (CSQA).<\/p>\n<p style=\"text-align: left;\">La riproduzione del marchio deve comparire su tutte le confezioni di grattugiato e di porzionato, garantendo cos\u00ec il consumatore che il formaggio contenuto pu\u00f2 legittimamente fregiarsi della DOP \u201cGrana Padano\u201d.<\/p>\n<p style=\"text-align: left;\">Senza questo marchio, il formaggio non pu\u00f2 essere denominato n\u00e9 commercializzato come Grana Padano DOP.<\/p>\n<p style=\"text-align: left;\">Il marchio a fuoco viene apposto solo sulle forme di qualit\u00e0 scelto, zero ed uno.<\/p>\n<p style=\"text-align: left;\">Le forme che recano i marchi di origine \u201cGrana Padano\u201d, ma al controllo finale non risultano conformi ai requisiti necessari, vengono sottoposte alla cancellazione dei suddetti marchi mediante \u201cretinatura\u201d, cio\u00e8 ricoperte da segni che mascherano rombi e quadrifoglio che identificano come Grana Padano un formaggio che non lo \u00e8 diventato.<\/p>\n<p>[\/et_pb_text][et_pb_text _builder_version=&#8221;4.20.0&#8243; _module_preset=&#8221;default&#8221; text_font=&#8221;Merriweather|700|||||||&#8221; text_text_color=&#8221;#0f0f0f&#8221; text_font_size=&#8221;22px&#8221; text_line_height=&#8221;62px&#8221; header_text_color=&#8221;gcid-8696fd7e-29dd-4028-9d4d-981b208a53a9&#8243; header_font_size=&#8221;22px&#8221; header_line_height=&#8221;26px&#8221; text_orientation=&#8221;center&#8221; custom_margin=&#8221;60px||7px||false|false&#8221; global_colors_info=&#8221;{%22gcid-8696fd7e-29dd-4028-9d4d-981b208a53a9%22:%91%22header_text_color%22%93}&#8221;]<\/p>\n<h1 style=\"text-align: left;\">La tutela del benessere animale e la sostenibilit\u00e0 ambientale<\/h1>\n<p>[\/et_pb_text][et_pb_text _builder_version=&#8221;4.20.0&#8243; _module_preset=&#8221;default&#8221; text_font=&#8221;Merriweather|300|||||||&#8221; text_text_color=&#8221;#000000&#8243; text_font_size=&#8221;18px&#8221; text_line_height=&#8221;26px&#8221; text_orientation=&#8221;center&#8221; global_colors_info=&#8221;{}&#8221;]<\/p>\n<p style=\"text-align: left;\">Un basso impatto ambientale e il benessere degli animali rendono pi\u00f9 agevole, apprezzato e gradevole il compito dell\u2019allevatore generando un latte di maggiore qualit\u00e0, dando vantaggi al consumatore sia in termini di salubrit\u00e0 di prodotto che di rispetto degli ambienti del territorio della DOP in cui si trovano le stalle.<br \/>Per questo il Consorzio di Tutela introdurr\u00e0 un sistema obbligatorio per misurare il benessere animale in modo oggettivo e definito, individuando criteri finalizzati alla cura, allo stato di salute, alla libert\u00e0 di movimento, all\u2019accesso al cibo, all\u2019acqua e alla possibilit\u00e0 di pascolo.<br \/>Le novit\u00e0 riguarderanno la sicurezza e la qualit\u00e0 dell\u2019allevamento, la salute e il benessere degli animali nonch\u00e9 l\u2019alimentazione, e tutte saranno decisive per consentire al produttore di latte di far parte della filiera del Grana Padano DOP. Pertanto, si introdurr\u00e0 una valutazione con la definizione dei livelli di sufficienza che permetter\u00e0 alla stalla di conferire il proprio latte all\u2019interno del circuito Grana Padano DOP. Conseguentemente, il Consorzio cercher\u00e0 in tempi ragionevoli di tendere all\u2019ottimo per tutti gli allevatori.<br \/>Attualmente per tutti i conferenti latte appartenenti alla filiera del Grana Padano DOP \u00e8 in corso l\u2019iter di valutazione della prima indagine dello stato di benessere animale secondo il sistema Classyfarm. Successivamente all\u2019individuazione dei riferimenti necessari per la filiera del Grana Padano DOP, si proceder\u00e0 con l\u2019iter approvativo da parte del MiPAAF e della UE alla proposta di modifica del disciplinare di produzione, per poter introdurre questa procedura\/ sistema relativa alla tutela del benessere animale e la sostenibilit\u00e0 della filiera.<\/p>\n<p>[\/et_pb_text][et_pb_text _builder_version=&#8221;4.20.0&#8243; _module_preset=&#8221;default&#8221; text_font=&#8221;Merriweather|700|||||||&#8221; text_text_color=&#8221;#0f0f0f&#8221; text_font_size=&#8221;22px&#8221; text_line_height=&#8221;62px&#8221; header_text_color=&#8221;gcid-8696fd7e-29dd-4028-9d4d-981b208a53a9&#8243; header_font_size=&#8221;22px&#8221; header_line_height=&#8221;26px&#8221; text_orientation=&#8221;center&#8221; custom_margin=&#8221;60px||7px||false|false&#8221; global_colors_info=&#8221;{%22gcid-8696fd7e-29dd-4028-9d4d-981b208a53a9%22:%91%22header_text_color%22%93}&#8221;]<\/p>\n<h1 style=\"text-align: left;\">Ridurre l\u2019impronta ambientale nelle produzioni di qualit\u00e0<\/h1>\n<p>[\/et_pb_text][et_pb_text _builder_version=&#8221;4.20.0&#8243; _module_preset=&#8221;default&#8221; text_font=&#8221;Merriweather|300|||||||&#8221; text_text_color=&#8221;#000000&#8243; text_font_size=&#8221;18px&#8221; text_line_height=&#8221;26px&#8221; text_orientation=&#8221;center&#8221; global_colors_info=&#8221;{}&#8221;]<\/p>\n<p style=\"text-align: left;\">Oggi la lotta al riscaldamento globale rappresenta una delle sfide pi\u00f9 urgenti e difficili, che richiede l\u2019impegno congiunto di istituzioni e imprese in ogni contesto produttivo. Le emissioni dirette di gas ad effetto serra prodotte dalle attivit\u00e0 agricole legate alla produzione alimentare sono pari al 10-12% delle emissioni totali a livello mondiale: un dato che deve far riflettere sulla necessit\u00e0 di intervenire al pi\u00f9 presto per ridurre l\u2019impatto ambientale di un settore importante come il lattiero-caseario.<br \/>Il livello delle emissioni di gas serra tuttavia non \u00e8 l\u2019unico problema da risolvere: \u00e8 responsabilit\u00e0 di tutti coloro che operano nella filiera fare quanto possibile per limitare anche gli altri effetti negativi sull\u2019ambiente, come l\u2019impoverimento delle risorse idriche, l\u2019eutrofizzazione dell\u2019acqua dolce e marina, l\u2019ecotossicit\u00e0 dell\u2019acqua e il consumo di suolo.<br \/>Da qui nasce l\u2019esigenza di migliorare l\u2019efficienza dei sistemi produttivi dei formaggi DOP, analizzando tutti i parametri necessari a fornire una mappatura completa e dettagliata dell\u2019impatto ambientale dell\u2019intera catena produttiva \u2013 comprese le fasi di consumo e gestione dei rifiuti \u2013 con l\u2019obiettivo di mettere a punto tecniche e metodologie pi\u00f9 sostenibili.<br \/>Per soddisfarla il Consorzio Tutela Grana Padano DOP, insieme al Comit\u00e9 Interprofessionnel de Gestion du Comt\u00e9 in Francia, ha dato vita al progetto LIFE TTGG \u2013 The Tough Get Going (\u2018I &#8220;formaggi&#8221; duri cominciano a giocare\u2019).<br \/>Il progetto \u00e8 stato cofinanziato dalla Commissione Europea attraverso il Programma LIFE dedicato all&#8217;ambiente e all\u2019azione per il clima e ha visto la collaborazione di universit\u00e0, start up, aziende produttrici, organismi di formazione e di ricerca italiani e francesi oltre alla partecipazione di csqa certificazioni.<br \/>Con il Progetto LIFE TTGG ci \u00e8 posti l&#8217;obiettivo di orientare lo sviluppo del settore lattiero-caseario verso modelli di produzione e consumo a basso impatto ambientale al fine di garantire la crescita e preservare la qualit\u00e0 in una prospettiva di sostenibilit\u00e0 e di indipendenza energetica.<br \/>Dopo cinque anni di lavoro, il progetto Life TTGG ha premiato l\u2019impegno del Consorzio Tutela Grana Padano con la creazione del software SSDA, basato sulla metodologia europea PEF (Product Environmental Footprint). Si tratta di un software per il supporto alle decisoni ambientali che integra al calcolo dell&#8217;impronta ambientale l\u2019identificazione di misure concrete e specifiche per ridurre gli impatti e i consumi di energia lungo l&#8217;intera filiera.<br \/>Sviluppato, validato e testato nei contesti produttivi del formaggio italiano Grana Padano DOP e del Comt\u00e9 DOP francese lo strumento di supporto permetter\u00e0 di migliorare i tre macro-ambiti che caratterizzano la filiera lattiero-casearia: performance ambientali nelle aziende agricole, efficienza energetica nel caseificio, conservazione del prodotto e riduzione dello spreco alimentare attraverso l&#8217;ecodesign del packaging.<br \/>Inoltre, grazie alla programmazione del Consorzio di Tutela, le aziende produttrici di formaggio DOP avranno a disposizione un supporto evoluto che, tra le diverse funzioni, permetter\u00e0 loro di ottimizzare l\u2019intero processo produttivo, attraverso la stima del consumo di energia e la definizione dei potenziali risparmi energetici: dal recupero di calore dal siero di latte, fino ai condensatori.<br \/>Come sviluppo naturale il software sar\u00e0 personalizzato per l&#8217;utilizzo di IN altre filiere di prodotti DOP IGP e grazie alla metodologia PEF \u2013 lo standard unico europeo alla base del progetto \u2013 potr\u00e0 essere strumento per raggiungere gli obiettivi di sostenibilit\u00e0 stabiliti dalla strategia Green Deal e dalle politiche del Farm to Fork.<br \/>A conferma della sua rilevanza internazionale, il progetto ha ottenuto un importante riconoscimento da WIPO, la World Intellectual Property Organization, che in occasione dell\u2019edizione 2020 della Giornata Mondiale della propriet\u00e0 intellettuale sul tema \u201cInnovare per un futuro verde\u201d, lo ha segnalato tra 21 iniziative di maggior rilievo a livello mondiale.<\/p>\n<p>[\/et_pb_text][et_pb_text _builder_version=&#8221;4.20.0&#8243; _module_preset=&#8221;default&#8221; text_font=&#8221;Merriweather|700|||||||&#8221; text_text_color=&#8221;#0f0f0f&#8221; text_font_size=&#8221;22px&#8221; text_line_height=&#8221;62px&#8221; header_text_color=&#8221;gcid-8696fd7e-29dd-4028-9d4d-981b208a53a9&#8243; header_font_size=&#8221;22px&#8221; header_line_height=&#8221;26px&#8221; text_orientation=&#8221;center&#8221; custom_margin=&#8221;60px||7px||false|false&#8221; global_colors_info=&#8221;{%22gcid-8696fd7e-29dd-4028-9d4d-981b208a53a9%22:%91%22header_text_color%22%93}&#8221;]<\/p>\n<h1 style=\"text-align: left;\">Un alimento ad alto valore nutrizionale e promuove la salute<\/h1>\n<p>[\/et_pb_text][et_pb_text _builder_version=&#8221;4.24.2&#8243; _module_preset=&#8221;default&#8221; text_font=&#8221;Merriweather|300|||||||&#8221; text_text_color=&#8221;#000000&#8243; text_font_size=&#8221;18px&#8221; text_line_height=&#8221;26px&#8221; text_orientation=&#8221;center&#8221; global_colors_info=&#8221;{}&#8221;]<\/p>\n<p style=\"text-align: left;\">Il Grana Padano DOP \u00e8 un alimento funzionale, prodotto con latte crudo, naturalmente ricco di molecole con propriet\u00e0 benefiche e protettive fondamentali per l\u2019organismo umano. Apporta una grande quantit\u00e0 di <strong>nutrienti essenziali<\/strong> e importanti per la salute, difficilmente riscontrabili in altri alimenti a parit\u00e0 di calorie, e tutti altamente biodisponibili, cio\u00e8 in grado di essere assimilati dall\u2019organismo ed adempiere alle loro funzioni. Per questo, nelle giuste quantit\u00e0 e all\u2019interno di un\u2019equilibrata e varia alimentazione, pu\u00f2 essere consumato <strong>da tutti e a tutte le et\u00e0<\/strong>, in gravidanza, allattamento, da chi \u00e8 intollerante <strong>al lattosio<\/strong> ed essere inserito nella dieta di chi ha problemi <strong>d\u2019ipertensione<\/strong>,<strong> ipercolesterolemia<\/strong>,<strong> ipertrigliceridemia<\/strong>.<\/p>\n<p style=\"text-align: left;\"><span style=\"text-decoration: underline;\"><strong>Dai primi mesi di vita<\/strong><\/span><br \/>Nel passaggio graduale dal latte materno o formulato al nutrimento solido, i nutrienti di cui necessitano i bambini derivano dagli alimenti: latte, carne, pesce, cereali, verdura e frutta. Il Grana Padano DOP \u00e8 un concentrato di nutrienti del latte vaccino, indispensabili per la crescita del bambino e i suoi nutrienti possono essere assunti (da quando il bambino inizia a bere il latte) in piccole quantit\u00e0, per esempio: <strong>un cucchiaino (5 g)<\/strong> di Grana Padano DOP grattugiato per insaporire pappe o passati di verdura al posto del sale. Con questa piccola quantit\u00e0 il bambino assumer\u00e0 1,65 grammi di proteine e ben 58 mg di<strong> calcio altamente biodisponibile<\/strong>.<\/p>\n<p style=\"text-align: left;\"><span style=\"text-decoration: underline;\"><strong>Per il controllo del peso<\/strong><\/span><br \/>Nelle diete ipocaloriche alcuni aminoacidi e il calcio di cui il Grana Padano DOP \u00e8 ricco aiutano a controllare il peso. Tra i macronutrienti sono di rilevante importanza le <strong>proteine<\/strong>, soprattutto quelle ad <strong>alto valore<\/strong> <strong>biologico<\/strong> e alcuni dei loro aminoacidi essenziali, in particolare l\u2019aminoacido <strong>leucina<\/strong> che contrasta la<strong> perdita di massa magra<\/strong>, aumenta il senso di <strong>saziet\u00e0<\/strong> e contrasta negli anziani situazioni di sarcopenia. Inoltre, l\u2019elevato contenuto di calcio permette di garantire adeguati apporti di questo importantissimo minerale che aiuta la <strong>salute delle ossa<\/strong>\u00a0e che, nella grande maggioranza delle abituali diete ipocaloriche, rischia di non essere assunto in quantit\u00e0 sufficienti al fabbisogno minimo giornaliero.<\/p>\n<p style=\"text-align: left;\"><span style=\"text-decoration: underline;\"><strong>Per gli sportivi<\/strong><\/span><br \/>Nello sport sono molto utili gli aminoacidi ramificati e gli antiossidanti di cui la dieta dello sportivo dovrebbe essere ricca. Il 33% del Grana Padano DOP \u00e8 costituito da proteine, in gran parte di <strong>alto valore biologico<\/strong> con circa il 20% di aminoacidi ramificati (<strong>valina, isoleucina e leucina<\/strong>), molto importanti perch\u00e9 possono fornire <strong>energia immediata<\/strong> in quanto captati direttamente dai muscoli senza passare per il fegato, e <strong>riparare<\/strong> le strutture proteiche danneggiate come le <strong>fibre muscolari<\/strong>. L\u2019azione dei ramificati \u00e8 anche in grado di contrastare la produzione di acido lattico e ridurre l\u2019appannamento mentale da affaticamento. Il grande consumo di energia nello sport produce un eccesso di radicali liberi che devono essere contrastati con gli antiossidanti tra i quali zinco, selenio e vitamina A contenuti in buone quantit\u00e0 nel Grana Padano DOP.<\/p>\n<p style=\"text-align: left;\"><span style=\"text-decoration: underline;\"><strong>Per la menopausa e l&#8217;andropausa<\/strong><\/span><br \/>Intorno ai quarant\u2019anni donne e uomini iniziano un lento declino fisiologico a cui nessuno si pu\u00f2 sottrarre, anche se \u00e8 possibile ridurre al minimo il fenomeno e avere una et\u00e0 fisiologica inferiore a quella anagrafica. In generale le donne vanno in menopausa tra i 45 e i 55 anni e dopo i 65 tutti gli uomini sono in andropausa. A questa et\u00e0 occorre adottare uno stile di vita che preservi muscoli e ossa, quindi ora pi\u00f9 che mai, oltre alla costante attivit\u00e0 fisica, \u00e8 indispensabile un\u2019alimentazione equilibrata ricca di proteine, minerali e vitamine. Il Grana Padano DOP promuove la salute anche in questa fase della vita grazie all\u2019apporto di nutrienti che aiutano a contrastare l\u2019invecchiamento. Da questa et\u00e0 in poi aumentano le necessit\u00e0 di proteine essenziali, di calcio e molecole protettive che aiutino il sistema immunitario come la vitamina B12, A, zinco e selenio elementi naturalmente presenti in buone quantit\u00e0 nel Grana Padano DOP e nelle diete <strong>Calorie&amp;Menu<\/strong> e <strong>Sostenibile Vegetariana<\/strong> per menopausa scaricabili gratuitamente dal portale <a href=\"https:\/\/www.educazionenutrizionale.granapadano.it\/it\/\" target=\"_blank\" rel=\"noopener\">ENGP<\/a>.<\/p>\n<p style=\"text-align: left;\"><span style=\"text-decoration: underline;\"><strong>Per la gravidanza e l&#8217;allattamento<br \/><\/strong><\/span>Dalla gravidanza all\u2019allattamento l\u2019alimentazione equilibrata \u00e8 fondamentale per la salute della mamma e del bambino. In particolare, l\u2019apporto proteico e minerale deve soddisfare il fabbisogno giornaliero della donna che, in questa fase della vita, ha maggiori necessit\u00e0 della coetanea dello stesso peso non gravida o in allattamento (LARN). Le proteine ad alto valore biologico del Grana Padano DOP con i loro <strong>9 aminoacidi essenziali e il calcio altamente biodisponibile<\/strong>, contribuiscono a mantenere in salute la donna in gravidanza e la fisiologica crescita del feto. Durante l\u2019allattamento \u00e8 altrettanto importante l\u2019equilibrata alimentazione e di conseguenza l\u2019apporto dei nutrienti del latte che sono concentrati nel Grana Padano DOP, non solo per la produzione di latte, ma anche per preservare la salute della mamma, in particolare per l\u2019apporto di calcio. Infatti, se il calcio assunto con l\u2019alimentazione non \u00e8 sufficiente, l\u2019organismo lo preleva dallo scheletro della mamma indebolendolo e aumentando il rischio di osteoporosi.<\/p>\n<p style=\"text-align: left;\"><span style=\"text-decoration: underline;\"><strong>Per gli intolleranti al lattosio<\/strong><\/span><br \/>L\u2019assenza di lattosio nel Grana Padano DOP \u00e8 una conseguenza naturale del tipico processo di fabbricazione con il quale si ottiene il formaggio, dove il siero, separandosi dalla cagliata, porta con s\u00e9 la maggioranza del lattosio. Dopo l\u2019estrazione della cagliata, il formaggio \u00e8 fatto riposare per circa 48 ore durante le quali i batteri lattici utilizzano quasi tutto il lattosio presente. Dopo 9 mesi di stagionatura, tempo minimo per diventare Grana Padano DOP, questo formaggio<strong> \u00e8 naturalmente privo di lattosio<\/strong> e il <strong>galattosio<\/strong> \u00e8 inferiore 10mg\/100g, caratteristiche che rendendo questo formaggio fruibile anche da chi \u00e8 intollerante al lattosio e ai soggetti affetti da <strong>galattosemia<\/strong>.<\/p>\n<p style=\"text-align: left;\"><span style=\"text-decoration: underline;\"><strong>Per chi ha la pressione del sangue alta<\/strong><\/span><br \/><strong>Per ridurre il sale<\/strong> spesso si fa a meno dei formaggi stagionati come il Grana Padano DOP, senza sapere quanto si risparmi. Nella prevenzione e cura dell\u2019ipertensione la dieta iposodica deve anche apportare tutti i nutrienti necessari all\u2019organismo, oltre che restare nei limiti dettati dalla OMS cio\u00e8 non assumere pi\u00f9 di 5 g di sale al giorno, corrispondenti a 2 g di sodio. In una porzione di Grana Padano DOP, intesa come secondo al posto di carne o 2 uova che i LARN2 indicano in 50g, ci sono <strong>0,8g di sale<\/strong> pari a circa 320mg di sodio, la stessa quantit\u00e0 che si trova in 100g di pane (pagnotta, rosetta, filone, baguette) o di legumi in scatola. Un secondo di Grana Padano DOP apporta circa il <strong>16% del sodio giornaliero raccomandato<\/strong>, ma anche tanti nutrienti (proteine, calcio, vitamine) di qualit\u00e0 e quantit\u00e0 spesso superiore alla maggioranza degli alimenti.<\/p>\n<p style=\"text-align: left;\"><span style=\"text-decoration: underline;\"><strong>I peptidi ACE inibitori<\/strong><\/span><br \/>La possibilit\u00e0 di inserire con sicurezza il Grana Padano DOP anche nella dieta di chi soffre d\u2019ipertensione \u00e8 confermata da uno studio clinico effettuato dall\u2019Unit\u00e0 Operativa di Ipertensione dell\u2019Ospedale Guglielmo da Saliceto di Piacenza, guidata dal Dott. Giuseppe Crippa. Tale studio clinico, controllato con placebo, ha coinvolto 30 pazienti con ipertensione mediamente moderata, uomini e donne tra i 45 e oltre i 65 anni. Su 30 pazienti che hanno consumato quotidianamente 30 grammi di Grana Padano DOP stagionato 12 mesi, per 60 giorni (due mesi), \u00e8 stato rilevato che la pressione arteriosa non \u00e8 aumentata e si \u00e8 riscontrata una<strong> tendenza significativa<\/strong> alla sua riduzione. I ricercatori ritengono che i peptidi che si formano durante la stagionatura del Grana Padano DOP abbiano un importante effetto biologico poich\u00e9 sono in grado d\u2019inibire l\u2019attivit\u00e0 di un enzima (enzima di conversione dell\u2019angiotensina o ACE) cruciale nella regolazione dell\u2019ipertensione. Infatti, gli ACE inibitori sono utilizzati in medicina per la cura della pressione alta. Inoltre, lo studio ha rilevato che nei 30 pazienti che hanno integrato la dieta di 210g a settimana di Grana Padano DOP, non si \u00e8 osservata alcuna modificazione nei valori di colesterolo totale e HDL, trigliceridi, glicemia, sodiemia, potassiemia e, cosa sempre interessante, non si sia modificato il BMI, cio\u00e8 non siano ingrassati.<\/p>\n<p style=\"text-align: left;\"><span style=\"text-decoration: underline;\"><strong>Per chi ha problemi di colesterolo o trigliceridi<\/strong><\/span><br \/>Nelle diete di chi ha alti valori di colesterolo o trigliceridi sono spesso eliminati alcuni alimenti di origine animale, come latte, formaggi, uova, carne, etc., nonostante le linee guida espresse dai LARN2 indichino che tutti gli alimenti debbano essere inseriti nella dieta con la giusta quantit\u00e0 e frequenza quotidiana o settimanale, incluso quindi il Grana Padano DOP.<\/p>\n<p style=\"text-align: left;\"><strong>Il colesterolo<\/strong><br \/>\u00e8 una sostanza grassa (steroli) presente negli alimenti di origine animale e anche in alcuni vegetali. \u00c8 indispensabile per il corpo umano per molte funzioni, per questa ragione il fegato<strong> produce <\/strong>circa l\u201980% del colesterolo circolante nel sangue e solo una piccola parte \u00e8 <strong>introdotta con gli alimenti<\/strong>. Per ridurre il colesterolo totale o LDL, detto anche \u201ccattivo\u201d, e aumentare quello \u201cbuono\u201d, l\u2019HDL, spesso il consiglio alimentare \u00e8 di limitare cibi con troppi grassi come il burro, il latte e i formaggi, preferendo invece l\u2019olio di oliva e carni magre senza grasso visibile. Questa semplificazione ha fatto credere a tanti che il colesterolo sia solo nel grasso, invece \u00e8 anche nelle carni magre. Le analisi eseguite su migliaia di alimenti dal CREA1 indicano la presenza di colesterolo in tutti gli alimenti di origine animale: carne, pesce, latte, mitili, ecc.<br \/>Il <strong>petto di pollo<\/strong> \u00e8 una delle carni con minor contenuto di grassi (<strong>0,8g\/100g<\/strong>), eppure una porzione (LARN2 porzione standard 100g) apporta<strong> 60 mg di colesterolo<\/strong>. Nella carne rossa, taglio posteriore senza grasso visibile, i grassi sono intorno a <strong>3,4g, cio\u00e8 4 volte di pi\u00f9<\/strong> che nel petto di pollo, ma il colesterolo \u00e8 inferiore, <strong>solo 52 mg<\/strong>. Perch\u00e9? Il colesterolo \u00e8 parte indispensabile della membrana cellulare, ed \u00e8 quindi presente nelle cellule di ogni alimento di origine animale come il nel latte. Una porzione di Grana Padano DOP (LARN2 porzione standard 50g), che per le sue caratteristiche nutrizionali pu\u00f2 sostituire un secondo di carne o 2 uova, apporta 14g di grassi (di cui il 32% insaturi) e 54,5 mg di colesterolo leggermente meno che nel petto di pollo. La quantit\u00e0 di colesterolo negli alimenti non \u00e8 proporzionale alla quantit\u00e0 di grasso e le sostituzioni che i LARN2 propongono non tengono conto del colesterolo, come nel caso della porzione di 2 uova che possono essere sostituite da una di formaggio stagionato nonostante contengano <strong>222 mg di colesterolo cadauna<\/strong>, cio\u00e8 circa 8 volte di pi\u00f9 che in una porzione di Grana Padano DOP.<\/p>\n<p style=\"text-align: left;\"><strong>I trigliceridi<\/strong><br \/>Nelle diete di chi soffre di ipertrigliceridemia spesso si consiglia di eliminare i grassi e gli alimenti che pi\u00f9 ne contengono, in particolare quelli di origine animale come latte, formaggi, uova, carne, etc, con il risultato che aumentino i consumi di carboidrati. Attraverso un processo di sintesi, il metabolismo produce trigliceridi dai carboidrati che non sono utilizzati, per poi immagazzinarli come grasso. I carboidrati si digeriscono velocemente e una dieta ricca di alimenti come pasta, pane e cereali in genere, oltre a cibo e bevande ricchi di zucchero, \u00e8 una delle cause della trigliceridemia. Il Grana Padano DOP non apporta carboidrati, perch\u00e9 \u00e8 privo di lattosio (zucchero del latte), ovviamente apporta calorie, precisamente 195 kcal per porzione (LARN250g), pu\u00f2 quindi contribuire ad un eccesso energetico, ma i suoi nutrienti si metabolizzano meno velocemente dei carboidrati. In caso di valori alti di trigliceridi nel sangue il Grana Padano DOP pu\u00f2 essere consumato, se inserito in una dieta equilibrata secondo le frequenze giornaliere o settimanali suggerite dalle linee guida.<\/p>\n<p style=\"text-align: left;\"><span style=\"text-decoration: underline;\"><strong>I macro e micronutrienti<\/strong><\/span><\/p>\n<p style=\"text-align: left;\"><strong>Proteine<\/strong><br \/>In 50 g di Grana Padano DOP ci sono mediamente<strong> 16 g di proteine (33%), <\/strong>in gran parte ad <strong>alto valore biologico<\/strong> con tutti i <strong>9 aminoacidi essenziali<\/strong>, dei quali il 20% ramificati: <strong>isoleucina, leucina, valina<\/strong>. La qualit\u00e0 della proteina varia in funzione della sua composizione in amminoacidi essenziali, chiamati cos\u00ec perch\u00e9 il nostro organismo non pu\u00f2 sintetizzarli e si possono assumere solo dagli alimenti. Il valore biologico di una proteina identifica la sua capacit\u00e0 di soddisfare le necessit\u00e0 metaboliche dell\u2019organismo per aminoacidi totali ed essenziali. Semplificando, nel Grana Padano DOP sono presenti in maggioranza quelle di alto valore biologico, nei legumi quelle di medio valore biologico e nei cereali quelle di basso valore biologico.<\/p>\n<p style=\"text-align: left;\"><strong>Grassi<\/strong><br \/>Il latte intero utilizzato per fare il Grana Padano DOP all\u2019inizio della lavorazione \u00e8 parzialmente decremato per affioramento naturale, fase nella quale perde poco meno del 50% dei grassi. Grazie quindi alla scrematura, in 100 grammi di formaggio sono mediamente presenti 29 g di lipidi, di cui il <strong>68% saturi<\/strong>, il <strong>28% monoinsaturi<\/strong> (gli stessi presenti nell\u2019olio di oliva) e il <strong>4% polinsaturi<\/strong> (presenti nel pesce, noci e nella frutta secca). Tra i saturi, l\u201911% sono \u201csaturi a corta catena\u201d, cio\u00e8 simili ai cosiddetti \u201c<strong>grassi buoni<\/strong>\u201d. La quantit\u00e0 di saturi pu\u00f2 far pensare che i lipidi del latte siano simili a quelli di carne o uova, ma non \u00e8 cos\u00ec. I grassi della carne sono differenti per loro natura, perch\u00e9 sono strutturati nel tessuto dell\u2019animale. I lipidi del latte invece sono <strong>secreti<\/strong> dalla <strong>mammella della vacca<\/strong> e costituiti da <strong>trigliceridi <\/strong>in forma di globuli rivestiti da una <strong>membrana lipo-proteica<\/strong>, chiamata MFGM (Milk Fat Globule Membrane), dalle funzioni metaboliche bioattive e con caratteristiche positive, anche se saturi. Studi d\u2019intervento hanno dimostrato che il consumo di alimenti derivati dal latte (burro, gelati e formaggi) per un <strong>apporto energetico quotidiano del 20%<\/strong> su donne e uomini di mezza et\u00e0, <strong>ha ridotto<\/strong> i livelli di colesterolo totale e di LDL (quello cattivo) senza modificare l\u2019HDL (quello buono). Si pu\u00f2 quindi dedurre che il consumo di Grana Padano DOP, <strong>grazie al latte con cui \u00e8 fatto<\/strong> non abbia lo stesso effetto dei grassi della carne a parit\u00e0 di energia fornita, e <strong>non sia gravato da quel rischio cardiovascolare<\/strong> tipico dei grassi saturi degli altri alimenti di origine animale.<br \/>Uno studio recente ha anche messo in evidenza che il grasso del latte, mangiato sotto forma di formaggio, sembra influenzare in modo diverso i lipidi del sangue rispetto al burro, evidenziando un colesterolo totale significativamente pi\u00f9 basso.<\/p>\n<p style=\"text-align: left;\"><strong>I minerali<\/strong><br \/>Il Grana Padano DOP \u00e8 un concentrato di latte ed \u00e8 quindi ricchissimo di minerali essenziali come il calcio. Apporta inoltre ottime quantit\u00e0 di fosforo, zinco, rame ed \u00e8 fonte di selenio, iodio e magnesio. Secondo le tabelle di composizione degli alimenti DBA dello IEO3, in 100 g di Grana Padano DOP troviamo ben <strong>1165 mg di calcio<\/strong>, una quantit\u00e0 elevata raramente riscontrabile tra tutti gli alimenti maggiormente consumati dalla popolazione italiana. Il fabbisogno quotidiano di riferimento di minerali LARN2 per una persona adulta (media tra maschi e femmine di et\u00e0 compresa tra i 18 e 59 anni) \u00e8 di 1000 mg al giorno (1300 nei maschi e femmine da 11 a 17 anni). Molti studi rilevano che l\u2019assunzione di calcio degli italiani \u00e8 insufficiente, situazione che pu\u00f2 influire sulla crescita fisiologica della massa ossea in et\u00e0 evolutiva e portare a problemi dell\u2019osso in et\u00e0 adulta, come l\u2019osteoporosi nelle donne quando andranno in menopausa. Mangiando 25 g di Grana Padano DOP si soddisfa mediamente il 30% del fabbisogno di calcio e zinco negli adulti e il 22% nei ragazzi, oltre al 7% di selenio. Spesso si ritiene che l\u2019apporto di calcio possa essere soddisfatto consumando alimenti vegetali al posto di latte e derivati come il Grana Padano DOP, l\u2019alimento <strong>con maggiore quantit\u00e0 di calcio<\/strong> di tutti i derivati del latte maggiormente consumati (DBA-IEO3). Oltre alla differenza quantitativa in rapporto al peso del\u2019alimento, si trascura la biodisponibilit\u00e0 dei minerali, cio\u00e8 la capacit\u00e0 dell\u2019organismo di assorbire il minerale dai vegetali e utilizzarlo. Il calcio del latte \u00e8<strong> biodisponibile per circa il 70%<\/strong> della sua quantit\u00e0, il calcio dei vegetali ha invece una biodisponibilit\u00e0 che spesso <strong>non supera il 2% e tocca il 10% in alcuni vegetali<\/strong>\u00a0e una bassa quantit\u00e0 rispetto al peso. Per questa ragione gli studi effettuati dagli esperti dell\u2019osso della SIOMMMS4 raccomandano di assumere calcio da latte e derivati oltre ovviamente assicurarsi la quantit\u00e0 necessaria di vitamina D senza la quale il calcio non si fissa alle ossa. Raccomandazione saggia se si pensa che un solo cucchiaio di Grana Padano DOP (10g) grattugiato apporta 116mg di calcio e ne sono assorbiti circa 81 mg. Degli altri minerali presenti nel Grana Padano DOP, vanno messi in evidenza il fosforo, che con il calcio forma gran parte del tessuto osseo, zinco e selenio, due importanti oligoelementi a funzione antiossidante che non solo combattono i radicali liberi, ma sono anche indispensabili per molte funzioni metaboliche.<\/p>\n<p style=\"text-align: left;\"><strong>Vitamine<\/strong><br \/>Le vitamine contenute nel latte e concentrate nel Grana Padano DOP sono molto importanti per la salute: in particolare, nel formaggio vi sono quantit\u00e0 significative di vitamine del gruppo B e vitamina A. Rispetto all\u2019assunzione di riferimento dei LARN2, il consumo di 25 g di Grana Padano DOP soddisfa il fabbisogno quotidiano (media maschi e femmine 18 e 59 anni) di vitamina <strong>B12 per il 35%, di B2 per il 7% e di vitamina A per il 10%.<\/strong> \u00c8 importante sottolineare che la grande quantit\u00e0 di B12 in 25g di Grana Padano DOP \u00e8 dovuta alla concentrazione dei 375g di latte con cui \u00e8 fatto e che questa vitamina si trova solo nel regno animale e in alcuni casi, come le alghe, in quello vegetale, ma di scarsa biodisponibilit\u00e0. Infatti, la carenza di vit.B12 \u00e8 particolarmente segnalata nelle diete vegane. La B12 svolge un ruolo fondamentale nella maturazione dei globuli rossi (una sua carenza induce anemia perniciosa) ed \u00e8 molto importante per la salute del sistema nervoso. La B2 \u00e8 indispensabile alla respirazione cellulare e attiva nel metabolismo degli zuccheri, proteine e grassi. La A, oltre ai benefici che porta all\u2019acutezza visiva, \u00e8, insieme allo zinco e al selenio, uno degli antiossidanti presenti nel Grana Padano DOP.<\/p>\n<p style=\"text-align: left;\"><strong>Lisozima, antibatterico naturale<\/strong><br \/>Il lisozima \u00e8 una proteina naturalmente presente in elevata quantit\u00e0 nel latte materno, nelle lacrime, nella saliva umana e nell\u2019albume dell\u2019uovo di gallina. \u00c8 un enzima dotato di propriet\u00e0 antibatteriche e impiegato nella produzione di vari formaggi stagionati per controllare le fermentazioni indesiderate, inoltre, viene utilizzato anche nella produzione di alcune tipologie di vino e birra. Il lisozima presente nel Grana Padano DOP \u00e8 estratto dall\u2019albume dell\u2019uovo con metodi fisici, il quantitativo utilizzato nella caseificazione (secondo quanto previsto dal Disciplinare di produzione) \u00e8 al massino di 2,5 g per 100 litri di latte, quindi in una porzione di 50 g di formaggio si trovano pochi milligrammi di lisozima.<br \/>Da recenti ricerche condotte sulla presunta allergia al lisozima contenuto del Grana Padano DOP, si conclude che in letteratura non sia riportato nemmeno un caso di allergia riconducibile al lisozima nel Grana Padano DOP, anche se \u00e8 comunque prudente valutarne il consumo nei bambini in cui si sia riscontrata l\u2019allergia all\u2019uovo.<\/p>\n<p style=\"text-align: left;\"><a href=\"https:\/\/www.salute.gov.it\/portale\/documentazione\/p6_2_2_1.jsp?lingua=italiano&amp;id=1148\" target=\"_blank\" rel=\"noopener\">Scarica<\/a> il documento del Ministero della Salute relativo alla presenza del lisozima nel Grana Padano DOP.<\/p>\n<p style=\"text-align: left;\">1- CREA <a href=\"http:\/\/nut.entecra.it\/\" target=\"_blank\" rel=\"noopener\">Centro Ricerche Alimenti e Nutrizione<\/a>, istituto del Ministero delle Politiche Agricole e Forestali.<br \/>2- LARN Livelli di Assunzione di Riferimento di Nutrienti per la popolazione italiana, della <a href=\"http:\/\/sinu.it\/\" target=\"_blank\" rel=\"noopener\">SINU Societ\u00e0 Italiana Nutrizione Umana<\/a>.<br \/>3- IEO &#8211; Istituto Europeo di Oncologia \u2013 <a href=\"http:\/\/www.bda-ieo.it\/\" target=\"_blank\" rel=\"noopener\">DBA-IEO Database Alimenti<\/a>.<br \/>4- <a href=\"https:\/\/www.siommms.it\/\" target=\"_blank\" rel=\"noopener\">SIOMMMS<\/a> &#8211; Societ\u00e0 Italiana dell\u2019Osteoporosi del Metabolismo Minerale e delle Malattie dello scheletro<\/p>\n<p>[\/et_pb_text][\/et_pb_column][\/et_pb_row][\/et_pb_section][et_pb_section fb_built=&#8221;1&#8243; module_class=&#8221;production_sub_hub_wrapper ad_eventi_stampa_custom_accordian_title&#8221; _builder_version=&#8221;4.20.0&#8243; _module_preset=&#8221;default&#8221; background_enable_color=&#8221;off&#8221; custom_margin=&#8221;||40px|||&#8221; custom_padding=&#8221;0px||1px|||&#8221; locked=&#8221;off&#8221; global_colors_info=&#8221;{}&#8221;][et_pb_row module_class=&#8221;analisi_visiva_accordian&#8221; _builder_version=&#8221;4.19.5&#8243; _module_preset=&#8221;default&#8221; global_colors_info=&#8221;{}&#8221;][et_pb_column type=&#8221;4_4&#8243; _builder_version=&#8221;4.19.4&#8243; _module_preset=&#8221;default&#8221; global_colors_info=&#8221;{}&#8221;][et_pb_toggle title=&#8221;Sostanze nutritive contenute in 100 grammi di formaggio Grana Padano DOP&#8221; open_toggle_text_color=&#8221;#000000&#8243; toggle_icon=&#8221;&#x33;||divi||400&#8243; use_icon_font_size=&#8221;on&#8221; icon_font_size=&#8221;30px&#8221; open_icon_color=&#8221;#000000&#8243; open_toggle_icon=&#8221;&#x32;||divi||400&#8243; open_use_icon_font_size=&#8221;on&#8221; open_icon_font_size=&#8221;30px&#8221; _builder_version=&#8221;4.24.2&#8243; _module_preset=&#8221;default&#8221; title_text_color=&#8221;#000000&#8243; title_font=&#8221;Merriweather||||||||&#8221; title_text_align=&#8221;left&#8221; title_font_size=&#8221;22px&#8221; title_line_height=&#8221;52px&#8221; body_font=&#8221;Merriweather|300|||||||&#8221; body_font_size=&#8221;18px&#8221; background_color=&#8221;#f7f7f7&#8243; text_orientation=&#8221;center&#8221; custom_margin=&#8221;||15px||false|false&#8221; custom_padding=&#8221;||20px||false|false&#8221; global_colors_info=&#8221;{}&#8221;]<\/p>\n<p>&nbsp;<\/p>\n<table class=\"col3\" style=\"height: 575px; width: 100%; border-collapse: collapse; margin-left: auto; margin-right: auto;\" border=\"0\">\n<tbody>\n<tr style=\"height: 48px;\">\n<th style=\"width: 34%; height: 48px; text-align: center;\">COMPOSTO<\/th>\n<th style=\"width: 34%; height: 48px; text-align: center;\">UNIT\u00c0<\/th>\n<th style=\"width: 34%; height: 48px; text-align: center;\">MEDIA<\/th>\n<\/tr>\n<tr style=\"height: 48px; text-align: center;\">\n<td style=\"width: 34%; height: 48px; text-align: center;\">Acqua<\/td>\n<td style=\"width: 34%; height: 48px;\">g<\/td>\n<td style=\"width: 34%; height: 48px;\">32,0<\/td>\n<\/tr>\n<tr style=\"height: 48px; text-align: center;\">\n<td style=\"width: 34%; height: 48px; text-align: center;\">Proteine totali<\/td>\n<td style=\"width: 34%; height: 48px;\">g<\/td>\n<td style=\"width: 34%; height: 48px;\">33,0<\/td>\n<\/tr>\n<tr style=\"height: 48px; text-align: center;\">\n<td style=\"width: 34%; height: 48px; text-align: center;\">Aminoacidi totali<\/td>\n<td style=\"width: 34%; height: 48px;\">g<\/td>\n<td style=\"width: 34%; height: 48px;\">6,0<\/td>\n<\/tr>\n<tr style=\"height: 48px; text-align: center;\">\n<td style=\"width: 34%; height: 48px; text-align: center;\">Grasso<\/td>\n<td style=\"width: 34%; height: 48px;\">g<\/td>\n<td style=\"width: 34%; height: 48px;\">29,0<\/td>\n<\/tr>\n<tr style=\"height: 24px; text-align: center;\">\n<td style=\"width: 34%; height: 24px; text-align: center;\">Acidi grassi saturi<\/td>\n<td style=\"width: 34%; height: 24px;\">g<\/td>\n<td style=\"width: 34%; height: 24px;\">18,4<\/td>\n<\/tr>\n<tr style=\"height: 24px;\">\n<td style=\"width: 34%; text-align: center; height: 24px;\">Acidi grassi monoinsaturi<\/td>\n<td style=\"width: 34%; text-align: center; height: 24px;\">g<\/td>\n<td style=\"width: 34%; text-align: center; height: 24px;\">7,4<\/td>\n<\/tr>\n<tr style=\"height: 23px;\">\n<td style=\"width: 34%; text-align: center; height: 23px;\">Acidi grassi polinsaturi<\/td>\n<td style=\"width: 34%; text-align: center; height: 23px;\">g<\/td>\n<td style=\"width: 34%; text-align: center; height: 23px;\">1,1<\/td>\n<\/tr>\n<tr style=\"height: 24px;\">\n<td style=\"width: 34%; text-align: center; height: 24px;\">Zuccheri (carboidrati)<\/td>\n<td style=\"width: 34%; text-align: center; height: 24px;\">mg<\/td>\n<td style=\"width: 34%; text-align: center; height: 24px;\">&lt;1<\/td>\n<\/tr>\n<tr style=\"height: 24px;\">\n<td style=\"width: 34%; text-align: center; height: 24px;\" valign=\"top\" width=\"142\">Colesterolo<\/td>\n<td style=\"width: 34%; text-align: center; height: 24px;\" valign=\"top\" width=\"66\">mg<\/td>\n<td style=\"width: 34%; text-align: center; height: 24px;\" valign=\"top\" width=\"115\">98,3<\/td>\n<\/tr>\n<tr style=\"height: 24px;\">\n<td style=\"width: 34%; text-align: center; height: 24px;\" valign=\"top\" width=\"142\">Lizosima, proteina dell\u2019uovo<\/td>\n<td style=\"width: 34%; text-align: center; height: 24px;\" valign=\"top\" width=\"66\">mg<\/td>\n<td style=\"width: 34%; text-align: center; height: 24px;\" valign=\"top\" width=\"115\">16,0<\/td>\n<\/tr>\n<tr style=\"height: 24px;\">\n<td style=\"width: 34%; text-align: center; height: 24px;\" valign=\"top\" width=\"142\">Fibre<\/td>\n<td style=\"width: 34%; text-align: center; height: 24px;\" valign=\"top\" width=\"66\">mg<\/td>\n<td style=\"width: 34%; text-align: center; height: 24px;\" valign=\"top\" width=\"115\">0,0<\/td>\n<\/tr>\n<tr style=\"height: 24px;\">\n<td style=\"width: 34%; text-align: center; height: 24px;\" valign=\"top\" width=\"142\">Ceneri<\/td>\n<td style=\"width: 34%; text-align: center; height: 24px;\" valign=\"top\" width=\"66\">g<\/td>\n<td style=\"width: 34%; text-align: center; height: 24px;\" valign=\"top\" width=\"115\">4,6<\/td>\n<\/tr>\n<tr style=\"height: 24px;\">\n<td style=\"width: 34%; text-align: center; height: 24px;\" valign=\"top\" width=\"142\">Calcio<\/td>\n<td style=\"width: 34%; text-align: center; height: 24px;\" valign=\"top\" width=\"66\">mg<\/td>\n<td style=\"width: 34%; text-align: center; height: 24px;\" valign=\"top\" width=\"115\">1165,0<\/td>\n<\/tr>\n<tr style=\"height: 24px;\">\n<td style=\"width: 34%; text-align: center; height: 24px;\" valign=\"top\" width=\"142\">Fosforo<\/td>\n<td style=\"width: 34%; text-align: center; height: 24px;\" valign=\"top\" width=\"66\">mg<\/td>\n<td style=\"width: 34%; text-align: center; height: 24px;\" valign=\"top\" width=\"115\">692,0<\/td>\n<\/tr>\n<tr style=\"height: 24px;\">\n<td style=\"width: 34%; text-align: center; height: 24px;\" valign=\"top\" width=\"142\">Rapporto Calcio\/Fosforo<\/td>\n<td style=\"width: 34%; text-align: center; height: 24px;\" valign=\"top\" width=\"66\">&#8211;<\/td>\n<td style=\"width: 34%; text-align: center; height: 24px;\" valign=\"top\" width=\"115\">1,7<\/td>\n<\/tr>\n<tr style=\"height: 24px;\">\n<td style=\"width: 34%; text-align: center; height: 24px;\" valign=\"top\" width=\"142\">Cloruro di sodio<\/td>\n<td style=\"width: 34%; text-align: center; height: 24px;\" valign=\"top\" width=\"66\">g<\/td>\n<td style=\"width: 34%; text-align: center; height: 24px;\" valign=\"top\" width=\"115\">1,5<\/td>\n<\/tr>\n<tr style=\"height: 24px;\">\n<td style=\"width: 34%; text-align: center; height: 24px;\" valign=\"top\" width=\"142\">Sodio<\/td>\n<td style=\"width: 34%; text-align: center; height: 24px;\" valign=\"top\" width=\"66\">g<\/td>\n<td style=\"width: 34%; text-align: center; height: 24px;\" valign=\"top\" width=\"115\">0,6<\/td>\n<\/tr>\n<tr style=\"height: 24px;\">\n<td style=\"width: 34%; text-align: center; height: 24px;\" valign=\"top\" width=\"142\">Potassio<\/td>\n<td style=\"width: 34%; text-align: center; height: 24px;\" valign=\"top\" width=\"66\">mg<\/td>\n<td style=\"width: 34%; text-align: center; height: 24px;\" valign=\"top\" width=\"115\">120,0<\/td>\n<\/tr>\n<\/tbody>\n<\/table>\n<p>&nbsp;<\/p>\n<table class=\"col3\" style=\"height: 538px; width: 100%; border-collapse: collapse; margin-left: auto; margin-right: auto;\" border=\"0\">\n<tbody>\n<tr style=\"height: 48px;\">\n<th style=\"width: 34%; height: 48px; text-align: center;\">COMPOSTO<\/th>\n<th style=\"width: 34%; height: 48px; text-align: center;\">UNIT\u00c0<\/th>\n<th style=\"width: 34%; height: 48px; text-align: center;\">MEDIA<\/th>\n<\/tr>\n<tr style=\"height: 24px;\">\n<td style=\"width: 34%; height: 24px; text-align: center;\" valign=\"top\" width=\"142\">Magnesio<\/td>\n<td style=\"width: 34%; height: 24px; text-align: center;\" valign=\"top\" width=\"66\">mg<\/td>\n<td style=\"width: 34%; height: 24px; text-align: center;\" valign=\"top\" width=\"115\">63,0<\/td>\n<\/tr>\n<tr style=\"height: 24px;\">\n<td style=\"width: 34%; height: 24px; text-align: center;\" valign=\"top\" width=\"142\">Zinco<\/td>\n<td style=\"width: 34%; height: 24px; text-align: center;\" valign=\"top\" width=\"66\">mg<\/td>\n<td style=\"width: 34%; height: 24px; text-align: center;\" valign=\"top\" width=\"115\">11,0<\/td>\n<\/tr>\n<tr style=\"height: 24px;\">\n<td style=\"width: 34%; height: 24px; text-align: center;\" valign=\"top\" width=\"142\">Rame<\/td>\n<td style=\"width: 34%; height: 24px; text-align: center;\" valign=\"top\" width=\"66\">mg<\/td>\n<td style=\"width: 34%; height: 24px; text-align: center;\" valign=\"top\" width=\"115\">0,5<\/td>\n<\/tr>\n<tr style=\"height: 24px;\">\n<td style=\"width: 34%; height: 24px; text-align: center;\" valign=\"top\" width=\"142\">Ferro<\/td>\n<td style=\"width: 34%; height: 24px; text-align: center;\" valign=\"top\" width=\"66\">mg<\/td>\n<td style=\"width: 34%; height: 24px; text-align: center;\" valign=\"top\" width=\"115\">0,14<\/td>\n<\/tr>\n<tr style=\"height: 24px;\">\n<td style=\"width: 34%; height: 24px; text-align: center;\" valign=\"top\" width=\"142\">Iodio<\/td>\n<td style=\"width: 34%; height: 24px; text-align: center;\" valign=\"top\" width=\"66\">\u00b5g<\/td>\n<td style=\"width: 34%; height: 24px; text-align: center;\" valign=\"top\" width=\"115\">35,5<\/td>\n<\/tr>\n<tr style=\"height: 24px;\">\n<td style=\"width: 34%; height: 24px; text-align: center;\" valign=\"top\" width=\"142\">Selenio<\/td>\n<td style=\"width: 34%; height: 24px; text-align: center;\" valign=\"top\" width=\"66\">\u00b5g<\/td>\n<td style=\"width: 34%; height: 24px; text-align: center;\" valign=\"top\" width=\"115\">12,0<\/td>\n<\/tr>\n<tr style=\"height: 24px;\">\n<td style=\"width: 34%; height: 24px; text-align: center;\" valign=\"top\" width=\"142\">Vitamina A<\/td>\n<td style=\"width: 34%; height: 24px; text-align: center;\" valign=\"top\" width=\"66\">\u00b5g<\/td>\n<td style=\"width: 34%; height: 24px; text-align: center;\" valign=\"top\" width=\"115\">224,0<\/td>\n<\/tr>\n<tr style=\"height: 26px;\">\n<td style=\"width: 34%; height: 26px; text-align: center;\" valign=\"top\" width=\"142\">Vitamina B<sub>1<\/sub><\/td>\n<td style=\"width: 34%; height: 26px; text-align: center;\" valign=\"top\" width=\"66\">mg<\/td>\n<td style=\"width: 34%; height: 26px; text-align: center;\" valign=\"top\" width=\"115\">0,02<\/td>\n<\/tr>\n<tr style=\"height: 26px;\">\n<td style=\"width: 34%; height: 26px; text-align: center;\" valign=\"top\" width=\"142\">Vitamina B<sub>2<\/sub><\/td>\n<td style=\"width: 34%; height: 26px; text-align: center;\" valign=\"top\" width=\"66\">mg<\/td>\n<td style=\"width: 34%; height: 26px; text-align: center;\" valign=\"top\" width=\"115\">0,36<\/td>\n<\/tr>\n<tr style=\"height: 26px;\">\n<td style=\"width: 34%; height: 26px; text-align: center;\" valign=\"top\" width=\"142\">Vitamina B<sub>6<\/sub><\/td>\n<td style=\"width: 34%; height: 26px; text-align: center;\" valign=\"top\" width=\"66\">mg<\/td>\n<td style=\"width: 34%; height: 26px; text-align: center;\" valign=\"top\" width=\"115\">0,12<\/td>\n<\/tr>\n<tr style=\"height: 26px;\">\n<td style=\"width: 34%; height: 26px; text-align: center;\" valign=\"top\" width=\"142\">Vitamina B<sub>12<\/sub><\/td>\n<td style=\"width: 34%; height: 26px; text-align: center;\" valign=\"top\" width=\"66\">\u00b5g<\/td>\n<td style=\"width: 34%; height: 26px; text-align: center;\" valign=\"top\" width=\"115\">3,0<\/td>\n<\/tr>\n<tr style=\"height: 26px;\">\n<td style=\"width: 34%; height: 26px; text-align: center;\" valign=\"top\" width=\"142\">Vitamina D<sub>3<\/sub><\/td>\n<td style=\"width: 34%; height: 26px; text-align: center;\" valign=\"top\" width=\"66\">\u00b5g<\/td>\n<td style=\"width: 34%; height: 26px; text-align: center;\" valign=\"top\" width=\"115\">0,5<\/td>\n<\/tr>\n<tr style=\"height: 24px;\">\n<td style=\"width: 34%; height: 24px; text-align: center;\" valign=\"top\" width=\"142\">Vitamina PP<\/td>\n<td style=\"width: 34%; height: 24px; text-align: center;\" valign=\"top\" width=\"66\">mg<\/td>\n<td style=\"width: 34%; height: 24px; text-align: center;\" valign=\"top\" width=\"115\">0,003<\/td>\n<\/tr>\n<tr style=\"height: 24px;\">\n<td style=\"width: 34%; height: 24px; text-align: center;\" valign=\"top\" width=\"142\">Vitamina E<\/td>\n<td style=\"width: 34%; height: 24px; text-align: center;\" valign=\"top\" width=\"66\">\u00b5g<\/td>\n<td style=\"width: 34%; height: 24px; text-align: center;\" valign=\"top\" width=\"115\">206,0<\/td>\n<\/tr>\n<tr style=\"height: 24px;\">\n<td style=\"width: 34%; height: 24px; text-align: center;\" valign=\"top\" width=\"142\">Acido pantotenico<\/td>\n<td style=\"width: 34%; height: 24px; text-align: center;\" valign=\"top\" width=\"66\">mg<\/td>\n<td style=\"width: 34%; height: 24px; text-align: center;\" valign=\"top\" width=\"115\"><span style=\"font-family: Calibri, sans-serif;\">0,246<\/span><\/td>\n<\/tr>\n<tr style=\"height: 24px;\">\n<td style=\"width: 34%; height: 24px; text-align: center;\" valign=\"top\" width=\"142\">Colina<\/td>\n<td style=\"width: 34%; height: 24px; text-align: center;\" valign=\"top\" width=\"66\">mg<\/td>\n<td style=\"width: 34%; height: 24px; text-align: center;\" valign=\"top\" width=\"115\">20,0<\/td>\n<\/tr>\n<tr style=\"height: 24px;\">\n<td style=\"width: 34%; height: 24px; text-align: center;\" valign=\"top\" width=\"142\">Biotina<\/td>\n<td style=\"width: 34%; height: 24px; text-align: center;\" valign=\"top\" width=\"66\">\u00b5g<\/td>\n<td style=\"width: 34%; height: 24px; text-align: center;\" valign=\"top\" width=\"115\">6,0<\/td>\n<\/tr>\n<tr style=\"height: 24px;\">\n<td style=\"width: 34%; height: 24px; text-align: center;\" valign=\"top\" width=\"142\">Acidi organici<\/td>\n<td style=\"width: 34%; height: 24px; text-align: center;\" valign=\"top\" width=\"66\">mg<\/td>\n<td style=\"width: 34%; height: 24px; text-align: center;\" valign=\"top\" width=\"115\">1,5<\/td>\n<\/tr>\n<tr style=\"height: 24px;\">\n<td style=\"width: 34%; height: 24px; text-align: center;\" valign=\"top\" width=\"142\">Energia<\/td>\n<td style=\"width: 34%; height: 24px; text-align: center;\" valign=\"top\" width=\"66\">Kcal\u00a0<\/td>\n<td style=\"width: 34%; height: 24px; text-align: center;\" valign=\"top\" width=\"115\">392<\/td>\n<\/tr>\n<tr style=\"height: 24px;\">\n<td style=\"width: 34%; height: 24px; text-align: center;\" valign=\"top\" width=\"142\">Energia<\/td>\n<td style=\"width: 34%; height: 24px; text-align: center;\" valign=\"top\" width=\"66\">Kjoule<\/td>\n<td style=\"width: 34%; height: 24px; text-align: center;\" valign=\"top\" width=\"115\">1654<\/td>\n<\/tr>\n<\/tbody>\n<\/table>\n<p>&nbsp;<\/p>\n<p>[\/et_pb_toggle][\/et_pb_column][\/et_pb_row][\/et_pb_section][et_pb_section fb_built=&#8221;1&#8243; module_class=&#8221;ad_eventi_stampa_custom_accordian_content&#8221; _builder_version=&#8221;4.20.0&#8243; _module_preset=&#8221;default&#8221; custom_padding=&#8221;4px||3px|||&#8221; locked=&#8221;off&#8221; global_colors_info=&#8221;{}&#8221;][et_pb_row _builder_version=&#8221;4.19.5&#8243; _module_preset=&#8221;default&#8221; global_colors_info=&#8221;{}&#8221;][et_pb_column type=&#8221;4_4&#8243; _builder_version=&#8221;4.19.5&#8243; _module_preset=&#8221;default&#8221; global_colors_info=&#8221;{}&#8221;][et_pb_text module_class=&#8221;recipe_single_button &#8221; _builder_version=&#8221;4.24.2&#8243; _module_preset=&#8221;default&#8221; text_font=&#8221;|700|||||||&#8221; text_text_color=&#8221;#0f0f0f&#8221; text_font_size=&#8221;23px&#8221; text_line_height=&#8221;34px&#8221; background_color=&#8221;gcid-26f0371c-74dd-4e63-bbf8-f8ec94f09a6d&#8221; text_orientation=&#8221;center&#8221; width=&#8221;27.1%&#8221; module_alignment=&#8221;left&#8221; custom_margin=&#8221;|499px|0px||false|false&#8221; custom_padding=&#8221;10px||10px||false|false&#8221; border_radii=&#8221;on|30px|30px|30px|30px&#8221; locked=&#8221;off&#8221; global_colors_info=&#8221;{%22gcid-26f0371c-74dd-4e63-bbf8-f8ec94f09a6d%22:%91%22background_color%22%93}&#8221;]<\/p>\n<p>Le stagionature del piacere<\/p>\n<p>[\/et_pb_text][\/et_pb_column][\/et_pb_row][et_pb_row _builder_version=&#8221;4.20.2&#8243; _module_preset=&#8221;default&#8221; custom_padding=&#8221;0px||0px||false|false&#8221; global_colors_info=&#8221;{}&#8221;][et_pb_column type=&#8221;4_4&#8243; _builder_version=&#8221;4.19.5&#8243; _module_preset=&#8221;default&#8221; global_colors_info=&#8221;{}&#8221;][et_pb_image src=&#8221;https:\/\/www.granapadano.it\/wp-content\/uploads\/2023\/03\/Stagionature-12-14-1.png&#8221; title_text=&#8221;Stagionature 12-14&#8243; _builder_version=&#8221;4.20.2&#8243; _module_preset=&#8221;default&#8221; width=&#8221;20%&#8221; width_tablet=&#8221;35%&#8221; width_phone=&#8221;60%&#8221; width_last_edited=&#8221;on|phone&#8221; custom_margin=&#8221;||0px||false|false&#8221; custom_padding=&#8221;||20px||false|false&#8221; global_colors_info=&#8221;{}&#8221;][\/et_pb_image][et_pb_text _builder_version=&#8221;4.24.2&#8243; _module_preset=&#8221;default&#8221; text_text_color=&#8221;#0f0f0f&#8221; text_font_size=&#8221;18px&#8221; text_line_height=&#8221;26px&#8221; custom_padding=&#8221;|27px|22px|||&#8221; locked=&#8221;off&#8221; global_colors_info=&#8221;{}&#8221;]<\/p>\n<p><strong>Grana Padano DOP 9 \u2013 12 mesi, oltre 12 mesi e oltre 14 mesi<\/strong><\/p>\n<p>\u00c8 il formaggio da pasto per eccellenza con un gusto nel complesso dolce, delicato, che ricorda il latte e con una pasta compatta di color paglierino chiaro che non presenta ancora la tipica struttura &#8220;a grana&#8221;. Si trova nella stagionatura pi\u00f9 giovane dai 9 ai 12 mesi, con la semplice apposita dicitura, e in quelle oltre 12 mesi e oltre 14 mesi, con relativo bollone. Ideale per accompagnare un aperitivo, a scaglie in una insalata fresca o per completare un carpaccio. Si presta per la realizzazione di salse e creme.<\/p>\n<p><em>Questa stagionatura di Grana Padano si abbina perfettamente a vini bianchi giovani, freschi e fruttati.<\/em><\/p>\n<p>[\/et_pb_text][et_pb_image src=&#8221;https:\/\/www.granapadano.it\/wp-content\/uploads\/2023\/03\/Stagionature-16-18.png&#8221; title_text=&#8221;Stagionature 16-18&#8243; _builder_version=&#8221;4.20.2&#8243; _module_preset=&#8221;default&#8221; width=&#8221;20%&#8221; width_tablet=&#8221;35%&#8221; width_phone=&#8221;60%&#8221; width_last_edited=&#8221;on|phone&#8221; custom_margin=&#8221;||0px||false|false&#8221; custom_padding=&#8221;20px||0px||false|false&#8221; global_colors_info=&#8221;{}&#8221;][\/et_pb_image][et_pb_text _builder_version=&#8221;4.23.4&#8243; _module_preset=&#8221;default&#8221; text_text_color=&#8221;#0f0f0f&#8221; text_font_size=&#8221;18px&#8221; text_line_height=&#8221;26px&#8221; custom_padding=&#8221;20px|27px|22px||false|false&#8221; locked=&#8221;off&#8221; global_colors_info=&#8221;{}&#8221;]<\/p>\n<p><strong>Grana Padano stagionato oltre 16 mesi e oltre 18 mesi<\/strong><\/p>\n<p>Dal color paglierino leggermente pi\u00f9 intenso, il Grana Padano stagionato oltre 16 mesi ed oltre 18 mesi presenta gi\u00e0 la tipica struttura granulosa della pasta, l&#8217;inizio della formazione dei &#8220;cristalli\u201d di tirosina e la frattura a scaglia. Ha un gusto saporito e pronunciato, ma mai piccante. E\u2019 un prodotto versatile, particolarmente adatto alla grattugia ma anche a un consumo da pasto. Ottimo per preparazioni calde quali flan, souffl\u00e8 e tortini di verdure; per la mantecatura di paste, risotti e minestre.<\/p>\n<p><em>Si abbina molto bene con vini rossi dalla moderata intensit\u00e0 e corposit\u00e0, ancora giovani e freschi.<\/em><\/p>\n<p>[\/et_pb_text][et_pb_image src=&#8221;https:\/\/www.granapadano.it\/wp-content\/uploads\/2023\/03\/Stagionature-20-24.png&#8221; title_text=&#8221;Stagionature 20-24&#8243; _builder_version=&#8221;4.20.2&#8243; _module_preset=&#8221;default&#8221; width=&#8221;20%&#8221; width_tablet=&#8221;35%&#8221; width_phone=&#8221;60%&#8221; width_last_edited=&#8221;on|phone&#8221; custom_margin=&#8221;||0px||false|false&#8221; custom_padding=&#8221;20px||0px||false|false&#8221; global_colors_info=&#8221;{}&#8221;][\/et_pb_image][et_pb_text _builder_version=&#8221;4.24.2&#8243; _module_preset=&#8221;default&#8221; text_text_color=&#8221;#0f0f0f&#8221; text_font_size=&#8221;18px&#8221; text_line_height=&#8221;26px&#8221; custom_padding=&#8221;20px|27px|22px||false|false&#8221; locked=&#8221;off&#8221; global_colors_info=&#8221;{}&#8221;]<\/p>\n<p><strong>Grana Padano \u201cRiserva\u201d oltre 20 mesi e oltre 24 mesi<\/strong><\/p>\n<p>Stagionato per oltre 20 mesi o 24 mesi, il Grana Padano Riserva presenta una pasta a &#8220;grana&#8221; particolarmente evidente e un colore omogeneo bianco o paglierino. Il Grana Padano Riserva grazie alla lunga stagionatura, ha un sapore sempre pi\u00f9 ricco, senza tuttavia risultare mai aggressivo. Protagonista assoluto della tavola, sia grattugiato che come formaggio da pasto, \u00e8 perfetto anche servito con noci, frutta e confetture.<\/p>\n<p><em>Questo tipo di stagionatura si pu\u00f2 abbinare a vini rossi morbidi, ma tannici, con un buon contenuto di alcool. Perfetto l\u2019abbinamento anche con vini dolci da dessert e interessante quello con le riserve di vini prodotti con metodo classico.<\/em><\/p>\n<p>[\/et_pb_text][et_pb_text _builder_version=&#8221;4.24.2&#8243; _module_preset=&#8221;default&#8221; text_font=&#8221;Merriweather|700|||||||&#8221; text_text_color=&#8221;#0f0f0f&#8221; text_font_size=&#8221;22px&#8221; text_line_height=&#8221;62px&#8221; header_text_color=&#8221;gcid-8696fd7e-29dd-4028-9d4d-981b208a53a9&#8243; header_font_size=&#8221;22px&#8221; header_line_height=&#8221;26px&#8221; text_orientation=&#8221;center&#8221; custom_margin=&#8221;60px||7px||false|false&#8221; global_colors_info=&#8221;{%22gcid-8696fd7e-29dd-4028-9d4d-981b208a53a9%22:%91%22header_text_color%22%93}&#8221;]<\/p>\n<h1 style=\"text-align: left;\">Educazione nutrizionale Grana Padano e Osservatorio Grana Padano<\/h1>\n<p>[\/et_pb_text][et_pb_text _builder_version=&#8221;4.24.2&#8243; _module_preset=&#8221;default&#8221; text_font=&#8221;Merriweather|300|||||||&#8221; text_text_color=&#8221;#000000&#8243; text_font_size=&#8221;18px&#8221; text_line_height=&#8221;26px&#8221; text_orientation=&#8221;center&#8221; global_colors_info=&#8221;{}&#8221;]<\/p>\n<p style=\"text-align: left;\">Il programma \u201c<strong>Educazione Nutrizionale Grana Padano<\/strong>\u201d \u00e8 parte delle attivit\u00e0 sociali del Consorzio, che ha accolto i principi del programma \u201cNational Health Literacy Demonstration Projects\u201d promosso dall\u2019OMS (Organizzazione Mondiale della Sanit\u00e0) al fine di diffondere i fondamenti della corretta alimentazione e dello stile di vita sano.<\/p>\n<p style=\"text-align: left;\"><strong>Obiettivi e finalit\u00e0:<\/strong><\/p>\n<ul style=\"text-align: left;\">\n<li style=\"text-align: left;\">Contribuire a migliorare la salute dei cittadini di ogni et\u00e0.<\/li>\n<li style=\"text-align: left;\">Divulgare i principi della corretta alimentazione e dell\u2019attivit\u00e0 fisica come forma di prevenzione delle principali malattie.<\/li>\n<li style=\"text-align: left;\">Fornire alla classe medica informazioni e aggiornamenti sull\u2019alimentazione.<\/li>\n<li style=\"text-align: left;\">Fornire a cittadini e pazienti strumenti educativi per la conoscenza dei fattori che migliorano la salute.<\/li>\n<\/ul>\n<p style=\"text-align: left;\">L\u2019attivit\u00e0, eminentemente educativa, \u00e8 autonoma dalle finalit\u00e0 di controllo e promozione del formaggio Grana Padano DOP, ha un proprio Comitato Scientifico, che affianca quello del Consorzio, composto da medici esperti in Scienza dell\u2019Alimentazione, clinici dell\u2019apparato cardiovascolare, gastroenterico, nutrizionisti pediatrici e specialisti dell\u2019obesit\u00e0. Oltre a ci\u00f2, lo staff ENGP collabora con autorevoli societ\u00e0 scientifiche, che possono variare a seconda delle attivit\u00e0. ENGP ha un ufficio stampa specifico a disposizione dei giornalisti interessati ai temi della salute e ai comunicati sul lavoro dell\u2019Osservatorio Grana Padano.<br \/>La maggior parte delle attivit\u00e0 a favore della comunit\u00e0 scientifica e di tutti i cittadini sono disponibili sul portale www.educazionenutrizionale.granapadano.it e fruibili gratuitamente sia da desktop che da smartphone e tablet.<\/p>\n<p style=\"text-align: left;\"><strong>STRUMENTI PER LA CLASSE MEDICA E GLI ADDETTI ALLA SANIT\u00c0:<\/strong><br \/><strong>\u2022 Osservatorio Grana Padano<\/strong><br \/>Software per le anamnesi alimentari al servizio della pratica clinica e della prevenzione primaria, oltre che strumento d\u2019indagine epidemiologica sulle abitudini alimentari e gli stili di vita.<\/p>\n<p style=\"text-align: left;\"><strong>\u2022 ON Health<\/strong><br \/>Newsletter d\u2019aggiornamento scientifico sull\u2019alimentazione, realizzata in tre edizioni per differenti target: medicina generale, pediatria, specialisti in Scienza dell\u2019Alimentazione e dietisti. Otto numeri all\u2019anno in lingua italiana con abstract e articoli tratti dalla pi\u00f9 autorevole letteratura scientifica internazionale.<\/p>\n<p style=\"text-align: left;\"><strong>\u2022 Schede sull\u2019alimentazione per patologie<\/strong><br \/>Pratiche guide a disposizione del medico per educare ed informare il paziente sull\u2019alimentazione pi\u00f9 idonea al suo stato di salute, corredate di menu e ricette.<\/p>\n<p style=\"text-align: left;\"><strong>STRUMENTI PER LA FAMIGLIA E I CITTADINI DI TUTTE LE ET\u00c0:<\/strong><br \/>\u2022 <span style=\"text-decoration: underline;\">Manuali sulla corretta alimentazione e stile di vita<\/span> suddivisi per gruppi di et\u00e0, dallo svezzamento all\u2019anzianit\u00e0 e alimentazione nello sport.<br \/>\u2022 <span style=\"text-decoration: underline;\">Programma \u201cMenu&amp;Calorie\u201d<\/span> dieta equilibrata e attivit\u00e0 fisica personalizzata per le calorie di ciascun utente.<br \/>\u2022 <span style=\"text-decoration: underline;\">\u201cGuida Anti-age\u201d<\/span> Test che definisce quanto l\u2019alimentazione abituale sia protettiva e contrasti l\u2019invecchiamento precoce. Programma alimentare, alimenti e ricette particolarmente ricchi di nutrienti protettivi e antiossidanti che seguono l\u2019utente in tutte le stagioni dell\u2019anno.<br \/>\u2022 <span style=\"text-decoration: underline;\">La Dieta del Grana Padano<\/span>, programma personalizzato basato su algoritmi validati scientificamente che determinano le calorie necessarie per controllare il peso.<br \/>\u2022 <span style=\"text-decoration: underline;\">Dieta Sostenibile (Latto-Ovo-Vegetariana)<\/span>, senza carne e pesce, equilibrata in macro e micronutrienti, personalizzata per le calorie di ciascun utente, che rispetta gli animali e l\u2019ambiente.<br \/>\u2022 <span style=\"text-decoration: underline;\">Salute e Dis-Informazione<\/span>, rubrica di video nata per contrastare il fenomeno delle fake news e i luoghi comuni sulla salute e lo stile di vita, con articoli che illustrano il parere della scienza.<br \/>\u2022 <span style=\"text-decoration: underline;\">Video didattici, animazioni sul metabolismo dei nutrienti<\/span>, a disposizione anche degli insegnanti della scuola secondaria.<br \/>\u2022 <span style=\"text-decoration: underline;\">Tool per conoscere l\u2019 indice BMI (Body Mass Index)<\/span> e la percentuale di massa grassa di uomini e donne.<br \/>\u2022 <span style=\"text-decoration: underline;\">Tool per conoscere l\u2019 indice BMI (Body Mass Index)<\/span> in et\u00e0 pediatrica secondo i valori dell\u2019OMS (Organizzazione Mondiale della Sanit\u00e0).<br \/>\u2022 <span style=\"text-decoration: underline;\">Tool Zuccherometro <\/span>per misurare il consumo di zucchero nei bambini da 2 a 17 anni e manuale per le sostituzioni con meno o senza zucchero.<br \/>\u2022 <span style=\"text-decoration: underline;\">Tool La buona Merenda<\/span>\u00a0per conoscere la merenda pi\u00f9 adatta ai bambini e manuale che propone merende sostitutive pi\u00f9 salutari.<br \/>\u2022 <span style=\"text-decoration: underline;\">Newsletter periodiche con articoli dedicati ai cittadini<\/span> che affrontano i temi della salute legati allo stile di vita e all\u2019alimentazione equilibrata.<\/p>\n<p style=\"text-align: left;\"><strong>GASTRONOMIA E RICETTE DELLA SALUTE<\/strong><br \/>\u2022 Le gustose ricette per tutti i pasti della giornata, dalla colazione alla cena, sono corredate di valori nutrizionali per porzione e del rapporto percentuale di calorie proveniente da macronutrienti rispetto all\u2019equilibrio raccomandato nella giornata.<\/p>\n<p style=\"text-align: left;\"><strong>COMITATO SCIENTIFICO DEL PROGETTO EDUCAZIONE NUTRIZIONALE E OSSERVATORIO NUTRIZIONALE GRANA PADANO<\/strong><\/p>\n<p style=\"text-align: left;\"><strong>Prof. Michela Barichella<\/strong>: Medico specializzato in Scienza dell\u2019Alimentazione, Professore A.C. dell\u2019Universit\u00e0 degli Studi di Milano, Direttore medico della UOS Dietetica e Nutrizione Clinica del Centro Specialistico Ortopedico Traumatologico Gaetano Pini di Milano. Fondatore e Presidente di B&amp;M (Brain e Malnutrition Chronic Diseases Association Onlus).<\/p>\n<p style=\"text-align: left;\"><strong>Dott.ssa Raffaella Cancello<\/strong>: Biologo Nutrizionista &#8211; Ricercatrice, Dipartimento di Scienze mediche e Riabilitative a indirizzo endocrino-metabolico, Laboratorio di Ricerche in Nutrizione e Obesit\u00e0, IRCCS-Istituto Auxologico Italiano Milano. Specialista nel settore dell\u2019obesit\u00e0 e delle sue complicanze e biologia della cellula adiposa umana.<\/p>\n<p style=\"text-align: left;\"><strong>Dott.ssa Silvia Castelletti<\/strong>: Medico specializzato in cardiologia presso l\u2019Istituto Auxologico Italiano IRCCS Milano, Ambulatorio per lo studio e la ricerca delle Aritmie di Origine Cardiaca e Unit\u00e0 di Risonanza Magnetica Cardiaca. Membro del consiglio direttivo della Sports Cardiology Section dell\u2019European Association of Preventive Cardiology.<\/p>\n<p style=\"text-align: left;\"><strong>Prof. Davide Festi<\/strong>: Medico specializzato in Gastroenterologia, gi\u00e0 Ordinario di Gastroenterologia, Direttore della Scuola di specializzazione e Preside del corso di laurea in dietetica Alma Mater Studiorum &#8211; Universit\u00e0 di Bologna. Presidente Sezione Emilia-Romagna della Societa\u2019 Italiana di Gastroenterologia (SIGE).<\/p>\n<p style=\"text-align: left;\"><strong>Dott. Lorenzo Ventura<\/strong>: Medico specializzato in Malattie Metaboliche dello Scheletro e in Reumatologia. Dirigente medico gi\u00e0 responsabile del Servizio Dipartimentale \u201cPatologie Metaboliche dello Scheletro\/Reumatologia\u201d Azienda Ospedaliera Carlo Poma, Mantova.<\/p>\n<p style=\"text-align: left;\"><strong>Prof. Marco Bonifazi<\/strong>: Medico specializzato in medicina dello sport, gi\u00e0 coordinatore della Scuola di Medicina Specializzazione in Medicina dello Sport e dell\u2019Esercizio Fisico. Insegna Fisiologia nei Corsi di Laurea di Medicina e Chirurgia, Fisioterapia, e Tecniche di Laboratorio biomedico dell\u2019Universit\u00e0 di Siena 1240.<\/p>\n<p style=\"text-align: left;\"><strong>Prof. Gianluca Castelnuovo<\/strong>: psicologo clinico Direttore del Servizio e del Laboratorio di Psicologia Clinica &#8211; IRCCS Istituto Auxologico Italiano, Direttore Scuola di Specializzazione di Psicologia Clinica e Coordinatore del Corso di Laurea Magistrale &#8211; Universit\u00e0 Cattolica di Milano.<\/p>\n<p style=\"text-align: left;\"><strong>Dott.ssa Laura Iorio<\/strong>: Medico specializzato in Scienza dell\u2019Alimentazione, dipartimento di Dietologia e Nutrizione Clinica dell\u2019Ospedale Luigi Sacco, Milano.<\/p>\n<p>&nbsp;<\/p>\n<p>[\/et_pb_text][\/et_pb_column][\/et_pb_row][\/et_pb_section][et_pb_section fb_built=&#8221;1&#8243; module_class=&#8221;production_sub_hub_wrapper ad_eventi_stampa_custom_accordian_content&#8221; _builder_version=&#8221;4.20.0&#8243; _module_preset=&#8221;default&#8221; background_enable_color=&#8221;off&#8221; custom_margin=&#8221;||40px|||&#8221; custom_padding=&#8221;0px||1px|||&#8221; locked=&#8221;off&#8221; global_colors_info=&#8221;{}&#8221;][et_pb_row module_class=&#8221;analisi_visiva_accordian&#8221; _builder_version=&#8221;4.19.5&#8243; _module_preset=&#8221;default&#8221; custom_padding=&#8221;0px|||||&#8221; global_colors_info=&#8221;{}&#8221;][et_pb_column type=&#8221;4_4&#8243; _builder_version=&#8221;4.19.4&#8243; _module_preset=&#8221;default&#8221; global_colors_info=&#8221;{}&#8221;][et_pb_text _builder_version=&#8221;4.27.4&#8243; _module_preset=&#8221;default&#8221; text_font=&#8221;Merriweather|700|||||||&#8221; text_text_color=&#8221;#0f0f0f&#8221; text_font_size=&#8221;22px&#8221; text_line_height=&#8221;62px&#8221; header_text_color=&#8221;gcid-8696fd7e-29dd-4028-9d4d-981b208a53a9&#8243; header_font_size=&#8221;22px&#8221; header_line_height=&#8221;26px&#8221; text_orientation=&#8221;center&#8221; custom_margin=&#8221;40px||7px||false|false&#8221; global_colors_info=&#8221;{%22gcid-8696fd7e-29dd-4028-9d4d-981b208a53a9%22:%91%22header_text_color%22%93}&#8221;]<\/p>\n<h1 style=\"text-align: left;\">Il Consorzio Grana Padano in cifre<\/h1>\n<p>[\/et_pb_text][et_pb_toggle title=&#8221;La produzione e gli addetti&#8221; open_toggle_text_color=&#8221;#000000&#8243; toggle_icon=&#8221;&#x33;||divi||400&#8243; use_icon_font_size=&#8221;on&#8221; icon_font_size=&#8221;30px&#8221; open_icon_color=&#8221;#000000&#8243; open_toggle_icon=&#8221;&#x32;||divi||400&#8243; open_use_icon_font_size=&#8221;on&#8221; open_icon_font_size=&#8221;30px&#8221; _builder_version=&#8221;4.27.6&#8243; _module_preset=&#8221;default&#8221; title_text_color=&#8221;#000000&#8243; title_font=&#8221;Merriweather||||||||&#8221; title_text_align=&#8221;left&#8221; title_font_size=&#8221;22px&#8221; title_line_height=&#8221;52px&#8221; body_font=&#8221;Merriweather|300|||||||&#8221; body_font_size=&#8221;18px&#8221; background_color=&#8221;#f7f7f7&#8243; text_orientation=&#8221;center&#8221; custom_margin=&#8221;15px||15px||false|false&#8221; custom_padding=&#8221;||20px||false|false&#8221; hover_enabled=&#8221;0&#8243; locked=&#8221;off&#8221; global_colors_info=&#8221;{}&#8221; sticky_enabled=&#8221;0&#8243;]<\/p>\n<p>&nbsp;<\/p>\n<table class=\"col2\" style=\"height: 593px; width: 100%; border-collapse: collapse;\" border=\"0\">\n<tbody>\n<tr style=\"height: 48px; display: none;\">\n<td style=\"width: 50%; height: 48px; text-align: left;\">&#8212;<\/td>\n<td style=\"width: 50%; height: 48px; text-align: left;\">&#8212;<\/td>\n<\/tr>\n<tr style=\"height: 48px;\">\n<td style=\"width: 50%; height: 48px; text-align: left;\"><strong> Produzione 2026 (Gennaio &#8211; Marzo)<\/strong><\/td>\n<td style=\"width: 50%; height: 48px; text-align: left;\"><strong>1.696.707 forme (+3,96% vs 2025)<\/strong><\/td>\n<\/tr>\n<tr style=\"height: 48px;\">\n<td style=\"width: 50%; height: 48px; text-align: left;\">Produzione 2025 (Gennaio &#8211; Dicembre)<\/td>\n<td style=\"width: 50%; height: 48px; text-align: left;\">6.053.690 forme (+7,43% vs 2024), pari a 236.179,657 tons (+7,72%)<\/td>\n<\/tr>\n<tr style=\"height: 24px;\">\n<td style=\"width: 50%; height: 24px; text-align: left;\">Peso medio forme 2025<\/td>\n<td style=\"width: 50%; height: 24px; text-align: left;\">39,01 kg<\/td>\n<\/tr>\n<tr style=\"height: 24px;\">\n<td style=\"width: 50%; height: 24px; text-align: left;\">Peso medio forme 2024<\/td>\n<td style=\"width: 50%; height: 24px; text-align: left;\">38,91 kg<\/td>\n<\/tr>\n<tr style=\"height: 23px;\">\n<td style=\"width: 50%; text-align: left; height: 23px;\">Esportazioni 2025 (Gennaio &#8211; Dicembre)<\/td>\n<td style=\"width: 50%; text-align: left; height: 23px;\">Trend +3,5%<\/td>\n<\/tr>\n<tr style=\"height: 47px;\">\n<td style=\"width: 50%; text-align: left; height: 47px;\">Esportazioni 2024 (Gennaio &#8211; Dicembre)<\/td>\n<td style=\"width: 50%; text-align: left; height: 47px;\">2.685.542 forme (+9,15% vs 2023), pari a 104.494,400 tons<\/td>\n<\/tr>\n<tr style=\"height: 24px;\">\n<td style=\"width: 50%; height: 24px; text-align: left;\">Riserva marchiate 2025 (Gennaio &#8211; Dicembre)<\/td>\n<td style=\"width: 50%; height: 24px; text-align: left;\">407.265 forme<\/td>\n<\/tr>\n<tr style=\"height: 24px;\">\n<td style=\"width: 50%; height: 24px; text-align: left;\">Riserva marchiate 2024 (Gennaio &#8211; Dicembre)<\/td>\n<td style=\"width: 50%; height: 24px; text-align: left;\">353.808 forme (-14,33% vs 2023)<\/td>\n<\/tr>\n<tr style=\"height: 24px;\">\n<td style=\"width: 50%; height: 24px; text-align: left;\">Aziende produttrici<\/td>\n<td style=\"width: 50%; height: 24px; text-align: left;\">121<\/td>\n<\/tr>\n<tr style=\"height: 24px;\">\n<td style=\"width: 50%; height: 24px; text-align: left;\">Caseifici produttori<\/td>\n<td style=\"width: 50%; height: 24px; text-align: left;\">134<\/td>\n<\/tr>\n<tr style=\"height: 24px;\">\n<td style=\"width: 50%; height: 24px; text-align: left;\">Stagionatori<\/td>\n<td style=\"width: 50%; height: 24px; text-align: left;\">141<\/td>\n<\/tr>\n<tr style=\"height: 26px;\">\n<td style=\"width: 50%; height: 26px; text-align: left;\">Preconfezionatori\u00a0(porzionato, grattugiato, CET)<\/td>\n<td style=\"width: 50%; height: 26px; text-align: left;\">197<\/td>\n<\/tr>\n<tr style=\"height: 10px;\">\n<td style=\"width: 50%; height: 10px; text-align: left; background: transparent;\">\u00a0<\/td>\n<td style=\"width: 50%; height: 10px; text-align: left;\">\u00a0<\/td>\n<\/tr>\n<tr style=\"height: 24px;\">\n<td style=\"width: 50%; height: 24px; text-align: left;\">N\u00b0 aziende zootecniche conferenti latte 2025<\/td>\n<td style=\"width: 50%; height: 24px; text-align: left;\">3.376<\/td>\n<\/tr>\n<tr style=\"height: 24px;\">\n<td style=\"width: 50%; height: 24px; text-align: left;\">N\u00b0 soggetti coinvolti in tutto il comparto 2025<\/td>\n<td style=\"width: 50%; height: 24px; text-align: left;\">50.000<\/td>\n<\/tr>\n<tr style=\"height: 24px;\">\n<td style=\"width: 50%; height: 24px; text-align: left;\">Latte trasformato a Grana Padano DOP 2025<\/td>\n<td style=\"width: 50%; height: 24px; text-align: left;\">3.141.458,660 tons (+6,37% vs 2024) \u2013 dati da ritenere provvisori fino a conferma del CSQA<\/td>\n<\/tr>\n<tr style=\"height: 24px;\">\n<td style=\"width: 50%; height: 24px; text-align: left;\">Ripartizione della produzione annua 2025<\/td>\n<td style=\"width: 50%; height: 24px; text-align: left;\">65,33% Cooperative \u2013 \u00a034,67% Industrie<\/td>\n<\/tr>\n<tr style=\"height: 10px;\">\n<td style=\"width: 50%; height: 10px; text-align: left; background: transparent;\">\u00a0<\/td>\n<td style=\"width: 50%; height: 10px; text-align: left;\">\u00a0<\/td>\n<\/tr>\n<tr style=\"height: 23px;\">\n<td style=\"width: 50%; text-align: left; height: 23px;\">Proiezione PLV 2025 al consumo (valore)<\/td>\n<td style=\"width: 50%; text-align: left; height: 23px;\">4.600.000.000 euro<\/td>\n<\/tr>\n<tr style=\"height: 23px;\">\n<td style=\"width: 50%; text-align: left; height: 23px;\">PLV Italia<\/td>\n<td style=\"width: 50%; text-align: left; height: 23px;\">1.800.000.000 euro &#8211; volume 39,13%<\/td>\n<\/tr>\n<tr style=\"height: 23px;\">\n<td style=\"width: 50%; text-align: left; height: 23px;\">PLV estero<\/td>\n<td style=\"width: 50%; text-align: left; height: 23px;\">2.200.000.000 euro &#8211; volume 60,87%<\/td>\n<\/tr>\n<\/tbody>\n<\/table>\n<p>&nbsp;<\/p>\n<p>[\/et_pb_toggle][et_pb_text _builder_version=&#8221;4.20.0&#8243; _module_preset=&#8221;default&#8221; text_font=&#8221;Merriweather|700|||||||&#8221; text_text_color=&#8221;#0f0f0f&#8221; text_font_size=&#8221;22px&#8221; text_line_height=&#8221;62px&#8221; header_text_color=&#8221;gcid-8696fd7e-29dd-4028-9d4d-981b208a53a9&#8243; header_font_size=&#8221;22px&#8221; header_line_height=&#8221;26px&#8221; text_orientation=&#8221;center&#8221; custom_margin=&#8221;60px||7px||false|false&#8221; global_colors_info=&#8221;{%22gcid-8696fd7e-29dd-4028-9d4d-981b208a53a9%22:%91%22header_text_color%22%93}&#8221;]<\/p>\n<h1 style=\"text-align: left;\">Cosa non \u00e8 il Consorzio<\/h1>\n<p>[\/et_pb_text][et_pb_text _builder_version=&#8221;4.20.0&#8243; _module_preset=&#8221;default&#8221; text_text_color=&#8221;#0f0f0f&#8221; text_font_size=&#8221;18px&#8221; text_line_height=&#8221;26px&#8221; custom_padding=&#8221;|27px|22px|||&#8221; locked=&#8221;off&#8221; global_colors_info=&#8221;{}&#8221;]<\/p>\n<p>Non \u00e8 un produttore e non pu\u00f2 essere considerato un\u2019industria.<br \/>Non promuove una marca, ma un marchio distintivo di un prodotto DOP (Regolamento Unione Europea 1151\/2012).<\/p>\n<p><strong>Pregiudizi comuni<\/strong><br \/>Quando un giornalista crede che citare il Grana Padano DOP sia \u201cpubblicizzare\u201d una marca incorre in errore, perch\u00e9 sta citando un prodotto dell\u2019agricoltura italiana il cui marchio \u00e8 utilizzato al solo scopo di tutelare la nostra agricoltura (circa il 70% del latte prodotto in val Padana a nord del Po diventa Grana Padano) e il consumatore. La filiera del Grana Padano occupa 40.000 persone e raggruppa oltre 4.500 imprese agricole e trasformatrici. Come nella comunicazione tradizionale si scrive di Chianti, Barolo, San Daniele etc. si pu\u00f2 scrivere di Grana Padano senza fare pubblicit\u00e0 ad un brand di cui beneficia un\u2019industria perch\u00e9 si parla di un prodotto DOP figlio di una storia millenaria.<\/p>\n<p>[\/et_pb_text][et_pb_text _builder_version=&#8221;4.20.0&#8243; _module_preset=&#8221;default&#8221; text_font=&#8221;Merriweather|700|||||||&#8221; text_text_color=&#8221;#0f0f0f&#8221; text_font_size=&#8221;22px&#8221; text_line_height=&#8221;62px&#8221; header_text_color=&#8221;gcid-8696fd7e-29dd-4028-9d4d-981b208a53a9&#8243; header_font_size=&#8221;22px&#8221; header_line_height=&#8221;26px&#8221; text_orientation=&#8221;center&#8221; custom_margin=&#8221;60px||7px||false|false&#8221; global_colors_info=&#8221;{%22gcid-8696fd7e-29dd-4028-9d4d-981b208a53a9%22:%91%22header_text_color%22%93}&#8221;]<\/p>\n<h1 style=\"text-align: left;\">Organigramma istituzionale del Consorzio<\/h1>\n<p>[\/et_pb_text][et_pb_text _builder_version=&#8221;4.24.3&#8243; _module_preset=&#8221;default&#8221; text_text_color=&#8221;#0f0f0f&#8221; text_font_size=&#8221;18px&#8221; text_line_height=&#8221;26px&#8221; custom_padding=&#8221;|27px|22px|||&#8221; locked=&#8221;off&#8221; global_colors_info=&#8221;{}&#8221;]<\/p>\n<p>PRESIDENTE \u2013 Renato Zaghini<br \/>VICEPRESIDENTE VICARIO \u2013 Attilio Zanetti<br \/>VICEPRESIDENTE \u2013 Giacomo Fugazza<br \/>TESORIERE \u2013 Valter Giacomelli<br \/>DIRETTORE GENERALE \u2013 Stefano Berni<br \/>DIRETTORE AMMINISTRATIVO \u2013 Roberto Schiavello<\/p>\n<p>[\/et_pb_text][et_pb_cta button_url=&#8221;https:\/\/www.granapadano.it\/wp-content\/uploads\/2026\/04\/202603-Cartella-stampa-Italia-def.pdf&#8221; url_new_window=&#8221;on&#8221; button_text=&#8221;Download Cartella Stampa&#8221; module_class=&#8221;download_article article_button_text&#8221; _builder_version=&#8221;4.27.6&#8243; _module_preset=&#8221;default&#8221; header_level=&#8221;h3&#8243; header_font_size=&#8221;18px&#8221; background_color=&#8221;RGBA(255,255,255,0)&#8221; custom_button=&#8221;on&#8221; button_text_size=&#8221;20px&#8221; button_text_color=&#8221;#000000&#8243; button_border_width=&#8221;0px&#8221; button_font=&#8221;Merriweather||||||||&#8221; button_icon=&#8221;&#xe092;||divi||400&#8243; button_icon_color=&#8221;gcid-26f0371c-74dd-4e63-bbf8-f8ec94f09a6d&#8221; button_icon_placement=&#8221;left&#8221; button_on_hover=&#8221;off&#8221; button_alignment=&#8221;left&#8221; min_height=&#8221;24.4px&#8221; custom_margin=&#8221;0px|0px|0px|0px|false|false&#8221; custom_padding=&#8221;18px|0px|5px|0px|false|false&#8221; hover_enabled=&#8221;0&#8243; locked=&#8221;off&#8221; global_colors_info=&#8221;{%22gcid-26f0371c-74dd-4e63-bbf8-f8ec94f09a6d%22:%91%22button_icon_color%22,%22button_icon_color%22%93}&#8221; sticky_enabled=&#8221;0&#8243;][\/et_pb_cta][\/et_pb_column][\/et_pb_row][\/et_pb_section]<\/p>\n","protected":false},"excerpt":{"rendered":"<p><div class=\"breadcrumb\"><a href=\"https:\/\/www.granapadano.it\/it-it\/\">Home<\/a>  <  <\/div>Cartella stampaLa storiaLe OriginiLa storia narra che il formaggio grana della Pianura Padana sia nato attorno al 1135 fra le storiche mura di pietra dell\u2019Abbazia di Chiaravalle, oggi situata nel Parco Agricolo Sud di Milano. Quel luogo divenne subito punto di riferimento per l\u2019esperienza monastica fondata sullo spirito dell\u2019\u201cOra et Labora \u2013 prega e lavora\u201d, [&hellip;]<\/p>\n","protected":false},"author":3,"featured_media":0,"parent":2817,"menu_order":879,"comment_status":"closed","ping_status":"closed","template":"","meta":{"_acf_changed":false,"_et_pb_use_builder":"on","_et_pb_old_content":"","_et_gb_content_width":"","footnotes":""},"class_list":["post-45969","page","type-page","status-publish","hentry"],"acf":[],"yoast_head":"<!-- This site is optimized with the Yoast SEO plugin v27.4 - https:\/\/yoast.com\/product\/yoast-seo-wordpress\/ -->\n<title>Cartella Stampa - Grana Padano<\/title>\n<meta name=\"robots\" content=\"index, follow, max-snippet:-1, max-image-preview:large, max-video-preview:-1\" \/>\n<link rel=\"canonical\" href=\"https:\/\/www.granapadano.it\/it-it\/il-mondo-di-grana-padano\/i-nostri-comunicati-stampa\/cartella-stampa\/\" \/>\n<meta property=\"og:locale\" content=\"it_IT\" \/>\n<meta property=\"og:type\" content=\"article\" \/>\n<meta property=\"og:title\" content=\"Cartella Stampa - Grana Padano\" \/>\n<meta property=\"og:description\" content=\"Cartella stampaLa storiaLe OriginiLa storia narra che il formaggio grana della Pianura Padana sia nato attorno al 1135 fra le storiche mura di pietra dell\u2019Abbazia di Chiaravalle, oggi situata nel Parco Agricolo Sud di Milano. Quel luogo divenne subito punto di riferimento per l\u2019esperienza monastica fondata sullo spirito dell\u2019\u201cOra et Labora \u2013 prega e lavora\u201d, [&hellip;]\" \/>\n<meta property=\"og:url\" content=\"https:\/\/www.granapadano.it\/it-it\/il-mondo-di-grana-padano\/i-nostri-comunicati-stampa\/cartella-stampa\/\" \/>\n<meta property=\"og:site_name\" content=\"Grana Padano\" \/>\n<meta property=\"article:modified_time\" content=\"2026-04-27T07:03:58+00:00\" \/>\n<meta name=\"twitter:card\" content=\"summary_large_image\" \/>\n<meta name=\"twitter:label1\" content=\"Est. reading time\" \/>\n\t<meta name=\"twitter:data1\" content=\"40 minutes\" \/>\n<script type=\"application\/ld+json\" class=\"yoast-schema-graph\">{\"@context\":\"https:\\\/\\\/schema.org\",\"@graph\":[{\"@type\":\"WebPage\",\"@id\":\"https:\\\/\\\/www.granapadano.it\\\/it-it\\\/il-mondo-di-grana-padano\\\/i-nostri-comunicati-stampa\\\/cartella-stampa\\\/\",\"url\":\"https:\\\/\\\/www.granapadano.it\\\/it-it\\\/il-mondo-di-grana-padano\\\/i-nostri-comunicati-stampa\\\/cartella-stampa\\\/\",\"name\":\"Cartella Stampa - Grana Padano\",\"isPartOf\":{\"@id\":\"https:\\\/\\\/www.granapadano.it\\\/it-it\\\/#website\"},\"datePublished\":\"2023-02-21T13:45:39+00:00\",\"dateModified\":\"2026-04-27T07:03:58+00:00\",\"breadcrumb\":{\"@id\":\"https:\\\/\\\/www.granapadano.it\\\/it-it\\\/il-mondo-di-grana-padano\\\/i-nostri-comunicati-stampa\\\/cartella-stampa\\\/#breadcrumb\"},\"inLanguage\":\"it-it\",\"potentialAction\":[{\"@type\":\"ReadAction\",\"target\":[\"https:\\\/\\\/www.granapadano.it\\\/it-it\\\/il-mondo-di-grana-padano\\\/i-nostri-comunicati-stampa\\\/cartella-stampa\\\/\"]}]},{\"@type\":\"BreadcrumbList\",\"@id\":\"https:\\\/\\\/www.granapadano.it\\\/it-it\\\/il-mondo-di-grana-padano\\\/i-nostri-comunicati-stampa\\\/cartella-stampa\\\/#breadcrumb\",\"itemListElement\":[{\"@type\":\"ListItem\",\"position\":1,\"name\":\"Home\",\"item\":\"https:\\\/\\\/www.granapadano.it\\\/it-it\\\/\"},{\"@type\":\"ListItem\",\"position\":2,\"name\":\"Il Mondo di Grana Padano\",\"item\":\"https:\\\/\\\/www.granapadano.it\\\/it-it\\\/il-mondo-di-grana-padano\\\/\"},{\"@type\":\"ListItem\",\"position\":3,\"name\":\"I nostri Comunicati Stampa\",\"item\":\"https:\\\/\\\/www.granapadano.it\\\/it-it\\\/il-mondo-di-grana-padano\\\/i-nostri-comunicati-stampa\\\/\"},{\"@type\":\"ListItem\",\"position\":4,\"name\":\"Cartella Stampa\"}]},{\"@type\":\"WebSite\",\"@id\":\"https:\\\/\\\/www.granapadano.it\\\/it-it\\\/#website\",\"url\":\"https:\\\/\\\/www.granapadano.it\\\/it-it\\\/\",\"name\":\"Grana Padano\",\"description\":\"\",\"potentialAction\":[{\"@type\":\"SearchAction\",\"target\":{\"@type\":\"EntryPoint\",\"urlTemplate\":\"https:\\\/\\\/www.granapadano.it\\\/it-it\\\/?s={search_term_string}\"},\"query-input\":{\"@type\":\"PropertyValueSpecification\",\"valueRequired\":true,\"valueName\":\"search_term_string\"}}],\"inLanguage\":\"it-it\"}]}<\/script>\n<!-- \/ Yoast SEO plugin. -->","yoast_head_json":{"title":"Cartella Stampa - Grana Padano","robots":{"index":"index","follow":"follow","max-snippet":"max-snippet:-1","max-image-preview":"max-image-preview:large","max-video-preview":"max-video-preview:-1"},"canonical":"https:\/\/www.granapadano.it\/it-it\/il-mondo-di-grana-padano\/i-nostri-comunicati-stampa\/cartella-stampa\/","og_locale":"it_IT","og_type":"article","og_title":"Cartella Stampa - Grana Padano","og_description":"Cartella stampaLa storiaLe OriginiLa storia narra che il formaggio grana della Pianura Padana sia nato attorno al 1135 fra le storiche mura di pietra dell\u2019Abbazia di Chiaravalle, oggi situata nel Parco Agricolo Sud di Milano. Quel luogo divenne subito punto di riferimento per l\u2019esperienza monastica fondata sullo spirito dell\u2019\u201cOra et Labora \u2013 prega e lavora\u201d, [&hellip;]","og_url":"https:\/\/www.granapadano.it\/it-it\/il-mondo-di-grana-padano\/i-nostri-comunicati-stampa\/cartella-stampa\/","og_site_name":"Grana Padano","article_modified_time":"2026-04-27T07:03:58+00:00","twitter_card":"summary_large_image","twitter_misc":{"Est. reading time":"40 minutes"},"schema":{"@context":"https:\/\/schema.org","@graph":[{"@type":"WebPage","@id":"https:\/\/www.granapadano.it\/it-it\/il-mondo-di-grana-padano\/i-nostri-comunicati-stampa\/cartella-stampa\/","url":"https:\/\/www.granapadano.it\/it-it\/il-mondo-di-grana-padano\/i-nostri-comunicati-stampa\/cartella-stampa\/","name":"Cartella Stampa - Grana Padano","isPartOf":{"@id":"https:\/\/www.granapadano.it\/it-it\/#website"},"datePublished":"2023-02-21T13:45:39+00:00","dateModified":"2026-04-27T07:03:58+00:00","breadcrumb":{"@id":"https:\/\/www.granapadano.it\/it-it\/il-mondo-di-grana-padano\/i-nostri-comunicati-stampa\/cartella-stampa\/#breadcrumb"},"inLanguage":"it-it","potentialAction":[{"@type":"ReadAction","target":["https:\/\/www.granapadano.it\/it-it\/il-mondo-di-grana-padano\/i-nostri-comunicati-stampa\/cartella-stampa\/"]}]},{"@type":"BreadcrumbList","@id":"https:\/\/www.granapadano.it\/it-it\/il-mondo-di-grana-padano\/i-nostri-comunicati-stampa\/cartella-stampa\/#breadcrumb","itemListElement":[{"@type":"ListItem","position":1,"name":"Home","item":"https:\/\/www.granapadano.it\/it-it\/"},{"@type":"ListItem","position":2,"name":"Il Mondo di Grana Padano","item":"https:\/\/www.granapadano.it\/it-it\/il-mondo-di-grana-padano\/"},{"@type":"ListItem","position":3,"name":"I nostri Comunicati Stampa","item":"https:\/\/www.granapadano.it\/it-it\/il-mondo-di-grana-padano\/i-nostri-comunicati-stampa\/"},{"@type":"ListItem","position":4,"name":"Cartella Stampa"}]},{"@type":"WebSite","@id":"https:\/\/www.granapadano.it\/it-it\/#website","url":"https:\/\/www.granapadano.it\/it-it\/","name":"Grana Padano","description":"","potentialAction":[{"@type":"SearchAction","target":{"@type":"EntryPoint","urlTemplate":"https:\/\/www.granapadano.it\/it-it\/?s={search_term_string}"},"query-input":{"@type":"PropertyValueSpecification","valueRequired":true,"valueName":"search_term_string"}}],"inLanguage":"it-it"}]}},"_links":{"self":[{"href":"https:\/\/www.granapadano.it\/it-it\/wp-json\/wp\/v2\/pages\/45969","targetHints":{"allow":["GET"]}}],"collection":[{"href":"https:\/\/www.granapadano.it\/it-it\/wp-json\/wp\/v2\/pages"}],"about":[{"href":"https:\/\/www.granapadano.it\/it-it\/wp-json\/wp\/v2\/types\/page"}],"author":[{"embeddable":true,"href":"https:\/\/www.granapadano.it\/it-it\/wp-json\/wp\/v2\/users\/3"}],"replies":[{"embeddable":true,"href":"https:\/\/www.granapadano.it\/it-it\/wp-json\/wp\/v2\/comments?post=45969"}],"version-history":[{"count":55,"href":"https:\/\/www.granapadano.it\/it-it\/wp-json\/wp\/v2\/pages\/45969\/revisions"}],"predecessor-version":[{"id":155925,"href":"https:\/\/www.granapadano.it\/it-it\/wp-json\/wp\/v2\/pages\/45969\/revisions\/155925"}],"up":[{"embeddable":true,"href":"https:\/\/www.granapadano.it\/it-it\/wp-json\/wp\/v2\/pages\/2817"}],"wp:attachment":[{"href":"https:\/\/www.granapadano.it\/it-it\/wp-json\/wp\/v2\/media?parent=45969"}],"curies":[{"name":"wp","href":"https:\/\/api.w.org\/{rel}","templated":true}]}}