{"id":34156,"date":"2023-02-16T17:04:45","date_gmt":"2023-02-16T17:04:45","guid":{"rendered":"https:\/\/www.granapadano.it\/momenti-di-consumo\/abbinamenti\/con-quali-birre-abbinare-il-grana-padano\/il-mondo-dei-mieli-copy\/"},"modified":"2026-03-19T14:21:06","modified_gmt":"2026-03-19T14:21:06","slug":"come-abbinare-mieli-e-formaggi","status":"publish","type":"page","link":"https:\/\/www.granapadano.it\/it-it\/ricette\/abbinamenti\/con-quali-mieli-abbinare-il-grana-padano\/come-abbinare-mieli-e-formaggi\/","title":{"rendered":"Come abbinare mieli e formaggi?"},"content":{"rendered":"<p>[et_pb_section fb_built=&#8221;1&#8243; fullwidth=&#8221;on&#8221; _builder_version=&#8221;4.19.0&#8243; _module_preset=&#8221;default&#8221; global_colors_info=&#8221;{}&#8221;][et_pb_fullwidth_image src=&#8221;https:\/\/www.granapadano.it\/wp-content\/uploads\/2023\/02\/Miele-e-formaggi-h.jpg&#8221; title_text=&#8221;Miele-e-formaggi-m&#8221; src_tablet=&#8221;https:\/\/www.granapadano.it\/wp-content\/uploads\/2023\/02\/Miele-e-formaggi-h.jpg&#8221; src_phone=&#8221;https:\/\/www.granapadano.it\/wp-content\/uploads\/2023\/02\/Miele-e-formaggi-m.jpg&#8221; src_last_edited=&#8221;on|phone&#8221; _builder_version=&#8221;4.20.0&#8243; _module_preset=&#8221;default&#8221; global_colors_info=&#8221;{}&#8221;][\/et_pb_fullwidth_image][\/et_pb_section][et_pb_section fb_built=&#8221;1&#8243; module_class=&#8221;production_sub_hub_main_wrapper&#8221; _builder_version=&#8221;4.19.4&#8243; _module_preset=&#8221;default&#8221; custom_padding=&#8221;13px||0px|||&#8221; locked=&#8221;off&#8221; global_colors_info=&#8221;{}&#8221;][et_pb_row module_class=&#8221;recipe_filter_section&#8221; _builder_version=&#8221;4.19.2&#8243; _module_preset=&#8221;default&#8221; max_width=&#8221;90%&#8221; custom_padding=&#8221;||7px|||&#8221; global_colors_info=&#8221;{}&#8221;][et_pb_column type=&#8221;4_4&#8243; _builder_version=&#8221;4.19.2&#8243; _module_preset=&#8221;default&#8221; global_colors_info=&#8221;{}&#8221;][et_pb_code _builder_version=&#8221;4.19.2&#8243; _module_preset=&#8221;default&#8221; custom_margin=&#8221;||16px|||&#8221; global_colors_info=&#8221;{}&#8221;]<div class=\"breadcrumb\"><a href=\"https:\/\/www.granapadano.it\/it-it\/\">Home<\/a>  <  <\/div>[\/et_pb_code][\/et_pb_column][\/et_pb_row][\/et_pb_section][et_pb_section fb_built=&#8221;1&#8243; module_class=&#8221;giovani_sub_hub_title&#8221; _builder_version=&#8221;4.19.5&#8243; _module_preset=&#8221;default&#8221; custom_padding=&#8221;0px||0px||false|false&#8221; locked=&#8221;off&#8221; global_colors_info=&#8221;{}&#8221;][et_pb_row module_class=&#8221;gp_producion_heading_wrapper&#8221; _builder_version=&#8221;4.19.5&#8243; _module_preset=&#8221;default&#8221; max_width=&#8221;90%&#8221; module_alignment=&#8221;center&#8221; custom_padding=&#8221;||||false|false&#8221; global_colors_info=&#8221;{}&#8221;][et_pb_column type=&#8221;4_4&#8243; _builder_version=&#8221;4.19.4&#8243; _module_preset=&#8221;default&#8221; global_colors_info=&#8221;{}&#8221;][et_pb_text _builder_version=&#8221;4.20.4&#8243; _module_preset=&#8221;default&#8221; text_font=&#8221;Merriweather|700|||||||&#8221; text_text_color=&#8221;#0f0f0f&#8221; text_font_size=&#8221;44px&#8221; text_line_height=&#8221;52px&#8221; header_text_color=&#8221;gcid-8696fd7e-29dd-4028-9d4d-981b208a53a9&#8243; header_font_size=&#8221;38px&#8221; header_line_height=&#8221;46px&#8221; text_orientation=&#8221;center&#8221; custom_margin=&#8221;-12px||7px|||&#8221; custom_padding=&#8221;25px|||||&#8221; hover_enabled=&#8221;0&#8243; global_colors_info=&#8221;{%22gcid-8696fd7e-29dd-4028-9d4d-981b208a53a9%22:%91%22header_text_color%22%93}&#8221; sticky_enabled=&#8221;0&#8243; locked=&#8221;off&#8221;]<\/p>\n<h1>Come abbinare mieli e formaggi?<\/h1>\n<p>[\/et_pb_text][\/et_pb_column][\/et_pb_row][et_pb_row column_structure=&#8221;3_5,2_5&#8243; module_class=&#8221;giovani_sub_hub_video_bottom_text grana_e_solo_text_para&#8221; _builder_version=&#8221;4.19.5&#8243; _module_preset=&#8221;default&#8221; max_width=&#8221;90%&#8221; module_alignment=&#8221;center&#8221; min_height=&#8221;90px&#8221; custom_margin=&#8221;-2px||||false|false&#8221; custom_padding=&#8221;0px||2px||false|false&#8221; global_colors_info=&#8221;{}&#8221;][et_pb_column type=&#8221;3_5&#8243; _builder_version=&#8221;4.19.4&#8243; _module_preset=&#8221;default&#8221; global_colors_info=&#8221;{}&#8221;][et_pb_text _builder_version=&#8221;4.20.0&#8243; _module_preset=&#8221;default&#8221; text_font=&#8221;FontPadano-Bold|300|||||||&#8221; text_text_color=&#8221;#0f0f0f&#8221; text_font_size=&#8221;26px&#8221; text_line_height=&#8221;27px&#8221; background_color=&#8221;gcid-26f0371c-74dd-4e63-bbf8-f8ec94f09a6d&#8221; text_orientation=&#8221;center&#8221; width=&#8221;44%&#8221; module_alignment=&#8221;left&#8221; custom_margin=&#8221;||30px||false|false&#8221; custom_padding=&#8221;10px||10px||false|false&#8221; border_radii=&#8221;on|30px|30px|30px|30px&#8221; global_colors_info=&#8221;{%22gcid-26f0371c-74dd-4e63-bbf8-f8ec94f09a6d%22:%91%22background_color%22%93}&#8221;]<\/p>\n<p>Miele e formaggi<\/p>\n<p>[\/et_pb_text][\/et_pb_column][et_pb_column type=&#8221;2_5&#8243; _builder_version=&#8221;4.19.5&#8243; _module_preset=&#8221;default&#8221; global_colors_info=&#8221;{}&#8221;][\/et_pb_column][\/et_pb_row][et_pb_row _builder_version=&#8221;4.19.5&#8243; _module_preset=&#8221;default&#8221; max_width=&#8221;90%&#8221; module_alignment=&#8221;center&#8221; custom_margin=&#8221;-2px||||false|false&#8221; custom_padding=&#8221;0px||60px||false|false&#8221; global_colors_info=&#8221;{}&#8221;][et_pb_column type=&#8221;4_4&#8243; _builder_version=&#8221;4.19.5&#8243; _module_preset=&#8221;default&#8221; global_colors_info=&#8221;{}&#8221;][et_pb_text _builder_version=&#8221;4.20.0&#8243; _module_preset=&#8221;default&#8221; text_text_color=&#8221;#0f0f0f&#8221; text_font_size=&#8221;18px&#8221; text_line_height=&#8221;26px&#8221; width=&#8221;100%&#8221; custom_padding=&#8221;|33px||||&#8221; global_colors_info=&#8221;{}&#8221;]<\/p>\n<p><strong>La tecnica di abbinamento mieli e formaggi<\/strong><\/p>\n<p>\u00c8 necessario fare una breve premessa: l\u2019abbinamento di due prodotti pu\u00f2 avere varie finalit\u00e0 tra cui quella di far sperimentare al consumatore sensazioni gusto olfattive piacevoli e nuove; in alcuni casi, l\u2019abbinamento, se riuscito, consente di \u201ccreare un nuovo prodotto\u201d che \u00e8 pi\u00f9 della somma di ciascuno dei due perch\u00e9 riesce a valorizzare entrambi senza che l\u2019uno prevalga sull\u2019altro.<br \/>Qui il protagonista \u00e8 il Grana Padano pertanto i brevi suggerimenti che vogliamo offrire saranno finalizzati a valorizzare questo prodotto nelle sue varianti di stagionatura.<br \/>I mieli che un consumatore pu\u00f2 acquistare sul mercato possono essere tantissimi e molto vari: le differenze sono relative all\u2019intensit\u00e0 aromatica complessiva (debole, media o forte), alle note olfatto gustative caratterizzanti (calda, fruttata, floreale, aromatica, animale, vegetale, chimica) e all\u2019eventuale presenza di amaro.<br \/>Tutti i mieli, anche quelli con una nota amara, hanno la stessa composizione caratterizzata dalla prevalenza di zuccheri semplici, fruttosio e glucosio. Questo apporto, in ogni caso dolce, si adatta particolarmente ai formaggi molto stagionati come il Grana Padano.<br \/>La quantit\u00e0 di miele da accompagnare al Grana Padano deve essere sempre limitata perch\u00e9 non vada a coprire la componente aromatica del formaggio; tuttavia, con le stagionature pi\u00f9 giovani, dove sono ancora presenti delle note lattiche importanti (latte bollito, burro fuso), il formaggio viene valorizzato ed esaltato accostando mieli molto delicati, non particolarmente intensi, pertanto si pu\u00f2 azzardare ad aumentare un poco la quantit\u00e0.<br \/>Le medie stagionature sono in genere piacevolmente accompagnate da miele con componenti gusto olfattive animali, proteiche e solforate.<br \/>Con il procedere dell\u2019invecchiamento e quindi con Grana Padano a pi\u00f9 lunga stagionatura, l\u2019apporto zuccherino del miele, che qui \u00e8 meglio servire in piccole quantit\u00e0, attenua le componenti salate e piccanti. Il miele inoltre lubrifica la bocca e pu\u00f2 aiutare a solubilizzare il formaggio, consentendo la liberazione delle componenti aromatiche pi\u00f9 nobili dovute alla stagionatura. In questo caso possono rappresentare un valido accostamento quei mieli con un\u2019intensit\u00e0 gusto olfattiva importante, anche con note amare.<br \/>I criteri di abbinamento che in genere si applicano sono basati sul principio della concordanza e del contrasto sia in termini di intensit\u00e0 complessiva che aromatica. Ad esempio: il miele di castagno, per la sua intensit\u00e0 e per le note vagamente animali che lo caratterizzano, si accorda particolarmente bene con il Grana Padano molto stagionato; ma anche il miele di tiglio, con le sue note fresche balsamiche, pu\u00f2 fornire un piacevole abbinamento per contrasto.<br \/>Altri criteri che si possono adottare sono quelli territoriali\/regionali: ogni zona geografica ha infatti i propri formaggi e i propri mieli che la tradizione avr\u00e0 gi\u00e0 provveduto ad abbinare e che l\u2019abitudine avr\u00e0 identificato e consolidato come \u201ctipici\u201d.<br \/>Comunque, al di l\u00e0 di quanto si possa raccontare a livello accademico, i giudici finali siete voi, il vostro palato e la piacevolezza che trarrete dallo sperimentare nuovi accostamenti; consigliamo quindi di servire sempre i mieli in assortimento, magari due molto diversi, e lasciare che sia il gusto di ogni commensale a stabilire la propria graduatoria di preferenze. Inoltre l\u2019invito, in generale, \u00e8 di provare prima i prodotti presentati da soli, quindi testare i diversi abbinamenti.<\/p>\n<p>[\/et_pb_text][\/et_pb_column][\/et_pb_row][\/et_pb_section]<\/p>\n","protected":false},"excerpt":{"rendered":"<p><div class=\"breadcrumb\"><a href=\"https:\/\/www.granapadano.it\/it-it\/\">Home<\/a>  <  <\/div>Come abbinare mieli e formaggi?Miele e formaggiLa tecnica di abbinamento mieli e formaggi \u00c8 necessario fare una breve premessa: l\u2019abbinamento di due prodotti pu\u00f2 avere varie finalit\u00e0 tra cui quella di far sperimentare al consumatore sensazioni gusto olfattive piacevoli e nuove; in alcuni casi, l\u2019abbinamento, se riuscito, consente di \u201ccreare un nuovo prodotto\u201d che \u00e8 [&hellip;]<\/p>\n","protected":false},"author":6,"featured_media":0,"parent":31195,"menu_order":287,"comment_status":"closed","ping_status":"closed","template":"","meta":{"_acf_changed":false,"_et_pb_use_builder":"on","_et_pb_old_content":"","_et_gb_content_width":"","footnotes":""},"class_list":["post-34156","page","type-page","status-publish","hentry"],"acf":[],"yoast_head":"<!-- This site is optimized with the Yoast SEO plugin v27.4 - https:\/\/yoast.com\/product\/yoast-seo-wordpress\/ -->\n<title>Come abbinare mieli e formaggi? - Grana Padano<\/title>\n<meta name=\"robots\" content=\"index, follow, max-snippet:-1, max-image-preview:large, max-video-preview:-1\" \/>\n<link rel=\"canonical\" href=\"https:\/\/www.granapadano.it\/it-it\/ricette\/abbinamenti\/con-quali-mieli-abbinare-il-grana-padano\/come-abbinare-mieli-e-formaggi\/\" \/>\n<meta property=\"og:locale\" content=\"it_IT\" \/>\n<meta property=\"og:type\" content=\"article\" \/>\n<meta property=\"og:title\" content=\"Come abbinare mieli e formaggi? - Grana Padano\" \/>\n<meta property=\"og:description\" content=\"Come abbinare mieli e formaggi?Miele e formaggiLa tecnica di abbinamento mieli e formaggi \u00c8 necessario fare una breve premessa: l\u2019abbinamento di due prodotti pu\u00f2 avere varie finalit\u00e0 tra cui quella di far sperimentare al consumatore sensazioni gusto olfattive piacevoli e nuove; in alcuni casi, l\u2019abbinamento, se riuscito, consente di \u201ccreare un nuovo prodotto\u201d che \u00e8 [&hellip;]\" \/>\n<meta property=\"og:url\" content=\"https:\/\/www.granapadano.it\/it-it\/ricette\/abbinamenti\/con-quali-mieli-abbinare-il-grana-padano\/come-abbinare-mieli-e-formaggi\/\" \/>\n<meta property=\"og:site_name\" content=\"Grana Padano\" \/>\n<meta property=\"article:modified_time\" content=\"2026-03-19T14:21:06+00:00\" \/>\n<meta name=\"twitter:card\" content=\"summary_large_image\" \/>\n<meta name=\"twitter:label1\" content=\"Est. reading time\" \/>\n\t<meta name=\"twitter:data1\" content=\"3 minutes\" \/>\n<script type=\"application\/ld+json\" class=\"yoast-schema-graph\">{\"@context\":\"https:\\\/\\\/schema.org\",\"@graph\":[{\"@type\":\"WebPage\",\"@id\":\"https:\\\/\\\/www.granapadano.it\\\/it-it\\\/ricette\\\/abbinamenti\\\/con-quali-mieli-abbinare-il-grana-padano\\\/come-abbinare-mieli-e-formaggi\\\/\",\"url\":\"https:\\\/\\\/www.granapadano.it\\\/it-it\\\/ricette\\\/abbinamenti\\\/con-quali-mieli-abbinare-il-grana-padano\\\/come-abbinare-mieli-e-formaggi\\\/\",\"name\":\"Come abbinare mieli e formaggi? - Grana Padano\",\"isPartOf\":{\"@id\":\"https:\\\/\\\/www.granapadano.it\\\/it-it\\\/#website\"},\"datePublished\":\"2023-02-16T17:04:45+00:00\",\"dateModified\":\"2026-03-19T14:21:06+00:00\",\"breadcrumb\":{\"@id\":\"https:\\\/\\\/www.granapadano.it\\\/it-it\\\/ricette\\\/abbinamenti\\\/con-quali-mieli-abbinare-il-grana-padano\\\/come-abbinare-mieli-e-formaggi\\\/#breadcrumb\"},\"inLanguage\":\"it-it\",\"potentialAction\":[{\"@type\":\"ReadAction\",\"target\":[\"https:\\\/\\\/www.granapadano.it\\\/it-it\\\/ricette\\\/abbinamenti\\\/con-quali-mieli-abbinare-il-grana-padano\\\/come-abbinare-mieli-e-formaggi\\\/\"]}]},{\"@type\":\"BreadcrumbList\",\"@id\":\"https:\\\/\\\/www.granapadano.it\\\/it-it\\\/ricette\\\/abbinamenti\\\/con-quali-mieli-abbinare-il-grana-padano\\\/come-abbinare-mieli-e-formaggi\\\/#breadcrumb\",\"itemListElement\":[{\"@type\":\"ListItem\",\"position\":1,\"name\":\"Home\",\"item\":\"https:\\\/\\\/www.granapadano.it\\\/it-it\\\/\"},{\"@type\":\"ListItem\",\"position\":2,\"name\":\"Ricette\",\"item\":\"https:\\\/\\\/www.granapadano.it\\\/it-it\\\/ricette\\\/\"},{\"@type\":\"ListItem\",\"position\":3,\"name\":\"Con quali mieli abbinare il grana padano?\",\"item\":\"https:\\\/\\\/www.granapadano.it\\\/it-it\\\/ricette\\\/abbinamenti\\\/con-quali-mieli-abbinare-il-grana-padano\\\/\"},{\"@type\":\"ListItem\",\"position\":4,\"name\":\"Come abbinare mieli e formaggi?\"}]},{\"@type\":\"WebSite\",\"@id\":\"https:\\\/\\\/www.granapadano.it\\\/it-it\\\/#website\",\"url\":\"https:\\\/\\\/www.granapadano.it\\\/it-it\\\/\",\"name\":\"Grana Padano\",\"description\":\"\",\"potentialAction\":[{\"@type\":\"SearchAction\",\"target\":{\"@type\":\"EntryPoint\",\"urlTemplate\":\"https:\\\/\\\/www.granapadano.it\\\/it-it\\\/?s={search_term_string}\"},\"query-input\":{\"@type\":\"PropertyValueSpecification\",\"valueRequired\":true,\"valueName\":\"search_term_string\"}}],\"inLanguage\":\"it-it\"}]}<\/script>\n<!-- \/ Yoast SEO plugin. -->","yoast_head_json":{"title":"Come abbinare mieli e formaggi? - Grana Padano","robots":{"index":"index","follow":"follow","max-snippet":"max-snippet:-1","max-image-preview":"max-image-preview:large","max-video-preview":"max-video-preview:-1"},"canonical":"https:\/\/www.granapadano.it\/it-it\/ricette\/abbinamenti\/con-quali-mieli-abbinare-il-grana-padano\/come-abbinare-mieli-e-formaggi\/","og_locale":"it_IT","og_type":"article","og_title":"Come abbinare mieli e formaggi? - Grana Padano","og_description":"Come abbinare mieli e formaggi?Miele e formaggiLa tecnica di abbinamento mieli e formaggi \u00c8 necessario fare una breve premessa: l\u2019abbinamento di due prodotti pu\u00f2 avere varie finalit\u00e0 tra cui quella di far sperimentare al consumatore sensazioni gusto olfattive piacevoli e nuove; in alcuni casi, l\u2019abbinamento, se riuscito, consente di \u201ccreare un nuovo prodotto\u201d che \u00e8 [&hellip;]","og_url":"https:\/\/www.granapadano.it\/it-it\/ricette\/abbinamenti\/con-quali-mieli-abbinare-il-grana-padano\/come-abbinare-mieli-e-formaggi\/","og_site_name":"Grana Padano","article_modified_time":"2026-03-19T14:21:06+00:00","twitter_card":"summary_large_image","twitter_misc":{"Est. reading time":"3 minutes"},"schema":{"@context":"https:\/\/schema.org","@graph":[{"@type":"WebPage","@id":"https:\/\/www.granapadano.it\/it-it\/ricette\/abbinamenti\/con-quali-mieli-abbinare-il-grana-padano\/come-abbinare-mieli-e-formaggi\/","url":"https:\/\/www.granapadano.it\/it-it\/ricette\/abbinamenti\/con-quali-mieli-abbinare-il-grana-padano\/come-abbinare-mieli-e-formaggi\/","name":"Come abbinare mieli e formaggi? - Grana Padano","isPartOf":{"@id":"https:\/\/www.granapadano.it\/it-it\/#website"},"datePublished":"2023-02-16T17:04:45+00:00","dateModified":"2026-03-19T14:21:06+00:00","breadcrumb":{"@id":"https:\/\/www.granapadano.it\/it-it\/ricette\/abbinamenti\/con-quali-mieli-abbinare-il-grana-padano\/come-abbinare-mieli-e-formaggi\/#breadcrumb"},"inLanguage":"it-it","potentialAction":[{"@type":"ReadAction","target":["https:\/\/www.granapadano.it\/it-it\/ricette\/abbinamenti\/con-quali-mieli-abbinare-il-grana-padano\/come-abbinare-mieli-e-formaggi\/"]}]},{"@type":"BreadcrumbList","@id":"https:\/\/www.granapadano.it\/it-it\/ricette\/abbinamenti\/con-quali-mieli-abbinare-il-grana-padano\/come-abbinare-mieli-e-formaggi\/#breadcrumb","itemListElement":[{"@type":"ListItem","position":1,"name":"Home","item":"https:\/\/www.granapadano.it\/it-it\/"},{"@type":"ListItem","position":2,"name":"Ricette","item":"https:\/\/www.granapadano.it\/it-it\/ricette\/"},{"@type":"ListItem","position":3,"name":"Con quali mieli abbinare il grana padano?","item":"https:\/\/www.granapadano.it\/it-it\/ricette\/abbinamenti\/con-quali-mieli-abbinare-il-grana-padano\/"},{"@type":"ListItem","position":4,"name":"Come abbinare mieli e formaggi?"}]},{"@type":"WebSite","@id":"https:\/\/www.granapadano.it\/it-it\/#website","url":"https:\/\/www.granapadano.it\/it-it\/","name":"Grana Padano","description":"","potentialAction":[{"@type":"SearchAction","target":{"@type":"EntryPoint","urlTemplate":"https:\/\/www.granapadano.it\/it-it\/?s={search_term_string}"},"query-input":{"@type":"PropertyValueSpecification","valueRequired":true,"valueName":"search_term_string"}}],"inLanguage":"it-it"}]}},"_links":{"self":[{"href":"https:\/\/www.granapadano.it\/it-it\/wp-json\/wp\/v2\/pages\/34156","targetHints":{"allow":["GET"]}}],"collection":[{"href":"https:\/\/www.granapadano.it\/it-it\/wp-json\/wp\/v2\/pages"}],"about":[{"href":"https:\/\/www.granapadano.it\/it-it\/wp-json\/wp\/v2\/types\/page"}],"author":[{"embeddable":true,"href":"https:\/\/www.granapadano.it\/it-it\/wp-json\/wp\/v2\/users\/6"}],"replies":[{"embeddable":true,"href":"https:\/\/www.granapadano.it\/it-it\/wp-json\/wp\/v2\/comments?post=34156"}],"version-history":[{"count":1,"href":"https:\/\/www.granapadano.it\/it-it\/wp-json\/wp\/v2\/pages\/34156\/revisions"}],"predecessor-version":[{"id":91916,"href":"https:\/\/www.granapadano.it\/it-it\/wp-json\/wp\/v2\/pages\/34156\/revisions\/91916"}],"up":[{"embeddable":true,"href":"https:\/\/www.granapadano.it\/it-it\/wp-json\/wp\/v2\/pages\/31195"}],"wp:attachment":[{"href":"https:\/\/www.granapadano.it\/it-it\/wp-json\/wp\/v2\/media?parent=34156"}],"curies":[{"name":"wp","href":"https:\/\/api.w.org\/{rel}","templated":true}]}}