{"id":33054,"date":"2023-02-16T13:38:07","date_gmt":"2023-02-16T13:38:07","guid":{"rendered":"https:\/\/www.granapadano.it\/momenti-di-consumo\/abbinamenti\/con-quali-birre-abbinare-il-grana-padano\/best-bitter-copy\/"},"modified":"2026-03-18T17:53:22","modified_gmt":"2026-03-18T17:53:22","slug":"tripel","status":"publish","type":"page","link":"https:\/\/www.granapadano.it\/it-it\/ricette\/abbinamenti\/con-quali-birre-abbinare-il-grana-padano\/tripel\/","title":{"rendered":"Tripel"},"content":{"rendered":"<p>[et_pb_section fb_built=&#8221;1&#8243; fullwidth=&#8221;on&#8221; _builder_version=&#8221;4.19.5&#8243; _module_preset=&#8221;default&#8221; global_colors_info=&#8221;{}&#8221;][et_pb_fullwidth_code _builder_version=&#8221;4.20.0&#8243; _module_preset=&#8221;default&#8221; global_colors_info=&#8221;{}&#8221;][et_pb_section global_module=\"41908 \"][\/et_pb_section][\/et_pb_fullwidth_code][\/et_pb_section][et_pb_section fb_built=&#8221;1&#8243; module_class=&#8221;production_sub_hub_main_wrapper&#8221; _builder_version=&#8221;4.19.4&#8243; _module_preset=&#8221;default&#8221; custom_padding=&#8221;13px||0px|||&#8221; locked=&#8221;off&#8221; global_colors_info=&#8221;{}&#8221;][et_pb_row module_class=&#8221;recipe_filter_section&#8221; _builder_version=&#8221;4.19.2&#8243; _module_preset=&#8221;default&#8221; max_width=&#8221;90%&#8221; custom_padding=&#8221;||7px|||&#8221; global_colors_info=&#8221;{}&#8221;][et_pb_column type=&#8221;4_4&#8243; _builder_version=&#8221;4.19.2&#8243; _module_preset=&#8221;default&#8221; global_colors_info=&#8221;{}&#8221;][et_pb_code _builder_version=&#8221;4.19.2&#8243; _module_preset=&#8221;default&#8221; custom_margin=&#8221;||16px|||&#8221; global_colors_info=&#8221;{}&#8221;]<div class=\"breadcrumb\"><a href=\"https:\/\/www.granapadano.it\/it-it\/\">Home<\/a>  <  <\/div>[\/et_pb_code][\/et_pb_column][\/et_pb_row][\/et_pb_section][et_pb_section fb_built=&#8221;1&#8243; module_class=&#8221;giovani_sub_hub_title&#8221; _builder_version=&#8221;4.19.5&#8243; _module_preset=&#8221;default&#8221; custom_padding=&#8221;0px||0px||false|false&#8221; locked=&#8221;off&#8221; global_colors_info=&#8221;{}&#8221;][et_pb_row module_class=&#8221;gp_producion_heading_wrapper&#8221; _builder_version=&#8221;4.19.5&#8243; _module_preset=&#8221;default&#8221; max_width=&#8221;90%&#8221; module_alignment=&#8221;center&#8221; custom_padding=&#8221;||||false|false&#8221; global_colors_info=&#8221;{}&#8221;][et_pb_column type=&#8221;4_4&#8243; _builder_version=&#8221;4.19.4&#8243; _module_preset=&#8221;default&#8221; global_colors_info=&#8221;{}&#8221;][et_pb_text module_class=&#8221;giovani_sub_hub_title_text&#8221; _builder_version=&#8221;4.20.0&#8243; _module_preset=&#8221;default&#8221; text_font=&#8221;Merriweather|700|||||||&#8221; text_text_color=&#8221;#0f0f0f&#8221; text_font_size=&#8221;80px&#8221; text_line_height=&#8221;70px&#8221; header_font=&#8221;Merriweather||||||||&#8221; header_text_color=&#8221;gcid-8696fd7e-29dd-4028-9d4d-981b208a53a9&#8243; header_font_size=&#8221;44px&#8221; header_line_height=&#8221;52px&#8221; text_orientation=&#8221;center&#8221; min_height=&#8221;83px&#8221; custom_margin=&#8221;||0px||false|false&#8221; custom_padding=&#8221;||0px||false|false&#8221; global_colors_info=&#8221;{%22gcid-8696fd7e-29dd-4028-9d4d-981b208a53a9%22:%91%22header_text_color%22%93}&#8221;]<\/p>\n<h1>Tripel<\/h1>\n<p>[\/et_pb_text][\/et_pb_column][\/et_pb_row][et_pb_row column_structure=&#8221;1_4,3_4&#8243; module_class=&#8221;article_dates&#8221; _builder_version=&#8221;4.19.4&#8243; _module_preset=&#8221;default&#8221; max_width=&#8221;90%&#8221; custom_padding=&#8221;0px||6px||false|false&#8221; global_colors_info=&#8221;{}&#8221; theme_builder_area=&#8221;post_content&#8221;][et_pb_column type=&#8221;1_4&#8243; _builder_version=&#8221;4.19.3&#8243; _module_preset=&#8221;default&#8221; global_colors_info=&#8221;{}&#8221; theme_builder_area=&#8221;post_content&#8221;][et_pb_text module_class=&#8221;button_look&#8221; _builder_version=&#8221;4.20.2&#8243; _module_preset=&#8221;default&#8221; text_font=&#8221;FontPadano-Bold||||||||&#8221; text_text_color=&#8221;#000000&#8243; text_font_size=&#8221;26px&#8221; background_color=&#8221;RGBA(255,255,255,0)&#8221; hover_enabled=&#8221;0&#8243; global_colors_info=&#8221;{}&#8221; theme_builder_area=&#8221;post_content&#8221; sticky_enabled=&#8221;0&#8243;]<\/p>\n<p>Birra<\/p>\n<p>[\/et_pb_text][\/et_pb_column][et_pb_column type=&#8221;3_4&#8243; _builder_version=&#8221;4.19.4&#8243; _module_preset=&#8221;default&#8221; global_colors_info=&#8221;{}&#8221; theme_builder_area=&#8221;post_content&#8221;][\/et_pb_column][\/et_pb_row][et_pb_row column_structure=&#8221;2_5,3_5&#8243; module_class=&#8221;article_sub_img_text_content&#8221; _builder_version=&#8221;4.20.2&#8243; _module_preset=&#8221;default&#8221; max_width=&#8221;90%&#8221; module_alignment=&#8221;center&#8221; custom_margin=&#8221;-2px||||false|false&#8221; custom_padding=&#8221;0px|3px|40px||false|false&#8221; hover_enabled=&#8221;0&#8243; global_colors_info=&#8221;{}&#8221; sticky_enabled=&#8221;0&#8243;][et_pb_column type=&#8221;2_5&#8243; _builder_version=&#8221;4.20.2&#8243; _module_preset=&#8221;default&#8221; hover_enabled=&#8221;0&#8243; global_colors_info=&#8221;{}&#8221; module_class=&#8221;article_sub_img_wrap&#8221; sticky_enabled=&#8221;0&#8243;][et_pb_image src=&#8221;https:\/\/www.granapadano.it\/wp-content\/uploads\/2023\/02\/GRANAPADANOTripel-43813.jpg&#8221; title_text=&#8221;GRANAPADANOTripel-43813&#8243; align=&#8221;center&#8221; _builder_version=&#8221;4.19.5&#8243; _module_preset=&#8221;default&#8221; positioning=&#8221;relative&#8221; vertical_offset=&#8221;63px&#8221; module_alignment=&#8221;center&#8221; border_radii=&#8221;on|20px|20px|20px|20px&#8221; global_colors_info=&#8221;{}&#8221;][\/et_pb_image][\/et_pb_column][et_pb_column type=&#8221;3_5&#8243; _builder_version=&#8221;4.20.2&#8243; _module_preset=&#8221;default&#8221; hover_enabled=&#8221;0&#8243; global_colors_info=&#8221;{}&#8221; module_class=&#8221;article_sub_text_wrap&#8221; sticky_enabled=&#8221;0&#8243;][et_pb_text _builder_version=&#8221;4.20.2&#8243; _module_preset=&#8221;default&#8221; text_text_color=&#8221;#0f0f0f&#8221; text_font_size=&#8221;18px&#8221; text_line_height=&#8221;26px&#8221; width=&#8221;100%&#8221; custom_padding=&#8221;|0px||||&#8221; hover_enabled=&#8221;0&#8243; global_colors_info=&#8221;{}&#8221; sticky_enabled=&#8221;0&#8243;]<\/p>\n<p>Lo stile nasce originariamente in Belgio, ma \u00e8 ripreso e prodotto in tutto il mondo e trova esempi di eccezionale caratura anche al di fuori dei confini di questa piccola nazione.<\/p>\n<p>&#8211; <strong>Conservazione:<\/strong> trattandosi di uno stile ad alta fermentazione non ha necessit\u00e0 di essere conservato mantenendo la catena del freddo; \u00e8 importante per\u00f2 che la temperatura non superi i 18-20\u00b0 C.<br \/>Oltre quelle temperature infatti potrebbe avere inizio una nuova fermentazione in bottiglia con risultati sgraditi.<\/p>\n<p><strong>&#8211; Temperatura di servizio:<\/strong> pu\u00f2 variare dai 10 ai 16\u00b0 C, con un bicchiere a calice, dall&#8217;ampia apertura. Inizialmente il bicchiere va inclinato di 45\u00b0 e successivamente raddrizzato per permettere la creazione di un bel cappello di schiuma.<\/p>\n<p>Si consiglia di porre attenzione al fondo della bottiglia che pu\u00f2 presentare una maggiore torbidit\u00e0, data dalla presenza dei lieviti. Si pu\u00f2 anche scegliere di lasciare un dito di fondo nella bottiglia, agitare e servirlo in un bicchiere a parte, in modo da apprezzare la caratterizzazione data dai lieviti.<\/p>\n<p><strong>&#8211; Titolo alcolometrico:<\/strong> 7,5-9,5% alc.<\/p>\n<p><strong>Caratteristiche (visive, olfattive, gusto-olfattive):<\/strong><br \/>Di colore che varia dal giallo dorato al giallo intenso, in alcune versioni pu\u00f2 presentare una lieve torbidit\u00e0; schiuma presente e solitamente con persistenza lunga, tanto da generare spesso nel bicchiere quelli che vengono definiti &#8220;merletti di Bruxelles&#8221;. Una bella complessit\u00e0 olfattiva, che varia da note di frutta gialla e agrumi, assieme ad un fruttato lieve e a qualche sentore che pu\u00f2 ricordare il miele d&#8217;acacia o millefiori. Completano il bouquet olfattivo delle sensazioni speziate che rimandano al pepato e al chiodo di garofano. In bocca la bevuta si presenta ugualmente complessa con note che tendono nuovamente al miele, al fruttato e allo speziato. Sul finale, nei migliori esemplari di questo stile, subentra un moderato amaro che, assieme ad un corpo medio-basso ed una carbonazione elevata, contribuisce a rendere la bevuta particolarmente snella, nonostante la gradazione alcolica piuttosto importante.<br \/>In particolare, data la gradazione alcolica, si consigliano degli abbinamenti che riguardano la parte finale di un pasto, soprattutto se composto da diverse portate.<br \/>La complessit\u00e0 gusto-olfattiva di questo stile ben si sposa con quanto espresso dal Grana Padano con stagionatura superiore ai 24 mesi, ma non solo. In particolare l&#8217;alcolicit\u00e0 nascosta e la carbonazione frizzante, oltre alle note fruttate e speziate, riescono a bilanciare e al tempo stesso esaltare le note sapide e fruttate del Grana Padano e le residue note dolci. In alcuni casi si possono incontrare esempi di questo stile che presentano una minore secchezza, sensazioni dolci pi\u00f9 marcate ed una percezione del grado alcolico pi\u00f9 elevata, a discapito della bevibilit\u00e0. Resta comunque un abbinamento riuscito e di grande equilibrio.<\/p>\n<p><strong>Curiosit\u00e0<br \/><\/strong>Uno stile che \u00e8 nato nel monastero trappista di Westmalle negli anni Trenta, per incontrare le esigenze del mercato, a seguito di una legge che vietava la vendita e la somministrazione di superalcolici. La ricetta ha subito una rivisitazione negli anni Cinquanta ed \u00e8 poi rimasta invariata fino ai nostri giorni. Il nome &#8220;tripel&#8221; ha una genesi non certa: secondo la capostipite Westmalle si riferisce alla quantit\u00e0 delle materie prime utilizzate che sarebbero il triplo di quanto utilizzato nella produzione delle altre birre del monastero; altra teoria invece riconduce la nascita del nome \u201ctripel\u201d alla necessit\u00e0 di definire la maggior gradazione alcolica di questa birra rispetto alla dubbel.<\/p>\n<p>[\/et_pb_text][\/et_pb_column][\/et_pb_row][\/et_pb_section]<\/p>\n","protected":false},"excerpt":{"rendered":"<p><div class=\"et_pb_module et_pb_fullwidth_image et_pb_fullwidth_image_0\">\n\t\t\t\t\n\t\t\t\t\n\t\t\t\t\n\t\t\t\t\n\t\t\t\t<img decoding=\"async\" width=\"1920\" height=\"380\" src=\"https:\/\/granapadano.kleecks-cdn.com\/wp-content\/uploads\/2023\/02\/GRANAPADANOItalianGrape-43759-h.jpg\" alt=\"\" title=\"GRANAPADANOItalianGrape-43759-m\" srcset=\"https:\/\/granapadano.kleecks-cdn.com\/wp-content\/uploads\/2023\/02\/GRANAPADANOItalianGrape-43759-h.jpg%201920w,%20https:\/granapadano.kleecks-cdn.com\/wp-content\/uploads\/2023\/02\/GRANAPADANOItalianGrape-43759-h-1280x253.jpg%201280w,%20https:\/granapadano.kleecks-cdn.com\/wp-content\/uploads\/2023\/02\/GRANAPADANOItalianGrape-43759-h-980x194.jpg%20980w,%20https:\/granapadano.kleecks-cdn.com\/wp-content\/uploads\/2023\/02\/GRANAPADANOItalianGrape-43759-h-480x95.jpg%20480w\" sizes=\"(min-width: 0px) and (max-width: 480px) 480px, (min-width: 481px) and (max-width: 980px) 980px, (min-width: 981px) and (max-width: 1280px) 1280px, (min-width: 1281px) 1920px, 100vw\" class=\"wp-image-41771\" data-et-multi-view=\"{&quot;schema&quot;:{&quot;attrs&quot;:{&quot;desktop&quot;:{&quot;src&quot;:&quot;https:\\\/\\\/www.granapadano.it\\\/wp-content\\\/uploads\\\/2023\\\/02\\\/GRANAPADANOItalianGrape-43759-h.jpg&quot;,&quot;alt&quot;:&quot;&quot;,&quot;title&quot;:&quot;GRANAPADANOItalianGrape-43759-m&quot;,&quot;class&quot;:&quot;wp-image-41771&quot;,&quot;srcset&quot;:&quot;https:\\\/\\\/www.granapadano.it\\\/wp-content\\\/uploads\\\/2023\\\/02\\\/GRANAPADANOItalianGrape-43759-h.jpg 1920w, https:\\\/\\\/www.granapadano.it\\\/wp-content\\\/uploads\\\/2023\\\/02\\\/GRANAPADANOItalianGrape-43759-h-1280x253.jpg 1280w, https:\\\/\\\/www.granapadano.it\\\/wp-content\\\/uploads\\\/2023\\\/02\\\/GRANAPADANOItalianGrape-43759-h-980x194.jpg 980w, https:\\\/\\\/www.granapadano.it\\\/wp-content\\\/uploads\\\/2023\\\/02\\\/GRANAPADANOItalianGrape-43759-h-480x95.jpg 480w&quot;,&quot;sizes&quot;:&quot;(min-width: 0px) and (max-width: 480px) 480px, (min-width: 481px) and (max-width: 980px) 980px, (min-width: 981px) and (max-width: 1280px) 1280px, (min-width: 1281px) 1920px, 100vw&quot;},&quot;phone&quot;:{&quot;src&quot;:&quot;https:\\\/\\\/www.granapadano.it\\\/wp-content\\\/uploads\\\/2023\\\/02\\\/GRANAPADANOItalianGrape-43759-m.jpg&quot;,&quot;srcset&quot;:&quot;https:\\\/\\\/www.granapadano.it\\\/wp-content\\\/uploads\\\/2023\\\/02\\\/GRANAPADANOItalianGrape-43759-m.jpg 450w, https:\\\/\\\/www.granapadano.it\\\/wp-content\\\/uploads\\\/2023\\\/02\\\/GRANAPADANOItalianGrape-43759-m-300x133.jpg 300w&quot;,&quot;sizes&quot;:&quot;(max-width: 450px) 100vw, 450px&quot;}}},&quot;slug&quot;:&quot;et_pb_fullwidth_image&quot;}\" \/>\n\t\t\t\n\t\t\t<\/div><div class=\"breadcrumb\"><a href=\"https:\/\/www.granapadano.it\/it-it\/\">Home<\/a>  <  <\/div>TripelBirraLo stile nasce originariamente in Belgio, ma \u00e8 ripreso e prodotto in tutto il mondo e trova esempi di eccezionale caratura anche al di fuori dei confini di questa piccola nazione. &#8211; Conservazione: trattandosi di uno stile ad alta fermentazione non ha necessit\u00e0 di essere conservato mantenendo la catena del freddo; \u00e8 importante per\u00f2 [&hellip;]<\/p>\n","protected":false},"author":6,"featured_media":0,"parent":30707,"menu_order":218,"comment_status":"closed","ping_status":"closed","template":"","meta":{"_acf_changed":false,"_et_pb_use_builder":"on","_et_pb_old_content":"","_et_gb_content_width":"","footnotes":""},"class_list":["post-33054","page","type-page","status-publish","hentry"],"acf":[],"yoast_head":"<!-- This site is optimized with the Yoast SEO plugin v27.4 - https:\/\/yoast.com\/product\/yoast-seo-wordpress\/ -->\n<title>Tripel - Grana Padano<\/title>\n<meta name=\"robots\" content=\"index, follow, max-snippet:-1, max-image-preview:large, max-video-preview:-1\" \/>\n<link rel=\"canonical\" href=\"https:\/\/www.granapadano.it\/it-it\/ricette\/abbinamenti\/con-quali-birre-abbinare-il-grana-padano\/tripel\/\" \/>\n<meta property=\"og:locale\" content=\"it_IT\" \/>\n<meta property=\"og:type\" content=\"article\" \/>\n<meta property=\"og:title\" content=\"Tripel - Grana Padano\" \/>\n<meta property=\"og:description\" content=\"TripelBirraLo stile nasce originariamente in Belgio, ma \u00e8 ripreso e prodotto in tutto il mondo e trova esempi di eccezionale caratura anche al di fuori dei confini di questa piccola nazione. - Conservazione: trattandosi di uno stile ad alta fermentazione non ha necessit\u00e0 di essere conservato mantenendo la catena del freddo; \u00e8 importante per\u00f2 [&hellip;]\" \/>\n<meta property=\"og:url\" content=\"https:\/\/www.granapadano.it\/it-it\/ricette\/abbinamenti\/con-quali-birre-abbinare-il-grana-padano\/tripel\/\" \/>\n<meta property=\"og:site_name\" content=\"Grana Padano\" \/>\n<meta property=\"article:modified_time\" content=\"2026-03-18T17:53:22+00:00\" \/>\n<meta name=\"twitter:card\" content=\"summary_large_image\" \/>\n<meta name=\"twitter:label1\" content=\"Est. reading time\" \/>\n\t<meta name=\"twitter:data1\" content=\"6 minutes\" \/>\n<script type=\"application\/ld+json\" class=\"yoast-schema-graph\">{\"@context\":\"https:\\\/\\\/schema.org\",\"@graph\":[{\"@type\":\"WebPage\",\"@id\":\"https:\\\/\\\/www.granapadano.it\\\/it-it\\\/ricette\\\/abbinamenti\\\/con-quali-birre-abbinare-il-grana-padano\\\/tripel\\\/\",\"url\":\"https:\\\/\\\/www.granapadano.it\\\/it-it\\\/ricette\\\/abbinamenti\\\/con-quali-birre-abbinare-il-grana-padano\\\/tripel\\\/\",\"name\":\"Tripel - Grana Padano\",\"isPartOf\":{\"@id\":\"https:\\\/\\\/www.granapadano.it\\\/it-it\\\/#website\"},\"datePublished\":\"2023-02-16T13:38:07+00:00\",\"dateModified\":\"2026-03-18T17:53:22+00:00\",\"breadcrumb\":{\"@id\":\"https:\\\/\\\/www.granapadano.it\\\/it-it\\\/ricette\\\/abbinamenti\\\/con-quali-birre-abbinare-il-grana-padano\\\/tripel\\\/#breadcrumb\"},\"inLanguage\":\"it-it\",\"potentialAction\":[{\"@type\":\"ReadAction\",\"target\":[\"https:\\\/\\\/www.granapadano.it\\\/it-it\\\/ricette\\\/abbinamenti\\\/con-quali-birre-abbinare-il-grana-padano\\\/tripel\\\/\"]}]},{\"@type\":\"BreadcrumbList\",\"@id\":\"https:\\\/\\\/www.granapadano.it\\\/it-it\\\/ricette\\\/abbinamenti\\\/con-quali-birre-abbinare-il-grana-padano\\\/tripel\\\/#breadcrumb\",\"itemListElement\":[{\"@type\":\"ListItem\",\"position\":1,\"name\":\"Home\",\"item\":\"https:\\\/\\\/www.granapadano.it\\\/it-it\\\/\"},{\"@type\":\"ListItem\",\"position\":2,\"name\":\"Ricette\",\"item\":\"https:\\\/\\\/www.granapadano.it\\\/it-it\\\/ricette\\\/\"},{\"@type\":\"ListItem\",\"position\":3,\"name\":\"Abbinamenti\",\"item\":\"https:\\\/\\\/www.granapadano.it\\\/it-it\\\/ricette\\\/abbinamenti\\\/\"},{\"@type\":\"ListItem\",\"position\":4,\"name\":\"Con quali birre abbinare il grana padano?\",\"item\":\"https:\\\/\\\/www.granapadano.it\\\/it-it\\\/ricette\\\/abbinamenti\\\/con-quali-birre-abbinare-il-grana-padano\\\/\"},{\"@type\":\"ListItem\",\"position\":5,\"name\":\"Tripel\"}]},{\"@type\":\"WebSite\",\"@id\":\"https:\\\/\\\/www.granapadano.it\\\/it-it\\\/#website\",\"url\":\"https:\\\/\\\/www.granapadano.it\\\/it-it\\\/\",\"name\":\"Grana Padano\",\"description\":\"\",\"potentialAction\":[{\"@type\":\"SearchAction\",\"target\":{\"@type\":\"EntryPoint\",\"urlTemplate\":\"https:\\\/\\\/www.granapadano.it\\\/it-it\\\/?s={search_term_string}\"},\"query-input\":{\"@type\":\"PropertyValueSpecification\",\"valueRequired\":true,\"valueName\":\"search_term_string\"}}],\"inLanguage\":\"it-it\"}]}<\/script>\n<!-- \/ Yoast SEO plugin. -->","yoast_head_json":{"title":"Tripel - Grana Padano","robots":{"index":"index","follow":"follow","max-snippet":"max-snippet:-1","max-image-preview":"max-image-preview:large","max-video-preview":"max-video-preview:-1"},"canonical":"https:\/\/www.granapadano.it\/it-it\/ricette\/abbinamenti\/con-quali-birre-abbinare-il-grana-padano\/tripel\/","og_locale":"it_IT","og_type":"article","og_title":"Tripel - Grana Padano","og_description":"TripelBirraLo stile nasce originariamente in Belgio, ma \u00e8 ripreso e prodotto in tutto il mondo e trova esempi di eccezionale caratura anche al di fuori dei confini di questa piccola nazione. - Conservazione: trattandosi di uno stile ad alta fermentazione non ha necessit\u00e0 di essere conservato mantenendo la catena del freddo; \u00e8 importante per\u00f2 [&hellip;]","og_url":"https:\/\/www.granapadano.it\/it-it\/ricette\/abbinamenti\/con-quali-birre-abbinare-il-grana-padano\/tripel\/","og_site_name":"Grana Padano","article_modified_time":"2026-03-18T17:53:22+00:00","twitter_card":"summary_large_image","twitter_misc":{"Est. reading time":"6 minutes"},"schema":{"@context":"https:\/\/schema.org","@graph":[{"@type":"WebPage","@id":"https:\/\/www.granapadano.it\/it-it\/ricette\/abbinamenti\/con-quali-birre-abbinare-il-grana-padano\/tripel\/","url":"https:\/\/www.granapadano.it\/it-it\/ricette\/abbinamenti\/con-quali-birre-abbinare-il-grana-padano\/tripel\/","name":"Tripel - Grana Padano","isPartOf":{"@id":"https:\/\/www.granapadano.it\/it-it\/#website"},"datePublished":"2023-02-16T13:38:07+00:00","dateModified":"2026-03-18T17:53:22+00:00","breadcrumb":{"@id":"https:\/\/www.granapadano.it\/it-it\/ricette\/abbinamenti\/con-quali-birre-abbinare-il-grana-padano\/tripel\/#breadcrumb"},"inLanguage":"it-it","potentialAction":[{"@type":"ReadAction","target":["https:\/\/www.granapadano.it\/it-it\/ricette\/abbinamenti\/con-quali-birre-abbinare-il-grana-padano\/tripel\/"]}]},{"@type":"BreadcrumbList","@id":"https:\/\/www.granapadano.it\/it-it\/ricette\/abbinamenti\/con-quali-birre-abbinare-il-grana-padano\/tripel\/#breadcrumb","itemListElement":[{"@type":"ListItem","position":1,"name":"Home","item":"https:\/\/www.granapadano.it\/it-it\/"},{"@type":"ListItem","position":2,"name":"Ricette","item":"https:\/\/www.granapadano.it\/it-it\/ricette\/"},{"@type":"ListItem","position":3,"name":"Abbinamenti","item":"https:\/\/www.granapadano.it\/it-it\/ricette\/abbinamenti\/"},{"@type":"ListItem","position":4,"name":"Con quali birre abbinare il grana padano?","item":"https:\/\/www.granapadano.it\/it-it\/ricette\/abbinamenti\/con-quali-birre-abbinare-il-grana-padano\/"},{"@type":"ListItem","position":5,"name":"Tripel"}]},{"@type":"WebSite","@id":"https:\/\/www.granapadano.it\/it-it\/#website","url":"https:\/\/www.granapadano.it\/it-it\/","name":"Grana Padano","description":"","potentialAction":[{"@type":"SearchAction","target":{"@type":"EntryPoint","urlTemplate":"https:\/\/www.granapadano.it\/it-it\/?s={search_term_string}"},"query-input":{"@type":"PropertyValueSpecification","valueRequired":true,"valueName":"search_term_string"}}],"inLanguage":"it-it"}]}},"_links":{"self":[{"href":"https:\/\/www.granapadano.it\/it-it\/wp-json\/wp\/v2\/pages\/33054","targetHints":{"allow":["GET"]}}],"collection":[{"href":"https:\/\/www.granapadano.it\/it-it\/wp-json\/wp\/v2\/pages"}],"about":[{"href":"https:\/\/www.granapadano.it\/it-it\/wp-json\/wp\/v2\/types\/page"}],"author":[{"embeddable":true,"href":"https:\/\/www.granapadano.it\/it-it\/wp-json\/wp\/v2\/users\/6"}],"replies":[{"embeddable":true,"href":"https:\/\/www.granapadano.it\/it-it\/wp-json\/wp\/v2\/comments?post=33054"}],"version-history":[{"count":1,"href":"https:\/\/www.granapadano.it\/it-it\/wp-json\/wp\/v2\/pages\/33054\/revisions"}],"predecessor-version":[{"id":148381,"href":"https:\/\/www.granapadano.it\/it-it\/wp-json\/wp\/v2\/pages\/33054\/revisions\/148381"}],"up":[{"embeddable":true,"href":"https:\/\/www.granapadano.it\/it-it\/wp-json\/wp\/v2\/pages\/30707"}],"wp:attachment":[{"href":"https:\/\/www.granapadano.it\/it-it\/wp-json\/wp\/v2\/media?parent=33054"}],"curies":[{"name":"wp","href":"https:\/\/api.w.org\/{rel}","templated":true}]}}