{"id":124398,"date":"2024-09-11T13:22:04","date_gmt":"2024-09-11T13:22:04","guid":{"rendered":"https:\/\/www.granapadano.it\/momenti-di-consumo\/abbinamenti-copy\/"},"modified":"2026-03-25T15:46:16","modified_gmt":"2026-03-25T15:46:16","slug":"abbinamenti","status":"publish","type":"page","link":"https:\/\/www.granapadano.it\/it-it\/ricette\/abbinamenti\/","title":{"rendered":"Abbinamenti"},"content":{"rendered":"<p>[et_pb_section fb_built=&#8221;1&#8243; fullwidth=&#8221;on&#8221; _builder_version=&#8221;4.19.4&#8243; _module_preset=&#8221;default&#8221; global_colors_info=&#8221;{}&#8221;][et_pb_fullwidth_image src=&#8221;https:\/\/www.granapadano.it\/wp-content\/uploads\/2023\/02\/Abbinamenti-h.png&#8221; title_text=&#8221;Abbinamenti-m&#8221; src_tablet=&#8221;https:\/\/www.granapadano.it\/wp-content\/uploads\/2023\/02\/Abbinamenti-h.png&#8221; src_phone=&#8221;https:\/\/www.granapadano.it\/wp-content\/uploads\/2023\/02\/Abbinamenti-m.png&#8221; src_last_edited=&#8221;on|phone&#8221; _builder_version=&#8221;4.19.5&#8243; _module_preset=&#8221;default&#8221; global_colors_info=&#8221;{}&#8221;][\/et_pb_fullwidth_image][\/et_pb_section][et_pb_section fb_built=&#8221;1&#8243; module_class=&#8221;production_sub_hub_main_wrapper&#8221; _builder_version=&#8221;4.19.4&#8243; _module_preset=&#8221;default&#8221; custom_padding=&#8221;13px||0px|||&#8221; locked=&#8221;off&#8221; global_colors_info=&#8221;{}&#8221;][et_pb_row module_class=&#8221;recipe_filter_section&#8221; _builder_version=&#8221;4.19.5&#8243; _module_preset=&#8221;default&#8221; max_width=&#8221;90%&#8221; custom_padding=&#8221;||7px|||&#8221; global_colors_info=&#8221;{}&#8221;][et_pb_column type=&#8221;4_4&#8243; _builder_version=&#8221;4.19.2&#8243; _module_preset=&#8221;default&#8221; global_colors_info=&#8221;{}&#8221;][et_pb_code _builder_version=&#8221;4.19.2&#8243; _module_preset=&#8221;default&#8221; custom_margin=&#8221;||16px|||&#8221; global_colors_info=&#8221;{}&#8221;]<div class=\"breadcrumb\"><a href=\"https:\/\/www.granapadano.it\/it-it\/\">Home<\/a>  <  <\/div>[\/et_pb_code][\/et_pb_column][\/et_pb_row][\/et_pb_section][et_pb_section fb_built=&#8221;1&#8243; module_class=&#8221;sustainability_sub_hub_wrapper&#8221; _builder_version=&#8221;4.19.4&#8243; _module_preset=&#8221;default&#8221; custom_padding=&#8221;10px||4px|||&#8221; locked=&#8221;off&#8221; global_colors_info=&#8221;{}&#8221;][et_pb_row column_structure=&#8221;2_5,3_5&#8243; module_class=&#8221;abinamenti_title_wrapper&#8221; _builder_version=&#8221;4.20.2&#8243; _module_preset=&#8221;default&#8221; max_width=&#8221;90%&#8221; module_alignment=&#8221;center&#8221; custom_margin=&#8221;-2px||||false|false&#8221; custom_padding=&#8221;0px||60px||false|false&#8221; global_colors_info=&#8221;{}&#8221;][et_pb_column type=&#8221;2_5&#8243; _builder_version=&#8221;4.19.1&#8243; _module_preset=&#8221;default&#8221; global_colors_info=&#8221;{}&#8221;][et_pb_text _builder_version=&#8221;4.20.2&#8243; _module_preset=&#8221;default&#8221; text_font=&#8221;Merriweather|700|||||||&#8221; text_text_color=&#8221;#0f0f0f&#8221; text_font_size=&#8221;38px&#8221; text_line_height=&#8221;46px&#8221; text_orientation=&#8221;center&#8221; global_colors_info=&#8221;{}&#8221;]<\/p>\n<h1>Abbinamenti<\/h1>\n<p>[\/et_pb_text][\/et_pb_column][et_pb_column type=&#8221;3_5&#8243; _builder_version=&#8221;4.19.1&#8243; _module_preset=&#8221;default&#8221; global_colors_info=&#8221;{}&#8221;][et_pb_text _builder_version=&#8221;4.19.5&#8243; _module_preset=&#8221;default&#8221; text_text_color=&#8221;#0f0f0f&#8221; text_font_size=&#8221;18px&#8221; text_line_height=&#8221;26px&#8221; global_colors_info=&#8221;{}&#8221;]<\/p>\n<p><span style=\"font-weight: 400;\">La versatilit\u00e0 di Grana Padano DOP si esprime attraverso abbinamenti sorprendenti con ingredienti tipici della cucina italiana. Scopri gli accostamenti pi\u00f9 riusciti: dai pi\u00f9 armoniosi e delicati a quelli dal carattere deciso e inaspettato.<\/span><\/p>\n<p>[\/et_pb_text][\/et_pb_column][\/et_pb_row][\/et_pb_section][et_pb_section fb_built=&#8221;1&#8243; module_class=&#8221;sostenibilita_main_section&#8221; _builder_version=&#8221;4.27.6&#8243; _module_preset=&#8221;default&#8221; background_color=&#8221;#f9f1e4&#8243; min_height=&#8221;1513.9px&#8221; custom_margin=&#8221;2px|||||&#8221; custom_padding=&#8221;60px|||||&#8221; locked=&#8221;off&#8221; global_colors_info=&#8221;{}&#8221;][et_pb_row column_structure=&#8221;1_2,1_2&#8243; use_custom_gutter=&#8221;on&#8221; gutter_width=&#8221;3&#8243; disabled_on=&#8221;off|off|off&#8221; module_class=&#8221;consorzio_saprate_section&#8221; _builder_version=&#8221;4.27.6&#8243; _module_preset=&#8221;default&#8221; transform_scale=&#8221;94%|94%&#8221; max_width=&#8221;90%&#8221; custom_padding=&#8221;50px|||||&#8221; locked=&#8221;off&#8221; global_colors_info=&#8221;{}&#8221;][et_pb_column type=&#8221;1_2&#8243; _builder_version=&#8221;4.27.6&#8243; _module_preset=&#8221;default&#8221; link_option_url=&#8221;\/it-it\/momenti-di-consumo\/abbinamenti\/con-quale-cioccolato-abbinare-grana-padano\/&#8221; custom_css_free_form=&#8221;    .et_pb_gutters3 .et_pb_column_1_2, .et_pb_gutters3.et_pb_row .et_pb_column_1_2 { border-radius: 0px 0px 0px 0px !important }||&#8221; global_colors_info=&#8221;{}&#8221;][et_pb_image title_text=&#8221;GP_Abbinamento-Cacao-16-20&#8243; url=&#8221;\/it-it\/momenti-di-consumo\/abbinamenti\/con-quale-cioccolato-abbinare-grana-padano\/&#8221; align=&#8221;center&#8221; _builder_version=&#8221;4.24.3&#8243; _module_preset=&#8221;default&#8221; background_color=&#8221;RGBA(255,255,255,0)&#8221; background_image=&#8221;https:\/\/www.granapadano.it\/wp-content\/uploads\/2024\/04\/GP_Abbinamento-Cacao-16-20.jpg&#8221; min_height=&#8221;89px&#8221; custom_padding=&#8221;209px|0px||2px|false|false&#8221; global_colors_info=&#8221;{}&#8221;][\/et_pb_image][et_pb_text _builder_version=&#8221;4.24.3&#8243; _module_preset=&#8221;default&#8221; header_3_font=&#8221;Merriweather|700|||||||&#8221; header_3_text_color=&#8221;#0f0f0f&#8221; header_3_font_size=&#8221;23px&#8221; header_3_line_height=&#8221;31px&#8221; global_colors_info=&#8221;{}&#8221;]<\/p>\n<h3>Come abbinare Grana Padano e cioccolato?<\/h3>\n<p>[\/et_pb_text][et_pb_text _builder_version=&#8221;4.24.3&#8243; _module_preset=&#8221;default&#8221; text_text_color=&#8221;#0f0f0f&#8221; text_font_size=&#8221;18px&#8221; text_line_height=&#8221;26px&#8221; global_colors_info=&#8221;{}&#8221;]Il cacao \u00e8 un ingrediente che tutti conoscono, ma di cui pochi sanno tutti i segreti. L&#8217;abbinamento con Grana Padano DOP pu\u00f2 portare a combinazioni gourmet, scopri come.<br \/>\n[\/et_pb_text][et_pb_image src=&#8221;https:\/\/www.granapadano.it\/wp-content\/uploads\/2022\/11\/Path-20171.png&#8221; title_text=&#8221;Path 20171&#8243; url=&#8221;\/it-it\/momenti-di-consumo\/abbinamenti\/con-quale-cioccolato-abbinare-grana-padano\/&#8221; align=&#8221;right&#8221; _builder_version=&#8221;4.24.3&#8243; _module_preset=&#8221;default&#8221; global_colors_info=&#8221;{}&#8221;][\/et_pb_image][\/et_pb_column][et_pb_column type=&#8221;1_2&#8243; _builder_version=&#8221;4.24.3&#8243; _module_preset=&#8221;default&#8221; link_option_url=&#8221;\/it-it\/momenti-di-consumo\/abbinamenti\/con-quale-mostarda-abbinare-grana-padano\/&#8221; global_colors_info=&#8221;{}&#8221;][et_pb_image title_text=&#8221;GP_Thumb-mostarda&#8221; url=&#8221;\/it-it\/momenti-di-consumo\/abbinamenti\/con-quale-mostarda-abbinare-grana-padano\/&#8221; align=&#8221;center&#8221; _builder_version=&#8221;4.24.3&#8243; _module_preset=&#8221;default&#8221; background_color=&#8221;RGBA(255,255,255,0)&#8221; background_image=&#8221;https:\/\/www.granapadano.it\/wp-content\/uploads\/2024\/04\/GP_Thumb-mostarda.jpg&#8221; min_height=&#8221;89px&#8221; custom_padding=&#8221;209px|0px||2px|false|false&#8221; global_colors_info=&#8221;{}&#8221;][\/et_pb_image][et_pb_text _builder_version=&#8221;4.24.3&#8243; _module_preset=&#8221;default&#8221; header_3_font=&#8221;Merriweather|700|||||||&#8221; header_3_text_color=&#8221;#0f0f0f&#8221; header_3_font_size=&#8221;23px&#8221; header_3_line_height=&#8221;31px&#8221; locked=&#8221;off&#8221; global_colors_info=&#8221;{}&#8221;]<\/p>\n<h3>Come abbinare Grana Padano e mostarda?<\/h3>\n<p>[\/et_pb_text][et_pb_text _builder_version=&#8221;4.24.3&#8243; _module_preset=&#8221;default&#8221; text_text_color=&#8221;#0f0f0f&#8221; text_font_size=&#8221;18px&#8221; text_line_height=&#8221;26px&#8221; locked=&#8221;off&#8221; global_colors_info=&#8221;{}&#8221;]Da cibo dell\u2019aristocrazia a delizia da tavola, scopri come abbinare le tante varianti della mostarda e le stagionature di Grana Padano DOP.[\/et_pb_text][et_pb_image src=&#8221;https:\/\/www.granapadano.it\/wp-content\/uploads\/2022\/11\/Path-20171.png&#8221; title_text=&#8221;Path 20171&#8243; url=&#8221;\/it-it\/momenti-di-consumo\/abbinamenti\/con-quale-mostarda-abbinare-grana-padano\/&#8221; align=&#8221;right&#8221; _builder_version=&#8221;4.24.3&#8243; _module_preset=&#8221;default&#8221; locked=&#8221;off&#8221; global_colors_info=&#8221;{}&#8221;][\/et_pb_image][\/et_pb_column][\/et_pb_row][et_pb_row column_structure=&#8221;1_2,1_2&#8243; use_custom_gutter=&#8221;on&#8221; gutter_width=&#8221;3&#8243; module_class=&#8221;consorzio_saprate_section&#8221; _builder_version=&#8221;4.24.3&#8243; _module_preset=&#8221;default&#8221; transform_scale=&#8221;94%|94%&#8221; max_width=&#8221;90%&#8221; custom_padding=&#8221;0px|||||&#8221; global_colors_info=&#8221;{}&#8221;][et_pb_column type=&#8221;1_2&#8243; _builder_version=&#8221;4.24.3&#8243; _module_preset=&#8221;default&#8221; link_option_url=&#8221;\/it-it\/momenti-di-consumo\/abbinamenti\/come-abbinare-laceto-balsamico-di-modena-igp-con-grana-padano\/&#8221; global_colors_info=&#8221;{}&#8221;][et_pb_image title_text=&#8221;grana-e-aceto-thumb&#8221; url=&#8221;\/it-it\/momenti-di-consumo\/con-quali-vini-abbinare-il-grana-padano\/&#8221; align=&#8221;center&#8221; _builder_version=&#8221;4.24.3&#8243; _module_preset=&#8221;default&#8221; background_color=&#8221;RGBA(255,255,255,0)&#8221; background_image=&#8221;https:\/\/www.granapadano.it\/wp-content\/uploads\/2024\/04\/grana-e-aceto-thumb.png&#8221; min_height=&#8221;89px&#8221; custom_padding=&#8221;209px|0px||2px|false|false&#8221; global_colors_info=&#8221;{}&#8221;][\/et_pb_image][et_pb_text _builder_version=&#8221;4.24.3&#8243; _module_preset=&#8221;default&#8221; header_3_font=&#8221;Merriweather|700|||||||&#8221; header_3_text_color=&#8221;#0f0f0f&#8221; header_3_font_size=&#8221;23px&#8221; header_3_line_height=&#8221;31px&#8221; global_colors_info=&#8221;{}&#8221;]<\/p>\n<h3>Come abbinare Grana Padano e Aceto Balsamico di Modena IGP?<\/h3>\n<p>[\/et_pb_text][et_pb_text _builder_version=&#8221;4.19.5&#8243; _module_preset=&#8221;default&#8221; text_text_color=&#8221;#0f0f0f&#8221; text_font_size=&#8221;18px&#8221; text_line_height=&#8221;26px&#8221; global_colors_info=&#8221;{}&#8221;]L&#8217;Aceto Balsamico di Modena \u00e8 un prodotto rinomato in tutto il mondo, scopri com esaltarne al meglio le caratteristiche e abbinarlo a Grana Padano DOP.<br \/>\n[\/et_pb_text][et_pb_image src=&#8221;https:\/\/www.granapadano.it\/wp-content\/uploads\/2022\/11\/Path-20171.png&#8221; title_text=&#8221;Path 20171&#8243; url=&#8221;\/it-it\/momenti-di-consumo\/abbinamenti\/come-abbinare-laceto-balsamico-di-modena-igp-con-grana-padano\/&#8221; align=&#8221;right&#8221; _builder_version=&#8221;4.24.3&#8243; _module_preset=&#8221;default&#8221; global_colors_info=&#8221;{}&#8221;][\/et_pb_image][\/et_pb_column][et_pb_column type=&#8221;1_2&#8243; _builder_version=&#8221;4.24.3&#8243; _module_preset=&#8221;default&#8221; link_option_url=&#8221;\/it-it\/momenti-di-consumo\/con-quali-vini-abbinare-il-grana-padano\/&#8221; global_colors_info=&#8221;{}&#8221;][et_pb_image title_text=&#8221;GRANAPADANO2007070023-43252-45471&#8243; url=&#8221;\/it-it\/momenti-di-consumo\/con-quali-vini-abbinare-il-grana-padano\/&#8221; align=&#8221;center&#8221; _builder_version=&#8221;4.24.3&#8243; _module_preset=&#8221;default&#8221; background_color=&#8221;RGBA(255,255,255,0)&#8221; background_image=&#8221;https:\/\/www.granapadano.it\/wp-content\/uploads\/2023\/02\/GRANAPADANO2007070023-43252-45471.jpg&#8221; min_height=&#8221;89px&#8221; custom_padding=&#8221;209px|0px||2px|false|false&#8221; global_colors_info=&#8221;{}&#8221;][\/et_pb_image][et_pb_text _builder_version=&#8221;4.19.5&#8243; _module_preset=&#8221;default&#8221; header_3_font=&#8221;Merriweather|700|||||||&#8221; header_3_text_color=&#8221;#0f0f0f&#8221; header_3_font_size=&#8221;23px&#8221; header_3_line_height=&#8221;31px&#8221; locked=&#8221;off&#8221; global_colors_info=&#8221;{}&#8221;]<\/p>\n<h3>Con quali vini abbinare il Grana Padano?<\/h3>\n<p>[\/et_pb_text][et_pb_text _builder_version=&#8221;4.19.5&#8243; _module_preset=&#8221;default&#8221; text_text_color=&#8221;#0f0f0f&#8221; text_font_size=&#8221;18px&#8221; text_line_height=&#8221;26px&#8221; locked=&#8221;off&#8221; global_colors_info=&#8221;{}&#8221;]Se durante la degustazione del Grana Padano volete accompagnare il formaggio con un buon bicchiere di vino, \u00e8 molto importante che scegliate un vino le cui caratteristiche organolettiche siano in grado di creare un connubio armonico con quelle del formaggio.<br \/>\n[\/et_pb_text][et_pb_image src=&#8221;https:\/\/www.granapadano.it\/wp-content\/uploads\/2022\/11\/Path-20171.png&#8221; title_text=&#8221;Path 20171&#8243; url=&#8221;\/it-it\/momenti-di-consumo\/con-quali-vini-abbinare-il-grana-padano\/&#8221; align=&#8221;right&#8221; _builder_version=&#8221;4.24.3&#8243; _module_preset=&#8221;default&#8221; locked=&#8221;off&#8221; global_colors_info=&#8221;{}&#8221;][\/et_pb_image][\/et_pb_column][\/et_pb_row][et_pb_row column_structure=&#8221;1_2,1_2&#8243; use_custom_gutter=&#8221;on&#8221; gutter_width=&#8221;3&#8243; module_class=&#8221;consorzio_saprate_section&#8221; _builder_version=&#8221;4.24.3&#8243; _module_preset=&#8221;default&#8221; transform_scale=&#8221;94%|94%&#8221; max_width=&#8221;90%&#8221; custom_padding=&#8221;0px|||||&#8221; global_colors_info=&#8221;{}&#8221;][et_pb_column type=&#8221;1_2&#8243; _builder_version=&#8221;4.24.3&#8243; _module_preset=&#8221;default&#8221; link_option_url=&#8221;\/it-it\/momenti-di-consumo\/abbinamenti\/con-quali-birre-abbinare-il-grana-padano\/&#8221; global_colors_info=&#8221;{}&#8221;][et_pb_image title_text=&#8221;GRANAPADANOBelgianBlonde600x450-43281-45474&#8243; url=&#8221;\/it-it\/momenti-di-consumo\/abbinamenti\/con-quali-birre-abbinare-il-grana-padano\/&#8221; align=&#8221;center&#8221; _builder_version=&#8221;4.20.0&#8243; _module_preset=&#8221;default&#8221; background_color=&#8221;RGBA(255,255,255,0)&#8221; background_image=&#8221;https:\/\/www.granapadano.it\/wp-content\/uploads\/2023\/02\/GRANAPADANOBelgianBlonde600x450-43281-45474.jpg&#8221; min_height=&#8221;89px&#8221; custom_padding=&#8221;209px|0px||2px|false|false&#8221; global_colors_info=&#8221;{}&#8221;][\/et_pb_image][et_pb_text _builder_version=&#8221;4.24.3&#8243; _module_preset=&#8221;default&#8221; header_3_font=&#8221;Merriweather|700|||||||&#8221; header_3_text_color=&#8221;#0f0f0f&#8221; header_3_font_size=&#8221;23px&#8221; header_3_line_height=&#8221;31px&#8221; global_colors_info=&#8221;{}&#8221;]<\/p>\n<h3>Con quali birre abbinare il Grana Padano?<\/h3>\n<p>[\/et_pb_text][et_pb_text _builder_version=&#8221;4.19.5&#8243; _module_preset=&#8221;default&#8221; text_text_color=&#8221;#0f0f0f&#8221; text_font_size=&#8221;18px&#8221; text_line_height=&#8221;26px&#8221; global_colors_info=&#8221;{}&#8221;]I cultori di birra e formaggio possono spaziare con la fantasia, andando a sperimentare molte possibilit\u00e0. Infatti i formaggi sanno esaltare l\u2019aroma di molte birre e viceversa la birra giusta regala sfumature nuove al gusto di tanti formaggi.<br \/>\n[\/et_pb_text][et_pb_image src=&#8221;https:\/\/www.granapadano.it\/wp-content\/uploads\/2022\/11\/Path-20171.png&#8221; title_text=&#8221;Path 20171&#8243; url=&#8221;\/it-it\/momenti-di-consumo\/abbinamenti\/con-quali-birre-abbinare-il-grana-padano\/&#8221; align=&#8221;right&#8221; _builder_version=&#8221;4.24.3&#8243; _module_preset=&#8221;default&#8221; global_colors_info=&#8221;{}&#8221;][\/et_pb_image][\/et_pb_column][et_pb_column type=&#8221;1_2&#8243; _builder_version=&#8221;4.24.3&#8243; _module_preset=&#8221;default&#8221; link_option_url=&#8221;\/it-it\/momenti-di-consumo\/abbinamenti\/con-quali-mieli-abbinare-il-grana-padano\/&#8221; global_colors_info=&#8221;{}&#8221;][et_pb_image title_text=&#8221;GRANAPADANOAmbientata-43219-45477&#8243; url=&#8221;\/it-it\/momenti-di-consumo\/abbinamenti\/con-quali-mieli-abbinare-il-grana-padano\/&#8221; align=&#8221;center&#8221; _builder_version=&#8221;4.20.0&#8243; _module_preset=&#8221;default&#8221; background_color=&#8221;RGBA(255,255,255,0)&#8221; background_image=&#8221;https:\/\/www.granapadano.it\/wp-content\/uploads\/2023\/02\/GRANAPADANOAmbientata-43219-45477.jpg&#8221; min_height=&#8221;89px&#8221; custom_padding=&#8221;209px|0px||2px|false|false&#8221; global_colors_info=&#8221;{}&#8221;][\/et_pb_image][et_pb_text _builder_version=&#8221;4.19.5&#8243; _module_preset=&#8221;default&#8221; header_3_font=&#8221;Merriweather|700|||||||&#8221; header_3_text_color=&#8221;#0f0f0f&#8221; header_3_font_size=&#8221;23px&#8221; header_3_line_height=&#8221;31px&#8221; locked=&#8221;off&#8221; global_colors_info=&#8221;{}&#8221;]<\/p>\n<h3>Con quali mieli abbinare il Grana Padano?<\/h3>\n<p>[\/et_pb_text][et_pb_text _builder_version=&#8221;4.19.5&#8243; _module_preset=&#8221;default&#8221; text_text_color=&#8221;#0f0f0f&#8221; text_font_size=&#8221;18px&#8221; text_line_height=&#8221;26px&#8221; locked=&#8221;off&#8221; global_colors_info=&#8221;{}&#8221;]Il miele \u00e8 un alimento antichissimo, il primo dolce altamente energetico presente nell\u2019alimentazione umana.<br \/>\n[\/et_pb_text][et_pb_image src=&#8221;https:\/\/www.granapadano.it\/wp-content\/uploads\/2022\/11\/Path-20171.png&#8221; title_text=&#8221;Path 20171&#8243; url=&#8221;\/it-it\/momenti-di-consumo\/abbinamenti\/con-quali-mieli-abbinare-il-grana-padano\/&#8221; align=&#8221;right&#8221; _builder_version=&#8221;4.24.3&#8243; _module_preset=&#8221;default&#8221; locked=&#8221;off&#8221; global_colors_info=&#8221;{}&#8221;][\/et_pb_image][\/et_pb_column][\/et_pb_row][et_pb_row column_structure=&#8221;1_2,1_2&#8243; use_custom_gutter=&#8221;on&#8221; gutter_width=&#8221;3&#8243; disabled_on=&#8221;off|off|off&#8221; module_class=&#8221;consorzio_saprate_section&#8221; _builder_version=&#8221;4.27.4&#8243; _module_preset=&#8221;default&#8221; transform_scale=&#8221;94%|94%&#8221; max_width=&#8221;90%&#8221; custom_padding=&#8221;50px|||||&#8221; locked=&#8221;off&#8221; global_colors_info=&#8221;{}&#8221;][et_pb_column type=&#8221;1_2&#8243; _builder_version=&#8221;4.24.3&#8243; _module_preset=&#8221;default&#8221; link_option_url=&#8221;\/it-it\/momenti-di-consumo\/abbinamenti\/con-quali-cocktail-abbinare-il-grana-padano\/&#8221; global_colors_info=&#8221;{}&#8221;][et_pb_image title_text=&#8221;Tartinemomisa1300x866-34062&#8243; url=&#8221;\/it-it\/momenti-di-consumo\/abbinamenti\/con-quali-cocktail-abbinare-il-grana-padano\/&#8221; align=&#8221;center&#8221; _builder_version=&#8221;4.24.3&#8243; _module_preset=&#8221;default&#8221; background_color=&#8221;RGBA(255,255,255,0)&#8221; background_image=&#8221;https:\/\/www.granapadano.it\/wp-content\/uploads\/2023\/02\/Tartinemomisa1300x866-34062.jpg&#8221; min_height=&#8221;89px&#8221; custom_padding=&#8221;209px|0px||2px|false|false&#8221; global_colors_info=&#8221;{}&#8221;][\/et_pb_image][et_pb_text _builder_version=&#8221;4.24.2&#8243; _module_preset=&#8221;default&#8221; header_3_font=&#8221;Merriweather|700|||||||&#8221; header_3_text_color=&#8221;#0f0f0f&#8221; header_3_font_size=&#8221;23px&#8221; header_3_line_height=&#8221;31px&#8221; global_colors_info=&#8221;{}&#8221;]<\/p>\n<h3>Con quali cocktail abbinare il Grana Padano?<\/h3>\n<p>[\/et_pb_text][et_pb_text _builder_version=&#8221;4.24.2&#8243; _module_preset=&#8221;default&#8221; text_text_color=&#8221;#0f0f0f&#8221; text_font_size=&#8221;18px&#8221; text_line_height=&#8221;26px&#8221; global_colors_info=&#8221;{}&#8221;]Grana Padano \u00e8 il compagno perfetto nei momenti di festa, a partire da un divertente e gustoso aperitivo!<br \/>\nLe nostre proposte per gustare la sua bont\u00e0 abbinata a freschi cocktail.<br \/>\n[\/et_pb_text][et_pb_image src=&#8221;https:\/\/www.granapadano.it\/wp-content\/uploads\/2022\/11\/Path-20171.png&#8221; title_text=&#8221;Path 20171&#8243; url=&#8221;\/it-it\/momenti-di-consumo\/abbinamenti\/con-quali-cocktail-abbinare-il-grana-padano\/&#8221; align=&#8221;right&#8221; _builder_version=&#8221;4.24.3&#8243; _module_preset=&#8221;default&#8221; global_colors_info=&#8221;{}&#8221;][\/et_pb_image][\/et_pb_column][et_pb_column type=&#8221;1_2&#8243; disabled_on=&#8221;off|off|off&#8221; _builder_version=&#8221;4.27.4&#8243; _module_preset=&#8221;default&#8221; link_option_url=&#8221;https:\/\/www.granapadano.it\/con-quale-frutta-abbinare-grana-padano\/&#8221; custom_css_free_form=&#8221;||&#8221; global_colors_info=&#8221;{}&#8221;][et_pb_image title_text=&#8221;GP_Card-frutta-fresca&#8221; url=&#8221;https:\/\/www.granapadano.it\/con-quale-frutta-abbinare-grana-padano\/&#8221; align=&#8221;center&#8221; _builder_version=&#8221;4.27.4&#8243; _module_preset=&#8221;default&#8221; background_color=&#8221;RGBA(255,255,255,0)&#8221; background_image=&#8221;https:\/\/www.granapadano.it\/wp-content\/uploads\/2025\/04\/GP_Card-frutta-fresca.jpg&#8221; min_height=&#8221;89px&#8221; custom_padding=&#8221;209px|0px||2px|false|false&#8221; global_colors_info=&#8221;{}&#8221;][\/et_pb_image][et_pb_text _builder_version=&#8221;4.27.4&#8243; _module_preset=&#8221;default&#8221; header_3_font=&#8221;Merriweather|700|||||||&#8221; header_3_text_color=&#8221;#0f0f0f&#8221; header_3_font_size=&#8221;23px&#8221; header_3_line_height=&#8221;31px&#8221; global_colors_info=&#8221;{}&#8221;]<\/p>\n<h3>Con quale frutta abbinare il Grana Padano?<\/h3>\n<p>[\/et_pb_text][et_pb_text _builder_version=&#8221;4.27.4&#8243; _module_preset=&#8221;default&#8221; text_text_color=&#8221;#0f0f0f&#8221; text_font_size=&#8221;18px&#8221; text_line_height=&#8221;26px&#8221; global_colors_info=&#8221;{}&#8221;]La dolcezza naturale e la freschezza della frutta contrastano e valorizzano la struttura del formaggio, dando vita a un\u2019esperienza gustativa raffinata e originale.[\/et_pb_text][et_pb_image src=&#8221;https:\/\/www.granapadano.it\/wp-content\/uploads\/2022\/11\/Path-20171.png&#8221; title_text=&#8221;Path 20171&#8243; url=&#8221;https:\/\/www.granapadano.it\/con-quale-frutta-abbinare-grana-padano\/&#8221; align=&#8221;right&#8221; _builder_version=&#8221;4.27.4&#8243; _module_preset=&#8221;default&#8221; global_colors_info=&#8221;{}&#8221;][\/et_pb_image][\/et_pb_column][\/et_pb_row][\/et_pb_section]<\/p>\n","protected":false},"excerpt":{"rendered":"<p><div class=\"breadcrumb\"><a href=\"https:\/\/www.granapadano.it\/it-it\/\">Home<\/a>  <  <\/div>Abbinamenti La versatilit\u00e0 di Grana Padano DOP si esprime attraverso abbinamenti sorprendenti con ingredienti tipici della cucina italiana. Scopri gli accostamenti pi\u00f9 riusciti: dai pi\u00f9 armoniosi e delicati a quelli dal carattere deciso e inaspettato.Come abbinare Grana Padano e cioccolato? Il cacao \u00e8 un ingrediente che tutti conoscono, ma di cui pochi sanno tutti i [&hellip;]<\/p>\n","protected":false},"author":21,"featured_media":0,"parent":9108,"menu_order":177,"comment_status":"closed","ping_status":"closed","template":"","meta":{"_acf_changed":false,"_et_pb_use_builder":"on","_et_pb_old_content":"","_et_gb_content_width":"","footnotes":""},"class_list":["post-124398","page","type-page","status-publish","hentry"],"acf":[],"yoast_head":"<!-- This site is optimized with the Yoast SEO plugin v27.4 - https:\/\/yoast.com\/product\/yoast-seo-wordpress\/ -->\n<title>Abbinamenti - Grana Padano<\/title>\n<meta name=\"robots\" content=\"index, follow, max-snippet:-1, max-image-preview:large, max-video-preview:-1\" \/>\n<link rel=\"canonical\" href=\"https:\/\/www.granapadano.it\/it-it\/ricette\/abbinamenti\/\" \/>\n<meta property=\"og:locale\" content=\"it_IT\" \/>\n<meta property=\"og:type\" content=\"article\" \/>\n<meta property=\"og:title\" content=\"Abbinamenti - Grana Padano\" \/>\n<meta property=\"og:description\" content=\"Abbinamenti La versatilit\u00e0 di Grana Padano DOP si esprime attraverso abbinamenti sorprendenti con ingredienti tipici della cucina italiana. Scopri gli accostamenti pi\u00f9 riusciti: dai pi\u00f9 armoniosi e delicati a quelli dal carattere deciso e inaspettato.Come abbinare Grana Padano e cioccolato? Il cacao \u00e8 un ingrediente che tutti conoscono, ma di cui pochi sanno tutti i [&hellip;]\" \/>\n<meta property=\"og:url\" content=\"https:\/\/www.granapadano.it\/it-it\/ricette\/abbinamenti\/\" \/>\n<meta property=\"og:site_name\" content=\"Grana Padano\" \/>\n<meta property=\"article:modified_time\" content=\"2026-03-25T15:46:16+00:00\" \/>\n<meta name=\"twitter:card\" content=\"summary_large_image\" \/>\n<meta name=\"twitter:label1\" content=\"Est. reading time\" \/>\n\t<meta name=\"twitter:data1\" content=\"4 minutes\" \/>\n<script type=\"application\/ld+json\" class=\"yoast-schema-graph\">{\"@context\":\"https:\\\/\\\/schema.org\",\"@graph\":[{\"@type\":\"WebPage\",\"@id\":\"https:\\\/\\\/www.granapadano.it\\\/it-it\\\/ricette\\\/abbinamenti\\\/\",\"url\":\"https:\\\/\\\/www.granapadano.it\\\/it-it\\\/ricette\\\/abbinamenti\\\/\",\"name\":\"Abbinamenti - Grana Padano\",\"isPartOf\":{\"@id\":\"https:\\\/\\\/www.granapadano.it\\\/it-it\\\/#website\"},\"datePublished\":\"2024-09-11T13:22:04+00:00\",\"dateModified\":\"2026-03-25T15:46:16+00:00\",\"breadcrumb\":{\"@id\":\"https:\\\/\\\/www.granapadano.it\\\/it-it\\\/ricette\\\/abbinamenti\\\/#breadcrumb\"},\"inLanguage\":\"it-it\",\"potentialAction\":[{\"@type\":\"ReadAction\",\"target\":[\"https:\\\/\\\/www.granapadano.it\\\/it-it\\\/ricette\\\/abbinamenti\\\/\"]}]},{\"@type\":\"BreadcrumbList\",\"@id\":\"https:\\\/\\\/www.granapadano.it\\\/it-it\\\/ricette\\\/abbinamenti\\\/#breadcrumb\",\"itemListElement\":[{\"@type\":\"ListItem\",\"position\":1,\"name\":\"Home\",\"item\":\"https:\\\/\\\/www.granapadano.it\\\/it-it\\\/\"},{\"@type\":\"ListItem\",\"position\":2,\"name\":\"Ricette\",\"item\":\"https:\\\/\\\/www.granapadano.it\\\/it-it\\\/ricette\\\/\"},{\"@type\":\"ListItem\",\"position\":3,\"name\":\"Abbinamenti\"}]},{\"@type\":\"WebSite\",\"@id\":\"https:\\\/\\\/www.granapadano.it\\\/it-it\\\/#website\",\"url\":\"https:\\\/\\\/www.granapadano.it\\\/it-it\\\/\",\"name\":\"Grana Padano\",\"description\":\"\",\"potentialAction\":[{\"@type\":\"SearchAction\",\"target\":{\"@type\":\"EntryPoint\",\"urlTemplate\":\"https:\\\/\\\/www.granapadano.it\\\/it-it\\\/?s={search_term_string}\"},\"query-input\":{\"@type\":\"PropertyValueSpecification\",\"valueRequired\":true,\"valueName\":\"search_term_string\"}}],\"inLanguage\":\"it-it\"}]}<\/script>\n<!-- \/ Yoast SEO plugin. -->","yoast_head_json":{"title":"Abbinamenti - Grana Padano","robots":{"index":"index","follow":"follow","max-snippet":"max-snippet:-1","max-image-preview":"max-image-preview:large","max-video-preview":"max-video-preview:-1"},"canonical":"https:\/\/www.granapadano.it\/it-it\/ricette\/abbinamenti\/","og_locale":"it_IT","og_type":"article","og_title":"Abbinamenti - Grana Padano","og_description":"Abbinamenti La versatilit\u00e0 di Grana Padano DOP si esprime attraverso abbinamenti sorprendenti con ingredienti tipici della cucina italiana. Scopri gli accostamenti pi\u00f9 riusciti: dai pi\u00f9 armoniosi e delicati a quelli dal carattere deciso e inaspettato.Come abbinare Grana Padano e cioccolato? Il cacao \u00e8 un ingrediente che tutti conoscono, ma di cui pochi sanno tutti i [&hellip;]","og_url":"https:\/\/www.granapadano.it\/it-it\/ricette\/abbinamenti\/","og_site_name":"Grana Padano","article_modified_time":"2026-03-25T15:46:16+00:00","twitter_card":"summary_large_image","twitter_misc":{"Est. reading time":"4 minutes"},"schema":{"@context":"https:\/\/schema.org","@graph":[{"@type":"WebPage","@id":"https:\/\/www.granapadano.it\/it-it\/ricette\/abbinamenti\/","url":"https:\/\/www.granapadano.it\/it-it\/ricette\/abbinamenti\/","name":"Abbinamenti - Grana Padano","isPartOf":{"@id":"https:\/\/www.granapadano.it\/it-it\/#website"},"datePublished":"2024-09-11T13:22:04+00:00","dateModified":"2026-03-25T15:46:16+00:00","breadcrumb":{"@id":"https:\/\/www.granapadano.it\/it-it\/ricette\/abbinamenti\/#breadcrumb"},"inLanguage":"it-it","potentialAction":[{"@type":"ReadAction","target":["https:\/\/www.granapadano.it\/it-it\/ricette\/abbinamenti\/"]}]},{"@type":"BreadcrumbList","@id":"https:\/\/www.granapadano.it\/it-it\/ricette\/abbinamenti\/#breadcrumb","itemListElement":[{"@type":"ListItem","position":1,"name":"Home","item":"https:\/\/www.granapadano.it\/it-it\/"},{"@type":"ListItem","position":2,"name":"Ricette","item":"https:\/\/www.granapadano.it\/it-it\/ricette\/"},{"@type":"ListItem","position":3,"name":"Abbinamenti"}]},{"@type":"WebSite","@id":"https:\/\/www.granapadano.it\/it-it\/#website","url":"https:\/\/www.granapadano.it\/it-it\/","name":"Grana Padano","description":"","potentialAction":[{"@type":"SearchAction","target":{"@type":"EntryPoint","urlTemplate":"https:\/\/www.granapadano.it\/it-it\/?s={search_term_string}"},"query-input":{"@type":"PropertyValueSpecification","valueRequired":true,"valueName":"search_term_string"}}],"inLanguage":"it-it"}]}},"_links":{"self":[{"href":"https:\/\/www.granapadano.it\/it-it\/wp-json\/wp\/v2\/pages\/124398","targetHints":{"allow":["GET"]}}],"collection":[{"href":"https:\/\/www.granapadano.it\/it-it\/wp-json\/wp\/v2\/pages"}],"about":[{"href":"https:\/\/www.granapadano.it\/it-it\/wp-json\/wp\/v2\/types\/page"}],"author":[{"embeddable":true,"href":"https:\/\/www.granapadano.it\/it-it\/wp-json\/wp\/v2\/users\/21"}],"replies":[{"embeddable":true,"href":"https:\/\/www.granapadano.it\/it-it\/wp-json\/wp\/v2\/comments?post=124398"}],"version-history":[{"count":10,"href":"https:\/\/www.granapadano.it\/it-it\/wp-json\/wp\/v2\/pages\/124398\/revisions"}],"predecessor-version":[{"id":151735,"href":"https:\/\/www.granapadano.it\/it-it\/wp-json\/wp\/v2\/pages\/124398\/revisions\/151735"}],"up":[{"embeddable":true,"href":"https:\/\/www.granapadano.it\/it-it\/wp-json\/wp\/v2\/pages\/9108"}],"wp:attachment":[{"href":"https:\/\/www.granapadano.it\/it-it\/wp-json\/wp\/v2\/media?parent=124398"}],"curies":[{"name":"wp","href":"https:\/\/api.w.org\/{rel}","templated":true}]}}