{"id":117979,"date":"2024-04-17T12:53:44","date_gmt":"2024-04-17T12:53:44","guid":{"rendered":"https:\/\/www.granapadano.it\/?page_id=117979"},"modified":"2026-03-19T10:07:12","modified_gmt":"2026-03-19T10:07:12","slug":"come-abbinare-grana-padano-riserva-20-24-mesi-e-aceto-balsamico-di-modena-igp","status":"publish","type":"page","link":"https:\/\/www.granapadano.it\/it-it\/ricette\/abbinamenti\/come-abbinare-laceto-balsamico-di-modena-igp-con-grana-padano\/come-abbinare-grana-padano-riserva-20-24-mesi-e-aceto-balsamico-di-modena-igp\/","title":{"rendered":"Come abbinare Grana Padano &#8220;Riserva&#8221; 20-24 mesi e Aceto Balsamico di Modena IGP"},"content":{"rendered":"<p>[et_pb_section fb_built=&#8221;1&#8243; fullwidth=&#8221;on&#8221; _builder_version=&#8221;4.19.5&#8243; _module_preset=&#8221;default&#8221; global_colors_info=&#8221;{}&#8221;][et_pb_fullwidth_image src=&#8221;https:\/\/www.granapadano.it\/wp-content\/uploads\/2024\/04\/GP_Aceto-h.jpg&#8221; title_text=&#8221;GP_Aceto-m&#8221; src_tablet=&#8221;https:\/\/www.granapadano.it\/wp-content\/uploads\/2024\/04\/GP_Aceto-h.jpg&#8221; src_phone=&#8221;https:\/\/www.granapadano.it\/wp-content\/uploads\/2024\/04\/GP_Aceto-m.jpg&#8221; src_last_edited=&#8221;on|phone&#8221; _builder_version=&#8221;4.24.3&#8243; _module_preset=&#8221;default&#8221; locked=&#8221;off&#8221; global_colors_info=&#8221;{}&#8221;][\/et_pb_fullwidth_image][\/et_pb_section][et_pb_section fb_built=&#8221;1&#8243; module_class=&#8221;production_sub_hub_main_wrapper&#8221; _builder_version=&#8221;4.19.4&#8243; _module_preset=&#8221;default&#8221; custom_padding=&#8221;13px||0px|||&#8221; locked=&#8221;off&#8221; global_colors_info=&#8221;{}&#8221;][et_pb_row module_class=&#8221;recipe_filter_section&#8221; _builder_version=&#8221;4.19.2&#8243; _module_preset=&#8221;default&#8221; max_width=&#8221;90%&#8221; custom_padding=&#8221;||7px|||&#8221; global_colors_info=&#8221;{}&#8221;][et_pb_column type=&#8221;4_4&#8243; _builder_version=&#8221;4.19.2&#8243; _module_preset=&#8221;default&#8221; global_colors_info=&#8221;{}&#8221;][et_pb_code _builder_version=&#8221;4.19.2&#8243; _module_preset=&#8221;default&#8221; custom_margin=&#8221;||16px|||&#8221; global_colors_info=&#8221;{}&#8221;]<div class=\"breadcrumb\"><a href=\"https:\/\/www.granapadano.it\/it-it\/\">Home<\/a>  <  <\/div>[\/et_pb_code][\/et_pb_column][\/et_pb_row][\/et_pb_section][et_pb_section fb_built=&#8221;1&#8243; module_class=&#8221;giovani_sub_hub_title&#8221; _builder_version=&#8221;4.19.5&#8243; _module_preset=&#8221;default&#8221; custom_padding=&#8221;0px||35px||false|false&#8221; locked=&#8221;off&#8221; global_colors_info=&#8221;{}&#8221;][et_pb_row module_class=&#8221;gp_producion_heading_wrapper&#8221; _builder_version=&#8221;4.19.5&#8243; _module_preset=&#8221;default&#8221; max_width=&#8221;90%&#8221; module_alignment=&#8221;center&#8221; custom_padding=&#8221;||||false|false&#8221; global_colors_info=&#8221;{}&#8221;][et_pb_column type=&#8221;4_4&#8243; _builder_version=&#8221;4.19.4&#8243; _module_preset=&#8221;default&#8221; global_colors_info=&#8221;{}&#8221;][et_pb_text module_class=&#8221;giovani_sub_hub_title_text&#8221; _builder_version=&#8221;4.24.3&#8243; _module_preset=&#8221;default&#8221; text_font=&#8221;Merriweather|700|||||||&#8221; text_text_color=&#8221;#0f0f0f&#8221; text_font_size=&#8221;80px&#8221; text_line_height=&#8221;70px&#8221; header_font=&#8221;Merriweather||||||||&#8221; header_text_color=&#8221;gcid-8696fd7e-29dd-4028-9d4d-981b208a53a9&#8243; header_font_size=&#8221;44px&#8221; header_line_height=&#8221;52px&#8221; text_orientation=&#8221;center&#8221; min_height=&#8221;83px&#8221; custom_margin=&#8221;||0px||false|false&#8221; custom_padding=&#8221;||0px||false|false&#8221; global_colors_info=&#8221;{%22gcid-8696fd7e-29dd-4028-9d4d-981b208a53a9%22:%91%22header_text_color%22%93}&#8221;]<\/p>\n<h1>Grana Padano DOP &#8220;Riserva&#8221; 20-24 mesi<\/h1>\n<p>[\/et_pb_text][\/et_pb_column][\/et_pb_row][et_pb_row column_structure=&#8221;1_4,3_4&#8243; module_class=&#8221;article_dates&#8221; _builder_version=&#8221;4.19.4&#8243; _module_preset=&#8221;default&#8221; max_width=&#8221;90%&#8221; custom_padding=&#8221;2px||6px||false|false&#8221; global_colors_info=&#8221;{}&#8221;][et_pb_column type=&#8221;1_4&#8243; _builder_version=&#8221;4.19.3&#8243; _module_preset=&#8221;default&#8221; global_colors_info=&#8221;{}&#8221;][et_pb_text module_class=&#8221;button_look&#8221; _builder_version=&#8221;4.24.3&#8243; _module_preset=&#8221;default&#8221; text_font=&#8221;FontPadano-Bold||||||||&#8221; text_text_color=&#8221;#000000&#8243; text_font_size=&#8221;26px&#8221; background_color=&#8221;RGBA(255,255,255,0)&#8221; locked=&#8221;off&#8221; global_colors_info=&#8221;{}&#8221;]<\/p>\n<p>Aceto Balsamico di Modena IGP<\/p>\n<p>[\/et_pb_text][\/et_pb_column][et_pb_column type=&#8221;3_4&#8243; _builder_version=&#8221;4.19.4&#8243; _module_preset=&#8221;default&#8221; global_colors_info=&#8221;{}&#8221;][\/et_pb_column][\/et_pb_row][et_pb_row column_structure=&#8221;2_5,3_5&#8243; module_class=&#8221;article_sub_img_text_content &#8221; _builder_version=&#8221;4.24.3&#8243; _module_preset=&#8221;default&#8221; max_width=&#8221;90%&#8221; module_alignment=&#8221;center&#8221; min_height=&#8221;680.9px&#8221; custom_margin=&#8221;0px||0px||false|false&#8221; custom_padding=&#8221;0px||0px||false|false&#8221; global_colors_info=&#8221;{}&#8221;][et_pb_column type=&#8221;2_5&#8243; module_class=&#8221;article_sub_img_wrap&#8221; _builder_version=&#8221;4.20.2&#8243; _module_preset=&#8221;default&#8221; global_colors_info=&#8221;{}&#8221;][et_pb_image src=&#8221;https:\/\/www.granapadano.it\/wp-content\/uploads\/2024\/04\/GP_perle-di-aceto.jpg&#8221; title_text=&#8221;GP_perle-di-aceto&#8221; align=&#8221;center&#8221; _builder_version=&#8221;4.24.3&#8243; _module_preset=&#8221;default&#8221; positioning=&#8221;relative&#8221; vertical_offset=&#8221;63px&#8221; module_alignment=&#8221;center&#8221; border_radii=&#8221;on|20px|20px|20px|20px&#8221; global_colors_info=&#8221;{}&#8221;][\/et_pb_image][\/et_pb_column][et_pb_column type=&#8221;3_5&#8243; module_class=&#8221;article_sub_text_wrap&#8221; _builder_version=&#8221;4.20.2&#8243; _module_preset=&#8221;default&#8221; global_colors_info=&#8221;{}&#8221;][et_pb_text _builder_version=&#8221;4.24.3&#8243; _module_preset=&#8221;default&#8221; text_text_color=&#8221;#0f0f0f&#8221; text_font_size=&#8221;18px&#8221; text_line_height=&#8221;26px&#8221; width=&#8221;100%&#8221; custom_margin=&#8221;||0px||false|false&#8221; global_colors_info=&#8221;{}&#8221;]<\/p>\n<h3><strong>Grana Padano DOP &#8220;Riserva&#8221; 20-24 mesi e Aceto Balsamico di Modena IGP 5 sigilli<\/strong><\/h3>\n<p>Il\u00a0<strong>Grana Padano DOP Riserva 20-24 mesi<\/strong>\u00a0\u00e8 un formaggio evoluto e maturo che ha sviluppato pienamente i propri aromi che si presentano complessi ma sempre molto equilibrati.<\/p>\n<p>Dal punto di vista gusto-olfattivo il prodotto presenta un\u2019intensit\u00e0 complessiva medio-elevata. Le note lattiche &#8211; presenti nelle tipologie pi\u00f9 fresche &#8211; lasciano sempre pi\u00f9 spazio a\u00a0<strong>note animali di brodo di carne<\/strong>, vegetale cotto e note di frutta secca, in particolare noce. Al gusto il dolce e l\u2019acido sono quasi assenti mentre emerge una sapidit\u00e0 media\/media elevata. Ai lati della bocca si pu\u00f2 apprezzare un piacevole, lieve, accenno di piccantezza. La presenza di numerosi cristalli di tirosina e di piccole \u201csfere\u201d di lattato, distribuite in maniera omogenea in tutta la pasta, sono un sinonimo di media-alta stagionatura. Il processo di stagionatura sottrae naturalmente umidit\u00e0 al prodotto che si presenta pi\u00f9 friabile e granuloso alla vista ed in bocca; \u00e8 un prodotto che induce una moderata salivazione facilitando la solubilizzazione.<\/p>\n<p>Suggeriamo di abbinare a questa tipologia di Grana Padano un Aceto Balsamico di Modena caratterizzato da una\u00a0<strong>dolcezza corposa<\/strong>\u00a0ben integrata con la freschezza della componente acida, da una\u00a0<strong>trama vellutata<\/strong>\u00a0in grado di evidenziare la pienezza e la rotondit\u00e0 della sensazione tattile e valorizzare l\u2019intensit\u00e0 gusto-olfattiva. Un prodotto sbilanciato su aromi terziari ancora dinamici e croccanti in cui le note speziate e di tostatura siano ben integrate con quelle di\u00a0<strong>mosto cotto e frutta disidrata e candita<\/strong>.<br \/>Si suggerisce un Aceto Balsamico di Modena caratterizzato, anche in questo caso, da una elevata densit\u00e0, da un corpo pieno, da una\u00a0<strong>trama vellutata<\/strong>, da una persistenza prolungata e capace di trasformare la bocca in un laboratorio di sensazioni tattili e gusto-olfattive tra loro in equilibrio e, allo stesso tempo, capaci di \u201cassoli\u201d tali da attirare l\u2019attenzione e accendere l\u2019interesse e la meraviglia del degustatore.<\/p>\n<p>L\u2019Aceto Balsamico di Modena che suggeriamo in abbinamento \u00e8 ben identificato nel sistema Consortium Profile come da<strong>\u00a05 sigilli<\/strong>.<\/p>\n<p>&nbsp;<\/p>\n<p>[\/et_pb_text][\/et_pb_column][\/et_pb_row][\/et_pb_section]<\/p>\n","protected":false},"excerpt":{"rendered":"<p><div class=\"breadcrumb\"><a href=\"https:\/\/www.granapadano.it\/it-it\/\">Home<\/a>  <  <\/div>Grana Padano DOP &#8220;Riserva&#8221; 20-24 mesiAceto Balsamico di Modena IGPGrana Padano DOP &#8220;Riserva&#8221; 20-24 mesi e Aceto Balsamico di Modena IGP 5 sigilli Il\u00a0Grana Padano DOP Riserva 20-24 mesi\u00a0\u00e8 un formaggio evoluto e maturo che ha sviluppato pienamente i propri aromi che si presentano complessi ma sempre molto equilibrati. Dal punto di vista gusto-olfattivo il [&hellip;]<\/p>\n","protected":false},"author":21,"featured_media":0,"parent":117915,"menu_order":358,"comment_status":"closed","ping_status":"closed","template":"","meta":{"_acf_changed":false,"_et_pb_use_builder":"on","_et_pb_old_content":"","_et_gb_content_width":"","footnotes":""},"class_list":["post-117979","page","type-page","status-publish","hentry"],"acf":[],"yoast_head":"<!-- This site is optimized with the Yoast SEO plugin v27.4 - https:\/\/yoast.com\/product\/yoast-seo-wordpress\/ -->\n<title>Come abbinare Grana Padano &quot;Riserva&quot; 20-24 mesi e Aceto Balsamico di Modena IGP - Grana Padano<\/title>\n<meta name=\"robots\" content=\"index, follow, max-snippet:-1, max-image-preview:large, max-video-preview:-1\" \/>\n<link rel=\"canonical\" href=\"https:\/\/www.granapadano.it\/it-it\/ricette\/abbinamenti\/come-abbinare-laceto-balsamico-di-modena-igp-con-grana-padano\/come-abbinare-grana-padano-riserva-20-24-mesi-e-aceto-balsamico-di-modena-igp\/\" \/>\n<meta property=\"og:locale\" content=\"it_IT\" \/>\n<meta property=\"og:type\" content=\"article\" \/>\n<meta property=\"og:title\" content=\"Come abbinare Grana Padano &quot;Riserva&quot; 20-24 mesi e Aceto Balsamico di Modena IGP - Grana Padano\" \/>\n<meta property=\"og:description\" content=\"Grana Padano DOP &quot;Riserva&quot; 20-24 mesiAceto Balsamico di Modena IGPGrana Padano DOP &quot;Riserva&quot; 20-24 mesi e Aceto Balsamico di Modena IGP 5 sigilli Il\u00a0Grana Padano DOP Riserva 20-24 mesi\u00a0\u00e8 un formaggio evoluto e maturo che ha sviluppato pienamente i propri aromi che si presentano complessi ma sempre molto equilibrati. Dal punto di vista gusto-olfattivo il [&hellip;]\" \/>\n<meta property=\"og:url\" content=\"https:\/\/www.granapadano.it\/it-it\/ricette\/abbinamenti\/come-abbinare-laceto-balsamico-di-modena-igp-con-grana-padano\/come-abbinare-grana-padano-riserva-20-24-mesi-e-aceto-balsamico-di-modena-igp\/\" \/>\n<meta property=\"og:site_name\" content=\"Grana Padano\" \/>\n<meta property=\"article:modified_time\" content=\"2026-03-19T10:07:12+00:00\" \/>\n<meta name=\"twitter:card\" content=\"summary_large_image\" \/>\n<meta name=\"twitter:label1\" content=\"Est. reading time\" \/>\n\t<meta name=\"twitter:data1\" content=\"3 minutes\" \/>\n<script type=\"application\/ld+json\" class=\"yoast-schema-graph\">{\"@context\":\"https:\\\/\\\/schema.org\",\"@graph\":[{\"@type\":\"WebPage\",\"@id\":\"https:\\\/\\\/www.granapadano.it\\\/it-it\\\/ricette\\\/abbinamenti\\\/come-abbinare-laceto-balsamico-di-modena-igp-con-grana-padano\\\/come-abbinare-grana-padano-riserva-20-24-mesi-e-aceto-balsamico-di-modena-igp\\\/\",\"url\":\"https:\\\/\\\/www.granapadano.it\\\/it-it\\\/ricette\\\/abbinamenti\\\/come-abbinare-laceto-balsamico-di-modena-igp-con-grana-padano\\\/come-abbinare-grana-padano-riserva-20-24-mesi-e-aceto-balsamico-di-modena-igp\\\/\",\"name\":\"Come abbinare Grana Padano \\\"Riserva\\\" 20-24 mesi e Aceto Balsamico di Modena IGP - Grana Padano\",\"isPartOf\":{\"@id\":\"https:\\\/\\\/www.granapadano.it\\\/it-it\\\/#website\"},\"datePublished\":\"2024-04-17T12:53:44+00:00\",\"dateModified\":\"2026-03-19T10:07:12+00:00\",\"breadcrumb\":{\"@id\":\"https:\\\/\\\/www.granapadano.it\\\/it-it\\\/ricette\\\/abbinamenti\\\/come-abbinare-laceto-balsamico-di-modena-igp-con-grana-padano\\\/come-abbinare-grana-padano-riserva-20-24-mesi-e-aceto-balsamico-di-modena-igp\\\/#breadcrumb\"},\"inLanguage\":\"it-it\",\"potentialAction\":[{\"@type\":\"ReadAction\",\"target\":[\"https:\\\/\\\/www.granapadano.it\\\/it-it\\\/ricette\\\/abbinamenti\\\/come-abbinare-laceto-balsamico-di-modena-igp-con-grana-padano\\\/come-abbinare-grana-padano-riserva-20-24-mesi-e-aceto-balsamico-di-modena-igp\\\/\"]}]},{\"@type\":\"BreadcrumbList\",\"@id\":\"https:\\\/\\\/www.granapadano.it\\\/it-it\\\/ricette\\\/abbinamenti\\\/come-abbinare-laceto-balsamico-di-modena-igp-con-grana-padano\\\/come-abbinare-grana-padano-riserva-20-24-mesi-e-aceto-balsamico-di-modena-igp\\\/#breadcrumb\",\"itemListElement\":[{\"@type\":\"ListItem\",\"position\":1,\"name\":\"Home\",\"item\":\"https:\\\/\\\/www.granapadano.it\\\/it-it\\\/\"},{\"@type\":\"ListItem\",\"position\":2,\"name\":\"Come abbinare l&#8217;Aceto Balsamico di Modena IGP con Grana Padano\",\"item\":\"https:\\\/\\\/www.granapadano.it\\\/it-it\\\/ricette\\\/abbinamenti\\\/come-abbinare-laceto-balsamico-di-modena-igp-con-grana-padano\\\/\"},{\"@type\":\"ListItem\",\"position\":3,\"name\":\"Come abbinare Grana Padano &#8220;Riserva&#8221; 20-24 mesi e Aceto Balsamico di Modena IGP\"}]},{\"@type\":\"WebSite\",\"@id\":\"https:\\\/\\\/www.granapadano.it\\\/it-it\\\/#website\",\"url\":\"https:\\\/\\\/www.granapadano.it\\\/it-it\\\/\",\"name\":\"Grana Padano\",\"description\":\"\",\"potentialAction\":[{\"@type\":\"SearchAction\",\"target\":{\"@type\":\"EntryPoint\",\"urlTemplate\":\"https:\\\/\\\/www.granapadano.it\\\/it-it\\\/?s={search_term_string}\"},\"query-input\":{\"@type\":\"PropertyValueSpecification\",\"valueRequired\":true,\"valueName\":\"search_term_string\"}}],\"inLanguage\":\"it-it\"}]}<\/script>\n<!-- \/ Yoast SEO plugin. -->","yoast_head_json":{"title":"Come abbinare Grana Padano \"Riserva\" 20-24 mesi e Aceto Balsamico di Modena IGP - Grana Padano","robots":{"index":"index","follow":"follow","max-snippet":"max-snippet:-1","max-image-preview":"max-image-preview:large","max-video-preview":"max-video-preview:-1"},"canonical":"https:\/\/www.granapadano.it\/it-it\/ricette\/abbinamenti\/come-abbinare-laceto-balsamico-di-modena-igp-con-grana-padano\/come-abbinare-grana-padano-riserva-20-24-mesi-e-aceto-balsamico-di-modena-igp\/","og_locale":"it_IT","og_type":"article","og_title":"Come abbinare Grana Padano \"Riserva\" 20-24 mesi e Aceto Balsamico di Modena IGP - Grana Padano","og_description":"Grana Padano DOP \"Riserva\" 20-24 mesiAceto Balsamico di Modena IGPGrana Padano DOP \"Riserva\" 20-24 mesi e Aceto Balsamico di Modena IGP 5 sigilli Il\u00a0Grana Padano DOP Riserva 20-24 mesi\u00a0\u00e8 un formaggio evoluto e maturo che ha sviluppato pienamente i propri aromi che si presentano complessi ma sempre molto equilibrati. Dal punto di vista gusto-olfattivo il [&hellip;]","og_url":"https:\/\/www.granapadano.it\/it-it\/ricette\/abbinamenti\/come-abbinare-laceto-balsamico-di-modena-igp-con-grana-padano\/come-abbinare-grana-padano-riserva-20-24-mesi-e-aceto-balsamico-di-modena-igp\/","og_site_name":"Grana Padano","article_modified_time":"2026-03-19T10:07:12+00:00","twitter_card":"summary_large_image","twitter_misc":{"Est. reading time":"3 minutes"},"schema":{"@context":"https:\/\/schema.org","@graph":[{"@type":"WebPage","@id":"https:\/\/www.granapadano.it\/it-it\/ricette\/abbinamenti\/come-abbinare-laceto-balsamico-di-modena-igp-con-grana-padano\/come-abbinare-grana-padano-riserva-20-24-mesi-e-aceto-balsamico-di-modena-igp\/","url":"https:\/\/www.granapadano.it\/it-it\/ricette\/abbinamenti\/come-abbinare-laceto-balsamico-di-modena-igp-con-grana-padano\/come-abbinare-grana-padano-riserva-20-24-mesi-e-aceto-balsamico-di-modena-igp\/","name":"Come abbinare Grana Padano \"Riserva\" 20-24 mesi e Aceto Balsamico di Modena IGP - Grana Padano","isPartOf":{"@id":"https:\/\/www.granapadano.it\/it-it\/#website"},"datePublished":"2024-04-17T12:53:44+00:00","dateModified":"2026-03-19T10:07:12+00:00","breadcrumb":{"@id":"https:\/\/www.granapadano.it\/it-it\/ricette\/abbinamenti\/come-abbinare-laceto-balsamico-di-modena-igp-con-grana-padano\/come-abbinare-grana-padano-riserva-20-24-mesi-e-aceto-balsamico-di-modena-igp\/#breadcrumb"},"inLanguage":"it-it","potentialAction":[{"@type":"ReadAction","target":["https:\/\/www.granapadano.it\/it-it\/ricette\/abbinamenti\/come-abbinare-laceto-balsamico-di-modena-igp-con-grana-padano\/come-abbinare-grana-padano-riserva-20-24-mesi-e-aceto-balsamico-di-modena-igp\/"]}]},{"@type":"BreadcrumbList","@id":"https:\/\/www.granapadano.it\/it-it\/ricette\/abbinamenti\/come-abbinare-laceto-balsamico-di-modena-igp-con-grana-padano\/come-abbinare-grana-padano-riserva-20-24-mesi-e-aceto-balsamico-di-modena-igp\/#breadcrumb","itemListElement":[{"@type":"ListItem","position":1,"name":"Home","item":"https:\/\/www.granapadano.it\/it-it\/"},{"@type":"ListItem","position":2,"name":"Come abbinare l&#8217;Aceto Balsamico di Modena IGP con Grana Padano","item":"https:\/\/www.granapadano.it\/it-it\/ricette\/abbinamenti\/come-abbinare-laceto-balsamico-di-modena-igp-con-grana-padano\/"},{"@type":"ListItem","position":3,"name":"Come abbinare Grana Padano &#8220;Riserva&#8221; 20-24 mesi e Aceto Balsamico di Modena IGP"}]},{"@type":"WebSite","@id":"https:\/\/www.granapadano.it\/it-it\/#website","url":"https:\/\/www.granapadano.it\/it-it\/","name":"Grana Padano","description":"","potentialAction":[{"@type":"SearchAction","target":{"@type":"EntryPoint","urlTemplate":"https:\/\/www.granapadano.it\/it-it\/?s={search_term_string}"},"query-input":{"@type":"PropertyValueSpecification","valueRequired":true,"valueName":"search_term_string"}}],"inLanguage":"it-it"}]}},"_links":{"self":[{"href":"https:\/\/www.granapadano.it\/it-it\/wp-json\/wp\/v2\/pages\/117979","targetHints":{"allow":["GET"]}}],"collection":[{"href":"https:\/\/www.granapadano.it\/it-it\/wp-json\/wp\/v2\/pages"}],"about":[{"href":"https:\/\/www.granapadano.it\/it-it\/wp-json\/wp\/v2\/types\/page"}],"author":[{"embeddable":true,"href":"https:\/\/www.granapadano.it\/it-it\/wp-json\/wp\/v2\/users\/21"}],"replies":[{"embeddable":true,"href":"https:\/\/www.granapadano.it\/it-it\/wp-json\/wp\/v2\/comments?post=117979"}],"version-history":[{"count":14,"href":"https:\/\/www.granapadano.it\/it-it\/wp-json\/wp\/v2\/pages\/117979\/revisions"}],"predecessor-version":[{"id":118856,"href":"https:\/\/www.granapadano.it\/it-it\/wp-json\/wp\/v2\/pages\/117979\/revisions\/118856"}],"up":[{"embeddable":true,"href":"https:\/\/www.granapadano.it\/it-it\/wp-json\/wp\/v2\/pages\/117915"}],"wp:attachment":[{"href":"https:\/\/www.granapadano.it\/it-it\/wp-json\/wp\/v2\/media?parent=117979"}],"curies":[{"name":"wp","href":"https:\/\/api.w.org\/{rel}","templated":true}]}}