{"id":117915,"date":"2024-04-16T15:16:41","date_gmt":"2024-04-16T15:16:41","guid":{"rendered":"https:\/\/www.granapadano.it\/?page_id=117915"},"modified":"2026-03-19T10:01:28","modified_gmt":"2026-03-19T10:01:28","slug":"come-abbinare-laceto-balsamico-di-modena-igp-con-grana-padano","status":"publish","type":"page","link":"https:\/\/www.granapadano.it\/it-it\/ricette\/abbinamenti\/come-abbinare-laceto-balsamico-di-modena-igp-con-grana-padano\/","title":{"rendered":"Come abbinare l&#8217;Aceto Balsamico di Modena IGP con Grana Padano"},"content":{"rendered":"<p>[et_pb_section fb_built=&#8221;1&#8243; fullwidth=&#8221;on&#8221; _builder_version=&#8221;4.19.4&#8243; _module_preset=&#8221;default&#8221; global_colors_info=&#8221;{}&#8221;][et_pb_fullwidth_image src=&#8221;https:\/\/www.granapadano.it\/wp-content\/uploads\/2024\/04\/GP_Aceto-h.jpg&#8221; title_text=&#8221;GP_Aceto-m&#8221; src_tablet=&#8221;https:\/\/www.granapadano.it\/wp-content\/uploads\/2024\/04\/GP_Aceto-h.jpg&#8221; src_phone=&#8221;https:\/\/www.granapadano.it\/wp-content\/uploads\/2024\/04\/GP_Aceto-m.jpg&#8221; src_last_edited=&#8221;on|phone&#8221; _builder_version=&#8221;4.24.3&#8243; _module_preset=&#8221;default&#8221; locked=&#8221;off&#8221; global_colors_info=&#8221;{}&#8221;][\/et_pb_fullwidth_image][\/et_pb_section][et_pb_section fb_built=&#8221;1&#8243; module_class=&#8221;production_sub_hub_main_wrapper&#8221; _builder_version=&#8221;4.19.4&#8243; _module_preset=&#8221;default&#8221; custom_padding=&#8221;13px||0px|||&#8221; locked=&#8221;off&#8221; global_colors_info=&#8221;{}&#8221;][et_pb_row module_class=&#8221;recipe_filter_section&#8221; _builder_version=&#8221;4.19.5&#8243; _module_preset=&#8221;default&#8221; max_width=&#8221;90%&#8221; custom_padding=&#8221;||7px|||&#8221; global_colors_info=&#8221;{}&#8221;][et_pb_column type=&#8221;4_4&#8243; _builder_version=&#8221;4.19.2&#8243; _module_preset=&#8221;default&#8221; global_colors_info=&#8221;{}&#8221;][et_pb_code _builder_version=&#8221;4.19.2&#8243; _module_preset=&#8221;default&#8221; custom_margin=&#8221;||16px|||&#8221; global_colors_info=&#8221;{}&#8221;]<div class=\"breadcrumb\"><a href=\"https:\/\/www.granapadano.it\/it-it\/\">Home<\/a>  <  <\/div>[\/et_pb_code][\/et_pb_column][\/et_pb_row][\/et_pb_section][et_pb_section fb_built=&#8221;1&#8243; admin_label=&#8221;9-16 mesi&#8221; module_class=&#8221;sustainability_sub_hub_wrapper padano_cheese_suggest&#8221; _builder_version=&#8221;4.20.2&#8243; _module_preset=&#8221;default&#8221; custom_padding=&#8221;10px||4px|||&#8221; locked=&#8221;off&#8221; collapsed=&#8221;off&#8221; global_colors_info=&#8221;{}&#8221;][et_pb_row _builder_version=&#8221;4.19.5&#8243; _module_preset=&#8221;default&#8221; custom_padding=&#8221;||50px|||&#8221; global_colors_info=&#8221;{}&#8221;][et_pb_column type=&#8221;4_4&#8243; _builder_version=&#8221;4.19.5&#8243; _module_preset=&#8221;default&#8221; global_colors_info=&#8221;{}&#8221;][et_pb_text module_class=&#8221;giovani_sub_hub_title_text&#8221; _builder_version=&#8221;4.24.3&#8243; _module_preset=&#8221;default&#8221; text_font=&#8221;Merriweather|700|||||||&#8221; text_text_color=&#8221;#0f0f0f&#8221; text_font_size=&#8221;80px&#8221; text_line_height=&#8221;70px&#8221; header_font=&#8221;Merriweather||||||||&#8221; header_text_color=&#8221;gcid-8696fd7e-29dd-4028-9d4d-981b208a53a9&#8243; header_font_size=&#8221;44px&#8221; header_line_height=&#8221;52px&#8221; text_orientation=&#8221;center&#8221; min_height=&#8221;83px&#8221; custom_margin=&#8221;||0px||false|false&#8221; custom_padding=&#8221;||0px||false|false&#8221; locked=&#8221;off&#8221; global_colors_info=&#8221;{%22gcid-8696fd7e-29dd-4028-9d4d-981b208a53a9%22:%91%22header_text_color%22%93}&#8221;]<\/p>\n<h1>Aceto Balsamico di Modena IGP e Grana Padano<\/h1>\n<p>[\/et_pb_text][\/et_pb_column][\/et_pb_row][et_pb_row column_structure=&#8221;1_4,3_4&#8243; module_class=&#8221;article_dates&#8221; _builder_version=&#8221;4.19.4&#8243; _module_preset=&#8221;default&#8221; max_width=&#8221;90%&#8221; custom_padding=&#8221;2px||6px||false|false&#8221; locked=&#8221;off&#8221; global_colors_info=&#8221;{}&#8221;][et_pb_column type=&#8221;1_4&#8243; _builder_version=&#8221;4.19.3&#8243; _module_preset=&#8221;default&#8221; global_colors_info=&#8221;{}&#8221;][et_pb_text module_class=&#8221;button_look&#8221; _builder_version=&#8221;4.24.3&#8243; _module_preset=&#8221;default&#8221; text_font=&#8221;FontPadano-Bold||||||||&#8221; text_text_color=&#8221;#000000&#8243; text_font_size=&#8221;26px&#8221; background_color=&#8221;RGBA(255,255,255,0)&#8221; locked=&#8221;off&#8221; global_colors_info=&#8221;{}&#8221;]<\/p>\n<p>Aceto Balsamico di Modena IGP<\/p>\n<p>[\/et_pb_text][\/et_pb_column][et_pb_column type=&#8221;3_4&#8243; _builder_version=&#8221;4.19.4&#8243; _module_preset=&#8221;default&#8221; global_colors_info=&#8221;{}&#8221;][\/et_pb_column][\/et_pb_row][et_pb_row column_structure=&#8221;1_2,1_2&#8243; _builder_version=&#8221;4.24.3&#8243; _module_preset=&#8221;default&#8221; locked=&#8221;off&#8221; global_colors_info=&#8221;{}&#8221;][et_pb_column type=&#8221;1_2&#8243; _builder_version=&#8221;4.24.3&#8243; _module_preset=&#8221;default&#8221; global_colors_info=&#8221;{}&#8221;][et_pb_text _builder_version=&#8221;4.24.3&#8243; _module_preset=&#8221;default&#8221; global_colors_info=&#8221;{}&#8221;]<\/p>\n<p><strong><em>Testi realizzati in collaborazione con:\u00a0<\/em><\/strong><\/p>\n<div class=\"consumo_sub_item_top_img\"><img decoding=\"async\" src=\"https:\/\/granapadano.kleecks-cdn.com\/wp-content\/uploads\/2023\/02\/onaf.png\" width=\"undefined\" height=\"undefined\" alt=\"\" class=\"wp-image-1443 alignnone size-full\" \/>[\/et_pb_text][\/et_pb_column][et_pb_column type=&#8221;1_2&#8243; _builder_version=&#8221;4.24.3&#8243; _module_preset=&#8221;default&#8221; global_colors_info=&#8221;{}&#8221;][et_pb_image src=&#8221;https:\/\/www.granapadano.it\/wp-content\/uploads\/2024\/05\/Screenshot-2024-05-02-alle-14.32.16.png&#8221; title_text=&#8221;Consorzio aceto balsamico di modena&#8221; _builder_version=&#8221;4.24.3&#8243; _module_preset=&#8221;default&#8221; width=&#8221;50%&#8221; global_colors_info=&#8221;{}&#8221;][\/et_pb_image][\/et_pb_column][\/et_pb_row][et_pb_row _builder_version=&#8221;4.24.3&#8243; _module_preset=&#8221;default&#8221; max_width=&#8221;90%&#8221; module_alignment=&#8221;center&#8221; custom_margin=&#8221;20px||||false|false&#8221; custom_padding=&#8221;0px||18px||false|false&#8221; locked=&#8221;off&#8221; global_colors_info=&#8221;{}&#8221;][et_pb_column type=&#8221;4_4&#8243; _builder_version=&#8221;4.19.5&#8243; _module_preset=&#8221;default&#8221; global_colors_info=&#8221;{}&#8221;][et_pb_text _builder_version=&#8221;4.24.3&#8243; _module_preset=&#8221;default&#8221; text_text_color=&#8221;#0f0f0f&#8221; text_font_size=&#8221;18px&#8221; text_line_height=&#8221;26px&#8221; width=&#8221;100%&#8221; custom_margin=&#8221;20px||||false|false&#8221; custom_padding=&#8221;|33px||||&#8221; global_colors_info=&#8221;{}&#8221;]<\/p>\n<h3><strong>Come abbinare Grana Padano e Aceto Balsamico di Modena IGP<\/strong><\/h3>\n<p>Sicuramente l\u2019abbinamento tra queste <strong>due eccellenze<\/strong> del Bel Paese non \u00e8 nuovo e il risultato pu\u00f2 essere superlativo: il consumatore deve per\u00f2 orientarsi in modo da abbinare le diverse tipologie di <strong>Grana Padano<\/strong> con l\u2019<strong>Aceto Balsamico di Modena<\/strong> pi\u00f9 adatto, per avere sempre la massima esperienza di gusto. Che si aggiunga l\u2019Aceto Balsamico di Modena a gocce su una scaglia di Grana Padano, o che si \u201cinzuppi\u201d quest\u2019ultima in una coppetta di Oro Nero di Modena, la linea guida base \u00e8 che all\u2019aumentare della stagionatura del Grana Padano si abbini un Aceto Balsamico di Modena via via pi\u00f9 corposo e intenso, fino ad arrivare ad abbinare il Grana Padano di lunga stagionatura con l\u2019Aceto Balsamico di Modena nella sue varianti \u201cinvecchiate\u201d.<\/p>\n<p><strong> Nota: <\/strong> negli abbinamenti di seguito suggeriti viene utilizzato per l\u2019identificazione dell\u2019Aceto Balsamico di Modena IGP il sistema <a href=\"https:\/\/www.consorziobalsamico.it\/consortium-profile\/\" target=\"_blank\" rel=\"noopener\">Consortium Profile<\/a>. Ove il consumatore\/degustatore non trovasse facilmente il marchio, invitiamo a ricercare un prodotto che abbia le caratteristiche organolettiche comunque corrispondenti al relativo livello del Consortium Profile.<\/p>\n<p>[\/et_pb_text][\/et_pb_column][\/et_pb_row][et_pb_row _builder_version=&#8221;4.24.3&#8243; _module_preset=&#8221;default&#8221; global_colors_info=&#8221;{}&#8221;][et_pb_column type=&#8221;4_4&#8243; _builder_version=&#8221;4.24.3&#8243; _module_preset=&#8221;default&#8221; global_colors_info=&#8221;{}&#8221;][et_pb_button button_url=&#8221;https:\/\/www.granapadano.it\/momenti-di-consumo\/abbinamenti\/come-abbinare-laceto-balsamico-di-modena-igp-con-grana-padano\/aceto-balsamico-di-modena-igp\/&#8221; url_new_window=&#8221;on&#8221; button_text=&#8221;Scopri l&#8217;Aceto Balsamico di Modena&#8221; button_alignment=&#8221;center&#8221; button_text_last_edited=&#8221;off|desktop&#8221; _builder_version=&#8221;4.24.3&#8243; _module_preset=&#8221;default&#8221; custom_button=&#8221;on&#8221; button_text_size=&#8221;22px&#8221; button_text_color=&#8221;#FFFFFF&#8221; button_bg_color=&#8221;#000000&#8243; button_border_radius=&#8221;50px&#8221; button_font=&#8221;Merriweather|700|||||||&#8221; button_icon=&#8221;&#x35;||divi||400&#8243; button_on_hover=&#8221;off&#8221; custom_margin=&#8221;||||false|false&#8221; custom_padding=&#8221;|100px||100px|false|false&#8221; locked=&#8221;off&#8221; global_colors_info=&#8221;{}&#8221; button_text__hover_enabled=&#8221;off|desktop&#8221;][\/et_pb_button][\/et_pb_column][\/et_pb_row][\/et_pb_section][et_pb_section fb_built=&#8221;1&#8243; admin_label=&#8221;Oltre 16 mesi&#8221; module_class=&#8221;sostenibilita_main_section padano_cheese_suggest&#8221; _builder_version=&#8221;4.24.3&#8243; _module_preset=&#8221;default&#8221; background_color=&#8221;#FFFFFF&#8221; min_height=&#8221;1513.9px&#8221; custom_margin=&#8221;2px|||||&#8221; custom_padding=&#8221;59px|||||&#8221; locked=&#8221;off&#8221; collapsed=&#8221;off&#8221; global_colors_info=&#8221;{}&#8221;][et_pb_row column_structure=&#8221;1_2,1_2&#8243; use_custom_gutter=&#8221;on&#8221; gutter_width=&#8221;3&#8243; module_class=&#8221;consorzio_saprate_section consorzio_vini_abbinare_page&#8221; _builder_version=&#8221;4.24.3&#8243; _module_preset=&#8221;default&#8221; transform_scale=&#8221;94%|94%&#8221; max_width=&#8221;90%&#8221; custom_padding=&#8221;0px|||||&#8221; collapsed=&#8221;on&#8221; global_colors_info=&#8221;{}&#8221;][et_pb_column type=&#8221;1_2&#8243; _builder_version=&#8221;4.24.3&#8243; _module_preset=&#8221;default&#8221; background_color=&#8221;#f7f7f7&#8243; link_option_url=&#8221;\/it-it\/momenti-di-consumo\/abbinamenti\/con-quali-mieli-abbinare-il-grana-padano\/come-abbinare-grana-padano-9-16-mesi-e-aceto-balsamico-di-modena-igp\/&#8221; global_colors_info=&#8221;{}&#8221;][et_pb_image title_text=&#8221;grana-e-aceto-thumb&#8221; url=&#8221;\/it-it\/momenti-di-consumo\/abbinamenti\/con-quali-mieli-abbinare-il-grana-padano\/come-abbinare-grana-padano-9-16-mesi-e-aceto-balsamico-di-modena-igp\/&#8221; align=&#8221;center&#8221; _builder_version=&#8221;4.24.3&#8243; _module_preset=&#8221;default&#8221; background_color=&#8221;RGBA(255,255,255,0)&#8221; background_image=&#8221;https:\/\/www.granapadano.it\/wp-content\/uploads\/2024\/04\/grana-e-aceto-thumb.png&#8221; min_height=&#8221;89px&#8221; custom_padding=&#8221;209px|0px||2px|false|false&#8221; global_colors_info=&#8221;{}&#8221;][\/et_pb_image][et_pb_text _builder_version=&#8221;4.24.3&#8243; _module_preset=&#8221;default&#8221; header_3_font=&#8221;Merriweather|700|||||||&#8221; header_3_text_color=&#8221;#0f0f0f&#8221; header_3_font_size=&#8221;23px&#8221; header_3_line_height=&#8221;31px&#8221; custom_margin_tablet=&#8221;&#8221; custom_margin_phone=&#8221;20px||||false|false&#8221; custom_margin_last_edited=&#8221;on|phone&#8221; locked=&#8221;off&#8221; global_colors_info=&#8221;{}&#8221;]<\/p>\n<h3>Grana Padano DOP 9 &#8211; 16 mesi<\/h3>\n<p>[\/et_pb_text][et_pb_text _builder_version=&#8221;4.24.3&#8243; _module_preset=&#8221;default&#8221; text_text_color=&#8221;#0f0f0f&#8221; text_font_size=&#8221;18px&#8221; text_line_height=&#8221;26px&#8221; global_colors_info=&#8221;{}&#8221;]<strong>Abbinamenti suggeriti<\/strong><\/p>\n<ul>\n<li>Aceto Balsamico di Modena IGP 4 sigilli<\/li>\n<li>Aceto Balsamico di Modena IGP 4 sigilli \u201cInvecchiato\u201d<\/li>\n<\/ul>\n<p><strong> In particolare consigliamo di abbinare le stagionature di Grana Padano DOP 9-16 mesi con:<\/strong><\/p>\n<p>&nbsp;<\/p>\n<ul>\n<li>\n<h4>Aceto Balsamico di Modena IGP 4 sigilli<\/h4>\n<\/li>\n<\/ul>\n<p>[\/et_pb_text][et_pb_image src=&#8221;https:\/\/www.granapadano.it\/wp-content\/uploads\/2022\/11\/Path-20171.png&#8221; title_text=&#8221;Path 20171&#8243; url=&#8221;\/it-it\/momenti-di-consumo\/abbinamenti\/con-quali-mieli-abbinare-il-grana-padano\/come-abbinare-grana-padano-9-16-mesi-e-aceto-balsamico-di-modena-igp\/&#8221; align=&#8221;right&#8221; _builder_version=&#8221;4.24.3&#8243; _module_preset=&#8221;default&#8221; global_colors_info=&#8221;{}&#8221;][\/et_pb_image][\/et_pb_column][et_pb_column type=&#8221;1_2&#8243; _builder_version=&#8221;4.24.3&#8243; _module_preset=&#8221;default&#8221; link_option_url=&#8221;\/it-it\/momenti-di-consumo\/abbinamenti\/con-quali-mieli-abbinare-il-grana-padano\/come-abbinare-grana-padano-16-20-mesi-e-aceto-balsamico-di-modena-igp\/&#8221; global_colors_info=&#8221;{}&#8221;][et_pb_image title_text=&#8221;gp-aceto&#8221; url=&#8221;\/it-it\/momenti-di-consumo\/abbinamenti\/con-quali-mieli-abbinare-il-grana-padano\/come-abbinare-grana-padano-16-20-mesi-e-aceto-balsamico-di-modena-igp\/&#8221; align=&#8221;center&#8221; _builder_version=&#8221;4.24.3&#8243; _module_preset=&#8221;default&#8221; background_color=&#8221;RGBA(255,255,255,0)&#8221; background_image=&#8221;https:\/\/www.granapadano.it\/wp-content\/uploads\/2024\/04\/gp-aceto.jpg&#8221; min_height=&#8221;89px&#8221; custom_padding=&#8221;209px|0px||2px|false|false&#8221; global_colors_info=&#8221;{}&#8221;][\/et_pb_image][et_pb_text _builder_version=&#8221;4.24.3&#8243; _module_preset=&#8221;default&#8221; header_3_font=&#8221;Merriweather|700|||||||&#8221; header_3_text_color=&#8221;#0f0f0f&#8221; header_3_font_size=&#8221;23px&#8221; header_3_line_height=&#8221;31px&#8221; custom_margin_tablet=&#8221;&#8221; custom_margin_phone=&#8221;20px||||false|false&#8221; custom_margin_last_edited=&#8221;on|phone&#8221; locked=&#8221;off&#8221; global_colors_info=&#8221;{}&#8221;]<\/p>\n<h3>Grana Padano DOP 16 &#8211; 20 mesi<\/h3>\n<p>[\/et_pb_text][et_pb_text _builder_version=&#8221;4.24.3&#8243; _module_preset=&#8221;default&#8221; text_text_color=&#8221;#0f0f0f&#8221; text_font_size=&#8221;18px&#8221; text_line_height=&#8221;26px&#8221; locked=&#8221;off&#8221; global_colors_info=&#8221;{}&#8221;]<strong> Abbinamenti suggeriti<\/strong><\/p>\n<ul>\n<li>Aceto Balsamico di Modena IGP 4 sigilli \u201cInvecchiato&#8221;<\/li>\n<li>Aceto Balsamico di Modena IGP 5 sigilli \u201cInvecchiato\u201d<\/li>\n<\/ul>\n<p><strong> In particolare consigliamo di abbinare le stagionature di Grana Padano DOP 16-20 mesi con:<\/strong><\/p>\n<p>&nbsp;<\/p>\n<ul>\n<li>\n<h4>Aceto Balsamico di Modena IGP 4 sigilli \u201cInvecchiato\u201d<\/h4>\n<\/li>\n<\/ul>\n<p>[\/et_pb_text][et_pb_image src=&#8221;https:\/\/www.granapadano.it\/wp-content\/uploads\/2022\/11\/Path-20171.png&#8221; title_text=&#8221;Path 20171&#8243; url=&#8221;\/it-it\/momenti-di-consumo\/abbinamenti\/con-quali-mieli-abbinare-il-grana-padano\/come-abbinare-grana-padano-16-20-mesi-e-aceto-balsamico-di-modena-igp\/&#8221; align=&#8221;right&#8221; _builder_version=&#8221;4.24.3&#8243; _module_preset=&#8221;default&#8221; locked=&#8221;off&#8221; global_colors_info=&#8221;{}&#8221;][\/et_pb_image][\/et_pb_column][\/et_pb_row][\/et_pb_section][et_pb_section fb_built=&#8221;1&#8243; admin_label=&#8221;Oltre 16 mesi&#8221; module_class=&#8221;sostenibilita_main_section padano_cheese_suggest&#8221; _builder_version=&#8221;4.20.2&#8243; _module_preset=&#8221;default&#8221; background_color=&#8221;#f7f7f7&#8243; min_height=&#8221;1513.9px&#8221; custom_margin=&#8221;2px|||||&#8221; custom_padding=&#8221;59px|||||&#8221; locked=&#8221;off&#8221; collapsed=&#8221;off&#8221; global_colors_info=&#8221;{}&#8221;][et_pb_row column_structure=&#8221;1_2,1_2&#8243; use_custom_gutter=&#8221;on&#8221; gutter_width=&#8221;3&#8243; module_class=&#8221;consorzio_saprate_section&#8221; _builder_version=&#8221;4.24.3&#8243; _module_preset=&#8221;default&#8221; transform_scale=&#8221;94%|94%&#8221; max_width=&#8221;90%&#8221; custom_padding=&#8221;0px|||||&#8221; hover_enabled=&#8221;0&#8243; collapsed=&#8221;on&#8221; global_colors_info=&#8221;{}&#8221; sticky_enabled=&#8221;0&#8243;][et_pb_column type=&#8221;1_2&#8243; _builder_version=&#8221;4.24.3&#8243; _module_preset=&#8221;default&#8221; link_option_url=&#8221;\/it-it\/momenti-di-consumo\/abbinamenti\/con-quali-mieli-abbinare-il-grana-padano\/come-abbinare-grana-padano-riserva-20-24-mesi-e-aceto-balsamico-di-modena-igp\/&#8221; global_colors_info=&#8221;{}&#8221;][et_pb_image title_text=&#8221;GP_perle-di-aceto&#8221; url=&#8221;\/it-it\/momenti-di-consumo\/abbinamenti\/con-quali-mieli-abbinare-il-grana-padano\/come-abbinare-grana-padano-riserva-20-24-mesi-e-aceto-balsamico-di-modena-igp\/&#8221; align=&#8221;center&#8221; _builder_version=&#8221;4.24.3&#8243; _module_preset=&#8221;default&#8221; background_color=&#8221;RGBA(255,255,255,0)&#8221; background_image=&#8221;https:\/\/www.granapadano.it\/wp-content\/uploads\/2024\/04\/GP_perle-di-aceto.jpg&#8221; min_height=&#8221;89px&#8221; custom_padding=&#8221;209px|0px||2px|false|false&#8221; global_colors_info=&#8221;{}&#8221;][\/et_pb_image][et_pb_text _builder_version=&#8221;4.24.3&#8243; _module_preset=&#8221;default&#8221; header_3_font=&#8221;Merriweather|700|||||||&#8221; header_3_text_color=&#8221;#0f0f0f&#8221; header_3_font_size=&#8221;23px&#8221; header_3_line_height=&#8221;31px&#8221; custom_margin_tablet=&#8221;&#8221; custom_margin_phone=&#8221;20px||||false|false&#8221; custom_margin_last_edited=&#8221;on|phone&#8221; global_colors_info=&#8221;{}&#8221;]<\/p>\n<h3>Grana Padano DOP &#8220;Riserva&#8221; 20-24 mesi<\/h3>\n<p>[\/et_pb_text][et_pb_text _builder_version=&#8221;4.24.3&#8243; _module_preset=&#8221;default&#8221; text_text_color=&#8221;#0f0f0f&#8221; text_font_size=&#8221;18px&#8221; text_line_height=&#8221;26px&#8221; global_colors_info=&#8221;{}&#8221;]<strong> Abbinamenti suggeriti<\/strong><\/p>\n<ul>\n<li>Aceto Balsamico di Modena IGP 5 sigilli<\/li>\n<li>Aceto Balsamico di Modena IGP 5 sigilli \u201cInvecchiato\u201d<\/li>\n<li>Aceto Balsamico di Modena IGP 4 sigilli \u201cInvecchiato\u201d<\/li>\n<\/ul>\n<p><strong> In particolare consigliamo di abbinare le stagionature di Grana Padano DOP &#8220;Riserva&#8221; 20-24 mesi con:<\/strong><\/p>\n<p>&nbsp;<\/p>\n<ul>\n<li>\n<h4>Aceto Balsamico di Modena IGP 5 sigilli<\/h4>\n<\/li>\n<\/ul>\n<p>[\/et_pb_text][et_pb_image src=&#8221;https:\/\/www.granapadano.it\/wp-content\/uploads\/2022\/11\/Path-20171.png&#8221; title_text=&#8221;Path 20171&#8243; url=&#8221;\/it-it\/momenti-di-consumo\/abbinamenti\/con-quali-mieli-abbinare-il-grana-padano\/come-abbinare-grana-padano-riserva-20-24-mesi-e-aceto-balsamico-di-modena-igp\/&#8221; align=&#8221;right&#8221; _builder_version=&#8221;4.24.3&#8243; _module_preset=&#8221;default&#8221; global_colors_info=&#8221;{}&#8221;][\/et_pb_image][\/et_pb_column][et_pb_column type=&#8221;1_2&#8243; _builder_version=&#8221;4.24.3&#8243; _module_preset=&#8221;default&#8221; link_option_url=&#8221;https:\/\/www.granapadano.it\/momenti-di-consumo\/abbinamenti\/come-abbinare-laceto-balsamico-di-modena-igp-con-grana-padano\/grana-padano-dop-riserva-oltre-24-mesi-e-aceto-balsamico-di-modena-igp-5-sigilli-invecchiato\/&#8221; hover_enabled=&#8221;0&#8243; global_colors_info=&#8221;{}&#8221; sticky_enabled=&#8221;0&#8243;][et_pb_image title_text=&#8221;gp_aceto-e-fichi&#8221; url=&#8221;https:\/\/www.granapadano.it\/momenti-di-consumo\/abbinamenti\/come-abbinare-laceto-balsamico-di-modena-igp-con-grana-padano\/grana-padano-dop-riserva-oltre-24-mesi-e-aceto-balsamico-di-modena-igp-5-sigilli-invecchiato\/&#8221; align=&#8221;center&#8221; _builder_version=&#8221;4.24.3&#8243; _module_preset=&#8221;default&#8221; background_color=&#8221;RGBA(255,255,255,0)&#8221; background_image=&#8221;https:\/\/www.granapadano.it\/wp-content\/uploads\/2024\/04\/gp_aceto-e-fichi.jpg&#8221; min_height=&#8221;89px&#8221; custom_padding=&#8221;209px|0px||2px|false|false&#8221; hover_enabled=&#8221;0&#8243; global_colors_info=&#8221;{}&#8221; sticky_enabled=&#8221;0&#8243;][\/et_pb_image][et_pb_text _builder_version=&#8221;4.24.3&#8243; _module_preset=&#8221;default&#8221; header_3_font=&#8221;Merriweather|700|||||||&#8221; header_3_text_color=&#8221;#0f0f0f&#8221; header_3_font_size=&#8221;23px&#8221; header_3_line_height=&#8221;31px&#8221; custom_margin_tablet=&#8221;&#8221; custom_margin_phone=&#8221;20px||||false|false&#8221; custom_margin_last_edited=&#8221;on|phone&#8221; locked=&#8221;off&#8221; global_colors_info=&#8221;{}&#8221;]<\/p>\n<h3>Grana Padano DOP &#8220;Riserva&#8221; oltre 24 mesi<\/h3>\n<p>[\/et_pb_text][et_pb_text _builder_version=&#8221;4.24.3&#8243; _module_preset=&#8221;default&#8221; text_text_color=&#8221;#0f0f0f&#8221; text_font_size=&#8221;18px&#8221; text_line_height=&#8221;26px&#8221; locked=&#8221;off&#8221; global_colors_info=&#8221;{}&#8221;]<\/p>\n<p><strong> Abbinamenti suggeriti<\/strong><\/p>\n<ul>\n<li>Aceto Balsamico di Modena IGP 4 sigilli \u201cInvecchiato\u201d<\/li>\n<li>Aceto Balsamico di Modena IGP 5 sigilli \u201cInvecchiato\u201d<\/li>\n<li>Aceto Balsamico di Modena IGP 5 sigilli<\/li>\n<\/ul>\n<p><strong> In particolare consigliamo di abbinare le stagionature di Grana Padano DOP &#8220;Riserva&#8221; oltre 24 mesi con:<\/strong><\/p>\n<p>&nbsp;<\/p>\n<ul>\n<li>\n<h4>Aceto Balsamico di Modena IGP 5 sigilli \u201cInvecchiato\u201d<\/h4>\n<\/li>\n<\/ul>\n<p>[\/et_pb_text][et_pb_image src=&#8221;https:\/\/www.granapadano.it\/wp-content\/uploads\/2022\/11\/Path-20171.png&#8221; title_text=&#8221;Path 20171&#8243; url=&#8221;https:\/\/www.granapadano.it\/momenti-di-consumo\/abbinamenti\/come-abbinare-laceto-balsamico-di-modena-igp-con-grana-padano\/grana-padano-dop-riserva-oltre-24-mesi-e-aceto-balsamico-di-modena-igp-5-sigilli-invecchiato\/&#8221; align=&#8221;right&#8221; _builder_version=&#8221;4.24.3&#8243; _module_preset=&#8221;default&#8221; hover_enabled=&#8221;0&#8243; locked=&#8221;off&#8221; global_colors_info=&#8221;{}&#8221; sticky_enabled=&#8221;0&#8243;][\/et_pb_image][\/et_pb_column][\/et_pb_row][\/et_pb_section]<\/p>\n","protected":false},"excerpt":{"rendered":"<p><div class=\"breadcrumb\"><a href=\"https:\/\/www.granapadano.it\/it-it\/\">Home<\/a>  <  <\/div>Aceto Balsamico di Modena IGP e Grana PadanoAceto Balsamico di Modena IGPTesti realizzati in collaborazione con:\u00a0 Come abbinare Grana Padano e Aceto Balsamico di Modena IGP Sicuramente l\u2019abbinamento tra queste due eccellenze del Bel Paese non \u00e8 nuovo e il risultato pu\u00f2 essere superlativo: il consumatore deve per\u00f2 orientarsi in modo da abbinare le diverse [&hellip;]<\/p>\n","protected":false},"author":21,"featured_media":0,"parent":0,"menu_order":290,"comment_status":"closed","ping_status":"closed","template":"","meta":{"_acf_changed":false,"_et_pb_use_builder":"on","_et_pb_old_content":"","_et_gb_content_width":"","footnotes":""},"class_list":["post-117915","page","type-page","status-publish","hentry"],"acf":[],"yoast_head":"<!-- This site is optimized with the Yoast SEO plugin v27.4 - https:\/\/yoast.com\/product\/yoast-seo-wordpress\/ -->\n<title>Come abbinare l&#039;Aceto Balsamico di Modena IGP con Grana Padano - Grana Padano<\/title>\n<meta name=\"robots\" content=\"index, follow, max-snippet:-1, max-image-preview:large, max-video-preview:-1\" \/>\n<link rel=\"canonical\" href=\"https:\/\/www.granapadano.it\/it-it\/ricette\/abbinamenti\/come-abbinare-laceto-balsamico-di-modena-igp-con-grana-padano\/\" \/>\n<meta property=\"og:locale\" content=\"it_IT\" \/>\n<meta property=\"og:type\" content=\"article\" \/>\n<meta property=\"og:title\" content=\"Come abbinare l&#039;Aceto Balsamico di Modena IGP con Grana Padano - Grana Padano\" \/>\n<meta property=\"og:description\" content=\"Aceto Balsamico di Modena IGP e Grana PadanoAceto Balsamico di Modena IGPTesti realizzati in collaborazione con:\u00a0 Come abbinare Grana Padano e Aceto Balsamico di Modena IGP Sicuramente l\u2019abbinamento tra queste due eccellenze del Bel Paese non \u00e8 nuovo e il risultato pu\u00f2 essere superlativo: il consumatore deve per\u00f2 orientarsi in modo da abbinare le diverse [&hellip;]\" \/>\n<meta property=\"og:url\" content=\"https:\/\/www.granapadano.it\/it-it\/ricette\/abbinamenti\/come-abbinare-laceto-balsamico-di-modena-igp-con-grana-padano\/\" \/>\n<meta property=\"og:site_name\" content=\"Grana Padano\" \/>\n<meta property=\"article:modified_time\" content=\"2026-03-19T10:01:28+00:00\" \/>\n<meta property=\"og:image\" content=\"https:\/\/granapadano.kleecks-cdn.com\/wp-content\/uploads\/2023\/02\/onaf.png\" \/>\n<meta name=\"twitter:card\" content=\"summary_large_image\" \/>\n<meta name=\"twitter:label1\" content=\"Est. reading time\" \/>\n\t<meta name=\"twitter:data1\" content=\"4 minutes\" \/>\n<script type=\"application\/ld+json\" class=\"yoast-schema-graph\">{\"@context\":\"https:\\\/\\\/schema.org\",\"@graph\":[{\"@type\":\"WebPage\",\"@id\":\"https:\\\/\\\/www.granapadano.it\\\/it-it\\\/ricette\\\/abbinamenti\\\/come-abbinare-laceto-balsamico-di-modena-igp-con-grana-padano\\\/\",\"url\":\"https:\\\/\\\/www.granapadano.it\\\/it-it\\\/ricette\\\/abbinamenti\\\/come-abbinare-laceto-balsamico-di-modena-igp-con-grana-padano\\\/\",\"name\":\"Come abbinare l'Aceto Balsamico di Modena IGP con Grana Padano - Grana Padano\",\"isPartOf\":{\"@id\":\"https:\\\/\\\/www.granapadano.it\\\/it-it\\\/#website\"},\"primaryImageOfPage\":{\"@id\":\"https:\\\/\\\/www.granapadano.it\\\/it-it\\\/ricette\\\/abbinamenti\\\/come-abbinare-laceto-balsamico-di-modena-igp-con-grana-padano\\\/#primaryimage\"},\"image\":{\"@id\":\"https:\\\/\\\/www.granapadano.it\\\/it-it\\\/ricette\\\/abbinamenti\\\/come-abbinare-laceto-balsamico-di-modena-igp-con-grana-padano\\\/#primaryimage\"},\"thumbnailUrl\":\"https:\\\/\\\/granapadano.kleecks-cdn.com\\\/wp-content\\\/uploads\\\/2023\\\/02\\\/onaf.png\",\"datePublished\":\"2024-04-16T15:16:41+00:00\",\"dateModified\":\"2026-03-19T10:01:28+00:00\",\"breadcrumb\":{\"@id\":\"https:\\\/\\\/www.granapadano.it\\\/it-it\\\/ricette\\\/abbinamenti\\\/come-abbinare-laceto-balsamico-di-modena-igp-con-grana-padano\\\/#breadcrumb\"},\"inLanguage\":\"it-it\",\"potentialAction\":[{\"@type\":\"ReadAction\",\"target\":[\"https:\\\/\\\/www.granapadano.it\\\/it-it\\\/ricette\\\/abbinamenti\\\/come-abbinare-laceto-balsamico-di-modena-igp-con-grana-padano\\\/\"]}]},{\"@type\":\"ImageObject\",\"inLanguage\":\"it-it\",\"@id\":\"https:\\\/\\\/www.granapadano.it\\\/it-it\\\/ricette\\\/abbinamenti\\\/come-abbinare-laceto-balsamico-di-modena-igp-con-grana-padano\\\/#primaryimage\",\"url\":\"https:\\\/\\\/granapadano.kleecks-cdn.com\\\/wp-content\\\/uploads\\\/2023\\\/02\\\/onaf.png\",\"contentUrl\":\"https:\\\/\\\/granapadano.kleecks-cdn.com\\\/wp-content\\\/uploads\\\/2023\\\/02\\\/onaf.png\"},{\"@type\":\"BreadcrumbList\",\"@id\":\"https:\\\/\\\/www.granapadano.it\\\/it-it\\\/ricette\\\/abbinamenti\\\/come-abbinare-laceto-balsamico-di-modena-igp-con-grana-padano\\\/#breadcrumb\",\"itemListElement\":[{\"@type\":\"ListItem\",\"position\":1,\"name\":\"Home\",\"item\":\"https:\\\/\\\/www.granapadano.it\\\/it-it\\\/\"},{\"@type\":\"ListItem\",\"position\":2,\"name\":\"Come abbinare l&#8217;Aceto Balsamico di Modena IGP con Grana Padano\"}]},{\"@type\":\"WebSite\",\"@id\":\"https:\\\/\\\/www.granapadano.it\\\/it-it\\\/#website\",\"url\":\"https:\\\/\\\/www.granapadano.it\\\/it-it\\\/\",\"name\":\"Grana Padano\",\"description\":\"\",\"potentialAction\":[{\"@type\":\"SearchAction\",\"target\":{\"@type\":\"EntryPoint\",\"urlTemplate\":\"https:\\\/\\\/www.granapadano.it\\\/it-it\\\/?s={search_term_string}\"},\"query-input\":{\"@type\":\"PropertyValueSpecification\",\"valueRequired\":true,\"valueName\":\"search_term_string\"}}],\"inLanguage\":\"it-it\"}]}<\/script>\n<!-- \/ Yoast SEO plugin. -->","yoast_head_json":{"title":"Come abbinare l'Aceto Balsamico di Modena IGP con Grana Padano - Grana Padano","robots":{"index":"index","follow":"follow","max-snippet":"max-snippet:-1","max-image-preview":"max-image-preview:large","max-video-preview":"max-video-preview:-1"},"canonical":"https:\/\/www.granapadano.it\/it-it\/ricette\/abbinamenti\/come-abbinare-laceto-balsamico-di-modena-igp-con-grana-padano\/","og_locale":"it_IT","og_type":"article","og_title":"Come abbinare l'Aceto Balsamico di Modena IGP con Grana Padano - Grana Padano","og_description":"Aceto Balsamico di Modena IGP e Grana PadanoAceto Balsamico di Modena IGPTesti realizzati in collaborazione con:\u00a0 Come abbinare Grana Padano e Aceto Balsamico di Modena IGP Sicuramente l\u2019abbinamento tra queste due eccellenze del Bel Paese non \u00e8 nuovo e il risultato pu\u00f2 essere superlativo: il consumatore deve per\u00f2 orientarsi in modo da abbinare le diverse [&hellip;]","og_url":"https:\/\/www.granapadano.it\/it-it\/ricette\/abbinamenti\/come-abbinare-laceto-balsamico-di-modena-igp-con-grana-padano\/","og_site_name":"Grana Padano","article_modified_time":"2026-03-19T10:01:28+00:00","og_image":[{"url":"https:\/\/granapadano.kleecks-cdn.com\/wp-content\/uploads\/2023\/02\/onaf.png","type":"","width":"","height":""}],"twitter_card":"summary_large_image","twitter_misc":{"Est. reading time":"4 minutes"},"schema":{"@context":"https:\/\/schema.org","@graph":[{"@type":"WebPage","@id":"https:\/\/www.granapadano.it\/it-it\/ricette\/abbinamenti\/come-abbinare-laceto-balsamico-di-modena-igp-con-grana-padano\/","url":"https:\/\/www.granapadano.it\/it-it\/ricette\/abbinamenti\/come-abbinare-laceto-balsamico-di-modena-igp-con-grana-padano\/","name":"Come abbinare l'Aceto Balsamico di Modena IGP con Grana Padano - Grana Padano","isPartOf":{"@id":"https:\/\/www.granapadano.it\/it-it\/#website"},"primaryImageOfPage":{"@id":"https:\/\/www.granapadano.it\/it-it\/ricette\/abbinamenti\/come-abbinare-laceto-balsamico-di-modena-igp-con-grana-padano\/#primaryimage"},"image":{"@id":"https:\/\/www.granapadano.it\/it-it\/ricette\/abbinamenti\/come-abbinare-laceto-balsamico-di-modena-igp-con-grana-padano\/#primaryimage"},"thumbnailUrl":"https:\/\/granapadano.kleecks-cdn.com\/wp-content\/uploads\/2023\/02\/onaf.png","datePublished":"2024-04-16T15:16:41+00:00","dateModified":"2026-03-19T10:01:28+00:00","breadcrumb":{"@id":"https:\/\/www.granapadano.it\/it-it\/ricette\/abbinamenti\/come-abbinare-laceto-balsamico-di-modena-igp-con-grana-padano\/#breadcrumb"},"inLanguage":"it-it","potentialAction":[{"@type":"ReadAction","target":["https:\/\/www.granapadano.it\/it-it\/ricette\/abbinamenti\/come-abbinare-laceto-balsamico-di-modena-igp-con-grana-padano\/"]}]},{"@type":"ImageObject","inLanguage":"it-it","@id":"https:\/\/www.granapadano.it\/it-it\/ricette\/abbinamenti\/come-abbinare-laceto-balsamico-di-modena-igp-con-grana-padano\/#primaryimage","url":"https:\/\/granapadano.kleecks-cdn.com\/wp-content\/uploads\/2023\/02\/onaf.png","contentUrl":"https:\/\/granapadano.kleecks-cdn.com\/wp-content\/uploads\/2023\/02\/onaf.png"},{"@type":"BreadcrumbList","@id":"https:\/\/www.granapadano.it\/it-it\/ricette\/abbinamenti\/come-abbinare-laceto-balsamico-di-modena-igp-con-grana-padano\/#breadcrumb","itemListElement":[{"@type":"ListItem","position":1,"name":"Home","item":"https:\/\/www.granapadano.it\/it-it\/"},{"@type":"ListItem","position":2,"name":"Come abbinare l&#8217;Aceto Balsamico di Modena IGP con Grana Padano"}]},{"@type":"WebSite","@id":"https:\/\/www.granapadano.it\/it-it\/#website","url":"https:\/\/www.granapadano.it\/it-it\/","name":"Grana Padano","description":"","potentialAction":[{"@type":"SearchAction","target":{"@type":"EntryPoint","urlTemplate":"https:\/\/www.granapadano.it\/it-it\/?s={search_term_string}"},"query-input":{"@type":"PropertyValueSpecification","valueRequired":true,"valueName":"search_term_string"}}],"inLanguage":"it-it"}]}},"_links":{"self":[{"href":"https:\/\/www.granapadano.it\/it-it\/wp-json\/wp\/v2\/pages\/117915","targetHints":{"allow":["GET"]}}],"collection":[{"href":"https:\/\/www.granapadano.it\/it-it\/wp-json\/wp\/v2\/pages"}],"about":[{"href":"https:\/\/www.granapadano.it\/it-it\/wp-json\/wp\/v2\/types\/page"}],"author":[{"embeddable":true,"href":"https:\/\/www.granapadano.it\/it-it\/wp-json\/wp\/v2\/users\/21"}],"replies":[{"embeddable":true,"href":"https:\/\/www.granapadano.it\/it-it\/wp-json\/wp\/v2\/comments?post=117915"}],"version-history":[{"count":35,"href":"https:\/\/www.granapadano.it\/it-it\/wp-json\/wp\/v2\/pages\/117915\/revisions"}],"predecessor-version":[{"id":126456,"href":"https:\/\/www.granapadano.it\/it-it\/wp-json\/wp\/v2\/pages\/117915\/revisions\/126456"}],"wp:attachment":[{"href":"https:\/\/www.granapadano.it\/it-it\/wp-json\/wp\/v2\/media?parent=117915"}],"curies":[{"name":"wp","href":"https:\/\/api.w.org\/{rel}","templated":true}]}}