{"id":38417,"date":"2023-02-18T11:02:53","date_gmt":"2023-02-18T11:02:53","guid":{"rendered":"https:\/\/www.granapadano.it\/consortium\/latteria-sociale-ca-de-stefani-s-c-a-copy\/"},"modified":"2026-03-26T08:50:08","modified_gmt":"2026-03-26T08:50:08","slug":"caseificio-scala-srl","status":"publish","type":"consortium","link":"https:\/\/www.granapadano.it\/it-it\/il-consorzio-di-tutela\/i-protagonisti-i-consorziati\/caseificio-scala-srl\/","title":{"rendered":"Caseificio Scala Srl"},"content":{"rendered":"<p>[et_pb_section fb_built=&#8221;1&#8243; fullwidth=&#8221;on&#8221; _builder_version=&#8221;4.19.5&#8243; _module_preset=&#8221;default&#8221; global_colors_info=&#8221;{}&#8221;][et_pb_fullwidth_code _builder_version=&#8221;4.20.0&#8243; _module_preset=&#8221;default&#8221; global_colors_info=&#8221;{}&#8221;][et_pb_section global_module=\"17795 \"][\/et_pb_section][\/et_pb_fullwidth_code][\/et_pb_section][et_pb_section fb_built=&#8221;1&#8243; module_class=&#8221;production_sub_hub_main_wrapper&#8221; _builder_version=&#8221;4.19.3&#8243; _module_preset=&#8221;default&#8221; custom_padding=&#8221;13px||0px|||&#8221; global_colors_info=&#8221;{}&#8221;][et_pb_row module_class=&#8221;recipe_filter_section&#8221; _builder_version=&#8221;4.19.4&#8243; _module_preset=&#8221;default&#8221; max_width=&#8221;90%&#8221; custom_padding=&#8221;||7px|||&#8221; global_colors_info=&#8221;{}&#8221;][et_pb_column type=&#8221;4_4&#8243; _builder_version=&#8221;4.19.4&#8243; _module_preset=&#8221;default&#8221; global_colors_info=&#8221;{}&#8221;][et_pb_code _builder_version=&#8221;4.19.4&#8243; _module_preset=&#8221;default&#8221; global_colors_info=&#8221;{}&#8221;]<div class=\"breadcrumb\"><a href=\"https:\/\/www.granapadano.it\/it-it\/\">Home<\/a>  <  <\/div>[\/et_pb_code][\/et_pb_column][\/et_pb_row][\/et_pb_section][et_pb_section fb_built=&#8221;1&#8243; specialty=&#8221;on&#8221; module_class=&#8221;consortium_main_section&#8221; _builder_version=&#8221;4.19.3&#8243; _module_preset=&#8221;default&#8221; global_colors_info=&#8221;{}&#8221;][et_pb_column type=&#8221;1_2&#8243; _builder_version=&#8221;4.16&#8243; custom_padding=&#8221;|||&#8221; global_colors_info=&#8221;{}&#8221; custom_padding__hover=&#8221;|||&#8221;][et_pb_text _builder_version=&#8221;4.20.0&#8243; _module_preset=&#8221;default&#8221; header_font=&#8221;Merriweather|700|||||||&#8221; header_text_color=&#8221;#221f1c&#8221; header_font_size=&#8221;44px&#8221; header_line_height=&#8221;52px&#8221; width=&#8221;96.7%&#8221; global_colors_info=&#8221;{}&#8221;]<\/p>\n<h1 style=\"text-align: center;\">Caseificio Scala srl<\/h1>\n<p>[\/et_pb_text][\/et_pb_column][et_pb_column type=&#8221;1_2&#8243; specialty_columns=&#8221;2&#8243; _builder_version=&#8221;4.16&#8243; custom_padding=&#8221;|||&#8221; global_colors_info=&#8221;{}&#8221; custom_padding__hover=&#8221;|||&#8221;][et_pb_row_inner column_structure=&#8221;1_2,1_2&#8243; _builder_version=&#8221;4.19.3&#8243; _module_preset=&#8221;default&#8221; min_height=&#8221;104.8px&#8221; global_colors_info=&#8221;{}&#8221;][et_pb_column_inner type=&#8221;1_2&#8243; saved_specialty_column_type=&#8221;1_2&#8243; _builder_version=&#8221;4.19.3&#8243; _module_preset=&#8221;default&#8221; global_colors_info=&#8221;{}&#8221;][et_pb_image src=&#8221;https:\/\/www.granapadano.it\/wp-content\/uploads\/2022\/12\/Tracciato-23521.png&#8221; title_text=&#8221;Tracciato 23521&#8243; _builder_version=&#8221;4.19.5&#8243; _module_preset=&#8221;default&#8221; background_color=&#8221;#ffdc00&#8243; transform_scale=&#8221;90%|90%&#8221; global_colors_info=&#8221;{}&#8221;][\/et_pb_image][\/et_pb_column_inner][et_pb_column_inner type=&#8221;1_2&#8243; saved_specialty_column_type=&#8221;1_2&#8243; _builder_version=&#8221;4.19.3&#8243; _module_preset=&#8221;default&#8221; global_colors_info=&#8221;{}&#8221;][et_pb_text _builder_version=&#8221;4.20.0&#8243; _module_preset=&#8221;default&#8221; text_text_color=&#8221;#0f0f0f&#8221; text_font_size=&#8221;22px&#8221; text_line_height=&#8221;26px&#8221; header_font_size=&#8221;21px&#8221; header_line_height=&#8221;27px&#8221; global_colors_info=&#8221;{}&#8221;]<\/p>\n<p>Matricola: BS611<\/p>\n<p>[\/et_pb_text][\/et_pb_column_inner][\/et_pb_row_inner][et_pb_row_inner column_structure=&#8221;1_2,1_2&#8243; disabled_on=&#8221;off|off|off&#8221; _builder_version=&#8221;4.19.3&#8243; _module_preset=&#8221;default&#8221; locked=&#8221;off&#8221; global_colors_info=&#8221;{}&#8221;][et_pb_column_inner type=&#8221;1_2&#8243; saved_specialty_column_type=&#8221;1_2&#8243; _builder_version=&#8221;4.19.3&#8243; _module_preset=&#8221;default&#8221; global_colors_info=&#8221;{}&#8221;][et_pb_image src=&#8221;https:\/\/www.granapadano.it\/wp-content\/uploads\/2022\/12\/Tracciato-23514.png&#8221; title_text=&#8221;Tracciato 23514&#8243; _builder_version=&#8221;4.19.3&#8243; _module_preset=&#8221;default&#8221; background_color=&#8221;#ffdc00&#8243; global_colors_info=&#8221;{}&#8221;][\/et_pb_image][\/et_pb_column_inner][et_pb_column_inner type=&#8221;1_2&#8243; saved_specialty_column_type=&#8221;1_2&#8243; _builder_version=&#8221;4.19.3&#8243; _module_preset=&#8221;default&#8221; global_colors_info=&#8221;{}&#8221;][et_pb_text _builder_version=&#8221;4.20.0&#8243; _module_preset=&#8221;default&#8221; text_text_color=&#8221;#0f0f0f&#8221; text_font_size=&#8221;22px&#8221; text_line_height=&#8221;26px&#8221; header_font_size=&#8221;21px&#8221; header_line_height=&#8221;27px&#8221; link_option_url=&#8221;mailto:goitese@latteriagoitese.it&#8221; global_colors_info=&#8221;{}&#8221;]<span style=\"color: #000000;\"><a href=\"mailto:info@caseificioscala.it\" title=\"info@caseificioscala.it\" style=\"color: #000000;\" target=\"_blank\" rel=\"noopener\">info@caseificioscala.it<\/a><\/span>[\/et_pb_text][\/et_pb_column_inner][\/et_pb_row_inner][et_pb_row_inner column_structure=&#8221;1_2,1_2&#8243; disabled_on=&#8221;off|off|off&#8221; _builder_version=&#8221;4.19.3&#8243; _module_preset=&#8221;default&#8221; global_colors_info=&#8221;{}&#8221;][et_pb_column_inner type=&#8221;1_2&#8243; saved_specialty_column_type=&#8221;1_2&#8243; _builder_version=&#8221;4.19.3&#8243; _module_preset=&#8221;default&#8221; global_colors_info=&#8221;{}&#8221;][et_pb_image src=&#8221;https:\/\/www.granapadano.it\/wp-content\/uploads\/2022\/12\/Raggruppa-814.png&#8221; title_text=&#8221;Raggruppa 814&#8243; _builder_version=&#8221;4.19.3&#8243; _module_preset=&#8221;default&#8221; background_color=&#8221;#ffdc00&#8243; global_colors_info=&#8221;{}&#8221;][\/et_pb_image][\/et_pb_column_inner][et_pb_column_inner type=&#8221;1_2&#8243; saved_specialty_column_type=&#8221;1_2&#8243; _builder_version=&#8221;4.19.3&#8243; _module_preset=&#8221;default&#8221; global_colors_info=&#8221;{}&#8221;][et_pb_text _builder_version=&#8221;4.20.2&#8243; _module_preset=&#8221;default&#8221; text_text_color=&#8221;#0f0f0f&#8221; text_font_size=&#8221;22px&#8221; text_line_height=&#8221;26px&#8221; header_font_size=&#8221;21px&#8221; header_line_height=&#8221;27px&#8221; global_colors_info=&#8221;{}&#8221;]<\/p>\n<p>T: <span>030 950031<\/span> | F: <span>030 950175<\/span><\/p>\n<p>[\/et_pb_text][\/et_pb_column_inner][\/et_pb_row_inner][et_pb_row_inner column_structure=&#8221;1_2,1_2&#8243; disabled_on=&#8221;off|off|off&#8221; _builder_version=&#8221;4.19.3&#8243; _module_preset=&#8221;default&#8221; global_colors_info=&#8221;{}&#8221;][et_pb_column_inner type=&#8221;1_2&#8243; saved_specialty_column_type=&#8221;1_2&#8243; _builder_version=&#8221;4.19.3&#8243; _module_preset=&#8221;default&#8221; global_colors_info=&#8221;{}&#8221;][et_pb_image src=&#8221;https:\/\/www.granapadano.it\/wp-content\/uploads\/2022\/12\/Raggruppa-818.png&#8221; title_text=&#8221;Raggruppa 818&#8243; disabled_on=&#8221;off|off|off&#8221; _builder_version=&#8221;4.19.3&#8243; _module_preset=&#8221;default&#8221; background_color=&#8221;#ffdc00&#8243; global_colors_info=&#8221;{}&#8221;][\/et_pb_image][\/et_pb_column_inner][et_pb_column_inner type=&#8221;1_2&#8243; saved_specialty_column_type=&#8221;1_2&#8243; _builder_version=&#8221;4.19.3&#8243; _module_preset=&#8221;default&#8221; global_colors_info=&#8221;{}&#8221;][et_pb_text disabled_on=&#8221;off|off|off&#8221; _builder_version=&#8221;4.20.2&#8243; _module_preset=&#8221;default&#8221; text_text_color=&#8221;#0f0f0f&#8221; text_font_size=&#8221;22px&#8221; text_line_height=&#8221;26px&#8221; header_font_size=&#8221;21px&#8221; header_line_height=&#8221;27px&#8221; global_colors_info=&#8221;{}&#8221;]<\/p>\n<p class=\"p1\"><span>Via Durini, 26<\/span><br \/><span>20122 &#8211; Milano (MI)<\/span><\/p>\n<p>[\/et_pb_text][\/et_pb_column_inner][\/et_pb_row_inner][et_pb_row_inner column_structure=&#8221;1_2,1_2&#8243; disabled_on=&#8221;off|off|off&#8221; _builder_version=&#8221;4.19.3&#8243; _module_preset=&#8221;default&#8221; global_colors_info=&#8221;{}&#8221;][et_pb_column_inner type=&#8221;1_2&#8243; saved_specialty_column_type=&#8221;1_2&#8243; _builder_version=&#8221;4.19.3&#8243; _module_preset=&#8221;default&#8221; global_colors_info=&#8221;{}&#8221;][et_pb_image src=&#8221;https:\/\/www.granapadano.it\/wp-content\/uploads\/2022\/12\/Raggruppa-816.png&#8221; title_text=&#8221;Raggruppa 816&#8243; disabled_on=&#8221;off|off|off&#8221; _builder_version=&#8221;4.19.5&#8243; _module_preset=&#8221;default&#8221; background_color=&#8221;#ffdc00&#8243; global_colors_info=&#8221;{}&#8221;][\/et_pb_image][\/et_pb_column_inner][et_pb_column_inner type=&#8221;1_2&#8243; saved_specialty_column_type=&#8221;1_2&#8243; _builder_version=&#8221;4.19.3&#8243; _module_preset=&#8221;default&#8221; global_colors_info=&#8221;{}&#8221;][et_pb_text disabled_on=&#8221;off|off|off&#8221; _builder_version=&#8221;4.20.0&#8243; _module_preset=&#8221;default&#8221; text_text_color=&#8221;#0f0f0f&#8221; text_font_size=&#8221;22px&#8221; text_line_height=&#8221;26px&#8221; header_font_size=&#8221;21px&#8221; header_line_height=&#8221;27px&#8221; locked=&#8221;off&#8221; global_colors_info=&#8221;{}&#8221;]<span style=\"color: #000000;\"><a href=\"http:\/\/www.caseificioscala.it\" target=\"_blank\" rel=\"noopener\" style=\"color: #000000;\">caseificioscala.it<\/a><\/span> <img decoding=\"async\" src=\"https:\/\/granapadano.kleecks-cdn.com\/wp-content\/uploads\/2022\/12\/next.svg\" width=\"undefined\" height=\"undefined\" alt=\"\" class=\"wp-image-1443 alignnone size-full\" \/>[\/et_pb_text][\/et_pb_column_inner][\/et_pb_row_inner][\/et_pb_column][\/et_pb_section][et_pb_section fb_built=&#8221;1&#8243; module_class=&#8221;map_with_content_sec&#8221; _builder_version=&#8221;4.20.2&#8243; _module_preset=&#8221;default&#8221; background_color=&#8221;#f7f7f7&#8243; custom_padding=&#8221;60px||0px||false|false&#8221; locked=&#8221;off&#8221; global_colors_info=&#8221;{}&#8221;][et_pb_row column_structure=&#8221;1_3,2_3&#8243; _builder_version=&#8221;4.20.2&#8243; _module_preset=&#8221;default&#8221; max_width=&#8221;90%&#8221; custom_padding=&#8221;3px||40px||false|false&#8221; global_colors_info=&#8221;{}&#8221;][et_pb_column type=&#8221;1_3&#8243; module_class=&#8221;gp_new_map_text &#8221; _builder_version=&#8221;4.20.2&#8243; _module_preset=&#8221;default&#8221; global_colors_info=&#8221;{}&#8221;][et_pb_code _builder_version=&#8221;4.20.2&#8243; _module_preset=&#8221;default&#8221; global_colors_info=&#8221;{}&#8221;]<div id=\"map\" data-lat=\"45.2714535\" data-lng=\"10.3472954\"  style=\"height:400px\" \n                    data-title=\"Caseificio Scala Srl\"\n                    data-address=\"Via per Gambara, 1 25020 Fiesse (BS)\" \n                    data-tel=\"030 950031\" \n                    data-email=\"info@caseificioscala.it\" \n                    data-fax=\"030 950175\" \n                    data-website=\"https:\/\/www.caseificioscala.it\">\n                  <\/div>[\/et_pb_code][\/et_pb_column][et_pb_column type=&#8221;2_3&#8243; _builder_version=&#8221;4.20.2&#8243; _module_preset=&#8221;default&#8221; global_colors_info=&#8221;{}&#8221;][et_pb_text _builder_version=&#8221;4.20.2&#8243; _module_preset=&#8221;default&#8221; text_font=&#8221;FontPadano-Bold|300|||||||&#8221; text_text_color=&#8221;#000000&#8243; text_font_size=&#8221;24px&#8221; background_color=&#8221;gcid-26f0371c-74dd-4e63-bbf8-f8ec94f09a6d&#8221; text_orientation=&#8221;center&#8221; width=&#8221;42.7%&#8221; width_tablet=&#8221;50%&#8221; width_phone=&#8221;auto&#8221; width_last_edited=&#8221;on|desktop&#8221; max_width=&#8221;100%&#8221; custom_margin=&#8221;0px||35px||false|false&#8221; custom_padding=&#8221;2px|20px|20px|20px|false|false&#8221; border_radii=&#8221;on|50px|50px|50px|50px&#8221; locked=&#8221;off&#8221; global_colors_info=&#8221;{%22gcid-26f0371c-74dd-4e63-bbf8-f8ec94f09a6d%22:%91%22background_color%22%93}&#8221;]<\/p>\n<div class=\"related_tax\"><span style=\"font-size: medium;\">Caseificio Scala Srl<\/span><\/div>\n<p>[\/et_pb_text][et_pb_text disabled_on=&#8221;off|off|off&#8221; _builder_version=&#8221;4.20.2&#8243; _module_preset=&#8221;default&#8221; text_font=&#8221;Merriweather|300|||||||&#8221; text_text_color=&#8221;#0f0f0f&#8221; text_font_size=&#8221;18px&#8221; text_line_height=&#8221;26px&#8221; width=&#8221;98%&#8221; global_colors_info=&#8221;{}&#8221;]<\/p>\n<p><span><strong>SEDE PRODUTTIVA:<\/strong><\/span><br \/><span>Via per Gambara, 1<\/span><br \/><span>25020 &#8211; Fiesse (BS)<\/span><\/p>\n<p>[\/et_pb_text][\/et_pb_column][\/et_pb_row][et_pb_row column_structure=&#8221;1_3,2_3&#8243; module_class=&#8221;article_sub_img_text_content&#8221; _builder_version=&#8221;4.20.2&#8243; _module_preset=&#8221;default&#8221; max_width=&#8221;94%&#8221; custom_margin=&#8221;|auto||auto|false|false&#8221; custom_padding=&#8221;||40px||false|false&#8221; global_colors_info=&#8221;{}&#8221;][et_pb_column type=&#8221;1_3&#8243; module_class=&#8221;article_sub_img_wrap&#8221; _builder_version=&#8221;4.20.2&#8243; _module_preset=&#8221;default&#8221; global_colors_info=&#8221;{}&#8221;][et_pb_image src=&#8221;https:\/\/www.granapadano.it\/wp-content\/uploads\/2023\/02\/bs611-21377.jpg&#8221; title_text=&#8221;bs611-21377&#8243; align=&#8221;center&#8221; _builder_version=&#8221;4.20.0&#8243; _module_preset=&#8221;default&#8221; border_radii=&#8221;on|20px|20px|20px|20px&#8221; global_colors_info=&#8221;{}&#8221;][\/et_pb_image][\/et_pb_column][et_pb_column type=&#8221;2_3&#8243; module_class=&#8221;article_sub_text_wrap&#8221; _builder_version=&#8221;4.20.2&#8243; _module_preset=&#8221;default&#8221; global_colors_info=&#8221;{}&#8221;][et_pb_text _builder_version=&#8221;4.20.0&#8243; _module_preset=&#8221;default&#8221; text_font=&#8221;Merriweather|300|||||||&#8221; text_text_color=&#8221;#0f0f0f&#8221; text_font_size=&#8221;18px&#8221; text_line_height=&#8221;26px&#8221; width=&#8221;98%&#8221; global_colors_info=&#8221;{}&#8221;]<\/p>\n<p>Oggi siamo a Fiesse, un lembo di terra al confine con Cremona e Mantova, ultimo paese della provincia di Brescia.<\/p>\n<p>Siamo in compagnia di Giuseppe Santus, dal quale apprendiamo che il Caseificio Scala \u00e8 nato nel 1890 grazie al suo bisnonno Angelo Scala.<\/p>\n<p>Da allora il caseificio ha potenziato l\u2019attivit\u00e0 grazie al nonno Giovanni Battista che \u00e8 riuscito a tramandare la passione per il lavoro e l\u2019azienda anche alle sue quattro figlie.<\/p>\n<p>[\/et_pb_text][\/et_pb_column][\/et_pb_row][et_pb_row column_structure=&#8221;1_3,2_3&#8243; module_class=&#8221;article_sub_img_text_content_left&#8221; _builder_version=&#8221;4.20.2&#8243; _module_preset=&#8221;default&#8221; max_width=&#8221;94%&#8221; custom_padding=&#8221;||40px||false|false&#8221; global_colors_info=&#8221;{}&#8221;][et_pb_column type=&#8221;1_3&#8243; module_class=&#8221;article_sub_img_wrap_left&#8221; _builder_version=&#8221;4.20.2&#8243; _module_preset=&#8221;default&#8221; global_colors_info=&#8221;{}&#8221;][et_pb_image src=&#8221;https:\/\/www.granapadano.it\/wp-content\/uploads\/2023\/02\/02-37475.jpg&#8221; title_text=&#8221;02-37475&#8243; align=&#8221;center&#8221; _builder_version=&#8221;4.20.0&#8243; _module_preset=&#8221;default&#8221; border_radii=&#8221;on|20px|20px|20px|20px&#8221; global_colors_info=&#8221;{}&#8221;][\/et_pb_image][\/et_pb_column][et_pb_column type=&#8221;2_3&#8243; module_class=&#8221;article_sub_text_wrap_left&#8221; _builder_version=&#8221;4.20.2&#8243; _module_preset=&#8221;default&#8221; global_colors_info=&#8221;{}&#8221;][et_pb_text _builder_version=&#8221;4.20.2&#8243; _module_preset=&#8221;default&#8221; text_font=&#8221;Merriweather|300|||||||&#8221; text_text_color=&#8221;#0f0f0f&#8221; text_font_size=&#8221;18px&#8221; text_line_height=&#8221;26px&#8221; width=&#8221;97.1%&#8221; custom_margin=&#8221;|||18px||&#8221; global_colors_info=&#8221;{}&#8221;]<\/p>\n<p><strong><em>\u201cMia mamma ha preso in mano l\u2019attivit\u00e0 come amministratore e poi sono subentrato io con le mie sorelle Maria e Francesca.\u201d<\/em><\/strong><\/p>\n<p>E\u2019 stato il nonno a dare il via all\u2019attivit\u00e0 di produzione del Grana Padano ed \u00e8 stato anche uno dei fondatori del Consorzio di Tutela. Inizialmente il caseificio produceva anche fontina, finch\u00e9 la legge lo ha consentito, Gorgonzola e Provolone, ma ad un certo punto \u00e8 stato deciso di portare avanti solo la produzione di Grana Padano.<\/p>\n<p><strong><em>Io sono arrivato in azienda dopo la morte del nonno, avevo 21 anni e appena terminato gli studi in Economia e Commercio, mi sono dedicato interamente all\u2019azienda e anche al Consorzio di Tutela!<\/em><\/strong><\/p>\n<p>[\/et_pb_text][\/et_pb_column][\/et_pb_row][et_pb_row column_structure=&#8221;1_3,2_3&#8243; module_class=&#8221;article_sub_img_text_content&#8221; _builder_version=&#8221;4.20.2&#8243; _module_preset=&#8221;default&#8221; max_width=&#8221;94%&#8221; min_height=&#8221;264px&#8221; custom_margin=&#8221;|auto|0px|auto||&#8221; custom_padding=&#8221;||40px||false|false&#8221; global_colors_info=&#8221;{}&#8221;][et_pb_column type=&#8221;1_3&#8243; module_class=&#8221;article_sub_img_wrap&#8221; _builder_version=&#8221;4.19.3&#8243; _module_preset=&#8221;default&#8221; global_colors_info=&#8221;{}&#8221;][et_pb_image src=&#8221;https:\/\/www.granapadano.it\/wp-content\/uploads\/2023\/02\/3-37479-1.jpg&#8221; title_text=&#8221;3-37479-1&#8243; align=&#8221;center&#8221; _builder_version=&#8221;4.20.0&#8243; _module_preset=&#8221;default&#8221; border_radii=&#8221;on|20px|20px|20px|20px&#8221; global_colors_info=&#8221;{}&#8221;][\/et_pb_image][\/et_pb_column][et_pb_column type=&#8221;2_3&#8243; module_class=&#8221;article_sub_text_wrap&#8221; _builder_version=&#8221;4.20.2&#8243; _module_preset=&#8221;default&#8221; global_colors_info=&#8221;{}&#8221;][et_pb_text _builder_version=&#8221;4.20.0&#8243; _module_preset=&#8221;default&#8221; text_font=&#8221;Merriweather|300|||||||&#8221; text_text_color=&#8221;#0f0f0f&#8221; text_font_size=&#8221;18px&#8221; text_line_height=&#8221;26px&#8221; width=&#8221;98%&#8221; global_colors_info=&#8221;{}&#8221;]Qui la produzione \u00e8 attiva 7 giorni su 7 \u2013 365 giorni anno, non \u00e8 mai stata sospesa, nemmeno nel periodo estivo dove si diminuiscono i quantitativi ma sempre mantenendo un livello minimo.<\/p>\n<p>Particolare attenzione viene giustamente prestata alla qualit\u00e0 del latte e al rispetto dello stesso nelle diverse fasi di lavorazione. Giuseppe ci tiene a sottolineare che per avere del buon latte bisogna avere mandrie ben custodite e alimentate coerentemente alla tipologia di latte che si vuole ottenere, sempre nel rispetto del disciplinare.[\/et_pb_text][\/et_pb_column][\/et_pb_row][et_pb_row column_structure=&#8221;1_3,2_3&#8243; module_class=&#8221;article_sub_img_text_content_left&#8221; _builder_version=&#8221;4.20.2&#8243; _module_preset=&#8221;default&#8221; max_width=&#8221;94%&#8221; custom_padding=&#8221;||40px||false|false&#8221; global_colors_info=&#8221;{}&#8221;][et_pb_column type=&#8221;1_3&#8243; module_class=&#8221;article_sub_img_wrap_left&#8221; _builder_version=&#8221;4.20.2&#8243; _module_preset=&#8221;default&#8221; global_colors_info=&#8221;{}&#8221;][et_pb_image src=&#8221;https:\/\/www.granapadano.it\/wp-content\/uploads\/2023\/02\/4-37480.jpg&#8221; title_text=&#8221;4-37480&#8243; align=&#8221;center&#8221; _builder_version=&#8221;4.20.0&#8243; _module_preset=&#8221;default&#8221; border_radii=&#8221;on|20px|20px|20px|20px&#8221; global_colors_info=&#8221;{}&#8221;][\/et_pb_image][\/et_pb_column][et_pb_column type=&#8221;2_3&#8243; module_class=&#8221;article_sub_text_wrap_left&#8221; _builder_version=&#8221;4.20.2&#8243; _module_preset=&#8221;default&#8221; global_colors_info=&#8221;{}&#8221;][et_pb_text _builder_version=&#8221;4.20.2&#8243; _module_preset=&#8221;default&#8221; text_font=&#8221;Merriweather|300|||||||&#8221; text_text_color=&#8221;#0f0f0f&#8221; text_font_size=&#8221;18px&#8221; text_line_height=&#8221;26px&#8221; width=&#8221;97.1%&#8221; custom_margin=&#8221;|||18px||&#8221; global_colors_info=&#8221;{}&#8221;]<\/p>\n<p><strong><em>&#8220;Tendenzialmente si predilige la qualit\u00e0 intrinseca del latte talvolta a discapito anche della quantit\u00e0!&#8221;<\/em><\/strong><\/p>\n<p>Viene selezionato solo il latte di alcune stalle per ottenere i sieri innesti di qualit\u00e0 che vengono anche analizzati periodicamente per essere sempre certi di avere un buon prodotto, fondamentale nella tecnologia di trasformazione e nella riuscita del formaggio!<\/p>\n<p>[\/et_pb_text][\/et_pb_column][\/et_pb_row][et_pb_row column_structure=&#8221;1_3,2_3&#8243; module_class=&#8221;article_sub_img_text_content&#8221; _builder_version=&#8221;4.20.2&#8243; _module_preset=&#8221;default&#8221; max_width=&#8221;94%&#8221; custom_padding=&#8221;||1px|||&#8221; global_colors_info=&#8221;{}&#8221;][et_pb_column type=&#8221;1_3&#8243; module_class=&#8221;article_sub_img_wrap&#8221; _builder_version=&#8221;4.20.2&#8243; _module_preset=&#8221;default&#8221; global_colors_info=&#8221;{}&#8221;][et_pb_image src=&#8221;https:\/\/www.granapadano.it\/wp-content\/uploads\/2023\/02\/5-6-37481.jpg&#8221; title_text=&#8221;5-6-37481&#8243; align=&#8221;center&#8221; _builder_version=&#8221;4.20.0&#8243; _module_preset=&#8221;default&#8221; border_radii=&#8221;on|20px|20px|20px|20px&#8221; global_colors_info=&#8221;{}&#8221;][\/et_pb_image][\/et_pb_column][et_pb_column type=&#8221;2_3&#8243; module_class=&#8221;article_sub_text_wrap&#8221; _builder_version=&#8221;4.20.2&#8243; _module_preset=&#8221;default&#8221; global_colors_info=&#8221;{}&#8221;][et_pb_text _builder_version=&#8221;4.20.2&#8243; _module_preset=&#8221;default&#8221; text_font=&#8221;Merriweather|300|||||||&#8221; text_text_color=&#8221;#0f0f0f&#8221; text_font_size=&#8221;18px&#8221; text_line_height=&#8221;26px&#8221; width=&#8221;98%&#8221; global_colors_info=&#8221;{}&#8221;]<\/p>\n<p><span>Fino agli anni &#8217;90 i magazzini erano vicini al l&#8217;abitazione di famiglia. Poi a seguito di un incendio, al momento della ricostruzione, l\u2019azienda ha deciso di ampliare le strutture della sede e quindi \u00e8 stato realizzato un ampliamento di tutta la parte di salina e magazzino. Nel 2000 invece \u00e8 stata rimodernata e automatizzata la cucina di produzione.<\/span><\/p>\n<p><strong><em>&#8220;Nonostante l&#8217;impulso tecnologico per\u00f2 ci teniamo a mantenere inalterata la tradizione sempre nel rispetto delle regole con particolare attenzione alla qualit\u00e0.<\/em><em>&#8220;<\/em><\/strong><\/p>\n<p><span>A Giuseppe, nostro vice presidente vicario, il ringraziamento particolare del Consorzio, per l\u2019originalit\u00e0 e la simpatia che porta all\u2019arrivo in sede e la grande passione sempre dimostrata per il nostro formaggio.<\/span><\/p>\n<p>[\/et_pb_text][\/et_pb_column][\/et_pb_row][\/et_pb_section]<\/p>\n","protected":false},"excerpt":{"rendered":"<p>BS611 \/n Citt\u00e0: Fiesse (BS)<\/p>\n","protected":false},"featured_media":151938,"parent":0,"menu_order":61,"template":"","meta":{"_acf_changed":false,"_et_pb_use_builder":"on","_et_pb_old_content":"[et_pb_section fb_built=\"1\" fullwidth=\"on\" _builder_version=\"4.19.2\" _module_preset=\"default\" locked=\"off\" global_colors_info=\"{}\"][et_pb_fullwidth_image src=\"https:\/\/granapadano.kleecks-cdn.com\/wp-content\/uploads\/2022\/12\/testata-consorz.jpg\" title_text=\"testata-consorz\" _builder_version=\"4.19.3\" _module_preset=\"default\" global_colors_info=\"{}\"][\/et_pb_fullwidth_image][\/et_pb_section][et_pb_section fb_built=\"1\" _builder_version=\"4.19.3\" _module_preset=\"default\" custom_padding=\"||||false|false\" global_colors_info=\"{}\"][et_pb_row _builder_version=\"4.19.3\" _module_preset=\"default\" custom_padding=\"0px||0px||false|false\" global_colors_info=\"{}\"][et_pb_column type=\"4_4\" _builder_version=\"4.19.3\" _module_preset=\"default\" global_colors_info=\"{}\"][et_pb_code _builder_version=\"4.19.3\" _module_preset=\"default\" global_colors_info=\"{}\"][custom_breadcrumbs][\/et_pb_code][\/et_pb_column][\/et_pb_row][\/et_pb_section][et_pb_section fb_built=\"1\" specialty=\"on\" module_class=\"consortium_main_section\" _builder_version=\"4.19.3\" _module_preset=\"default\" global_colors_info=\"{}\"][et_pb_column type=\"1_2\" _builder_version=\"4.16\" custom_padding=\"|||\" global_colors_info=\"{}\" custom_padding__hover=\"|||\"][et_pb_text _builder_version=\"4.19.4\" _module_preset=\"default\" header_font=\"Merriweather|700|||||||\" header_text_color=\"#221f1c\" header_font_size=\"80px\" hover_enabled=\"0\" global_colors_info=\"{}\" header_line_height=\"70px\" sticky_enabled=\"0\"]\r\n<h1 style=\"text-align: center\">LATTERIA COOPERATIVA GOITESE SOCIET\u00c0 AGRICOLA COOP.VA 21<\/h1>\r\n[\/et_pb_text][\/et_pb_column][et_pb_column type=\"1_2\" specialty_columns=\"2\" _builder_version=\"4.16\" custom_padding=\"|||\" global_colors_info=\"{}\" custom_padding__hover=\"|||\"][et_pb_row_inner column_structure=\"1_2,1_2\" _builder_version=\"4.19.3\" _module_preset=\"default\" min_height=\"104.8px\" global_colors_info=\"{}\"][et_pb_column_inner type=\"1_2\" saved_specialty_column_type=\"1_2\" _builder_version=\"4.19.3\" _module_preset=\"default\" global_colors_info=\"{}\"][et_pb_image src=\"https:\/\/granapadano.kleecks-cdn.com\/wp-content\/uploads\/2022\/12\/Tracciato-23521.png\" title_text=\"Tracciato 23521\" _builder_version=\"4.19.3\" _module_preset=\"default\" background_color=\"#ffdc00\" global_colors_info=\"{}\"][\/et_pb_image][\/et_pb_column_inner][et_pb_column_inner type=\"1_2\" saved_specialty_column_type=\"1_2\" _builder_version=\"4.19.3\" _module_preset=\"default\" global_colors_info=\"{}\"][et_pb_text _builder_version=\"4.19.3\" _module_preset=\"default\" text_font=\"Merriweather||||||||\" text_text_color=\"#0f0f0f\" text_font_size=\"26px\" global_colors_info=\"{}\"]\r\n\r\nMatricola: MN461\r\n\r\n[\/et_pb_text][\/et_pb_column_inner][\/et_pb_row_inner][et_pb_row_inner column_structure=\"1_2,1_2\" _builder_version=\"4.19.3\" _module_preset=\"default\" global_colors_info=\"{}\"][et_pb_column_inner type=\"1_2\" saved_specialty_column_type=\"1_2\" _builder_version=\"4.19.3\" _module_preset=\"default\" global_colors_info=\"{}\"][et_pb_image src=\"https:\/\/granapadano.kleecks-cdn.com\/wp-content\/uploads\/2022\/12\/Tracciato-23514.png\" title_text=\"Tracciato 23514\" _builder_version=\"4.19.3\" _module_preset=\"default\" background_color=\"#ffdc00\" global_colors_info=\"{}\"][\/et_pb_image][\/et_pb_column_inner][et_pb_column_inner type=\"1_2\" saved_specialty_column_type=\"1_2\" _builder_version=\"4.19.3\" _module_preset=\"default\" global_colors_info=\"{}\"][et_pb_text _builder_version=\"4.19.3\" _module_preset=\"default\" text_font=\"Merriweather||||||||\" text_text_color=\"#0f0f0f\" text_font_size=\"26px\" global_colors_info=\"{}\"]\r\n\r\ngoitese@latteriagoitese.it\r\n\r\n[\/et_pb_text][\/et_pb_column_inner][\/et_pb_row_inner][et_pb_row_inner column_structure=\"1_2,1_2\" _builder_version=\"4.19.3\" _module_preset=\"default\" global_colors_info=\"{}\"][et_pb_column_inner type=\"1_2\" saved_specialty_column_type=\"1_2\" _builder_version=\"4.19.3\" _module_preset=\"default\" global_colors_info=\"{}\"][et_pb_image src=\"https:\/\/granapadano.kleecks-cdn.com\/wp-content\/uploads\/2022\/12\/Raggruppa-814.png\" title_text=\"Raggruppa 814\" _builder_version=\"4.19.3\" _module_preset=\"default\" background_color=\"#ffdc00\" global_colors_info=\"{}\"][\/et_pb_image][\/et_pb_column_inner][et_pb_column_inner type=\"1_2\" saved_specialty_column_type=\"1_2\" _builder_version=\"4.19.3\" _module_preset=\"default\" global_colors_info=\"{}\"][et_pb_text _builder_version=\"4.19.3\" _module_preset=\"default\" text_font=\"Merriweather||||||||\" text_text_color=\"#0f0f0f\" text_font_size=\"26px\" global_colors_info=\"{}\"]\r\n\r\nT: 0376 686940 | F: 0376 605995\r\n\r\n[\/et_pb_text][\/et_pb_column_inner][\/et_pb_row_inner][et_pb_row_inner column_structure=\"1_2,1_2\" _builder_version=\"4.19.3\" _module_preset=\"default\" global_colors_info=\"{}\"][et_pb_column_inner type=\"1_2\" saved_specialty_column_type=\"1_2\" _builder_version=\"4.19.3\" _module_preset=\"default\" global_colors_info=\"{}\"][et_pb_image src=\"https:\/\/granapadano.kleecks-cdn.com\/wp-content\/uploads\/2022\/12\/Raggruppa-818.png\" title_text=\"Raggruppa 818\" _builder_version=\"4.19.3\" _module_preset=\"default\" background_color=\"#ffdc00\" global_colors_info=\"{}\"][\/et_pb_image][\/et_pb_column_inner][et_pb_column_inner type=\"1_2\" saved_specialty_column_type=\"1_2\" _builder_version=\"4.19.3\" _module_preset=\"default\" global_colors_info=\"{}\"][et_pb_text _builder_version=\"4.19.3\" _module_preset=\"default\" text_font=\"Merriweather||||||||\" text_text_color=\"#0f0f0f\" text_font_size=\"26px\" global_colors_info=\"{}\"]\r\n\r\nVia Torre, 81\/A 46044 - Goito (MN)\r\n\r\n[\/et_pb_text][\/et_pb_column_inner][\/et_pb_row_inner][et_pb_row_inner column_structure=\"1_2,1_2\" _builder_version=\"4.19.3\" _module_preset=\"default\" global_colors_info=\"{}\"][et_pb_column_inner type=\"1_2\" saved_specialty_column_type=\"1_2\" _builder_version=\"4.19.3\" _module_preset=\"default\" global_colors_info=\"{}\"][et_pb_image src=\"https:\/\/granapadano.kleecks-cdn.com\/wp-content\/uploads\/2022\/12\/Raggruppa-816.png\" title_text=\"Raggruppa 816\" _builder_version=\"4.19.3\" _module_preset=\"default\" background_color=\"#ffdc00\" global_colors_info=\"{}\"][\/et_pb_image][\/et_pb_column_inner][et_pb_column_inner type=\"1_2\" saved_specialty_column_type=\"1_2\" _builder_version=\"4.19.3\" _module_preset=\"default\" global_colors_info=\"{}\"][et_pb_text _builder_version=\"4.19.3\" _module_preset=\"default\" text_font=\"Merriweather||||||||\" text_text_color=\"#0f0f0f\" text_font_size=\"26px\" global_colors_info=\"{}\"]\r\n\r\nlatteriagoitese.it <img src=\"https:\/\/granapadano.kleecks-cdn.com\/wp-content\/uploads\/2022\/12\/next.svg\" width=\"undefined\" height=\"undefined\" alt=\"\" class=\"wp-image-1443 alignnone size-full\">\r\n\r\n[\/et_pb_text][\/et_pb_column_inner][\/et_pb_row_inner][\/et_pb_column][\/et_pb_section][et_pb_section fb_built=\"1\" module_class=\"map_with_content_sec\" _builder_version=\"4.19.3\" _module_preset=\"default\" background_color=\"#f7f7f7\" custom_padding=\"91px||74px||false|false\" global_colors_info=\"{}\"][et_pb_row column_structure=\"1_3,2_3\" _builder_version=\"4.19.3\" _module_preset=\"default\" width=\"90%\" max_width=\"90%\" custom_padding=\"3px|||||\" global_colors_info=\"{}\"][et_pb_column type=\"1_3\" _builder_version=\"4.19.3\" _module_preset=\"default\" global_colors_info=\"{}\"][et_pb_button button_text=\"Lorem Ipsum\" _builder_version=\"4.19.4\" _module_preset=\"default\" custom_button=\"on\" button_text_size=\"26px\" button_text_color=\"#0f0f0f\" button_bg_color=\"#ffdc00\" button_border_color=\"#ffdc00\" button_border_radius=\"48px\" button_font=\"FontPadano-Bold|700|||||||\" button_use_icon=\"off\" hover_enabled=\"0\" global_colors_info=\"{}\" locked=\"off\" module_class=\"mobile_btn\" sticky_enabled=\"0\"][\/et_pb_button][et_pb_code _builder_version=\"4.19.3\" _module_preset=\"default\" locked=\"off\" global_colors_info=\"{}\"]\r\n<div style=\"width: 100%\"><iframe width=\"395\" height=\"395\" frameborder=\"0\" src=\"https:\/\/maps.google.com\/maps?width=395&height=395&hl=en&q=Luna%20Farm+()&t=&z=14&ie=UTF8&iwloc=B&output=embed\"><a href=\"https:\/\/www.maps.ie\/distance-area-calculator.html\">measure distance on map<\/a><\/iframe><\/div>\r\n[\/et_pb_code][\/et_pb_column][et_pb_column type=\"2_3\" _builder_version=\"4.19.3\" _module_preset=\"default\" global_colors_info=\"{}\"][et_pb_button button_text=\"Lorem Ipsum\" _builder_version=\"4.19.3\" _module_preset=\"default\" custom_button=\"on\" button_text_size=\"26px\" button_text_color=\"#0f0f0f\" button_bg_color=\"#ffdc00\" button_border_color=\"#ffdc00\" button_border_radius=\"48px\" button_font=\"FontPadano-Bold|700|||||||\" button_use_icon=\"off\" global_colors_info=\"{}\"][\/et_pb_button][et_pb_text _builder_version=\"4.19.3\" _module_preset=\"default\" text_font=\"Merriweather||||||||\" text_text_color=\"#0f0f0f\" text_font_size=\"26px\" text_line_height=\"31px\" global_colors_info=\"{}\"]\r\n\r\nOggi siamo nella campagna vicino a Goito, in provincia di Mantova, alla Latteria Goitese dove fervono i preparativi per i festeggiamenti del 50\u00b0 anniversario.\r\n\r\nL\u2019idea \u00e8 quella di fare una messa con tutti i soci e gli amici della latteria, una benedizione ai locali e poi una cena, sempre in caseificio. Un grande traguardo, fatto del sacrificio di tante persone che per\u00f2 \u00e8 anche una grande soddisfazione: oggi il Caseificio continua a lavorare molto bene ed ha grandi progetti di ampliamento.\r\n\r\n[\/et_pb_text][\/et_pb_column][\/et_pb_row][et_pb_row _builder_version=\"4.19.3\" _module_preset=\"default\" width=\"90%\" max_width=\"90%\" custom_padding=\"||4px|||\" global_colors_info=\"{}\"][et_pb_column type=\"4_4\" _builder_version=\"4.19.3\" _module_preset=\"default\" global_colors_info=\"{}\"][et_pb_text _builder_version=\"4.19.3\" _module_preset=\"default\" text_font=\"Merriweather||||||||\" text_text_color=\"#0f0f0f\" text_font_size=\"26px\" text_line_height=\"31px\" global_colors_info=\"{}\"]\r\n\r\nMassimo Dalzini \u00e8 orgoglioso di essere presidente di questa realt\u00e0 e felice di constatare che le nuove generazioni vogliono portare avanti il lavoro in caseificio.\r\n\u201cNon \u00e8 cos\u00ec scontato, \u00e8 un lavoro duro. Sia per la parte produttiva ma anche per tutto quello che riguarda il lavoro dei campi e nelle stalle\u201d\r\n\r\nAl momento la produzione \u00e8 di 134 forme di Grana Padano al giorno ma l\u2019idea \u00e8 di aumentare nel prossimo periodo, per questo sono iniziati i lavori di costruzione di un nuovo magazzino di stagionatura e da pochi anni \u00e8 stata costruita una nuova salina con capienza pi\u00f9 elevata. Per tutti questi lavori si \u00e8 guardato a nuove tecnologie e al risparmio energetico.\r\n\r\n[\/et_pb_text][\/et_pb_column][\/et_pb_row][\/et_pb_section][et_pb_section fb_built=\"1\" module_class=\"consortium_msin_slider\" _builder_version=\"4.19.3\" _module_preset=\"default\" custom_padding=\"62px||62px||false|false\" global_colors_info=\"{}\"][et_pb_row _builder_version=\"4.19.3\" _module_preset=\"default\" width=\"90%\" max_width=\"90%\" global_colors_info=\"{}\"][et_pb_column type=\"4_4\" _builder_version=\"4.19.3\" _module_preset=\"default\" global_colors_info=\"{}\"][ba_image_carousel animation_speed=\"400ms\" is_autoplay=\"off\" slide_count=\"4\" nav_icon_size=\"50px\" nav_color=\"#000000\" nav_bg=\"RGBA(255,255,255,0)\" nav_pos_x=\"-50px\" slide_count_tablet=\"2\" slide_count_phone=\"1\" slide_count_last_edited=\"on|tablet\" _builder_version=\"4.19.3\" _module_preset=\"default\" width=\"100%\" custom_padding=\"0px||0px|||\" global_colors_info=\"{}\"][ba_image_carousel_child photo=\"https:\/\/granapadano.kleecks-cdn.com\/wp-content\/uploads\/2022\/12\/98ac641fe1d808c.png\" _builder_version=\"4.19.3\" _module_preset=\"default\" global_colors_info=\"{}\"][\/ba_image_carousel_child][ba_image_carousel_child photo=\"https:\/\/granapadano.kleecks-cdn.com\/wp-content\/uploads\/2022\/12\/fe2a2413c646a32.png\" _builder_version=\"4.19.3\" _module_preset=\"default\" global_colors_info=\"{}\"][\/ba_image_carousel_child][ba_image_carousel_child photo=\"https:\/\/granapadano.kleecks-cdn.com\/wp-content\/uploads\/2022\/12\/b71d2e3d4117b4f.png\" _builder_version=\"4.19.3\" _module_preset=\"default\" global_colors_info=\"{}\"][\/ba_image_carousel_child][ba_image_carousel_child photo=\"https:\/\/granapadano.kleecks-cdn.com\/wp-content\/uploads\/2022\/12\/72c0e44d7d9e466.png\" _builder_version=\"4.19.3\" _module_preset=\"default\" global_colors_info=\"{}\"][\/ba_image_carousel_child][ba_image_carousel_child photo=\"https:\/\/granapadano.kleecks-cdn.com\/wp-content\/uploads\/2022\/11\/Crocchettedipatatepisellieprosciuttocop-46647.png\" _builder_version=\"4.19.3\" _module_preset=\"default\" global_colors_info=\"{}\"][\/ba_image_carousel_child][\/ba_image_carousel][\/et_pb_column][\/et_pb_row][\/et_pb_section][et_pb_section fb_built=\"1\" module_class=\"consortium_pagination\" _builder_version=\"4.19.3\" _module_preset=\"default\" custom_padding=\"0px||0px||false|false\" global_colors_info=\"{}\"][et_pb_row column_structure=\"1_2,1_2\" use_custom_gutter=\"on\" _builder_version=\"4.19.3\" _module_preset=\"default\" background_enable_image=\"off\" width=\"100%\" max_width=\"100%\" custom_margin=\"||||false|false\" custom_padding=\"0px||0px||false|false\" global_colors_info=\"{}\"][et_pb_column type=\"1_2\" _builder_version=\"4.19.3\" _module_preset=\"default\" background_enable_color=\"off\" background_image=\"https:\/\/granapadano.kleecks-cdn.com\/wp-content\/uploads\/2022\/11\/8.1-Schermata-2022-10-18-alle-16.03.07.jpg\" custom_padding=\"30px||30px||false|false\" global_colors_info=\"{}\"][et_pb_button button_text=\"Consorzio Precedente\" button_alignment=\"center\" _builder_version=\"4.19.3\" _module_preset=\"default\" custom_button=\"on\" button_text_size=\"26px\" button_text_color=\"#0f0f0f\" button_bg_color=\"#ffdc00\" button_border_color=\"#ffdc00\" button_border_radius=\"48px\" button_font=\"FontPadano-Bold|700|||||||\" button_use_icon=\"off\" global_colors_info=\"{}\"][\/et_pb_button][et_pb_post_nav in_same_term=\"off\" show_next=\"off\" prev_text=\"Latteria casaticese societa\u2019 agricola coop.va\" _builder_version=\"4.19.3\" _module_preset=\"default\" title_font=\"Merriweather||||||||\" title_text_color=\"#FFFFFF\" title_font_size=\"60px\" title_line_height=\"60px\" background_enable_color=\"off\" width=\"90%\" module_alignment=\"center\" global_colors_info=\"{}\" prev_text__hover_enabled=\"off|desktop\"][\/et_pb_post_nav][\/et_pb_column][et_pb_column type=\"1_2\" _builder_version=\"4.19.3\" _module_preset=\"default\" background_enable_color=\"off\" background_image=\"https:\/\/granapadano.kleecks-cdn.com\/wp-content\/uploads\/2022\/11\/Group-754.png\" custom_padding=\"30px||30px||false|false\" global_colors_info=\"{}\"][et_pb_button button_text=\"Consorzio Successivo\" button_alignment=\"center\" _builder_version=\"4.19.3\" _module_preset=\"default\" custom_button=\"on\" button_text_size=\"26px\" button_text_color=\"#0f0f0f\" button_bg_color=\"#ffdc00\" button_border_color=\"#ffdc00\" button_border_radius=\"48px\" button_font=\"FontPadano-Bold|700|||||||\" button_use_icon=\"off\" global_colors_info=\"{}\"][\/et_pb_button][et_pb_post_nav show_prev=\"off\" next_text=\"Latteria padana di borgoforte soc. agr. coop.va\" _builder_version=\"4.19.3\" _module_preset=\"default\" title_font=\"Merriweather||||||||\" title_text_color=\"#FFFFFF\" title_font_size=\"60px\" title_line_height=\"60px\" background_enable_color=\"off\" width=\"90%\" module_alignment=\"center\" global_colors_info=\"{}\"][\/et_pb_post_nav][\/et_pb_column][\/et_pb_row][\/et_pb_section]","_et_gb_content_width":""},"consortium_region":[73],"tipologia":[2935,2932,2933],"provincia":[2937],"servizi_online":[],"altro":[2953],"class_list":["post-38417","consortium","type-consortium","status-publish","has-post-thumbnail","hentry","tipologia-esportatori","tipologia-produttori","tipologia-stagionatori","provincia-brescia","altro-vi-raccontiamo-il-buono-che-ce-in-noi"],"acf":[],"yoast_head":"<!-- This site is optimized with the Yoast SEO plugin v27.4 - https:\/\/yoast.com\/product\/yoast-seo-wordpress\/ -->\n<title>Caseificio Scala Srl - Grana Padano<\/title>\n<meta name=\"description\" content=\"Matricola: BS611 Citt\u00e0: Fiesse (BS)\" \/>\n<meta name=\"robots\" content=\"index, follow, max-snippet:-1, max-image-preview:large, max-video-preview:-1\" \/>\n<link rel=\"canonical\" href=\"https:\/\/www.granapadano.it\/it-it\/il-consorzio-di-tutela\/i-protagonisti-i-consorziati\/caseificio-scala-srl\/\" \/>\n<meta property=\"og:locale\" content=\"it_IT\" \/>\n<meta property=\"og:type\" content=\"article\" \/>\n<meta property=\"og:title\" content=\"Caseificio Scala srl\" \/>\n<meta property=\"og:description\" content=\"Matricola: BS611 Citt\u00e0: Fiesse (BS)\" \/>\n<meta property=\"og:url\" content=\"https:\/\/www.granapadano.it\/it-it\/il-consorzio-di-tutela\/i-protagonisti-i-consorziati\/caseificio-scala-srl\/\" \/>\n<meta property=\"og:site_name\" content=\"Grana Padano\" \/>\n<meta property=\"article:modified_time\" content=\"2026-03-26T08:50:08+00:00\" \/>\n<meta property=\"og:image\" content=\"https:\/\/granapadano.kleecks-cdn.com\/wp-content\/uploads\/2023\/02\/thumb-consorziati-6-2.jpg\" \/>\n\t<meta property=\"og:image:width\" content=\"511\" \/>\n\t<meta property=\"og:image:height\" content=\"367\" \/>\n\t<meta property=\"og:image:type\" content=\"image\/jpeg\" \/>\n<meta name=\"twitter:card\" content=\"summary_large_image\" \/>\n<meta name=\"twitter:label1\" content=\"Est. reading time\" \/>\n\t<meta name=\"twitter:data1\" content=\"6 minutes\" \/>\n<script type=\"application\/ld+json\" class=\"yoast-schema-graph\">{\"@context\":\"https:\\\/\\\/schema.org\",\"@graph\":[{\"@type\":\"WebPage\",\"@id\":\"https:\\\/\\\/www.granapadano.it\\\/it-it\\\/il-consorzio-di-tutela\\\/i-protagonisti-i-consorziati\\\/caseificio-scala-srl\\\/\",\"url\":\"https:\\\/\\\/www.granapadano.it\\\/it-it\\\/il-consorzio-di-tutela\\\/i-protagonisti-i-consorziati\\\/caseificio-scala-srl\\\/\",\"name\":\"Caseificio Scala Srl - Grana Padano\",\"isPartOf\":{\"@id\":\"https:\\\/\\\/www.granapadano.it\\\/it-it\\\/#website\"},\"primaryImageOfPage\":{\"@id\":\"https:\\\/\\\/www.granapadano.it\\\/it-it\\\/il-consorzio-di-tutela\\\/i-protagonisti-i-consorziati\\\/caseificio-scala-srl\\\/#primaryimage\"},\"image\":{\"@id\":\"https:\\\/\\\/www.granapadano.it\\\/it-it\\\/il-consorzio-di-tutela\\\/i-protagonisti-i-consorziati\\\/caseificio-scala-srl\\\/#primaryimage\"},\"thumbnailUrl\":\"https:\\\/\\\/granapadano.kleecks-cdn.com\\\/wp-content\\\/uploads\\\/2025\\\/01\\\/5.png\",\"datePublished\":\"2023-02-18T11:02:53+00:00\",\"dateModified\":\"2026-03-26T08:50:08+00:00\",\"description\":\"Matricola: BS611 Citt\u00e0: Fiesse (BS)\",\"breadcrumb\":{\"@id\":\"https:\\\/\\\/www.granapadano.it\\\/it-it\\\/il-consorzio-di-tutela\\\/i-protagonisti-i-consorziati\\\/caseificio-scala-srl\\\/#breadcrumb\"},\"inLanguage\":\"it-it\",\"potentialAction\":[{\"@type\":\"ReadAction\",\"target\":[\"https:\\\/\\\/www.granapadano.it\\\/it-it\\\/il-consorzio-di-tutela\\\/i-protagonisti-i-consorziati\\\/caseificio-scala-srl\\\/\"]}]},{\"@type\":\"ImageObject\",\"inLanguage\":\"it-it\",\"@id\":\"https:\\\/\\\/www.granapadano.it\\\/it-it\\\/il-consorzio-di-tutela\\\/i-protagonisti-i-consorziati\\\/caseificio-scala-srl\\\/#primaryimage\",\"url\":\"https:\\\/\\\/granapadano.kleecks-cdn.com\\\/wp-content\\\/uploads\\\/2025\\\/01\\\/5.png\",\"contentUrl\":\"https:\\\/\\\/granapadano.kleecks-cdn.com\\\/wp-content\\\/uploads\\\/2025\\\/01\\\/5.png\",\"width\":511,\"height\":367},{\"@type\":\"BreadcrumbList\",\"@id\":\"https:\\\/\\\/www.granapadano.it\\\/it-it\\\/il-consorzio-di-tutela\\\/i-protagonisti-i-consorziati\\\/caseificio-scala-srl\\\/#breadcrumb\",\"itemListElement\":[{\"@type\":\"ListItem\",\"position\":1,\"name\":\"Home\",\"item\":\"https:\\\/\\\/www.granapadano.it\\\/it-it\\\/\"},{\"@type\":\"ListItem\",\"position\":2,\"name\":\"Caseificio Scala Srl\"}]},{\"@type\":\"WebSite\",\"@id\":\"https:\\\/\\\/www.granapadano.it\\\/it-it\\\/#website\",\"url\":\"https:\\\/\\\/www.granapadano.it\\\/it-it\\\/\",\"name\":\"Grana Padano\",\"description\":\"\",\"potentialAction\":[{\"@type\":\"SearchAction\",\"target\":{\"@type\":\"EntryPoint\",\"urlTemplate\":\"https:\\\/\\\/www.granapadano.it\\\/it-it\\\/?s={search_term_string}\"},\"query-input\":{\"@type\":\"PropertyValueSpecification\",\"valueRequired\":true,\"valueName\":\"search_term_string\"}}],\"inLanguage\":\"it-it\"}]}<\/script>\n<!-- \/ Yoast SEO plugin. -->","yoast_head_json":{"title":"Caseificio Scala Srl - Grana Padano","description":"Matricola: BS611 Citt\u00e0: Fiesse (BS)","robots":{"index":"index","follow":"follow","max-snippet":"max-snippet:-1","max-image-preview":"max-image-preview:large","max-video-preview":"max-video-preview:-1"},"canonical":"https:\/\/www.granapadano.it\/it-it\/il-consorzio-di-tutela\/i-protagonisti-i-consorziati\/caseificio-scala-srl\/","og_locale":"it_IT","og_type":"article","og_title":"Caseificio Scala srl","og_description":"Matricola: BS611 Citt\u00e0: Fiesse (BS)","og_url":"https:\/\/www.granapadano.it\/it-it\/il-consorzio-di-tutela\/i-protagonisti-i-consorziati\/caseificio-scala-srl\/","og_site_name":"Grana Padano","article_modified_time":"2026-03-26T08:50:08+00:00","og_image":[{"width":511,"height":367,"url":"https:\/\/granapadano.kleecks-cdn.com\/wp-content\/uploads\/2023\/02\/thumb-consorziati-6-2.jpg","type":"image\/jpeg"}],"twitter_card":"summary_large_image","twitter_misc":{"Est. reading time":"6 minutes"},"schema":{"@context":"https:\/\/schema.org","@graph":[{"@type":"WebPage","@id":"https:\/\/www.granapadano.it\/it-it\/il-consorzio-di-tutela\/i-protagonisti-i-consorziati\/caseificio-scala-srl\/","url":"https:\/\/www.granapadano.it\/it-it\/il-consorzio-di-tutela\/i-protagonisti-i-consorziati\/caseificio-scala-srl\/","name":"Caseificio Scala Srl - Grana Padano","isPartOf":{"@id":"https:\/\/www.granapadano.it\/it-it\/#website"},"primaryImageOfPage":{"@id":"https:\/\/www.granapadano.it\/it-it\/il-consorzio-di-tutela\/i-protagonisti-i-consorziati\/caseificio-scala-srl\/#primaryimage"},"image":{"@id":"https:\/\/www.granapadano.it\/it-it\/il-consorzio-di-tutela\/i-protagonisti-i-consorziati\/caseificio-scala-srl\/#primaryimage"},"thumbnailUrl":"https:\/\/granapadano.kleecks-cdn.com\/wp-content\/uploads\/2025\/01\/5.png","datePublished":"2023-02-18T11:02:53+00:00","dateModified":"2026-03-26T08:50:08+00:00","description":"Matricola: BS611 Citt\u00e0: Fiesse (BS)","breadcrumb":{"@id":"https:\/\/www.granapadano.it\/it-it\/il-consorzio-di-tutela\/i-protagonisti-i-consorziati\/caseificio-scala-srl\/#breadcrumb"},"inLanguage":"it-it","potentialAction":[{"@type":"ReadAction","target":["https:\/\/www.granapadano.it\/it-it\/il-consorzio-di-tutela\/i-protagonisti-i-consorziati\/caseificio-scala-srl\/"]}]},{"@type":"ImageObject","inLanguage":"it-it","@id":"https:\/\/www.granapadano.it\/it-it\/il-consorzio-di-tutela\/i-protagonisti-i-consorziati\/caseificio-scala-srl\/#primaryimage","url":"https:\/\/granapadano.kleecks-cdn.com\/wp-content\/uploads\/2025\/01\/5.png","contentUrl":"https:\/\/granapadano.kleecks-cdn.com\/wp-content\/uploads\/2025\/01\/5.png","width":511,"height":367},{"@type":"BreadcrumbList","@id":"https:\/\/www.granapadano.it\/it-it\/il-consorzio-di-tutela\/i-protagonisti-i-consorziati\/caseificio-scala-srl\/#breadcrumb","itemListElement":[{"@type":"ListItem","position":1,"name":"Home","item":"https:\/\/www.granapadano.it\/it-it\/"},{"@type":"ListItem","position":2,"name":"Caseificio Scala Srl"}]},{"@type":"WebSite","@id":"https:\/\/www.granapadano.it\/it-it\/#website","url":"https:\/\/www.granapadano.it\/it-it\/","name":"Grana Padano","description":"","potentialAction":[{"@type":"SearchAction","target":{"@type":"EntryPoint","urlTemplate":"https:\/\/www.granapadano.it\/it-it\/?s={search_term_string}"},"query-input":{"@type":"PropertyValueSpecification","valueRequired":true,"valueName":"search_term_string"}}],"inLanguage":"it-it"}]}},"_links":{"self":[{"href":"https:\/\/www.granapadano.it\/it-it\/wp-json\/wp\/v2\/consortium\/38417","targetHints":{"allow":["GET"]}}],"collection":[{"href":"https:\/\/www.granapadano.it\/it-it\/wp-json\/wp\/v2\/consortium"}],"about":[{"href":"https:\/\/www.granapadano.it\/it-it\/wp-json\/wp\/v2\/types\/consortium"}],"version-history":[{"count":2,"href":"https:\/\/www.granapadano.it\/it-it\/wp-json\/wp\/v2\/consortium\/38417\/revisions"}],"predecessor-version":[{"id":90694,"href":"https:\/\/www.granapadano.it\/it-it\/wp-json\/wp\/v2\/consortium\/38417\/revisions\/90694"}],"wp:featuredmedia":[{"embeddable":true,"href":"https:\/\/www.granapadano.it\/it-it\/wp-json\/wp\/v2\/media\/151938"}],"wp:attachment":[{"href":"https:\/\/www.granapadano.it\/it-it\/wp-json\/wp\/v2\/media?parent=38417"}],"wp:term":[{"taxonomy":"consortium_region","embeddable":true,"href":"https:\/\/www.granapadano.it\/it-it\/wp-json\/wp\/v2\/consortium_region?post=38417"},{"taxonomy":"tipologia","embeddable":true,"href":"https:\/\/www.granapadano.it\/it-it\/wp-json\/wp\/v2\/tipologia?post=38417"},{"taxonomy":"provincia","embeddable":true,"href":"https:\/\/www.granapadano.it\/it-it\/wp-json\/wp\/v2\/provincia?post=38417"},{"taxonomy":"servizi_online","embeddable":true,"href":"https:\/\/www.granapadano.it\/it-it\/wp-json\/wp\/v2\/servizi_online?post=38417"},{"taxonomy":"altro","embeddable":true,"href":"https:\/\/www.granapadano.it\/it-it\/wp-json\/wp\/v2\/altro?post=38417"}],"curies":[{"name":"wp","href":"https:\/\/api.w.org\/{rel}","templated":true}]}}