{"id":36794,"date":"2023-02-17T15:42:50","date_gmt":"2023-02-17T15:42:50","guid":{"rendered":"https:\/\/www.granapadano.it\/consortium\/consorzio-cooperativo-produttori-latte-s-c-a-2-copy\/"},"modified":"2026-03-26T08:56:43","modified_gmt":"2026-03-26T08:56:43","slug":"caseificio-dalla-valentina-srl","status":"publish","type":"consortium","link":"https:\/\/www.granapadano.it\/it-it\/il-consorzio-di-tutela\/i-protagonisti-i-consorziati\/caseificio-dalla-valentina-srl\/","title":{"rendered":"Caseificio Dalla Valentina Srl"},"content":{"rendered":"<p>[et_pb_section fb_built=&#8221;1&#8243; fullwidth=&#8221;on&#8221; _builder_version=&#8221;4.19.5&#8243; _module_preset=&#8221;default&#8221; global_colors_info=&#8221;{}&#8221;][et_pb_fullwidth_code _builder_version=&#8221;4.19.5&#8243; _module_preset=&#8221;default&#8221; global_colors_info=&#8221;{}&#8221;][et_pb_section global_module=\"17795 \"][\/et_pb_section][\/et_pb_fullwidth_code][\/et_pb_section][et_pb_section fb_built=&#8221;1&#8243; module_class=&#8221;production_sub_hub_main_wrapper&#8221; _builder_version=&#8221;4.19.3&#8243; _module_preset=&#8221;default&#8221; custom_padding=&#8221;13px||0px|||&#8221; global_colors_info=&#8221;{}&#8221;][et_pb_row module_class=&#8221;recipe_filter_section&#8221; _builder_version=&#8221;4.19.4&#8243; _module_preset=&#8221;default&#8221; max_width=&#8221;90%&#8221; custom_padding=&#8221;||7px|||&#8221; global_colors_info=&#8221;{}&#8221;][et_pb_column type=&#8221;4_4&#8243; _builder_version=&#8221;4.19.4&#8243; _module_preset=&#8221;default&#8221; global_colors_info=&#8221;{}&#8221;][et_pb_code _builder_version=&#8221;4.19.4&#8243; _module_preset=&#8221;default&#8221; global_colors_info=&#8221;{}&#8221;]<div class=\"breadcrumb\"><a href=\"https:\/\/www.granapadano.it\/it-it\/\">Home<\/a>  <  <\/div>[\/et_pb_code][\/et_pb_column][\/et_pb_row][\/et_pb_section][et_pb_section fb_built=&#8221;1&#8243; specialty=&#8221;on&#8221; module_class=&#8221;consortium_main_section&#8221; _builder_version=&#8221;4.19.3&#8243; _module_preset=&#8221;default&#8221; global_colors_info=&#8221;{}&#8221;][et_pb_column type=&#8221;1_2&#8243; _builder_version=&#8221;4.16&#8243; custom_padding=&#8221;|||&#8221; global_colors_info=&#8221;{}&#8221; custom_padding__hover=&#8221;|||&#8221;][et_pb_text _builder_version=&#8221;4.20.1&#8243; _module_preset=&#8221;default&#8221; header_font=&#8221;Merriweather|700|||||||&#8221; header_text_color=&#8221;#221f1c&#8221; header_font_size=&#8221;44px&#8221; header_line_height=&#8221;52px&#8221; width=&#8221;96.7%&#8221; global_colors_info=&#8221;{}&#8221;]<\/p>\n<h1 style=\"text-align: center;\">Caseificio Dalla Valentina Srl<\/h1>\n<p>[\/et_pb_text][\/et_pb_column][et_pb_column type=&#8221;1_2&#8243; specialty_columns=&#8221;2&#8243; _builder_version=&#8221;4.16&#8243; custom_padding=&#8221;|||&#8221; global_colors_info=&#8221;{}&#8221; custom_padding__hover=&#8221;|||&#8221;][et_pb_row_inner column_structure=&#8221;1_2,1_2&#8243; _builder_version=&#8221;4.19.3&#8243; _module_preset=&#8221;default&#8221; min_height=&#8221;104.8px&#8221; global_colors_info=&#8221;{}&#8221;][et_pb_column_inner type=&#8221;1_2&#8243; saved_specialty_column_type=&#8221;1_2&#8243; _builder_version=&#8221;4.19.3&#8243; _module_preset=&#8221;default&#8221; global_colors_info=&#8221;{}&#8221;][et_pb_image src=&#8221;https:\/\/www.granapadano.it\/wp-content\/uploads\/2022\/12\/Tracciato-23521.png&#8221; title_text=&#8221;Tracciato 23521&#8243; _builder_version=&#8221;4.19.5&#8243; _module_preset=&#8221;default&#8221; background_color=&#8221;#ffdc00&#8243; transform_scale=&#8221;90%|90%&#8221; global_colors_info=&#8221;{}&#8221;][\/et_pb_image][\/et_pb_column_inner][et_pb_column_inner type=&#8221;1_2&#8243; saved_specialty_column_type=&#8221;1_2&#8243; _builder_version=&#8221;4.19.3&#8243; _module_preset=&#8221;default&#8221; global_colors_info=&#8221;{}&#8221;][et_pb_text _builder_version=&#8221;4.19.5&#8243; _module_preset=&#8221;default&#8221; text_text_color=&#8221;#0f0f0f&#8221; text_font_size=&#8221;22px&#8221; text_line_height=&#8221;26px&#8221; header_font_size=&#8221;21px&#8221; header_line_height=&#8221;27px&#8221; global_colors_info=&#8221;{}&#8221;]Matricola: VR924[\/et_pb_text][\/et_pb_column_inner][\/et_pb_row_inner][et_pb_row_inner column_structure=&#8221;1_2,1_2&#8243; disabled_on=&#8221;off|off|off&#8221; _builder_version=&#8221;4.19.3&#8243; _module_preset=&#8221;default&#8221; locked=&#8221;off&#8221; global_colors_info=&#8221;{}&#8221;][et_pb_column_inner type=&#8221;1_2&#8243; saved_specialty_column_type=&#8221;1_2&#8243; _builder_version=&#8221;4.19.3&#8243; _module_preset=&#8221;default&#8221; global_colors_info=&#8221;{}&#8221;][et_pb_image src=&#8221;https:\/\/www.granapadano.it\/wp-content\/uploads\/2022\/12\/Tracciato-23514.png&#8221; title_text=&#8221;Tracciato 23514&#8243; _builder_version=&#8221;4.19.3&#8243; _module_preset=&#8221;default&#8221; background_color=&#8221;#ffdc00&#8243; global_colors_info=&#8221;{}&#8221;][\/et_pb_image][\/et_pb_column_inner][et_pb_column_inner type=&#8221;1_2&#8243; saved_specialty_column_type=&#8221;1_2&#8243; _builder_version=&#8221;4.19.3&#8243; _module_preset=&#8221;default&#8221; global_colors_info=&#8221;{}&#8221;][et_pb_text _builder_version=&#8221;4.19.5&#8243; _module_preset=&#8221;default&#8221; text_text_color=&#8221;#0f0f0f&#8221; text_font_size=&#8221;22px&#8221; text_line_height=&#8221;26px&#8221; header_font_size=&#8221;21px&#8221; header_line_height=&#8221;27px&#8221; link_option_url=&#8221;mailto:goitese@latteriagoitese.it&#8221; global_colors_info=&#8221;{}&#8221;]<span style=\"color: #000000;\"><a href=\"mailto:info@caseificiodallavalentina.com\" title=\"info@caseificiodallavalentina.com\" style=\"color: #000000;\" target=\"_blank\" rel=\"noopener\">info@caseificiodallavalentina.com<\/a><\/span>[\/et_pb_text][\/et_pb_column_inner][\/et_pb_row_inner][et_pb_row_inner column_structure=&#8221;1_2,1_2&#8243; disabled_on=&#8221;off|off|off&#8221; _builder_version=&#8221;4.19.3&#8243; _module_preset=&#8221;default&#8221; global_colors_info=&#8221;{}&#8221;][et_pb_column_inner type=&#8221;1_2&#8243; saved_specialty_column_type=&#8221;1_2&#8243; _builder_version=&#8221;4.19.3&#8243; _module_preset=&#8221;default&#8221; global_colors_info=&#8221;{}&#8221;][et_pb_image src=&#8221;https:\/\/www.granapadano.it\/wp-content\/uploads\/2022\/12\/Raggruppa-814.png&#8221; title_text=&#8221;Raggruppa 814&#8243; _builder_version=&#8221;4.19.3&#8243; _module_preset=&#8221;default&#8221; background_color=&#8221;#ffdc00&#8243; global_colors_info=&#8221;{}&#8221;][\/et_pb_image][\/et_pb_column_inner][et_pb_column_inner type=&#8221;1_2&#8243; saved_specialty_column_type=&#8221;1_2&#8243; _builder_version=&#8221;4.19.3&#8243; _module_preset=&#8221;default&#8221; global_colors_info=&#8221;{}&#8221;][et_pb_text _builder_version=&#8221;4.19.5&#8243; _module_preset=&#8221;default&#8221; text_text_color=&#8221;#0f0f0f&#8221; text_font_size=&#8221;22px&#8221; text_line_height=&#8221;26px&#8221; header_font_size=&#8221;21px&#8221; header_line_height=&#8221;27px&#8221; global_colors_info=&#8221;{}&#8221;]T: 045 7835549 | F: 045 6517035[\/et_pb_text][\/et_pb_column_inner][\/et_pb_row_inner][et_pb_row_inner column_structure=&#8221;1_2,1_2&#8243; _builder_version=&#8221;4.19.3&#8243; _module_preset=&#8221;default&#8221; global_colors_info=&#8221;{}&#8221;][et_pb_column_inner type=&#8221;1_2&#8243; saved_specialty_column_type=&#8221;1_2&#8243; _builder_version=&#8221;4.19.3&#8243; _module_preset=&#8221;default&#8221; global_colors_info=&#8221;{}&#8221;][et_pb_image src=&#8221;https:\/\/www.granapadano.it\/wp-content\/uploads\/2022\/12\/Raggruppa-818.png&#8221; title_text=&#8221;Raggruppa 818&#8243; _builder_version=&#8221;4.19.3&#8243; _module_preset=&#8221;default&#8221; background_color=&#8221;#ffdc00&#8243; global_colors_info=&#8221;{}&#8221;][\/et_pb_image][\/et_pb_column_inner][et_pb_column_inner type=&#8221;1_2&#8243; saved_specialty_column_type=&#8221;1_2&#8243; _builder_version=&#8221;4.19.3&#8243; _module_preset=&#8221;default&#8221; global_colors_info=&#8221;{}&#8221;][et_pb_text _builder_version=&#8221;4.19.5&#8243; _module_preset=&#8221;default&#8221; text_text_color=&#8221;#0f0f0f&#8221; text_font_size=&#8221;22px&#8221; text_line_height=&#8221;26px&#8221; header_font_size=&#8221;21px&#8221; header_line_height=&#8221;27px&#8221; global_colors_info=&#8221;{}&#8221;]<\/p>\n<p class=\"p1\">Via Stander, 1<br \/>\n37030 &#8211; Velo Veronese (VR)<\/p>\n<p>[\/et_pb_text][\/et_pb_column_inner][\/et_pb_row_inner][et_pb_row_inner column_structure=&#8221;1_2,1_2&#8243; disabled_on=&#8221;off|off|off&#8221; _builder_version=&#8221;4.19.3&#8243; _module_preset=&#8221;default&#8221; global_colors_info=&#8221;{}&#8221;][et_pb_column_inner type=&#8221;1_2&#8243; saved_specialty_column_type=&#8221;1_2&#8243; _builder_version=&#8221;4.19.3&#8243; _module_preset=&#8221;default&#8221; global_colors_info=&#8221;{}&#8221;][et_pb_image src=&#8221;https:\/\/www.granapadano.it\/wp-content\/uploads\/2022\/12\/Raggruppa-816.png&#8221; title_text=&#8221;Raggruppa 816&#8243; _builder_version=&#8221;4.19.3&#8243; _module_preset=&#8221;default&#8221; background_color=&#8221;#ffdc00&#8243; global_colors_info=&#8221;{}&#8221;][\/et_pb_image][\/et_pb_column_inner][et_pb_column_inner type=&#8221;1_2&#8243; saved_specialty_column_type=&#8221;1_2&#8243; _builder_version=&#8221;4.19.3&#8243; _module_preset=&#8221;default&#8221; global_colors_info=&#8221;{}&#8221;][et_pb_text _builder_version=&#8221;4.20.1&#8243; _module_preset=&#8221;default&#8221; text_text_color=&#8221;#0f0f0f&#8221; text_font_size=&#8221;22px&#8221; text_line_height=&#8221;26px&#8221; header_font_size=&#8221;21px&#8221; header_line_height=&#8221;27px&#8221; locked=&#8221;off&#8221; global_colors_info=&#8221;{}&#8221;]<\/p>\n<p><span style=\"color: #000000;\"><a href=\"http:\/\/www.caseificiodallavalentina.com\" target=\"_blank\" rel=\"noopener\" style=\"color: #000000;\">caseificiodallavalentina.com<\/a><\/span> <img decoding=\"async\" src=\"https:\/\/granapadano.kleecks-cdn.com\/wp-content\/uploads\/2022\/12\/next.svg\" width=\"undefined\" height=\"undefined\" alt=\"\" class=\"wp-image-1443 alignnone size-full\" \/><\/p>\n<p>[\/et_pb_text][\/et_pb_column_inner][\/et_pb_row_inner][\/et_pb_column][\/et_pb_section][et_pb_section fb_built=&#8221;1&#8243; module_class=&#8221;map_with_content_sec&#8221; _builder_version=&#8221;4.19.3&#8243; _module_preset=&#8221;default&#8221; background_color=&#8221;#f7f7f7&#8243; custom_padding=&#8221;60px||0px||false|false&#8221; locked=&#8221;off&#8221; global_colors_info=&#8221;{}&#8221;][et_pb_row column_structure=&#8221;1_3,2_3&#8243; module_class=&#8221;article_sub_img_text_content_left&#8221; _builder_version=&#8221;4.20.4&#8243; _module_preset=&#8221;default&#8221; max_width=&#8221;90%&#8221; custom_padding=&#8221;0px||3px||false|false&#8221; global_colors_info=&#8221;{}&#8221;][et_pb_column type=&#8221;1_3&#8243; module_class=&#8221;gp_new_map_text article_sub_img_wrap_left&#8221; _builder_version=&#8221;4.20.4&#8243; _module_preset=&#8221;default&#8221; global_colors_info=&#8221;{}&#8221;][et_pb_code _builder_version=&#8221;4.20.4&#8243; _module_preset=&#8221;default&#8221; custom_margin=&#8221;||20px||false|false&#8221; global_colors_info=&#8221;{}&#8221;]<div id=\"map\" data-lat=\"45.6171443\" data-lng=\"11.0938919\"  style=\"height:400px\" \n                    data-title=\"Caseificio Dalla Valentina Srl\"\n                    data-address=\"Via Stander, 1 37030 - Velo Veronese (VR)\" \n                    data-tel=\"045 7835549\" \n                    data-email=\"info@caseificiodallavalentina.com\" \n                    data-fax=\"045 6517035\" \n                    data-website=\"https:\/\/www.caseificiodallavalentina.com\/\">\n                  <\/div>[\/et_pb_code][\/et_pb_column][et_pb_column type=&#8221;2_3&#8243; module_class=&#8221;article_sub_text_wrap_left&#8221; _builder_version=&#8221;4.20.4&#8243; _module_preset=&#8221;default&#8221; global_colors_info=&#8221;{}&#8221;][et_pb_text _builder_version=&#8221;4.20.2&#8243; _module_preset=&#8221;default&#8221; text_font=&#8221;FontPadano-Bold|300|||||||&#8221; text_text_color=&#8221;#000000&#8243; text_font_size=&#8221;24px&#8221; background_color=&#8221;gcid-26f0371c-74dd-4e63-bbf8-f8ec94f09a6d&#8221; text_orientation=&#8221;center&#8221; width=&#8221;48.8%&#8221; width_tablet=&#8221;50%&#8221; width_phone=&#8221;auto&#8221; width_last_edited=&#8221;on|desktop&#8221; max_width=&#8221;100%&#8221; custom_margin=&#8221;0px||35px||false|false&#8221; custom_padding=&#8221;2px|20px|20px|20px|false|false&#8221; border_radii=&#8221;on|50px|50px|50px|50px&#8221; locked=&#8221;off&#8221; global_colors_info=&#8221;{%22gcid-26f0371c-74dd-4e63-bbf8-f8ec94f09a6d%22:%91%22background_color%22%93}&#8221;]<\/p>\n<div class=\"related_tax\"><span style=\"font-size: medium;\">Caseificio Dalla Valentina Srl<\/span><\/div>\n<p>[\/et_pb_text][et_pb_text _builder_version=&#8221;4.20.2&#8243; _module_preset=&#8221;default&#8221; text_font=&#8221;Merriweather|300|||||||&#8221; text_text_color=&#8221;#0f0f0f&#8221; text_font_size=&#8221;18px&#8221; text_line_height=&#8221;26px&#8221; width=&#8221;98%&#8221; global_colors_info=&#8221;{}&#8221;]<\/p>\n<p>Siamo ai margini dell\u2019arco Prealpino Veronese e la storia del caseificio Dalla Valentina \u00e8 un tutt\u2019uno con il territorio in cui si trova. Ci troviamo infatti in un posto magico, a circa 1.100 mt s.l.m., all\u2019interno del Parco naturale della Lessinia, a nord di Verona e a un tiro di schioppo dal centro di Verona.<\/p>\n<p>Questa suggestiva regione \u00e8 teatro di interessanti attivit\u00e0 sportive e culturali, tra cui il Lessinia Film Festival che da qualche edizione comincia ad attirare partecipazioni di rilievo da tutto il mondo.<\/p>\n<p>[\/et_pb_text][\/et_pb_column][\/et_pb_row][et_pb_row column_structure=&#8221;1_3,2_3&#8243; module_class=&#8221;article_sub_img_text_content&#8221; _builder_version=&#8221;4.20.4&#8243; _module_preset=&#8221;default&#8221; max_width=&#8221;94%&#8221; custom_padding=&#8221;||0px||false|false&#8221; global_colors_info=&#8221;{}&#8221;][et_pb_column type=&#8221;1_3&#8243; module_class=&#8221;article_sub_img_wrap&#8221; _builder_version=&#8221;4.20.4&#8243; _module_preset=&#8221;default&#8221; global_colors_info=&#8221;{}&#8221;][et_pb_image src=&#8221;https:\/\/www.granapadano.it\/wp-content\/uploads\/2023\/03\/GP-VeloVR-89-compressed-31154-37625-1-1.jpg&#8221; title_text=&#8221;GP-VeloVR-89-compressed-31154-37625-1&#8243; align=&#8221;center&#8221; _builder_version=&#8221;4.20.2&#8243; _module_preset=&#8221;default&#8221; border_radii=&#8221;on|20px|20px|20px|20px&#8221; global_colors_info=&#8221;{}&#8221;][\/et_pb_image][\/et_pb_column][et_pb_column type=&#8221;2_3&#8243; module_class=&#8221;article_sub_text_wrap&#8221; _builder_version=&#8221;4.20.4&#8243; _module_preset=&#8221;default&#8221; global_colors_info=&#8221;{}&#8221;][et_pb_text _builder_version=&#8221;4.20.2&#8243; _module_preset=&#8221;default&#8221; text_font=&#8221;Merriweather|300|||||||&#8221; text_text_color=&#8221;#0f0f0f&#8221; text_font_size=&#8221;18px&#8221; text_line_height=&#8221;26px&#8221; width=&#8221;98%&#8221; global_colors_info=&#8221;{}&#8221;]Il caseificio Dalla Valentina nasce ufficialmente nel 1957 anche se gi\u00e0 tra gli anni \u201820 e \u201830 il nonno dei fratelli Dalla Valentina, amministratori del caseificio , cominciavano la prima produzione casalinga nell\u2019edificio che si staglia proprio sopra quello attuale.<\/p>\n<p>Qui a Velo nelle case di contrada il formaggio si faceva appunto in casa perch\u00e9 le famiglie avevano giusto un paio di vacche per il latte e il formaggio. A distanza di 70 anni dalla sua nascita in caseificio sta entrando la quarta generazione, fatta dai figli e dai nipoti dei fratelli Dalla Valentina.[\/et_pb_text][\/et_pb_column][\/et_pb_row][et_pb_row column_structure=&#8221;1_3,2_3&#8243; module_class=&#8221;article_sub_img_text_content_left&#8221; _builder_version=&#8221;4.20.4&#8243; _module_preset=&#8221;default&#8221; max_width=&#8221;94%&#8221; custom_padding=&#8221;1px||13px||false|false&#8221; global_colors_info=&#8221;{}&#8221;][et_pb_column type=&#8221;1_3&#8243; module_class=&#8221;article_sub_img_wrap_left&#8221; _builder_version=&#8221;4.20.2&#8243; _module_preset=&#8221;default&#8221; global_colors_info=&#8221;{}&#8221;][et_pb_image src=&#8221;https:\/\/www.granapadano.it\/wp-content\/uploads\/2023\/02\/caseificio-dalla-valentina-1.jpg&#8221; title_text=&#8221;caseificio dalla valentina&#8221; align=&#8221;center&#8221; _builder_version=&#8221;4.20.1&#8243; _module_preset=&#8221;default&#8221; border_radii=&#8221;on|20px|20px|20px|20px&#8221; global_colors_info=&#8221;{}&#8221;][\/et_pb_image][\/et_pb_column][et_pb_column type=&#8221;2_3&#8243; module_class=&#8221;article_sub_text_wrap_left&#8221; _builder_version=&#8221;4.20.4&#8243; _module_preset=&#8221;default&#8221; global_colors_info=&#8221;{}&#8221;][et_pb_text _builder_version=&#8221;4.20.2&#8243; _module_preset=&#8221;default&#8221; text_font=&#8221;Merriweather|300|||||||&#8221; text_text_color=&#8221;#0f0f0f&#8221; text_font_size=&#8221;18px&#8221; text_line_height=&#8221;26px&#8221; width=&#8221;97.1%&#8221; custom_margin=&#8221;|||18px||&#8221; global_colors_info=&#8221;{}&#8221;]<\/p>\n<p>Oggi la produzione dello stabilimento Dalla Valentina conta sul latte elargito da 24 conferenti; da qui ogni giorno nascono 30 forme di Grana Padano DOP. I conferenti di questo caseificio arrivano tutti dalla montagne della Lessinia.<\/p>\n<p>Una delle particolarit\u00e0 del caseificio \u00e8 che durante il periodo estivo avviene la monticazione nelle malghe, a oltre 1600 s.l.m., generalmente intorno al 1\u00b0 giugno fino al 30 settembre.<\/p>\n<p>Il pascolo nelle malghe \u00e8 condizionato dalla temperatura e dalla quantit\u00e0 di acqua presente nelle pozze affinch\u00e9 il benessere delle mucche sia costante e garantito durante tutto il periodo di permanenza nelle malghe.<\/p>\n<p>[\/et_pb_text][\/et_pb_column][\/et_pb_row][et_pb_row column_structure=&#8221;1_3,2_3&#8243; module_class=&#8221;article_sub_img_text_content&#8221; _builder_version=&#8221;4.20.4&#8243; _module_preset=&#8221;default&#8221; max_width=&#8221;94%&#8221; custom_padding=&#8221;2px||0px||false|false&#8221; global_colors_info=&#8221;{}&#8221;][et_pb_column type=&#8221;1_3&#8243; module_class=&#8221;article_sub_img_wrap&#8221; _builder_version=&#8221;4.20.4&#8243; _module_preset=&#8221;default&#8221; global_colors_info=&#8221;{}&#8221;][et_pb_image src=&#8221;https:\/\/www.granapadano.it\/wp-content\/uploads\/2023\/02\/caseificio-dalla-valentina3.jpg&#8221; title_text=&#8221;caseificio dalla valentina3&#8243; align=&#8221;center&#8221; _builder_version=&#8221;4.19.5&#8243; _module_preset=&#8221;default&#8221; border_radii=&#8221;on|20px|20px|20px|20px&#8221; global_colors_info=&#8221;{}&#8221;][\/et_pb_image][\/et_pb_column][et_pb_column type=&#8221;2_3&#8243; module_class=&#8221;article_sub_text_wrap&#8221; _builder_version=&#8221;4.20.2&#8243; _module_preset=&#8221;default&#8221; global_colors_info=&#8221;{}&#8221;][et_pb_text _builder_version=&#8221;4.20.2&#8243; _module_preset=&#8221;default&#8221; text_font=&#8221;Merriweather|300|||||||&#8221; text_text_color=&#8221;#0f0f0f&#8221; text_font_size=&#8221;18px&#8221; text_line_height=&#8221;26px&#8221; width=&#8221;98%&#8221; global_colors_info=&#8221;{}&#8221;]<\/p>\n<p>Gli allevatori salgono alle malghe due volte al giorno, per la raccolta del latte e per il rientro della notte. Alcuni di loro parlano ancora il Cimbro, un antico dialetto derivato dal baverese meridionale parlato dai coloni stanziatisi sui monti della Lessinia in epoca basso-medievale.<\/p>\n<p>Matteo, il giovane impiegato e cugino di Ezio, \u00e8 ben lieto di lasciare la citt\u00e0 di Verona ogni mattina per lavorare quass\u00f9, dove la vista si allarga fino al lago e nelle giornate pi\u00f9 limpide \u00e8 possibile vedere i rilievi appenninici. Gli unici rumori fuori dal caseificio sono quelli della natura. A quasi 35 anni \u00e8 tornato a vivere qui dopo un\u2019esperienza come volontario per una ONG in Sudamerica durata un anno e mezzo.<\/p>\n<p>[\/et_pb_text][\/et_pb_column][\/et_pb_row][et_pb_row column_structure=&#8221;1_3,2_3&#8243; module_class=&#8221;article_sub_img_text_content_left&#8221; _builder_version=&#8221;4.20.4&#8243; _module_preset=&#8221;default&#8221; max_width=&#8221;94%&#8221; custom_padding=&#8221;5px||4px|||&#8221; global_colors_info=&#8221;{}&#8221;][et_pb_column type=&#8221;1_3&#8243; module_class=&#8221;article_sub_img_wrap_left&#8221; _builder_version=&#8221;4.20.2&#8243; _module_preset=&#8221;default&#8221; global_colors_info=&#8221;{}&#8221;][et_pb_image src=&#8221;https:\/\/www.granapadano.it\/wp-content\/uploads\/2023\/02\/dalla-valentina4.jpg&#8221; title_text=&#8221;dalla valentina4&#8243; align=&#8221;center&#8221; _builder_version=&#8221;4.19.5&#8243; _module_preset=&#8221;default&#8221; border_radii=&#8221;on|20px|20px|20px|20px&#8221; global_colors_info=&#8221;{}&#8221;][\/et_pb_image][\/et_pb_column][et_pb_column type=&#8221;2_3&#8243; module_class=&#8221;article_sub_text_wrap_left&#8221; _builder_version=&#8221;4.20.2&#8243; _module_preset=&#8221;default&#8221; global_colors_info=&#8221;{}&#8221;][et_pb_text _builder_version=&#8221;4.20.2&#8243; _module_preset=&#8221;default&#8221; text_font=&#8221;Merriweather|300|||||||&#8221; text_text_color=&#8221;#0f0f0f&#8221; text_font_size=&#8221;18px&#8221; text_line_height=&#8221;26px&#8221; width=&#8221;97.1%&#8221; custom_margin=&#8221;|||18px||&#8221; global_colors_info=&#8221;{}&#8221;]Poi c\u2019\u00e8 Marco che da sette anni, per ragioni familiari, ha lasciato Milano per venire a vivere e a lavorare qui. Ezio ci presenta anche Giulio, il casaro che lavora insieme a lui da ben 23 anni e con cui condivide i segreti del formaggio perfetto.<\/p>\n<p>Presso il caseificio Dalla Valentina viene prodotto anche il Monte Veronese, anch\u2019esso DOP. Grana Padano condivide con questo formaggio la bont\u00e0 dell\u2019acqua e dell\u2019aria in cui vivono le vacche e la grande variet\u00e0 e propriet\u00e0 di erbe e fiori di cui si nutrono.<\/p>\n<p>I grandi pascoli infatti sono pieni di fiori di tarassaco e ginestre, un colore giallo che ritroviamo anche nella pasta del Monte Veronese, formaggio che Dalla Valentina offre in due varianti, Il Monte Veronese Dop a latte intero, ricco e morbido, e il Monte Veronese Dop d\u2019allevo pi\u00f9 duro e saporito.<\/p>\n<p>Il formaggio Monte Veronese Dop d\u2019allevo, prodotto con il latte di malga, \u00e8 stato premiato in varie manifestazioni locali e regionali ed \u00e8 stato \u201cpremiato\u201d con il presidio Slowfood.<\/p>\n<p>Merita una visita, infine, lo spaccio dell\u2019azienda. Qui l\u2019offerta \u00e8 vastissima e include oltre al Grana Padano Dop, al Monte Veronese DOP e a tutti gli altri prodotti tipici della zona come gli gnocchi di malga, soppressa e vini locali.[\/et_pb_text][\/et_pb_column][\/et_pb_row][\/et_pb_section][et_pb_section fb_built=&#8221;1&#8243; admin_label=&#8221;Image Carousel&#8221; _builder_version=&#8221;4.21.0&#8243; _module_preset=&#8221;default&#8221; background_color=&#8221;#f7f7f7&#8243; global_colors_info=&#8221;%91%93&#8243;][et_pb_row use_custom_gutter=&#8221;on&#8221; gutter_width=&#8221;2&#8243; make_equal=&#8221;on&#8221; module_class=&#8221;img_carousel_main&#8221; _builder_version=&#8221;4.21.0&#8243; _module_preset=&#8221;default&#8221; max_width=&#8221;90%&#8221; global_colors_info=&#8221;{}&#8221;][et_pb_column type=&#8221;4_4&#8243; module_class=&#8221;image-magnify&#8221; _builder_version=&#8221;4.18.0&#8243; _module_preset=&#8221;default&#8221; global_colors_info=&#8221;{}&#8221;][et_pb_image src=&#8221;https:\/\/www.granapadano.it\/wp-content\/uploads\/2023\/02\/dalla-valentina_gallery1.jpg&#8221; show_in_lightbox=&#8221;on&#8221; show_bottom_space=&#8221;off&#8221; align=&#8221;center&#8221; force_fullwidth=&#8221;on&#8221; module_class=&#8221;pop-hover-1&#8243; _builder_version=&#8221;4.21.0&#8243; _module_preset=&#8221;default&#8221; global_colors_info=&#8221;{}&#8221;][\/et_pb_image][et_pb_image src=&#8221;https:\/\/www.granapadano.it\/wp-content\/uploads\/2023\/02\/dalla-valentina_gallery2-1.jpg&#8221; show_in_lightbox=&#8221;on&#8221; show_bottom_space=&#8221;off&#8221; align=&#8221;center&#8221; force_fullwidth=&#8221;on&#8221; module_class=&#8221;pop-hover-1&#8243; _builder_version=&#8221;4.21.0&#8243; _module_preset=&#8221;default&#8221; global_colors_info=&#8221;{}&#8221;][\/et_pb_image][et_pb_image src=&#8221;https:\/\/www.granapadano.it\/wp-content\/uploads\/2023\/02\/dalla-valentina_gallery3-1.jpg&#8221; show_in_lightbox=&#8221;on&#8221; show_bottom_space=&#8221;off&#8221; align=&#8221;center&#8221; force_fullwidth=&#8221;on&#8221; module_class=&#8221;pop-hover-1&#8243; _builder_version=&#8221;4.21.0&#8243; _module_preset=&#8221;default&#8221; global_colors_info=&#8221;{}&#8221;][\/et_pb_image][et_pb_image src=&#8221;https:\/\/www.granapadano.it\/wp-content\/uploads\/2023\/02\/dalla-valentina_gallery4-1.jpg&#8221; show_in_lightbox=&#8221;on&#8221; show_bottom_space=&#8221;off&#8221; align=&#8221;center&#8221; force_fullwidth=&#8221;on&#8221; module_class=&#8221;pop-hover-1&#8243; _builder_version=&#8221;4.21.0&#8243; _module_preset=&#8221;default&#8221; global_colors_info=&#8221;{}&#8221;][\/et_pb_image][et_pb_image src=&#8221;https:\/\/www.granapadano.it\/wp-content\/uploads\/2023\/02\/dalla-valentina_gallery5-1.jpg&#8221; show_in_lightbox=&#8221;on&#8221; show_bottom_space=&#8221;off&#8221; align=&#8221;center&#8221; force_fullwidth=&#8221;on&#8221; module_class=&#8221;pop-hover-1&#8243; _builder_version=&#8221;4.21.0&#8243; _module_preset=&#8221;default&#8221; global_colors_info=&#8221;{}&#8221;][\/et_pb_image][et_pb_image src=&#8221;https:\/\/www.granapadano.it\/wp-content\/uploads\/2023\/03\/GP-VeloVR-8-compressed-31155.jpg&#8221; show_in_lightbox=&#8221;on&#8221; show_bottom_space=&#8221;off&#8221; align=&#8221;center&#8221; force_fullwidth=&#8221;on&#8221; module_class=&#8221;pop-hover-1&#8243; _builder_version=&#8221;4.21.0&#8243; _module_preset=&#8221;default&#8221; global_colors_info=&#8221;{}&#8221;][\/et_pb_image][et_pb_image src=&#8221;https:\/\/www.granapadano.it\/wp-content\/uploads\/2023\/03\/GP-VeloVR-28-compressed-31147.jpg&#8221; show_in_lightbox=&#8221;on&#8221; show_bottom_space=&#8221;off&#8221; align=&#8221;center&#8221; force_fullwidth=&#8221;on&#8221; module_class=&#8221;pop-hover-1&#8243; _builder_version=&#8221;4.21.0&#8243; _module_preset=&#8221;default&#8221; global_colors_info=&#8221;{}&#8221;][\/et_pb_image][\/et_pb_column][\/et_pb_row][et_pb_row admin_label=&#8221;CSS &#038; JS CODE IMAGE POPUP CAROUSEL   : 01&#8243; _builder_version=&#8221;4.18.0&#8243; _module_preset=&#8221;default&#8221; custom_margin=&#8221;0px||0px||true|false&#8221; custom_padding=&#8221;0px||0px||true|false&#8221; global_colors_info=&#8221;{}&#8221;][et_pb_column type=&#8221;4_4&#8243; _builder_version=&#8221;4.16&#8243; _module_preset=&#8221;default&#8221; global_colors_info=&#8221;{}&#8221;][et_pb_code admin_label=&#8221; JS CODE&#8221; _builder_version=&#8221;4.21.0&#8243; _module_preset=&#8221;default&#8221; custom_margin=&#8221;0px||0px||true|false&#8221; custom_padding=&#8221;0px||0px||true|false&#8221; global_colors_info=&#8221;{}&#8221;]<script src=\"https:\/\/cdnjs.cloudflare.com\/ajax\/libs\/slick-carousel\/1.6.0\/slick.js\"><\/script><!-- [et_pb_line_break_holder] --><script>jQuery(function(s){s(\".image-magnify\").slick({slidesToShow:4,slidesToScroll:1,autoplaySpeed:700,arrows:!0,dots:false,responsive:[{breakpoint:981,settings:{slidesToShow:2,slidesToScroll:1}},{breakpoint:766,settings:{slidesToShow:1,slidesToScroll:1}}]})});<\/script><!-- [et_pb_line_break_holder] -->[\/et_pb_code][et_pb_code admin_label=&#8221;CSS CODE&#8221; _builder_version=&#8221;4.21.0&#8243; _module_preset=&#8221;default&#8221; custom_margin=&#8221;0px||0px||true|false&#8221; custom_padding=&#8221;0px||0px||true|false&#8221; global_colors_info=&#8221;{}&#8221;]<\/p>\n<style><!-- [et_pb_line_break_holder] --> .pop-hover-1 {<!-- [et_pb_line_break_holder] -->  overflow: hidden;<!-- [et_pb_line_break_holder] -->  padding: 5px;<!-- [et_pb_line_break_holder] -->  position: relative;<!-- [et_pb_line_break_holder] -->  transform: scale(0.9) !important;<!-- [et_pb_line_break_holder] --> transition: all 0.3s;<!-- [et_pb_line_break_holder] -->}<!-- [et_pb_line_break_holder] -->.pop-hover-1:hover .et_pb_lightbox_image:before,<!-- [et_pb_line_break_holder] -->.pop-hover-1:hover .et_pb_lightbox_image:after {<!-- [et_pb_line_break_holder] -->  opacity: 1;<!-- [et_pb_line_break_holder] -->  transform: scale(1);<!-- [et_pb_line_break_holder] -->}<!-- [et_pb_line_break_holder] -->.pop-hover-1 .et_pb_lightbox_image .et_pb_image_wrap {<!-- [et_pb_line_break_holder] -->  overflow: hidden;<!-- [et_pb_line_break_holder] -->  border-radius: 20px;<!-- [et_pb_line_break_holder] -->}<!-- [et_pb_line_break_holder] -->.pop-hover-1:hover{<!-- [et_pb_line_break_holder] -->   transform: scale(1) !important;<!-- [et_pb_line_break_holder] -->  transition: all 0.3s;<!-- [et_pb_line_break_holder] -->}<!-- [et_pb_line_break_holder] --><!-- [et_pb_line_break_holder] -->.pop-hover-1 .et_pb_lightbox_image .et_pb_image_wrap img {<!-- [et_pb_line_break_holder] -->  width: 100%;<!-- [et_pb_line_break_holder] -->  height: auto;<!-- [et_pb_line_break_holder] -->  transition: all 0.3s ease-in-out;<!-- [et_pb_line_break_holder] -->}<!-- [et_pb_line_break_holder] --><!-- [et_pb_line_break_holder] -->.pop-hover-1:hover .et_pb_lightbox_image .et_pb_image_wrap .et_overlay {<!-- [et_pb_line_break_holder] -->  opacity: 1;<!-- [et_pb_line_break_holder] -->}<!-- [et_pb_line_break_holder] -->.pop-hover-1 .et_pb_lightbox_image .et_pb_image_wrap .et_overlay:before {<!-- [et_pb_line_break_holder] -->  display: inline-block;<!-- [et_pb_line_break_holder] -->  width: 65px;<!-- [et_pb_line_break_holder] -->  height: 65px;<!-- [et_pb_line_break_holder] -->  line-height: 65px;<!-- [et_pb_line_break_holder] -->  border-radius: 50%;<!-- [et_pb_line_break_holder] -->  background: #fff;<!-- [et_pb_line_break_holder] -->  color: #333;<!-- [et_pb_line_break_holder] -->  top: 60%;<!-- [et_pb_line_break_holder] -->  font-size: 30px;<!-- [et_pb_line_break_holder] -->  transition: all 0.6s ease 0s;<!-- [et_pb_line_break_holder] -->}<!-- [et_pb_line_break_holder] --><!-- [et_pb_line_break_holder] -->  .img_carousel_main button.slick-prev,.img_carousel_main button.slick-next{<!-- [et_pb_line_break_holder] -->     top: 43% !important;<!-- [et_pb_line_break_holder] -->  }<!-- [et_pb_line_break_holder] -->  .img_carousel_main button.slick-prev.slick-arrow:before {<!-- [et_pb_line_break_holder] -->    \/*content: \"34\";*\/<!-- [et_pb_line_break_holder] -->    position: relative;<!-- [et_pb_line_break_holder] -->  }<!-- [et_pb_line_break_holder] -->  .img_carousel_main .slick-prev {<!-- [et_pb_line_break_holder] -->      left: -45px;<!-- [et_pb_line_break_holder] -->  }<!-- [et_pb_line_break_holder] -->  .img_carousel_main button.slick-arrow:before{<!-- [et_pb_line_break_holder] -->   color: #000000;<!-- [et_pb_line_break_holder] -->    font-size: 51px;<!-- [et_pb_line_break_holder] -->    text-shadow: 0 0;<!-- [et_pb_line_break_holder] -->    font-family: ETmodules !important;<!-- [et_pb_line_break_holder] -->    font-weight: 400;<!-- [et_pb_line_break_holder] -->    font-style: normal;<!-- [et_pb_line_break_holder] -->    font-variant: normal;<!-- [et_pb_line_break_holder] -->  }<!-- [et_pb_line_break_holder] -->  .img_carousel_main button.slick-next.slick-arrow:before {<!-- [et_pb_line_break_holder] -->    \/*content: \"35\";*\/<!-- [et_pb_line_break_holder] -->    }<!-- [et_pb_line_break_holder] --><!-- [et_pb_line_break_holder] -->  .img_carousel_main img{<!-- [et_pb_line_break_holder] -->    height: 284px !important;<!-- [et_pb_line_break_holder] -->    object-fit: cover !important;<!-- [et_pb_line_break_holder] -->  }<!-- [et_pb_line_break_holder] --><\/style>\n<p>[\/et_pb_code][\/et_pb_column][\/et_pb_row][\/et_pb_section]<\/p>\n","protected":false},"excerpt":{"rendered":"<p>VR924 \/n Citt\u00e0: Velo Veronese (VR)<\/p>\n","protected":false},"featured_media":151948,"parent":0,"menu_order":728,"template":"","meta":{"_acf_changed":false,"_et_pb_use_builder":"on","_et_pb_old_content":"[et_pb_section fb_built=\"1\" fullwidth=\"on\" _builder_version=\"4.19.2\" _module_preset=\"default\" locked=\"off\" global_colors_info=\"{}\"][et_pb_fullwidth_image src=\"https:\/\/granapadano.kleecks-cdn.com\/wp-content\/uploads\/2022\/12\/testata-consorz.jpg\" title_text=\"testata-consorz\" _builder_version=\"4.19.3\" _module_preset=\"default\" global_colors_info=\"{}\"][\/et_pb_fullwidth_image][\/et_pb_section][et_pb_section fb_built=\"1\" _builder_version=\"4.19.3\" _module_preset=\"default\" custom_padding=\"||||false|false\" global_colors_info=\"{}\"][et_pb_row _builder_version=\"4.19.3\" _module_preset=\"default\" custom_padding=\"0px||0px||false|false\" global_colors_info=\"{}\"][et_pb_column type=\"4_4\" _builder_version=\"4.19.3\" _module_preset=\"default\" global_colors_info=\"{}\"][et_pb_code _builder_version=\"4.19.3\" _module_preset=\"default\" global_colors_info=\"{}\"][custom_breadcrumbs][\/et_pb_code][\/et_pb_column][\/et_pb_row][\/et_pb_section][et_pb_section fb_built=\"1\" specialty=\"on\" module_class=\"consortium_main_section\" _builder_version=\"4.19.3\" _module_preset=\"default\" global_colors_info=\"{}\"][et_pb_column type=\"1_2\" _builder_version=\"4.16\" custom_padding=\"|||\" global_colors_info=\"{}\" custom_padding__hover=\"|||\"][et_pb_text _builder_version=\"4.19.4\" _module_preset=\"default\" header_font=\"Merriweather|700|||||||\" header_text_color=\"#221f1c\" header_font_size=\"80px\" hover_enabled=\"0\" global_colors_info=\"{}\" header_line_height=\"70px\" sticky_enabled=\"0\"]\r\n<h1 style=\"text-align: center\">LATTERIA COOPERATIVA GOITESE SOCIET\u00c0 AGRICOLA COOP.VA 21<\/h1>\r\n[\/et_pb_text][\/et_pb_column][et_pb_column type=\"1_2\" specialty_columns=\"2\" _builder_version=\"4.16\" custom_padding=\"|||\" global_colors_info=\"{}\" custom_padding__hover=\"|||\"][et_pb_row_inner column_structure=\"1_2,1_2\" _builder_version=\"4.19.3\" _module_preset=\"default\" min_height=\"104.8px\" global_colors_info=\"{}\"][et_pb_column_inner type=\"1_2\" saved_specialty_column_type=\"1_2\" _builder_version=\"4.19.3\" _module_preset=\"default\" global_colors_info=\"{}\"][et_pb_image src=\"https:\/\/granapadano.kleecks-cdn.com\/wp-content\/uploads\/2022\/12\/Tracciato-23521.png\" title_text=\"Tracciato 23521\" _builder_version=\"4.19.3\" _module_preset=\"default\" background_color=\"#ffdc00\" global_colors_info=\"{}\"][\/et_pb_image][\/et_pb_column_inner][et_pb_column_inner type=\"1_2\" saved_specialty_column_type=\"1_2\" _builder_version=\"4.19.3\" _module_preset=\"default\" global_colors_info=\"{}\"][et_pb_text _builder_version=\"4.19.3\" _module_preset=\"default\" text_font=\"Merriweather||||||||\" text_text_color=\"#0f0f0f\" text_font_size=\"26px\" global_colors_info=\"{}\"]\r\n\r\nMatricola: MN461\r\n\r\n[\/et_pb_text][\/et_pb_column_inner][\/et_pb_row_inner][et_pb_row_inner column_structure=\"1_2,1_2\" _builder_version=\"4.19.3\" _module_preset=\"default\" global_colors_info=\"{}\"][et_pb_column_inner type=\"1_2\" saved_specialty_column_type=\"1_2\" _builder_version=\"4.19.3\" _module_preset=\"default\" global_colors_info=\"{}\"][et_pb_image src=\"https:\/\/granapadano.kleecks-cdn.com\/wp-content\/uploads\/2022\/12\/Tracciato-23514.png\" title_text=\"Tracciato 23514\" _builder_version=\"4.19.3\" _module_preset=\"default\" background_color=\"#ffdc00\" global_colors_info=\"{}\"][\/et_pb_image][\/et_pb_column_inner][et_pb_column_inner type=\"1_2\" saved_specialty_column_type=\"1_2\" _builder_version=\"4.19.3\" _module_preset=\"default\" global_colors_info=\"{}\"][et_pb_text _builder_version=\"4.19.3\" _module_preset=\"default\" text_font=\"Merriweather||||||||\" text_text_color=\"#0f0f0f\" text_font_size=\"26px\" global_colors_info=\"{}\"]\r\n\r\ngoitese@latteriagoitese.it\r\n\r\n[\/et_pb_text][\/et_pb_column_inner][\/et_pb_row_inner][et_pb_row_inner column_structure=\"1_2,1_2\" _builder_version=\"4.19.3\" _module_preset=\"default\" global_colors_info=\"{}\"][et_pb_column_inner type=\"1_2\" saved_specialty_column_type=\"1_2\" _builder_version=\"4.19.3\" _module_preset=\"default\" global_colors_info=\"{}\"][et_pb_image src=\"https:\/\/granapadano.kleecks-cdn.com\/wp-content\/uploads\/2022\/12\/Raggruppa-814.png\" title_text=\"Raggruppa 814\" _builder_version=\"4.19.3\" _module_preset=\"default\" background_color=\"#ffdc00\" global_colors_info=\"{}\"][\/et_pb_image][\/et_pb_column_inner][et_pb_column_inner type=\"1_2\" saved_specialty_column_type=\"1_2\" _builder_version=\"4.19.3\" _module_preset=\"default\" global_colors_info=\"{}\"][et_pb_text _builder_version=\"4.19.3\" _module_preset=\"default\" text_font=\"Merriweather||||||||\" text_text_color=\"#0f0f0f\" text_font_size=\"26px\" global_colors_info=\"{}\"]\r\n\r\nT: 0376 686940 | F: 0376 605995\r\n\r\n[\/et_pb_text][\/et_pb_column_inner][\/et_pb_row_inner][et_pb_row_inner column_structure=\"1_2,1_2\" _builder_version=\"4.19.3\" _module_preset=\"default\" global_colors_info=\"{}\"][et_pb_column_inner type=\"1_2\" saved_specialty_column_type=\"1_2\" _builder_version=\"4.19.3\" _module_preset=\"default\" global_colors_info=\"{}\"][et_pb_image src=\"https:\/\/granapadano.kleecks-cdn.com\/wp-content\/uploads\/2022\/12\/Raggruppa-818.png\" title_text=\"Raggruppa 818\" _builder_version=\"4.19.3\" _module_preset=\"default\" background_color=\"#ffdc00\" global_colors_info=\"{}\"][\/et_pb_image][\/et_pb_column_inner][et_pb_column_inner type=\"1_2\" saved_specialty_column_type=\"1_2\" _builder_version=\"4.19.3\" _module_preset=\"default\" global_colors_info=\"{}\"][et_pb_text _builder_version=\"4.19.3\" _module_preset=\"default\" text_font=\"Merriweather||||||||\" text_text_color=\"#0f0f0f\" text_font_size=\"26px\" global_colors_info=\"{}\"]\r\n\r\nVia Torre, 81\/A 46044 - Goito (MN)\r\n\r\n[\/et_pb_text][\/et_pb_column_inner][\/et_pb_row_inner][et_pb_row_inner column_structure=\"1_2,1_2\" _builder_version=\"4.19.3\" _module_preset=\"default\" global_colors_info=\"{}\"][et_pb_column_inner type=\"1_2\" saved_specialty_column_type=\"1_2\" _builder_version=\"4.19.3\" _module_preset=\"default\" global_colors_info=\"{}\"][et_pb_image src=\"https:\/\/granapadano.kleecks-cdn.com\/wp-content\/uploads\/2022\/12\/Raggruppa-816.png\" title_text=\"Raggruppa 816\" _builder_version=\"4.19.3\" _module_preset=\"default\" background_color=\"#ffdc00\" global_colors_info=\"{}\"][\/et_pb_image][\/et_pb_column_inner][et_pb_column_inner type=\"1_2\" saved_specialty_column_type=\"1_2\" _builder_version=\"4.19.3\" _module_preset=\"default\" global_colors_info=\"{}\"][et_pb_text _builder_version=\"4.19.3\" _module_preset=\"default\" text_font=\"Merriweather||||||||\" text_text_color=\"#0f0f0f\" text_font_size=\"26px\" global_colors_info=\"{}\"]\r\n\r\nlatteriagoitese.it <img src=\"https:\/\/granapadano.kleecks-cdn.com\/wp-content\/uploads\/2022\/12\/next.svg\" width=\"undefined\" height=\"undefined\" alt=\"\" class=\"wp-image-1443 alignnone size-full\">\r\n\r\n[\/et_pb_text][\/et_pb_column_inner][\/et_pb_row_inner][\/et_pb_column][\/et_pb_section][et_pb_section fb_built=\"1\" module_class=\"map_with_content_sec\" _builder_version=\"4.19.3\" _module_preset=\"default\" background_color=\"#f7f7f7\" custom_padding=\"91px||74px||false|false\" global_colors_info=\"{}\"][et_pb_row column_structure=\"1_3,2_3\" _builder_version=\"4.19.3\" _module_preset=\"default\" width=\"90%\" max_width=\"90%\" custom_padding=\"3px|||||\" global_colors_info=\"{}\"][et_pb_column type=\"1_3\" _builder_version=\"4.19.3\" _module_preset=\"default\" global_colors_info=\"{}\"][et_pb_button button_text=\"Lorem Ipsum\" _builder_version=\"4.19.4\" _module_preset=\"default\" custom_button=\"on\" button_text_size=\"26px\" button_text_color=\"#0f0f0f\" button_bg_color=\"#ffdc00\" button_border_color=\"#ffdc00\" button_border_radius=\"48px\" button_font=\"FontPadano-Bold|700|||||||\" button_use_icon=\"off\" hover_enabled=\"0\" global_colors_info=\"{}\" locked=\"off\" module_class=\"mobile_btn\" sticky_enabled=\"0\"][\/et_pb_button][et_pb_code _builder_version=\"4.19.3\" _module_preset=\"default\" locked=\"off\" global_colors_info=\"{}\"]\r\n<div style=\"width: 100%\"><iframe width=\"395\" height=\"395\" frameborder=\"0\" src=\"https:\/\/maps.google.com\/maps?width=395&height=395&hl=en&q=Luna%20Farm+()&t=&z=14&ie=UTF8&iwloc=B&output=embed\"><a href=\"https:\/\/www.maps.ie\/distance-area-calculator.html\">measure distance on map<\/a><\/iframe><\/div>\r\n[\/et_pb_code][\/et_pb_column][et_pb_column type=\"2_3\" _builder_version=\"4.19.3\" _module_preset=\"default\" global_colors_info=\"{}\"][et_pb_button button_text=\"Lorem Ipsum\" _builder_version=\"4.19.3\" _module_preset=\"default\" custom_button=\"on\" button_text_size=\"26px\" button_text_color=\"#0f0f0f\" button_bg_color=\"#ffdc00\" button_border_color=\"#ffdc00\" button_border_radius=\"48px\" button_font=\"FontPadano-Bold|700|||||||\" button_use_icon=\"off\" global_colors_info=\"{}\"][\/et_pb_button][et_pb_text _builder_version=\"4.19.3\" _module_preset=\"default\" text_font=\"Merriweather||||||||\" text_text_color=\"#0f0f0f\" text_font_size=\"26px\" text_line_height=\"31px\" global_colors_info=\"{}\"]\r\n\r\nOggi siamo nella campagna vicino a Goito, in provincia di Mantova, alla Latteria Goitese dove fervono i preparativi per i festeggiamenti del 50\u00b0 anniversario.\r\n\r\nL\u2019idea \u00e8 quella di fare una messa con tutti i soci e gli amici della latteria, una benedizione ai locali e poi una cena, sempre in caseificio. Un grande traguardo, fatto del sacrificio di tante persone che per\u00f2 \u00e8 anche una grande soddisfazione: oggi il Caseificio continua a lavorare molto bene ed ha grandi progetti di ampliamento.\r\n\r\n[\/et_pb_text][\/et_pb_column][\/et_pb_row][et_pb_row _builder_version=\"4.19.3\" _module_preset=\"default\" width=\"90%\" max_width=\"90%\" custom_padding=\"||4px|||\" global_colors_info=\"{}\"][et_pb_column type=\"4_4\" _builder_version=\"4.19.3\" _module_preset=\"default\" global_colors_info=\"{}\"][et_pb_text _builder_version=\"4.19.3\" _module_preset=\"default\" text_font=\"Merriweather||||||||\" text_text_color=\"#0f0f0f\" text_font_size=\"26px\" text_line_height=\"31px\" global_colors_info=\"{}\"]\r\n\r\nMassimo Dalzini \u00e8 orgoglioso di essere presidente di questa realt\u00e0 e felice di constatare che le nuove generazioni vogliono portare avanti il lavoro in caseificio.\r\n\u201cNon \u00e8 cos\u00ec scontato, \u00e8 un lavoro duro. Sia per la parte produttiva ma anche per tutto quello che riguarda il lavoro dei campi e nelle stalle\u201d\r\n\r\nAl momento la produzione \u00e8 di 134 forme di Grana Padano al giorno ma l\u2019idea \u00e8 di aumentare nel prossimo periodo, per questo sono iniziati i lavori di costruzione di un nuovo magazzino di stagionatura e da pochi anni \u00e8 stata costruita una nuova salina con capienza pi\u00f9 elevata. Per tutti questi lavori si \u00e8 guardato a nuove tecnologie e al risparmio energetico.\r\n\r\n[\/et_pb_text][\/et_pb_column][\/et_pb_row][\/et_pb_section][et_pb_section fb_built=\"1\" module_class=\"consortium_msin_slider\" _builder_version=\"4.19.3\" _module_preset=\"default\" custom_padding=\"62px||62px||false|false\" global_colors_info=\"{}\"][et_pb_row _builder_version=\"4.19.3\" _module_preset=\"default\" width=\"90%\" max_width=\"90%\" global_colors_info=\"{}\"][et_pb_column type=\"4_4\" _builder_version=\"4.19.3\" _module_preset=\"default\" global_colors_info=\"{}\"][ba_image_carousel animation_speed=\"400ms\" is_autoplay=\"off\" slide_count=\"4\" nav_icon_size=\"50px\" nav_color=\"#000000\" nav_bg=\"RGBA(255,255,255,0)\" nav_pos_x=\"-50px\" slide_count_tablet=\"2\" slide_count_phone=\"1\" slide_count_last_edited=\"on|tablet\" _builder_version=\"4.19.3\" _module_preset=\"default\" width=\"100%\" custom_padding=\"0px||0px|||\" global_colors_info=\"{}\"][ba_image_carousel_child photo=\"https:\/\/granapadano.kleecks-cdn.com\/wp-content\/uploads\/2022\/12\/98ac641fe1d808c.png\" _builder_version=\"4.19.3\" _module_preset=\"default\" global_colors_info=\"{}\"][\/ba_image_carousel_child][ba_image_carousel_child photo=\"https:\/\/granapadano.kleecks-cdn.com\/wp-content\/uploads\/2022\/12\/fe2a2413c646a32.png\" _builder_version=\"4.19.3\" _module_preset=\"default\" global_colors_info=\"{}\"][\/ba_image_carousel_child][ba_image_carousel_child photo=\"https:\/\/granapadano.kleecks-cdn.com\/wp-content\/uploads\/2022\/12\/b71d2e3d4117b4f.png\" _builder_version=\"4.19.3\" _module_preset=\"default\" global_colors_info=\"{}\"][\/ba_image_carousel_child][ba_image_carousel_child photo=\"https:\/\/granapadano.kleecks-cdn.com\/wp-content\/uploads\/2022\/12\/72c0e44d7d9e466.png\" _builder_version=\"4.19.3\" _module_preset=\"default\" global_colors_info=\"{}\"][\/ba_image_carousel_child][ba_image_carousel_child photo=\"https:\/\/granapadano.kleecks-cdn.com\/wp-content\/uploads\/2022\/11\/Crocchettedipatatepisellieprosciuttocop-46647.png\" _builder_version=\"4.19.3\" _module_preset=\"default\" global_colors_info=\"{}\"][\/ba_image_carousel_child][\/ba_image_carousel][\/et_pb_column][\/et_pb_row][\/et_pb_section][et_pb_section fb_built=\"1\" module_class=\"consortium_pagination\" _builder_version=\"4.19.3\" _module_preset=\"default\" custom_padding=\"0px||0px||false|false\" global_colors_info=\"{}\"][et_pb_row column_structure=\"1_2,1_2\" use_custom_gutter=\"on\" _builder_version=\"4.19.3\" _module_preset=\"default\" background_enable_image=\"off\" width=\"100%\" max_width=\"100%\" custom_margin=\"||||false|false\" custom_padding=\"0px||0px||false|false\" global_colors_info=\"{}\"][et_pb_column type=\"1_2\" _builder_version=\"4.19.3\" _module_preset=\"default\" background_enable_color=\"off\" background_image=\"https:\/\/granapadano.kleecks-cdn.com\/wp-content\/uploads\/2022\/11\/8.1-Schermata-2022-10-18-alle-16.03.07.jpg\" custom_padding=\"30px||30px||false|false\" global_colors_info=\"{}\"][et_pb_button button_text=\"Consorzio Precedente\" button_alignment=\"center\" _builder_version=\"4.19.3\" _module_preset=\"default\" custom_button=\"on\" button_text_size=\"26px\" button_text_color=\"#0f0f0f\" button_bg_color=\"#ffdc00\" button_border_color=\"#ffdc00\" button_border_radius=\"48px\" button_font=\"FontPadano-Bold|700|||||||\" button_use_icon=\"off\" global_colors_info=\"{}\"][\/et_pb_button][et_pb_post_nav in_same_term=\"off\" show_next=\"off\" prev_text=\"Latteria casaticese societa\u2019 agricola coop.va\" _builder_version=\"4.19.3\" _module_preset=\"default\" title_font=\"Merriweather||||||||\" title_text_color=\"#FFFFFF\" title_font_size=\"60px\" title_line_height=\"60px\" background_enable_color=\"off\" width=\"90%\" module_alignment=\"center\" global_colors_info=\"{}\" prev_text__hover_enabled=\"off|desktop\"][\/et_pb_post_nav][\/et_pb_column][et_pb_column type=\"1_2\" _builder_version=\"4.19.3\" _module_preset=\"default\" background_enable_color=\"off\" background_image=\"https:\/\/granapadano.kleecks-cdn.com\/wp-content\/uploads\/2022\/11\/Group-754.png\" custom_padding=\"30px||30px||false|false\" global_colors_info=\"{}\"][et_pb_button button_text=\"Consorzio Successivo\" button_alignment=\"center\" _builder_version=\"4.19.3\" _module_preset=\"default\" custom_button=\"on\" button_text_size=\"26px\" button_text_color=\"#0f0f0f\" button_bg_color=\"#ffdc00\" button_border_color=\"#ffdc00\" button_border_radius=\"48px\" button_font=\"FontPadano-Bold|700|||||||\" button_use_icon=\"off\" global_colors_info=\"{}\"][\/et_pb_button][et_pb_post_nav show_prev=\"off\" next_text=\"Latteria padana di borgoforte soc. agr. coop.va\" _builder_version=\"4.19.3\" _module_preset=\"default\" title_font=\"Merriweather||||||||\" title_text_color=\"#FFFFFF\" title_font_size=\"60px\" title_line_height=\"60px\" background_enable_color=\"off\" width=\"90%\" module_alignment=\"center\" global_colors_info=\"{}\"][\/et_pb_post_nav][\/et_pb_column][\/et_pb_row][\/et_pb_section]","_et_gb_content_width":""},"consortium_region":[75],"tipologia":[2934,2932,2933],"provincia":[2950],"servizi_online":[],"altro":[2953],"class_list":["post-36794","consortium","type-consortium","status-publish","has-post-thumbnail","hentry","tipologia-caseifici-con-spaccio","tipologia-produttori","tipologia-stagionatori","provincia-verona","altro-vi-raccontiamo-il-buono-che-ce-in-noi"],"acf":[],"yoast_head":"<!-- This site is optimized with the Yoast SEO plugin v27.4 - https:\/\/yoast.com\/product\/yoast-seo-wordpress\/ -->\n<title>Caseificio Dalla Valentina Srl - Grana Padano<\/title>\n<meta name=\"description\" content=\"Matricola: VR924 Citt\u00e0: Velo Veronese (VR)\" \/>\n<meta name=\"robots\" content=\"index, follow, max-snippet:-1, max-image-preview:large, max-video-preview:-1\" \/>\n<link rel=\"canonical\" href=\"https:\/\/www.granapadano.it\/it-it\/il-consorzio-di-tutela\/i-protagonisti-i-consorziati\/caseificio-dalla-valentina-srl\/\" \/>\n<meta property=\"og:locale\" content=\"it_IT\" \/>\n<meta property=\"og:type\" content=\"article\" \/>\n<meta property=\"og:title\" content=\"Caseificio Dalla Valentina Srl\" \/>\n<meta property=\"og:description\" content=\"Matricola: VR924 Citt\u00e0: Velo Veronese (VR)\" \/>\n<meta property=\"og:url\" content=\"https:\/\/www.granapadano.it\/it-it\/il-consorzio-di-tutela\/i-protagonisti-i-consorziati\/caseificio-dalla-valentina-srl\/\" \/>\n<meta property=\"og:site_name\" content=\"Grana Padano\" \/>\n<meta property=\"article:modified_time\" content=\"2026-03-26T08:56:43+00:00\" \/>\n<meta property=\"og:image\" content=\"https:\/\/granapadano.kleecks-cdn.com\/wp-content\/uploads\/2023\/02\/Logo_Dalla_Valentina.png\" \/>\n\t<meta property=\"og:image:width\" content=\"517\" \/>\n\t<meta property=\"og:image:height\" content=\"311\" \/>\n\t<meta property=\"og:image:type\" content=\"image\/png\" \/>\n<meta name=\"twitter:card\" content=\"summary_large_image\" \/>\n<meta name=\"twitter:label1\" content=\"Est. reading time\" \/>\n\t<meta name=\"twitter:data1\" content=\"8 minutes\" \/>\n<script type=\"application\/ld+json\" class=\"yoast-schema-graph\">{\"@context\":\"https:\\\/\\\/schema.org\",\"@graph\":[{\"@type\":\"WebPage\",\"@id\":\"https:\\\/\\\/www.granapadano.it\\\/it-it\\\/il-consorzio-di-tutela\\\/i-protagonisti-i-consorziati\\\/caseificio-dalla-valentina-srl\\\/\",\"url\":\"https:\\\/\\\/www.granapadano.it\\\/it-it\\\/il-consorzio-di-tutela\\\/i-protagonisti-i-consorziati\\\/caseificio-dalla-valentina-srl\\\/\",\"name\":\"Caseificio Dalla Valentina Srl - Grana Padano\",\"isPartOf\":{\"@id\":\"https:\\\/\\\/www.granapadano.it\\\/it-it\\\/#website\"},\"primaryImageOfPage\":{\"@id\":\"https:\\\/\\\/www.granapadano.it\\\/it-it\\\/il-consorzio-di-tutela\\\/i-protagonisti-i-consorziati\\\/caseificio-dalla-valentina-srl\\\/#primaryimage\"},\"image\":{\"@id\":\"https:\\\/\\\/www.granapadano.it\\\/it-it\\\/il-consorzio-di-tutela\\\/i-protagonisti-i-consorziati\\\/caseificio-dalla-valentina-srl\\\/#primaryimage\"},\"thumbnailUrl\":\"https:\\\/\\\/granapadano.kleecks-cdn.com\\\/wp-content\\\/uploads\\\/2025\\\/01\\\/4.png\",\"datePublished\":\"2023-02-17T15:42:50+00:00\",\"dateModified\":\"2026-03-26T08:56:43+00:00\",\"description\":\"Matricola: VR924 Citt\u00e0: Velo Veronese (VR)\",\"breadcrumb\":{\"@id\":\"https:\\\/\\\/www.granapadano.it\\\/it-it\\\/il-consorzio-di-tutela\\\/i-protagonisti-i-consorziati\\\/caseificio-dalla-valentina-srl\\\/#breadcrumb\"},\"inLanguage\":\"it-it\",\"potentialAction\":[{\"@type\":\"ReadAction\",\"target\":[\"https:\\\/\\\/www.granapadano.it\\\/it-it\\\/il-consorzio-di-tutela\\\/i-protagonisti-i-consorziati\\\/caseificio-dalla-valentina-srl\\\/\"]}]},{\"@type\":\"ImageObject\",\"inLanguage\":\"it-it\",\"@id\":\"https:\\\/\\\/www.granapadano.it\\\/it-it\\\/il-consorzio-di-tutela\\\/i-protagonisti-i-consorziati\\\/caseificio-dalla-valentina-srl\\\/#primaryimage\",\"url\":\"https:\\\/\\\/granapadano.kleecks-cdn.com\\\/wp-content\\\/uploads\\\/2025\\\/01\\\/4.png\",\"contentUrl\":\"https:\\\/\\\/granapadano.kleecks-cdn.com\\\/wp-content\\\/uploads\\\/2025\\\/01\\\/4.png\",\"width\":511,\"height\":367},{\"@type\":\"BreadcrumbList\",\"@id\":\"https:\\\/\\\/www.granapadano.it\\\/it-it\\\/il-consorzio-di-tutela\\\/i-protagonisti-i-consorziati\\\/caseificio-dalla-valentina-srl\\\/#breadcrumb\",\"itemListElement\":[{\"@type\":\"ListItem\",\"position\":1,\"name\":\"Home\",\"item\":\"https:\\\/\\\/www.granapadano.it\\\/it-it\\\/\"},{\"@type\":\"ListItem\",\"position\":2,\"name\":\"Caseificio Dalla Valentina Srl\"}]},{\"@type\":\"WebSite\",\"@id\":\"https:\\\/\\\/www.granapadano.it\\\/it-it\\\/#website\",\"url\":\"https:\\\/\\\/www.granapadano.it\\\/it-it\\\/\",\"name\":\"Grana Padano\",\"description\":\"\",\"potentialAction\":[{\"@type\":\"SearchAction\",\"target\":{\"@type\":\"EntryPoint\",\"urlTemplate\":\"https:\\\/\\\/www.granapadano.it\\\/it-it\\\/?s={search_term_string}\"},\"query-input\":{\"@type\":\"PropertyValueSpecification\",\"valueRequired\":true,\"valueName\":\"search_term_string\"}}],\"inLanguage\":\"it-it\"}]}<\/script>\n<!-- \/ Yoast SEO plugin. -->","yoast_head_json":{"title":"Caseificio Dalla Valentina Srl - Grana Padano","description":"Matricola: VR924 Citt\u00e0: Velo Veronese (VR)","robots":{"index":"index","follow":"follow","max-snippet":"max-snippet:-1","max-image-preview":"max-image-preview:large","max-video-preview":"max-video-preview:-1"},"canonical":"https:\/\/www.granapadano.it\/it-it\/il-consorzio-di-tutela\/i-protagonisti-i-consorziati\/caseificio-dalla-valentina-srl\/","og_locale":"it_IT","og_type":"article","og_title":"Caseificio Dalla Valentina Srl","og_description":"Matricola: VR924 Citt\u00e0: Velo Veronese (VR)","og_url":"https:\/\/www.granapadano.it\/it-it\/il-consorzio-di-tutela\/i-protagonisti-i-consorziati\/caseificio-dalla-valentina-srl\/","og_site_name":"Grana Padano","article_modified_time":"2026-03-26T08:56:43+00:00","og_image":[{"width":517,"height":311,"url":"https:\/\/granapadano.kleecks-cdn.com\/wp-content\/uploads\/2023\/02\/Logo_Dalla_Valentina.png","type":"image\/png"}],"twitter_card":"summary_large_image","twitter_misc":{"Est. reading time":"8 minutes"},"schema":{"@context":"https:\/\/schema.org","@graph":[{"@type":"WebPage","@id":"https:\/\/www.granapadano.it\/it-it\/il-consorzio-di-tutela\/i-protagonisti-i-consorziati\/caseificio-dalla-valentina-srl\/","url":"https:\/\/www.granapadano.it\/it-it\/il-consorzio-di-tutela\/i-protagonisti-i-consorziati\/caseificio-dalla-valentina-srl\/","name":"Caseificio Dalla Valentina Srl - Grana Padano","isPartOf":{"@id":"https:\/\/www.granapadano.it\/it-it\/#website"},"primaryImageOfPage":{"@id":"https:\/\/www.granapadano.it\/it-it\/il-consorzio-di-tutela\/i-protagonisti-i-consorziati\/caseificio-dalla-valentina-srl\/#primaryimage"},"image":{"@id":"https:\/\/www.granapadano.it\/it-it\/il-consorzio-di-tutela\/i-protagonisti-i-consorziati\/caseificio-dalla-valentina-srl\/#primaryimage"},"thumbnailUrl":"https:\/\/granapadano.kleecks-cdn.com\/wp-content\/uploads\/2025\/01\/4.png","datePublished":"2023-02-17T15:42:50+00:00","dateModified":"2026-03-26T08:56:43+00:00","description":"Matricola: VR924 Citt\u00e0: Velo Veronese (VR)","breadcrumb":{"@id":"https:\/\/www.granapadano.it\/it-it\/il-consorzio-di-tutela\/i-protagonisti-i-consorziati\/caseificio-dalla-valentina-srl\/#breadcrumb"},"inLanguage":"it-it","potentialAction":[{"@type":"ReadAction","target":["https:\/\/www.granapadano.it\/it-it\/il-consorzio-di-tutela\/i-protagonisti-i-consorziati\/caseificio-dalla-valentina-srl\/"]}]},{"@type":"ImageObject","inLanguage":"it-it","@id":"https:\/\/www.granapadano.it\/it-it\/il-consorzio-di-tutela\/i-protagonisti-i-consorziati\/caseificio-dalla-valentina-srl\/#primaryimage","url":"https:\/\/granapadano.kleecks-cdn.com\/wp-content\/uploads\/2025\/01\/4.png","contentUrl":"https:\/\/granapadano.kleecks-cdn.com\/wp-content\/uploads\/2025\/01\/4.png","width":511,"height":367},{"@type":"BreadcrumbList","@id":"https:\/\/www.granapadano.it\/it-it\/il-consorzio-di-tutela\/i-protagonisti-i-consorziati\/caseificio-dalla-valentina-srl\/#breadcrumb","itemListElement":[{"@type":"ListItem","position":1,"name":"Home","item":"https:\/\/www.granapadano.it\/it-it\/"},{"@type":"ListItem","position":2,"name":"Caseificio Dalla Valentina Srl"}]},{"@type":"WebSite","@id":"https:\/\/www.granapadano.it\/it-it\/#website","url":"https:\/\/www.granapadano.it\/it-it\/","name":"Grana Padano","description":"","potentialAction":[{"@type":"SearchAction","target":{"@type":"EntryPoint","urlTemplate":"https:\/\/www.granapadano.it\/it-it\/?s={search_term_string}"},"query-input":{"@type":"PropertyValueSpecification","valueRequired":true,"valueName":"search_term_string"}}],"inLanguage":"it-it"}]}},"_links":{"self":[{"href":"https:\/\/www.granapadano.it\/it-it\/wp-json\/wp\/v2\/consortium\/36794","targetHints":{"allow":["GET"]}}],"collection":[{"href":"https:\/\/www.granapadano.it\/it-it\/wp-json\/wp\/v2\/consortium"}],"about":[{"href":"https:\/\/www.granapadano.it\/it-it\/wp-json\/wp\/v2\/types\/consortium"}],"version-history":[{"count":5,"href":"https:\/\/www.granapadano.it\/it-it\/wp-json\/wp\/v2\/consortium\/36794\/revisions"}],"predecessor-version":[{"id":151986,"href":"https:\/\/www.granapadano.it\/it-it\/wp-json\/wp\/v2\/consortium\/36794\/revisions\/151986"}],"wp:featuredmedia":[{"embeddable":true,"href":"https:\/\/www.granapadano.it\/it-it\/wp-json\/wp\/v2\/media\/151948"}],"wp:attachment":[{"href":"https:\/\/www.granapadano.it\/it-it\/wp-json\/wp\/v2\/media?parent=36794"}],"wp:term":[{"taxonomy":"consortium_region","embeddable":true,"href":"https:\/\/www.granapadano.it\/it-it\/wp-json\/wp\/v2\/consortium_region?post=36794"},{"taxonomy":"tipologia","embeddable":true,"href":"https:\/\/www.granapadano.it\/it-it\/wp-json\/wp\/v2\/tipologia?post=36794"},{"taxonomy":"provincia","embeddable":true,"href":"https:\/\/www.granapadano.it\/it-it\/wp-json\/wp\/v2\/provincia?post=36794"},{"taxonomy":"servizi_online","embeddable":true,"href":"https:\/\/www.granapadano.it\/it-it\/wp-json\/wp\/v2\/servizi_online?post=36794"},{"taxonomy":"altro","embeddable":true,"href":"https:\/\/www.granapadano.it\/it-it\/wp-json\/wp\/v2\/altro?post=36794"}],"curies":[{"name":"wp","href":"https:\/\/api.w.org\/{rel}","templated":true}]}}