{"id":85738,"date":"2023-02-27T04:06:10","date_gmt":"2023-02-27T04:06:10","guid":{"rendered":"https:\/\/www.granapadano.it\/lart-de-la-production\/la-storia-e-lheritage\/"},"modified":"2026-04-01T12:30:01","modified_gmt":"2026-04-01T12:30:01","slug":"histoire-et-heritage","status":"publish","type":"page","link":"https:\/\/www.granapadano.it\/fr-fr\/lart-du-savoir-faire\/histoire-et-heritage\/","title":{"rendered":"Histoire et h\u00e9ritage"},"content":{"rendered":"<p>[et_pb_section fb_built=&#8221;1&#8243; fullwidth=&#8221;on&#8221; _builder_version=&#8221;4.19.4&#8243; _module_preset=&#8221;default&#8221; global_colors_info=&#8221;{}&#8221;][et_pb_fullwidth_image src=&#8221;https:\/\/www.granapadano.it\/wp-content\/uploads\/2023\/03\/Storia-Heritage_h.jpg&#8221; title_text=&#8221;Abbazia di Chiaravalle, cupola&#8221; src_tablet=&#8221;https:\/\/www.granapadano.it\/wp-content\/uploads\/2023\/03\/Storia-Heritage_h.jpg&#8221; src_phone=&#8221;https:\/\/www.granapadano.it\/wp-content\/uploads\/2023\/03\/Storia-Heritage_m.jpg&#8221; src_last_edited=&#8221;on|phone&#8221; _builder_version=&#8221;4.20.0&#8243; _module_preset=&#8221;default&#8221; global_colors_info=&#8221;{}&#8221;][\/et_pb_fullwidth_image][\/et_pb_section][et_pb_section fb_built=&#8221;1&#8243; module_class=&#8221;production_sub_hub_main_wrapper&#8221; _builder_version=&#8221;4.19.2&#8243; _module_preset=&#8221;default&#8221; custom_padding=&#8221;13px||0px|||&#8221; locked=&#8221;off&#8221; global_colors_info=&#8221;{}&#8221;][et_pb_row module_class=&#8221;recipe_filter_section&#8221; _builder_version=&#8221;4.19.2&#8243; _module_preset=&#8221;default&#8221; max_width=&#8221;90%&#8221; custom_padding=&#8221;||7px|||&#8221; global_colors_info=&#8221;{}&#8221;][et_pb_column type=&#8221;4_4&#8243; _builder_version=&#8221;4.19.2&#8243; _module_preset=&#8221;default&#8221; global_colors_info=&#8221;{}&#8221;][et_pb_code _builder_version=&#8221;4.19.2&#8243; _module_preset=&#8221;default&#8221; custom_margin=&#8221;||16px|||&#8221; global_colors_info=&#8221;{}&#8221;]<div class=\"breadcrumb\"><a href=\"https:\/\/www.granapadano.it\/fr-fr\/\">Home<\/a>  <  <\/div>[\/et_pb_code][\/et_pb_column][\/et_pb_row][\/et_pb_section][et_pb_section fb_built=&#8221;1&#8243; disabled_on=&#8221;on|on|on&#8221; module_class=&#8221;sustainability_sub_hub_wrapper&#8221; _builder_version=&#8221;4.20.0&#8243; _module_preset=&#8221;default&#8221; background_color=&#8221;RGBA(255,255,255,0)&#8221; custom_margin=&#8221;||25px|||&#8221; custom_padding=&#8221;10px||11px|||&#8221; disabled=&#8221;on&#8221; locked=&#8221;off&#8221; global_colors_info=&#8221;{}&#8221;][et_pb_row column_structure=&#8221;2_5,3_5&#8243; _builder_version=&#8221;4.19.4&#8243; _module_preset=&#8221;default&#8221; max_width=&#8221;90%&#8221; module_alignment=&#8221;center&#8221; custom_padding=&#8221;1px||60px|||&#8221; global_colors_info=&#8221;{}&#8221;][et_pb_column type=&#8221;2_5&#8243; _builder_version=&#8221;4.19.1&#8243; _module_preset=&#8221;default&#8221; global_colors_info=&#8221;{}&#8221;][et_pb_text content_tablet=&#8221;<\/p>\n<h1>Notre histoire<\/h1>\n<p>&#8221; content_phone=&#8221;<\/p>\n<h1>Notre histoire<\/h1>\n<p>&#8221; content_last_edited=&#8221;on|phone&#8221; _builder_version=&#8221;4.20.4&#8243; _module_preset=&#8221;default&#8221; text_font_size=&#8221;56px&#8221; text_line_height=&#8221;62px&#8221; header_font=&#8221;Merriweather|700|||||||&#8221; header_text_color=&#8221;gcid-8696fd7e-29dd-4028-9d4d-981b208a53a9&#8243; header_font_size=&#8221;44px&#8221; header_line_height=&#8221;52px&#8221; text_orientation=&#8221;center&#8221; global_colors_info=&#8221;{%22gcid-8696fd7e-29dd-4028-9d4d-981b208a53a9%22:%91%22header_text_color%22%93}&#8221;]<\/p>\n<h1>Notre<br \/>\nhistoire<\/h1>\n<p>[\/et_pb_text][\/et_pb_column][et_pb_column type=&#8221;3_5&#8243; _builder_version=&#8221;4.19.1&#8243; _module_preset=&#8221;default&#8221; global_colors_info=&#8221;{}&#8221;][et_pb_text _builder_version=&#8221;4.20.4&#8243; _module_preset=&#8221;default&#8221; text_text_color=&#8221;#0f0f0f&#8221; text_font_size=&#8221;18px&#8221; text_line_height=&#8221;26px&#8221; header_2_font=&#8221;FontPadano-Bold||||||||&#8221; header_5_font=&#8221;FontPadano-Bold||||||||&#8221; min_height=&#8221;105px&#8221; custom_padding=&#8221;||31px|||&#8221; global_colors_info=&#8221;{}&#8221;]L\u2019histoire de notre fromage puise ses racines loin dans le temps. La recette d\u2019origine date d\u2019il y a presque 1000 ans, et nous produisons le Grana Padano AOP depuis ce jour, avec la m\u00eame passion.<br \/>\n[\/et_pb_text][\/et_pb_column][\/et_pb_row][\/et_pb_section][et_pb_section fb_built=&#8221;1&#8243; _builder_version=&#8221;4.27.6&#8243; _module_preset=&#8221;default&#8221; min_height=&#8221;179.2px&#8221; locked=&#8221;off&#8221; global_colors_info=&#8221;{}&#8221;][et_pb_row column_structure=&#8221;1_3,2_3&#8243; custom_padding_last_edited=&#8221;on|tablet&#8221; _builder_version=&#8221;4.27.6&#8243; _module_preset=&#8221;default&#8221; custom_margin=&#8221;||0px||false|false&#8221; custom_padding=&#8221;0px||0px||false|false&#8221; custom_padding_tablet=&#8221;32px|32px|32px|32px|true|true&#8221; custom_padding_phone=&#8221;32px|0px|32px|0px|true|true&#8221; locked=&#8221;off&#8221; global_colors_info=&#8221;{}&#8221;][et_pb_column type=&#8221;1_3&#8243; _builder_version=&#8221;4.27.6&#8243; _module_preset=&#8221;default&#8221; global_colors_info=&#8221;{}&#8221;][et_pb_heading title=&#8221;Notre histoire&#8221; admin_label=&#8221;Heading&#8221; module_class=&#8221;new-gp-h1-heading&#8221; _builder_version=&#8221;4.27.6&#8243; _module_preset=&#8221;default&#8221; title_font=&#8221;&#8211;et_global_heading_font|600|||||||&#8221; title_text_color=&#8221;gcid-cdd0517b-cb7c-4f63-9e4c-4eaf7d046da3&#8243; title_font_size=&#8221;45px&#8221; title_line_height=&#8221;1.6em&#8221; max_width=&#8221;100%&#8221; module_alignment=&#8221;left&#8221; custom_margin=&#8221;|||0px|false|false&#8221; custom_padding=&#8221;|||0px|false|false&#8221; title_font_size_tablet=&#8221;32px&#8221; title_font_size_phone=&#8221;32px&#8221; title_font_size_last_edited=&#8221;on|phone&#8221; locked=&#8221;off&#8221; global_colors_info=&#8221;{%22gcid-cdd0517b-cb7c-4f63-9e4c-4eaf7d046da3%22:%91%22title_text_color%22%93}&#8221;][\/et_pb_heading][\/et_pb_column][et_pb_column type=&#8221;2_3&#8243; _builder_version=&#8221;4.27.6&#8243; _module_preset=&#8221;default&#8221; custom_padding=&#8221;||0px||false|false&#8221; global_colors_info=&#8221;{}&#8221;][et_pb_text _builder_version=&#8221;4.27.6&#8243; _module_preset=&#8221;default&#8221; text_font=&#8221;&#8211;et_global_body_font||||||||&#8221; text_text_color=&#8221;#44392b&#8221; text_font_size=&#8221;16px&#8221; text_line_height=&#8221;1.6em&#8221; custom_margin=&#8221;20px||30px||false|false&#8221; custom_padding_tablet=&#8221;&#8221; custom_padding_phone=&#8221;||||false|false&#8221; custom_padding_last_edited=&#8221;on|phone&#8221; global_colors_info=&#8221;{}&#8221;]<\/p>\n<p style=\"text-align: left;\">L\u2019histoire de notre fromage plonge ses racines tr\u00e8s profond\u00e9ment dans le temps. La recette originale remonte \u00e0 pr\u00e8s de mille ans et repr\u00e9sente un savoir-faire transmis avec soin de g\u00e9n\u00e9ration en g\u00e9n\u00e9ration, conserv\u00e9 dans les gestes et les mains de ceux qui le produisent chaque jour. Aujourd\u2019hui comme hier, avec la m\u00eame passion et le m\u00eame engagement, nous donnons vie au Grana Padano AOP, en alliant tradition et exigence constante de qualit\u00e9, dans le respect du territoire et de ses excellences.<\/p>\n<p>[\/et_pb_text][et_pb_button button_url=&#8221;\/en-en\/the-art-of-production\/history-and-heritage\/grana-can-only-be-padano\/&#8221; button_text=&#8221;Grana is only Padano, discover why&#8221; button_alignment=&#8221;left&#8221; module_class=&#8221;Brown-btn&#8221; _builder_version=&#8221;4.27.6&#8243; _module_preset=&#8221;default&#8221; custom_button=&#8221;on&#8221; button_text_size=&#8221;12px&#8221; button_text_color=&#8221;#f9f1e4&#8243; button_bg_color=&#8221;#876346&#8243; button_border_width=&#8221;0px&#8221; button_border_color=&#8221;RGBA(255,255,255,0)&#8221; button_border_radius=&#8221;0px&#8221; button_font=&#8221;&#8211;et_global_heading_font||||||||&#8221; button_icon=&#8221;&#x24;||divi||400&#8243; button_on_hover=&#8221;off&#8221; transform_scale=&#8221;86%|86%&#8221; custom_margin=&#8221;||||false|false&#8221; custom_padding=&#8221;16px|30px|16px|16px|true|false&#8221; locked=&#8221;off&#8221; global_colors_info=&#8221;{%22gcid-26f0371c-74dd-4e63-bbf8-f8ec94f09a6d%22:%91%22button_bg_color%22%93,%22gcid-46a7fd9b-e7e5-4c0a-b621-f5f3bcee3ed6%22:%91%22button_bg_color%22%93}&#8221; button_text_color__hover_enabled=&#8221;on|desktop&#8221; button_bg_color__hover_enabled=&#8221;on|hover&#8221; button_bg_enable_color__hover=&#8221;on&#8221; button_text_color__hover=&#8221;#f9f1e4&#8243; button_bg_color__hover=&#8221;#876346&#8243;][\/et_pb_button][\/et_pb_column][\/et_pb_row][\/et_pb_section][et_pb_section fb_built=&#8221;1&#8243; module_id=&#8221;abbaye-chiaravalle&#8221; module_class=&#8221;heritage_double_banner_section&#8221; _builder_version=&#8221;4.27.6&#8243; _module_preset=&#8221;default&#8221; custom_padding=&#8221;0px||0px||false|false&#8221; hover_enabled=&#8221;0&#8243; global_colors_info=&#8221;{}&#8221; custom_margin=&#8221;||60px||false|false&#8221; sticky_enabled=&#8221;0&#8243;][et_pb_row column_structure=&#8221;1_2,1_2&#8243; _builder_version=&#8221;4.20.0&#8243; _module_preset=&#8221;default&#8221; background_image=&#8221;https:\/\/www.granapadano.it\/wp-content\/uploads\/2023\/03\/Abbazia-p-1.jpg&#8221; width=&#8221;100%&#8221; custom_margin=&#8221;35px|auto||auto||&#8221; custom_padding=&#8221;0px||0px||false|false&#8221; global_colors_info=&#8221;{}&#8221;][et_pb_column type=&#8221;1_2&#8243; _builder_version=&#8221;4.20.0&#8243; _module_preset=&#8221;default&#8221; background_image=&#8221;https:\/\/www.granapadano.it\/wp-content\/uploads\/2023\/03\/La-Storia-p-1.jpg&#8221; custom_padding=&#8221;100px|100px|100px|100px|false|false&#8221; global_colors_info=&#8221;{}&#8221;][et_pb_text _builder_version=&#8221;4.20.4&#8243; _module_preset=&#8221;default&#8221; header_2_font=&#8221;Merriweather|700|||||||&#8221; header_2_text_align=&#8221;center&#8221; header_2_text_color=&#8221;#FFFFFF&#8221; header_2_font_size=&#8221;44px&#8221; header_2_line_height=&#8221;52px&#8221; header_5_font=&#8221;FontPadano-Bold||||||||&#8221; global_colors_info=&#8221;{}&#8221;]<\/p>\n<h2>L\u2019Histoire<\/h2>\n<p>[\/et_pb_text][et_pb_text _builder_version=&#8221;4.20.4&#8243; _module_preset=&#8221;default&#8221; text_text_color=&#8221;#FFFFFF&#8221; text_font_size=&#8221;20px&#8221; header_2_font=&#8221;FontPadano-Bold||||||||&#8221; header_5_font=&#8221;FontPadano-Bold||||||||&#8221; text_orientation=&#8221;center&#8221; custom_padding=&#8221;5px||20px||false|false&#8221; global_colors_info=&#8221;{}&#8221;]D\u00e9couvrez notre histoire<br \/>\n[\/et_pb_text][et_pb_icon font_icon=&#8221;&#x33;||divi||400&#8243; icon_color=&#8221;#000000&#8243; icon_width=&#8221;60px&#8221; module_class=&#8221;dev_display_story&#8221; _builder_version=&#8221;4.20.0&#8243; _module_preset=&#8221;default&#8221; background_color=&#8221;gcid-26f0371c-74dd-4e63-bbf8-f8ec94f09a6d&#8221; custom_padding=&#8221;||||false|false&#8221; custom_css_main_element=&#8221; cursor: pointer;&#8221; border_radii=&#8221;on|10px|10px|10px|10px&#8221; global_colors_info=&#8221;{%22gcid-26f0371c-74dd-4e63-bbf8-f8ec94f09a6d%22:%91%22background_color%22%93}&#8221;][\/et_pb_icon][\/et_pb_column][et_pb_column type=&#8221;1_2&#8243; _builder_version=&#8221;4.20.0&#8243; _module_preset=&#8221;default&#8221; background_image=&#8221;https:\/\/www.granapadano.it\/wp-content\/uploads\/2023\/03\/Abbazia-p-1.jpg&#8221; custom_padding=&#8221;100px|100px|100px|100px|false|false&#8221; global_colors_info=&#8221;{}&#8221;][et_pb_text _builder_version=&#8221;4.20.4&#8243; _module_preset=&#8221;default&#8221; header_2_font=&#8221;Merriweather|700|||||||&#8221; header_2_text_align=&#8221;center&#8221; header_2_text_color=&#8221;#FFFFFF&#8221; header_2_font_size=&#8221;44px&#8221; header_2_line_height=&#8221;52px&#8221; header_5_font=&#8221;FontPadano-Bold||||||||&#8221; global_colors_info=&#8221;{}&#8221;]<\/p>\n<h2>Abbaye De Chiaravalle<\/h2>\n<p>[\/et_pb_text][et_pb_text _builder_version=&#8221;4.20.4&#8243; _module_preset=&#8221;default&#8221; text_text_color=&#8221;#FFFFFF&#8221; text_font_size=&#8221;20px&#8221; header_2_font=&#8221;FontPadano-Bold||||||||&#8221; header_5_font=&#8221;FontPadano-Bold||||||||&#8221; text_orientation=&#8221;center&#8221; custom_padding=&#8221;5px||20px||false|false&#8221; global_colors_info=&#8221;{}&#8221;]En savoir plus<br \/>\n[\/et_pb_text][et_pb_icon font_icon=&#8221;&#x35;||divi||400&#8243; icon_color=&#8221;#000000&#8243; icon_width=&#8221;60px&#8221; module_class=&#8221;dev_display_abbazia&#8221; _builder_version=&#8221;4.19.4&#8243; _module_preset=&#8221;default&#8221; background_color=&#8221;gcid-26f0371c-74dd-4e63-bbf8-f8ec94f09a6d&#8221; custom_padding=&#8221;||||false|false&#8221; custom_css_main_element=&#8221; cursor: pointer;&#8221; border_radii=&#8221;on|10px|10px|10px|10px&#8221; global_colors_info=&#8221;{%22gcid-26f0371c-74dd-4e63-bbf8-f8ec94f09a6d%22:%91%22background_color%22%93}&#8221;][\/et_pb_icon][\/et_pb_column][\/et_pb_row][\/et_pb_section][et_pb_section fb_built=&#8221;1&#8243; disabled_on=&#8221;on|on|on&#8221; _builder_version=&#8221;4.19.5&#8243; _module_preset=&#8221;default&#8221; disabled=&#8221;on&#8221; global_colors_info=&#8221;{}&#8221;][et_pb_row _builder_version=&#8221;4.19.5&#8243; _module_preset=&#8221;default&#8221; global_colors_info=&#8221;{}&#8221;][et_pb_column type=&#8221;4_4&#8243; _builder_version=&#8221;4.19.5&#8243; _module_preset=&#8221;default&#8221; global_colors_info=&#8221;{}&#8221;][et_pb_text disabled_on=&#8221;off|off|off&#8221; _builder_version=&#8221;4.19.5&#8243; _module_preset=&#8221;default&#8221; text_text_color=&#8221;#000000&#8243; text_font_size=&#8221;80px&#8221; header_2_font=&#8221;FontPadano-Bold||||||||&#8221; header_5_font=&#8221;FontPadano-Bold||||||||&#8221; text_orientation=&#8221;center&#8221; global_colors_info=&#8221;{}&#8221;]Story Section<br \/>\n[\/et_pb_text][\/et_pb_column][\/et_pb_row][et_pb_row _builder_version=&#8221;4.19.5&#8243; _module_preset=&#8221;default&#8221; global_colors_info=&#8221;{}&#8221;][et_pb_column type=&#8221;4_4&#8243; _builder_version=&#8221;4.19.5&#8243; _module_preset=&#8221;default&#8221; global_colors_info=&#8221;{}&#8221;][et_pb_icon icon_color=&#8221;#000000&#8243; _builder_version=&#8221;4.19.5&#8243; _module_preset=&#8221;default&#8221; global_colors_info=&#8221;{}&#8221;][\/et_pb_icon][\/et_pb_column][\/et_pb_row][\/et_pb_section][et_pb_section fb_built=&#8221;1&#8243; module_id=&#8221;histoire&#8221; module_class=&#8221;dev_story_page gp_haritage_story it_haritage_story&#8221; _builder_version=&#8221;4.27.6&#8243; _module_preset=&#8221;default&#8221; background_color=&#8221;#f9f1e4&#8243; custom_padding=&#8221;0px||0px||false|false&#8221; hover_enabled=&#8221;0&#8243; global_colors_info=&#8221;{}&#8221; sticky_enabled=&#8221;0&#8243;][et_pb_row module_class=&#8221;dp_dev_show_story_title&#8221; _builder_version=&#8221;4.20.0&#8243; _module_preset=&#8221;default&#8221; custom_margin=&#8221;||||false|false&#8221; custom_padding=&#8221;30px||30px||false|false&#8221; locked=&#8221;off&#8221; global_colors_info=&#8221;{}&#8221;][et_pb_column type=&#8221;4_4&#8243; _builder_version=&#8221;4.19.4&#8243; _module_preset=&#8221;default&#8221; global_colors_info=&#8221;{}&#8221;][et_pb_text _builder_version=&#8221;4.20.4&#8243; _module_preset=&#8221;default&#8221; header_2_text_align=&#8221;center&#8221; header_2_text_color=&#8221;gcid-8696fd7e-29dd-4028-9d4d-981b208a53a9&#8243; header_2_font_size=&#8221;44px&#8221; header_2_line_height=&#8221;56px&#8221; custom_padding=&#8221;0px||0px||false|false&#8221; locked=&#8221;off&#8221; global_colors_info=&#8221;{%22gcid-8696fd7e-29dd-4028-9d4d-981b208a53a9%22:%91%22header_2_text_color%22%93}&#8221;]<\/p>\n<h2>L\u2019Histoire<\/h2>\n<p>[\/et_pb_text][et_pb_text _builder_version=&#8221;4.20.4&#8243; _module_preset=&#8221;default&#8221; text_text_color=&#8221;gcid-8696fd7e-29dd-4028-9d4d-981b208a53a9&#8243; text_font_size=&#8221;18px&#8221; header_2_text_align=&#8221;center&#8221; header_2_text_color=&#8221;gcid-8696fd7e-29dd-4028-9d4d-981b208a53a9&#8243; header_2_font_size=&#8221;44px&#8221; header_2_line_height=&#8221;56px&#8221; locked=&#8221;off&#8221; global_colors_info=&#8221;{%22gcid-8696fd7e-29dd-4028-9d4d-981b208a53a9%22:%91%22header_2_text_color%22,%22text_text_color%22%93}&#8221;]Un voyage de 1000 ans \u00e0 travers <strong>traditions<\/strong>, <strong>innovations<\/strong> et <strong>reconnaissance<\/strong>.<br \/>\n[\/et_pb_text][\/et_pb_column][\/et_pb_row][et_pb_row column_structure=&#8221;1_4,3_4&#8243; module_class=&#8221;heritage_timeline_item&#8221; _builder_version=&#8221;4.27.6&#8243; _module_preset=&#8221;default&#8221; custom_padding=&#8221;||0px|||&#8221; hover_enabled=&#8221;0&#8243; global_colors_info=&#8221;{}&#8221; sticky_enabled=&#8221;0&#8243;][et_pb_column type=&#8221;1_4&#8243; module_class=&#8221;timeline_left_col&#8221; _builder_version=&#8221;4.20.0&#8243; _module_preset=&#8221;default&#8221; background_color=&#8221;RGBA(255,255,255,0)&#8221; global_colors_info=&#8221;{}&#8221;][et_pb_image src=&#8221;https:\/\/www.granapadano.it\/wp-content\/uploads\/2022\/12\/Component-1-\u2013-1.png&#8221; module_class=&#8221;timeline_left_thumb&#8221; _builder_version=&#8221;4.20.0&#8243; _module_preset=&#8221;default&#8221; global_colors_info=&#8221;{}&#8221;][\/et_pb_image][\/et_pb_column][et_pb_column type=&#8221;3_4&#8243; module_class=&#8221;timeline_content_col&#8221; _builder_version=&#8221;4.27.6&#8243; _module_preset=&#8221;default&#8221; custom_padding=&#8221;50px||50px||false|false&#8221; hover_enabled=&#8221;0&#8243; border_width_all=&#8221;1px&#8221; border_color_all=&#8221;gcid-8696fd7e-29dd-4028-9d4d-981b208a53a9&#8243; global_colors_info=&#8221;{%22gcid-8696fd7e-29dd-4028-9d4d-981b208a53a9%22:%91%22border_color_all%22%93}&#8221; sticky_enabled=&#8221;0&#8243;][et_pb_image src=&#8221;https:\/\/www.granapadano.it\/wp-content\/uploads\/2023\/02\/00b-gp-mipresento-storiaslot-1-4988.jpg&#8221; title_text=&#8221;00b-gp-mipresento-storiaslot-2-4989&#8243; _builder_version=&#8221;4.20.4&#8243; _module_preset=&#8221;default&#8221; custom_padding=&#8221;30px||20px||false|false&#8221; animation_direction=&#8221;top&#8221; border_radii=&#8221;on|20px|20px|20px|20px&#8221; global_colors_info=&#8221;{}&#8221;][\/et_pb_image][et_pb_text module_class=&#8221;timeline_title_right&#8221; _builder_version=&#8221;4.20.4&#8243; _module_preset=&#8221;default&#8221; text_font=&#8221;FontPadano-Bold||||||||&#8221; text_text_color=&#8221;RGBA(255,255,255,0)&#8221; text_font_size=&#8221;36px&#8221; header_2_font=&#8221;|700|||||||&#8221; header_2_text_align=&#8221;center&#8221; header_2_text_color=&#8221;gcid-8696fd7e-29dd-4028-9d4d-981b208a53a9&#8243; header_2_font_size=&#8221;23px&#8221; header_3_text_align=&#8221;left&#8221; header_3_font_size=&#8221;23px&#8221; header_3_line_height=&#8221;27px&#8221; header_5_font=&#8221;FontPadano-Bold||||||||&#8221; text_orientation=&#8221;center&#8221; global_colors_info=&#8221;{%22gcid-8696fd7e-29dd-4028-9d4d-981b208a53a9%22:%91%22header_2_text_color%22%93,%22gcid-26f0371c-74dd-4e63-bbf8-f8ec94f09a6d%22:%91%22header_2_text_color%22,%22header_2_text_color%22,%22header_2_text_color%22,%22text_text_color%22%93}&#8221;]<\/p>\n<h3>En 1000 apr\u00e8s J.-C.<\/h3>\n<p>[\/et_pb_text][et_pb_text module_class=&#8221;timeline_desc_right&#8221; _builder_version=&#8221;4.20.4&#8243; _module_preset=&#8221;default&#8221; text_text_color=&#8221;gcid-8696fd7e-29dd-4028-9d4d-981b208a53a9&#8243; text_font_size=&#8221;18px&#8221; text_line_height=&#8221;26px&#8221; global_colors_info=&#8221;{%22gcid-8696fd7e-29dd-4028-9d4d-981b208a53a9%22:%91%22text_text_color%22%93}&#8221;]Tout a commenc\u00e9 il y a plus d&#8217;un mill\u00e9naire, \u00e0 une \u00e9poque o\u00f9 les nombreuses d\u00e9couvertes qui caract\u00e9risent notre vie quotidienne aujourd&#8217;hui n&#8217;avaient pas encore eu lieu.<\/p>\n<p>Au Moyen \u00c2ge, l&#8217;homme \u00e9tait encore compl\u00e8tement conditionn\u00e9 par le climat et l&#8217;environnement dans lequel il vivait et ne pouvait que suivre les rythmes naturels et les lois biologiques.[\/et_pb_text][\/et_pb_column][\/et_pb_row][et_pb_row column_structure=&#8221;1_4,3_4&#8243; module_class=&#8221;heritage_timeline_item&#8221; _builder_version=&#8221;4.27.6&#8243; _module_preset=&#8221;default&#8221; custom_padding=&#8221;||0px|||&#8221; hover_enabled=&#8221;0&#8243; global_colors_info=&#8221;{}&#8221; sticky_enabled=&#8221;0&#8243;][et_pb_column type=&#8221;1_4&#8243; module_class=&#8221;timeline_left_col&#8221; _builder_version=&#8221;4.20.0&#8243; _module_preset=&#8221;default&#8221; background_color=&#8221;RGBA(255,255,255,0)&#8221; global_colors_info=&#8221;{}&#8221;][et_pb_image src=&#8221;https:\/\/www.granapadano.it\/wp-content\/uploads\/2022\/12\/Component-1-\u2013-1.png&#8221; module_class=&#8221;timeline_left_thumb&#8221; _builder_version=&#8221;4.20.0&#8243; _module_preset=&#8221;default&#8221; global_colors_info=&#8221;{}&#8221;][\/et_pb_image][\/et_pb_column][et_pb_column type=&#8221;3_4&#8243; module_class=&#8221;timeline_content_col&#8221; _builder_version=&#8221;4.27.6&#8243; _module_preset=&#8221;default&#8221; custom_padding=&#8221;50px||50px||false|false&#8221; hover_enabled=&#8221;0&#8243; border_radii=&#8221;off||||&#8221; border_width_all=&#8221;1px&#8221; border_color_all=&#8221;gcid-8696fd7e-29dd-4028-9d4d-981b208a53a9&#8243; global_colors_info=&#8221;{%22gcid-8696fd7e-29dd-4028-9d4d-981b208a53a9%22:%91%22border_color_all%22%93}&#8221; sticky_enabled=&#8221;0&#8243;][et_pb_image src=&#8221;https:\/\/www.granapadano.it\/wp-content\/uploads\/2023\/02\/00b-gp-mipresento-storiaslot-2-4989.jpg&#8221; title_text=&#8221;00b-gp-mipresento-storiaslot-2-4989&#8243; _builder_version=&#8221;4.20.2&#8243; _module_preset=&#8221;default&#8221; custom_padding=&#8221;30px||20px||false|false&#8221; animation_direction=&#8221;top&#8221; border_radii=&#8221;on|20px|20px|20px|20px&#8221; global_colors_info=&#8221;{}&#8221;][\/et_pb_image][et_pb_text module_class=&#8221;timeline_title_right&#8221; _builder_version=&#8221;4.20.4&#8243; _module_preset=&#8221;default&#8221; text_font=&#8221;FontPadano-Bold||||||||&#8221; text_text_color=&#8221;RGBA(255,255,255,0)&#8221; text_font_size=&#8221;36px&#8221; header_2_font=&#8221;|700|||||||&#8221; header_2_text_align=&#8221;center&#8221; header_2_text_color=&#8221;gcid-8696fd7e-29dd-4028-9d4d-981b208a53a9&#8243; header_2_font_size=&#8221;23px&#8221; header_3_text_align=&#8221;left&#8221; header_3_font_size=&#8221;23px&#8221; header_3_line_height=&#8221;27px&#8221; header_5_font=&#8221;FontPadano-Bold||||||||&#8221; text_orientation=&#8221;center&#8221; global_colors_info=&#8221;{%22gcid-8696fd7e-29dd-4028-9d4d-981b208a53a9%22:%91%22header_2_text_color%22%93,%22gcid-26f0371c-74dd-4e63-bbf8-f8ec94f09a6d%22:%91%22header_2_text_color%22,%22header_2_text_color%22,%22header_2_text_color%22,%22text_text_color%22%93}&#8221;]<\/p>\n<h3>Comment on le conservait<\/h3>\n<p>[\/et_pb_text][et_pb_text module_class=&#8221;timeline_desc_right&#8221; _builder_version=&#8221;4.20.4&#8243; _module_preset=&#8221;default&#8221; text_text_color=&#8221;gcid-8696fd7e-29dd-4028-9d4d-981b208a53a9&#8243; text_font_size=&#8221;18px&#8221; text_line_height=&#8221;26px&#8221; global_colors_info=&#8221;{%22gcid-8696fd7e-29dd-4028-9d4d-981b208a53a9%22:%91%22text_text_color%22%93}&#8221;]En ce qui concerne l&#8217;agriculture et l&#8217;\u00e9levage, cela signifie se soumettre aux saisons et donc accepter la nourriture que la nature offre au fil des mois.<br \/>\nLes techniques de conservation en sont encore \u00e0 leurs d\u00e9buts et se limitent \u00e0 quelques proc\u00e9d\u00e9s de base (par exemple, le s\u00e9chage au soleil ou le salage), la plupart des aliments se d\u00e9t\u00e9riorant ainsi rapidement.<br \/>\nLe lait, bien que disponible gr\u00e2ce au b\u00e9tail, doit \u00eatre consomm\u00e9 le jour de la traite et le fromage frais ne dure gu\u00e8re plus longtemps.<br \/>\n[\/et_pb_text][\/et_pb_column][\/et_pb_row][et_pb_row column_structure=&#8221;1_4,3_4&#8243; module_class=&#8221;heritage_timeline_item&#8221; _builder_version=&#8221;4.27.6&#8243; _module_preset=&#8221;default&#8221; custom_margin=&#8221;-7px|auto||auto||&#8221; custom_padding=&#8221;0px||0px|||&#8221; hover_enabled=&#8221;0&#8243; global_colors_info=&#8221;{}&#8221; sticky_enabled=&#8221;0&#8243;][et_pb_column type=&#8221;1_4&#8243; module_class=&#8221;timeline_left_col&#8221; _builder_version=&#8221;4.20.0&#8243; _module_preset=&#8221;default&#8221; background_color=&#8221;RGBA(255,255,255,0)&#8221; global_colors_info=&#8221;{}&#8221;][et_pb_image src=&#8221;https:\/\/www.granapadano.it\/wp-content\/uploads\/2022\/12\/Component-1-\u2013-1.png&#8221; module_class=&#8221;timeline_left_thumb&#8221; _builder_version=&#8221;4.20.0&#8243; _module_preset=&#8221;default&#8221; global_colors_info=&#8221;{}&#8221;][\/et_pb_image][\/et_pb_column][et_pb_column type=&#8221;3_4&#8243; module_class=&#8221;timeline_content_col&#8221; _builder_version=&#8221;4.27.6&#8243; _module_preset=&#8221;default&#8221; custom_padding=&#8221;50px||50px||false|false&#8221; hover_enabled=&#8221;0&#8243; border_width_all=&#8221;1px&#8221; border_color_all=&#8221;gcid-8696fd7e-29dd-4028-9d4d-981b208a53a9&#8243; global_colors_info=&#8221;{%22gcid-8696fd7e-29dd-4028-9d4d-981b208a53a9%22:%91%22border_color_all%22%93}&#8221; sticky_enabled=&#8221;0&#8243;][et_pb_image src=&#8221;https:\/\/www.granapadano.it\/wp-content\/uploads\/2023\/02\/00b-gp-mipresento-storiaslot-3.jpg&#8221; title_text=&#8221;00b-gp-mipresento-storiaslot-3&#8243; _builder_version=&#8221;4.20.2&#8243; _module_preset=&#8221;default&#8221; custom_padding=&#8221;20px||20px||false|false&#8221; animation_direction=&#8221;top&#8221; border_radii=&#8221;on|20px|20px|20px|20px&#8221; global_colors_info=&#8221;{}&#8221;][\/et_pb_image][et_pb_text module_class=&#8221;timeline_title_right&#8221; _builder_version=&#8221;4.20.4&#8243; _module_preset=&#8221;default&#8221; text_font=&#8221;FontPadano-Bold||||||||&#8221; text_text_color=&#8221;RGBA(255,255,255,0)&#8221; text_font_size=&#8221;36px&#8221; header_2_font=&#8221;|700|||||||&#8221; header_2_text_align=&#8221;center&#8221; header_2_text_color=&#8221;gcid-8696fd7e-29dd-4028-9d4d-981b208a53a9&#8243; header_2_font_size=&#8221;23px&#8221; header_3_text_align=&#8221;left&#8221; header_3_font_size=&#8221;23px&#8221; header_3_line_height=&#8221;27px&#8221; header_5_font=&#8221;FontPadano-Bold||||||||&#8221; text_orientation=&#8221;center&#8221; global_colors_info=&#8221;{%22gcid-8696fd7e-29dd-4028-9d4d-981b208a53a9%22:%91%22header_2_text_color%22%93,%22gcid-26f0371c-74dd-4e63-bbf8-f8ec94f09a6d%22:%91%22header_2_text_color%22,%22header_2_text_color%22,%22header_2_text_color%22,%22text_text_color%22,%22header_2_text_color%22,%22header_2_text_color%22,%22header_2_text_color%22,%22text_text_color%22,%22header_2_text_color%22%93}&#8221;]<\/p>\n<h3>En 1135, les moines cisterciens<\/h3>\n<p>[\/et_pb_text][et_pb_text module_class=&#8221;timeline_desc_right&#8221; _builder_version=&#8221;4.20.4&#8243; _module_preset=&#8221;default&#8221; text_text_color=&#8221;gcid-8696fd7e-29dd-4028-9d4d-981b208a53a9&#8243; text_font_size=&#8221;18px&#8221; text_line_height=&#8221;26px&#8221; global_colors_info=&#8221;{%22gcid-8696fd7e-29dd-4028-9d4d-981b208a53a9%22:%91%22text_text_color%22%93}&#8221;]de l&#8217;abbaye de Chiaravalle trouvent dans la mise en valeur des terres de la plaine du P\u00f4 une grande opportunit\u00e9 pour encourager l&#8217;expansion de l&#8217;agriculture et de l&#8217;\u00e9levage et augmenter ainsi la production de bonne nourriture. La cons\u00e9quence de cet \u00e9norme travail a conduit \u00e0 disposer d\u2019une grande disponibilit\u00e9 de lait, de loin sup\u00e9rieure aux besoins de la communaut\u00e9 religieuse et de la population environnante. Il \u00e9tait bien dommage de gaspiller l&#8217;un des aliments les plus nourrissants et disponibles du r\u00e9gime alimentaire m\u00e9di\u00e9val. C\u2019est ainsi qu\u2019est n\u00e9e la n\u00e9cessit\u00e9 de trouver un moyen de le conserver longtemps.<br \/>\n[\/et_pb_text][\/et_pb_column][\/et_pb_row][et_pb_row column_structure=&#8221;1_4,3_4&#8243; module_class=&#8221;heritage_timeline_item&#8221; _builder_version=&#8221;4.27.6&#8243; _module_preset=&#8221;default&#8221; custom_margin=&#8221;||||false|false&#8221; custom_padding=&#8221;4px||0px|||&#8221; hover_enabled=&#8221;0&#8243; global_colors_info=&#8221;{}&#8221; sticky_enabled=&#8221;0&#8243;][et_pb_column type=&#8221;1_4&#8243; module_class=&#8221;timeline_left_col&#8221; _builder_version=&#8221;4.20.0&#8243; _module_preset=&#8221;default&#8221; background_color=&#8221;RGBA(255,255,255,0)&#8221; global_colors_info=&#8221;{}&#8221;][et_pb_image src=&#8221;https:\/\/www.granapadano.it\/wp-content\/uploads\/2022\/12\/Component-1-\u2013-1.png&#8221; module_class=&#8221;timeline_left_thumb&#8221; _builder_version=&#8221;4.20.0&#8243; _module_preset=&#8221;default&#8221; global_colors_info=&#8221;{}&#8221;][\/et_pb_image][\/et_pb_column][et_pb_column type=&#8221;3_4&#8243; module_class=&#8221;timeline_content_col&#8221; _builder_version=&#8221;4.27.6&#8243; _module_preset=&#8221;default&#8221; custom_padding=&#8221;50px||50px||false|false&#8221; hover_enabled=&#8221;0&#8243; border_width_all=&#8221;1px&#8221; border_color_all=&#8221;gcid-8696fd7e-29dd-4028-9d4d-981b208a53a9&#8243; global_colors_info=&#8221;{%22gcid-8696fd7e-29dd-4028-9d4d-981b208a53a9%22:%91%22border_color_all%22%93}&#8221; sticky_enabled=&#8221;0&#8243;][et_pb_image src=&#8221;https:\/\/www.granapadano.it\/wp-content\/uploads\/2023\/02\/00b-gp-mipresento-storiaslot-4-5000.jpg&#8221; title_text=&#8221;00b-gp-mipresento-storiaslot-4-5000&#8243; _builder_version=&#8221;4.20.2&#8243; _module_preset=&#8221;default&#8221; custom_padding=&#8221;20px||20px||false|false&#8221; animation_direction=&#8221;top&#8221; border_radii=&#8221;on|20px|20px|20px|20px&#8221; global_colors_info=&#8221;{}&#8221;][\/et_pb_image][et_pb_text module_class=&#8221;timeline_title_right&#8221; _builder_version=&#8221;4.20.4&#8243; _module_preset=&#8221;default&#8221; text_font=&#8221;FontPadano-Bold||||||||&#8221; text_text_color=&#8221;RGBA(255,255,255,0)&#8221; text_font_size=&#8221;36px&#8221; header_2_font=&#8221;|700|||||||&#8221; header_2_text_align=&#8221;center&#8221; header_2_text_color=&#8221;gcid-8696fd7e-29dd-4028-9d4d-981b208a53a9&#8243; header_2_font_size=&#8221;23px&#8221; header_3_text_align=&#8221;left&#8221; header_3_font_size=&#8221;23px&#8221; header_3_line_height=&#8221;27px&#8221; header_5_font=&#8221;FontPadano-Bold||||||||&#8221; text_orientation=&#8221;center&#8221; global_colors_info=&#8221;{%22gcid-8696fd7e-29dd-4028-9d4d-981b208a53a9%22:%91%22header_2_text_color%22%93,%22gcid-26f0371c-74dd-4e63-bbf8-f8ec94f09a6d%22:%91%22header_2_text_color%22,%22header_2_text_color%22,%22header_2_text_color%22,%22text_text_color%22,%22header_2_text_color%22,%22header_2_text_color%22,%22header_2_text_color%22,%22text_text_color%22,%22header_2_text_color%22,%22header_2_text_color%22,%22header_2_text_color%22,%22header_2_text_color%22,%22text_text_color%22%93}&#8221;]<\/p>\n<h3>Comment il voit le jour<\/h3>\n<p>[\/et_pb_text][et_pb_text module_class=&#8221;timeline_desc_right&#8221; _builder_version=&#8221;4.20.4&#8243; _module_preset=&#8221;default&#8221; text_text_color=&#8221;gcid-8696fd7e-29dd-4028-9d4d-981b208a53a9&#8243; text_font_size=&#8221;18px&#8221; text_line_height=&#8221;26px&#8221; global_colors_info=&#8221;{%22gcid-8696fd7e-29dd-4028-9d4d-981b208a53a9%22:%91%22text_text_color%22%93}&#8221;]C\u2019est probablement apr\u00e8s quelques r\u00e9flexions approfondies et plusieurs exp\u00e9riences qu\u2019est n\u00e9e l&#8217;id\u00e9e de faire cuire le lait longtemps, d&#8217;ajouter de la pr\u00e9sure puis de le saler.<br \/>\nC&#8217;est ainsi qu\u2019a vu le jour un fromage \u00e0 p\u00e2te dure, qui semble acqu\u00e9rir de plus en plus de saveur au fil du temps et dont l\u2019affinage permet de conserver intacts les principes nutritifs de sa pr\u00e9cieuse mati\u00e8re premi\u00e8re, le lait.<br \/>\n[\/et_pb_text][\/et_pb_column][\/et_pb_row][et_pb_row column_structure=&#8221;1_4,3_4&#8243; module_class=&#8221;heritage_timeline_item&#8221; _builder_version=&#8221;4.27.6&#8243; _module_preset=&#8221;default&#8221; custom_padding=&#8221;1px||0px|||&#8221; hover_enabled=&#8221;0&#8243; global_colors_info=&#8221;{}&#8221; sticky_enabled=&#8221;0&#8243;][et_pb_column type=&#8221;1_4&#8243; module_class=&#8221;timeline_left_col&#8221; _builder_version=&#8221;4.20.0&#8243; _module_preset=&#8221;default&#8221; background_color=&#8221;RGBA(255,255,255,0)&#8221; global_colors_info=&#8221;{}&#8221;][et_pb_image src=&#8221;https:\/\/www.granapadano.it\/wp-content\/uploads\/2022\/12\/Component-1-\u2013-1.png&#8221; module_class=&#8221;timeline_left_thumb&#8221; _builder_version=&#8221;4.20.0&#8243; _module_preset=&#8221;default&#8221; global_colors_info=&#8221;{}&#8221;][\/et_pb_image][\/et_pb_column][et_pb_column type=&#8221;3_4&#8243; module_class=&#8221;timeline_content_col&#8221; _builder_version=&#8221;4.27.6&#8243; _module_preset=&#8221;default&#8221; custom_padding=&#8221;50px||50px||false|false&#8221; hover_enabled=&#8221;0&#8243; border_width_all=&#8221;1px&#8221; border_color_all=&#8221;gcid-8696fd7e-29dd-4028-9d4d-981b208a53a9&#8243; global_colors_info=&#8221;{%22gcid-8696fd7e-29dd-4028-9d4d-981b208a53a9%22:%91%22border_color_all%22%93}&#8221; sticky_enabled=&#8221;0&#8243;][et_pb_image src=&#8221;https:\/\/www.granapadano.it\/wp-content\/uploads\/2023\/02\/00b-gp-mipresento-storiaslot-5-5001.jpg&#8221; title_text=&#8221;00b-gp-mipresento-storiaslot-5-5001&#8243; _builder_version=&#8221;4.20.2&#8243; _module_preset=&#8221;default&#8221; custom_padding=&#8221;20px||20px||false|false&#8221; animation_direction=&#8221;top&#8221; border_radii=&#8221;on|20px|20px|20px|20px&#8221; global_colors_info=&#8221;{}&#8221;][\/et_pb_image][et_pb_text module_class=&#8221;timeline_title_right&#8221; _builder_version=&#8221;4.20.4&#8243; _module_preset=&#8221;default&#8221; text_font=&#8221;FontPadano-Bold||||||||&#8221; text_text_color=&#8221;RGBA(255,255,255,0)&#8221; text_font_size=&#8221;36px&#8221; header_2_font=&#8221;|700|||||||&#8221; header_2_text_align=&#8221;center&#8221; header_2_text_color=&#8221;gcid-8696fd7e-29dd-4028-9d4d-981b208a53a9&#8243; header_2_font_size=&#8221;23px&#8221; header_3_text_align=&#8221;left&#8221; header_3_font_size=&#8221;23px&#8221; header_3_line_height=&#8221;27px&#8221; header_5_font=&#8221;FontPadano-Bold||||||||&#8221; text_orientation=&#8221;center&#8221; global_colors_info=&#8221;{%22gcid-8696fd7e-29dd-4028-9d4d-981b208a53a9%22:%91%22header_2_text_color%22%93,%22gcid-26f0371c-74dd-4e63-bbf8-f8ec94f09a6d%22:%91%22header_2_text_color%22,%22header_2_text_color%22,%22header_2_text_color%22,%22text_text_color%22,%22header_2_text_color%22,%22header_2_text_color%22,%22header_2_text_color%22,%22text_text_color%22,%22header_2_text_color%22,%22header_2_text_color%22,%22header_2_text_color%22,%22header_2_text_color%22,%22text_text_color%22,%22header_2_text_color%22,%22header_2_text_color%22,%22header_2_text_color%22,%22text_text_color%22%93}&#8221;]<\/p>\n<h3>Ce \u00ab cacio \u00bb (fromage) rugueux et consistant<\/h3>\n<p>[\/et_pb_text][et_pb_text module_class=&#8221;timeline_desc_right&#8221; _builder_version=&#8221;4.20.4&#8243; _module_preset=&#8221;default&#8221; text_text_color=&#8221;gcid-8696fd7e-29dd-4028-9d4d-981b208a53a9&#8243; text_font_size=&#8221;18px&#8221; text_line_height=&#8221;26px&#8221; global_colors_info=&#8221;{%22gcid-8696fd7e-29dd-4028-9d4d-981b208a53a9%22:%91%22text_text_color%22%93}&#8221;]est produit dans les chaudrons des monast\u00e8res, qui sont devenus les premi\u00e8res v\u00e9ritables fromageries de l&#8217;histoire. Sous l\u2019\u0153il attentif des moines, de nouvelles figures professionnelles ont commenc\u00e9 \u00e0 \u00e9voluer, les fromagers, experts dans l&#8217;art de la fabrication du fromage.<br \/>\nEn raison de sa longue p\u00e9riode d&#8217;affinage, les moines appellent ce nouveau fromage \u00ab caseus vetus \u00bb ou \u00ab vieux fromage \u00bb, pour souligner ce qui le distingue des autres fromages de tradition ant\u00e9rieure qui, parce qu&#8217;ils sont frais, doivent \u00eatre consomm\u00e9s rapidement.<br \/>\n[\/et_pb_text][\/et_pb_column][\/et_pb_row][et_pb_row column_structure=&#8221;1_4,3_4&#8243; module_class=&#8221;heritage_timeline_item&#8221; _builder_version=&#8221;4.27.6&#8243; _module_preset=&#8221;default&#8221; custom_margin=&#8221;||||false|false&#8221; custom_padding=&#8221;1px||0px|||&#8221; hover_enabled=&#8221;0&#8243; global_colors_info=&#8221;{}&#8221; sticky_enabled=&#8221;0&#8243;][et_pb_column type=&#8221;1_4&#8243; module_class=&#8221;timeline_left_col&#8221; _builder_version=&#8221;4.20.0&#8243; _module_preset=&#8221;default&#8221; background_color=&#8221;RGBA(255,255,255,0)&#8221; global_colors_info=&#8221;{}&#8221;][et_pb_image src=&#8221;https:\/\/www.granapadano.it\/wp-content\/uploads\/2022\/12\/Component-1-\u2013-1.png&#8221; module_class=&#8221;timeline_left_thumb&#8221; _builder_version=&#8221;4.20.0&#8243; _module_preset=&#8221;default&#8221; global_colors_info=&#8221;{}&#8221;][\/et_pb_image][\/et_pb_column][et_pb_column type=&#8221;3_4&#8243; module_class=&#8221;timeline_content_col&#8221; _builder_version=&#8221;4.27.6&#8243; _module_preset=&#8221;default&#8221; custom_padding=&#8221;50px||50px||false|false&#8221; hover_enabled=&#8221;0&#8243; border_width_all=&#8221;1px&#8221; border_color_all=&#8221;gcid-8696fd7e-29dd-4028-9d4d-981b208a53a9&#8243; global_colors_info=&#8221;{%22gcid-8696fd7e-29dd-4028-9d4d-981b208a53a9%22:%91%22border_color_all%22%93,%22gcid-26f0371c-74dd-4e63-bbf8-f8ec94f09a6d%22:%91%22border_color_all%22%93}&#8221; sticky_enabled=&#8221;0&#8243;][et_pb_image src=&#8221;https:\/\/www.granapadano.it\/wp-content\/uploads\/2023\/02\/00b-gp-mipresento-storiaslot-6-5002.jpg&#8221; title_text=&#8221;00b-gp-mipresento-storiaslot-6-5002&#8243; _builder_version=&#8221;4.20.2&#8243; _module_preset=&#8221;default&#8221; custom_padding=&#8221;20px||20px||false|false&#8221; animation_direction=&#8221;top&#8221; border_radii=&#8221;on|20px|20px|20px|20px&#8221; global_colors_info=&#8221;{}&#8221;][\/et_pb_image][et_pb_text module_class=&#8221;timeline_title_right&#8221; _builder_version=&#8221;4.20.4&#8243; _module_preset=&#8221;default&#8221; text_font=&#8221;FontPadano-Bold||||||||&#8221; text_text_color=&#8221;RGBA(255,255,255,0)&#8221; text_font_size=&#8221;36px&#8221; header_2_font=&#8221;|700|||||||&#8221; header_2_text_align=&#8221;center&#8221; header_2_text_color=&#8221;gcid-8696fd7e-29dd-4028-9d4d-981b208a53a9&#8243; header_2_font_size=&#8221;23px&#8221; header_3_text_align=&#8221;left&#8221; header_3_font_size=&#8221;23px&#8221; header_3_line_height=&#8221;27px&#8221; header_5_font=&#8221;FontPadano-Bold||||||||&#8221; text_orientation=&#8221;center&#8221; global_colors_info=&#8221;{%22gcid-8696fd7e-29dd-4028-9d4d-981b208a53a9%22:%91%22header_2_text_color%22%93,%22gcid-26f0371c-74dd-4e63-bbf8-f8ec94f09a6d%22:%91%22header_2_text_color%22,%22header_2_text_color%22,%22header_2_text_color%22,%22text_text_color%22,%22header_2_text_color%22,%22header_2_text_color%22,%22header_2_text_color%22,%22text_text_color%22,%22header_2_text_color%22,%22header_2_text_color%22,%22header_2_text_color%22,%22header_2_text_color%22,%22text_text_color%22,%22header_2_text_color%22,%22header_2_text_color%22,%22header_2_text_color%22,%22text_text_color%22,%22header_2_text_color%22,%22header_2_text_color%22,%22header_2_text_color%22,%22text_text_color%22%93}&#8221;]<\/p>\n<h3>Toutefois,<\/h3>\n<p>[\/et_pb_text][et_pb_text module_class=&#8221;timeline_desc_right&#8221; _builder_version=&#8221;4.20.4&#8243; _module_preset=&#8221;default&#8221; text_text_color=&#8221;gcid-8696fd7e-29dd-4028-9d4d-981b208a53a9&#8243; text_font_size=&#8221;18px&#8221; text_line_height=&#8221;26px&#8221; global_colors_info=&#8221;{%22gcid-8696fd7e-29dd-4028-9d4d-981b208a53a9%22:%91%22text_text_color%22%93}&#8221;]les gens de la campagne, qui ne connaissent pas le latin, pr\u00e9f\u00e8rent l&#8217;appeler \u00ab grana \u00bb \u00e0 cause de sa p\u00e2te compacte parsem\u00e9e de grains blancs, qui ne sont autres que les petits cristaux de calcium laiss\u00e9s par le lait transform\u00e9.<br \/>\nSelon les r\u00e9gions o\u00f9 il est produit, le terme indiquant son origine lui est associ\u00e9. Parmi les plus cit\u00e9s, on trouve celui de Lodi, consid\u00e9r\u00e9 par bon nombre le plus ancien, celui de Milan, de Plaisance et de Mantoue.<br \/>\n[\/et_pb_text][\/et_pb_column][\/et_pb_row][et_pb_row column_structure=&#8221;1_4,3_4&#8243; module_class=&#8221;heritage_timeline_item&#8221; _builder_version=&#8221;4.27.6&#8243; _module_preset=&#8221;default&#8221; custom_padding=&#8221;1px||0px|||&#8221; hover_enabled=&#8221;0&#8243; global_colors_info=&#8221;{}&#8221; sticky_enabled=&#8221;0&#8243;][et_pb_column type=&#8221;1_4&#8243; module_class=&#8221;timeline_left_col&#8221; _builder_version=&#8221;4.20.0&#8243; _module_preset=&#8221;default&#8221; background_color=&#8221;RGBA(255,255,255,0)&#8221; global_colors_info=&#8221;{}&#8221;][et_pb_image src=&#8221;https:\/\/www.granapadano.it\/wp-content\/uploads\/2022\/12\/Component-1-\u2013-1.png&#8221; module_class=&#8221;timeline_left_thumb&#8221; _builder_version=&#8221;4.20.0&#8243; _module_preset=&#8221;default&#8221; global_colors_info=&#8221;{}&#8221;][\/et_pb_image][\/et_pb_column][et_pb_column type=&#8221;3_4&#8243; module_class=&#8221;timeline_content_col&#8221; _builder_version=&#8221;4.27.6&#8243; _module_preset=&#8221;default&#8221; custom_padding=&#8221;50px||50px||false|false&#8221; hover_enabled=&#8221;0&#8243; border_width_all=&#8221;1px&#8221; border_color_all=&#8221;gcid-8696fd7e-29dd-4028-9d4d-981b208a53a9&#8243; global_colors_info=&#8221;{%22gcid-8696fd7e-29dd-4028-9d4d-981b208a53a9%22:%91%22border_color_all%22%93,%22gcid-26f0371c-74dd-4e63-bbf8-f8ec94f09a6d%22:%91%22border_color_all%22%93}&#8221; sticky_enabled=&#8221;0&#8243;][et_pb_image src=&#8221;https:\/\/www.granapadano.it\/wp-content\/uploads\/2023\/02\/00b-gp-mipresento-storiaslot-7-5003.jpg&#8221; title_text=&#8221;00b-gp-mipresento-storiaslot-7-5003&#8243; _builder_version=&#8221;4.20.2&#8243; _module_preset=&#8221;default&#8221; custom_padding=&#8221;20px||20px||false|false&#8221; animation_direction=&#8221;top&#8221; border_radii=&#8221;on|20px|20px|20px|20px&#8221; global_colors_info=&#8221;{}&#8221;][\/et_pb_image][et_pb_text module_class=&#8221;timeline_title_right&#8221; _builder_version=&#8221;4.20.4&#8243; _module_preset=&#8221;default&#8221; text_font=&#8221;FontPadano-Bold||||||||&#8221; text_text_color=&#8221;RGBA(255,255,255,0)&#8221; text_font_size=&#8221;36px&#8221; header_2_font=&#8221;|700|||||||&#8221; header_2_text_align=&#8221;center&#8221; header_2_text_color=&#8221;gcid-8696fd7e-29dd-4028-9d4d-981b208a53a9&#8243; header_2_font_size=&#8221;23px&#8221; header_3_text_align=&#8221;left&#8221; header_3_font_size=&#8221;23px&#8221; header_3_line_height=&#8221;27px&#8221; header_5_font=&#8221;FontPadano-Bold||||||||&#8221; text_orientation=&#8221;center&#8221; global_colors_info=&#8221;{%22gcid-8696fd7e-29dd-4028-9d4d-981b208a53a9%22:%91%22header_2_text_color%22%93,%22gcid-26f0371c-74dd-4e63-bbf8-f8ec94f09a6d%22:%91%22header_2_text_color%22,%22header_2_text_color%22,%22header_2_text_color%22,%22text_text_color%22,%22header_2_text_color%22,%22header_2_text_color%22,%22header_2_text_color%22,%22text_text_color%22,%22header_2_text_color%22,%22header_2_text_color%22,%22header_2_text_color%22,%22header_2_text_color%22,%22text_text_color%22,%22header_2_text_color%22,%22header_2_text_color%22,%22header_2_text_color%22,%22text_text_color%22,%22header_2_text_color%22,%22header_2_text_color%22,%22header_2_text_color%22,%22text_text_color%22%93}&#8221;]<\/p>\n<h3>La renomm\u00e9e du \u00ab grana \u00bb produit<\/h3>\n<p>[\/et_pb_text][et_pb_text module_class=&#8221;timeline_desc_right&#8221; _builder_version=&#8221;4.20.4&#8243; _module_preset=&#8221;default&#8221; text_text_color=&#8221;gcid-8696fd7e-29dd-4028-9d4d-981b208a53a9&#8243; text_font_size=&#8221;18px&#8221; text_line_height=&#8221;26px&#8221; global_colors_info=&#8221;{%22gcid-8696fd7e-29dd-4028-9d4d-981b208a53a9%22:%91%22text_text_color%22%93}&#8221;]dans la r\u00e9gion de la Vall\u00e9e du P\u00f4, il s\u2019impose au fil du temps et devient bient\u00f4t un fromage pris\u00e9, qui ne peut manquer lors des banquets des princes et des ducs de la Renaissance.<br \/>\nParmi les t\u00e9moignages, on trouve une lettre d&#8217;Isabelle d&#8217;Este, \u00e9pouse de Fran\u00e7ois II de Gonzague et Marquise de Mantoue, qui a envoy\u00e9 le c\u00e9l\u00e8bre fromage en cadeau \u00e0 sa famille, les seigneurs du duch\u00e9 de Ferrare. On est en 1504.<br \/>\n[\/et_pb_text][\/et_pb_column][\/et_pb_row][et_pb_row column_structure=&#8221;1_4,3_4&#8243; module_class=&#8221;heritage_timeline_item&#8221; _builder_version=&#8221;4.27.6&#8243; _module_preset=&#8221;default&#8221; custom_margin=&#8221;||||false|false&#8221; custom_padding=&#8221;4px|||||&#8221; hover_enabled=&#8221;0&#8243; global_colors_info=&#8221;{}&#8221; sticky_enabled=&#8221;0&#8243;][et_pb_column type=&#8221;1_4&#8243; module_class=&#8221;timeline_left_col&#8221; _builder_version=&#8221;4.20.0&#8243; _module_preset=&#8221;default&#8221; background_color=&#8221;RGBA(255,255,255,0)&#8221; global_colors_info=&#8221;{}&#8221;][et_pb_image src=&#8221;https:\/\/www.granapadano.it\/wp-content\/uploads\/2022\/12\/Component-1-\u2013-1.png&#8221; module_class=&#8221;timeline_left_thumb&#8221; _builder_version=&#8221;4.20.0&#8243; _module_preset=&#8221;default&#8221; global_colors_info=&#8221;{}&#8221;][\/et_pb_image][\/et_pb_column][et_pb_column type=&#8221;3_4&#8243; module_class=&#8221;timeline_content_col&#8221; _builder_version=&#8221;4.27.6&#8243; _module_preset=&#8221;default&#8221; custom_padding=&#8221;50px||50px||false|false&#8221; hover_enabled=&#8221;0&#8243; border_width_all=&#8221;1px&#8221; border_color_all=&#8221;gcid-8696fd7e-29dd-4028-9d4d-981b208a53a9&#8243; global_colors_info=&#8221;{%22gcid-8696fd7e-29dd-4028-9d4d-981b208a53a9%22:%91%22border_color_all%22%93,%22gcid-26f0371c-74dd-4e63-bbf8-f8ec94f09a6d%22:%91%22border_color_all%22%93}&#8221; sticky_enabled=&#8221;0&#8243;][et_pb_image src=&#8221;https:\/\/www.granapadano.it\/wp-content\/uploads\/2023\/02\/00b-gp-mipresento-storiaslot-8-5004.jpg&#8221; title_text=&#8221;00b-gp-mipresento-storiaslot-8-5004&#8243; _builder_version=&#8221;4.20.2&#8243; _module_preset=&#8221;default&#8221; custom_padding=&#8221;20px||20px||false|false&#8221; animation_direction=&#8221;top&#8221; border_radii=&#8221;on|20px|20px|20px|20px&#8221; global_colors_info=&#8221;{}&#8221;][\/et_pb_image][et_pb_text module_class=&#8221;timeline_title_right&#8221; _builder_version=&#8221;4.20.4&#8243; _module_preset=&#8221;default&#8221; text_font=&#8221;FontPadano-Bold||||||||&#8221; text_text_color=&#8221;RGBA(255,255,255,0)&#8221; text_font_size=&#8221;36px&#8221; header_2_font=&#8221;|700|||||||&#8221; header_2_text_align=&#8221;center&#8221; header_2_text_color=&#8221;gcid-8696fd7e-29dd-4028-9d4d-981b208a53a9&#8243; header_2_font_size=&#8221;23px&#8221; header_3_text_align=&#8221;left&#8221; header_3_font_size=&#8221;23px&#8221; header_3_line_height=&#8221;27px&#8221; header_5_font=&#8221;FontPadano-Bold||||||||&#8221; text_orientation=&#8221;center&#8221; global_colors_info=&#8221;{%22gcid-8696fd7e-29dd-4028-9d4d-981b208a53a9%22:%91%22header_2_text_color%22%93,%22gcid-26f0371c-74dd-4e63-bbf8-f8ec94f09a6d%22:%91%22header_2_text_color%22,%22header_2_text_color%22,%22header_2_text_color%22,%22text_text_color%22,%22header_2_text_color%22,%22header_2_text_color%22,%22header_2_text_color%22,%22text_text_color%22,%22header_2_text_color%22,%22header_2_text_color%22,%22header_2_text_color%22,%22header_2_text_color%22,%22text_text_color%22,%22header_2_text_color%22,%22header_2_text_color%22,%22header_2_text_color%22,%22text_text_color%22,%22header_2_text_color%22,%22header_2_text_color%22,%22header_2_text_color%22,%22text_text_color%22%93}&#8221;]<\/p>\n<h3>Gr\u00e2ce \u00e0 ses riches propri\u00e9t\u00e9s nutritionnelles<\/h3>\n<p>[\/et_pb_text][et_pb_text module_class=&#8221;timeline_desc_right&#8221; _builder_version=&#8221;4.20.4&#8243; _module_preset=&#8221;default&#8221; text_text_color=&#8221;gcid-8696fd7e-29dd-4028-9d4d-981b208a53a9&#8243; text_font_size=&#8221;18px&#8221; text_line_height=&#8221;26px&#8221; global_colors_info=&#8221;{%22gcid-8696fd7e-29dd-4028-9d4d-981b208a53a9%22:%91%22text_text_color%22%93}&#8221;]\u00e0 sa longue conservation et \u00e0 l&#8217;inalt\u00e9rabilit\u00e9 de ses caract\u00e9ristiques alimentaires et gustatives, le \u00ab formai de grana \u00bb devient un aliment important pour les paysans, surtout pendant les terribles p\u00e9riodes de famine.<br \/>\nLe \u00ab grana padano \u00bb devient ainsi l&#8217;expression de toute une culture sociale et \u00e9conomique, ind\u00e9pendamment de l\u2019appartenance \u00e0 telle ou telle classe sociale, appr\u00e9ci\u00e9 aussi bien par les riches et les nobles habitu\u00e9s \u00e0 une cuisine plut\u00f4t \u00e9labor\u00e9e et raffin\u00e9e que par les pauvres dont les recettes quotidiennes sont bien plus simples, mais traditionnelles.<br \/>\n[\/et_pb_text][\/et_pb_column][\/et_pb_row][et_pb_row column_structure=&#8221;1_4,3_4&#8243; module_class=&#8221;heritage_timeline_item&#8221; _builder_version=&#8221;4.27.6&#8243; _module_preset=&#8221;default&#8221; custom_padding=&#8221;1px||0px|||&#8221; hover_enabled=&#8221;0&#8243; global_colors_info=&#8221;{}&#8221; sticky_enabled=&#8221;0&#8243;][et_pb_column type=&#8221;1_4&#8243; module_class=&#8221;timeline_left_col&#8221; _builder_version=&#8221;4.20.0&#8243; _module_preset=&#8221;default&#8221; background_color=&#8221;RGBA(255,255,255,0)&#8221; global_colors_info=&#8221;{}&#8221;][et_pb_image src=&#8221;https:\/\/www.granapadano.it\/wp-content\/uploads\/2022\/12\/Component-1-\u2013-1.png&#8221; module_class=&#8221;timeline_left_thumb&#8221; _builder_version=&#8221;4.20.0&#8243; _module_preset=&#8221;default&#8221; global_colors_info=&#8221;{}&#8221;][\/et_pb_image][\/et_pb_column][et_pb_column type=&#8221;3_4&#8243; module_class=&#8221;timeline_content_col&#8221; _builder_version=&#8221;4.27.6&#8243; _module_preset=&#8221;default&#8221; custom_padding=&#8221;50px||50px||false|false&#8221; hover_enabled=&#8221;0&#8243; border_width_all=&#8221;1px&#8221; border_color_all=&#8221;gcid-8696fd7e-29dd-4028-9d4d-981b208a53a9&#8243; global_colors_info=&#8221;{%22gcid-8696fd7e-29dd-4028-9d4d-981b208a53a9%22:%91%22border_color_all%22%93,%22gcid-26f0371c-74dd-4e63-bbf8-f8ec94f09a6d%22:%91%22border_color_all%22%93}&#8221; sticky_enabled=&#8221;0&#8243;][et_pb_image src=&#8221;https:\/\/www.granapadano.it\/wp-content\/uploads\/2023\/02\/00b-gp-mipresento-storiaslot-9-5005.jpg&#8221; title_text=&#8221;00b-gp-mipresento-storiaslot-9-5005&#8243; _builder_version=&#8221;4.20.2&#8243; _module_preset=&#8221;default&#8221; custom_padding=&#8221;20px||20px||false|false&#8221; animation_direction=&#8221;top&#8221; border_radii=&#8221;on|20px|20px|20px|20px&#8221; global_colors_info=&#8221;{}&#8221;][\/et_pb_image][et_pb_text module_class=&#8221;timeline_title_right&#8221; _builder_version=&#8221;4.20.4&#8243; _module_preset=&#8221;default&#8221; text_font=&#8221;FontPadano-Bold||||||||&#8221; text_text_color=&#8221;RGBA(255,255,255,0)&#8221; text_font_size=&#8221;36px&#8221; header_2_font=&#8221;|700|||||||&#8221; header_2_text_align=&#8221;center&#8221; header_2_text_color=&#8221;gcid-8696fd7e-29dd-4028-9d4d-981b208a53a9&#8243; header_2_font_size=&#8221;23px&#8221; header_3_text_align=&#8221;left&#8221; header_3_font_size=&#8221;23px&#8221; header_3_line_height=&#8221;27px&#8221; header_5_font=&#8221;FontPadano-Bold||||||||&#8221; text_orientation=&#8221;center&#8221; global_colors_info=&#8221;{%22gcid-8696fd7e-29dd-4028-9d4d-981b208a53a9%22:%91%22header_2_text_color%22%93,%22gcid-26f0371c-74dd-4e63-bbf8-f8ec94f09a6d%22:%91%22header_2_text_color%22,%22header_2_text_color%22,%22header_2_text_color%22,%22text_text_color%22,%22header_2_text_color%22,%22header_2_text_color%22,%22header_2_text_color%22,%22text_text_color%22,%22header_2_text_color%22,%22header_2_text_color%22,%22header_2_text_color%22,%22header_2_text_color%22,%22text_text_color%22,%22header_2_text_color%22,%22header_2_text_color%22,%22header_2_text_color%22,%22text_text_color%22,%22header_2_text_color%22,%22header_2_text_color%22,%22header_2_text_color%22,%22text_text_color%22%93}&#8221;]<\/p>\n<h3>Au fil au temps&#8230;<\/h3>\n<p>[\/et_pb_text][et_pb_text content_tablet=&#8221;la pratica della trasformazione del latte in \u201cgrana\u201d si diffonde sempre pi\u00f9, tanto da diventare uno dei pilastri dell\u2019economia agricola. Da allora, il metodo produttivo del %22grana%22 si tramanda nei secoli, fedele a un processo che non muta nel tempo e che, ancora oggi, assicura a questo formaggio unico quelle caratteristiche organolettiche e quell\u2019aspetto che lo hanno reso celebre in tutto il mondo.&#8221; content_phone=&#8221;la pratica della trasformazione del latte in \u201cgrana\u201d si diffonde sempre pi\u00f9, tanto da diventare uno dei pilastri dell\u2019economia agricola. Da allora, il metodo produttivo del %22grana%22 si tramanda nei secoli, fedele a un processo che non muta nel tempo e che, ancora oggi, assicura a questo formaggio unico quelle caratteristiche organolettiche e quell\u2019aspetto che lo hanno reso celebre in tutto il mondo.&#8221; content_last_edited=&#8221;on|phone&#8221; module_class=&#8221;timeline_desc_right&#8221; _builder_version=&#8221;4.20.4&#8243; _module_preset=&#8221;default&#8221; text_text_color=&#8221;gcid-8696fd7e-29dd-4028-9d4d-981b208a53a9&#8243; text_font_size=&#8221;18px&#8221; text_line_height=&#8221;26px&#8221; global_colors_info=&#8221;{%22gcid-8696fd7e-29dd-4028-9d4d-981b208a53a9%22:%91%22text_text_color%22%93}&#8221;]&#8230;la pratique de la transformation du lait en \u00ab grana \u00bb se r\u00e9pand de plus en plus, au point de devenir l&#8217;un des piliers de l&#8217;\u00e9conomie agricole.<br \/>\nDepuis, la m\u00e9thode de production du \u00ab grana \u00bb s&#8217;est transmise au fil des si\u00e8cles, fid\u00e8le \u00e0 un processus qui ne change pas avec le temps et qui assure toujours \u00e0 ce fromage unique les caract\u00e9ristiques organoleptiques et l&#8217;aspect qui l&#8217;ont rendu c\u00e9l\u00e8bre dans le monde entier.[\/et_pb_text][\/et_pb_column][\/et_pb_row][et_pb_row column_structure=&#8221;1_4,3_4&#8243; module_class=&#8221;heritage_timeline_item&#8221; _builder_version=&#8221;4.27.6&#8243; _module_preset=&#8221;default&#8221; custom_margin=&#8221;||||false|false&#8221; custom_padding=&#8221;4px|||||&#8221; hover_enabled=&#8221;0&#8243; global_colors_info=&#8221;{}&#8221; sticky_enabled=&#8221;0&#8243;][et_pb_column type=&#8221;1_4&#8243; module_class=&#8221;timeline_left_col&#8221; _builder_version=&#8221;4.20.0&#8243; _module_preset=&#8221;default&#8221; background_color=&#8221;RGBA(255,255,255,0)&#8221; global_colors_info=&#8221;{}&#8221;][et_pb_image src=&#8221;https:\/\/www.granapadano.it\/wp-content\/uploads\/2022\/12\/Component-1-\u2013-1.png&#8221; module_class=&#8221;timeline_left_thumb&#8221; _builder_version=&#8221;4.20.0&#8243; _module_preset=&#8221;default&#8221; global_colors_info=&#8221;{}&#8221;][\/et_pb_image][\/et_pb_column][et_pb_column type=&#8221;3_4&#8243; module_class=&#8221;timeline_content_col&#8221; _builder_version=&#8221;4.27.6&#8243; _module_preset=&#8221;default&#8221; custom_padding=&#8221;50px||50px||false|false&#8221; hover_enabled=&#8221;0&#8243; border_width_all=&#8221;1px&#8221; border_color_all=&#8221;gcid-8696fd7e-29dd-4028-9d4d-981b208a53a9&#8243; global_colors_info=&#8221;{%22gcid-8696fd7e-29dd-4028-9d4d-981b208a53a9%22:%91%22border_color_all%22%93,%22gcid-26f0371c-74dd-4e63-bbf8-f8ec94f09a6d%22:%91%22border_color_all%22%93}&#8221; sticky_enabled=&#8221;0&#8243;][et_pb_image src=&#8221;https:\/\/www.granapadano.it\/wp-content\/uploads\/2023\/02\/00b-gp-mipresento-storiaslot-11.jpg&#8221; title_text=&#8221;00b-gp-mipresento-storiaslot-11&#8243; _builder_version=&#8221;4.20.2&#8243; _module_preset=&#8221;default&#8221; custom_padding=&#8221;20px||20px||false|false&#8221; animation_direction=&#8221;top&#8221; border_radii=&#8221;on|20px|20px|20px|20px&#8221; global_colors_info=&#8221;{}&#8221;][\/et_pb_image][et_pb_text module_class=&#8221;timeline_title_right&#8221; _builder_version=&#8221;4.20.4&#8243; _module_preset=&#8221;default&#8221; text_font=&#8221;FontPadano-Bold||||||||&#8221; text_text_color=&#8221;RGBA(255,255,255,0)&#8221; text_font_size=&#8221;36px&#8221; header_2_font=&#8221;|700|||||||&#8221; header_2_text_align=&#8221;center&#8221; header_2_text_color=&#8221;gcid-8696fd7e-29dd-4028-9d4d-981b208a53a9&#8243; header_2_font_size=&#8221;23px&#8221; header_3_text_align=&#8221;left&#8221; header_3_font_size=&#8221;23px&#8221; header_3_line_height=&#8221;27px&#8221; header_5_font=&#8221;FontPadano-Bold||||||||&#8221; text_orientation=&#8221;center&#8221; global_colors_info=&#8221;{%22gcid-8696fd7e-29dd-4028-9d4d-981b208a53a9%22:%91%22header_2_text_color%22%93,%22gcid-26f0371c-74dd-4e63-bbf8-f8ec94f09a6d%22:%91%22header_2_text_color%22,%22header_2_text_color%22,%22header_2_text_color%22,%22text_text_color%22,%22header_2_text_color%22,%22header_2_text_color%22,%22header_2_text_color%22,%22text_text_color%22,%22header_2_text_color%22,%22header_2_text_color%22,%22header_2_text_color%22,%22header_2_text_color%22,%22text_text_color%22,%22header_2_text_color%22,%22header_2_text_color%22,%22header_2_text_color%22,%22text_text_color%22,%22header_2_text_color%22,%22header_2_text_color%22,%22header_2_text_color%22,%22text_text_color%22%93}&#8221;]<\/p>\n<h3>\u00c0 une \u00e9poque bien plus r\u00e9cente&#8230;<\/h3>\n<p>[\/et_pb_text][et_pb_text module_class=&#8221;timeline_desc_right&#8221; _builder_version=&#8221;4.20.4&#8243; _module_preset=&#8221;default&#8221; text_text_color=&#8221;gcid-8696fd7e-29dd-4028-9d4d-981b208a53a9&#8243; text_font_size=&#8221;18px&#8221; text_line_height=&#8221;26px&#8221; global_colors_info=&#8221;{%22gcid-8696fd7e-29dd-4028-9d4d-981b208a53a9%22:%91%22text_text_color%22%93}&#8221;]&#8230;, l&#8217;\u00e9volution de la culture gastronomique et des pratiques alimentaires impose la n\u00e9cessit\u00e9 de d\u00e9finir clairement les caract\u00e9ristiques et les particularit\u00e9s de nombreuses pr\u00e9parations consid\u00e9r\u00e9es l\u2019expression de la tradition et de l&#8217;histoire plus ou moins ancienne.<\/p>\n<p>De l\u00e0 est n\u00e9e l&#8217;id\u00e9e de transformer ce qui \u00e9tait le nom \u00ab g\u00e9n\u00e9rique \u00bb d&#8217;un fromage typique en un nom propre, capable de d\u00e9signer un fromage unique et inimitable.<\/p>\n<p>Il y a en fait la volont\u00e9 de d\u00e9finir le \u00ab Grana Padano \u00bb uniquement comme un fromage produit avec des mati\u00e8res premi\u00e8res sp\u00e9cifiques,<br \/>\ngr\u00e2ce \u00e0 une technique et une proc\u00e9dure bien d\u00e9finie, \u00e9tape par<br \/>\n\u00e9tape, et dans une zone de production d\u00e9limit\u00e9e.<br \/>\n[\/et_pb_text][\/et_pb_column][\/et_pb_row][et_pb_row column_structure=&#8221;1_4,3_4&#8243; module_class=&#8221;heritage_timeline_item&#8221; _builder_version=&#8221;4.27.6&#8243; _module_preset=&#8221;default&#8221; custom_padding=&#8221;1px||0px|||&#8221; hover_enabled=&#8221;0&#8243; global_colors_info=&#8221;{}&#8221; sticky_enabled=&#8221;0&#8243;][et_pb_column type=&#8221;1_4&#8243; module_class=&#8221;timeline_left_col&#8221; _builder_version=&#8221;4.20.0&#8243; _module_preset=&#8221;default&#8221; background_color=&#8221;RGBA(255,255,255,0)&#8221; global_colors_info=&#8221;{}&#8221;][et_pb_image src=&#8221;https:\/\/www.granapadano.it\/wp-content\/uploads\/2022\/12\/Component-1-\u2013-1.png&#8221; module_class=&#8221;timeline_left_thumb&#8221; _builder_version=&#8221;4.20.0&#8243; _module_preset=&#8221;default&#8221; global_colors_info=&#8221;{}&#8221;][\/et_pb_image][\/et_pb_column][et_pb_column type=&#8221;3_4&#8243; module_class=&#8221;timeline_content_col&#8221; _builder_version=&#8221;4.27.6&#8243; _module_preset=&#8221;default&#8221; custom_padding=&#8221;50px||50px||false|false&#8221; hover_enabled=&#8221;0&#8243; border_width_all=&#8221;1px&#8221; border_color_all=&#8221;gcid-8696fd7e-29dd-4028-9d4d-981b208a53a9&#8243; global_colors_info=&#8221;{%22gcid-8696fd7e-29dd-4028-9d4d-981b208a53a9%22:%91%22border_color_all%22%93,%22gcid-26f0371c-74dd-4e63-bbf8-f8ec94f09a6d%22:%91%22border_color_all%22%93}&#8221; sticky_enabled=&#8221;0&#8243;][et_pb_image src=&#8221;https:\/\/www.granapadano.it\/wp-content\/uploads\/2023\/04\/gp-mipresento-storiaslot.jpg&#8221; title_text=&#8221;gp-mipresento-storiaslot&#8221; _builder_version=&#8221;4.20.4&#8243; _module_preset=&#8221;default&#8221; custom_padding=&#8221;20px||20px||false|false&#8221; animation_direction=&#8221;top&#8221; border_radii=&#8221;on|20px|20px|20px|20px&#8221; global_colors_info=&#8221;{}&#8221;][\/et_pb_image][et_pb_text module_class=&#8221;timeline_title_right&#8221; _builder_version=&#8221;4.20.4&#8243; _module_preset=&#8221;default&#8221; text_font=&#8221;FontPadano-Bold||||||||&#8221; text_text_color=&#8221;RGBA(255,255,255,0)&#8221; text_font_size=&#8221;36px&#8221; header_2_font=&#8221;|700|||||||&#8221; header_2_text_align=&#8221;center&#8221; header_2_text_color=&#8221;gcid-8696fd7e-29dd-4028-9d4d-981b208a53a9&#8243; header_2_font_size=&#8221;23px&#8221; header_3_text_align=&#8221;left&#8221; header_3_font_size=&#8221;23px&#8221; header_3_line_height=&#8221;27px&#8221; header_5_font=&#8221;FontPadano-Bold||||||||&#8221; text_orientation=&#8221;center&#8221; global_colors_info=&#8221;{%22gcid-8696fd7e-29dd-4028-9d4d-981b208a53a9%22:%91%22header_2_text_color%22%93,%22gcid-26f0371c-74dd-4e63-bbf8-f8ec94f09a6d%22:%91%22header_2_text_color%22,%22header_2_text_color%22,%22header_2_text_color%22,%22text_text_color%22,%22header_2_text_color%22,%22header_2_text_color%22,%22header_2_text_color%22,%22text_text_color%22,%22header_2_text_color%22,%22header_2_text_color%22,%22header_2_text_color%22,%22header_2_text_color%22,%22text_text_color%22,%22header_2_text_color%22,%22header_2_text_color%22,%22header_2_text_color%22,%22text_text_color%22,%22header_2_text_color%22,%22header_2_text_color%22,%22header_2_text_color%22,%22text_text_color%22%93}&#8221;]<\/p>\n<h3>Le 1er juin 1951,<\/h3>\n<p>[\/et_pb_text][et_pb_text module_class=&#8221;timeline_desc_right&#8221; _builder_version=&#8221;4.20.4&#8243; _module_preset=&#8221;default&#8221; text_text_color=&#8221;gcid-8696fd7e-29dd-4028-9d4d-981b208a53a9&#8243; text_font_size=&#8221;18px&#8221; text_line_height=&#8221;26px&#8221; global_colors_info=&#8221;{%22gcid-8696fd7e-29dd-4028-9d4d-981b208a53a9%22:%91%22text_text_color%22%93}&#8221;]\u00e0 Stresa, sur le lac Majeur, dans le Pi\u00e9mont, des techniciens et op\u00e9rateurs laitiers europ\u00e9ens signent un accord dans lequel ils \u00e9tablissent les normes pr\u00e9cises de l\u2019appellation des fromages et leurs caract\u00e9ristiques sp\u00e9cifiques.<\/p>\n<p>Dans ce cadre, le \u00ab Grana de Lodi \u00bb est divis\u00e9 en deux types, qui se distinguent aujourd&#8217;hui sous les appellations Grana Padano et Parmigiano Reggiano.<br \/>\n[\/et_pb_text][\/et_pb_column][\/et_pb_row][et_pb_row column_structure=&#8221;1_4,3_4&#8243; module_class=&#8221;heritage_timeline_item&#8221; _builder_version=&#8221;4.27.6&#8243; _module_preset=&#8221;default&#8221; custom_margin=&#8221;||||false|false&#8221; custom_padding=&#8221;4px|||||&#8221; hover_enabled=&#8221;0&#8243; global_colors_info=&#8221;{}&#8221; sticky_enabled=&#8221;0&#8243;][et_pb_column type=&#8221;1_4&#8243; module_class=&#8221;timeline_left_col&#8221; _builder_version=&#8221;4.20.0&#8243; _module_preset=&#8221;default&#8221; background_color=&#8221;RGBA(255,255,255,0)&#8221; global_colors_info=&#8221;{}&#8221;][et_pb_image src=&#8221;https:\/\/www.granapadano.it\/wp-content\/uploads\/2022\/12\/Component-1-\u2013-1.png&#8221; module_class=&#8221;timeline_left_thumb&#8221; _builder_version=&#8221;4.20.0&#8243; _module_preset=&#8221;default&#8221; global_colors_info=&#8221;{}&#8221;][\/et_pb_image][\/et_pb_column][et_pb_column type=&#8221;3_4&#8243; module_class=&#8221;timeline_content_col&#8221; _builder_version=&#8221;4.27.6&#8243; _module_preset=&#8221;default&#8221; custom_padding=&#8221;50px||50px||false|false&#8221; hover_enabled=&#8221;0&#8243; border_width_all=&#8221;1px&#8221; border_color_all=&#8221;gcid-8696fd7e-29dd-4028-9d4d-981b208a53a9&#8243; global_colors_info=&#8221;{%22gcid-8696fd7e-29dd-4028-9d4d-981b208a53a9%22:%91%22border_color_all%22%93,%22gcid-26f0371c-74dd-4e63-bbf8-f8ec94f09a6d%22:%91%22border_color_all%22%93}&#8221; sticky_enabled=&#8221;0&#8243;][et_pb_text module_class=&#8221;timeline_title_right&#8221; _builder_version=&#8221;4.20.4&#8243; _module_preset=&#8221;default&#8221; text_font=&#8221;FontPadano-Bold||||||||&#8221; text_text_color=&#8221;RGBA(255,255,255,0)&#8221; text_font_size=&#8221;36px&#8221; header_2_font=&#8221;|700|||||||&#8221; header_2_text_align=&#8221;center&#8221; header_2_text_color=&#8221;gcid-8696fd7e-29dd-4028-9d4d-981b208a53a9&#8243; header_2_font_size=&#8221;23px&#8221; header_3_text_align=&#8221;left&#8221; header_3_font_size=&#8221;23px&#8221; header_3_line_height=&#8221;27px&#8221; header_5_font=&#8221;FontPadano-Bold||||||||&#8221; text_orientation=&#8221;center&#8221; global_colors_info=&#8221;{%22gcid-8696fd7e-29dd-4028-9d4d-981b208a53a9%22:%91%22header_2_text_color%22%93,%22gcid-26f0371c-74dd-4e63-bbf8-f8ec94f09a6d%22:%91%22header_2_text_color%22,%22header_2_text_color%22,%22header_2_text_color%22,%22text_text_color%22,%22header_2_text_color%22,%22header_2_text_color%22,%22header_2_text_color%22,%22text_text_color%22,%22header_2_text_color%22,%22header_2_text_color%22,%22header_2_text_color%22,%22header_2_text_color%22,%22text_text_color%22,%22header_2_text_color%22,%22header_2_text_color%22,%22header_2_text_color%22,%22text_text_color%22,%22header_2_text_color%22,%22header_2_text_color%22,%22header_2_text_color%22,%22text_text_color%22%93}&#8221;]<\/p>\n<h3>Le 18 juin 1954,<\/h3>\n<p>[\/et_pb_text][et_pb_text module_class=&#8221;timeline_desc_right&#8221; _builder_version=&#8221;4.20.4&#8243; _module_preset=&#8221;default&#8221; text_text_color=&#8221;gcid-8696fd7e-29dd-4028-9d4d-981b208a53a9&#8243; text_font_size=&#8221;18px&#8221; text_line_height=&#8221;26px&#8221; global_colors_info=&#8221;{%22gcid-8696fd7e-29dd-4028-9d4d-981b208a53a9%22:%91%22text_text_color%22%93}&#8221;]Le Consortium de protection du Grana Padano, au sein duquel tous les producteurs, affineurs et commer\u00e7ants de ce pr\u00e9cieux fromage se rencontrent et se reconnaissent, a \u00e9t\u00e9 fond\u00e9 \u00e0 l&#8217;initiative de Federlatte (F\u00e9d\u00e9ration des Laiteries Coop\u00e9ratives) et d&#8217;Assolatte (Association des Industries Laiti\u00e8res et Fromag\u00e8res).<br \/>\n[\/et_pb_text][\/et_pb_column][\/et_pb_row][et_pb_row column_structure=&#8221;1_4,3_4&#8243; module_class=&#8221;heritage_timeline_item&#8221; _builder_version=&#8221;4.27.6&#8243; _module_preset=&#8221;default&#8221; custom_margin=&#8221;||||false|false&#8221; custom_padding=&#8221;4px|||||&#8221; hover_enabled=&#8221;0&#8243; global_colors_info=&#8221;{}&#8221; sticky_enabled=&#8221;0&#8243;][et_pb_column type=&#8221;1_4&#8243; module_class=&#8221;timeline_left_col&#8221; _builder_version=&#8221;4.20.0&#8243; _module_preset=&#8221;default&#8221; background_color=&#8221;RGBA(255,255,255,0)&#8221; global_colors_info=&#8221;{}&#8221;][et_pb_image src=&#8221;https:\/\/www.granapadano.it\/wp-content\/uploads\/2022\/12\/Component-1-\u2013-1.png&#8221; module_class=&#8221;timeline_left_thumb&#8221; _builder_version=&#8221;4.20.0&#8243; _module_preset=&#8221;default&#8221; global_colors_info=&#8221;{}&#8221;][\/et_pb_image][\/et_pb_column][et_pb_column type=&#8221;3_4&#8243; module_class=&#8221;timeline_content_col&#8221; _builder_version=&#8221;4.27.6&#8243; _module_preset=&#8221;default&#8221; custom_padding=&#8221;50px||50px||false|false&#8221; hover_enabled=&#8221;0&#8243; border_width_all=&#8221;1px&#8221; border_color_all=&#8221;gcid-8696fd7e-29dd-4028-9d4d-981b208a53a9&#8243; global_colors_info=&#8221;{%22gcid-8696fd7e-29dd-4028-9d4d-981b208a53a9%22:%91%22border_color_all%22%93,%22gcid-26f0371c-74dd-4e63-bbf8-f8ec94f09a6d%22:%91%22border_color_all%22%93}&#8221; sticky_enabled=&#8221;0&#8243;][et_pb_text module_class=&#8221;timeline_title_right&#8221; _builder_version=&#8221;4.20.4&#8243; _module_preset=&#8221;default&#8221; text_font=&#8221;FontPadano-Bold||||||||&#8221; text_text_color=&#8221;RGBA(255,255,255,0)&#8221; text_font_size=&#8221;36px&#8221; header_2_font=&#8221;|700|||||||&#8221; header_2_text_align=&#8221;center&#8221; header_2_text_color=&#8221;gcid-8696fd7e-29dd-4028-9d4d-981b208a53a9&#8243; header_2_font_size=&#8221;23px&#8221; header_3_text_align=&#8221;left&#8221; header_3_font_size=&#8221;23px&#8221; header_3_line_height=&#8221;27px&#8221; header_5_font=&#8221;FontPadano-Bold||||||||&#8221; text_orientation=&#8221;center&#8221; global_colors_info=&#8221;{%22gcid-8696fd7e-29dd-4028-9d4d-981b208a53a9%22:%91%22header_2_text_color%22%93,%22gcid-26f0371c-74dd-4e63-bbf8-f8ec94f09a6d%22:%91%22header_2_text_color%22,%22header_2_text_color%22,%22header_2_text_color%22,%22text_text_color%22,%22header_2_text_color%22,%22header_2_text_color%22,%22header_2_text_color%22,%22text_text_color%22,%22header_2_text_color%22,%22header_2_text_color%22,%22header_2_text_color%22,%22header_2_text_color%22,%22text_text_color%22,%22header_2_text_color%22,%22header_2_text_color%22,%22header_2_text_color%22,%22text_text_color%22,%22header_2_text_color%22,%22header_2_text_color%22,%22header_2_text_color%22,%22text_text_color%22%93}&#8221;]<\/p>\n<h3>Le 30 octobre 1955,<\/h3>\n<p>[\/et_pb_text][et_pb_text module_class=&#8221;timeline_desc_right&#8221; _builder_version=&#8221;4.20.4&#8243; _module_preset=&#8221;default&#8221; text_text_color=&#8221;gcid-8696fd7e-29dd-4028-9d4d-981b208a53a9&#8243; text_font_size=&#8221;18px&#8221; text_line_height=&#8221;26px&#8221; global_colors_info=&#8221;{%22gcid-8696fd7e-29dd-4028-9d4d-981b208a53a9%22:%91%22text_text_color%22%93}&#8221;]le D\u00e9cret du Pr\u00e9sident de la R\u00e9publique n\u00b0 1269 relatif \u00e0 la \u00ab Reconnaissance des appellations concernant les m\u00e9thodes de transformation, les caract\u00e9ristiques du produit et les zones de production des fromages \u00bb est publi\u00e9.<br \/>\nParmi eux figure \u00e9galement le Grana Padano.<br \/>\n[\/et_pb_text][\/et_pb_column][\/et_pb_row][et_pb_row column_structure=&#8221;1_4,3_4&#8243; module_class=&#8221;heritage_timeline_item&#8221; _builder_version=&#8221;4.27.6&#8243; _module_preset=&#8221;default&#8221; custom_margin=&#8221;||||false|false&#8221; custom_padding=&#8221;4px|||||&#8221; hover_enabled=&#8221;0&#8243; global_colors_info=&#8221;{}&#8221; sticky_enabled=&#8221;0&#8243;][et_pb_column type=&#8221;1_4&#8243; module_class=&#8221;timeline_left_col&#8221; _builder_version=&#8221;4.20.0&#8243; _module_preset=&#8221;default&#8221; background_color=&#8221;RGBA(255,255,255,0)&#8221; global_colors_info=&#8221;{}&#8221;][et_pb_image src=&#8221;https:\/\/www.granapadano.it\/wp-content\/uploads\/2022\/12\/Component-1-\u2013-1.png&#8221; module_class=&#8221;timeline_left_thumb&#8221; _builder_version=&#8221;4.20.0&#8243; _module_preset=&#8221;default&#8221; global_colors_info=&#8221;{}&#8221;][\/et_pb_image][\/et_pb_column][et_pb_column type=&#8221;3_4&#8243; module_class=&#8221;timeline_content_col&#8221; _builder_version=&#8221;4.27.6&#8243; _module_preset=&#8221;default&#8221; custom_padding=&#8221;50px||50px||false|false&#8221; hover_enabled=&#8221;0&#8243; border_width_all=&#8221;1px&#8221; border_color_all=&#8221;gcid-8696fd7e-29dd-4028-9d4d-981b208a53a9&#8243; global_colors_info=&#8221;{%22gcid-8696fd7e-29dd-4028-9d4d-981b208a53a9%22:%91%22border_color_all%22%93,%22gcid-26f0371c-74dd-4e63-bbf8-f8ec94f09a6d%22:%91%22border_color_all%22%93}&#8221; sticky_enabled=&#8221;0&#8243;][et_pb_text module_class=&#8221;timeline_title_right&#8221; _builder_version=&#8221;4.20.4&#8243; _module_preset=&#8221;default&#8221; text_font=&#8221;FontPadano-Bold||||||||&#8221; text_text_color=&#8221;RGBA(255,255,255,0)&#8221; text_font_size=&#8221;36px&#8221; header_2_font=&#8221;|700|||||||&#8221; header_2_text_align=&#8221;center&#8221; header_2_text_color=&#8221;gcid-8696fd7e-29dd-4028-9d4d-981b208a53a9&#8243; header_2_font_size=&#8221;23px&#8221; header_3_text_align=&#8221;left&#8221; header_3_font_size=&#8221;23px&#8221; header_3_line_height=&#8221;27px&#8221; header_5_font=&#8221;FontPadano-Bold||||||||&#8221; text_orientation=&#8221;center&#8221; global_colors_info=&#8221;{%22gcid-8696fd7e-29dd-4028-9d4d-981b208a53a9%22:%91%22header_2_text_color%22%93,%22gcid-26f0371c-74dd-4e63-bbf8-f8ec94f09a6d%22:%91%22header_2_text_color%22,%22header_2_text_color%22,%22header_2_text_color%22,%22text_text_color%22,%22header_2_text_color%22,%22header_2_text_color%22,%22header_2_text_color%22,%22text_text_color%22,%22header_2_text_color%22,%22header_2_text_color%22,%22header_2_text_color%22,%22header_2_text_color%22,%22text_text_color%22,%22header_2_text_color%22,%22header_2_text_color%22,%22header_2_text_color%22,%22text_text_color%22,%22header_2_text_color%22,%22header_2_text_color%22,%22header_2_text_color%22,%22text_text_color%22%93}&#8221;]<\/p>\n<h3>Cependant, ce n\u2019est&#8230;<\/h3>\n<p>[\/et_pb_text][et_pb_text module_class=&#8221;timeline_desc_right&#8221; _builder_version=&#8221;4.20.4&#8243; _module_preset=&#8221;default&#8221; text_text_color=&#8221;gcid-8696fd7e-29dd-4028-9d4d-981b208a53a9&#8243; text_font_size=&#8221;18px&#8221; text_line_height=&#8221;26px&#8221; global_colors_info=&#8221;{%22gcid-8696fd7e-29dd-4028-9d4d-981b208a53a9%22:%91%22text_text_color%22%93}&#8221;]&#8230;qu&#8217;avec les d\u00e9crets minist\u00e9riels de 1957 que le Consortium de Protection du Grana Padano remplit sa mission de contr\u00f4le de la production et le commerce du fromage.<br \/>\n[\/et_pb_text][\/et_pb_column][\/et_pb_row][et_pb_row column_structure=&#8221;1_4,3_4&#8243; module_class=&#8221;heritage_timeline_item&#8221; _builder_version=&#8221;4.27.6&#8243; _module_preset=&#8221;default&#8221; custom_padding=&#8221;1px||0px|||&#8221; hover_enabled=&#8221;0&#8243; global_colors_info=&#8221;{}&#8221; sticky_enabled=&#8221;0&#8243;][et_pb_column type=&#8221;1_4&#8243; module_class=&#8221;timeline_left_col&#8221; _builder_version=&#8221;4.20.0&#8243; _module_preset=&#8221;default&#8221; background_color=&#8221;RGBA(255,255,255,0)&#8221; global_colors_info=&#8221;{}&#8221;][et_pb_image src=&#8221;https:\/\/www.granapadano.it\/wp-content\/uploads\/2022\/12\/Component-1-\u2013-1.png&#8221; module_class=&#8221;timeline_left_thumb&#8221; _builder_version=&#8221;4.20.0&#8243; _module_preset=&#8221;default&#8221; global_colors_info=&#8221;{}&#8221;][\/et_pb_image][\/et_pb_column][et_pb_column type=&#8221;3_4&#8243; module_class=&#8221;timeline_content_col&#8221; _builder_version=&#8221;4.27.6&#8243; _module_preset=&#8221;default&#8221; custom_padding=&#8221;50px||50px||false|false&#8221; hover_enabled=&#8221;0&#8243; border_width_all=&#8221;1px&#8221; border_color_all=&#8221;gcid-8696fd7e-29dd-4028-9d4d-981b208a53a9&#8243; global_colors_info=&#8221;{%22gcid-8696fd7e-29dd-4028-9d4d-981b208a53a9%22:%91%22border_color_all%22%93,%22gcid-26f0371c-74dd-4e63-bbf8-f8ec94f09a6d%22:%91%22border_color_all%22%93}&#8221; sticky_enabled=&#8221;0&#8243;][et_pb_video src=&#8221;https:\/\/www.youtube.com\/embed\/xrD7Cr2KNFU&#8221; _builder_version=&#8221;4.27.6&#8243; _module_preset=&#8221;default&#8221; hover_enabled=&#8221;0&#8243; global_colors_info=&#8221;{}&#8221; sticky_enabled=&#8221;0&#8243;][\/et_pb_video][et_pb_text module_class=&#8221;timeline_title_right&#8221; _builder_version=&#8221;4.20.4&#8243; _module_preset=&#8221;default&#8221; text_font=&#8221;FontPadano-Bold||||||||&#8221; text_text_color=&#8221;RGBA(255,255,255,0)&#8221; text_font_size=&#8221;36px&#8221; header_2_font=&#8221;|700|||||||&#8221; header_2_text_align=&#8221;center&#8221; header_2_text_color=&#8221;gcid-8696fd7e-29dd-4028-9d4d-981b208a53a9&#8243; header_2_font_size=&#8221;23px&#8221; header_3_text_align=&#8221;left&#8221; header_3_font_size=&#8221;23px&#8221; header_3_line_height=&#8221;27px&#8221; header_5_font=&#8221;FontPadano-Bold||||||||&#8221; text_orientation=&#8221;center&#8221; global_colors_info=&#8221;{%22gcid-8696fd7e-29dd-4028-9d4d-981b208a53a9%22:%91%22header_2_text_color%22%93,%22gcid-26f0371c-74dd-4e63-bbf8-f8ec94f09a6d%22:%91%22header_2_text_color%22,%22header_2_text_color%22,%22header_2_text_color%22,%22text_text_color%22,%22header_2_text_color%22,%22header_2_text_color%22,%22header_2_text_color%22,%22text_text_color%22,%22header_2_text_color%22,%22header_2_text_color%22,%22header_2_text_color%22,%22header_2_text_color%22,%22text_text_color%22,%22header_2_text_color%22,%22header_2_text_color%22,%22header_2_text_color%22,%22text_text_color%22,%22header_2_text_color%22,%22header_2_text_color%22,%22header_2_text_color%22,%22text_text_color%22%93}&#8221;]<\/p>\n<h3>Le 12 d\u00e9cembre 1976&#8230;<\/h3>\n<p>[\/et_pb_text][et_pb_text module_class=&#8221;timeline_desc_right&#8221; _builder_version=&#8221;4.20.4&#8243; _module_preset=&#8221;default&#8221; text_text_color=&#8221;gcid-8696fd7e-29dd-4028-9d4d-981b208a53a9&#8243; text_font_size=&#8221;18px&#8221; text_line_height=&#8221;26px&#8221; global_colors_info=&#8221;{%22gcid-8696fd7e-29dd-4028-9d4d-981b208a53a9%22:%91%22text_text_color%22%93}&#8221;]&#8230;le premier renouvellement des Statuts a lieu, confirmant ainsi le projet et les objectifs qui ont conduit \u00e0 la fondation du Consortium de Protection Grana Padano, dont le but &#8211; comme indiqu\u00e9 depuis les premiers statuts &#8211; est de prot\u00e9ger la typicit\u00e9 de ce fromage, mais aussi de diffuser et de promouvoir sa consommation \u00e0 travers une information correcte, des initiatives et des activit\u00e9s de soutien \u00e0 la zone de production, en r\u00e9glementant sa distribution et sa commercialisation non seulement en Italie mais aussi de plus en plus \u00e0 l&#8217;\u00e9tranger.<br \/>\n[\/et_pb_text][\/et_pb_column][\/et_pb_row][et_pb_row column_structure=&#8221;1_4,3_4&#8243; module_class=&#8221;heritage_timeline_item&#8221; _builder_version=&#8221;4.27.6&#8243; _module_preset=&#8221;default&#8221; custom_padding=&#8221;1px||0px|||&#8221; hover_enabled=&#8221;0&#8243; global_colors_info=&#8221;{}&#8221; sticky_enabled=&#8221;0&#8243;][et_pb_column type=&#8221;1_4&#8243; module_class=&#8221;timeline_left_col&#8221; _builder_version=&#8221;4.20.0&#8243; _module_preset=&#8221;default&#8221; background_color=&#8221;RGBA(255,255,255,0)&#8221; global_colors_info=&#8221;{}&#8221;][et_pb_image src=&#8221;https:\/\/www.granapadano.it\/wp-content\/uploads\/2022\/12\/Component-1-\u2013-1.png&#8221; module_class=&#8221;timeline_left_thumb&#8221; _builder_version=&#8221;4.20.0&#8243; _module_preset=&#8221;default&#8221; global_colors_info=&#8221;{}&#8221;][\/et_pb_image][\/et_pb_column][et_pb_column type=&#8221;3_4&#8243; module_class=&#8221;timeline_content_col&#8221; _builder_version=&#8221;4.27.6&#8243; _module_preset=&#8221;default&#8221; custom_padding=&#8221;50px||50px||false|false&#8221; hover_enabled=&#8221;0&#8243; border_width_all=&#8221;1px&#8221; border_color_all=&#8221;gcid-8696fd7e-29dd-4028-9d4d-981b208a53a9&#8243; global_colors_info=&#8221;{%22gcid-8696fd7e-29dd-4028-9d4d-981b208a53a9%22:%91%22border_color_all%22%93,%22gcid-26f0371c-74dd-4e63-bbf8-f8ec94f09a6d%22:%91%22border_color_all%22%93}&#8221; sticky_enabled=&#8221;0&#8243;][et_pb_image src=&#8221;https:\/\/www.granapadano.it\/wp-content\/uploads\/2023\/03\/Logo-La-DOP-1.png&#8221; title_text=&#8221;Logo-La-DOP&#8221; _builder_version=&#8221;4.20.2&#8243; _module_preset=&#8221;default&#8221; custom_padding=&#8221;20px||0px||false|false&#8221; animation_direction=&#8221;top&#8221; border_radii=&#8221;on|20px|20px|20px|20px&#8221; global_colors_info=&#8221;{}&#8221;][\/et_pb_image][et_pb_text module_class=&#8221;timeline_title_right&#8221; _builder_version=&#8221;4.20.4&#8243; _module_preset=&#8221;default&#8221; text_font=&#8221;FontPadano-Bold||||||||&#8221; text_text_color=&#8221;RGBA(255,255,255,0)&#8221; text_font_size=&#8221;36px&#8221; header_2_font=&#8221;|700|||||||&#8221; header_2_text_align=&#8221;center&#8221; header_2_text_color=&#8221;gcid-8696fd7e-29dd-4028-9d4d-981b208a53a9&#8243; header_2_font_size=&#8221;23px&#8221; header_3_text_align=&#8221;left&#8221; header_3_font_size=&#8221;23px&#8221; header_3_line_height=&#8221;27px&#8221; header_5_font=&#8221;FontPadano-Bold||||||||&#8221; text_orientation=&#8221;center&#8221; global_colors_info=&#8221;{%22gcid-8696fd7e-29dd-4028-9d4d-981b208a53a9%22:%91%22header_2_text_color%22%93,%22gcid-26f0371c-74dd-4e63-bbf8-f8ec94f09a6d%22:%91%22header_2_text_color%22,%22header_2_text_color%22,%22header_2_text_color%22,%22text_text_color%22,%22header_2_text_color%22,%22header_2_text_color%22,%22header_2_text_color%22,%22text_text_color%22,%22header_2_text_color%22,%22header_2_text_color%22,%22header_2_text_color%22,%22header_2_text_color%22,%22text_text_color%22,%22header_2_text_color%22,%22header_2_text_color%22,%22header_2_text_color%22,%22text_text_color%22,%22header_2_text_color%22,%22header_2_text_color%22,%22header_2_text_color%22,%22text_text_color%22%93}&#8221;]<\/p>\n<h3>En 1996, Grana Padano&#8230;<\/h3>\n<p>[\/et_pb_text][et_pb_text module_class=&#8221;timeline_desc_right&#8221; _builder_version=&#8221;4.20.4&#8243; _module_preset=&#8221;default&#8221; text_text_color=&#8221;gcid-8696fd7e-29dd-4028-9d4d-981b208a53a9&#8243; text_font_size=&#8221;18px&#8221; text_line_height=&#8221;26px&#8221; global_colors_info=&#8221;{%22gcid-8696fd7e-29dd-4028-9d4d-981b208a53a9%22:%91%22text_text_color%22%93}&#8221;]&#8230; obtient de l\u2019Union Europ\u00e9enne la reconnaissance <strong>AOP<\/strong> \u2013 Appellation d\u2019Origine Prot\u00e9g\u00e9e.<br \/>\nCette reconnaissance est suivie par la v\u00e9rification des crit\u00e8res n\u00e9cessaires pour que chaque meule puisse obtenir le marquage au feu &#8211; avec l&#8217;approbation du Consortium de Protection et du Minist\u00e8re de l&#8217;Agriculture &#8211; par un institut externe, actuellement le CSQA.<br \/>\n[\/et_pb_text][\/et_pb_column][\/et_pb_row][et_pb_row column_structure=&#8221;1_4,3_4&#8243; module_class=&#8221;heritage_timeline_item&#8221; _builder_version=&#8221;4.27.6&#8243; _module_preset=&#8221;default&#8221; custom_padding=&#8221;1px||0px|||&#8221; hover_enabled=&#8221;0&#8243; global_colors_info=&#8221;{}&#8221; sticky_enabled=&#8221;0&#8243;][et_pb_column type=&#8221;1_4&#8243; module_class=&#8221;timeline_left_col&#8221; _builder_version=&#8221;4.20.0&#8243; _module_preset=&#8221;default&#8221; background_color=&#8221;RGBA(255,255,255,0)&#8221; global_colors_info=&#8221;{}&#8221;][et_pb_image src=&#8221;https:\/\/www.granapadano.it\/wp-content\/uploads\/2022\/12\/Component-1-\u2013-1.png&#8221; module_class=&#8221;timeline_left_thumb&#8221; _builder_version=&#8221;4.20.0&#8243; _module_preset=&#8221;default&#8221; global_colors_info=&#8221;{}&#8221;][\/et_pb_image][\/et_pb_column][et_pb_column type=&#8221;3_4&#8243; module_class=&#8221;timeline_content_col&#8221; _builder_version=&#8221;4.27.6&#8243; _module_preset=&#8221;default&#8221; custom_padding=&#8221;50px||50px||false|false&#8221; hover_enabled=&#8221;0&#8243; border_width_all=&#8221;1px&#8221; border_color_all=&#8221;gcid-8696fd7e-29dd-4028-9d4d-981b208a53a9&#8243; global_colors_info=&#8221;{%22gcid-8696fd7e-29dd-4028-9d4d-981b208a53a9%22:%91%22border_color_all%22%93,%22gcid-26f0371c-74dd-4e63-bbf8-f8ec94f09a6d%22:%91%22border_color_all%22%93}&#8221; sticky_enabled=&#8221;0&#8243;][et_pb_video src=&#8221;https:\/\/www.youtube.com\/embed\/ag7cFTpVsT0&#8243; _builder_version=&#8221;4.27.6&#8243; _module_preset=&#8221;default&#8221; hover_enabled=&#8221;0&#8243; global_colors_info=&#8221;{}&#8221; sticky_enabled=&#8221;0&#8243;][\/et_pb_video][\/et_pb_column][\/et_pb_row][et_pb_row column_structure=&#8221;1_4,3_4&#8243; module_class=&#8221;heritage_timeline_item&#8221; _builder_version=&#8221;4.27.6&#8243; _module_preset=&#8221;default&#8221; custom_padding=&#8221;1px||0px|||&#8221; hover_enabled=&#8221;0&#8243; global_colors_info=&#8221;{}&#8221; sticky_enabled=&#8221;0&#8243;][et_pb_column type=&#8221;1_4&#8243; module_class=&#8221;timeline_left_col&#8221; _builder_version=&#8221;4.20.0&#8243; _module_preset=&#8221;default&#8221; background_color=&#8221;RGBA(255,255,255,0)&#8221; global_colors_info=&#8221;{}&#8221;][et_pb_image src=&#8221;https:\/\/www.granapadano.it\/wp-content\/uploads\/2022\/12\/Component-1-\u2013-1.png&#8221; module_class=&#8221;timeline_left_thumb&#8221; _builder_version=&#8221;4.20.0&#8243; _module_preset=&#8221;default&#8221; global_colors_info=&#8221;{}&#8221;][\/et_pb_image][\/et_pb_column][et_pb_column type=&#8221;3_4&#8243; module_class=&#8221;timeline_content_col&#8221; _builder_version=&#8221;4.27.6&#8243; _module_preset=&#8221;default&#8221; custom_padding=&#8221;50px||50px||false|false&#8221; hover_enabled=&#8221;0&#8243; border_width_all=&#8221;1px&#8221; border_color_all=&#8221;gcid-8696fd7e-29dd-4028-9d4d-981b208a53a9&#8243; global_colors_info=&#8221;{%22gcid-8696fd7e-29dd-4028-9d4d-981b208a53a9%22:%91%22border_color_all%22%93,%22gcid-26f0371c-74dd-4e63-bbf8-f8ec94f09a6d%22:%91%22border_color_all%22%93}&#8221; sticky_enabled=&#8221;0&#8243;][et_pb_video src=&#8221;https:\/\/www.youtube.com\/embed\/DhaBWshLqNI&#8221; _builder_version=&#8221;4.27.6&#8243; _module_preset=&#8221;default&#8221; hover_enabled=&#8221;0&#8243; global_colors_info=&#8221;{}&#8221; sticky_enabled=&#8221;0&#8243;][\/et_pb_video][et_pb_text module_class=&#8221;timeline_title_right&#8221; _builder_version=&#8221;4.20.4&#8243; _module_preset=&#8221;default&#8221; text_font=&#8221;FontPadano-Bold||||||||&#8221; text_text_color=&#8221;RGBA(255,255,255,0)&#8221; text_font_size=&#8221;36px&#8221; header_2_font=&#8221;|700|||||||&#8221; header_2_text_align=&#8221;center&#8221; header_2_text_color=&#8221;gcid-8696fd7e-29dd-4028-9d4d-981b208a53a9&#8243; header_2_font_size=&#8221;23px&#8221; header_3_text_align=&#8221;left&#8221; header_3_font_size=&#8221;23px&#8221; header_3_line_height=&#8221;27px&#8221; header_5_font=&#8221;FontPadano-Bold||||||||&#8221; text_orientation=&#8221;center&#8221; global_colors_info=&#8221;{%22gcid-8696fd7e-29dd-4028-9d4d-981b208a53a9%22:%91%22header_2_text_color%22%93,%22gcid-26f0371c-74dd-4e63-bbf8-f8ec94f09a6d%22:%91%22header_2_text_color%22,%22header_2_text_color%22,%22header_2_text_color%22,%22text_text_color%22,%22header_2_text_color%22,%22header_2_text_color%22,%22header_2_text_color%22,%22text_text_color%22,%22header_2_text_color%22,%22header_2_text_color%22,%22header_2_text_color%22,%22header_2_text_color%22,%22text_text_color%22,%22header_2_text_color%22,%22header_2_text_color%22,%22header_2_text_color%22,%22text_text_color%22,%22header_2_text_color%22,%22header_2_text_color%22,%22header_2_text_color%22,%22text_text_color%22%93}&#8221;]<\/p>\n<h3>De 2002 \u00e0 2011&#8230;<\/h3>\n<p>[\/et_pb_text][et_pb_text module_class=&#8221;timeline_desc_right&#8221; _builder_version=&#8221;4.20.4&#8243; _module_preset=&#8221;default&#8221; text_text_color=&#8221;gcid-8696fd7e-29dd-4028-9d4d-981b208a53a9&#8243; text_font_size=&#8221;18px&#8221; text_line_height=&#8221;26px&#8221; global_colors_info=&#8221;{%22gcid-8696fd7e-29dd-4028-9d4d-981b208a53a9%22:%91%22text_text_color%22%93}&#8221;]&#8230;les statuts du Consortium de Protection Grana Padano sont renouvel\u00e9s, r\u00e9vis\u00e9s et prorog\u00e9s.<br \/>\nApprouv\u00e9 par le Minist\u00e8re des Politiques Agricoles et Foresti\u00e8res, la poursuite de ses activit\u00e9s et de ses objectifs est pr\u00e9vue jusqu&#8217;\u00e0 la date actuellement fix\u00e9e au 31 d\u00e9cembre 2054.<br \/>\n[\/et_pb_text][\/et_pb_column][\/et_pb_row][et_pb_row disabled_on=&#8221;off|off|off&#8221; _builder_version=&#8221;4.19.5&#8243; _module_preset=&#8221;default&#8221; custom_margin=&#8221;||||false|false&#8221; border_color_all=&#8221;RGBA(255,255,255,0)&#8221; global_colors_info=&#8221;{}&#8221;][et_pb_column type=&#8221;4_4&#8243; _builder_version=&#8221;4.19.5&#8243; _module_preset=&#8221;default&#8221; global_colors_info=&#8221;{}&#8221;][et_pb_image src=&#8221;https:\/\/www.granapadano.it\/wp-content\/uploads\/2023\/02\/00b-gp-mipresento-storiaslot-10-a.jpg&#8221; title_text=&#8221;00b-gp-mipresento-storiaslot-10 a&#8221; disabled_on=&#8221;off|off|off&#8221; _builder_version=&#8221;4.27.6&#8243; _module_preset=&#8221;default&#8221; hover_enabled=&#8221;0&#8243; global_colors_info=&#8221;{}&#8221; sticky_enabled=&#8221;0&#8243;][\/et_pb_image][\/et_pb_column][\/et_pb_row][et_pb_row disabled_on=&#8221;off|off|off&#8221; _builder_version=&#8221;4.19.5&#8243; _module_preset=&#8221;default&#8221; global_colors_info=&#8221;{}&#8221;][et_pb_column type=&#8221;4_4&#8243; _builder_version=&#8221;4.19.5&#8243; _module_preset=&#8221;default&#8221; global_colors_info=&#8221;{}&#8221;][et_pb_image src=&#8221;https:\/\/www.granapadano.it\/wp-content\/uploads\/2023\/02\/00b-gp-mipresento-storiaslot-10-b.jpg&#8221; title_text=&#8221;00b-gp-mipresento-storiaslot-10 b&#8221; _builder_version=&#8221;4.27.6&#8243; _module_preset=&#8221;default&#8221; hover_enabled=&#8221;0&#8243; global_colors_info=&#8221;{}&#8221; sticky_enabled=&#8221;0&#8243;][\/et_pb_image][\/et_pb_column][\/et_pb_row][\/et_pb_section][et_pb_section fb_built=&#8221;1&#8243; disabled_on=&#8221;on|on|on&#8221; _builder_version=&#8221;4.19.5&#8243; _module_preset=&#8221;default&#8221; disabled=&#8221;on&#8221; global_colors_info=&#8221;{}&#8221;][et_pb_row _builder_version=&#8221;4.19.5&#8243; _module_preset=&#8221;default&#8221; global_colors_info=&#8221;{}&#8221;][et_pb_column type=&#8221;4_4&#8243; _builder_version=&#8221;4.19.5&#8243; _module_preset=&#8221;default&#8221; global_colors_info=&#8221;{}&#8221;][et_pb_text disabled_on=&#8221;off|off|off&#8221; _builder_version=&#8221;4.20.0&#8243; _module_preset=&#8221;default&#8221; text_text_color=&#8221;#000000&#8243; text_font_size=&#8221;80px&#8221; text_line_height=&#8221;80px&#8221; header_2_font=&#8221;FontPadano-Bold||||||||&#8221; header_5_font=&#8221;FontPadano-Bold||||||||&#8221; text_orientation=&#8221;center&#8221; global_colors_info=&#8221;{}&#8221;]End story section and start Abbazia Section<br \/>\n[\/et_pb_text][\/et_pb_column][\/et_pb_row][et_pb_row _builder_version=&#8221;4.19.5&#8243; _module_preset=&#8221;default&#8221; global_colors_info=&#8221;{}&#8221;][et_pb_column type=&#8221;4_4&#8243; _builder_version=&#8221;4.19.5&#8243; _module_preset=&#8221;default&#8221; global_colors_info=&#8221;{}&#8221;][et_pb_icon icon_color=&#8221;#000000&#8243; _builder_version=&#8221;4.19.5&#8243; _module_preset=&#8221;default&#8221; global_colors_info=&#8221;{}&#8221;][\/et_pb_icon][\/et_pb_column][\/et_pb_row][\/et_pb_section][et_pb_section fb_built=&#8221;1&#8243; module_class=&#8221;dev_story_page gp_haritage_abbazia display_story it_haritage_abbazia&#8221; _builder_version=&#8221;4.27.6&#8243; _module_preset=&#8221;default&#8221; background_color=&#8221;#f9f1e4&#8243; custom_padding=&#8221;0px||0px||false|false&#8221; hover_enabled=&#8221;0&#8243; global_colors_info=&#8221;{}&#8221; sticky_enabled=&#8221;0&#8243;][et_pb_row module_class=&#8221;dp_dev_show_story_title&#8221; _builder_version=&#8221;4.20.0&#8243; _module_preset=&#8221;default&#8221; custom_margin=&#8221;||||false|false&#8221; custom_padding=&#8221;30px||1px||false|false&#8221; global_colors_info=&#8221;{}&#8221;][et_pb_column type=&#8221;4_4&#8243; _builder_version=&#8221;4.19.4&#8243; _module_preset=&#8221;default&#8221; global_colors_info=&#8221;{}&#8221;][et_pb_text _builder_version=&#8221;4.20.4&#8243; _module_preset=&#8221;default&#8221; header_2_text_align=&#8221;center&#8221; header_2_text_color=&#8221;gcid-8696fd7e-29dd-4028-9d4d-981b208a53a9&#8243; header_2_font_size=&#8221;44px&#8221; header_2_line_height=&#8221;56px&#8221; custom_padding=&#8221;0px||||false|false&#8221; locked=&#8221;off&#8221; global_colors_info=&#8221;{%22gcid-8696fd7e-29dd-4028-9d4d-981b208a53a9%22:%91%22header_2_text_color%22%93}&#8221;]<\/p>\n<h2>Abbaye de Chiaravalle<\/h2>\n<p>[\/et_pb_text][et_pb_text _builder_version=&#8221;4.20.4&#8243; _module_preset=&#8221;default&#8221; text_text_color=&#8221;gcid-8696fd7e-29dd-4028-9d4d-981b208a53a9&#8243; text_font_size=&#8221;18px&#8221; header_2_text_align=&#8221;center&#8221; header_2_text_color=&#8221;gcid-8696fd7e-29dd-4028-9d4d-981b208a53a9&#8243; header_2_font_size=&#8221;44px&#8221; header_2_line_height=&#8221;56px&#8221; locked=&#8221;off&#8221; global_colors_info=&#8221;{%22gcid-8696fd7e-29dd-4028-9d4d-981b208a53a9%22:%91%22header_2_text_color%22,%22text_text_color%22%93}&#8221;]Cet endroit magique o\u00f9 tout a commenc\u00e9 : <strong>c\u2019est l\u00e0 qu\u2019est n\u00e9 le Grana Padano.<\/strong>[\/et_pb_text][\/et_pb_column][\/et_pb_row][et_pb_row column_structure=&#8221;1_5,1_5,1_5,1_5,1_5&#8243; module_class=&#8221;heritage_tag_item_wrapper&#8221; _builder_version=&#8221;4.20.1&#8243; _module_preset=&#8221;default&#8221; custom_padding=&#8221;0px||40px||false|false&#8221; global_colors_info=&#8221;{}&#8221;][et_pb_column type=&#8221;1_5&#8243; _builder_version=&#8221;4.20.0&#8243; _module_preset=&#8221;default&#8221; global_colors_info=&#8221;{}&#8221;][et_pb_image src=&#8221;https:\/\/www.granapadano.it\/wp-content\/uploads\/2023\/03\/Icon-la-chiesa-2.png&#8221; title_text=&#8221;Icon-la chiesa&#8221; url=&#8221;\/fr-fr\/lart-de-la-production\/histoire-et-heritage\/#sezione-chiesa&#8221; align=&#8221;center&#8221; _builder_version=&#8221;4.20.4&#8243; _module_preset=&#8221;default&#8221; width=&#8221;50%&#8221; global_colors_info=&#8221;{}&#8221;][\/et_pb_image][et_pb_text _builder_version=&#8221;4.20.4&#8243; _module_preset=&#8221;default&#8221; custom_margin=&#8221;||20px||false|false&#8221; global_colors_info=&#8221;{}&#8221;]<\/p>\n<p style=\"text-align: center;\"><span style=\"color: #000000;\"><strong>L\u2019\u00c9GLISE<\/strong><\/span><\/p>\n<p>[\/et_pb_text][\/et_pb_column][et_pb_column type=&#8221;1_5&#8243; _builder_version=&#8221;4.20.0&#8243; _module_preset=&#8221;default&#8221; global_colors_info=&#8221;{}&#8221;][et_pb_image src=&#8221;https:\/\/www.granapadano.it\/wp-content\/uploads\/2023\/03\/Icon-mulino.png&#8221; title_text=&#8221;Icon-mulino&#8221; url=&#8221;\/fr-fr\/lart-de-la-production\/histoire-et-heritage\/#sezione-mulino&#8221; align=&#8221;center&#8221; _builder_version=&#8221;4.20.4&#8243; _module_preset=&#8221;default&#8221; width=&#8221;50%&#8221; global_colors_info=&#8221;{}&#8221;][\/et_pb_image][et_pb_text _builder_version=&#8221;4.20.4&#8243; _module_preset=&#8221;default&#8221; custom_margin=&#8221;||20px||false|false&#8221; global_colors_info=&#8221;{}&#8221;]<\/p>\n<p style=\"text-align: center;\"><span style=\"color: #000000;\"><strong>LE MOULIN<\/strong><\/span><\/p>\n<p>[\/et_pb_text][\/et_pb_column][et_pb_column type=&#8221;1_5&#8243; _builder_version=&#8221;4.20.0&#8243; _module_preset=&#8221;default&#8221; global_colors_info=&#8221;{}&#8221;][et_pb_image src=&#8221;https:\/\/www.granapadano.it\/wp-content\/uploads\/2023\/03\/Icon-interno-abbazia.png&#8221; title_text=&#8221;Icon-interno-abbazia&#8221; url=&#8221;\/fr-fr\/lart-de-la-production\/histoire-et-heritage\/#sezione-chiostro&#8221; align=&#8221;center&#8221; _builder_version=&#8221;4.20.4&#8243; _module_preset=&#8221;default&#8221; width=&#8221;50%&#8221; global_colors_info=&#8221;{}&#8221;][\/et_pb_image][et_pb_text _builder_version=&#8221;4.20.4&#8243; _module_preset=&#8221;default&#8221; custom_margin=&#8221;||20px||false|false&#8221; global_colors_info=&#8221;{}&#8221;]<\/p>\n<p style=\"text-align: center;\"><span style=\"color: #000000;\"><strong>LE CLO\u00ceTRE<\/strong><\/span><\/p>\n<p>[\/et_pb_text][\/et_pb_column][et_pb_column type=&#8221;1_5&#8243; _builder_version=&#8221;4.20.0&#8243; _module_preset=&#8221;default&#8221; global_colors_info=&#8221;{}&#8221;][et_pb_image src=&#8221;https:\/\/www.granapadano.it\/wp-content\/uploads\/2023\/03\/Icon-affreschi.png&#8221; title_text=&#8221;Icon-affreschi&#8221; url=&#8221;\/fr-fr\/lart-de-la-production\/histoire-et-heritage\/#sezione-interno-abbazia&#8221; align=&#8221;center&#8221; _builder_version=&#8221;4.20.4&#8243; _module_preset=&#8221;default&#8221; width=&#8221;50%&#8221; global_colors_info=&#8221;{}&#8221;][\/et_pb_image][et_pb_text _builder_version=&#8221;4.20.4&#8243; _module_preset=&#8221;default&#8221; custom_margin=&#8221;||20px||false|false&#8221; global_colors_info=&#8221;{}&#8221;]<\/p>\n<p style=\"text-align: center;\"><span style=\"color: #000000;\"><strong>L&#8217;INT\u00c9RIEUR DE L&#8217;ABBAYE<\/strong><\/span><\/p>\n<p>[\/et_pb_text][\/et_pb_column][et_pb_column type=&#8221;1_5&#8243; _builder_version=&#8221;4.20.0&#8243; _module_preset=&#8221;default&#8221; global_colors_info=&#8221;{}&#8221;][et_pb_image src=&#8221;https:\/\/www.granapadano.it\/wp-content\/uploads\/2023\/03\/Icon-produzione.png&#8221; title_text=&#8221;Icon-produzione&#8221; url=&#8221;\/fr-fr\/lart-de-la-production\/histoire-et-heritage\/#sezione-produzione&#8221; align=&#8221;center&#8221; _builder_version=&#8221;4.20.4&#8243; _module_preset=&#8221;default&#8221; width=&#8221;50%&#8221; global_colors_info=&#8221;{}&#8221;][\/et_pb_image][et_pb_text _builder_version=&#8221;4.20.4&#8243; _module_preset=&#8221;default&#8221; custom_margin=&#8221;||20px||false|false&#8221; global_colors_info=&#8221;{}&#8221;]<\/p>\n<p style=\"text-align: center;\"><span style=\"color: #000000;\"><strong>PRODUCTION<\/strong><\/span><\/p>\n<p>[\/et_pb_text][\/et_pb_column][\/et_pb_row][et_pb_row column_structure=&#8221;1_4,3_4&#8243; module_class=&#8221;heritage_timeline_item&#8221; _builder_version=&#8221;4.27.6&#8243; _module_preset=&#8221;default&#8221; custom_padding=&#8221;||0px|||&#8221; hover_enabled=&#8221;0&#8243; global_colors_info=&#8221;{}&#8221; sticky_enabled=&#8221;0&#8243;][et_pb_column type=&#8221;1_4&#8243; _builder_version=&#8221;4.20.0&#8243; _module_preset=&#8221;default&#8221; background_color=&#8221;RGBA(255,255,255,0)&#8221; global_colors_info=&#8221;{}&#8221;][et_pb_image src=&#8221;https:\/\/www.granapadano.it\/wp-content\/uploads\/2022\/12\/Component-1-\u2013-1.png&#8221; module_class=&#8221;timeline_left_thumb&#8221; _builder_version=&#8221;4.20.0&#8243; _module_preset=&#8221;default&#8221; global_colors_info=&#8221;{}&#8221;][\/et_pb_image][\/et_pb_column][et_pb_column type=&#8221;3_4&#8243; module_class=&#8221;timeline_content_col&#8221; _builder_version=&#8221;4.27.6&#8243; _module_preset=&#8221;default&#8221; custom_padding=&#8221;50px||50px||false|false&#8221; hover_enabled=&#8221;0&#8243; border_width_all=&#8221;1px&#8221; border_color_all=&#8221;gcid-8696fd7e-29dd-4028-9d4d-981b208a53a9&#8243; global_colors_info=&#8221;{%22gcid-8696fd7e-29dd-4028-9d4d-981b208a53a9%22:%91%22border_color_all%22%93,%22gcid-26f0371c-74dd-4e63-bbf8-f8ec94f09a6d%22:%91%22border_color_all%22%93}&#8221; sticky_enabled=&#8221;0&#8243;][et_pb_blurb image=&#8221;https:\/\/www.granapadano.it\/wp-content\/uploads\/2023\/02\/Comunita7-34678-1.jpg&#8221; icon_alignment=&#8221;left&#8221; _builder_version=&#8221;4.20.4&#8243; _module_preset=&#8221;default&#8221; header_font=&#8221;|300|on||||||&#8221; header_font_size=&#8221;15px&#8221; global_colors_info=&#8221;{}&#8221;][\/et_pb_blurb][et_pb_text module_class=&#8221;timeline_title_right&#8221; _builder_version=&#8221;4.20.4&#8243; _module_preset=&#8221;default&#8221; text_font=&#8221;FontPadano-Bold||||||||&#8221; text_text_color=&#8221;RGBA(255,255,255,0)&#8221; text_font_size=&#8221;36px&#8221; header_2_font=&#8221;|700|||||||&#8221; header_2_text_align=&#8221;center&#8221; header_2_text_color=&#8221;gcid-8696fd7e-29dd-4028-9d4d-981b208a53a9&#8243; header_2_font_size=&#8221;23px&#8221; header_3_text_align=&#8221;left&#8221; header_3_font_size=&#8221;23px&#8221; header_3_line_height=&#8221;27px&#8221; header_5_font=&#8221;FontPadano-Bold||||||||&#8221; text_orientation=&#8221;center&#8221; global_colors_info=&#8221;{%22gcid-8696fd7e-29dd-4028-9d4d-981b208a53a9%22:%91%22header_2_text_color%22%93,%22gcid-26f0371c-74dd-4e63-bbf8-f8ec94f09a6d%22:%91%22header_2_text_color%22,%22header_2_text_color%22,%22header_2_text_color%22,%22text_text_color%22,%22header_2_text_color%22,%22header_2_text_color%22,%22header_2_text_color%22,%22text_text_color%22,%22header_2_text_color%22,%22header_2_text_color%22,%22header_2_text_color%22,%22header_2_text_color%22,%22text_text_color%22,%22header_2_text_color%22,%22header_2_text_color%22,%22header_2_text_color%22,%22text_text_color%22,%22header_2_text_color%22,%22header_2_text_color%22,%22header_2_text_color%22,%22text_text_color%22,%22header_2_text_color%22,%22header_2_text_color%22,%22header_2_text_color%22%93}&#8221;]<\/p>\n<h3>Les Cisterciens<\/h3>\n<p>[\/et_pb_text][et_pb_text disabled_on=&#8221;off|off|off&#8221; module_class=&#8221;timeline_desc_right&#8221; _builder_version=&#8221;4.20.4&#8243; _module_preset=&#8221;default&#8221; text_text_color=&#8221;gcid-8696fd7e-29dd-4028-9d4d-981b208a53a9&#8243; text_font_size=&#8221;18px&#8221; text_line_height=&#8221;26px&#8221; global_colors_info=&#8221;{%22gcid-8696fd7e-29dd-4028-9d4d-981b208a53a9%22:%91%22text_text_color%22%93}&#8221;]L&#8217;ordre cistercien est n\u00e9 \u00e0 Citeaux, en France, en 1098. Son fondateur, Robert de Molesme, voulait r\u00e9tablir, avec un groupe de compagnons, le strict respect de la r\u00e8gle de saint Beno\u00eet, car les communaut\u00e9s monastiques b\u00e9n\u00e9dictines de l&#8217;\u00e9poque se caract\u00e9risaient par un certain laxisme au niveau des coutumes. Selon la r\u00e8gle b\u00e9n\u00e9dictine, la vie des moines devait \u00eatre consacr\u00e9e \u00e0 la pri\u00e8re et au travail dans les champs, avec une attention particuli\u00e8re pour la mise en valeur et l&#8217;exploitation rationnelle de la terre.<\/p>\n<p><script>\njQuery(document).ready(function() {\njQuery('.test1.rm').click(function() {\n  jQuery('.test1.rm').hide();\njQuery('.test1.text').show();\n});\n});\n<\/script><\/p>\n<p><strong><span class=\"test1 rm\">Lire plus<\/span><\/strong><br \/>\n<span class=\"test1 text\" style=\"display: none;\">Le choix du lieu pr\u00e9voyait un \u00e9loignement par rapport aux centres habit\u00e9s et la proximit\u00e9 d&#8217;un cours d&#8217;eau. Ainsi sont n\u00e9es les cinq abbayes m\u00e8res fran\u00e7aises, qui ont trouv\u00e9 un accueil favorable dans tous les lieux o\u00f9 elles se sont install\u00e9es, donnant naissance \u00e0 de nombreuses abbayes plus petites.<br \/>\nUn schisme entre le pape Innocent II et l&#8217;antipape Anaclet II s\u2019est produit en 1130 en Europe, et le roi Lothaire II a pris parti pour le premier, tandis que le roi Conrad de Souabe celui du second. Dans ce contexte, l&#8217;abb\u00e9 Bernard de Clairvaux (1090-1153), une personnalit\u00e9 importante, a jou\u00e9 un r\u00f4le diplomatique tr\u00e8s important, prenant parti en faveur d&#8217;Innocent II.<br \/>\nDe retour du concile de Pise (1135), Bernardo di Chiaravalle a \u00e9t\u00e9 invit\u00e9 par le clerg\u00e9 \u00e0 visiter la ville de Milan afin de reporter l&#8217;\u00e9glise milanaise \u00e0 l&#8217;ob\u00e9issance de l&#8217;empereur et du pontife.<br \/>\nSa pr\u00e9sence a contribu\u00e9 \u00e0 la naissance de l&#8217;abbaye de Chiaravalle, m\u00eame s&#8217;il n&#8217;\u00e9tait pas pr\u00e9sent lors de la fondation de l\u2019ensemble, probablement \u00e0 cause de certains de ses moines.<br \/>\nLe premier abb\u00e9 de Chiaravalle fut Brunone, un ami personnel de Bernardo et de son compagnon d&#8217;exp\u00e9dition diplomatique.<\/span><br \/>\n[\/et_pb_text][\/et_pb_column][\/et_pb_row][et_pb_row column_structure=&#8221;1_4,3_4&#8243; module_id=&#8221;sezione-chiesa&#8221; module_class=&#8221;heritage_timeline_item&#8221; _builder_version=&#8221;4.27.6&#8243; _module_preset=&#8221;default&#8221; custom_margin=&#8221;||||false|false&#8221; custom_padding=&#8221;0px||1px|||&#8221; hover_enabled=&#8221;0&#8243; global_colors_info=&#8221;{}&#8221; sticky_enabled=&#8221;0&#8243;][et_pb_column type=&#8221;1_4&#8243; module_class=&#8221;timeline_left_col&#8221; _builder_version=&#8221;4.20.0&#8243; _module_preset=&#8221;default&#8221; background_color=&#8221;RGBA(255,255,255,0)&#8221; global_colors_info=&#8221;{}&#8221;][et_pb_image src=&#8221;https:\/\/www.granapadano.it\/wp-content\/uploads\/2022\/12\/Component-1-\u2013-1.png&#8221; module_class=&#8221;timeline_left_thumb&#8221; _builder_version=&#8221;4.20.0&#8243; _module_preset=&#8221;default&#8221; global_colors_info=&#8221;{}&#8221;][\/et_pb_image][\/et_pb_column][et_pb_column type=&#8221;3_4&#8243; module_class=&#8221;timeline_content_col&#8221; _builder_version=&#8221;4.27.6&#8243; _module_preset=&#8221;default&#8221; custom_padding=&#8221;50px||50px||false|false&#8221; hover_enabled=&#8221;0&#8243; border_width_all=&#8221;1px&#8221; border_color_all=&#8221;gcid-8696fd7e-29dd-4028-9d4d-981b208a53a9&#8243; global_colors_info=&#8221;{%22gcid-8696fd7e-29dd-4028-9d4d-981b208a53a9%22:%91%22border_color_all%22,%22border_color_all%22%93,%22gcid-26f0371c-74dd-4e63-bbf8-f8ec94f09a6d%22:%91%22border_color_all%22%93}&#8221; sticky_enabled=&#8221;0&#8243;][et_pb_blurb title=&#8221;Porte principale de l&#8217;abbaye de Chiaravalle de Milan (\u00e0 gauche) Abbaye de Chiaravalle de Milan (\u00e0 droite)&#8221; image=&#8221;https:\/\/www.granapadano.it\/wp-content\/uploads\/2023\/02\/Abbazia82-34675.jpg&#8221; icon_alignment=&#8221;left&#8221; _builder_version=&#8221;4.20.4&#8243; _module_preset=&#8221;default&#8221; header_font=&#8221;|300|on||||||&#8221; header_font_size=&#8221;15px&#8221; global_colors_info=&#8221;{}&#8221;][\/et_pb_blurb][et_pb_text module_class=&#8221;timeline_title_right&#8221; _builder_version=&#8221;4.20.4&#8243; _module_preset=&#8221;default&#8221; text_font=&#8221;FontPadano-Bold||||||||&#8221; text_text_color=&#8221;RGBA(255,255,255,0)&#8221; text_font_size=&#8221;36px&#8221; header_2_font=&#8221;|700|||||||&#8221; header_2_text_align=&#8221;center&#8221; header_2_text_color=&#8221;gcid-8696fd7e-29dd-4028-9d4d-981b208a53a9&#8243; header_2_font_size=&#8221;23px&#8221; header_3_text_align=&#8221;left&#8221; header_3_font_size=&#8221;23px&#8221; header_3_line_height=&#8221;27px&#8221; header_5_font=&#8221;FontPadano-Bold||||||||&#8221; text_orientation=&#8221;center&#8221; locked=&#8221;off&#8221; global_colors_info=&#8221;{%22gcid-8696fd7e-29dd-4028-9d4d-981b208a53a9%22:%91%22header_2_text_color%22%93,%22gcid-26f0371c-74dd-4e63-bbf8-f8ec94f09a6d%22:%91%22header_2_text_color%22,%22header_2_text_color%22,%22header_2_text_color%22,%22text_text_color%22,%22header_2_text_color%22,%22header_2_text_color%22,%22header_2_text_color%22,%22text_text_color%22,%22header_2_text_color%22,%22header_2_text_color%22,%22header_2_text_color%22,%22header_2_text_color%22,%22text_text_color%22,%22header_2_text_color%22,%22header_2_text_color%22,%22header_2_text_color%22,%22text_text_color%22,%22header_2_text_color%22,%22header_2_text_color%22,%22header_2_text_color%22,%22text_text_color%22,%22header_2_text_color%22,%22header_2_text_color%22%93}&#8221;]<\/p>\n<h3>L\u2019\u00c9glise<\/h3>\n<p>[\/et_pb_text][et_pb_text module_class=&#8221;timeline_desc_right&#8221; _builder_version=&#8221;4.20.4&#8243; _module_preset=&#8221;default&#8221; text_font=&#8221;||||||||&#8221; text_text_color=&#8221;gcid-8696fd7e-29dd-4028-9d4d-981b208a53a9&#8243; text_font_size=&#8221;18px&#8221; text_line_height=&#8221;26px&#8221; global_colors_info=&#8221;{%22gcid-8696fd7e-29dd-4028-9d4d-981b208a53a9%22:%91%22text_text_color%22%93}&#8221;]L&#8217;abbaye de Chiaravalle a \u00e9t\u00e9 fond\u00e9e entre 1134 et 1135 dans une zone non cultiv\u00e9e et mar\u00e9cageuse, o\u00f9 se trouvaient de nombreux villages qui ont \u00e9t\u00e9 incorpor\u00e9s dans les propri\u00e9t\u00e9s du monast\u00e8re. Les habitants de Milan ont soutenu la fondation de l&#8217;abbaye d\u00e8s le d\u00e9but, en faisant don de terrains et en collectant les fonds n\u00e9cessaires. Cependant, \u00e0 ce jour, il ne reste rien de la premi\u00e8re implantation. La construction de l&#8217;\u00e9glise actuelle a commenc\u00e9 vers 1150-60.<br \/>\nLe b\u00e2timent en brique a \u00e9t\u00e9 construit \u00e0 partir du ch\u0153ur et de l&#8217;abside afin que les services religieux puissent avoir lieu le plus rapidement possible. En 1221, l&#8217;archev\u00eaque de Milan a officiellement consacr\u00e9 l&#8217;abbaye de Chiaravalle (l&#8217;\u00e9glise).<\/p>\n<p><script>\njQuery(document).ready(function() {\njQuery('.chiesa.rm').click(function() {\n  jQuery('.chiesa.rm').hide();\njQuery('.chiesa.text').show();\n});\n});\n<\/script><\/p>\n<p><strong><span class=\"chiesa rm\">Lire plus<\/span><\/strong><br \/>\n<span class=\"chiesa text\" style=\"display: none;\">Les travaux ont poursuivi avec la construction du premier clo\u00eetre et, dans la premi\u00e8re moiti\u00e9 du XIVe si\u00e8cle, avec l&#8217;ajout du clocher lanterne. Entre 1493 et 1497, la salle capitulaire et le grand clo\u00eetre ont \u00e9t\u00e9 construits, tandis que la tour de l&#8217;horloge date de 1368.<br \/>\nEn 1798, le directoire de la R\u00e9publique Cisalpine a d\u00e9cr\u00e9t\u00e9 la suppression du monast\u00e8re et une partie de la construction a \u00e9t\u00e9 d\u00e9molie. De plus, en 1860-62, le complexe a subi de nouvelles modifications en raison de la construction de la ligne ferroviaire Milan-Pavie-G\u00eanes. Le grand clo\u00eetre, le noviciat, le dortoir, la maison de l&#8217;abb\u00e9, la salle capitulaire et une partie des chapelles du cimeti\u00e8re ont \u00e9t\u00e9 d\u00e9truits. Cependant, entre 1894 et 1896, le Bureau R\u00e9gional pour la Conservation des Monuments a entrepris des travaux de restauration qui continu\u00e8rent en 1918-20 jusqu&#8217;\u00e0 ce que la ville et l&#8217;abbaye de Chiaravalle fassent partie en 1923 du territoire de Milan. En 1952, les moines cisterciens ont pu retourner \u00e0 Chiaravalle et d&#8217;importants travaux de restauration se sont poursuivis jusqu&#8217;aux premi\u00e8res d\u00e9cennies du nouveau mill\u00e9naire.<\/span>[\/et_pb_text][\/et_pb_column][\/et_pb_row][et_pb_row column_structure=&#8221;1_4,3_4&#8243; module_id=&#8221;sezione-mulino&#8221; module_class=&#8221;heritage_timeline_item&#8221; _builder_version=&#8221;4.27.6&#8243; _module_preset=&#8221;default&#8221; custom_margin=&#8221;-7px|auto||auto||&#8221; custom_padding=&#8221;0px||0px|||&#8221; hover_enabled=&#8221;0&#8243; global_colors_info=&#8221;{}&#8221; sticky_enabled=&#8221;0&#8243;][et_pb_column type=&#8221;1_4&#8243; module_class=&#8221;timeline_left_col&#8221; _builder_version=&#8221;4.20.0&#8243; _module_preset=&#8221;default&#8221; background_color=&#8221;RGBA(255,255,255,0)&#8221; global_colors_info=&#8221;{}&#8221;][et_pb_image src=&#8221;https:\/\/www.granapadano.it\/wp-content\/uploads\/2022\/12\/Component-1-\u2013-1.png&#8221; module_class=&#8221;timeline_left_thumb&#8221; _builder_version=&#8221;4.20.0&#8243; _module_preset=&#8221;default&#8221; global_colors_info=&#8221;{}&#8221;][\/et_pb_image][\/et_pb_column][et_pb_column type=&#8221;3_4&#8243; module_class=&#8221;timeline_content_col&#8221; _builder_version=&#8221;4.27.6&#8243; _module_preset=&#8221;default&#8221; custom_padding=&#8221;50px||50px||false|false&#8221; hover_enabled=&#8221;0&#8243; border_width_all=&#8221;1px&#8221; border_color_all=&#8221;gcid-8696fd7e-29dd-4028-9d4d-981b208a53a9&#8243; global_colors_info=&#8221;{%22gcid-8696fd7e-29dd-4028-9d4d-981b208a53a9%22:%91%22border_color_all%22%93,%22gcid-26f0371c-74dd-4e63-bbf8-f8ec94f09a6d%22:%91%22border_color_all%22%93}&#8221; sticky_enabled=&#8221;0&#8243;][et_pb_blurb image=&#8221;https:\/\/www.granapadano.it\/wp-content\/uploads\/2023\/02\/Mulino3-34672.jpg&#8221; icon_alignment=&#8221;left&#8221; _builder_version=&#8221;4.20.4&#8243; _module_preset=&#8221;default&#8221; header_font=&#8221;|300|on||||||&#8221; header_font_size=&#8221;15px&#8221; global_colors_info=&#8221;{}&#8221;][\/et_pb_blurb][et_pb_text module_class=&#8221;timeline_title_right&#8221; _builder_version=&#8221;4.20.4&#8243; _module_preset=&#8221;default&#8221; text_font=&#8221;FontPadano-Bold||||||||&#8221; text_text_color=&#8221;RGBA(255,255,255,0)&#8221; text_font_size=&#8221;36px&#8221; header_2_font=&#8221;|700|||||||&#8221; header_2_text_align=&#8221;center&#8221; header_2_text_color=&#8221;gcid-8696fd7e-29dd-4028-9d4d-981b208a53a9&#8243; header_2_font_size=&#8221;23px&#8221; header_3_text_align=&#8221;left&#8221; header_3_font_size=&#8221;23px&#8221; header_3_line_height=&#8221;27px&#8221; header_5_font=&#8221;FontPadano-Bold||||||||&#8221; text_orientation=&#8221;center&#8221; global_colors_info=&#8221;{%22gcid-8696fd7e-29dd-4028-9d4d-981b208a53a9%22:%91%22header_2_text_color%22%93,%22gcid-26f0371c-74dd-4e63-bbf8-f8ec94f09a6d%22:%91%22header_2_text_color%22,%22header_2_text_color%22,%22header_2_text_color%22,%22text_text_color%22,%22header_2_text_color%22,%22header_2_text_color%22,%22header_2_text_color%22,%22text_text_color%22,%22header_2_text_color%22,%22header_2_text_color%22,%22header_2_text_color%22,%22header_2_text_color%22,%22text_text_color%22,%22header_2_text_color%22,%22header_2_text_color%22,%22header_2_text_color%22,%22text_text_color%22,%22header_2_text_color%22,%22header_2_text_color%22,%22header_2_text_color%22,%22text_text_color%22,%22header_2_text_color%22,%22header_2_text_color%22,%22header_2_text_color%22,%22text_text_color%22%93}&#8221;]<\/p>\n<h3>Le Moulin<\/h3>\n<p>[\/et_pb_text][et_pb_text module_class=&#8221;timeline_desc_right&#8221; _builder_version=&#8221;4.20.4&#8243; _module_preset=&#8221;default&#8221; text_text_color=&#8221;gcid-8696fd7e-29dd-4028-9d4d-981b208a53a9&#8243; text_font_size=&#8221;18px&#8221; text_line_height=&#8221;26px&#8221; global_colors_info=&#8221;{%22gcid-8696fd7e-29dd-4028-9d4d-981b208a53a9%22:%91%22text_text_color%22%93}&#8221;]Situ\u00e9e \u00e0 l&#8217;int\u00e9rieur de l\u2019ensemble monastique, la structure m\u00e9di\u00e9vale \u00e9vocatrice du Moulin de Chiaravalle est un ancien site de mouture du grain qui est devenu aujourd&#8217;hui un centre polyvalent d&#8217;\u00e9ducation \u00e0 la durabilit\u00e9.<br \/>\nLe Moulin de Chiaravalle a \u00e9t\u00e9 construit au XIIe si\u00e8cle (le premier document certifiant son existence et son utilisation remonte \u00e0 1238). \u00c0 l&#8217;origine, il \u00e9tait \u00e9quip\u00e9 de roues en bois de ch\u00eane, aujourd&#8217;hui \u00e9gar\u00e9es, qui \u00e9taient mues par les eaux du canal Vettabbia. Ainsi, des meules de pierre granit \u00e9taient mises en mouvement, broyant les grains, qui \u00e9taient ensuite collect\u00e9s dans les cuves encore conserv\u00e9es au rez-de-chauss\u00e9e.<\/p>\n<p><script>\njQuery(document).ready(function() {\njQuery('.mulino.rm').click(function() {\n  jQuery('.mulino.rm').hide();\njQuery('.mulino.text').show();\n});\n});\n<\/script><\/p>\n<p><strong><span class=\"mulino rm\">Lire plus<\/span><\/strong><br \/>\n<span class=\"mulino text\" style=\"display: none;\">Aujourd&#8217;hui, le moulin donne sur un grand jardin clos qui abrite un potager et qui est compos\u00e9 \u00e0 l\u2019int\u00e9rieur de pi\u00e8ces de diff\u00e9rentes \u00e9poques, regroup\u00e9es autour du b\u00e2timent d&#8217;origine. La restauration du moulin a \u00e9t\u00e9 achev\u00e9e en 2009 et permet d&#8217;organiser diverses activit\u00e9s \u00e9ducatives telles que des conf\u00e9rences, des ateliers, des ateliers d&#8217;herboristerie, des activit\u00e9s r\u00e9cr\u00e9atives destin\u00e9es aux enfants pendant l&#8217;\u00e9t\u00e9 et aux \u00e9coles pendant l&#8217;ann\u00e9e scolaire.<\/span>[\/et_pb_text][\/et_pb_column][\/et_pb_row][et_pb_row column_structure=&#8221;1_4,3_4&#8243; module_id=&#8221;sezione-chiostro&#8221; module_class=&#8221;heritage_timeline_item&#8221; _builder_version=&#8221;4.27.6&#8243; _module_preset=&#8221;default&#8221; custom_padding=&#8221;1px||0px|||&#8221; hover_enabled=&#8221;0&#8243; global_colors_info=&#8221;{}&#8221; sticky_enabled=&#8221;0&#8243;][et_pb_column type=&#8221;1_4&#8243; module_class=&#8221;timeline_left_col&#8221; _builder_version=&#8221;4.20.0&#8243; _module_preset=&#8221;default&#8221; background_color=&#8221;RGBA(255,255,255,0)&#8221; global_colors_info=&#8221;{}&#8221; custom_css_main_element_last_edited=&#8221;on|desktop&#8221;][et_pb_image src=&#8221;https:\/\/www.granapadano.it\/wp-content\/uploads\/2022\/12\/Component-1-\u2013-1.png&#8221; module_class=&#8221;timeline_left_thumb&#8221; _builder_version=&#8221;4.19.4&#8243; _module_preset=&#8221;default&#8221; global_colors_info=&#8221;{}&#8221;][\/et_pb_image][\/et_pb_column][et_pb_column type=&#8221;3_4&#8243; module_class=&#8221;timeline_content_col&#8221; _builder_version=&#8221;4.27.6&#8243; _module_preset=&#8221;default&#8221; custom_padding=&#8221;50px||50px||false|false&#8221; hover_enabled=&#8221;0&#8243; border_width_all=&#8221;1px&#8221; border_color_all=&#8221;gcid-8696fd7e-29dd-4028-9d4d-981b208a53a9&#8243; global_colors_info=&#8221;{%22gcid-8696fd7e-29dd-4028-9d4d-981b208a53a9%22:%91%22border_color_all%22%93,%22gcid-26f0371c-74dd-4e63-bbf8-f8ec94f09a6d%22:%91%22border_color_all%22%93}&#8221; sticky_enabled=&#8221;0&#8243;][et_pb_blurb image=&#8221;https:\/\/www.granapadano.it\/wp-content\/uploads\/2023\/02\/Chiostro5-34680.jpg&#8221; icon_alignment=&#8221;left&#8221; _builder_version=&#8221;4.20.4&#8243; _module_preset=&#8221;default&#8221; header_font=&#8221;|300|on||||||&#8221; header_font_size=&#8221;15px&#8221; global_colors_info=&#8221;{}&#8221;][\/et_pb_blurb][et_pb_text module_class=&#8221;timeline_title_right&#8221; _builder_version=&#8221;4.20.4&#8243; _module_preset=&#8221;default&#8221; text_font=&#8221;FontPadano-Bold||||||||&#8221; text_text_color=&#8221;RGBA(255,255,255,0)&#8221; text_font_size=&#8221;36px&#8221; header_2_font=&#8221;|700|||||||&#8221; header_2_text_align=&#8221;center&#8221; header_2_text_color=&#8221;gcid-8696fd7e-29dd-4028-9d4d-981b208a53a9&#8243; header_2_font_size=&#8221;23px&#8221; header_3_text_align=&#8221;left&#8221; header_3_font_size=&#8221;23px&#8221; header_3_line_height=&#8221;27px&#8221; header_5_font=&#8221;FontPadano-Bold||||||||&#8221; text_orientation=&#8221;center&#8221; global_colors_info=&#8221;{%22gcid-8696fd7e-29dd-4028-9d4d-981b208a53a9%22:%91%22header_2_text_color%22%93,%22gcid-26f0371c-74dd-4e63-bbf8-f8ec94f09a6d%22:%91%22header_2_text_color%22,%22header_2_text_color%22,%22header_2_text_color%22,%22text_text_color%22,%22header_2_text_color%22,%22header_2_text_color%22,%22header_2_text_color%22,%22text_text_color%22,%22header_2_text_color%22,%22header_2_text_color%22,%22header_2_text_color%22,%22header_2_text_color%22,%22text_text_color%22,%22header_2_text_color%22,%22header_2_text_color%22,%22header_2_text_color%22,%22text_text_color%22,%22header_2_text_color%22,%22header_2_text_color%22,%22header_2_text_color%22,%22text_text_color%22,%22header_2_text_color%22,%22text_text_color%22,%22header_2_text_color%22,%22text_text_color%22%93}&#8221;]<\/p>\n<h3>Le Clo\u00eetre<\/h3>\n<p>[\/et_pb_text][et_pb_text module_class=&#8221;timeline_desc_right&#8221; _builder_version=&#8221;4.20.4&#8243; _module_preset=&#8221;default&#8221; text_text_color=&#8221;gcid-8696fd7e-29dd-4028-9d4d-981b208a53a9&#8243; text_font_size=&#8221;18px&#8221; text_line_height=&#8221;26px&#8221; global_colors_info=&#8221;{%22gcid-8696fd7e-29dd-4028-9d4d-981b208a53a9%22:%91%22text_text_color%22%93}&#8221;]Pr\u00e8s du c\u00f4t\u00e9 droit de l&#8217;\u00e9glise, au niveau du bras principal de la croix, se trouve le clo\u00eetre. Il a \u00e9t\u00e9 r\u00e9alis\u00e9 dans les m\u00eames ann\u00e9es que l&#8217;\u00e9glise, soit la p\u00e9riode comprise entre le XIIe et le XIIIe si\u00e8cle. Il ne reste toutefois de la structure d&#8217;origine que le c\u00f4t\u00e9 adoss\u00e9 \u00e0 l&#8217;\u00e9glise et deux trav\u00e9es. En entrant dans le clo\u00eetre, on peut admirer au-dessus de la porte d&#8217;entr\u00e9e une fresque repr\u00e9sentant la Vierge tr\u00f4nant avec l&#8217;enfant, honor\u00e9e par les p\u00e8res fondateurs de l&#8217;Ordre cistercien de Chiaravalle (cisterciens). Sur la droite se trouve la plaque comm\u00e9morant la fondation du 11 f\u00e9vrier 1135 et la cons\u00e9cration de 1221. Le clo\u00eetre est caract\u00e9ris\u00e9 par des arcs ogivaux sur des colonnes jumelles, dont certaines ont des chapiteaux avec des motifs anthropomorphes et zoomorphes.<br \/>\n<script>\njQuery(document).ready(function() {\njQuery('.chiostro.rm').click(function() {\n  jQuery('.chiostro.rm').hide();\njQuery('.chiostro.text').show();\n});\n});\n<\/script><\/p>\n<p><strong><span class=\"chiostro rm\">Lire plus<\/span><\/strong><br \/>\n<span class=\"chiostro text\" style=\"display: none;\">Les colonnes \u00ab nou\u00e9es \u00bb sur le c\u00f4t\u00e9 nord-ouest sont un \u00e9l\u00e9ment tr\u00e8s r\u00e9pandu dans les abbayes cisterciennes, tandis qu\u2019un r\u00e9fectoire du 14e si\u00e8cle se trouve sur le c\u00f4t\u00e9 sud. Sur le c\u00f4t\u00e9 est du clo\u00eetre se trouve la Salle Capitulaire, l&#8217;endroit o\u00f9 sont prises les d\u00e9cisions concernant le gouvernement de l&#8217;abbaye et des moines. \u00c0 l&#8217;int\u00e9rieur, trois vues de Milan sont repr\u00e9sent\u00e9es sur les murs : la Cath\u00e9drale en construction, le Ch\u00e2teau des Sforza avec la tour Filarete et un fragment de clocher d&#8217;une \u00e9glise. L&#8217;int\u00e9rieur abrite l\u2019ancien retable du ma\u00eetre-autel de l&#8217;abbaye, qui repr\u00e9sente le Couronnement de la Vierge avec Saint Beno\u00eet et Saint Bernard. Caract\u00e9ris\u00e9 par de pr\u00e9cieuses incrustations de marbre, le sol de la salle provient de la cath\u00e9drale de Milan, tandis que le tr\u00f4ne abbatial provient de la basilique de Saint-Ambroise.<\/span>[\/et_pb_text][\/et_pb_column][\/et_pb_row][et_pb_row column_structure=&#8221;1_4,3_4&#8243; module_class=&#8221;heritage_timeline_item&#8221; _builder_version=&#8221;4.27.6&#8243; _module_preset=&#8221;default&#8221; custom_margin=&#8221;||||false|false&#8221; custom_padding=&#8221;1px||0px|||&#8221; hover_enabled=&#8221;0&#8243; global_colors_info=&#8221;{}&#8221; sticky_enabled=&#8221;0&#8243;][et_pb_column type=&#8221;1_4&#8243; module_class=&#8221;timeline_left_col&#8221; _builder_version=&#8221;4.20.0&#8243; _module_preset=&#8221;default&#8221; background_color=&#8221;RGBA(255,255,255,0)&#8221; global_colors_info=&#8221;{}&#8221;][et_pb_image src=&#8221;https:\/\/www.granapadano.it\/wp-content\/uploads\/2022\/12\/Component-1-\u2013-1.png&#8221; module_class=&#8221;timeline_left_thumb&#8221; _builder_version=&#8221;4.19.4&#8243; _module_preset=&#8221;default&#8221; global_colors_info=&#8221;{}&#8221;][\/et_pb_image][\/et_pb_column][et_pb_column type=&#8221;3_4&#8243; module_class=&#8221;timeline_content_col&#8221; _builder_version=&#8221;4.27.6&#8243; _module_preset=&#8221;default&#8221; custom_padding=&#8221;50px||50px||false|false&#8221; hover_enabled=&#8221;0&#8243; border_width_all=&#8221;1px&#8221; border_color_all=&#8221;gcid-8696fd7e-29dd-4028-9d4d-981b208a53a9&#8243; global_colors_info=&#8221;{%22gcid-8696fd7e-29dd-4028-9d4d-981b208a53a9%22:%91%22border_color_all%22,%22border_color_all%22%93,%22gcid-26f0371c-74dd-4e63-bbf8-f8ec94f09a6d%22:%91%22border_color_all%22%93}&#8221; sticky_enabled=&#8221;0&#8243;][et_pb_blurb title=&#8221;Clocher lanterne de l&#8217;abbaye de Chiaravalle de Milan (\u00e0 gauche) Tour Ciribiciaccola de l&#8217;abbaye de Chiaravalle de Milan (\u00e0 droite)&#8221; image=&#8221;https:\/\/www.granapadano.it\/wp-content\/uploads\/2023\/02\/torre-nolare-34682-1.jpg&#8221; icon_alignment=&#8221;left&#8221; _builder_version=&#8221;4.20.4&#8243; _module_preset=&#8221;default&#8221; header_font=&#8221;|300|on||||||&#8221; header_font_size=&#8221;15px&#8221; global_colors_info=&#8221;{}&#8221;][\/et_pb_blurb][et_pb_text module_class=&#8221;timeline_title_right&#8221; _builder_version=&#8221;4.20.4&#8243; _module_preset=&#8221;default&#8221; text_font=&#8221;FontPadano-Bold||||||||&#8221; text_text_color=&#8221;RGBA(255,255,255,0)&#8221; text_font_size=&#8221;36px&#8221; header_2_font=&#8221;|700|||||||&#8221; header_2_text_align=&#8221;center&#8221; header_2_text_color=&#8221;gcid-8696fd7e-29dd-4028-9d4d-981b208a53a9&#8243; header_2_font_size=&#8221;23px&#8221; header_3_text_align=&#8221;left&#8221; header_3_font_size=&#8221;23px&#8221; header_3_line_height=&#8221;27px&#8221; header_5_font=&#8221;FontPadano-Bold||||||||&#8221; text_orientation=&#8221;center&#8221; global_colors_info=&#8221;{%22gcid-8696fd7e-29dd-4028-9d4d-981b208a53a9%22:%91%22header_2_text_color%22%93,%22gcid-26f0371c-74dd-4e63-bbf8-f8ec94f09a6d%22:%91%22header_2_text_color%22,%22header_2_text_color%22,%22header_2_text_color%22,%22text_text_color%22,%22header_2_text_color%22,%22header_2_text_color%22,%22header_2_text_color%22,%22text_text_color%22,%22header_2_text_color%22,%22header_2_text_color%22,%22header_2_text_color%22,%22header_2_text_color%22,%22text_text_color%22,%22header_2_text_color%22,%22header_2_text_color%22,%22header_2_text_color%22,%22text_text_color%22,%22header_2_text_color%22,%22header_2_text_color%22,%22header_2_text_color%22,%22text_text_color%22,%22header_2_text_color%22,%22text_text_color%22,%22header_2_text_color%22,%22text_text_color%22%93}&#8221;]<\/p>\n<h3>Clocher Lanterne<\/h3>\n<p>[\/et_pb_text][et_pb_text module_class=&#8221;timeline_desc_right&#8221; _builder_version=&#8221;4.20.4&#8243; _module_preset=&#8221;default&#8221; text_text_color=&#8221;gcid-8696fd7e-29dd-4028-9d4d-981b208a53a9&#8243; text_font_size=&#8221;18px&#8221; text_line_height=&#8221;26px&#8221; global_colors_info=&#8221;{%22gcid-8696fd7e-29dd-4028-9d4d-981b208a53a9%22:%91%22text_text_color%22%93}&#8221;]La construction de la tour, qui remonte \u00e0 1329, deux si\u00e8cles apr\u00e8s celle du monast\u00e8re de Chiaravalle, est attribu\u00e9e \u00e0 Francesco Pecorari de Cr\u00e9mone. Haute de 56,2 m, la tour a \u00e9t\u00e9 r\u00e9alis\u00e9e en ma\u00e7onnerie solide et, avec son entrelacement compliqu\u00e9 d\u2019\u00e9tages et de combinaisons, elle rappelle le style gothique tardif lombard, en contraste avec les canons de l&#8217;architecture aust\u00e8re voulue par Saint Bernard.<br \/>\nElle se compose de trois corps superpos\u00e9s de plan octogonal, chacun comportant trois \u00e9tages.<br \/>\nLes murs sont interrompus par des arcs suspendus, des fen\u00eatres \u00e0 meneaux et des petites loggias sur colonnes, et l&#8217;extr\u00e9mit\u00e9 est \u00e0 pointe conique.<br \/>\n<script>\njQuery(document).ready(function() {\njQuery('.torre.rm').click(function() {\n  jQuery('.torre.rm').hide();\njQuery('.torre.text').show();\n});\n});\n<\/script><\/p>\n<p><strong><span class=\"torre rm\">Lire plus<\/span><\/strong><br \/>\n<span class=\"torre text\" style=\"display: none;\">La cellule des cloches abrite l&#8217;une des plus anciennes cloches mont\u00e9es selon le syst\u00e8me ambrosien, appel\u00e9e Bernarda, qui est toujours actionn\u00e9e \u00e0 la main par les moines \u00e0 l&#8217;aide d&#8217;une corde qui arrive jusqu\u2019au sol. La cloche sonne pour appeler les moines pour la liturgie des heures et pendant le sanctus des messes du couvent.<br \/>\nLa tour a \u00e9t\u00e9 modifi\u00e9e au cours du XVIIIe si\u00e8cle, mais elle a pu retrouver son aspect d&#8217;origine gr\u00e2ce aux travaux de restauration commenc\u00e9s en 1894 par Luca Beltrami et achev\u00e9s en 1914 par Gaetano Moretti. Dans le dialecte milanais, la tour est appel\u00e9e \u00ab ciribiciaccola \u00bb et on retrouve des traces de ce surnom dans une ancienne comptine dialectale. Le terme fait probablement r\u00e9f\u00e9rence \u00e0 la cigogne, qui faisait son nid sur la tour.<\/span>[\/et_pb_text][\/et_pb_column][\/et_pb_row][et_pb_row column_structure=&#8221;1_4,3_4&#8243; module_class=&#8221;heritage_timeline_item&#8221; _builder_version=&#8221;4.27.6&#8243; _module_preset=&#8221;default&#8221; custom_padding=&#8221;1px||0px|||&#8221; hover_enabled=&#8221;0&#8243; global_colors_info=&#8221;{}&#8221; sticky_enabled=&#8221;0&#8243;][et_pb_column type=&#8221;1_4&#8243; module_class=&#8221;timeline_left_col&#8221; _builder_version=&#8221;4.20.0&#8243; _module_preset=&#8221;default&#8221; background_color=&#8221;RGBA(255,255,255,0)&#8221; global_colors_info=&#8221;{}&#8221;][et_pb_image src=&#8221;https:\/\/www.granapadano.it\/wp-content\/uploads\/2022\/12\/Component-1-\u2013-1.png&#8221; module_class=&#8221;timeline_left_thumb&#8221; _builder_version=&#8221;4.19.4&#8243; _module_preset=&#8221;default&#8221; global_colors_info=&#8221;{}&#8221;][\/et_pb_image][\/et_pb_column][et_pb_column type=&#8221;3_4&#8243; module_class=&#8221;timeline_content_col&#8221; _builder_version=&#8221;4.27.6&#8243; _module_preset=&#8221;default&#8221; custom_padding=&#8221;50px||50px||false|false&#8221; hover_enabled=&#8221;0&#8243; border_width_all=&#8221;1px&#8221; border_color_all=&#8221;gcid-8696fd7e-29dd-4028-9d4d-981b208a53a9&#8243; global_colors_info=&#8221;{%22gcid-8696fd7e-29dd-4028-9d4d-981b208a53a9%22:%91%22border_color_all%22%93,%22gcid-26f0371c-74dd-4e63-bbf8-f8ec94f09a6d%22:%91%22border_color_all%22%93}&#8221; sticky_enabled=&#8221;0&#8243;][et_pb_blurb title=&#8221;Clocher lanterne de l&#8217;abbaye de Chiaravalle de Milan (\u00e0 gauche) Tour Ciribiciaccola de l&#8217;abbaye de Chiaravalle de Milan (\u00e0 droite)&#8221; image=&#8221;https:\/\/www.granapadano.it\/wp-content\/uploads\/2023\/02\/campanile-orologio-34686.jpg&#8221; icon_alignment=&#8221;left&#8221; _builder_version=&#8221;4.20.4&#8243; _module_preset=&#8221;default&#8221; header_font=&#8221;|300|on||||||&#8221; header_font_size=&#8221;15px&#8221; global_colors_info=&#8221;{}&#8221;][\/et_pb_blurb][et_pb_text module_class=&#8221;timeline_title_right&#8221; _builder_version=&#8221;4.20.4&#8243; _module_preset=&#8221;default&#8221; text_font=&#8221;FontPadano-Bold||||||||&#8221; text_text_color=&#8221;RGBA(255,255,255,0)&#8221; text_font_size=&#8221;36px&#8221; header_2_font=&#8221;|700|||||||&#8221; header_2_text_align=&#8221;center&#8221; header_2_text_color=&#8221;gcid-8696fd7e-29dd-4028-9d4d-981b208a53a9&#8243; header_2_font_size=&#8221;23px&#8221; header_3_text_align=&#8221;left&#8221; header_3_font_size=&#8221;23px&#8221; header_3_line_height=&#8221;27px&#8221; header_5_font=&#8221;FontPadano-Bold||||||||&#8221; text_orientation=&#8221;center&#8221; global_colors_info=&#8221;{%22gcid-8696fd7e-29dd-4028-9d4d-981b208a53a9%22:%91%22header_2_text_color%22,%22header_2_text_color%22%93,%22gcid-26f0371c-74dd-4e63-bbf8-f8ec94f09a6d%22:%91%22header_2_text_color%22,%22header_2_text_color%22,%22header_2_text_color%22,%22text_text_color%22,%22header_2_text_color%22,%22header_2_text_color%22,%22header_2_text_color%22,%22text_text_color%22,%22header_2_text_color%22,%22header_2_text_color%22,%22header_2_text_color%22,%22header_2_text_color%22,%22text_text_color%22,%22header_2_text_color%22,%22header_2_text_color%22,%22header_2_text_color%22,%22text_text_color%22,%22header_2_text_color%22,%22header_2_text_color%22,%22header_2_text_color%22,%22text_text_color%22,%22header_2_text_color%22,%22header_2_text_color%22,%22header_2_text_color%22,%22text_text_color%22,%22header_2_text_color%22,%22header_2_text_color%22,%22header_2_text_color%22,%22text_text_color%22,%22header_2_text_color%22,%22header_2_text_color%22,%22header_2_text_color%22,%22header_2_text_color%22,%22text_text_color%22,%22header_2_text_color%22,%22header_2_text_color%22,%22header_2_text_color%22,%22text_text_color%22,%22header_2_text_color%22,%22header_2_text_color%22,%22header_2_text_color%22,%22text_text_color%22,%22header_2_text_color%22,%22text_text_color%22,%22header_2_text_color%22,%22text_text_color%22%93}&#8221;]<\/p>\n<h3>La tour de l\u2019Horloge<\/h3>\n<p>[\/et_pb_text][et_pb_text module_class=&#8221;timeline_desc_right&#8221; _builder_version=&#8221;4.20.4&#8243; _module_preset=&#8221;default&#8221; text_text_color=&#8221;gcid-8696fd7e-29dd-4028-9d4d-981b208a53a9&#8243; text_font_size=&#8221;18px&#8221; text_line_height=&#8221;26px&#8221; global_colors_info=&#8221;{%22gcid-8696fd7e-29dd-4028-9d4d-981b208a53a9%22:%91%22text_text_color%22%93}&#8221;]La tour de l&#8217;horloge passe plut\u00f4t inaper\u00e7ue par rapport au clocher lanterne. En fait, son histoire est tr\u00e8s int\u00e9ressante.<br \/>\nLa tour originale date de 1368, et L\u00e9onard de Vinci en parle dans le Codex Atlanticus.<br \/>\nSelon cette source, \u00e0 l&#8217;int\u00e9rieur de la tour se trouvait \u00ab l\u2019horloge de la Tour de Chiaravalle, qui montre la lune, le soleil, les heures et les minutes \u00bb. C&#8217;\u00e9tait une horloge astronomique con\u00e7ue selon les th\u00e9ories g\u00e9ocentriques r\u00e9pandues \u00e0 l&#8217;\u00e9poque, qui indiquait les heures, les minutes et le mouvement de la lune et du soleil sur plusieurs cadrans.<br \/>\nSelon certaines sources, l&#8217;horloge \u00e9tait encore pr\u00e9sente sur le clocher au d\u00e9but du XIXe si\u00e8cle m\u00eame si elle a \u00e9t\u00e9 endommag\u00e9e lors des pillages perp\u00e9tr\u00e9s par les Fran\u00e7ais \u00e0 la fin du XVIIIe si\u00e8cle. On en a perdu les traces depuis. L&#8217;horloge actuelle date du milieu du XIXe si\u00e8cle (1826), tandis que les cinq cloches \u00e0 l&#8217;int\u00e9rieur de la tour remontent au d\u00e9but du XXe si\u00e8cle. Les cloches de l&#8217;abbaye de Chiaravalle, qui sont actionn\u00e9es manuellement, sont d\u00e9di\u00e9es aux Saints Anges de Dieu, aux fid\u00e8les d\u00e9funts, \u00e0 l&#8217;Ap\u00f4tre Saint Pierre, \u00e0 la Sainte Vierge du Saint Rosaire et au Sacr\u00e9 C\u0153ur de J\u00e9sus.<br \/>\n[\/et_pb_text][\/et_pb_column][\/et_pb_row][et_pb_row column_structure=&#8221;1_4,3_4&#8243; module_id=&#8221;sezione-interno-abbazia&#8221; module_class=&#8221;heritage_timeline_item&#8221; _builder_version=&#8221;4.27.6&#8243; _module_preset=&#8221;default&#8221; custom_margin=&#8221;||||false|false&#8221; custom_padding=&#8221;4px|||||&#8221; hover_enabled=&#8221;0&#8243; global_colors_info=&#8221;{}&#8221; sticky_enabled=&#8221;0&#8243;][et_pb_column type=&#8221;1_4&#8243; module_class=&#8221;timeline_left_col&#8221; _builder_version=&#8221;4.20.0&#8243; _module_preset=&#8221;default&#8221; background_color=&#8221;RGBA(255,255,255,0)&#8221; global_colors_info=&#8221;{}&#8221;][et_pb_image src=&#8221;https:\/\/www.granapadano.it\/wp-content\/uploads\/2022\/12\/Component-1-\u2013-1.png&#8221; module_class=&#8221;timeline_left_thumb&#8221; _builder_version=&#8221;4.19.4&#8243; _module_preset=&#8221;default&#8221; global_colors_info=&#8221;{}&#8221;][\/et_pb_image][\/et_pb_column][et_pb_column type=&#8221;3_4&#8243; module_class=&#8221;timeline_content_col&#8221; _builder_version=&#8221;4.27.6&#8243; _module_preset=&#8221;default&#8221; custom_padding=&#8221;50px||50px||false|false&#8221; hover_enabled=&#8221;0&#8243; border_width_all=&#8221;1px&#8221; border_color_all=&#8221;gcid-8696fd7e-29dd-4028-9d4d-981b208a53a9&#8243; global_colors_info=&#8221;{%22gcid-8696fd7e-29dd-4028-9d4d-981b208a53a9%22:%91%22border_color_all%22%93,%22gcid-26f0371c-74dd-4e63-bbf8-f8ec94f09a6d%22:%91%22border_color_all%22%93}&#8221; sticky_enabled=&#8221;0&#8243;][et_pb_blurb title=&#8221;Nefs int\u00e9rieures de l&#8217;abbaye de Chiaravalle de Milan&#8221; image=&#8221;https:\/\/www.granapadano.it\/wp-content\/uploads\/2023\/02\/interni-abbazia-34688-1.jpg&#8221; icon_alignment=&#8221;left&#8221; _builder_version=&#8221;4.20.4&#8243; _module_preset=&#8221;default&#8221; header_font=&#8221;|300|on||||||&#8221; header_font_size=&#8221;15px&#8221; global_colors_info=&#8221;{}&#8221;][\/et_pb_blurb][et_pb_text module_class=&#8221;timeline_title_right&#8221; _builder_version=&#8221;4.20.4&#8243; _module_preset=&#8221;default&#8221; text_font=&#8221;FontPadano-Bold||||||||&#8221; text_text_color=&#8221;RGBA(255,255,255,0)&#8221; text_font_size=&#8221;36px&#8221; header_2_font=&#8221;|700|||||||&#8221; header_2_text_align=&#8221;center&#8221; header_2_text_color=&#8221;gcid-8696fd7e-29dd-4028-9d4d-981b208a53a9&#8243; header_2_font_size=&#8221;23px&#8221; header_3_text_align=&#8221;left&#8221; header_3_font_size=&#8221;23px&#8221; header_3_line_height=&#8221;27px&#8221; header_5_font=&#8221;FontPadano-Bold||||||||&#8221; text_orientation=&#8221;center&#8221; global_colors_info=&#8221;{%22gcid-8696fd7e-29dd-4028-9d4d-981b208a53a9%22:%91%22header_2_text_color%22%93,%22gcid-26f0371c-74dd-4e63-bbf8-f8ec94f09a6d%22:%91%22header_2_text_color%22,%22header_2_text_color%22,%22header_2_text_color%22,%22text_text_color%22,%22header_2_text_color%22,%22header_2_text_color%22,%22header_2_text_color%22,%22text_text_color%22,%22header_2_text_color%22,%22header_2_text_color%22,%22header_2_text_color%22,%22header_2_text_color%22,%22text_text_color%22,%22header_2_text_color%22,%22header_2_text_color%22,%22header_2_text_color%22,%22text_text_color%22,%22header_2_text_color%22,%22header_2_text_color%22,%22header_2_text_color%22,%22text_text_color%22,%22header_2_text_color%22,%22text_text_color%22,%22header_2_text_color%22,%22text_text_color%22,%22header_2_text_color%22,%22text_text_color%22,%22header_2_text_color%22,%22text_text_color%22%93}&#8221;]<\/p>\n<h3>L&#8217;int\u00e9rieur de l&#8217;Abbaye<\/h3>\n<p>[\/et_pb_text][et_pb_text module_class=&#8221;timeline_desc_right&#8221; _builder_version=&#8221;4.20.4&#8243; _module_preset=&#8221;default&#8221; text_text_color=&#8221;gcid-8696fd7e-29dd-4028-9d4d-981b208a53a9&#8243; text_font_size=&#8221;18px&#8221; text_line_height=&#8221;26px&#8221; global_colors_info=&#8221;{%22gcid-8696fd7e-29dd-4028-9d4d-981b208a53a9%22:%91%22text_text_color%22%93}&#8221;]L&#8217;int\u00e9rieur de l&#8217;\u00e9glise a un plan en croix latine, avec un transept et une abside rectiligne, une structure \u00e0 trois nefs, s\u00e9par\u00e9es par des arcs en plein cintre reposant sur des piliers cylindriques, sans chapiteau. La nef centrale est celle qui a les plus grandes dimensions et se compose de quatre trav\u00e9es, tandis que les nefs lat\u00e9rales sont divis\u00e9es en huit petites trav\u00e9es. Le presbyt\u00e8re de forme carr\u00e9e abrite le ma\u00eetre-autel (1689) et le tr\u00f4ne abbatial incrust\u00e9 de 1576, \u0153uvre de Gothard, avec la Vierge du Lait sur le panneau central et saint Beno\u00eet et saint Bernard sur ceux lat\u00e9raux. Le ch\u0153ur co\u00efncide, en revanche, avec la cinqui\u00e8me trav\u00e9e de la nef et a \u00e9t\u00e9 r\u00e9alis\u00e9 en noyer par Carlo Garavaglia, ma\u00eetre du baroque (1645-1649), tandis que les panneaux des stalles repr\u00e9sentent des \u00e9pisodes de la vie de saint Bernard.<br \/>\n[\/et_pb_text][\/et_pb_column][\/et_pb_row][et_pb_row column_structure=&#8221;1_4,3_4&#8243; module_class=&#8221;heritage_timeline_item&#8221; _builder_version=&#8221;4.27.6&#8243; _module_preset=&#8221;default&#8221; custom_padding=&#8221;1px||0px|||&#8221; hover_enabled=&#8221;0&#8243; global_colors_info=&#8221;{}&#8221; sticky_enabled=&#8221;0&#8243;][et_pb_column type=&#8221;1_4&#8243; module_class=&#8221;timeline_left_col&#8221; _builder_version=&#8221;4.20.0&#8243; _module_preset=&#8221;default&#8221; background_color=&#8221;RGBA(255,255,255,0)&#8221; global_colors_info=&#8221;{}&#8221;][et_pb_image src=&#8221;https:\/\/www.granapadano.it\/wp-content\/uploads\/2022\/12\/Component-1-\u2013-1.png&#8221; module_class=&#8221;timeline_left_thumb&#8221; _builder_version=&#8221;4.19.4&#8243; _module_preset=&#8221;default&#8221; global_colors_info=&#8221;{}&#8221;][\/et_pb_image][\/et_pb_column][et_pb_column type=&#8221;3_4&#8243; module_class=&#8221;timeline_content_col&#8221; _builder_version=&#8221;4.27.6&#8243; _module_preset=&#8221;default&#8221; custom_padding=&#8221;50px||50px||false|false&#8221; hover_enabled=&#8221;0&#8243; border_width_all=&#8221;1px&#8221; border_color_all=&#8221;gcid-8696fd7e-29dd-4028-9d4d-981b208a53a9&#8243; global_colors_info=&#8221;{%22gcid-8696fd7e-29dd-4028-9d4d-981b208a53a9%22:%91%22border_color_all%22%93,%22gcid-26f0371c-74dd-4e63-bbf8-f8ec94f09a6d%22:%91%22border_color_all%22%93}&#8221; sticky_enabled=&#8221;0&#8243;][et_pb_blurb title=&#8221;All\u00e9es transversales de l&#8217;abbaye de Chiaravalle de Milan&#8221; image=&#8221;https:\/\/www.granapadano.it\/wp-content\/uploads\/2023\/02\/interni-abbazia-34688-2.jpg&#8221; icon_alignment=&#8221;left&#8221; _builder_version=&#8221;4.20.4&#8243; _module_preset=&#8221;default&#8221; header_font=&#8221;|300|on||||||&#8221; header_font_size=&#8221;15px&#8221; global_colors_info=&#8221;{}&#8221;][\/et_pb_blurb][et_pb_text module_class=&#8221;timeline_title_right&#8221; _builder_version=&#8221;4.20.4&#8243; _module_preset=&#8221;default&#8221; text_font=&#8221;FontPadano-Bold||||||||&#8221; text_text_color=&#8221;RGBA(255,255,255,0)&#8221; text_font_size=&#8221;36px&#8221; header_2_font=&#8221;|700|||||||&#8221; header_2_text_align=&#8221;center&#8221; header_2_text_color=&#8221;gcid-8696fd7e-29dd-4028-9d4d-981b208a53a9&#8243; header_2_font_size=&#8221;23px&#8221; header_3_text_align=&#8221;left&#8221; header_3_font_size=&#8221;23px&#8221; header_3_line_height=&#8221;27px&#8221; header_5_font=&#8221;FontPadano-Bold||||||||&#8221; text_orientation=&#8221;center&#8221; global_colors_info=&#8221;{%22gcid-8696fd7e-29dd-4028-9d4d-981b208a53a9%22:%91%22header_2_text_color%22%93,%22gcid-26f0371c-74dd-4e63-bbf8-f8ec94f09a6d%22:%91%22header_2_text_color%22,%22header_2_text_color%22,%22header_2_text_color%22,%22text_text_color%22,%22header_2_text_color%22,%22header_2_text_color%22,%22header_2_text_color%22,%22text_text_color%22,%22header_2_text_color%22,%22header_2_text_color%22,%22header_2_text_color%22,%22header_2_text_color%22,%22text_text_color%22,%22header_2_text_color%22,%22header_2_text_color%22,%22header_2_text_color%22,%22text_text_color%22,%22header_2_text_color%22,%22header_2_text_color%22,%22header_2_text_color%22,%22text_text_color%22,%22header_2_text_color%22,%22text_text_color%22,%22header_2_text_color%22,%22text_text_color%22,%22header_2_text_color%22,%22text_text_color%22,%22header_2_text_color%22,%22text_text_color%22%93}&#8221;]<\/p>\n<h3>L&#8217;int\u00e9rieur de l&#8217;Abbaye<\/h3>\n<p>[\/et_pb_text][et_pb_text module_class=&#8221;timeline_desc_right&#8221; _builder_version=&#8221;4.20.4&#8243; _module_preset=&#8221;default&#8221; text_text_color=&#8221;gcid-8696fd7e-29dd-4028-9d4d-981b208a53a9&#8243; text_font_size=&#8221;18px&#8221; text_line_height=&#8221;26px&#8221; global_colors_info=&#8221;{%22gcid-8696fd7e-29dd-4028-9d4d-981b208a53a9%22:%91%22text_text_color%22%93}&#8221;]Sur le tiburium, constitu\u00e9 d&#8217;une structure carr\u00e9e, est greff\u00e9 un tambour octogonal soutenu par des plumes, tandis que la coupole pr\u00e9sente une d\u00e9coration \u00e9vocatrice qui rappelle la vo\u00fbte c\u00e9leste. En d\u00e9tournant le regard de la coupole, on peut admirer les transepts. Celui de droite comporte trois chapelles, la premi\u00e8re d\u00e9di\u00e9e \u00e0 Saint Bernard de Chiaravalle, la deuxi\u00e8me \u00e0 la Passion et la troisi\u00e8me \u00e0 Saint Beno\u00eet. De plus, au niveau du transept sud se trouve la sacristie, cr\u00e9\u00e9e en 1412 comme petite chapelle, puis agrandie et remodel\u00e9e de 1637 \u00e0 1708. Enfin le transept gauche avec ses chapelles datant du XIIe si\u00e8cle, d\u00e9di\u00e9es \u00e0 Marie-Madeleine (1582), \u00e0 saint St\u00e9phane et au Rosaire.<br \/>\n[\/et_pb_text][\/et_pb_column][\/et_pb_row][et_pb_row column_structure=&#8221;1_4,3_4&#8243; module_class=&#8221;heritage_timeline_item&#8221; _builder_version=&#8221;4.27.6&#8243; _module_preset=&#8221;default&#8221; custom_margin=&#8221;||||false|false&#8221; custom_padding=&#8221;4px|||||&#8221; hover_enabled=&#8221;0&#8243; global_colors_info=&#8221;{}&#8221; sticky_enabled=&#8221;0&#8243;][et_pb_column type=&#8221;1_4&#8243; module_class=&#8221;timeline_left_col&#8221; _builder_version=&#8221;4.20.0&#8243; _module_preset=&#8221;default&#8221; background_color=&#8221;RGBA(255,255,255,0)&#8221; global_colors_info=&#8221;{}&#8221;][et_pb_image src=&#8221;https:\/\/www.granapadano.it\/wp-content\/uploads\/2022\/12\/Component-1-\u2013-1.png&#8221; module_class=&#8221;timeline_left_thumb&#8221; _builder_version=&#8221;4.19.4&#8243; _module_preset=&#8221;default&#8221; global_colors_info=&#8221;{}&#8221;][\/et_pb_image][\/et_pb_column][et_pb_column type=&#8221;3_4&#8243; module_class=&#8221;timeline_content_col&#8221; _builder_version=&#8221;4.27.6&#8243; _module_preset=&#8221;default&#8221; custom_padding=&#8221;50px||50px||false|false&#8221; hover_enabled=&#8221;0&#8243; border_width_all=&#8221;1px&#8221; border_color_all=&#8221;gcid-8696fd7e-29dd-4028-9d4d-981b208a53a9&#8243; global_colors_info=&#8221;{%22gcid-8696fd7e-29dd-4028-9d4d-981b208a53a9%22:%91%22border_color_all%22,%22border_color_all%22%93,%22gcid-26f0371c-74dd-4e63-bbf8-f8ec94f09a6d%22:%91%22border_color_all%22%93}&#8221; sticky_enabled=&#8221;0&#8243;][et_pb_blurb title=&#8221;Fresques de l&#8217;abbaye de Chiaravalle de Milan&#8221; image=&#8221;https:\/\/www.granapadano.it\/wp-content\/uploads\/2023\/02\/affreschi-34690-1.jpg&#8221; icon_alignment=&#8221;left&#8221; _builder_version=&#8221;4.20.4&#8243; _module_preset=&#8221;default&#8221; header_font=&#8221;|300|on||||||&#8221; header_font_size=&#8221;15px&#8221; global_colors_info=&#8221;{}&#8221;][\/et_pb_blurb][et_pb_text module_class=&#8221;timeline_title_right&#8221; _builder_version=&#8221;4.20.4&#8243; _module_preset=&#8221;default&#8221; text_font=&#8221;FontPadano-Bold||||||||&#8221; text_text_color=&#8221;RGBA(255,255,255,0)&#8221; text_font_size=&#8221;36px&#8221; header_2_font=&#8221;|700|||||||&#8221; header_2_text_align=&#8221;center&#8221; header_2_text_color=&#8221;gcid-8696fd7e-29dd-4028-9d4d-981b208a53a9&#8243; header_2_font_size=&#8221;23px&#8221; header_3_text_align=&#8221;left&#8221; header_3_font_size=&#8221;23px&#8221; header_3_line_height=&#8221;27px&#8221; header_5_font=&#8221;FontPadano-Bold||||||||&#8221; text_orientation=&#8221;center&#8221; global_colors_info=&#8221;{%22gcid-8696fd7e-29dd-4028-9d4d-981b208a53a9%22:%91%22header_2_text_color%22,%22header_2_text_color%22%93,%22gcid-26f0371c-74dd-4e63-bbf8-f8ec94f09a6d%22:%91%22header_2_text_color%22,%22header_2_text_color%22,%22header_2_text_color%22,%22text_text_color%22,%22header_2_text_color%22,%22header_2_text_color%22,%22header_2_text_color%22,%22text_text_color%22,%22header_2_text_color%22,%22header_2_text_color%22,%22header_2_text_color%22,%22header_2_text_color%22,%22text_text_color%22,%22header_2_text_color%22,%22header_2_text_color%22,%22header_2_text_color%22,%22text_text_color%22,%22header_2_text_color%22,%22header_2_text_color%22,%22header_2_text_color%22,%22text_text_color%22,%22header_2_text_color%22,%22header_2_text_color%22,%22header_2_text_color%22,%22text_text_color%22,%22header_2_text_color%22,%22header_2_text_color%22,%22header_2_text_color%22,%22text_text_color%22,%22header_2_text_color%22,%22header_2_text_color%22,%22header_2_text_color%22,%22header_2_text_color%22,%22text_text_color%22,%22header_2_text_color%22,%22header_2_text_color%22,%22header_2_text_color%22,%22text_text_color%22,%22header_2_text_color%22,%22header_2_text_color%22,%22header_2_text_color%22,%22text_text_color%22,%22header_2_text_color%22,%22text_text_color%22,%22header_2_text_color%22,%22text_text_color%22,%22header_2_text_color%22,%22text_text_color%22,%22header_2_text_color%22,%22text_text_color%22%93}&#8221;]<\/p>\n<h3>Art et fresques \u00e0 l&#8217;int\u00e9rieur de l&#8217;Abbaye<\/h3>\n<p>[\/et_pb_text][et_pb_text module_class=&#8221;timeline_desc_right&#8221; _builder_version=&#8221;4.20.4&#8243; _module_preset=&#8221;default&#8221; text_text_color=&#8221;gcid-8696fd7e-29dd-4028-9d4d-981b208a53a9&#8243; text_font_size=&#8221;18px&#8221; text_line_height=&#8221;26px&#8221; global_colors_info=&#8221;{%22gcid-8696fd7e-29dd-4028-9d4d-981b208a53a9%22:%91%22text_text_color%22%93}&#8221;]Selon les canons de construction voulus par Saint-Bernard, la magnificence a \u00e9t\u00e9 initialement proscrite et la d\u00e9coration picturale a \u00e9t\u00e9 interdite. De grands changements ont cependant eu lieu au fil des si\u00e8cles ayant suivi la construction de l&#8217;abbaye, qui est devenue un lieu significatif pour l&#8217;histoire de l&#8217;art. En fait, on peut admirer aujourd&#8217;hui sur la contre-fa\u00e7ade le principal cycle de fresques de l&#8217;\u00e9glise (1613-1616) peint par Bartolomeo Roverio et les fr\u00e8res Giovanni Battista et Giovanni Mauro della Rovere.<br \/>\n<script>\njQuery(document).ready(function() {\njQuery('.affreschi.rm').click(function() {\n  jQuery('.affreschi.rm').hide();\njQuery('.affreschi.text').show();\n});\n});\n<\/script><\/p>\n<p><strong><span class=\"affreschi rm\">Lire plus<\/span><\/strong><br \/>\n<span class=\"affreschi text\" style=\"display: none;\">Les sc\u00e8nes repr\u00e9sent\u00e9es c\u00e9l\u00e8brent l&#8217;histoire cistercienne et sont r\u00e9parties dans les principaux points du b\u00e2timent : la fondation de l&#8217;abbaye, l&#8217;all\u00e9gorie f\u00e9minine de l&#8217;\u00e9glise avec l&#8217;Antipape et les Milanais agenouill\u00e9s \u00e0 ses pieds, les citoyens devant Porta Romana offrant le mod\u00e8le de l&#8217;\u00e9glise au saint, un groupe d&#8217;artisans participant \u00e0 la construction du b\u00e2timent et deux miracles accomplis par le religieux bourguignon pendant son s\u00e9jour \u00e0 Milan (la gu\u00e9rison d&#8217;un enfant et un exorcisme). Les nefs lat\u00e9rales sont d\u00e9pourvues de d\u00e9corations picturales, mais il y a un buste en marbre du XVIIe si\u00e8cle de saint Bernard. Sur les murs du presbyt\u00e8re sont repr\u00e9sent\u00e9es deux visions de saint Bernard : la Lactatio Bernardi et le R\u00eave de la veille de No\u00ebl, tandis que les Quatre \u00c9vang\u00e9listes sont repr\u00e9sent\u00e9s sur la vo\u00fbte (1572) et les Anges Musiciens dans les voiles. Les murs lat\u00e9raux du ch\u0153ur (1613) pr\u00e9sentent deux fresques de Genovesino : les Visions de saint Bernard : Les Anges r\u00e9pondent au te deum \u00e0 droite et prennent note \u00e0 l&#8217;encre d\u2019or, d\u2019argent et noire de la ferveur des psaumes cisterciens \u00e0 gauche. En avan\u00e7ant vers la coupole, on peut voir les peintures qui d\u00e9corent la base des sections repr\u00e9sentant les quatre \u00e9vang\u00e9listes et les Docteurs de l&#8217;\u00c9glise Latine. Entre les fen\u00eatres du tiburium sont repr\u00e9sent\u00e9es seize figures de saints : en abaissant le regard, nous nous trouvons devant les Histoires de la Vierge. Dat\u00e9es du milieu du XIVe si\u00e8cle, elles sont probablement l&#8217;\u0153uvre de Stefano Fiorentino, un \u00e9l\u00e8ve de Giotto. D\u2019une composition extraordinairement raffin\u00e9e, elles repr\u00e9sentent un th\u00e8me unique : le transit de Marie au ciel, y compris les sc\u00e8nes de l&#8217;annonce \u00e0 Marie de sa mort par l&#8217;archange Gabriel, la d\u00e9position de son corps dans le s\u00e9pulcre et l&#8217;Assomption au ciel dans l&#8217;amour et le corps.<\/span>[\/et_pb_text][\/et_pb_column][\/et_pb_row][et_pb_row column_structure=&#8221;1_4,3_4&#8243; module_class=&#8221;heritage_timeline_item&#8221; _builder_version=&#8221;4.27.6&#8243; _module_preset=&#8221;default&#8221; custom_padding=&#8221;1px||0px|||&#8221; hover_enabled=&#8221;0&#8243; global_colors_info=&#8221;{}&#8221; sticky_enabled=&#8221;0&#8243;][et_pb_column type=&#8221;1_4&#8243; module_class=&#8221;timeline_left_col&#8221; _builder_version=&#8221;4.20.0&#8243; _module_preset=&#8221;default&#8221; background_color=&#8221;RGBA(255,255,255,0)&#8221; global_colors_info=&#8221;{}&#8221;][et_pb_image src=&#8221;https:\/\/www.granapadano.it\/wp-content\/uploads\/2022\/12\/Component-1-\u2013-1.png&#8221; module_class=&#8221;timeline_left_thumb&#8221; _builder_version=&#8221;4.19.4&#8243; _module_preset=&#8221;default&#8221; global_colors_info=&#8221;{}&#8221;][\/et_pb_image][\/et_pb_column][et_pb_column type=&#8221;3_4&#8243; module_class=&#8221;timeline_content_col&#8221; _builder_version=&#8221;4.27.6&#8243; _module_preset=&#8221;default&#8221; custom_padding=&#8221;50px||50px||false|false&#8221; hover_enabled=&#8221;0&#8243; border_width_all=&#8221;1px&#8221; border_color_all=&#8221;gcid-8696fd7e-29dd-4028-9d4d-981b208a53a9&#8243; global_colors_info=&#8221;{%22gcid-8696fd7e-29dd-4028-9d4d-981b208a53a9%22:%91%22border_color_all%22%93,%22gcid-26f0371c-74dd-4e63-bbf8-f8ec94f09a6d%22:%91%22border_color_all%22%93}&#8221; sticky_enabled=&#8221;0&#8243;][et_pb_blurb title=&#8221;Statue de l&#8217;abbaye de Chiaravalle de Milan&#8221; image=&#8221;https:\/\/www.granapadano.it\/wp-content\/uploads\/2023\/02\/affreschi-34690-2.jpg&#8221; icon_alignment=&#8221;left&#8221; _builder_version=&#8221;4.20.4&#8243; _module_preset=&#8221;default&#8221; header_font=&#8221;|300|on||||||&#8221; header_font_size=&#8221;15px&#8221; global_colors_info=&#8221;{}&#8221;][\/et_pb_blurb][et_pb_text module_class=&#8221;timeline_title_right&#8221; _builder_version=&#8221;4.20.4&#8243; _module_preset=&#8221;default&#8221; text_font=&#8221;FontPadano-Bold||||||||&#8221; text_text_color=&#8221;RGBA(255,255,255,0)&#8221; text_font_size=&#8221;36px&#8221; header_2_font=&#8221;|700|||||||&#8221; header_2_text_align=&#8221;center&#8221; header_2_text_color=&#8221;gcid-8696fd7e-29dd-4028-9d4d-981b208a53a9&#8243; header_2_font_size=&#8221;23px&#8221; header_3_text_align=&#8221;left&#8221; header_3_font_size=&#8221;23px&#8221; header_3_line_height=&#8221;27px&#8221; header_5_font=&#8221;FontPadano-Bold||||||||&#8221; text_orientation=&#8221;center&#8221; global_colors_info=&#8221;{%22gcid-8696fd7e-29dd-4028-9d4d-981b208a53a9%22:%91%22header_2_text_color%22%93,%22gcid-26f0371c-74dd-4e63-bbf8-f8ec94f09a6d%22:%91%22header_2_text_color%22,%22header_2_text_color%22,%22header_2_text_color%22,%22text_text_color%22,%22header_2_text_color%22,%22header_2_text_color%22,%22header_2_text_color%22,%22text_text_color%22,%22header_2_text_color%22,%22header_2_text_color%22,%22header_2_text_color%22,%22header_2_text_color%22,%22text_text_color%22,%22header_2_text_color%22,%22header_2_text_color%22,%22header_2_text_color%22,%22text_text_color%22,%22header_2_text_color%22,%22header_2_text_color%22,%22header_2_text_color%22,%22text_text_color%22,%22header_2_text_color%22,%22text_text_color%22,%22header_2_text_color%22,%22text_text_color%22,%22header_2_text_color%22,%22text_text_color%22,%22header_2_text_color%22,%22text_text_color%22%93}&#8221;]<\/p>\n<h3>Art et fresques \u00e0 l&#8217;int\u00e9rieur de l&#8217;Abbaye<\/h3>\n<p>[\/et_pb_text][et_pb_text module_class=&#8221;timeline_desc_right&#8221; _builder_version=&#8221;4.20.4&#8243; _module_preset=&#8221;default&#8221; text_text_color=&#8221;gcid-8696fd7e-29dd-4028-9d4d-981b208a53a9&#8243; text_font_size=&#8221;18px&#8221; text_line_height=&#8221;26px&#8221; global_colors_info=&#8221;{%22gcid-8696fd7e-29dd-4028-9d4d-981b208a53a9%22:%91%22text_text_color%22%93}&#8221;]Le transept droit pr\u00e9sente l&#8217;arbre g\u00e9n\u00e9alogique de la famille cistercienne, et sur le m\u00eame mur se trouve l&#8217;escalier menant \u00e0 l&#8217;ancien dortoir ; au-dessus, la Vierge \u00e0 l&#8217;enfant avec les anges, un chef-d&#8217;\u0153uvre du grand ma\u00eetre de la Renaissance Bernardino Luini (1512). Toujours dans le transept droit, on peut admirer l&#8217;Apparition de Marie \u00e0 saint Bernard, la Construction du monast\u00e8re de C\u00eeteaux, saint Bernard et les Anges musiciens ainsi que David apaisant la col\u00e8re de Saul. Le transept gauche pr\u00e9sente, en revanche, les fresques suivantes : Bernard de Poblet tu\u00e9 par un musulman d&#8217;Espagne dont il avait converti la s\u0153ur, saint Thomas Becket, archev\u00eaque de Canterbury assassin\u00e9 dans la cath\u00e9drale par les soldats du roi d&#8217;Angleterre Henri II, le Couronnement de la Vierge, deux religieuses cisterciennes pr\u00e9sentant des \u00e2mes b\u00e9nies \u00e0 saint Bernard, le Martyre des religieuses cisterciennes en Pologne et le Martyre de l&#8217;abb\u00e9 Casimir et des moines d&#8217;Oliva en Prusse.<br \/>\n[\/et_pb_text][\/et_pb_column][\/et_pb_row][et_pb_row column_structure=&#8221;1_4,3_4&#8243; module_class=&#8221;heritage_timeline_item&#8221; _builder_version=&#8221;4.27.6&#8243; _module_preset=&#8221;default&#8221; custom_margin=&#8221;||||false|false&#8221; custom_padding=&#8221;4px|||||&#8221; hover_enabled=&#8221;0&#8243; global_colors_info=&#8221;{}&#8221; sticky_enabled=&#8221;0&#8243;][et_pb_column type=&#8221;1_4&#8243; module_class=&#8221;timeline_left_col&#8221; _builder_version=&#8221;4.20.0&#8243; _module_preset=&#8221;default&#8221; background_color=&#8221;RGBA(255,255,255,0)&#8221; global_colors_info=&#8221;{}&#8221;][et_pb_image src=&#8221;https:\/\/www.granapadano.it\/wp-content\/uploads\/2022\/12\/Component-1-\u2013-1.png&#8221; module_class=&#8221;timeline_left_thumb&#8221; _builder_version=&#8221;4.19.4&#8243; _module_preset=&#8221;default&#8221; global_colors_info=&#8221;{}&#8221;][\/et_pb_image][\/et_pb_column][et_pb_column type=&#8221;3_4&#8243; module_class=&#8221;timeline_content_col&#8221; _builder_version=&#8221;4.27.6&#8243; _module_preset=&#8221;default&#8221; custom_padding=&#8221;50px||50px||false|false&#8221; hover_enabled=&#8221;0&#8243; border_width_all=&#8221;1px&#8221; border_color_all=&#8221;gcid-8696fd7e-29dd-4028-9d4d-981b208a53a9&#8243; global_colors_info=&#8221;{%22gcid-8696fd7e-29dd-4028-9d4d-981b208a53a9%22:%91%22border_color_all%22%93,%22gcid-26f0371c-74dd-4e63-bbf8-f8ec94f09a6d%22:%91%22border_color_all%22%93}&#8221; sticky_enabled=&#8221;0&#8243;][et_pb_image src=&#8221;https:\/\/www.granapadano.it\/wp-content\/uploads\/2023\/02\/Abbazia83-34694.jpg&#8221; title_text=&#8221;Abbazia83-34694&#8243; _builder_version=&#8221;4.19.5&#8243; _module_preset=&#8221;default&#8221; custom_padding=&#8221;20px||20px||false|false&#8221; border_radii=&#8221;on|20px|20px|20px|20px&#8221; global_colors_info=&#8221;{}&#8221;][\/et_pb_image][et_pb_text module_class=&#8221;timeline_title_right&#8221; _builder_version=&#8221;4.20.4&#8243; _module_preset=&#8221;default&#8221; text_font=&#8221;FontPadano-Bold||||||||&#8221; text_text_color=&#8221;RGBA(255,255,255,0)&#8221; text_font_size=&#8221;36px&#8221; header_2_font=&#8221;|700|||||||&#8221; header_2_text_align=&#8221;center&#8221; header_2_text_color=&#8221;gcid-8696fd7e-29dd-4028-9d4d-981b208a53a9&#8243; header_2_font_size=&#8221;23px&#8221; header_3_text_align=&#8221;left&#8221; header_3_font_size=&#8221;23px&#8221; header_3_line_height=&#8221;27px&#8221; header_5_font=&#8221;FontPadano-Bold||||||||&#8221; text_orientation=&#8221;center&#8221; global_colors_info=&#8221;{%22gcid-8696fd7e-29dd-4028-9d4d-981b208a53a9%22:%91%22header_2_text_color%22%93,%22gcid-26f0371c-74dd-4e63-bbf8-f8ec94f09a6d%22:%91%22header_2_text_color%22,%22header_2_text_color%22,%22header_2_text_color%22,%22text_text_color%22,%22header_2_text_color%22,%22header_2_text_color%22,%22header_2_text_color%22,%22text_text_color%22,%22header_2_text_color%22,%22header_2_text_color%22,%22header_2_text_color%22,%22header_2_text_color%22,%22text_text_color%22,%22header_2_text_color%22,%22header_2_text_color%22,%22header_2_text_color%22,%22text_text_color%22,%22header_2_text_color%22,%22header_2_text_color%22,%22header_2_text_color%22,%22text_text_color%22,%22header_2_text_color%22,%22text_text_color%22,%22header_2_text_color%22,%22text_text_color%22,%22header_2_text_color%22,%22text_text_color%22,%22header_2_text_color%22,%22text_text_color%22%93}&#8221;]<\/p>\n<h3>Drainage du Marais<\/h3>\n<p>[\/et_pb_text][et_pb_text module_class=&#8221;timeline_desc_right&#8221; _builder_version=&#8221;4.20.4&#8243; _module_preset=&#8221;default&#8221; text_text_color=&#8221;gcid-8696fd7e-29dd-4028-9d4d-981b208a53a9&#8243; text_font_size=&#8221;18px&#8221; text_line_height=&#8221;26px&#8221; global_colors_info=&#8221;{%22gcid-8696fd7e-29dd-4028-9d4d-981b208a53a9%22:%91%22text_text_color%22%93}&#8221;]Comme mentionn\u00e9 pr\u00e9c\u00e9demment, les moines cisterciens avaient l&#8217;habitude de choisir des lieux aux caract\u00e9ristiques tr\u00e8s particuli\u00e8res pour construire leurs abbayes. Les deux caract\u00e9ristiques fondamentales devaient \u00eatre l&#8217;isolement du lieu par rapport aux centres habit\u00e9s et la pr\u00e9sence d&#8217;un cours d&#8217;eau.<br \/>\nL&#8217;abbaye de Chiaravalle se trouve aujourd&#8217;hui \u00e0 l&#8217;int\u00e9rieur du Parc Agricole Sud de Milan, juste en dehors de Porta Romana, pr\u00e8s de Vettabbia, un cours d&#8217;eau qui date de la domination romaine.<br \/>\n<script>\njQuery(document).ready(function() {\njQuery('.palude.rm').click(function() {\n  jQuery('.palude.rm').hide();\njQuery('.palude.text').show();\n});\n});\n<\/script><\/p>\n<p><strong><span class=\"palude rm\">Lire plus<\/span><\/strong><br \/>\n<span class=\"palude text\" style=\"display: none;\">Pendant les ann\u00e9es de construction de l&#8217;abbaye, la ville \u00e9tait cependant entour\u00e9e d&#8217;un \u00e9norme mar\u00e9cage qui, selon certaines sources, appartenait \u00e0 la famille Archinti. L&#8217;exploitation agricole du territoire ne fut possible que gr\u00e2ce aux travaux d\u2019assainissement r\u00e9alis\u00e9s par les moines cisterciens avec le soutien actif des autorit\u00e9s et de la communaut\u00e9 milanaise, \u00e0 tel point que Fr\u00e9d\u00e9ric II de Souabe accorda \u00e0 l&#8217;abbaye en 1220 le contr\u00f4le du cours d&#8217;eau et l&#8217;exon\u00e9ration du paiement des droits et gabelles. C&#8217;est \u00e9galement pour cette raison qu&#8217;il a \u00e9t\u00e9 possible de poursuivre les travaux d\u2019assainissement et de mise en valeur des terres.<br \/>\nAu d\u00e9part, les eaux de la Vettabbia ont \u00e9t\u00e9 canalis\u00e9es, des foss\u00e9s ont \u00e9t\u00e9 creus\u00e9s et des remblais construits. Une fois la terre ass\u00e9ch\u00e9e, il a fallu assurer une bonne irrigation et donc le bon dosage requis par les saisons et les cultures.<br \/>\nLe travail manuel a toujours jou\u00e9 un r\u00f4le important dans la vie monastique, auquel la r\u00e8gle b\u00e9n\u00e9dictine se r\u00e9f\u00e9rait express\u00e9ment, et les moines cisterciens se sont rapidement fait conna\u00eetre dans toute l&#8217;Europe m\u00e9di\u00e9vale pour leur d\u00e9vouement et leurs comp\u00e9tences techniques.<\/span>[\/et_pb_text][\/et_pb_column][\/et_pb_row][et_pb_row column_structure=&#8221;1_4,3_4&#8243; module_class=&#8221;heritage_timeline_item&#8221; _builder_version=&#8221;4.27.6&#8243; _module_preset=&#8221;default&#8221; custom_padding=&#8221;1px||0px|||&#8221; hover_enabled=&#8221;0&#8243; global_colors_info=&#8221;{}&#8221; sticky_enabled=&#8221;0&#8243;][et_pb_column type=&#8221;1_4&#8243; module_class=&#8221;timeline_left_col&#8221; _builder_version=&#8221;4.20.0&#8243; _module_preset=&#8221;default&#8221; background_color=&#8221;RGBA(255,255,255,0)&#8221; global_colors_info=&#8221;{}&#8221;][et_pb_image src=&#8221;https:\/\/www.granapadano.it\/wp-content\/uploads\/2022\/12\/Component-1-\u2013-1.png&#8221; module_class=&#8221;timeline_left_thumb&#8221; _builder_version=&#8221;4.19.4&#8243; _module_preset=&#8221;default&#8221; global_colors_info=&#8221;{}&#8221;][\/et_pb_image][\/et_pb_column][et_pb_column type=&#8221;3_4&#8243; module_class=&#8221;timeline_content_col&#8221; _builder_version=&#8221;4.27.6&#8243; _module_preset=&#8221;default&#8221; custom_padding=&#8221;50px||50px||false|false&#8221; hover_enabled=&#8221;0&#8243; border_width_all=&#8221;1px&#8221; border_color_all=&#8221;gcid-8696fd7e-29dd-4028-9d4d-981b208a53a9&#8243; global_colors_info=&#8221;{%22gcid-8696fd7e-29dd-4028-9d4d-981b208a53a9%22:%91%22border_color_all%22%93,%22gcid-26f0371c-74dd-4e63-bbf8-f8ec94f09a6d%22:%91%22border_color_all%22%93}&#8221; sticky_enabled=&#8221;0&#8243;][et_pb_image src=&#8221;https:\/\/www.granapadano.it\/wp-content\/uploads\/2023\/02\/ValledeiMonaci5-34696.jpg&#8221; title_text=&#8221;ValledeiMonaci5-34696&#8243; _builder_version=&#8221;4.19.5&#8243; _module_preset=&#8221;default&#8221; custom_padding=&#8221;20px||20px||false|false&#8221; border_radii=&#8221;on|20px|20px|20px|20px&#8221; global_colors_info=&#8221;{}&#8221;][\/et_pb_image][et_pb_text module_class=&#8221;timeline_title_right&#8221; _builder_version=&#8221;4.20.4&#8243; _module_preset=&#8221;default&#8221; text_font=&#8221;FontPadano-Bold||||||||&#8221; text_text_color=&#8221;RGBA(255,255,255,0)&#8221; text_font_size=&#8221;36px&#8221; header_2_font=&#8221;|700|||||||&#8221; header_2_text_align=&#8221;center&#8221; header_2_text_color=&#8221;gcid-8696fd7e-29dd-4028-9d4d-981b208a53a9&#8243; header_2_font_size=&#8221;23px&#8221; header_3_text_align=&#8221;left&#8221; header_3_font_size=&#8221;23px&#8221; header_3_line_height=&#8221;27px&#8221; header_5_font=&#8221;FontPadano-Bold||||||||&#8221; text_orientation=&#8221;center&#8221; global_colors_info=&#8221;{%22gcid-8696fd7e-29dd-4028-9d4d-981b208a53a9%22:%91%22header_2_text_color%22%93,%22gcid-26f0371c-74dd-4e63-bbf8-f8ec94f09a6d%22:%91%22header_2_text_color%22,%22header_2_text_color%22,%22header_2_text_color%22,%22text_text_color%22,%22header_2_text_color%22,%22header_2_text_color%22,%22header_2_text_color%22,%22text_text_color%22,%22header_2_text_color%22,%22header_2_text_color%22,%22header_2_text_color%22,%22header_2_text_color%22,%22text_text_color%22,%22header_2_text_color%22,%22header_2_text_color%22,%22header_2_text_color%22,%22text_text_color%22,%22header_2_text_color%22,%22header_2_text_color%22,%22header_2_text_color%22,%22text_text_color%22,%22header_2_text_color%22,%22text_text_color%22,%22header_2_text_color%22,%22text_text_color%22,%22header_2_text_color%22,%22text_text_color%22,%22header_2_text_color%22,%22text_text_color%22%93}&#8221;]<\/p>\n<h3>Travail de la Terre<\/h3>\n<p>[\/et_pb_text][et_pb_text module_class=&#8221;timeline_desc_right&#8221; _builder_version=&#8221;4.20.4&#8243; _module_preset=&#8221;default&#8221; text_text_color=&#8221;gcid-8696fd7e-29dd-4028-9d4d-981b208a53a9&#8243; text_font_size=&#8221;18px&#8221; text_line_height=&#8221;26px&#8221; global_colors_info=&#8221;{%22gcid-8696fd7e-29dd-4028-9d4d-981b208a53a9%22:%91%22text_text_color%22%93}&#8221;]L&#8217;important travail d\u2019assainissement r\u00e9alis\u00e9 par les moines cisterciens a permis de cultiver des terres autrefois insalubres et mar\u00e9cageuses. Le d\u00e9vouement au travail dans les champs et \u00e0 la mise en valeur des zones mar\u00e9cageuses \u00e9tait une caract\u00e9ristique commune \u00e0 toutes les abbayes cisterciennes qui, gr\u00e2ce \u00e0 l&#8217;\u00e9norme r\u00e9seau de communication qui reliait les moines entre eux, ont pu \u00e9changer des connaissances techniques et adopter les m\u00eames syst\u00e8mes, m\u00eame \u00e0 plusieurs kilom\u00e8tres de distance.<br \/>\n<script>\njQuery(document).ready(function() {\njQuery('.coltivazione.rm').click(function() {\n  jQuery('.coltivazione.rm').hide();\njQuery('.coltivazione.text').show();\n});\n});\n<\/script><\/p>\n<p><strong><span class=\"coltivazione rm\">Lire plus<\/span><\/strong><br \/>\n<span class=\"coltivazione text\" style=\"display: none;\">L&#8217;innovation qui a surtout contribu\u00e9 \u00e0 la prosp\u00e9rit\u00e9 des terres dans les ann\u00e9es qui ont suivi l&#8217;op\u00e9ration d&#8217;assainissement a \u00e9t\u00e9 le syst\u00e8me de marcite utilis\u00e9 par les moines pour cultiver du fourrage. Le syst\u00e8me, qui s&#8217;est rapidement r\u00e9pandu dans la vall\u00e9e du P\u00f4, consiste \u00e0 maintenir une irrigation permanente du sol pour permettre \u00e0 l&#8217;herbe, prot\u00e9g\u00e9e par la temp\u00e9rature de l&#8217;eau, de pousser m\u00eame pendant les mois d&#8217;hiver.<br \/>\nCette technique permettait de r\u00e9aliser de nombreuses coupes de fourrage par an et fournissait une nourriture abondante pour les animaux d\u2019\u00e9levage.<br \/>\nL&#8217;abbaye de Chiaravalle de Milan est rapidement devenue une v\u00e9ritable exploitation agricole, avec un tr\u00e8s large \u00e9ventail de produits : lait, produits laitiers, l\u00e9gumes, vin.<br \/>\nAujourd&#8217;hui encore, les moines se consacrent \u00e0 la pri\u00e8re et au travail dans les champs. \u00c0 l&#8217;int\u00e9rieur de l&#8217;abbaye, il y a un magasin o\u00f9 il est possible d\u2019acheter leurs produits : cosm\u00e9tiques, sucreries, vin, produits de boulangerie et bien d&#8217;autres choses encore.<\/span>[\/et_pb_text][\/et_pb_column][\/et_pb_row][et_pb_row column_structure=&#8221;1_4,3_4&#8243; module_id=&#8221;sezione-produzione&#8221; module_class=&#8221;heritage_timeline_item&#8221; _builder_version=&#8221;4.27.6&#8243; _module_preset=&#8221;default&#8221; custom_margin=&#8221;||||false|false&#8221; custom_padding=&#8221;4px|||||&#8221; hover_enabled=&#8221;0&#8243; global_colors_info=&#8221;{}&#8221; sticky_enabled=&#8221;0&#8243;][et_pb_column type=&#8221;1_4&#8243; module_class=&#8221;timeline_left_col&#8221; _builder_version=&#8221;4.20.0&#8243; _module_preset=&#8221;default&#8221; background_color=&#8221;RGBA(255,255,255,0)&#8221; global_colors_info=&#8221;{}&#8221;][et_pb_image src=&#8221;https:\/\/www.granapadano.it\/wp-content\/uploads\/2022\/12\/Component-1-\u2013-1.png&#8221; module_class=&#8221;timeline_left_thumb&#8221; _builder_version=&#8221;4.19.4&#8243; _module_preset=&#8221;default&#8221; global_colors_info=&#8221;{}&#8221;][\/et_pb_image][\/et_pb_column][et_pb_column type=&#8221;3_4&#8243; module_class=&#8221;timeline_content_col&#8221; _builder_version=&#8221;4.27.6&#8243; _module_preset=&#8221;default&#8221; custom_padding=&#8221;50px||50px||false|false&#8221; hover_enabled=&#8221;0&#8243; border_width_all=&#8221;1px&#8221; border_color_all=&#8221;gcid-8696fd7e-29dd-4028-9d4d-981b208a53a9&#8243; global_colors_info=&#8221;{%22gcid-8696fd7e-29dd-4028-9d4d-981b208a53a9%22:%91%22border_color_all%22%93,%22gcid-26f0371c-74dd-4e63-bbf8-f8ec94f09a6d%22:%91%22border_color_all%22,%22border_color_all%22%93}&#8221; sticky_enabled=&#8221;0&#8243;][et_pb_image src=&#8221;https:\/\/www.granapadano.it\/wp-content\/uploads\/2023\/02\/ValledeiMonaci3-34698.jpg&#8221; title_text=&#8221;ValledeiMonaci3-34698&#8243; _builder_version=&#8221;4.20.0&#8243; _module_preset=&#8221;default&#8221; custom_padding=&#8221;20px||20px||false|false&#8221; border_radii=&#8221;on|20px|20px|20px|20px&#8221; global_colors_info=&#8221;{}&#8221;][\/et_pb_image][et_pb_text module_class=&#8221;timeline_title_right&#8221; _builder_version=&#8221;4.20.4&#8243; _module_preset=&#8221;default&#8221; text_font=&#8221;FontPadano-Bold||||||||&#8221; text_text_color=&#8221;RGBA(255,255,255,0)&#8221; text_font_size=&#8221;36px&#8221; header_2_font=&#8221;|700|||||||&#8221; header_2_text_align=&#8221;center&#8221; header_2_text_color=&#8221;gcid-8696fd7e-29dd-4028-9d4d-981b208a53a9&#8243; header_2_font_size=&#8221;23px&#8221; header_3_text_align=&#8221;left&#8221; header_3_font_size=&#8221;23px&#8221; header_3_line_height=&#8221;27px&#8221; header_5_font=&#8221;FontPadano-Bold||||||||&#8221; text_orientation=&#8221;center&#8221; global_colors_info=&#8221;{%22gcid-8696fd7e-29dd-4028-9d4d-981b208a53a9%22:%91%22header_2_text_color%22%93,%22gcid-26f0371c-74dd-4e63-bbf8-f8ec94f09a6d%22:%91%22header_2_text_color%22,%22header_2_text_color%22,%22header_2_text_color%22,%22text_text_color%22,%22header_2_text_color%22,%22header_2_text_color%22,%22header_2_text_color%22,%22text_text_color%22,%22header_2_text_color%22,%22header_2_text_color%22,%22header_2_text_color%22,%22header_2_text_color%22,%22text_text_color%22,%22header_2_text_color%22,%22header_2_text_color%22,%22header_2_text_color%22,%22text_text_color%22,%22header_2_text_color%22,%22header_2_text_color%22,%22header_2_text_color%22,%22text_text_color%22,%22header_2_text_color%22,%22text_text_color%22,%22header_2_text_color%22,%22text_text_color%22,%22header_2_text_color%22,%22text_text_color%22,%22header_2_text_color%22,%22text_text_color%22%93}&#8221;]<\/p>\n<h3>Histoire de la production dans l&#8217;Abbaye de Chiaravalle : les d\u00e9buts<\/h3>\n<p>[\/et_pb_text][et_pb_text module_class=&#8221;timeline_desc_right&#8221; _builder_version=&#8221;4.20.4&#8243; _module_preset=&#8221;default&#8221; text_text_color=&#8221;gcid-8696fd7e-29dd-4028-9d4d-981b208a53a9&#8243; text_font_size=&#8221;18px&#8221; text_line_height=&#8221;26px&#8221; global_colors_info=&#8221;{%22gcid-8696fd7e-29dd-4028-9d4d-981b208a53a9%22:%91%22text_text_color%22%93}&#8221;]La production abondante de fourrage, utilis\u00e9 comme nourriture pour les animaux d\u2019\u00e9levage, a entra\u00een\u00e9 une augmentation de la production de lait par les vaches, au point que les moines ont d\u00fb inventer un syst\u00e8me de conservation.<br \/>\nHistoriquement, ce fait est tr\u00e8s int\u00e9ressant, car les gens \u00e9taient conditionn\u00e9s au Moyen \u00c2ge par le climat et l&#8217;environnement dans lequel ils vivaient et ne pouvaient que suivre les rythmes naturels et les lois biologiques. En ce qui concerne l&#8217;agriculture et l&#8217;\u00e9levage, cela signifie s\u2019adapter aux saisons et accepter la nourriture que la nature offre de mois en mois.<br \/>\n<script>\njQuery(document).ready(function() {\njQuery('.storia1.rm').click(function() {\n  jQuery('.storia1.rm').hide();\njQuery('.storia1.text').show();\n});\n});\n<\/script><\/p>\n<p><strong><span class=\"storia1 rm\">Lire plus<\/span><\/strong><br \/>\n<span class=\"storia1 text\" style=\"display: none;\">Les techniques de conservation en \u00e9taient encore \u00e0 leurs d\u00e9buts et se limitaient \u00e0 des proc\u00e9d\u00e9s tr\u00e8s simples (s\u00e9chage au soleil ou salage) : le lait devait \u00eatre consomm\u00e9 le jour de la traite et les fromages ne duraient gu\u00e8re plus longtemps.<br \/>\nApr\u00e8s une r\u00e9flexion approfondie et quelques exp\u00e9riences, les moines de l&#8217;abbaye ont eu l&#8217;id\u00e9e de faire cuire le lait pendant une longue p\u00e9riode, d&#8217;y ajouter un peu de pr\u00e9sure et de le saler ensuite. C&#8217;est ainsi qu&#8217;est n\u00e9 le fromage \u00e0 p\u00e2te dure : ce \u00ab cacio \u00bb rugueux et consistant a commenc\u00e9 \u00e0 \u00eatre produit dans les chaudrons des monast\u00e8res qui sont devenus les premi\u00e8res v\u00e9ritables fromageries de l&#8217;histoire. Sous la direction attentive des moines, de nouvelles figures professionnelles ont commenc\u00e9 \u00e0 se r\u00e9pandre, les fromagers, experts dans l&#8217;art de la fabrication du fromage.<br \/>\nEn raison de sa longue p\u00e9riode d&#8217;affinage, les moines appelaient ce nouveau fromage \u00ab caseus vetus \u00bb ou \u00ab vieux fromage \u00bb afin de souligner ce qui le distinguait des autres fromages de tradition ant\u00e9rieure qui, \u00e9tant frais, se consommaient rapidement.<br \/>\nCependant, les habitants des campagnes, qui ne connaissaient pas le latin, pr\u00e9f\u00e9raient l&#8217;appeler \u00ab grana \u00bb pour sa p\u00e2te compacte parsem\u00e9e de grains blancs, c&#8217;est-\u00e0-dire de petits cristaux de calcium r\u00e9siduels provenant du lait transform\u00e9. Selon les provinces o\u00f9 il est produit, on lui a associ\u00e9 le terme indiquant son origine. Parmi les plus cit\u00e9s, on trouve celui de Lodi, consid\u00e9r\u00e9 par bon nombre le plus ancien, celui de Milan, de Plaisance et de Mantoue. La renomm\u00e9e du fromage \u00ab grana \u00bb dans la vall\u00e9e du P\u00f4 s&#8217;est consolid\u00e9e au fil du temps et il est rapidement devenu un fromage pris\u00e9, au c\u0153ur des banquets des princes et des ducs de la Renaissance. Parmi les t\u00e9moignages document\u00e9s, on trouve une lettre d&#8217;Isabelle d&#8217;Este, \u00e9pouse de Fran\u00e7ois II Gonzague et marquise de Mantoue, qui a envoy\u00e9 le c\u00e9l\u00e8bre fromage en cadeau \u00e0 sa famille, les seigneurs du duch\u00e9 de Ferrare. C\u2019\u00e9tait en 1504.<br \/>\nGr\u00e2ce \u00e0 ses riches propri\u00e9t\u00e9s nutritionnelles, \u00e0 sa longue conservation et \u00e0 l&#8217;inalt\u00e9rabilit\u00e9 de ses caract\u00e9ristiques alimentaires et gustatives, les \u00ab formai de grana \u00bb sont devenus un aliment important pour les paysans, surtout pendant les terribles famines.<br \/>\nLe \u00ab Grana Padano \u00bb devient ainsi l&#8217;expression de toute une culture sociale et \u00e9conomique, transversale \u00e0 ses classes, appr\u00e9ci\u00e9e tant par les riches et les nobles, habitu\u00e9s \u00e0 une cuisine plut\u00f4t \u00e9labor\u00e9e et raffin\u00e9e, que par les pauvres, dont les recettes quotidiennes sont beaucoup plus simples, mais traditionnelles.<\/span>[\/et_pb_text][\/et_pb_column][\/et_pb_row][et_pb_row column_structure=&#8221;1_4,3_4&#8243; module_class=&#8221;heritage_timeline_item &#8221; _builder_version=&#8221;4.27.6&#8243; _module_preset=&#8221;default&#8221; custom_padding=&#8221;1px||0px|||&#8221; hover_enabled=&#8221;0&#8243; global_colors_info=&#8221;{}&#8221; sticky_enabled=&#8221;0&#8243;][et_pb_column type=&#8221;1_4&#8243; module_class=&#8221;timeline_left_col&#8221; _builder_version=&#8221;4.20.0&#8243; _module_preset=&#8221;default&#8221; global_colors_info=&#8221;{}&#8221;][et_pb_image src=&#8221;https:\/\/www.granapadano.it\/wp-content\/uploads\/2022\/12\/Component-1-\u2013-1.png&#8221; module_class=&#8221;timeline_left_thumb&#8221; _builder_version=&#8221;4.19.4&#8243; _module_preset=&#8221;default&#8221; global_colors_info=&#8221;{}&#8221;][\/et_pb_image][\/et_pb_column][et_pb_column type=&#8221;3_4&#8243; module_class=&#8221;timeline_content_col&#8221; _builder_version=&#8221;4.27.6&#8243; _module_preset=&#8221;default&#8221; custom_padding=&#8221;50px||50px||false|false&#8221; hover_enabled=&#8221;0&#8243; border_width_all=&#8221;1px&#8221; border_color_all=&#8221;gcid-8696fd7e-29dd-4028-9d4d-981b208a53a9&#8243; global_colors_info=&#8221;{%22gcid-8696fd7e-29dd-4028-9d4d-981b208a53a9%22:%91%22border_color_all%22%93,%22gcid-26f0371c-74dd-4e63-bbf8-f8ec94f09a6d%22:%91%22border_color_all%22%93}&#8221; sticky_enabled=&#8221;0&#8243;][et_pb_image src=&#8221;https:\/\/www.granapadano.it\/wp-content\/uploads\/2023\/02\/00b-gp-mipresento-storiaslot-4-5000-5928-34700.jpg&#8221; title_text=&#8221;00b-gp-mipresento-storiaslot-4-5000-5928-34700&#8243; _builder_version=&#8221;4.19.5&#8243; _module_preset=&#8221;default&#8221; custom_padding=&#8221;20px||20px||false|false&#8221; border_radii=&#8221;on|20px|20px|20px|20px&#8221; global_colors_info=&#8221;{}&#8221;][\/et_pb_image][et_pb_text module_class=&#8221;timeline_title_right&#8221; _builder_version=&#8221;4.20.4&#8243; _module_preset=&#8221;default&#8221; text_font=&#8221;FontPadano-Bold||||||||&#8221; text_text_color=&#8221;RGBA(255,255,255,0)&#8221; text_font_size=&#8221;36px&#8221; header_2_font=&#8221;|700|||||||&#8221; header_2_text_align=&#8221;center&#8221; header_2_text_color=&#8221;gcid-8696fd7e-29dd-4028-9d4d-981b208a53a9&#8243; header_2_font_size=&#8221;23px&#8221; header_3_text_align=&#8221;left&#8221; header_3_font_size=&#8221;23px&#8221; header_3_line_height=&#8221;27px&#8221; header_5_font=&#8221;FontPadano-Bold||||||||&#8221; text_orientation=&#8221;center&#8221; global_colors_info=&#8221;{%22gcid-8696fd7e-29dd-4028-9d4d-981b208a53a9%22:%91%22header_2_text_color%22%93,%22gcid-26f0371c-74dd-4e63-bbf8-f8ec94f09a6d%22:%91%22header_2_text_color%22,%22header_2_text_color%22,%22header_2_text_color%22,%22text_text_color%22,%22header_2_text_color%22,%22header_2_text_color%22,%22header_2_text_color%22,%22text_text_color%22,%22header_2_text_color%22,%22header_2_text_color%22,%22header_2_text_color%22,%22header_2_text_color%22,%22text_text_color%22,%22header_2_text_color%22,%22header_2_text_color%22,%22header_2_text_color%22,%22text_text_color%22,%22header_2_text_color%22,%22header_2_text_color%22,%22header_2_text_color%22,%22text_text_color%22,%22header_2_text_color%22,%22text_text_color%22,%22header_2_text_color%22,%22text_text_color%22,%22header_2_text_color%22,%22text_text_color%22,%22header_2_text_color%22,%22text_text_color%22%93}&#8221;]<\/p>\n<h2 style=\"text-align: left;\">Histoire de la production : du d\u00e9but du XX<sup>e<\/sup> \u00e0 aujourd\u2019hui<\/h2>\n<p>[\/et_pb_text][et_pb_text module_class=&#8221;timeline_desc_right&#8221; _builder_version=&#8221;4.20.4&#8243; _module_preset=&#8221;default&#8221; text_text_color=&#8221;gcid-8696fd7e-29dd-4028-9d4d-981b208a53a9&#8243; text_font_size=&#8221;18px&#8221; text_line_height=&#8221;26px&#8221; global_colors_info=&#8221;{%22gcid-8696fd7e-29dd-4028-9d4d-981b208a53a9%22:%91%22text_text_color%22%93}&#8221;]Dans une p\u00e9riode bien plus proche de nous, l&#8217;\u00e9volution de la culture gastronomique et des pratiques alimentaires a suscit\u00e9 la n\u00e9cessit\u00e9 de d\u00e9finir clairement les caract\u00e9ristiques et les particularit\u00e9s de nombreuses pr\u00e9parations consid\u00e9r\u00e9es l\u2019expression de la tradition et de l&#8217;histoire plus ou moins ancienne. C&#8217;est ainsi qu&#8217;est n\u00e9e l&#8217;id\u00e9e de transformer ce qui \u00e9tait le nom \u00ab g\u00e9n\u00e9rique \u00bb d&#8217;un fromage typique en un nom propre, capable de d\u00e9signer un fromage unique et inimitable. C\u2019est ainsi qu\u2019est n\u00e9e la volont\u00e9 de d\u00e9finir le \u00ab Grana Padano \u00bb comme un fromage produit avec des mati\u00e8res premi\u00e8res sp\u00e9cifiques, gr\u00e2ce \u00e0 une technique et une proc\u00e9dure bien d\u00e9finies, et dans une zone de production \u00e9galement d\u00e9limit\u00e9e. Le 1\u00b0er juin 1951, \u00e0 Stresa, sur le lac Majeur, dans le Pi\u00e9mont, certains techniciens et fromagers europ\u00e9ens ont sign\u00e9 un accord, o\u00f9 ils ont \u00e9tabli des r\u00e8gles pr\u00e9cises pour la d\u00e9nomination des fromages et leurs caract\u00e9ristiques sp\u00e9cifiques.<br \/>\n<script>\njQuery(document).ready(function() {\njQuery('.storia2.rm').click(function() {\n  jQuery('.storia2.rm').hide();\njQuery('.storia2.text').show();\n});\n});\n<\/script><\/p>\n<p><strong><span class=\"storia2 rm\">Lire plus<\/span><\/strong><br \/>\n<span class=\"storia2 text\" style=\"display: none;\">\u00c0 cette occasion, le \u00ab Grana Lodi \u00bb a \u00e9t\u00e9 divis\u00e9 en deux types, aujourd&#8217;hui dans le Grana Padano et le Parmigiano Reggiano. Le 18 juin 1954, \u00e0 l&#8217;initiative de la Federlatte (Federazione Latterie Cooperative) et de l&#8217;Assolatte (Associazione Industrie Lattiero-Casearie), le Consortium de Protection du Grana Padano a \u00e9t\u00e9 fond\u00e9 en rassemblant tous les producteurs, affineurs et commer\u00e7ants de ce pr\u00e9cieux fromage. Le 30 octobre 1955, le d\u00e9cret du Pr\u00e9sident de la R\u00e9publique n\u00b0 1269 portant sur la \u00ab reconnaissance des appellations relatives aux m\u00e9thodes de transformation, aux caract\u00e9ristiques des produits et aux zones de production des fromages \u00bb a \u00e9t\u00e9 publi\u00e9. Parmi eux figure \u00e9galement le Grana Padano. Cependant, ce n&#8217;est qu&#8217;avec les d\u00e9crets minist\u00e9riels de 1957 que le Consortium de Protection du Grana Padano a assum\u00e9 la mission de superviser la production et le commerce du fromage. Le premier renouvellement des statuts a eu lieu le 12 d\u00e9cembre 1976, confirmant ainsi le projet et les objectifs qui ont conduit \u00e0 la fondation du Consortium de Protection du Grana Padano, dont le but (comme indiqu\u00e9 depuis les premiers statuts) \u00e9tait de prot\u00e9ger la typicit\u00e9 de ce fromage, mais aussi de diffuser et de promouvoir sa consommation par une information correcte, des initiatives et des activit\u00e9s de soutien \u00e0 la zone de production, en r\u00e9glementant sa distribution et sa commercialisation non seulement en Italie mais aussi, de plus en plus, \u00e0 l&#8217;\u00e9tranger. En 1996, le Grana Padano a obtenu le label AOP &#8211; Appellation d&#8217;Origine Prot\u00e9g\u00e9e &#8211; de l&#8217;Union Europ\u00e9enne. Cette reconnaissance est suivie par la v\u00e9rification des crit\u00e8res n\u00e9cessaires pour que chaque meule puisse obtenir le marquage au feu &#8211; avec l&#8217;approbation du Consortium de Protection et du Minist\u00e8re de l&#8217;Agriculture &#8211; par un institut externe, actuellement le CSQA. Entre 2002 et 2011, les statuts du Consortium de Protection du Grana Padano ont \u00e9t\u00e9 remani\u00e9s, r\u00e9vis\u00e9s et \u00e9toff\u00e9s. Approuv\u00e9s par le Minist\u00e8re des politiques agricoles, alimentaires et foresti\u00e8res, il a sanctionn\u00e9 la poursuite de ses activit\u00e9s et de ses objectifs jusqu&#8217;au 31 d\u00e9cembre 2054.<\/span>[\/et_pb_text][\/et_pb_column][\/et_pb_row][et_pb_row _builder_version=&#8221;4.19.5&#8243; _module_preset=&#8221;default&#8221; custom_padding=&#8221;||0px|||&#8221; global_colors_info=&#8221;{}&#8221;][et_pb_column type=&#8221;4_4&#8243; _builder_version=&#8221;4.19.5&#8243; _module_preset=&#8221;default&#8221; global_colors_info=&#8221;{}&#8221;][et_pb_text _builder_version=&#8221;4.20.4&#8243; _module_preset=&#8221;default&#8221; text_font=&#8221;Merriweather|300|||||||&#8221; header_2_font=&#8221;Merriweather|300|||||||&#8221; header_2_font_size=&#8221;22px&#8221; global_colors_info=&#8221;{}&#8221;]<\/p>\n<h2><strong><span style=\"color: #0f0f0f;\">BIBLIOGRAPHIE<\/span><\/strong><\/h2>\n<p>[\/et_pb_text][\/et_pb_column][\/et_pb_row][et_pb_row column_structure=&#8221;1_4,1_4,1_4,1_4&#8243; module_class=&#8221;Abbazia_heritage_btm_sec&#8221; _builder_version=&#8221;4.19.5&#8243; _module_preset=&#8221;default&#8221; custom_padding=&#8221;||||false|false&#8221; global_colors_info=&#8221;{}&#8221;][et_pb_column type=&#8221;1_4&#8243; _builder_version=&#8221;4.19.5&#8243; _module_preset=&#8221;default&#8221; hover_enabled=&#8221;0&#8243; global_colors_info=&#8221;{}&#8221; sticky_enabled=&#8221;0&#8243;][et_pb_image src=&#8221;https:\/\/www.granapadano.it\/wp-content\/uploads\/2023\/02\/img-35591-1.jpg&#8221; title_text=&#8221;img-35591&#8243; align=&#8221;center&#8221; _builder_version=&#8221;4.20.0&#8243; _module_preset=&#8221;default&#8221; width=&#8221;45%&#8221; border_radii=&#8221;on|20px|20px|20px|20px&#8221; global_colors_info=&#8221;{}&#8221;][\/et_pb_image][et_pb_text _builder_version=&#8221;4.27.6&#8243; _module_preset=&#8221;default&#8221; text_text_color=&#8221;#0f0f0f&#8221; text_line_height=&#8221;27px&#8221; header_text_align=&#8221;center&#8221; header_2_font=&#8221;FontPadano-Bold||||||||&#8221; header_5_font=&#8221;FontPadano-Bold||||||||&#8221; header_6_font=&#8221;|300|||||||&#8221; header_6_font_size=&#8221;15px&#8221; width=&#8221;100%&#8221; min_height=&#8221;63px&#8221; custom_padding=&#8221;15px||||false|false&#8221; hover_enabled=&#8221;0&#8243; global_colors_info=&#8221;{}&#8221; text_font=&#8221;||||||||&#8221; sticky_enabled=&#8221;0&#8243;]<\/p>\n<h6 style=\"text-align: center;\"><span style=\"color: #0f0f0f;\">P. Tomea, Chiaravalle. Arte e storia di un&#8217;abbazia cistercense<\/span><br \/><span style=\"color: #0f0f0f;\">Editore: Mondadori Electa;<\/span><br \/><span style=\"color: #0f0f0f;\">Edizione: 31 dicembre 1993<\/span><br \/><span style=\"color: #0f0f0f;\">Pagine: 504 p.<\/span><\/h6>\n<p>[\/et_pb_text][\/et_pb_column][et_pb_column type=&#8221;1_4&#8243; _builder_version=&#8221;4.19.5&#8243; _module_preset=&#8221;default&#8221; global_colors_info=&#8221;{}&#8221;][et_pb_image src=&#8221;https:\/\/www.granapadano.it\/wp-content\/uploads\/2023\/02\/img-35592-1.jpg&#8221; title_text=&#8221;img-35592&#8243; align=&#8221;center&#8221; _builder_version=&#8221;4.20.0&#8243; _module_preset=&#8221;default&#8221; width=&#8221;45%&#8221; border_radii=&#8221;on|20px|20px|20px|20px&#8221; global_colors_info=&#8221;{}&#8221;][\/et_pb_image][et_pb_text _builder_version=&#8221;4.20.0&#8243; _module_preset=&#8221;default&#8221; text_text_color=&#8221;#0f0f0f&#8221; text_font_size=&#8221;21px&#8221; text_line_height=&#8221;27px&#8221; header_text_align=&#8221;center&#8221; header_2_font=&#8221;FontPadano-Bold||||||||&#8221; header_5_font=&#8221;FontPadano-Bold||||||||&#8221; header_6_font=&#8221;|300|||||||&#8221; header_6_font_size=&#8221;15px&#8221; width=&#8221;100%&#8221; min_height=&#8221;63px&#8221; custom_padding=&#8221;15px||||false|false&#8221; global_colors_info=&#8221;{}&#8221;]<\/p>\n<h6 style=\"text-align: center;\"><span style=\"color: #0f0f0f;\">P. Angelo M. Caccin,<br \/>\nL&#8217;Abbazia di Chiaravalle milanese &#8211;<br \/>\nIl Monastero e la Chiesa &#8211;<br \/>\nStoria e Arte<\/span><br \/>\n<span style=\"color: #0f0f0f;\">Editore: Moneta<\/span><br \/>\n<span style=\"color: #0f0f0f;\">Anno edizione: 1979<\/span><br \/>\n<span style=\"color: #0f0f0f;\">Pagine: 60 p.<\/span><br \/>\n<span style=\"color: #0f0f0f;\">EAN: 2560015447637<\/span><\/h6>\n<p>[\/et_pb_text][\/et_pb_column][et_pb_column type=&#8221;1_4&#8243; _builder_version=&#8221;4.19.5&#8243; _module_preset=&#8221;default&#8221; global_colors_info=&#8221;{}&#8221;][et_pb_image src=&#8221;https:\/\/www.granapadano.it\/wp-content\/uploads\/2023\/02\/img02-35594-1.jpg&#8221; title_text=&#8221;img02-35594&#8243; align=&#8221;center&#8221; _builder_version=&#8221;4.20.0&#8243; _module_preset=&#8221;default&#8221; width=&#8221;45%&#8221; border_radii=&#8221;on|20px|20px|20px|20px&#8221; global_colors_info=&#8221;{}&#8221;][\/et_pb_image][et_pb_text _builder_version=&#8221;4.20.0&#8243; _module_preset=&#8221;default&#8221; text_text_color=&#8221;#0f0f0f&#8221; text_font_size=&#8221;21px&#8221; text_line_height=&#8221;27px&#8221; header_text_align=&#8221;center&#8221; header_2_font=&#8221;FontPadano-Bold||||||||&#8221; header_5_font=&#8221;FontPadano-Bold||||||||&#8221; header_6_font=&#8221;|300|||||||&#8221; header_6_font_size=&#8221;15px&#8221; width=&#8221;100%&#8221; min_height=&#8221;63px&#8221; custom_padding=&#8221;15px||||false|false&#8221; global_colors_info=&#8221;{}&#8221;]<\/p>\n<h6 style=\"text-align: center;\"><span style=\"color: #0f0f0f;\">M. T. Donati e T. Tibiletti,<br \/>\nAbbazia di Chiaravalle<\/span><br \/>\n<span style=\"color: #0f0f0f;\">Anno edizione: 2005<\/span><br \/>\n<span style=\"color: #0f0f0f;\">Editore: Skira<\/span><br \/>\n<span style=\"color: #0f0f0f;\">Collana: Guide artistiche Skira<\/span><br \/>\n<span style=\"color: #0f0f0f;\">EAN: 9788876240201<\/span><br \/>\n<span style=\"color: #0f0f0f;\">Pagine: 136 p., ill. , Brossura<\/span><br \/>\n<span style=\"color: #0f0f0f;\">EAN: 2560015447637<\/span><\/h6>\n<p>[\/et_pb_text][\/et_pb_column][et_pb_column type=&#8221;1_4&#8243; _builder_version=&#8221;4.19.5&#8243; _module_preset=&#8221;default&#8221; global_colors_info=&#8221;{}&#8221;][et_pb_image src=&#8221;https:\/\/www.granapadano.it\/wp-content\/uploads\/2023\/02\/img-35595-1.jpg&#8221; title_text=&#8221;img-35595&#8243; align=&#8221;center&#8221; _builder_version=&#8221;4.20.0&#8243; _module_preset=&#8221;default&#8221; width=&#8221;45%&#8221; border_radii=&#8221;on|20px|20px|20px|20px&#8221; global_colors_info=&#8221;{}&#8221;][\/et_pb_image][et_pb_text _builder_version=&#8221;4.20.0&#8243; _module_preset=&#8221;default&#8221; text_text_color=&#8221;#0f0f0f&#8221; text_font_size=&#8221;21px&#8221; text_line_height=&#8221;27px&#8221; header_text_align=&#8221;center&#8221; header_2_font=&#8221;FontPadano-Bold||||||||&#8221; header_5_font=&#8221;FontPadano-Bold||||||||&#8221; header_6_font=&#8221;|300|||||||&#8221; header_6_font_size=&#8221;15px&#8221; width=&#8221;100%&#8221; min_height=&#8221;63px&#8221; custom_padding=&#8221;15px||||false|false&#8221; global_colors_info=&#8221;{}&#8221;]<\/p>\n<h6 style=\"text-align: center;\"><span style=\"color: #0f0f0f;\">L. Facchin, Abbazia di Chiaravalle Milano<\/span><br \/>\n<span style=\"color: #0f0f0f;\">Editore:SAGEP<\/span><br \/>\n<span style=\"color: #0f0f0f;\">Pubblicazione: 01\/01\/2011<\/span><br \/>\n<span style=\"color: #0f0f0f;\">Genere: Architettura<\/span><br \/>\n<span style=\"color: #0f0f0f;\">Pagine: 24 p.<\/span><br \/>\n<span style=\"color: #0f0f0f;\">EAN:9788863731132<\/span><\/h6>\n<p>[\/et_pb_text][\/et_pb_column][\/et_pb_row][et_pb_row _builder_version=&#8221;4.19.5&#8243; _module_preset=&#8221;default&#8221; custom_padding=&#8221;0px||9px|||&#8221; global_colors_info=&#8221;{}&#8221;][et_pb_column type=&#8221;4_4&#8243; _builder_version=&#8221;4.19.5&#8243; _module_preset=&#8221;default&#8221; global_colors_info=&#8221;{}&#8221;][et_pb_text _builder_version=&#8221;4.20.4&#8243; _module_preset=&#8221;default&#8221; text_font=&#8221;Merriweather|300|||||||&#8221; text_text_color=&#8221;#0f0f0f&#8221; text_font_size=&#8221;21px&#8221; text_line_height=&#8221;27px&#8221; header_font=&#8221;|300|||||||&#8221; header_2_font=&#8221;FontPadano-Bold|300|||||||&#8221; header_5_font=&#8221;FontPadano-Bold|300|||||||&#8221; header_6_font=&#8221;|300|||||||&#8221; header_6_font_size=&#8221;15px&#8221; width=&#8221;99.7%&#8221; global_colors_info=&#8221;{}&#8221;]<\/p>\n<h6><span style=\"color: #0f0f0f;\">M. Addomine, Ancora sull\u2019orologio astronomico di Chiaravalle<\/span><br \/>\n<span style=\"color: #0f0f0f;\">Pubblicazione: Anno 2007<\/span><br \/>\n<span style=\"color: #0f0f0f;\"><a style=\"color: #0f0f0f;\" href=\"https:\/\/www.academia.edu\/6202402\/Lorologio_astronomico_di_Chiaravalle\" target=\"_blank\" rel=\"noopener\">www.academia.edu\/<\/a><\/span><br \/>\n<span style=\"color: #0f0f0f;\">Pagine: 14 p.<\/span><\/h6>\n<p>&nbsp;<\/p>\n<p><strong style=\"font-size: x-large;\"><span style=\"color: #0f0f0f;\">SITOGRAPHIE<\/span><\/strong><\/p>\n<p><span style=\"font-size: medium;\"><strong><span style=\"color: #0f0f0f;\">www.granapadano.it<\/span><\/strong><\/span><\/p>\n<p>&nbsp;<br \/>\n[\/et_pb_text][\/et_pb_column][\/et_pb_row][\/et_pb_section][et_pb_section fb_built=&#8221;1&#8243; disabled_on=&#8221;on|on|on&#8221; _builder_version=&#8221;4.19.5&#8243; _module_preset=&#8221;default&#8221; disabled=&#8221;on&#8221; global_colors_info=&#8221;{}&#8221;][et_pb_row _builder_version=&#8221;4.19.5&#8243; _module_preset=&#8221;default&#8221; global_colors_info=&#8221;{}&#8221;][et_pb_column type=&#8221;4_4&#8243; _builder_version=&#8221;4.19.5&#8243; _module_preset=&#8221;default&#8221; global_colors_info=&#8221;{}&#8221;][et_pb_text disabled_on=&#8221;off|off|off&#8221; _builder_version=&#8221;4.19.5&#8243; _module_preset=&#8221;default&#8221; text_text_color=&#8221;#000000&#8243; text_font_size=&#8221;80px&#8221; header_2_font=&#8221;FontPadano-Bold||||||||&#8221; header_5_font=&#8221;FontPadano-Bold||||||||&#8221; text_orientation=&#8221;center&#8221; global_colors_info=&#8221;{}&#8221;]End story Abbazia Section<br \/>\n[\/et_pb_text][\/et_pb_column][\/et_pb_row][\/et_pb_section]<\/p>\n","protected":false},"excerpt":{"rendered":"<p><div class=\"breadcrumb\"><a href=\"https:\/\/www.granapadano.it\/fr-fr\/\">Home<\/a>  <  <\/div>Notre histoire L\u2019histoire de notre fromage puise ses racines loin dans le temps. La recette d\u2019origine date d\u2019il y a presque 1000 ans, et nous produisons le Grana Padano AOP depuis ce jour, avec la m\u00eame passion. L\u2019histoire de notre fromage plonge ses racines tr\u00e8s profond\u00e9ment dans le temps. La recette originale remonte \u00e0 pr\u00e8s [&hellip;]<\/p>\n","protected":false},"author":2,"featured_media":0,"parent":151805,"menu_order":92,"comment_status":"closed","ping_status":"closed","template":"","meta":{"_acf_changed":false,"_et_pb_use_builder":"on","_et_pb_old_content":"","_et_gb_content_width":"","footnotes":""},"class_list":["post-85738","page","type-page","status-publish","hentry"],"acf":[],"yoast_head":"<!-- This site is optimized with the Yoast SEO plugin v27.4 - https:\/\/yoast.com\/product\/yoast-seo-wordpress\/ -->\n<title>Histoire et h\u00e9ritage - Grana Padano<\/title>\n<meta name=\"robots\" content=\"index, follow, max-snippet:-1, max-image-preview:large, max-video-preview:-1\" \/>\n<link rel=\"canonical\" href=\"https:\/\/www.granapadano.it\/fr-fr\/lart-du-savoir-faire\/histoire-et-heritage\/\" \/>\n<meta property=\"og:locale\" content=\"fr_FR\" \/>\n<meta property=\"og:type\" content=\"article\" \/>\n<meta property=\"og:title\" content=\"Histoire et h\u00e9ritage - Grana Padano\" \/>\n<meta property=\"og:description\" content=\"Notre histoire L\u2019histoire de notre fromage puise ses racines loin dans le temps. La recette d\u2019origine date d\u2019il y a presque 1000 ans, et nous produisons le Grana Padano AOP depuis ce jour, avec la m\u00eame passion. L\u2019histoire de notre fromage plonge ses racines tr\u00e8s profond\u00e9ment dans le temps. La recette originale remonte \u00e0 pr\u00e8s [&hellip;]\" \/>\n<meta property=\"og:url\" content=\"https:\/\/www.granapadano.it\/fr-fr\/lart-du-savoir-faire\/histoire-et-heritage\/\" \/>\n<meta property=\"og:site_name\" content=\"Grana Padano\" \/>\n<meta property=\"article:modified_time\" content=\"2026-04-01T12:30:01+00:00\" \/>\n<meta name=\"twitter:card\" content=\"summary_large_image\" \/>\n<meta name=\"twitter:label1\" content=\"Est. reading time\" \/>\n\t<meta name=\"twitter:data1\" content=\"43 minutes\" \/>\n<script type=\"application\/ld+json\" class=\"yoast-schema-graph\">{\"@context\":\"https:\\\/\\\/schema.org\",\"@graph\":[{\"@type\":\"WebPage\",\"@id\":\"https:\\\/\\\/www.granapadano.it\\\/fr-fr\\\/lart-du-savoir-faire\\\/histoire-et-heritage\\\/\",\"url\":\"https:\\\/\\\/www.granapadano.it\\\/fr-fr\\\/lart-du-savoir-faire\\\/histoire-et-heritage\\\/\",\"name\":\"Histoire et h\u00e9ritage - Grana Padano\",\"isPartOf\":{\"@id\":\"https:\\\/\\\/www.granapadano.it\\\/fr-fr\\\/#website\"},\"datePublished\":\"2023-02-27T04:06:10+00:00\",\"dateModified\":\"2026-04-01T12:30:01+00:00\",\"breadcrumb\":{\"@id\":\"https:\\\/\\\/www.granapadano.it\\\/fr-fr\\\/lart-du-savoir-faire\\\/histoire-et-heritage\\\/#breadcrumb\"},\"inLanguage\":\"fr-fr\",\"potentialAction\":[{\"@type\":\"ReadAction\",\"target\":[\"https:\\\/\\\/www.granapadano.it\\\/fr-fr\\\/lart-du-savoir-faire\\\/histoire-et-heritage\\\/\"]}]},{\"@type\":\"BreadcrumbList\",\"@id\":\"https:\\\/\\\/www.granapadano.it\\\/fr-fr\\\/lart-du-savoir-faire\\\/histoire-et-heritage\\\/#breadcrumb\",\"itemListElement\":[{\"@type\":\"ListItem\",\"position\":1,\"name\":\"Home\",\"item\":\"https:\\\/\\\/www.granapadano.it\\\/fr-fr\\\/\"},{\"@type\":\"ListItem\",\"position\":2,\"name\":\"L&#8217;art du savoir-faire\",\"item\":\"https:\\\/\\\/www.granapadano.it\\\/fr-fr\\\/lart-du-savoir-faire\\\/\"},{\"@type\":\"ListItem\",\"position\":3,\"name\":\"Histoire et h\u00e9ritage\"}]},{\"@type\":\"WebSite\",\"@id\":\"https:\\\/\\\/www.granapadano.it\\\/fr-fr\\\/#website\",\"url\":\"https:\\\/\\\/www.granapadano.it\\\/fr-fr\\\/\",\"name\":\"Grana Padano\",\"description\":\"\",\"potentialAction\":[{\"@type\":\"SearchAction\",\"target\":{\"@type\":\"EntryPoint\",\"urlTemplate\":\"https:\\\/\\\/www.granapadano.it\\\/fr-fr\\\/?s={search_term_string}\"},\"query-input\":{\"@type\":\"PropertyValueSpecification\",\"valueRequired\":true,\"valueName\":\"search_term_string\"}}],\"inLanguage\":\"fr-fr\"}]}<\/script>\n<!-- \/ Yoast SEO plugin. -->","yoast_head_json":{"title":"Histoire et h\u00e9ritage - Grana Padano","robots":{"index":"index","follow":"follow","max-snippet":"max-snippet:-1","max-image-preview":"max-image-preview:large","max-video-preview":"max-video-preview:-1"},"canonical":"https:\/\/www.granapadano.it\/fr-fr\/lart-du-savoir-faire\/histoire-et-heritage\/","og_locale":"fr_FR","og_type":"article","og_title":"Histoire et h\u00e9ritage - Grana Padano","og_description":"Notre histoire L\u2019histoire de notre fromage puise ses racines loin dans le temps. La recette d\u2019origine date d\u2019il y a presque 1000 ans, et nous produisons le Grana Padano AOP depuis ce jour, avec la m\u00eame passion. L\u2019histoire de notre fromage plonge ses racines tr\u00e8s profond\u00e9ment dans le temps. La recette originale remonte \u00e0 pr\u00e8s [&hellip;]","og_url":"https:\/\/www.granapadano.it\/fr-fr\/lart-du-savoir-faire\/histoire-et-heritage\/","og_site_name":"Grana Padano","article_modified_time":"2026-04-01T12:30:01+00:00","twitter_card":"summary_large_image","twitter_misc":{"Est. reading time":"43 minutes"},"schema":{"@context":"https:\/\/schema.org","@graph":[{"@type":"WebPage","@id":"https:\/\/www.granapadano.it\/fr-fr\/lart-du-savoir-faire\/histoire-et-heritage\/","url":"https:\/\/www.granapadano.it\/fr-fr\/lart-du-savoir-faire\/histoire-et-heritage\/","name":"Histoire et h\u00e9ritage - Grana Padano","isPartOf":{"@id":"https:\/\/www.granapadano.it\/fr-fr\/#website"},"datePublished":"2023-02-27T04:06:10+00:00","dateModified":"2026-04-01T12:30:01+00:00","breadcrumb":{"@id":"https:\/\/www.granapadano.it\/fr-fr\/lart-du-savoir-faire\/histoire-et-heritage\/#breadcrumb"},"inLanguage":"fr-fr","potentialAction":[{"@type":"ReadAction","target":["https:\/\/www.granapadano.it\/fr-fr\/lart-du-savoir-faire\/histoire-et-heritage\/"]}]},{"@type":"BreadcrumbList","@id":"https:\/\/www.granapadano.it\/fr-fr\/lart-du-savoir-faire\/histoire-et-heritage\/#breadcrumb","itemListElement":[{"@type":"ListItem","position":1,"name":"Home","item":"https:\/\/www.granapadano.it\/fr-fr\/"},{"@type":"ListItem","position":2,"name":"L&#8217;art du savoir-faire","item":"https:\/\/www.granapadano.it\/fr-fr\/lart-du-savoir-faire\/"},{"@type":"ListItem","position":3,"name":"Histoire et h\u00e9ritage"}]},{"@type":"WebSite","@id":"https:\/\/www.granapadano.it\/fr-fr\/#website","url":"https:\/\/www.granapadano.it\/fr-fr\/","name":"Grana Padano","description":"","potentialAction":[{"@type":"SearchAction","target":{"@type":"EntryPoint","urlTemplate":"https:\/\/www.granapadano.it\/fr-fr\/?s={search_term_string}"},"query-input":{"@type":"PropertyValueSpecification","valueRequired":true,"valueName":"search_term_string"}}],"inLanguage":"fr-fr"}]}},"_links":{"self":[{"href":"https:\/\/www.granapadano.it\/fr-fr\/wp-json\/wp\/v2\/pages\/85738","targetHints":{"allow":["GET"]}}],"collection":[{"href":"https:\/\/www.granapadano.it\/fr-fr\/wp-json\/wp\/v2\/pages"}],"about":[{"href":"https:\/\/www.granapadano.it\/fr-fr\/wp-json\/wp\/v2\/types\/page"}],"author":[{"embeddable":true,"href":"https:\/\/www.granapadano.it\/fr-fr\/wp-json\/wp\/v2\/users\/2"}],"replies":[{"embeddable":true,"href":"https:\/\/www.granapadano.it\/fr-fr\/wp-json\/wp\/v2\/comments?post=85738"}],"version-history":[{"count":10,"href":"https:\/\/www.granapadano.it\/fr-fr\/wp-json\/wp\/v2\/pages\/85738\/revisions"}],"predecessor-version":[{"id":153775,"href":"https:\/\/www.granapadano.it\/fr-fr\/wp-json\/wp\/v2\/pages\/85738\/revisions\/153775"}],"up":[{"embeddable":true,"href":"https:\/\/www.granapadano.it\/fr-fr\/wp-json\/wp\/v2\/pages\/151805"}],"wp:attachment":[{"href":"https:\/\/www.granapadano.it\/fr-fr\/wp-json\/wp\/v2\/media?parent=85738"}],"curies":[{"name":"wp","href":"https:\/\/api.w.org\/{rel}","templated":true}]}}