{"id":38802,"date":"2023-02-16T16:12:50","date_gmt":"2023-02-16T16:12:50","guid":{"rendered":"https:\/\/www.granapadano.it\/le-consortium-de-protection\/notre-role-protection-et-promotion\/promozione\/"},"modified":"2023-03-17T13:18:42","modified_gmt":"2023-03-17T13:18:42","slug":"promotion","status":"publish","type":"page","link":"https:\/\/www.granapadano.it\/fr-fr\/le-consortium-de-protection\/notre-role-protection-et-promotion\/promotion\/","title":{"rendered":"Promotion"},"content":{"rendered":"<p>[et_pb_section fb_built=&#8221;1&#8243; fullwidth=&#8221;on&#8221; _builder_version=&#8221;4.19.0&#8243; _module_preset=&#8221;default&#8221; locked=&#8221;off&#8221; global_colors_info=&#8221;{}&#8221;][et_pb_fullwidth_image src=&#8221;https:\/\/www.granapadano.it\/wp-content\/uploads\/2023\/01\/Sostenibilita-ambientale-1h.jpg&#8221; title_text=&#8221;Sostenibilita-ambientale-1m&#8221; src_tablet=&#8221;https:\/\/www.granapadano.it\/wp-content\/uploads\/2023\/01\/Sostenibilita-ambientale-1h.jpg&#8221; src_phone=&#8221;https:\/\/www.granapadano.it\/wp-content\/uploads\/2023\/01\/Sostenibilita-ambientale-1m.jpg&#8221; src_last_edited=&#8221;on|phone&#8221; _builder_version=&#8221;4.19.5&#8243; _module_preset=&#8221;default&#8221; global_colors_info=&#8221;{}&#8221;][\/et_pb_fullwidth_image][\/et_pb_section][et_pb_section fb_built=&#8221;1&#8243; module_class=&#8221;production_sub_hub_main_wrapper promizone_top_breadcrumb_wrap&#8221; _builder_version=&#8221;4.20.2&#8243; _module_preset=&#8221;default&#8221; custom_padding=&#8221;13px||||false|false&#8221; locked=&#8221;off&#8221; global_colors_info=&#8221;{}&#8221;][et_pb_row module_class=&#8221;recipe_filter_section&#8221; _builder_version=&#8221;4.19.2&#8243; _module_preset=&#8221;default&#8221; max_width=&#8221;90%&#8221; custom_padding=&#8221;||7px|||&#8221; global_colors_info=&#8221;{}&#8221;][et_pb_column type=&#8221;4_4&#8243; _builder_version=&#8221;4.19.2&#8243; _module_preset=&#8221;default&#8221; global_colors_info=&#8221;{}&#8221;][et_pb_code _builder_version=&#8221;4.19.2&#8243; _module_preset=&#8221;default&#8221; custom_margin=&#8221;||16px|||&#8221; global_colors_info=&#8221;{}&#8221;]<div class=\"breadcrumb\"><a href=\"https:\/\/www.granapadano.it\/fr-fr\/\">Home<\/a>  <  <\/div>[\/et_pb_code][\/et_pb_column][\/et_pb_row][\/et_pb_section][et_pb_section fb_built=&#8221;1&#8243; module_class=&#8221;gp_production_sub_hub_main&#8221; _builder_version=&#8221;4.19.5&#8243; _module_preset=&#8221;default&#8221; custom_padding=&#8221;0px||4px||false|false&#8221; locked=&#8221;off&#8221; global_colors_info=&#8221;{}&#8221;][et_pb_row _builder_version=&#8221;4.19.4&#8243; _module_preset=&#8221;default&#8221; max_width=&#8221;90%&#8221; module_alignment=&#8221;center&#8221; custom_padding=&#8221;1px||0px|||&#8221; global_colors_info=&#8221;{}&#8221;][et_pb_column type=&#8221;4_4&#8243; _builder_version=&#8221;4.19.1&#8243; _module_preset=&#8221;default&#8221; global_colors_info=&#8221;{}&#8221;][et_pb_text _builder_version=&#8221;4.20.0&#8243; _module_preset=&#8221;default&#8221; header_font=&#8221;Merriweather||||||||&#8221; header_font_size=&#8221;44px&#8221; header_line_height=&#8221;52px&#8221; custom_margin=&#8221;0px||||false|false&#8221; custom_padding=&#8221;0px||||false|false&#8221; global_colors_info=&#8221;{}&#8221;]<\/p>\n<h1 style=\"text-align: center;\">Promotion <\/h1>\n<p>[\/et_pb_text][et_pb_text _builder_version=&#8221;4.20.2&#8243; _module_preset=&#8221;default&#8221; text_text_color=&#8221;#0f0f0f&#8221; text_font_size=&#8221;18px&#8221; text_line_height=&#8221;26px&#8221; width=&#8221;99.9%&#8221; min_height=&#8221;612.9px&#8221; custom_padding=&#8221;14px|1px|46px|||&#8221; hover_enabled=&#8221;0&#8243; global_colors_info=&#8221;{}&#8221; sticky_enabled=&#8221;0&#8243;]<em>\u00ab Le Consortium est titulaire des marques Grana Padano AOP et des marques collat\u00e9rales ou correspondantes ainsi que des marques d\u00e9pos\u00e9es conform\u00e9ment \u00e0 la loi, et consent \u00e0 leur utilisation aux personnes habilit\u00e9es \u00bb.<\/em><\/p>\n<p><em>\u00ab Le Consortium se charge en exclusivit\u00e9 de l&#8217;apposition du logo distinctif de Grana Padano AOP sur les meules de fromage produites par les membres du Consortium et les ayants droit \u00bb.<\/em><br \/>\n<strong>(Statuts du Consortium de Protection du Grana Padano)<\/strong><\/p>\n<p>La fonction de promotion et d&#8217;information correcte et approfondie sur le Grana Padano et sa nature en tant que produit AOP comprend la valorisation de son image dans le but de promouvoir et d&#8217;\u00e9largir sa consommation.<\/p>\n<p><strong style=\"display:block;\">PROMOTION SIGNIFIE : <\/strong><\/p>\n<p><strong style=\"display:block;\">Divulgation d&#8217;informations exactes<\/strong><br \/>\nL&#8217;un des objectifs prioritaires du Consortium est de v\u00e9rifier que les informations qui circulent sur le Grana Padano &#8211; au sein de la soci\u00e9t\u00e9, sur les march\u00e9s, dans les secteurs d&#8217;int\u00e9r\u00eat sp\u00e9cifique ou en g\u00e9n\u00e9ral &#8211; sont correctes et d\u00e9taill\u00e9es.<\/p>\n<p><strong style=\"display:block;\">La diffusion de l\u2019appellation correcte<\/strong><br \/>\nFace \u00e0 l&#8217;\u00e9largissement progressif des march\u00e9s, au ph\u00e9nom\u00e8ne d&#8217;imitation du \u00ab made in Italy \u00bb et, enfin et surtout, \u00e0 la crise \u00e9conomique qui favorise la sp\u00e9culation sur la qualit\u00e9 et les prix, le Consortium s&#8217;attache tout particuli\u00e8rement \u00e0 v\u00e9rifier la mani\u00e8re dont le Grana Padano est cit\u00e9, en diffusant la seule formulation correcte, \u00e0 savoir celle qui porte son nom en entier : \u00ab Grana Padano \u00bb.<\/p>\n<p><strong style=\"display:block;\">Publicit\u00e9, initiatives et \u00e9v\u00e9nements<\/strong><br \/>\nLe Consortium de Protection du Grana Padano a toujours cru en l&#8217;importance d&#8217;une promotion passant par l\u2019ensemble des formes de communication les plus r\u00e9pandues aujourd&#8217;hui : des campagnes dans la presse, \u00e0 la radio et \u00e0 la t\u00e9l\u00e9vision, aux campagnes \u00ab num\u00e9riques \u00bb, des activit\u00e9s \u00ab sociales \u00bb aux \u00e9v\u00e9nements. En outre, le Consortium est souvent impliqu\u00e9, en tant que sponsor, dans des initiatives visant \u00e0 soutenir la culture du \u00ab Made in Italy \u00bb \u00e0 l&#8217;\u00e9tranger. Enfin, le consortium a \u00e9galement \u00e9t\u00e9 le promoteur de projets \u00e9ducatifs, scientifiques et de recherche de grande envergure , allant bien au-del\u00e0 de la stricte pertinence de son produit.<\/p>\n<p><strong style=\"display:block;\">Marketing et distribution<\/strong><br \/>\nLe Consortium de Protection du Grana Padano est \u00e9galement \u00e0 l\u2019origine d\u2019initiatives visant \u00e0 soutenir les membres du consortium dans leurs activit\u00e9s de vente, de commercialisation et de distribution du produit, en offrant \u00e0 la fois de l\u2019information, des services sp\u00e9cifiques et des op\u00e9rations concr\u00e8tes.[\/et_pb_text][\/et_pb_column][\/et_pb_row][\/et_pb_section]<\/p>\n","protected":false},"excerpt":{"rendered":"<p><div class=\"breadcrumb\"><a href=\"https:\/\/www.granapadano.it\/fr-fr\/\">Home<\/a>  <  <\/div>Promotion \u00ab Le Consortium est titulaire des marques Grana Padano AOP et des marques collat\u00e9rales ou correspondantes ainsi que des marques d\u00e9pos\u00e9es conform\u00e9ment \u00e0 la loi, et consent \u00e0 leur utilisation aux personnes habilit\u00e9es \u00bb. \u00ab Le Consortium se charge en exclusivit\u00e9 de l&#8217;apposition du logo distinctif de Grana Padano AOP sur les meules de [&hellip;]<\/p>\n","protected":false},"author":3,"featured_media":0,"parent":37027,"menu_order":618,"comment_status":"closed","ping_status":"closed","template":"","meta":{"_acf_changed":false,"_et_pb_use_builder":"on","_et_pb_old_content":"","_et_gb_content_width":"","footnotes":""},"class_list":["post-38802","page","type-page","status-publish","hentry"],"acf":[],"yoast_head":"<!-- This site is optimized with the Yoast SEO plugin v27.4 - https:\/\/yoast.com\/product\/yoast-seo-wordpress\/ -->\n<title>Promotion - Grana Padano<\/title>\n<meta name=\"robots\" content=\"index, follow, max-snippet:-1, max-image-preview:large, max-video-preview:-1\" \/>\n<link rel=\"canonical\" href=\"https:\/\/www.granapadano.it\/fr-fr\/le-consortium-de-protection\/notre-role-protection-et-promotion\/promotion\/\" \/>\n<meta property=\"og:locale\" content=\"fr_FR\" \/>\n<meta property=\"og:type\" content=\"article\" \/>\n<meta property=\"og:title\" content=\"Promotion - Grana Padano\" \/>\n<meta property=\"og:description\" content=\"Promotion \u00ab Le Consortium est titulaire des marques Grana Padano AOP et des marques collat\u00e9rales ou correspondantes ainsi que des marques d\u00e9pos\u00e9es conform\u00e9ment \u00e0 la loi, et consent \u00e0 leur utilisation aux personnes habilit\u00e9es \u00bb. \u00ab Le Consortium se charge en exclusivit\u00e9 de l&#039;apposition du logo distinctif de Grana Padano AOP sur les meules de [&hellip;]\" \/>\n<meta property=\"og:url\" content=\"https:\/\/www.granapadano.it\/fr-fr\/le-consortium-de-protection\/notre-role-protection-et-promotion\/promotion\/\" \/>\n<meta property=\"og:site_name\" content=\"Grana Padano\" \/>\n<meta property=\"article:modified_time\" content=\"2023-03-17T13:18:42+00:00\" \/>\n<meta name=\"twitter:card\" content=\"summary_large_image\" \/>\n<meta name=\"twitter:label1\" content=\"Est. reading time\" \/>\n\t<meta name=\"twitter:data1\" content=\"4 minutes\" \/>\n<script type=\"application\/ld+json\" class=\"yoast-schema-graph\">{\"@context\":\"https:\\\/\\\/schema.org\",\"@graph\":[{\"@type\":\"WebPage\",\"@id\":\"https:\\\/\\\/www.granapadano.it\\\/fr-fr\\\/le-consortium-de-protection\\\/notre-role-protection-et-promotion\\\/promotion\\\/\",\"url\":\"https:\\\/\\\/www.granapadano.it\\\/fr-fr\\\/le-consortium-de-protection\\\/notre-role-protection-et-promotion\\\/promotion\\\/\",\"name\":\"Promotion - Grana Padano\",\"isPartOf\":{\"@id\":\"https:\\\/\\\/www.granapadano.it\\\/fr-fr\\\/#website\"},\"datePublished\":\"2023-02-16T16:12:50+00:00\",\"dateModified\":\"2023-03-17T13:18:42+00:00\",\"breadcrumb\":{\"@id\":\"https:\\\/\\\/www.granapadano.it\\\/fr-fr\\\/le-consortium-de-protection\\\/notre-role-protection-et-promotion\\\/promotion\\\/#breadcrumb\"},\"inLanguage\":\"fr-fr\",\"potentialAction\":[{\"@type\":\"ReadAction\",\"target\":[\"https:\\\/\\\/www.granapadano.it\\\/fr-fr\\\/le-consortium-de-protection\\\/notre-role-protection-et-promotion\\\/promotion\\\/\"]}]},{\"@type\":\"BreadcrumbList\",\"@id\":\"https:\\\/\\\/www.granapadano.it\\\/fr-fr\\\/le-consortium-de-protection\\\/notre-role-protection-et-promotion\\\/promotion\\\/#breadcrumb\",\"itemListElement\":[{\"@type\":\"ListItem\",\"position\":1,\"name\":\"Home\",\"item\":\"https:\\\/\\\/www.granapadano.it\\\/fr-fr\\\/\"},{\"@type\":\"ListItem\",\"position\":2,\"name\":\"Le Consortium de D\u00e9fense\",\"item\":\"https:\\\/\\\/www.granapadano.it\\\/fr-fr\\\/le-consortium-de-defense\\\/\"},{\"@type\":\"ListItem\",\"position\":3,\"name\":\"Notre r\u00f4le: protection et promotion\",\"item\":\"https:\\\/\\\/www.granapadano.it\\\/fr-fr\\\/le-consortium-de-protection\\\/notre-role-protection-et-promotion\\\/\"},{\"@type\":\"ListItem\",\"position\":4,\"name\":\"Promotion\"}]},{\"@type\":\"WebSite\",\"@id\":\"https:\\\/\\\/www.granapadano.it\\\/fr-fr\\\/#website\",\"url\":\"https:\\\/\\\/www.granapadano.it\\\/fr-fr\\\/\",\"name\":\"Grana Padano\",\"description\":\"\",\"potentialAction\":[{\"@type\":\"SearchAction\",\"target\":{\"@type\":\"EntryPoint\",\"urlTemplate\":\"https:\\\/\\\/www.granapadano.it\\\/fr-fr\\\/?s={search_term_string}\"},\"query-input\":{\"@type\":\"PropertyValueSpecification\",\"valueRequired\":true,\"valueName\":\"search_term_string\"}}],\"inLanguage\":\"fr-fr\"}]}<\/script>\n<!-- \/ Yoast SEO plugin. -->","yoast_head_json":{"title":"Promotion - Grana Padano","robots":{"index":"index","follow":"follow","max-snippet":"max-snippet:-1","max-image-preview":"max-image-preview:large","max-video-preview":"max-video-preview:-1"},"canonical":"https:\/\/www.granapadano.it\/fr-fr\/le-consortium-de-protection\/notre-role-protection-et-promotion\/promotion\/","og_locale":"fr_FR","og_type":"article","og_title":"Promotion - Grana Padano","og_description":"Promotion \u00ab Le Consortium est titulaire des marques Grana Padano AOP et des marques collat\u00e9rales ou correspondantes ainsi que des marques d\u00e9pos\u00e9es conform\u00e9ment \u00e0 la loi, et consent \u00e0 leur utilisation aux personnes habilit\u00e9es \u00bb. \u00ab Le Consortium se charge en exclusivit\u00e9 de l'apposition du logo distinctif de Grana Padano AOP sur les meules de [&hellip;]","og_url":"https:\/\/www.granapadano.it\/fr-fr\/le-consortium-de-protection\/notre-role-protection-et-promotion\/promotion\/","og_site_name":"Grana Padano","article_modified_time":"2023-03-17T13:18:42+00:00","twitter_card":"summary_large_image","twitter_misc":{"Est. reading time":"4 minutes"},"schema":{"@context":"https:\/\/schema.org","@graph":[{"@type":"WebPage","@id":"https:\/\/www.granapadano.it\/fr-fr\/le-consortium-de-protection\/notre-role-protection-et-promotion\/promotion\/","url":"https:\/\/www.granapadano.it\/fr-fr\/le-consortium-de-protection\/notre-role-protection-et-promotion\/promotion\/","name":"Promotion - Grana Padano","isPartOf":{"@id":"https:\/\/www.granapadano.it\/fr-fr\/#website"},"datePublished":"2023-02-16T16:12:50+00:00","dateModified":"2023-03-17T13:18:42+00:00","breadcrumb":{"@id":"https:\/\/www.granapadano.it\/fr-fr\/le-consortium-de-protection\/notre-role-protection-et-promotion\/promotion\/#breadcrumb"},"inLanguage":"fr-fr","potentialAction":[{"@type":"ReadAction","target":["https:\/\/www.granapadano.it\/fr-fr\/le-consortium-de-protection\/notre-role-protection-et-promotion\/promotion\/"]}]},{"@type":"BreadcrumbList","@id":"https:\/\/www.granapadano.it\/fr-fr\/le-consortium-de-protection\/notre-role-protection-et-promotion\/promotion\/#breadcrumb","itemListElement":[{"@type":"ListItem","position":1,"name":"Home","item":"https:\/\/www.granapadano.it\/fr-fr\/"},{"@type":"ListItem","position":2,"name":"Le Consortium de D\u00e9fense","item":"https:\/\/www.granapadano.it\/fr-fr\/le-consortium-de-defense\/"},{"@type":"ListItem","position":3,"name":"Notre r\u00f4le: protection et promotion","item":"https:\/\/www.granapadano.it\/fr-fr\/le-consortium-de-protection\/notre-role-protection-et-promotion\/"},{"@type":"ListItem","position":4,"name":"Promotion"}]},{"@type":"WebSite","@id":"https:\/\/www.granapadano.it\/fr-fr\/#website","url":"https:\/\/www.granapadano.it\/fr-fr\/","name":"Grana Padano","description":"","potentialAction":[{"@type":"SearchAction","target":{"@type":"EntryPoint","urlTemplate":"https:\/\/www.granapadano.it\/fr-fr\/?s={search_term_string}"},"query-input":{"@type":"PropertyValueSpecification","valueRequired":true,"valueName":"search_term_string"}}],"inLanguage":"fr-fr"}]}},"_links":{"self":[{"href":"https:\/\/www.granapadano.it\/fr-fr\/wp-json\/wp\/v2\/pages\/38802","targetHints":{"allow":["GET"]}}],"collection":[{"href":"https:\/\/www.granapadano.it\/fr-fr\/wp-json\/wp\/v2\/pages"}],"about":[{"href":"https:\/\/www.granapadano.it\/fr-fr\/wp-json\/wp\/v2\/types\/page"}],"author":[{"embeddable":true,"href":"https:\/\/www.granapadano.it\/fr-fr\/wp-json\/wp\/v2\/users\/3"}],"replies":[{"embeddable":true,"href":"https:\/\/www.granapadano.it\/fr-fr\/wp-json\/wp\/v2\/comments?post=38802"}],"version-history":[{"count":0,"href":"https:\/\/www.granapadano.it\/fr-fr\/wp-json\/wp\/v2\/pages\/38802\/revisions"}],"up":[{"embeddable":true,"href":"https:\/\/www.granapadano.it\/fr-fr\/wp-json\/wp\/v2\/pages\/37027"}],"wp:attachment":[{"href":"https:\/\/www.granapadano.it\/fr-fr\/wp-json\/wp\/v2\/media?parent=38802"}],"curies":[{"name":"wp","href":"https:\/\/api.w.org\/{rel}","templated":true}]}}