{"id":153403,"date":"2026-03-30T14:51:52","date_gmt":"2026-03-30T14:51:52","guid":{"rendered":"https:\/\/www.granapadano.it\/pasquetta-the-italian-getaway-after-easter\/"},"modified":"2026-03-30T15:46:41","modified_gmt":"2026-03-30T15:46:41","slug":"pasquetta-the-italian-getaway-after-easter","status":"publish","type":"page","link":"https:\/\/www.granapadano.it\/fr-fr\/pasquetta-lechappee-italienne-apres-paques\/","title":{"rendered":"Pasquetta: L\u2019\u00e9chapp\u00e9e italienne apr\u00e8s P\u00e2ques"},"content":{"rendered":"<p>[et_pb_section fb_built=&#8221;1&#8243; fullwidth=&#8221;on&#8221; _builder_version=&#8221;4.19.0&#8243; _module_preset=&#8221;default&#8221; global_colors_info=&#8221;{}&#8221;][et_pb_fullwidth_image src=&#8221;https:\/\/www.granapadano.it\/wp-content\/uploads\/2025\/03\/GP_Grigliata-di-Carne-h.jpg&#8221; title_text=&#8221;GP_Grigliata-di-Carne-m&#8221; src_tablet=&#8221;https:\/\/www.granapadano.it\/wp-content\/uploads\/2025\/03\/GP_Grigliata-di-Carne-h.jpg&#8221; src_phone=&#8221;https:\/\/www.granapadano.it\/wp-content\/uploads\/2025\/03\/GP_Grigliata-di-Carne-m.jpg&#8221; src_last_edited=&#8221;on|phone&#8221; _builder_version=&#8221;4.27.6&#8243; _module_preset=&#8221;default&#8221; global_colors_info=&#8221;{}&#8221;][\/et_pb_fullwidth_image][\/et_pb_section][et_pb_section fb_built=&#8221;1&#8243; module_class=&#8221;production_sub_hub_main_wrapper&#8221; _builder_version=&#8221;4.19.3&#8243; _module_preset=&#8221;default&#8221; custom_padding=&#8221;13px||0px|||&#8221; global_colors_info=&#8221;{}&#8221;][et_pb_row module_class=&#8221;recipe_filter_section&#8221; _builder_version=&#8221;4.19.4&#8243; _module_preset=&#8221;default&#8221; max_width=&#8221;90%&#8221; custom_padding=&#8221;||7px|||&#8221; global_colors_info=&#8221;{}&#8221;][et_pb_column type=&#8221;4_4&#8243; _builder_version=&#8221;4.19.4&#8243; _module_preset=&#8221;default&#8221; global_colors_info=&#8221;{}&#8221;][et_pb_code _builder_version=&#8221;4.19.4&#8243; _module_preset=&#8221;default&#8221; global_colors_info=&#8221;{}&#8221;]<div class=\"breadcrumb\"><a href=\"https:\/\/www.granapadano.it\/fr-fr\/\">Home<\/a>  <  <\/div>[\/et_pb_code][\/et_pb_column][\/et_pb_row][\/et_pb_section][et_pb_section fb_built=&#8221;1&#8243; _builder_version=&#8221;4.27.6&#8243; _module_preset=&#8221;default&#8221; min_height=&#8221;187px&#8221; height=&#8221;1000px&#8221; max_height=&#8221;141px&#8221; custom_padding=&#8221;0px||||false|false&#8221; locked=&#8221;off&#8221; global_colors_info=&#8221;{}&#8221;][et_pb_row _builder_version=&#8221;4.27.6&#8243; _module_preset=&#8221;default&#8221; max_width=&#8221;90%&#8221; min_height=&#8221;55.9px&#8221; custom_padding=&#8221;20px||0px||false|false&#8221; global_colors_info=&#8221;{}&#8221;][et_pb_column type=&#8221;4_4&#8243; _builder_version=&#8221;4.19.4&#8243; _module_preset=&#8221;default&#8221; global_colors_info=&#8221;{}&#8221;][et_pb_text _builder_version=&#8221;4.27.6&#8243; _module_preset=&#8221;default&#8221; text_font=&#8221;Merriweather|700|||||||&#8221; text_text_color=&#8221;#0f0f0f&#8221; text_font_size=&#8221;44px&#8221; text_line_height=&#8221;62px&#8221; header_text_color=&#8221;gcid-8696fd7e-29dd-4028-9d4d-981b208a53a9&#8243; header_font_size=&#8221;45px&#8221; header_line_height=&#8221;52px&#8221; text_orientation=&#8221;center&#8221; custom_margin=&#8221;0px|0px|7px|0px|false|true&#8221; global_colors_info=&#8221;{%22gcid-8696fd7e-29dd-4028-9d4d-981b208a53a9%22:%91%22header_text_color%22%93}&#8221;]<\/p>\n<h1 style=\"text-align: left;\">Pasquetta: L\u2019\u00e9chapp\u00e9e italienne apr\u00e8s P\u00e2ques<\/h1>\n<p>[\/et_pb_text][et_pb_text _builder_version=&#8221;4.27.6&#8243; _module_preset=&#8221;default&#8221; text_font=&#8221;||||||||&#8221; text_text_color=&#8221;#0f0f0f&#8221; text_font_size=&#8221;16px&#8221; text_line_height=&#8221;26px&#8221; custom_padding=&#8221;||20px||false|false&#8221; locked=&#8221;off&#8221; global_colors_info=&#8221;{}&#8221;]<\/p>\n<p style=\"text-align: left;\">Si vous pensez que P\u00e2ques en Italie se r\u00e9sume \u00e0 la famille, aux \u0153ufs en chocolat et aux repas interminables\u2026 vous n\u2019en avez vu que la moiti\u00e9.<br \/>\nLe lendemain, le fameux Lundi de l\u2019Ange, mieux connu sous le nom de Pasquetta, les Italiens changent de registre : finie la formalit\u00e9, place au chaos, \u00e0 la l\u00e9g\u00e8ret\u00e9 et, bien s\u00fbr, \u00e0 la bonne cuisine.<\/p>\n<p>[\/et_pb_text][\/et_pb_column][\/et_pb_row][\/et_pb_section][et_pb_section fb_built=&#8221;1&#8243; module_id=&#8221;crosta-edibile&#8221; _builder_version=&#8221;4.27.6&#8243; _module_preset=&#8221;default&#8221; background_color=&#8221;#FFFFFF&#8221; max_height=&#8221;284px&#8221; custom_margin=&#8221;||0px||false|false&#8221; custom_padding=&#8221;||0px||false|false&#8221; locked=&#8221;off&#8221; global_colors_info=&#8221;{}&#8221;][et_pb_row _builder_version=&#8221;4.20.2&#8243; _module_preset=&#8221;default&#8221; custom_margin=&#8221;0px||0px||false|false&#8221; custom_padding=&#8221;0px||0px||false|false&#8221; global_colors_info=&#8221;{}&#8221;][et_pb_column type=&#8221;4_4&#8243; _builder_version=&#8221;4.20.2&#8243; _module_preset=&#8221;default&#8221; global_colors_info=&#8221;{}&#8221;][et_pb_text _builder_version=&#8221;4.27.6&#8243; _module_preset=&#8221;default&#8221; text_font=&#8221;||||||||&#8221; header_font=&#8221;||||||||&#8221; header_text_color=&#8221;#000000&#8243; header_font_size=&#8221;38px&#8221; header_line_height=&#8221;36px&#8221; header_3_font=&#8221;||||||||&#8221; header_3_text_color=&#8221;#000000&#8243; header_3_font_size=&#8221;35px&#8221; header_3_line_height=&#8221;1.4em&#8221; text_orientation=&#8221;center&#8221; custom_margin=&#8221;0px||||false|false&#8221; custom_padding=&#8221;0px||15px||false|false&#8221; header_font_size_tablet=&#8221;38px&#8221; header_font_size_phone=&#8221;28px&#8221; header_font_size_last_edited=&#8221;on|phone&#8221; header_3_font_tablet=&#8221;||||||||&#8221; header_3_font_phone=&#8221;||||||||&#8221; header_3_font_last_edited=&#8221;on|phone&#8221; locked=&#8221;off&#8221; global_colors_info=&#8221;{}&#8221;]<\/p>\n<h3 style=\"text-align: left\">P\u00e2ques vs Pasquetta<\/h3>\n<p>[\/et_pb_text][et_pb_text _builder_version=&#8221;4.27.6&#8243; _module_preset=&#8221;default&#8221; text_font=&#8221;||||||||&#8221; text_text_color=&#8221;#0f0f0f&#8221; text_font_size=&#8221;16px&#8221; text_line_height=&#8221;25px&#8221; custom_padding=&#8221;||50px||false|false&#8221; locked=&#8221;off&#8221; global_colors_info=&#8221;{}&#8221;]<\/p>\n<p> Si P\u00e2ques rime avec tradition, tables g\u00e9n\u00e9reuses, arriv\u00e9e des proches et avalanche de chocolat, Pasquetta rime avec amis, improvisation et pur chaos.<br \/>\nLa seule r\u00e8gle ? Ne pas rester chez soi.<br \/>\nSi l\u2019hiver a le Nouvel An et l\u2019\u00e9t\u00e9 le Ferragosto, Pasquetta est le grand rendez-vous du printemps. On l\u2019organise des mois \u00e0 l\u2019avance pour r\u00e9ussir \u00e0 r\u00e9unir tout le monde\u2026 ou au moins essayer.<br \/>\nLa journ\u00e9e promet du soleil, des rires et des repas en plein air et bien souvent, quelques impr\u00e9vus m\u00e9morables.<\/p>\n<p>[\/et_pb_text][\/et_pb_column][\/et_pb_row][\/et_pb_section][et_pb_section fb_built=&#8221;1&#8243; _builder_version=&#8221;4.27.6&#8243; _module_preset=&#8221;default&#8221; min_height=&#8221;598.3px&#8221; custom_margin=&#8221;||-28px|||&#8221; locked=&#8221;off&#8221; global_colors_info=&#8221;{}&#8221;][et_pb_row use_custom_gutter=&#8221;on&#8221; gutter_width=&#8221;3&#8243; _builder_version=&#8221;4.27.6&#8243; _module_preset=&#8221;default&#8221; custom_margin=&#8221;||0px||false|false&#8221; custom_padding=&#8221;0px||||false|false&#8221; global_colors_info=&#8221;{}&#8221;][et_pb_column type=&#8221;4_4&#8243; _builder_version=&#8221;4.27.6&#8243; _module_preset=&#8221;default&#8221; global_colors_info=&#8221;{}&#8221;][et_pb_text _builder_version=&#8221;4.27.6&#8243; _module_preset=&#8221;default&#8221; text_font=&#8221;|700|||||||&#8221; text_text_color=&#8221;#0f0f0f&#8221; text_font_size=&#8221;44px&#8221; text_line_height=&#8221;62px&#8221; header_text_align=&#8221;left&#8221; header_text_color=&#8221;gcid-8696fd7e-29dd-4028-9d4d-981b208a53a9&#8243; header_font_size=&#8221;44px&#8221; header_line_height=&#8221;52px&#8221; header_2_text_align=&#8221;left&#8221; header_2_font_size=&#8221;35px&#8221; custom_margin=&#8221;0px||10px||false|false&#8221; global_colors_info=&#8221;{%22gcid-8696fd7e-29dd-4028-9d4d-981b208a53a9%22:%91%22header_text_color%22%93}&#8221;]<\/p>\n<h2 style=\"text-align: left;\"> \u00c0 Pasquetta, il y a trois types de personnes\u2026<\/h2>\n<p>[\/et_pb_text][et_pb_text _builder_version=&#8221;4.27.6&#8243; _module_preset=&#8221;default&#8221; text_font=&#8221;||||||||&#8221; text_text_color=&#8221;#0f0f0f&#8221; text_font_size=&#8221;16px&#8221; text_line_height=&#8221;25px&#8221; custom_padding=&#8221;||10px||false|false&#8221; locked=&#8221;off&#8221; global_colors_info=&#8221;{}&#8221;]<\/p>\n<p> Chaque Italien se reconna\u00eet dans au moins une cat\u00e9gorie et il passe les mois pr\u00e9c\u00e9dents \u00e0 convaincre son groupe d\u2019amis d\u2019adopter son plan.<br \/>\nEn g\u00e9n\u00e9ral, \u00e7a donne \u00e7a :<\/p>\n<p>[\/et_pb_text][et_pb_accordion open_toggle_text_color=&#8221;#44392b&#8221; closed_toggle_background_color=&#8221;RGBA(255,255,255,0)&#8221; toggle_icon=&#8221;&#x33;||divi||400&#8243; icon_color=&#8221;#876346&#8243; use_icon_font_size=&#8221;on&#8221; icon_font_size=&#8221;24px&#8221; module_class=&#8221;gp-new-faqs&#8221; _builder_version=&#8221;4.27.6&#8243; _module_preset=&#8221;default&#8221; toggle_text_color=&#8221;#876346&#8243; toggle_level=&#8221;h4&#8243; toggle_font=&#8221;&#8211;et_global_heading_font||||||||&#8221; body_font=&#8221;&#8211;et_global_heading_font||||||||&#8221; body_text_color=&#8221;#201d19&#8243; text_orientation=&#8221;left&#8221; border_width_top=&#8221;0px&#8221; border_color_right=&#8221;RGBA(255,255,255,0)&#8221; border_color_bottom=&#8221;#876346&#8243; border_width_left=&#8221;0px&#8221; global_colors_info=&#8221;{%22gcid-46a7fd9b-e7e5-4c0a-b621-f5f3bcee3ed6%22:%91%22border_color_bottom%22,%22icon_color%22%93}&#8221; custom_padding__hover_enabled=&#8221;off|desktop&#8221; closed_toggle_background_color__hover_enabled=&#8221;on|hover&#8221; closed_toggle_background_color__hover=&#8221;RGBA(255,255,255,0)&#8221; toggle_icon__hover_enabled=&#8221;off|desktop&#8221; toggle_icon__hover=&#8221;2||divi||400&#8243;][et_pb_accordion_item title=&#8221;Les chill : le pique-nique en plein air&#8221; open=&#8221;on&#8221; _builder_version=&#8221;4.27.6&#8243; _module_preset=&#8221;default&#8221; background_color=&#8221;RGBA(255,255,255,0)&#8221; background_enable_color=&#8221;on&#8221; global_colors_info=&#8221;{}&#8221;]Pour eux, Pasquetta est le moment parfait pour profiter du printemps en toute simplicit\u00e9.<br \/>\nUn bout de pelouse, une colline ou les rives d\u2019un lac suffisent, avec une nappe \u00e0 carreaux et un panier rempli de sp\u00e9cialit\u00e9s maison et de plats froids.<br \/>\nLa journ\u00e9e se d\u00e9roule entre proches, entre discussions, matchs de foot improvis\u00e9s et parties de cartes ou jeux de soci\u00e9t\u00e9.<br \/>\nBref, de la pure d\u00e9tente, la Pasquetta id\u00e9ale pour vraiment d\u00e9connecter et respirer le printemps.[\/et_pb_accordion_item][et_pb_accordion_item title=&#8221;Les aventuriers : la vir\u00e9e hors de la ville&#8221; _builder_version=&#8221;4.27.6&#8243; _module_preset=&#8221;default&#8221; global_colors_info=&#8221;{}&#8221; open=&#8221;off&#8221;]Mer ou montagne ? Chacun sa destination et heureusement, l\u2019Italie ne manque pas d\u2019options.<br \/>\nAu sud, certains inaugurent la saison des baignades, tandis qu\u2019en montagne, on marche juste assez pour dig\u00e9rer le repas de P\u00e2ques.<br \/>\nDans tous les cas, l\u2019objectif reste le m\u00eame : prendre l\u2019air, sortir de la routine et profiter des siens.<br \/>\nEt pour tenir entre deux balades et fous rires, il y a toujours un snack strat\u00e9gique\u2026 quelques copeaux de Grana Padano AOP.[\/et_pb_accordion_item][et_pb_accordion_item title=&#8221;Les h\u00e9ros du barbecue : la grigliata&#8221; _builder_version=&#8221;4.27.6&#8243; _module_preset=&#8221;default&#8221; global_colors_info=&#8221;{}&#8221; open=&#8221;off&#8221;]Pour d\u2019autres, Pasquetta se r\u00e9sume \u00e0 une seule chose : rallumer le barbecue.<br \/>\nPour les passionn\u00e9s, le retour du printemps est un vrai soulagement : on ressort le tablier, on allume les braises, on attrape les pinces\u2026 et on laisse parler l\u2019envie de grillades. Certains jurent par les ribs, d\u2019autres misent tout sur le poulet marin\u00e9, et il y a ceux qui ne transigent jamais devant une belle c\u00f4te de b\u0153uf. Sans oublier les cr\u00e9atifs des accompagnements, les experts des l\u00e9gumes grill\u00e9s et, bien s\u00fbr, les responsables officiels des boissons \u2014 indispensables au bon d\u00e9roulement de la journ\u00e9e. Ici, la r\u00e8gle est simple : plus on est nombreux, mieux c\u2019est.<br \/>\nEt pour mettre tout le monde d\u2019accord, il faut toujours une carte ma\u00eetresse : une sauce onctueuse au Grana Padano DOP dans laquelle tremper\u2026 absolument tout.[\/et_pb_accordion_item][\/et_pb_accordion][\/et_pb_column][\/et_pb_row][\/et_pb_section][et_pb_section fb_built=&#8221;1&#8243; module_id=&#8221;crosta-edibile&#8221; _builder_version=&#8221;4.27.6&#8243; _module_preset=&#8221;default&#8221; background_color=&#8221;#FFFFFF&#8221; custom_margin=&#8221;||60px||false|false&#8221; custom_padding=&#8221;||0px||false|false&#8221; locked=&#8221;off&#8221; global_colors_info=&#8221;{}&#8221;][et_pb_row _builder_version=&#8221;4.20.2&#8243; _module_preset=&#8221;default&#8221; custom_margin=&#8221;0px||0px||false|false&#8221; custom_padding=&#8221;0px||0px||false|false&#8221; global_colors_info=&#8221;{}&#8221;][et_pb_column type=&#8221;4_4&#8243; _builder_version=&#8221;4.20.2&#8243; _module_preset=&#8221;default&#8221; global_colors_info=&#8221;{}&#8221;][et_pb_text _builder_version=&#8221;4.27.6&#8243; _module_preset=&#8221;default&#8221; text_font=&#8221;||||||||&#8221; header_font=&#8221;||||||||&#8221; header_text_color=&#8221;#000000&#8243; header_font_size=&#8221;38px&#8221; header_line_height=&#8221;36px&#8221; header_3_font=&#8221;||||||||&#8221; header_3_text_color=&#8221;#000000&#8243; header_3_font_size=&#8221;35px&#8221; header_3_line_height=&#8221;1.4em&#8221; text_orientation=&#8221;center&#8221; custom_margin=&#8221;0px||||false|false&#8221; custom_padding=&#8221;0px||15px||false|false&#8221; header_font_size_tablet=&#8221;38px&#8221; header_font_size_phone=&#8221;28px&#8221; header_font_size_last_edited=&#8221;on|phone&#8221; header_3_font_tablet=&#8221;||||||||&#8221; header_3_font_phone=&#8221;||||||||&#8221; header_3_font_last_edited=&#8221;on|phone&#8221; locked=&#8221;off&#8221; global_colors_info=&#8221;{}&#8221;]<\/p>\n<h3 style=\"text-align: left;\">Tout semble parfait, mais il y a un probl\u00e8me\u2026<\/h3>\n<p>[\/et_pb_text][et_pb_text _builder_version=&#8221;4.27.6&#8243; _module_preset=&#8221;default&#8221; text_font=&#8221;||||||||&#8221; text_text_color=&#8221;#0f0f0f&#8221; text_font_size=&#8221;16px&#8221; text_line_height=&#8221;25px&#8221; custom_padding=&#8221;||50px||false|false&#8221; locked=&#8221;off&#8221; global_colors_info=&#8221;{}&#8221;]<\/p>\n<p> Chaque ann\u00e9e, c\u2019est le m\u00eame sc\u00e9nario : des id\u00e9es \u00e0 foison, des mois d\u2019organisation, des discussions interminables pour choisir le lieu et le menu\u2026<br \/>\nEt le matin m\u00eame : la pluie. La m\u00e9t\u00e9o est l\u2019ennemie naturelle de cette journ\u00e9e pens\u00e9e pour les grands groupes et les longues heures en ext\u00e9rieur. Elle peut tout g\u00e2cher et souvent, elle le fait. Mais pas de panique : les Italiens ont toujours un plan B infaillible.<br \/>\n\u00c7a s\u2019appelle P\u00e2ques 2.0.<br \/>\nOn se retrouve tous autour de la table, on remet \u00e7a c\u00f4t\u00e9 repas, on sort les jeux de soci\u00e9t\u00e9 et les cartes pour des parties interminables, rythm\u00e9es par les rires et les anecdotes. Parce qu\u2019au fond, Pasquetta n\u2019a jamais \u00e9t\u00e9 une question de destination, de barbecue ou de pique-nique. C\u2019est une question de partage.<\/p>\n<p>[\/et_pb_text][et_pb_text _builder_version=&#8221;4.27.6&#8243; _module_preset=&#8221;default&#8221; text_font=&#8221;||||||||&#8221; text_text_color=&#8221;#0f0f0f&#8221; text_font_size=&#8221;16px&#8221; text_line_height=&#8221;25px&#8221; custom_padding=&#8221;||50px||false|false&#8221; locked=&#8221;off&#8221; global_colors_info=&#8221;{}&#8221;]<\/p>\n<p>Plus qu\u2019une tradition, un \u00e9tat d\u2019esprit. En Italie, Pasquetta est la parenth\u00e8se informelle apr\u00e8s la solennit\u00e9 de P\u00e2ques.<br \/>\nUn m\u00e9lange de plans ambitieux, d\u2019organisations infinies et d\u2019une bonne dose d\u2019impr\u00e9vu. Parfois, c\u2019est du soleil et des prairies verdoyantes.<br \/>\nParfois, une table improvis\u00e9e et un plan B d\u00e9cid\u00e9 \u00e0 la derni\u00e8re minute. Parce que Pasquetta, plus qu\u2019une tradition, est un \u00e9tat d\u2019esprit.<br \/>\nEt comme chaque moment de convivialit\u00e9 \u00e0 l\u2019italienne, il trouve son \u00e9quilibre parfait dans des saveurs authentiques, comme celles du Grana Padano, capables de transformer m\u00eame une journ\u00e9e pluvieuse en souvenir \u00e0 raconter.Tout semble parfait, mais il y a un probl\u00e8me\u2026<\/p>\n<p>[\/et_pb_text][\/et_pb_column][\/et_pb_row][\/et_pb_section][et_pb_section fb_built=&#8221;1&#8243; _builder_version=&#8221;4.27.6&#8243; _module_preset=&#8221;default&#8221; custom_margin=&#8221;0px||60px||false|false&#8221; custom_padding=&#8221;10px||0px||false|false&#8221; locked=&#8221;off&#8221; global_colors_info=&#8221;{}&#8221;][et_pb_row _builder_version=&#8221;4.27.6&#8243; _module_preset=&#8221;default&#8221; max_width=&#8221;90%&#8221; module_alignment=&#8221;center&#8221; custom_padding=&#8221;0px||0px||false|false&#8221; global_colors_info=&#8221;{}&#8221;][et_pb_column type=&#8221;4_4&#8243; _builder_version=&#8221;4.19.1&#8243; _module_preset=&#8221;default&#8221; global_colors_info=&#8221;{}&#8221;][et_pb_button button_url=&#8221;https:\/\/www.granapadano.it\/fr-fr\/recettes%20&#8243; url_new_window=&#8221;on&#8221; button_text=&#8221;D\u00e9couvrir toutes les recettes&#8221; button_alignment=&#8221;center&#8221; module_class=&#8221;Brown-btn&#8221; _builder_version=&#8221;4.27.6&#8243; _module_preset=&#8221;default&#8221; custom_button=&#8221;on&#8221; button_text_size=&#8221;12px&#8221; button_text_color=&#8221;#f9f1e4&#8243; button_bg_color=&#8221;#876346&#8243; button_border_width=&#8221;0px&#8221; button_border_color=&#8221;RGBA(255,255,255,0)&#8221; button_border_radius=&#8221;0px&#8221; button_font=&#8221;&#8211;et_global_heading_font||||||||&#8221; button_icon=&#8221;&#x24;||divi||400&#8243; button_on_hover=&#8221;off&#8221; transform_scale=&#8221;86%|86%&#8221; custom_margin=&#8221;0px||0px||false|false&#8221; custom_padding=&#8221;16px|30px|16px|16px|true|false&#8221; locked=&#8221;off&#8221; global_colors_info=&#8221;{%22gcid-26f0371c-74dd-4e63-bbf8-f8ec94f09a6d%22:%91%22button_bg_color%22%93,%22gcid-46a7fd9b-e7e5-4c0a-b621-f5f3bcee3ed6%22:%91%22button_bg_color%22%93}&#8221; button_text_color__hover_enabled=&#8221;on|desktop&#8221; button_bg_color__hover_enabled=&#8221;on|hover&#8221; button_bg_enable_color__hover=&#8221;on&#8221; button_text_color__hover=&#8221;#f9f1e4&#8243; button_bg_color__hover=&#8221;#876346&#8243;][\/et_pb_button][\/et_pb_column][\/et_pb_row][\/et_pb_section]<\/p>\n","protected":false},"excerpt":{"rendered":"<p><div class=\"breadcrumb\"><a href=\"https:\/\/www.granapadano.it\/fr-fr\/\">Home<\/a>  <  <\/div>Pasquetta: L\u2019\u00e9chapp\u00e9e italienne apr\u00e8s P\u00e2quesSi vous pensez que P\u00e2ques en Italie se r\u00e9sume \u00e0 la famille, aux \u0153ufs en chocolat et aux repas interminables\u2026 vous n\u2019en avez vu que la moiti\u00e9. Le lendemain, le fameux Lundi de l\u2019Ange, mieux connu sous le nom de Pasquetta, les Italiens changent de registre : finie la formalit\u00e9, place [&hellip;]<\/p>\n","protected":false},"author":45,"featured_media":136641,"parent":0,"menu_order":905,"comment_status":"closed","ping_status":"closed","template":"","meta":{"_acf_changed":false,"_et_pb_use_builder":"on","_et_pb_old_content":"","_et_gb_content_width":"","footnotes":""},"class_list":["post-153403","page","type-page","status-publish","has-post-thumbnail","hentry"],"acf":[],"yoast_head":"<!-- This site is optimized with the Yoast SEO plugin v27.4 - https:\/\/yoast.com\/product\/yoast-seo-wordpress\/ -->\n<title>Pasquetta: L\u2019\u00e9chapp\u00e9e italienne apr\u00e8s P\u00e2ques - Grana Padano<\/title>\n<meta name=\"robots\" content=\"index, follow, max-snippet:-1, max-image-preview:large, max-video-preview:-1\" \/>\n<link rel=\"canonical\" href=\"https:\/\/www.granapadano.it\/fr-fr\/pasquetta-lechappee-italienne-apres-paques\/\" \/>\n<meta property=\"og:locale\" content=\"fr_FR\" \/>\n<meta property=\"og:type\" content=\"article\" \/>\n<meta property=\"og:title\" content=\"Pasquetta: L\u2019\u00e9chapp\u00e9e italienne apr\u00e8s P\u00e2ques - Grana Padano\" \/>\n<meta property=\"og:description\" content=\"Pasquetta: L\u2019\u00e9chapp\u00e9e italienne apr\u00e8s P\u00e2quesSi vous pensez que P\u00e2ques en Italie se r\u00e9sume \u00e0 la famille, aux \u0153ufs en chocolat et aux repas interminables\u2026 vous n\u2019en avez vu que la moiti\u00e9. Le lendemain, le fameux Lundi de l\u2019Ange, mieux connu sous le nom de Pasquetta, les Italiens changent de registre : finie la formalit\u00e9, place [&hellip;]\" \/>\n<meta property=\"og:url\" content=\"https:\/\/www.granapadano.it\/fr-fr\/pasquetta-lechappee-italienne-apres-paques\/\" \/>\n<meta property=\"og:site_name\" content=\"Grana Padano\" \/>\n<meta property=\"article:modified_time\" content=\"2026-03-30T15:46:41+00:00\" \/>\n<meta property=\"og:image\" content=\"https:\/\/granapadano.kleecks-cdn.com\/wp-content\/uploads\/2025\/03\/GP_Grigliata-di-Carne-p.jpg\" \/>\n\t<meta property=\"og:image:width\" content=\"395\" \/>\n\t<meta property=\"og:image:height\" content=\"395\" \/>\n\t<meta property=\"og:image:type\" content=\"image\/jpeg\" \/>\n<meta name=\"twitter:card\" content=\"summary_large_image\" \/>\n<meta name=\"twitter:label1\" content=\"Est. reading time\" \/>\n\t<meta name=\"twitter:data1\" content=\"5 minutes\" \/>\n<script type=\"application\/ld+json\" class=\"yoast-schema-graph\">{\"@context\":\"https:\\\/\\\/schema.org\",\"@graph\":[{\"@type\":\"WebPage\",\"@id\":\"https:\\\/\\\/www.granapadano.it\\\/fr-fr\\\/pasquetta-lechappee-italienne-apres-paques\\\/\",\"url\":\"https:\\\/\\\/www.granapadano.it\\\/fr-fr\\\/pasquetta-lechappee-italienne-apres-paques\\\/\",\"name\":\"Pasquetta: L\u2019\u00e9chapp\u00e9e italienne apr\u00e8s P\u00e2ques - Grana Padano\",\"isPartOf\":{\"@id\":\"https:\\\/\\\/www.granapadano.it\\\/fr-fr\\\/#website\"},\"primaryImageOfPage\":{\"@id\":\"https:\\\/\\\/www.granapadano.it\\\/fr-fr\\\/pasquetta-lechappee-italienne-apres-paques\\\/#primaryimage\"},\"image\":{\"@id\":\"https:\\\/\\\/www.granapadano.it\\\/fr-fr\\\/pasquetta-lechappee-italienne-apres-paques\\\/#primaryimage\"},\"thumbnailUrl\":\"https:\\\/\\\/granapadano.kleecks-cdn.com\\\/wp-content\\\/uploads\\\/2025\\\/03\\\/GP_Grigliata-di-Carne-p.jpg\",\"datePublished\":\"2026-03-30T14:51:52+00:00\",\"dateModified\":\"2026-03-30T15:46:41+00:00\",\"breadcrumb\":{\"@id\":\"https:\\\/\\\/www.granapadano.it\\\/fr-fr\\\/pasquetta-lechappee-italienne-apres-paques\\\/#breadcrumb\"},\"inLanguage\":\"fr-fr\",\"potentialAction\":[{\"@type\":\"ReadAction\",\"target\":[\"https:\\\/\\\/www.granapadano.it\\\/fr-fr\\\/pasquetta-lechappee-italienne-apres-paques\\\/\"]}]},{\"@type\":\"ImageObject\",\"inLanguage\":\"fr-fr\",\"@id\":\"https:\\\/\\\/www.granapadano.it\\\/fr-fr\\\/pasquetta-lechappee-italienne-apres-paques\\\/#primaryimage\",\"url\":\"https:\\\/\\\/granapadano.kleecks-cdn.com\\\/wp-content\\\/uploads\\\/2025\\\/03\\\/GP_Grigliata-di-Carne-p.jpg\",\"contentUrl\":\"https:\\\/\\\/granapadano.kleecks-cdn.com\\\/wp-content\\\/uploads\\\/2025\\\/03\\\/GP_Grigliata-di-Carne-p.jpg\",\"width\":395,\"height\":395},{\"@type\":\"BreadcrumbList\",\"@id\":\"https:\\\/\\\/www.granapadano.it\\\/fr-fr\\\/pasquetta-lechappee-italienne-apres-paques\\\/#breadcrumb\",\"itemListElement\":[{\"@type\":\"ListItem\",\"position\":1,\"name\":\"Home\",\"item\":\"https:\\\/\\\/www.granapadano.it\\\/fr-fr\\\/\"},{\"@type\":\"ListItem\",\"position\":2,\"name\":\"Pasquetta: L\u2019\u00e9chapp\u00e9e italienne apr\u00e8s P\u00e2ques\"}]},{\"@type\":\"WebSite\",\"@id\":\"https:\\\/\\\/www.granapadano.it\\\/fr-fr\\\/#website\",\"url\":\"https:\\\/\\\/www.granapadano.it\\\/fr-fr\\\/\",\"name\":\"Grana Padano\",\"description\":\"\",\"potentialAction\":[{\"@type\":\"SearchAction\",\"target\":{\"@type\":\"EntryPoint\",\"urlTemplate\":\"https:\\\/\\\/www.granapadano.it\\\/fr-fr\\\/?s={search_term_string}\"},\"query-input\":{\"@type\":\"PropertyValueSpecification\",\"valueRequired\":true,\"valueName\":\"search_term_string\"}}],\"inLanguage\":\"fr-fr\"}]}<\/script>\n<!-- \/ Yoast SEO plugin. -->","yoast_head_json":{"title":"Pasquetta: L\u2019\u00e9chapp\u00e9e italienne apr\u00e8s P\u00e2ques - Grana Padano","robots":{"index":"index","follow":"follow","max-snippet":"max-snippet:-1","max-image-preview":"max-image-preview:large","max-video-preview":"max-video-preview:-1"},"canonical":"https:\/\/www.granapadano.it\/fr-fr\/pasquetta-lechappee-italienne-apres-paques\/","og_locale":"fr_FR","og_type":"article","og_title":"Pasquetta: L\u2019\u00e9chapp\u00e9e italienne apr\u00e8s P\u00e2ques - Grana Padano","og_description":"Pasquetta: L\u2019\u00e9chapp\u00e9e italienne apr\u00e8s P\u00e2quesSi vous pensez que P\u00e2ques en Italie se r\u00e9sume \u00e0 la famille, aux \u0153ufs en chocolat et aux repas interminables\u2026 vous n\u2019en avez vu que la moiti\u00e9. Le lendemain, le fameux Lundi de l\u2019Ange, mieux connu sous le nom de Pasquetta, les Italiens changent de registre : finie la formalit\u00e9, place [&hellip;]","og_url":"https:\/\/www.granapadano.it\/fr-fr\/pasquetta-lechappee-italienne-apres-paques\/","og_site_name":"Grana Padano","article_modified_time":"2026-03-30T15:46:41+00:00","og_image":[{"width":395,"height":395,"url":"https:\/\/granapadano.kleecks-cdn.com\/wp-content\/uploads\/2025\/03\/GP_Grigliata-di-Carne-p.jpg","type":"image\/jpeg"}],"twitter_card":"summary_large_image","twitter_misc":{"Est. reading time":"5 minutes"},"schema":{"@context":"https:\/\/schema.org","@graph":[{"@type":"WebPage","@id":"https:\/\/www.granapadano.it\/fr-fr\/pasquetta-lechappee-italienne-apres-paques\/","url":"https:\/\/www.granapadano.it\/fr-fr\/pasquetta-lechappee-italienne-apres-paques\/","name":"Pasquetta: L\u2019\u00e9chapp\u00e9e italienne apr\u00e8s P\u00e2ques - Grana Padano","isPartOf":{"@id":"https:\/\/www.granapadano.it\/fr-fr\/#website"},"primaryImageOfPage":{"@id":"https:\/\/www.granapadano.it\/fr-fr\/pasquetta-lechappee-italienne-apres-paques\/#primaryimage"},"image":{"@id":"https:\/\/www.granapadano.it\/fr-fr\/pasquetta-lechappee-italienne-apres-paques\/#primaryimage"},"thumbnailUrl":"https:\/\/granapadano.kleecks-cdn.com\/wp-content\/uploads\/2025\/03\/GP_Grigliata-di-Carne-p.jpg","datePublished":"2026-03-30T14:51:52+00:00","dateModified":"2026-03-30T15:46:41+00:00","breadcrumb":{"@id":"https:\/\/www.granapadano.it\/fr-fr\/pasquetta-lechappee-italienne-apres-paques\/#breadcrumb"},"inLanguage":"fr-fr","potentialAction":[{"@type":"ReadAction","target":["https:\/\/www.granapadano.it\/fr-fr\/pasquetta-lechappee-italienne-apres-paques\/"]}]},{"@type":"ImageObject","inLanguage":"fr-fr","@id":"https:\/\/www.granapadano.it\/fr-fr\/pasquetta-lechappee-italienne-apres-paques\/#primaryimage","url":"https:\/\/granapadano.kleecks-cdn.com\/wp-content\/uploads\/2025\/03\/GP_Grigliata-di-Carne-p.jpg","contentUrl":"https:\/\/granapadano.kleecks-cdn.com\/wp-content\/uploads\/2025\/03\/GP_Grigliata-di-Carne-p.jpg","width":395,"height":395},{"@type":"BreadcrumbList","@id":"https:\/\/www.granapadano.it\/fr-fr\/pasquetta-lechappee-italienne-apres-paques\/#breadcrumb","itemListElement":[{"@type":"ListItem","position":1,"name":"Home","item":"https:\/\/www.granapadano.it\/fr-fr\/"},{"@type":"ListItem","position":2,"name":"Pasquetta: L\u2019\u00e9chapp\u00e9e italienne apr\u00e8s P\u00e2ques"}]},{"@type":"WebSite","@id":"https:\/\/www.granapadano.it\/fr-fr\/#website","url":"https:\/\/www.granapadano.it\/fr-fr\/","name":"Grana Padano","description":"","potentialAction":[{"@type":"SearchAction","target":{"@type":"EntryPoint","urlTemplate":"https:\/\/www.granapadano.it\/fr-fr\/?s={search_term_string}"},"query-input":{"@type":"PropertyValueSpecification","valueRequired":true,"valueName":"search_term_string"}}],"inLanguage":"fr-fr"}]}},"_links":{"self":[{"href":"https:\/\/www.granapadano.it\/fr-fr\/wp-json\/wp\/v2\/pages\/153403","targetHints":{"allow":["GET"]}}],"collection":[{"href":"https:\/\/www.granapadano.it\/fr-fr\/wp-json\/wp\/v2\/pages"}],"about":[{"href":"https:\/\/www.granapadano.it\/fr-fr\/wp-json\/wp\/v2\/types\/page"}],"author":[{"embeddable":true,"href":"https:\/\/www.granapadano.it\/fr-fr\/wp-json\/wp\/v2\/users\/45"}],"replies":[{"embeddable":true,"href":"https:\/\/www.granapadano.it\/fr-fr\/wp-json\/wp\/v2\/comments?post=153403"}],"version-history":[{"count":3,"href":"https:\/\/www.granapadano.it\/fr-fr\/wp-json\/wp\/v2\/pages\/153403\/revisions"}],"predecessor-version":[{"id":153422,"href":"https:\/\/www.granapadano.it\/fr-fr\/wp-json\/wp\/v2\/pages\/153403\/revisions\/153422"}],"wp:featuredmedia":[{"embeddable":true,"href":"https:\/\/www.granapadano.it\/fr-fr\/wp-json\/wp\/v2\/media\/136641"}],"wp:attachment":[{"href":"https:\/\/www.granapadano.it\/fr-fr\/wp-json\/wp\/v2\/media?parent=153403"}],"curies":[{"name":"wp","href":"https:\/\/api.w.org\/{rel}","templated":true}]}}