{"id":137281,"date":"2025-04-10T09:27:12","date_gmt":"2025-04-10T09:27:12","guid":{"rendered":"https:\/\/www.granapadano.it\/?page_id=137281"},"modified":"2025-04-10T10:09:12","modified_gmt":"2025-04-10T10:09:12","slug":"comment-associer-le-grana-padano-riserva-de-plus-de-24-mois-et-les-fruits","status":"publish","type":"page","link":"https:\/\/www.granapadano.it\/fr-fr\/degustation\/appariements\/avec-quels-fruits-associer-le-grana-padano\/comment-associer-le-grana-padano-riserva-de-plus-de-24-mois-et-les-fruits\/","title":{"rendered":"Comment associer le Grana Padano \u00ab Riserva \u00bb de plus de 24 mois et les fruits ?"},"content":{"rendered":"<p>[et_pb_section fb_built=&#8221;1&#8243; fullwidth=&#8221;on&#8221; _builder_version=&#8221;4.19.5&#8243; _module_preset=&#8221;default&#8221; global_colors_info=&#8221;{}&#8221;][et_pb_fullwidth_image src=&#8221;https:\/\/www.granapadano.it\/wp-content\/uploads\/2025\/04\/GP_frutta-fresca-h.jpg&#8221; title_text=&#8221;GP_frutta-fresca-m&#8221; src_tablet=&#8221;https:\/\/www.granapadano.it\/wp-content\/uploads\/2025\/04\/GP_frutta-fresca-h.jpg&#8221; src_phone=&#8221;https:\/\/www.granapadano.it\/wp-content\/uploads\/2025\/04\/GP_frutta-fresca-m.jpg&#8221; src_last_edited=&#8221;on|phone&#8221; _builder_version=&#8221;4.27.4&#8243; _module_preset=&#8221;default&#8221; locked=&#8221;off&#8221; global_colors_info=&#8221;{}&#8221;][\/et_pb_fullwidth_image][\/et_pb_section][et_pb_section fb_built=&#8221;1&#8243; module_class=&#8221;production_sub_hub_main_wrapper&#8221; _builder_version=&#8221;4.19.4&#8243; _module_preset=&#8221;default&#8221; custom_padding=&#8221;13px||0px|||&#8221; locked=&#8221;off&#8221; global_colors_info=&#8221;{}&#8221;][et_pb_row module_class=&#8221;recipe_filter_section&#8221; _builder_version=&#8221;4.19.2&#8243; _module_preset=&#8221;default&#8221; max_width=&#8221;90%&#8221; custom_padding=&#8221;||7px|||&#8221; global_colors_info=&#8221;{}&#8221;][et_pb_column type=&#8221;4_4&#8243; _builder_version=&#8221;4.19.2&#8243; _module_preset=&#8221;default&#8221; global_colors_info=&#8221;{}&#8221;][et_pb_code _builder_version=&#8221;4.19.2&#8243; _module_preset=&#8221;default&#8221; custom_margin=&#8221;||16px|||&#8221; global_colors_info=&#8221;{}&#8221;]<div class=\"breadcrumb\"><a href=\"https:\/\/www.granapadano.it\/fr-fr\/\">Home<\/a>  <  <\/div>[\/et_pb_code][\/et_pb_column][\/et_pb_row][\/et_pb_section][et_pb_section fb_built=&#8221;1&#8243; module_class=&#8221;giovani_sub_hub_title&#8221; _builder_version=&#8221;4.19.5&#8243; _module_preset=&#8221;default&#8221; custom_padding=&#8221;0px||35px||false|false&#8221; locked=&#8221;off&#8221; global_colors_info=&#8221;{}&#8221;][et_pb_row module_class=&#8221;gp_producion_heading_wrapper&#8221; _builder_version=&#8221;4.19.5&#8243; _module_preset=&#8221;default&#8221; max_width=&#8221;90%&#8221; module_alignment=&#8221;center&#8221; custom_padding=&#8221;||||false|false&#8221; global_colors_info=&#8221;{}&#8221;][et_pb_column type=&#8221;4_4&#8243; _builder_version=&#8221;4.19.4&#8243; _module_preset=&#8221;default&#8221; global_colors_info=&#8221;{}&#8221;][et_pb_text module_class=&#8221;giovani_sub_hub_title_text&#8221; _builder_version=&#8221;4.27.4&#8243; _module_preset=&#8221;default&#8221; text_font=&#8221;Merriweather|700|||||||&#8221; text_text_color=&#8221;#0f0f0f&#8221; text_font_size=&#8221;80px&#8221; text_line_height=&#8221;70px&#8221; header_font=&#8221;Merriweather||||||||&#8221; header_text_color=&#8221;gcid-8696fd7e-29dd-4028-9d4d-981b208a53a9&#8243; header_font_size=&#8221;44px&#8221; header_line_height=&#8221;52px&#8221; text_orientation=&#8221;center&#8221; min_height=&#8221;83px&#8221; custom_margin=&#8221;||0px||false|false&#8221; custom_padding=&#8221;||0px||false|false&#8221; global_colors_info=&#8221;{%22gcid-8696fd7e-29dd-4028-9d4d-981b208a53a9%22:%91%22header_text_color%22%93}&#8221;]<\/p>\n<h1>Grana Padano AOP \u00ab Riserva \u00bb de plus de 24 mois<\/h1>\n<p>[\/et_pb_text][\/et_pb_column][\/et_pb_row][et_pb_row column_structure=&#8221;1_4,3_4&#8243; module_class=&#8221;article_dates&#8221; _builder_version=&#8221;4.19.4&#8243; _module_preset=&#8221;default&#8221; max_width=&#8221;90%&#8221; custom_padding=&#8221;2px||6px||false|false&#8221; global_colors_info=&#8221;{}&#8221;][et_pb_column type=&#8221;1_4&#8243; _builder_version=&#8221;4.19.3&#8243; _module_preset=&#8221;default&#8221; global_colors_info=&#8221;{}&#8221;][et_pb_text module_class=&#8221;button_look&#8221; _builder_version=&#8221;4.27.4&#8243; _module_preset=&#8221;default&#8221; text_font=&#8221;FontPadano-Bold||||||||&#8221; text_text_color=&#8221;#000000&#8243; text_font_size=&#8221;26px&#8221; background_color=&#8221;RGBA(255,255,255,0)&#8221; locked=&#8221;off&#8221; global_colors_info=&#8221;{}&#8221;]<\/p>\n<p>Fruits<\/p>\n<p>[\/et_pb_text][\/et_pb_column][et_pb_column type=&#8221;3_4&#8243; _builder_version=&#8221;4.19.4&#8243; _module_preset=&#8221;default&#8221; global_colors_info=&#8221;{}&#8221;][\/et_pb_column][\/et_pb_row][et_pb_row column_structure=&#8221;2_5,3_5&#8243; module_class=&#8221;article_sub_img_text_content &#8221; _builder_version=&#8221;4.24.3&#8243; _module_preset=&#8221;default&#8221; max_width=&#8221;90%&#8221; module_alignment=&#8221;center&#8221; min_height=&#8221;590.9px&#8221; custom_margin=&#8221;0px|auto|0px|auto|false|false&#8221; custom_padding=&#8221;0px||40px||false|false&#8221; global_colors_info=&#8221;{}&#8221;][et_pb_column type=&#8221;2_5&#8243; module_class=&#8221;article_sub_img_wrap&#8221; _builder_version=&#8221;4.20.2&#8243; _module_preset=&#8221;default&#8221; global_colors_info=&#8221;{}&#8221;][et_pb_image src=&#8221;https:\/\/www.granapadano.it\/wp-content\/uploads\/2025\/04\/raw-ripe-medlar-fruits-with-leaves-concrete-background-strong-shadows-scaled.jpg&#8221; title_text=&#8221;raw-ripe-medlar-fruits-with-leaves-concrete-background-strong-shadows&#8221; align=&#8221;center&#8221; _builder_version=&#8221;4.27.4&#8243; _module_preset=&#8221;default&#8221; positioning=&#8221;relative&#8221; vertical_offset=&#8221;63px&#8221; module_alignment=&#8221;center&#8221; border_radii=&#8221;on|20px|20px|20px|20px&#8221; global_colors_info=&#8221;{}&#8221;][\/et_pb_image][\/et_pb_column][et_pb_column type=&#8221;3_5&#8243; module_class=&#8221;article_sub_text_wrap&#8221; _builder_version=&#8221;4.20.2&#8243; _module_preset=&#8221;default&#8221; global_colors_info=&#8221;{}&#8221;][et_pb_text _builder_version=&#8221;4.27.4&#8243; _module_preset=&#8221;default&#8221; text_text_color=&#8221;#0f0f0f&#8221; text_font_size=&#8221;18px&#8221; text_line_height=&#8221;26px&#8221; width=&#8221;100%&#8221; custom_margin=&#8221;||0px||false|false&#8221; global_colors_info=&#8221;{}&#8221;]<\/p>\n<h3>Grana Padano AOP \u00ab Riserva \u00bb de plus de 24 mois et n\u00e8fles<\/h3>\n<\/p>\n<p>Le Grana Padano AOP \u00ab Riserva \u00bb, affin\u00e9 pendant plus de 24 mois, se caract\u00e9rise par un go\u00fbt intense et complexe, avec des notes de beurre fondu et d&#8217;\u00e9pices. Les n\u00e8fles, avec leur chair tendre et leur saveur aigre-douce, cr\u00e9ent un contraste fascinant qui stimule le palais. Cette combinaison est parfaite pour ceux qui aiment les combinaisons audacieuses et qui souhaitent exp\u00e9rimenter de nouvelles saveurs en cuisine.<br \/>\nLes n\u00e8fles sont des fruits printaniers peu connus mais \u00e0 la saveur unique. Elles sont parmi les premiers fruits \u00e0 m\u00fbrir au printemps et ont des origines anciennes remontant \u00e0 la culture du Moyen-Orient. Elles contiennent une bonne quantit\u00e9 de vitamine A et de fibres, ce qui les rend parfaites pour terminer un repas en toute l\u00e9g\u00e8ret\u00e9. Leur saveur l\u00e9g\u00e8rement acide cr\u00e9e un contraste raffin\u00e9 avec le Grana Padano AOP \u00ab Riserva \u00bb de plus de 24 mois, qui accentue leurs notes beurr\u00e9es et \u00e9pic\u00e9es. Essayez-les dans une salade avec du fenouil et des noix, ou simplement servies avec des copeaux de fromage et un filet d&#8217;huile d&#8217;olive extra vierge.<\/p>\n<p><strong>Curiosit\u00e9s<br \/>\n<\/strong><\/p>\n<ul>\n<li>Les n\u00e8fles europ\u00e9ennes \u00e9taient tr\u00e8s pris\u00e9es dans la Rome et la Gr\u00e8ce antiques, o\u00f9 elles \u00e9taient consomm\u00e9es fra\u00eeches ou utilis\u00e9es pour pr\u00e9parer des boissons ferment\u00e9es semblables \u00e0 du cidre. Pline l&#8217;Ancien les mentionnait dans ses \u00e9crits comme un fruit pr\u00e9cieux.<\/li>\n<li><span style=\"font-size: 18px\">Les n\u00e8fles sont riches en vitamine A, en vitamine C et en antioxydants, qui prot\u00e8gent la peau, renforcent le syst\u00e8me immunitaire et combattent les radicaux libres. De plus, gr\u00e2ce \u00e0 leur forte teneur en eau, elles sont parfaites pour s&#8217;hydrater pendant les mois les plus chauds.<\/span><\/li>\n<\/ul>\n<p>[\/et_pb_text][\/et_pb_column][\/et_pb_row][\/et_pb_section]<\/p>\n","protected":false},"excerpt":{"rendered":"<p><div class=\"breadcrumb\"><a href=\"https:\/\/www.granapadano.it\/fr-fr\/\">Home<\/a>  <  <\/div>Grana Padano AOP \u00ab Riserva \u00bb de plus de 24 moisFruitsGrana Padano AOP \u00ab Riserva \u00bb de plus de 24 mois et n\u00e8fles Le Grana Padano AOP \u00ab Riserva \u00bb, affin\u00e9 pendant plus de 24 mois, se caract\u00e9rise par un go\u00fbt intense et complexe, avec des notes de beurre fondu et d&#8217;\u00e9pices. Les n\u00e8fles, avec [&hellip;]<\/p>\n","protected":false},"author":21,"featured_media":0,"parent":137160,"menu_order":325,"comment_status":"closed","ping_status":"closed","template":"","meta":{"_acf_changed":false,"_et_pb_use_builder":"on","_et_pb_old_content":"","_et_gb_content_width":"","footnotes":""},"class_list":["post-137281","page","type-page","status-publish","hentry"],"acf":[],"yoast_head":"<!-- This site is optimized with the Yoast SEO plugin v27.4 - https:\/\/yoast.com\/product\/yoast-seo-wordpress\/ -->\n<title>Comment associer le Grana Padano \u00ab Riserva \u00bb de plus de 24 mois et les fruits ? - Grana Padano<\/title>\n<meta name=\"robots\" content=\"index, follow, max-snippet:-1, max-image-preview:large, max-video-preview:-1\" \/>\n<link rel=\"canonical\" href=\"https:\/\/www.granapadano.it\/fr-fr\/degustation\/appariements\/avec-quels-fruits-associer-le-grana-padano\/comment-associer-le-grana-padano-riserva-de-plus-de-24-mois-et-les-fruits\/\" \/>\n<meta property=\"og:locale\" content=\"fr_FR\" \/>\n<meta property=\"og:type\" content=\"article\" \/>\n<meta property=\"og:title\" content=\"Comment associer le Grana Padano \u00ab Riserva \u00bb de plus de 24 mois et les fruits ? - Grana Padano\" \/>\n<meta property=\"og:description\" content=\"Grana Padano AOP \u00ab Riserva \u00bb de plus de 24 moisFruitsGrana Padano AOP \u00ab Riserva \u00bb de plus de 24 mois et n\u00e8fles Le Grana Padano AOP \u00ab Riserva \u00bb, affin\u00e9 pendant plus de 24 mois, se caract\u00e9rise par un go\u00fbt intense et complexe, avec des notes de beurre fondu et d&#039;\u00e9pices. Les n\u00e8fles, avec [&hellip;]\" \/>\n<meta property=\"og:url\" content=\"https:\/\/www.granapadano.it\/fr-fr\/degustation\/appariements\/avec-quels-fruits-associer-le-grana-padano\/comment-associer-le-grana-padano-riserva-de-plus-de-24-mois-et-les-fruits\/\" \/>\n<meta property=\"og:site_name\" content=\"Grana Padano\" \/>\n<meta property=\"article:modified_time\" content=\"2025-04-10T10:09:12+00:00\" \/>\n<meta name=\"twitter:card\" content=\"summary_large_image\" \/>\n<meta name=\"twitter:label1\" content=\"Est. reading time\" \/>\n\t<meta name=\"twitter:data1\" content=\"2 minutes\" \/>\n<script type=\"application\/ld+json\" class=\"yoast-schema-graph\">{\"@context\":\"https:\\\/\\\/schema.org\",\"@graph\":[{\"@type\":\"WebPage\",\"@id\":\"https:\\\/\\\/www.granapadano.it\\\/fr-fr\\\/degustation\\\/appariements\\\/avec-quels-fruits-associer-le-grana-padano\\\/comment-associer-le-grana-padano-riserva-de-plus-de-24-mois-et-les-fruits\\\/\",\"url\":\"https:\\\/\\\/www.granapadano.it\\\/fr-fr\\\/degustation\\\/appariements\\\/avec-quels-fruits-associer-le-grana-padano\\\/comment-associer-le-grana-padano-riserva-de-plus-de-24-mois-et-les-fruits\\\/\",\"name\":\"Comment associer le Grana Padano \u00ab Riserva \u00bb de plus de 24 mois et les fruits ? - Grana Padano\",\"isPartOf\":{\"@id\":\"https:\\\/\\\/www.granapadano.it\\\/fr-fr\\\/#website\"},\"datePublished\":\"2025-04-10T09:27:12+00:00\",\"dateModified\":\"2025-04-10T10:09:12+00:00\",\"breadcrumb\":{\"@id\":\"https:\\\/\\\/www.granapadano.it\\\/fr-fr\\\/degustation\\\/appariements\\\/avec-quels-fruits-associer-le-grana-padano\\\/comment-associer-le-grana-padano-riserva-de-plus-de-24-mois-et-les-fruits\\\/#breadcrumb\"},\"inLanguage\":\"fr-fr\",\"potentialAction\":[{\"@type\":\"ReadAction\",\"target\":[\"https:\\\/\\\/www.granapadano.it\\\/fr-fr\\\/degustation\\\/appariements\\\/avec-quels-fruits-associer-le-grana-padano\\\/comment-associer-le-grana-padano-riserva-de-plus-de-24-mois-et-les-fruits\\\/\"]}]},{\"@type\":\"BreadcrumbList\",\"@id\":\"https:\\\/\\\/www.granapadano.it\\\/fr-fr\\\/degustation\\\/appariements\\\/avec-quels-fruits-associer-le-grana-padano\\\/comment-associer-le-grana-padano-riserva-de-plus-de-24-mois-et-les-fruits\\\/#breadcrumb\",\"itemListElement\":[{\"@type\":\"ListItem\",\"position\":1,\"name\":\"Home\",\"item\":\"https:\\\/\\\/www.granapadano.it\\\/fr-fr\\\/\"},{\"@type\":\"ListItem\",\"position\":2,\"name\":\"Recettes\",\"item\":\"https:\\\/\\\/www.granapadano.it\\\/fr-fr\\\/recettes\\\/\"},{\"@type\":\"ListItem\",\"position\":3,\"name\":\"Accords\",\"item\":\"https:\\\/\\\/www.granapadano.it\\\/fr-fr\\\/recettes\\\/accords\\\/\"},{\"@type\":\"ListItem\",\"position\":4,\"name\":\"Avec quels fruits associer le Grana Padano ?\",\"item\":\"https:\\\/\\\/www.granapadano.it\\\/fr-fr\\\/degustation\\\/appariements\\\/avec-quels-fruits-associer-le-grana-padano\\\/\"},{\"@type\":\"ListItem\",\"position\":5,\"name\":\"Comment associer le Grana Padano \u00ab Riserva \u00bb de plus de 24 mois et les fruits ?\"}]},{\"@type\":\"WebSite\",\"@id\":\"https:\\\/\\\/www.granapadano.it\\\/fr-fr\\\/#website\",\"url\":\"https:\\\/\\\/www.granapadano.it\\\/fr-fr\\\/\",\"name\":\"Grana Padano\",\"description\":\"\",\"potentialAction\":[{\"@type\":\"SearchAction\",\"target\":{\"@type\":\"EntryPoint\",\"urlTemplate\":\"https:\\\/\\\/www.granapadano.it\\\/fr-fr\\\/?s={search_term_string}\"},\"query-input\":{\"@type\":\"PropertyValueSpecification\",\"valueRequired\":true,\"valueName\":\"search_term_string\"}}],\"inLanguage\":\"fr-fr\"}]}<\/script>\n<!-- \/ Yoast SEO plugin. -->","yoast_head_json":{"title":"Comment associer le Grana Padano \u00ab Riserva \u00bb de plus de 24 mois et les fruits ? - Grana Padano","robots":{"index":"index","follow":"follow","max-snippet":"max-snippet:-1","max-image-preview":"max-image-preview:large","max-video-preview":"max-video-preview:-1"},"canonical":"https:\/\/www.granapadano.it\/fr-fr\/degustation\/appariements\/avec-quels-fruits-associer-le-grana-padano\/comment-associer-le-grana-padano-riserva-de-plus-de-24-mois-et-les-fruits\/","og_locale":"fr_FR","og_type":"article","og_title":"Comment associer le Grana Padano \u00ab Riserva \u00bb de plus de 24 mois et les fruits ? - Grana Padano","og_description":"Grana Padano AOP \u00ab Riserva \u00bb de plus de 24 moisFruitsGrana Padano AOP \u00ab Riserva \u00bb de plus de 24 mois et n\u00e8fles Le Grana Padano AOP \u00ab Riserva \u00bb, affin\u00e9 pendant plus de 24 mois, se caract\u00e9rise par un go\u00fbt intense et complexe, avec des notes de beurre fondu et d'\u00e9pices. Les n\u00e8fles, avec [&hellip;]","og_url":"https:\/\/www.granapadano.it\/fr-fr\/degustation\/appariements\/avec-quels-fruits-associer-le-grana-padano\/comment-associer-le-grana-padano-riserva-de-plus-de-24-mois-et-les-fruits\/","og_site_name":"Grana Padano","article_modified_time":"2025-04-10T10:09:12+00:00","twitter_card":"summary_large_image","twitter_misc":{"Est. reading time":"2 minutes"},"schema":{"@context":"https:\/\/schema.org","@graph":[{"@type":"WebPage","@id":"https:\/\/www.granapadano.it\/fr-fr\/degustation\/appariements\/avec-quels-fruits-associer-le-grana-padano\/comment-associer-le-grana-padano-riserva-de-plus-de-24-mois-et-les-fruits\/","url":"https:\/\/www.granapadano.it\/fr-fr\/degustation\/appariements\/avec-quels-fruits-associer-le-grana-padano\/comment-associer-le-grana-padano-riserva-de-plus-de-24-mois-et-les-fruits\/","name":"Comment associer le Grana Padano \u00ab Riserva \u00bb de plus de 24 mois et les fruits ? - Grana Padano","isPartOf":{"@id":"https:\/\/www.granapadano.it\/fr-fr\/#website"},"datePublished":"2025-04-10T09:27:12+00:00","dateModified":"2025-04-10T10:09:12+00:00","breadcrumb":{"@id":"https:\/\/www.granapadano.it\/fr-fr\/degustation\/appariements\/avec-quels-fruits-associer-le-grana-padano\/comment-associer-le-grana-padano-riserva-de-plus-de-24-mois-et-les-fruits\/#breadcrumb"},"inLanguage":"fr-fr","potentialAction":[{"@type":"ReadAction","target":["https:\/\/www.granapadano.it\/fr-fr\/degustation\/appariements\/avec-quels-fruits-associer-le-grana-padano\/comment-associer-le-grana-padano-riserva-de-plus-de-24-mois-et-les-fruits\/"]}]},{"@type":"BreadcrumbList","@id":"https:\/\/www.granapadano.it\/fr-fr\/degustation\/appariements\/avec-quels-fruits-associer-le-grana-padano\/comment-associer-le-grana-padano-riserva-de-plus-de-24-mois-et-les-fruits\/#breadcrumb","itemListElement":[{"@type":"ListItem","position":1,"name":"Home","item":"https:\/\/www.granapadano.it\/fr-fr\/"},{"@type":"ListItem","position":2,"name":"Recettes","item":"https:\/\/www.granapadano.it\/fr-fr\/recettes\/"},{"@type":"ListItem","position":3,"name":"Accords","item":"https:\/\/www.granapadano.it\/fr-fr\/recettes\/accords\/"},{"@type":"ListItem","position":4,"name":"Avec quels fruits associer le Grana Padano ?","item":"https:\/\/www.granapadano.it\/fr-fr\/degustation\/appariements\/avec-quels-fruits-associer-le-grana-padano\/"},{"@type":"ListItem","position":5,"name":"Comment associer le Grana Padano \u00ab Riserva \u00bb de plus de 24 mois et les fruits ?"}]},{"@type":"WebSite","@id":"https:\/\/www.granapadano.it\/fr-fr\/#website","url":"https:\/\/www.granapadano.it\/fr-fr\/","name":"Grana Padano","description":"","potentialAction":[{"@type":"SearchAction","target":{"@type":"EntryPoint","urlTemplate":"https:\/\/www.granapadano.it\/fr-fr\/?s={search_term_string}"},"query-input":{"@type":"PropertyValueSpecification","valueRequired":true,"valueName":"search_term_string"}}],"inLanguage":"fr-fr"}]}},"_links":{"self":[{"href":"https:\/\/www.granapadano.it\/fr-fr\/wp-json\/wp\/v2\/pages\/137281","targetHints":{"allow":["GET"]}}],"collection":[{"href":"https:\/\/www.granapadano.it\/fr-fr\/wp-json\/wp\/v2\/pages"}],"about":[{"href":"https:\/\/www.granapadano.it\/fr-fr\/wp-json\/wp\/v2\/types\/page"}],"author":[{"embeddable":true,"href":"https:\/\/www.granapadano.it\/fr-fr\/wp-json\/wp\/v2\/users\/21"}],"replies":[{"embeddable":true,"href":"https:\/\/www.granapadano.it\/fr-fr\/wp-json\/wp\/v2\/comments?post=137281"}],"version-history":[{"count":2,"href":"https:\/\/www.granapadano.it\/fr-fr\/wp-json\/wp\/v2\/pages\/137281\/revisions"}],"predecessor-version":[{"id":137332,"href":"https:\/\/www.granapadano.it\/fr-fr\/wp-json\/wp\/v2\/pages\/137281\/revisions\/137332"}],"up":[{"embeddable":true,"href":"https:\/\/www.granapadano.it\/fr-fr\/wp-json\/wp\/v2\/pages\/137160"}],"wp:attachment":[{"href":"https:\/\/www.granapadano.it\/fr-fr\/wp-json\/wp\/v2\/media?parent=137281"}],"curies":[{"name":"wp","href":"https:\/\/api.w.org\/{rel}","templated":true}]}}