{"id":137160,"date":"2025-04-09T13:15:16","date_gmt":"2025-04-09T13:15:16","guid":{"rendered":"https:\/\/www.granapadano.it\/?page_id=137160"},"modified":"2025-04-10T10:26:26","modified_gmt":"2025-04-10T10:26:26","slug":"avec-quels-fruits-associer-le-grana-padano","status":"publish","type":"page","link":"https:\/\/www.granapadano.it\/fr-fr\/degustation\/appariements\/avec-quels-fruits-associer-le-grana-padano\/","title":{"rendered":"Avec quels fruits associer le Grana Padano ?"},"content":{"rendered":"<p>[et_pb_section fb_built=&#8221;1&#8243; fullwidth=&#8221;on&#8221; _builder_version=&#8221;4.19.4&#8243; _module_preset=&#8221;default&#8221; global_colors_info=&#8221;{}&#8221;][et_pb_fullwidth_image src=&#8221;https:\/\/www.granapadano.it\/wp-content\/uploads\/2025\/04\/GP_frutta-fresca-h.jpg&#8221; title_text=&#8221;GP_frutta-fresca-m&#8221; src_tablet=&#8221;https:\/\/www.granapadano.it\/wp-content\/uploads\/2025\/04\/GP_frutta-fresca-h.jpg&#8221; src_phone=&#8221;https:\/\/www.granapadano.it\/wp-content\/uploads\/2025\/04\/GP_frutta-fresca-m.jpg&#8221; src_last_edited=&#8221;on|phone&#8221; _builder_version=&#8221;4.27.4&#8243; _module_preset=&#8221;default&#8221; global_colors_info=&#8221;{}&#8221;][\/et_pb_fullwidth_image][\/et_pb_section][et_pb_section fb_built=&#8221;1&#8243; module_class=&#8221;production_sub_hub_main_wrapper&#8221; _builder_version=&#8221;4.19.4&#8243; _module_preset=&#8221;default&#8221; custom_padding=&#8221;13px||0px|||&#8221; locked=&#8221;off&#8221; global_colors_info=&#8221;{}&#8221;][et_pb_row module_class=&#8221;recipe_filter_section&#8221; _builder_version=&#8221;4.19.5&#8243; _module_preset=&#8221;default&#8221; max_width=&#8221;90%&#8221; custom_padding=&#8221;||7px|||&#8221; global_colors_info=&#8221;{}&#8221;][et_pb_column type=&#8221;4_4&#8243; _builder_version=&#8221;4.19.2&#8243; _module_preset=&#8221;default&#8221; global_colors_info=&#8221;{}&#8221;][et_pb_code _builder_version=&#8221;4.19.2&#8243; _module_preset=&#8221;default&#8221; custom_margin=&#8221;||16px|||&#8221; global_colors_info=&#8221;{}&#8221;]<div class=\"breadcrumb\"><a href=\"https:\/\/www.granapadano.it\/fr-fr\/\">Home<\/a>  <  <\/div>[\/et_pb_code][\/et_pb_column][\/et_pb_row][\/et_pb_section][et_pb_section fb_built=&#8221;1&#8243; admin_label=&#8221;9-16 mesi&#8221; module_class=&#8221;sustainability_sub_hub_wrapper padano_cheese_suggest&#8221; _builder_version=&#8221;4.20.2&#8243; _module_preset=&#8221;default&#8221; custom_padding=&#8221;10px||4px|||&#8221; locked=&#8221;off&#8221; collapsed=&#8221;off&#8221; global_colors_info=&#8221;{}&#8221;][et_pb_row _builder_version=&#8221;4.19.5&#8243; _module_preset=&#8221;default&#8221; custom_padding=&#8221;||50px|||&#8221; global_colors_info=&#8221;{}&#8221;][et_pb_column type=&#8221;4_4&#8243; _builder_version=&#8221;4.19.5&#8243; _module_preset=&#8221;default&#8221; global_colors_info=&#8221;{}&#8221;][et_pb_text module_class=&#8221;giovani_sub_hub_title_text&#8221; _builder_version=&#8221;4.27.4&#8243; _module_preset=&#8221;default&#8221; text_font=&#8221;Merriweather|700|||||||&#8221; text_text_color=&#8221;#0f0f0f&#8221; text_font_size=&#8221;80px&#8221; text_line_height=&#8221;70px&#8221; header_font=&#8221;Merriweather||||||||&#8221; header_text_color=&#8221;gcid-8696fd7e-29dd-4028-9d4d-981b208a53a9&#8243; header_font_size=&#8221;44px&#8221; header_line_height=&#8221;52px&#8221; text_orientation=&#8221;center&#8221; min_height=&#8221;83px&#8221; custom_margin=&#8221;||0px||false|false&#8221; custom_padding=&#8221;||0px||false|false&#8221; locked=&#8221;off&#8221; global_colors_info=&#8221;{%22gcid-8696fd7e-29dd-4028-9d4d-981b208a53a9%22:%91%22header_text_color%22%93}&#8221;]<\/p>\n<h1>Fruit et Grana Padano<\/h1>\n<p>[\/et_pb_text][\/et_pb_column][\/et_pb_row][et_pb_row module_class=&#8221;article_dates&#8221; _builder_version=&#8221;4.19.4&#8243; _module_preset=&#8221;default&#8221; max_width=&#8221;90%&#8221; custom_padding=&#8221;2px||6px||false|false&#8221; locked=&#8221;off&#8221; global_colors_info=&#8221;{}&#8221;][et_pb_column type=&#8221;4_4&#8243; _builder_version=&#8221;4.19.3&#8243; _module_preset=&#8221;default&#8221; global_colors_info=&#8221;{}&#8221;][et_pb_text module_class=&#8221;button_look&#8221; _builder_version=&#8221;4.27.4&#8243; _module_preset=&#8221;default&#8221; text_font=&#8221;FontPadano-Bold||||||||&#8221; text_text_color=&#8221;#000000&#8243; text_font_size=&#8221;26px&#8221; background_color=&#8221;RGBA(255,255,255,0)&#8221; global_colors_info=&#8221;{}&#8221;]<\/p>\n<p>Fruits<\/p>\n<p>[\/et_pb_text][\/et_pb_column][\/et_pb_row][et_pb_row _builder_version=&#8221;4.24.3&#8243; _module_preset=&#8221;default&#8221; max_width=&#8221;90%&#8221; module_alignment=&#8221;center&#8221; custom_margin=&#8221;20px||||false|false&#8221; custom_padding=&#8221;0px||18px||false|false&#8221; locked=&#8221;off&#8221; global_colors_info=&#8221;{}&#8221;][et_pb_column type=&#8221;4_4&#8243; _builder_version=&#8221;4.19.5&#8243; _module_preset=&#8221;default&#8221; global_colors_info=&#8221;{}&#8221;][et_pb_text _builder_version=&#8221;4.27.4&#8243; _module_preset=&#8221;default&#8221; text_text_color=&#8221;#0f0f0f&#8221; text_font_size=&#8221;18px&#8221; text_line_height=&#8221;26px&#8221; width=&#8221;100%&#8221; custom_margin=&#8221;20px||||false|false&#8221; custom_padding=&#8221;|33px||||&#8221; global_colors_info=&#8221;{}&#8221;]<\/p>\n<h3><strong>Comment combiner le Grana Padano et les fruits frais<\/strong><\/h3>\n<p>Lorsque l&#8217;on pense au Grana Padano AOP, on l&#8217;imagine souvent associ\u00e9 au miel, aux confitures ou au vin. Cependant, les fruits frais peuvent \u00e9galement mettre en valeur les caract\u00e9ristiques de ce fromage unique, cr\u00e9ant ainsi des combinaisons surprenantes et harmonieuses. La vari\u00e9t\u00e9 des affinages du Grana Padano permet de jouer avec diff\u00e9rentes saveurs et de trouver l&#8217;accord parfait pour chaque palais. La douceur naturelle et la fra\u00eecheur des fruits contrastent et rehaussent la structure du fromage, cr\u00e9ant ainsi une exp\u00e9rience gustative raffin\u00e9e et originale.<br \/>\nAu cours de ce voyage \u00e0 la d\u00e9couverte des saveurs, nous explorerons comment le Grana Padano peut \u00eatre associ\u00e9 \u00e0 diff\u00e9rents fruits aux saveurs distinctes qui s&#8217;harmonisent parfaitement avec ses diff\u00e9rentes maturit\u00e9s. Pr\u00e9parez-vous \u00e0 une combinaison de saveurs inattendue et d\u00e9licieuse.<\/p>\n<p>[\/et_pb_text][\/et_pb_column][\/et_pb_row][\/et_pb_section][et_pb_section fb_built=&#8221;1&#8243; admin_label=&#8221;Oltre 16 mesi&#8221; module_class=&#8221;sostenibilita_main_section padano_cheese_suggest&#8221; _builder_version=&#8221;4.24.3&#8243; _module_preset=&#8221;default&#8221; background_color=&#8221;#FFFFFF&#8221; min_height=&#8221;1513.9px&#8221; custom_margin=&#8221;2px|||||&#8221; custom_padding=&#8221;59px|||||&#8221; locked=&#8221;off&#8221; collapsed=&#8221;off&#8221; global_colors_info=&#8221;{}&#8221;][et_pb_row column_structure=&#8221;1_2,1_2&#8243; use_custom_gutter=&#8221;on&#8221; gutter_width=&#8221;3&#8243; module_class=&#8221;consorzio_saprate_section consorzio_vini_abbinare_page&#8221; _builder_version=&#8221;4.27.4&#8243; _module_preset=&#8221;default&#8221; transform_scale=&#8221;94%|94%&#8221; max_width=&#8221;90%&#8221; custom_padding=&#8221;0px|||||&#8221; hover_enabled=&#8221;0&#8243; collapsed=&#8221;on&#8221; global_colors_info=&#8221;{}&#8221; sticky_enabled=&#8221;0&#8243;][et_pb_column type=&#8221;1_2&#8243; _builder_version=&#8221;4.27.4&#8243; _module_preset=&#8221;default&#8221; background_color=&#8221;#f7f7f7&#8243; link_option_url=&#8221;https:\/\/www.granapadano.it\/fr-fr\/comment-associer-le-grana-padano-9-16-mois-et-les-fruits\/&#8221; hover_enabled=&#8221;0&#8243; global_colors_info=&#8221;{}&#8221; sticky_enabled=&#8221;0&#8243;][et_pb_image title_text=&#8221;GP_Card-frutta-fresca-9-16&#8243; url=&#8221;https:\/\/www.granapadano.it\/fr-fr\/comment-associer-le-grana-padano-9-16-mois-et-les-fruits\/&#8221; align=&#8221;center&#8221; _builder_version=&#8221;4.27.4&#8243; _module_preset=&#8221;default&#8221; background_color=&#8221;RGBA(255,255,255,0)&#8221; background_image=&#8221;https:\/\/www.granapadano.it\/wp-content\/uploads\/2025\/04\/GP_Card-frutta-fresca-9-16.jpg&#8221; min_height=&#8221;89px&#8221; custom_padding=&#8221;209px|0px||2px|false|false&#8221; hover_enabled=&#8221;0&#8243; global_colors_info=&#8221;{}&#8221; sticky_enabled=&#8221;0&#8243;][\/et_pb_image][et_pb_text _builder_version=&#8221;4.27.4&#8243; _module_preset=&#8221;default&#8221; header_3_font=&#8221;Merriweather|700|||||||&#8221; header_3_text_color=&#8221;#0f0f0f&#8221; header_3_font_size=&#8221;23px&#8221; header_3_line_height=&#8221;31px&#8221; custom_margin_tablet=&#8221;&#8221; custom_margin_phone=&#8221;20px||||false|false&#8221; custom_margin_last_edited=&#8221;on|phone&#8221; locked=&#8221;off&#8221; global_colors_info=&#8221;{}&#8221;]<\/p>\n<h3>Grana Padano AOP 9-16 mois<\/h3>\n<p>[\/et_pb_text][et_pb_text _builder_version=&#8221;4.27.4&#8243; _module_preset=&#8221;default&#8221; text_text_color=&#8221;#0f0f0f&#8221; text_font_size=&#8221;18px&#8221; text_line_height=&#8221;26px&#8221; custom_padding=&#8221;|34px||||&#8221; global_colors_info=&#8221;{}&#8221;]<\/p>\n<p><strong>Accords conseill\u00e9s :<\/strong><\/p>\n<ul>\n<li>Raisin<\/li>\n<li>Kiwi<\/li>\n<li>Melon<\/li>\n<li>P\u00eache<\/li>\n<\/ul>\n<p><strong>En particulier, nous conseillons d&#8217;associer le Grana Padano AOP 9-16 mois aux <\/strong><\/p>\n<\/p>\n<ul>\n<li>\n<h4>Kiwis<\/h4>\n<p>[\/et_pb_text][et_pb_image src=&#8221;https:\/\/www.granapadano.it\/wp-content\/uploads\/2022\/11\/Path-20171.png&#8221; title_text=&#8221;Path 20171&#8243; url=&#8221;https:\/\/www.granapadano.it\/fr-fr\/comment-associer-le-grana-padano-9-16-mois-et-les-fruits\/&#8221; align=&#8221;right&#8221; _builder_version=&#8221;4.27.4&#8243; _module_preset=&#8221;default&#8221; hover_enabled=&#8221;0&#8243; global_colors_info=&#8221;{}&#8221; sticky_enabled=&#8221;0&#8243;][\/et_pb_image][\/et_pb_column][et_pb_column type=&#8221;1_2&#8243; _builder_version=&#8221;4.27.4&#8243; _module_preset=&#8221;default&#8221; link_option_url=&#8221;https:\/\/www.granapadano.it\/fr-fr\/comment-combiner-le-grana-padano-16-20-mois-et-les-fruits\/&#8221; hover_enabled=&#8221;0&#8243; global_colors_info=&#8221;{}&#8221; sticky_enabled=&#8221;0&#8243;][et_pb_image title_text=&#8221;GP_Card-frutta-fresca-16-20&#8243; url=&#8221;https:\/\/www.granapadano.it\/fr-fr\/comment-combiner-le-grana-padano-16-20-mois-et-les-fruits\/&#8221; align=&#8221;center&#8221; _builder_version=&#8221;4.27.4&#8243; _module_preset=&#8221;default&#8221; background_color=&#8221;RGBA(255,255,255,0)&#8221; background_image=&#8221;https:\/\/www.granapadano.it\/wp-content\/uploads\/2025\/04\/GP_Card-frutta-fresca-16-20.jpg&#8221; min_height=&#8221;89px&#8221; custom_padding=&#8221;209px|0px||2px|false|false&#8221; hover_enabled=&#8221;0&#8243; global_colors_info=&#8221;{}&#8221; sticky_enabled=&#8221;0&#8243;][\/et_pb_image][et_pb_text _builder_version=&#8221;4.27.4&#8243; _module_preset=&#8221;default&#8221; header_3_font=&#8221;Merriweather|700|||||||&#8221; header_3_text_color=&#8221;#0f0f0f&#8221; header_3_font_size=&#8221;23px&#8221; header_3_line_height=&#8221;31px&#8221; custom_margin_tablet=&#8221;&#8221; custom_margin_phone=&#8221;20px||||false|false&#8221; custom_margin_last_edited=&#8221;on|phone&#8221; locked=&#8221;off&#8221; global_colors_info=&#8221;{}&#8221;]<\/p>\n<h3>Grana Padano AOP 16-20 mois<\/h3>\n<p>[\/et_pb_text][et_pb_text _builder_version=&#8221;4.27.4&#8243; _module_preset=&#8221;default&#8221; text_text_color=&#8221;#0f0f0f&#8221; text_font_size=&#8221;18px&#8221; text_line_height=&#8221;26px&#8221; locked=&#8221;off&#8221; global_colors_info=&#8221;{}&#8221;]<strong>Accords conseill\u00e9s :<\/strong><\/p>\n<ul>\n<li>Abricots<\/li>\n<li>Fraises<\/li>\n<li>Cerises<\/li>\n<li>Figues<\/li>\n<\/ul>\n<p><strong> Nous recommandons tout particuli\u00e8rement d&#8217;associer le Grana Padano AOP 16-20 mois aux :<\/strong><\/p>\n<\/p>\n<ul>\n<li>\n<h4>Fraises<\/h4>\n<p>[\/et_pb_text][et_pb_image src=&#8221;https:\/\/www.granapadano.it\/wp-content\/uploads\/2022\/11\/Path-20171.png&#8221; title_text=&#8221;Path 20171&#8243; url=&#8221;https:\/\/www.granapadano.it\/fr-fr\/comment-combiner-le-grana-padano-16-20-mois-et-les-fruits\/&#8221; align=&#8221;right&#8221; _builder_version=&#8221;4.27.4&#8243; _module_preset=&#8221;default&#8221; hover_enabled=&#8221;0&#8243; locked=&#8221;off&#8221; global_colors_info=&#8221;{}&#8221; sticky_enabled=&#8221;0&#8243;][\/et_pb_image][\/et_pb_column][\/et_pb_row][\/et_pb_section][et_pb_section fb_built=&#8221;1&#8243; admin_label=&#8221;Oltre 16 mesi&#8221; module_class=&#8221;sostenibilita_main_section padano_cheese_suggest&#8221; _builder_version=&#8221;4.20.2&#8243; _module_preset=&#8221;default&#8221; background_color=&#8221;#f7f7f7&#8243; min_height=&#8221;1513.9px&#8221; custom_margin=&#8221;2px|||||&#8221; custom_padding=&#8221;59px|||||&#8221; locked=&#8221;off&#8221; collapsed=&#8221;off&#8221; global_colors_info=&#8221;{}&#8221;][et_pb_row column_structure=&#8221;1_2,1_2&#8243; use_custom_gutter=&#8221;on&#8221; gutter_width=&#8221;3&#8243; module_class=&#8221;consorzio_saprate_section&#8221; _builder_version=&#8221;4.27.4&#8243; _module_preset=&#8221;default&#8221; transform_scale=&#8221;94%|94%&#8221; max_width=&#8221;90%&#8221; custom_padding=&#8221;0px|||||&#8221; hover_enabled=&#8221;0&#8243; collapsed=&#8221;on&#8221; global_colors_info=&#8221;{}&#8221; sticky_enabled=&#8221;0&#8243;][et_pb_column type=&#8221;1_2&#8243; _builder_version=&#8221;4.27.4&#8243; _module_preset=&#8221;default&#8221; link_option_url=&#8221;https:\/\/www.granapadano.it\/fr-fr\/comment-associer-le-grana-padano-20-24-mois-riserva-et-les-fruits\/&#8221; hover_enabled=&#8221;0&#8243; global_colors_info=&#8221;{}&#8221; sticky_enabled=&#8221;0&#8243;][et_pb_image title_text=&#8221;GP_Card-frutta-fresca-20-24&#8243; url=&#8221;https:\/\/www.granapadano.it\/fr-fr\/comment-associer-le-grana-padano-20-24-mois-riserva-et-les-fruits\/&#8221; align=&#8221;center&#8221; _builder_version=&#8221;4.27.4&#8243; _module_preset=&#8221;default&#8221; background_color=&#8221;RGBA(255,255,255,0)&#8221; background_image=&#8221;https:\/\/www.granapadano.it\/wp-content\/uploads\/2025\/04\/GP_Card-frutta-fresca-20-24.jpg&#8221; min_height=&#8221;89px&#8221; custom_padding=&#8221;209px|0px||2px|false|false&#8221; hover_enabled=&#8221;0&#8243; global_colors_info=&#8221;{}&#8221; sticky_enabled=&#8221;0&#8243;][\/et_pb_image][et_pb_text _builder_version=&#8221;4.27.4&#8243; _module_preset=&#8221;default&#8221; header_3_font=&#8221;Merriweather|700|||||||&#8221; header_3_text_color=&#8221;#0f0f0f&#8221; header_3_font_size=&#8221;23px&#8221; header_3_line_height=&#8221;31px&#8221; custom_margin_tablet=&#8221;&#8221; custom_margin_phone=&#8221;20px||||false|false&#8221; custom_margin_last_edited=&#8221;on|phone&#8221; global_colors_info=&#8221;{}&#8221;]<\/p>\n<h3>Grana Padano AOP &#8220;Riserva&#8221; 20-24 mois<\/h3>\n<p>[\/et_pb_text][et_pb_text _builder_version=&#8221;4.27.4&#8243; _module_preset=&#8221;default&#8221; text_text_color=&#8221;#0f0f0f&#8221; text_font_size=&#8221;18px&#8221; text_line_height=&#8221;26px&#8221; global_colors_info=&#8221;{}&#8221;]<\/p>\n<p><strong>Accords conseill\u00e9s :<\/strong><\/p>\n<ul>\n<li>Poires<\/li>\n<li>Pommes<\/li>\n<li>Prunes<\/li>\n<li>Maki<\/li>\n<\/ul>\n<p><strong>Nous conseillons particuli\u00e8rement d&#8217;associer le Grana Padano AOP \u00ab Riserva \u00bb 20-24 mois aux :<\/p>\n<p><\/strong><\/p>\n<ul>\n<li>\n<h4>Poires<\/h4>\n<\/li>\n<\/ul>\n<p>[\/et_pb_text][et_pb_image src=&#8221;https:\/\/www.granapadano.it\/wp-content\/uploads\/2022\/11\/Path-20171.png&#8221; title_text=&#8221;Path 20171&#8243; url=&#8221;https:\/\/www.granapadano.it\/fr-fr\/comment-associer-le-grana-padano-20-24-mois-riserva-et-les-fruits\/&#8221; align=&#8221;right&#8221; _builder_version=&#8221;4.27.4&#8243; _module_preset=&#8221;default&#8221; hover_enabled=&#8221;0&#8243; global_colors_info=&#8221;{}&#8221; sticky_enabled=&#8221;0&#8243;][\/et_pb_image][\/et_pb_column][et_pb_column type=&#8221;1_2&#8243; _builder_version=&#8221;4.27.4&#8243; _module_preset=&#8221;default&#8221; link_option_url=&#8221;https:\/\/www.granapadano.it\/fr-fr\/comment-associer-le-grana-padano-riserva-de-plus-de-24-mois-et-les-fruits\/&#8221; hover_enabled=&#8221;0&#8243; global_colors_info=&#8221;{}&#8221; sticky_enabled=&#8221;0&#8243;][et_pb_image title_text=&#8221;GP_Card-frutta-fresca-24&#8243; url=&#8221;https:\/\/www.granapadano.it\/fr-fr\/comment-associer-le-grana-padano-riserva-de-plus-de-24-mois-et-les-fruits\/&#8221; align=&#8221;center&#8221; _builder_version=&#8221;4.27.4&#8243; _module_preset=&#8221;default&#8221; background_color=&#8221;RGBA(255,255,255,0)&#8221; background_image=&#8221;https:\/\/www.granapadano.it\/wp-content\/uploads\/2025\/04\/GP_Card-frutta-fresca-24-1.jpg&#8221; min_height=&#8221;89px&#8221; custom_padding=&#8221;209px|0px||2px|false|false&#8221; hover_enabled=&#8221;0&#8243; global_colors_info=&#8221;{}&#8221; sticky_enabled=&#8221;0&#8243;][\/et_pb_image][et_pb_text _builder_version=&#8221;4.27.4&#8243; _module_preset=&#8221;default&#8221; header_3_font=&#8221;Merriweather|700|||||||&#8221; header_3_text_color=&#8221;#0f0f0f&#8221; header_3_font_size=&#8221;23px&#8221; header_3_line_height=&#8221;31px&#8221; custom_margin_tablet=&#8221;&#8221; custom_margin_phone=&#8221;20px||||false|false&#8221; custom_margin_last_edited=&#8221;on|phone&#8221; locked=&#8221;off&#8221; global_colors_info=&#8221;{}&#8221;]<\/p>\n<h3>Grana Padano AOP &#8220;Riserva&#8221; de plus de 24 mois<\/h3>\n<p>[\/et_pb_text][et_pb_text _builder_version=&#8221;4.27.4&#8243; _module_preset=&#8221;default&#8221; text_text_color=&#8221;#0f0f0f&#8221; text_font_size=&#8221;18px&#8221; text_line_height=&#8221;26px&#8221; global_colors_info=&#8221;{}&#8221;]<\/p>\n<p><strong> Accords conseill\u00e9s :<\/strong><\/p>\n<ul>\n<li>Grenade<\/li>\n<li>N\u00e8fles<\/li>\n<li>Framboises<\/li>\n<li>Myrtilles<\/li>\n<\/ul>\n<p><strong> Nous conseillons particuli\u00e8rement d&#8217;associer le Grana Padano AOP \u00ab Riserva \u00bb 20-24 mois aux :<\/p>\n<p><\/strong><\/p>\n<ul>\n<li>\n<h4>N\u00e8fles<\/h4>\n<\/li>\n<\/ul>\n<p>[\/et_pb_text][et_pb_image src=&#8221;https:\/\/www.granapadano.it\/wp-content\/uploads\/2022\/11\/Path-20171.png&#8221; title_text=&#8221;Path 20171&#8243; url=&#8221;https:\/\/www.granapadano.it\/fr-fr\/comment-associer-le-grana-padano-riserva-de-plus-de-24-mois-et-les-fruits\/&#8221; align=&#8221;right&#8221; _builder_version=&#8221;4.27.4&#8243; _module_preset=&#8221;default&#8221; hover_enabled=&#8221;0&#8243; locked=&#8221;off&#8221; global_colors_info=&#8221;{}&#8221; sticky_enabled=&#8221;0&#8243;][\/et_pb_image][\/et_pb_column][\/et_pb_row][\/et_pb_section]<\/p>\n","protected":false},"excerpt":{"rendered":"<p><div class=\"breadcrumb\"><a href=\"https:\/\/www.granapadano.it\/fr-fr\/\">Home<\/a>  <  <\/div>Fruit et Grana PadanoFruitsComment combiner le Grana Padano et les fruits frais Lorsque l&#8217;on pense au Grana Padano AOP, on l&#8217;imagine souvent associ\u00e9 au miel, aux confitures ou au vin. Cependant, les fruits frais peuvent \u00e9galement mettre en valeur les caract\u00e9ristiques de ce fromage unique, cr\u00e9ant ainsi des combinaisons surprenantes et harmonieuses. La vari\u00e9t\u00e9 des [&hellip;]<\/p>\n","protected":false},"author":21,"featured_media":0,"parent":124406,"menu_order":263,"comment_status":"closed","ping_status":"closed","template":"","meta":{"_acf_changed":false,"_et_pb_use_builder":"on","_et_pb_old_content":"","_et_gb_content_width":"","footnotes":""},"class_list":["post-137160","page","type-page","status-publish","hentry"],"acf":[],"yoast_head":"<!-- This site is optimized with the Yoast SEO plugin v27.4 - https:\/\/yoast.com\/product\/yoast-seo-wordpress\/ -->\n<title>Avec quels fruits associer le Grana Padano ? - Grana Padano<\/title>\n<meta name=\"robots\" content=\"index, follow, max-snippet:-1, max-image-preview:large, max-video-preview:-1\" \/>\n<link rel=\"canonical\" href=\"https:\/\/www.granapadano.it\/fr-fr\/degustation\/appariements\/avec-quels-fruits-associer-le-grana-padano\/\" \/>\n<meta property=\"og:locale\" content=\"fr_FR\" \/>\n<meta property=\"og:type\" content=\"article\" \/>\n<meta property=\"og:title\" content=\"Avec quels fruits associer le Grana Padano ? - Grana Padano\" \/>\n<meta property=\"og:description\" content=\"Fruit et Grana PadanoFruitsComment combiner le Grana Padano et les fruits frais Lorsque l&#039;on pense au Grana Padano AOP, on l&#039;imagine souvent associ\u00e9 au miel, aux confitures ou au vin. Cependant, les fruits frais peuvent \u00e9galement mettre en valeur les caract\u00e9ristiques de ce fromage unique, cr\u00e9ant ainsi des combinaisons surprenantes et harmonieuses. La vari\u00e9t\u00e9 des [&hellip;]\" \/>\n<meta property=\"og:url\" content=\"https:\/\/www.granapadano.it\/fr-fr\/degustation\/appariements\/avec-quels-fruits-associer-le-grana-padano\/\" \/>\n<meta property=\"og:site_name\" content=\"Grana Padano\" \/>\n<meta property=\"article:modified_time\" content=\"2025-04-10T10:26:26+00:00\" \/>\n<meta name=\"twitter:card\" content=\"summary_large_image\" \/>\n<meta name=\"twitter:label1\" content=\"Est. reading time\" \/>\n\t<meta name=\"twitter:data1\" content=\"3 minutes\" \/>\n<script type=\"application\/ld+json\" class=\"yoast-schema-graph\">{\"@context\":\"https:\\\/\\\/schema.org\",\"@graph\":[{\"@type\":\"WebPage\",\"@id\":\"https:\\\/\\\/www.granapadano.it\\\/fr-fr\\\/degustation\\\/appariements\\\/avec-quels-fruits-associer-le-grana-padano\\\/\",\"url\":\"https:\\\/\\\/www.granapadano.it\\\/fr-fr\\\/degustation\\\/appariements\\\/avec-quels-fruits-associer-le-grana-padano\\\/\",\"name\":\"Avec quels fruits associer le Grana Padano ? - Grana Padano\",\"isPartOf\":{\"@id\":\"https:\\\/\\\/www.granapadano.it\\\/fr-fr\\\/#website\"},\"datePublished\":\"2025-04-09T13:15:16+00:00\",\"dateModified\":\"2025-04-10T10:26:26+00:00\",\"breadcrumb\":{\"@id\":\"https:\\\/\\\/www.granapadano.it\\\/fr-fr\\\/degustation\\\/appariements\\\/avec-quels-fruits-associer-le-grana-padano#breadcrumb\"},\"inLanguage\":\"fr-fr\",\"potentialAction\":[{\"@type\":\"ReadAction\",\"target\":[\"https:\\\/\\\/www.granapadano.it\\\/fr-fr\\\/degustation\\\/appariements\\\/avec-quels-fruits-associer-le-grana-padano\\\/\"]}]},{\"@type\":\"BreadcrumbList\",\"@id\":\"https:\\\/\\\/www.granapadano.it\\\/fr-fr\\\/degustation\\\/appariements\\\/avec-quels-fruits-associer-le-grana-padano#breadcrumb\",\"itemListElement\":[{\"@type\":\"ListItem\",\"position\":1,\"name\":\"Home\",\"item\":\"https:\\\/\\\/www.granapadano.it\\\/fr-fr\\\/\"},{\"@type\":\"ListItem\",\"position\":2,\"name\":\"Recettes\",\"item\":\"https:\\\/\\\/www.granapadano.it\\\/fr-fr\\\/recettes\\\/\"},{\"@type\":\"ListItem\",\"position\":3,\"name\":\"Accords\",\"item\":\"https:\\\/\\\/www.granapadano.it\\\/fr-fr\\\/recettes\\\/accords\\\/\"},{\"@type\":\"ListItem\",\"position\":4,\"name\":\"Avec quels fruits associer le Grana Padano ?\"}]},{\"@type\":\"WebSite\",\"@id\":\"https:\\\/\\\/www.granapadano.it\\\/fr-fr\\\/#website\",\"url\":\"https:\\\/\\\/www.granapadano.it\\\/fr-fr\\\/\",\"name\":\"Grana Padano\",\"description\":\"\",\"potentialAction\":[{\"@type\":\"SearchAction\",\"target\":{\"@type\":\"EntryPoint\",\"urlTemplate\":\"https:\\\/\\\/www.granapadano.it\\\/fr-fr\\\/?s={search_term_string}\"},\"query-input\":{\"@type\":\"PropertyValueSpecification\",\"valueRequired\":true,\"valueName\":\"search_term_string\"}}],\"inLanguage\":\"fr-fr\"}]}<\/script>\n<!-- \/ Yoast SEO plugin. -->","yoast_head_json":{"title":"Avec quels fruits associer le Grana Padano ? - Grana Padano","robots":{"index":"index","follow":"follow","max-snippet":"max-snippet:-1","max-image-preview":"max-image-preview:large","max-video-preview":"max-video-preview:-1"},"canonical":"https:\/\/www.granapadano.it\/fr-fr\/degustation\/appariements\/avec-quels-fruits-associer-le-grana-padano\/","og_locale":"fr_FR","og_type":"article","og_title":"Avec quels fruits associer le Grana Padano ? - Grana Padano","og_description":"Fruit et Grana PadanoFruitsComment combiner le Grana Padano et les fruits frais Lorsque l'on pense au Grana Padano AOP, on l'imagine souvent associ\u00e9 au miel, aux confitures ou au vin. Cependant, les fruits frais peuvent \u00e9galement mettre en valeur les caract\u00e9ristiques de ce fromage unique, cr\u00e9ant ainsi des combinaisons surprenantes et harmonieuses. La vari\u00e9t\u00e9 des [&hellip;]","og_url":"https:\/\/www.granapadano.it\/fr-fr\/degustation\/appariements\/avec-quels-fruits-associer-le-grana-padano\/","og_site_name":"Grana Padano","article_modified_time":"2025-04-10T10:26:26+00:00","twitter_card":"summary_large_image","twitter_misc":{"Est. reading time":"3 minutes"},"schema":{"@context":"https:\/\/schema.org","@graph":[{"@type":"WebPage","@id":"https:\/\/www.granapadano.it\/fr-fr\/degustation\/appariements\/avec-quels-fruits-associer-le-grana-padano\/","url":"https:\/\/www.granapadano.it\/fr-fr\/degustation\/appariements\/avec-quels-fruits-associer-le-grana-padano\/","name":"Avec quels fruits associer le Grana Padano ? - Grana Padano","isPartOf":{"@id":"https:\/\/www.granapadano.it\/fr-fr\/#website"},"datePublished":"2025-04-09T13:15:16+00:00","dateModified":"2025-04-10T10:26:26+00:00","breadcrumb":{"@id":"https:\/\/www.granapadano.it\/fr-fr\/degustation\/appariements\/avec-quels-fruits-associer-le-grana-padano#breadcrumb"},"inLanguage":"fr-fr","potentialAction":[{"@type":"ReadAction","target":["https:\/\/www.granapadano.it\/fr-fr\/degustation\/appariements\/avec-quels-fruits-associer-le-grana-padano\/"]}]},{"@type":"BreadcrumbList","@id":"https:\/\/www.granapadano.it\/fr-fr\/degustation\/appariements\/avec-quels-fruits-associer-le-grana-padano#breadcrumb","itemListElement":[{"@type":"ListItem","position":1,"name":"Home","item":"https:\/\/www.granapadano.it\/fr-fr\/"},{"@type":"ListItem","position":2,"name":"Recettes","item":"https:\/\/www.granapadano.it\/fr-fr\/recettes\/"},{"@type":"ListItem","position":3,"name":"Accords","item":"https:\/\/www.granapadano.it\/fr-fr\/recettes\/accords\/"},{"@type":"ListItem","position":4,"name":"Avec quels fruits associer le Grana Padano ?"}]},{"@type":"WebSite","@id":"https:\/\/www.granapadano.it\/fr-fr\/#website","url":"https:\/\/www.granapadano.it\/fr-fr\/","name":"Grana Padano","description":"","potentialAction":[{"@type":"SearchAction","target":{"@type":"EntryPoint","urlTemplate":"https:\/\/www.granapadano.it\/fr-fr\/?s={search_term_string}"},"query-input":{"@type":"PropertyValueSpecification","valueRequired":true,"valueName":"search_term_string"}}],"inLanguage":"fr-fr"}]}},"_links":{"self":[{"href":"https:\/\/www.granapadano.it\/fr-fr\/wp-json\/wp\/v2\/pages\/137160","targetHints":{"allow":["GET"]}}],"collection":[{"href":"https:\/\/www.granapadano.it\/fr-fr\/wp-json\/wp\/v2\/pages"}],"about":[{"href":"https:\/\/www.granapadano.it\/fr-fr\/wp-json\/wp\/v2\/types\/page"}],"author":[{"embeddable":true,"href":"https:\/\/www.granapadano.it\/fr-fr\/wp-json\/wp\/v2\/users\/21"}],"replies":[{"embeddable":true,"href":"https:\/\/www.granapadano.it\/fr-fr\/wp-json\/wp\/v2\/comments?post=137160"}],"version-history":[{"count":3,"href":"https:\/\/www.granapadano.it\/fr-fr\/wp-json\/wp\/v2\/pages\/137160\/revisions"}],"predecessor-version":[{"id":137344,"href":"https:\/\/www.granapadano.it\/fr-fr\/wp-json\/wp\/v2\/pages\/137160\/revisions\/137344"}],"up":[{"embeddable":true,"href":"https:\/\/www.granapadano.it\/fr-fr\/wp-json\/wp\/v2\/pages\/124406"}],"wp:attachment":[{"href":"https:\/\/www.granapadano.it\/fr-fr\/wp-json\/wp\/v2\/media?parent=137160"}],"curies":[{"name":"wp","href":"https:\/\/api.w.org\/{rel}","templated":true}]}}