{"id":124948,"date":"2024-09-27T09:58:02","date_gmt":"2024-09-27T09:58:02","guid":{"rendered":"https:\/\/www.granapadano.it\/?page_id=124948"},"modified":"2024-10-01T13:15:33","modified_gmt":"2024-10-01T13:15:33","slug":"donnez-plus-de-gout-a-votre-mois-doctobre","status":"publish","type":"page","link":"https:\/\/www.granapadano.it\/fr-fr\/donnez-plus-de-gout-a-votre-mois-doctobre\/","title":{"rendered":"Donnez plus de go\u00fbt \u00e0 votre mois d&#8217;octobre"},"content":{"rendered":"<p>[et_pb_section fb_built=&#8221;1&#8243; fullwidth=&#8221;on&#8221; _builder_version=&#8221;4.19.0&#8243; _module_preset=&#8221;default&#8221; locked=&#8221;off&#8221; global_colors_info=&#8221;{}&#8221;][et_pb_fullwidth_image src=&#8221;https:\/\/www.granapadano.it\/wp-content\/uploads\/2024\/10\/GP_Pr_0.10_FR-h.jpg&#8221; title_text=&#8221;GP_Pr_0.10_FR-m&#8221; src_tablet=&#8221;https:\/\/www.granapadano.it\/wp-content\/uploads\/2024\/10\/GP_Pr_0.10_FR-h.jpg&#8221; src_phone=&#8221;https:\/\/www.granapadano.it\/wp-content\/uploads\/2024\/10\/GP_Pr_0.10_FR-m.jpg&#8221; src_last_edited=&#8221;on|phone&#8221; _builder_version=&#8221;4.24.3&#8243; _module_preset=&#8221;default&#8221; global_colors_info=&#8221;{}&#8221;][\/et_pb_fullwidth_image][\/et_pb_section][et_pb_section fb_built=&#8221;1&#8243; disabled_on=&#8221;off|off|off&#8221; _builder_version=&#8221;4.19.4&#8243; _module_preset=&#8221;default&#8221; custom_padding=&#8221;0px||0px||false|false&#8221; locked=&#8221;off&#8221; collapsed=&#8221;off&#8221; global_colors_info=&#8221;{}&#8221;][et_pb_row module_class=&#8221;gp_producion_heading_wrapper sostenibita_sub_heading&#8221; _builder_version=&#8221;4.20.0&#8243; _module_preset=&#8221;default&#8221; max_width=&#8221;90%&#8221; module_alignment=&#8221;center&#8221; custom_padding=&#8221;8px|||||&#8221; collapsed=&#8221;off&#8221; global_colors_info=&#8221;{}&#8221;][et_pb_column type=&#8221;4_4&#8243; _builder_version=&#8221;4.19.4&#8243; _module_preset=&#8221;default&#8221; global_colors_info=&#8221;{}&#8221;][et_pb_text content_tablet=&#8221;<\/p>\n<h1>Scopri le ricette<\/h1>\n<p>&#8221; content_phone=&#8221;<\/p>\n<h1>Scopri le ricette<\/h1>\n<p>&#8221; content_last_edited=&#8221;off|desktop&#8221; disabled_on=&#8221;on|off|off&#8221; _builder_version=&#8221;4.24.3&#8243; _module_preset=&#8221;default&#8221; header_font=&#8221;Merriweather||||||||&#8221; header_text_color=&#8221;#000000&#8243; header_font_size=&#8221;44px&#8221; header_line_height=&#8221;52px&#8221; header_3_font=&#8221;Merriweather||||||||&#8221; header_3_text_color=&#8221;#000000&#8243; header_3_font_size=&#8221;44px&#8221; header_3_line_height=&#8221;52px&#8221; text_orientation=&#8221;center&#8221; custom_margin=&#8221;29px||||false|false&#8221; custom_padding=&#8221;0px||15px||false|false&#8221; global_colors_info=&#8221;{}&#8221;]<\/p>\n<h1>D\u00e9couvrez les recettes<\/h1>\n<p>[\/et_pb_text][\/et_pb_column][\/et_pb_row][et_pb_row column_structure=&#8221;1_4,1_4,1_4,1_4&#8243; disabled_on=&#8221;off|off|on&#8221; module_class=&#8221;heritage_tag_item_wrapper&#8221; _builder_version=&#8221;4.20.1&#8243; _module_preset=&#8221;default&#8221; min_height=&#8221;618px&#8221; custom_padding=&#8221;0px||52px||false|false&#8221; locked=&#8221;off&#8221; global_colors_info=&#8221;{}&#8221;][et_pb_column type=&#8221;1_4&#8243; _builder_version=&#8221;4.20.0&#8243; _module_preset=&#8221;default&#8221; global_colors_info=&#8221;{}&#8221;][et_pb_image src=&#8221;https:\/\/www.granapadano.it\/wp-content\/uploads\/2024\/07\/GP_Involtini-di-frittata.jpg&#8221; title_text=&#8221;GP_PR_Sandwich-cavolo-viola&#8221; url=&#8221;https:\/\/www.granapadano.it\/fr-fr\/degustation\/accompagnements-et-snacks\/sandwichs-au-pain-complet-avec-chou-violet-marine-creme-de-grana-padano-a-la-ciboulette-tranches-de-dinde-salade-cornichons-et-flocons-de-grana-padano\/&#8221; url_new_window=&#8221;on&#8221; align=&#8221;center&#8221; src_tablet=&#8221;https:\/\/www.granapadano.it\/wp-content\/uploads\/2024\/09\/GP_PR_Sandwich-cavolo-viola.jpg&#8221; src_phone=&#8221;https:\/\/www.granapadano.it\/wp-content\/uploads\/2024\/09\/GP_PR_Sandwich-cavolo-viola.jpg&#8221; src_last_edited=&#8221;on|phone&#8221; _builder_version=&#8221;4.24.3&#8243; _module_preset=&#8221;default&#8221; transform_scale=&#8221;90%|90%&#8221; width=&#8221;100%&#8221; border_radii=&#8221;on|20px|20px|20px|20px&#8221; locked=&#8221;off&#8221; global_colors_info=&#8221;{}&#8221;][\/et_pb_image][et_pb_text content_tablet=&#8221;<\/p>\n<h4><strong><strong>Tramezzini au chou violet, \u00e0 la dinde, \u00e0 la cr\u00e8me de Grana Padano et aux flocons<\/strong><\/span><\/strong><\/h4>\n<p>&#8221; content_phone=&#8221;<\/p>\n<h6><strong><strong>Tramezzini au chou violet, \u00e0 la dinde, \u00e0 la cr\u00e8me de Grana Padano et aux flocons<\/strong><\/span><\/h6>\n<p>&#8221; content_last_edited=&#8221;on|phone&#8221; _builder_version=&#8221;4.24.3&#8243; _module_preset=&#8221;default&#8221; text_font=&#8221;||||||||&#8221; text_orientation=&#8221;center&#8221; width=&#8221;90%&#8221; width_tablet=&#8221;90%&#8221; width_phone=&#8221;95%&#8221; width_last_edited=&#8221;on|desktop&#8221; max_width_tablet=&#8221;60%&#8221; max_width_phone=&#8221;70%&#8221; max_width_last_edited=&#8221;on|desktop&#8221; module_alignment=&#8221;center&#8221; custom_margin=&#8221;||20px||false|false&#8221; custom_margin_tablet=&#8221;||20px||false|false&#8221; custom_margin_phone=&#8221;||20px||false|false&#8221; custom_margin_last_edited=&#8221;on|phone&#8221; custom_padding=&#8221;||||false|false&#8221; link_option_url_new_window=&#8221;on&#8221; locked=&#8221;off&#8221; global_colors_info=&#8221;{}&#8221;]<\/p>\n<h3 style=\"text-align: center\"><span style=\"color: #000000\"><strong>Fusilli con zucchine, ricotta, menta<br \/> e Grana Padano<\/strong><\/span><\/h3>\n<p>[\/et_pb_text][et_pb_image src=&#8221;https:\/\/www.granapadano.it\/wp-content\/uploads\/2024\/09\/GP_Programmatic_im-3.jpg&#8221; title_text=&#8221;GP_Programmatic_im-3&#8243; url=&#8221;https:\/\/www.granapadano.it\/fr-fr\/degustation\/plat-principaux\/fougasse-a-la-creme-de-courge-pousses-de-brocoli-grana-padano-et-saucisse-croustillante\/&#8221; url_new_window=&#8221;on&#8221; align=&#8221;center&#8221; _builder_version=&#8221;4.24.3&#8243; _module_preset=&#8221;default&#8221; transform_scale=&#8221;90%|90%&#8221; width=&#8221;100%&#8221; border_radii=&#8221;on|20px|20px|20px|20px&#8221; locked=&#8221;off&#8221; global_colors_info=&#8221;{}&#8221;][\/et_pb_image][et_pb_text content_tablet=&#8221;<\/p>\n<h4><strong>Focaccia \u00e0 la cr\u00e8me de potiron, aux fanes de navet, \u00e0 la saucisse croustillante et au fromage Grana Padano<\/strong><\/h4>\n<p>&#8221; content_phone=&#8221;<\/p>\n<h6><strong>Focaccia \u00e0 la cr\u00e8me de potiron, aux fanes de navet, \u00e0 la saucisse croustillante et au fromage Grana Padano<\/strong><\/h6>\n<p>&#8221; content_last_edited=&#8221;on|phone&#8221; _builder_version=&#8221;4.24.3&#8243; _module_preset=&#8221;default&#8221; text_font=&#8221;||||||||&#8221; header_text_align=&#8221;center&#8221; text_orientation=&#8221;center&#8221; width=&#8221;90%&#8221; max_width_tablet=&#8221;60%&#8221; max_width_phone=&#8221;70%&#8221; max_width_last_edited=&#8221;on|desktop&#8221; module_alignment=&#8221;center&#8221; custom_margin=&#8221;||20px||false|false&#8221; link_option_url_new_window=&#8221;on&#8221; global_colors_info=&#8221;{}&#8221;]<\/p>\n<h3 style=\"text-align: center\"><span style=\"color: #000000\"><strong>Involtini di zucchine, scamorza, prosciutto cotto e Grana Padano<\/strong><\/span><\/h3>\n<p>[\/et_pb_text][et_pb_image src=&#8221;https:\/\/www.granapadano.it\/wp-content\/uploads\/2024\/07\/GP_Insalata-di-anguria.jpg&#8221; title_text=&#8221;GP_PR_Cous-cous-cavolo-nero&#8221; url=&#8221;https:\/\/www.granapadano.it\/fr-fr\/degustation\/dejeuner-sur-le-pouce\/couscous-avec-chips-de-chou-noir-oignon-rouge-grana-padano-poulet-et-courge\/&#8221; url_new_window=&#8221;on&#8221; align=&#8221;center&#8221; src_tablet=&#8221;https:\/\/www.granapadano.it\/wp-content\/uploads\/2024\/09\/GP_PR_Cous-cous-cavolo-nero.jpg&#8221; src_phone=&#8221;https:\/\/www.granapadano.it\/wp-content\/uploads\/2024\/09\/GP_PR_Cous-cous-cavolo-nero.jpg&#8221; src_last_edited=&#8221;on|phone&#8221; _builder_version=&#8221;4.24.3&#8243; _module_preset=&#8221;default&#8221; transform_scale=&#8221;90%|90%&#8221; width=&#8221;100%&#8221; border_radii=&#8221;on|20px|20px|20px|20px&#8221; locked=&#8221;off&#8221; global_colors_info=&#8221;{}&#8221;][\/et_pb_image][et_pb_text content_tablet=&#8221;<\/p>\n<h4><strong>Cous cous avec chips de chou noir, oignon rouge, fromage Grana Padano, poulet et potiron<\/strong><\/span><\/h4>\n<p>&#8221; content_phone=&#8221;<\/p>\n<h6><strong>Cous cous avec chips de chou noir, oignon rouge, fromage Grana Padano, poulet et potiron<\/strong><\/h6>\n<p>&#8221; content_last_edited=&#8221;on|phone&#8221; _builder_version=&#8221;4.24.3&#8243; _module_preset=&#8221;default&#8221; text_font=&#8221;||||||||&#8221; header_text_align=&#8221;center&#8221; text_orientation=&#8221;center&#8221; width=&#8221;90%&#8221; max_width_tablet=&#8221;60%&#8221; max_width_phone=&#8221;70%&#8221; max_width_last_edited=&#8221;on|desktop&#8221; module_alignment=&#8221;center&#8221; custom_margin=&#8221;||20px||false|false&#8221; link_option_url_new_window=&#8221;on&#8221; locked=&#8221;off&#8221; global_colors_info=&#8221;{}&#8221;]<\/p>\n<h3 style=\"text-align: center\"><span style=\"color: #000000\"><strong>Panini morbidi al latte con prosciutto crudo, insalata e Grana Padano Riserva<\/strong><\/span><\/h3>\n<p>[\/et_pb_text][\/et_pb_column][et_pb_column type=&#8221;1_4&#8243; _builder_version=&#8221;4.20.0&#8243; _module_preset=&#8221;default&#8221; global_colors_info=&#8221;{}&#8221;][et_pb_image src=&#8221;https:\/\/www.granapadano.it\/wp-content\/uploads\/2024\/09\/GP_Programmatic_im-2.jpg&#8221; title_text=&#8221;GP_Programmatic_im-2&#8243; url=&#8221;https:\/\/www.granapadano.it\/fr-fr\/degustation\/aperitivo-et-recettes-a-partager\/tartelettes-au-fromage-et-aux-noix-grana-padano-et-thym\/&#8221; url_new_window=&#8221;on&#8221; align=&#8221;center&#8221; src_last_edited=&#8221;off|phone&#8221; _builder_version=&#8221;4.24.3&#8243; _module_preset=&#8221;default&#8221; transform_scale=&#8221;90%|90%&#8221; transform_scale_tablet=&#8221;161%|161%&#8221; transform_scale_phone=&#8221;161%|161%&#8221; transform_scale_last_edited=&#8221;on|tablet&#8221; transform_translate_tablet=&#8221;&#8221; transform_translate_phone=&#8221;&#8221; transform_translate_last_edited=&#8221;on|tablet&#8221; transform_rotate_tablet=&#8221;&#8221; transform_rotate_phone=&#8221;&#8221; transform_rotate_last_edited=&#8221;on|tablet&#8221; transform_skew_tablet=&#8221;&#8221; transform_skew_phone=&#8221;&#8221; transform_skew_last_edited=&#8221;on|tablet&#8221; transform_origin_tablet=&#8221;&#8221; transform_origin_phone=&#8221;&#8221; transform_origin_last_edited=&#8221;on|tablet&#8221; transform_styles_last_edited=&#8221;on|tablet&#8221; width=&#8221;100%&#8221; transform_styles_tablet=&#8221;&#8221; transform_styles_phone=&#8221;&#8221; border_radii=&#8221;on|20px|20px|20px|20px&#8221; locked=&#8221;off&#8221; global_colors_info=&#8221;{}&#8221;][\/et_pb_image][et_pb_text content_tablet=&#8221;<\/p>\n<h4><strong>Tartes au fromage<br \/>et aux noix avec du<br \/>Grana Padano<br \/>et du thym<\/strong><\/h4>\n<p>&#8221; content_phone=&#8221;<\/p>\n<h6><strong>Tartes au fromage<br \/>et aux noix avec<br \/>du Grana Padano et du thym<\/strong><\/h6>\n<p>&#8221; content_last_edited=&#8221;on|phone&#8221; _builder_version=&#8221;4.24.3&#8243; _module_preset=&#8221;default&#8221; text_font=&#8221;||||||||&#8221; text_orientation=&#8221;center&#8221; width=&#8221;90%&#8221; max_width_tablet=&#8221;60%&#8221; max_width_phone=&#8221;70%&#8221; max_width_last_edited=&#8221;on|desktop&#8221; module_alignment=&#8221;center&#8221; custom_margin=&#8221;||20px||false|false&#8221; custom_margin_tablet=&#8221;||20px||false|false&#8221; custom_margin_phone=&#8221;||20px||false|false&#8221; custom_margin_last_edited=&#8221;on|phone&#8221; custom_padding=&#8221;||||false|false&#8221; link_option_url_new_window=&#8221;on&#8221; locked=&#8221;off&#8221; global_colors_info=&#8221;{}&#8221;]<\/p>\n<h3 style=\"text-align: center\"><span style=\"color: #000000\"><strong>Mojito alla menta, freselle integrali pomodorini, pesto e Grana Padano Riserva<\/strong><\/span><\/h3>\n<p>[\/et_pb_text][et_pb_image src=&#8221;https:\/\/www.granapadano.it\/wp-content\/uploads\/2024\/07\/GP_Cous-cous-con-cecijpg-2.jpg&#8221; title_text=&#8221;GP_PR_Polpette-al-sugo&#8221; url=&#8221;https:\/\/www.granapadano.it\/fr-fr\/degustation\/plat-principaux\/beef-and-grana-padano-meatballs-in-tomato-pea-and-basil-sauce\/&#8221; url_new_window=&#8221;on&#8221; align=&#8221;center&#8221; src_tablet=&#8221;https:\/\/www.granapadano.it\/wp-content\/uploads\/2024\/09\/GP_PR_Polpette-al-sugo.jpg&#8221; src_phone=&#8221;https:\/\/www.granapadano.it\/wp-content\/uploads\/2024\/09\/GP_PR_Polpette-al-sugo.jpg&#8221; src_last_edited=&#8221;on|phone&#8221; _builder_version=&#8221;4.24.3&#8243; _module_preset=&#8221;default&#8221; transform_scale=&#8221;90%|90%&#8221; width=&#8221;100%&#8221; border_radii=&#8221;on|20px|20px|20px|20px&#8221; locked=&#8221;off&#8221; global_colors_info=&#8221;{}&#8221;][\/et_pb_image][et_pb_text content_tablet=&#8221;<\/p>\n<h4><strong>Boulettes de viande<br \/>de b\u0153uf et<br \/>Grana Padano avec sauce tomate, petits pois et basilic<\/strong><\/h4>\n<p>&#8221; content_phone=&#8221;<\/p>\n<h6><strong>Boulettes de viande<br \/>de b\u0153uf et<br \/>Grana Padano avec<br \/>sauce tomate, petits pois et basilic<\/strong><\/h6>\n<p>&#8221; content_last_edited=&#8221;on|phone&#8221; _builder_version=&#8221;4.24.3&#8243; _module_preset=&#8221;default&#8221; text_font=&#8221;||||||||&#8221; header_text_align=&#8221;center&#8221; text_orientation=&#8221;center&#8221; width=&#8221;90%&#8221; max_width_tablet=&#8221;60%&#8221; max_width_phone=&#8221;70%&#8221; max_width_last_edited=&#8221;on|desktop&#8221; module_alignment=&#8221;center&#8221; custom_margin=&#8221;||20px||false|false&#8221; link_option_url_new_window=&#8221;on&#8221; global_colors_info=&#8221;{}&#8221;]<\/p>\n<h3 style=\"text-align: center\"><span style=\"color: #000000\"><strong>Involtini di zucchine, scamorza, prosciutto cotto e Grana Padano<\/strong><\/span><\/h3>\n<p>[\/et_pb_text][et_pb_image src=&#8221;https:\/\/www.granapadano.it\/wp-content\/uploads\/2024\/09\/GP_Programmatic_im-6.jpg&#8221; title_text=&#8221;GP_Programmatic_im-6&#8243; url=&#8221;https:\/\/www.granapadano.it\/fr-fr\/degustation\/petit-dejeuner-et-brunch\/cupcakes-sales-a-la-courge-et-au-grana-padano\/&#8221; url_new_window=&#8221;on&#8221; align=&#8221;center&#8221; src_tablet=&#8221;https:\/\/www.granapadano.it\/wp-content\/uploads\/2024\/09\/GP_Programmatic_im-6.jpg&#8221; src_phone=&#8221;https:\/\/www.granapadano.it\/wp-content\/uploads\/2024\/09\/GP_Programmatic_im-6.jpg&#8221; src_last_edited=&#8221;on|desktop&#8221; _builder_version=&#8221;4.24.3&#8243; _module_preset=&#8221;default&#8221; transform_scale=&#8221;90%|90%&#8221; transform_scale_tablet=&#8221;130%|130%&#8221; transform_scale_phone=&#8221;130%|130%&#8221; transform_scale_last_edited=&#8221;on|tablet&#8221; transform_translate_tablet=&#8221;&#8221; transform_translate_phone=&#8221;&#8221; transform_translate_last_edited=&#8221;on|desktop&#8221; transform_rotate_tablet=&#8221;&#8221; transform_rotate_phone=&#8221;&#8221; transform_rotate_last_edited=&#8221;on|desktop&#8221; transform_skew_tablet=&#8221;&#8221; transform_skew_phone=&#8221;&#8221; transform_skew_last_edited=&#8221;on|desktop&#8221; transform_origin_tablet=&#8221;&#8221; transform_origin_phone=&#8221;&#8221; transform_origin_last_edited=&#8221;on|desktop&#8221; transform_styles_last_edited=&#8221;on|tablet&#8221; width=&#8221;100%&#8221; transform_styles_tablet=&#8221;&#8221; transform_styles_phone=&#8221;&#8221; border_radii=&#8221;on|20px|20px|20px|20px&#8221; locked=&#8221;off&#8221; global_colors_info=&#8221;{}&#8221;][\/et_pb_image][et_pb_text content_tablet=&#8221;<\/p>\n<h4><strong>Petits g\u00e2teaux sal\u00e9s \u00e0 la citrouille et au Grana Padano<\/strong><\/h4>\n<p>&#8221; content_phone=&#8221;<\/p>\n<h6><strong>Petits g\u00e2teaux sal\u00e9s \u00e0 la citrouille et au Grana Padano<\/strong><\/h6>\n<p>&#8221; content_last_edited=&#8221;on|phone&#8221; _builder_version=&#8221;4.24.3&#8243; _module_preset=&#8221;default&#8221; text_font=&#8221;||||||||&#8221; text_orientation=&#8221;center&#8221; width=&#8221;90%&#8221; max_width_tablet=&#8221;60%&#8221; max_width_phone=&#8221;70%&#8221; max_width_last_edited=&#8221;on|desktop&#8221; module_alignment=&#8221;center&#8221; custom_margin=&#8221;||20px||false|false&#8221; link_option_url_new_window=&#8221;on&#8221; locked=&#8221;off&#8221; global_colors_info=&#8221;{}&#8221;]<\/p>\n<h3 style=\"text-align: center\"><span style=\"color: #000000\"><strong>Cupcakes salati alla zucca e Grana Padano<\/span><\/h3>\n<p>[\/et_pb_text][\/et_pb_column][et_pb_column type=&#8221;1_4&#8243; _builder_version=&#8221;4.20.0&#8243; _module_preset=&#8221;default&#8221; global_colors_info=&#8221;{}&#8221;][\/et_pb_column][et_pb_column type=&#8221;1_4&#8243; _builder_version=&#8221;4.20.0&#8243; _module_preset=&#8221;default&#8221; global_colors_info=&#8221;{}&#8221;][\/et_pb_column][\/et_pb_row][et_pb_row column_structure=&#8221;1_3,1_3,1_3&#8243; disabled_on=&#8221;on|on|off&#8221; module_class=&#8221;heritage_tag_item_wrapper&#8221; _builder_version=&#8221;4.20.1&#8243; _module_preset=&#8221;default&#8221; custom_padding=&#8221;0px||40px||false|false&#8221; locked=&#8221;off&#8221; global_colors_info=&#8221;{}&#8221;][et_pb_column type=&#8221;1_3&#8243; _builder_version=&#8221;4.20.0&#8243; _module_preset=&#8221;default&#8221; global_colors_info=&#8221;{}&#8221;][et_pb_image src=&#8221;https:\/\/www.granapadano.it\/wp-content\/uploads\/2024\/09\/GP_PR_Sandwich-cavolo-viola.jpg&#8221; title_text=&#8221;GP_PR_Sandwich-cavolo-viola&#8221; url=&#8221;https:\/\/www.granapadano.it\/fr-fr\/degustation\/accompagnements-et-snacks\/sandwichs-au-pain-complet-avec-chou-violet-marine-creme-de-grana-padano-a-la-ciboulette-tranches-de-dinde-salade-cornichons-et-flocons-de-grana-padano\/&#8221; url_new_window=&#8221;on&#8221; align=&#8221;center&#8221; src_tablet=&#8221;https:\/\/www.granapadano.it\/wp-content\/uploads\/2024\/05\/GP_programmatic_cheesecake.jpg&#8221; src_phone=&#8221;https:\/\/www.granapadano.it\/wp-content\/uploads\/2024\/05\/GP_programmatic_cheesecake.jpg&#8221; src_last_edited=&#8221;off|desktop&#8221; _builder_version=&#8221;4.24.3&#8243; _module_preset=&#8221;default&#8221; transform_scale=&#8221;90%|90%&#8221; width=&#8221;100%&#8221; border_radii=&#8221;on|20px|20px|20px|20px&#8221; locked=&#8221;off&#8221; global_colors_info=&#8221;{}&#8221;][\/et_pb_image][et_pb_text content_tablet=&#8221;<\/p>\n<h3><span><strong>Panini morbidi al latte con prosciutto crudo, insalata e Grana Padano Riserva<\/strong><\/span><\/h3>\n<p>&#8221; content_phone=&#8221;<\/p>\n<h5><span><strong>Panini morbidi al latte con prosciutto crudo, insalata e Grana Padano Riserva<\/strong><\/span><\/h5>\n<p>&#8221; content_last_edited=&#8221;on|phone&#8221; _builder_version=&#8221;4.24.3&#8243; _module_preset=&#8221;default&#8221; width=&#8221;90%&#8221; max_width_tablet=&#8221;60%&#8221; max_width_phone=&#8221;70%&#8221; max_width_last_edited=&#8221;on|desktop&#8221; module_alignment=&#8221;center&#8221; min_height=&#8221;90px&#8221; custom_margin=&#8221;||20px||false|false&#8221; link_option_url_new_window=&#8221;on&#8221; global_colors_info=&#8221;{}&#8221;]<\/p>\n<h3 style=\"text-align: left\"><span style=\"color: #000000\"><strong>Tramezzini au chou violet, \u00e0 la dinde, \u00e0 la cr\u00e8me de Grana Padano et aux flocons<\/strong><\/span><\/h3>\n<p>[\/et_pb_text][et_pb_image src=&#8221;https:\/\/www.granapadano.it\/wp-content\/uploads\/2024\/09\/GP_PR_Polpette-al-sugo.jpg&#8221; title_text=&#8221;GP_PR_Polpette-al-sugo&#8221; url=&#8221;https:\/\/www.granapadano.it\/fr-fr\/degustation\/plat-principaux\/beef-and-grana-padano-meatballs-in-tomato-pea-and-basil-sauce\/&#8221; url_new_window=&#8221;on&#8221; align=&#8221;center&#8221; _builder_version=&#8221;4.24.3&#8243; _module_preset=&#8221;default&#8221; transform_scale=&#8221;90%|90%&#8221; width=&#8221;100%&#8221; border_radii=&#8221;on|20px|20px|20px|20px&#8221; locked=&#8221;off&#8221; global_colors_info=&#8221;{}&#8221;][\/et_pb_image][et_pb_text content_tablet=&#8221;<\/p>\n<h3><span><strong><strong>Cous cous con uovo in camicia,<br \/> fagiolini, mandorle tostate e Grana Padano<\/strong><\/span><\/h3>\n<p>&#8221; content_phone=&#8221;<\/p>\n<h5><span><strong>Trofie con spinaci saltati, mandorle e Grana Padano Riserva<\/p>\n<p> <\/strong><\/span><\/h5>\n<p>&#8221; content_last_edited=&#8221;on|desktop&#8221; admin_label=&#8221;Text&#8221; _builder_version=&#8221;4.24.3&#8243; _module_preset=&#8221;default&#8221; width=&#8221;90%&#8221; width_tablet=&#8221;90%&#8221; width_phone=&#8221;90%&#8221; width_last_edited=&#8221;on|desktop&#8221; max_width_tablet=&#8221;60%&#8221; max_width_phone=&#8221;70%&#8221; max_width_last_edited=&#8221;on|desktop&#8221; module_alignment=&#8221;center&#8221; custom_margin=&#8221;||20px||false|false&#8221; link_option_url_new_window=&#8221;on&#8221; locked=&#8221;off&#8221; global_colors_info=&#8221;{}&#8221;]<\/p>\n<h3 style=\"text-align: left\"><span style=\"color: #000000\"><strong>Boulettes de viande de b\u0153uf et Grana Padano avec sauce tomate, petits pois et basilic<\/strong><\/span><\/h3>\n<p>[\/et_pb_text][\/et_pb_column][et_pb_column type=&#8221;1_3&#8243; _builder_version=&#8221;4.20.0&#8243; _module_preset=&#8221;default&#8221; global_colors_info=&#8221;{}&#8221;][et_pb_image src=&#8221;https:\/\/www.granapadano.it\/wp-content\/uploads\/2024\/09\/GP_Programmatic_im-2.jpg&#8221; title_text=&#8221;GP_Programmatic_im-2&#8243; url=&#8221;https:\/\/www.granapadano.it\/fr-fr\/degustation\/aperitivo-et-recettes-a-partager\/tartelettes-au-fromage-et-aux-noix-grana-padano-et-thym\/&#8221; url_new_window=&#8221;on&#8221; align=&#8221;center&#8221; _builder_version=&#8221;4.24.3&#8243; _module_preset=&#8221;default&#8221; transform_scale=&#8221;90%|90%&#8221; width=&#8221;100%&#8221; border_radii=&#8221;on|20px|20px|20px|20px&#8221; locked=&#8221;off&#8221; global_colors_info=&#8221;{}&#8221;][\/et_pb_image][et_pb_text content_tablet=&#8221;<\/p>\n<h3><span><strong>Cous cous pesto di rucola e prezzemolo, pollo, fagiolini e Grana Padano<\/strong><\/span><\/h3>\n<p>&#8221; content_phone=&#8221;<\/p>\n<h5><span><strong>Cous cous pesto di rucola e prezzemolo, pollo, fagiolini e Grana Padano<\/strong><\/span><\/h5>\n<p>&#8221; content_last_edited=&#8221;on|phone&#8221; admin_label=&#8221;Text&#8221; _builder_version=&#8221;4.24.3&#8243; _module_preset=&#8221;default&#8221; width=&#8221;90%&#8221; max_width_tablet=&#8221;60%&#8221; max_width_phone=&#8221;70%&#8221; max_width_last_edited=&#8221;on|desktop&#8221; module_alignment=&#8221;center&#8221; min_height=&#8221;90px&#8221; custom_margin=&#8221;||20px||false|false&#8221; link_option_url_new_window=&#8221;on&#8221; locked=&#8221;off&#8221; global_colors_info=&#8221;{}&#8221;]<\/p>\n<h3 style=\"text-align: left\"><span style=\"color: #000000\"><strong>Tartes au fromage et aux noix avec du Grana Padano et du thym<\/strong><\/span><\/h3>\n<p>[\/et_pb_text][et_pb_image src=&#8221;https:\/\/www.granapadano.it\/wp-content\/uploads\/2024\/09\/GP_PR_Cous-cous-cavolo-nero.jpg&#8221; title_text=&#8221;GP_PR_Cous-cous-cavolo-nero&#8221; url=&#8221;https:\/\/www.granapadano.it\/fr-fr\/degustation\/dejeuner-sur-le-pouce\/couscous-avec-chips-de-chou-noir-oignon-rouge-grana-padano-poulet-et-courge\/&#8221; url_new_window=&#8221;on&#8221; align=&#8221;center&#8221; _builder_version=&#8221;4.24.3&#8243; _module_preset=&#8221;default&#8221; transform_scale=&#8221;90%|90%&#8221; transform_scale_tablet=&#8221;161%|161%&#8221; transform_scale_phone=&#8221;161%|161%&#8221; transform_scale_last_edited=&#8221;on|tablet&#8221; transform_translate_tablet=&#8221;&#8221; transform_translate_phone=&#8221;&#8221; transform_translate_last_edited=&#8221;on|tablet&#8221; transform_rotate_tablet=&#8221;&#8221; transform_rotate_phone=&#8221;&#8221; transform_rotate_last_edited=&#8221;on|tablet&#8221; transform_skew_tablet=&#8221;&#8221; transform_skew_phone=&#8221;&#8221; transform_skew_last_edited=&#8221;on|tablet&#8221; transform_origin_tablet=&#8221;&#8221; transform_origin_phone=&#8221;&#8221; transform_origin_last_edited=&#8221;on|tablet&#8221; transform_styles_last_edited=&#8221;on|tablet&#8221; width=&#8221;100%&#8221; transform_styles_tablet=&#8221;&#8221; transform_styles_phone=&#8221;&#8221; border_radii=&#8221;on|20px|20px|20px|20px&#8221; locked=&#8221;off&#8221; global_colors_info=&#8221;{}&#8221;][\/et_pb_image][et_pb_text content_tablet=&#8221;<\/p>\n<h3><span><strong>Cous cous avec chips de chou noir, oignon rouge, fromage Grana Padano, poulet et potiron<\/strong><\/span><\/h3>\n<p>&#8221; content_phone=&#8221;<\/p>\n<h5><span><strong>Cous cous avec chips de chou noir, oignon rouge, fromage Grana Padano, poulet et potiron<\/strong><\/span><\/h5>\n<p>&#8221; content_last_edited=&#8221;on|phone&#8221; _builder_version=&#8221;4.24.3&#8243; _module_preset=&#8221;default&#8221; width=&#8221;90%&#8221; max_width_tablet=&#8221;60%&#8221; max_width_phone=&#8221;70%&#8221; max_width_last_edited=&#8221;on|desktop&#8221; module_alignment=&#8221;center&#8221; custom_margin=&#8221;||20px||false|false&#8221; link_option_url_new_window=&#8221;on&#8221; locked=&#8221;off&#8221; global_colors_info=&#8221;{}&#8221;]<\/p>\n<h3 style=\"text-align: left\"><span style=\"color: #000000\"><strong>Cous cous avec chips de chou noir, oignon rouge, fromage Grana Padano, poulet et potiron<\/strong><\/span><\/h3>\n<p>[\/et_pb_text][\/et_pb_column][et_pb_column type=&#8221;1_3&#8243; _builder_version=&#8221;4.20.0&#8243; _module_preset=&#8221;default&#8221; global_colors_info=&#8221;{}&#8221;][et_pb_image src=&#8221;https:\/\/www.granapadano.it\/wp-content\/uploads\/2024\/09\/GP_Programmatic_im-3.jpg&#8221; title_text=&#8221;GP_Programmatic_im-3&#8243; url=&#8221;https:\/\/www.granapadano.it\/fr-fr\/degustation\/plat-principaux\/fougasse-a-la-creme-de-courge-pousses-de-brocoli-grana-padano-et-saucisse-croustillante\/&#8221; url_new_window=&#8221;on&#8221; align=&#8221;center&#8221; _builder_version=&#8221;4.24.3&#8243; _module_preset=&#8221;default&#8221; transform_scale=&#8221;90%|90%&#8221; width=&#8221;100%&#8221; border_radii=&#8221;on|20px|20px|20px|20px&#8221; locked=&#8221;off&#8221; global_colors_info=&#8221;{}&#8221;][\/et_pb_image][et_pb_text content_tablet=&#8221;<\/p>\n<h3><span><strong>Cous cous pesto di rucola e prezzemolo, pollo, fagiolini e Grana Padano<\/strong><\/span><\/h3>\n<p>&#8221; content_phone=&#8221;<\/p>\n<h5><span><strong>Cous cous pesto di rucola e prezzemolo, pollo, fagiolini e Grana Padano<\/strong><\/span><\/h5>\n<p>&#8221; content_last_edited=&#8221;on|phone&#8221; admin_label=&#8221;Text&#8221; _builder_version=&#8221;4.24.3&#8243; _module_preset=&#8221;default&#8221; width=&#8221;90%&#8221; max_width_tablet=&#8221;60%&#8221; max_width_phone=&#8221;70%&#8221; max_width_last_edited=&#8221;on|desktop&#8221; module_alignment=&#8221;center&#8221; min_height=&#8221;90px&#8221; custom_margin=&#8221;||20px||false|false&#8221; link_option_url_new_window=&#8221;on&#8221; locked=&#8221;off&#8221; global_colors_info=&#8221;{}&#8221;]<\/p>\n<h3 style=\"text-align: left\"><span style=\"color: #000000\"><strong>Focaccia \u00e0 la cr\u00e8me de potiron, aux fanes de navet, \u00e0 la saucisse croustillante et au fromage Grana Padano<\/strong><\/span><\/h3>\n<p>[\/et_pb_text][et_pb_image src=&#8221;https:\/\/www.granapadano.it\/wp-content\/uploads\/2024\/09\/GP_Programmatic_im-6.jpg&#8221; title_text=&#8221;GP_Programmatic_im-6&#8243; url=&#8221;https:\/\/www.granapadano.it\/fr-fr\/degustation\/petit-dejeuner-et-brunch\/cupcakes-sales-a-la-courge-et-au-grana-padano\/&#8221; url_new_window=&#8221;on&#8221; align=&#8221;center&#8221; _builder_version=&#8221;4.24.3&#8243; _module_preset=&#8221;default&#8221; transform_scale=&#8221;90%|90%&#8221; transform_scale_tablet=&#8221;161%|161%&#8221; transform_scale_phone=&#8221;161%|161%&#8221; transform_scale_last_edited=&#8221;on|tablet&#8221; transform_translate_tablet=&#8221;&#8221; transform_translate_phone=&#8221;&#8221; transform_translate_last_edited=&#8221;on|tablet&#8221; transform_rotate_tablet=&#8221;&#8221; transform_rotate_phone=&#8221;&#8221; transform_rotate_last_edited=&#8221;on|tablet&#8221; transform_skew_tablet=&#8221;&#8221; transform_skew_phone=&#8221;&#8221; transform_skew_last_edited=&#8221;on|tablet&#8221; transform_origin_tablet=&#8221;&#8221; transform_origin_phone=&#8221;&#8221; transform_origin_last_edited=&#8221;on|tablet&#8221; transform_styles_last_edited=&#8221;on|tablet&#8221; width=&#8221;100%&#8221; transform_styles_tablet=&#8221;&#8221; transform_styles_phone=&#8221;&#8221; border_radii=&#8221;on|20px|20px|20px|20px&#8221; locked=&#8221;off&#8221; global_colors_info=&#8221;{}&#8221;][\/et_pb_image][et_pb_text content_tablet=&#8221;<\/p>\n<h3><span><strong>Gnocchi di patate con asparagi, pisellini, fave e Grana Padano<\/strong><\/span><\/h3>\n<p>&#8221; content_phone=&#8221;<\/p>\n<h5><span><strong>Gnocchi di patate con asparagi, pisellini, fave e Grana Padano<\/strong><\/span><\/h5>\n<p>&#8221; content_last_edited=&#8221;on|tablet&#8221; admin_label=&#8221;Text&#8221; _builder_version=&#8221;4.24.3&#8243; _module_preset=&#8221;default&#8221; width=&#8221;90%&#8221; max_width_tablet=&#8221;60%&#8221; max_width_phone=&#8221;70%&#8221; max_width_last_edited=&#8221;on|desktop&#8221; module_alignment=&#8221;center&#8221; min_height=&#8221;90px&#8221; custom_margin=&#8221;||20px||false|false&#8221; link_option_url_new_window=&#8221;on&#8221; locked=&#8221;off&#8221; global_colors_info=&#8221;{}&#8221;]<\/p>\n<h3 style=\"text-align: left\"><span style=\"color: #000000\"><strong>Petits g\u00e2teaux sal\u00e9s \u00e0 la citrouille et au Grana Padano<\/strong><\/h3>\n<p>[\/et_pb_text][\/et_pb_column][\/et_pb_row][\/et_pb_section]<\/p>\n","protected":false},"excerpt":{"rendered":"<p>D\u00e9couvrez les recettesFusilli con zucchine, ricotta, menta e Grana PadanoInvoltini di zucchine, scamorza, prosciutto cotto e Grana PadanoPanini morbidi al latte con prosciutto crudo, insalata e Grana Padano RiservaMojito alla menta, freselle integrali pomodorini, pesto e Grana Padano RiservaInvoltini di zucchine, scamorza, prosciutto cotto e Grana PadanoCupcakes salati alla zucca e Grana PadanoTramezzini au chou [&hellip;]<\/p>\n","protected":false},"author":21,"featured_media":125301,"parent":0,"menu_order":478,"comment_status":"closed","ping_status":"closed","template":"","meta":{"_acf_changed":false,"_et_pb_use_builder":"on","_et_pb_old_content":"","_et_gb_content_width":"","footnotes":""},"class_list":["post-124948","page","type-page","status-publish","has-post-thumbnail","hentry"],"acf":[],"yoast_head":"<!-- This site is optimized with the Yoast SEO plugin v27.4 - https:\/\/yoast.com\/product\/yoast-seo-wordpress\/ -->\n<title>Donnez plus de go\u00fbt \u00e0 votre mois d&#039;octobre - Grana Padano<\/title>\n<meta name=\"robots\" content=\"index, follow, max-snippet:-1, max-image-preview:large, max-video-preview:-1\" \/>\n<link rel=\"canonical\" href=\"https:\/\/www.granapadano.it\/fr-fr\/donnez-plus-de-gout-a-votre-mois-doctobre\/\" \/>\n<meta property=\"og:locale\" content=\"fr_FR\" \/>\n<meta property=\"og:type\" content=\"article\" \/>\n<meta property=\"og:title\" content=\"Donnez plus de go\u00fbt \u00e0 votre mois d&#039;octobre - Grana Padano\" \/>\n<meta property=\"og:description\" content=\"D\u00e9couvrez les recettesFusilli con zucchine, ricotta, menta e Grana PadanoInvoltini di zucchine, scamorza, prosciutto cotto e Grana PadanoPanini morbidi al latte con prosciutto crudo, insalata e Grana Padano RiservaMojito alla menta, freselle integrali pomodorini, pesto e Grana Padano RiservaInvoltini di zucchine, scamorza, prosciutto cotto e Grana PadanoCupcakes salati alla zucca e Grana PadanoTramezzini au chou [&hellip;]\" \/>\n<meta property=\"og:url\" content=\"https:\/\/www.granapadano.it\/fr-fr\/donnez-plus-de-gout-a-votre-mois-doctobre\/\" \/>\n<meta property=\"og:site_name\" content=\"Grana Padano\" \/>\n<meta property=\"article:modified_time\" content=\"2024-10-01T13:15:33+00:00\" \/>\n<meta property=\"og:image\" content=\"https:\/\/granapadano.kleecks-cdn.com\/wp-content\/uploads\/2024\/10\/GP_Pr_0.10_FR-p.jpg\" \/>\n\t<meta property=\"og:image:width\" content=\"395\" \/>\n\t<meta property=\"og:image:height\" content=\"395\" \/>\n\t<meta property=\"og:image:type\" content=\"image\/jpeg\" \/>\n<meta name=\"twitter:card\" content=\"summary_large_image\" \/>\n<meta name=\"twitter:label1\" content=\"Est. reading time\" \/>\n\t<meta name=\"twitter:data1\" content=\"7 minutes\" \/>\n<script type=\"application\/ld+json\" class=\"yoast-schema-graph\">{\"@context\":\"https:\\\/\\\/schema.org\",\"@graph\":[{\"@type\":\"WebPage\",\"@id\":\"https:\\\/\\\/www.granapadano.it\\\/fr-fr\\\/donnez-plus-de-gout-a-votre-mois-doctobre\\\/\",\"url\":\"https:\\\/\\\/www.granapadano.it\\\/fr-fr\\\/donnez-plus-de-gout-a-votre-mois-doctobre\\\/\",\"name\":\"Donnez plus de go\u00fbt \u00e0 votre mois d'octobre - Grana Padano\",\"isPartOf\":{\"@id\":\"https:\\\/\\\/www.granapadano.it\\\/fr-fr\\\/#website\"},\"primaryImageOfPage\":{\"@id\":\"https:\\\/\\\/www.granapadano.it\\\/fr-fr\\\/donnez-plus-de-gout-a-votre-mois-doctobre\\\/#primaryimage\"},\"image\":{\"@id\":\"https:\\\/\\\/www.granapadano.it\\\/fr-fr\\\/donnez-plus-de-gout-a-votre-mois-doctobre\\\/#primaryimage\"},\"thumbnailUrl\":\"https:\\\/\\\/granapadano.kleecks-cdn.com\\\/wp-content\\\/uploads\\\/2024\\\/10\\\/GP_Pr_0.10_FR-p.jpg\",\"datePublished\":\"2024-09-27T09:58:02+00:00\",\"dateModified\":\"2024-10-01T13:15:33+00:00\",\"breadcrumb\":{\"@id\":\"https:\\\/\\\/www.granapadano.it\\\/fr-fr\\\/donnez-plus-de-gout-a-votre-mois-doctobre\\\/#breadcrumb\"},\"inLanguage\":\"fr-fr\",\"potentialAction\":[{\"@type\":\"ReadAction\",\"target\":[\"https:\\\/\\\/www.granapadano.it\\\/fr-fr\\\/donnez-plus-de-gout-a-votre-mois-doctobre\\\/\"]}]},{\"@type\":\"ImageObject\",\"inLanguage\":\"fr-fr\",\"@id\":\"https:\\\/\\\/www.granapadano.it\\\/fr-fr\\\/donnez-plus-de-gout-a-votre-mois-doctobre\\\/#primaryimage\",\"url\":\"https:\\\/\\\/granapadano.kleecks-cdn.com\\\/wp-content\\\/uploads\\\/2024\\\/10\\\/GP_Pr_0.10_FR-p.jpg\",\"contentUrl\":\"https:\\\/\\\/granapadano.kleecks-cdn.com\\\/wp-content\\\/uploads\\\/2024\\\/10\\\/GP_Pr_0.10_FR-p.jpg\",\"width\":395,\"height\":395},{\"@type\":\"BreadcrumbList\",\"@id\":\"https:\\\/\\\/www.granapadano.it\\\/fr-fr\\\/donnez-plus-de-gout-a-votre-mois-doctobre\\\/#breadcrumb\",\"itemListElement\":[{\"@type\":\"ListItem\",\"position\":1,\"name\":\"Home\",\"item\":\"https:\\\/\\\/www.granapadano.it\\\/fr-fr\\\/\"},{\"@type\":\"ListItem\",\"position\":2,\"name\":\"Donnez plus de go\u00fbt \u00e0 votre mois d&#8217;octobre\"}]},{\"@type\":\"WebSite\",\"@id\":\"https:\\\/\\\/www.granapadano.it\\\/fr-fr\\\/#website\",\"url\":\"https:\\\/\\\/www.granapadano.it\\\/fr-fr\\\/\",\"name\":\"Grana Padano\",\"description\":\"\",\"potentialAction\":[{\"@type\":\"SearchAction\",\"target\":{\"@type\":\"EntryPoint\",\"urlTemplate\":\"https:\\\/\\\/www.granapadano.it\\\/fr-fr\\\/?s={search_term_string}\"},\"query-input\":{\"@type\":\"PropertyValueSpecification\",\"valueRequired\":true,\"valueName\":\"search_term_string\"}}],\"inLanguage\":\"fr-fr\"}]}<\/script>\n<!-- \/ Yoast SEO plugin. -->","yoast_head_json":{"title":"Donnez plus de go\u00fbt \u00e0 votre mois d'octobre - Grana Padano","robots":{"index":"index","follow":"follow","max-snippet":"max-snippet:-1","max-image-preview":"max-image-preview:large","max-video-preview":"max-video-preview:-1"},"canonical":"https:\/\/www.granapadano.it\/fr-fr\/donnez-plus-de-gout-a-votre-mois-doctobre\/","og_locale":"fr_FR","og_type":"article","og_title":"Donnez plus de go\u00fbt \u00e0 votre mois d'octobre - Grana Padano","og_description":"D\u00e9couvrez les recettesFusilli con zucchine, ricotta, menta e Grana PadanoInvoltini di zucchine, scamorza, prosciutto cotto e Grana PadanoPanini morbidi al latte con prosciutto crudo, insalata e Grana Padano RiservaMojito alla menta, freselle integrali pomodorini, pesto e Grana Padano RiservaInvoltini di zucchine, scamorza, prosciutto cotto e Grana PadanoCupcakes salati alla zucca e Grana PadanoTramezzini au chou [&hellip;]","og_url":"https:\/\/www.granapadano.it\/fr-fr\/donnez-plus-de-gout-a-votre-mois-doctobre\/","og_site_name":"Grana Padano","article_modified_time":"2024-10-01T13:15:33+00:00","og_image":[{"width":395,"height":395,"url":"https:\/\/granapadano.kleecks-cdn.com\/wp-content\/uploads\/2024\/10\/GP_Pr_0.10_FR-p.jpg","type":"image\/jpeg"}],"twitter_card":"summary_large_image","twitter_misc":{"Est. reading time":"7 minutes"},"schema":{"@context":"https:\/\/schema.org","@graph":[{"@type":"WebPage","@id":"https:\/\/www.granapadano.it\/fr-fr\/donnez-plus-de-gout-a-votre-mois-doctobre\/","url":"https:\/\/www.granapadano.it\/fr-fr\/donnez-plus-de-gout-a-votre-mois-doctobre\/","name":"Donnez plus de go\u00fbt \u00e0 votre mois d'octobre - Grana Padano","isPartOf":{"@id":"https:\/\/www.granapadano.it\/fr-fr\/#website"},"primaryImageOfPage":{"@id":"https:\/\/www.granapadano.it\/fr-fr\/donnez-plus-de-gout-a-votre-mois-doctobre\/#primaryimage"},"image":{"@id":"https:\/\/www.granapadano.it\/fr-fr\/donnez-plus-de-gout-a-votre-mois-doctobre\/#primaryimage"},"thumbnailUrl":"https:\/\/granapadano.kleecks-cdn.com\/wp-content\/uploads\/2024\/10\/GP_Pr_0.10_FR-p.jpg","datePublished":"2024-09-27T09:58:02+00:00","dateModified":"2024-10-01T13:15:33+00:00","breadcrumb":{"@id":"https:\/\/www.granapadano.it\/fr-fr\/donnez-plus-de-gout-a-votre-mois-doctobre\/#breadcrumb"},"inLanguage":"fr-fr","potentialAction":[{"@type":"ReadAction","target":["https:\/\/www.granapadano.it\/fr-fr\/donnez-plus-de-gout-a-votre-mois-doctobre\/"]}]},{"@type":"ImageObject","inLanguage":"fr-fr","@id":"https:\/\/www.granapadano.it\/fr-fr\/donnez-plus-de-gout-a-votre-mois-doctobre\/#primaryimage","url":"https:\/\/granapadano.kleecks-cdn.com\/wp-content\/uploads\/2024\/10\/GP_Pr_0.10_FR-p.jpg","contentUrl":"https:\/\/granapadano.kleecks-cdn.com\/wp-content\/uploads\/2024\/10\/GP_Pr_0.10_FR-p.jpg","width":395,"height":395},{"@type":"BreadcrumbList","@id":"https:\/\/www.granapadano.it\/fr-fr\/donnez-plus-de-gout-a-votre-mois-doctobre\/#breadcrumb","itemListElement":[{"@type":"ListItem","position":1,"name":"Home","item":"https:\/\/www.granapadano.it\/fr-fr\/"},{"@type":"ListItem","position":2,"name":"Donnez plus de go\u00fbt \u00e0 votre mois d&#8217;octobre"}]},{"@type":"WebSite","@id":"https:\/\/www.granapadano.it\/fr-fr\/#website","url":"https:\/\/www.granapadano.it\/fr-fr\/","name":"Grana Padano","description":"","potentialAction":[{"@type":"SearchAction","target":{"@type":"EntryPoint","urlTemplate":"https:\/\/www.granapadano.it\/fr-fr\/?s={search_term_string}"},"query-input":{"@type":"PropertyValueSpecification","valueRequired":true,"valueName":"search_term_string"}}],"inLanguage":"fr-fr"}]}},"_links":{"self":[{"href":"https:\/\/www.granapadano.it\/fr-fr\/wp-json\/wp\/v2\/pages\/124948","targetHints":{"allow":["GET"]}}],"collection":[{"href":"https:\/\/www.granapadano.it\/fr-fr\/wp-json\/wp\/v2\/pages"}],"about":[{"href":"https:\/\/www.granapadano.it\/fr-fr\/wp-json\/wp\/v2\/types\/page"}],"author":[{"embeddable":true,"href":"https:\/\/www.granapadano.it\/fr-fr\/wp-json\/wp\/v2\/users\/21"}],"replies":[{"embeddable":true,"href":"https:\/\/www.granapadano.it\/fr-fr\/wp-json\/wp\/v2\/comments?post=124948"}],"version-history":[{"count":10,"href":"https:\/\/www.granapadano.it\/fr-fr\/wp-json\/wp\/v2\/pages\/124948\/revisions"}],"predecessor-version":[{"id":125365,"href":"https:\/\/www.granapadano.it\/fr-fr\/wp-json\/wp\/v2\/pages\/124948\/revisions\/125365"}],"wp:featuredmedia":[{"embeddable":true,"href":"https:\/\/www.granapadano.it\/fr-fr\/wp-json\/wp\/v2\/media\/125301"}],"wp:attachment":[{"href":"https:\/\/www.granapadano.it\/fr-fr\/wp-json\/wp\/v2\/media?parent=124948"}],"curies":[{"name":"wp","href":"https:\/\/api.w.org\/{rel}","templated":true}]}}