{"id":119167,"date":"2024-04-16T13:30:50","date_gmt":"2024-04-16T13:30:50","guid":{"rendered":"https:\/\/www.granapadano.it\/degustation\/abbinamenti\/con-quale-cioccolato-abbinare-grana-padano\/come-abbinare-grana-padano-20-24-mesi-riserva-con-il-cioccolato\/"},"modified":"2024-07-04T16:33:42","modified_gmt":"2024-07-04T16:33:42","slug":"grana-padano-aop-reserve-20-24-mois-et-chocolat","status":"publish","type":"page","link":"https:\/\/www.granapadano.it\/fr-fr\/degustation\/avec-quel-chocolat-associer-le-grana-padano-aop\/grana-padano-aop-reserve-20-24-mois-et-chocolat\/","title":{"rendered":"Grana Padano AOP \u00ab R\u00e9serve \u00bb 20-24 mois et chocolat"},"content":{"rendered":"<p>[et_pb_section fb_built=&#8221;1&#8243; fullwidth=&#8221;on&#8221; _builder_version=&#8221;4.19.5&#8243; _module_preset=&#8221;default&#8221; global_colors_info=&#8221;{}&#8221;][et_pb_fullwidth_image src=&#8221;https:\/\/www.granapadano.it\/wp-content\/uploads\/2024\/04\/Grana-Padano-e-Cioccolato-h.jpg&#8221; title_text=&#8221;Grana-Padano-e-Cioccolato-m&#8221; src_tablet=&#8221;https:\/\/www.granapadano.it\/wp-content\/uploads\/2024\/04\/Grana-Padano-e-Cioccolato-h.jpg&#8221; src_phone=&#8221;https:\/\/www.granapadano.it\/wp-content\/uploads\/2024\/04\/Grana-Padano-e-Cioccolato-m.jpg&#8221; src_last_edited=&#8221;on|phone&#8221; _builder_version=&#8221;4.24.3&#8243; _module_preset=&#8221;default&#8221; locked=&#8221;off&#8221; global_colors_info=&#8221;{}&#8221;][\/et_pb_fullwidth_image][\/et_pb_section][et_pb_section fb_built=&#8221;1&#8243; module_class=&#8221;production_sub_hub_main_wrapper&#8221; _builder_version=&#8221;4.19.4&#8243; _module_preset=&#8221;default&#8221; custom_padding=&#8221;13px||0px|||&#8221; locked=&#8221;off&#8221; global_colors_info=&#8221;{}&#8221;][et_pb_row module_class=&#8221;recipe_filter_section&#8221; _builder_version=&#8221;4.19.2&#8243; _module_preset=&#8221;default&#8221; max_width=&#8221;90%&#8221; custom_padding=&#8221;||7px|||&#8221; global_colors_info=&#8221;{}&#8221;][et_pb_column type=&#8221;4_4&#8243; _builder_version=&#8221;4.19.2&#8243; _module_preset=&#8221;default&#8221; global_colors_info=&#8221;{}&#8221;][et_pb_code _builder_version=&#8221;4.19.2&#8243; _module_preset=&#8221;default&#8221; custom_margin=&#8221;||16px|||&#8221; global_colors_info=&#8221;{}&#8221;]<div class=\"breadcrumb\"><a href=\"https:\/\/www.granapadano.it\/fr-fr\/\">Home<\/a>  <  <\/div>[\/et_pb_code][\/et_pb_column][\/et_pb_row][\/et_pb_section][et_pb_section fb_built=&#8221;1&#8243; module_class=&#8221;giovani_sub_hub_title&#8221; _builder_version=&#8221;4.19.5&#8243; _module_preset=&#8221;default&#8221; custom_padding=&#8221;0px||35px||false|false&#8221; locked=&#8221;off&#8221; global_colors_info=&#8221;{}&#8221;][et_pb_row module_class=&#8221;gp_producion_heading_wrapper&#8221; _builder_version=&#8221;4.19.5&#8243; _module_preset=&#8221;default&#8221; max_width=&#8221;90%&#8221; module_alignment=&#8221;center&#8221; custom_padding=&#8221;||||false|false&#8221; global_colors_info=&#8221;{}&#8221;][et_pb_column type=&#8221;4_4&#8243; _builder_version=&#8221;4.19.4&#8243; _module_preset=&#8221;default&#8221; global_colors_info=&#8221;{}&#8221;][et_pb_text module_class=&#8221;giovani_sub_hub_title_text&#8221; _builder_version=&#8221;4.24.3&#8243; _module_preset=&#8221;default&#8221; text_font=&#8221;Merriweather|700|||||||&#8221; text_text_color=&#8221;#0f0f0f&#8221; text_font_size=&#8221;80px&#8221; text_line_height=&#8221;70px&#8221; header_font=&#8221;Merriweather||||||||&#8221; header_text_color=&#8221;gcid-8696fd7e-29dd-4028-9d4d-981b208a53a9&#8243; header_font_size=&#8221;44px&#8221; header_line_height=&#8221;52px&#8221; text_orientation=&#8221;center&#8221; min_height=&#8221;83px&#8221; custom_margin=&#8221;||0px||false|false&#8221; custom_padding=&#8221;||0px||false|false&#8221; hover_enabled=&#8221;0&#8243; global_colors_info=&#8221;{%22gcid-8696fd7e-29dd-4028-9d4d-981b208a53a9%22:%91%22header_text_color%22%93}&#8221; sticky_enabled=&#8221;0&#8243;]<\/p>\n<h1>Grana Padano AOP \u00ab R\u00e9serve \u00bb 20-24 mois<\/h1>\n<p>[\/et_pb_text][\/et_pb_column][\/et_pb_row][et_pb_row column_structure=&#8221;1_4,3_4&#8243; module_class=&#8221;article_dates&#8221; _builder_version=&#8221;4.19.4&#8243; _module_preset=&#8221;default&#8221; max_width=&#8221;90%&#8221; custom_padding=&#8221;2px||6px||false|false&#8221; global_colors_info=&#8221;{}&#8221;][et_pb_column type=&#8221;1_4&#8243; _builder_version=&#8221;4.19.3&#8243; _module_preset=&#8221;default&#8221; global_colors_info=&#8221;{}&#8221;][et_pb_text module_class=&#8221;button_look&#8221; _builder_version=&#8221;4.24.3&#8243; _module_preset=&#8221;default&#8221; text_font=&#8221;FontPadano-Bold||||||||&#8221; text_text_color=&#8221;#000000&#8243; text_font_size=&#8221;26px&#8221; background_color=&#8221;RGBA(255,255,255,0)&#8221; locked=&#8221;off&#8221; global_colors_info=&#8221;{}&#8221;]<\/p>\n<p>Cacao<\/p>\n<p>[\/et_pb_text][\/et_pb_column][et_pb_column type=&#8221;3_4&#8243; _builder_version=&#8221;4.19.4&#8243; _module_preset=&#8221;default&#8221; global_colors_info=&#8221;{}&#8221;][\/et_pb_column][\/et_pb_row][et_pb_row column_structure=&#8221;2_5,3_5&#8243; module_class=&#8221;article_sub_img_text_content &#8221; _builder_version=&#8221;4.24.3&#8243; _module_preset=&#8221;default&#8221; max_width=&#8221;90%&#8221; module_alignment=&#8221;center&#8221; min_height=&#8221;741.9px&#8221; custom_margin=&#8221;0px|auto|0px|auto|false|false&#8221; custom_padding=&#8221;0px||0px||false|false&#8221; global_colors_info=&#8221;{}&#8221;][et_pb_column type=&#8221;2_5&#8243; module_class=&#8221;article_sub_img_wrap&#8221; _builder_version=&#8221;4.20.2&#8243; _module_preset=&#8221;default&#8221; global_colors_info=&#8221;{}&#8221;][et_pb_image src=&#8221;https:\/\/www.granapadano.it\/wp-content\/uploads\/2024\/04\/GP-ZENZERO.jpg&#8221; title_text=&#8221;GP-ZENZERO&#8221; align=&#8221;center&#8221; _builder_version=&#8221;4.24.3&#8243; _module_preset=&#8221;default&#8221; positioning=&#8221;relative&#8221; vertical_offset=&#8221;63px&#8221; module_alignment=&#8221;center&#8221; border_radii=&#8221;on|20px|20px|20px|20px&#8221; global_colors_info=&#8221;{}&#8221;][\/et_pb_image][\/et_pb_column][et_pb_column type=&#8221;3_5&#8243; module_class=&#8221;article_sub_text_wrap&#8221; _builder_version=&#8221;4.20.2&#8243; _module_preset=&#8221;default&#8221; global_colors_info=&#8221;{}&#8221;][et_pb_text _builder_version=&#8221;4.24.3&#8243; _module_preset=&#8221;default&#8221; text_font=&#8221;||||||||&#8221; text_text_color=&#8221;#0f0f0f&#8221; text_font_size=&#8221;18px&#8221; text_line_height=&#8221;26px&#8221; width=&#8221;100%&#8221; custom_margin=&#8221;||0px||false|false&#8221; hover_enabled=&#8221;0&#8243; global_colors_info=&#8221;{}&#8221; sticky_enabled=&#8221;0&#8243;]<\/p>\n<h3>Grana Padano AOP \u00ab R\u00e9serve \u00bb 20-24 mois et chocolat noir 51 % avec cristaux de gingembre<\/h3>\n<p>Les tablettes de chocolat qui contiennent au moins 45 % de cacao peuvent \u00eatre consid\u00e9r\u00e9es et d\u00e9finies comme \u00ab noires \u00bb, mais jusqu\u2019\u00e0 50-55 % de cacao, le go\u00fbt amer typique reste d\u00e9licat et peut \u00eatre appr\u00e9ci\u00e9 m\u00eame par ceux qui, sans \u00eatre amateurs de combinaisons extr\u00eames, sont attir\u00e9s par les nouveaut\u00e9s gastronomiques et les produits ayant un certain caract\u00e8re.<br \/>\nDans cette combinaison, la proposition \u00ab irr\u00e9sistible \u00bb est un \u00ab m\u00e9lange \u00bb de gingembre sous forme de cristaux dans une tablette de chocolat noir 51 %.<br \/>\nLa pr\u00e9sence des cristaux de gingembre a des effets significatifs au cours de la d\u00e9gustation et influence en effet les sensations en bouche et donne du croquant. En outre, par contraste, elle augmente la perception de l\u2019ar\u00f4me d\u00e9licat de cacao et cr\u00e9e une agr\u00e9able fra\u00eecheur en bouche gr\u00e2ce au picotement du gingembre, associ\u00e9 au citronn\u00e9 typique de cette \u00e9pice.<\/p>\n<p>Il est conseill\u00e9 de commencer par m\u00e2cher le copeau de Grana Padano AOP \u00ab R\u00e9serve \u00bb 20-24 mois pour cr\u00e9er une alternance entre la granularit\u00e9 typique du fromage et les cristaux de gingembre afin que les ingr\u00e9dients ne fassent plus qu\u2019un avec une fra\u00eecheur enivrante.<br \/>\nPar cette combinaison, nous voulons stimuler la curiosit\u00e9 de ceux qui aiment oser sans exag\u00e9rer.\n<\/p>\n<p><strong>Le saviez-vous?<\/strong><\/p>\n<ul>\n<li>L\u2019histoire du gingembre est tr\u00e8s ancienne : cette racine est l\u2019une des premi\u00e8res \u00e9pices export\u00e9es d\u2019Asie et l\u2019on pense que c\u2019est Alexandre le Grand qui l\u2019a introduite en Occident. Le gingembre est arriv\u00e9 en Europe via la Gr\u00e8ce antique, \u00e0 l\u2019\u00e9poque du \u00ab commerce des \u00e9pices \u00bb.<\/li>\n<li>Dans l\u2019Antiquit\u00e9, la racine de gingembre \u00e9tait consid\u00e9r\u00e9e comme \u00ab magique \u00bb et \u00e9tait en fait pris\u00e9e pour une particularit\u00e9 qui la rendait aussi pr\u00e9cieuse que myst\u00e9rieuse : ajout\u00e9e aux aliments, elle emp\u00eachait, ou plut\u00f4t ralentissait, leur d\u00e9t\u00e9rioration, au point qu\u2019elle \u00e9tait couramment utilis\u00e9e comme conservateur alimentaire. <\/li>\n<li>Le gingembre, proche de la cardamome, appartient \u00e0 la famille des Zingib\u00e9rac\u00e9es. L\u2019origine de son nom se perd dans la nuit des temps ; en fait, il d\u00e9rive du sanskrit et de l\u2019arabe et signifie \u00ab corne \u00bb en raison de la forme de ses rhizomes ou racines. Connu depuis des temps imm\u00e9moriaux pour ses propri\u00e9t\u00e9s b\u00e9n\u00e9fiques, c\u2019est aujourd\u2019hui une \u00e9pice appr\u00e9ci\u00e9e pour sa saveur \u00ab piquante \u00bb qui rend \u00e9pic\u00e9s et intrigants tous les aliments auxquels on l\u2019associe.<\/li>\n<\/ul>\n<p>[\/et_pb_text][\/et_pb_column][\/et_pb_row][et_pb_row column_structure=&#8221;2_5,3_5&#8243; module_class=&#8221;article_sub_img_text_content_left&#8221; _builder_version=&#8221;4.24.3&#8243; _module_preset=&#8221;default&#8221; max_width=&#8221;94%&#8221; custom_padding=&#8221;20px||30px||false|false&#8221; border_color_top=&#8221;RGBA(255,255,255,0)&#8221; locked=&#8221;off&#8221; global_colors_info=&#8221;{}&#8221;][et_pb_column type=&#8221;2_5&#8243; module_class=&#8221;article_sub_img_wrap_left&#8221; _builder_version=&#8221;4.20.2&#8243; _module_preset=&#8221;default&#8221; global_colors_info=&#8221;{}&#8221;][et_pb_image src=&#8221;https:\/\/www.granapadano.it\/wp-content\/uploads\/2024\/04\/GP_Abbinamento-Cacao-16-20.jpg&#8221; title_text=&#8221;GP_Abbinamento-Cacao-16-20&#8243; align=&#8221;center&#8221; show_bottom_space_tablet=&#8221;on&#8221; show_bottom_space_last_edited=&#8221;off|phone&#8221; _builder_version=&#8221;4.24.3&#8243; _module_preset=&#8221;default&#8221; custom_margin=&#8221;||0px||false|false&#8221; custom_margin_tablet=&#8221;30px||||false|false&#8221; custom_margin_phone=&#8221;30px||||false|false&#8221; custom_margin_last_edited=&#8221;on|desktop&#8221; custom_padding=&#8221;0px||0px||false|false&#8221; border_radii=&#8221;on|20px|20px|20px|20px&#8221; global_colors_info=&#8221;{}&#8221;][\/et_pb_image][\/et_pb_column][et_pb_column type=&#8221;3_5&#8243; module_class=&#8221;article_sub_text_wrap_left&#8221; _builder_version=&#8221;4.20.2&#8243; _module_preset=&#8221;default&#8221; global_colors_info=&#8221;{}&#8221;][et_pb_text _builder_version=&#8221;4.24.3&#8243; _module_preset=&#8221;default&#8221; text_font=&#8221;Merriweather|300|||||||&#8221; text_text_color=&#8221;#0f0f0f&#8221; text_font_size=&#8221;18px&#8221; text_line_height=&#8221;26px&#8221; width=&#8221;97.1%&#8221; custom_margin=&#8221;|||0px|false|false&#8221; hover_enabled=&#8221;0&#8243; global_colors_info=&#8221;{}&#8221; sticky_enabled=&#8221;0&#8243;]<\/p>\n<h3><strong>Grana Padano AOP \u00ab R\u00e9serve \u00bb 20-24 mois et chocolat noir 71 % avec miel et \u00e9clats d\u2019amandes<\/strong><\/h3>\n<\/p>\n<p>Cacao, miel, amandes&#8230; gr\u00e2ce au m\u00e9lange des ingr\u00e9dients, la tablette que nous proposons se caract\u00e9rise par une combinaison de diff\u00e9rents ar\u00f4mes et textures qui la rendent unique et pr\u00e9cieuse : les notes am\u00e8res du cacao sont d\u00e9licatement sucr\u00e9es par le miel, qui n\u2019en alt\u00e8re cependant pas le caract\u00e8re ; les \u00e9clats d\u2019amandes donnent un croquant vif accompagn\u00e9 &#8211; dans un agr\u00e9able contraste &#8211; par le chocolat qui fond et enveloppe le palais. L\u2019association de ce chocolat et du Grana Padano AOP \u00ab R\u00e9serve \u00bb 20-24 mois surprend en cr\u00e9ant une multitude de sensations qui se succ\u00e8dent : en bouche, on per\u00e7oit une l\u00e9g\u00e8re acidit\u00e9, la douceur du miel, une pointe d\u2019amertume du cacao et des amandes ainsi qu\u2019une certaine astringence qui contrebalance les notes l\u00e9g\u00e8rement grasses du Grana Padano AOP ; c\u2019est un r\u00e9gal d\u2019ar\u00f4mes, de perceptions trig\u00e9minales et de go\u00fbt. Il s\u2019agit d\u2019une combinaison surprenante qui met en valeur le fromage, laissant la bouche \u00ab propre \u00bb et un agr\u00e9able ar\u00f4me de Grana Padano et de miel apr\u00e8s d\u00e9glutition. <\/span>[\/et_pb_text][\/et_pb_column][\/et_pb_row][\/et_pb_section]<\/p>\n","protected":false},"excerpt":{"rendered":"<p><div class=\"breadcrumb\"><a href=\"https:\/\/www.granapadano.it\/fr-fr\/\">Home<\/a>  <  <\/div>Grana Padano AOP \u00ab R\u00e9serve \u00bb 20-24 moisCacaoGrana Padano AOP \u00ab R\u00e9serve \u00bb 20-24 mois et chocolat noir 51 % avec cristaux de gingembre Les tablettes de chocolat qui contiennent au moins 45 % de cacao peuvent \u00eatre consid\u00e9r\u00e9es et d\u00e9finies comme \u00ab noires \u00bb, mais jusqu\u2019\u00e0 50-55 % de cacao, le go\u00fbt amer typique [&hellip;]<\/p>\n","protected":false},"author":21,"featured_media":0,"parent":119060,"menu_order":320,"comment_status":"closed","ping_status":"closed","template":"","meta":{"_acf_changed":false,"_et_pb_use_builder":"on","_et_pb_old_content":"","_et_gb_content_width":"","footnotes":""},"class_list":["post-119167","page","type-page","status-publish","hentry"],"acf":[],"yoast_head":"<!-- This site is optimized with the Yoast SEO plugin v27.4 - https:\/\/yoast.com\/product\/yoast-seo-wordpress\/ -->\n<title>Grana Padano AOP \u00ab R\u00e9serve \u00bb 20-24 mois et chocolat - Grana Padano<\/title>\n<meta name=\"robots\" content=\"index, follow, max-snippet:-1, max-image-preview:large, max-video-preview:-1\" \/>\n<link rel=\"canonical\" href=\"https:\/\/www.granapadano.it\/fr-fr\/degustation\/avec-quel-chocolat-associer-le-grana-padano-aop\/grana-padano-aop-reserve-20-24-mois-et-chocolat\/\" \/>\n<meta property=\"og:locale\" content=\"fr_FR\" \/>\n<meta property=\"og:type\" content=\"article\" \/>\n<meta property=\"og:title\" content=\"Grana Padano AOP \u00ab R\u00e9serve \u00bb 20-24 mois et chocolat - Grana Padano\" \/>\n<meta property=\"og:description\" content=\"Grana Padano AOP \u00ab R\u00e9serve \u00bb 20-24 moisCacaoGrana Padano AOP \u00ab R\u00e9serve \u00bb 20-24 mois et chocolat noir 51 % avec cristaux de gingembre Les tablettes de chocolat qui contiennent au moins 45 % de cacao peuvent \u00eatre consid\u00e9r\u00e9es et d\u00e9finies comme \u00ab noires \u00bb, mais jusqu\u2019\u00e0 50-55 % de cacao, le go\u00fbt amer typique [&hellip;]\" \/>\n<meta property=\"og:url\" content=\"https:\/\/www.granapadano.it\/fr-fr\/degustation\/avec-quel-chocolat-associer-le-grana-padano-aop\/grana-padano-aop-reserve-20-24-mois-et-chocolat\/\" \/>\n<meta property=\"og:site_name\" content=\"Grana Padano\" \/>\n<meta property=\"article:modified_time\" content=\"2024-07-04T16:33:42+00:00\" \/>\n<meta name=\"twitter:card\" content=\"summary_large_image\" \/>\n<meta name=\"twitter:label1\" content=\"Est. reading time\" \/>\n\t<meta name=\"twitter:data1\" content=\"4 minutes\" \/>\n<script type=\"application\/ld+json\" class=\"yoast-schema-graph\">{\"@context\":\"https:\\\/\\\/schema.org\",\"@graph\":[{\"@type\":\"WebPage\",\"@id\":\"https:\\\/\\\/www.granapadano.it\\\/fr-fr\\\/degustation\\\/avec-quel-chocolat-associer-le-grana-padano-aop\\\/grana-padano-aop-reserve-20-24-mois-et-chocolat\\\/\",\"url\":\"https:\\\/\\\/www.granapadano.it\\\/fr-fr\\\/degustation\\\/avec-quel-chocolat-associer-le-grana-padano-aop\\\/grana-padano-aop-reserve-20-24-mois-et-chocolat\\\/\",\"name\":\"Grana Padano AOP \u00ab R\u00e9serve \u00bb 20-24 mois et chocolat - Grana Padano\",\"isPartOf\":{\"@id\":\"https:\\\/\\\/www.granapadano.it\\\/fr-fr\\\/#website\"},\"datePublished\":\"2024-04-16T13:30:50+00:00\",\"dateModified\":\"2024-07-04T16:33:42+00:00\",\"breadcrumb\":{\"@id\":\"https:\\\/\\\/www.granapadano.it\\\/fr-fr\\\/degustation\\\/avec-quel-chocolat-associer-le-grana-padano-aop\\\/grana-padano-aop-reserve-20-24-mois-et-chocolat\\\/#breadcrumb\"},\"inLanguage\":\"fr-fr\",\"potentialAction\":[{\"@type\":\"ReadAction\",\"target\":[\"https:\\\/\\\/www.granapadano.it\\\/fr-fr\\\/degustation\\\/avec-quel-chocolat-associer-le-grana-padano-aop\\\/grana-padano-aop-reserve-20-24-mois-et-chocolat\\\/\"]}]},{\"@type\":\"BreadcrumbList\",\"@id\":\"https:\\\/\\\/www.granapadano.it\\\/fr-fr\\\/degustation\\\/avec-quel-chocolat-associer-le-grana-padano-aop\\\/grana-padano-aop-reserve-20-24-mois-et-chocolat\\\/#breadcrumb\",\"itemListElement\":[{\"@type\":\"ListItem\",\"position\":1,\"name\":\"Home\",\"item\":\"https:\\\/\\\/www.granapadano.it\\\/fr-fr\\\/\"},{\"@type\":\"ListItem\",\"position\":2,\"name\":\"Recettes\",\"item\":\"https:\\\/\\\/www.granapadano.it\\\/fr-fr\\\/recettes\\\/\"},{\"@type\":\"ListItem\",\"position\":3,\"name\":\"Avec quel chocolat associer le Grana Padano AOP?\",\"item\":\"https:\\\/\\\/www.granapadano.it\\\/fr-fr\\\/degustation\\\/avec-quel-chocolat-associer-le-grana-padano-aop\\\/\"},{\"@type\":\"ListItem\",\"position\":4,\"name\":\"Grana Padano AOP \u00ab R\u00e9serve \u00bb 20-24 mois et chocolat\"}]},{\"@type\":\"WebSite\",\"@id\":\"https:\\\/\\\/www.granapadano.it\\\/fr-fr\\\/#website\",\"url\":\"https:\\\/\\\/www.granapadano.it\\\/fr-fr\\\/\",\"name\":\"Grana Padano\",\"description\":\"\",\"potentialAction\":[{\"@type\":\"SearchAction\",\"target\":{\"@type\":\"EntryPoint\",\"urlTemplate\":\"https:\\\/\\\/www.granapadano.it\\\/fr-fr\\\/?s={search_term_string}\"},\"query-input\":{\"@type\":\"PropertyValueSpecification\",\"valueRequired\":true,\"valueName\":\"search_term_string\"}}],\"inLanguage\":\"fr-fr\"}]}<\/script>\n<!-- \/ Yoast SEO plugin. -->","yoast_head_json":{"title":"Grana Padano AOP \u00ab R\u00e9serve \u00bb 20-24 mois et chocolat - Grana Padano","robots":{"index":"index","follow":"follow","max-snippet":"max-snippet:-1","max-image-preview":"max-image-preview:large","max-video-preview":"max-video-preview:-1"},"canonical":"https:\/\/www.granapadano.it\/fr-fr\/degustation\/avec-quel-chocolat-associer-le-grana-padano-aop\/grana-padano-aop-reserve-20-24-mois-et-chocolat\/","og_locale":"fr_FR","og_type":"article","og_title":"Grana Padano AOP \u00ab R\u00e9serve \u00bb 20-24 mois et chocolat - Grana Padano","og_description":"Grana Padano AOP \u00ab R\u00e9serve \u00bb 20-24 moisCacaoGrana Padano AOP \u00ab R\u00e9serve \u00bb 20-24 mois et chocolat noir 51 % avec cristaux de gingembre Les tablettes de chocolat qui contiennent au moins 45 % de cacao peuvent \u00eatre consid\u00e9r\u00e9es et d\u00e9finies comme \u00ab noires \u00bb, mais jusqu\u2019\u00e0 50-55 % de cacao, le go\u00fbt amer typique [&hellip;]","og_url":"https:\/\/www.granapadano.it\/fr-fr\/degustation\/avec-quel-chocolat-associer-le-grana-padano-aop\/grana-padano-aop-reserve-20-24-mois-et-chocolat\/","og_site_name":"Grana Padano","article_modified_time":"2024-07-04T16:33:42+00:00","twitter_card":"summary_large_image","twitter_misc":{"Est. reading time":"4 minutes"},"schema":{"@context":"https:\/\/schema.org","@graph":[{"@type":"WebPage","@id":"https:\/\/www.granapadano.it\/fr-fr\/degustation\/avec-quel-chocolat-associer-le-grana-padano-aop\/grana-padano-aop-reserve-20-24-mois-et-chocolat\/","url":"https:\/\/www.granapadano.it\/fr-fr\/degustation\/avec-quel-chocolat-associer-le-grana-padano-aop\/grana-padano-aop-reserve-20-24-mois-et-chocolat\/","name":"Grana Padano AOP \u00ab R\u00e9serve \u00bb 20-24 mois et chocolat - Grana Padano","isPartOf":{"@id":"https:\/\/www.granapadano.it\/fr-fr\/#website"},"datePublished":"2024-04-16T13:30:50+00:00","dateModified":"2024-07-04T16:33:42+00:00","breadcrumb":{"@id":"https:\/\/www.granapadano.it\/fr-fr\/degustation\/avec-quel-chocolat-associer-le-grana-padano-aop\/grana-padano-aop-reserve-20-24-mois-et-chocolat\/#breadcrumb"},"inLanguage":"fr-fr","potentialAction":[{"@type":"ReadAction","target":["https:\/\/www.granapadano.it\/fr-fr\/degustation\/avec-quel-chocolat-associer-le-grana-padano-aop\/grana-padano-aop-reserve-20-24-mois-et-chocolat\/"]}]},{"@type":"BreadcrumbList","@id":"https:\/\/www.granapadano.it\/fr-fr\/degustation\/avec-quel-chocolat-associer-le-grana-padano-aop\/grana-padano-aop-reserve-20-24-mois-et-chocolat\/#breadcrumb","itemListElement":[{"@type":"ListItem","position":1,"name":"Home","item":"https:\/\/www.granapadano.it\/fr-fr\/"},{"@type":"ListItem","position":2,"name":"Recettes","item":"https:\/\/www.granapadano.it\/fr-fr\/recettes\/"},{"@type":"ListItem","position":3,"name":"Avec quel chocolat associer le Grana Padano AOP?","item":"https:\/\/www.granapadano.it\/fr-fr\/degustation\/avec-quel-chocolat-associer-le-grana-padano-aop\/"},{"@type":"ListItem","position":4,"name":"Grana Padano AOP \u00ab R\u00e9serve \u00bb 20-24 mois et chocolat"}]},{"@type":"WebSite","@id":"https:\/\/www.granapadano.it\/fr-fr\/#website","url":"https:\/\/www.granapadano.it\/fr-fr\/","name":"Grana Padano","description":"","potentialAction":[{"@type":"SearchAction","target":{"@type":"EntryPoint","urlTemplate":"https:\/\/www.granapadano.it\/fr-fr\/?s={search_term_string}"},"query-input":{"@type":"PropertyValueSpecification","valueRequired":true,"valueName":"search_term_string"}}],"inLanguage":"fr-fr"}]}},"_links":{"self":[{"href":"https:\/\/www.granapadano.it\/fr-fr\/wp-json\/wp\/v2\/pages\/119167","targetHints":{"allow":["GET"]}}],"collection":[{"href":"https:\/\/www.granapadano.it\/fr-fr\/wp-json\/wp\/v2\/pages"}],"about":[{"href":"https:\/\/www.granapadano.it\/fr-fr\/wp-json\/wp\/v2\/types\/page"}],"author":[{"embeddable":true,"href":"https:\/\/www.granapadano.it\/fr-fr\/wp-json\/wp\/v2\/users\/21"}],"replies":[{"embeddable":true,"href":"https:\/\/www.granapadano.it\/fr-fr\/wp-json\/wp\/v2\/comments?post=119167"}],"version-history":[{"count":2,"href":"https:\/\/www.granapadano.it\/fr-fr\/wp-json\/wp\/v2\/pages\/119167\/revisions"}],"predecessor-version":[{"id":121860,"href":"https:\/\/www.granapadano.it\/fr-fr\/wp-json\/wp\/v2\/pages\/119167\/revisions\/121860"}],"up":[{"embeddable":true,"href":"https:\/\/www.granapadano.it\/fr-fr\/wp-json\/wp\/v2\/pages\/119060"}],"wp:attachment":[{"href":"https:\/\/www.granapadano.it\/fr-fr\/wp-json\/wp\/v2\/media?parent=119167"}],"curies":[{"name":"wp","href":"https:\/\/api.w.org\/{rel}","templated":true}]}}