{"id":119099,"date":"2024-04-16T16:24:50","date_gmt":"2024-04-16T16:24:50","guid":{"rendered":"https:\/\/www.granapadano.it\/degustation\/abbinamenti\/con-quale-mostarda-abbinare-grana-padano\/come-abbinare-grana-padano-20-24-mesi-riserva-con-la-mostarda\/"},"modified":"2024-05-06T15:52:47","modified_gmt":"2024-05-06T15:52:47","slug":"come-abbinare-grana-padano-20-24-mesi-riserva-con-la-mostarda","status":"publish","type":"page","link":"https:\/\/www.granapadano.it\/fr-fr\/degustation\/mostarda-et-grana-padano\/come-abbinare-grana-padano-20-24-mesi-riserva-con-la-mostarda\/","title":{"rendered":"Come abbinare Grana Padano 20-24 mesi &#8220;Riserva&#8221; con la mostarda"},"content":{"rendered":"<p>[et_pb_section fb_built=&#8221;1&#8243; fullwidth=&#8221;on&#8221; _builder_version=&#8221;4.19.5&#8243; _module_preset=&#8221;default&#8221; global_colors_info=&#8221;{}&#8221;][et_pb_fullwidth_image src=&#8221;https:\/\/www.granapadano.it\/wp-content\/uploads\/2024\/04\/GP_Mostarda-h.jpg&#8221; title_text=&#8221;GP_Mostarda-m&#8221; src_tablet=&#8221;https:\/\/www.granapadano.it\/wp-content\/uploads\/2024\/04\/GP_Mostarda-h.jpg&#8221; src_phone=&#8221;https:\/\/www.granapadano.it\/wp-content\/uploads\/2024\/04\/GP_Mostarda-m.jpg&#8221; src_last_edited=&#8221;on|phone&#8221; _builder_version=&#8221;4.24.3&#8243; _module_preset=&#8221;default&#8221; locked=&#8221;off&#8221; global_colors_info=&#8221;{}&#8221;][\/et_pb_fullwidth_image][\/et_pb_section][et_pb_section fb_built=&#8221;1&#8243; module_class=&#8221;production_sub_hub_main_wrapper&#8221; _builder_version=&#8221;4.19.4&#8243; _module_preset=&#8221;default&#8221; custom_padding=&#8221;13px||0px|||&#8221; locked=&#8221;off&#8221; global_colors_info=&#8221;{}&#8221;][et_pb_row module_class=&#8221;recipe_filter_section&#8221; _builder_version=&#8221;4.19.2&#8243; _module_preset=&#8221;default&#8221; max_width=&#8221;90%&#8221; custom_padding=&#8221;||7px|||&#8221; global_colors_info=&#8221;{}&#8221;][et_pb_column type=&#8221;4_4&#8243; _builder_version=&#8221;4.19.2&#8243; _module_preset=&#8221;default&#8221; global_colors_info=&#8221;{}&#8221;][et_pb_code _builder_version=&#8221;4.19.2&#8243; _module_preset=&#8221;default&#8221; custom_margin=&#8221;||16px|||&#8221; global_colors_info=&#8221;{}&#8221;]<div class=\"breadcrumb\"><a href=\"https:\/\/www.granapadano.it\/fr-fr\/\">Home<\/a>  <  <\/div>[\/et_pb_code][\/et_pb_column][\/et_pb_row][\/et_pb_section][et_pb_section fb_built=&#8221;1&#8243; module_class=&#8221;giovani_sub_hub_title&#8221; _builder_version=&#8221;4.19.5&#8243; _module_preset=&#8221;default&#8221; custom_padding=&#8221;0px||35px||false|false&#8221; locked=&#8221;off&#8221; global_colors_info=&#8221;{}&#8221;][et_pb_row module_class=&#8221;gp_producion_heading_wrapper&#8221; _builder_version=&#8221;4.19.5&#8243; _module_preset=&#8221;default&#8221; max_width=&#8221;90%&#8221; module_alignment=&#8221;center&#8221; custom_padding=&#8221;||||false|false&#8221; global_colors_info=&#8221;{}&#8221;][et_pb_column type=&#8221;4_4&#8243; _builder_version=&#8221;4.19.4&#8243; _module_preset=&#8221;default&#8221; global_colors_info=&#8221;{}&#8221;][et_pb_text module_class=&#8221;giovani_sub_hub_title_text&#8221; _builder_version=&#8221;4.24.3&#8243; _module_preset=&#8221;default&#8221; text_font=&#8221;Merriweather|700|||||||&#8221; text_text_color=&#8221;#0f0f0f&#8221; text_font_size=&#8221;80px&#8221; text_line_height=&#8221;70px&#8221; header_font=&#8221;Merriweather||||||||&#8221; header_text_color=&#8221;gcid-8696fd7e-29dd-4028-9d4d-981b208a53a9&#8243; header_font_size=&#8221;44px&#8221; header_line_height=&#8221;52px&#8221; text_orientation=&#8221;center&#8221; min_height=&#8221;83px&#8221; custom_margin=&#8221;||0px||false|false&#8221; custom_padding=&#8221;||0px||false|false&#8221; hover_enabled=&#8221;0&#8243; global_colors_info=&#8221;{%22gcid-8696fd7e-29dd-4028-9d4d-981b208a53a9%22:%91%22header_text_color%22%93}&#8221; sticky_enabled=&#8221;0&#8243;]<\/p>\n<h1>Grana Padano AOP \u00ab R\u00e9serve \u00bb 20-24 mois<\/h1>\n<p>[\/et_pb_text][\/et_pb_column][\/et_pb_row][et_pb_row column_structure=&#8221;1_4,3_4&#8243; module_class=&#8221;article_dates&#8221; _builder_version=&#8221;4.19.4&#8243; _module_preset=&#8221;default&#8221; max_width=&#8221;90%&#8221; custom_padding=&#8221;2px||6px||false|false&#8221; global_colors_info=&#8221;{}&#8221;][et_pb_column type=&#8221;1_4&#8243; _builder_version=&#8221;4.19.3&#8243; _module_preset=&#8221;default&#8221; global_colors_info=&#8221;{}&#8221;][et_pb_text module_class=&#8221;button_look&#8221; _builder_version=&#8221;4.24.3&#8243; _module_preset=&#8221;default&#8221; text_font=&#8221;FontPadano-Bold||||||||&#8221; text_text_color=&#8221;#000000&#8243; text_font_size=&#8221;26px&#8221; background_color=&#8221;RGBA(255,255,255,0)&#8221; locked=&#8221;off&#8221; global_colors_info=&#8221;{}&#8221;]<\/p>\n<p>Mostarda<\/p>\n<p>[\/et_pb_text][\/et_pb_column][et_pb_column type=&#8221;3_4&#8243; _builder_version=&#8221;4.19.4&#8243; _module_preset=&#8221;default&#8221; global_colors_info=&#8221;{}&#8221;][\/et_pb_column][\/et_pb_row][et_pb_row column_structure=&#8221;2_5,3_5&#8243; module_class=&#8221;article_sub_img_text_content &#8221; _builder_version=&#8221;4.24.3&#8243; _module_preset=&#8221;default&#8221; max_width=&#8221;90%&#8221; module_alignment=&#8221;center&#8221; min_height=&#8221;655.9px&#8221; custom_margin=&#8221;0px|auto|0px|auto|false|false&#8221; custom_padding=&#8221;0px||0px||false|false&#8221; global_colors_info=&#8221;{}&#8221;][et_pb_column type=&#8221;2_5&#8243; module_class=&#8221;article_sub_img_wrap&#8221; _builder_version=&#8221;4.20.2&#8243; _module_preset=&#8221;default&#8221; global_colors_info=&#8221;{}&#8221;][et_pb_image src=&#8221;https:\/\/www.granapadano.it\/wp-content\/uploads\/2024\/04\/GP_Mostarda-cotogna.jpg&#8221; title_text=&#8221;GP_Mostarda-cotogna&#8221; align=&#8221;center&#8221; _builder_version=&#8221;4.24.3&#8243; _module_preset=&#8221;default&#8221; positioning=&#8221;relative&#8221; vertical_offset=&#8221;63px&#8221; module_alignment=&#8221;center&#8221; border_radii=&#8221;on|20px|20px|20px|20px&#8221; global_colors_info=&#8221;{}&#8221;][\/et_pb_image][\/et_pb_column][et_pb_column type=&#8221;3_5&#8243; module_class=&#8221;article_sub_text_wrap&#8221; _builder_version=&#8221;4.20.2&#8243; _module_preset=&#8221;default&#8221; global_colors_info=&#8221;{}&#8221;][et_pb_text _builder_version=&#8221;4.24.3&#8243; _module_preset=&#8221;default&#8221; text_text_color=&#8221;#0f0f0f&#8221; text_font_size=&#8221;18px&#8221; text_line_height=&#8221;26px&#8221; width=&#8221;100%&#8221; custom_margin=&#8221;||0px||false|false&#8221; hover_enabled=&#8221;0&#8243; global_colors_info=&#8221;{}&#8221; sticky_enabled=&#8221;0&#8243;]<\/p>\n<h3><strong>Grana Padano AOP \u00ab R\u00e9serve \u00bb 20-24 mois et Mostarda aux pommes Campanina<\/strong><\/h3>\n<p>Il s\u2019agit de la mostarda par excellence de la tradition et des f\u00eates de Mantoue.<br \/>\nLa pomme Campanina est une pomme de tr\u00e8s petite taille, essentiellement sauvage, aujourd\u2019hui cultiv\u00e9e dans les potagers ou les vergers pour ses caract\u00e9ristiques de conservation et son go\u00fbt aigre-doux particulier. Lors de sa pr\u00e9paration, elle est enti\u00e8rement pel\u00e9e, coup\u00e9e en fines tranches, en lamelles, et soumise \u00e0 la caram\u00e9lisation ; la mostarda pr\u00e9sente donc une couleur caramel plus ou moins intense selon la taille de la tranche. Lors de sa d\u00e9gustation, il faut l\u2019aborder avec beaucoup de prudence, afin de ne pas \u00eatre agress\u00e9 par la forte intensit\u00e9 de la moutarde qui caract\u00e9rise sa pr\u00e9paration. Elle est sucr\u00e9e comme une confiture, avec une agr\u00e9able note de caramel. Sa texture l\u00e9g\u00e8rement croquante et non collante nous ram\u00e8ne facilement aux fruits frais dont elle est issue.<br \/>\nLa Mostarda aux pommes Campanina est traditionnellement servie \u00e0 la fin d\u2019un repas en association avec du Grana Padano AOP longuement affin\u00e9. Il s\u2019agit d\u2019une combinaison aux fortes connotations et racines r\u00e9gionales, puisque la province de Mantoue est l\u2019une des provinces traditionnellement d\u00e9di\u00e9es \u00e0 la production de Grana Padano AOP.<br \/>\nL\u2019accord sugg\u00e9r\u00e9 s\u2019adapte \u00e0 la perfection au Grana Padano \u00ab R\u00e9serve \u00bb 20-24 mois. En effet, les deux produits se rencontrent en bouche en maintenant intactes leurs structures respectives, en alternant granularit\u00e9 et croquant et en laissant la bouche propre apr\u00e8s d\u00e9gustation gr\u00e2ce \u00e0 l\u2019apport sucr\u00e9 de la mostarda et \u00e0 l\u2019acidit\u00e9 et \u00e0 la sapidit\u00e9 du Grana Padano.\n<\/p>\n<p><strong>Le saviez-vous ? <\/strong><\/p>\n<p><span style=\"font-size: 18px;\">Utilisation gastronomique : la Mostarda aux pommes Campanina est principalement utilis\u00e9e tout au long de l\u2019ann\u00e9e comme ingr\u00e9dient des Tortelli di zucca alla mantovana (Tortelli de courge \u00e0 la mode de Mantoue) ou, en tant que bastion de la tradition des f\u00eates de No\u00ebl, comme accompagnement de somptueuses viandes bouillies, de charcuteries cuites et de poissons marin\u00e9s.<\/span><\/p>\n<p>[\/et_pb_text][\/et_pb_column][\/et_pb_row][et_pb_row _builder_version=&#8221;4.24.3&#8243; _module_preset=&#8221;default&#8221; locked=&#8221;off&#8221; global_colors_info=&#8221;{}&#8221;][et_pb_column type=&#8221;4_4&#8243; module_class=&#8221;article_sub_img_wrap_left&#8221; _builder_version=&#8221;4.20.2&#8243; _module_preset=&#8221;default&#8221; global_colors_info=&#8221;{}&#8221;][et_pb_text _builder_version=&#8221;4.24.3&#8243; _module_preset=&#8221;default&#8221; text_font=&#8221;|300|||||||&#8221; text_text_color=&#8221;#0f0f0f&#8221; text_font_size=&#8221;18px&#8221; text_line_height=&#8221;26px&#8221; width=&#8221;97.1%&#8221; custom_margin=&#8221;|||0px|false|false&#8221; hover_enabled=&#8221;0&#8243; global_colors_info=&#8221;{}&#8221; sticky_enabled=&#8221;0&#8243;]<\/p>\n<h3><strong>Grana Padano AOP \u00ab R\u00e9serve \u00bb 20-24 mois et Mostarda aux figues de Mantoue<\/strong><\/h3>\n<p>La Mostarda aux figues de Mantoue, normalement produite au d\u00e9but du mois de septembre, peut avoir une texture cr\u00e9meuse, presque tartinable, ou se pr\u00e9senter sous forme de fruits entiers tendres avec un c\u0153ur juteux et piquant.<br \/>\nOn per\u00e7oit imm\u00e9diatement un ar\u00f4me de caramel ; les notes de torr\u00e9faction et de croquant aux amandes, d\u2019\u00e9pices et de poivre noir pr\u00e9dominent.<br \/>\nLa combinaison fromage et figues fra\u00eeches est traditionnellement connue pour \u00eatre tr\u00e8s appr\u00e9ci\u00e9e. Cependant, la mostarda aux figues associ\u00e9e au Grana Padano \u00ab R\u00e9serve \u00bb 20-24 mois pr\u00e9sente de nouvelles surprises : il s\u2019agit en effet d\u2019une combinaison \u00ab app\u00e9tissante \u00bb et intrigante en raison de la richesse des sensations qu\u2019elle est en mesure d\u2019offrir. La richesse du go\u00fbt et des notes aromatiques de cette mostarda s\u2019adaptent bien \u00e0 la complexit\u00e9 croissante qui caract\u00e9rise ce type de Grana Padano longuement affin\u00e9 ; la mostarda soutient bien les notes de bouillon de viande et de fruits secs du fromage, dont la sapidit\u00e9 alterne avec la douceur de la figue. Ces deux produits pr\u00e9sentent \u00e9galement un piquant curieux et commun : l\u00e9ger et d\u00e9licat pour le Grana Padano, plus intense et imp\u00e9tueux pour la mostarda.<br \/>\nDans ce cas \u00e9galement, le succ\u00e8s de l\u2019association repose sur un d\u00e9licat jeu de proportions qui permet aux produits de se m\u00ealer en une synth\u00e8se positive et surprenante.\n<\/p>\n<p>[\/et_pb_text][\/et_pb_column][\/et_pb_row][\/et_pb_section]<\/p>\n","protected":false},"excerpt":{"rendered":"<p><div class=\"breadcrumb\"><a href=\"https:\/\/www.granapadano.it\/fr-fr\/\">Home<\/a>  <  <\/div>Grana Padano AOP \u00ab R\u00e9serve \u00bb 20-24 moisMostardaGrana Padano AOP \u00ab R\u00e9serve \u00bb 20-24 mois et Mostarda aux pommes Campanina Il s\u2019agit de la mostarda par excellence de la tradition et des f\u00eates de Mantoue. La pomme Campanina est une pomme de tr\u00e8s petite taille, essentiellement sauvage, aujourd\u2019hui cultiv\u00e9e dans les potagers ou les vergers [&hellip;]<\/p>\n","protected":false},"author":21,"featured_media":0,"parent":119056,"menu_order":368,"comment_status":"closed","ping_status":"closed","template":"","meta":{"_acf_changed":false,"_et_pb_use_builder":"on","_et_pb_old_content":"","_et_gb_content_width":"","footnotes":""},"class_list":["post-119099","page","type-page","status-publish","hentry"],"acf":[],"yoast_head":"<!-- This site is optimized with the Yoast SEO plugin v27.4 - https:\/\/yoast.com\/product\/yoast-seo-wordpress\/ -->\n<title>Come abbinare Grana Padano 20-24 mesi &quot;Riserva&quot; con la mostarda - Grana Padano<\/title>\n<meta name=\"robots\" content=\"index, follow, max-snippet:-1, max-image-preview:large, max-video-preview:-1\" \/>\n<link rel=\"canonical\" href=\"https:\/\/www.granapadano.it\/fr-fr\/degustation\/mostarda-et-grana-padano\/come-abbinare-grana-padano-20-24-mesi-riserva-con-la-mostarda\/\" \/>\n<meta property=\"og:locale\" content=\"fr_FR\" \/>\n<meta property=\"og:type\" content=\"article\" \/>\n<meta property=\"og:title\" content=\"Come abbinare Grana Padano 20-24 mesi &quot;Riserva&quot; con la mostarda - Grana Padano\" \/>\n<meta property=\"og:description\" content=\"Grana Padano AOP \u00ab R\u00e9serve \u00bb 20-24 moisMostardaGrana Padano AOP \u00ab R\u00e9serve \u00bb 20-24 mois et Mostarda aux pommes Campanina Il s\u2019agit de la mostarda par excellence de la tradition et des f\u00eates de Mantoue. La pomme Campanina est une pomme de tr\u00e8s petite taille, essentiellement sauvage, aujourd\u2019hui cultiv\u00e9e dans les potagers ou les vergers [&hellip;]\" \/>\n<meta property=\"og:url\" content=\"https:\/\/www.granapadano.it\/fr-fr\/degustation\/mostarda-et-grana-padano\/come-abbinare-grana-padano-20-24-mesi-riserva-con-la-mostarda\/\" \/>\n<meta property=\"og:site_name\" content=\"Grana Padano\" \/>\n<meta property=\"article:modified_time\" content=\"2024-05-06T15:52:47+00:00\" \/>\n<meta name=\"twitter:card\" content=\"summary_large_image\" \/>\n<meta name=\"twitter:label1\" content=\"Est. reading time\" \/>\n\t<meta name=\"twitter:data1\" content=\"4 minutes\" \/>\n<script type=\"application\/ld+json\" class=\"yoast-schema-graph\">{\"@context\":\"https:\\\/\\\/schema.org\",\"@graph\":[{\"@type\":\"WebPage\",\"@id\":\"https:\\\/\\\/www.granapadano.it\\\/fr-fr\\\/degustation\\\/mostarda-et-grana-padano\\\/come-abbinare-grana-padano-20-24-mesi-riserva-con-la-mostarda\\\/\",\"url\":\"https:\\\/\\\/www.granapadano.it\\\/fr-fr\\\/degustation\\\/mostarda-et-grana-padano\\\/come-abbinare-grana-padano-20-24-mesi-riserva-con-la-mostarda\\\/\",\"name\":\"Come abbinare Grana Padano 20-24 mesi \\\"Riserva\\\" con la mostarda - Grana Padano\",\"isPartOf\":{\"@id\":\"https:\\\/\\\/www.granapadano.it\\\/fr-fr\\\/#website\"},\"datePublished\":\"2024-04-16T16:24:50+00:00\",\"dateModified\":\"2024-05-06T15:52:47+00:00\",\"breadcrumb\":{\"@id\":\"https:\\\/\\\/www.granapadano.it\\\/fr-fr\\\/degustation\\\/mostarda-et-grana-padano\\\/come-abbinare-grana-padano-20-24-mesi-riserva-con-la-mostarda\\\/#breadcrumb\"},\"inLanguage\":\"fr-fr\",\"potentialAction\":[{\"@type\":\"ReadAction\",\"target\":[\"https:\\\/\\\/www.granapadano.it\\\/fr-fr\\\/degustation\\\/mostarda-et-grana-padano\\\/come-abbinare-grana-padano-20-24-mesi-riserva-con-la-mostarda\\\/\"]}]},{\"@type\":\"BreadcrumbList\",\"@id\":\"https:\\\/\\\/www.granapadano.it\\\/fr-fr\\\/degustation\\\/mostarda-et-grana-padano\\\/come-abbinare-grana-padano-20-24-mesi-riserva-con-la-mostarda\\\/#breadcrumb\",\"itemListElement\":[{\"@type\":\"ListItem\",\"position\":1,\"name\":\"Home\",\"item\":\"https:\\\/\\\/www.granapadano.it\\\/fr-fr\\\/\"},{\"@type\":\"ListItem\",\"position\":2,\"name\":\"Recettes\",\"item\":\"https:\\\/\\\/www.granapadano.it\\\/fr-fr\\\/recettes\\\/\"},{\"@type\":\"ListItem\",\"position\":3,\"name\":\"Mostarda et Grana Padano\",\"item\":\"https:\\\/\\\/www.granapadano.it\\\/fr-fr\\\/degustation\\\/mostarda-et-grana-padano\\\/\"},{\"@type\":\"ListItem\",\"position\":4,\"name\":\"Come abbinare Grana Padano 20-24 mesi &#8220;Riserva&#8221; con la mostarda\"}]},{\"@type\":\"WebSite\",\"@id\":\"https:\\\/\\\/www.granapadano.it\\\/fr-fr\\\/#website\",\"url\":\"https:\\\/\\\/www.granapadano.it\\\/fr-fr\\\/\",\"name\":\"Grana Padano\",\"description\":\"\",\"potentialAction\":[{\"@type\":\"SearchAction\",\"target\":{\"@type\":\"EntryPoint\",\"urlTemplate\":\"https:\\\/\\\/www.granapadano.it\\\/fr-fr\\\/?s={search_term_string}\"},\"query-input\":{\"@type\":\"PropertyValueSpecification\",\"valueRequired\":true,\"valueName\":\"search_term_string\"}}],\"inLanguage\":\"fr-fr\"}]}<\/script>\n<!-- \/ Yoast SEO plugin. -->","yoast_head_json":{"title":"Come abbinare Grana Padano 20-24 mesi \"Riserva\" con la mostarda - Grana Padano","robots":{"index":"index","follow":"follow","max-snippet":"max-snippet:-1","max-image-preview":"max-image-preview:large","max-video-preview":"max-video-preview:-1"},"canonical":"https:\/\/www.granapadano.it\/fr-fr\/degustation\/mostarda-et-grana-padano\/come-abbinare-grana-padano-20-24-mesi-riserva-con-la-mostarda\/","og_locale":"fr_FR","og_type":"article","og_title":"Come abbinare Grana Padano 20-24 mesi \"Riserva\" con la mostarda - Grana Padano","og_description":"Grana Padano AOP \u00ab R\u00e9serve \u00bb 20-24 moisMostardaGrana Padano AOP \u00ab R\u00e9serve \u00bb 20-24 mois et Mostarda aux pommes Campanina Il s\u2019agit de la mostarda par excellence de la tradition et des f\u00eates de Mantoue. La pomme Campanina est une pomme de tr\u00e8s petite taille, essentiellement sauvage, aujourd\u2019hui cultiv\u00e9e dans les potagers ou les vergers [&hellip;]","og_url":"https:\/\/www.granapadano.it\/fr-fr\/degustation\/mostarda-et-grana-padano\/come-abbinare-grana-padano-20-24-mesi-riserva-con-la-mostarda\/","og_site_name":"Grana Padano","article_modified_time":"2024-05-06T15:52:47+00:00","twitter_card":"summary_large_image","twitter_misc":{"Est. reading time":"4 minutes"},"schema":{"@context":"https:\/\/schema.org","@graph":[{"@type":"WebPage","@id":"https:\/\/www.granapadano.it\/fr-fr\/degustation\/mostarda-et-grana-padano\/come-abbinare-grana-padano-20-24-mesi-riserva-con-la-mostarda\/","url":"https:\/\/www.granapadano.it\/fr-fr\/degustation\/mostarda-et-grana-padano\/come-abbinare-grana-padano-20-24-mesi-riserva-con-la-mostarda\/","name":"Come abbinare Grana Padano 20-24 mesi \"Riserva\" con la mostarda - Grana Padano","isPartOf":{"@id":"https:\/\/www.granapadano.it\/fr-fr\/#website"},"datePublished":"2024-04-16T16:24:50+00:00","dateModified":"2024-05-06T15:52:47+00:00","breadcrumb":{"@id":"https:\/\/www.granapadano.it\/fr-fr\/degustation\/mostarda-et-grana-padano\/come-abbinare-grana-padano-20-24-mesi-riserva-con-la-mostarda\/#breadcrumb"},"inLanguage":"fr-fr","potentialAction":[{"@type":"ReadAction","target":["https:\/\/www.granapadano.it\/fr-fr\/degustation\/mostarda-et-grana-padano\/come-abbinare-grana-padano-20-24-mesi-riserva-con-la-mostarda\/"]}]},{"@type":"BreadcrumbList","@id":"https:\/\/www.granapadano.it\/fr-fr\/degustation\/mostarda-et-grana-padano\/come-abbinare-grana-padano-20-24-mesi-riserva-con-la-mostarda\/#breadcrumb","itemListElement":[{"@type":"ListItem","position":1,"name":"Home","item":"https:\/\/www.granapadano.it\/fr-fr\/"},{"@type":"ListItem","position":2,"name":"Recettes","item":"https:\/\/www.granapadano.it\/fr-fr\/recettes\/"},{"@type":"ListItem","position":3,"name":"Mostarda et Grana Padano","item":"https:\/\/www.granapadano.it\/fr-fr\/degustation\/mostarda-et-grana-padano\/"},{"@type":"ListItem","position":4,"name":"Come abbinare Grana Padano 20-24 mesi &#8220;Riserva&#8221; con la mostarda"}]},{"@type":"WebSite","@id":"https:\/\/www.granapadano.it\/fr-fr\/#website","url":"https:\/\/www.granapadano.it\/fr-fr\/","name":"Grana Padano","description":"","potentialAction":[{"@type":"SearchAction","target":{"@type":"EntryPoint","urlTemplate":"https:\/\/www.granapadano.it\/fr-fr\/?s={search_term_string}"},"query-input":{"@type":"PropertyValueSpecification","valueRequired":true,"valueName":"search_term_string"}}],"inLanguage":"fr-fr"}]}},"_links":{"self":[{"href":"https:\/\/www.granapadano.it\/fr-fr\/wp-json\/wp\/v2\/pages\/119099","targetHints":{"allow":["GET"]}}],"collection":[{"href":"https:\/\/www.granapadano.it\/fr-fr\/wp-json\/wp\/v2\/pages"}],"about":[{"href":"https:\/\/www.granapadano.it\/fr-fr\/wp-json\/wp\/v2\/types\/page"}],"author":[{"embeddable":true,"href":"https:\/\/www.granapadano.it\/fr-fr\/wp-json\/wp\/v2\/users\/21"}],"replies":[{"embeddable":true,"href":"https:\/\/www.granapadano.it\/fr-fr\/wp-json\/wp\/v2\/comments?post=119099"}],"version-history":[{"count":1,"href":"https:\/\/www.granapadano.it\/fr-fr\/wp-json\/wp\/v2\/pages\/119099\/revisions"}],"predecessor-version":[{"id":119540,"href":"https:\/\/www.granapadano.it\/fr-fr\/wp-json\/wp\/v2\/pages\/119099\/revisions\/119540"}],"up":[{"embeddable":true,"href":"https:\/\/www.granapadano.it\/fr-fr\/wp-json\/wp\/v2\/pages\/119056"}],"wp:attachment":[{"href":"https:\/\/www.granapadano.it\/fr-fr\/wp-json\/wp\/v2\/media?parent=119099"}],"curies":[{"name":"wp","href":"https:\/\/api.w.org\/{rel}","templated":true}]}}