{"id":36409,"date":"2023-02-17T14:58:58","date_gmt":"2023-02-17T14:58:58","guid":{"rendered":"https:\/\/www.granapadano.it\/?post_type=recipe#038;p=36409"},"modified":"2023-06-27T10:39:11","modified_gmt":"2023-06-27T10:39:11","slug":"cupcakes-salados-con-calabaza-y-grana-padano","status":"publish","type":"recipe","link":"https:\/\/www.granapadano.it\/es\/recetas\/aperi-snack-y-picoteo\/cupcakes-salados-con-calabaza-y-grana-padano\/","title":{"rendered":"Cupcakes salados con calabaza y Grana Padano"},"content":{"rendered":"<p>[et_pb_section fb_built=\u00bb1&#8243; fullwidth=\u00bbon\u00bb _builder_version=\u00bb4.19.2&#8243; _module_preset=\u00bbdefault\u00bb locked=\u00bboff\u00bb global_colors_info=\u00bb{}\u00bb][et_pb_fullwidth_image src=\u00bbhttps:\/\/www.granapadano.it\/wp-content\/uploads\/2023\/02\/cupcake-salati-h.jpg\u00bb title_text=\u00bbcupcake-salati-m\u00bb src_tablet=\u00bbhttps:\/\/www.granapadano.it\/wp-content\/uploads\/2023\/02\/cupcake-salati-h.jpg\u00bb src_phone=\u00bbhttps:\/\/www.granapadano.it\/wp-content\/uploads\/2023\/02\/cupcake-salati-m.jpg\u00bb src_last_edited=\u00bbon|phone\u00bb _builder_version=\u00bb4.19.5&#8243; _module_preset=\u00bbdefault\u00bb global_colors_info=\u00bb{}\u00bb][\/et_pb_fullwidth_image][\/et_pb_section][et_pb_section fb_built=\u00bb1&#8243; module_class=\u00bbsingle_recipe_content\u00bb _builder_version=\u00bb4.19.2&#8243; _module_preset=\u00bbdefault\u00bb custom_padding=\u00bb13px||0px|||\u00bb global_colors_info=\u00bb{}\u00bb][et_pb_row module_class=\u00bbrecipe_filter_section\u00bb _builder_version=\u00bb4.19.4&#8243; _module_preset=\u00bbdefault\u00bb max_width=\u00bb90%\u00bb custom_margin=\u00bb|auto|-60px|auto|false|false\u00bb custom_padding=\u00bb2px|||||\u00bb global_colors_info=\u00bb{}\u00bb][et_pb_column type=\u00bb4_4&#8243; _builder_version=\u00bb4.19.2&#8243; _module_preset=\u00bbdefault\u00bb global_colors_info=\u00bb{}\u00bb][et_pb_code _builder_version=\u00bb4.19.2&#8243; _module_preset=\u00bbdefault\u00bb custom_margin=\u00bb||16px|||\u00bb global_colors_info=\u00bb{}\u00bb]<div class=\"breadcrumb\"><a href=\"https:\/\/www.granapadano.it\/es\/\">Inicio<\/a>  <  <\/div>[\/et_pb_code][et_pb_code module_class=\u00bbrecipe_likes_section\u00bb _builder_version=\u00bb4.19.2&#8243; _module_preset=\u00bbdefault\u00bb global_colors_info=\u00bb{}\u00bb]<div class=\"recipe_social_main\"><div class=\"recipe_like_section \"><a href=\"javascript:\" class=\"recipe_like_btn dev_like_btn\" data-id=\"36409\"><img decoding=\"async\" src=\"https:\/\/granapadano.kleecks-cdn.com\/wp-content\/uploads\/2022\/12\/like_thumb.png\"><span>Me gusta<\/span><\/a><\/div><div class=\"recipe_liked_count dev_liked_count\"><img decoding=\"async\" src=\"https:\/\/granapadano.kleecks-cdn.com\/wp-content\/uploads\/2022\/12\/heart_like.png\"><span>Con alegr\u00eda <em>13<\/em><\/span><\/div><div class=\"recipe_social_share\"><p>Comparte<\/p><ul><li><a href=\"https:\/\/www.facebook.com\/sharer.php?u=https:\/\/www.granapadano.it\/es\/recetas\/aperi-snack-y-picoteo\/cupcakes-salados-con-calabaza-y-grana-padano\/\" class=\"recipe_like_btn\" target=\"_blank\"><img decoding=\"async\" src=\"https:\/\/granapadano.kleecks-cdn.com\/wp-content\/uploads\/2022\/12\/fb.png\"><\/a><\/li><li><a href=\"https:\/\/pinterest.com\/pin\/create\/button\/?url=https:\/\/www.granapadano.it\/es\/recetas\/aperi-snack-y-picoteo\/cupcakes-salados-con-calabaza-y-grana-padano\/&media=https:\/\/www.granapadano.it\/wp-content\/uploads\/2023\/02\/cupcake-salati-p.jpg&description=Cupcakes salados con calabaza y Grana Padano\" class=\"recipe_like_btn\" target=\"_blank\"><img decoding=\"async\" src=\"https:\/\/granapadano.kleecks-cdn.com\/wp-content\/uploads\/2022\/12\/print.png\"><\/a><\/li><li><a href=\"https:\/\/twitter.com\/share?text=Cupcakes salados con calabaza y Grana Padano&url=https:\/\/www.granapadano.it\/es\/recetas\/aperi-snack-y-picoteo\/cupcakes-salados-con-calabaza-y-grana-padano\/\" class=\"recipe_like_btn\" target=\"_blank\"><img decoding=\"async\" src=\"https:\/\/granapadano.kleecks-cdn.com\/wp-content\/uploads\/2022\/12\/twitter.png\"><\/a><\/li><ul><\/div><\/div><div class=\"related_tax\"><span class=\"tax_name\">Grana Padano<\/span><span class=\"tax_name\">Dulce<\/span><span class=\"tax_name\">Salado<\/span><\/div>[\/et_pb_code][et_pb_post_title meta=\u00bboff\u00bb featured_image=\u00bboff\u00bb _builder_version=\u00bb4.19.4&#8243; _module_preset=\u00bbdefault\u00bb title_level=\u00bbh2&#8243; title_font=\u00bbMerriweather||||||||\u00bb title_text_color=\u00bb#000000&#8243; title_font_size=\u00bb56px\u00bb title_font_size_tablet=\u00bb56px\u00bb title_font_size_phone=\u00bb36px\u00bb title_font_size_last_edited=\u00bbon|phone\u00bb global_colors_info=\u00bb{}\u00bb][\/et_pb_post_title][\/et_pb_column][\/et_pb_row][\/et_pb_section][et_pb_section fb_built=\u00bb1&#8243; module_class=\u00bbrecipe_display\u00bb _builder_version=\u00bb4.19.2&#8243; _module_preset=\u00bbdefault\u00bb custom_padding=\u00bb11px||4px|||\u00bb global_colors_info=\u00bb{}\u00bb][et_pb_row column_structure=\u00bb1_4,1_4,1_4,1_4&#8243; _builder_version=\u00bb4.19.2&#8243; _module_preset=\u00bbdefault\u00bb max_width=\u00bb90%\u00bb min_height=\u00bb40px\u00bb custom_padding=\u00bb1px||0px|||\u00bb global_colors_info=\u00bb{}\u00bb][et_pb_column type=\u00bb1_4&#8243; _builder_version=\u00bb4.19.2&#8243; _module_preset=\u00bbdefault\u00bb global_colors_info=\u00bb{}\u00bb][et_pb_text admin_label=\u00bbDifficulty\u00bb _builder_version=\u00bb4.19.2&#8243; _dynamic_attributes=\u00bbcontent\u00bb _module_preset=\u00bbdefault\u00bb width=\u00bb10%\u00bb global_colors_info=\u00bb{}\u00bb]@ET-DC@eyJkeW5hbWljIjp0cnVlLCJjb250ZW50IjoiY3VzdG9tX21ldGFfZGlmZmljdWx0eSIsInNldHRpbmdzIjp7ImJlZm9yZSI6IjxpbWcgc3JjPVwiL3dwLWNvbnRlbnQvdXBsb2Fkcy8yMDIyLzExL0dyb3VwLTM5My5zdmdcIj4iLCJhZnRlciI6IiIsImVuYWJsZV9odG1sIjoib2ZmIn19@[\/et_pb_text][\/et_pb_column][et_pb_column type=\u00bb1_4&#8243; _builder_version=\u00bb4.19.2&#8243; _module_preset=\u00bbdefault\u00bb global_colors_info=\u00bb{}\u00bb][et_pb_text admin_label=\u00bbPersons\u00bb _builder_version=\u00bb4.19.4&#8243; _dynamic_attributes=\u00bbcontent\u00bb _module_preset=\u00bbdefault\u00bb width=\u00bb10%\u00bb global_colors_info=\u00bb{}\u00bb]@ET-DC@eyJkeW5hbWljIjp0cnVlLCJjb250ZW50IjoiY3VzdG9tX21ldGFfU2VydmVzIiwic2V0dGluZ3MiOnsiYmVmb3JlIjoiPGltZyBzcmM9XCIvd3AtY29udGVudC91cGxvYWRzLzIwMjIvMTEvR3JvdXAtMzgyLnN2Z1wiPiIsImFmdGVyIjoiIiwiZW5hYmxlX2h0bWwiOiJvZmYifX0=@[\/et_pb_text][\/et_pb_column][et_pb_column type=\u00bb1_4&#8243; _builder_version=\u00bb4.19.2&#8243; _module_preset=\u00bbdefault\u00bb global_colors_info=\u00bb{}\u00bb][et_pb_text admin_label=\u00bbDuration\u00bb _builder_version=\u00bb4.19.4&#8243; _dynamic_attributes=\u00bbcontent\u00bb _module_preset=\u00bbdefault\u00bb width=\u00bb10%\u00bb global_colors_info=\u00bb{}\u00bb]@ET-DC@eyJkeW5hbWljIjp0cnVlLCJjb250ZW50IjoiY3VzdG9tX21ldGFfZHVyYXRpb24iLCJzZXR0aW5ncyI6eyJiZWZvcmUiOiJbdGltZV9pbWddIiwiYWZ0ZXIiOiIiLCJlbmFibGVfaHRtbCI6Im9mZiJ9fQ==@[\/et_pb_text][\/et_pb_column][et_pb_column type=\u00bb1_4&#8243; _builder_version=\u00bb4.19.2&#8243; _module_preset=\u00bbdefault\u00bb global_colors_info=\u00bb{}\u00bb][\/et_pb_column][\/et_pb_row][\/et_pb_section][et_pb_section fb_built=\u00bb1&#8243; module_class=\u00bbingredient_sec\u00bb _builder_version=\u00bb4.19.2&#8243; _module_preset=\u00bbdefault\u00bb custom_margin=\u00bb-6px|||||\u00bb custom_padding=\u00bb4px|||||\u00bb global_colors_info=\u00bb{}\u00bb][et_pb_row column_structure=\u00bb1_4,3_4&#8243; _builder_version=\u00bb4.19.2&#8243; _module_preset=\u00bbdefault\u00bb max_width=\u00bb90%\u00bb custom_margin=\u00bb-19px|auto||auto||\u00bb custom_padding=\u00bb6px|||||\u00bb collapsed=\u00bboff\u00bb global_colors_info=\u00bb{}\u00bb][et_pb_column type=\u00bb1_4&#8243; _builder_version=\u00bb4.19.2&#8243; _module_preset=\u00bbdefault\u00bb global_colors_info=\u00bb{}\u00bb][et_pb_text admin_label=\u00bbIngredienti\u00bb _builder_version=\u00bb4.19.5&#8243; _module_preset=\u00bbdefault\u00bb text_font=\u00bb|700|||||||\u00bb global_colors_info=\u00bb{}\u00bb]<\/p>\n<h2><span>Ingr\u00e9dients<\/span><\/h2>\n<p>[\/et_pb_text][et_pb_text admin_label=\u00bbIngredienti List\u00bb _builder_version=\u00bb4.19.5&#8243; _module_preset=\u00bbdefault\u00bb text_font=\u00bb||||||||\u00bb header_font=\u00bbMerriweather||||||||\u00bb header_4_font=\u00bbMerriweather||||||||\u00bb header_4_font_size=\u00bb23px\u00bb header_4_line_height=\u00bb36px\u00bb width=\u00bb87%\u00bb custom_padding=\u00bb|30px||||\u00bb locked=\u00bboff\u00bb global_colors_info=\u00bb{}\u00bb]<\/p>\n<h4 style=\"text-align: left;\">300 g de courge musqu\u00e9e<br \/>250 g de farine T45<br \/>150 g de Grana Padano<br \/>250 ml de lait entier<br \/>\u00bd \u00e9chalote<br \/>2 \u0153ufs<br \/>1 bouquet de romarin<br \/>huile d\u2019olive vierge extra<br \/>\u00bd 1 sachet de levure s\u00e8che de boulanger<br \/>sel<br \/>poivre<\/h4>\n<p>[\/et_pb_text][\/et_pb_column][et_pb_column type=\u00bb3_4&#8243; _builder_version=\u00bb4.19.2&#8243; _module_preset=\u00bbdefault\u00bb global_colors_info=\u00bb{}\u00bb][et_pb_text _builder_version=\u00bb4.19.5&#8243; _module_preset=\u00bbdefault\u00bb custom_margin=\u00bb||-2px|||\u00bb custom_padding=\u00bb||0px|||\u00bb global_colors_info=\u00bb{}\u00bb]<\/p>\n<h1><span>Pr\u00e9paration<\/span><\/h1>\n<h1><\/h1>\n<p>[\/et_pb_text][et_pb_text module_class=\u00bbrecipe_single_button\u00bb _builder_version=\u00bb4.19.4&#8243; _module_preset=\u00bbdefault\u00bb text_font=\u00bbMerriweather||on||||||\u00bb text_text_color=\u00bb#000000&#8243; text_font_size=\u00bb26px\u00bb background_color=\u00bbgcid-26f0371c-74dd-4e63-bbf8-f8ec94f09a6d\u00bb transform_scale=\u00bb90%|90%\u00bb text_orientation=\u00bbcenter\u00bb width=\u00bb15%\u00bb width_tablet=\u00bb24%\u00bb width_phone=\u00bb25%\u00bb width_last_edited=\u00bbon|phone\u00bb custom_margin=\u00bb0px||20px|-10px|false|false\u00bb custom_padding=\u00bb15px|20px|15px|20px|false|false\u00bb border_radii=\u00bbon|50px|50px|50px|50px\u00bb border_style_all=\u00bbnone\u00bb locked=\u00bboff\u00bb global_colors_info=\u00bb{%22gcid-26f0371c-74dd-4e63-bbf8-f8ec94f09a6d%22:%91%22background_color%22%93}\u00bb]<\/p>\n<p>STEP 1<\/p>\n<p>[\/et_pb_text][et_pb_text admin_label=\u00bbStep Description\u00bb _builder_version=\u00bb4.19.5&#8243; _module_preset=\u00bbdefault\u00bb header_4_font=\u00bbMerriweather||||||||\u00bb header_4_font_size=\u00bb21px\u00bb header_4_line_height=\u00bb27px\u00bb min_height=\u00bb105px\u00bb custom_margin=\u00bb-20px||46px|||\u00bb custom_padding=\u00bb20px||1px||false|false\u00bb global_colors_info=\u00bb{}\u00bb]<\/p>\n<h4><span>Couper la courge et en gros morceaux et la faire cuire dans une po\u00eale antiadh\u00e9sive avec l\u2019\u00e9chalote hach\u00e9e, le romarin et un filet d\u2019huile d\u2019olive vierge extra. R\u00e9duire la courge cuite en pur\u00e9e, la verser dans un bol et ajouter une pinc\u00e9e de sel, les \u0153ufs battus, la farine et la levure tamis\u00e9es, 50 grammes de Grana Padano finement r\u00e2p\u00e9 et 50 ml de lait, bien travailler le tout pour obtenir une p\u00e2te moelleuse et cr\u00e9meuse.<\/span><\/h4>\n<p>[\/et_pb_text][et_pb_text disabled_on=\u00bboff|off|off\u00bb module_class=\u00bbrecipe_single_button\u00bb _builder_version=\u00bb4.19.4&#8243; _module_preset=\u00bbdefault\u00bb text_font=\u00bbMerriweather||on||||||\u00bb text_text_color=\u00bb#000000&#8243; text_font_size=\u00bb26px\u00bb background_color=\u00bbgcid-26f0371c-74dd-4e63-bbf8-f8ec94f09a6d\u00bb transform_scale=\u00bb90%|90%\u00bb text_orientation=\u00bbcenter\u00bb width=\u00bb15%\u00bb width_tablet=\u00bb24%\u00bb width_phone=\u00bb25%\u00bb width_last_edited=\u00bbon|phone\u00bb custom_margin=\u00bb0px||20px|-10px|false|false\u00bb custom_padding=\u00bb15px|20px|15px|20px|false|false\u00bb border_radii=\u00bbon|50px|50px|50px|50px\u00bb border_style_all=\u00bbnone\u00bb locked=\u00bboff\u00bb global_colors_info=\u00bb{%22gcid-26f0371c-74dd-4e63-bbf8-f8ec94f09a6d%22:%91%22background_color%22,%22background_color%22,%22background_color%22%93}\u00bb]<\/p>\n<p>STEP 2<\/p>\n<p>[\/et_pb_text][et_pb_text disabled_on=\u00bboff|off|off\u00bb admin_label=\u00bbStep Description\u00bb _builder_version=\u00bb4.19.5&#8243; _module_preset=\u00bbdefault\u00bb header_4_font=\u00bbMerriweather||||||||\u00bb header_4_font_size=\u00bb21px\u00bb header_4_line_height=\u00bb27px\u00bb min_height=\u00bb86px\u00bb custom_margin=\u00bb-20px||46px|||\u00bb custom_padding=\u00bb20px||||false|false\u00bb global_colors_info=\u00bb{}\u00bb]<\/p>\n<h4><span>Remplir les ramequins aux 2\/3 et faire cuire dans un four pr\u00e9chauff\u00e9 \u00e0\u00b0C pendant 20-25 minutes. Pendant ce temps, pr\u00e9parer la garniture en faisant presque bouillir 200 ml de lait. Lorsque le feu est \u00e9teint, incorporer 100 g de Grana Padano r\u00e2p\u00e9 et bien m\u00e9langer jusqu\u2019\u00e0 obtenir une cr\u00e8me moelleuse et onctueuse. Servir les cupcakes en les garnissant de cr\u00e8me de Grana Padano et de fines herbes.<\/span><\/h4>\n<p>[\/et_pb_text][\/et_pb_column][\/et_pb_row][\/et_pb_section][et_pb_section fb_built=\u00bb1&#8243; module_class=\u00bbrelated_product_wrapper ricette_main_sec\u00bb _builder_version=\u00bb4.19.4&#8243; _module_preset=\u00bbdefault\u00bb background_color=\u00bb#f7f7f7&#8243; global_colors_info=\u00bb{}\u00bb][et_pb_row _builder_version=\u00bb4.19.2&#8243; _module_preset=\u00bbdefault\u00bb max_width=\u00bb90%\u00bb custom_padding=\u00bb||23px|||\u00bb global_colors_info=\u00bb{}\u00bb][et_pb_column type=\u00bb4_4&#8243; _builder_version=\u00bb4.19.2&#8243; _module_preset=\u00bbdefault\u00bb global_colors_info=\u00bb{}\u00bb][et_pb_text _builder_version=\u00bb4.19.5&#8243; _module_preset=\u00bbdefault\u00bb header_2_font=\u00bbMerriweather|700|||||||\u00bb header_2_text_align=\u00bbcenter\u00bb header_2_text_color=\u00bb#000000&#8243; header_2_font_size=\u00bb56px\u00bb header_2_line_height=\u00bb97px\u00bb global_colors_info=\u00bb{}\u00bb]<\/p>\n<h2><span>Recetas relacionadas<\/span><\/h2>\n<p>[\/et_pb_text][et_pb_code admin_label=\u00bbCode\u00bb _builder_version=\u00bb4.19.2&#8243; _module_preset=\u00bbdefault\u00bb global_colors_info=\u00bb{}\u00bb]<div class=\"recipe_main dev_main\"><a href=\"https:\/\/www.granapadano.it\/es\/recetas\/tradicion-italiana\/crema-de-lombarda-con-grana-padano\/\"><div class=\"recipe_item\"><div class=\"recipe_img\"><img decoding=\"async\" src=\"https:\/\/granapadano.kleecks-cdn.com\/wp-content\/uploads\/2023\/02\/Vellutata-di-cavolo-rosso-con-Grana-Padano-p-GP9339.jpg\" \/><span class=\"show_recipe\"><img decoding=\"async\" src=\"https:\/\/granapadano.kleecks-cdn.com\/wp-content\/uploads\/2022\/12\/next.svg\"\/><\/span><\/div><table width=\"100%\" border=\"0\" cellspacing=\"5\" cellpadding=\"5\"><tbody><tr class=\"inforecipebasse\" style=\"padding-left: 0px !Important; border: 0px !Important;\"><td class=\"inforecipebassetd\"><span style=\"display: flex; align-items: center; padding:0px; text-align: left; font-size: 12px !Important; color:#876346; text-align: left; padding: 0px !important;\"><svg style=\"display:none !important;\" width=\"8\" height=\"8\" viewBox=\"0 0 8 8\" fill=\"none\" xmlns=\"http:\/\/www.w3.org\/2000\/svg\" class=\"\"><path d=\"M2.5 1.5L2.09375 1.20312C1.92188 1.07812 1.71875 1 1.5 1C0.9375 1 0.5 1.45312 0.5 2V2.03125C0.5 2.125 0.515625 2.23438 0.53125 2.32812L1.35938 5H2.15625L1.75 2.79688L1.70312 2.5625L2.1875 2.46875L2.23438 2.71875L2.65625 4.96875V5H3.75V2.25V2H4.25V2.25V5H5.32812V4.96875L5.75 2.71875L5.79688 2.46875L6.28125 2.5625L6.23438 2.79688L5.82812 5H6.625L7.45312 2.32812C7.46875 2.23438 7.48438 2.125 7.48438 2.03125V2C7.48438 1.45312 7.04688 1 6.48438 1C6.26562 1 6.0625 1.07812 5.89062 1.20312L5.5 1.5L5.1875 1.10938C4.92188 0.734375 4.48438 0.5 4 0.5C3.5 0.5 3.0625 0.734375 2.79688 1.10938L2.5 1.5ZM7 5.5H1L0.0625 2.46875C0.015625 2.32812 0 2.1875 0 2.03125V2C0 1.17188 0.671875 0.5 1.5 0.5C1.82812 0.5 2.14062 0.625 2.39062 0.8125C2.76562 0.328125 3.34375 0 4 0C4.64062 0 5.23438 0.328125 5.59375 0.8125C5.84375 0.625 6.15625 0.5 6.5 0.5C7.32812 0.5 8 1.17188 8 2V2.03125C8 2.1875 7.96875 2.32812 7.92188 2.46875L7 5.5ZM1 6H1.5V7.5H6.5V6H7V7.5V8H6.5H1.5H1V7.5V6Z\" fill=\"#876346\"><\/path><\/svg> Difficult\u00e9<br><\/span><span class=\"recipe_tags\"><p>Medio<\/p><\/span><\/td><td class=\"inforecipebassetd\"><span style=\"display: flex; align-items: center; padding:0px; text-align: left; font-size: 12px !Important; color:#876346; text-align: left; padding: 0px !important;\"><svg style=\"display:none !important;\" width=\"7\" height=\"8\" viewBox=\"0 0 7 8\" fill=\"none\" xmlns=\"http:\/\/www.w3.org\/2000\/svg\"><path d=\"M0.5 3.5C0.5 4.57812 1.0625 5.5625 2 6.10938C2.92188 6.64062 4.0625 6.64062 5 6.10938C5.92188 5.5625 6.5 4.57812 6.5 3.5C6.5 2.4375 5.92188 1.45312 5 0.90625C4.0625 0.375 2.92188 0.375 2 0.90625C1.0625 1.45312 0.5 2.4375 0.5 3.5ZM6.5 5.3125C5.875 6.32812 4.76562 7 3.5 7C2.21875 7 1.10938 6.32812 0.5 5.3125V7.5H6.5V5.3125ZM0 3.5C0 1.57812 1.5625 0 3.5 0C5.42188 0 7 1.57812 7 3.5V7.75V8H6.75H0.25H0V7.75V3.5ZM3.75 1.5V1.75V3.40625L4.42188 4.07812L4.59375 4.25L4.25 4.60938L4.0625 4.4375L3.3125 3.6875L3.25 3.60938V3.5V1.75V1.5H3.75Z\" fill=\"#876346\"><\/path><\/svg> Preparaci\u00f3n<br><\/span><span class=\"recipe_tags\"><p>60 min<\/p><\/span><\/td><td class=\"inforecipebassetd\"><span style=\"display: flex; align-items: center; padding:0px; text-align: left; font-size: 12px !Important; color:#876346; text-align: left; padding: 0px !important;\"><svg style=\"display:none !important;\" width=\"9\" height=\"8\" viewBox=\"0 0 9 8\" fill=\"none\" xmlns=\"http:\/\/www.w3.org\/2000\/svg\"><path d=\"M5.1875 1.32812L7.01562 0L7.375 0.359375L5.48438 1.73438C5.4375 1.76562 5.39062 1.8125 5.34375 1.85938L5.3125 1.875C5.10938 2.09375 5 2.375 5 2.65625C5 2.95312 5.10938 3.23438 5.3125 3.45312L5.51562 3.65625C5.73438 3.85938 6.01562 3.96875 6.3125 3.96875C6.59375 3.96875 6.875 3.85938 7.09375 3.65625L7.10938 3.625C7.15625 3.57812 7.20312 3.53125 7.23438 3.48438L8.625 1.59375L8.96875 1.95312L7.64062 3.78125C7.57812 3.85938 7.53125 3.92188 7.46875 3.98438L7.4375 4C7.14062 4.3125 6.73438 4.46875 6.3125 4.46875C5.92188 4.46875 5.53125 4.32812 5.25 4.07812L1.42188 7.90625L1.0625 7.54688L4.89062 3.71875C4.64062 3.4375 4.5 3.04688 4.5 2.65625C4.5 2.23438 4.65625 1.82812 4.96875 1.53125L4.98438 1.5C5.04688 1.4375 5.10938 1.39062 5.1875 1.32812ZM5.4375 2.40625L7.5625 0.546875L7.92188 0.90625L5.76562 2.78125L5.65625 2.89062L5.29688 2.53125L5.4375 2.40625ZM6.4375 3.67188L6.07812 3.3125L6.1875 3.20312L8.0625 1.04688L8.42188 1.40625L6.5625 3.53125L6.4375 3.67188ZM0.71875 0.1875L0.90625 0.03125L1.07812 0.203125L4.28125 3.625L3.92188 3.98438L0.890625 0.75C0.859375 0.796875 0.8125 0.84375 0.78125 0.921875C0.640625 1.14062 0.5 1.46875 0.5 1.84375C0.5 2.17188 0.640625 2.57812 1.03125 3.15625C1.40625 3.70312 1.96875 4.34375 2.76562 5.14062L2.40625 5.5C1.60938 4.6875 1.01562 4.01562 0.625 3.4375C0.21875 2.84375 0 2.3125 0 1.84375C0 1.34375 0.171875 0.9375 0.359375 0.65625C0.453125 0.5 0.53125 0.390625 0.609375 0.3125C0.640625 0.28125 0.671875 0.25 0.6875 0.21875C0.703125 0.21875 0.703125 0.203125 0.71875 0.203125V0.1875C0.71875 0.1875 0.71875 0.1875 0.890625 0.375L0.71875 0.1875ZM7.60938 7.95312L4.95312 5.07812L5.29688 4.73438L7.96875 7.60938L7.60938 7.95312Z\" fill=\"#876346\"><\/path><\/svg> Dosis por raci\u00f3n<br><\/span><span class=\"recipe_tags\"><p>4 per.<\/p><\/span><\/td><\/tr><\/tbody><\/table><div class=\"recipe_title\"><h3>Crema de lombarda con Grana Padano<\/h3><\/div><\/div><\/a><a href=\"https:\/\/www.granapadano.it\/es\/recetas\/aperi-snack-y-picoteo\/arbolitos-de-navidad-de-hojaldre-jamon-y-grana-padano\/\"><div class=\"recipe_item\"><div class=\"recipe_img\"><img decoding=\"async\" src=\"https:\/\/granapadano.kleecks-cdn.com\/wp-content\/uploads\/2023\/02\/Alberelli-di-natale-p.jpg\" \/><span class=\"show_recipe\"><img decoding=\"async\" src=\"https:\/\/granapadano.kleecks-cdn.com\/wp-content\/uploads\/2022\/12\/next.svg\"\/><\/span><\/div><table width=\"100%\" border=\"0\" cellspacing=\"5\" cellpadding=\"5\"><tbody><tr class=\"inforecipebasse\" style=\"padding-left: 0px !Important; border: 0px !Important;\"><td class=\"inforecipebassetd\"><span style=\"display: flex; align-items: center; padding:0px; text-align: left; font-size: 12px !Important; color:#876346; text-align: left; padding: 0px !important;\"><svg style=\"display:none !important;\" width=\"8\" height=\"8\" viewBox=\"0 0 8 8\" fill=\"none\" xmlns=\"http:\/\/www.w3.org\/2000\/svg\" class=\"\"><path d=\"M2.5 1.5L2.09375 1.20312C1.92188 1.07812 1.71875 1 1.5 1C0.9375 1 0.5 1.45312 0.5 2V2.03125C0.5 2.125 0.515625 2.23438 0.53125 2.32812L1.35938 5H2.15625L1.75 2.79688L1.70312 2.5625L2.1875 2.46875L2.23438 2.71875L2.65625 4.96875V5H3.75V2.25V2H4.25V2.25V5H5.32812V4.96875L5.75 2.71875L5.79688 2.46875L6.28125 2.5625L6.23438 2.79688L5.82812 5H6.625L7.45312 2.32812C7.46875 2.23438 7.48438 2.125 7.48438 2.03125V2C7.48438 1.45312 7.04688 1 6.48438 1C6.26562 1 6.0625 1.07812 5.89062 1.20312L5.5 1.5L5.1875 1.10938C4.92188 0.734375 4.48438 0.5 4 0.5C3.5 0.5 3.0625 0.734375 2.79688 1.10938L2.5 1.5ZM7 5.5H1L0.0625 2.46875C0.015625 2.32812 0 2.1875 0 2.03125V2C0 1.17188 0.671875 0.5 1.5 0.5C1.82812 0.5 2.14062 0.625 2.39062 0.8125C2.76562 0.328125 3.34375 0 4 0C4.64062 0 5.23438 0.328125 5.59375 0.8125C5.84375 0.625 6.15625 0.5 6.5 0.5C7.32812 0.5 8 1.17188 8 2V2.03125C8 2.1875 7.96875 2.32812 7.92188 2.46875L7 5.5ZM1 6H1.5V7.5H6.5V6H7V7.5V8H6.5H1.5H1V7.5V6Z\" fill=\"#876346\"><\/path><\/svg> Difficult\u00e9<br><\/span><span class=\"recipe_tags\"><p>F\u00e1cil<\/p><\/span><\/td><td class=\"inforecipebassetd\"><span style=\"display: flex; align-items: center; padding:0px; text-align: left; font-size: 12px !Important; color:#876346; text-align: left; padding: 0px !important;\"><svg style=\"display:none !important;\" width=\"7\" height=\"8\" viewBox=\"0 0 7 8\" fill=\"none\" xmlns=\"http:\/\/www.w3.org\/2000\/svg\"><path d=\"M0.5 3.5C0.5 4.57812 1.0625 5.5625 2 6.10938C2.92188 6.64062 4.0625 6.64062 5 6.10938C5.92188 5.5625 6.5 4.57812 6.5 3.5C6.5 2.4375 5.92188 1.45312 5 0.90625C4.0625 0.375 2.92188 0.375 2 0.90625C1.0625 1.45312 0.5 2.4375 0.5 3.5ZM6.5 5.3125C5.875 6.32812 4.76562 7 3.5 7C2.21875 7 1.10938 6.32812 0.5 5.3125V7.5H6.5V5.3125ZM0 3.5C0 1.57812 1.5625 0 3.5 0C5.42188 0 7 1.57812 7 3.5V7.75V8H6.75H0.25H0V7.75V3.5ZM3.75 1.5V1.75V3.40625L4.42188 4.07812L4.59375 4.25L4.25 4.60938L4.0625 4.4375L3.3125 3.6875L3.25 3.60938V3.5V1.75V1.5H3.75Z\" fill=\"#876346\"><\/path><\/svg> Preparaci\u00f3n<br><\/span><span class=\"recipe_tags\"><p>30 min<\/p><\/span><\/td><td class=\"inforecipebassetd\"><span style=\"display: flex; align-items: center; padding:0px; text-align: left; font-size: 12px !Important; color:#876346; text-align: left; padding: 0px !important;\"><svg style=\"display:none !important;\" width=\"9\" height=\"8\" viewBox=\"0 0 9 8\" fill=\"none\" xmlns=\"http:\/\/www.w3.org\/2000\/svg\"><path d=\"M5.1875 1.32812L7.01562 0L7.375 0.359375L5.48438 1.73438C5.4375 1.76562 5.39062 1.8125 5.34375 1.85938L5.3125 1.875C5.10938 2.09375 5 2.375 5 2.65625C5 2.95312 5.10938 3.23438 5.3125 3.45312L5.51562 3.65625C5.73438 3.85938 6.01562 3.96875 6.3125 3.96875C6.59375 3.96875 6.875 3.85938 7.09375 3.65625L7.10938 3.625C7.15625 3.57812 7.20312 3.53125 7.23438 3.48438L8.625 1.59375L8.96875 1.95312L7.64062 3.78125C7.57812 3.85938 7.53125 3.92188 7.46875 3.98438L7.4375 4C7.14062 4.3125 6.73438 4.46875 6.3125 4.46875C5.92188 4.46875 5.53125 4.32812 5.25 4.07812L1.42188 7.90625L1.0625 7.54688L4.89062 3.71875C4.64062 3.4375 4.5 3.04688 4.5 2.65625C4.5 2.23438 4.65625 1.82812 4.96875 1.53125L4.98438 1.5C5.04688 1.4375 5.10938 1.39062 5.1875 1.32812ZM5.4375 2.40625L7.5625 0.546875L7.92188 0.90625L5.76562 2.78125L5.65625 2.89062L5.29688 2.53125L5.4375 2.40625ZM6.4375 3.67188L6.07812 3.3125L6.1875 3.20312L8.0625 1.04688L8.42188 1.40625L6.5625 3.53125L6.4375 3.67188ZM0.71875 0.1875L0.90625 0.03125L1.07812 0.203125L4.28125 3.625L3.92188 3.98438L0.890625 0.75C0.859375 0.796875 0.8125 0.84375 0.78125 0.921875C0.640625 1.14062 0.5 1.46875 0.5 1.84375C0.5 2.17188 0.640625 2.57812 1.03125 3.15625C1.40625 3.70312 1.96875 4.34375 2.76562 5.14062L2.40625 5.5C1.60938 4.6875 1.01562 4.01562 0.625 3.4375C0.21875 2.84375 0 2.3125 0 1.84375C0 1.34375 0.171875 0.9375 0.359375 0.65625C0.453125 0.5 0.53125 0.390625 0.609375 0.3125C0.640625 0.28125 0.671875 0.25 0.6875 0.21875C0.703125 0.21875 0.703125 0.203125 0.71875 0.203125V0.1875C0.71875 0.1875 0.71875 0.1875 0.890625 0.375L0.71875 0.1875ZM7.60938 7.95312L4.95312 5.07812L5.29688 4.73438L7.96875 7.60938L7.60938 7.95312Z\" fill=\"#876346\"><\/path><\/svg> Dosis por raci\u00f3n<br><\/span><span class=\"recipe_tags\"><p>4 per.<\/p><\/span><\/td><\/tr><\/tbody><\/table><div class=\"recipe_title\"><h3>Arbolitos de Navidad de hojaldre, jam\u00f3n y Grana Padano<\/h3><\/div><\/div><\/a><a href=\"https:\/\/www.granapadano.it\/es\/recetas\/aperi-snack-y-picoteo\/patatas-acordeon-con-verduras-y-grana-padano\/\"><div class=\"recipe_item\"><div class=\"recipe_img\"><img decoding=\"async\" src=\"https:\/\/granapadano.kleecks-cdn.com\/wp-content\/uploads\/2023\/02\/Patate_fisarmonica-p.jpg\" \/><span class=\"show_recipe\"><img decoding=\"async\" src=\"https:\/\/granapadano.kleecks-cdn.com\/wp-content\/uploads\/2022\/12\/next.svg\"\/><\/span><\/div><table width=\"100%\" border=\"0\" cellspacing=\"5\" cellpadding=\"5\"><tbody><tr class=\"inforecipebasse\" style=\"padding-left: 0px !Important; border: 0px !Important;\"><td class=\"inforecipebassetd\"><span style=\"display: flex; align-items: center; padding:0px; text-align: left; font-size: 12px !Important; color:#876346; text-align: left; padding: 0px !important;\"><svg style=\"display:none !important;\" width=\"8\" height=\"8\" viewBox=\"0 0 8 8\" fill=\"none\" xmlns=\"http:\/\/www.w3.org\/2000\/svg\" class=\"\"><path d=\"M2.5 1.5L2.09375 1.20312C1.92188 1.07812 1.71875 1 1.5 1C0.9375 1 0.5 1.45312 0.5 2V2.03125C0.5 2.125 0.515625 2.23438 0.53125 2.32812L1.35938 5H2.15625L1.75 2.79688L1.70312 2.5625L2.1875 2.46875L2.23438 2.71875L2.65625 4.96875V5H3.75V2.25V2H4.25V2.25V5H5.32812V4.96875L5.75 2.71875L5.79688 2.46875L6.28125 2.5625L6.23438 2.79688L5.82812 5H6.625L7.45312 2.32812C7.46875 2.23438 7.48438 2.125 7.48438 2.03125V2C7.48438 1.45312 7.04688 1 6.48438 1C6.26562 1 6.0625 1.07812 5.89062 1.20312L5.5 1.5L5.1875 1.10938C4.92188 0.734375 4.48438 0.5 4 0.5C3.5 0.5 3.0625 0.734375 2.79688 1.10938L2.5 1.5ZM7 5.5H1L0.0625 2.46875C0.015625 2.32812 0 2.1875 0 2.03125V2C0 1.17188 0.671875 0.5 1.5 0.5C1.82812 0.5 2.14062 0.625 2.39062 0.8125C2.76562 0.328125 3.34375 0 4 0C4.64062 0 5.23438 0.328125 5.59375 0.8125C5.84375 0.625 6.15625 0.5 6.5 0.5C7.32812 0.5 8 1.17188 8 2V2.03125C8 2.1875 7.96875 2.32812 7.92188 2.46875L7 5.5ZM1 6H1.5V7.5H6.5V6H7V7.5V8H6.5H1.5H1V7.5V6Z\" fill=\"#876346\"><\/path><\/svg> Difficult\u00e9<br><\/span><span class=\"recipe_tags\"><p>F\u00e1cil<\/p><\/span><\/td><td class=\"inforecipebassetd\"><span style=\"display: flex; align-items: center; padding:0px; text-align: left; font-size: 12px !Important; color:#876346; text-align: left; padding: 0px !important;\"><svg style=\"display:none !important;\" width=\"7\" height=\"8\" viewBox=\"0 0 7 8\" fill=\"none\" xmlns=\"http:\/\/www.w3.org\/2000\/svg\"><path d=\"M0.5 3.5C0.5 4.57812 1.0625 5.5625 2 6.10938C2.92188 6.64062 4.0625 6.64062 5 6.10938C5.92188 5.5625 6.5 4.57812 6.5 3.5C6.5 2.4375 5.92188 1.45312 5 0.90625C4.0625 0.375 2.92188 0.375 2 0.90625C1.0625 1.45312 0.5 2.4375 0.5 3.5ZM6.5 5.3125C5.875 6.32812 4.76562 7 3.5 7C2.21875 7 1.10938 6.32812 0.5 5.3125V7.5H6.5V5.3125ZM0 3.5C0 1.57812 1.5625 0 3.5 0C5.42188 0 7 1.57812 7 3.5V7.75V8H6.75H0.25H0V7.75V3.5ZM3.75 1.5V1.75V3.40625L4.42188 4.07812L4.59375 4.25L4.25 4.60938L4.0625 4.4375L3.3125 3.6875L3.25 3.60938V3.5V1.75V1.5H3.75Z\" fill=\"#876346\"><\/path><\/svg> Preparaci\u00f3n<br><\/span><span class=\"recipe_tags\"><p>60 min<\/p><\/span><\/td><td class=\"inforecipebassetd\"><span style=\"display: flex; align-items: center; padding:0px; text-align: left; font-size: 12px !Important; color:#876346; text-align: left; padding: 0px !important;\"><svg style=\"display:none !important;\" width=\"9\" height=\"8\" viewBox=\"0 0 9 8\" fill=\"none\" xmlns=\"http:\/\/www.w3.org\/2000\/svg\"><path d=\"M5.1875 1.32812L7.01562 0L7.375 0.359375L5.48438 1.73438C5.4375 1.76562 5.39062 1.8125 5.34375 1.85938L5.3125 1.875C5.10938 2.09375 5 2.375 5 2.65625C5 2.95312 5.10938 3.23438 5.3125 3.45312L5.51562 3.65625C5.73438 3.85938 6.01562 3.96875 6.3125 3.96875C6.59375 3.96875 6.875 3.85938 7.09375 3.65625L7.10938 3.625C7.15625 3.57812 7.20312 3.53125 7.23438 3.48438L8.625 1.59375L8.96875 1.95312L7.64062 3.78125C7.57812 3.85938 7.53125 3.92188 7.46875 3.98438L7.4375 4C7.14062 4.3125 6.73438 4.46875 6.3125 4.46875C5.92188 4.46875 5.53125 4.32812 5.25 4.07812L1.42188 7.90625L1.0625 7.54688L4.89062 3.71875C4.64062 3.4375 4.5 3.04688 4.5 2.65625C4.5 2.23438 4.65625 1.82812 4.96875 1.53125L4.98438 1.5C5.04688 1.4375 5.10938 1.39062 5.1875 1.32812ZM5.4375 2.40625L7.5625 0.546875L7.92188 0.90625L5.76562 2.78125L5.65625 2.89062L5.29688 2.53125L5.4375 2.40625ZM6.4375 3.67188L6.07812 3.3125L6.1875 3.20312L8.0625 1.04688L8.42188 1.40625L6.5625 3.53125L6.4375 3.67188ZM0.71875 0.1875L0.90625 0.03125L1.07812 0.203125L4.28125 3.625L3.92188 3.98438L0.890625 0.75C0.859375 0.796875 0.8125 0.84375 0.78125 0.921875C0.640625 1.14062 0.5 1.46875 0.5 1.84375C0.5 2.17188 0.640625 2.57812 1.03125 3.15625C1.40625 3.70312 1.96875 4.34375 2.76562 5.14062L2.40625 5.5C1.60938 4.6875 1.01562 4.01562 0.625 3.4375C0.21875 2.84375 0 2.3125 0 1.84375C0 1.34375 0.171875 0.9375 0.359375 0.65625C0.453125 0.5 0.53125 0.390625 0.609375 0.3125C0.640625 0.28125 0.671875 0.25 0.6875 0.21875C0.703125 0.21875 0.703125 0.203125 0.71875 0.203125V0.1875C0.71875 0.1875 0.71875 0.1875 0.890625 0.375L0.71875 0.1875ZM7.60938 7.95312L4.95312 5.07812L5.29688 4.73438L7.96875 7.60938L7.60938 7.95312Z\" fill=\"#876346\"><\/path><\/svg> Dosis por raci\u00f3n<br><\/span><span class=\"recipe_tags\"><p>4 per.<\/p><\/span><\/td><\/tr><\/tbody><\/table><div class=\"recipe_title\"><h3>Patatas acorde\u00f3n con verduras y Grana Padano<\/h3><\/div><\/div><\/a><a href=\"https:\/\/www.granapadano.it\/es\/recetas\/tradicion-italiana\/cupula-de-coles-de-saboya\/\"><div class=\"recipe_item\"><div class=\"recipe_img\"><img decoding=\"async\" src=\"https:\/\/granapadano.kleecks-cdn.com\/wp-content\/uploads\/2023\/02\/Cupola_verza-p.jpg\" \/><span class=\"show_recipe\"><img decoding=\"async\" src=\"https:\/\/granapadano.kleecks-cdn.com\/wp-content\/uploads\/2022\/12\/next.svg\"\/><\/span><\/div><table width=\"100%\" border=\"0\" cellspacing=\"5\" cellpadding=\"5\"><tbody><tr class=\"inforecipebasse\" style=\"padding-left: 0px !Important; border: 0px !Important;\"><td class=\"inforecipebassetd\"><span style=\"display: flex; align-items: center; padding:0px; text-align: left; font-size: 12px !Important; color:#876346; text-align: left; padding: 0px !important;\"><svg style=\"display:none !important;\" width=\"8\" height=\"8\" viewBox=\"0 0 8 8\" fill=\"none\" xmlns=\"http:\/\/www.w3.org\/2000\/svg\" class=\"\"><path d=\"M2.5 1.5L2.09375 1.20312C1.92188 1.07812 1.71875 1 1.5 1C0.9375 1 0.5 1.45312 0.5 2V2.03125C0.5 2.125 0.515625 2.23438 0.53125 2.32812L1.35938 5H2.15625L1.75 2.79688L1.70312 2.5625L2.1875 2.46875L2.23438 2.71875L2.65625 4.96875V5H3.75V2.25V2H4.25V2.25V5H5.32812V4.96875L5.75 2.71875L5.79688 2.46875L6.28125 2.5625L6.23438 2.79688L5.82812 5H6.625L7.45312 2.32812C7.46875 2.23438 7.48438 2.125 7.48438 2.03125V2C7.48438 1.45312 7.04688 1 6.48438 1C6.26562 1 6.0625 1.07812 5.89062 1.20312L5.5 1.5L5.1875 1.10938C4.92188 0.734375 4.48438 0.5 4 0.5C3.5 0.5 3.0625 0.734375 2.79688 1.10938L2.5 1.5ZM7 5.5H1L0.0625 2.46875C0.015625 2.32812 0 2.1875 0 2.03125V2C0 1.17188 0.671875 0.5 1.5 0.5C1.82812 0.5 2.14062 0.625 2.39062 0.8125C2.76562 0.328125 3.34375 0 4 0C4.64062 0 5.23438 0.328125 5.59375 0.8125C5.84375 0.625 6.15625 0.5 6.5 0.5C7.32812 0.5 8 1.17188 8 2V2.03125C8 2.1875 7.96875 2.32812 7.92188 2.46875L7 5.5ZM1 6H1.5V7.5H6.5V6H7V7.5V8H6.5H1.5H1V7.5V6Z\" fill=\"#876346\"><\/path><\/svg> Difficult\u00e9<br><\/span><span class=\"recipe_tags\"><p>Medio<\/p><\/span><\/td><td class=\"inforecipebassetd\"><span style=\"display: flex; align-items: center; padding:0px; text-align: left; font-size: 12px !Important; color:#876346; text-align: left; padding: 0px !important;\"><svg style=\"display:none !important;\" width=\"7\" height=\"8\" viewBox=\"0 0 7 8\" fill=\"none\" xmlns=\"http:\/\/www.w3.org\/2000\/svg\"><path d=\"M0.5 3.5C0.5 4.57812 1.0625 5.5625 2 6.10938C2.92188 6.64062 4.0625 6.64062 5 6.10938C5.92188 5.5625 6.5 4.57812 6.5 3.5C6.5 2.4375 5.92188 1.45312 5 0.90625C4.0625 0.375 2.92188 0.375 2 0.90625C1.0625 1.45312 0.5 2.4375 0.5 3.5ZM6.5 5.3125C5.875 6.32812 4.76562 7 3.5 7C2.21875 7 1.10938 6.32812 0.5 5.3125V7.5H6.5V5.3125ZM0 3.5C0 1.57812 1.5625 0 3.5 0C5.42188 0 7 1.57812 7 3.5V7.75V8H6.75H0.25H0V7.75V3.5ZM3.75 1.5V1.75V3.40625L4.42188 4.07812L4.59375 4.25L4.25 4.60938L4.0625 4.4375L3.3125 3.6875L3.25 3.60938V3.5V1.75V1.5H3.75Z\" fill=\"#876346\"><\/path><\/svg> Preparaci\u00f3n<br><\/span><span class=\"recipe_tags\"><p>85 min<\/p><\/span><\/td><td class=\"inforecipebassetd\"><span style=\"display: flex; align-items: center; padding:0px; text-align: left; font-size: 12px !Important; color:#876346; text-align: left; padding: 0px !important;\"><svg style=\"display:none !important;\" width=\"9\" height=\"8\" viewBox=\"0 0 9 8\" fill=\"none\" xmlns=\"http:\/\/www.w3.org\/2000\/svg\"><path d=\"M5.1875 1.32812L7.01562 0L7.375 0.359375L5.48438 1.73438C5.4375 1.76562 5.39062 1.8125 5.34375 1.85938L5.3125 1.875C5.10938 2.09375 5 2.375 5 2.65625C5 2.95312 5.10938 3.23438 5.3125 3.45312L5.51562 3.65625C5.73438 3.85938 6.01562 3.96875 6.3125 3.96875C6.59375 3.96875 6.875 3.85938 7.09375 3.65625L7.10938 3.625C7.15625 3.57812 7.20312 3.53125 7.23438 3.48438L8.625 1.59375L8.96875 1.95312L7.64062 3.78125C7.57812 3.85938 7.53125 3.92188 7.46875 3.98438L7.4375 4C7.14062 4.3125 6.73438 4.46875 6.3125 4.46875C5.92188 4.46875 5.53125 4.32812 5.25 4.07812L1.42188 7.90625L1.0625 7.54688L4.89062 3.71875C4.64062 3.4375 4.5 3.04688 4.5 2.65625C4.5 2.23438 4.65625 1.82812 4.96875 1.53125L4.98438 1.5C5.04688 1.4375 5.10938 1.39062 5.1875 1.32812ZM5.4375 2.40625L7.5625 0.546875L7.92188 0.90625L5.76562 2.78125L5.65625 2.89062L5.29688 2.53125L5.4375 2.40625ZM6.4375 3.67188L6.07812 3.3125L6.1875 3.20312L8.0625 1.04688L8.42188 1.40625L6.5625 3.53125L6.4375 3.67188ZM0.71875 0.1875L0.90625 0.03125L1.07812 0.203125L4.28125 3.625L3.92188 3.98438L0.890625 0.75C0.859375 0.796875 0.8125 0.84375 0.78125 0.921875C0.640625 1.14062 0.5 1.46875 0.5 1.84375C0.5 2.17188 0.640625 2.57812 1.03125 3.15625C1.40625 3.70312 1.96875 4.34375 2.76562 5.14062L2.40625 5.5C1.60938 4.6875 1.01562 4.01562 0.625 3.4375C0.21875 2.84375 0 2.3125 0 1.84375C0 1.34375 0.171875 0.9375 0.359375 0.65625C0.453125 0.5 0.53125 0.390625 0.609375 0.3125C0.640625 0.28125 0.671875 0.25 0.6875 0.21875C0.703125 0.21875 0.703125 0.203125 0.71875 0.203125V0.1875C0.71875 0.1875 0.71875 0.1875 0.890625 0.375L0.71875 0.1875ZM7.60938 7.95312L4.95312 5.07812L5.29688 4.73438L7.96875 7.60938L7.60938 7.95312Z\" fill=\"#876346\"><\/path><\/svg> Dosis por raci\u00f3n<br><\/span><span class=\"recipe_tags\"><p>4-6 per.<\/p><\/span><\/td><\/tr><\/tbody><\/table><div class=\"recipe_title\"><h3>C\u00fapula de coles de saboya<\/h3><\/div><\/div><\/a><\/div>[\/et_pb_code][\/et_pb_column][\/et_pb_row][et_pb_row module_class=\u00bbscopri_btn\u00bb _builder_version=\u00bb4.19.1&#8243; _module_preset=\u00bbdefault\u00bb custom_margin=\u00bb13px|auto||auto||\u00bb custom_padding=\u00bb||38px|||\u00bb locked=\u00bboff\u00bb global_colors_info=\u00bb{}\u00bb][et_pb_column type=\u00bb4_4&#8243; _builder_version=\u00bb4.19.1&#8243; _module_preset=\u00bbdefault\u00bb global_colors_info=\u00bb{}\u00bb][et_pb_button button_url=\u00bb\/es\/momentos-de-consumo\/\u00bb button_text=\u00bbDESC\u00daBRE TODAS LAS RECETAS\u00bb button_alignment=\u00bbcenter\u00bb _builder_version=\u00bb4.21.0&#8243; _module_preset=\u00bbdefault\u00bb custom_button=\u00bbon\u00bb button_text_size=\u00bb23px\u00bb button_text_color=\u00bb#0f0f0f\u00bb button_border_width=\u00bb1px\u00bb button_border_color=\u00bb#221f1c\u00bb button_border_radius=\u00bb40px\u00bb button_font=\u00bbMerriweather|700|||||||\u00bb button_icon=\u00bb&#x35;||divi||400&#8243; button_icon_color=\u00bb#000000&#8243; button_on_hover=\u00bboff\u00bb custom_margin=\u00bb-1px|||||\u00bb custom_padding=\u00bb3px||3px|||\u00bb hover_enabled=\u00bb0&#8243; global_colors_info=\u00bb{}\u00bb button_bg_color__hover_enabled=\u00bbon|hover\u00bb button_bg_color__hover=\u00bb#0f0f0f\u00bb button_bg_enable_color__hover=\u00bbon\u00bb button_text_color__hover_enabled=\u00bbon|hover\u00bb button_text_color__hover=\u00bb#FFFFFF\u00bb button_icon_color__hover_enabled=\u00bbon|hover\u00bb button_icon_color__hover=\u00bb#FFFFFF\u00bb sticky_enabled=\u00bb0&#8243;][\/et_pb_button][\/et_pb_column][\/et_pb_row][\/et_pb_section]<\/p>\n","protected":false},"excerpt":{"rendered":"<p><div class=\"breadcrumb\"><a href=\"https:\/\/www.granapadano.it\/es\/\">Inicio<\/a>  <  <\/div><div class=\"recipe_social_main\"><div class=\"recipe_like_section \"><a href=\"javascript:\" class=\"recipe_like_btn dev_like_btn\" data-id=\"36409\"><img decoding=\"async\" src=\"https:\/\/granapadano.kleecks-cdn.com\/wp-content\/uploads\/2022\/12\/like_thumb.png\"><span>Me gusta<\/span><\/a><\/div><div class=\"recipe_liked_count dev_liked_count\"><img decoding=\"async\" src=\"https:\/\/granapadano.kleecks-cdn.com\/wp-content\/uploads\/2022\/12\/heart_like.png\"><span>Con alegr\u00eda <em>13<\/em><\/span><\/div><div class=\"recipe_social_share\"><p>Comparte<\/p><ul><li><a href=\"https:\/\/www.facebook.com\/sharer.php?u=https:\/\/www.granapadano.it\/es\/recetas\/aperi-snack-y-picoteo\/cupcakes-salados-con-calabaza-y-grana-padano\/\" class=\"recipe_like_btn\" target=\"_blank\"><img decoding=\"async\" src=\"https:\/\/granapadano.kleecks-cdn.com\/wp-content\/uploads\/2022\/12\/fb.png\"><\/a><\/li><li><a href=\"https:\/\/pinterest.com\/pin\/create\/button\/?url=https:\/\/www.granapadano.it\/es\/recetas\/aperi-snack-y-picoteo\/cupcakes-salados-con-calabaza-y-grana-padano\/&media=https:\/\/www.granapadano.it\/wp-content\/uploads\/2023\/02\/cupcake-salati-p.jpg&description=Cupcakes salados con calabaza y Grana Padano\" class=\"recipe_like_btn\" target=\"_blank\"><img decoding=\"async\" src=\"https:\/\/granapadano.kleecks-cdn.com\/wp-content\/uploads\/2022\/12\/print.png\"><\/a><\/li><li><a href=\"https:\/\/twitter.com\/share?text=Cupcakes salados con calabaza y Grana Padano&url=https:\/\/www.granapadano.it\/es\/recetas\/aperi-snack-y-picoteo\/cupcakes-salados-con-calabaza-y-grana-padano\/\" class=\"recipe_like_btn\" target=\"_blank\"><img decoding=\"async\" src=\"https:\/\/granapadano.kleecks-cdn.com\/wp-content\/uploads\/2022\/12\/twitter.png\"><\/a><\/li><ul><\/div><\/div><div class=\"related_tax\"><span class=\"tax_name\">Grana Padano<\/span><span class=\"tax_name\">Dulce<\/span><span class=\"tax_name\">Salado<\/span><\/div>Ingr\u00e9dients300 g de courge musqu\u00e9e250 g de farine T45150 g de Grana Padano250 ml de lait entier\u00bd \u00e9chalote2 \u0153ufs1 bouquet de romarinhuile d\u2019olive vierge extra\u00bd 1 sachet de levure s\u00e8che de boulangerselpoivrePr\u00e9paration STEP 1Couper la courge et en gros morceaux et la faire cuire dans une po\u00eale antiadh\u00e9sive avec l\u2019\u00e9chalote hach\u00e9e, le romarin et un [&hellip;]<\/p>\n","protected":false},"author":6,"featured_media":36425,"menu_order":1982,"comment_status":"open","ping_status":"closed","template":"","meta":{"_acf_changed":false,"_et_pb_use_builder":"on","_et_pb_old_content":"","_et_gb_content_width":"","footnotes":""},"recipe_cat":[3423],"stagionatura":[100],"variety":[116,220],"tempo":[120],"intolerance":[],"class_list":["post-36409","recipe","type-recipe","status-publish","has-post-thumbnail","hentry"],"acf":[],"yoast_head":"<!-- This site is optimized with the Yoast SEO plugin v27.4 - https:\/\/yoast.com\/product\/yoast-seo-wordpress\/ -->\n<title>Cupcakes salados con calabaza y Grana Padano - Grana Padano<\/title>\n<meta name=\"robots\" content=\"index, follow, max-snippet:-1, max-image-preview:large, max-video-preview:-1\" \/>\n<link rel=\"canonical\" href=\"https:\/\/www.granapadano.it\/es\/recetas\/aperi-snack-y-picoteo\/cupcakes-salados-con-calabaza-y-grana-padano\/\" \/>\n<meta property=\"og:locale\" content=\"es_ES\" \/>\n<meta property=\"og:type\" content=\"article\" \/>\n<meta property=\"og:title\" content=\"Cupcakes salados con calabaza y Grana Padano - Grana Padano\" \/>\n<meta property=\"og:description\" content=\"Ingr\u00e9dients300 g de courge musqu\u00e9e250 g de farine T45150 g de Grana Padano250 ml de lait entier\u00bd \u00e9chalote2 \u0153ufs1 bouquet de romarinhuile d\u2019olive vierge extra\u00bd 1 sachet de levure s\u00e8che de boulangerselpoivrePr\u00e9paration STEP 1Couper la courge et en gros morceaux et la faire cuire dans une po\u00eale antiadh\u00e9sive avec l\u2019\u00e9chalote hach\u00e9e, le romarin et un [&hellip;]\" \/>\n<meta property=\"og:url\" content=\"https:\/\/www.granapadano.it\/es\/recetas\/aperi-snack-y-picoteo\/cupcakes-salados-con-calabaza-y-grana-padano\/\" \/>\n<meta property=\"og:site_name\" content=\"Grana Padano\" \/>\n<meta property=\"article:modified_time\" content=\"2023-06-27T10:39:11+00:00\" \/>\n<meta property=\"og:image\" content=\"https:\/\/granapadano.kleecks-cdn.com\/wp-content\/uploads\/2023\/02\/cupcake-salati-p.jpg\" \/>\n\t<meta property=\"og:image:width\" content=\"395\" \/>\n\t<meta property=\"og:image:height\" content=\"395\" \/>\n\t<meta property=\"og:image:type\" content=\"image\/jpeg\" \/>\n<meta name=\"twitter:card\" content=\"summary_large_image\" \/>\n<meta name=\"twitter:label1\" content=\"Tiempo de lectura\" \/>\n\t<meta name=\"twitter:data1\" content=\"3 minutos\" \/>\n<script type=\"application\/ld+json\" class=\"yoast-schema-graph\">{\"@context\":\"https:\\\/\\\/schema.org\",\"@graph\":[{\"@type\":\"WebPage\",\"@id\":\"https:\\\/\\\/www.granapadano.it\\\/es\\\/recetas\\\/aperi-snack-y-picoteo\\\/cupcakes-salados-con-calabaza-y-grana-padano\\\/\",\"url\":\"https:\\\/\\\/www.granapadano.it\\\/es\\\/recetas\\\/aperi-snack-y-picoteo\\\/cupcakes-salados-con-calabaza-y-grana-padano\\\/\",\"name\":\"Cupcakes salados con calabaza y Grana Padano - Grana Padano\",\"isPartOf\":{\"@id\":\"https:\\\/\\\/www.granapadano.it\\\/es\\\/#website\"},\"primaryImageOfPage\":{\"@id\":\"https:\\\/\\\/www.granapadano.it\\\/es\\\/recetas\\\/aperi-snack-y-picoteo\\\/cupcakes-salados-con-calabaza-y-grana-padano#primaryimage\"},\"image\":{\"@id\":\"https:\\\/\\\/www.granapadano.it\\\/es\\\/recetas\\\/aperi-snack-y-picoteo\\\/cupcakes-salados-con-calabaza-y-grana-padano#primaryimage\"},\"thumbnailUrl\":\"https:\\\/\\\/granapadano.kleecks-cdn.com\\\/wp-content\\\/uploads\\\/2023\\\/02\\\/cupcake-salati-p.jpg\",\"datePublished\":\"2023-02-17T14:58:58+00:00\",\"dateModified\":\"2023-06-27T10:39:11+00:00\",\"breadcrumb\":{\"@id\":\"https:\\\/\\\/www.granapadano.it\\\/es\\\/recetas\\\/aperi-snack-y-picoteo\\\/cupcakes-salados-con-calabaza-y-grana-padano#breadcrumb\"},\"inLanguage\":\"es\",\"potentialAction\":[{\"@type\":\"ReadAction\",\"target\":[\"https:\\\/\\\/www.granapadano.it\\\/es\\\/recetas\\\/aperi-snack-y-picoteo\\\/cupcakes-salados-con-calabaza-y-grana-padano\\\/\"]}]},{\"@type\":\"ImageObject\",\"inLanguage\":\"es\",\"@id\":\"https:\\\/\\\/www.granapadano.it\\\/es\\\/recetas\\\/aperi-snack-y-picoteo\\\/cupcakes-salados-con-calabaza-y-grana-padano#primaryimage\",\"url\":\"https:\\\/\\\/granapadano.kleecks-cdn.com\\\/wp-content\\\/uploads\\\/2023\\\/02\\\/cupcake-salati-p.jpg\",\"contentUrl\":\"https:\\\/\\\/granapadano.kleecks-cdn.com\\\/wp-content\\\/uploads\\\/2023\\\/02\\\/cupcake-salati-p.jpg\",\"width\":395,\"height\":395},{\"@type\":\"BreadcrumbList\",\"@id\":\"https:\\\/\\\/www.granapadano.it\\\/es\\\/recetas\\\/aperi-snack-y-picoteo\\\/cupcakes-salados-con-calabaza-y-grana-padano#breadcrumb\",\"itemListElement\":[{\"@type\":\"ListItem\",\"position\":1,\"name\":\"Home\",\"item\":\"https:\\\/\\\/www.granapadano.it\\\/es\\\/\"},{\"@type\":\"ListItem\",\"position\":2,\"name\":\"Cupcakes salados con calabaza y Grana Padano\"}]},{\"@type\":\"WebSite\",\"@id\":\"https:\\\/\\\/www.granapadano.it\\\/es\\\/#website\",\"url\":\"https:\\\/\\\/www.granapadano.it\\\/es\\\/\",\"name\":\"Grana Padano\",\"description\":\"\",\"potentialAction\":[{\"@type\":\"SearchAction\",\"target\":{\"@type\":\"EntryPoint\",\"urlTemplate\":\"https:\\\/\\\/www.granapadano.it\\\/es\\\/?s={search_term_string}\"},\"query-input\":{\"@type\":\"PropertyValueSpecification\",\"valueRequired\":true,\"valueName\":\"search_term_string\"}}],\"inLanguage\":\"es\"}]}<\/script>\n<!-- \/ Yoast SEO plugin. -->","yoast_head_json":{"title":"Cupcakes salados con calabaza y Grana Padano - Grana Padano","robots":{"index":"index","follow":"follow","max-snippet":"max-snippet:-1","max-image-preview":"max-image-preview:large","max-video-preview":"max-video-preview:-1"},"canonical":"https:\/\/www.granapadano.it\/es\/recetas\/aperi-snack-y-picoteo\/cupcakes-salados-con-calabaza-y-grana-padano\/","og_locale":"es_ES","og_type":"article","og_title":"Cupcakes salados con calabaza y Grana Padano - Grana Padano","og_description":"Ingr\u00e9dients300 g de courge musqu\u00e9e250 g de farine T45150 g de Grana Padano250 ml de lait entier\u00bd \u00e9chalote2 \u0153ufs1 bouquet de romarinhuile d\u2019olive vierge extra\u00bd 1 sachet de levure s\u00e8che de boulangerselpoivrePr\u00e9paration STEP 1Couper la courge et en gros morceaux et la faire cuire dans une po\u00eale antiadh\u00e9sive avec l\u2019\u00e9chalote hach\u00e9e, le romarin et un [&hellip;]","og_url":"https:\/\/www.granapadano.it\/es\/recetas\/aperi-snack-y-picoteo\/cupcakes-salados-con-calabaza-y-grana-padano\/","og_site_name":"Grana Padano","article_modified_time":"2023-06-27T10:39:11+00:00","og_image":[{"width":395,"height":395,"url":"https:\/\/granapadano.kleecks-cdn.com\/wp-content\/uploads\/2023\/02\/cupcake-salati-p.jpg","type":"image\/jpeg"}],"twitter_card":"summary_large_image","twitter_misc":{"Tiempo de lectura":"3 minutos"},"schema":{"@context":"https:\/\/schema.org","@graph":[{"@type":"WebPage","@id":"https:\/\/www.granapadano.it\/es\/recetas\/aperi-snack-y-picoteo\/cupcakes-salados-con-calabaza-y-grana-padano\/","url":"https:\/\/www.granapadano.it\/es\/recetas\/aperi-snack-y-picoteo\/cupcakes-salados-con-calabaza-y-grana-padano\/","name":"Cupcakes salados con calabaza y Grana Padano - Grana Padano","isPartOf":{"@id":"https:\/\/www.granapadano.it\/es\/#website"},"primaryImageOfPage":{"@id":"https:\/\/www.granapadano.it\/es\/recetas\/aperi-snack-y-picoteo\/cupcakes-salados-con-calabaza-y-grana-padano#primaryimage"},"image":{"@id":"https:\/\/www.granapadano.it\/es\/recetas\/aperi-snack-y-picoteo\/cupcakes-salados-con-calabaza-y-grana-padano#primaryimage"},"thumbnailUrl":"https:\/\/granapadano.kleecks-cdn.com\/wp-content\/uploads\/2023\/02\/cupcake-salati-p.jpg","datePublished":"2023-02-17T14:58:58+00:00","dateModified":"2023-06-27T10:39:11+00:00","breadcrumb":{"@id":"https:\/\/www.granapadano.it\/es\/recetas\/aperi-snack-y-picoteo\/cupcakes-salados-con-calabaza-y-grana-padano#breadcrumb"},"inLanguage":"es","potentialAction":[{"@type":"ReadAction","target":["https:\/\/www.granapadano.it\/es\/recetas\/aperi-snack-y-picoteo\/cupcakes-salados-con-calabaza-y-grana-padano\/"]}]},{"@type":"ImageObject","inLanguage":"es","@id":"https:\/\/www.granapadano.it\/es\/recetas\/aperi-snack-y-picoteo\/cupcakes-salados-con-calabaza-y-grana-padano#primaryimage","url":"https:\/\/granapadano.kleecks-cdn.com\/wp-content\/uploads\/2023\/02\/cupcake-salati-p.jpg","contentUrl":"https:\/\/granapadano.kleecks-cdn.com\/wp-content\/uploads\/2023\/02\/cupcake-salati-p.jpg","width":395,"height":395},{"@type":"BreadcrumbList","@id":"https:\/\/www.granapadano.it\/es\/recetas\/aperi-snack-y-picoteo\/cupcakes-salados-con-calabaza-y-grana-padano#breadcrumb","itemListElement":[{"@type":"ListItem","position":1,"name":"Home","item":"https:\/\/www.granapadano.it\/es\/"},{"@type":"ListItem","position":2,"name":"Cupcakes salados con calabaza y Grana Padano"}]},{"@type":"WebSite","@id":"https:\/\/www.granapadano.it\/es\/#website","url":"https:\/\/www.granapadano.it\/es\/","name":"Grana Padano","description":"","potentialAction":[{"@type":"SearchAction","target":{"@type":"EntryPoint","urlTemplate":"https:\/\/www.granapadano.it\/es\/?s={search_term_string}"},"query-input":{"@type":"PropertyValueSpecification","valueRequired":true,"valueName":"search_term_string"}}],"inLanguage":"es"}]}},"_links":{"self":[{"href":"https:\/\/www.granapadano.it\/es\/wp-json\/wp\/v2\/recipe\/36409","targetHints":{"allow":["GET"]}}],"collection":[{"href":"https:\/\/www.granapadano.it\/es\/wp-json\/wp\/v2\/recipe"}],"about":[{"href":"https:\/\/www.granapadano.it\/es\/wp-json\/wp\/v2\/types\/recipe"}],"author":[{"embeddable":true,"href":"https:\/\/www.granapadano.it\/es\/wp-json\/wp\/v2\/users\/6"}],"replies":[{"embeddable":true,"href":"https:\/\/www.granapadano.it\/es\/wp-json\/wp\/v2\/comments?post=36409"}],"version-history":[{"count":2,"href":"https:\/\/www.granapadano.it\/es\/wp-json\/wp\/v2\/recipe\/36409\/revisions"}],"predecessor-version":[{"id":104988,"href":"https:\/\/www.granapadano.it\/es\/wp-json\/wp\/v2\/recipe\/36409\/revisions\/104988"}],"wp:featuredmedia":[{"embeddable":true,"href":"https:\/\/www.granapadano.it\/es\/wp-json\/wp\/v2\/media\/36425"}],"wp:attachment":[{"href":"https:\/\/www.granapadano.it\/es\/wp-json\/wp\/v2\/media?parent=36409"}],"wp:term":[{"taxonomy":"recipe_cat","embeddable":true,"href":"https:\/\/www.granapadano.it\/es\/wp-json\/wp\/v2\/recipe_cat?post=36409"},{"taxonomy":"stagionatura","embeddable":true,"href":"https:\/\/www.granapadano.it\/es\/wp-json\/wp\/v2\/stagionatura?post=36409"},{"taxonomy":"variety","embeddable":true,"href":"https:\/\/www.granapadano.it\/es\/wp-json\/wp\/v2\/variety?post=36409"},{"taxonomy":"tempo","embeddable":true,"href":"https:\/\/www.granapadano.it\/es\/wp-json\/wp\/v2\/tempo?post=36409"},{"taxonomy":"intolerance","embeddable":true,"href":"https:\/\/www.granapadano.it\/es\/wp-json\/wp\/v2\/intolerance?post=36409"}],"curies":[{"name":"wp","href":"https:\/\/api.w.org\/{rel}","templated":true}]}}