{"id":78271,"date":"2023-01-24T21:44:47","date_gmt":"2023-01-24T21:44:47","guid":{"rendered":"https:\/\/www.granapadano.it\/curiosidades-y-eventos\/eventi\/"},"modified":"2026-03-27T09:19:57","modified_gmt":"2026-03-27T09:19:57","slug":"eventos","status":"publish","type":"page","link":"https:\/\/www.granapadano.it\/es\/el-mundo-de-grana-padano\/eventos\/","title":{"rendered":"Eventos"},"content":{"rendered":"<p>[et_pb_section fb_built=\u00bb1&#8243; module_class=\u00bbproduction_sub_hub_main_wrapper\u00bb _builder_version=\u00bb4.19.3&#8243; _module_preset=\u00bbdefault\u00bb custom_padding=\u00bb13px||0px|||\u00bb global_colors_info=\u00bb{}\u00bb][et_pb_row module_class=\u00bbrecipe_filter_section\u00bb _builder_version=\u00bb4.19.4&#8243; _module_preset=\u00bbdefault\u00bb max_width=\u00bb90%\u00bb custom_padding=\u00bb||7px|||\u00bb global_colors_info=\u00bb{}\u00bb][et_pb_column type=\u00bb4_4&#8243; _builder_version=\u00bb4.19.4&#8243; _module_preset=\u00bbdefault\u00bb global_colors_info=\u00bb{}\u00bb][et_pb_code _builder_version=\u00bb4.19.4&#8243; _module_preset=\u00bbdefault\u00bb global_colors_info=\u00bb{}\u00bb]<div class=\"breadcrumb\"><a href=\"https:\/\/www.granapadano.it\/es\/\">Inicio<\/a>  <  <\/div>[\/et_pb_code][\/et_pb_column][\/et_pb_row][\/et_pb_section][et_pb_section fb_built=\u00bb1&#8243; _builder_version=\u00bb4.19.4&#8243; _module_preset=\u00bbdefault\u00bb custom_padding=\u00bb0px||0px|||\u00bb global_colors_info=\u00bb{}\u00bb][et_pb_row module_class=\u00bbgp_curiosita_ed_eventi_title\u00bb _builder_version=\u00bb4.19.5&#8243; _module_preset=\u00bbdefault\u00bb custom_padding=\u00bb||0px|||\u00bb global_colors_info=\u00bb{}\u00bb][et_pb_column type=\u00bb4_4&#8243; _builder_version=\u00bb4.19.4&#8243; _module_preset=\u00bbdefault\u00bb global_colors_info=\u00bb{}\u00bb][et_pb_text _builder_version=\u00bb4.21.0&#8243; _module_preset=\u00bbdefault\u00bb text_font=\u00bbMerriweather|700|||||||\u00bb text_text_color=\u00bb#0f0f0f\u00bb text_font_size=\u00bb56px\u00bb text_line_height=\u00bb62px\u00bb text_orientation=\u00bbcenter\u00bb width=\u00bb90%\u00bb custom_margin=\u00bb-12px||7px|||\u00bb global_colors_info=\u00bb{}\u00bb]<\/p>\n<p style=\"text-align: center;\">\n<h1 style=\"text-align: center;font-size:38px\">Eventi<\/h1>\n<\/p>\n<p>[\/et_pb_text][\/et_pb_column][\/et_pb_row][\/et_pb_section][et_pb_section fb_built=\u00bb1&#8243; _builder_version=\u00bb4.19.5&#8243; _module_preset=\u00bbdefault\u00bb custom_padding=\u00bb0px|||||\u00bb global_colors_info=\u00bb{}\u00bb][et_pb_row module_class=\u00bbgp_eventi_items\u00bb _builder_version=\u00bb4.19.5&#8243; _module_preset=\u00bbdefault\u00bb global_colors_info=\u00bb{}\u00bb][et_pb_column type=\u00bb4_4&#8243; _builder_version=\u00bb4.19.5&#8243; _module_preset=\u00bbdefault\u00bb global_colors_info=\u00bb{}\u00bb][et_pb_code _builder_version=\u00bb4.19.5&#8243; _module_preset=\u00bbdefault\u00bb custom_padding=\u00bb0px|||||\u00bb global_colors_info=\u00bb{}\u00bb]<!--<HR><PRE>WP_Term Object\n(\n    [term_id] => 2982\n    [name] => Eventos\n    [slug] => eventos\n    [term_group] => 0\n    [term_taxonomy_id] => 2982\n    [taxonomy] => article_cat\n    [description] => \n    [parent] => 0\n    [count] => 8\n    [filter] => raw\n    [term_order] => 69\n)\n<\/PRE><HR>--><div class=\"gp_pagination_area top_pagination_area \"><div class=\"gp_pagination top_pagination article_pagination\"><div class=\"gp_year_filter top\"><form method=\"POST\" class=\"year_filter_top\" action=\"https:\/\/www.granapadano.it\/es\/el-mundo-de-grana-padano\/eventos\/\"><ul><li class=\"active\"><a href=\"https:\/\/www.granapadano.it\/es\/el-mundo-de-grana-padano\/eventos\/\">todos <\/a><\/li><li class=\"\"> | \n                <label><input type=\"checkbox\" class=\"year_selection\" name=\"post-year[]\" value=\"2022\"  \/>2022<\/label><\/li><li class=\"\"> | \n                <label><input type=\"checkbox\" class=\"year_selection\" name=\"post-year[]\" value=\"2021\"  \/>2021<\/label><\/li><li class=\"\"> | \n                <label><input type=\"checkbox\" class=\"year_selection\" name=\"post-year[]\" value=\"2020\"  \/>2020<\/label><\/li><\/ul><\/form><\/div><div class=\"gp_all_recipe_area\"><span class=\"all_recipe_link\"><a href=\"https:\/\/www.granapadano.it\/es\/el-mundo-de-grana-padano\/eventos\/\">Ver todo<\/a><\/span><\/div><\/div><\/div><div class=\"article_main\"><div class=\"article_item article_media\"><div class=\"article_item_wrap\"><a class=\"gp_video_link\" href=\"https:\/\/www.granapadano.it\/es\/el-mundo-de-grana-padano\/eventos\/grana-padano-week-la-dop-de-quesos-mas-consumida-del-mundo-celebra-su-iv-edicion-en-madrid-y-barcelona\/\" ><div class=\"article_img\"><img decoding=\"async\" src=\"https:\/\/granapadano.kleecks-cdn.com\/wp-content\/uploads\/2023\/03\/thumb.png\"><\/div><div class=\"article_details\"><h4 class=\"article-date\">2022<\/h4><h3 class=\"article-title\">\u2018Grana Padano Week\u2019: la DOP de quesos m\u00e1s consumida del mundo celebra su IV edici\u00f3n en Madrid y Barcelona<\/h3><p class=\"article-title\">Madrid celebra por cuarto a\u00f1o consecutivo la \u2018Grana Padano Week\u2019, una celebraci\u00f3n a la que se suma Barcelona por segunda vez tras el \u00e9xito cosechado en la anterior edici\u00f3n. <\/p><div class=\"article_link_wrap\"><span class=\"article_link\"><img decoding=\"async\" src=\"https:\/\/granapadano.kleecks-cdn.com\/wp-content\/uploads\/2022\/12\/next.svg\"><\/span><\/div><\/div><\/a><\/div><\/div><div class=\"article_item article_media\"><div class=\"article_item_wrap\"><a class=\"gp_video_link\" href=\"https:\/\/www.granapadano.it\/es\/el-mundo-de-grana-padano\/eventos\/grana-padano-celebra-la-iii-edicion-de-la-ruta-del-helado-artesanal-en-20-heladerias-de-madrid-y-barcelona\/\" ><div class=\"article_img\"><img decoding=\"async\" src=\"https:\/\/granapadano.kleecks-cdn.com\/wp-content\/uploads\/2023\/03\/thumb.jpg\"><\/div><div class=\"article_details\"><h4 class=\"article-date\">2022<\/h4><h3 class=\"article-title\">Grana Padano celebra la III edici\u00f3n de la \u2018Ruta del Helado Artesanal\u2019 en 20 helader\u00edas de Madrid y Barcelona<\/h3><p class=\"article-title\">\u200bMadrid y Barcelona celebran por tercer a\u00f1o consecutivo la \u2018Ruta del Helado Artesanal de Grana Padano\u2019. Durante julio y agosto, se homenajear\u00e1 a la DOP de quesos m\u00e1s consumida del mundo de una manera divertida y fresca.<\/p><div class=\"article_link_wrap\"><span class=\"article_link\"><img decoding=\"async\" src=\"https:\/\/granapadano.kleecks-cdn.com\/wp-content\/uploads\/2022\/12\/next.svg\"><\/span><\/div><\/div><\/a><\/div><\/div><div class=\"article_item article_media\"><div class=\"article_item_wrap\"><a class=\"gp_video_link\" href=\"https:\/\/www.granapadano.it\/es\/el-mundo-de-grana-padano\/eventos\/grana-padano-d-o-p-el-aperitivo-perfecto-de-esta-navidad-para-llevar-el-autentico-sabor-de-italia-a-la-mesa\/\" ><div class=\"article_img\"><img decoding=\"async\" src=\"https:\/\/granapadano.kleecks-cdn.com\/wp-content\/uploads\/2023\/03\/thumb-13.jpg\"><\/div><div class=\"article_details\"><h4 class=\"article-date\">2021<\/h4><h3 class=\"article-title\">Grana Padano DOP, el aperitivo perfecto de esta navidad para llevar el aut\u00e9ntico sabor de Italia a la mesa<\/h3><p class=\"article-title\">Grana Padano DOP est\u00e1 envuelto en un halo de misterio, historia y tradici\u00f3n. Son estos tres pilares los que hacen de este queso artesanal uno de los mejores aperitivos con los que agasajar a tus invitados para dejarles el mejor sabor de boca.<\/p><div class=\"article_link_wrap\"><span class=\"article_link\"><img decoding=\"async\" src=\"https:\/\/granapadano.kleecks-cdn.com\/wp-content\/uploads\/2022\/12\/next.svg\"><\/span><\/div><\/div><\/a><\/div><\/div><div class=\"article_item article_media\"><div class=\"article_item_wrap\"><a class=\"gp_video_link\" href=\"https:\/\/www.granapadano.it\/es\/el-mundo-de-grana-padano\/eventos\/iii-edicion-de-la-grana-padano-week\/\" ><div class=\"article_img\"><img decoding=\"async\" src=\"https:\/\/granapadano.kleecks-cdn.com\/wp-content\/uploads\/2023\/03\/thumb-1.jpg\"><\/div><div class=\"article_details\"><h4 class=\"article-date\">2021<\/h4><h3 class=\"article-title\">III edici\u00f3n de la Grana Padano Week<\/h3><p class=\"article-title\">Del 8 al 17 de octubre descubre los platos de la singular ruta de sabores de Madrid y Barcelona<\/p><div class=\"article_link_wrap\"><span class=\"article_link\"><img decoding=\"async\" src=\"https:\/\/granapadano.kleecks-cdn.com\/wp-content\/uploads\/2022\/12\/next.svg\"><\/span><\/div><\/div><\/a><\/div><\/div><div class=\"article_item article_media\"><div class=\"article_item_wrap\"><a class=\"gp_video_link\" href=\"https:\/\/www.granapadano.it\/es\/el-mundo-de-grana-padano\/eventos\/grana-padano-celebra-la-ii-edicion-de-la-ruta-del-helado-artesanal\/\" ><div class=\"article_img\"><img decoding=\"async\" src=\"https:\/\/granapadano.kleecks-cdn.com\/wp-content\/uploads\/2023\/03\/copertinagel-46794.jpg\"><\/div><div class=\"article_details\"><h4 class=\"article-date\">2021<\/h4><h3 class=\"article-title\">Grana Padano celebra la II edici\u00f3n de la \u2018ruta del Helado Artesanal\"<\/h3><p class=\"article-title\">Madrid inaugura por segundo a\u00f1o consecutivo la \u2018Ruta del Helado Artesanal de Queso Grana Padano\u2019, una celebraci\u00f3n, en 26 helader\u00edas, a la que se suma Barcelona por primera vez.<\/p><div class=\"article_link_wrap\"><span class=\"article_link\"><img decoding=\"async\" src=\"https:\/\/granapadano.kleecks-cdn.com\/wp-content\/uploads\/2022\/12\/next.svg\"><\/span><\/div><\/div><\/a><\/div><\/div><div class=\"article_item article_media\"><div class=\"article_item_wrap\"><a class=\"gp_video_link\" href=\"https:\/\/www.granapadano.it\/es\/el-mundo-de-grana-padano\/eventos\/madrid-acoge-el-primer-festival-de-la-cheesecake-de-grana-padano-durante-todo-el-mes-de-mayo\/\" ><div class=\"article_img\"><img decoding=\"async\" src=\"https:\/\/granapadano.kleecks-cdn.com\/wp-content\/uploads\/2023\/03\/thumb-3.jpg\"><\/div><div class=\"article_details\"><h4 class=\"article-date\">2021<\/h4><h3 class=\"article-title\">Madrid acoge el primer \u2018Festival de la cheesecake de Grana Padano\u2019 durante todo el mes de mayo<\/h3><p class=\"article-title\">Madrid acoge la primera edici\u00f3n del \u2018Festival de la cheesecake de Grana Padano\u2019, un homenaje a la DOP de quesos m\u00e1s consumida del mundo, de la mano de uno de los postres de la gastronom\u00eda mediterr\u00e1nea por excelencia. <\/p><div class=\"article_link_wrap\"><span class=\"article_link\"><img decoding=\"async\" src=\"https:\/\/granapadano.kleecks-cdn.com\/wp-content\/uploads\/2022\/12\/next.svg\"><\/span><\/div><\/div><\/a><\/div><\/div><div class=\"article_item article_media\"><div class=\"article_item_wrap\"><a class=\"gp_video_link\" href=\"https:\/\/www.granapadano.it\/es\/el-mundo-de-grana-padano\/eventos\/grana-padano-riserva-y-murillo-cafe-presentan-un-menu-unico-inspirado-en-las-mejores-recetas-del-mediterraneo-y-latinoamerica\/\" ><div class=\"article_img\"><img decoding=\"async\" src=\"https:\/\/granapadano.kleecks-cdn.com\/wp-content\/uploads\/2023\/03\/thumb-4.jpg\"><\/div><div class=\"article_details\"><h4 class=\"article-date\">2020<\/h4><h3 class=\"article-title\">Grana Padano Riserva y Murillo caf\u00e9 presentan un men\u00fa \u00fanico inspirado en las mejores recetas del mediterr\u00e1neo y latinoam\u00e9rica<\/h3><p class=\"article-title\">Grana Padano DOP, la Denominaci\u00f3n de Origen Protegida de quesos m\u00e1s vendida del mundo, y el bistr\u00f3 Murillo Caf\u00e9 presenta un men\u00fa \u00fanico donde la cocina italiana y la cocina latinoamericana son las protagonistas.<\/p><div class=\"article_link_wrap\"><span class=\"article_link\"><img decoding=\"async\" src=\"https:\/\/granapadano.kleecks-cdn.com\/wp-content\/uploads\/2022\/12\/next.svg\"><\/span><\/div><\/div><\/a><\/div><\/div><div class=\"article_item article_media\"><div class=\"article_item_wrap\"><a class=\"gp_video_link\" href=\"https:\/\/www.granapadano.it\/es\/el-mundo-de-grana-padano\/eventos\/la-ruta-del-helado-artesanal-de-queso-grana-padano\/\" ><div class=\"article_img\"><img decoding=\"async\" src=\"https:\/\/granapadano.kleecks-cdn.com\/wp-content\/uploads\/2023\/03\/thumb-14.jpg\"><\/div><div class=\"article_details\"><h4 class=\"article-date\">2020<\/h4><h3 class=\"article-title\">La ruta del helado artesanal de queso Grana Padano<\/h3><p class=\"article-title\">Madrid inaugura la primera \u201cRuta del helado artesanal de queso Grana Padano\u201d, un homenaje a la DOP de quesos m\u00e1s vendida del mundo de una forma divertida y fresca para hacer frente a las altas temperaturas del verano.<\/p><div class=\"article_link_wrap\"><span class=\"article_link\"><img decoding=\"async\" src=\"https:\/\/granapadano.kleecks-cdn.com\/wp-content\/uploads\/2022\/12\/next.svg\"><\/span><\/div><\/div><\/a><\/div><\/div><\/div><div class=\"gp_pagination_area\"><div class=\"gp_pagination article_pagination\"><div class=\"gp_year_filter bottom\"><form method=\"POST\" class=\"year_filter_bottom\" action=\"https:\/\/www.granapadano.it\/es\/el-mundo-de-grana-padano\/eventos\/\"><ul><li class=\"active\"><a href=\"https:\/\/www.granapadano.it\/es\/el-mundo-de-grana-padano\/eventos\/\">todos <\/a><\/li><li class=\"\"> | \n                <label><input type=\"checkbox\" class=\"year_selection\" name=\"post-year[]\" value=\"2022\"  \/>2022<\/label><\/li><li class=\"\"> | \n                <label><input type=\"checkbox\" class=\"year_selection\" name=\"post-year[]\" value=\"2021\"  \/>2021<\/label><\/li><li class=\"\"> | \n                <label><input type=\"checkbox\" class=\"year_selection\" name=\"post-year[]\" value=\"2020\"  \/>2020<\/label><\/li><\/ul><\/form><\/div><div class=\"gp_all_recipe_area\"><span class=\"all_recipe_link\"><a href=\"https:\/\/www.granapadano.it\/es\/el-mundo-de-grana-padano\/eventos\/\">Ver todo<\/a><\/span><\/div><\/div><\/div>[\/et_pb_code][\/et_pb_column][\/et_pb_row][\/et_pb_section]<\/p>\n","protected":false},"excerpt":{"rendered":"<p><div class=\"breadcrumb\"><a href=\"https:\/\/www.granapadano.it\/es\/\">Inicio<\/a>  <  <\/div>Eventi<!--<HR><PRE>WP_Term Object\n(\n    [term_id] => 2982\n    [name] => Eventos\n    [slug] => eventos\n    [term_group] => 0\n    [term_taxonomy_id] => 2982\n    [taxonomy] => article_cat\n    [description] => \n    [parent] => 0\n    [count] => 8\n    [filter] => raw\n    [term_order] => 69\n)\n<\/PRE><HR>--><div class=\"gp_pagination_area top_pagination_area \"><div class=\"gp_pagination top_pagination article_pagination\"><div class=\"gp_year_filter top\"><form method=\"POST\" class=\"year_filter_top\" action=\"https:\/\/www.granapadano.it\/es\/el-mundo-de-grana-padano\/eventos\/\"><ul><li class=\"active\"><a href=\"https:\/\/www.granapadano.it\/es\/el-mundo-de-grana-padano\/eventos\/\">todos <\/a><\/li><li class=\"\"> | \n                <label><input type=\"checkbox\" class=\"year_selection\" name=\"post-year[]\" value=\"2022\"  \/>2022<\/label><\/li><li class=\"\"> | \n                <label><input type=\"checkbox\" class=\"year_selection\" name=\"post-year[]\" value=\"2021\"  \/>2021<\/label><\/li><li class=\"\"> | \n                <label><input type=\"checkbox\" class=\"year_selection\" name=\"post-year[]\" value=\"2020\"  \/>2020<\/label><\/li><\/ul><\/form><\/div><div class=\"gp_all_recipe_area\"><span class=\"all_recipe_link\"><a href=\"https:\/\/www.granapadano.it\/es\/el-mundo-de-grana-padano\/eventos\/\">Ver todo<\/a><\/span><\/div><\/div><\/div><div class=\"article_main\"><div class=\"article_item article_media\"><div class=\"article_item_wrap\"><a class=\"gp_video_link\" href=\"https:\/\/www.granapadano.it\/es\/el-mundo-de-grana-padano\/eventos\/grana-padano-week-la-dop-de-quesos-mas-consumida-del-mundo-celebra-su-iv-edicion-en-madrid-y-barcelona\/\" ><div class=\"article_img\"><img decoding=\"async\" src=\"https:\/\/granapadano.kleecks-cdn.com\/wp-content\/uploads\/2023\/03\/thumb.png\"><\/div><div class=\"article_details\"><h4 class=\"article-date\">2022<\/h4><h3 class=\"article-title\">\u2018Grana Padano Week\u2019: la DOP de quesos m\u00e1s consumida del mundo celebra su IV edici\u00f3n en Madrid y Barcelona<\/h3><p class=\"article-title\">Madrid celebra por cuarto a\u00f1o consecutivo la \u2018Grana Padano Week\u2019, una celebraci\u00f3n a la que se suma Barcelona por segunda vez tras el \u00e9xito cosechado en la anterior edici\u00f3n. <\/p><div class=\"article_link_wrap\"><span class=\"article_link\"><img decoding=\"async\" src=\"https:\/\/granapadano.kleecks-cdn.com\/wp-content\/uploads\/2022\/12\/next.svg\"><\/span><\/div><\/div><\/a><\/div><\/div><div class=\"article_item article_media\"><div class=\"article_item_wrap\"><a class=\"gp_video_link\" href=\"https:\/\/www.granapadano.it\/es\/el-mundo-de-grana-padano\/eventos\/grana-padano-celebra-la-iii-edicion-de-la-ruta-del-helado-artesanal-en-20-heladerias-de-madrid-y-barcelona\/\" ><div class=\"article_img\"><img decoding=\"async\" src=\"https:\/\/granapadano.kleecks-cdn.com\/wp-content\/uploads\/2023\/03\/thumb.jpg\"><\/div><div class=\"article_details\"><h4 class=\"article-date\">2022<\/h4><h3 class=\"article-title\">Grana Padano celebra la III edici\u00f3n de la \u2018Ruta del Helado Artesanal\u2019 en 20 helader\u00edas de Madrid y Barcelona<\/h3><p class=\"article-title\">\u200bMadrid y Barcelona celebran por tercer a\u00f1o consecutivo la \u2018Ruta del Helado Artesanal de Grana Padano\u2019. Durante julio y agosto, se homenajear\u00e1 a la DOP de quesos m\u00e1s consumida del mundo de una manera divertida y fresca.<\/p><div class=\"article_link_wrap\"><span class=\"article_link\"><img decoding=\"async\" src=\"https:\/\/granapadano.kleecks-cdn.com\/wp-content\/uploads\/2022\/12\/next.svg\"><\/span><\/div><\/div><\/a><\/div><\/div><div class=\"article_item article_media\"><div class=\"article_item_wrap\"><a class=\"gp_video_link\" href=\"https:\/\/www.granapadano.it\/es\/el-mundo-de-grana-padano\/eventos\/grana-padano-d-o-p-el-aperitivo-perfecto-de-esta-navidad-para-llevar-el-autentico-sabor-de-italia-a-la-mesa\/\" ><div class=\"article_img\"><img decoding=\"async\" src=\"https:\/\/granapadano.kleecks-cdn.com\/wp-content\/uploads\/2023\/03\/thumb-13.jpg\"><\/div><div class=\"article_details\"><h4 class=\"article-date\">2021<\/h4><h3 class=\"article-title\">Grana Padano DOP, el aperitivo perfecto de esta navidad para llevar el aut\u00e9ntico sabor de Italia a la mesa<\/h3><p class=\"article-title\">Grana Padano DOP est\u00e1 envuelto en un halo de misterio, historia y tradici\u00f3n. Son estos tres pilares los que hacen de este queso artesanal uno de los mejores aperitivos con los que agasajar a tus invitados para dejarles el mejor sabor de boca.<\/p><div class=\"article_link_wrap\"><span class=\"article_link\"><img decoding=\"async\" src=\"https:\/\/granapadano.kleecks-cdn.com\/wp-content\/uploads\/2022\/12\/next.svg\"><\/span><\/div><\/div><\/a><\/div><\/div><div class=\"article_item article_media\"><div class=\"article_item_wrap\"><a class=\"gp_video_link\" href=\"https:\/\/www.granapadano.it\/es\/el-mundo-de-grana-padano\/eventos\/iii-edicion-de-la-grana-padano-week\/\" ><div class=\"article_img\"><img decoding=\"async\" src=\"https:\/\/granapadano.kleecks-cdn.com\/wp-content\/uploads\/2023\/03\/thumb-1.jpg\"><\/div><div class=\"article_details\"><h4 class=\"article-date\">2021<\/h4><h3 class=\"article-title\">III edici\u00f3n de la Grana Padano Week<\/h3><p class=\"article-title\">Del 8 al 17 de octubre descubre los platos de la singular ruta de sabores de Madrid y Barcelona<\/p><div class=\"article_link_wrap\"><span class=\"article_link\"><img decoding=\"async\" src=\"https:\/\/granapadano.kleecks-cdn.com\/wp-content\/uploads\/2022\/12\/next.svg\"><\/span><\/div><\/div><\/a><\/div><\/div><div class=\"article_item article_media\"><div class=\"article_item_wrap\"><a class=\"gp_video_link\" href=\"https:\/\/www.granapadano.it\/es\/el-mundo-de-grana-padano\/eventos\/grana-padano-celebra-la-ii-edicion-de-la-ruta-del-helado-artesanal\/\" ><div class=\"article_img\"><img decoding=\"async\" src=\"https:\/\/granapadano.kleecks-cdn.com\/wp-content\/uploads\/2023\/03\/copertinagel-46794.jpg\"><\/div><div class=\"article_details\"><h4 class=\"article-date\">2021<\/h4><h3 class=\"article-title\">Grana Padano celebra la II edici\u00f3n de la \u2018ruta del Helado Artesanal\"<\/h3><p class=\"article-title\">Madrid inaugura por segundo a\u00f1o consecutivo la \u2018Ruta del Helado Artesanal de Queso Grana Padano\u2019, una celebraci\u00f3n, en 26 helader\u00edas, a la que se suma Barcelona por primera vez.<\/p><div class=\"article_link_wrap\"><span class=\"article_link\"><img decoding=\"async\" src=\"https:\/\/granapadano.kleecks-cdn.com\/wp-content\/uploads\/2022\/12\/next.svg\"><\/span><\/div><\/div><\/a><\/div><\/div><div class=\"article_item article_media\"><div class=\"article_item_wrap\"><a class=\"gp_video_link\" href=\"https:\/\/www.granapadano.it\/es\/el-mundo-de-grana-padano\/eventos\/madrid-acoge-el-primer-festival-de-la-cheesecake-de-grana-padano-durante-todo-el-mes-de-mayo\/\" ><div class=\"article_img\"><img decoding=\"async\" src=\"https:\/\/granapadano.kleecks-cdn.com\/wp-content\/uploads\/2023\/03\/thumb-3.jpg\"><\/div><div class=\"article_details\"><h4 class=\"article-date\">2021<\/h4><h3 class=\"article-title\">Madrid acoge el primer \u2018Festival de la cheesecake de Grana Padano\u2019 durante todo el mes de mayo<\/h3><p class=\"article-title\">Madrid acoge la primera edici\u00f3n del \u2018Festival de la cheesecake de Grana Padano\u2019, un homenaje a la DOP de quesos m\u00e1s consumida del mundo, de la mano de uno de los postres de la gastronom\u00eda mediterr\u00e1nea por excelencia. <\/p><div class=\"article_link_wrap\"><span class=\"article_link\"><img decoding=\"async\" src=\"https:\/\/granapadano.kleecks-cdn.com\/wp-content\/uploads\/2022\/12\/next.svg\"><\/span><\/div><\/div><\/a><\/div><\/div><div class=\"article_item article_media\"><div class=\"article_item_wrap\"><a class=\"gp_video_link\" href=\"https:\/\/www.granapadano.it\/es\/el-mundo-de-grana-padano\/eventos\/grana-padano-riserva-y-murillo-cafe-presentan-un-menu-unico-inspirado-en-las-mejores-recetas-del-mediterraneo-y-latinoamerica\/\" ><div class=\"article_img\"><img decoding=\"async\" src=\"https:\/\/granapadano.kleecks-cdn.com\/wp-content\/uploads\/2023\/03\/thumb-4.jpg\"><\/div><div class=\"article_details\"><h4 class=\"article-date\">2020<\/h4><h3 class=\"article-title\">Grana Padano Riserva y Murillo caf\u00e9 presentan un men\u00fa \u00fanico inspirado en las mejores recetas del mediterr\u00e1neo y latinoam\u00e9rica<\/h3><p class=\"article-title\">Grana Padano DOP, la Denominaci\u00f3n de Origen Protegida de quesos m\u00e1s vendida del mundo, y el bistr\u00f3 Murillo Caf\u00e9 presenta un men\u00fa \u00fanico donde la cocina italiana y la cocina latinoamericana son las protagonistas.<\/p><div class=\"article_link_wrap\"><span class=\"article_link\"><img decoding=\"async\" src=\"https:\/\/granapadano.kleecks-cdn.com\/wp-content\/uploads\/2022\/12\/next.svg\"><\/span><\/div><\/div><\/a><\/div><\/div><div class=\"article_item article_media\"><div class=\"article_item_wrap\"><a class=\"gp_video_link\" href=\"https:\/\/www.granapadano.it\/es\/el-mundo-de-grana-padano\/eventos\/la-ruta-del-helado-artesanal-de-queso-grana-padano\/\" ><div class=\"article_img\"><img decoding=\"async\" src=\"https:\/\/granapadano.kleecks-cdn.com\/wp-content\/uploads\/2023\/03\/thumb-14.jpg\"><\/div><div class=\"article_details\"><h4 class=\"article-date\">2020<\/h4><h3 class=\"article-title\">La ruta del helado artesanal de queso Grana Padano<\/h3><p class=\"article-title\">Madrid inaugura la primera \u201cRuta del helado artesanal de queso Grana Padano\u201d, un homenaje a la DOP de quesos m\u00e1s vendida del mundo de una forma divertida y fresca para hacer frente a las altas temperaturas del verano.<\/p><div class=\"article_link_wrap\"><span class=\"article_link\"><img decoding=\"async\" src=\"https:\/\/granapadano.kleecks-cdn.com\/wp-content\/uploads\/2022\/12\/next.svg\"><\/span><\/div><\/div><\/a><\/div><\/div><\/div><div class=\"gp_pagination_area\"><div class=\"gp_pagination article_pagination\"><div class=\"gp_year_filter bottom\"><form method=\"POST\" class=\"year_filter_bottom\" action=\"https:\/\/www.granapadano.it\/es\/el-mundo-de-grana-padano\/eventos\/\"><ul><li class=\"active\"><a href=\"https:\/\/www.granapadano.it\/es\/el-mundo-de-grana-padano\/eventos\/\">todos <\/a><\/li><li class=\"\"> | \n                <label><input type=\"checkbox\" class=\"year_selection\" name=\"post-year[]\" value=\"2022\"  \/>2022<\/label><\/li><li class=\"\"> | \n                <label><input type=\"checkbox\" class=\"year_selection\" name=\"post-year[]\" value=\"2021\"  \/>2021<\/label><\/li><li class=\"\"> | \n                <label><input type=\"checkbox\" class=\"year_selection\" name=\"post-year[]\" value=\"2020\"  \/>2020<\/label><\/li><\/ul><\/form><\/div><div class=\"gp_all_recipe_area\"><span class=\"all_recipe_link\"><a href=\"https:\/\/www.granapadano.it\/es\/el-mundo-de-grana-padano\/eventos\/\">Ver todo<\/a><\/span><\/div><\/div><\/div><\/p>\n","protected":false},"author":6,"featured_media":0,"parent":147945,"menu_order":671,"comment_status":"closed","ping_status":"closed","template":"","meta":{"_acf_changed":false,"_et_pb_use_builder":"on","_et_pb_old_content":"","_et_gb_content_width":"","footnotes":""},"class_list":["post-78271","page","type-page","status-publish","hentry"],"acf":[],"yoast_head":"<!-- This site is optimized with the Yoast SEO plugin v27.4 - https:\/\/yoast.com\/product\/yoast-seo-wordpress\/ -->\n<title>Eventos - Grana Padano<\/title>\n<meta name=\"robots\" content=\"index, follow, max-snippet:-1, max-image-preview:large, max-video-preview:-1\" \/>\n<link rel=\"canonical\" href=\"https:\/\/www.granapadano.it\/es\/el-mundo-de-grana-padano\/eventos\/\" \/>\n<meta property=\"og:locale\" content=\"es_ES\" \/>\n<meta property=\"og:type\" content=\"article\" \/>\n<meta property=\"og:title\" content=\"Eventos - Grana Padano\" \/>\n<meta property=\"og:description\" content=\"Eventi\" \/>\n<meta property=\"og:url\" content=\"https:\/\/www.granapadano.it\/es\/el-mundo-de-grana-padano\/eventos\/\" \/>\n<meta property=\"og:site_name\" content=\"Grana Padano\" \/>\n<meta property=\"article:modified_time\" content=\"2026-03-27T09:19:57+00:00\" \/>\n<meta name=\"twitter:card\" content=\"summary_large_image\" \/>\n<meta name=\"twitter:label1\" content=\"Tiempo de lectura\" \/>\n\t<meta name=\"twitter:data1\" content=\"6 minutos\" \/>\n<script type=\"application\/ld+json\" class=\"yoast-schema-graph\">{\"@context\":\"https:\\\/\\\/schema.org\",\"@graph\":[{\"@type\":\"WebPage\",\"@id\":\"https:\\\/\\\/www.granapadano.it\\\/es\\\/el-mundo-de-grana-padano\\\/eventos\\\/\",\"url\":\"https:\\\/\\\/www.granapadano.it\\\/es\\\/el-mundo-de-grana-padano\\\/eventos\\\/\",\"name\":\"Eventos - Grana Padano\",\"isPartOf\":{\"@id\":\"https:\\\/\\\/www.granapadano.it\\\/es\\\/#website\"},\"datePublished\":\"2023-01-24T21:44:47+00:00\",\"dateModified\":\"2026-03-27T09:19:57+00:00\",\"breadcrumb\":{\"@id\":\"https:\\\/\\\/www.granapadano.it\\\/es\\\/el-mundo-de-grana-padano\\\/eventos\\\/#breadcrumb\"},\"inLanguage\":\"es\",\"potentialAction\":[{\"@type\":\"ReadAction\",\"target\":[\"https:\\\/\\\/www.granapadano.it\\\/es\\\/el-mundo-de-grana-padano\\\/eventos\\\/\"]}]},{\"@type\":\"BreadcrumbList\",\"@id\":\"https:\\\/\\\/www.granapadano.it\\\/es\\\/el-mundo-de-grana-padano\\\/eventos\\\/#breadcrumb\",\"itemListElement\":[{\"@type\":\"ListItem\",\"position\":1,\"name\":\"Home\",\"item\":\"https:\\\/\\\/www.granapadano.it\\\/es\\\/\"},{\"@type\":\"ListItem\",\"position\":2,\"name\":\"El mundo de Grana Padano\",\"item\":\"https:\\\/\\\/www.granapadano.it\\\/es\\\/ricette-copy-4\\\/\"},{\"@type\":\"ListItem\",\"position\":3,\"name\":\"Eventos\"}]},{\"@type\":\"WebSite\",\"@id\":\"https:\\\/\\\/www.granapadano.it\\\/es\\\/#website\",\"url\":\"https:\\\/\\\/www.granapadano.it\\\/es\\\/\",\"name\":\"Grana Padano\",\"description\":\"\",\"potentialAction\":[{\"@type\":\"SearchAction\",\"target\":{\"@type\":\"EntryPoint\",\"urlTemplate\":\"https:\\\/\\\/www.granapadano.it\\\/es\\\/?s={search_term_string}\"},\"query-input\":{\"@type\":\"PropertyValueSpecification\",\"valueRequired\":true,\"valueName\":\"search_term_string\"}}],\"inLanguage\":\"es\"}]}<\/script>\n<!-- \/ Yoast SEO plugin. -->","yoast_head_json":{"title":"Eventos - Grana Padano","robots":{"index":"index","follow":"follow","max-snippet":"max-snippet:-1","max-image-preview":"max-image-preview:large","max-video-preview":"max-video-preview:-1"},"canonical":"https:\/\/www.granapadano.it\/es\/el-mundo-de-grana-padano\/eventos\/","og_locale":"es_ES","og_type":"article","og_title":"Eventos - Grana Padano","og_description":"Eventi","og_url":"https:\/\/www.granapadano.it\/es\/el-mundo-de-grana-padano\/eventos\/","og_site_name":"Grana Padano","article_modified_time":"2026-03-27T09:19:57+00:00","twitter_card":"summary_large_image","twitter_misc":{"Tiempo de lectura":"6 minutos"},"schema":{"@context":"https:\/\/schema.org","@graph":[{"@type":"WebPage","@id":"https:\/\/www.granapadano.it\/es\/el-mundo-de-grana-padano\/eventos\/","url":"https:\/\/www.granapadano.it\/es\/el-mundo-de-grana-padano\/eventos\/","name":"Eventos - Grana Padano","isPartOf":{"@id":"https:\/\/www.granapadano.it\/es\/#website"},"datePublished":"2023-01-24T21:44:47+00:00","dateModified":"2026-03-27T09:19:57+00:00","breadcrumb":{"@id":"https:\/\/www.granapadano.it\/es\/el-mundo-de-grana-padano\/eventos\/#breadcrumb"},"inLanguage":"es","potentialAction":[{"@type":"ReadAction","target":["https:\/\/www.granapadano.it\/es\/el-mundo-de-grana-padano\/eventos\/"]}]},{"@type":"BreadcrumbList","@id":"https:\/\/www.granapadano.it\/es\/el-mundo-de-grana-padano\/eventos\/#breadcrumb","itemListElement":[{"@type":"ListItem","position":1,"name":"Home","item":"https:\/\/www.granapadano.it\/es\/"},{"@type":"ListItem","position":2,"name":"El mundo de Grana Padano","item":"https:\/\/www.granapadano.it\/es\/ricette-copy-4\/"},{"@type":"ListItem","position":3,"name":"Eventos"}]},{"@type":"WebSite","@id":"https:\/\/www.granapadano.it\/es\/#website","url":"https:\/\/www.granapadano.it\/es\/","name":"Grana Padano","description":"","potentialAction":[{"@type":"SearchAction","target":{"@type":"EntryPoint","urlTemplate":"https:\/\/www.granapadano.it\/es\/?s={search_term_string}"},"query-input":{"@type":"PropertyValueSpecification","valueRequired":true,"valueName":"search_term_string"}}],"inLanguage":"es"}]}},"_links":{"self":[{"href":"https:\/\/www.granapadano.it\/es\/wp-json\/wp\/v2\/pages\/78271","targetHints":{"allow":["GET"]}}],"collection":[{"href":"https:\/\/www.granapadano.it\/es\/wp-json\/wp\/v2\/pages"}],"about":[{"href":"https:\/\/www.granapadano.it\/es\/wp-json\/wp\/v2\/types\/page"}],"author":[{"embeddable":true,"href":"https:\/\/www.granapadano.it\/es\/wp-json\/wp\/v2\/users\/6"}],"replies":[{"embeddable":true,"href":"https:\/\/www.granapadano.it\/es\/wp-json\/wp\/v2\/comments?post=78271"}],"version-history":[{"count":6,"href":"https:\/\/www.granapadano.it\/es\/wp-json\/wp\/v2\/pages\/78271\/revisions"}],"predecessor-version":[{"id":147979,"href":"https:\/\/www.granapadano.it\/es\/wp-json\/wp\/v2\/pages\/78271\/revisions\/147979"}],"up":[{"embeddable":true,"href":"https:\/\/www.granapadano.it\/es\/wp-json\/wp\/v2\/pages\/147945"}],"wp:attachment":[{"href":"https:\/\/www.granapadano.it\/es\/wp-json\/wp\/v2\/media?parent=78271"}],"curies":[{"name":"wp","href":"https:\/\/api.w.org\/{rel}","templated":true}]}}