{"id":69676,"date":"2023-03-10T15:37:27","date_gmt":"2023-03-10T15:37:27","guid":{"rendered":"https:\/\/www.granapadano.it\/el-arte-de-la-produccion\/el-producto-iconico\/las-propiedades-de-grana-padano\/grana-padano-naturalmente-privo-di-lattosio\/"},"modified":"2026-03-31T13:15:35","modified_gmt":"2026-03-31T13:15:35","slug":"grana-padano-exento-de-lactosa-naturalmente","status":"publish","type":"page","link":"https:\/\/www.granapadano.it\/es\/la-forma-del-bienestar\/valores-nutricionales\/las-propiedades-de-grana-padano\/grana-padano-exento-de-lactosa-naturalmente\/","title":{"rendered":"Grana Padano exento de lactosa, naturalmente"},"content":{"rendered":"<p>[et_pb_section fb_built=\u00bb1&#8243; fullwidth=\u00bbon\u00bb _builder_version=\u00bb4.19.0&#8243; _module_preset=\u00bbdefault\u00bb global_colors_info=\u00bb{}\u00bb][et_pb_fullwidth_image src=\u00bbhttps:\/\/www.granapadano.it\/wp-content\/uploads\/2026\/03\/GP_header-Privo-di-lattosio-NO-SCritta.jpg\u00bb title_text=\u00bbGP_header-Privo-di-lattosio-NO-SCritta\u00bb src_tablet=\u00bbhttps:\/\/www.granapadano.it\/wp-content\/uploads\/2023\/03\/header.jpg\u00bb src_phone=\u00bbhttps:\/\/www.granapadano.it\/wp-content\/uploads\/2023\/03\/mobile.jpg\u00bb src_last_edited=\u00bbon|phone\u00bb _builder_version=\u00bb4.27.6&#8243; _module_preset=\u00bbdefault\u00bb global_colors_info=\u00bb{}\u00bb][\/et_pb_fullwidth_image][\/et_pb_section][et_pb_section fb_built=\u00bb1&#8243; module_class=\u00bbproduction_sub_hub_main_wrapper\u00bb _builder_version=\u00bb4.19.3&#8243; _module_preset=\u00bbdefault\u00bb custom_padding=\u00bb13px||0px|||\u00bb global_colors_info=\u00bb{}\u00bb][et_pb_row module_class=\u00bbrecipe_filter_section\u00bb _builder_version=\u00bb4.19.4&#8243; _module_preset=\u00bbdefault\u00bb max_width=\u00bb90%\u00bb custom_padding=\u00bb||7px|||\u00bb global_colors_info=\u00bb{}\u00bb][et_pb_column type=\u00bb4_4&#8243; _builder_version=\u00bb4.19.4&#8243; _module_preset=\u00bbdefault\u00bb global_colors_info=\u00bb{}\u00bb][et_pb_code _builder_version=\u00bb4.19.4&#8243; _module_preset=\u00bbdefault\u00bb global_colors_info=\u00bb{}\u00bb]<div class=\"breadcrumb\"><a href=\"https:\/\/www.granapadano.it\/es\/\">Inicio<\/a>  <  <\/div>[\/et_pb_code][\/et_pb_column][\/et_pb_row][\/et_pb_section][et_pb_section fb_built=\u00bb1&#8243; _builder_version=\u00bb4.19.5&#8243; _module_preset=\u00bbdefault\u00bb custom_padding=\u00bb50px|||||\u00bb global_colors_info=\u00bb{}\u00bb][et_pb_row _builder_version=\u00bb4.19.4&#8243; _module_preset=\u00bbdefault\u00bb max_width=\u00bb90%\u00bb min_height=\u00bb55.9px\u00bb custom_padding=\u00bb7px||0px|||\u00bb global_colors_info=\u00bb{}\u00bb][et_pb_column type=\u00bb4_4&#8243; _builder_version=\u00bb4.19.4&#8243; _module_preset=\u00bbdefault\u00bb global_colors_info=\u00bb{}\u00bb][et_pb_text module_class=\u00bbeventi_ambascitori_top_sec_title\u00bb _builder_version=\u00bb4.27.6&#8243; _module_preset=\u00bbdefault\u00bb text_font=\u00bbMerriweather|700|||||||\u00bb text_text_color=\u00bb#0f0f0f\u00bb text_font_size=\u00bb44px\u00bb text_line_height=\u00bb62px\u00bb header_text_color=\u00bbgcid-8696fd7e-29dd-4028-9d4d-981b208a53a9&#8243; header_font_size=\u00bb44px\u00bb header_line_height=\u00bb52px\u00bb text_orientation=\u00bbcenter\u00bb custom_margin=\u00bb-12px||7px|||\u00bb global_colors_info=\u00bb{%22gcid-8696fd7e-29dd-4028-9d4d-981b208a53a9%22:%91%22header_text_color%22%93}\u00bb]<\/p>\n<h1 style=\"text-align: left;\">Grana Padano exento de lactosa, naturalmente<\/h1>\n<p>[\/et_pb_text][et_pb_text _builder_version=\u00bb4.27.6&#8243; _module_preset=\u00bbdefault\u00bb text_font=\u00bb|300|||||||\u00bb text_text_color=\u00bb#000000&#8243; text_font_size=\u00bb16px\u00bb text_line_height=\u00bb26px\u00bb text_orientation=\u00bbcenter\u00bb global_colors_info=\u00bb{}\u00bb]<\/p>\n<p style=\"text-align: left;\">Mucha gente cree que la persona intolerante a la lactosa est\u00e1 obligada a eliminar de su dieta todos los derivados l\u00e1cteos. Sin embargo, existen quesos naturalmente exentos de lactosa, como el Grana Padano DOP.<\/p>\n<p style=\"text-align: left;\">En primer lugar, aclaremos:<strong> \u00bfqu\u00e9 se entiende por \u201cintolerancia a la lactosa\u201d?<\/strong><\/p>\n<p style=\"text-align: left;\">La intolerancia a la lactosa, el principal az\u00facar de la leche tambi\u00e9n presente en otros productos l\u00e1cteos o derivados de la leche, se manifiesta en personas que tienen una carencia, parcial o total, de producci\u00f3n de la enzima lactasa, responsable de la descomposici\u00f3n de la lactosa en glucosa y galactosa (az\u00facares simples que son metabolizados por el organismo). Por lo tanto, la lactosa no es digerida y permanece en el intestino, donde es fermentada por la flora bacteriana, generando la aparici\u00f3n de s\u00edntomas caracter\u00edsticos de esta intolerancia.<\/p>\n<p style=\"text-align: left;\">Si la leche es el ingrediente principal de cualquier queso, <strong>\u00bfc\u00f3mo es posible que el Grana Padano DOP no contenga lactosa?<\/strong><\/p>\n<p style=\"text-align: left;\">El <strong>tradicional proceso de producci\u00f3n<\/strong> del Grana Padano DOP, rigurosamente definido por el Pliego de condiciones de producci\u00f3n, permite obtener un queso naturalmente exento de lactosa, que por lo tanto puede ser consumido tranquilamente por las personas que no la toleran.<\/p>\n<p style=\"text-align: left;\">El proceso de producci\u00f3n del Grana Padano DOP hace posible que la l<strong>actosa sea eliminada gradualmente<\/strong> durante el proceso de caseificaci\u00f3n natural del queso. La mayor parte de la lactosa queda en el suero, que se separa de la cuajada en el momento de la caseificaci\u00f3n. En la cuajada queda todav\u00eda una fracci\u00f3n limitada de suero y de componentes solubles de la leche, incluida la lactosa. Posteriormente, ya durante la fase de moldeado, que dura 48 horas, tiene lugar la fermentaci\u00f3n l\u00e1ctica y las bacterias descomponen casi toda la lactosa residual, transform\u00e1ndola primero en glucosa y galactosa y despu\u00e9s en \u00e1cido l\u00e1ctico.<\/p>\n<p style=\"text-align: left;\"><strong>Es durante la primera fase de maduraci\u00f3n que tiene lugar la degradaci\u00f3n de la lactosa que queda.<\/strong> Despu\u00e9s de 9 meses, el per\u00edodo m\u00ednimo de maduraci\u00f3n previsto por el Pliego de condiciones para el Grana Padano DOP, la lactosa residual es muy inferior a 0.1 g\/100 g (valor l\u00edmite indicado por la Circ. del Min. de Sanidad DGISAN 16.06.2016).<\/p>\n<p style=\"text-align: left;\">Por lo tanto, el Grana Padano DOP tambi\u00e9n puede ser consumido por adultos y ni\u00f1os intolerantes a la lactosa, que as\u00ed pueden disfrutar de los extraordinarios nutrientes proporcionados por la leche cruda de vaca y de sus propiedades bioactivas, sin comprometer la salud.<\/p>\n<p style=\"text-align: left;\">Adem\u00e1s, el Grana Padano DOP tiene un valor residual de galactosa inferior a 10 mg\/100 g. Esta caracter\u00edstica hace de Grana Padano DOP un producto indicado tambi\u00e9n en dietas bajas en FODMAP (Olisac\u00e1ridos, Disac\u00e1ridos, Monosac\u00e1ridos y Polioles Fermentables, por sus siglas en ingl\u00e9s), tal y como indican las investigaciones cient\u00edficas realizadas por P.R. Gibson &amp; S.J. Shepherd en 2005.<\/p>\n<p>[\/et_pb_text][\/et_pb_column][\/et_pb_row][\/et_pb_section][et_pb_section fb_built=\u00bb1&#8243; module_class=\u00bbsostenibilita_main_section\u00bb _builder_version=\u00bb4.27.6&#8243; _module_preset=\u00bbdefault\u00bb background_color=\u00bb#FFFFFF\u00bb min_height=\u00bb1513.9px\u00bb custom_margin=\u00bb2px|||||\u00bb custom_padding=\u00bb0px||30px|||\u00bb locked=\u00bboff\u00bb global_colors_info=\u00bb{}\u00bb][et_pb_row use_custom_gutter=\u00bbon\u00bb gutter_width=\u00bb3&#8243; module_class=\u00bbconsorzio_saprate_section\u00bb _builder_version=\u00bb4.27.6&#8243; _module_preset=\u00bbdefault\u00bb transform_scale=\u00bb94%|94%\u00bb max_width=\u00bb90%\u00bb custom_margin=\u00bb|auto|29px|auto||\u00bb custom_padding=\u00bb0px|||||\u00bb hover_enabled=\u00bb0&#8243; custom_css_free_form=\u00bb.consorzio_saprate_section .et_pb_column  {||  border-radius: 0px !important;||}\u00bb global_colors_info=\u00bb{}\u00bb sticky_enabled=\u00bb0&#8243;][et_pb_column type=\u00bb4_4&#8243; _builder_version=\u00bb4.27.6&#8243; _module_preset=\u00bbdefault\u00bb link_option_url=\u00bb\/it-it\/larte-della-produzione\/il-prodotto-iconico\/le-proprieta\/valori-nutrizionali-e-calorie-del-grana-padano\/\u00bb hover_enabled=\u00bb0&#8243; custom_css_free_form=\u00bb       .et_pb_gutters3 .et_pb_column_4_4, .et_pb_gutters3.et_pb_row .et_pb_column_4_4|| {background-color: #F9F1E4 !important}\u00bb global_colors_info=\u00bb{}\u00bb sticky_enabled=\u00bb0&#8243;][et_pb_image title_text=\u00bbA Cow grazing in a field\u00bb url=\u00bb\/it-it\/larte-della-produzione\/il-prodotto-iconico\/le-proprieta\/valori-nutrizionali-e-calorie-del-grana-padano\/\u00bb align=\u00bbcenter\u00bb _builder_version=\u00bb4.20.2&#8243; _module_preset=\u00bbdefault\u00bb background_color=\u00bbRGBA(255,255,255,0)\u00bb background_image=\u00bbhttps:\/\/www.granapadano.it\/wp-content\/uploads\/2023\/03\/Valori-nutrizionali.jpg\u00bb min_height=\u00bb89px\u00bb custom_padding=\u00bb209px|0px||2px|false|false\u00bb global_colors_info=\u00bb{}\u00bb][\/et_pb_image][et_pb_text _builder_version=\u00bb4.20.0&#8243; _module_preset=\u00bbdefault\u00bb header_3_font=\u00bbMerriweather|700|||||||\u00bb header_3_text_color=\u00bb#0f0f0f\u00bb header_3_font_size=\u00bb23px\u00bb header_3_line_height=\u00bb27px\u00bb global_colors_info=\u00bb{}\u00bb]<\/p>\n<h3>Valores nutricionales y calor\u00edas del Grana Padano<\/h3>\n<p>[\/et_pb_text][et_pb_text _builder_version=\u00bb4.27.6&#8243; _module_preset=\u00bbdefault\u00bb text_font=\u00bb||||||||\u00bb text_text_color=\u00bb#0f0f0f\u00bb text_font_size=\u00bb16px\u00bb text_line_height=\u00bb26px\u00bb global_colors_info=\u00bb{}\u00bb]<\/p>\n<p>El queso Grana Padano es un alimento con grandes cualidades nutricionales&#8230;<\/p>\n<p>[\/et_pb_text][et_pb_image src=\u00bbhttps:\/\/www.granapadano.it\/wp-content\/uploads\/2022\/11\/Path-20171.png\u00bb title_text=\u00bbPath 20171&#8243; url=\u00bbhttps:\/\/www.granapadano.it\/es\/la-forma-del-bienestar\/valores-nutricionales\/las-propiedades-de-grana-padano\/valores-nutricionales-y-calorias\/\u00bb align=\u00bbright\u00bb _builder_version=\u00bb4.27.6&#8243; _module_preset=\u00bbdefault\u00bb global_colors_info=\u00bb{}\u00bb][\/et_pb_image][\/et_pb_column][\/et_pb_row][\/et_pb_section]<\/p>\n","protected":false},"excerpt":{"rendered":"<p><div class=\"breadcrumb\"><a href=\"https:\/\/www.granapadano.it\/es\/\">Inicio<\/a>  <  <\/div>Grana Padano exento de lactosa, naturalmenteMucha gente cree que la persona intolerante a la lactosa est\u00e1 obligada a eliminar de su dieta todos los derivados l\u00e1cteos. Sin embargo, existen quesos naturalmente exentos de lactosa, como el Grana Padano DOP. En primer lugar, aclaremos: \u00bfqu\u00e9 se entiende por \u201cintolerancia a la lactosa\u201d? La intolerancia a la [&hellip;]<\/p>\n","protected":false},"author":6,"featured_media":0,"parent":41536,"menu_order":876,"comment_status":"closed","ping_status":"closed","template":"","meta":{"_acf_changed":false,"_et_pb_use_builder":"on","_et_pb_old_content":"","_et_gb_content_width":"","footnotes":""},"class_list":["post-69676","page","type-page","status-publish","hentry"],"acf":[],"yoast_head":"<!-- This site is optimized with the Yoast SEO plugin v27.4 - https:\/\/yoast.com\/product\/yoast-seo-wordpress\/ -->\n<title>Grana Padano exento de lactosa, naturalmente - Grana Padano<\/title>\n<meta name=\"robots\" content=\"index, follow, max-snippet:-1, max-image-preview:large, max-video-preview:-1\" \/>\n<link rel=\"canonical\" href=\"https:\/\/www.granapadano.it\/es\/la-forma-del-bienestar\/valores-nutricionales\/las-propiedades-de-grana-padano\/grana-padano-exento-de-lactosa-naturalmente\/\" \/>\n<meta property=\"og:locale\" content=\"es_ES\" \/>\n<meta property=\"og:type\" content=\"article\" \/>\n<meta property=\"og:title\" content=\"Grana Padano exento de lactosa, naturalmente - Grana Padano\" \/>\n<meta property=\"og:description\" content=\"Grana Padano exento de lactosa, naturalmenteMucha gente cree que la persona intolerante a la lactosa est\u00e1 obligada a eliminar de su dieta todos los derivados l\u00e1cteos. Sin embargo, existen quesos naturalmente exentos de lactosa, como el Grana Padano DOP. En primer lugar, aclaremos: \u00bfqu\u00e9 se entiende por \u201cintolerancia a la lactosa\u201d? La intolerancia a la [&hellip;]\" \/>\n<meta property=\"og:url\" content=\"https:\/\/www.granapadano.it\/es\/la-forma-del-bienestar\/valores-nutricionales\/las-propiedades-de-grana-padano\/grana-padano-exento-de-lactosa-naturalmente\/\" \/>\n<meta property=\"og:site_name\" content=\"Grana Padano\" \/>\n<meta property=\"article:modified_time\" content=\"2026-03-31T13:15:35+00:00\" \/>\n<meta name=\"twitter:card\" content=\"summary_large_image\" \/>\n<meta name=\"twitter:label1\" content=\"Tiempo de lectura\" \/>\n\t<meta name=\"twitter:data1\" content=\"3 minutos\" \/>\n<script type=\"application\/ld+json\" class=\"yoast-schema-graph\">{\"@context\":\"https:\\\/\\\/schema.org\",\"@graph\":[{\"@type\":\"WebPage\",\"@id\":\"https:\\\/\\\/www.granapadano.it\\\/es\\\/la-forma-del-bienestar\\\/valores-nutricionales\\\/las-propiedades-de-grana-padano\\\/grana-padano-exento-de-lactosa-naturalmente\\\/\",\"url\":\"https:\\\/\\\/www.granapadano.it\\\/es\\\/la-forma-del-bienestar\\\/valores-nutricionales\\\/las-propiedades-de-grana-padano\\\/grana-padano-exento-de-lactosa-naturalmente\\\/\",\"name\":\"Grana Padano exento de lactosa, naturalmente - Grana Padano\",\"isPartOf\":{\"@id\":\"https:\\\/\\\/www.granapadano.it\\\/es\\\/#website\"},\"datePublished\":\"2023-03-10T15:37:27+00:00\",\"dateModified\":\"2026-03-31T13:15:35+00:00\",\"breadcrumb\":{\"@id\":\"https:\\\/\\\/www.granapadano.it\\\/es\\\/la-forma-del-bienestar\\\/valores-nutricionales\\\/las-propiedades-de-grana-padano\\\/grana-padano-exento-de-lactosa-naturalmente\\\/#breadcrumb\"},\"inLanguage\":\"es\",\"potentialAction\":[{\"@type\":\"ReadAction\",\"target\":[\"https:\\\/\\\/www.granapadano.it\\\/es\\\/la-forma-del-bienestar\\\/valores-nutricionales\\\/las-propiedades-de-grana-padano\\\/grana-padano-exento-de-lactosa-naturalmente\\\/\"]}]},{\"@type\":\"BreadcrumbList\",\"@id\":\"https:\\\/\\\/www.granapadano.it\\\/es\\\/la-forma-del-bienestar\\\/valores-nutricionales\\\/las-propiedades-de-grana-padano\\\/grana-padano-exento-de-lactosa-naturalmente\\\/#breadcrumb\",\"itemListElement\":[{\"@type\":\"ListItem\",\"position\":1,\"name\":\"Home\",\"item\":\"https:\\\/\\\/www.granapadano.it\\\/es\\\/\"},{\"@type\":\"ListItem\",\"position\":2,\"name\":\"La forma del bienestar\",\"item\":\"https:\\\/\\\/www.granapadano.it\\\/es\\\/la-forma-del-bienestar\\\/\"},{\"@type\":\"ListItem\",\"position\":3,\"name\":\"Valores Nutricionales\",\"item\":\"https:\\\/\\\/www.granapadano.it\\\/es\\\/la-forma-del-bienestar\\\/valores-nutricionales\\\/\"},{\"@type\":\"ListItem\",\"position\":4,\"name\":\"Grana Padano exento de lactosa, naturalmente\"}]},{\"@type\":\"WebSite\",\"@id\":\"https:\\\/\\\/www.granapadano.it\\\/es\\\/#website\",\"url\":\"https:\\\/\\\/www.granapadano.it\\\/es\\\/\",\"name\":\"Grana Padano\",\"description\":\"\",\"potentialAction\":[{\"@type\":\"SearchAction\",\"target\":{\"@type\":\"EntryPoint\",\"urlTemplate\":\"https:\\\/\\\/www.granapadano.it\\\/es\\\/?s={search_term_string}\"},\"query-input\":{\"@type\":\"PropertyValueSpecification\",\"valueRequired\":true,\"valueName\":\"search_term_string\"}}],\"inLanguage\":\"es\"}]}<\/script>\n<!-- \/ Yoast SEO plugin. -->","yoast_head_json":{"title":"Grana Padano exento de lactosa, naturalmente - Grana Padano","robots":{"index":"index","follow":"follow","max-snippet":"max-snippet:-1","max-image-preview":"max-image-preview:large","max-video-preview":"max-video-preview:-1"},"canonical":"https:\/\/www.granapadano.it\/es\/la-forma-del-bienestar\/valores-nutricionales\/las-propiedades-de-grana-padano\/grana-padano-exento-de-lactosa-naturalmente\/","og_locale":"es_ES","og_type":"article","og_title":"Grana Padano exento de lactosa, naturalmente - Grana Padano","og_description":"Grana Padano exento de lactosa, naturalmenteMucha gente cree que la persona intolerante a la lactosa est\u00e1 obligada a eliminar de su dieta todos los derivados l\u00e1cteos. Sin embargo, existen quesos naturalmente exentos de lactosa, como el Grana Padano DOP. En primer lugar, aclaremos: \u00bfqu\u00e9 se entiende por \u201cintolerancia a la lactosa\u201d? La intolerancia a la [&hellip;]","og_url":"https:\/\/www.granapadano.it\/es\/la-forma-del-bienestar\/valores-nutricionales\/las-propiedades-de-grana-padano\/grana-padano-exento-de-lactosa-naturalmente\/","og_site_name":"Grana Padano","article_modified_time":"2026-03-31T13:15:35+00:00","twitter_card":"summary_large_image","twitter_misc":{"Tiempo de lectura":"3 minutos"},"schema":{"@context":"https:\/\/schema.org","@graph":[{"@type":"WebPage","@id":"https:\/\/www.granapadano.it\/es\/la-forma-del-bienestar\/valores-nutricionales\/las-propiedades-de-grana-padano\/grana-padano-exento-de-lactosa-naturalmente\/","url":"https:\/\/www.granapadano.it\/es\/la-forma-del-bienestar\/valores-nutricionales\/las-propiedades-de-grana-padano\/grana-padano-exento-de-lactosa-naturalmente\/","name":"Grana Padano exento de lactosa, naturalmente - Grana Padano","isPartOf":{"@id":"https:\/\/www.granapadano.it\/es\/#website"},"datePublished":"2023-03-10T15:37:27+00:00","dateModified":"2026-03-31T13:15:35+00:00","breadcrumb":{"@id":"https:\/\/www.granapadano.it\/es\/la-forma-del-bienestar\/valores-nutricionales\/las-propiedades-de-grana-padano\/grana-padano-exento-de-lactosa-naturalmente\/#breadcrumb"},"inLanguage":"es","potentialAction":[{"@type":"ReadAction","target":["https:\/\/www.granapadano.it\/es\/la-forma-del-bienestar\/valores-nutricionales\/las-propiedades-de-grana-padano\/grana-padano-exento-de-lactosa-naturalmente\/"]}]},{"@type":"BreadcrumbList","@id":"https:\/\/www.granapadano.it\/es\/la-forma-del-bienestar\/valores-nutricionales\/las-propiedades-de-grana-padano\/grana-padano-exento-de-lactosa-naturalmente\/#breadcrumb","itemListElement":[{"@type":"ListItem","position":1,"name":"Home","item":"https:\/\/www.granapadano.it\/es\/"},{"@type":"ListItem","position":2,"name":"La forma del bienestar","item":"https:\/\/www.granapadano.it\/es\/la-forma-del-bienestar\/"},{"@type":"ListItem","position":3,"name":"Valores Nutricionales","item":"https:\/\/www.granapadano.it\/es\/la-forma-del-bienestar\/valores-nutricionales\/"},{"@type":"ListItem","position":4,"name":"Grana Padano exento de lactosa, naturalmente"}]},{"@type":"WebSite","@id":"https:\/\/www.granapadano.it\/es\/#website","url":"https:\/\/www.granapadano.it\/es\/","name":"Grana Padano","description":"","potentialAction":[{"@type":"SearchAction","target":{"@type":"EntryPoint","urlTemplate":"https:\/\/www.granapadano.it\/es\/?s={search_term_string}"},"query-input":{"@type":"PropertyValueSpecification","valueRequired":true,"valueName":"search_term_string"}}],"inLanguage":"es"}]}},"_links":{"self":[{"href":"https:\/\/www.granapadano.it\/es\/wp-json\/wp\/v2\/pages\/69676","targetHints":{"allow":["GET"]}}],"collection":[{"href":"https:\/\/www.granapadano.it\/es\/wp-json\/wp\/v2\/pages"}],"about":[{"href":"https:\/\/www.granapadano.it\/es\/wp-json\/wp\/v2\/types\/page"}],"author":[{"embeddable":true,"href":"https:\/\/www.granapadano.it\/es\/wp-json\/wp\/v2\/users\/6"}],"replies":[{"embeddable":true,"href":"https:\/\/www.granapadano.it\/es\/wp-json\/wp\/v2\/comments?post=69676"}],"version-history":[{"count":3,"href":"https:\/\/www.granapadano.it\/es\/wp-json\/wp\/v2\/pages\/69676\/revisions"}],"predecessor-version":[{"id":153590,"href":"https:\/\/www.granapadano.it\/es\/wp-json\/wp\/v2\/pages\/69676\/revisions\/153590"}],"up":[{"embeddable":true,"href":"https:\/\/www.granapadano.it\/es\/wp-json\/wp\/v2\/pages\/41536"}],"wp:attachment":[{"href":"https:\/\/www.granapadano.it\/es\/wp-json\/wp\/v2\/media?parent=69676"}],"curies":[{"name":"wp","href":"https:\/\/api.w.org\/{rel}","templated":true}]}}