{"id":38804,"date":"2023-02-16T16:12:50","date_gmt":"2023-02-16T16:12:50","guid":{"rendered":"https:\/\/www.granapadano.it\/el-consorzio-de-proteccion\/nuestro-papel-proteccion-y-promocion\/promozione\/"},"modified":"2023-03-17T13:21:50","modified_gmt":"2023-03-17T13:21:50","slug":"promocion","status":"publish","type":"page","link":"https:\/\/www.granapadano.it\/es\/el-consorzio-de-proteccion\/nuestro-papel-proteccion-y-promocion\/promocion\/","title":{"rendered":"Promoci\u00f3n"},"content":{"rendered":"<p>[et_pb_section fb_built=\u00bb1&#8243; fullwidth=\u00bbon\u00bb _builder_version=\u00bb4.19.0&#8243; _module_preset=\u00bbdefault\u00bb locked=\u00bboff\u00bb global_colors_info=\u00bb{}\u00bb][et_pb_fullwidth_image src=\u00bbhttps:\/\/www.granapadano.it\/wp-content\/uploads\/2023\/01\/Sostenibilita-ambientale-1h.jpg\u00bb title_text=\u00bbSostenibilita-ambientale-1m\u00bb src_tablet=\u00bbhttps:\/\/www.granapadano.it\/wp-content\/uploads\/2023\/01\/Sostenibilita-ambientale-1h.jpg\u00bb src_phone=\u00bbhttps:\/\/www.granapadano.it\/wp-content\/uploads\/2023\/01\/Sostenibilita-ambientale-1m.jpg\u00bb src_last_edited=\u00bbon|phone\u00bb _builder_version=\u00bb4.19.5&#8243; _module_preset=\u00bbdefault\u00bb global_colors_info=\u00bb{}\u00bb][\/et_pb_fullwidth_image][\/et_pb_section][et_pb_section fb_built=\u00bb1&#8243; module_class=\u00bbproduction_sub_hub_main_wrapper promizone_top_breadcrumb_wrap\u00bb _builder_version=\u00bb4.20.2&#8243; _module_preset=\u00bbdefault\u00bb custom_padding=\u00bb13px||||false|false\u00bb locked=\u00bboff\u00bb global_colors_info=\u00bb{}\u00bb][et_pb_row module_class=\u00bbrecipe_filter_section\u00bb _builder_version=\u00bb4.19.2&#8243; _module_preset=\u00bbdefault\u00bb max_width=\u00bb90%\u00bb custom_padding=\u00bb||7px|||\u00bb global_colors_info=\u00bb{}\u00bb][et_pb_column type=\u00bb4_4&#8243; _builder_version=\u00bb4.19.2&#8243; _module_preset=\u00bbdefault\u00bb global_colors_info=\u00bb{}\u00bb][et_pb_code _builder_version=\u00bb4.19.2&#8243; _module_preset=\u00bbdefault\u00bb custom_margin=\u00bb||16px|||\u00bb global_colors_info=\u00bb{}\u00bb]<div class=\"breadcrumb\"><a href=\"https:\/\/www.granapadano.it\/es\/\">Inicio<\/a>  <  <\/div>[\/et_pb_code][\/et_pb_column][\/et_pb_row][\/et_pb_section][et_pb_section fb_built=\u00bb1&#8243; module_class=\u00bbgp_production_sub_hub_main\u00bb _builder_version=\u00bb4.19.5&#8243; _module_preset=\u00bbdefault\u00bb custom_padding=\u00bb0px||4px||false|false\u00bb locked=\u00bboff\u00bb global_colors_info=\u00bb{}\u00bb][et_pb_row _builder_version=\u00bb4.19.4&#8243; _module_preset=\u00bbdefault\u00bb max_width=\u00bb90%\u00bb module_alignment=\u00bbcenter\u00bb custom_padding=\u00bb1px||0px|||\u00bb global_colors_info=\u00bb{}\u00bb][et_pb_column type=\u00bb4_4&#8243; _builder_version=\u00bb4.19.1&#8243; _module_preset=\u00bbdefault\u00bb global_colors_info=\u00bb{}\u00bb][et_pb_text _builder_version=\u00bb4.20.0&#8243; _module_preset=\u00bbdefault\u00bb header_font=\u00bbMerriweather||||||||\u00bb header_font_size=\u00bb44px\u00bb header_line_height=\u00bb52px\u00bb custom_margin=\u00bb0px||||false|false\u00bb custom_padding=\u00bb0px||||false|false\u00bb global_colors_info=\u00bb{}\u00bb]<\/p>\n<h1 style=\"text-align: center;\">Promoci\u00f3n<\/h1>\n<p>[\/et_pb_text][et_pb_text _builder_version=\u00bb4.20.2&#8243; _module_preset=\u00bbdefault\u00bb text_text_color=\u00bb#0f0f0f\u00bb text_font_size=\u00bb18px\u00bb text_line_height=\u00bb26px\u00bb width=\u00bb99.9%\u00bb min_height=\u00bb612.9px\u00bb custom_padding=\u00bb14px|1px|46px|||\u00bb hover_enabled=\u00bb0&#8243; global_colors_info=\u00bb{}\u00bb sticky_enabled=\u00bb0&#8243;]<em>\u00abEl Consorcio es el propietario de las marcas del Grana Padano DOP y de las colaterales o correspondientes, as\u00ed como de los distintivos depositados de conformidad con la ley y las concesiones para su uso a quienes tengan derecho a ello\u00bb.<\/em><\/p>\n<p><em>\u00ab\u00bbEl Consorcio se encarga, en exclusiva, de la imposici\u00f3n del logotipo distintivo de Grana Padano DOP en las ruedas de queso producidas por los Consorciados y por los derechohabientes\u00bb.<\/em><br \/>\n<strong style=\"display:block;\">(Estatutos del &#8216;Consorzio Tutela Grana Padano\u2019)<\/strong><\/p>\n<p>La funci\u00f3n de promoci\u00f3n e informaci\u00f3n correcta y exhaustiva acerca de Grana Padano y su car\u00e1cter de producto DOP incluye la valorizaci\u00f3n de su imagen, tambi\u00e9n con el fin de favorecer y ampliar su consumo.<\/p>\n<p><strong style=\"display:block;\">PROMOCI\u00d3N SIGNIFICA: <\/strong><\/p>\n<p><strong style=\"display:block;\">Divulgaci\u00f3n de informaci\u00f3n precisa<\/strong><br \/>\nEntre los prop\u00f3sitos prioritarios del Consorcio destaca la tarea de comprobar que la informaci\u00f3n que circula sobre el Grana Padano &#8211; en la sociedad, en los mercados, en los sectores de inter\u00e9s espec\u00edfico o en general &#8211; sea correcta y detallada.<\/p>\n<p><strong style=\"display:block;\">La difusi\u00f3n de la denominaci\u00f3n correcta<\/strong><br \/>\nAnte la progresiva ampliaci\u00f3n de los mercados, del fen\u00f3meno de la imitaci\u00f3n del \u00abmade in Italy\u00bb y, por \u00faltimo, pero no menos importante, de la crisis econ\u00f3mica que expone a especulaciones sobre calidad y precios, el Consorcio dedica especial atenci\u00f3n a verificar puntualmente el modo en que se cita a Grana Padano, difundiendo la \u00fanica menci\u00f3n correcta, es decir, la que indica su nombre completo: \u201cGrana Padano\u201d.<\/p>\n<p><strong style=\"display:block;\">Publicidad, iniciativas y eventos<\/strong><br \/>\nEl \u2018Consorzio di Tutela Grana Padano\u2019 cree, desde siempre, en la importancia de una promoci\u00f3n que pase por todas las formas de comunicaci\u00f3n m\u00e1s difundidas hoy en d\u00eda: desde campa\u00f1as de prensa, radio y televisi\u00f3n, hasta campa\u00f1as \u00abdigitales\u00bb, desde actividades \u00absociales\u00bb hasta eventos. Adem\u00e1s, el Consorcio est\u00e1 involucrado a menudo, en calidad de patrocinador, en iniciativas para apoyar la cultura del \u00abMade in Italy\u00bb en el extranjero. Por \u00faltimo, el Consorcio tambi\u00e9n se ha convertido en promotor de proyectos educativos, cient\u00edficos y de investigaci\u00f3n de amplio alcance y mucho m\u00e1s all\u00e1 de la estricta pertinencia de su producto.<\/p>\n<p><strong style=\"display:block;\">Marketing y distribuci\u00f3n<\/strong><br \/>\nAsimismo, el \u2018Consorzio di Tutela Grana Padano\u2019 pone en pr\u00e1ctica iniciativas destinadas a respaldar a sus Consorciados en sus prop\u00f3sitos de venta, comercializaci\u00f3n y distribuci\u00f3n del producto, brindando contenidos informativos y tambi\u00e9n servicios espec\u00edficos y operatividad concreta.[\/et_pb_text][\/et_pb_column][\/et_pb_row][\/et_pb_section]<\/p>\n","protected":false},"excerpt":{"rendered":"<p><div class=\"breadcrumb\"><a href=\"https:\/\/www.granapadano.it\/es\/\">Inicio<\/a>  <  <\/div>Promoci\u00f3n\u00bbEl Consorcio es el propietario de las marcas del Grana Padano DOP y de las colaterales o correspondientes, as\u00ed como de los distintivos depositados de conformidad con la ley y las concesiones para su uso a quienes tengan derecho a ello\u00bb. \u00ab\u00bbEl Consorcio se encarga, en exclusiva, de la imposici\u00f3n del logotipo distintivo de Grana [&hellip;]<\/p>\n","protected":false},"author":3,"featured_media":0,"parent":37029,"menu_order":619,"comment_status":"closed","ping_status":"closed","template":"","meta":{"_acf_changed":false,"_et_pb_use_builder":"on","_et_pb_old_content":"","_et_gb_content_width":"","footnotes":""},"class_list":["post-38804","page","type-page","status-publish","hentry"],"acf":[],"yoast_head":"<!-- This site is optimized with the Yoast SEO plugin v27.4 - https:\/\/yoast.com\/product\/yoast-seo-wordpress\/ -->\n<title>Promoci\u00f3n - Grana Padano<\/title>\n<meta name=\"robots\" content=\"index, follow, max-snippet:-1, max-image-preview:large, max-video-preview:-1\" \/>\n<link rel=\"canonical\" href=\"https:\/\/www.granapadano.it\/es\/el-consorzio-de-proteccion\/nuestro-papel-proteccion-y-promocion\/promocion\/\" \/>\n<meta property=\"og:locale\" content=\"es_ES\" \/>\n<meta property=\"og:type\" content=\"article\" \/>\n<meta property=\"og:title\" content=\"Promoci\u00f3n - Grana Padano\" \/>\n<meta property=\"og:description\" content=\"Promoci\u00f3n&quot;El Consorcio es el propietario de las marcas del Grana Padano DOP y de las colaterales o correspondientes, as\u00ed como de los distintivos depositados de conformidad con la ley y las concesiones para su uso a quienes tengan derecho a ello&quot;. &quot;&quot;El Consorcio se encarga, en exclusiva, de la imposici\u00f3n del logotipo distintivo de Grana [&hellip;]\" \/>\n<meta property=\"og:url\" content=\"https:\/\/www.granapadano.it\/es\/el-consorzio-de-proteccion\/nuestro-papel-proteccion-y-promocion\/promocion\/\" \/>\n<meta property=\"og:site_name\" content=\"Grana Padano\" \/>\n<meta property=\"article:modified_time\" content=\"2023-03-17T13:21:50+00:00\" \/>\n<meta name=\"twitter:card\" content=\"summary_large_image\" \/>\n<meta name=\"twitter:label1\" content=\"Tiempo de lectura\" \/>\n\t<meta name=\"twitter:data1\" content=\"4 minutos\" \/>\n<script type=\"application\/ld+json\" class=\"yoast-schema-graph\">{\"@context\":\"https:\\\/\\\/schema.org\",\"@graph\":[{\"@type\":\"WebPage\",\"@id\":\"https:\\\/\\\/www.granapadano.it\\\/es\\\/el-consorzio-de-proteccion\\\/nuestro-papel-proteccion-y-promocion\\\/promocion\\\/\",\"url\":\"https:\\\/\\\/www.granapadano.it\\\/es\\\/el-consorzio-de-proteccion\\\/nuestro-papel-proteccion-y-promocion\\\/promocion\\\/\",\"name\":\"Promoci\u00f3n - Grana Padano\",\"isPartOf\":{\"@id\":\"https:\\\/\\\/www.granapadano.it\\\/es\\\/#website\"},\"datePublished\":\"2023-02-16T16:12:50+00:00\",\"dateModified\":\"2023-03-17T13:21:50+00:00\",\"breadcrumb\":{\"@id\":\"https:\\\/\\\/www.granapadano.it\\\/es\\\/el-consorzio-de-proteccion\\\/nuestro-papel-proteccion-y-promocion\\\/promocion\\\/#breadcrumb\"},\"inLanguage\":\"es\",\"potentialAction\":[{\"@type\":\"ReadAction\",\"target\":[\"https:\\\/\\\/www.granapadano.it\\\/es\\\/el-consorzio-de-proteccion\\\/nuestro-papel-proteccion-y-promocion\\\/promocion\\\/\"]}]},{\"@type\":\"BreadcrumbList\",\"@id\":\"https:\\\/\\\/www.granapadano.it\\\/es\\\/el-consorzio-de-proteccion\\\/nuestro-papel-proteccion-y-promocion\\\/promocion\\\/#breadcrumb\",\"itemListElement\":[{\"@type\":\"ListItem\",\"position\":1,\"name\":\"Home\",\"item\":\"https:\\\/\\\/www.granapadano.it\\\/es\\\/\"},{\"@type\":\"ListItem\",\"position\":2,\"name\":\"El Consorcio Responsable\",\"item\":\"https:\\\/\\\/www.granapadano.it\\\/es\\\/el-consorcio-responsable\\\/\"},{\"@type\":\"ListItem\",\"position\":3,\"name\":\"Nuestro papel: protecci\u00f3n y promoci\u00f3n\",\"item\":\"https:\\\/\\\/www.granapadano.it\\\/es\\\/el-consorzio-de-proteccion\\\/nuestro-papel-proteccion-y-promocion\\\/\"},{\"@type\":\"ListItem\",\"position\":4,\"name\":\"Promoci\u00f3n\"}]},{\"@type\":\"WebSite\",\"@id\":\"https:\\\/\\\/www.granapadano.it\\\/es\\\/#website\",\"url\":\"https:\\\/\\\/www.granapadano.it\\\/es\\\/\",\"name\":\"Grana Padano\",\"description\":\"\",\"potentialAction\":[{\"@type\":\"SearchAction\",\"target\":{\"@type\":\"EntryPoint\",\"urlTemplate\":\"https:\\\/\\\/www.granapadano.it\\\/es\\\/?s={search_term_string}\"},\"query-input\":{\"@type\":\"PropertyValueSpecification\",\"valueRequired\":true,\"valueName\":\"search_term_string\"}}],\"inLanguage\":\"es\"}]}<\/script>\n<!-- \/ Yoast SEO plugin. -->","yoast_head_json":{"title":"Promoci\u00f3n - Grana Padano","robots":{"index":"index","follow":"follow","max-snippet":"max-snippet:-1","max-image-preview":"max-image-preview:large","max-video-preview":"max-video-preview:-1"},"canonical":"https:\/\/www.granapadano.it\/es\/el-consorzio-de-proteccion\/nuestro-papel-proteccion-y-promocion\/promocion\/","og_locale":"es_ES","og_type":"article","og_title":"Promoci\u00f3n - Grana Padano","og_description":"Promoci\u00f3n\"El Consorcio es el propietario de las marcas del Grana Padano DOP y de las colaterales o correspondientes, as\u00ed como de los distintivos depositados de conformidad con la ley y las concesiones para su uso a quienes tengan derecho a ello\". \"\"El Consorcio se encarga, en exclusiva, de la imposici\u00f3n del logotipo distintivo de Grana [&hellip;]","og_url":"https:\/\/www.granapadano.it\/es\/el-consorzio-de-proteccion\/nuestro-papel-proteccion-y-promocion\/promocion\/","og_site_name":"Grana Padano","article_modified_time":"2023-03-17T13:21:50+00:00","twitter_card":"summary_large_image","twitter_misc":{"Tiempo de lectura":"4 minutos"},"schema":{"@context":"https:\/\/schema.org","@graph":[{"@type":"WebPage","@id":"https:\/\/www.granapadano.it\/es\/el-consorzio-de-proteccion\/nuestro-papel-proteccion-y-promocion\/promocion\/","url":"https:\/\/www.granapadano.it\/es\/el-consorzio-de-proteccion\/nuestro-papel-proteccion-y-promocion\/promocion\/","name":"Promoci\u00f3n - Grana Padano","isPartOf":{"@id":"https:\/\/www.granapadano.it\/es\/#website"},"datePublished":"2023-02-16T16:12:50+00:00","dateModified":"2023-03-17T13:21:50+00:00","breadcrumb":{"@id":"https:\/\/www.granapadano.it\/es\/el-consorzio-de-proteccion\/nuestro-papel-proteccion-y-promocion\/promocion\/#breadcrumb"},"inLanguage":"es","potentialAction":[{"@type":"ReadAction","target":["https:\/\/www.granapadano.it\/es\/el-consorzio-de-proteccion\/nuestro-papel-proteccion-y-promocion\/promocion\/"]}]},{"@type":"BreadcrumbList","@id":"https:\/\/www.granapadano.it\/es\/el-consorzio-de-proteccion\/nuestro-papel-proteccion-y-promocion\/promocion\/#breadcrumb","itemListElement":[{"@type":"ListItem","position":1,"name":"Home","item":"https:\/\/www.granapadano.it\/es\/"},{"@type":"ListItem","position":2,"name":"El Consorcio Responsable","item":"https:\/\/www.granapadano.it\/es\/el-consorcio-responsable\/"},{"@type":"ListItem","position":3,"name":"Nuestro papel: protecci\u00f3n y promoci\u00f3n","item":"https:\/\/www.granapadano.it\/es\/el-consorzio-de-proteccion\/nuestro-papel-proteccion-y-promocion\/"},{"@type":"ListItem","position":4,"name":"Promoci\u00f3n"}]},{"@type":"WebSite","@id":"https:\/\/www.granapadano.it\/es\/#website","url":"https:\/\/www.granapadano.it\/es\/","name":"Grana Padano","description":"","potentialAction":[{"@type":"SearchAction","target":{"@type":"EntryPoint","urlTemplate":"https:\/\/www.granapadano.it\/es\/?s={search_term_string}"},"query-input":{"@type":"PropertyValueSpecification","valueRequired":true,"valueName":"search_term_string"}}],"inLanguage":"es"}]}},"_links":{"self":[{"href":"https:\/\/www.granapadano.it\/es\/wp-json\/wp\/v2\/pages\/38804","targetHints":{"allow":["GET"]}}],"collection":[{"href":"https:\/\/www.granapadano.it\/es\/wp-json\/wp\/v2\/pages"}],"about":[{"href":"https:\/\/www.granapadano.it\/es\/wp-json\/wp\/v2\/types\/page"}],"author":[{"embeddable":true,"href":"https:\/\/www.granapadano.it\/es\/wp-json\/wp\/v2\/users\/3"}],"replies":[{"embeddable":true,"href":"https:\/\/www.granapadano.it\/es\/wp-json\/wp\/v2\/comments?post=38804"}],"version-history":[{"count":0,"href":"https:\/\/www.granapadano.it\/es\/wp-json\/wp\/v2\/pages\/38804\/revisions"}],"up":[{"embeddable":true,"href":"https:\/\/www.granapadano.it\/es\/wp-json\/wp\/v2\/pages\/37029"}],"wp:attachment":[{"href":"https:\/\/www.granapadano.it\/es\/wp-json\/wp\/v2\/media?parent=38804"}],"curies":[{"name":"wp","href":"https:\/\/api.w.org\/{rel}","templated":true}]}}