{"id":153405,"date":"2026-03-30T14:51:52","date_gmt":"2026-03-30T14:51:52","guid":{"rendered":"https:\/\/www.granapadano.it\/pasquetta-the-italian-getaway-after-easter\/"},"modified":"2026-03-30T15:46:10","modified_gmt":"2026-03-30T15:46:10","slug":"pasquetta-the-italian-getaway-after-easter","status":"publish","type":"page","link":"https:\/\/www.granapadano.it\/es\/pasquetta-la-escapada-italiana-despues-de-pascua\/","title":{"rendered":"Pasquetta: La escapada italiana despu\u00e9s de Pascua"},"content":{"rendered":"<p>[et_pb_section fb_built=\u00bb1&#8243; fullwidth=\u00bbon\u00bb _builder_version=\u00bb4.19.0&#8243; _module_preset=\u00bbdefault\u00bb global_colors_info=\u00bb{}\u00bb][et_pb_fullwidth_image src=\u00bbhttps:\/\/www.granapadano.it\/wp-content\/uploads\/2025\/03\/GP_Grigliata-di-Carne-h.jpg\u00bb title_text=\u00bbGP_Grigliata-di-Carne-m\u00bb src_tablet=\u00bbhttps:\/\/www.granapadano.it\/wp-content\/uploads\/2025\/03\/GP_Grigliata-di-Carne-h.jpg\u00bb src_phone=\u00bbhttps:\/\/www.granapadano.it\/wp-content\/uploads\/2025\/03\/GP_Grigliata-di-Carne-m.jpg\u00bb src_last_edited=\u00bbon|phone\u00bb _builder_version=\u00bb4.27.6&#8243; _module_preset=\u00bbdefault\u00bb global_colors_info=\u00bb{}\u00bb][\/et_pb_fullwidth_image][\/et_pb_section][et_pb_section fb_built=\u00bb1&#8243; module_class=\u00bbproduction_sub_hub_main_wrapper\u00bb _builder_version=\u00bb4.19.3&#8243; _module_preset=\u00bbdefault\u00bb custom_padding=\u00bb13px||0px|||\u00bb global_colors_info=\u00bb{}\u00bb][et_pb_row module_class=\u00bbrecipe_filter_section\u00bb _builder_version=\u00bb4.19.4&#8243; _module_preset=\u00bbdefault\u00bb max_width=\u00bb90%\u00bb custom_padding=\u00bb||7px|||\u00bb global_colors_info=\u00bb{}\u00bb][et_pb_column type=\u00bb4_4&#8243; _builder_version=\u00bb4.19.4&#8243; _module_preset=\u00bbdefault\u00bb global_colors_info=\u00bb{}\u00bb][et_pb_code _builder_version=\u00bb4.19.4&#8243; _module_preset=\u00bbdefault\u00bb global_colors_info=\u00bb{}\u00bb]<div class=\"breadcrumb\"><a href=\"https:\/\/www.granapadano.it\/es\/\">Inicio<\/a>  <  <\/div>[\/et_pb_code][\/et_pb_column][\/et_pb_row][\/et_pb_section][et_pb_section fb_built=\u00bb1&#8243; _builder_version=\u00bb4.27.6&#8243; _module_preset=\u00bbdefault\u00bb min_height=\u00bb187px\u00bb height=\u00bb1000px\u00bb max_height=\u00bb141px\u00bb custom_padding=\u00bb0px||||false|false\u00bb locked=\u00bboff\u00bb global_colors_info=\u00bb{}\u00bb][et_pb_row _builder_version=\u00bb4.27.6&#8243; _module_preset=\u00bbdefault\u00bb max_width=\u00bb90%\u00bb min_height=\u00bb55.9px\u00bb custom_padding=\u00bb20px||0px||false|false\u00bb global_colors_info=\u00bb{}\u00bb][et_pb_column type=\u00bb4_4&#8243; _builder_version=\u00bb4.19.4&#8243; _module_preset=\u00bbdefault\u00bb global_colors_info=\u00bb{}\u00bb][et_pb_text _builder_version=\u00bb4.27.6&#8243; _module_preset=\u00bbdefault\u00bb text_font=\u00bbMerriweather|700|||||||\u00bb text_text_color=\u00bb#0f0f0f\u00bb text_font_size=\u00bb44px\u00bb text_line_height=\u00bb62px\u00bb header_text_color=\u00bbgcid-8696fd7e-29dd-4028-9d4d-981b208a53a9&#8243; header_font_size=\u00bb45px\u00bb header_line_height=\u00bb52px\u00bb text_orientation=\u00bbcenter\u00bb custom_margin=\u00bb0px|0px|7px|0px|false|true\u00bb global_colors_info=\u00bb{%22gcid-8696fd7e-29dd-4028-9d4d-981b208a53a9%22:%91%22header_text_color%22%93}\u00bb]<\/p>\n<h1 style=\"text-align: left;\">Pasquetta: La escapada italiana despu\u00e9s de Pascua<\/h1>\n<p>[\/et_pb_text][et_pb_text _builder_version=\u00bb4.27.6&#8243; _module_preset=\u00bbdefault\u00bb text_font=\u00bb||||||||\u00bb text_text_color=\u00bb#0f0f0f\u00bb text_font_size=\u00bb16px\u00bb text_line_height=\u00bb26px\u00bb custom_padding=\u00bb||20px||false|false\u00bb locked=\u00bboff\u00bb global_colors_info=\u00bb{}\u00bb]<\/p>\n<p style=\"text-align: left;\">Si pens\u00e1is que la Pascua italiana es todo familia, huevos de chocolate y comidas interminables\u2026 bueno, solo hab\u00e9is visto la mitad de la historia.<br \/>\nAl d\u00eda siguiente, el famoso Lunes de Pascua, m\u00e1s conocido como Pasquetta, los italianos cambian de registro: fuera la formalidad, dentro el caos, la relajaci\u00f3n y, por supuesto, mucho buen comer.<\/p>\n<p>[\/et_pb_text][\/et_pb_column][\/et_pb_row][\/et_pb_section][et_pb_section fb_built=\u00bb1&#8243; module_id=\u00bbcrosta-edibile\u00bb _builder_version=\u00bb4.27.6&#8243; _module_preset=\u00bbdefault\u00bb background_color=\u00bb#FFFFFF\u00bb max_height=\u00bb284px\u00bb custom_margin=\u00bb||0px||false|false\u00bb custom_padding=\u00bb||0px||false|false\u00bb locked=\u00bboff\u00bb global_colors_info=\u00bb{}\u00bb][et_pb_row _builder_version=\u00bb4.20.2&#8243; _module_preset=\u00bbdefault\u00bb custom_margin=\u00bb0px||0px||false|false\u00bb custom_padding=\u00bb0px||0px||false|false\u00bb global_colors_info=\u00bb{}\u00bb][et_pb_column type=\u00bb4_4&#8243; _builder_version=\u00bb4.20.2&#8243; _module_preset=\u00bbdefault\u00bb global_colors_info=\u00bb{}\u00bb][et_pb_text _builder_version=\u00bb4.27.6&#8243; _module_preset=\u00bbdefault\u00bb text_font=\u00bb||||||||\u00bb header_font=\u00bb||||||||\u00bb header_text_color=\u00bb#000000&#8243; header_font_size=\u00bb38px\u00bb header_line_height=\u00bb36px\u00bb header_3_font=\u00bb||||||||\u00bb header_3_text_color=\u00bb#000000&#8243; header_3_font_size=\u00bb35px\u00bb header_3_line_height=\u00bb1.4em\u00bb text_orientation=\u00bbcenter\u00bb custom_margin=\u00bb0px||||false|false\u00bb custom_padding=\u00bb0px||15px||false|false\u00bb header_font_size_tablet=\u00bb38px\u00bb header_font_size_phone=\u00bb28px\u00bb header_font_size_last_edited=\u00bbon|phone\u00bb header_3_font_tablet=\u00bb||||||||\u00bb header_3_font_phone=\u00bb||||||||\u00bb header_3_font_last_edited=\u00bbon|phone\u00bb locked=\u00bboff\u00bb global_colors_info=\u00bb{}\u00bb]<\/p>\n<h3 style=\"text-align: left\">Pascua vs Pasquetta<\/h3>\n<p>[\/et_pb_text][et_pb_text _builder_version=\u00bb4.27.6&#8243; _module_preset=\u00bbdefault\u00bb text_font=\u00bb||||||||\u00bb text_text_color=\u00bb#0f0f0f\u00bb text_font_size=\u00bb16px\u00bb text_line_height=\u00bb25px\u00bb custom_padding=\u00bb||50px||false|false\u00bb locked=\u00bboff\u00bb global_colors_info=\u00bb{}\u00bb]<\/p>\n<p> Si la Pascua es tradici\u00f3n, mesas abundantes, familiares que llegan y huevos de chocolate sin medida, Pasquetta es amigos, improvisaci\u00f3n y puro caos. \u00bfLa \u00fanica regla? No quedarse en casa.<br \/>\nSi el invierno tiene Nochevieja y el verano Ferragosto, Pasquetta es el gran momento primaveral para reunirse: se organiza durante meses para poner de acuerdo a todos los amigos y llegar preparados\u2026 o al menos intentarlo.<br \/>\nEl d\u00eda promete sol, risas y comida al aire libre, y a menudo tambi\u00e9n alg\u00fan imprevisto memorable.<\/p>\n<p>[\/et_pb_text][\/et_pb_column][\/et_pb_row][\/et_pb_section][et_pb_section fb_built=\u00bb1&#8243; _builder_version=\u00bb4.27.6&#8243; _module_preset=\u00bbdefault\u00bb min_height=\u00bb598.3px\u00bb custom_margin=\u00bb||-28px|||\u00bb locked=\u00bboff\u00bb global_colors_info=\u00bb{}\u00bb][et_pb_row use_custom_gutter=\u00bbon\u00bb gutter_width=\u00bb3&#8243; _builder_version=\u00bb4.27.6&#8243; _module_preset=\u00bbdefault\u00bb custom_margin=\u00bb||0px||false|false\u00bb custom_padding=\u00bb0px||||false|false\u00bb global_colors_info=\u00bb{}\u00bb][et_pb_column type=\u00bb4_4&#8243; _builder_version=\u00bb4.27.6&#8243; _module_preset=\u00bbdefault\u00bb global_colors_info=\u00bb{}\u00bb][et_pb_text _builder_version=\u00bb4.27.6&#8243; _module_preset=\u00bbdefault\u00bb text_font=\u00bb|700|||||||\u00bb text_text_color=\u00bb#0f0f0f\u00bb text_font_size=\u00bb44px\u00bb text_line_height=\u00bb62px\u00bb header_text_align=\u00bbleft\u00bb header_text_color=\u00bbgcid-8696fd7e-29dd-4028-9d4d-981b208a53a9&#8243; header_font_size=\u00bb44px\u00bb header_line_height=\u00bb52px\u00bb header_2_text_align=\u00bbleft\u00bb header_2_font_size=\u00bb35px\u00bb custom_margin=\u00bb0px||10px||false|false\u00bb global_colors_info=\u00bb{%22gcid-8696fd7e-29dd-4028-9d4d-981b208a53a9%22:%91%22header_text_color%22%93}\u00bb]<\/p>\n<h2 style=\"text-align: left;\">Hay tres tipos de personas en Pasquetta\u2026<\/h2>\n<p>[\/et_pb_text][et_pb_text _builder_version=\u00bb4.27.6&#8243; _module_preset=\u00bbdefault\u00bb text_font=\u00bb||||||||\u00bb text_text_color=\u00bb#0f0f0f\u00bb text_font_size=\u00bb16px\u00bb text_line_height=\u00bb25px\u00bb custom_padding=\u00bb||10px||false|false\u00bb locked=\u00bboff\u00bb global_colors_info=\u00bb{}\u00bb]<\/p>\n<p>Todo italiano se clasifica en, al menos, una de estas categor\u00edas, y pasa meses intentando convencer a su grupo de amigos de seguir su plan. Normalmente, una de estos tres:<\/p>\n<p>[\/et_pb_text][et_pb_accordion open_toggle_text_color=\u00bb#44392b\u00bb closed_toggle_background_color=\u00bbRGBA(255,255,255,0)\u00bb toggle_icon=\u00bb&#x33;||divi||400&#8243; icon_color=\u00bb#876346&#8243; use_icon_font_size=\u00bbon\u00bb icon_font_size=\u00bb24px\u00bb module_class=\u00bbgp-new-faqs\u00bb _builder_version=\u00bb4.27.6&#8243; _module_preset=\u00bbdefault\u00bb toggle_text_color=\u00bb#876346&#8243; toggle_level=\u00bbh4&#8243; toggle_font=\u00bb&#8211;et_global_heading_font||||||||\u00bb body_font=\u00bb&#8211;et_global_heading_font||||||||\u00bb body_text_color=\u00bb#201d19&#8243; text_orientation=\u00bbleft\u00bb border_width_top=\u00bb0px\u00bb border_color_right=\u00bbRGBA(255,255,255,0)\u00bb border_color_bottom=\u00bb#876346&#8243; border_width_left=\u00bb0px\u00bb global_colors_info=\u00bb{%22gcid-46a7fd9b-e7e5-4c0a-b621-f5f3bcee3ed6%22:%91%22border_color_bottom%22,%22icon_color%22%93}\u00bb custom_padding__hover_enabled=\u00bboff|desktop\u00bb closed_toggle_background_color__hover_enabled=\u00bbon|hover\u00bb closed_toggle_background_color__hover=\u00bbRGBA(255,255,255,0)\u00bb toggle_icon__hover_enabled=\u00bboff|desktop\u00bb toggle_icon__hover=\u00bb2||divi||400&#8243;][et_pb_accordion_item title=\u00bbLos relajados: picnic al aire libre\u00bb _builder_version=\u00bb4.27.6&#8243; _module_preset=\u00bbdefault\u00bb background_color=\u00bbRGBA(255,255,255,0)\u00bb background_enable_color=\u00bbon\u00bb global_colors_info=\u00bb{}\u00bb open=\u00bbon\u00bb]Para ellos, Pasquetta es el d\u00eda perfecto para disfrutar de la primavera en modo relax total. S\u00f3lo les hace falta el campo, una colina o la orilla de un lago, una manta de cuadros y una cesta de mimbre llena de pan casero y platos fr\u00edos para compartir.<br \/>\nEl d\u00eda pasa entre familia o amigos, charlas, partidos improvisados y juegos de mesa.<br \/>\nEn resumen: desconexi\u00f3n absoluta y aire de primavera.[\/et_pb_accordion_item][et_pb_accordion_item title=\u00bbLos aventureros: escapada fuera\u00bb _builder_version=\u00bb4.27.6&#8243; _module_preset=\u00bbdefault\u00bb global_colors_info=\u00bb{}\u00bb open=\u00bboff\u00bb]\u00bfMar o monta\u00f1a? Cada uno tiene su destino, y por suerte Italia ofrece de todo.<br \/>\nEn el sur hay quien inaugura la temporada de ba\u00f1o, mientras que en la monta\u00f1a el objetivo es caminar lo justo para compensar la comida de Pascua. En cualquier caso, se trata de respirar aire nuevo, desconectar y disfrutar con los tuyos.<br \/>\nY para aguantar caminatas y risas, nunca puede faltar un snack estrat\u00e9gico\u2026 \u00a1unas esccamas de Grana Padano DOP![\/et_pb_accordion_item][et_pb_accordion_item title=\u00bbLos h\u00e9roes de la barbacoa: el grill\u00bb open=\u00bboff\u00bb _builder_version=\u00bb4.27.6&#8243; _module_preset=\u00bbdefault\u00bb global_colors_info=\u00bb{}\u00bb]Para otros, Pasquetta significa una sola cosa: encender la barbacoa.<br \/>\nPara los amantes del grill, la primavera es un alivio: vuelve el delantal, el carb\u00f3n, las pinzas\u2026 y las ganas de cocinar al aire libre. Hay quien apuesta por las costillas, quien prefiere el pollo marinado y quien no puede renunciar a una buena chuleta. Luego est\u00e1n los creativos de las guarniciones, los expertos en verduras a la parrilla y, por supuesto, los responsables de las bebidas: una figura imprescindible sin la que el d\u00eda no funciona. Aqu\u00ed la clave es la compa\u00f1\u00eda, con una norma clara: cuantos m\u00e1s, mejor.<br \/>\nY para tener a todos contentos, hace falta tener un as en la manga: una salsa cremosa de Grana Padano DOP en la que mojar\u2026 lo que sea.[\/et_pb_accordion_item][\/et_pb_accordion][\/et_pb_column][\/et_pb_row][\/et_pb_section][et_pb_section fb_built=\u00bb1&#8243; module_id=\u00bbcrosta-edibile\u00bb _builder_version=\u00bb4.27.6&#8243; _module_preset=\u00bbdefault\u00bb background_color=\u00bb#FFFFFF\u00bb custom_margin=\u00bb||60px||false|false\u00bb custom_padding=\u00bb||0px||false|false\u00bb locked=\u00bboff\u00bb global_colors_info=\u00bb{}\u00bb][et_pb_row _builder_version=\u00bb4.20.2&#8243; _module_preset=\u00bbdefault\u00bb custom_margin=\u00bb0px||0px||false|false\u00bb custom_padding=\u00bb0px||0px||false|false\u00bb global_colors_info=\u00bb{}\u00bb][et_pb_column type=\u00bb4_4&#8243; _builder_version=\u00bb4.20.2&#8243; _module_preset=\u00bbdefault\u00bb global_colors_info=\u00bb{}\u00bb][et_pb_text _builder_version=\u00bb4.27.6&#8243; _module_preset=\u00bbdefault\u00bb text_font=\u00bb||||||||\u00bb header_font=\u00bb||||||||\u00bb header_text_color=\u00bb#000000&#8243; header_font_size=\u00bb38px\u00bb header_line_height=\u00bb36px\u00bb header_3_font=\u00bb||||||||\u00bb header_3_text_color=\u00bb#000000&#8243; header_3_font_size=\u00bb35px\u00bb header_3_line_height=\u00bb1.4em\u00bb text_orientation=\u00bbcenter\u00bb custom_margin=\u00bb0px||||false|false\u00bb custom_padding=\u00bb0px||15px||false|false\u00bb header_font_size_tablet=\u00bb38px\u00bb header_font_size_phone=\u00bb28px\u00bb header_font_size_last_edited=\u00bbon|phone\u00bb header_3_font_tablet=\u00bb||||||||\u00bb header_3_font_phone=\u00bb||||||||\u00bb header_3_font_last_edited=\u00bbon|phone\u00bb locked=\u00bboff\u00bb global_colors_info=\u00bb{}\u00bb]<\/p>\n<h3 style=\"text-align: left;\">Puede parecer todo perfecto, pero hay un problema\u2026<\/h3>\n<p>[\/et_pb_text][et_pb_text _builder_version=\u00bb4.27.6&#8243; _module_preset=\u00bbdefault\u00bb text_font=\u00bb||||||||\u00bb text_text_color=\u00bb#0f0f0f\u00bb text_font_size=\u00bb16px\u00bb text_line_height=\u00bb25px\u00bb custom_padding=\u00bb||50px||false|false\u00bb locked=\u00bboff\u00bb global_colors_info=\u00bb{}\u00bb]<\/p>\n<p>Cada Pasquetta sigue el mismo patr\u00f3n: mil ideas, meses organizando, chats interminables\u2026 y llega el d\u00eda y llueve. El tiempo es el gran enemigo de este d\u00eda pensada para pasarse al aire libre. Puede arruinarlo todo\u2026 y muchas veces lo hace. Pero no pasa nada: los italianos siempre tienen un plan B infalible. Se llama Pascua 2.0. Se vuelve a la mesa, se repite el fest\u00edn del d\u00eda anterior, se sacan los juegos y las partidas interminables.<br \/>\nPorque, en el fondo, Pasquetta nunca ha sido sobre el plan\u2026 sino sobre estar juntos.<\/p>\n<p>[\/et_pb_text][et_pb_text _builder_version=\u00bb4.27.6&#8243; _module_preset=\u00bbdefault\u00bb text_font=\u00bb||||||||\u00bb text_text_color=\u00bb#0f0f0f\u00bb text_font_size=\u00bb16px\u00bb text_line_height=\u00bb25px\u00bb custom_padding=\u00bb||50px||false|false\u00bb locked=\u00bboff\u00bb global_colors_info=\u00bb{}\u00bb]<\/p>\n<p>En Italia, Pasquetta es la pausa informal que viene tras la solemnidad de la Pascua.<br \/>\nEst\u00e1 hecha de planes ambiciosos, organizaci\u00f3n infinita y un punto de imprevisibilidad. A veces es sol y prados verdes; otras, una mesa improvisada y un plan organizado a \u00faltima hora. Porque Pasquetta, m\u00e1s que una tradici\u00f3n, es una actitud.<br \/>\nY como todo momento de convivencia a la italiana, encuentra su equilibrio perfecto en sabores aut\u00e9nticos como el de Grana Padano, capaces de transformar incluso un d\u00eda de lluvia en una historia para recordar.<\/p>\n<p>[\/et_pb_text][\/et_pb_column][\/et_pb_row][\/et_pb_section][et_pb_section fb_built=\u00bb1&#8243; _builder_version=\u00bb4.27.6&#8243; _module_preset=\u00bbdefault\u00bb custom_margin=\u00bb0px||60px||false|false\u00bb custom_padding=\u00bb10px||0px||false|false\u00bb locked=\u00bboff\u00bb global_colors_info=\u00bb{}\u00bb][et_pb_row _builder_version=\u00bb4.27.6&#8243; _module_preset=\u00bbdefault\u00bb max_width=\u00bb90%\u00bb module_alignment=\u00bbcenter\u00bb custom_padding=\u00bb0px||0px||false|false\u00bb global_colors_info=\u00bb{}\u00bb][et_pb_column type=\u00bb4_4&#8243; _builder_version=\u00bb4.19.1&#8243; _module_preset=\u00bbdefault\u00bb global_colors_info=\u00bb{}\u00bb][et_pb_button button_url=\u00bbhttps:\/\/www.granapadano.it\/es\/recetas%20&#8243; url_new_window=\u00bbon\u00bb button_text=\u00bbDescubre todas las recetas\u00bb button_alignment=\u00bbcenter\u00bb module_class=\u00bbBrown-btn\u00bb _builder_version=\u00bb4.27.6&#8243; _module_preset=\u00bbdefault\u00bb custom_button=\u00bbon\u00bb button_text_size=\u00bb12px\u00bb button_text_color=\u00bb#f9f1e4&#8243; button_bg_color=\u00bb#876346&#8243; button_border_width=\u00bb0px\u00bb button_border_color=\u00bbRGBA(255,255,255,0)\u00bb button_border_radius=\u00bb0px\u00bb button_font=\u00bb&#8211;et_global_heading_font||||||||\u00bb button_icon=\u00bb&#x24;||divi||400&#8243; button_on_hover=\u00bboff\u00bb transform_scale=\u00bb86%|86%\u00bb custom_margin=\u00bb0px||0px||false|false\u00bb custom_padding=\u00bb16px|30px|16px|16px|true|false\u00bb locked=\u00bboff\u00bb global_colors_info=\u00bb{%22gcid-26f0371c-74dd-4e63-bbf8-f8ec94f09a6d%22:%91%22button_bg_color%22%93,%22gcid-46a7fd9b-e7e5-4c0a-b621-f5f3bcee3ed6%22:%91%22button_bg_color%22%93}\u00bb button_text_color__hover_enabled=\u00bbon|desktop\u00bb button_bg_color__hover_enabled=\u00bbon|hover\u00bb button_bg_enable_color__hover=\u00bbon\u00bb button_text_color__hover=\u00bb#f9f1e4&#8243; button_bg_color__hover=\u00bb#876346&#8243;][\/et_pb_button][\/et_pb_column][\/et_pb_row][\/et_pb_section]<\/p>\n","protected":false},"excerpt":{"rendered":"<p><div class=\"breadcrumb\"><a href=\"https:\/\/www.granapadano.it\/es\/\">Inicio<\/a>  <  <\/div>Pasquetta: La escapada italiana despu\u00e9s de PascuaSi pens\u00e1is que la Pascua italiana es todo familia, huevos de chocolate y comidas interminables\u2026 bueno, solo hab\u00e9is visto la mitad de la historia. Al d\u00eda siguiente, el famoso Lunes de Pascua, m\u00e1s conocido como Pasquetta, los italianos cambian de registro: fuera la formalidad, dentro el caos, la relajaci\u00f3n [&hellip;]<\/p>\n","protected":false},"author":45,"featured_media":136643,"parent":0,"menu_order":907,"comment_status":"closed","ping_status":"closed","template":"","meta":{"_acf_changed":false,"_et_pb_use_builder":"on","_et_pb_old_content":"","_et_gb_content_width":"","footnotes":""},"class_list":["post-153405","page","type-page","status-publish","has-post-thumbnail","hentry"],"acf":[],"yoast_head":"<!-- This site is optimized with the Yoast SEO plugin v27.4 - https:\/\/yoast.com\/product\/yoast-seo-wordpress\/ -->\n<title>Pasquetta: La escapada italiana despu\u00e9s de Pascua - Grana Padano<\/title>\n<meta name=\"robots\" content=\"index, follow, max-snippet:-1, max-image-preview:large, max-video-preview:-1\" \/>\n<link rel=\"canonical\" href=\"https:\/\/www.granapadano.it\/es\/pasquetta-la-escapada-italiana-despues-de-pascua\/\" \/>\n<meta property=\"og:locale\" content=\"es_ES\" \/>\n<meta property=\"og:type\" content=\"article\" \/>\n<meta property=\"og:title\" content=\"Pasquetta: La escapada italiana despu\u00e9s de Pascua - Grana Padano\" \/>\n<meta property=\"og:description\" content=\"Pasquetta: La escapada italiana despu\u00e9s de PascuaSi pens\u00e1is que la Pascua italiana es todo familia, huevos de chocolate y comidas interminables\u2026 bueno, solo hab\u00e9is visto la mitad de la historia. Al d\u00eda siguiente, el famoso Lunes de Pascua, m\u00e1s conocido como Pasquetta, los italianos cambian de registro: fuera la formalidad, dentro el caos, la relajaci\u00f3n [&hellip;]\" \/>\n<meta property=\"og:url\" content=\"https:\/\/www.granapadano.it\/es\/pasquetta-la-escapada-italiana-despues-de-pascua\/\" \/>\n<meta property=\"og:site_name\" content=\"Grana Padano\" \/>\n<meta property=\"article:modified_time\" content=\"2026-03-30T15:46:10+00:00\" \/>\n<meta property=\"og:image\" content=\"https:\/\/granapadano.kleecks-cdn.com\/wp-content\/uploads\/2025\/03\/GP_Grigliata-di-Carne-p.jpg\" \/>\n\t<meta property=\"og:image:width\" content=\"395\" \/>\n\t<meta property=\"og:image:height\" content=\"395\" \/>\n\t<meta property=\"og:image:type\" content=\"image\/jpeg\" \/>\n<meta name=\"twitter:card\" content=\"summary_large_image\" \/>\n<meta name=\"twitter:label1\" content=\"Tiempo de lectura\" \/>\n\t<meta name=\"twitter:data1\" content=\"4 minutos\" \/>\n<script type=\"application\/ld+json\" class=\"yoast-schema-graph\">{\"@context\":\"https:\\\/\\\/schema.org\",\"@graph\":[{\"@type\":\"WebPage\",\"@id\":\"https:\\\/\\\/www.granapadano.it\\\/es\\\/pasquetta-la-escapada-italiana-despues-de-pascua\\\/\",\"url\":\"https:\\\/\\\/www.granapadano.it\\\/es\\\/pasquetta-la-escapada-italiana-despues-de-pascua\\\/\",\"name\":\"Pasquetta: La escapada italiana despu\u00e9s de Pascua - Grana Padano\",\"isPartOf\":{\"@id\":\"https:\\\/\\\/www.granapadano.it\\\/es\\\/#website\"},\"primaryImageOfPage\":{\"@id\":\"https:\\\/\\\/www.granapadano.it\\\/es\\\/pasquetta-la-escapada-italiana-despues-de-pascua\\\/#primaryimage\"},\"image\":{\"@id\":\"https:\\\/\\\/www.granapadano.it\\\/es\\\/pasquetta-la-escapada-italiana-despues-de-pascua\\\/#primaryimage\"},\"thumbnailUrl\":\"https:\\\/\\\/granapadano.kleecks-cdn.com\\\/wp-content\\\/uploads\\\/2025\\\/03\\\/GP_Grigliata-di-Carne-p.jpg\",\"datePublished\":\"2026-03-30T14:51:52+00:00\",\"dateModified\":\"2026-03-30T15:46:10+00:00\",\"breadcrumb\":{\"@id\":\"https:\\\/\\\/www.granapadano.it\\\/es\\\/pasquetta-la-escapada-italiana-despues-de-pascua\\\/#breadcrumb\"},\"inLanguage\":\"es\",\"potentialAction\":[{\"@type\":\"ReadAction\",\"target\":[\"https:\\\/\\\/www.granapadano.it\\\/es\\\/pasquetta-la-escapada-italiana-despues-de-pascua\\\/\"]}]},{\"@type\":\"ImageObject\",\"inLanguage\":\"es\",\"@id\":\"https:\\\/\\\/www.granapadano.it\\\/es\\\/pasquetta-la-escapada-italiana-despues-de-pascua\\\/#primaryimage\",\"url\":\"https:\\\/\\\/granapadano.kleecks-cdn.com\\\/wp-content\\\/uploads\\\/2025\\\/03\\\/GP_Grigliata-di-Carne-p.jpg\",\"contentUrl\":\"https:\\\/\\\/granapadano.kleecks-cdn.com\\\/wp-content\\\/uploads\\\/2025\\\/03\\\/GP_Grigliata-di-Carne-p.jpg\",\"width\":395,\"height\":395},{\"@type\":\"BreadcrumbList\",\"@id\":\"https:\\\/\\\/www.granapadano.it\\\/es\\\/pasquetta-la-escapada-italiana-despues-de-pascua\\\/#breadcrumb\",\"itemListElement\":[{\"@type\":\"ListItem\",\"position\":1,\"name\":\"Home\",\"item\":\"https:\\\/\\\/www.granapadano.it\\\/es\\\/\"},{\"@type\":\"ListItem\",\"position\":2,\"name\":\"Pasquetta: La escapada italiana despu\u00e9s de Pascua\"}]},{\"@type\":\"WebSite\",\"@id\":\"https:\\\/\\\/www.granapadano.it\\\/es\\\/#website\",\"url\":\"https:\\\/\\\/www.granapadano.it\\\/es\\\/\",\"name\":\"Grana Padano\",\"description\":\"\",\"potentialAction\":[{\"@type\":\"SearchAction\",\"target\":{\"@type\":\"EntryPoint\",\"urlTemplate\":\"https:\\\/\\\/www.granapadano.it\\\/es\\\/?s={search_term_string}\"},\"query-input\":{\"@type\":\"PropertyValueSpecification\",\"valueRequired\":true,\"valueName\":\"search_term_string\"}}],\"inLanguage\":\"es\"}]}<\/script>\n<!-- \/ Yoast SEO plugin. -->","yoast_head_json":{"title":"Pasquetta: La escapada italiana despu\u00e9s de Pascua - Grana Padano","robots":{"index":"index","follow":"follow","max-snippet":"max-snippet:-1","max-image-preview":"max-image-preview:large","max-video-preview":"max-video-preview:-1"},"canonical":"https:\/\/www.granapadano.it\/es\/pasquetta-la-escapada-italiana-despues-de-pascua\/","og_locale":"es_ES","og_type":"article","og_title":"Pasquetta: La escapada italiana despu\u00e9s de Pascua - Grana Padano","og_description":"Pasquetta: La escapada italiana despu\u00e9s de PascuaSi pens\u00e1is que la Pascua italiana es todo familia, huevos de chocolate y comidas interminables\u2026 bueno, solo hab\u00e9is visto la mitad de la historia. Al d\u00eda siguiente, el famoso Lunes de Pascua, m\u00e1s conocido como Pasquetta, los italianos cambian de registro: fuera la formalidad, dentro el caos, la relajaci\u00f3n [&hellip;]","og_url":"https:\/\/www.granapadano.it\/es\/pasquetta-la-escapada-italiana-despues-de-pascua\/","og_site_name":"Grana Padano","article_modified_time":"2026-03-30T15:46:10+00:00","og_image":[{"width":395,"height":395,"url":"https:\/\/granapadano.kleecks-cdn.com\/wp-content\/uploads\/2025\/03\/GP_Grigliata-di-Carne-p.jpg","type":"image\/jpeg"}],"twitter_card":"summary_large_image","twitter_misc":{"Tiempo de lectura":"4 minutos"},"schema":{"@context":"https:\/\/schema.org","@graph":[{"@type":"WebPage","@id":"https:\/\/www.granapadano.it\/es\/pasquetta-la-escapada-italiana-despues-de-pascua\/","url":"https:\/\/www.granapadano.it\/es\/pasquetta-la-escapada-italiana-despues-de-pascua\/","name":"Pasquetta: La escapada italiana despu\u00e9s de Pascua - Grana Padano","isPartOf":{"@id":"https:\/\/www.granapadano.it\/es\/#website"},"primaryImageOfPage":{"@id":"https:\/\/www.granapadano.it\/es\/pasquetta-la-escapada-italiana-despues-de-pascua\/#primaryimage"},"image":{"@id":"https:\/\/www.granapadano.it\/es\/pasquetta-la-escapada-italiana-despues-de-pascua\/#primaryimage"},"thumbnailUrl":"https:\/\/granapadano.kleecks-cdn.com\/wp-content\/uploads\/2025\/03\/GP_Grigliata-di-Carne-p.jpg","datePublished":"2026-03-30T14:51:52+00:00","dateModified":"2026-03-30T15:46:10+00:00","breadcrumb":{"@id":"https:\/\/www.granapadano.it\/es\/pasquetta-la-escapada-italiana-despues-de-pascua\/#breadcrumb"},"inLanguage":"es","potentialAction":[{"@type":"ReadAction","target":["https:\/\/www.granapadano.it\/es\/pasquetta-la-escapada-italiana-despues-de-pascua\/"]}]},{"@type":"ImageObject","inLanguage":"es","@id":"https:\/\/www.granapadano.it\/es\/pasquetta-la-escapada-italiana-despues-de-pascua\/#primaryimage","url":"https:\/\/granapadano.kleecks-cdn.com\/wp-content\/uploads\/2025\/03\/GP_Grigliata-di-Carne-p.jpg","contentUrl":"https:\/\/granapadano.kleecks-cdn.com\/wp-content\/uploads\/2025\/03\/GP_Grigliata-di-Carne-p.jpg","width":395,"height":395},{"@type":"BreadcrumbList","@id":"https:\/\/www.granapadano.it\/es\/pasquetta-la-escapada-italiana-despues-de-pascua\/#breadcrumb","itemListElement":[{"@type":"ListItem","position":1,"name":"Home","item":"https:\/\/www.granapadano.it\/es\/"},{"@type":"ListItem","position":2,"name":"Pasquetta: La escapada italiana despu\u00e9s de Pascua"}]},{"@type":"WebSite","@id":"https:\/\/www.granapadano.it\/es\/#website","url":"https:\/\/www.granapadano.it\/es\/","name":"Grana Padano","description":"","potentialAction":[{"@type":"SearchAction","target":{"@type":"EntryPoint","urlTemplate":"https:\/\/www.granapadano.it\/es\/?s={search_term_string}"},"query-input":{"@type":"PropertyValueSpecification","valueRequired":true,"valueName":"search_term_string"}}],"inLanguage":"es"}]}},"_links":{"self":[{"href":"https:\/\/www.granapadano.it\/es\/wp-json\/wp\/v2\/pages\/153405","targetHints":{"allow":["GET"]}}],"collection":[{"href":"https:\/\/www.granapadano.it\/es\/wp-json\/wp\/v2\/pages"}],"about":[{"href":"https:\/\/www.granapadano.it\/es\/wp-json\/wp\/v2\/types\/page"}],"author":[{"embeddable":true,"href":"https:\/\/www.granapadano.it\/es\/wp-json\/wp\/v2\/users\/45"}],"replies":[{"embeddable":true,"href":"https:\/\/www.granapadano.it\/es\/wp-json\/wp\/v2\/comments?post=153405"}],"version-history":[{"count":3,"href":"https:\/\/www.granapadano.it\/es\/wp-json\/wp\/v2\/pages\/153405\/revisions"}],"predecessor-version":[{"id":153421,"href":"https:\/\/www.granapadano.it\/es\/wp-json\/wp\/v2\/pages\/153405\/revisions\/153421"}],"wp:featuredmedia":[{"embeddable":true,"href":"https:\/\/www.granapadano.it\/es\/wp-json\/wp\/v2\/media\/136643"}],"wp:attachment":[{"href":"https:\/\/www.granapadano.it\/es\/wp-json\/wp\/v2\/media?parent=153405"}],"curies":[{"name":"wp","href":"https:\/\/api.w.org\/{rel}","templated":true}]}}