{"id":148057,"date":"2026-03-16T14:21:18","date_gmt":"2026-03-16T14:21:18","guid":{"rendered":"https:\/\/www.granapadano.it\/?page_id=148057"},"modified":"2026-03-17T11:49:20","modified_gmt":"2026-03-17T11:49:20","slug":"progetti-distintivi-copy","status":"publish","type":"page","link":"https:\/\/www.granapadano.it\/es\/ricette-copy-4\/progetti-distintivi-copy\/","title":{"rendered":"Peque\u00f1os caser\u00edos"},"content":{"rendered":"<p>[et_pb_section fb_built=\u00bb1&#8243; fullwidth=\u00bbon\u00bb _builder_version=\u00bb4.20.0&#8243; _module_preset=\u00bbdefault\u00bb global_colors_info=\u00bb{}\u00bb][et_pb_fullwidth_image src=\u00bbhttps:\/\/www.granapadano.it\/wp-content\/uploads\/2023\/03\/Progetti-distintivi-h.jpg\u00bb title_text=\u00bbProgetti-distintivi-m\u00bb src_tablet=\u00bbhttps:\/\/www.granapadano.it\/wp-content\/uploads\/2023\/03\/Progetti-distintivi-h.jpg\u00bb src_phone=\u00bbhttps:\/\/www.granapadano.it\/wp-content\/uploads\/2023\/03\/Progetti-distintivi-m.jpg\u00bb src_last_edited=\u00bbon|phone\u00bb _builder_version=\u00bb4.20.2&#8243; _module_preset=\u00bbdefault\u00bb global_colors_info=\u00bb{}\u00bb][\/et_pb_fullwidth_image][\/et_pb_section][et_pb_section fb_built=\u00bb1&#8243; module_class=\u00bbsingle_recipe_content single_curiosita_ed_eventi\u00bb _builder_version=\u00bb4.20.4&#8243; _module_preset=\u00bbdefault\u00bb custom_margin=\u00bb||30px||false|false\u00bb custom_padding=\u00bb||0px||false|false\u00bb global_colors_info=\u00bb{}\u00bb][et_pb_row _builder_version=\u00bb4.19.2&#8243; _module_preset=\u00bbdefault\u00bb max_width=\u00bb90%\u00bb custom_padding=\u00bb0px||0px||false|false\u00bb global_colors_info=\u00bb{}\u00bb][et_pb_column type=\u00bb4_4&#8243; _builder_version=\u00bb4.19.2&#8243; _module_preset=\u00bbdefault\u00bb global_colors_info=\u00bb{}\u00bb][et_pb_code _builder_version=\u00bb4.19.2&#8243; _module_preset=\u00bbdefault\u00bb global_colors_info=\u00bb{}\u00bb]<div class=\"breadcrumb\"><a href=\"https:\/\/www.granapadano.it\/es\/\">Inicio<\/a>  <  <\/div>[\/et_pb_code][\/et_pb_column][\/et_pb_row][et_pb_row _builder_version=\u00bb4.19.4&#8243; _module_preset=\u00bbdefault\u00bb custom_padding=\u00bb13px||60px|||\u00bb global_colors_info=\u00bb{}\u00bb][et_pb_column type=\u00bb4_4&#8243; _builder_version=\u00bb4.19.4&#8243; _module_preset=\u00bbdefault\u00bb global_colors_info=\u00bb{}\u00bb][et_pb_text _builder_version=\u00bb4.20.2&#8243; _module_preset=\u00bbdefault\u00bb text_font=\u00bbMerriweather|700|||||||\u00bb text_text_color=\u00bb#0f0f0f\u00bb text_font_size=\u00bb44px\u00bb text_line_height=\u00bb52px\u00bb header_text_color=\u00bbgcid-8696fd7e-29dd-4028-9d4d-981b208a53a9&#8243; header_font_size=\u00bb38px\u00bb header_line_height=\u00bb46px\u00bb text_orientation=\u00bbcenter\u00bb custom_margin=\u00bb-12px||7px|||\u00bb custom_padding=\u00bb25px|||||\u00bb global_colors_info=\u00bb{%22gcid-8696fd7e-29dd-4028-9d4d-981b208a53a9%22:%91%22header_text_color%22%93}\u00bb]<\/p>\n<h1>Piccoli Casari<\/h1>\n<p>[\/et_pb_text][et_pb_text _builder_version=\u00bb4.24.3&#8243; _module_preset=\u00bbdefault\u00bb text_text_color=\u00bb#0f0f0f\u00bb text_font_size=\u00bb18px\u00bb text_line_height=\u00bb26px\u00bb custom_margin=\u00bb2px|||||\u00bb global_colors_info=\u00bb{}\u00bb]<\/p>\n<p class=\"p1\">La sostenibilit\u00e0 sociale \u00e8 parte integrante dell\u2019impegno del Consorzio per il futuro della filiera e delle comunit\u00e0 che ne fanno parte. Per questo motivo, promuoviamo iniziative dedicate alla formazione, alla valorizzazione delle persone e alla diffusione dei valori del Grana Padano, attraverso progetti per le scuole, attivit\u00e0 editoriali e iniziative speciali.<\/p>\n<p>[\/et_pb_text][\/et_pb_column][\/et_pb_row][et_pb_row column_structure=\u00bb1_2,1_2&#8243; use_custom_gutter=\u00bbon\u00bb gutter_width=\u00bb3&#8243; module_class=\u00bbconsorzio_saprate_section consorzio_vini_abbinare_page\u00bb _builder_version=\u00bb4.21.0&#8243; _module_preset=\u00bbdefault\u00bb transform_scale=\u00bb94%|94%\u00bb max_width=\u00bb90%\u00bb custom_padding=\u00bb0px|||||\u00bb locked=\u00bboff\u00bb global_colors_info=\u00bb{}\u00bb][et_pb_column type=\u00bb1_2&#8243; _builder_version=\u00bb4.21.0&#8243; _module_preset=\u00bbdefault\u00bb link_option_url=\u00bbhttps:\/\/www.granapadano.it\/curiosita-ed-eventi\/progetti-distintivi\/strumenti-didattici-scuole-primarie\/il-mio-amico-grana-padano-il-cartone-animato\/\u00bb global_colors_info=\u00bb{}\u00bb][et_pb_image title_text=\u00bbamico-gp\u00bb url=\u00bb\/it-it\/curiosita-ed-eventi\/progetti-distintivi\/strumenti-didattici-scuole-primarie\/il-mio-amico-grana-padano-il-cartone-animato\/\u00bb align=\u00bbcenter\u00bb _builder_version=\u00bb4.21.0&#8243; _module_preset=\u00bbdefault\u00bb background_color=\u00bbRGBA(255,255,255,0)\u00bb background_image=\u00bbhttps:\/\/www.granapadano.it\/wp-content\/uploads\/2023\/03\/amico-gp.jpg\u00bb min_height=\u00bb89px\u00bb custom_padding=\u00bb209px|0px||2px|false|false\u00bb global_colors_info=\u00bb{}\u00bb][\/et_pb_image][et_pb_text _builder_version=\u00bb4.21.0&#8243; _module_preset=\u00bbdefault\u00bb header_3_font=\u00bbMerriweather|700|||||||\u00bb header_3_text_color=\u00bb#0f0f0f\u00bb header_3_font_size=\u00bb23px\u00bb header_3_line_height=\u00bb27px\u00bb global_colors_info=\u00bb{}\u00bb]<\/p>\n<h3>Il mio amico Grana Padano: il cartone animato<\/h3>\n<p>[\/et_pb_text][et_pb_text _builder_version=\u00bb4.21.0&#8243; _module_preset=\u00bbdefault\u00bb text_text_color=\u00bb#0f0f0f\u00bb text_font_size=\u00bb18px\u00bb text_line_height=\u00bb26px\u00bb global_colors_info=\u00bb{}\u00bb]<\/p>\n<p>Il formaggio DOP pi\u00f9 consumato al mondo si racconta ai bambini della scuola materna e primaria con un simpatico cartone animato<\/p>\n<p>[\/et_pb_text][et_pb_image src=\u00bbhttps:\/\/www.granapadano.it\/wp-content\/uploads\/2022\/11\/Path-20171.png\u00bb title_text=\u00bbPath 20171&#8243; url=\u00bb\/it-it\/curiosita-ed-eventi\/progetti-distintivi\/strumenti-didattici-scuole-primarie\/il-mio-amico-grana-padano-il-cartone-animato\/\u00bb align=\u00bbright\u00bb _builder_version=\u00bb4.21.0&#8243; _module_preset=\u00bbdefault\u00bb global_colors_info=\u00bb{}\u00bb][\/et_pb_image][\/et_pb_column][et_pb_column type=\u00bb1_2&#8243; _builder_version=\u00bb4.21.0&#8243; _module_preset=\u00bbdefault\u00bb link_option_url=\u00bb\/it-it\/curiosita-ed-eventi\/progetti-distintivi\/strumenti-didattici-scuole-primarie\/granny-e-pad\/\u00bb global_colors_info=\u00bb{}\u00bb][et_pb_image title_text=\u00bbgranny-pad\u00bb url=\u00bb\/it-it\/curiosita-ed-eventi\/progetti-distintivi\/progetti-didattici-scuole-primarie\/granny-e-pad\/\u00bb align=\u00bbcenter\u00bb _builder_version=\u00bb4.20.4&#8243; _module_preset=\u00bbdefault\u00bb background_color=\u00bbRGBA(255,255,255,0)\u00bb background_image=\u00bbhttps:\/\/www.granapadano.it\/wp-content\/uploads\/2023\/03\/granny-pad.jpg\u00bb min_height=\u00bb89px\u00bb custom_padding=\u00bb209px|0px||2px|false|false\u00bb global_colors_info=\u00bb{}\u00bb][\/et_pb_image][et_pb_text _builder_version=\u00bb4.20.0&#8243; _module_preset=\u00bbdefault\u00bb header_3_font=\u00bbMerriweather|700|||||||\u00bb header_3_text_color=\u00bb#0f0f0f\u00bb header_3_font_size=\u00bb23px\u00bb header_3_line_height=\u00bb27px\u00bb locked=\u00bboff\u00bb global_colors_info=\u00bb{}\u00bb]<\/p>\n<h3>Granny e Pad<\/h3>\n<p>[\/et_pb_text][et_pb_text _builder_version=\u00bb4.20.0&#8243; _module_preset=\u00bbdefault\u00bb text_text_color=\u00bb#0f0f0f\u00bb text_font_size=\u00bb18px\u00bb text_line_height=\u00bb26px\u00bb locked=\u00bboff\u00bb global_colors_info=\u00bb{}\u00bb]La mucca Granny e il casaro Pad conducono i bambini alla scoperta del Grana Padano con racconti, disegni e giochi.[\/et_pb_text][et_pb_image src=\u00bbhttps:\/\/www.granapadano.it\/wp-content\/uploads\/2022\/11\/Path-20171.png\u00bb title_text=\u00bbPath 20171&#8243; url=\u00bb\/it-it\/curiosita-ed-eventi\/progetti-distintivi\/strumenti-didattici-scuole-primarie\/granny-e-pad\/\u00bb align=\u00bbright\u00bb _builder_version=\u00bb4.21.0&#8243; _module_preset=\u00bbdefault\u00bb locked=\u00bboff\u00bb global_colors_info=\u00bb{}\u00bb][\/et_pb_image][et_pb_image title_text=\u00bbGP-raccontato-bambini\u00bb url=\u00bb\/it-it\/curiosita-ed-eventi\/progetti-distintivi\/strumenti-didattici-scuole-primarie\/grana-padano-raccontato-dai-bambini\/\u00bb align=\u00bbcenter\u00bb disabled_on=\u00bbon|on|on\u00bb _builder_version=\u00bb4.21.0&#8243; _module_preset=\u00bbdefault\u00bb background_color=\u00bbRGBA(255,255,255,0)\u00bb background_image=\u00bbhttps:\/\/www.granapadano.it\/wp-content\/uploads\/2023\/03\/GP-raccontato-bambini.jpg\u00bb min_height=\u00bb89px\u00bb custom_padding=\u00bb209px|0px||2px|false|false\u00bb disabled=\u00bbon\u00bb global_colors_info=\u00bb{}\u00bb][\/et_pb_image][et_pb_text disabled_on=\u00bbon|on|on\u00bb _builder_version=\u00bb4.21.0&#8243; _module_preset=\u00bbdefault\u00bb header_3_font=\u00bbMerriweather|700|||||||\u00bb header_3_text_color=\u00bb#0f0f0f\u00bb header_3_font_size=\u00bb23px\u00bb header_3_line_height=\u00bb27px\u00bb disabled=\u00bbon\u00bb locked=\u00bboff\u00bb global_colors_info=\u00bb{}\u00bb]<\/p>\n<h3>Grana Padano raccontato dai bambini<\/h3>\n<p>[\/et_pb_text][et_pb_text disabled_on=\u00bbon|on|on\u00bb _builder_version=\u00bb4.21.0&#8243; _module_preset=\u00bbdefault\u00bb text_text_color=\u00bb#0f0f0f\u00bb text_font_size=\u00bb18px\u00bb text_line_height=\u00bb26px\u00bb disabled=\u00bbon\u00bb locked=\u00bboff\u00bb global_colors_info=\u00bb{}\u00bb]<\/p>\n<p>Che cos&#8217;\u00e8 Grana Padano per i bambini? Scopriamolo attraverso i loro coloratissimi disegni!<\/p>\n<p>[\/et_pb_text][et_pb_image src=\u00bbhttps:\/\/www.granapadano.it\/wp-content\/uploads\/2022\/11\/Path-20171.png\u00bb title_text=\u00bbPath 20171&#8243; url=\u00bb\/it-it\/curiosita-ed-eventi\/progetti-distintivi\/strumenti-didattici-scuole-primarie\/grana-padano-raccontato-dai-bambini\/\u00bb align=\u00bbright\u00bb disabled_on=\u00bbon|on|on\u00bb _builder_version=\u00bb4.21.0&#8243; _module_preset=\u00bbdefault\u00bb disabled=\u00bbon\u00bb locked=\u00bboff\u00bb global_colors_info=\u00bb{}\u00bb][\/et_pb_image][\/et_pb_column][\/et_pb_row][\/et_pb_section]<\/p>\n","protected":false},"excerpt":{"rendered":"<p><div class=\"breadcrumb\"><a href=\"https:\/\/www.granapadano.it\/es\/\">Inicio<\/a>  <  <\/div>Piccoli CasariLa sostenibilit\u00e0 sociale \u00e8 parte integrante dell\u2019impegno del Consorzio per il futuro della filiera e delle comunit\u00e0 che ne fanno parte. Per questo motivo, promuoviamo iniziative dedicate alla formazione, alla valorizzazione delle persone e alla diffusione dei valori del Grana Padano, attraverso progetti per le scuole, attivit\u00e0 editoriali e iniziative speciali.Il mio amico Grana [&hellip;]<\/p>\n","protected":false},"author":34,"featured_media":0,"parent":147945,"menu_order":711,"comment_status":"closed","ping_status":"closed","template":"","meta":{"_acf_changed":false,"_et_pb_use_builder":"on","_et_pb_old_content":"","_et_gb_content_width":"","footnotes":""},"class_list":["post-148057","page","type-page","status-publish","hentry"],"acf":[],"yoast_head":"<!-- This site is optimized with the Yoast SEO plugin v27.4 - https:\/\/yoast.com\/product\/yoast-seo-wordpress\/ -->\n<title>Peque\u00f1os caser\u00edos - Grana Padano<\/title>\n<meta name=\"robots\" content=\"index, follow, max-snippet:-1, max-image-preview:large, max-video-preview:-1\" \/>\n<link rel=\"canonical\" href=\"https:\/\/www.granapadano.it\/es\/ricette-copy-4\/progetti-distintivi-copy\/\" \/>\n<meta property=\"og:locale\" content=\"es_ES\" \/>\n<meta property=\"og:type\" content=\"article\" \/>\n<meta property=\"og:title\" content=\"Peque\u00f1os caser\u00edos - Grana Padano\" \/>\n<meta property=\"og:description\" content=\"Piccoli CasariLa sostenibilit\u00e0 sociale \u00e8 parte integrante dell\u2019impegno del Consorzio per il futuro della filiera e delle comunit\u00e0 che ne fanno parte. Per questo motivo, promuoviamo iniziative dedicate alla formazione, alla valorizzazione delle persone e alla diffusione dei valori del Grana Padano, attraverso progetti per le scuole, attivit\u00e0 editoriali e iniziative speciali.Il mio amico Grana [&hellip;]\" \/>\n<meta property=\"og:url\" content=\"https:\/\/www.granapadano.it\/es\/ricette-copy-4\/progetti-distintivi-copy\/\" \/>\n<meta property=\"og:site_name\" content=\"Grana Padano\" \/>\n<meta property=\"article:modified_time\" content=\"2026-03-17T11:49:20+00:00\" \/>\n<meta name=\"twitter:card\" content=\"summary_large_image\" \/>\n<meta name=\"twitter:label1\" content=\"Tiempo de lectura\" \/>\n\t<meta name=\"twitter:data1\" content=\"2 minutos\" \/>\n<script type=\"application\/ld+json\" class=\"yoast-schema-graph\">{\"@context\":\"https:\\\/\\\/schema.org\",\"@graph\":[{\"@type\":\"WebPage\",\"@id\":\"https:\\\/\\\/www.granapadano.it\\\/es\\\/ricette-copy-4\\\/progetti-distintivi-copy\\\/\",\"url\":\"https:\\\/\\\/www.granapadano.it\\\/es\\\/ricette-copy-4\\\/progetti-distintivi-copy\\\/\",\"name\":\"Peque\u00f1os caser\u00edos - Grana Padano\",\"isPartOf\":{\"@id\":\"https:\\\/\\\/www.granapadano.it\\\/es\\\/#website\"},\"datePublished\":\"2026-03-16T14:21:18+00:00\",\"dateModified\":\"2026-03-17T11:49:20+00:00\",\"breadcrumb\":{\"@id\":\"https:\\\/\\\/www.granapadano.it\\\/es\\\/ricette-copy-4\\\/progetti-distintivi-copy#breadcrumb\"},\"inLanguage\":\"es\",\"potentialAction\":[{\"@type\":\"ReadAction\",\"target\":[\"https:\\\/\\\/www.granapadano.it\\\/es\\\/ricette-copy-4\\\/progetti-distintivi-copy\\\/\"]}]},{\"@type\":\"BreadcrumbList\",\"@id\":\"https:\\\/\\\/www.granapadano.it\\\/es\\\/ricette-copy-4\\\/progetti-distintivi-copy#breadcrumb\",\"itemListElement\":[{\"@type\":\"ListItem\",\"position\":1,\"name\":\"Home\",\"item\":\"https:\\\/\\\/www.granapadano.it\\\/es\\\/\"},{\"@type\":\"ListItem\",\"position\":2,\"name\":\"El mundo de Grana Padano\",\"item\":\"https:\\\/\\\/www.granapadano.it\\\/es\\\/ricette-copy-4\\\/\"},{\"@type\":\"ListItem\",\"position\":3,\"name\":\"Peque\u00f1os caser\u00edos\"}]},{\"@type\":\"WebSite\",\"@id\":\"https:\\\/\\\/www.granapadano.it\\\/es\\\/#website\",\"url\":\"https:\\\/\\\/www.granapadano.it\\\/es\\\/\",\"name\":\"Grana Padano\",\"description\":\"\",\"potentialAction\":[{\"@type\":\"SearchAction\",\"target\":{\"@type\":\"EntryPoint\",\"urlTemplate\":\"https:\\\/\\\/www.granapadano.it\\\/es\\\/?s={search_term_string}\"},\"query-input\":{\"@type\":\"PropertyValueSpecification\",\"valueRequired\":true,\"valueName\":\"search_term_string\"}}],\"inLanguage\":\"es\"}]}<\/script>\n<!-- \/ Yoast SEO plugin. -->","yoast_head_json":{"title":"Peque\u00f1os caser\u00edos - Grana Padano","robots":{"index":"index","follow":"follow","max-snippet":"max-snippet:-1","max-image-preview":"max-image-preview:large","max-video-preview":"max-video-preview:-1"},"canonical":"https:\/\/www.granapadano.it\/es\/ricette-copy-4\/progetti-distintivi-copy\/","og_locale":"es_ES","og_type":"article","og_title":"Peque\u00f1os caser\u00edos - Grana Padano","og_description":"Piccoli CasariLa sostenibilit\u00e0 sociale \u00e8 parte integrante dell\u2019impegno del Consorzio per il futuro della filiera e delle comunit\u00e0 che ne fanno parte. Per questo motivo, promuoviamo iniziative dedicate alla formazione, alla valorizzazione delle persone e alla diffusione dei valori del Grana Padano, attraverso progetti per le scuole, attivit\u00e0 editoriali e iniziative speciali.Il mio amico Grana [&hellip;]","og_url":"https:\/\/www.granapadano.it\/es\/ricette-copy-4\/progetti-distintivi-copy\/","og_site_name":"Grana Padano","article_modified_time":"2026-03-17T11:49:20+00:00","twitter_card":"summary_large_image","twitter_misc":{"Tiempo de lectura":"2 minutos"},"schema":{"@context":"https:\/\/schema.org","@graph":[{"@type":"WebPage","@id":"https:\/\/www.granapadano.it\/es\/ricette-copy-4\/progetti-distintivi-copy\/","url":"https:\/\/www.granapadano.it\/es\/ricette-copy-4\/progetti-distintivi-copy\/","name":"Peque\u00f1os caser\u00edos - Grana Padano","isPartOf":{"@id":"https:\/\/www.granapadano.it\/es\/#website"},"datePublished":"2026-03-16T14:21:18+00:00","dateModified":"2026-03-17T11:49:20+00:00","breadcrumb":{"@id":"https:\/\/www.granapadano.it\/es\/ricette-copy-4\/progetti-distintivi-copy#breadcrumb"},"inLanguage":"es","potentialAction":[{"@type":"ReadAction","target":["https:\/\/www.granapadano.it\/es\/ricette-copy-4\/progetti-distintivi-copy\/"]}]},{"@type":"BreadcrumbList","@id":"https:\/\/www.granapadano.it\/es\/ricette-copy-4\/progetti-distintivi-copy#breadcrumb","itemListElement":[{"@type":"ListItem","position":1,"name":"Home","item":"https:\/\/www.granapadano.it\/es\/"},{"@type":"ListItem","position":2,"name":"El mundo de Grana Padano","item":"https:\/\/www.granapadano.it\/es\/ricette-copy-4\/"},{"@type":"ListItem","position":3,"name":"Peque\u00f1os caser\u00edos"}]},{"@type":"WebSite","@id":"https:\/\/www.granapadano.it\/es\/#website","url":"https:\/\/www.granapadano.it\/es\/","name":"Grana Padano","description":"","potentialAction":[{"@type":"SearchAction","target":{"@type":"EntryPoint","urlTemplate":"https:\/\/www.granapadano.it\/es\/?s={search_term_string}"},"query-input":{"@type":"PropertyValueSpecification","valueRequired":true,"valueName":"search_term_string"}}],"inLanguage":"es"}]}},"_links":{"self":[{"href":"https:\/\/www.granapadano.it\/es\/wp-json\/wp\/v2\/pages\/148057","targetHints":{"allow":["GET"]}}],"collection":[{"href":"https:\/\/www.granapadano.it\/es\/wp-json\/wp\/v2\/pages"}],"about":[{"href":"https:\/\/www.granapadano.it\/es\/wp-json\/wp\/v2\/types\/page"}],"author":[{"embeddable":true,"href":"https:\/\/www.granapadano.it\/es\/wp-json\/wp\/v2\/users\/34"}],"replies":[{"embeddable":true,"href":"https:\/\/www.granapadano.it\/es\/wp-json\/wp\/v2\/comments?post=148057"}],"version-history":[{"count":2,"href":"https:\/\/www.granapadano.it\/es\/wp-json\/wp\/v2\/pages\/148057\/revisions"}],"predecessor-version":[{"id":148059,"href":"https:\/\/www.granapadano.it\/es\/wp-json\/wp\/v2\/pages\/148057\/revisions\/148059"}],"up":[{"embeddable":true,"href":"https:\/\/www.granapadano.it\/es\/wp-json\/wp\/v2\/pages\/147945"}],"wp:attachment":[{"href":"https:\/\/www.granapadano.it\/es\/wp-json\/wp\/v2\/media?parent=148057"}],"curies":[{"name":"wp","href":"https:\/\/api.w.org\/{rel}","templated":true}]}}