{"id":137283,"date":"2025-04-10T09:27:12","date_gmt":"2025-04-10T09:27:12","guid":{"rendered":"https:\/\/www.granapadano.it\/?page_id=137283"},"modified":"2025-04-10T10:10:53","modified_gmt":"2025-04-10T10:10:53","slug":"como-combinar-grana-padano-riserva-de-mas-de-24-meses-y-fruta","status":"publish","type":"page","link":"https:\/\/www.granapadano.it\/es\/momentos-de-consumo\/combinacion\/con-que-fruta-maridar-el-grana-padano\/como-combinar-grana-padano-riserva-de-mas-de-24-meses-y-fruta\/","title":{"rendered":"C\u00f3mo combinar Grana Padano \u201cRiserva\u201d de m\u00e1s de 24 meses y fruta"},"content":{"rendered":"<p>[et_pb_section fb_built=\u00bb1&#8243; fullwidth=\u00bbon\u00bb _builder_version=\u00bb4.19.5&#8243; _module_preset=\u00bbdefault\u00bb global_colors_info=\u00bb{}\u00bb][et_pb_fullwidth_image src=\u00bbhttps:\/\/www.granapadano.it\/wp-content\/uploads\/2025\/04\/GP_frutta-fresca-h.jpg\u00bb title_text=\u00bbGP_frutta-fresca-m\u00bb src_tablet=\u00bbhttps:\/\/www.granapadano.it\/wp-content\/uploads\/2025\/04\/GP_frutta-fresca-h.jpg\u00bb src_phone=\u00bbhttps:\/\/www.granapadano.it\/wp-content\/uploads\/2025\/04\/GP_frutta-fresca-m.jpg\u00bb src_last_edited=\u00bbon|phone\u00bb _builder_version=\u00bb4.27.4&#8243; _module_preset=\u00bbdefault\u00bb locked=\u00bboff\u00bb global_colors_info=\u00bb{}\u00bb][\/et_pb_fullwidth_image][\/et_pb_section][et_pb_section fb_built=\u00bb1&#8243; module_class=\u00bbproduction_sub_hub_main_wrapper\u00bb _builder_version=\u00bb4.19.4&#8243; _module_preset=\u00bbdefault\u00bb custom_padding=\u00bb13px||0px|||\u00bb locked=\u00bboff\u00bb global_colors_info=\u00bb{}\u00bb][et_pb_row module_class=\u00bbrecipe_filter_section\u00bb _builder_version=\u00bb4.19.2&#8243; _module_preset=\u00bbdefault\u00bb max_width=\u00bb90%\u00bb custom_padding=\u00bb||7px|||\u00bb global_colors_info=\u00bb{}\u00bb][et_pb_column type=\u00bb4_4&#8243; _builder_version=\u00bb4.19.2&#8243; _module_preset=\u00bbdefault\u00bb global_colors_info=\u00bb{}\u00bb][et_pb_code _builder_version=\u00bb4.19.2&#8243; _module_preset=\u00bbdefault\u00bb custom_margin=\u00bb||16px|||\u00bb global_colors_info=\u00bb{}\u00bb]<div class=\"breadcrumb\"><a href=\"https:\/\/www.granapadano.it\/es\/\">Inicio<\/a>  <  <\/div>[\/et_pb_code][\/et_pb_column][\/et_pb_row][\/et_pb_section][et_pb_section fb_built=\u00bb1&#8243; module_class=\u00bbgiovani_sub_hub_title\u00bb _builder_version=\u00bb4.19.5&#8243; _module_preset=\u00bbdefault\u00bb custom_padding=\u00bb0px||35px||false|false\u00bb locked=\u00bboff\u00bb global_colors_info=\u00bb{}\u00bb][et_pb_row module_class=\u00bbgp_producion_heading_wrapper\u00bb _builder_version=\u00bb4.19.5&#8243; _module_preset=\u00bbdefault\u00bb max_width=\u00bb90%\u00bb module_alignment=\u00bbcenter\u00bb custom_padding=\u00bb||||false|false\u00bb global_colors_info=\u00bb{}\u00bb][et_pb_column type=\u00bb4_4&#8243; _builder_version=\u00bb4.19.4&#8243; _module_preset=\u00bbdefault\u00bb global_colors_info=\u00bb{}\u00bb][et_pb_text module_class=\u00bbgiovani_sub_hub_title_text\u00bb _builder_version=\u00bb4.27.4&#8243; _module_preset=\u00bbdefault\u00bb text_font=\u00bbMerriweather|700|||||||\u00bb text_text_color=\u00bb#0f0f0f\u00bb text_font_size=\u00bb80px\u00bb text_line_height=\u00bb70px\u00bb header_font=\u00bbMerriweather||||||||\u00bb header_text_color=\u00bbgcid-8696fd7e-29dd-4028-9d4d-981b208a53a9&#8243; header_font_size=\u00bb44px\u00bb header_line_height=\u00bb52px\u00bb text_orientation=\u00bbcenter\u00bb min_height=\u00bb83px\u00bb custom_margin=\u00bb||0px||false|false\u00bb custom_padding=\u00bb||0px||false|false\u00bb global_colors_info=\u00bb{%22gcid-8696fd7e-29dd-4028-9d4d-981b208a53a9%22:%91%22header_text_color%22%93}\u00bb]<\/p>\n<h1>Grana Padano DOP \u00abRiserva\u00bb de m\u00e1s de 24 meses<\/h1>\n<p>[\/et_pb_text][\/et_pb_column][\/et_pb_row][et_pb_row column_structure=\u00bb1_4,3_4&#8243; module_class=\u00bbarticle_dates\u00bb _builder_version=\u00bb4.19.4&#8243; _module_preset=\u00bbdefault\u00bb max_width=\u00bb90%\u00bb custom_padding=\u00bb2px||6px||false|false\u00bb global_colors_info=\u00bb{}\u00bb][et_pb_column type=\u00bb1_4&#8243; _builder_version=\u00bb4.19.3&#8243; _module_preset=\u00bbdefault\u00bb global_colors_info=\u00bb{}\u00bb][et_pb_text module_class=\u00bbbutton_look\u00bb _builder_version=\u00bb4.27.4&#8243; _module_preset=\u00bbdefault\u00bb text_font=\u00bbFontPadano-Bold||||||||\u00bb text_text_color=\u00bb#000000&#8243; text_font_size=\u00bb26px\u00bb background_color=\u00bbRGBA(255,255,255,0)\u00bb locked=\u00bboff\u00bb global_colors_info=\u00bb{}\u00bb]<\/p>\n<p>Fruta<\/p>\n<p>[\/et_pb_text][\/et_pb_column][et_pb_column type=\u00bb3_4&#8243; _builder_version=\u00bb4.19.4&#8243; _module_preset=\u00bbdefault\u00bb global_colors_info=\u00bb{}\u00bb][\/et_pb_column][\/et_pb_row][et_pb_row column_structure=\u00bb2_5,3_5&#8243; module_class=\u00bbarticle_sub_img_text_content \u00bb _builder_version=\u00bb4.24.3&#8243; _module_preset=\u00bbdefault\u00bb max_width=\u00bb90%\u00bb module_alignment=\u00bbcenter\u00bb min_height=\u00bb590.9px\u00bb custom_margin=\u00bb0px|auto|0px|auto|false|false\u00bb custom_padding=\u00bb0px||40px||false|false\u00bb global_colors_info=\u00bb{}\u00bb][et_pb_column type=\u00bb2_5&#8243; module_class=\u00bbarticle_sub_img_wrap\u00bb _builder_version=\u00bb4.20.2&#8243; _module_preset=\u00bbdefault\u00bb global_colors_info=\u00bb{}\u00bb][et_pb_image src=\u00bbhttps:\/\/www.granapadano.it\/wp-content\/uploads\/2025\/04\/raw-ripe-medlar-fruits-with-leaves-concrete-background-strong-shadows-scaled.jpg\u00bb title_text=\u00bbraw-ripe-medlar-fruits-with-leaves-concrete-background-strong-shadows\u00bb align=\u00bbcenter\u00bb _builder_version=\u00bb4.27.4&#8243; _module_preset=\u00bbdefault\u00bb positioning=\u00bbrelative\u00bb vertical_offset=\u00bb63px\u00bb module_alignment=\u00bbcenter\u00bb border_radii=\u00bbon|20px|20px|20px|20px\u00bb global_colors_info=\u00bb{}\u00bb][\/et_pb_image][\/et_pb_column][et_pb_column type=\u00bb3_5&#8243; module_class=\u00bbarticle_sub_text_wrap\u00bb _builder_version=\u00bb4.20.2&#8243; _module_preset=\u00bbdefault\u00bb global_colors_info=\u00bb{}\u00bb][et_pb_text _builder_version=\u00bb4.27.4&#8243; _module_preset=\u00bbdefault\u00bb text_text_color=\u00bb#0f0f0f\u00bb text_font_size=\u00bb18px\u00bb text_line_height=\u00bb26px\u00bb width=\u00bb100%\u00bb custom_margin=\u00bb||0px||false|false\u00bb global_colors_info=\u00bb{}\u00bb]<\/p>\n<h3>Grana Padano DOP \u00abRiserva\u00bb de m\u00e1s de 24 meses y n\u00edsperos<\/h3>\n<\/p>\n<p>El Grana Padano DOP \u00abRiserva\u00bb, madurado durante m\u00e1s de 24 meses, se caracteriza por un sabor intenso y complejo, con notas de mantequilla fundida y especias. Los n\u00edsperos, de carne blanda y sabor agridulce, crean un fascinante contraste que estimula el paladar. Esta combinaci\u00f3n es perfecta para los amantes de las combinaciones atrevidas y que desean experimentar con nuevos sabores en la cocina.<br \/>\nLos n\u00edsperos son una fruta de primavera poco apreciada pero de sabor \u00fanico. Se encuentran entre las primeras frutas que maduran en primavera y tienen or\u00edgenes ancestrales que se remontan a la cultura de Oriente Medio. Contienen una buena cantidad de vitamina A y fibra, lo que los hace perfectos para un final de comida ligero. Su sabor ligeramente \u00e1cido crea un refinado contraste con el Grana Padano DOP \u00abRiserva\u00bb de m\u00e1s de 24 meses, acentuando sus notas mantecosas y especiadas. Pru\u00e9belos en una ensalada con hinojo y nueces, o simplemente servidos con virutas de queso y un chorrito de aceite de oliva virgen extra.\n<\/p>\n<p><strong>Curiosidades<br \/>\n<\/strong><\/p>\n<ul>\n<li>Los n\u00edsperos europeos eran muy apreciados en la antigua Roma y Grecia, donde se com\u00edan frescos o se utilizaban para preparar bebidas fermentadas parecidas a la sidra. Plinio el Viejo los mencionaba en sus escritos como una fruta valiosa.<\/li>\n<li><span style=\"font-size: 18px\">Los n\u00edsperos son ricos en vitamina A, vitamina C y antioxidantes, que protegen la piel, refuerzan el sistema inmunitario y combaten los radicales libres. Adem\u00e1s, gracias a su alto contenido en agua, son perfectos para hidratarse en los meses m\u00e1s c\u00e1lidos.<\/span><\/li>\n<\/ul>\n<p>[\/et_pb_text][\/et_pb_column][\/et_pb_row][\/et_pb_section]<\/p>\n","protected":false},"excerpt":{"rendered":"<p><div class=\"breadcrumb\"><a href=\"https:\/\/www.granapadano.it\/es\/\">Inicio<\/a>  <  <\/div>Grana Padano DOP \u00abRiserva\u00bb de m\u00e1s de 24 mesesFrutaGrana Padano DOP \u00abRiserva\u00bb de m\u00e1s de 24 meses y n\u00edsperos El Grana Padano DOP \u00abRiserva\u00bb, madurado durante m\u00e1s de 24 meses, se caracteriza por un sabor intenso y complejo, con notas de mantequilla fundida y especias. Los n\u00edsperos, de carne blanda y sabor agridulce, crean un [&hellip;]<\/p>\n","protected":false},"author":21,"featured_media":0,"parent":137162,"menu_order":327,"comment_status":"closed","ping_status":"closed","template":"","meta":{"_acf_changed":false,"_et_pb_use_builder":"on","_et_pb_old_content":"","_et_gb_content_width":"","footnotes":""},"class_list":["post-137283","page","type-page","status-publish","hentry"],"acf":[],"yoast_head":"<!-- This site is optimized with the Yoast SEO plugin v27.4 - https:\/\/yoast.com\/product\/yoast-seo-wordpress\/ -->\n<title>C\u00f3mo combinar Grana Padano \u201cRiserva\u201d de m\u00e1s de 24 meses y fruta - Grana Padano<\/title>\n<meta name=\"robots\" content=\"index, follow, max-snippet:-1, max-image-preview:large, max-video-preview:-1\" \/>\n<link rel=\"canonical\" href=\"https:\/\/www.granapadano.it\/es\/momentos-de-consumo\/combinacion\/con-que-fruta-maridar-el-grana-padano\/como-combinar-grana-padano-riserva-de-mas-de-24-meses-y-fruta\/\" \/>\n<meta property=\"og:locale\" content=\"es_ES\" \/>\n<meta property=\"og:type\" content=\"article\" \/>\n<meta property=\"og:title\" content=\"C\u00f3mo combinar Grana Padano \u201cRiserva\u201d de m\u00e1s de 24 meses y fruta - Grana Padano\" \/>\n<meta property=\"og:description\" content=\"Grana Padano DOP \u00abRiserva\u00bb de m\u00e1s de 24 mesesFrutaGrana Padano DOP \u00abRiserva\u00bb de m\u00e1s de 24 meses y n\u00edsperos El Grana Padano DOP \u00abRiserva\u00bb, madurado durante m\u00e1s de 24 meses, se caracteriza por un sabor intenso y complejo, con notas de mantequilla fundida y especias. Los n\u00edsperos, de carne blanda y sabor agridulce, crean un [&hellip;]\" \/>\n<meta property=\"og:url\" content=\"https:\/\/www.granapadano.it\/es\/momentos-de-consumo\/combinacion\/con-que-fruta-maridar-el-grana-padano\/como-combinar-grana-padano-riserva-de-mas-de-24-meses-y-fruta\/\" \/>\n<meta property=\"og:site_name\" content=\"Grana Padano\" \/>\n<meta property=\"article:modified_time\" content=\"2025-04-10T10:10:53+00:00\" \/>\n<meta name=\"twitter:card\" content=\"summary_large_image\" \/>\n<meta name=\"twitter:label1\" content=\"Tiempo de lectura\" \/>\n\t<meta name=\"twitter:data1\" content=\"2 minutos\" \/>\n<script type=\"application\/ld+json\" class=\"yoast-schema-graph\">{\"@context\":\"https:\\\/\\\/schema.org\",\"@graph\":[{\"@type\":\"WebPage\",\"@id\":\"https:\\\/\\\/www.granapadano.it\\\/es\\\/momentos-de-consumo\\\/combinacion\\\/con-que-fruta-maridar-el-grana-padano\\\/como-combinar-grana-padano-riserva-de-mas-de-24-meses-y-fruta\\\/\",\"url\":\"https:\\\/\\\/www.granapadano.it\\\/es\\\/momentos-de-consumo\\\/combinacion\\\/con-que-fruta-maridar-el-grana-padano\\\/como-combinar-grana-padano-riserva-de-mas-de-24-meses-y-fruta\\\/\",\"name\":\"C\u00f3mo combinar Grana Padano \u201cRiserva\u201d de m\u00e1s de 24 meses y fruta - Grana Padano\",\"isPartOf\":{\"@id\":\"https:\\\/\\\/www.granapadano.it\\\/es\\\/#website\"},\"datePublished\":\"2025-04-10T09:27:12+00:00\",\"dateModified\":\"2025-04-10T10:10:53+00:00\",\"breadcrumb\":{\"@id\":\"https:\\\/\\\/www.granapadano.it\\\/es\\\/momentos-de-consumo\\\/combinacion\\\/con-que-fruta-maridar-el-grana-padano\\\/como-combinar-grana-padano-riserva-de-mas-de-24-meses-y-fruta\\\/#breadcrumb\"},\"inLanguage\":\"es\",\"potentialAction\":[{\"@type\":\"ReadAction\",\"target\":[\"https:\\\/\\\/www.granapadano.it\\\/es\\\/momentos-de-consumo\\\/combinacion\\\/con-que-fruta-maridar-el-grana-padano\\\/como-combinar-grana-padano-riserva-de-mas-de-24-meses-y-fruta\\\/\"]}]},{\"@type\":\"BreadcrumbList\",\"@id\":\"https:\\\/\\\/www.granapadano.it\\\/es\\\/momentos-de-consumo\\\/combinacion\\\/con-que-fruta-maridar-el-grana-padano\\\/como-combinar-grana-padano-riserva-de-mas-de-24-meses-y-fruta\\\/#breadcrumb\",\"itemListElement\":[{\"@type\":\"ListItem\",\"position\":1,\"name\":\"Home\",\"item\":\"https:\\\/\\\/www.granapadano.it\\\/es\\\/\"},{\"@type\":\"ListItem\",\"position\":2,\"name\":\"Recetas\",\"item\":\"https:\\\/\\\/www.granapadano.it\\\/es\\\/recetas\\\/\"},{\"@type\":\"ListItem\",\"position\":3,\"name\":\"Combinaciones\",\"item\":\"https:\\\/\\\/www.granapadano.it\\\/es\\\/receats\\\/combinaciones\\\/\"},{\"@type\":\"ListItem\",\"position\":4,\"name\":\"\u00bfCon qu\u00e9 fruta maridar el Grana Padano?\",\"item\":\"https:\\\/\\\/www.granapadano.it\\\/es\\\/momentos-de-consumo\\\/combinacion\\\/con-que-fruta-maridar-el-grana-padano\\\/\"},{\"@type\":\"ListItem\",\"position\":5,\"name\":\"C\u00f3mo combinar Grana Padano \u201cRiserva\u201d de m\u00e1s de 24 meses y fruta\"}]},{\"@type\":\"WebSite\",\"@id\":\"https:\\\/\\\/www.granapadano.it\\\/es\\\/#website\",\"url\":\"https:\\\/\\\/www.granapadano.it\\\/es\\\/\",\"name\":\"Grana Padano\",\"description\":\"\",\"potentialAction\":[{\"@type\":\"SearchAction\",\"target\":{\"@type\":\"EntryPoint\",\"urlTemplate\":\"https:\\\/\\\/www.granapadano.it\\\/es\\\/?s={search_term_string}\"},\"query-input\":{\"@type\":\"PropertyValueSpecification\",\"valueRequired\":true,\"valueName\":\"search_term_string\"}}],\"inLanguage\":\"es\"}]}<\/script>\n<!-- \/ Yoast SEO plugin. -->","yoast_head_json":{"title":"C\u00f3mo combinar Grana Padano \u201cRiserva\u201d de m\u00e1s de 24 meses y fruta - Grana Padano","robots":{"index":"index","follow":"follow","max-snippet":"max-snippet:-1","max-image-preview":"max-image-preview:large","max-video-preview":"max-video-preview:-1"},"canonical":"https:\/\/www.granapadano.it\/es\/momentos-de-consumo\/combinacion\/con-que-fruta-maridar-el-grana-padano\/como-combinar-grana-padano-riserva-de-mas-de-24-meses-y-fruta\/","og_locale":"es_ES","og_type":"article","og_title":"C\u00f3mo combinar Grana Padano \u201cRiserva\u201d de m\u00e1s de 24 meses y fruta - Grana Padano","og_description":"Grana Padano DOP \u00abRiserva\u00bb de m\u00e1s de 24 mesesFrutaGrana Padano DOP \u00abRiserva\u00bb de m\u00e1s de 24 meses y n\u00edsperos El Grana Padano DOP \u00abRiserva\u00bb, madurado durante m\u00e1s de 24 meses, se caracteriza por un sabor intenso y complejo, con notas de mantequilla fundida y especias. Los n\u00edsperos, de carne blanda y sabor agridulce, crean un [&hellip;]","og_url":"https:\/\/www.granapadano.it\/es\/momentos-de-consumo\/combinacion\/con-que-fruta-maridar-el-grana-padano\/como-combinar-grana-padano-riserva-de-mas-de-24-meses-y-fruta\/","og_site_name":"Grana Padano","article_modified_time":"2025-04-10T10:10:53+00:00","twitter_card":"summary_large_image","twitter_misc":{"Tiempo de lectura":"2 minutos"},"schema":{"@context":"https:\/\/schema.org","@graph":[{"@type":"WebPage","@id":"https:\/\/www.granapadano.it\/es\/momentos-de-consumo\/combinacion\/con-que-fruta-maridar-el-grana-padano\/como-combinar-grana-padano-riserva-de-mas-de-24-meses-y-fruta\/","url":"https:\/\/www.granapadano.it\/es\/momentos-de-consumo\/combinacion\/con-que-fruta-maridar-el-grana-padano\/como-combinar-grana-padano-riserva-de-mas-de-24-meses-y-fruta\/","name":"C\u00f3mo combinar Grana Padano \u201cRiserva\u201d de m\u00e1s de 24 meses y fruta - Grana Padano","isPartOf":{"@id":"https:\/\/www.granapadano.it\/es\/#website"},"datePublished":"2025-04-10T09:27:12+00:00","dateModified":"2025-04-10T10:10:53+00:00","breadcrumb":{"@id":"https:\/\/www.granapadano.it\/es\/momentos-de-consumo\/combinacion\/con-que-fruta-maridar-el-grana-padano\/como-combinar-grana-padano-riserva-de-mas-de-24-meses-y-fruta\/#breadcrumb"},"inLanguage":"es","potentialAction":[{"@type":"ReadAction","target":["https:\/\/www.granapadano.it\/es\/momentos-de-consumo\/combinacion\/con-que-fruta-maridar-el-grana-padano\/como-combinar-grana-padano-riserva-de-mas-de-24-meses-y-fruta\/"]}]},{"@type":"BreadcrumbList","@id":"https:\/\/www.granapadano.it\/es\/momentos-de-consumo\/combinacion\/con-que-fruta-maridar-el-grana-padano\/como-combinar-grana-padano-riserva-de-mas-de-24-meses-y-fruta\/#breadcrumb","itemListElement":[{"@type":"ListItem","position":1,"name":"Home","item":"https:\/\/www.granapadano.it\/es\/"},{"@type":"ListItem","position":2,"name":"Recetas","item":"https:\/\/www.granapadano.it\/es\/recetas\/"},{"@type":"ListItem","position":3,"name":"Combinaciones","item":"https:\/\/www.granapadano.it\/es\/receats\/combinaciones\/"},{"@type":"ListItem","position":4,"name":"\u00bfCon qu\u00e9 fruta maridar el Grana Padano?","item":"https:\/\/www.granapadano.it\/es\/momentos-de-consumo\/combinacion\/con-que-fruta-maridar-el-grana-padano\/"},{"@type":"ListItem","position":5,"name":"C\u00f3mo combinar Grana Padano \u201cRiserva\u201d de m\u00e1s de 24 meses y fruta"}]},{"@type":"WebSite","@id":"https:\/\/www.granapadano.it\/es\/#website","url":"https:\/\/www.granapadano.it\/es\/","name":"Grana Padano","description":"","potentialAction":[{"@type":"SearchAction","target":{"@type":"EntryPoint","urlTemplate":"https:\/\/www.granapadano.it\/es\/?s={search_term_string}"},"query-input":{"@type":"PropertyValueSpecification","valueRequired":true,"valueName":"search_term_string"}}],"inLanguage":"es"}]}},"_links":{"self":[{"href":"https:\/\/www.granapadano.it\/es\/wp-json\/wp\/v2\/pages\/137283","targetHints":{"allow":["GET"]}}],"collection":[{"href":"https:\/\/www.granapadano.it\/es\/wp-json\/wp\/v2\/pages"}],"about":[{"href":"https:\/\/www.granapadano.it\/es\/wp-json\/wp\/v2\/types\/page"}],"author":[{"embeddable":true,"href":"https:\/\/www.granapadano.it\/es\/wp-json\/wp\/v2\/users\/21"}],"replies":[{"embeddable":true,"href":"https:\/\/www.granapadano.it\/es\/wp-json\/wp\/v2\/comments?post=137283"}],"version-history":[{"count":2,"href":"https:\/\/www.granapadano.it\/es\/wp-json\/wp\/v2\/pages\/137283\/revisions"}],"predecessor-version":[{"id":137336,"href":"https:\/\/www.granapadano.it\/es\/wp-json\/wp\/v2\/pages\/137283\/revisions\/137336"}],"up":[{"embeddable":true,"href":"https:\/\/www.granapadano.it\/es\/wp-json\/wp\/v2\/pages\/137162"}],"wp:attachment":[{"href":"https:\/\/www.granapadano.it\/es\/wp-json\/wp\/v2\/media?parent=137283"}],"curies":[{"name":"wp","href":"https:\/\/api.w.org\/{rel}","templated":true}]}}