{"id":137211,"date":"2025-04-10T08:43:47","date_gmt":"2025-04-10T08:43:47","guid":{"rendered":"https:\/\/www.granapadano.it\/?page_id=137211"},"modified":"2025-04-10T10:00:11","modified_gmt":"2025-04-10T10:00:11","slug":"como-combinar-grana-padano-16-20-meses-y-fruta","status":"publish","type":"page","link":"https:\/\/www.granapadano.it\/es\/momentos-de-consumo\/combinacion\/con-que-fruta-maridar-el-grana-padano\/como-combinar-grana-padano-16-20-meses-y-fruta\/","title":{"rendered":"C\u00f3mo combinar Grana Padano 16-20 meses y fruta"},"content":{"rendered":"<p>[et_pb_section fb_built=\u00bb1&#8243; fullwidth=\u00bbon\u00bb _builder_version=\u00bb4.19.5&#8243; _module_preset=\u00bbdefault\u00bb global_colors_info=\u00bb{}\u00bb][et_pb_fullwidth_image src=\u00bbhttps:\/\/www.granapadano.it\/wp-content\/uploads\/2025\/04\/GP_frutta-fresca-h.jpg\u00bb title_text=\u00bbGP_frutta-fresca-m\u00bb src_tablet=\u00bbhttps:\/\/www.granapadano.it\/wp-content\/uploads\/2025\/04\/GP_frutta-fresca-h.jpg\u00bb src_phone=\u00bbhttps:\/\/www.granapadano.it\/wp-content\/uploads\/2025\/04\/GP_frutta-fresca-m.jpg\u00bb src_last_edited=\u00bbon|phone\u00bb _builder_version=\u00bb4.27.4&#8243; _module_preset=\u00bbdefault\u00bb locked=\u00bboff\u00bb global_colors_info=\u00bb{}\u00bb][\/et_pb_fullwidth_image][\/et_pb_section][et_pb_section fb_built=\u00bb1&#8243; module_class=\u00bbproduction_sub_hub_main_wrapper\u00bb _builder_version=\u00bb4.19.4&#8243; _module_preset=\u00bbdefault\u00bb custom_padding=\u00bb13px||0px|||\u00bb locked=\u00bboff\u00bb global_colors_info=\u00bb{}\u00bb][et_pb_row module_class=\u00bbrecipe_filter_section\u00bb _builder_version=\u00bb4.19.2&#8243; _module_preset=\u00bbdefault\u00bb max_width=\u00bb90%\u00bb custom_padding=\u00bb||7px|||\u00bb global_colors_info=\u00bb{}\u00bb][et_pb_column type=\u00bb4_4&#8243; _builder_version=\u00bb4.19.2&#8243; _module_preset=\u00bbdefault\u00bb global_colors_info=\u00bb{}\u00bb][et_pb_code _builder_version=\u00bb4.19.2&#8243; _module_preset=\u00bbdefault\u00bb custom_margin=\u00bb||16px|||\u00bb global_colors_info=\u00bb{}\u00bb]<div class=\"breadcrumb\"><a href=\"https:\/\/www.granapadano.it\/es\/\">Inicio<\/a>  <  <\/div>[\/et_pb_code][\/et_pb_column][\/et_pb_row][\/et_pb_section][et_pb_section fb_built=\u00bb1&#8243; module_class=\u00bbgiovani_sub_hub_title\u00bb _builder_version=\u00bb4.19.5&#8243; _module_preset=\u00bbdefault\u00bb custom_padding=\u00bb0px||35px||false|false\u00bb locked=\u00bboff\u00bb global_colors_info=\u00bb{}\u00bb][et_pb_row module_class=\u00bbgp_producion_heading_wrapper\u00bb _builder_version=\u00bb4.19.5&#8243; _module_preset=\u00bbdefault\u00bb max_width=\u00bb90%\u00bb module_alignment=\u00bbcenter\u00bb custom_padding=\u00bb||||false|false\u00bb global_colors_info=\u00bb{}\u00bb][et_pb_column type=\u00bb4_4&#8243; _builder_version=\u00bb4.19.4&#8243; _module_preset=\u00bbdefault\u00bb global_colors_info=\u00bb{}\u00bb][et_pb_text module_class=\u00bbgiovani_sub_hub_title_text\u00bb _builder_version=\u00bb4.27.4&#8243; _module_preset=\u00bbdefault\u00bb text_font=\u00bbMerriweather|700|||||||\u00bb text_text_color=\u00bb#0f0f0f\u00bb text_font_size=\u00bb80px\u00bb text_line_height=\u00bb70px\u00bb header_font=\u00bbMerriweather||||||||\u00bb header_text_color=\u00bbgcid-8696fd7e-29dd-4028-9d4d-981b208a53a9&#8243; header_font_size=\u00bb44px\u00bb header_line_height=\u00bb52px\u00bb text_orientation=\u00bbcenter\u00bb min_height=\u00bb83px\u00bb custom_margin=\u00bb||0px||false|false\u00bb custom_padding=\u00bb||0px||false|false\u00bb global_colors_info=\u00bb{%22gcid-8696fd7e-29dd-4028-9d4d-981b208a53a9%22:%91%22header_text_color%22%93}\u00bb]<\/p>\n<h1>Grana Padano DOP 16-20 meses<\/h1>\n<p>[\/et_pb_text][\/et_pb_column][\/et_pb_row][et_pb_row column_structure=\u00bb1_4,3_4&#8243; module_class=\u00bbarticle_dates\u00bb _builder_version=\u00bb4.19.4&#8243; _module_preset=\u00bbdefault\u00bb max_width=\u00bb90%\u00bb custom_padding=\u00bb2px||6px||false|false\u00bb global_colors_info=\u00bb{}\u00bb][et_pb_column type=\u00bb1_4&#8243; _builder_version=\u00bb4.19.3&#8243; _module_preset=\u00bbdefault\u00bb global_colors_info=\u00bb{}\u00bb][et_pb_text module_class=\u00bbbutton_look\u00bb _builder_version=\u00bb4.27.4&#8243; _module_preset=\u00bbdefault\u00bb text_font=\u00bbFontPadano-Bold||||||||\u00bb text_text_color=\u00bb#000000&#8243; text_font_size=\u00bb26px\u00bb background_color=\u00bbRGBA(255,255,255,0)\u00bb locked=\u00bboff\u00bb global_colors_info=\u00bb{}\u00bb]<\/p>\n<p>Fruta<\/p>\n<p>[\/et_pb_text][\/et_pb_column][et_pb_column type=\u00bb3_4&#8243; _builder_version=\u00bb4.19.4&#8243; _module_preset=\u00bbdefault\u00bb global_colors_info=\u00bb{}\u00bb][\/et_pb_column][\/et_pb_row][et_pb_row column_structure=\u00bb2_5,3_5&#8243; module_class=\u00bbarticle_sub_img_text_content \u00bb _builder_version=\u00bb4.24.3&#8243; _module_preset=\u00bbdefault\u00bb max_width=\u00bb90%\u00bb module_alignment=\u00bbcenter\u00bb min_height=\u00bb608.9px\u00bb custom_margin=\u00bb0px||0px||false|false\u00bb custom_padding=\u00bb0px||0px||false|false\u00bb global_colors_info=\u00bb{}\u00bb][et_pb_column type=\u00bb2_5&#8243; module_class=\u00bbarticle_sub_img_wrap\u00bb _builder_version=\u00bb4.20.2&#8243; _module_preset=\u00bbdefault\u00bb global_colors_info=\u00bb{}\u00bb][et_pb_image src=\u00bbhttps:\/\/www.granapadano.it\/wp-content\/uploads\/2025\/04\/sweet-delicious-strawberries-basket-top-view-scaled.jpg\u00bb title_text=\u00bbSweet delicious strawberries in basket,top view\u00bb align=\u00bbcenter\u00bb _builder_version=\u00bb4.27.4&#8243; _module_preset=\u00bbdefault\u00bb positioning=\u00bbrelative\u00bb vertical_offset=\u00bb63px\u00bb module_alignment=\u00bbcenter\u00bb border_radii=\u00bbon|20px|20px|20px|20px\u00bb global_colors_info=\u00bb{}\u00bb][\/et_pb_image][\/et_pb_column][et_pb_column type=\u00bb3_5&#8243; module_class=\u00bbarticle_sub_text_wrap\u00bb _builder_version=\u00bb4.20.2&#8243; _module_preset=\u00bbdefault\u00bb global_colors_info=\u00bb{}\u00bb][et_pb_text _builder_version=\u00bb4.27.4&#8243; _module_preset=\u00bbdefault\u00bb text_text_color=\u00bb#0f0f0f\u00bb text_font_size=\u00bb18px\u00bb text_line_height=\u00bb26px\u00bb width=\u00bb100%\u00bb custom_margin=\u00bb||0px||false|false\u00bb global_colors_info=\u00bb{}\u00bb]<\/p>\n<h3>Grana Padano DOP 16-20 meses y fresas<\/h3>\n<\/p>\n<p>Con un periodo de maduraci\u00f3n de m\u00e1s de 16 meses, el Grana Padano adquiere m\u00e1s sabor y una textura m\u00e1s desmenuzable. Las fresas, dulces y ligeramente \u00e1cidas, crean una combinaci\u00f3n que realza la cremosidad del queso sin sobrecargarlo. Esta combinaci\u00f3n se presta muy bien para servir en una tabla de picadillo veraniega o como original y sabroso final de una comida.<br \/>\nLas fresas son una de las frutas m\u00e1s apreciadas del mundo, s\u00edmbolo de la primavera y ricas en antioxidantes. Su dulzor natural armoniza a la perfecci\u00f3n con el sabor del Grana Padano curado entre 16 y 20 meses, creando un equilibrio perfecto entre suavidad y textura crujiente. Si quiere que esta combinaci\u00f3n resulte a\u00fan m\u00e1s interesante, a\u00f1ada unas gotas de vinagre bals\u00e1mico o un chorrito de miel para conseguir un refinado toque de contraste.<br \/>\n<\/strong>.<\/p>\n<p><strong>Curiosidades<\/strong><\/p>\n<ul>\n<li>Las fresas contienen \u00e1cido el\u00e1gico, un potente antioxidante que ayuda a combatir el envejecimiento celular.<\/li>\n<li>Contrariamente a lo que pueda parecer, las fresas no son frutas. Desde el punto de vista bot\u00e1nico, el fruto son las peque\u00f1as semillas amarillas (aquenios) de su superficie, mientras que la parte carnosa y roja es una inflorescencia agrandada.<\/li>\n<\/ul>\n<p>[\/et_pb_text][\/et_pb_column][\/et_pb_row][\/et_pb_section]<\/p>\n","protected":false},"excerpt":{"rendered":"<p><div class=\"breadcrumb\"><a href=\"https:\/\/www.granapadano.it\/es\/\">Inicio<\/a>  <  <\/div>Grana Padano DOP 16-20 mesesFrutaGrana Padano DOP 16-20 meses y fresas Con un periodo de maduraci\u00f3n de m\u00e1s de 16 meses, el Grana Padano adquiere m\u00e1s sabor y una textura m\u00e1s desmenuzable. Las fresas, dulces y ligeramente \u00e1cidas, crean una combinaci\u00f3n que realza la cremosidad del queso sin sobrecargarlo. Esta combinaci\u00f3n se presta muy bien [&hellip;]<\/p>\n","protected":false},"author":21,"featured_media":0,"parent":137162,"menu_order":337,"comment_status":"closed","ping_status":"closed","template":"","meta":{"_acf_changed":false,"_et_pb_use_builder":"on","_et_pb_old_content":"","_et_gb_content_width":"","footnotes":""},"class_list":["post-137211","page","type-page","status-publish","hentry"],"acf":[],"yoast_head":"<!-- This site is optimized with the Yoast SEO plugin v27.4 - https:\/\/yoast.com\/product\/yoast-seo-wordpress\/ -->\n<title>C\u00f3mo combinar Grana Padano 16-20 meses y fruta - Grana Padano<\/title>\n<meta name=\"robots\" content=\"index, follow, max-snippet:-1, max-image-preview:large, max-video-preview:-1\" \/>\n<link rel=\"canonical\" href=\"https:\/\/www.granapadano.it\/es\/momentos-de-consumo\/combinacion\/con-que-fruta-maridar-el-grana-padano\/como-combinar-grana-padano-16-20-meses-y-fruta\/\" \/>\n<meta property=\"og:locale\" content=\"es_ES\" \/>\n<meta property=\"og:type\" content=\"article\" \/>\n<meta property=\"og:title\" content=\"C\u00f3mo combinar Grana Padano 16-20 meses y fruta - Grana Padano\" \/>\n<meta property=\"og:description\" content=\"Grana Padano DOP 16-20 mesesFrutaGrana Padano DOP 16-20 meses y fresas Con un periodo de maduraci\u00f3n de m\u00e1s de 16 meses, el Grana Padano adquiere m\u00e1s sabor y una textura m\u00e1s desmenuzable. Las fresas, dulces y ligeramente \u00e1cidas, crean una combinaci\u00f3n que realza la cremosidad del queso sin sobrecargarlo. Esta combinaci\u00f3n se presta muy bien [&hellip;]\" \/>\n<meta property=\"og:url\" content=\"https:\/\/www.granapadano.it\/es\/momentos-de-consumo\/combinacion\/con-que-fruta-maridar-el-grana-padano\/como-combinar-grana-padano-16-20-meses-y-fruta\/\" \/>\n<meta property=\"og:site_name\" content=\"Grana Padano\" \/>\n<meta property=\"article:modified_time\" content=\"2025-04-10T10:00:11+00:00\" \/>\n<meta name=\"twitter:card\" content=\"summary_large_image\" \/>\n<meta name=\"twitter:label1\" content=\"Tiempo de lectura\" \/>\n\t<meta name=\"twitter:data1\" content=\"2 minutos\" \/>\n<script type=\"application\/ld+json\" class=\"yoast-schema-graph\">{\"@context\":\"https:\\\/\\\/schema.org\",\"@graph\":[{\"@type\":\"WebPage\",\"@id\":\"https:\\\/\\\/www.granapadano.it\\\/es\\\/momentos-de-consumo\\\/combinacion\\\/con-que-fruta-maridar-el-grana-padano\\\/como-combinar-grana-padano-16-20-meses-y-fruta\\\/\",\"url\":\"https:\\\/\\\/www.granapadano.it\\\/es\\\/momentos-de-consumo\\\/combinacion\\\/con-que-fruta-maridar-el-grana-padano\\\/como-combinar-grana-padano-16-20-meses-y-fruta\\\/\",\"name\":\"C\u00f3mo combinar Grana Padano 16-20 meses y fruta - Grana Padano\",\"isPartOf\":{\"@id\":\"https:\\\/\\\/www.granapadano.it\\\/es\\\/#website\"},\"datePublished\":\"2025-04-10T08:43:47+00:00\",\"dateModified\":\"2025-04-10T10:00:11+00:00\",\"breadcrumb\":{\"@id\":\"https:\\\/\\\/www.granapadano.it\\\/es\\\/momentos-de-consumo\\\/combinacion\\\/con-que-fruta-maridar-el-grana-padano\\\/como-combinar-grana-padano-16-20-meses-y-fruta#breadcrumb\"},\"inLanguage\":\"es\",\"potentialAction\":[{\"@type\":\"ReadAction\",\"target\":[\"https:\\\/\\\/www.granapadano.it\\\/es\\\/momentos-de-consumo\\\/combinacion\\\/con-que-fruta-maridar-el-grana-padano\\\/como-combinar-grana-padano-16-20-meses-y-fruta\\\/\"]}]},{\"@type\":\"BreadcrumbList\",\"@id\":\"https:\\\/\\\/www.granapadano.it\\\/es\\\/momentos-de-consumo\\\/combinacion\\\/con-que-fruta-maridar-el-grana-padano\\\/como-combinar-grana-padano-16-20-meses-y-fruta#breadcrumb\",\"itemListElement\":[{\"@type\":\"ListItem\",\"position\":1,\"name\":\"Home\",\"item\":\"https:\\\/\\\/www.granapadano.it\\\/es\\\/\"},{\"@type\":\"ListItem\",\"position\":2,\"name\":\"Recetas\",\"item\":\"https:\\\/\\\/www.granapadano.it\\\/es\\\/recetas\\\/\"},{\"@type\":\"ListItem\",\"position\":3,\"name\":\"Combinaciones\",\"item\":\"https:\\\/\\\/www.granapadano.it\\\/es\\\/receats\\\/combinaciones\\\/\"},{\"@type\":\"ListItem\",\"position\":4,\"name\":\"\u00bfCon qu\u00e9 fruta maridar el Grana Padano?\",\"item\":\"https:\\\/\\\/www.granapadano.it\\\/es\\\/momentos-de-consumo\\\/combinacion\\\/con-que-fruta-maridar-el-grana-padano\\\/\"},{\"@type\":\"ListItem\",\"position\":5,\"name\":\"C\u00f3mo combinar Grana Padano 16-20 meses y fruta\"}]},{\"@type\":\"WebSite\",\"@id\":\"https:\\\/\\\/www.granapadano.it\\\/es\\\/#website\",\"url\":\"https:\\\/\\\/www.granapadano.it\\\/es\\\/\",\"name\":\"Grana Padano\",\"description\":\"\",\"potentialAction\":[{\"@type\":\"SearchAction\",\"target\":{\"@type\":\"EntryPoint\",\"urlTemplate\":\"https:\\\/\\\/www.granapadano.it\\\/es\\\/?s={search_term_string}\"},\"query-input\":{\"@type\":\"PropertyValueSpecification\",\"valueRequired\":true,\"valueName\":\"search_term_string\"}}],\"inLanguage\":\"es\"}]}<\/script>\n<!-- \/ Yoast SEO plugin. -->","yoast_head_json":{"title":"C\u00f3mo combinar Grana Padano 16-20 meses y fruta - Grana Padano","robots":{"index":"index","follow":"follow","max-snippet":"max-snippet:-1","max-image-preview":"max-image-preview:large","max-video-preview":"max-video-preview:-1"},"canonical":"https:\/\/www.granapadano.it\/es\/momentos-de-consumo\/combinacion\/con-que-fruta-maridar-el-grana-padano\/como-combinar-grana-padano-16-20-meses-y-fruta\/","og_locale":"es_ES","og_type":"article","og_title":"C\u00f3mo combinar Grana Padano 16-20 meses y fruta - Grana Padano","og_description":"Grana Padano DOP 16-20 mesesFrutaGrana Padano DOP 16-20 meses y fresas Con un periodo de maduraci\u00f3n de m\u00e1s de 16 meses, el Grana Padano adquiere m\u00e1s sabor y una textura m\u00e1s desmenuzable. Las fresas, dulces y ligeramente \u00e1cidas, crean una combinaci\u00f3n que realza la cremosidad del queso sin sobrecargarlo. Esta combinaci\u00f3n se presta muy bien [&hellip;]","og_url":"https:\/\/www.granapadano.it\/es\/momentos-de-consumo\/combinacion\/con-que-fruta-maridar-el-grana-padano\/como-combinar-grana-padano-16-20-meses-y-fruta\/","og_site_name":"Grana Padano","article_modified_time":"2025-04-10T10:00:11+00:00","twitter_card":"summary_large_image","twitter_misc":{"Tiempo de lectura":"2 minutos"},"schema":{"@context":"https:\/\/schema.org","@graph":[{"@type":"WebPage","@id":"https:\/\/www.granapadano.it\/es\/momentos-de-consumo\/combinacion\/con-que-fruta-maridar-el-grana-padano\/como-combinar-grana-padano-16-20-meses-y-fruta\/","url":"https:\/\/www.granapadano.it\/es\/momentos-de-consumo\/combinacion\/con-que-fruta-maridar-el-grana-padano\/como-combinar-grana-padano-16-20-meses-y-fruta\/","name":"C\u00f3mo combinar Grana Padano 16-20 meses y fruta - Grana Padano","isPartOf":{"@id":"https:\/\/www.granapadano.it\/es\/#website"},"datePublished":"2025-04-10T08:43:47+00:00","dateModified":"2025-04-10T10:00:11+00:00","breadcrumb":{"@id":"https:\/\/www.granapadano.it\/es\/momentos-de-consumo\/combinacion\/con-que-fruta-maridar-el-grana-padano\/como-combinar-grana-padano-16-20-meses-y-fruta#breadcrumb"},"inLanguage":"es","potentialAction":[{"@type":"ReadAction","target":["https:\/\/www.granapadano.it\/es\/momentos-de-consumo\/combinacion\/con-que-fruta-maridar-el-grana-padano\/como-combinar-grana-padano-16-20-meses-y-fruta\/"]}]},{"@type":"BreadcrumbList","@id":"https:\/\/www.granapadano.it\/es\/momentos-de-consumo\/combinacion\/con-que-fruta-maridar-el-grana-padano\/como-combinar-grana-padano-16-20-meses-y-fruta#breadcrumb","itemListElement":[{"@type":"ListItem","position":1,"name":"Home","item":"https:\/\/www.granapadano.it\/es\/"},{"@type":"ListItem","position":2,"name":"Recetas","item":"https:\/\/www.granapadano.it\/es\/recetas\/"},{"@type":"ListItem","position":3,"name":"Combinaciones","item":"https:\/\/www.granapadano.it\/es\/receats\/combinaciones\/"},{"@type":"ListItem","position":4,"name":"\u00bfCon qu\u00e9 fruta maridar el Grana Padano?","item":"https:\/\/www.granapadano.it\/es\/momentos-de-consumo\/combinacion\/con-que-fruta-maridar-el-grana-padano\/"},{"@type":"ListItem","position":5,"name":"C\u00f3mo combinar Grana Padano 16-20 meses y fruta"}]},{"@type":"WebSite","@id":"https:\/\/www.granapadano.it\/es\/#website","url":"https:\/\/www.granapadano.it\/es\/","name":"Grana Padano","description":"","potentialAction":[{"@type":"SearchAction","target":{"@type":"EntryPoint","urlTemplate":"https:\/\/www.granapadano.it\/es\/?s={search_term_string}"},"query-input":{"@type":"PropertyValueSpecification","valueRequired":true,"valueName":"search_term_string"}}],"inLanguage":"es"}]}},"_links":{"self":[{"href":"https:\/\/www.granapadano.it\/es\/wp-json\/wp\/v2\/pages\/137211","targetHints":{"allow":["GET"]}}],"collection":[{"href":"https:\/\/www.granapadano.it\/es\/wp-json\/wp\/v2\/pages"}],"about":[{"href":"https:\/\/www.granapadano.it\/es\/wp-json\/wp\/v2\/types\/page"}],"author":[{"embeddable":true,"href":"https:\/\/www.granapadano.it\/es\/wp-json\/wp\/v2\/users\/21"}],"replies":[{"embeddable":true,"href":"https:\/\/www.granapadano.it\/es\/wp-json\/wp\/v2\/comments?post=137211"}],"version-history":[{"count":2,"href":"https:\/\/www.granapadano.it\/es\/wp-json\/wp\/v2\/pages\/137211\/revisions"}],"predecessor-version":[{"id":137323,"href":"https:\/\/www.granapadano.it\/es\/wp-json\/wp\/v2\/pages\/137211\/revisions\/137323"}],"up":[{"embeddable":true,"href":"https:\/\/www.granapadano.it\/es\/wp-json\/wp\/v2\/pages\/137162"}],"wp:attachment":[{"href":"https:\/\/www.granapadano.it\/es\/wp-json\/wp\/v2\/media?parent=137211"}],"curies":[{"name":"wp","href":"https:\/\/api.w.org\/{rel}","templated":true}]}}