{"id":119169,"date":"2024-04-16T13:30:50","date_gmt":"2024-04-16T13:30:50","guid":{"rendered":"https:\/\/www.granapadano.it\/momentos-de-consumo\/abbinamenti\/con-quale-cioccolato-abbinare-grana-padano\/come-abbinare-grana-padano-20-24-mesi-riserva-con-il-cioccolato\/"},"modified":"2024-07-04T16:22:49","modified_gmt":"2024-07-04T16:22:49","slug":"grana-padano-dop-reserva-20-24-meses-y-chocolate","status":"publish","type":"page","link":"https:\/\/www.granapadano.it\/es\/momentos-de-consumo\/con-que-chocolate-maridar-grana-padano\/grana-padano-dop-reserva-20-24-meses-y-chocolate\/","title":{"rendered":"Grana Padano DOP \u00abReserva\u00bb 20-24 meses y chocolate"},"content":{"rendered":"<p>[et_pb_section fb_built=\u00bb1&#8243; fullwidth=\u00bbon\u00bb _builder_version=\u00bb4.19.5&#8243; _module_preset=\u00bbdefault\u00bb global_colors_info=\u00bb{}\u00bb][et_pb_fullwidth_image src=\u00bbhttps:\/\/www.granapadano.it\/wp-content\/uploads\/2024\/04\/Grana-Padano-e-Cioccolato-h.jpg\u00bb title_text=\u00bbGrana-Padano-e-Cioccolato-m\u00bb src_tablet=\u00bbhttps:\/\/www.granapadano.it\/wp-content\/uploads\/2024\/04\/Grana-Padano-e-Cioccolato-h.jpg\u00bb src_phone=\u00bbhttps:\/\/www.granapadano.it\/wp-content\/uploads\/2024\/04\/Grana-Padano-e-Cioccolato-m.jpg\u00bb src_last_edited=\u00bbon|phone\u00bb _builder_version=\u00bb4.24.3&#8243; _module_preset=\u00bbdefault\u00bb locked=\u00bboff\u00bb global_colors_info=\u00bb{}\u00bb][\/et_pb_fullwidth_image][\/et_pb_section][et_pb_section fb_built=\u00bb1&#8243; module_class=\u00bbproduction_sub_hub_main_wrapper\u00bb _builder_version=\u00bb4.19.4&#8243; _module_preset=\u00bbdefault\u00bb custom_padding=\u00bb13px||0px|||\u00bb locked=\u00bboff\u00bb global_colors_info=\u00bb{}\u00bb][et_pb_row module_class=\u00bbrecipe_filter_section\u00bb _builder_version=\u00bb4.19.2&#8243; _module_preset=\u00bbdefault\u00bb max_width=\u00bb90%\u00bb custom_padding=\u00bb||7px|||\u00bb global_colors_info=\u00bb{}\u00bb][et_pb_column type=\u00bb4_4&#8243; _builder_version=\u00bb4.19.2&#8243; _module_preset=\u00bbdefault\u00bb global_colors_info=\u00bb{}\u00bb][et_pb_code _builder_version=\u00bb4.19.2&#8243; _module_preset=\u00bbdefault\u00bb custom_margin=\u00bb||16px|||\u00bb global_colors_info=\u00bb{}\u00bb]<div class=\"breadcrumb\"><a href=\"https:\/\/www.granapadano.it\/es\/\">Inicio<\/a>  <  <\/div>[\/et_pb_code][\/et_pb_column][\/et_pb_row][\/et_pb_section][et_pb_section fb_built=\u00bb1&#8243; module_class=\u00bbgiovani_sub_hub_title\u00bb _builder_version=\u00bb4.19.5&#8243; _module_preset=\u00bbdefault\u00bb custom_padding=\u00bb0px||35px||false|false\u00bb locked=\u00bboff\u00bb global_colors_info=\u00bb{}\u00bb][et_pb_row module_class=\u00bbgp_producion_heading_wrapper\u00bb _builder_version=\u00bb4.19.5&#8243; _module_preset=\u00bbdefault\u00bb max_width=\u00bb90%\u00bb module_alignment=\u00bbcenter\u00bb custom_padding=\u00bb||||false|false\u00bb global_colors_info=\u00bb{}\u00bb][et_pb_column type=\u00bb4_4&#8243; _builder_version=\u00bb4.19.4&#8243; _module_preset=\u00bbdefault\u00bb global_colors_info=\u00bb{}\u00bb][et_pb_text module_class=\u00bbgiovani_sub_hub_title_text\u00bb _builder_version=\u00bb4.24.3&#8243; _module_preset=\u00bbdefault\u00bb text_font=\u00bbMerriweather|700|||||||\u00bb text_text_color=\u00bb#0f0f0f\u00bb text_font_size=\u00bb80px\u00bb text_line_height=\u00bb70px\u00bb header_font=\u00bbMerriweather||||||||\u00bb header_text_color=\u00bbgcid-8696fd7e-29dd-4028-9d4d-981b208a53a9&#8243; header_font_size=\u00bb44px\u00bb header_line_height=\u00bb52px\u00bb text_orientation=\u00bbcenter\u00bb min_height=\u00bb83px\u00bb custom_margin=\u00bb||0px||false|false\u00bb custom_padding=\u00bb||0px||false|false\u00bb hover_enabled=\u00bb0&#8243; global_colors_info=\u00bb{%22gcid-8696fd7e-29dd-4028-9d4d-981b208a53a9%22:%91%22header_text_color%22%93}\u00bb sticky_enabled=\u00bb0&#8243;]<\/p>\n<h1>Grana Padano DOP \u00abReserva\u00bb 20-24 meses<\/h1>\n<p>[\/et_pb_text][\/et_pb_column][\/et_pb_row][et_pb_row column_structure=\u00bb1_4,3_4&#8243; module_class=\u00bbarticle_dates\u00bb _builder_version=\u00bb4.19.4&#8243; _module_preset=\u00bbdefault\u00bb max_width=\u00bb90%\u00bb custom_padding=\u00bb2px||6px||false|false\u00bb global_colors_info=\u00bb{}\u00bb][et_pb_column type=\u00bb1_4&#8243; _builder_version=\u00bb4.19.3&#8243; _module_preset=\u00bbdefault\u00bb global_colors_info=\u00bb{}\u00bb][et_pb_text module_class=\u00bbbutton_look\u00bb _builder_version=\u00bb4.24.3&#8243; _module_preset=\u00bbdefault\u00bb text_font=\u00bbFontPadano-Bold||||||||\u00bb text_text_color=\u00bb#000000&#8243; text_font_size=\u00bb26px\u00bb background_color=\u00bbRGBA(255,255,255,0)\u00bb locked=\u00bboff\u00bb global_colors_info=\u00bb{}\u00bb]<\/p>\n<p>Cacao<\/p>\n<p>[\/et_pb_text][\/et_pb_column][et_pb_column type=\u00bb3_4&#8243; _builder_version=\u00bb4.19.4&#8243; _module_preset=\u00bbdefault\u00bb global_colors_info=\u00bb{}\u00bb][\/et_pb_column][\/et_pb_row][et_pb_row column_structure=\u00bb2_5,3_5&#8243; module_class=\u00bbarticle_sub_img_text_content \u00bb _builder_version=\u00bb4.24.3&#8243; _module_preset=\u00bbdefault\u00bb max_width=\u00bb90%\u00bb module_alignment=\u00bbcenter\u00bb min_height=\u00bb741.9px\u00bb custom_margin=\u00bb0px|auto|0px|auto|false|false\u00bb custom_padding=\u00bb0px||0px||false|false\u00bb global_colors_info=\u00bb{}\u00bb][et_pb_column type=\u00bb2_5&#8243; module_class=\u00bbarticle_sub_img_wrap\u00bb _builder_version=\u00bb4.20.2&#8243; _module_preset=\u00bbdefault\u00bb global_colors_info=\u00bb{}\u00bb][et_pb_image src=\u00bbhttps:\/\/www.granapadano.it\/wp-content\/uploads\/2024\/04\/GP-ZENZERO.jpg\u00bb title_text=\u00bbGP-ZENZERO\u00bb align=\u00bbcenter\u00bb _builder_version=\u00bb4.24.3&#8243; _module_preset=\u00bbdefault\u00bb positioning=\u00bbrelative\u00bb vertical_offset=\u00bb63px\u00bb module_alignment=\u00bbcenter\u00bb border_radii=\u00bbon|20px|20px|20px|20px\u00bb global_colors_info=\u00bb{}\u00bb][\/et_pb_image][\/et_pb_column][et_pb_column type=\u00bb3_5&#8243; module_class=\u00bbarticle_sub_text_wrap\u00bb _builder_version=\u00bb4.20.2&#8243; _module_preset=\u00bbdefault\u00bb global_colors_info=\u00bb{}\u00bb][et_pb_text _builder_version=\u00bb4.24.3&#8243; _module_preset=\u00bbdefault\u00bb text_font=\u00bb||||||||\u00bb text_text_color=\u00bb#0f0f0f\u00bb text_font_size=\u00bb18px\u00bb text_line_height=\u00bb26px\u00bb width=\u00bb100%\u00bb custom_margin=\u00bb||0px||false|false\u00bb hover_enabled=\u00bb0&#8243; global_colors_info=\u00bb{}\u00bb sticky_enabled=\u00bb0&#8243;]<\/p>\n<h3>Grana Padano DOP \u00abReserva\u00bb 20-24 meses y Chocolate negro 51 % de cacao con cristales de jengibre<\/h3>\n<p>Las tabletas de chocolate que tienen al menos un 45 % de cacao pueden considerarse y definirse como de chocolate \u00abnegro\u00bb, sin embargo, hasta el 50-55 % de cacao el t\u00edpico sabor amargo sigue siendo delicado y apreciado incluso por quienes, sin ser aficionados a las combinaciones extremas, se sienten atra\u00eddos por las novedades gastron\u00f3micas y los productos con cierto car\u00e1cter.<br \/>\nEn este maridaje, la propuesta \u00abtentadora\u00bb es una \u00abmezcla\u00bb de jengibre en forma de cristales en una tableta de chocolate negro al 51 %.<br \/>\nLa presencia de cristales de jengibre tiene efectos significativos en el transcurso de la degustaci\u00f3n, de hecho influye en la sensaci\u00f3n en boca y aporta un toque crujiente.  Adem\u00e1s, por contraste, aumenta la percepci\u00f3n del delicado aroma a cacao y crea un agradable frescor en la boca debido al cosquilleo que da el jengibre, combinado con el car\u00e1cter c\u00edtrico t\u00edpico de esta especia.<\/p>\n<p>Recomendamos empezar masticando la lasca de Grana Padano DOP \u00abReserva\u00bb 20-24 meses para crear una alternancia entre la granulosidad t\u00edpica del queso y los cristales de jengibre, de modo que los ingredientes se fundan en uno con una frescura embriagadora.<br \/>\nCon este maridaje deseamos estimular la curiosidad de aquellos a los que les gusta atreverse sin exagerar.<\/p>\n<p><strong>Curiosidades:<\/strong><\/p>\n<ul>\n<li>La historia del jengibre tiene or\u00edgenes muy antiguos: la ra\u00edz es una de las primeras especias exportadas desde Asia y se cree que fue Alejandro Magno quien la introdujo en Occidente. El jengibre lleg\u00f3 a Europa a trav\u00e9s de la antigua Grecia durante la llamada \u00ab\u00e9poca del comercio de especias\u00bb.<\/li>\n<li>En la antig\u00fcedad, la ra\u00edz del jengibre se consideraba \u00abm\u00e1gica\u00bb y, de hecho, era apreciada por una peculiaridad que la hac\u00eda tan valiosa como misteriosa: a\u00f1adida a los alimentos, imped\u00eda, o m\u00e1s bien ralentizaba, su deterioro, hasta el punto de que se utilizaba habitualmente como conservante de alimentos.<\/li>\n<li>El jengibre, pariente del cardamomo, pertenece a la familia Zingiberaceae. El origen de su nombre se pierde en la noche de los tiempos; de hecho, deriva del s\u00e1nscrito y el \u00e1rabe y significa \u00abcuerno\u00bb por la forma de sus rizomas o ra\u00edces. Conocido desde tiempos inmemoriales por sus propiedades beneficiosas, hoy es una especia apreciada por su sabor \u00abacre\u00bb, que vuelve briosos e intrigantes todos los alimentos con los que se combina.<\/li>\n<\/ul>\n<p>[\/et_pb_text][\/et_pb_column][\/et_pb_row][et_pb_row column_structure=\u00bb2_5,3_5&#8243; module_class=\u00bbarticle_sub_img_text_content_left\u00bb _builder_version=\u00bb4.24.3&#8243; _module_preset=\u00bbdefault\u00bb max_width=\u00bb94%\u00bb custom_padding=\u00bb20px||30px||false|false\u00bb border_color_top=\u00bbRGBA(255,255,255,0)\u00bb locked=\u00bboff\u00bb global_colors_info=\u00bb{}\u00bb][et_pb_column type=\u00bb2_5&#8243; module_class=\u00bbarticle_sub_img_wrap_left\u00bb _builder_version=\u00bb4.20.2&#8243; _module_preset=\u00bbdefault\u00bb global_colors_info=\u00bb{}\u00bb][et_pb_image src=\u00bbhttps:\/\/www.granapadano.it\/wp-content\/uploads\/2024\/04\/GP_Abbinamento-Cacao-16-20.jpg\u00bb title_text=\u00bbGP_Abbinamento-Cacao-16-20&#8243; align=\u00bbcenter\u00bb show_bottom_space_tablet=\u00bbon\u00bb show_bottom_space_last_edited=\u00bboff|phone\u00bb _builder_version=\u00bb4.24.3&#8243; _module_preset=\u00bbdefault\u00bb custom_margin=\u00bb||0px||false|false\u00bb custom_margin_tablet=\u00bb30px||||false|false\u00bb custom_margin_phone=\u00bb30px||||false|false\u00bb custom_margin_last_edited=\u00bbon|desktop\u00bb custom_padding=\u00bb0px||0px||false|false\u00bb border_radii=\u00bbon|20px|20px|20px|20px\u00bb global_colors_info=\u00bb{}\u00bb][\/et_pb_image][\/et_pb_column][et_pb_column type=\u00bb3_5&#8243; module_class=\u00bbarticle_sub_text_wrap_left\u00bb _builder_version=\u00bb4.20.2&#8243; _module_preset=\u00bbdefault\u00bb global_colors_info=\u00bb{}\u00bb][et_pb_text _builder_version=\u00bb4.24.3&#8243; _module_preset=\u00bbdefault\u00bb text_font=\u00bbMerriweather|300|||||||\u00bb text_text_color=\u00bb#0f0f0f\u00bb text_font_size=\u00bb18px\u00bb text_line_height=\u00bb26px\u00bb width=\u00bb97.1%\u00bb custom_margin=\u00bb|||0px|false|false\u00bb hover_enabled=\u00bb0&#8243; global_colors_info=\u00bb{}\u00bb sticky_enabled=\u00bb0&#8243;]<\/p>\n<h3><strong>Grana Padano DOP \u00abReserva\u00bb 20-24 meses y Chocolate negro 71 % con miel y l\u00e1minas de almendra<\/strong><\/h3>\n<\/p>\n<p>Cacao, miel, almendras\u2026 gracias al mix de ingredientes, la tableta que proponemos se caracteriza por una combinaci\u00f3n de aromas y texturas diferentes que la hacen \u00fanica y preciada: las notas ligeramente amargas del cacao est\u00e1n delicadamente endulzadas por la miel, que sin embargo no altera su car\u00e1cter; las l\u00e1minas de almendra le confieren un vivaz car\u00e1cter crujiente acompa\u00f1ado \u2013en un agradable contraste\u2013 por el chocolate que envuelve el paladar al fundirse. La combinaci\u00f3n de este chocolate y el Grana Padano DOP \u00abReserva\u00bb 20-24 meses sorprende al crear una multitud de sensaciones que se suceden: en la boca se percibe una ligera acidez, el dulzor de la miel, una pizca de amargor del cacao y las almendras, as\u00ed como una cierta astringencia que contrarresta las notas ligeramente grasas del Grana Padano DOP; es un fest\u00edn de aromas, percepciones trigeminales y sabor.  Se trata de una combinaci\u00f3n sorprendente que valoriza el queso, dejando la boca \u00ablimpia\u00bb y un agradable aroma a Grana Padano y miel despu\u00e9s de la degluci\u00f3n. <\/span>[\/et_pb_text][\/et_pb_column][\/et_pb_row][\/et_pb_section]<\/p>\n","protected":false},"excerpt":{"rendered":"<p><div class=\"breadcrumb\"><a href=\"https:\/\/www.granapadano.it\/es\/\">Inicio<\/a>  <  <\/div>Grana Padano DOP \u00abReserva\u00bb 20-24 mesesCacaoGrana Padano DOP \u00abReserva\u00bb 20-24 meses y Chocolate negro 51 % de cacao con cristales de jengibre Las tabletas de chocolate que tienen al menos un 45 % de cacao pueden considerarse y definirse como de chocolate \u00abnegro\u00bb, sin embargo, hasta el 50-55 % de cacao el t\u00edpico sabor amargo [&hellip;]<\/p>\n","protected":false},"author":21,"featured_media":0,"parent":119062,"menu_order":322,"comment_status":"closed","ping_status":"closed","template":"","meta":{"_acf_changed":false,"_et_pb_use_builder":"on","_et_pb_old_content":"","_et_gb_content_width":"","footnotes":""},"class_list":["post-119169","page","type-page","status-publish","hentry"],"acf":[],"yoast_head":"<!-- This site is optimized with the Yoast SEO plugin v27.4 - https:\/\/yoast.com\/product\/yoast-seo-wordpress\/ -->\n<title>Grana Padano DOP \u00abReserva\u00bb 20-24 meses y chocolate - Grana Padano<\/title>\n<meta name=\"robots\" content=\"index, follow, max-snippet:-1, max-image-preview:large, max-video-preview:-1\" \/>\n<link rel=\"canonical\" href=\"https:\/\/www.granapadano.it\/es\/momentos-de-consumo\/con-que-chocolate-maridar-grana-padano\/grana-padano-dop-reserva-20-24-meses-y-chocolate\/\" \/>\n<meta property=\"og:locale\" content=\"es_ES\" \/>\n<meta property=\"og:type\" content=\"article\" \/>\n<meta property=\"og:title\" content=\"Grana Padano DOP \u00abReserva\u00bb 20-24 meses y chocolate - Grana Padano\" \/>\n<meta property=\"og:description\" content=\"Grana Padano DOP \u00abReserva\u00bb 20-24 mesesCacaoGrana Padano DOP \u00abReserva\u00bb 20-24 meses y Chocolate negro 51 % de cacao con cristales de jengibre Las tabletas de chocolate que tienen al menos un 45 % de cacao pueden considerarse y definirse como de chocolate \u00abnegro\u00bb, sin embargo, hasta el 50-55 % de cacao el t\u00edpico sabor amargo [&hellip;]\" \/>\n<meta property=\"og:url\" content=\"https:\/\/www.granapadano.it\/es\/momentos-de-consumo\/con-que-chocolate-maridar-grana-padano\/grana-padano-dop-reserva-20-24-meses-y-chocolate\/\" \/>\n<meta property=\"og:site_name\" content=\"Grana Padano\" \/>\n<meta property=\"article:modified_time\" content=\"2024-07-04T16:22:49+00:00\" \/>\n<meta name=\"twitter:card\" content=\"summary_large_image\" \/>\n<meta name=\"twitter:label1\" content=\"Tiempo de lectura\" \/>\n\t<meta name=\"twitter:data1\" content=\"4 minutos\" \/>\n<script type=\"application\/ld+json\" class=\"yoast-schema-graph\">{\"@context\":\"https:\\\/\\\/schema.org\",\"@graph\":[{\"@type\":\"WebPage\",\"@id\":\"https:\\\/\\\/www.granapadano.it\\\/es\\\/momentos-de-consumo\\\/con-que-chocolate-maridar-grana-padano\\\/grana-padano-dop-reserva-20-24-meses-y-chocolate\\\/\",\"url\":\"https:\\\/\\\/www.granapadano.it\\\/es\\\/momentos-de-consumo\\\/con-que-chocolate-maridar-grana-padano\\\/grana-padano-dop-reserva-20-24-meses-y-chocolate\\\/\",\"name\":\"Grana Padano DOP \u00abReserva\u00bb 20-24 meses y chocolate - Grana Padano\",\"isPartOf\":{\"@id\":\"https:\\\/\\\/www.granapadano.it\\\/es\\\/#website\"},\"datePublished\":\"2024-04-16T13:30:50+00:00\",\"dateModified\":\"2024-07-04T16:22:49+00:00\",\"breadcrumb\":{\"@id\":\"https:\\\/\\\/www.granapadano.it\\\/es\\\/momentos-de-consumo\\\/con-que-chocolate-maridar-grana-padano\\\/grana-padano-dop-reserva-20-24-meses-y-chocolate\\\/#breadcrumb\"},\"inLanguage\":\"es\",\"potentialAction\":[{\"@type\":\"ReadAction\",\"target\":[\"https:\\\/\\\/www.granapadano.it\\\/es\\\/momentos-de-consumo\\\/con-que-chocolate-maridar-grana-padano\\\/grana-padano-dop-reserva-20-24-meses-y-chocolate\\\/\"]}]},{\"@type\":\"BreadcrumbList\",\"@id\":\"https:\\\/\\\/www.granapadano.it\\\/es\\\/momentos-de-consumo\\\/con-que-chocolate-maridar-grana-padano\\\/grana-padano-dop-reserva-20-24-meses-y-chocolate\\\/#breadcrumb\",\"itemListElement\":[{\"@type\":\"ListItem\",\"position\":1,\"name\":\"Home\",\"item\":\"https:\\\/\\\/www.granapadano.it\\\/es\\\/\"},{\"@type\":\"ListItem\",\"position\":2,\"name\":\"Recetas\",\"item\":\"https:\\\/\\\/www.granapadano.it\\\/es\\\/recetas\\\/\"},{\"@type\":\"ListItem\",\"position\":3,\"name\":\"\u00bfCon qu\u00e9 chocolate maridar el Grana Padano DOP?\",\"item\":\"https:\\\/\\\/www.granapadano.it\\\/es\\\/momentos-de-consumo\\\/con-que-chocolate-maridar-grana-padano\\\/\"},{\"@type\":\"ListItem\",\"position\":4,\"name\":\"Grana Padano DOP \u00abReserva\u00bb 20-24 meses y chocolate\"}]},{\"@type\":\"WebSite\",\"@id\":\"https:\\\/\\\/www.granapadano.it\\\/es\\\/#website\",\"url\":\"https:\\\/\\\/www.granapadano.it\\\/es\\\/\",\"name\":\"Grana Padano\",\"description\":\"\",\"potentialAction\":[{\"@type\":\"SearchAction\",\"target\":{\"@type\":\"EntryPoint\",\"urlTemplate\":\"https:\\\/\\\/www.granapadano.it\\\/es\\\/?s={search_term_string}\"},\"query-input\":{\"@type\":\"PropertyValueSpecification\",\"valueRequired\":true,\"valueName\":\"search_term_string\"}}],\"inLanguage\":\"es\"}]}<\/script>\n<!-- \/ Yoast SEO plugin. -->","yoast_head_json":{"title":"Grana Padano DOP \u00abReserva\u00bb 20-24 meses y chocolate - Grana Padano","robots":{"index":"index","follow":"follow","max-snippet":"max-snippet:-1","max-image-preview":"max-image-preview:large","max-video-preview":"max-video-preview:-1"},"canonical":"https:\/\/www.granapadano.it\/es\/momentos-de-consumo\/con-que-chocolate-maridar-grana-padano\/grana-padano-dop-reserva-20-24-meses-y-chocolate\/","og_locale":"es_ES","og_type":"article","og_title":"Grana Padano DOP \u00abReserva\u00bb 20-24 meses y chocolate - Grana Padano","og_description":"Grana Padano DOP \u00abReserva\u00bb 20-24 mesesCacaoGrana Padano DOP \u00abReserva\u00bb 20-24 meses y Chocolate negro 51 % de cacao con cristales de jengibre Las tabletas de chocolate que tienen al menos un 45 % de cacao pueden considerarse y definirse como de chocolate \u00abnegro\u00bb, sin embargo, hasta el 50-55 % de cacao el t\u00edpico sabor amargo [&hellip;]","og_url":"https:\/\/www.granapadano.it\/es\/momentos-de-consumo\/con-que-chocolate-maridar-grana-padano\/grana-padano-dop-reserva-20-24-meses-y-chocolate\/","og_site_name":"Grana Padano","article_modified_time":"2024-07-04T16:22:49+00:00","twitter_card":"summary_large_image","twitter_misc":{"Tiempo de lectura":"4 minutos"},"schema":{"@context":"https:\/\/schema.org","@graph":[{"@type":"WebPage","@id":"https:\/\/www.granapadano.it\/es\/momentos-de-consumo\/con-que-chocolate-maridar-grana-padano\/grana-padano-dop-reserva-20-24-meses-y-chocolate\/","url":"https:\/\/www.granapadano.it\/es\/momentos-de-consumo\/con-que-chocolate-maridar-grana-padano\/grana-padano-dop-reserva-20-24-meses-y-chocolate\/","name":"Grana Padano DOP \u00abReserva\u00bb 20-24 meses y chocolate - Grana Padano","isPartOf":{"@id":"https:\/\/www.granapadano.it\/es\/#website"},"datePublished":"2024-04-16T13:30:50+00:00","dateModified":"2024-07-04T16:22:49+00:00","breadcrumb":{"@id":"https:\/\/www.granapadano.it\/es\/momentos-de-consumo\/con-que-chocolate-maridar-grana-padano\/grana-padano-dop-reserva-20-24-meses-y-chocolate\/#breadcrumb"},"inLanguage":"es","potentialAction":[{"@type":"ReadAction","target":["https:\/\/www.granapadano.it\/es\/momentos-de-consumo\/con-que-chocolate-maridar-grana-padano\/grana-padano-dop-reserva-20-24-meses-y-chocolate\/"]}]},{"@type":"BreadcrumbList","@id":"https:\/\/www.granapadano.it\/es\/momentos-de-consumo\/con-que-chocolate-maridar-grana-padano\/grana-padano-dop-reserva-20-24-meses-y-chocolate\/#breadcrumb","itemListElement":[{"@type":"ListItem","position":1,"name":"Home","item":"https:\/\/www.granapadano.it\/es\/"},{"@type":"ListItem","position":2,"name":"Recetas","item":"https:\/\/www.granapadano.it\/es\/recetas\/"},{"@type":"ListItem","position":3,"name":"\u00bfCon qu\u00e9 chocolate maridar el Grana Padano DOP?","item":"https:\/\/www.granapadano.it\/es\/momentos-de-consumo\/con-que-chocolate-maridar-grana-padano\/"},{"@type":"ListItem","position":4,"name":"Grana Padano DOP \u00abReserva\u00bb 20-24 meses y chocolate"}]},{"@type":"WebSite","@id":"https:\/\/www.granapadano.it\/es\/#website","url":"https:\/\/www.granapadano.it\/es\/","name":"Grana Padano","description":"","potentialAction":[{"@type":"SearchAction","target":{"@type":"EntryPoint","urlTemplate":"https:\/\/www.granapadano.it\/es\/?s={search_term_string}"},"query-input":{"@type":"PropertyValueSpecification","valueRequired":true,"valueName":"search_term_string"}}],"inLanguage":"es"}]}},"_links":{"self":[{"href":"https:\/\/www.granapadano.it\/es\/wp-json\/wp\/v2\/pages\/119169","targetHints":{"allow":["GET"]}}],"collection":[{"href":"https:\/\/www.granapadano.it\/es\/wp-json\/wp\/v2\/pages"}],"about":[{"href":"https:\/\/www.granapadano.it\/es\/wp-json\/wp\/v2\/types\/page"}],"author":[{"embeddable":true,"href":"https:\/\/www.granapadano.it\/es\/wp-json\/wp\/v2\/users\/21"}],"replies":[{"embeddable":true,"href":"https:\/\/www.granapadano.it\/es\/wp-json\/wp\/v2\/comments?post=119169"}],"version-history":[{"count":2,"href":"https:\/\/www.granapadano.it\/es\/wp-json\/wp\/v2\/pages\/119169\/revisions"}],"predecessor-version":[{"id":121854,"href":"https:\/\/www.granapadano.it\/es\/wp-json\/wp\/v2\/pages\/119169\/revisions\/121854"}],"up":[{"embeddable":true,"href":"https:\/\/www.granapadano.it\/es\/wp-json\/wp\/v2\/pages\/119062"}],"wp:attachment":[{"href":"https:\/\/www.granapadano.it\/es\/wp-json\/wp\/v2\/media?parent=119169"}],"curies":[{"name":"wp","href":"https:\/\/api.w.org\/{rel}","templated":true}]}}