{"id":119101,"date":"2024-04-16T16:24:50","date_gmt":"2024-04-16T16:24:50","guid":{"rendered":"https:\/\/www.granapadano.it\/momentos-de-consumo\/abbinamenti\/con-quale-mostarda-abbinare-grana-padano\/come-abbinare-grana-padano-20-24-mesi-riserva-con-la-mostarda\/"},"modified":"2024-05-06T16:31:36","modified_gmt":"2024-05-06T16:31:36","slug":"come-abbinare-grana-padano-20-24-mesi-riserva-con-la-mostarda","status":"publish","type":"page","link":"https:\/\/www.granapadano.it\/es\/momentos-de-consumo\/con-quale-mostarda-abbinare-grana-padano\/come-abbinare-grana-padano-20-24-mesi-riserva-con-la-mostarda\/","title":{"rendered":"Come abbinare Grana Padano 20-24 mesi \u00abRiserva\u00bb con la mostarda"},"content":{"rendered":"<p>[et_pb_section fb_built=\u00bb1&#8243; fullwidth=\u00bbon\u00bb _builder_version=\u00bb4.19.5&#8243; _module_preset=\u00bbdefault\u00bb global_colors_info=\u00bb{}\u00bb][et_pb_fullwidth_image src=\u00bbhttps:\/\/www.granapadano.it\/wp-content\/uploads\/2024\/04\/GP_Mostarda-h.jpg\u00bb title_text=\u00bbGP_Mostarda-m\u00bb src_tablet=\u00bbhttps:\/\/www.granapadano.it\/wp-content\/uploads\/2024\/04\/GP_Mostarda-h.jpg\u00bb src_phone=\u00bbhttps:\/\/www.granapadano.it\/wp-content\/uploads\/2024\/04\/GP_Mostarda-m.jpg\u00bb src_last_edited=\u00bbon|phone\u00bb _builder_version=\u00bb4.24.3&#8243; _module_preset=\u00bbdefault\u00bb locked=\u00bboff\u00bb global_colors_info=\u00bb{}\u00bb][\/et_pb_fullwidth_image][\/et_pb_section][et_pb_section fb_built=\u00bb1&#8243; module_class=\u00bbproduction_sub_hub_main_wrapper\u00bb _builder_version=\u00bb4.19.4&#8243; _module_preset=\u00bbdefault\u00bb custom_padding=\u00bb13px||0px|||\u00bb locked=\u00bboff\u00bb global_colors_info=\u00bb{}\u00bb][et_pb_row module_class=\u00bbrecipe_filter_section\u00bb _builder_version=\u00bb4.19.2&#8243; _module_preset=\u00bbdefault\u00bb max_width=\u00bb90%\u00bb custom_padding=\u00bb||7px|||\u00bb global_colors_info=\u00bb{}\u00bb][et_pb_column type=\u00bb4_4&#8243; _builder_version=\u00bb4.19.2&#8243; _module_preset=\u00bbdefault\u00bb global_colors_info=\u00bb{}\u00bb][et_pb_code _builder_version=\u00bb4.19.2&#8243; _module_preset=\u00bbdefault\u00bb custom_margin=\u00bb||16px|||\u00bb global_colors_info=\u00bb{}\u00bb]<div class=\"breadcrumb\"><a href=\"https:\/\/www.granapadano.it\/es\/\">Inicio<\/a>  <  <\/div>[\/et_pb_code][\/et_pb_column][\/et_pb_row][\/et_pb_section][et_pb_section fb_built=\u00bb1&#8243; module_class=\u00bbgiovani_sub_hub_title\u00bb _builder_version=\u00bb4.19.5&#8243; _module_preset=\u00bbdefault\u00bb custom_padding=\u00bb0px||35px||false|false\u00bb locked=\u00bboff\u00bb global_colors_info=\u00bb{}\u00bb][et_pb_row module_class=\u00bbgp_producion_heading_wrapper\u00bb _builder_version=\u00bb4.19.5&#8243; _module_preset=\u00bbdefault\u00bb max_width=\u00bb90%\u00bb module_alignment=\u00bbcenter\u00bb custom_padding=\u00bb||||false|false\u00bb global_colors_info=\u00bb{}\u00bb][et_pb_column type=\u00bb4_4&#8243; _builder_version=\u00bb4.19.4&#8243; _module_preset=\u00bbdefault\u00bb global_colors_info=\u00bb{}\u00bb][et_pb_text module_class=\u00bbgiovani_sub_hub_title_text\u00bb _builder_version=\u00bb4.24.3&#8243; _module_preset=\u00bbdefault\u00bb text_font=\u00bbMerriweather|700|||||||\u00bb text_text_color=\u00bb#0f0f0f\u00bb text_font_size=\u00bb80px\u00bb text_line_height=\u00bb70px\u00bb header_font=\u00bbMerriweather||||||||\u00bb header_text_color=\u00bbgcid-8696fd7e-29dd-4028-9d4d-981b208a53a9&#8243; header_font_size=\u00bb44px\u00bb header_line_height=\u00bb52px\u00bb text_orientation=\u00bbcenter\u00bb min_height=\u00bb83px\u00bb custom_margin=\u00bb||0px||false|false\u00bb custom_padding=\u00bb||0px||false|false\u00bb hover_enabled=\u00bb0&#8243; global_colors_info=\u00bb{%22gcid-8696fd7e-29dd-4028-9d4d-981b208a53a9%22:%91%22header_text_color%22%93}\u00bb sticky_enabled=\u00bb0&#8243;]<\/p>\n<h1>Grana Padano DOP \u00abReserva\u00bb 20-24 meses<\/h1>\n<p>[\/et_pb_text][\/et_pb_column][\/et_pb_row][et_pb_row column_structure=\u00bb1_4,3_4&#8243; module_class=\u00bbarticle_dates\u00bb _builder_version=\u00bb4.19.4&#8243; _module_preset=\u00bbdefault\u00bb max_width=\u00bb90%\u00bb custom_padding=\u00bb2px||6px||false|false\u00bb global_colors_info=\u00bb{}\u00bb][et_pb_column type=\u00bb1_4&#8243; _builder_version=\u00bb4.19.3&#8243; _module_preset=\u00bbdefault\u00bb global_colors_info=\u00bb{}\u00bb][et_pb_text module_class=\u00bbbutton_look\u00bb _builder_version=\u00bb4.24.3&#8243; _module_preset=\u00bbdefault\u00bb text_font=\u00bbFontPadano-Bold||||||||\u00bb text_text_color=\u00bb#000000&#8243; text_font_size=\u00bb26px\u00bb background_color=\u00bbRGBA(255,255,255,0)\u00bb locked=\u00bboff\u00bb global_colors_info=\u00bb{}\u00bb]<\/p>\n<p>Mostarda<\/p>\n<p>[\/et_pb_text][\/et_pb_column][et_pb_column type=\u00bb3_4&#8243; _builder_version=\u00bb4.19.4&#8243; _module_preset=\u00bbdefault\u00bb global_colors_info=\u00bb{}\u00bb][\/et_pb_column][\/et_pb_row][et_pb_row column_structure=\u00bb2_5,3_5&#8243; module_class=\u00bbarticle_sub_img_text_content \u00bb _builder_version=\u00bb4.24.3&#8243; _module_preset=\u00bbdefault\u00bb max_width=\u00bb90%\u00bb module_alignment=\u00bbcenter\u00bb min_height=\u00bb655.9px\u00bb custom_margin=\u00bb0px|auto|0px|auto|false|false\u00bb custom_padding=\u00bb0px||0px||false|false\u00bb global_colors_info=\u00bb{}\u00bb][et_pb_column type=\u00bb2_5&#8243; module_class=\u00bbarticle_sub_img_wrap\u00bb _builder_version=\u00bb4.20.2&#8243; _module_preset=\u00bbdefault\u00bb global_colors_info=\u00bb{}\u00bb][et_pb_image src=\u00bbhttps:\/\/www.granapadano.it\/wp-content\/uploads\/2024\/04\/GP_Mostarda-cotogna.jpg\u00bb title_text=\u00bbGP_Mostarda-cotogna\u00bb align=\u00bbcenter\u00bb _builder_version=\u00bb4.24.3&#8243; _module_preset=\u00bbdefault\u00bb positioning=\u00bbrelative\u00bb vertical_offset=\u00bb63px\u00bb module_alignment=\u00bbcenter\u00bb border_radii=\u00bbon|20px|20px|20px|20px\u00bb global_colors_info=\u00bb{}\u00bb][\/et_pb_image][\/et_pb_column][et_pb_column type=\u00bb3_5&#8243; module_class=\u00bbarticle_sub_text_wrap\u00bb _builder_version=\u00bb4.20.2&#8243; _module_preset=\u00bbdefault\u00bb global_colors_info=\u00bb{}\u00bb][et_pb_text _builder_version=\u00bb4.24.3&#8243; _module_preset=\u00bbdefault\u00bb text_text_color=\u00bb#0f0f0f\u00bb text_font_size=\u00bb18px\u00bb text_line_height=\u00bb26px\u00bb width=\u00bb100%\u00bb custom_margin=\u00bb||0px||false|false\u00bb hover_enabled=\u00bb0&#8243; global_colors_info=\u00bb{}\u00bb sticky_enabled=\u00bb0&#8243;]<\/p>\n<h3><strong>Grana Padano DOP \u00abReserva\u00bb 20-24 meses y Mostarda de manzana Campanina<\/strong><\/h3>\n<p>Es la mostarda por excelencia de la tradici\u00f3n mantuana y de las festividades.<br \/>\nLa manzana Campanina es una manzana muy peque\u00f1a, principalmente silvestre, que ahora se cultiva en huertos o jardines por su caracter\u00edstica de conservaci\u00f3n y su particular sabor dulce-\u00e1cido.  Durante su preparaci\u00f3n, se pela completamente, se corta en rodajas finas, en \u00abhojas\u00bb y se somete a caramelizaci\u00f3n; por ello, tiene un color caramelo m\u00e1s o menos intenso seg\u00fan el tama\u00f1o de la rodaja. En fase de cata, hay que acercarla a la nariz con mucha precauci\u00f3n, para no ser asaltado por la fuerte intensidad de la mostaza que caracteriza su preparaci\u00f3n. Se presenta dulce como una confitura, con un agradable toque de caramelo. La textura ligeramente crujiente y no adhesiva nos remite f\u00e1cilmente a la fruta fresca con la que se elabora.<br \/>\nLa Mostarda di manzana Campanina se sirve tradicionalmente al final de la comida maridada con Grana Padano DOP de larga maduraci\u00f3n. Se trata de un maridaje con fuertes rasgos y ra\u00edces regionales, ya que la provincia de Mantua es una de las provincias tradicionalmente dedicadas a la producci\u00f3n de Grana Padano DOP.<br \/>\nEl maridaje sugerido se adapta bien al Grana Padano \u00abReserva\u00bb 20-24 meses. De hecho, ambos productos se encuentran en la boca manteniendo intactas sus respectivas estructuras, alternando el car\u00e1cter granuloso y crujiente y dejando finalmente la boca limpia tras la cata gracias al aporte dulce de la mostarda y a la acidez y sapidez del Grana Padano.\n<\/p>\n<p><strong>Curiosidades: <\/strong><\/p>\n<p><span style=\"font-size: 18px;\">Uso gastron\u00f3mico: la Mostarda di manzana Campanina se utiliza principalmente a lo largo del a\u00f1o como ingrediente de los Tortelli di zucca alla mantovana (tortelli de calabaza a la mantuana) o, como baluarte de la tradici\u00f3n de las fiestas navide\u00f1as, como guarnici\u00f3n de suntuosas carnes hervidas o cocidas, embutidos cocidos y pescados marinados.<\/span><\/p>\n<p>[\/et_pb_text][\/et_pb_column][\/et_pb_row][et_pb_row _builder_version=\u00bb4.24.3&#8243; _module_preset=\u00bbdefault\u00bb locked=\u00bboff\u00bb global_colors_info=\u00bb{}\u00bb][et_pb_column type=\u00bb4_4&#8243; module_class=\u00bbarticle_sub_img_wrap_left\u00bb _builder_version=\u00bb4.20.2&#8243; _module_preset=\u00bbdefault\u00bb global_colors_info=\u00bb{}\u00bb][et_pb_text _builder_version=\u00bb4.24.3&#8243; _module_preset=\u00bbdefault\u00bb text_font=\u00bb|300|||||||\u00bb text_text_color=\u00bb#0f0f0f\u00bb text_font_size=\u00bb18px\u00bb text_line_height=\u00bb26px\u00bb width=\u00bb97.1%\u00bb custom_margin=\u00bb|||0px|false|false\u00bb hover_enabled=\u00bb0&#8243; global_colors_info=\u00bb{}\u00bb sticky_enabled=\u00bb0&#8243;]<\/p>\n<h3><strong>Grana Padano DOP \u00abReserva\u00bb 20-24 meses y Mostarda mantovana de higos<\/strong><\/h3>\n<p>La Mostarda mantovana de higos, elaborada normalmente a principios de septiembre, puede tener una textura cremosa, casi untable, o presentarse en frutos enteros blandos con un coraz\u00f3n jugoso y picante.<br \/>\nEn la nariz, se percibe inmediatamente un aroma de caramelizaci\u00f3n; predominan las notas de tueste y de crocanti de almendra, especias y pimienta negra.<br \/>\nQueso e higos frescos son una combinaci\u00f3n tradicionalmente conocida; sin embargo, la mostarda de higos maridada con Grana Padano \u00abReserva\u00bb de 20-24 meses ofrece nuevas y ulteriores sorpresas: de hecho, es una combinaci\u00f3n \u00abgolosa\u00bb e intrigante por la riqueza de sensaciones que es capaz de ofrecer. Las ricas notas gustativas y arom\u00e1ticas de esta mostarda se adaptan a la creciente complejidad que caracteriza a este tipo de Grana Padano de larga maduraci\u00f3n; la mostarda sostiene bien las notas de caldo de carne y frutos secos del queso, cuya sapidez se alterna con el dulzor del higo.  Por otro lado, ambos productos presentan un picor curioso y com\u00fan: ligero y delicado el del Grana Padano, m\u00e1s intenso y explosivo el de la mostarda.<br \/>\nUna vez m\u00e1s, el \u00e9xito del maridaje gira en torno a un delicado juego de proporciones que permita unir los productos en una s\u00edntesis positiva y sorprendente.\n<\/p>\n<p>[\/et_pb_text][\/et_pb_column][\/et_pb_row][\/et_pb_section]<\/p>\n","protected":false},"excerpt":{"rendered":"<p><div class=\"breadcrumb\"><a href=\"https:\/\/www.granapadano.it\/es\/\">Inicio<\/a>  <  <\/div>Grana Padano DOP \u00abReserva\u00bb 20-24 mesesMostardaGrana Padano DOP \u00abReserva\u00bb 20-24 meses y Mostarda de manzana Campanina Es la mostarda por excelencia de la tradici\u00f3n mantuana y de las festividades. La manzana Campanina es una manzana muy peque\u00f1a, principalmente silvestre, que ahora se cultiva en huertos o jardines por su caracter\u00edstica de conservaci\u00f3n y su particular [&hellip;]<\/p>\n","protected":false},"author":21,"featured_media":0,"parent":119058,"menu_order":370,"comment_status":"closed","ping_status":"closed","template":"","meta":{"_acf_changed":false,"_et_pb_use_builder":"on","_et_pb_old_content":"","_et_gb_content_width":"","footnotes":""},"class_list":["post-119101","page","type-page","status-publish","hentry"],"acf":[],"yoast_head":"<!-- This site is optimized with the Yoast SEO plugin v27.4 - https:\/\/yoast.com\/product\/yoast-seo-wordpress\/ -->\n<title>Come abbinare Grana Padano 20-24 mesi &quot;Riserva&quot; con la mostarda - Grana Padano<\/title>\n<meta name=\"robots\" content=\"index, follow, max-snippet:-1, max-image-preview:large, max-video-preview:-1\" \/>\n<link rel=\"canonical\" href=\"https:\/\/www.granapadano.it\/es\/momentos-de-consumo\/con-quale-mostarda-abbinare-grana-padano\/come-abbinare-grana-padano-20-24-mesi-riserva-con-la-mostarda\/\" \/>\n<meta property=\"og:locale\" content=\"es_ES\" \/>\n<meta property=\"og:type\" content=\"article\" \/>\n<meta property=\"og:title\" content=\"Come abbinare Grana Padano 20-24 mesi &quot;Riserva&quot; con la mostarda - Grana Padano\" \/>\n<meta property=\"og:description\" content=\"Grana Padano DOP \u00abReserva\u00bb 20-24 mesesMostardaGrana Padano DOP \u00abReserva\u00bb 20-24 meses y Mostarda de manzana Campanina Es la mostarda por excelencia de la tradici\u00f3n mantuana y de las festividades. La manzana Campanina es una manzana muy peque\u00f1a, principalmente silvestre, que ahora se cultiva en huertos o jardines por su caracter\u00edstica de conservaci\u00f3n y su particular [&hellip;]\" \/>\n<meta property=\"og:url\" content=\"https:\/\/www.granapadano.it\/es\/momentos-de-consumo\/con-quale-mostarda-abbinare-grana-padano\/come-abbinare-grana-padano-20-24-mesi-riserva-con-la-mostarda\/\" \/>\n<meta property=\"og:site_name\" content=\"Grana Padano\" \/>\n<meta property=\"article:modified_time\" content=\"2024-05-06T16:31:36+00:00\" \/>\n<meta name=\"twitter:card\" content=\"summary_large_image\" \/>\n<meta name=\"twitter:label1\" content=\"Tiempo de lectura\" \/>\n\t<meta name=\"twitter:data1\" content=\"4 minutos\" \/>\n<script type=\"application\/ld+json\" class=\"yoast-schema-graph\">{\"@context\":\"https:\\\/\\\/schema.org\",\"@graph\":[{\"@type\":\"WebPage\",\"@id\":\"https:\\\/\\\/www.granapadano.it\\\/es\\\/momentos-de-consumo\\\/con-quale-mostarda-abbinare-grana-padano\\\/come-abbinare-grana-padano-20-24-mesi-riserva-con-la-mostarda\\\/\",\"url\":\"https:\\\/\\\/www.granapadano.it\\\/es\\\/momentos-de-consumo\\\/con-quale-mostarda-abbinare-grana-padano\\\/come-abbinare-grana-padano-20-24-mesi-riserva-con-la-mostarda\\\/\",\"name\":\"Come abbinare Grana Padano 20-24 mesi \\\"Riserva\\\" con la mostarda - Grana Padano\",\"isPartOf\":{\"@id\":\"https:\\\/\\\/www.granapadano.it\\\/es\\\/#website\"},\"datePublished\":\"2024-04-16T16:24:50+00:00\",\"dateModified\":\"2024-05-06T16:31:36+00:00\",\"breadcrumb\":{\"@id\":\"https:\\\/\\\/www.granapadano.it\\\/es\\\/momentos-de-consumo\\\/con-quale-mostarda-abbinare-grana-padano\\\/come-abbinare-grana-padano-20-24-mesi-riserva-con-la-mostarda\\\/#breadcrumb\"},\"inLanguage\":\"es\",\"potentialAction\":[{\"@type\":\"ReadAction\",\"target\":[\"https:\\\/\\\/www.granapadano.it\\\/es\\\/momentos-de-consumo\\\/con-quale-mostarda-abbinare-grana-padano\\\/come-abbinare-grana-padano-20-24-mesi-riserva-con-la-mostarda\\\/\"]}]},{\"@type\":\"BreadcrumbList\",\"@id\":\"https:\\\/\\\/www.granapadano.it\\\/es\\\/momentos-de-consumo\\\/con-quale-mostarda-abbinare-grana-padano\\\/come-abbinare-grana-padano-20-24-mesi-riserva-con-la-mostarda\\\/#breadcrumb\",\"itemListElement\":[{\"@type\":\"ListItem\",\"position\":1,\"name\":\"Home\",\"item\":\"https:\\\/\\\/www.granapadano.it\\\/es\\\/\"},{\"@type\":\"ListItem\",\"position\":2,\"name\":\"Recetas\",\"item\":\"https:\\\/\\\/www.granapadano.it\\\/es\\\/recetas\\\/\"},{\"@type\":\"ListItem\",\"position\":3,\"name\":\"Con quale mostarda abbinare Grana Padano\",\"item\":\"https:\\\/\\\/www.granapadano.it\\\/es\\\/momentos-de-consumo\\\/con-quale-mostarda-abbinare-grana-padano\\\/\"},{\"@type\":\"ListItem\",\"position\":4,\"name\":\"Come abbinare Grana Padano 20-24 mesi \u00abRiserva\u00bb con la mostarda\"}]},{\"@type\":\"WebSite\",\"@id\":\"https:\\\/\\\/www.granapadano.it\\\/es\\\/#website\",\"url\":\"https:\\\/\\\/www.granapadano.it\\\/es\\\/\",\"name\":\"Grana Padano\",\"description\":\"\",\"potentialAction\":[{\"@type\":\"SearchAction\",\"target\":{\"@type\":\"EntryPoint\",\"urlTemplate\":\"https:\\\/\\\/www.granapadano.it\\\/es\\\/?s={search_term_string}\"},\"query-input\":{\"@type\":\"PropertyValueSpecification\",\"valueRequired\":true,\"valueName\":\"search_term_string\"}}],\"inLanguage\":\"es\"}]}<\/script>\n<!-- \/ Yoast SEO plugin. -->","yoast_head_json":{"title":"Come abbinare Grana Padano 20-24 mesi \"Riserva\" con la mostarda - Grana Padano","robots":{"index":"index","follow":"follow","max-snippet":"max-snippet:-1","max-image-preview":"max-image-preview:large","max-video-preview":"max-video-preview:-1"},"canonical":"https:\/\/www.granapadano.it\/es\/momentos-de-consumo\/con-quale-mostarda-abbinare-grana-padano\/come-abbinare-grana-padano-20-24-mesi-riserva-con-la-mostarda\/","og_locale":"es_ES","og_type":"article","og_title":"Come abbinare Grana Padano 20-24 mesi \"Riserva\" con la mostarda - Grana Padano","og_description":"Grana Padano DOP \u00abReserva\u00bb 20-24 mesesMostardaGrana Padano DOP \u00abReserva\u00bb 20-24 meses y Mostarda de manzana Campanina Es la mostarda por excelencia de la tradici\u00f3n mantuana y de las festividades. La manzana Campanina es una manzana muy peque\u00f1a, principalmente silvestre, que ahora se cultiva en huertos o jardines por su caracter\u00edstica de conservaci\u00f3n y su particular [&hellip;]","og_url":"https:\/\/www.granapadano.it\/es\/momentos-de-consumo\/con-quale-mostarda-abbinare-grana-padano\/come-abbinare-grana-padano-20-24-mesi-riserva-con-la-mostarda\/","og_site_name":"Grana Padano","article_modified_time":"2024-05-06T16:31:36+00:00","twitter_card":"summary_large_image","twitter_misc":{"Tiempo de lectura":"4 minutos"},"schema":{"@context":"https:\/\/schema.org","@graph":[{"@type":"WebPage","@id":"https:\/\/www.granapadano.it\/es\/momentos-de-consumo\/con-quale-mostarda-abbinare-grana-padano\/come-abbinare-grana-padano-20-24-mesi-riserva-con-la-mostarda\/","url":"https:\/\/www.granapadano.it\/es\/momentos-de-consumo\/con-quale-mostarda-abbinare-grana-padano\/come-abbinare-grana-padano-20-24-mesi-riserva-con-la-mostarda\/","name":"Come abbinare Grana Padano 20-24 mesi \"Riserva\" con la mostarda - Grana Padano","isPartOf":{"@id":"https:\/\/www.granapadano.it\/es\/#website"},"datePublished":"2024-04-16T16:24:50+00:00","dateModified":"2024-05-06T16:31:36+00:00","breadcrumb":{"@id":"https:\/\/www.granapadano.it\/es\/momentos-de-consumo\/con-quale-mostarda-abbinare-grana-padano\/come-abbinare-grana-padano-20-24-mesi-riserva-con-la-mostarda\/#breadcrumb"},"inLanguage":"es","potentialAction":[{"@type":"ReadAction","target":["https:\/\/www.granapadano.it\/es\/momentos-de-consumo\/con-quale-mostarda-abbinare-grana-padano\/come-abbinare-grana-padano-20-24-mesi-riserva-con-la-mostarda\/"]}]},{"@type":"BreadcrumbList","@id":"https:\/\/www.granapadano.it\/es\/momentos-de-consumo\/con-quale-mostarda-abbinare-grana-padano\/come-abbinare-grana-padano-20-24-mesi-riserva-con-la-mostarda\/#breadcrumb","itemListElement":[{"@type":"ListItem","position":1,"name":"Home","item":"https:\/\/www.granapadano.it\/es\/"},{"@type":"ListItem","position":2,"name":"Recetas","item":"https:\/\/www.granapadano.it\/es\/recetas\/"},{"@type":"ListItem","position":3,"name":"Con quale mostarda abbinare Grana Padano","item":"https:\/\/www.granapadano.it\/es\/momentos-de-consumo\/con-quale-mostarda-abbinare-grana-padano\/"},{"@type":"ListItem","position":4,"name":"Come abbinare Grana Padano 20-24 mesi \u00abRiserva\u00bb con la mostarda"}]},{"@type":"WebSite","@id":"https:\/\/www.granapadano.it\/es\/#website","url":"https:\/\/www.granapadano.it\/es\/","name":"Grana Padano","description":"","potentialAction":[{"@type":"SearchAction","target":{"@type":"EntryPoint","urlTemplate":"https:\/\/www.granapadano.it\/es\/?s={search_term_string}"},"query-input":{"@type":"PropertyValueSpecification","valueRequired":true,"valueName":"search_term_string"}}],"inLanguage":"es"}]}},"_links":{"self":[{"href":"https:\/\/www.granapadano.it\/es\/wp-json\/wp\/v2\/pages\/119101","targetHints":{"allow":["GET"]}}],"collection":[{"href":"https:\/\/www.granapadano.it\/es\/wp-json\/wp\/v2\/pages"}],"about":[{"href":"https:\/\/www.granapadano.it\/es\/wp-json\/wp\/v2\/types\/page"}],"author":[{"embeddable":true,"href":"https:\/\/www.granapadano.it\/es\/wp-json\/wp\/v2\/users\/21"}],"replies":[{"embeddable":true,"href":"https:\/\/www.granapadano.it\/es\/wp-json\/wp\/v2\/comments?post=119101"}],"version-history":[{"count":1,"href":"https:\/\/www.granapadano.it\/es\/wp-json\/wp\/v2\/pages\/119101\/revisions"}],"predecessor-version":[{"id":119567,"href":"https:\/\/www.granapadano.it\/es\/wp-json\/wp\/v2\/pages\/119101\/revisions\/119567"}],"up":[{"embeddable":true,"href":"https:\/\/www.granapadano.it\/es\/wp-json\/wp\/v2\/pages\/119058"}],"wp:attachment":[{"href":"https:\/\/www.granapadano.it\/es\/wp-json\/wp\/v2\/media?parent=119101"}],"curies":[{"name":"wp","href":"https:\/\/api.w.org\/{rel}","templated":true}]}}