{"id":119066,"date":"2024-04-16T15:16:41","date_gmt":"2024-04-16T15:16:41","guid":{"rendered":"https:\/\/www.granapadano.it\/momentos-de-consumo\/abbinamenti\/come-abbinare-laceto-balsamico-di-modena-igp-con-grana-padano\/"},"modified":"2024-10-30T15:22:49","modified_gmt":"2024-10-30T15:22:49","slug":"vinagre-balsamico-de-modena-igp-y-grana-padano-dop","status":"publish","type":"page","link":"https:\/\/www.granapadano.it\/es\/vinagre-balsamico-de-modena-igp-y-grana-padano-dop\/","title":{"rendered":"Vinagre Bals\u00e1mico de M\u00f3dena IGP y Grana Padano DOP"},"content":{"rendered":"<p>[et_pb_section fb_built=\u00bb1&#8243; fullwidth=\u00bbon\u00bb _builder_version=\u00bb4.19.4&#8243; _module_preset=\u00bbdefault\u00bb global_colors_info=\u00bb{}\u00bb][et_pb_fullwidth_image src=\u00bbhttps:\/\/www.granapadano.it\/wp-content\/uploads\/2024\/04\/GP_Aceto-h.jpg\u00bb title_text=\u00bbGP_Aceto-m\u00bb src_tablet=\u00bbhttps:\/\/www.granapadano.it\/wp-content\/uploads\/2024\/04\/GP_Aceto-h.jpg\u00bb src_phone=\u00bbhttps:\/\/www.granapadano.it\/wp-content\/uploads\/2024\/04\/GP_Aceto-m.jpg\u00bb src_last_edited=\u00bbon|phone\u00bb _builder_version=\u00bb4.24.3&#8243; _module_preset=\u00bbdefault\u00bb locked=\u00bboff\u00bb global_colors_info=\u00bb{}\u00bb][\/et_pb_fullwidth_image][\/et_pb_section][et_pb_section fb_built=\u00bb1&#8243; module_class=\u00bbproduction_sub_hub_main_wrapper\u00bb _builder_version=\u00bb4.19.4&#8243; _module_preset=\u00bbdefault\u00bb custom_padding=\u00bb13px||0px|||\u00bb locked=\u00bboff\u00bb global_colors_info=\u00bb{}\u00bb][et_pb_row module_class=\u00bbrecipe_filter_section\u00bb _builder_version=\u00bb4.19.5&#8243; _module_preset=\u00bbdefault\u00bb max_width=\u00bb90%\u00bb custom_padding=\u00bb||7px|||\u00bb global_colors_info=\u00bb{}\u00bb][et_pb_column type=\u00bb4_4&#8243; _builder_version=\u00bb4.19.2&#8243; _module_preset=\u00bbdefault\u00bb global_colors_info=\u00bb{}\u00bb][et_pb_code _builder_version=\u00bb4.19.2&#8243; _module_preset=\u00bbdefault\u00bb custom_margin=\u00bb||16px|||\u00bb global_colors_info=\u00bb{}\u00bb]<div class=\"breadcrumb\"><a href=\"https:\/\/www.granapadano.it\/es\/\">Inicio<\/a>  <  <\/div>[\/et_pb_code][\/et_pb_column][\/et_pb_row][\/et_pb_section][et_pb_section fb_built=\u00bb1&#8243; admin_label=\u00bb9-16 mesi\u00bb module_class=\u00bbsustainability_sub_hub_wrapper padano_cheese_suggest\u00bb _builder_version=\u00bb4.20.2&#8243; _module_preset=\u00bbdefault\u00bb custom_padding=\u00bb10px||4px|||\u00bb locked=\u00bboff\u00bb collapsed=\u00bboff\u00bb global_colors_info=\u00bb{}\u00bb][et_pb_row _builder_version=\u00bb4.19.5&#8243; _module_preset=\u00bbdefault\u00bb custom_padding=\u00bb||50px|||\u00bb global_colors_info=\u00bb{}\u00bb][et_pb_column type=\u00bb4_4&#8243; _builder_version=\u00bb4.19.5&#8243; _module_preset=\u00bbdefault\u00bb global_colors_info=\u00bb{}\u00bb][et_pb_text module_class=\u00bbgiovani_sub_hub_title_text\u00bb _builder_version=\u00bb4.24.3&#8243; _module_preset=\u00bbdefault\u00bb text_font=\u00bbMerriweather|700|||||||\u00bb text_text_color=\u00bb#0f0f0f\u00bb text_font_size=\u00bb80px\u00bb text_line_height=\u00bb70px\u00bb header_font=\u00bbMerriweather||||||||\u00bb header_text_color=\u00bbgcid-8696fd7e-29dd-4028-9d4d-981b208a53a9&#8243; header_font_size=\u00bb44px\u00bb header_line_height=\u00bb52px\u00bb text_orientation=\u00bbcenter\u00bb min_height=\u00bb83px\u00bb custom_margin=\u00bb||0px||false|false\u00bb custom_padding=\u00bb||0px||false|false\u00bb locked=\u00bboff\u00bb global_colors_info=\u00bb{%22gcid-8696fd7e-29dd-4028-9d4d-981b208a53a9%22:%91%22header_text_color%22%93}\u00bb]<\/p>\n<h1>Vinagre Bals\u00e1mico de M\u00f3dena IGP y Grana Padano DOP<\/h1>\n<p>[\/et_pb_text][\/et_pb_column][\/et_pb_row][et_pb_row column_structure=\u00bb1_4,3_4&#8243; module_class=\u00bbarticle_dates\u00bb _builder_version=\u00bb4.19.4&#8243; _module_preset=\u00bbdefault\u00bb max_width=\u00bb90%\u00bb custom_padding=\u00bb2px||6px||false|false\u00bb locked=\u00bboff\u00bb global_colors_info=\u00bb{}\u00bb][et_pb_column type=\u00bb1_4&#8243; _builder_version=\u00bb4.19.3&#8243; _module_preset=\u00bbdefault\u00bb global_colors_info=\u00bb{}\u00bb][et_pb_text module_class=\u00bbbutton_look\u00bb _builder_version=\u00bb4.24.3&#8243; _module_preset=\u00bbdefault\u00bb text_font=\u00bbFontPadano-Bold||||||||\u00bb text_text_color=\u00bb#000000&#8243; text_font_size=\u00bb26px\u00bb background_color=\u00bbRGBA(255,255,255,0)\u00bb locked=\u00bboff\u00bb global_colors_info=\u00bb{}\u00bb]<\/p>\n<p>Aceto Balsamico di Modena IGP<\/p>\n<p>[\/et_pb_text][\/et_pb_column][et_pb_column type=\u00bb3_4&#8243; _builder_version=\u00bb4.19.4&#8243; _module_preset=\u00bbdefault\u00bb global_colors_info=\u00bb{}\u00bb][\/et_pb_column][\/et_pb_row][et_pb_row column_structure=\u00bb1_2,1_2&#8243; _builder_version=\u00bb4.24.3&#8243; _module_preset=\u00bbdefault\u00bb locked=\u00bboff\u00bb global_colors_info=\u00bb{}\u00bb][et_pb_column type=\u00bb1_2&#8243; _builder_version=\u00bb4.24.3&#8243; _module_preset=\u00bbdefault\u00bb global_colors_info=\u00bb{}\u00bb][et_pb_text _builder_version=\u00bb4.24.3&#8243; _module_preset=\u00bbdefault\u00bb global_colors_info=\u00bb{}\u00bb]<\/p>\n<p><strong><em>Testi realizzati in collaborazione con:\u00a0<\/em><\/strong><\/p>\n<div class=\"consumo_sub_item_top_img\"><img decoding=\"async\" src=\"https:\/\/granapadano.kleecks-cdn.com\/wp-content\/uploads\/2023\/02\/onaf.png\" width=\"undefined\" height=\"undefined\" alt=\"\" class=\"wp-image-1443 alignnone size-full\" \/>[\/et_pb_text][\/et_pb_column][et_pb_column type=\u00bb1_2&#8243; _builder_version=\u00bb4.24.3&#8243; _module_preset=\u00bbdefault\u00bb global_colors_info=\u00bb{}\u00bb][et_pb_image src=\u00bbhttps:\/\/www.granapadano.it\/wp-content\/uploads\/2024\/05\/Screenshot-2024-05-02-alle-14.32.16.png\u00bb title_text=\u00bbConsorzio aceto balsamico di modena\u00bb _builder_version=\u00bb4.24.3&#8243; _module_preset=\u00bbdefault\u00bb width=\u00bb50%\u00bb global_colors_info=\u00bb{}\u00bb][\/et_pb_image][\/et_pb_column][\/et_pb_row][et_pb_row _builder_version=\u00bb4.24.3&#8243; _module_preset=\u00bbdefault\u00bb max_width=\u00bb90%\u00bb module_alignment=\u00bbcenter\u00bb custom_margin=\u00bb20px||||false|false\u00bb custom_padding=\u00bb0px||18px||false|false\u00bb locked=\u00bboff\u00bb global_colors_info=\u00bb{}\u00bb][et_pb_column type=\u00bb4_4&#8243; _builder_version=\u00bb4.19.5&#8243; _module_preset=\u00bbdefault\u00bb global_colors_info=\u00bb{}\u00bb][et_pb_text _builder_version=\u00bb4.24.3&#8243; _module_preset=\u00bbdefault\u00bb text_text_color=\u00bb#0f0f0f\u00bb text_font_size=\u00bb18px\u00bb text_line_height=\u00bb26px\u00bb width=\u00bb100%\u00bb custom_margin=\u00bb20px||||false|false\u00bb custom_padding=\u00bb|33px||||\u00bb global_colors_info=\u00bb{}\u00bb]<\/p>\n<h3><strong>Maridajes entre Grana Padano DOP y Vinagre Bals\u00e1mico de M\u00f3dena IGP<\/strong><\/h3>\n<p>Ciertamente, el maridaje entre estas dos excelencias del Bel Paese no es nueva y el resultado puede ser superlativo: sin embargo, el consumidor debe orientarse para combinar los distintos tipos de Grana Padano con el Vinagre Bals\u00e1mico de M\u00f3dena m\u00e1s adecuado, a fin de tener siempre la mejor experiencia gustativa. Tanto si se a\u00f1ade Vinagre Bals\u00e1mico de M\u00f3dena en gotas sobre una lasca de Grana Padano, como si se \u00abmoja\u00bb en una copita de Oro Negro de M\u00f3dena, la pauta b\u00e1sica es que, al aumentar la maduraci\u00f3n del Grana Padano, ha de combinarse con un Vinagre Bals\u00e1mico de M\u00f3dena con cada vez m\u00e1s cuerpo e intensidad, hasta llegar al punto de maridar el Grana Padano de larga maduraci\u00f3n con las variantes \u00abenvejecidas\u00bb de Vinagre Bals\u00e1mico de M\u00f3dena.<\/p>\n<p><strong> Nota: <\/strong> en los maridajes sugeridos a continuaci\u00f3n se utiliza el sistema  <a href=\"https:\/\/www.consorziobalsamico.it\/consortium-profile\/\" target=\"_blank\" rel=\"noopener\">Consortium Profile<\/a>. para identificar el Vinagre Bals\u00e1mico de M\u00f3dena IGP. Si el consumidor\/catador no encuentra f\u00e1cilmente la marca, le invitamos a buscar un producto con caracter\u00edsticas organol\u00e9pticas que, en cualquier caso, correspondan al nivel correspondiente del Consortium Profile.<\/p>\n<p>[\/et_pb_text][\/et_pb_column][\/et_pb_row][et_pb_row _builder_version=\u00bb4.24.3&#8243; _module_preset=\u00bbdefault\u00bb global_colors_info=\u00bb{}\u00bb][et_pb_column type=\u00bb4_4&#8243; _builder_version=\u00bb4.24.3&#8243; _module_preset=\u00bbdefault\u00bb global_colors_info=\u00bb{}\u00bb][et_pb_button button_url=\u00bbhttps:\/\/www.granapadano.it\/momenti-di-consumo\/abbinamenti\/come-abbinare-laceto-balsamico-di-modena-igp-con-grana-padano\/aceto-balsamico-di-modena-igp\/\u00bb url_new_window=\u00bbon\u00bb button_text=\u00bbD\u00e9couvrez le Vinagre Bals\u00e1mico de M\u00f3dena IGP\u00bb button_alignment=\u00bbcenter\u00bb button_text_last_edited=\u00bboff|desktop\u00bb _builder_version=\u00bb4.24.3&#8243; _module_preset=\u00bbdefault\u00bb custom_button=\u00bbon\u00bb button_text_size=\u00bb22px\u00bb button_text_color=\u00bb#FFFFFF\u00bb button_bg_color=\u00bb#000000&#8243; button_border_radius=\u00bb50px\u00bb button_font=\u00bbMerriweather|700|||||||\u00bb button_icon=\u00bb&#x35;||divi||400&#8243; button_on_hover=\u00bboff\u00bb custom_margin=\u00bb||||false|false\u00bb custom_padding=\u00bb|100px||100px|false|false\u00bb locked=\u00bboff\u00bb global_colors_info=\u00bb{}\u00bb button_text__hover_enabled=\u00bboff|desktop\u00bb][\/et_pb_button][\/et_pb_column][\/et_pb_row][et_pb_row column_structure=\u00bb1_2,1_2&#8243; use_custom_gutter=\u00bbon\u00bb gutter_width=\u00bb3&#8243; module_class=\u00bbconsorzio_saprate_section consorzio_vini_abbinare_page\u00bb _builder_version=\u00bb4.24.3&#8243; _module_preset=\u00bbdefault\u00bb transform_scale=\u00bb94%|94%\u00bb max_width=\u00bb90%\u00bb custom_padding=\u00bb0px|||||\u00bb collapsed=\u00bbon\u00bb global_colors_info=\u00bb{}\u00bb][et_pb_column type=\u00bb1_2&#8243; _builder_version=\u00bb4.24.3&#8243; _module_preset=\u00bbdefault\u00bb background_color=\u00bb#f7f7f7&#8243; link_option_url=\u00bbhttps:\/\/www.granapadano.it\/es\/momentos-de-consumo\/combincion\/vinagre-balsamico-de-modena-igp-y-grana-padano-dop\/grana-padano-dop-9-16-meses-y-vinagre-balsamico-de-modena-igp-4-sellos\/\u00bb global_colors_info=\u00bb{}\u00bb][et_pb_image title_text=\u00bbgrana-e-aceto-thumb\u00bb url=\u00bbhttps:\/\/www.granapadano.it\/es\/momentos-de-consumo\/combincion\/vinagre-balsamico-de-modena-igp-y-grana-padano-dop\/grana-padano-dop-9-16-meses-y-vinagre-balsamico-de-modena-igp-4-sellos\/\u00bb align=\u00bbcenter\u00bb _builder_version=\u00bb4.24.3&#8243; _module_preset=\u00bbdefault\u00bb background_color=\u00bbRGBA(255,255,255,0)\u00bb background_image=\u00bbhttps:\/\/www.granapadano.it\/wp-content\/uploads\/2024\/04\/grana-e-aceto-thumb.png\u00bb min_height=\u00bb89px\u00bb custom_padding=\u00bb209px|0px||2px|false|false\u00bb global_colors_info=\u00bb{}\u00bb][\/et_pb_image][et_pb_text _builder_version=\u00bb4.24.3&#8243; _module_preset=\u00bbdefault\u00bb header_3_font=\u00bbMerriweather|700|||||||\u00bb header_3_text_color=\u00bb#0f0f0f\u00bb header_3_font_size=\u00bb23px\u00bb header_3_line_height=\u00bb31px\u00bb custom_margin=\u00bb||||false|false\u00bb custom_margin_tablet=\u00bb||||false|false\u00bb custom_margin_phone=\u00bb20px||||false|false\u00bb custom_margin_last_edited=\u00bbon|phone\u00bb locked=\u00bboff\u00bb global_colors_info=\u00bb{}\u00bb]<\/p>\n<h3>Grana Padano DOP 9-16 meses <\/h3>\n<p>[\/et_pb_text][et_pb_text _builder_version=\u00bb4.24.3&#8243; _module_preset=\u00bbdefault\u00bb text_text_color=\u00bb#0f0f0f\u00bb text_font_size=\u00bb18px\u00bb text_line_height=\u00bb26px\u00bb global_colors_info=\u00bb{}\u00bb]<strong>Maridajes sugeridos:<\/strong><\/p>\n<ul>\n<li>Vinagre Bals\u00e1mico de M\u00f3dena IGP 4 sellos<\/li>\n<li>Vinagre Bals\u00e1mico de M\u00f3dena IGP 4 sellos \u00abEnvejecido\u00bb<\/li>\n<\/ul>\n<p><strong>  En particular, recomendamos maridar las maduraciones de Grana Padano DOP 9-16 meses con:<\/strong><\/p>\n<p>&nbsp;<\/p>\n<ul>\n<li>\n<h4>Vinagre Bals\u00e1mico de M\u00f3dena IGP 4 sellos<\/h4>\n<\/li>\n<\/ul>\n<p>[\/et_pb_text][et_pb_image src=\u00bbhttps:\/\/www.granapadano.it\/wp-content\/uploads\/2022\/11\/Path-20171.png\u00bb title_text=\u00bbPath 20171&#8243; url=\u00bbhttps:\/\/www.granapadano.it\/es\/momentos-de-consumo\/combincion\/vinagre-balsamico-de-modena-igp-y-grana-padano-dop\/grana-padano-dop-9-16-meses-y-vinagre-balsamico-de-modena-igp-4-sellos\/\u00bb align=\u00bbright\u00bb _builder_version=\u00bb4.24.3&#8243; _module_preset=\u00bbdefault\u00bb global_colors_info=\u00bb{}\u00bb][\/et_pb_image][\/et_pb_column][et_pb_column type=\u00bb1_2&#8243; _builder_version=\u00bb4.24.3&#8243; _module_preset=\u00bbdefault\u00bb link_option_url=\u00bbhttps:\/\/www.granapadano.it\/es\/momentos-de-consumo\/combincion\/vinagre-balsamico-de-modena-igp-y-grana-padano-dop\/grana-padano-dop-16-20-meses-y-vinagre-balsamico-de-modena-igp-4-sellos-envejecido\/\u00bb global_colors_info=\u00bb{}\u00bb][et_pb_image title_text=\u00bbgp-aceto\u00bb url=\u00bbhttps:\/\/www.granapadano.it\/es\/momentos-de-consumo\/combincion\/vinagre-balsamico-de-modena-igp-y-grana-padano-dop\/grana-padano-dop-16-20-meses-y-vinagre-balsamico-de-modena-igp-4-sellos-envejecido\/\u00bb align=\u00bbcenter\u00bb _builder_version=\u00bb4.24.3&#8243; _module_preset=\u00bbdefault\u00bb background_color=\u00bbRGBA(255,255,255,0)\u00bb background_image=\u00bbhttps:\/\/www.granapadano.it\/wp-content\/uploads\/2024\/04\/gp-aceto.jpg\u00bb min_height=\u00bb89px\u00bb custom_padding=\u00bb209px|0px||2px|false|false\u00bb global_colors_info=\u00bb{}\u00bb][\/et_pb_image][et_pb_text _builder_version=\u00bb4.24.3&#8243; _module_preset=\u00bbdefault\u00bb header_3_font=\u00bbMerriweather|700|||||||\u00bb header_3_text_color=\u00bb#0f0f0f\u00bb header_3_font_size=\u00bb23px\u00bb header_3_line_height=\u00bb31px\u00bb custom_margin_tablet=\u00bb\u00bb custom_margin_phone=\u00bb20px||||false|false\u00bb custom_margin_last_edited=\u00bbon|phone\u00bb locked=\u00bboff\u00bb global_colors_info=\u00bb{}\u00bb]<\/p>\n<h3>Grana Padano DOP 16-20 meses<\/h3>\n<p>[\/et_pb_text][et_pb_text _builder_version=\u00bb4.24.3&#8243; _module_preset=\u00bbdefault\u00bb text_text_color=\u00bb#0f0f0f\u00bb text_font_size=\u00bb18px\u00bb text_line_height=\u00bb26px\u00bb locked=\u00bboff\u00bb global_colors_info=\u00bb{}\u00bb]<strong> Maridajes sugeridos:<\/strong><\/p>\n<ul>\n<li>Vinagre Bals\u00e1mico de M\u00f3dena IGP 4 sellos \u00abEnvejecido\u00bb<\/li>\n<li>Vinagre Bals\u00e1mico de M\u00f3dena IGP 5 sellos \u00abEnvejecido\u00bb<\/li>\n<\/ul>\n<p><strong> En particular, recomendamos maridar las maduraciones de Grana Padano DOP 16-20 meses con:<\/strong><\/p>\n<p>&nbsp;<\/p>\n<ul>\n<li>\n<h4>Vinagre Bals\u00e1mico de M\u00f3dena IGP 4 sellos \u00abEnvejecido\u00bb<\/h4>\n<\/li>\n<\/ul>\n<p>[\/et_pb_text][et_pb_image src=\u00bbhttps:\/\/www.granapadano.it\/wp-content\/uploads\/2022\/11\/Path-20171.png\u00bb title_text=\u00bbPath 20171&#8243; url=\u00bbhttps:\/\/www.granapadano.it\/es\/momentos-de-consumo\/combincion\/vinagre-balsamico-de-modena-igp-y-grana-padano-dop\/grana-padano-dop-16-20-meses-y-vinagre-balsamico-de-modena-igp-4-sellos-envejecido\/\u00bb align=\u00bbright\u00bb _builder_version=\u00bb4.24.3&#8243; _module_preset=\u00bbdefault\u00bb locked=\u00bboff\u00bb global_colors_info=\u00bb{}\u00bb][\/et_pb_image][\/et_pb_column][\/et_pb_row][\/et_pb_section][et_pb_section fb_built=\u00bb1&#8243; admin_label=\u00bbOltre 16 mesi\u00bb module_class=\u00bbsostenibilita_main_section padano_cheese_suggest\u00bb _builder_version=\u00bb4.20.2&#8243; _module_preset=\u00bbdefault\u00bb background_color=\u00bb#f7f7f7&#8243; min_height=\u00bb1513.9px\u00bb custom_margin=\u00bb2px|||||\u00bb custom_padding=\u00bb59px|||||\u00bb locked=\u00bboff\u00bb collapsed=\u00bboff\u00bb global_colors_info=\u00bb{}\u00bb][et_pb_row column_structure=\u00bb1_2,1_2&#8243; use_custom_gutter=\u00bbon\u00bb gutter_width=\u00bb3&#8243; module_class=\u00bbconsorzio_saprate_section\u00bb _builder_version=\u00bb4.24.3&#8243; _module_preset=\u00bbdefault\u00bb transform_scale=\u00bb94%|94%\u00bb max_width=\u00bb90%\u00bb custom_padding=\u00bb0px|||||\u00bb collapsed=\u00bbon\u00bb global_colors_info=\u00bb{}\u00bb][et_pb_column type=\u00bb1_2&#8243; _builder_version=\u00bb4.24.3&#8243; _module_preset=\u00bbdefault\u00bb link_option_url=\u00bbhttps:\/\/www.granapadano.it\/es\/momentos-de-consumo\/combincion\/vinagre-balsamico-de-modena-igp-y-grana-padano-dop\/grana-padano-dop-reserva-20-24-meses-y-vinagre-balsamico-de-modena-igp-5-sellos\/\u00bb global_colors_info=\u00bb{}\u00bb][et_pb_image title_text=\u00bbGP_perle-di-aceto\u00bb url=\u00bbhttps:\/\/www.granapadano.it\/es\/momentos-de-consumo\/combincion\/vinagre-balsamico-de-modena-igp-y-grana-padano-dop\/grana-padano-dop-reserva-20-24-meses-y-vinagre-balsamico-de-modena-igp-5-sellos\/\u00bb align=\u00bbcenter\u00bb _builder_version=\u00bb4.24.3&#8243; _module_preset=\u00bbdefault\u00bb background_color=\u00bbRGBA(255,255,255,0)\u00bb background_image=\u00bbhttps:\/\/www.granapadano.it\/wp-content\/uploads\/2024\/04\/GP_perle-di-aceto.jpg\u00bb min_height=\u00bb89px\u00bb custom_padding=\u00bb209px|0px||2px|false|false\u00bb global_colors_info=\u00bb{}\u00bb][\/et_pb_image][et_pb_text _builder_version=\u00bb4.24.3&#8243; _module_preset=\u00bbdefault\u00bb header_3_font=\u00bbMerriweather|700|||||||\u00bb header_3_text_color=\u00bb#0f0f0f\u00bb header_3_font_size=\u00bb23px\u00bb header_3_line_height=\u00bb31px\u00bb custom_margin_tablet=\u00bb\u00bb custom_margin_phone=\u00bb20px||||false|false\u00bb custom_margin_last_edited=\u00bbon|phone\u00bb global_colors_info=\u00bb{}\u00bb]<\/p>\n<h3>Grana Padano DOP \u00abReserva\u00bb 20-24 meses<\/h3>\n<p>[\/et_pb_text][et_pb_text _builder_version=\u00bb4.24.3&#8243; _module_preset=\u00bbdefault\u00bb text_text_color=\u00bb#0f0f0f\u00bb text_font_size=\u00bb18px\u00bb text_line_height=\u00bb26px\u00bb global_colors_info=\u00bb{}\u00bb]<strong> Maridajes sugeridos:<\/strong><\/p>\n<ul>\n<li>Vinagre Bals\u00e1mico de M\u00f3dena IGP 5 sellos<\/li>\n<li>Vinagre Bals\u00e1mico de M\u00f3dena IGP 5 sellos \u00abEnvejecido\u00bb<\/li>\n<li>Vinagre Bals\u00e1mico de M\u00f3dena IGP 4 sellos \u00abEnvejecido\u00bb<\/li>\n<\/ul>\n<p><strong>En particular, recomendamos maridar las maduraciones de Grana Padano DOP \u00abReserva\u00bb 20-24 meses con:<\/strong><\/p>\n<p>&nbsp;<\/p>\n<ul>\n<li>\n<h4>Aceto Balsamico di Modena IGP 5 sigilli<\/h4>\n<\/li>\n<\/ul>\n<p>[\/et_pb_text][et_pb_image src=\u00bbhttps:\/\/www.granapadano.it\/wp-content\/uploads\/2022\/11\/Path-20171.png\u00bb title_text=\u00bbPath 20171&#8243; url=\u00bbhttps:\/\/www.granapadano.it\/es\/momentos-de-consumo\/combincion\/vinagre-balsamico-de-modena-igp-y-grana-padano-dop\/grana-padano-dop-reserva-20-24-meses-y-vinagre-balsamico-de-modena-igp-5-sellos\/\u00bb align=\u00bbright\u00bb _builder_version=\u00bb4.24.3&#8243; _module_preset=\u00bbdefault\u00bb global_colors_info=\u00bb{}\u00bb][\/et_pb_image][\/et_pb_column][et_pb_column type=\u00bb1_2&#8243; _builder_version=\u00bb4.24.3&#8243; _module_preset=\u00bbdefault\u00bb link_option_url=\u00bbhttps:\/\/www.granapadano.it\/es\/momentos-de-consumo\/combincion\/vinagre-balsamico-de-modena-igp-y-grana-padano-dop\/grana-padano-dop-reserva-mas-de-24-meses-y-vinagre-balsamico-de-modena-igp-5-sellos-envejecido\/\u00bb global_colors_info=\u00bb{}\u00bb][et_pb_image title_text=\u00bbgp_aceto-e-fichi\u00bb url=\u00bbhttps:\/\/www.granapadano.it\/es\/momentos-de-consumo\/combincion\/vinagre-balsamico-de-modena-igp-y-grana-padano-dop\/grana-padano-dop-reserva-mas-de-24-meses-y-vinagre-balsamico-de-modena-igp-5-sellos-envejecido\/\u00bb align=\u00bbcenter\u00bb _builder_version=\u00bb4.24.3&#8243; _module_preset=\u00bbdefault\u00bb background_color=\u00bbRGBA(255,255,255,0)\u00bb background_image=\u00bbhttps:\/\/www.granapadano.it\/wp-content\/uploads\/2024\/04\/gp_aceto-e-fichi.jpg\u00bb min_height=\u00bb89px\u00bb custom_padding=\u00bb209px|0px||2px|false|false\u00bb global_colors_info=\u00bb{}\u00bb][\/et_pb_image][et_pb_text _builder_version=\u00bb4.24.3&#8243; _module_preset=\u00bbdefault\u00bb header_3_font=\u00bbMerriweather|700|||||||\u00bb header_3_text_color=\u00bb#0f0f0f\u00bb header_3_font_size=\u00bb23px\u00bb header_3_line_height=\u00bb31px\u00bb custom_margin_tablet=\u00bb\u00bb custom_margin_phone=\u00bb20px||||false|false\u00bb custom_margin_last_edited=\u00bbon|phone\u00bb locked=\u00bboff\u00bb global_colors_info=\u00bb{}\u00bb]<\/p>\n<h3>Grana Padano DOP \u00abReserva\u00bb m\u00e1s de 24 meses<\/h3>\n<p>[\/et_pb_text][et_pb_text _builder_version=\u00bb4.24.3&#8243; _module_preset=\u00bbdefault\u00bb text_text_color=\u00bb#0f0f0f\u00bb text_font_size=\u00bb18px\u00bb text_line_height=\u00bb26px\u00bb locked=\u00bboff\u00bb global_colors_info=\u00bb{}\u00bb]<strong> Maridajes sugeridos:<\/strong><\/p>\n<ul>\n<li>Vinagre Bals\u00e1mico de M\u00f3dena IGP 5 sellos \u00abEnvejecido\u00bb<\/li>\n<li>Vinagre Bals\u00e1mico de M\u00f3dena IGP 5 sellos<\/li>\n<li>Vinagre Bals\u00e1mico de M\u00f3dena IGP 4 sellos \u00abEnvejecido\u00bb<\/li>\n<\/ul>\n<p><strong> En particular, recomendamos maridar las maduraciones de Grana Padano DOP \u00abReserva\u00bb m\u00e1s de 24 meses con:<\/strong><\/p>\n<p>&nbsp;<\/p>\n<ul>\n<li>\n<h4>Vinagre Bals\u00e1mico de M\u00f3dena IGP 5 sellos \u00abEnvejecido\u00bb<\/h4>\n<\/li>\n<\/ul>\n<p>[\/et_pb_text][et_pb_image src=\u00bbhttps:\/\/www.granapadano.it\/wp-content\/uploads\/2022\/11\/Path-20171.png\u00bb title_text=\u00bbPath 20171&#8243; url=\u00bbhttps:\/\/www.granapadano.it\/es\/momentos-de-consumo\/combincion\/vinagre-balsamico-de-modena-igp-y-grana-padano-dop\/grana-padano-dop-reserva-mas-de-24-meses-y-vinagre-balsamico-de-modena-igp-5-sellos-envejecido\/\u00bb align=\u00bbright\u00bb _builder_version=\u00bb4.24.3&#8243; _module_preset=\u00bbdefault\u00bb locked=\u00bboff\u00bb global_colors_info=\u00bb{}\u00bb][\/et_pb_image][\/et_pb_column][\/et_pb_row][\/et_pb_section]<\/p>\n","protected":false},"excerpt":{"rendered":"<p><div class=\"breadcrumb\"><a href=\"https:\/\/www.granapadano.it\/es\/\">Inicio<\/a>  <  <\/div>Vinagre Bals\u00e1mico de M\u00f3dena IGP y Grana Padano DOPAceto Balsamico di Modena IGPTesti realizzati in collaborazione con:\u00a0 Maridajes entre Grana Padano DOP y Vinagre Bals\u00e1mico de M\u00f3dena IGP Ciertamente, el maridaje entre estas dos excelencias del Bel Paese no es nueva y el resultado puede ser superlativo: sin embargo, el consumidor debe orientarse para combinar [&hellip;]<\/p>\n","protected":false},"author":21,"featured_media":0,"parent":0,"menu_order":294,"comment_status":"closed","ping_status":"closed","template":"","meta":{"_acf_changed":false,"_et_pb_use_builder":"on","_et_pb_old_content":"","_et_gb_content_width":"","footnotes":""},"class_list":["post-119066","page","type-page","status-publish","hentry"],"acf":[],"yoast_head":"<!-- This site is optimized with the Yoast SEO plugin v27.4 - https:\/\/yoast.com\/product\/yoast-seo-wordpress\/ -->\n<title>Vinagre Bals\u00e1mico de M\u00f3dena IGP y Grana Padano DOP - Grana Padano<\/title>\n<meta name=\"robots\" content=\"index, follow, max-snippet:-1, max-image-preview:large, max-video-preview:-1\" \/>\n<link rel=\"canonical\" href=\"https:\/\/www.granapadano.it\/es\/vinagre-balsamico-de-modena-igp-y-grana-padano-dop\/\" \/>\n<meta property=\"og:locale\" content=\"es_ES\" \/>\n<meta property=\"og:type\" content=\"article\" \/>\n<meta property=\"og:title\" content=\"Vinagre Bals\u00e1mico de M\u00f3dena IGP y Grana Padano DOP - Grana Padano\" \/>\n<meta property=\"og:description\" content=\"Vinagre Bals\u00e1mico de M\u00f3dena IGP y Grana Padano DOPAceto Balsamico di Modena IGPTesti realizzati in collaborazione con:\u00a0 Maridajes entre Grana Padano DOP y Vinagre Bals\u00e1mico de M\u00f3dena IGP Ciertamente, el maridaje entre estas dos excelencias del Bel Paese no es nueva y el resultado puede ser superlativo: sin embargo, el consumidor debe orientarse para combinar [&hellip;]\" \/>\n<meta property=\"og:url\" content=\"https:\/\/www.granapadano.it\/es\/vinagre-balsamico-de-modena-igp-y-grana-padano-dop\/\" \/>\n<meta property=\"og:site_name\" content=\"Grana Padano\" \/>\n<meta property=\"article:modified_time\" content=\"2024-10-30T15:22:49+00:00\" \/>\n<meta property=\"og:image\" content=\"https:\/\/granapadano.kleecks-cdn.com\/wp-content\/uploads\/2023\/02\/onaf.png\" \/>\n<meta name=\"twitter:card\" content=\"summary_large_image\" \/>\n<meta name=\"twitter:label1\" content=\"Tiempo de lectura\" \/>\n\t<meta name=\"twitter:data1\" content=\"4 minutos\" \/>\n<script type=\"application\/ld+json\" class=\"yoast-schema-graph\">{\"@context\":\"https:\\\/\\\/schema.org\",\"@graph\":[{\"@type\":\"WebPage\",\"@id\":\"https:\\\/\\\/www.granapadano.it\\\/es\\\/vinagre-balsamico-de-modena-igp-y-grana-padano-dop\\\/\",\"url\":\"https:\\\/\\\/www.granapadano.it\\\/es\\\/vinagre-balsamico-de-modena-igp-y-grana-padano-dop\\\/\",\"name\":\"Vinagre Bals\u00e1mico de M\u00f3dena IGP y Grana Padano DOP - Grana Padano\",\"isPartOf\":{\"@id\":\"https:\\\/\\\/www.granapadano.it\\\/es\\\/#website\"},\"primaryImageOfPage\":{\"@id\":\"https:\\\/\\\/www.granapadano.it\\\/es\\\/vinagre-balsamico-de-modena-igp-y-grana-padano-dop\\\/#primaryimage\"},\"image\":{\"@id\":\"https:\\\/\\\/www.granapadano.it\\\/es\\\/vinagre-balsamico-de-modena-igp-y-grana-padano-dop\\\/#primaryimage\"},\"thumbnailUrl\":\"https:\\\/\\\/granapadano.kleecks-cdn.com\\\/wp-content\\\/uploads\\\/2023\\\/02\\\/onaf.png\",\"datePublished\":\"2024-04-16T15:16:41+00:00\",\"dateModified\":\"2024-10-30T15:22:49+00:00\",\"breadcrumb\":{\"@id\":\"https:\\\/\\\/www.granapadano.it\\\/es\\\/vinagre-balsamico-de-modena-igp-y-grana-padano-dop\\\/#breadcrumb\"},\"inLanguage\":\"es\",\"potentialAction\":[{\"@type\":\"ReadAction\",\"target\":[\"https:\\\/\\\/www.granapadano.it\\\/es\\\/vinagre-balsamico-de-modena-igp-y-grana-padano-dop\\\/\"]}]},{\"@type\":\"ImageObject\",\"inLanguage\":\"es\",\"@id\":\"https:\\\/\\\/www.granapadano.it\\\/es\\\/vinagre-balsamico-de-modena-igp-y-grana-padano-dop\\\/#primaryimage\",\"url\":\"https:\\\/\\\/granapadano.kleecks-cdn.com\\\/wp-content\\\/uploads\\\/2023\\\/02\\\/onaf.png\",\"contentUrl\":\"https:\\\/\\\/granapadano.kleecks-cdn.com\\\/wp-content\\\/uploads\\\/2023\\\/02\\\/onaf.png\"},{\"@type\":\"BreadcrumbList\",\"@id\":\"https:\\\/\\\/www.granapadano.it\\\/es\\\/vinagre-balsamico-de-modena-igp-y-grana-padano-dop\\\/#breadcrumb\",\"itemListElement\":[{\"@type\":\"ListItem\",\"position\":1,\"name\":\"Home\",\"item\":\"https:\\\/\\\/www.granapadano.it\\\/es\\\/\"},{\"@type\":\"ListItem\",\"position\":2,\"name\":\"Vinagre Bals\u00e1mico de M\u00f3dena IGP y Grana Padano DOP\"}]},{\"@type\":\"WebSite\",\"@id\":\"https:\\\/\\\/www.granapadano.it\\\/es\\\/#website\",\"url\":\"https:\\\/\\\/www.granapadano.it\\\/es\\\/\",\"name\":\"Grana Padano\",\"description\":\"\",\"potentialAction\":[{\"@type\":\"SearchAction\",\"target\":{\"@type\":\"EntryPoint\",\"urlTemplate\":\"https:\\\/\\\/www.granapadano.it\\\/es\\\/?s={search_term_string}\"},\"query-input\":{\"@type\":\"PropertyValueSpecification\",\"valueRequired\":true,\"valueName\":\"search_term_string\"}}],\"inLanguage\":\"es\"}]}<\/script>\n<!-- \/ Yoast SEO plugin. -->","yoast_head_json":{"title":"Vinagre Bals\u00e1mico de M\u00f3dena IGP y Grana Padano DOP - Grana Padano","robots":{"index":"index","follow":"follow","max-snippet":"max-snippet:-1","max-image-preview":"max-image-preview:large","max-video-preview":"max-video-preview:-1"},"canonical":"https:\/\/www.granapadano.it\/es\/vinagre-balsamico-de-modena-igp-y-grana-padano-dop\/","og_locale":"es_ES","og_type":"article","og_title":"Vinagre Bals\u00e1mico de M\u00f3dena IGP y Grana Padano DOP - Grana Padano","og_description":"Vinagre Bals\u00e1mico de M\u00f3dena IGP y Grana Padano DOPAceto Balsamico di Modena IGPTesti realizzati in collaborazione con:\u00a0 Maridajes entre Grana Padano DOP y Vinagre Bals\u00e1mico de M\u00f3dena IGP Ciertamente, el maridaje entre estas dos excelencias del Bel Paese no es nueva y el resultado puede ser superlativo: sin embargo, el consumidor debe orientarse para combinar [&hellip;]","og_url":"https:\/\/www.granapadano.it\/es\/vinagre-balsamico-de-modena-igp-y-grana-padano-dop\/","og_site_name":"Grana Padano","article_modified_time":"2024-10-30T15:22:49+00:00","og_image":[{"url":"https:\/\/granapadano.kleecks-cdn.com\/wp-content\/uploads\/2023\/02\/onaf.png","type":"","width":"","height":""}],"twitter_card":"summary_large_image","twitter_misc":{"Tiempo de lectura":"4 minutos"},"schema":{"@context":"https:\/\/schema.org","@graph":[{"@type":"WebPage","@id":"https:\/\/www.granapadano.it\/es\/vinagre-balsamico-de-modena-igp-y-grana-padano-dop\/","url":"https:\/\/www.granapadano.it\/es\/vinagre-balsamico-de-modena-igp-y-grana-padano-dop\/","name":"Vinagre Bals\u00e1mico de M\u00f3dena IGP y Grana Padano DOP - Grana Padano","isPartOf":{"@id":"https:\/\/www.granapadano.it\/es\/#website"},"primaryImageOfPage":{"@id":"https:\/\/www.granapadano.it\/es\/vinagre-balsamico-de-modena-igp-y-grana-padano-dop\/#primaryimage"},"image":{"@id":"https:\/\/www.granapadano.it\/es\/vinagre-balsamico-de-modena-igp-y-grana-padano-dop\/#primaryimage"},"thumbnailUrl":"https:\/\/granapadano.kleecks-cdn.com\/wp-content\/uploads\/2023\/02\/onaf.png","datePublished":"2024-04-16T15:16:41+00:00","dateModified":"2024-10-30T15:22:49+00:00","breadcrumb":{"@id":"https:\/\/www.granapadano.it\/es\/vinagre-balsamico-de-modena-igp-y-grana-padano-dop\/#breadcrumb"},"inLanguage":"es","potentialAction":[{"@type":"ReadAction","target":["https:\/\/www.granapadano.it\/es\/vinagre-balsamico-de-modena-igp-y-grana-padano-dop\/"]}]},{"@type":"ImageObject","inLanguage":"es","@id":"https:\/\/www.granapadano.it\/es\/vinagre-balsamico-de-modena-igp-y-grana-padano-dop\/#primaryimage","url":"https:\/\/granapadano.kleecks-cdn.com\/wp-content\/uploads\/2023\/02\/onaf.png","contentUrl":"https:\/\/granapadano.kleecks-cdn.com\/wp-content\/uploads\/2023\/02\/onaf.png"},{"@type":"BreadcrumbList","@id":"https:\/\/www.granapadano.it\/es\/vinagre-balsamico-de-modena-igp-y-grana-padano-dop\/#breadcrumb","itemListElement":[{"@type":"ListItem","position":1,"name":"Home","item":"https:\/\/www.granapadano.it\/es\/"},{"@type":"ListItem","position":2,"name":"Vinagre Bals\u00e1mico de M\u00f3dena IGP y Grana Padano DOP"}]},{"@type":"WebSite","@id":"https:\/\/www.granapadano.it\/es\/#website","url":"https:\/\/www.granapadano.it\/es\/","name":"Grana Padano","description":"","potentialAction":[{"@type":"SearchAction","target":{"@type":"EntryPoint","urlTemplate":"https:\/\/www.granapadano.it\/es\/?s={search_term_string}"},"query-input":{"@type":"PropertyValueSpecification","valueRequired":true,"valueName":"search_term_string"}}],"inLanguage":"es"}]}},"_links":{"self":[{"href":"https:\/\/www.granapadano.it\/es\/wp-json\/wp\/v2\/pages\/119066","targetHints":{"allow":["GET"]}}],"collection":[{"href":"https:\/\/www.granapadano.it\/es\/wp-json\/wp\/v2\/pages"}],"about":[{"href":"https:\/\/www.granapadano.it\/es\/wp-json\/wp\/v2\/types\/page"}],"author":[{"embeddable":true,"href":"https:\/\/www.granapadano.it\/es\/wp-json\/wp\/v2\/users\/21"}],"replies":[{"embeddable":true,"href":"https:\/\/www.granapadano.it\/es\/wp-json\/wp\/v2\/comments?post=119066"}],"version-history":[{"count":6,"href":"https:\/\/www.granapadano.it\/es\/wp-json\/wp\/v2\/pages\/119066\/revisions"}],"predecessor-version":[{"id":126438,"href":"https:\/\/www.granapadano.it\/es\/wp-json\/wp\/v2\/pages\/119066\/revisions\/126438"}],"wp:attachment":[{"href":"https:\/\/www.granapadano.it\/es\/wp-json\/wp\/v2\/media?parent=119066"}],"curies":[{"name":"wp","href":"https:\/\/api.w.org\/{rel}","templated":true}]}}