{"id":87430,"date":"2023-02-19T09:32:15","date_gmt":"2023-02-19T09:32:15","guid":{"rendered":"https:\/\/www.granapadano.it\/consortium\/soc-agricola-f-lli-de-cao-s-s\/"},"modified":"2023-04-09T13:02:55","modified_gmt":"2023-04-09T13:02:55","slug":"soc-agricola-f-lli-de-cao-s-s","status":"publish","type":"consortium","link":"https:\/\/www.granapadano.it\/es\/el-consorzio-de-proteccion\/actores-clave-los-miembros-del-consorcio\/soc-agricola-f-lli-de-cao-s-s\/","title":{"rendered":"Soc. Agricola F.lli De Cao S.S."},"content":{"rendered":"<p>[et_pb_section fb_built=\u00bb1&#8243; fullwidth=\u00bbon\u00bb _builder_version=\u00bb4.19.5&#8243; _module_preset=\u00bbdefault\u00bb global_colors_info=\u00bb{}\u00bb][et_pb_fullwidth_code _builder_version=\u00bb4.19.5&#8243; _module_preset=\u00bbdefault\u00bb global_colors_info=\u00bb{}\u00bb][et_pb_section global_module=\"17795 \"][\/et_pb_section][\/et_pb_fullwidth_code][\/et_pb_section][et_pb_section fb_built=\u00bb1&#8243; module_class=\u00bbproduction_sub_hub_main_wrapper\u00bb _builder_version=\u00bb4.19.3&#8243; _module_preset=\u00bbdefault\u00bb custom_padding=\u00bb13px||0px|||\u00bb global_colors_info=\u00bb{}\u00bb][et_pb_row module_class=\u00bbrecipe_filter_section\u00bb _builder_version=\u00bb4.19.4&#8243; _module_preset=\u00bbdefault\u00bb max_width=\u00bb90%\u00bb custom_padding=\u00bb||7px|||\u00bb global_colors_info=\u00bb{}\u00bb][et_pb_column type=\u00bb4_4&#8243; _builder_version=\u00bb4.19.4&#8243; _module_preset=\u00bbdefault\u00bb global_colors_info=\u00bb{}\u00bb][et_pb_code _builder_version=\u00bb4.19.4&#8243; _module_preset=\u00bbdefault\u00bb global_colors_info=\u00bb{}\u00bb]<div class=\"breadcrumb\"><a href=\"https:\/\/www.granapadano.it\/es\/\">Inicio<\/a>  <  <\/div>[\/et_pb_code][\/et_pb_column][\/et_pb_row][\/et_pb_section][et_pb_section fb_built=\u00bb1&#8243; specialty=\u00bbon\u00bb module_class=\u00bbconsortium_main_section\u00bb _builder_version=\u00bb4.19.3&#8243; _module_preset=\u00bbdefault\u00bb global_colors_info=\u00bb{}\u00bb][et_pb_column type=\u00bb1_2&#8243; _builder_version=\u00bb4.16&#8243; custom_padding=\u00bb|||\u00bb global_colors_info=\u00bb{}\u00bb custom_padding__hover=\u00bb|||\u00bb][et_pb_text _builder_version=\u00bb4.20.0&#8243; _module_preset=\u00bbdefault\u00bb header_font=\u00bbMerriweather|700|||||||\u00bb header_text_color=\u00bb#221f1c\u00bb header_font_size=\u00bb44px\u00bb header_line_height=\u00bb52px\u00bb width=\u00bb96.7%\u00bb global_colors_info=\u00bb{}\u00bb]<\/p>\n<h1 style=\"text-align: center;\">Soc. Agricola F.lli De Cao S.S.<\/h1>\n<p>[\/et_pb_text][\/et_pb_column][et_pb_column type=\u00bb1_2&#8243; specialty_columns=\u00bb2&#8243; _builder_version=\u00bb4.16&#8243; custom_padding=\u00bb|||\u00bb global_colors_info=\u00bb{}\u00bb custom_padding__hover=\u00bb|||\u00bb][et_pb_row_inner column_structure=\u00bb1_2,1_2&#8243; _builder_version=\u00bb4.19.3&#8243; _module_preset=\u00bbdefault\u00bb min_height=\u00bb104.8px\u00bb global_colors_info=\u00bb{}\u00bb][et_pb_column_inner type=\u00bb1_2&#8243; saved_specialty_column_type=\u00bb1_2&#8243; _builder_version=\u00bb4.19.3&#8243; _module_preset=\u00bbdefault\u00bb global_colors_info=\u00bb{}\u00bb][et_pb_image src=\u00bbhttps:\/\/www.granapadano.it\/wp-content\/uploads\/2022\/12\/Tracciato-23521.png\u00bb title_text=\u00bbTracciato 23521&#8243; _builder_version=\u00bb4.19.5&#8243; _module_preset=\u00bbdefault\u00bb background_color=\u00bb#ffdc00&#8243; transform_scale=\u00bb90%|90%\u00bb global_colors_info=\u00bb{}\u00bb][\/et_pb_image][\/et_pb_column_inner][et_pb_column_inner type=\u00bb1_2&#8243; saved_specialty_column_type=\u00bb1_2&#8243; _builder_version=\u00bb4.19.3&#8243; _module_preset=\u00bbdefault\u00bb global_colors_info=\u00bb{}\u00bb][et_pb_text _builder_version=\u00bb4.20.4&#8243; _module_preset=\u00bbdefault\u00bb text_text_color=\u00bb#0f0f0f\u00bb text_font_size=\u00bb22px\u00bb text_line_height=\u00bb26px\u00bb header_font_size=\u00bb21px\u00bb header_line_height=\u00bb27px\u00bb hover_enabled=\u00bb0&#8243; global_colors_info=\u00bb{}\u00bb sticky_enabled=\u00bb0&#8243;]Matr\u00edcula: MN407[\/et_pb_text][\/et_pb_column_inner][\/et_pb_row_inner][et_pb_row_inner column_structure=\u00bb1_2,1_2&#8243; disabled_on=\u00bboff|off|off\u00bb _builder_version=\u00bb4.19.3&#8243; _module_preset=\u00bbdefault\u00bb locked=\u00bboff\u00bb global_colors_info=\u00bb{}\u00bb][et_pb_column_inner type=\u00bb1_2&#8243; saved_specialty_column_type=\u00bb1_2&#8243; _builder_version=\u00bb4.19.3&#8243; _module_preset=\u00bbdefault\u00bb global_colors_info=\u00bb{}\u00bb][et_pb_image src=\u00bbhttps:\/\/www.granapadano.it\/wp-content\/uploads\/2022\/12\/Tracciato-23514.png\u00bb title_text=\u00bbTracciato 23514&#8243; _builder_version=\u00bb4.19.3&#8243; _module_preset=\u00bbdefault\u00bb background_color=\u00bb#ffdc00&#8243; global_colors_info=\u00bb{}\u00bb][\/et_pb_image][\/et_pb_column_inner][et_pb_column_inner type=\u00bb1_2&#8243; saved_specialty_column_type=\u00bb1_2&#8243; _builder_version=\u00bb4.19.3&#8243; _module_preset=\u00bbdefault\u00bb global_colors_info=\u00bb{}\u00bb][et_pb_text _builder_version=\u00bb4.20.0&#8243; _module_preset=\u00bbdefault\u00bb text_text_color=\u00bb#0f0f0f\u00bb text_font_size=\u00bb22px\u00bb text_line_height=\u00bb26px\u00bb header_font_size=\u00bb21px\u00bb header_line_height=\u00bb27px\u00bb link_option_url=\u00bbmailto:goitese@latteriagoitese.it\u00bb global_colors_info=\u00bb{}\u00bb]<span style=\"color: #000000;\"><a href=\"mailto:decaofratelli@gmail.com\" title=\"decaofratelli@gmail.com\" style=\"color: #000000;\" target=\"_blank\" rel=\"noopener\">decaofratelli@gmail.com<\/a><\/span>[\/et_pb_text][\/et_pb_column_inner][\/et_pb_row_inner][et_pb_row_inner column_structure=\u00bb1_2,1_2&#8243; disabled_on=\u00bboff|off|off\u00bb _builder_version=\u00bb4.19.3&#8243; _module_preset=\u00bbdefault\u00bb global_colors_info=\u00bb{}\u00bb][et_pb_column_inner type=\u00bb1_2&#8243; saved_specialty_column_type=\u00bb1_2&#8243; _builder_version=\u00bb4.19.3&#8243; _module_preset=\u00bbdefault\u00bb global_colors_info=\u00bb{}\u00bb][et_pb_image src=\u00bbhttps:\/\/www.granapadano.it\/wp-content\/uploads\/2022\/12\/Raggruppa-814.png\u00bb title_text=\u00bbRaggruppa 814&#8243; _builder_version=\u00bb4.19.3&#8243; _module_preset=\u00bbdefault\u00bb background_color=\u00bb#ffdc00&#8243; global_colors_info=\u00bb{}\u00bb][\/et_pb_image][\/et_pb_column_inner][et_pb_column_inner type=\u00bb1_2&#8243; saved_specialty_column_type=\u00bb1_2&#8243; _builder_version=\u00bb4.19.3&#8243; _module_preset=\u00bbdefault\u00bb global_colors_info=\u00bb{}\u00bb][et_pb_text _builder_version=\u00bb4.20.0&#8243; _module_preset=\u00bbdefault\u00bb text_text_color=\u00bb#0f0f0f\u00bb text_font_size=\u00bb22px\u00bb text_line_height=\u00bb26px\u00bb header_font_size=\u00bb21px\u00bb header_line_height=\u00bb27px\u00bb global_colors_info=\u00bb{}\u00bb]<\/p>\n<p>T: <span>0376 648090<\/span><span>\u00a0<\/span>| F: <span>0376 648090<\/span><span><br \/><\/span><\/p>\n<p>[\/et_pb_text][\/et_pb_column_inner][\/et_pb_row_inner][et_pb_row_inner column_structure=\u00bb1_2,1_2&#8243; _builder_version=\u00bb4.19.3&#8243; _module_preset=\u00bbdefault\u00bb global_colors_info=\u00bb{}\u00bb][et_pb_column_inner type=\u00bb1_2&#8243; saved_specialty_column_type=\u00bb1_2&#8243; _builder_version=\u00bb4.19.3&#8243; _module_preset=\u00bbdefault\u00bb global_colors_info=\u00bb{}\u00bb][et_pb_image src=\u00bbhttps:\/\/www.granapadano.it\/wp-content\/uploads\/2022\/12\/Raggruppa-818.png\u00bb title_text=\u00bbRaggruppa 818&#8243; _builder_version=\u00bb4.19.3&#8243; _module_preset=\u00bbdefault\u00bb background_color=\u00bb#ffdc00&#8243; global_colors_info=\u00bb{}\u00bb][\/et_pb_image][\/et_pb_column_inner][et_pb_column_inner type=\u00bb1_2&#8243; saved_specialty_column_type=\u00bb1_2&#8243; _builder_version=\u00bb4.19.3&#8243; _module_preset=\u00bbdefault\u00bb global_colors_info=\u00bb{}\u00bb][et_pb_text _builder_version=\u00bb4.20.0&#8243; _module_preset=\u00bbdefault\u00bb text_text_color=\u00bb#0f0f0f\u00bb text_font_size=\u00bb22px\u00bb text_line_height=\u00bb26px\u00bb header_font_size=\u00bb21px\u00bb header_line_height=\u00bb27px\u00bb global_colors_info=\u00bb{}\u00bb]<\/p>\n<p class=\"p1\"><span>Via Brasiglia, 325<\/span><br \/><span>46030 &#8211; Romanore di Borgo Virgilio (MN)<\/span><\/p>\n<p>[\/et_pb_text][\/et_pb_column_inner][\/et_pb_row_inner][\/et_pb_column][\/et_pb_section][et_pb_section fb_built=\u00bb1&#8243; module_class=\u00bbmap_with_content_sec\u00bb _builder_version=\u00bb4.19.3&#8243; _module_preset=\u00bbdefault\u00bb background_color=\u00bb#f7f7f7&#8243; min_height=\u00bb1116.1px\u00bb custom_margin=\u00bb39px||3px||false|\u00bb custom_padding=\u00bb60px||0px||false|false\u00bb locked=\u00bboff\u00bb global_colors_info=\u00bb{}\u00bb][et_pb_row column_structure=\u00bb1_3,2_3&#8243; module_class=\u00bbgp_new_map_text\u00bb _builder_version=\u00bb4.20.2&#8243; _module_preset=\u00bbdefault\u00bb max_width=\u00bb90%\u00bb custom_padding=\u00bb3px||40px||false|false\u00bb global_colors_info=\u00bb{}\u00bb][et_pb_column type=\u00bb1_3&#8243; _builder_version=\u00bb4.19.3&#8243; _module_preset=\u00bbdefault\u00bb global_colors_info=\u00bb{}\u00bb][et_pb_code _builder_version=\u00bb4.20.2&#8243; _module_preset=\u00bbdefault\u00bb global_colors_info=\u00bb{}\u00bb]<div id=\"map\" data-lat=\"45.0817002\" data-lng=\"10.7620831\"  style=\"height:400px\" \n                    data-title=\"Soc. Agricola F.lli De Cao S.S.\"\n                    data-address=\"Via Brasiglia, 325 46030 - Romanore di Borgo Virgilio (MN)\" \n                    data-tel=\"0376 648090\" \n                    data-email=\"decaofratelli@gmail.com\" \n                    data-fax=\"0376 648090\" \n                    data-website=\"\">\n                  <\/div>[\/et_pb_code][\/et_pb_column][et_pb_column type=\u00bb2_3&#8243; _builder_version=\u00bb4.19.3&#8243; _module_preset=\u00bbdefault\u00bb global_colors_info=\u00bb{}\u00bb][et_pb_text _builder_version=\u00bb4.20.2&#8243; _module_preset=\u00bbdefault\u00bb text_font=\u00bbFontPadano-Bold|300|||||||\u00bb text_text_color=\u00bb#000000&#8243; text_font_size=\u00bb24px\u00bb background_color=\u00bbgcid-26f0371c-74dd-4e63-bbf8-f8ec94f09a6d\u00bb text_orientation=\u00bbcenter\u00bb width=\u00bb61.1%\u00bb width_tablet=\u00bb50%\u00bb width_phone=\u00bbauto\u00bb width_last_edited=\u00bbon|desktop\u00bb max_width=\u00bb100%\u00bb custom_margin=\u00bb0px|-142px|30px||false|false\u00bb custom_padding=\u00bb2px|20px|20px|20px|false|false\u00bb border_radii=\u00bbon|50px|50px|50px|50px\u00bb locked=\u00bboff\u00bb global_colors_info=\u00bb{%22gcid-26f0371c-74dd-4e63-bbf8-f8ec94f09a6d%22:%91%22background_color%22%93}\u00bb]<\/p>\n<div class=\"related_tax\"><span style=\"font-size: medium;\">Soc. Agricola F.lli De Cao S.S.<\/span><\/div>\n<p>[\/et_pb_text][et_pb_text disabled_on=\u00bboff|off|off\u00bb _builder_version=\u00bb4.20.4&#8243; _module_preset=\u00bbdefault\u00bb text_font=\u00bbMerriweather|300|||||||\u00bb text_text_color=\u00bb#0f0f0f\u00bb text_font_size=\u00bb18px\u00bb text_line_height=\u00bb26px\u00bb width=\u00bb98%\u00bb hover_enabled=\u00bb0&#8243; global_colors_info=\u00bb{}\u00bb sticky_enabled=\u00bb0&#8243;]El Caseificio Fratelli De Cao, una de las queser\u00edas m\u00e1s peque\u00f1as que producen Grana Padano DOP, se halla en Borgo Virgilio, en la provincia de Mantua, cerca del r\u00edo Po.<\/p>\n<p>La Societ\u00e0 Agricola Fratelli De Cao es fundada en 1965 para la cr\u00eda de cerdos, vacas lecheras y producci\u00f3n de Grana Padano; se ampl\u00eda despu\u00e9s de aproximadamente una d\u00e9cada con la tienda, que brinda a sus clientes m\u00faltiples productos alimenticios de primera calidad garantizados por los pilares del negocio: Giuseppe y Giovanni.<br \/>\n[\/et_pb_text][\/et_pb_column][\/et_pb_row][et_pb_row column_structure=\u00bb1_4,3_4&#8243; module_class=\u00bbarticle_sub_img_text_content\u00bb _builder_version=\u00bb4.20.2&#8243; _module_preset=\u00bbdefault\u00bb max_width=\u00bb94%\u00bb custom_padding=\u00bb||40px||false|false\u00bb global_colors_info=\u00bb{}\u00bb][et_pb_column type=\u00bb1_4&#8243; module_class=\u00bbarticle_sub_img_wrap\u00bb _builder_version=\u00bb4.19.3&#8243; _module_preset=\u00bbdefault\u00bb global_colors_info=\u00bb{}\u00bb][et_pb_image src=\u00bbhttps:\/\/www.granapadano.it\/wp-content\/uploads\/2023\/02\/DSC06071a-28449.jpg\u00bb title_text=\u00bbDSC06071a-28449&#8243; align=\u00bbcenter\u00bb _builder_version=\u00bb4.20.0&#8243; _module_preset=\u00bbdefault\u00bb custom_margin=\u00bb5px||||false|false\u00bb border_radii=\u00bbon|20px|20px|20px|20px\u00bb global_colors_info=\u00bb{}\u00bb][\/et_pb_image][\/et_pb_column][et_pb_column type=\u00bb3_4&#8243; module_class=\u00bbarticle_sub_text_wrap \u00bb _builder_version=\u00bb4.20.2&#8243; _module_preset=\u00bbdefault\u00bb global_colors_info=\u00bb{}\u00bb][et_pb_text _builder_version=\u00bb4.20.4&#8243; _module_preset=\u00bbdefault\u00bb text_font=\u00bbMerriweather|300|||||||\u00bb text_text_color=\u00bb#0f0f0f\u00bb text_font_size=\u00bb18px\u00bb text_line_height=\u00bb26px\u00bb width=\u00bb98%\u00bb custom_margin=\u00bb||23px|||\u00bb hover_enabled=\u00bb0&#8243; global_colors_info=\u00bb{}\u00bb sticky_enabled=\u00bb0&#8243;]La tienda Fratelli De Cao fue probablemente una de las primeras de la provincia en ofrecer quesos t\u00edpicos y embutidos producidos en la explotaci\u00f3n misma, lo que convierte a los De Cao en pioneros del kil\u00f3metro cero en el territorio mantuano.<\/p>\n<p>Tambi\u00e9n aqu\u00ed, como en otras explotaciones de la zona, la cr\u00eda de vacas lecheras se acompa\u00f1a a la de los cerdos. La asociaci\u00f3n de los dos animales permite la optimizaci\u00f3n de los procesos de producci\u00f3n gracias a la eliminaci\u00f3n del suero destinado a los cerdos, justo como se hac\u00eda anta\u00f1o.[\/et_pb_text][\/et_pb_column][\/et_pb_row][et_pb_row column_structure=\u00bb1_4,3_4&#8243; module_class=\u00bbarticle_sub_img_text_content_left \u00bb _builder_version=\u00bb4.20.2&#8243; _module_preset=\u00bbdefault\u00bb max_width=\u00bb94%\u00bb custom_padding=\u00bb||40px||false|false\u00bb global_colors_info=\u00bb{}\u00bb][et_pb_column type=\u00bb1_4&#8243; module_class=\u00bbarticle_sub_img_wrap_left\u00bb _builder_version=\u00bb4.20.2&#8243; _module_preset=\u00bbdefault\u00bb global_colors_info=\u00bb{}\u00bb][et_pb_image src=\u00bbhttps:\/\/www.granapadano.it\/wp-content\/uploads\/2023\/02\/DSC06288-28446-38674.jpg\u00bb title_text=\u00bbDSC06288-28446-38674&#8243; align=\u00bbcenter\u00bb _builder_version=\u00bb4.20.2&#8243; _module_preset=\u00bbdefault\u00bb custom_margin=\u00bb||||false|false\u00bb border_radii=\u00bbon|20px|20px|20px|20px\u00bb global_colors_info=\u00bb{}\u00bb][\/et_pb_image][\/et_pb_column][et_pb_column type=\u00bb3_4&#8243; module_class=\u00bbarticle_sub_text_wrap_left\u00bb _builder_version=\u00bb4.20.2&#8243; _module_preset=\u00bbdefault\u00bb global_colors_info=\u00bb{}\u00bb][et_pb_text _builder_version=\u00bb4.20.4&#8243; _module_preset=\u00bbdefault\u00bb text_font=\u00bbMerriweather|300|||||||\u00bb text_text_color=\u00bb#0f0f0f\u00bb text_font_size=\u00bb18px\u00bb text_line_height=\u00bb26px\u00bb width=\u00bb97.1%\u00bb custom_margin=\u00bb|||18px||\u00bb hover_enabled=\u00bb0&#8243; global_colors_info=\u00bb{}\u00bb sticky_enabled=\u00bb0&#8243;]De hecho, la explotaci\u00f3n no solo se ocupa de la producci\u00f3n de Grana Padano DOP, sino tambi\u00e9n de carne de cerdo fresca, cortes de carne como chuletas y salchichas, embuchados y otros productos similares, cabezada embuchada y panceta, salami mantuano, embutidos y productos tradicionales mantuanos, realizados con la maestr\u00eda que solo la elaboraci\u00f3n artesanal es capaz de proporcionar.<\/p>\n<p>Aqu\u00ed se producen con sumo esmero 6 ruedas de Grana Padano DOP al d\u00eda y se hacen utilizando t\u00e9cnicas y equipos que a\u00fan son completamente artesanales: el afloramiento de leche, por ejemplo, todav\u00eda tiene lugar en las cubetas y el moldeado del queso se realiza a\u00fan con encellas de madera.[\/et_pb_text][\/et_pb_column][\/et_pb_row][et_pb_row column_structure=\u00bb1_4,3_4&#8243; module_class=\u00bbarticle_sub_img_text_content\u00bb _builder_version=\u00bb4.20.2&#8243; _module_preset=\u00bbdefault\u00bb max_width=\u00bb94%\u00bb custom_padding=\u00bb||40px||false|false\u00bb global_colors_info=\u00bb{}\u00bb][et_pb_column type=\u00bb1_4&#8243; module_class=\u00bbarticle_sub_img_wrap\u00bb _builder_version=\u00bb4.19.3&#8243; _module_preset=\u00bbdefault\u00bb global_colors_info=\u00bb{}\u00bb][et_pb_image src=\u00bbhttps:\/\/www.granapadano.it\/wp-content\/uploads\/2023\/02\/DSC06185-28445-38675.jpg\u00bb title_text=\u00bbDSC06185-28445-38675&#8243; align=\u00bbcenter\u00bb _builder_version=\u00bb4.20.0&#8243; _module_preset=\u00bbdefault\u00bb border_radii=\u00bbon|20px|20px|20px|20px\u00bb global_colors_info=\u00bb{}\u00bb][\/et_pb_image][\/et_pb_column][et_pb_column type=\u00bb3_4&#8243; module_class=\u00bbarticle_sub_text_wrap\u00bb _builder_version=\u00bb4.20.2&#8243; _module_preset=\u00bbdefault\u00bb global_colors_info=\u00bb{}\u00bb][et_pb_text _builder_version=\u00bb4.20.4&#8243; _module_preset=\u00bbdefault\u00bb text_font=\u00bbMerriweather|300|||||||\u00bb text_text_color=\u00bb#0f0f0f\u00bb text_font_size=\u00bb18px\u00bb text_line_height=\u00bb26px\u00bb width=\u00bb98%\u00bb custom_margin=\u00bb18px||||false|false\u00bb hover_enabled=\u00bb0&#8243; global_colors_info=\u00bb{}\u00bb sticky_enabled=\u00bb0&#8243;]Un m\u00e9todo antiguo y efectivo que todav\u00eda no tiene motivos para ser dado de baja, considerando los vol\u00famenes diarios de producci\u00f3n de la queser\u00eda y el excelente rendimiento del producto.<\/p>\n<p>La peque\u00f1a tienda de los hermanos Giovanni y Giuseppe De Cao garantiza siempre a los habitantes de la zona la seguridad de encontrar un Grana Padano DOP Reserva M\u00e1s de 20 meses, adem\u00e1s de los deliciosos productos t\u00edpicos locales antes mencionados.[\/et_pb_text][\/et_pb_column][\/et_pb_row][\/et_pb_section][et_pb_section fb_built=\u00bb1&#8243; admin_label=\u00bbImage Carousel\u00bb _builder_version=\u00bb4.21.0&#8243; _module_preset=\u00bbdefault\u00bb background_color=\u00bb#f7f7f7&#8243; global_colors_info=\u00bb%91%93&#8243;][et_pb_row use_custom_gutter=\u00bbon\u00bb gutter_width=\u00bb2&#8243; make_equal=\u00bbon\u00bb module_class=\u00bbimg_carousel_main\u00bb _builder_version=\u00bb4.21.0&#8243; _module_preset=\u00bbdefault\u00bb max_width=\u00bb90%\u00bb global_colors_info=\u00bb{}\u00bb][et_pb_column type=\u00bb4_4&#8243; module_class=\u00bbimage-magnify\u00bb _builder_version=\u00bb4.18.0&#8243; _module_preset=\u00bbdefault\u00bb global_colors_info=\u00bb{}\u00bb][et_pb_image src=\u00bbhttps:\/\/www.granapadano.it\/wp-content\/uploads\/2023\/02\/DSC06044-28441.jpg\u00bb title_text=\u00bb\u00bb show_in_lightbox=\u00bbon\u00bb show_bottom_space=\u00bboff\u00bb align=\u00bbcenter\u00bb force_fullwidth=\u00bbon\u00bb module_class=\u00bbpop-hover-1&#8243; _builder_version=\u00bb4.21.0&#8243; _module_preset=\u00bbdefault\u00bb hover_enabled=\u00bb0&#8243; global_colors_info=\u00bb{}\u00bb sticky_enabled=\u00bb0&#8243;][\/et_pb_image][et_pb_image src=\u00bbhttps:\/\/www.granapadano.it\/wp-content\/uploads\/2023\/02\/DSC06053-28442.jpg\u00bb title_text=\u00bb\u00bb show_in_lightbox=\u00bbon\u00bb show_bottom_space=\u00bboff\u00bb align=\u00bbcenter\u00bb force_fullwidth=\u00bbon\u00bb module_class=\u00bbpop-hover-1&#8243; _builder_version=\u00bb4.21.0&#8243; _module_preset=\u00bbdefault\u00bb hover_enabled=\u00bb0&#8243; global_colors_info=\u00bb{}\u00bb sticky_enabled=\u00bb0&#8243;][\/et_pb_image][et_pb_image src=\u00bbhttps:\/\/www.granapadano.it\/wp-content\/uploads\/2023\/02\/DSC06060-28443.jpg\u00bb title_text=\u00bb\u00bb show_in_lightbox=\u00bbon\u00bb show_bottom_space=\u00bboff\u00bb align=\u00bbcenter\u00bb force_fullwidth=\u00bbon\u00bb module_class=\u00bbpop-hover-1&#8243; _builder_version=\u00bb4.21.0&#8243; _module_preset=\u00bbdefault\u00bb hover_enabled=\u00bb0&#8243; global_colors_info=\u00bb{}\u00bb sticky_enabled=\u00bb0&#8243;][\/et_pb_image][et_pb_image src=\u00bbhttps:\/\/www.granapadano.it\/wp-content\/uploads\/2023\/02\/DSC06062-28444.jpg\u00bb title_text=\u00bb\u00bb show_in_lightbox=\u00bbon\u00bb show_bottom_space=\u00bboff\u00bb align=\u00bbcenter\u00bb force_fullwidth=\u00bbon\u00bb module_class=\u00bbpop-hover-1&#8243; _builder_version=\u00bb4.21.0&#8243; _module_preset=\u00bbdefault\u00bb hover_enabled=\u00bb0&#8243; global_colors_info=\u00bb{}\u00bb sticky_enabled=\u00bb0&#8243;][\/et_pb_image][et_pb_image src=\u00bbhttps:\/\/www.granapadano.it\/wp-content\/uploads\/2023\/02\/DSC06294-28447.jpg\u00bb title_text=\u00bb\u00bb show_in_lightbox=\u00bbon\u00bb show_bottom_space=\u00bboff\u00bb align=\u00bbcenter\u00bb force_fullwidth=\u00bbon\u00bb module_class=\u00bbpop-hover-1&#8243; _builder_version=\u00bb4.21.0&#8243; _module_preset=\u00bbdefault\u00bb hover_enabled=\u00bb0&#8243; global_colors_info=\u00bb{}\u00bb sticky_enabled=\u00bb0&#8243;][\/et_pb_image][et_pb_image src=\u00bbhttps:\/\/www.granapadano.it\/wp-content\/uploads\/2023\/02\/DSC06364-28448.jpg\u00bb title_text=\u00bb\u00bb show_in_lightbox=\u00bbon\u00bb show_bottom_space=\u00bboff\u00bb align=\u00bbcenter\u00bb force_fullwidth=\u00bbon\u00bb module_class=\u00bbpop-hover-1&#8243; _builder_version=\u00bb4.21.0&#8243; _module_preset=\u00bbdefault\u00bb hover_enabled=\u00bb0&#8243; global_colors_info=\u00bb{}\u00bb sticky_enabled=\u00bb0&#8243;][\/et_pb_image][\/et_pb_column][\/et_pb_row][et_pb_row admin_label=\u00bbCSS &#038; JS CODE IMAGE POPUP CAROUSEL   : 01&#8243; _builder_version=\u00bb4.18.0&#8243; _module_preset=\u00bbdefault\u00bb custom_margin=\u00bb0px||0px||true|false\u00bb custom_padding=\u00bb0px||0px||true|false\u00bb global_colors_info=\u00bb{}\u00bb][et_pb_column type=\u00bb4_4&#8243; _builder_version=\u00bb4.16&#8243; _module_preset=\u00bbdefault\u00bb global_colors_info=\u00bb{}\u00bb][et_pb_code admin_label=\u00bb JS CODE\u00bb _builder_version=\u00bb4.21.0&#8243; _module_preset=\u00bbdefault\u00bb custom_margin=\u00bb0px||0px||true|false\u00bb custom_padding=\u00bb0px||0px||true|false\u00bb global_colors_info=\u00bb{}\u00bb]<script src=\"https:\/\/cdnjs.cloudflare.com\/ajax\/libs\/slick-carousel\/1.6.0\/slick.js\"><\/script><!-- [et_pb_line_break_holder] --><script>jQuery(function(s){s(\".image-magnify\").slick({slidesToShow:4,slidesToScroll:1,autoplaySpeed:700,arrows:!0,dots:false,responsive:[{breakpoint:981,settings:{slidesToShow:2,slidesToScroll:1}},{breakpoint:766,settings:{slidesToShow:1,slidesToScroll:1}}]})});<\/script><!-- [et_pb_line_break_holder] -->[\/et_pb_code][et_pb_code admin_label=\u00bbCSS CODE\u00bb _builder_version=\u00bb4.21.0&#8243; _module_preset=\u00bbdefault\u00bb custom_margin=\u00bb0px||0px||true|false\u00bb custom_padding=\u00bb0px||0px||true|false\u00bb global_colors_info=\u00bb{}\u00bb]<\/p>\n<style><!-- [et_pb_line_break_holder] --> .pop-hover-1 {<!-- [et_pb_line_break_holder] -->  overflow: hidden;<!-- [et_pb_line_break_holder] -->  padding: 5px;<!-- [et_pb_line_break_holder] -->  position: relative;<!-- [et_pb_line_break_holder] -->  transform: scale(0.9) !important;<!-- [et_pb_line_break_holder] --> transition: all 0.3s;<!-- [et_pb_line_break_holder] -->}<!-- [et_pb_line_break_holder] -->.pop-hover-1:hover .et_pb_lightbox_image:before,<!-- [et_pb_line_break_holder] -->.pop-hover-1:hover .et_pb_lightbox_image:after {<!-- [et_pb_line_break_holder] -->  opacity: 1;<!-- [et_pb_line_break_holder] -->  transform: scale(1);<!-- [et_pb_line_break_holder] -->}<!-- [et_pb_line_break_holder] -->.pop-hover-1 .et_pb_lightbox_image .et_pb_image_wrap {<!-- [et_pb_line_break_holder] -->  overflow: hidden;<!-- [et_pb_line_break_holder] -->  border-radius: 20px;<!-- [et_pb_line_break_holder] -->}<!-- [et_pb_line_break_holder] -->.pop-hover-1:hover{<!-- [et_pb_line_break_holder] -->   transform: scale(1) !important;<!-- [et_pb_line_break_holder] -->  transition: all 0.3s;<!-- [et_pb_line_break_holder] -->}<!-- [et_pb_line_break_holder] --><!-- [et_pb_line_break_holder] -->.pop-hover-1 .et_pb_lightbox_image .et_pb_image_wrap img {<!-- [et_pb_line_break_holder] -->  width: 100%;<!-- [et_pb_line_break_holder] -->  height: auto;<!-- [et_pb_line_break_holder] -->  transition: all 0.3s ease-in-out;<!-- [et_pb_line_break_holder] -->}<!-- [et_pb_line_break_holder] --><!-- [et_pb_line_break_holder] -->.pop-hover-1:hover .et_pb_lightbox_image .et_pb_image_wrap .et_overlay {<!-- [et_pb_line_break_holder] -->  opacity: 1;<!-- [et_pb_line_break_holder] -->}<!-- [et_pb_line_break_holder] -->.pop-hover-1 .et_pb_lightbox_image .et_pb_image_wrap .et_overlay:before {<!-- [et_pb_line_break_holder] -->  display: inline-block;<!-- [et_pb_line_break_holder] -->  width: 65px;<!-- [et_pb_line_break_holder] -->  height: 65px;<!-- [et_pb_line_break_holder] -->  line-height: 65px;<!-- [et_pb_line_break_holder] -->  border-radius: 50%;<!-- [et_pb_line_break_holder] -->  background: #fff;<!-- [et_pb_line_break_holder] -->  color: #333;<!-- [et_pb_line_break_holder] -->  top: 60%;<!-- [et_pb_line_break_holder] -->  font-size: 30px;<!-- [et_pb_line_break_holder] -->  transition: all 0.6s ease 0s;<!-- [et_pb_line_break_holder] -->}<!-- [et_pb_line_break_holder] --><!-- [et_pb_line_break_holder] -->  .img_carousel_main button.slick-prev,.img_carousel_main button.slick-next{<!-- [et_pb_line_break_holder] -->     top: 43% !important;<!-- [et_pb_line_break_holder] -->  }<!-- [et_pb_line_break_holder] -->  .img_carousel_main button.slick-prev.slick-arrow:before {<!-- [et_pb_line_break_holder] -->    \/*content: \"34\";*\/<!-- [et_pb_line_break_holder] -->    position: relative;<!-- [et_pb_line_break_holder] -->  }<!-- [et_pb_line_break_holder] -->  .img_carousel_main .slick-prev {<!-- [et_pb_line_break_holder] -->      left: -45px;<!-- [et_pb_line_break_holder] -->  }<!-- [et_pb_line_break_holder] -->  .img_carousel_main button.slick-arrow:before{<!-- [et_pb_line_break_holder] -->   color: #000000;<!-- [et_pb_line_break_holder] -->    font-size: 51px;<!-- [et_pb_line_break_holder] -->    text-shadow: 0 0;<!-- [et_pb_line_break_holder] -->    font-family: ETmodules !important;<!-- [et_pb_line_break_holder] -->    font-weight: 400;<!-- [et_pb_line_break_holder] -->    font-style: normal;<!-- [et_pb_line_break_holder] -->    font-variant: normal;<!-- [et_pb_line_break_holder] -->  }<!-- [et_pb_line_break_holder] -->  .img_carousel_main button.slick-next.slick-arrow:before {<!-- [et_pb_line_break_holder] -->    \/*content: \"35\";*\/<!-- [et_pb_line_break_holder] -->    }<!-- [et_pb_line_break_holder] --><!-- [et_pb_line_break_holder] -->  .img_carousel_main img{<!-- [et_pb_line_break_holder] -->    height: 284px !important;<!-- [et_pb_line_break_holder] -->    object-fit: cover !important;<!-- [et_pb_line_break_holder] -->  }<!-- [et_pb_line_break_holder] --><\/style>\n<p>[\/et_pb_code][\/et_pb_column][\/et_pb_row][\/et_pb_section]<\/p>\n","protected":false},"excerpt":{"rendered":"<p>MN407 \/n Ciudad: Romanore di Borgo Virgilio (MN)<\/p>\n","protected":false},"featured_media":151947,"parent":0,"menu_order":284,"template":"","meta":{"_acf_changed":false,"_et_pb_use_builder":"on","_et_pb_old_content":"[et_pb_section fb_built=\"1\" fullwidth=\"on\" _builder_version=\"4.19.2\" _module_preset=\"default\" locked=\"off\" global_colors_info=\"{}\"][et_pb_fullwidth_image src=\"https:\/\/granapadano.kleecks-cdn.com\/wp-content\/uploads\/2022\/12\/testata-consorz.jpg\" title_text=\"testata-consorz\" _builder_version=\"4.19.3\" _module_preset=\"default\" global_colors_info=\"{}\"][\/et_pb_fullwidth_image][\/et_pb_section][et_pb_section fb_built=\"1\" _builder_version=\"4.19.3\" _module_preset=\"default\" custom_padding=\"||||false|false\" global_colors_info=\"{}\"][et_pb_row _builder_version=\"4.19.3\" _module_preset=\"default\" custom_padding=\"0px||0px||false|false\" global_colors_info=\"{}\"][et_pb_column type=\"4_4\" _builder_version=\"4.19.3\" _module_preset=\"default\" global_colors_info=\"{}\"][et_pb_code _builder_version=\"4.19.3\" _module_preset=\"default\" global_colors_info=\"{}\"][custom_breadcrumbs][\/et_pb_code][\/et_pb_column][\/et_pb_row][\/et_pb_section][et_pb_section fb_built=\"1\" specialty=\"on\" module_class=\"consortium_main_section\" _builder_version=\"4.19.3\" _module_preset=\"default\" global_colors_info=\"{}\"][et_pb_column type=\"1_2\" _builder_version=\"4.16\" custom_padding=\"|||\" global_colors_info=\"{}\" custom_padding__hover=\"|||\"][et_pb_text _builder_version=\"4.19.4\" _module_preset=\"default\" header_font=\"Merriweather|700|||||||\" header_text_color=\"#221f1c\" header_font_size=\"80px\" hover_enabled=\"0\" global_colors_info=\"{}\" header_line_height=\"70px\" sticky_enabled=\"0\"]\r\n<h1 style=\"text-align: center\">LATTERIA COOPERATIVA GOITESE SOCIET\u00c0 AGRICOLA COOP.VA 21<\/h1>\r\n[\/et_pb_text][\/et_pb_column][et_pb_column type=\"1_2\" specialty_columns=\"2\" _builder_version=\"4.16\" custom_padding=\"|||\" global_colors_info=\"{}\" custom_padding__hover=\"|||\"][et_pb_row_inner column_structure=\"1_2,1_2\" _builder_version=\"4.19.3\" _module_preset=\"default\" min_height=\"104.8px\" global_colors_info=\"{}\"][et_pb_column_inner type=\"1_2\" saved_specialty_column_type=\"1_2\" _builder_version=\"4.19.3\" _module_preset=\"default\" global_colors_info=\"{}\"][et_pb_image src=\"https:\/\/granapadano.kleecks-cdn.com\/wp-content\/uploads\/2022\/12\/Tracciato-23521.png\" title_text=\"Tracciato 23521\" _builder_version=\"4.19.3\" _module_preset=\"default\" background_color=\"#ffdc00\" global_colors_info=\"{}\"][\/et_pb_image][\/et_pb_column_inner][et_pb_column_inner type=\"1_2\" saved_specialty_column_type=\"1_2\" _builder_version=\"4.19.3\" _module_preset=\"default\" global_colors_info=\"{}\"][et_pb_text _builder_version=\"4.19.3\" _module_preset=\"default\" text_font=\"Merriweather||||||||\" text_text_color=\"#0f0f0f\" text_font_size=\"26px\" global_colors_info=\"{}\"]\r\n\r\nMatricola: MN461\r\n\r\n[\/et_pb_text][\/et_pb_column_inner][\/et_pb_row_inner][et_pb_row_inner column_structure=\"1_2,1_2\" _builder_version=\"4.19.3\" _module_preset=\"default\" global_colors_info=\"{}\"][et_pb_column_inner type=\"1_2\" saved_specialty_column_type=\"1_2\" _builder_version=\"4.19.3\" _module_preset=\"default\" global_colors_info=\"{}\"][et_pb_image src=\"https:\/\/granapadano.kleecks-cdn.com\/wp-content\/uploads\/2022\/12\/Tracciato-23514.png\" title_text=\"Tracciato 23514\" _builder_version=\"4.19.3\" _module_preset=\"default\" background_color=\"#ffdc00\" global_colors_info=\"{}\"][\/et_pb_image][\/et_pb_column_inner][et_pb_column_inner type=\"1_2\" saved_specialty_column_type=\"1_2\" _builder_version=\"4.19.3\" _module_preset=\"default\" global_colors_info=\"{}\"][et_pb_text _builder_version=\"4.19.3\" _module_preset=\"default\" text_font=\"Merriweather||||||||\" text_text_color=\"#0f0f0f\" text_font_size=\"26px\" global_colors_info=\"{}\"]\r\n\r\ngoitese@latteriagoitese.it\r\n\r\n[\/et_pb_text][\/et_pb_column_inner][\/et_pb_row_inner][et_pb_row_inner column_structure=\"1_2,1_2\" _builder_version=\"4.19.3\" _module_preset=\"default\" global_colors_info=\"{}\"][et_pb_column_inner type=\"1_2\" saved_specialty_column_type=\"1_2\" _builder_version=\"4.19.3\" _module_preset=\"default\" global_colors_info=\"{}\"][et_pb_image src=\"https:\/\/granapadano.kleecks-cdn.com\/wp-content\/uploads\/2022\/12\/Raggruppa-814.png\" title_text=\"Raggruppa 814\" _builder_version=\"4.19.3\" _module_preset=\"default\" background_color=\"#ffdc00\" global_colors_info=\"{}\"][\/et_pb_image][\/et_pb_column_inner][et_pb_column_inner type=\"1_2\" saved_specialty_column_type=\"1_2\" _builder_version=\"4.19.3\" _module_preset=\"default\" global_colors_info=\"{}\"][et_pb_text _builder_version=\"4.19.3\" _module_preset=\"default\" text_font=\"Merriweather||||||||\" text_text_color=\"#0f0f0f\" text_font_size=\"26px\" global_colors_info=\"{}\"]\r\n\r\nT: 0376 686940 | F: 0376 605995\r\n\r\n[\/et_pb_text][\/et_pb_column_inner][\/et_pb_row_inner][et_pb_row_inner column_structure=\"1_2,1_2\" _builder_version=\"4.19.3\" _module_preset=\"default\" global_colors_info=\"{}\"][et_pb_column_inner type=\"1_2\" saved_specialty_column_type=\"1_2\" _builder_version=\"4.19.3\" _module_preset=\"default\" global_colors_info=\"{}\"][et_pb_image src=\"https:\/\/granapadano.kleecks-cdn.com\/wp-content\/uploads\/2022\/12\/Raggruppa-818.png\" title_text=\"Raggruppa 818\" _builder_version=\"4.19.3\" _module_preset=\"default\" background_color=\"#ffdc00\" global_colors_info=\"{}\"][\/et_pb_image][\/et_pb_column_inner][et_pb_column_inner type=\"1_2\" saved_specialty_column_type=\"1_2\" _builder_version=\"4.19.3\" _module_preset=\"default\" global_colors_info=\"{}\"][et_pb_text _builder_version=\"4.19.3\" _module_preset=\"default\" text_font=\"Merriweather||||||||\" text_text_color=\"#0f0f0f\" text_font_size=\"26px\" global_colors_info=\"{}\"]\r\n\r\nVia Torre, 81\/A 46044 - Goito (MN)\r\n\r\n[\/et_pb_text][\/et_pb_column_inner][\/et_pb_row_inner][et_pb_row_inner column_structure=\"1_2,1_2\" _builder_version=\"4.19.3\" _module_preset=\"default\" global_colors_info=\"{}\"][et_pb_column_inner type=\"1_2\" saved_specialty_column_type=\"1_2\" _builder_version=\"4.19.3\" _module_preset=\"default\" global_colors_info=\"{}\"][et_pb_image src=\"https:\/\/granapadano.kleecks-cdn.com\/wp-content\/uploads\/2022\/12\/Raggruppa-816.png\" title_text=\"Raggruppa 816\" _builder_version=\"4.19.3\" _module_preset=\"default\" background_color=\"#ffdc00\" global_colors_info=\"{}\"][\/et_pb_image][\/et_pb_column_inner][et_pb_column_inner type=\"1_2\" saved_specialty_column_type=\"1_2\" _builder_version=\"4.19.3\" _module_preset=\"default\" global_colors_info=\"{}\"][et_pb_text _builder_version=\"4.19.3\" _module_preset=\"default\" text_font=\"Merriweather||||||||\" text_text_color=\"#0f0f0f\" text_font_size=\"26px\" global_colors_info=\"{}\"]\r\n\r\nlatteriagoitese.it <img src=\"https:\/\/granapadano.kleecks-cdn.com\/wp-content\/uploads\/2022\/12\/next.svg\" width=\"undefined\" height=\"undefined\" alt=\"\" class=\"wp-image-1443 alignnone size-full\">\r\n\r\n[\/et_pb_text][\/et_pb_column_inner][\/et_pb_row_inner][\/et_pb_column][\/et_pb_section][et_pb_section fb_built=\"1\" module_class=\"map_with_content_sec\" _builder_version=\"4.19.3\" _module_preset=\"default\" background_color=\"#f7f7f7\" custom_padding=\"91px||74px||false|false\" global_colors_info=\"{}\"][et_pb_row column_structure=\"1_3,2_3\" _builder_version=\"4.19.3\" _module_preset=\"default\" width=\"90%\" max_width=\"90%\" custom_padding=\"3px|||||\" global_colors_info=\"{}\"][et_pb_column type=\"1_3\" _builder_version=\"4.19.3\" _module_preset=\"default\" global_colors_info=\"{}\"][et_pb_button button_text=\"Lorem Ipsum\" _builder_version=\"4.19.4\" _module_preset=\"default\" custom_button=\"on\" button_text_size=\"26px\" button_text_color=\"#0f0f0f\" button_bg_color=\"#ffdc00\" button_border_color=\"#ffdc00\" button_border_radius=\"48px\" button_font=\"FontPadano-Bold|700|||||||\" button_use_icon=\"off\" hover_enabled=\"0\" global_colors_info=\"{}\" locked=\"off\" module_class=\"mobile_btn\" sticky_enabled=\"0\"][\/et_pb_button][et_pb_code _builder_version=\"4.19.3\" _module_preset=\"default\" locked=\"off\" global_colors_info=\"{}\"]\r\n<div style=\"width: 100%\"><iframe width=\"395\" height=\"395\" frameborder=\"0\" src=\"https:\/\/maps.google.com\/maps?width=395&height=395&hl=en&q=Luna%20Farm+()&t=&z=14&ie=UTF8&iwloc=B&output=embed\"><a href=\"https:\/\/www.maps.ie\/distance-area-calculator.html\">measure distance on map<\/a><\/iframe><\/div>\r\n[\/et_pb_code][\/et_pb_column][et_pb_column type=\"2_3\" _builder_version=\"4.19.3\" _module_preset=\"default\" global_colors_info=\"{}\"][et_pb_button button_text=\"Lorem Ipsum\" _builder_version=\"4.19.3\" _module_preset=\"default\" custom_button=\"on\" button_text_size=\"26px\" button_text_color=\"#0f0f0f\" button_bg_color=\"#ffdc00\" button_border_color=\"#ffdc00\" button_border_radius=\"48px\" button_font=\"FontPadano-Bold|700|||||||\" button_use_icon=\"off\" global_colors_info=\"{}\"][\/et_pb_button][et_pb_text _builder_version=\"4.19.3\" _module_preset=\"default\" text_font=\"Merriweather||||||||\" text_text_color=\"#0f0f0f\" text_font_size=\"26px\" text_line_height=\"31px\" global_colors_info=\"{}\"]\r\n\r\nOggi siamo nella campagna vicino a Goito, in provincia di Mantova, alla Latteria Goitese dove fervono i preparativi per i festeggiamenti del 50\u00b0 anniversario.\r\n\r\nL\u2019idea \u00e8 quella di fare una messa con tutti i soci e gli amici della latteria, una benedizione ai locali e poi una cena, sempre in caseificio. Un grande traguardo, fatto del sacrificio di tante persone che per\u00f2 \u00e8 anche una grande soddisfazione: oggi il Caseificio continua a lavorare molto bene ed ha grandi progetti di ampliamento.\r\n\r\n[\/et_pb_text][\/et_pb_column][\/et_pb_row][et_pb_row _builder_version=\"4.19.3\" _module_preset=\"default\" width=\"90%\" max_width=\"90%\" custom_padding=\"||4px|||\" global_colors_info=\"{}\"][et_pb_column type=\"4_4\" _builder_version=\"4.19.3\" _module_preset=\"default\" global_colors_info=\"{}\"][et_pb_text _builder_version=\"4.19.3\" _module_preset=\"default\" text_font=\"Merriweather||||||||\" text_text_color=\"#0f0f0f\" text_font_size=\"26px\" text_line_height=\"31px\" global_colors_info=\"{}\"]\r\n\r\nMassimo Dalzini \u00e8 orgoglioso di essere presidente di questa realt\u00e0 e felice di constatare che le nuove generazioni vogliono portare avanti il lavoro in caseificio.\r\n\u201cNon \u00e8 cos\u00ec scontato, \u00e8 un lavoro duro. Sia per la parte produttiva ma anche per tutto quello che riguarda il lavoro dei campi e nelle stalle\u201d\r\n\r\nAl momento la produzione \u00e8 di 134 forme di Grana Padano al giorno ma l\u2019idea \u00e8 di aumentare nel prossimo periodo, per questo sono iniziati i lavori di costruzione di un nuovo magazzino di stagionatura e da pochi anni \u00e8 stata costruita una nuova salina con capienza pi\u00f9 elevata. Per tutti questi lavori si \u00e8 guardato a nuove tecnologie e al risparmio energetico.\r\n\r\n[\/et_pb_text][\/et_pb_column][\/et_pb_row][\/et_pb_section][et_pb_section fb_built=\"1\" module_class=\"consortium_msin_slider\" _builder_version=\"4.19.3\" _module_preset=\"default\" custom_padding=\"62px||62px||false|false\" global_colors_info=\"{}\"][et_pb_row _builder_version=\"4.19.3\" _module_preset=\"default\" width=\"90%\" max_width=\"90%\" global_colors_info=\"{}\"][et_pb_column type=\"4_4\" _builder_version=\"4.19.3\" _module_preset=\"default\" global_colors_info=\"{}\"][ba_image_carousel animation_speed=\"400ms\" is_autoplay=\"off\" slide_count=\"4\" nav_icon_size=\"50px\" nav_color=\"#000000\" nav_bg=\"RGBA(255,255,255,0)\" nav_pos_x=\"-50px\" slide_count_tablet=\"2\" slide_count_phone=\"1\" slide_count_last_edited=\"on|tablet\" _builder_version=\"4.19.3\" _module_preset=\"default\" width=\"100%\" custom_padding=\"0px||0px|||\" global_colors_info=\"{}\"][ba_image_carousel_child photo=\"https:\/\/granapadano.kleecks-cdn.com\/wp-content\/uploads\/2022\/12\/98ac641fe1d808c.png\" _builder_version=\"4.19.3\" _module_preset=\"default\" global_colors_info=\"{}\"][\/ba_image_carousel_child][ba_image_carousel_child photo=\"https:\/\/granapadano.kleecks-cdn.com\/wp-content\/uploads\/2022\/12\/fe2a2413c646a32.png\" _builder_version=\"4.19.3\" _module_preset=\"default\" global_colors_info=\"{}\"][\/ba_image_carousel_child][ba_image_carousel_child photo=\"https:\/\/granapadano.kleecks-cdn.com\/wp-content\/uploads\/2022\/12\/b71d2e3d4117b4f.png\" _builder_version=\"4.19.3\" _module_preset=\"default\" global_colors_info=\"{}\"][\/ba_image_carousel_child][ba_image_carousel_child photo=\"https:\/\/granapadano.kleecks-cdn.com\/wp-content\/uploads\/2022\/12\/72c0e44d7d9e466.png\" _builder_version=\"4.19.3\" _module_preset=\"default\" global_colors_info=\"{}\"][\/ba_image_carousel_child][ba_image_carousel_child photo=\"https:\/\/granapadano.kleecks-cdn.com\/wp-content\/uploads\/2022\/11\/Crocchettedipatatepisellieprosciuttocop-46647.png\" _builder_version=\"4.19.3\" _module_preset=\"default\" global_colors_info=\"{}\"][\/ba_image_carousel_child][\/ba_image_carousel][\/et_pb_column][\/et_pb_row][\/et_pb_section][et_pb_section fb_built=\"1\" module_class=\"consortium_pagination\" _builder_version=\"4.19.3\" _module_preset=\"default\" custom_padding=\"0px||0px||false|false\" global_colors_info=\"{}\"][et_pb_row column_structure=\"1_2,1_2\" use_custom_gutter=\"on\" _builder_version=\"4.19.3\" _module_preset=\"default\" background_enable_image=\"off\" width=\"100%\" max_width=\"100%\" custom_margin=\"||||false|false\" custom_padding=\"0px||0px||false|false\" global_colors_info=\"{}\"][et_pb_column type=\"1_2\" _builder_version=\"4.19.3\" _module_preset=\"default\" background_enable_color=\"off\" background_image=\"https:\/\/granapadano.kleecks-cdn.com\/wp-content\/uploads\/2022\/11\/8.1-Schermata-2022-10-18-alle-16.03.07.jpg\" custom_padding=\"30px||30px||false|false\" global_colors_info=\"{}\"][et_pb_button button_text=\"Consorzio Precedente\" button_alignment=\"center\" _builder_version=\"4.19.3\" _module_preset=\"default\" custom_button=\"on\" button_text_size=\"26px\" button_text_color=\"#0f0f0f\" button_bg_color=\"#ffdc00\" button_border_color=\"#ffdc00\" button_border_radius=\"48px\" button_font=\"FontPadano-Bold|700|||||||\" button_use_icon=\"off\" global_colors_info=\"{}\"][\/et_pb_button][et_pb_post_nav in_same_term=\"off\" show_next=\"off\" prev_text=\"Latteria casaticese societa\u2019 agricola coop.va\" _builder_version=\"4.19.3\" _module_preset=\"default\" title_font=\"Merriweather||||||||\" title_text_color=\"#FFFFFF\" title_font_size=\"60px\" title_line_height=\"60px\" background_enable_color=\"off\" width=\"90%\" module_alignment=\"center\" global_colors_info=\"{}\" prev_text__hover_enabled=\"off|desktop\"][\/et_pb_post_nav][\/et_pb_column][et_pb_column type=\"1_2\" _builder_version=\"4.19.3\" _module_preset=\"default\" background_enable_color=\"off\" background_image=\"https:\/\/granapadano.kleecks-cdn.com\/wp-content\/uploads\/2022\/11\/Group-754.png\" custom_padding=\"30px||30px||false|false\" global_colors_info=\"{}\"][et_pb_button button_text=\"Consorzio Successivo\" button_alignment=\"center\" _builder_version=\"4.19.3\" _module_preset=\"default\" custom_button=\"on\" button_text_size=\"26px\" button_text_color=\"#0f0f0f\" button_bg_color=\"#ffdc00\" button_border_color=\"#ffdc00\" button_border_radius=\"48px\" button_font=\"FontPadano-Bold|700|||||||\" button_use_icon=\"off\" global_colors_info=\"{}\"][\/et_pb_button][et_pb_post_nav show_prev=\"off\" next_text=\"Latteria padana di borgoforte soc. agr. coop.va\" _builder_version=\"4.19.3\" _module_preset=\"default\" title_font=\"Merriweather||||||||\" title_text_color=\"#FFFFFF\" title_font_size=\"60px\" title_line_height=\"60px\" background_enable_color=\"off\" width=\"90%\" module_alignment=\"center\" global_colors_info=\"{}\"][\/et_pb_post_nav][\/et_pb_column][\/et_pb_row][\/et_pb_section]","_et_gb_content_width":""},"consortium_region":[73],"tipologia":[3045,3048,3042],"provincia":[3084],"servizi_online":[],"altro":[3092],"class_list":["post-87430","consortium","type-consortium","status-publish","has-post-thumbnail","hentry","tipologia-maduradores-es","tipologia-queserias-con-tienda-es","tipologia-productores-es","provincia-mantova-es","altro-el-verdadero-sabor-de-italia"],"acf":[],"yoast_head":"<!-- This site is optimized with the Yoast SEO plugin v27.4 - https:\/\/yoast.com\/product\/yoast-seo-wordpress\/ -->\n<title>Soc. Agricola F.lli De Cao S.S. - Grana Padano<\/title>\n<meta name=\"description\" content=\"Matr\u00edcula: MN407 Ciudad: Romanore di Borgo Virgilio (MN)\" \/>\n<meta name=\"robots\" content=\"index, follow, max-snippet:-1, max-image-preview:large, max-video-preview:-1\" \/>\n<link rel=\"canonical\" href=\"https:\/\/www.granapadano.it\/es\/el-consorzio-de-proteccion\/actores-clave-los-miembros-del-consorcio\/soc-agricola-f-lli-de-cao-s-s\/\" \/>\n<meta property=\"og:locale\" content=\"es_ES\" \/>\n<meta property=\"og:type\" content=\"article\" \/>\n<meta property=\"og:title\" content=\"Soc. Agricola F.lli De Cao S.S.\" \/>\n<meta property=\"og:description\" content=\"Matr\u00edcula: MN407 Ciudad: Romanore di Borgo Virgilio (MN)\" \/>\n<meta property=\"og:url\" content=\"https:\/\/www.granapadano.it\/es\/el-consorzio-de-proteccion\/actores-clave-los-miembros-del-consorcio\/soc-agricola-f-lli-de-cao-s-s\/\" \/>\n<meta property=\"og:site_name\" content=\"Grana Padano\" \/>\n<meta property=\"article:modified_time\" content=\"2023-04-09T13:02:55+00:00\" \/>\n<meta property=\"og:image\" content=\"https:\/\/granapadano.kleecks-cdn.com\/wp-content\/uploads\/2023\/02\/thumb-consorziati-5-2.jpg\" \/>\n\t<meta property=\"og:image:width\" content=\"511\" \/>\n\t<meta property=\"og:image:height\" content=\"367\" \/>\n\t<meta property=\"og:image:type\" content=\"image\/jpeg\" \/>\n<meta name=\"twitter:card\" content=\"summary_large_image\" \/>\n<meta name=\"twitter:label1\" content=\"Tiempo de lectura\" \/>\n\t<meta name=\"twitter:data1\" content=\"4 minutos\" \/>\n<script type=\"application\/ld+json\" class=\"yoast-schema-graph\">{\"@context\":\"https:\\\/\\\/schema.org\",\"@graph\":[{\"@type\":\"WebPage\",\"@id\":\"https:\\\/\\\/www.granapadano.it\\\/es\\\/el-consorzio-de-proteccion\\\/actores-clave-los-miembros-del-consorcio\\\/soc-agricola-f-lli-de-cao-s-s\\\/\",\"url\":\"https:\\\/\\\/www.granapadano.it\\\/es\\\/el-consorzio-de-proteccion\\\/actores-clave-los-miembros-del-consorcio\\\/soc-agricola-f-lli-de-cao-s-s\\\/\",\"name\":\"Soc. Agricola F.lli De Cao S.S. - Grana Padano\",\"isPartOf\":{\"@id\":\"https:\\\/\\\/www.granapadano.it\\\/es\\\/#website\"},\"primaryImageOfPage\":{\"@id\":\"https:\\\/\\\/www.granapadano.it\\\/es\\\/el-consorzio-de-proteccion\\\/actores-clave-los-miembros-del-consorcio\\\/soc-agricola-f-lli-de-cao-s-s\\\/#primaryimage\"},\"image\":{\"@id\":\"https:\\\/\\\/www.granapadano.it\\\/es\\\/el-consorzio-de-proteccion\\\/actores-clave-los-miembros-del-consorcio\\\/soc-agricola-f-lli-de-cao-s-s\\\/#primaryimage\"},\"thumbnailUrl\":\"https:\\\/\\\/granapadano.kleecks-cdn.com\\\/wp-content\\\/uploads\\\/2025\\\/01\\\/1.png\",\"datePublished\":\"2023-02-19T09:32:15+00:00\",\"dateModified\":\"2023-04-09T13:02:55+00:00\",\"description\":\"Matr\u00edcula: MN407 Ciudad: Romanore di Borgo Virgilio (MN)\",\"breadcrumb\":{\"@id\":\"https:\\\/\\\/www.granapadano.it\\\/es\\\/el-consorzio-de-proteccion\\\/actores-clave-los-miembros-del-consorcio\\\/soc-agricola-f-lli-de-cao-s-s\\\/#breadcrumb\"},\"inLanguage\":\"es\",\"potentialAction\":[{\"@type\":\"ReadAction\",\"target\":[\"https:\\\/\\\/www.granapadano.it\\\/es\\\/el-consorzio-de-proteccion\\\/actores-clave-los-miembros-del-consorcio\\\/soc-agricola-f-lli-de-cao-s-s\\\/\"]}]},{\"@type\":\"ImageObject\",\"inLanguage\":\"es\",\"@id\":\"https:\\\/\\\/www.granapadano.it\\\/es\\\/el-consorzio-de-proteccion\\\/actores-clave-los-miembros-del-consorcio\\\/soc-agricola-f-lli-de-cao-s-s\\\/#primaryimage\",\"url\":\"https:\\\/\\\/granapadano.kleecks-cdn.com\\\/wp-content\\\/uploads\\\/2025\\\/01\\\/1.png\",\"contentUrl\":\"https:\\\/\\\/granapadano.kleecks-cdn.com\\\/wp-content\\\/uploads\\\/2025\\\/01\\\/1.png\",\"width\":511,\"height\":367},{\"@type\":\"BreadcrumbList\",\"@id\":\"https:\\\/\\\/www.granapadano.it\\\/es\\\/el-consorzio-de-proteccion\\\/actores-clave-los-miembros-del-consorcio\\\/soc-agricola-f-lli-de-cao-s-s\\\/#breadcrumb\",\"itemListElement\":[{\"@type\":\"ListItem\",\"position\":1,\"name\":\"Home\",\"item\":\"https:\\\/\\\/www.granapadano.it\\\/es\\\/\"},{\"@type\":\"ListItem\",\"position\":2,\"name\":\"Soc. Agricola F.lli De Cao S.S.\"}]},{\"@type\":\"WebSite\",\"@id\":\"https:\\\/\\\/www.granapadano.it\\\/es\\\/#website\",\"url\":\"https:\\\/\\\/www.granapadano.it\\\/es\\\/\",\"name\":\"Grana Padano\",\"description\":\"\",\"potentialAction\":[{\"@type\":\"SearchAction\",\"target\":{\"@type\":\"EntryPoint\",\"urlTemplate\":\"https:\\\/\\\/www.granapadano.it\\\/es\\\/?s={search_term_string}\"},\"query-input\":{\"@type\":\"PropertyValueSpecification\",\"valueRequired\":true,\"valueName\":\"search_term_string\"}}],\"inLanguage\":\"es\"}]}<\/script>\n<!-- \/ Yoast SEO plugin. -->","yoast_head_json":{"title":"Soc. Agricola F.lli De Cao S.S. - Grana Padano","description":"Matr\u00edcula: MN407 Ciudad: Romanore di Borgo Virgilio (MN)","robots":{"index":"index","follow":"follow","max-snippet":"max-snippet:-1","max-image-preview":"max-image-preview:large","max-video-preview":"max-video-preview:-1"},"canonical":"https:\/\/www.granapadano.it\/es\/el-consorzio-de-proteccion\/actores-clave-los-miembros-del-consorcio\/soc-agricola-f-lli-de-cao-s-s\/","og_locale":"es_ES","og_type":"article","og_title":"Soc. Agricola F.lli De Cao S.S.","og_description":"Matr\u00edcula: MN407 Ciudad: Romanore di Borgo Virgilio (MN)","og_url":"https:\/\/www.granapadano.it\/es\/el-consorzio-de-proteccion\/actores-clave-los-miembros-del-consorcio\/soc-agricola-f-lli-de-cao-s-s\/","og_site_name":"Grana Padano","article_modified_time":"2023-04-09T13:02:55+00:00","og_image":[{"width":511,"height":367,"url":"https:\/\/granapadano.kleecks-cdn.com\/wp-content\/uploads\/2023\/02\/thumb-consorziati-5-2.jpg","type":"image\/jpeg"}],"twitter_card":"summary_large_image","twitter_misc":{"Tiempo de lectura":"4 minutos"},"schema":{"@context":"https:\/\/schema.org","@graph":[{"@type":"WebPage","@id":"https:\/\/www.granapadano.it\/es\/el-consorzio-de-proteccion\/actores-clave-los-miembros-del-consorcio\/soc-agricola-f-lli-de-cao-s-s\/","url":"https:\/\/www.granapadano.it\/es\/el-consorzio-de-proteccion\/actores-clave-los-miembros-del-consorcio\/soc-agricola-f-lli-de-cao-s-s\/","name":"Soc. Agricola F.lli De Cao S.S. - Grana Padano","isPartOf":{"@id":"https:\/\/www.granapadano.it\/es\/#website"},"primaryImageOfPage":{"@id":"https:\/\/www.granapadano.it\/es\/el-consorzio-de-proteccion\/actores-clave-los-miembros-del-consorcio\/soc-agricola-f-lli-de-cao-s-s\/#primaryimage"},"image":{"@id":"https:\/\/www.granapadano.it\/es\/el-consorzio-de-proteccion\/actores-clave-los-miembros-del-consorcio\/soc-agricola-f-lli-de-cao-s-s\/#primaryimage"},"thumbnailUrl":"https:\/\/granapadano.kleecks-cdn.com\/wp-content\/uploads\/2025\/01\/1.png","datePublished":"2023-02-19T09:32:15+00:00","dateModified":"2023-04-09T13:02:55+00:00","description":"Matr\u00edcula: MN407 Ciudad: Romanore di Borgo Virgilio (MN)","breadcrumb":{"@id":"https:\/\/www.granapadano.it\/es\/el-consorzio-de-proteccion\/actores-clave-los-miembros-del-consorcio\/soc-agricola-f-lli-de-cao-s-s\/#breadcrumb"},"inLanguage":"es","potentialAction":[{"@type":"ReadAction","target":["https:\/\/www.granapadano.it\/es\/el-consorzio-de-proteccion\/actores-clave-los-miembros-del-consorcio\/soc-agricola-f-lli-de-cao-s-s\/"]}]},{"@type":"ImageObject","inLanguage":"es","@id":"https:\/\/www.granapadano.it\/es\/el-consorzio-de-proteccion\/actores-clave-los-miembros-del-consorcio\/soc-agricola-f-lli-de-cao-s-s\/#primaryimage","url":"https:\/\/granapadano.kleecks-cdn.com\/wp-content\/uploads\/2025\/01\/1.png","contentUrl":"https:\/\/granapadano.kleecks-cdn.com\/wp-content\/uploads\/2025\/01\/1.png","width":511,"height":367},{"@type":"BreadcrumbList","@id":"https:\/\/www.granapadano.it\/es\/el-consorzio-de-proteccion\/actores-clave-los-miembros-del-consorcio\/soc-agricola-f-lli-de-cao-s-s\/#breadcrumb","itemListElement":[{"@type":"ListItem","position":1,"name":"Home","item":"https:\/\/www.granapadano.it\/es\/"},{"@type":"ListItem","position":2,"name":"Soc. Agricola F.lli De Cao S.S."}]},{"@type":"WebSite","@id":"https:\/\/www.granapadano.it\/es\/#website","url":"https:\/\/www.granapadano.it\/es\/","name":"Grana Padano","description":"","potentialAction":[{"@type":"SearchAction","target":{"@type":"EntryPoint","urlTemplate":"https:\/\/www.granapadano.it\/es\/?s={search_term_string}"},"query-input":{"@type":"PropertyValueSpecification","valueRequired":true,"valueName":"search_term_string"}}],"inLanguage":"es"}]}},"_links":{"self":[{"href":"https:\/\/www.granapadano.it\/es\/wp-json\/wp\/v2\/consortium\/87430","targetHints":{"allow":["GET"]}}],"collection":[{"href":"https:\/\/www.granapadano.it\/es\/wp-json\/wp\/v2\/consortium"}],"about":[{"href":"https:\/\/www.granapadano.it\/es\/wp-json\/wp\/v2\/types\/consortium"}],"version-history":[{"count":3,"href":"https:\/\/www.granapadano.it\/es\/wp-json\/wp\/v2\/consortium\/87430\/revisions"}],"predecessor-version":[{"id":87570,"href":"https:\/\/www.granapadano.it\/es\/wp-json\/wp\/v2\/consortium\/87430\/revisions\/87570"}],"wp:featuredmedia":[{"embeddable":true,"href":"https:\/\/www.granapadano.it\/es\/wp-json\/wp\/v2\/media\/151947"}],"wp:attachment":[{"href":"https:\/\/www.granapadano.it\/es\/wp-json\/wp\/v2\/media?parent=87430"}],"wp:term":[{"taxonomy":"consortium_region","embeddable":true,"href":"https:\/\/www.granapadano.it\/es\/wp-json\/wp\/v2\/consortium_region?post=87430"},{"taxonomy":"tipologia","embeddable":true,"href":"https:\/\/www.granapadano.it\/es\/wp-json\/wp\/v2\/tipologia?post=87430"},{"taxonomy":"provincia","embeddable":true,"href":"https:\/\/www.granapadano.it\/es\/wp-json\/wp\/v2\/provincia?post=87430"},{"taxonomy":"servizi_online","embeddable":true,"href":"https:\/\/www.granapadano.it\/es\/wp-json\/wp\/v2\/servizi_online?post=87430"},{"taxonomy":"altro","embeddable":true,"href":"https:\/\/www.granapadano.it\/es\/wp-json\/wp\/v2\/altro?post=87430"}],"curies":[{"name":"wp","href":"https:\/\/api.w.org\/{rel}","templated":true}]}}