{"id":148809,"date":"2026-03-19T11:22:49","date_gmt":"2026-03-19T11:22:49","guid":{"rendered":"https:\/\/www.granapadano.it\/?page_id=148809"},"modified":"2026-03-19T11:23:23","modified_gmt":"2026-03-19T11:23:23","slug":"homepage-new-2026","status":"publish","type":"page","link":"https:\/\/www.granapadano.it\/en-en\/homepage-new-2026\/","title":{"rendered":"HomePage New 2026"},"content":{"rendered":"<p>[et_pb_section fb_built=&#8221;1&#8243; fullwidth=&#8221;on&#8221; disabled_on=&#8221;off|off|off&#8221; _builder_version=&#8221;4.27.6&#8243; _module_preset=&#8221;default&#8221; collapsed=&#8221;off&#8221; global_colors_info=&#8221;{}&#8221;][et_pb_fullwidth_slider disabled_on=&#8221;on|on|on&#8221; module_class=&#8221;hp_slider&#8221; _builder_version=&#8221;4.27.6&#8243; _module_preset=&#8221;default&#8221; header_font=&#8221;Merriweather|700|on||||||&#8221; header_font_size=&#8221;120px&#8221; header_line_height=&#8221;120px&#8221; body_font=&#8221;|700|||||||&#8221; body_font_size=&#8221;120px&#8221; body_line_height=&#8221;120px&#8221; background_color=&#8221;rgba(127,127,127,0)&#8221; background_image=&#8221;https:\/\/www.granapadano.it\/wp-content\/uploads\/2022\/11\/1-Mod.jpg&#8221; background_enable_video_mp4=&#8221;off&#8221; width_tablet=&#8221;&#8221; width_phone=&#8221;&#8221; width_last_edited=&#8221;on|phone&#8221; height=&#8221;765px&#8221; height_tablet=&#8221;700px&#8221; height_phone=&#8221;700px&#8221; height_last_edited=&#8221;on|phone&#8221; custom_margin=&#8221;||||false|false&#8221; custom_padding=&#8221;||0px||false|false&#8221; custom_padding_tablet=&#8221;||0px||false|false&#8221; custom_padding_phone=&#8221;||0px||false|false&#8221; custom_padding_last_edited=&#8221;on|desktop&#8221; header_font_size_tablet=&#8221;75px&#8221; header_font_size_phone=&#8221;40px&#8221; header_font_size_last_edited=&#8221;on|desktop&#8221; header_line_height_tablet=&#8221;75px&#8221; header_line_height_phone=&#8221;40px&#8221; header_line_height_last_edited=&#8221;on|phone&#8221; body_font_tablet=&#8221;Merriweather|900|||||||&#8221; body_font_phone=&#8221;Merriweather|900|||||||&#8221; body_font_last_edited=&#8221;on|phone&#8221; body_font_size_tablet=&#8221;75px&#8221; body_font_size_phone=&#8221;40px&#8221; body_font_size_last_edited=&#8221;on|phone&#8221; body_line_height_tablet=&#8221;75px&#8221; body_line_height_phone=&#8221;40px&#8221; body_line_height_last_edited=&#8221;on|desktop&#8221; disabled=&#8221;on&#8221; global_colors_info=&#8221;{}&#8221;][et_pb_slide button_text=&#8221;Scopri di pi\u00f9&#8221; use_bg_overlay=&#8221;on&#8221; use_text_overlay=&#8221;off&#8221; _builder_version=&#8221;4.27.5&#8243; _module_preset=&#8221;default&#8221; header_level=&#8221;h2&#8243; header_text_color=&#8221;#FFFFFF&#8221; header_font_size=&#8221;80px&#8221; header_line_height=&#8221;40px&#8221; body_font=&#8221;Merriweather|700|||||||&#8221; body_font_size=&#8221;60px&#8221; body_line_height=&#8221;60px&#8221; background_enable_color=&#8221;off&#8221; background_image=&#8221;https:\/\/www.granapadano.it\/wp-content\/uploads\/2025\/10\/GP_Header-HP-desk-v2.jpg&#8221; background_enable_image=&#8221;on&#8221; body_font_size_tablet=&#8221;40px&#8221; body_font_size_phone=&#8221;40px&#8221; body_font_size_last_edited=&#8221;on|desktop&#8221; body_line_height_tablet=&#8221;52px&#8221; body_line_height_phone=&#8221;52px&#8221; body_line_height_last_edited=&#8221;on|tablet&#8221; background_last_edited=&#8221;on|phone&#8221; background_image_tablet=&#8221;https:\/\/www.granapadano.it\/wp-content\/uploads\/2025\/09\/GP_Header-HP-desk.jpg&#8221; background_image_phone=&#8221;https:\/\/www.granapadano.it\/wp-content\/uploads\/2025\/10\/GP_Header-HP-mob-v2.jpg&#8221; background_enable_image_tablet=&#8221;on&#8221; background_enable_image_phone=&#8221;on&#8221; global_colors_info=&#8221;{}&#8221; sticky_transition=&#8221;on&#8221;]L\u2019emozione italiana<br \/> che ha fatto<br \/> innamorare il mondo[\/et_pb_slide][et_pb_slide use_bg_overlay=&#8221;on&#8221; use_text_overlay=&#8221;off&#8221; _builder_version=&#8221;4.21.0&#8243; _module_preset=&#8221;default&#8221; header_level=&#8221;h2&#8243; header_text_color=&#8221;#FFFFFF&#8221; header_font_size=&#8221;80px&#8221; header_line_height=&#8221;40px&#8221; body_font=&#8221;Merriweather|700|||||||&#8221; body_font_size=&#8221;60px&#8221; body_line_height=&#8221;60px&#8221; background_enable_color=&#8221;off&#8221; background_image=&#8221;https:\/\/www.granapadano.it\/wp-content\/uploads\/2023\/05\/Slider-2-h.jpg&#8221; background_enable_image=&#8221;on&#8221; body_font_size_tablet=&#8221;40px&#8221; body_font_size_phone=&#8221;40px&#8221; body_font_size_last_edited=&#8221;on|desktop&#8221; body_line_height_tablet=&#8221;52px&#8221; body_line_height_phone=&#8221;52px&#8221; body_line_height_last_edited=&#8221;on|tablet&#8221; background_last_edited=&#8221;on|phone&#8221; background_image_tablet=&#8221;https:\/\/www.granapadano.it\/wp-content\/uploads\/2023\/05\/Slider-2-t.jpg&#8221; background_image_phone=&#8221;https:\/\/www.granapadano.it\/wp-content\/uploads\/2023\/05\/Slider-2-m.jpg&#8221; background_enable_image_tablet=&#8221;on&#8221; background_enable_image_phone=&#8221;on&#8221; global_colors_info=&#8221;{}&#8221; sticky_transition=&#8221;on&#8221;]<\/p>\n<p>L\u2019emozione che<br \/>ha fatto innamorare<br \/>il mondo<\/p>\n<p>[\/et_pb_slide][\/et_pb_fullwidth_slider][et_pb_fullwidth_slider use_bg_overlay=&#8221;off&#8221; arrows_custom_color=&#8221;#000000&#8243; admin_label=&#8221;Fullwidth Slider&#8221; module_id=&#8221;new-home-page-slider&#8221; _builder_version=&#8221;4.27.6&#8243; _module_preset=&#8221;default&#8221; header_level=&#8221;h1&#8243; header_font=&#8221;&#8211;et_global_heading_font||||||||&#8221; background_image=&#8221;https:\/\/www.granapadano.it\/wp-content\/uploads\/2026\/03\/hero-image-scaled.webp&#8221; custom_button=&#8221;on&#8221; button_icon=&#8221;&#x24;||divi||400&#8243; button_on_hover=&#8221;off&#8221; button_alignment=&#8221;left&#8221; text_orientation=&#8221;left&#8221; min_height=&#8221;100vh&#8221; background_last_edited=&#8221;on|phone&#8221; global_colors_info=&#8221;{}&#8221;][et_pb_slide button_text=&#8221;Scopri di pi\u00f9&#8221; _builder_version=&#8221;4.27.6&#8243; _module_preset=&#8221;default&#8221; background_enable_color=&#8221;off&#8221; background_image=&#8221;https:\/\/www.granapadano.it\/wp-content\/uploads\/2026\/03\/hero-image-scaled.webp&#8221; background_enable_image=&#8221;on&#8221; background_enable_video_mp4=&#8221;off&#8221; background_enable_video_webm=&#8221;off&#8221; global_colors_info=&#8221;{}&#8221; sticky_transition=&#8221;on&#8221;]<\/p>\n<h5>NEXT<\/h5>\n<h3>Grana Padano Same Love<\/h3>\n<p>[\/et_pb_slide][et_pb_slide heading=&#8221;Grana Padano Same Love&#8221; button_text=&#8221;Scopri di pi\u00f9&#8221; _builder_version=&#8221;4.27.6&#8243; _module_preset=&#8221;default&#8221; background_image=&#8221;https:\/\/www.granapadano.it\/wp-content\/uploads\/2026\/03\/hero-image-scaled.webp&#8221; background_enable_image=&#8221;on&#8221; background_enable_video_mp4=&#8221;off&#8221; global_colors_info=&#8221;{}&#8221; sticky_transition=&#8221;on&#8221;]<\/p>\n<h5>NEXT<\/h5>\n<h3>Grana Padano Same Love<\/h3>\n<p>[\/et_pb_slide][\/et_pb_fullwidth_slider][\/et_pb_section][et_pb_section fb_built=&#8221;1&#8243; custom_padding_last_edited=&#8221;on|phone&#8221; admin_label=&#8221;Section&#8221; module_class=&#8221;grana-main-section&#8221; _builder_version=&#8221;4.27.6&#8243; _module_preset=&#8221;default&#8221; background_color=&#8221;#f9f1e4&#8243; module_alignment=&#8221;center&#8221; custom_margin=&#8221;||||false|false&#8221; custom_padding=&#8221;|40px|200px|40px|false|true&#8221; custom_padding_tablet=&#8221;0px||||false|false&#8221; custom_padding_phone=&#8221;30px||300px||false|false&#8221; locked=&#8221;off&#8221; global_colors_info=&#8221;{}&#8221;][et_pb_row _builder_version=&#8221;4.27.6&#8243; _module_preset=&#8221;default&#8221; width=&#8221;100%&#8221; max_width=&#8221;740px&#8221; custom_padding=&#8221;||||false|true&#8221; global_colors_info=&#8221;{}&#8221;][et_pb_column type=&#8221;4_4&#8243; admin_label=&#8221;Column&#8221; _builder_version=&#8221;4.27.6&#8243; _module_preset=&#8221;default&#8221; global_colors_info=&#8221;{}&#8221;][et_pb_heading title=&#8221;<span>Grana Padano<\/span> un\u2019emozione italiana&#8221; module_class=&#8221;h2&#8243; _builder_version=&#8221;4.27.6&#8243; _module_preset=&#8221;default&#8221; title_level=&#8221;h2&#8243; title_font=&#8221;&#8211;et_global_heading_font||||||||&#8221; title_text_align=&#8221;center&#8221; title_text_color=&#8221;gcid-cdd0517b-cb7c-4f63-9e4c-4eaf7d046da3&#8243; title_font_size=&#8221;32px&#8221; title_line_height=&#8221;1.6em&#8221; module_alignment=&#8221;center&#8221; global_colors_info=&#8221;{%22gcid-cdd0517b-cb7c-4f63-9e4c-4eaf7d046da3%22:%91%22title_text_color%22%93}&#8221;][\/et_pb_heading][et_pb_image src=&#8221;https:\/\/www.granapadano.it\/wp-content\/uploads\/2026\/03\/Img-container.png&#8221; title_text=&#8221;Img&#8221; align=&#8221;center&#8221; src_tablet=&#8221;https:\/\/www.granapadano.it\/wp-content\/uploads\/2026\/03\/Img-container.png&#8221; src_phone=&#8221;https:\/\/www.granapadano.it\/wp-content\/uploads\/2026\/03\/Img.svg&#8221; src_last_edited=&#8221;on|phone&#8221; disabled_on=&#8221;off|off|off&#8221; admin_label=&#8221;Image&#8221; module_class=&#8221;grana-bg-image&#8221; _builder_version=&#8221;4.27.6&#8243; _module_preset=&#8221;default&#8221; global_colors_info=&#8221;{}&#8221;][\/et_pb_image][\/et_pb_column][\/et_pb_row][et_pb_row column_structure=&#8221;1_3,1_3,1_3&#8243; use_custom_gutter=&#8221;on&#8221; admin_label=&#8221;Row&#8221; module_class=&#8221;grana-padano&#8221; _builder_version=&#8221;4.27.6&#8243; _module_preset=&#8221;default&#8221; width=&#8221;100%&#8221; max_width=&#8221;740px&#8221; global_colors_info=&#8221;{}&#8221;][et_pb_column type=&#8221;1_3&#8243; module_class=&#8221;grana-card&#8221; _builder_version=&#8221;4.27.6&#8243; _module_preset=&#8221;default&#8221; custom_padding=&#8221;|16px|||false|false&#8221; global_colors_info=&#8221;{}&#8221;][et_pb_image src=&#8221;https:\/\/www.granapadano.it\/wp-content\/uploads\/2026\/03\/Group-1.svg&#8221; title_text=&#8221;Group 1&#8243; align=&#8221;right&#8221; align_tablet=&#8221;right&#8221; align_phone=&#8221;left&#8221; align_last_edited=&#8221;on|phone&#8221; module_class=&#8221;mobile-view-image&#8221; _builder_version=&#8221;4.27.6&#8243; _module_preset=&#8221;default&#8221; border_radii=&#8221;off|||4px|&#8221; border_color_bottom=&#8221;gcid-46a7fd9b-e7e5-4c0a-b621-f5f3bcee3ed6&#8243; global_colors_info=&#8221;{%22gcid-46a7fd9b-e7e5-4c0a-b621-f5f3bcee3ed6%22:%91%22border_color_bottom%22%93}&#8221;][\/et_pb_image][et_pb_text module_class=&#8221;grana-heading&#8221; _builder_version=&#8221;4.27.6&#8243; _module_preset=&#8221;default&#8221; text_font=&#8221;&#8211;et_global_heading_font||||||||&#8221; text_text_color=&#8221;gcid-474d84bc-50ec-4e3a-b7c0-40656cd89ec4&#8243; text_font_size=&#8221;16px&#8221; text_line_height=&#8221;1.6em&#8221; header_3_text_align=&#8221;center&#8221; text_orientation=&#8221;center&#8221; custom_padding=&#8221;16px|16px|16px|16px|true|true&#8221; border_radii=&#8221;off|1px|||&#8221; border_color_top=&#8221;gcid-46a7fd9b-e7e5-4c0a-b621-f5f3bcee3ed6&#8243; global_colors_info=&#8221;{%22gcid-46a7fd9b-e7e5-4c0a-b621-f5f3bcee3ed6%22:%91%22border_color_top%22%93,%22gcid-474d84bc-50ec-4e3a-b7c0-40656cd89ec4%22:%91%22text_text_color%22%93}&#8221;]<\/p>\n<p><span>Naturalmente<\/span> senza lattosio<\/p>\n<p>[\/et_pb_text][\/et_pb_column][et_pb_column type=&#8221;1_3&#8243; module_class=&#8221;grana-card&#8221; _builder_version=&#8221;4.27.6&#8243; _module_preset=&#8221;default&#8221; custom_padding=&#8221;|16px||16px|false|true&#8221; global_colors_info=&#8221;{}&#8221;][et_pb_image src=&#8221;https:\/\/www.granapadano.it\/wp-content\/uploads\/2026\/03\/Group-1-1.svg&#8221; title_text=&#8221;Group 1&#8243; align=&#8221;center&#8221; disabled_on=&#8221;on|off|off&#8221; _builder_version=&#8221;4.27.6&#8243; _module_preset=&#8221;default&#8221; border_radii=&#8221;off|||4px|&#8221; border_color_bottom=&#8221;gcid-46a7fd9b-e7e5-4c0a-b621-f5f3bcee3ed6&#8243; global_colors_info=&#8221;{%22gcid-46a7fd9b-e7e5-4c0a-b621-f5f3bcee3ed6%22:%91%22border_color_bottom%22,%22border_color_bottom%22%93}&#8221;][\/et_pb_image][et_pb_text module_class=&#8221;grana-heading&#8221; _builder_version=&#8221;4.27.6&#8243; _module_preset=&#8221;default&#8221; text_font=&#8221;&#8211;et_global_heading_font||||||||&#8221; text_text_color=&#8221;gcid-474d84bc-50ec-4e3a-b7c0-40656cd89ec4&#8243; text_font_size=&#8221;16px&#8221; text_line_height=&#8221;1.6em&#8221; header_3_text_align=&#8221;center&#8221; text_orientation=&#8221;center&#8221; custom_padding=&#8221;16px|16px|16px|16px|true|true&#8221; border_radii=&#8221;off|1px|||&#8221; border_color_top=&#8221;gcid-46a7fd9b-e7e5-4c0a-b621-f5f3bcee3ed6&#8243; global_colors_info=&#8221;{%22gcid-46a7fd9b-e7e5-4c0a-b621-f5f3bcee3ed6%22:%91%22border_color_top%22,%22border_color_top%22%93,%22gcid-474d84bc-50ec-4e3a-b7c0-40656cd89ec4%22:%91%22text_text_color%22%93}&#8221;]Ricco di proteine[\/et_pb_text][\/et_pb_column][et_pb_column type=&#8221;1_3&#8243; module_class=&#8221;grana-card&#8221; _builder_version=&#8221;4.27.6&#8243; _module_preset=&#8221;default&#8221; custom_padding=&#8221;|||16px|false|false&#8221; global_colors_info=&#8221;{}&#8221;][et_pb_image src=&#8221;https:\/\/www.granapadano.it\/wp-content\/uploads\/2026\/03\/Group-1.svg&#8221; title_text=&#8221;Group 1&#8243; disabled_on=&#8221;on|off|off&#8221; _builder_version=&#8221;4.27.6&#8243; _module_preset=&#8221;default&#8221; border_radii=&#8221;off|||4px|&#8221; border_color_top=&#8221;gcid-46a7fd9b-e7e5-4c0a-b621-f5f3bcee3ed6&#8243; border_color_bottom=&#8221;gcid-46a7fd9b-e7e5-4c0a-b621-f5f3bcee3ed6&#8243; global_colors_info=&#8221;{%22gcid-46a7fd9b-e7e5-4c0a-b621-f5f3bcee3ed6%22:%91%22border_color_bottom%22,%22border_color_top%22%93,%22gcid-474d84bc-50ec-4e3a-b7c0-40656cd89ec4%22:%91%22text_text_color%22%93}&#8221;][\/et_pb_image][et_pb_text module_class=&#8221;grana-heading&#8221; _builder_version=&#8221;4.27.6&#8243; _module_preset=&#8221;default&#8221; text_font=&#8221;&#8211;et_global_heading_font||||||||&#8221; text_text_color=&#8221;gcid-474d84bc-50ec-4e3a-b7c0-40656cd89ec4&#8243; text_font_size=&#8221;16px&#8221; text_line_height=&#8221;1.6em&#8221; header_3_text_align=&#8221;center&#8221; text_orientation=&#8221;center&#8221; custom_padding=&#8221;16px|16px|16px|16px|true|true&#8221; border_radii=&#8221;off|1px|||&#8221; border_color_top=&#8221;gcid-46a7fd9b-e7e5-4c0a-b621-f5f3bcee3ed6&#8243; global_colors_info=&#8221;{%22gcid-46a7fd9b-e7e5-4c0a-b621-f5f3bcee3ed6%22:%91%22border_color_top%22,%22border_color_top%22%93,%22gcid-474d84bc-50ec-4e3a-b7c0-40656cd89ec4%22:%91%22text_text_color%22%93}&#8221;]<span>Ridotto contenuto di<\/span> grassi[\/et_pb_text][\/et_pb_column][\/et_pb_row][\/et_pb_section][et_pb_section fb_built=&#8221;1&#8243; _builder_version=&#8221;4.27.6&#8243; _module_preset=&#8221;default&#8221; custom_margin=&#8221;0px||0px||false|false&#8221; custom_padding=&#8221;0px||0px||false|false&#8221; global_colors_info=&#8221;{}&#8221;][et_pb_row column_structure=&#8221;1_4,1_4,1_4,1_4&#8243; _builder_version=&#8221;4.27.6&#8243; _module_preset=&#8221;default&#8221; custom_margin=&#8221;0px||0px||false|false&#8221; custom_padding=&#8221;0px||0px||false|false&#8221; custom_css_free_form=&#8221;.swb-top-la-dop-image{||  margin-top:-50px;||}||.big-number{||  font-size:80px !important;||}||.small-Milioni-text{||  font-size:24px !important;||}&#8221; global_colors_info=&#8221;{}&#8221;][et_pb_column type=&#8221;1_4&#8243; _builder_version=&#8221;4.27.6&#8243; _module_preset=&#8221;default&#8221; custom_padding=&#8221;16px|16px|16px|16px|false|false&#8221; global_colors_info=&#8221;{}&#8221;][et_pb_image src=&#8221;https:\/\/www.granapadano.it\/wp-content\/uploads\/2026\/03\/Icon-container-1.svg&#8221; title_text=&#8221;Icon container (1)&#8221; module_class=&#8221;swb-top-la-dop-image&#8221; _builder_version=&#8221;4.27.6&#8243; _module_preset=&#8221;default&#8221; width=&#8221;60px&#8221; max_width=&#8221;60px&#8221; module_alignment=&#8221;left&#8221; min_height=&#8221;60px&#8221; height=&#8221;60px&#8221; max_height=&#8221;60px&#8221; custom_margin=&#8221;||8px||false|false&#8221; global_colors_info=&#8221;{}&#8221;][\/et_pb_image][et_pb_heading title=&#8221;5,6 <span>Milioni<\/span>&#8221; admin_label=&#8221;Heading&#8221; module_class=&#8221;big-number&#8221; _builder_version=&#8221;4.27.6&#8243; _module_preset=&#8221;default&#8221; title_level=&#8221;h3&#8243; title_font=&#8221;&#8211;et_global_heading_font||||||||&#8221; title_text_align=&#8221;left&#8221; title_text_color=&#8221;gcid-cdd0517b-cb7c-4f63-9e4c-4eaf7d046da3&#8243; title_font_size=&#8221;80px&#8221; title_line_height=&#8221;1.2em&#8221; custom_margin=&#8221;0px|0px|16px|0px|false|false&#8221; title_font_size_tablet=&#8221;60px&#8221; title_font_size_phone=&#8221;40px&#8221; title_font_size_last_edited=&#8221;on|desktop&#8221; global_colors_info=&#8221;{%22gcid-cdd0517b-cb7c-4f63-9e4c-4eaf7d046da3%22:%91%22title_text_color%22,%22title_text_color%22,%22title_text_color%22,%22title_text_color%22,%22title_text_color%22%93}&#8221;][\/et_pb_heading][et_pb_text _builder_version=&#8221;4.27.6&#8243; _module_preset=&#8221;default&#8221; text_font=&#8221;&#8211;et_global_heading_font||||||||&#8221; text_text_color=&#8221;gcid-46a7fd9b-e7e5-4c0a-b621-f5f3bcee3ed6&#8243; text_font_size=&#8221;16px&#8221; text_line_height=&#8221;1.6em&#8221; global_colors_info=&#8221;{%22gcid-46a7fd9b-e7e5-4c0a-b621-f5f3bcee3ed6%22:%91%22text_text_color%22,%22text_text_color%22%93}&#8221;]forme totali prodotte nel 2024[\/et_pb_text][\/et_pb_column][et_pb_column type=&#8221;1_4&#8243; _builder_version=&#8221;4.27.6&#8243; _module_preset=&#8221;default&#8221; custom_padding=&#8221;16px|16px|16px|16px|false|false&#8221; global_colors_info=&#8221;{}&#8221;][et_pb_image src=&#8221;https:\/\/www.granapadano.it\/wp-content\/uploads\/2026\/03\/Icon-container-4.svg&#8221; title_text=&#8221;Icon container (4)&#8221; module_class=&#8221;swb-top-la-dop-image&#8221; _builder_version=&#8221;4.27.6&#8243; _module_preset=&#8221;default&#8221; width=&#8221;60px&#8221; max_width=&#8221;60px&#8221; module_alignment=&#8221;left&#8221; min_height=&#8221;60px&#8221; height=&#8221;60px&#8221; max_height=&#8221;60px&#8221; custom_margin=&#8221;||8px||false|false&#8221; global_colors_info=&#8221;{}&#8221;][\/et_pb_image][et_pb_heading title=&#8221;2,7 <span>Milioni<\/span>&#8221; module_class=&#8221;big-number&#8221; _builder_version=&#8221;4.27.6&#8243; _module_preset=&#8221;default&#8221; title_level=&#8221;h3&#8243; title_font=&#8221;&#8211;et_global_heading_font||||||||&#8221; title_text_align=&#8221;left&#8221; title_text_color=&#8221;gcid-cdd0517b-cb7c-4f63-9e4c-4eaf7d046da3&#8243; title_font_size=&#8221;80px&#8221; title_line_height=&#8221;1.2em&#8221; custom_margin=&#8221;0px|0px|16px|0px|false|false&#8221; title_font_size_tablet=&#8221;60px&#8221; title_font_size_phone=&#8221;40px&#8221; title_font_size_last_edited=&#8221;on|desktop&#8221; global_colors_info=&#8221;{%22gcid-cdd0517b-cb7c-4f63-9e4c-4eaf7d046da3%22:%91%22title_text_color%22,%22title_text_color%22,%22title_text_color%22%93}&#8221;][\/et_pb_heading][et_pb_text _builder_version=&#8221;4.27.6&#8243; _module_preset=&#8221;default&#8221; text_font=&#8221;&#8211;et_global_heading_font||||||||&#8221; text_text_color=&#8221;gcid-46a7fd9b-e7e5-4c0a-b621-f5f3bcee3ed6&#8243; text_font_size=&#8221;16px&#8221; text_line_height=&#8221;1.6em&#8221; global_colors_info=&#8221;{%22gcid-46a7fd9b-e7e5-4c0a-b621-f5f3bcee3ed6%22:%91%22text_text_color%22,%22text_text_color%22%93}&#8221;]forme esportate in tutto il mondo nel 2024[\/et_pb_text][\/et_pb_column][et_pb_column type=&#8221;1_4&#8243; admin_label=&#8221;Column&#8221; _builder_version=&#8221;4.27.6&#8243; _module_preset=&#8221;default&#8221; custom_padding=&#8221;16px|16px|16px|16px|false|false&#8221; global_colors_info=&#8221;{}&#8221;][et_pb_image src=&#8221;https:\/\/www.granapadano.it\/wp-content\/uploads\/2026\/03\/Icon-container-5.svg&#8221; title_text=&#8221;Icon container (5)&#8221; module_class=&#8221;swb-top-la-dop-image&#8221; _builder_version=&#8221;4.27.6&#8243; _module_preset=&#8221;default&#8221; width=&#8221;60px&#8221; max_width=&#8221;60px&#8221; module_alignment=&#8221;left&#8221; min_height=&#8221;60px&#8221; height=&#8221;60px&#8221; max_height=&#8221;60px&#8221; custom_margin=&#8221;||8px||false|false&#8221; global_colors_info=&#8221;{}&#8221;][\/et_pb_image][et_pb_heading title=&#8221;130 <span>+<\/span>&#8221; module_class=&#8221;big-number&#8221; _builder_version=&#8221;4.27.6&#8243; _module_preset=&#8221;default&#8221; title_level=&#8221;h3&#8243; title_font=&#8221;&#8211;et_global_heading_font||||||||&#8221; title_text_align=&#8221;left&#8221; title_text_color=&#8221;gcid-cdd0517b-cb7c-4f63-9e4c-4eaf7d046da3&#8243; title_font_size=&#8221;80px&#8221; title_line_height=&#8221;1.2em&#8221; custom_margin=&#8221;0px|0px|16px|0px|false|false&#8221; title_font_size_tablet=&#8221;60px&#8221; title_font_size_phone=&#8221;40px&#8221; title_font_size_last_edited=&#8221;on|desktop&#8221; global_colors_info=&#8221;{%22gcid-cdd0517b-cb7c-4f63-9e4c-4eaf7d046da3%22:%91%22title_text_color%22,%22title_text_color%22,%22title_text_color%22,%22title_text_color%22,%22title_text_color%22,%22title_text_color%22,%22title_text_color%22,%22title_text_color%22%93}&#8221;][\/et_pb_heading][et_pb_text _builder_version=&#8221;4.27.6&#8243; _module_preset=&#8221;default&#8221; text_font=&#8221;&#8211;et_global_heading_font||||||||&#8221; text_text_color=&#8221;gcid-46a7fd9b-e7e5-4c0a-b621-f5f3bcee3ed6&#8243; text_font_size=&#8221;16px&#8221; text_line_height=&#8221;1.6em&#8221; global_colors_info=&#8221;{%22gcid-46a7fd9b-e7e5-4c0a-b621-f5f3bcee3ed6%22:%91%22text_text_color%22,%22text_text_color%22%93}&#8221;]caseifici produttori[\/et_pb_text][\/et_pb_column][et_pb_column type=&#8221;1_4&#8243; _builder_version=&#8221;4.27.6&#8243; _module_preset=&#8221;default&#8221; custom_padding=&#8221;16px|16px|16px|16px|false|true&#8221; global_colors_info=&#8221;{}&#8221;][et_pb_image src=&#8221;https:\/\/www.granapadano.it\/wp-content\/uploads\/2026\/03\/Icon-container-6.svg&#8221; title_text=&#8221;Icon container (6)&#8221; module_class=&#8221;swb-top-la-dop-image&#8221; _builder_version=&#8221;4.27.6&#8243; _module_preset=&#8221;default&#8221; width=&#8221;60px&#8221; max_width=&#8221;60px&#8221; module_alignment=&#8221;left&#8221; min_height=&#8221;60px&#8221; height=&#8221;60px&#8221; max_height=&#8221;60px&#8221; custom_margin=&#8221;||8px||false|false&#8221; global_colors_info=&#8221;{}&#8221;][\/et_pb_image][et_pb_heading title=&#8221;50 <span>Mila<\/span>&#8221; admin_label=&#8221;Heading&#8221; module_class=&#8221;big-number&#8221; _builder_version=&#8221;4.27.6&#8243; _module_preset=&#8221;default&#8221; title_level=&#8221;h3&#8243; title_font=&#8221;&#8211;et_global_heading_font||||||||&#8221; title_text_align=&#8221;left&#8221; title_text_color=&#8221;gcid-cdd0517b-cb7c-4f63-9e4c-4eaf7d046da3&#8243; title_font_size=&#8221;80px&#8221; title_line_height=&#8221;1.2em&#8221; custom_margin=&#8221;0px|0px|16px|0px|false|false&#8221; title_font_size_tablet=&#8221;60px&#8221; title_font_size_phone=&#8221;40px&#8221; title_font_size_last_edited=&#8221;on|desktop&#8221; global_colors_info=&#8221;{%22gcid-cdd0517b-cb7c-4f63-9e4c-4eaf7d046da3%22:%91%22title_text_color%22,%22title_text_color%22,%22title_text_color%22,%22title_text_color%22%93}&#8221;][\/et_pb_heading][et_pb_text _builder_version=&#8221;4.27.6&#8243; _module_preset=&#8221;default&#8221; text_font=&#8221;&#8211;et_global_heading_font||||||||&#8221; text_text_color=&#8221;gcid-46a7fd9b-e7e5-4c0a-b621-f5f3bcee3ed6&#8243; text_font_size=&#8221;16px&#8221; text_line_height=&#8221;1.6em&#8221; global_colors_info=&#8221;{%22gcid-46a7fd9b-e7e5-4c0a-b621-f5f3bcee3ed6%22:%91%22text_text_color%22%93}&#8221;]addetti[\/et_pb_text][\/et_pb_column][\/et_pb_row][et_pb_row custom_padding_last_edited=&#8221;on|phone&#8221; _builder_version=&#8221;4.27.6&#8243; _module_preset=&#8221;default&#8221; custom_margin=&#8221;||||false|false&#8221; custom_padding=&#8221;50px|0px|0px|0px|false|false&#8221; custom_padding_tablet=&#8221;50px|0px|0px|0px|false|false&#8221; custom_padding_phone=&#8221;20px||||false|false&#8221; global_colors_info=&#8221;{}&#8221;][et_pb_column type=&#8221;4_4&#8243; _builder_version=&#8221;4.27.6&#8243; _module_preset=&#8221;default&#8221; custom_padding=&#8221;0px|0px|0px|0px|false|false&#8221; global_colors_info=&#8221;{}&#8221;][et_pb_button button_url=&#8221;\/la-dop\/&#8221; url_new_window=&#8221;on&#8221; button_text=&#8221;Scopri la DOP Grana Padano&#8221; button_alignment=&#8221;center&#8221; button_alignment_tablet=&#8221;left&#8221; button_alignment_phone=&#8221;left&#8221; button_alignment_last_edited=&#8221;on|tablet&#8221; module_class=&#8221;Brown-btn&#8221; _builder_version=&#8221;4.27.6&#8243; _module_preset=&#8221;default&#8221; custom_button=&#8221;on&#8221; button_text_size=&#8221;12px&#8221; button_text_color=&#8221;#f9f1e4&#8243; button_bg_color=&#8221;#876346&#8243; button_border_width=&#8221;0px&#8221; button_border_color=&#8221;RGBA(255,255,255,0)&#8221; button_border_radius=&#8221;0px&#8221; button_font=&#8221;&#8211;et_global_heading_font||||||||&#8221; button_icon=&#8221;&#x24;||divi||400&#8243; button_on_hover=&#8221;off&#8221; transform_scale=&#8221;86%|86%&#8221; custom_margin=&#8221;||||false|false&#8221; custom_padding=&#8221;16px|30px|16px|16px|true|false&#8221; global_colors_info=&#8221;{%22gcid-26f0371c-74dd-4e63-bbf8-f8ec94f09a6d%22:%91%22button_bg_color%22,%22button_bg_color__hover%22,%22button_bg_color__hover%22%93}&#8221; button_text_color__hover=&#8221;#000000&#8243; button_text_color__hover_enabled=&#8221;on|desktop&#8221; button_bg_color__hover=&#8221;#ffdc00&#8243; button_bg_color__hover_enabled=&#8221;on|hover&#8221;][\/et_pb_button][\/et_pb_column][\/et_pb_row][\/et_pb_section][et_pb_section fb_built=&#8221;1&#8243; _builder_version=&#8221;4.27.6&#8243; _module_preset=&#8221;default&#8221; custom_margin_tablet=&#8221;0px||0px||true|false&#8221; custom_margin_phone=&#8221;|20px||0px|false|false&#8221; custom_margin_last_edited=&#8221;on|tablet&#8221; custom_padding=&#8221;0px||0px||true|false&#8221; global_colors_info=&#8221;{}&#8221;][et_pb_row column_structure=&#8221;1_2,1_2&#8243; module_class=&#8221;stare-bene&#8221; _builder_version=&#8221;4.27.6&#8243; _module_preset=&#8221;default&#8221; custom_margin_tablet=&#8221;&#8221; custom_margin_phone=&#8221;||||false|true&#8221; custom_margin_last_edited=&#8221;on|phone&#8221; global_colors_info=&#8221;{}&#8221;][et_pb_column type=&#8221;1_2&#8243; _builder_version=&#8221;4.27.6&#8243; _module_preset=&#8221;default&#8221; background_enable_image=&#8221;off&#8221; custom_padding=&#8221;|0px|100px||false|false&#8221; custom_padding_tablet=&#8221;||0px||false|false&#8221; custom_padding_phone=&#8221;||0px||false|false&#8221; custom_padding_last_edited=&#8221;on|tablet&#8221; custom_css_main_element=&#8221;\/*height: 1000px;*\/||display: flex;||flex-direction: column;||justify-content: flex-end;||&#8221; global_colors_info=&#8221;{}&#8221;][et_pb_image src=&#8221;https:\/\/www.granapadano.it\/wp-content\/uploads\/2026\/02\/Imgverticalbi.jpeg&#8221; title_text=&#8221;Imgverticalbi&#8221; _builder_version=&#8221;4.27.6&#8243; _module_preset=&#8221;default&#8221; custom_margin=&#8221;||0px||false|false&#8221; global_colors_info=&#8221;{}&#8221;][\/et_pb_image][et_pb_image src=&#8221;https:\/\/www.granapadano.it\/wp-content\/uploads\/2026\/02\/310b3fb389b0b83f4be1f09fad3822f4e6867fa.jpeg&#8221; title_text=&#8221;310b3fb389b0b83f4be1f09fad3822f4e6867fa&#8221; _builder_version=&#8221;4.27.6&#8243; _module_preset=&#8221;default&#8221; custom_margin=&#8221;48px||||false|false&#8221; global_colors_info=&#8221;{}&#8221;][\/et_pb_image][\/et_pb_column][et_pb_column type=&#8221;1_2&#8243; _builder_version=&#8221;4.27.6&#8243; _module_preset=&#8221;default&#8221; custom_padding=&#8221;|||0px|false|false&#8221; custom_padding_tablet=&#8221;|||0px|false|false&#8221; custom_padding_phone=&#8221;|2px||2px|false|true&#8221; custom_padding_last_edited=&#8221;on|phone&#8221; global_colors_info=&#8221;{}&#8221;][et_pb_image src=&#8221;https:\/\/www.granapadano.it\/wp-content\/uploads\/2026\/02\/1ce68b8cfbeff01f0f039590efe40f92bb2131a.jpeg&#8221; title_text=&#8221;1ce68b8cfbeff01f0f039590efe40f92bb2131a&#8221; _builder_version=&#8221;4.27.6&#8243; _module_preset=&#8221;default&#8221; custom_margin=&#8221;||100px||false|false&#8221; custom_margin_tablet=&#8221;||0px||false|false&#8221; custom_margin_phone=&#8221;||0px||false|false&#8221; custom_margin_last_edited=&#8221;on|phone&#8221; global_colors_info=&#8221;{}&#8221;][\/et_pb_image][et_pb_heading title=&#8221;L\u2019emozione italiana che fa stare bene&#8221; _builder_version=&#8221;4.27.6&#8243; _module_preset=&#8221;default&#8221; title_level=&#8221;h3&#8243; title_font=&#8221;&#8211;et_global_heading_font||||||||&#8221; title_text_color=&#8221;gcid-cdd0517b-cb7c-4f63-9e4c-4eaf7d046da3&#8243; title_font_size=&#8221;24px&#8221; title_line_height=&#8221;1.6em&#8221; width_tablet=&#8221;&#8221; width_phone=&#8221;&#8221; width_last_edited=&#8221;on|phone&#8221; custom_margin=&#8221;||24px||false|false&#8221; custom_margin_tablet=&#8221;30px||||false|false&#8221; custom_margin_phone=&#8221;30px||||false|false&#8221; custom_margin_last_edited=&#8221;on|desktop&#8221; title_font_size_tablet=&#8221;24px&#8221; title_font_size_phone=&#8221;20px&#8221; title_font_size_last_edited=&#8221;on|phone&#8221; global_colors_info=&#8221;{%22gcid-cdd0517b-cb7c-4f63-9e4c-4eaf7d046da3%22:%91%22title_text_color%22%93}&#8221;][\/et_pb_heading][et_pb_heading title=&#8221;Quando ti fa sentire bene. Quando ti spinge a dare il meglio. Allora \u00e8 amore. Allora \u00e8 Grana Padano. Ricco di calcio, proteine, con meno grassi e naturalmente senza lattosio. \u00c8 il formaggio italiano che ha conquistato il mondo.&#8221; _builder_version=&#8221;4.27.6&#8243; _module_preset=&#8221;default&#8221; title_level=&#8221;h4&#8243; title_font=&#8221;&#8211;et_global_heading_font||||||||&#8221; title_text_color=&#8221;gcid-1348e451-19ce-4058-bc76-a997830aaae3&#8243; title_font_size=&#8221;16px&#8221; title_line_height=&#8221;1.6em&#8221; width=&#8221;426px&#8221; width_tablet=&#8221;&#8221; width_phone=&#8221;&#8221; width_last_edited=&#8221;on|tablet&#8221; custom_margin_tablet=&#8221;&#8221; custom_margin_phone=&#8221;&#8221; custom_margin_last_edited=&#8221;on|phone&#8221; global_colors_info=&#8221;{%22gcid-1348e451-19ce-4058-bc76-a997830aaae3%22:%91%22title_text_color%22%93}&#8221;][\/et_pb_heading][et_pb_button button_url=&#8221;#&#8221; url_new_window=&#8221;on&#8221; button_text=&#8221;Scopri le propriet\u00e0 di Grana Padano&#8221; button_alignment=&#8221;left&#8221; module_class=&#8221;Brown-btn&#8221; _builder_version=&#8221;4.27.6&#8243; _module_preset=&#8221;default&#8221; custom_button=&#8221;on&#8221; button_text_size=&#8221;12px&#8221; button_text_color=&#8221;#f9f1e4&#8243; button_bg_color=&#8221;#876346&#8243; button_border_width=&#8221;0px&#8221; button_border_color=&#8221;RGBA(255,255,255,0)&#8221; button_border_radius=&#8221;0px&#8221; button_font=&#8221;&#8211;et_global_heading_font||||||||&#8221; button_icon=&#8221;&#x24;||divi||400&#8243; button_on_hover=&#8221;off&#8221; transform_scale=&#8221;86%|86%&#8221; custom_margin=&#8221;||||false|false&#8221; custom_padding=&#8221;16px|30px|16px|16px|true|false&#8221; global_colors_info=&#8221;{%22gcid-26f0371c-74dd-4e63-bbf8-f8ec94f09a6d%22:%91%22button_bg_color%22%93,%22gcid-46a7fd9b-e7e5-4c0a-b621-f5f3bcee3ed6%22:%91%22button_bg_color%22%93}&#8221; button_text_color__hover_enabled=&#8221;on|desktop&#8221; button_bg_color__hover_enabled=&#8221;on|hover&#8221; button_bg_enable_color__hover=&#8221;on&#8221; button_text_color__hover=&#8221;#f9f1e4&#8243; button_bg_color__hover=&#8221;#876346&#8243;][\/et_pb_button][\/et_pb_column][\/et_pb_row][\/et_pb_section][et_pb_section fb_built=&#8221;1&#8243; disabled_on=&#8221;off|off|off&#8221; module_class=&#8221;abbinarlo_banner_section&#8221; _builder_version=&#8221;4.27.4&#8243; _module_preset=&#8221;default&#8221; background_image=&#8221;https:\/\/www.granapadano.it\/wp-content\/uploads\/2025\/10\/Gp_HP-IM-Section-2.jpg&#8221; min_height=&#8221;589.5px&#8221; custom_padding=&#8221;110px||110px||false|false&#8221; background_last_edited=&#8221;on|tablet&#8221; background_image_tablet=&#8221;https:\/\/www.granapadano.it\/wp-content\/uploads\/2025\/10\/Gp_HP-IM-Section-2-MOBILE.jpg&#8221; background_image_phone=&#8221;https:\/\/www.granapadano.it\/wp-content\/uploads\/2025\/10\/Gp_HP-IM-Section-2-MOBILE.jpg&#8221; background_enable_image_tablet=&#8221;on&#8221; background_enable_image_phone=&#8221;on&#8221; locked=&#8221;off&#8221; global_colors_info=&#8221;{}&#8221;][et_pb_row module_class=&#8221;gp_hero_section&#8221; _builder_version=&#8221;4.27.6&#8243; _module_preset=&#8221;default&#8221; custom_margin=&#8221;|auto||auto|false|false&#8221; custom_padding=&#8221;5px|32px|10px|32px|false|true&#8221; global_colors_info=&#8221;{}&#8221;][et_pb_column type=&#8221;4_4&#8243; _builder_version=&#8221;4.19.1&#8243; _module_preset=&#8221;default&#8221; custom_padding=&#8221;||||false|false&#8221; global_colors_info=&#8221;{}&#8221;][et_pb_heading title=&#8221;<span>Grana Padano Sponsor di<\/span> Milano Cortina 2026&#8243; module_class=&#8221;br&#8221; _builder_version=&#8221;4.27.6&#8243; _module_preset=&#8221;default&#8221; title_level=&#8221;h2&#8243; title_font=&#8221;&#8211;et_global_heading_font||||||||&#8221; title_text_align=&#8221;left&#8221; title_text_color=&#8221;#FFFFFF&#8221; title_font_size=&#8221;32px&#8221; title_line_height=&#8221;1.6em&#8221; custom_margin=&#8221;||||false|false&#8221; title_font_size_tablet=&#8221;32px&#8221; title_font_size_phone=&#8221;24px&#8221; title_font_size_last_edited=&#8221;on|phone&#8221; global_colors_info=&#8221;{}&#8221;][\/et_pb_heading][et_pb_button button_url=&#8221;#&#8221; button_text=&#8221;Scopri di pi\u00f9&#8221; button_alignment=&#8221;left&#8221; module_class=&#8221;yellow-btn&#8221; _builder_version=&#8221;4.27.6&#8243; _module_preset=&#8221;default&#8221; custom_button=&#8221;on&#8221; button_text_size=&#8221;12px&#8221; button_text_color=&#8221;gcid-cdd0517b-cb7c-4f63-9e4c-4eaf7d046da3&#8243; button_bg_color=&#8221;#ffdc00&#8243; button_border_width=&#8221;0px&#8221; button_border_radius=&#8221;0px&#8221; button_font=&#8221;&#8211;et_global_heading_font||||||||&#8221; button_icon=&#8221;&#x24;||divi||400&#8243; button_icon_color=&#8221;gcid-cdd0517b-cb7c-4f63-9e4c-4eaf7d046da3&#8243; button_on_hover=&#8221;off&#8221; custom_margin=&#8221;32px||||false|false&#8221; custom_padding=&#8221;13px|30px|13px|16px|true|false&#8221; global_colors_info=&#8221;{%22gcid-cdd0517b-cb7c-4f63-9e4c-4eaf7d046da3%22:%91%22button_text_color%22,%22button_icon_color%22,%22button_text_color%22,%22button_icon_color%22%93,%22gcid-46a7fd9b-e7e5-4c0a-b621-f5f3bcee3ed6%22:%91%22button_text_color%22%93}&#8221;][\/et_pb_button][et_pb_image src=&#8221;https:\/\/www.granapadano.it\/wp-content\/uploads\/2026\/03\/Milano-Cortina.png&#8221; title_text=&#8221;Milano Cortina&#8221; disabled_on=&#8221;off|off|off&#8221; admin_label=&#8221;Image&#8221; _builder_version=&#8221;4.27.6&#8243; _module_preset=&#8221;default&#8221; max_width=&#8221;200px&#8221; custom_margin=&#8221;200px||||false|false&#8221; global_colors_info=&#8221;{}&#8221;][\/et_pb_image][\/et_pb_column][\/et_pb_row][\/et_pb_section][et_pb_section fb_built=&#8221;1&#8243; custom_padding_last_edited=&#8221;on|tablet&#8221; _builder_version=&#8221;4.27.6&#8243; _module_preset=&#8221;default&#8221; custom_padding_tablet=&#8221;20px||20px||true|true&#8221; custom_padding_phone=&#8221;20px||20px||true|true&#8221; global_colors_info=&#8221;{}&#8221;][et_pb_row column_structure=&#8221;1_2,1_2&#8243; module_class=&#8221;new-la-dop-page&#8221; _builder_version=&#8221;4.27.6&#8243; _module_preset=&#8221;default&#8221; custom_margin=&#8221;||||false|false&#8221; custom_padding=&#8221;||||false|false&#8221; locked=&#8221;off&#8221; global_colors_info=&#8221;{}&#8221;][et_pb_column type=&#8221;1_2&#8243; module_class=&#8221;items&#8221; admin_label=&#8221;Column&#8221; _builder_version=&#8221;4.27.6&#8243; _module_preset=&#8221;default&#8221; background_image=&#8221;https:\/\/www.granapadano.it\/wp-content\/uploads\/2026\/03\/Banner-1.png&#8221; custom_padding=&#8221;||||false|false&#8221; global_colors_info=&#8221;{}&#8221;][et_pb_heading title=&#8221;I nostri consorziati&#8221; _builder_version=&#8221;4.27.6&#8243; _module_preset=&#8221;default&#8221; title_level=&#8221;h3&#8243; title_font=&#8221;&#8211;et_global_heading_font||||||||&#8221; title_text_align=&#8221;center&#8221; title_text_color=&#8221;#FFFFFF&#8221; title_font_size=&#8221;24px&#8221; title_line_height=&#8221;1.6em&#8221; custom_margin=&#8221;||40px||false|false&#8221; global_colors_info=&#8221;{}&#8221;][\/et_pb_heading][et_pb_button button_url=&#8221;#&#8221; button_text=&#8221;Scopri i nostri consorziati&#8221; button_alignment=&#8221;left&#8221; module_class=&#8221;yellow-btn&#8221; _builder_version=&#8221;4.27.6&#8243; _module_preset=&#8221;default&#8221; custom_button=&#8221;on&#8221; button_text_size=&#8221;12px&#8221; button_text_color=&#8221;gcid-cdd0517b-cb7c-4f63-9e4c-4eaf7d046da3&#8243; button_bg_color=&#8221;#ffdc00&#8243; button_border_width=&#8221;0px&#8221; button_border_radius=&#8221;0px&#8221; button_font=&#8221;&#8211;et_global_heading_font||||||||&#8221; button_icon=&#8221;&#x24;||divi||400&#8243; button_icon_color=&#8221;gcid-cdd0517b-cb7c-4f63-9e4c-4eaf7d046da3&#8243; button_on_hover=&#8221;off&#8221; custom_margin=&#8221;32px||||false|false&#8221; custom_padding=&#8221;13px|30px|13px|16px|true|false&#8221; global_colors_info=&#8221;{%22gcid-cdd0517b-cb7c-4f63-9e4c-4eaf7d046da3%22:%91%22button_text_color%22,%22button_icon_color%22,%22button_text_color%22,%22button_icon_color%22%93,%22gcid-46a7fd9b-e7e5-4c0a-b621-f5f3bcee3ed6%22:%91%22button_text_color%22,%22button_text_color%22%93}&#8221;][\/et_pb_button][\/et_pb_column][et_pb_column type=&#8221;1_2&#8243; module_class=&#8221;items&#8221; _builder_version=&#8221;4.27.6&#8243; _module_preset=&#8221;default&#8221; background_image=&#8221;https:\/\/www.granapadano.it\/wp-content\/uploads\/2026\/03\/Banner-2.png&#8221; custom_padding=&#8221;||||false|false&#8221; global_colors_info=&#8221;{}&#8221;][et_pb_heading title=&#8221;Buono in ogni forma&#8221; _builder_version=&#8221;4.27.6&#8243; _module_preset=&#8221;default&#8221; title_level=&#8221;h3&#8243; title_font=&#8221;&#8211;et_global_heading_font||||||||&#8221; title_text_align=&#8221;center&#8221; title_text_color=&#8221;#FFFFFF&#8221; title_font_size=&#8221;24px&#8221; title_line_height=&#8221;1.6em&#8221; custom_margin=&#8221;||40px||false|false&#8221; global_colors_info=&#8221;{}&#8221;][\/et_pb_heading][et_pb_button button_url=&#8221;#&#8221; button_text=&#8221;Scopri i nostri consorziati&#8221; button_alignment=&#8221;left&#8221; disabled_on=&#8221;on|on|on&#8221; admin_label=&#8221;Button&#8221; module_class=&#8221;yellow-btn&#8221; _builder_version=&#8221;4.27.6&#8243; _module_preset=&#8221;default&#8221; custom_button=&#8221;on&#8221; button_text_size=&#8221;12px&#8221; button_text_color=&#8221;gcid-cdd0517b-cb7c-4f63-9e4c-4eaf7d046da3&#8243; button_bg_color=&#8221;#ffdc00&#8243; button_border_width=&#8221;0px&#8221; button_border_radius=&#8221;0px&#8221; button_font=&#8221;&#8211;et_global_heading_font||||||||&#8221; button_icon=&#8221;&#x24;||divi||400&#8243; button_icon_color=&#8221;gcid-cdd0517b-cb7c-4f63-9e4c-4eaf7d046da3&#8243; button_on_hover=&#8221;off&#8221; custom_margin=&#8221;32px||||false|false&#8221; custom_padding=&#8221;13px|30px|13px|16px|true|false&#8221; disabled=&#8221;on&#8221; global_colors_info=&#8221;{%22gcid-cdd0517b-cb7c-4f63-9e4c-4eaf7d046da3%22:%91%22button_text_color%22,%22button_icon_color%22,%22button_text_color%22,%22button_icon_color%22%93,%22gcid-46a7fd9b-e7e5-4c0a-b621-f5f3bcee3ed6%22:%91%22button_text_color%22,%22button_text_color%22%93}&#8221;][\/et_pb_button][et_pb_button button_text=&#8221;Scopri le propriet\u00e0&#8221; button_alignment=&#8221;left&#8221; module_class=&#8221;yellow-btn&#8221; _builder_version=&#8221;4.27.6&#8243; _module_preset=&#8221;default&#8221; custom_button=&#8221;on&#8221; button_text_size=&#8221;12px&#8221; button_text_color=&#8221;gcid-cdd0517b-cb7c-4f63-9e4c-4eaf7d046da3&#8243; button_bg_color=&#8221;#ffdc00&#8243; button_border_width=&#8221;0px&#8221; button_border_radius=&#8221;0px&#8221; button_font=&#8221;&#8211;et_global_heading_font||||||||&#8221; button_icon=&#8221;&#x24;||divi||400&#8243; button_icon_color=&#8221;gcid-cdd0517b-cb7c-4f63-9e4c-4eaf7d046da3&#8243; button_on_hover=&#8221;off&#8221; custom_margin=&#8221;32px||||false|false&#8221; custom_padding=&#8221;13px|30px|13px|16px|true|false&#8221; global_colors_info=&#8221;{%22gcid-cdd0517b-cb7c-4f63-9e4c-4eaf7d046da3%22:%91%22button_text_color%22,%22button_icon_color%22,%22button_text_color%22,%22button_icon_color%22%93,%22gcid-46a7fd9b-e7e5-4c0a-b621-f5f3bcee3ed6%22:%91%22button_text_color%22,%22button_text_color%22%93}&#8221;][\/et_pb_button][\/et_pb_column][\/et_pb_row][\/et_pb_section][et_pb_section fb_built=&#8221;1&#8243; module_class=&#8221;racipes-slider&#8221; _builder_version=&#8221;4.27.6&#8243; _module_preset=&#8221;default&#8221; custom_margin=&#8221;0px|0px|0px|0px|false|false&#8221; custom_padding=&#8221;0px|0px|0px|0px|false|false&#8221; global_colors_info=&#8221;{}&#8221;][et_pb_row _builder_version=&#8221;4.27.6&#8243; _module_preset=&#8221;default&#8221; width=&#8221;100%&#8221; module_alignment=&#8221;center&#8221; custom_margin=&#8221;0px|0px|0px|0px|false|false&#8221; custom_padding=&#8221;0px|0px|0px|0px|false|false&#8221; global_colors_info=&#8221;{}&#8221;][et_pb_column type=&#8221;4_4&#8243; _builder_version=&#8221;4.27.6&#8243; _module_preset=&#8221;default&#8221; global_colors_info=&#8221;{}&#8221;][et_pb_code _builder_version=&#8221;4.27.6&#8243; _module_preset=&#8221;default&#8221; custom_margin=&#8221;0px|0px|0px|0px|false|false&#8221; custom_padding=&#8221;0px|0px|0px|0px|false|false&#8221; global_colors_info=&#8221;{}&#8221;]<div class=\"hp-recipe-slider-wrapper\">        <div class=\"hp-recipe-slider-section\">\n            <div class=\"hp-recipe-slider\">\n                <div class=\"recipe-slide\">\n\n                                            <div class=\"slider-bg-image\">\n                            <img decoding=\"async\" loading=\"lazy\" src=\"https:\/\/granapadano.kleecks-cdn.com\/wp-content\/uploads\/2026\/03\/GP_tradizione_Italiana.png\" alt=\"Italian Tradition\">\n                        <\/div>\n                    \n                    <div class=\"recipe-overlay\">\n\n                        <h2>Italian Tradition<\/h2>\n\n                        <p>\n                            The unmistakable taste of Grana Padano PDO has always accompanied the great classics of Italian culinary tradition.                        <\/p>\n\n                        <a class=\"recipe-btn yellow-btn\"\n                           href=\"https:\/\/www.granapadano.it\/en-en\/recipes\/italian-tradition\/\"\n                           rel=\"noopener noreferrer\">\n\n                           Discover the recipes\n                           <svg width=\"7\" height=\"6\" viewBox=\"0 0 7 6\">\n                               <path d=\"M6.79688 3.15625L4 5.95312L3.64062 5.59375L6.01562 3.21875H0V2.71875H6.01562L3.8125 0.53125L3.64062 0.34375L4 0L6.96875 2.96875L6.79688 3.15625Z\" fill=\"#44392B\"\/>\n                           <\/svg>\n\n                        <\/a>\n\n                    <\/div>\n\n                <\/div>\n            <\/div>\n        <\/div>\n                <div class=\"hp-recipe-slider-section\">\n            <div class=\"hp-recipe-slider\">\n                <div class=\"recipe-slide\">\n\n                                            <div class=\"slider-bg-image\">\n                            <img decoding=\"async\" loading=\"lazy\" src=\"https:\/\/granapadano.kleecks-cdn.com\/wp-content\/uploads\/2026\/03\/GP_Healty2.png\" alt=\"Health and Sport\">\n                        <\/div>\n                    \n                    <div class=\"recipe-overlay\">\n\n                        <h2>Health and Sport<\/h2>\n\n                        <p>\n                            Thanks to its outstanding nutritional values, Grana Padano PDO is the ideal ingredient for balanced, nutritious and tasty dishes.                        <\/p>\n\n                        <a class=\"recipe-btn yellow-btn\"\n                           href=\"https:\/\/www.granapadano.it\/en-en\/recipes\/health-and-sport\/\"\n                           rel=\"noopener noreferrer\">\n\n                           Discover the recipes\n                           <svg width=\"7\" height=\"6\" viewBox=\"0 0 7 6\">\n                               <path d=\"M6.79688 3.15625L4 5.95312L3.64062 5.59375L6.01562 3.21875H0V2.71875H6.01562L3.8125 0.53125L3.64062 0.34375L4 0L6.96875 2.96875L6.79688 3.15625Z\" fill=\"#44392B\"\/>\n                           <\/svg>\n\n                        <\/a>\n\n                    <\/div>\n\n                <\/div>\n            <\/div>\n        <\/div>\n                <div class=\"hp-recipe-slider-section\">\n            <div class=\"hp-recipe-slider\">\n                <div class=\"recipe-slide\">\n\n                                            <div class=\"slider-bg-image\">\n                            <img decoding=\"async\" loading=\"lazy\" src=\"https:\/\/granapadano.kleecks-cdn.com\/wp-content\/uploads\/2026\/03\/GP_Snack.png\" alt=\"Aperisnack and Light Bites\">\n                        <\/div>\n                    \n                    <div class=\"recipe-overlay\">\n\n                        <h2>Aperisnack and Light Bites<\/h2>\n\n                        <p>\n                            Whether it\u2019s an aperitif or a snack, Grana Padano turns every bite into a special moment.                        <\/p>\n\n                        <a class=\"recipe-btn yellow-btn\"\n                           href=\"https:\/\/www.granapadano.it\/en-en\/recipes\/aperisnack-and-light-bites\/\"\n                           rel=\"noopener noreferrer\">\n\n                           Discover the recipes\n                           <svg width=\"7\" height=\"6\" viewBox=\"0 0 7 6\">\n                               <path d=\"M6.79688 3.15625L4 5.95312L3.64062 5.59375L6.01562 3.21875H0V2.71875H6.01562L3.8125 0.53125L3.64062 0.34375L4 0L6.96875 2.96875L6.79688 3.15625Z\" fill=\"#44392B\"\/>\n                           <\/svg>\n\n                        <\/a>\n\n                    <\/div>\n\n                <\/div>\n            <\/div>\n        <\/div>\n                <div class=\"hp-recipe-slider-section\">\n            <div class=\"hp-recipe-slider\">\n                <div class=\"recipe-slide\">\n\n                                            <div class=\"slider-bg-image\">\n                            <img decoding=\"async\" loading=\"lazy\" src=\"https:\/\/granapadano.kleecks-cdn.com\/wp-content\/uploads\/2026\/03\/GP_Abinamenti.png\" alt=\"Pairings\">\n                        <\/div>\n                    \n                    <div class=\"recipe-overlay\">\n\n                        <h2>Pairings<\/h2>\n\n                        <p>\n                            The versatility of Grana Padano DOP is expressed through surprising combinations with typical ingredients of Italian cuisine.                        <\/p>\n\n                        <a class=\"recipe-btn yellow-btn\"\n                           href=\"https:\/\/www.granapadano.it\/en-en\/recipes\/pairings\/\"\n                           rel=\"noopener noreferrer\">\n\n                           Discover the recipes\n                           <svg width=\"7\" height=\"6\" viewBox=\"0 0 7 6\">\n                               <path d=\"M6.79688 3.15625L4 5.95312L3.64062 5.59375L6.01562 3.21875H0V2.71875H6.01562L3.8125 0.53125L3.64062 0.34375L4 0L6.96875 2.96875L6.79688 3.15625Z\" fill=\"#44392B\"\/>\n                           <\/svg>\n\n                        <\/a>\n\n                    <\/div>\n\n                <\/div>\n            <\/div>\n        <\/div>\n        <\/div>[\/et_pb_code][\/et_pb_column][\/et_pb_row][\/et_pb_section][et_pb_section fb_built=&#8221;1&#8243; disabled_on=&#8221;on|on|on&#8221; module_class=&#8221;gp_home_rurale_btm_sec&#8221; _builder_version=&#8221;4.27.6&#8243; _module_preset=&#8221;default&#8221; custom_padding=&#8221;28px||29px|||&#8221; disabled=&#8221;on&#8221; global_colors_info=&#8221;{}&#8221;][et_pb_row admin_label=&#8221;Row&#8221; module_class=&#8221;gp_home_rurale_btm_title&#8221; _builder_version=&#8221;4.20.2&#8243; _module_preset=&#8221;default&#8221; custom_margin=&#8221;||0px||false|false&#8221; custom_padding=&#8221;||0px||false|false&#8221; global_colors_info=&#8221;{}&#8221;][et_pb_column type=&#8221;4_4&#8243; _builder_version=&#8221;4.20.0&#8243; _module_preset=&#8221;default&#8221; global_colors_info=&#8221;{}&#8221;][et_pb_text _builder_version=&#8221;4.27.5&#8243; _module_preset=&#8221;default&#8221; text_font=&#8221;Merriweather|700|||||||&#8221; text_font_size=&#8221;40px&#8221; text_line_height=&#8221;52px&#8221; header_font=&#8221;Merriweather|600|||||||&#8221; header_text_color=&#8221;#000000&#8243; header_2_font=&#8221;Merriweather|700|||||||&#8221; header_2_text_align=&#8221;center&#8221; header_2_text_color=&#8221;#0f0f0f&#8221; header_2_font_size=&#8221;38px&#8221; header_2_line_height=&#8221;46px&#8221; text_orientation=&#8221;center&#8221; custom_margin=&#8221;||20px||false|false&#8221; global_colors_info=&#8221;{}&#8221;]<\/p>\n<p><span style=\"color: #201D19\">Scopri i progetti finanziati<\/span><\/p>\n<p>[\/et_pb_text][\/et_pb_column][\/et_pb_row][et_pb_row column_structure=&#8221;1_4,1_4,1_4,1_4&#8243; module_class=&#8221;gp_home_rurale_btm_item&#8221; _builder_version=&#8221;4.27.4&#8243; _module_preset=&#8221;default&#8221; custom_padding=&#8221;6px|||||&#8221; global_colors_info=&#8221;{}&#8221;][et_pb_column type=&#8221;1_4&#8243; _builder_version=&#8221;4.27.4&#8243; _module_preset=&#8221;default&#8221; link_option_url=&#8221;https:\/\/www.granapadano.it\/curiosita-ed-eventi\/progetti-distintivi\/progetti-finanziati\/&#8221; global_colors_info=&#8221;{}&#8221;][et_pb_image src=&#8221;https:\/\/www.granapadano.it\/wp-content\/uploads\/2026\/02\/GP-loghi-hp-Sviluppo-Rurale-del-Veneto-2023-2027.jpg&#8221; title_text=&#8221;GP-loghi-hp&#8211;Sviluppo-Rurale-del-Veneto-2023-2027&#8243; url=&#8221;https:\/\/www.granapadano.it\/curiosita-ed-eventi\/progetti-distintivi\/progetti-finanziati\/&#8221; _builder_version=&#8221;4.27.4&#8243; _module_preset=&#8221;default&#8221; width=&#8221;100%&#8221; max_width=&#8221;100%&#8221; global_colors_info=&#8221;{}&#8221;][\/et_pb_image][et_pb_text _builder_version=&#8221;4.27.4&#8243; _module_preset=&#8221;default&#8221; link_option_url=&#8221;https:\/\/www.granapadano.it\/curiosita-ed-eventi\/progetti-distintivi\/progetti-finanziati\/&#8221; global_colors_info=&#8221;{}&#8221;]<\/p>\n<p style=\"text-align: center\"><span style=\"font-weight: 400\">Iniziativa finanziata dal Complemento regionale per lo Sviluppo Rurale del Veneto 2023-2027<\/span><\/p>\n<p>[\/et_pb_text][\/et_pb_column][et_pb_column type=&#8221;1_4&#8243; _builder_version=&#8221;4.27.4&#8243; _module_preset=&#8221;default&#8221; link_option_url=&#8221;https:\/\/www.granapadano.it\/curiosita-ed-eventi\/progetti-distintivi\/progetti-finanziati\/&#8221; global_colors_info=&#8221;{}&#8221;][et_pb_image src=&#8221;https:\/\/www.granapadano.it\/wp-content\/uploads\/2026\/02\/Granambiente-padano.jpg&#8221; title_text=&#8221;Granambiente-padano&#8221; url=&#8221;https:\/\/www.granapadano.it\/curiosita-ed-eventi\/progetti-distintivi\/progetti-finanziati\/&#8221; _builder_version=&#8221;4.27.4&#8243; _module_preset=&#8221;default&#8221; width=&#8221;100%&#8221; max_width=&#8221;100%&#8221; global_colors_info=&#8221;{}&#8221;][\/et_pb_image][et_pb_text _builder_version=&#8221;4.27.4&#8243; _module_preset=&#8221;default&#8221; link_option_url=&#8221;https:\/\/www.granapadano.it\/curiosita-ed-eventi\/progetti-distintivi\/progetti-finanziati\/&#8221; global_colors_info=&#8221;{}&#8221;]<\/p>\n<p style=\"text-align: center\"><b>Contratto di filiera \u201cGRANAMBIENTE PADANO\u201d<\/b><\/p>\n<p>[\/et_pb_text][\/et_pb_column][et_pb_column type=&#8221;1_4&#8243; _builder_version=&#8221;4.27.4&#8243; _module_preset=&#8221;default&#8221; link_option_url=&#8221;https:\/\/www.granapadano.it\/curiosita-ed-eventi\/progetti-distintivi\/progetti-finanziati\/&#8221; global_colors_info=&#8221;{}&#8221;][et_pb_image src=&#8221;https:\/\/www.granapadano.it\/wp-content\/uploads\/2025\/06\/logo-regione-emilia-romagna.jpg&#8221; title_text=&#8221;logo-regione-emilia-romagna&#8221; url=&#8221;https:\/\/www.granapadano.it\/curiosita-ed-eventi\/progetti-distintivi\/progetti-finanziati\/&#8221; _builder_version=&#8221;4.27.4&#8243; _module_preset=&#8221;default&#8221; width=&#8221;100%&#8221; max_width=&#8221;100%&#8221; global_colors_info=&#8221;{}&#8221;][\/et_pb_image][et_pb_text _builder_version=&#8221;4.27.4&#8243; _module_preset=&#8221;default&#8221; link_option_url=&#8221;https:\/\/www.granapadano.it\/curiosita-ed-eventi\/progetti-distintivi\/progetti-finanziati\/&#8221; global_colors_info=&#8221;{}&#8221;]<\/p>\n<p style=\"text-align: center\">Progetto finanziato<br \/>con la Legge Regionale dell\u2019Emilia-Romagna n. 16\/95<\/p>\n<p>[\/et_pb_text][\/et_pb_column][et_pb_column type=&#8221;1_4&#8243; _builder_version=&#8221;4.27.4&#8243; _module_preset=&#8221;default&#8221; link_option_url=&#8221;https:\/\/www.granapadano.it\/curiosita-ed-eventi\/progetti-distintivi\/progetti-finanziati\/&#8221; global_colors_info=&#8221;{}&#8221;][et_pb_image src=&#8221;https:\/\/www.granapadano.it\/wp-content\/uploads\/2023\/03\/psr-lombardia-45420-45439.jpg&#8221; title_text=&#8221;psr-lombardia-45420-45439&#8243; url=&#8221;https:\/\/www.granapadano.it\/curiosita-ed-eventi\/progetti-distintivi\/progetti-finanziati\/&#8221; _builder_version=&#8221;4.27.4&#8243; _module_preset=&#8221;default&#8221; global_colors_info=&#8221;{}&#8221;][\/et_pb_image][et_pb_text _builder_version=&#8221;4.27.4&#8243; _module_preset=&#8221;default&#8221; link_option_url=&#8221;https:\/\/www.granapadano.it\/curiosita-ed-eventi\/progetti-distintivi\/progetti-finanziati\/&#8221; global_colors_info=&#8221;{}&#8221;]<\/p>\n<p style=\"text-align: center\">Programma di Sviluppo Rurale per la Lombardia 2014\/2020<\/p>\n<p>[\/et_pb_text][\/et_pb_column][\/et_pb_row][et_pb_row column_structure=&#8221;1_4,1_4,1_4,1_4&#8243; module_class=&#8221;gp_home_rurale_btm_item&#8221; _builder_version=&#8221;4.27.4&#8243; _module_preset=&#8221;default&#8221; custom_padding=&#8221;4px|||||&#8221; global_colors_info=&#8221;{}&#8221;][et_pb_column type=&#8221;1_4&#8243; _builder_version=&#8221;4.20.0&#8243; _module_preset=&#8221;default&#8221; link_option_url=&#8221;\/it-it\/curiosita-ed-eventi\/progetti-distintivi\/programma-di-sviluppo-rurale\/?ao=rvt&#038;ai=5&#8243; global_colors_info=&#8221;{}&#8221;][et_pb_image src=&#8221;https:\/\/www.granapadano.it\/wp-content\/uploads\/2023\/03\/psr-veneto-45421-45440.jpg&#8221; title_text=&#8221;psr-veneto-45421-45440&#8243; url=&#8221;https:\/\/www.granapadano.it\/curiosita-ed-eventi\/progetti-distintivi\/progetti-finanziati\/&#8221; _builder_version=&#8221;4.27.4&#8243; _module_preset=&#8221;default&#8221; global_colors_info=&#8221;{}&#8221;][\/et_pb_image][et_pb_text _builder_version=&#8221;4.27.4&#8243; _module_preset=&#8221;default&#8221; link_option_url=&#8221;https:\/\/www.granapadano.it\/curiosita-ed-eventi\/progetti-distintivi\/progetti-finanziati\/&#8221; global_colors_info=&#8221;{}&#8221;]<\/p>\n<p style=\"text-align: center\">Programma di Sviluppo Rurale per il Veneto 2014\/2020 &#8211; D.G.R. n. 1941 DEL 23\/12\/2019<\/p>\n<p>[\/et_pb_text][\/et_pb_column][et_pb_column type=&#8221;1_4&#8243; _builder_version=&#8221;4.20.0&#8243; _module_preset=&#8221;default&#8221; link_option_url=&#8221;\/it-it\/curiosita-ed-eventi\/progetti-distintivi\/programma-di-sviluppo-rurale\/?ao=rvt&#038;ai=2&#8243; global_colors_info=&#8221;{}&#8221;][et_pb_image src=&#8221;https:\/\/www.granapadano.it\/wp-content\/uploads\/2023\/03\/psr-emilia-romagna-45422-45441.jpg&#8221; title_text=&#8221;psr-emilia-romagna-45422-45441&#8243; url=&#8221;https:\/\/www.granapadano.it\/curiosita-ed-eventi\/progetti-distintivi\/progetti-finanziati\/&#8221; _builder_version=&#8221;4.27.4&#8243; _module_preset=&#8221;default&#8221; global_colors_info=&#8221;{}&#8221;][\/et_pb_image][et_pb_text _builder_version=&#8221;4.27.4&#8243; _module_preset=&#8221;default&#8221; link_option_url=&#8221;https:\/\/www.granapadano.it\/curiosita-ed-eventi\/progetti-distintivi\/progetti-finanziati\/&#8221; global_colors_info=&#8221;{}&#8221;]<\/p>\n<p style=\"text-align: center\">Programma di Sviluppo Rurale per l&#8217;Emilia Romagna 2014-2020<\/p>\n<p>[\/et_pb_text][\/et_pb_column][et_pb_column type=&#8221;1_4&#8243; _builder_version=&#8221;4.27.4&#8243; _module_preset=&#8221;default&#8221; link_option_url=&#8221;https:\/\/www.granapadano.it\/curiosita-ed-eventi\/progetti-distintivi\/progetti-finanziati\/&#8221; global_colors_info=&#8221;{}&#8221;][et_pb_image src=&#8221;https:\/\/www.granapadano.it\/wp-content\/uploads\/2023\/03\/box-50095.jpg&#8221; title_text=&#8221;box-50095&#8243; url=&#8221;https:\/\/www.granapadano.it\/curiosita-ed-eventi\/progetti-distintivi\/progetti-finanziati\/&#8221; _builder_version=&#8221;4.27.4&#8243; _module_preset=&#8221;default&#8221; global_colors_info=&#8221;{}&#8221;][\/et_pb_image][et_pb_text _builder_version=&#8221;4.27.4&#8243; _module_preset=&#8221;default&#8221; link_option_url=&#8221;https:\/\/www.granapadano.it\/curiosita-ed-eventi\/progetti-distintivi\/progetti-finanziati\/&#8221; global_colors_info=&#8221;{}&#8221;]<\/p>\n<p style=\"text-align: center\">E-GLOCAL DAIRY &#8211; migliorare la sostenibilit\u00e0 ambientale ed economica, nel mercato globale, della produzione locale dei prodotti caseari<\/p>\n<p>[\/et_pb_text][\/et_pb_column][et_pb_column type=&#8221;1_4&#8243; _builder_version=&#8221;4.27.4&#8243; _module_preset=&#8221;default&#8221; link_option_url=&#8221;https:\/\/www.granapadano.it\/curiosita-ed-eventi\/progetti-distintivi\/progetti-finanziati\/&#8221; global_colors_info=&#8221;{}&#8221;][et_pb_image src=&#8221;https:\/\/www.granapadano.it\/wp-content\/uploads\/2023\/03\/box-50095.jpg&#8221; title_text=&#8221;box-50095&#8243; url=&#8221;https:\/\/www.granapadano.it\/curiosita-ed-eventi\/progetti-distintivi\/progetti-finanziati\/&#8221; _builder_version=&#8221;4.27.4&#8243; _module_preset=&#8221;default&#8221; global_colors_info=&#8221;{}&#8221;][\/et_pb_image][et_pb_text _builder_version=&#8221;4.27.4&#8243; _module_preset=&#8221;default&#8221; link_option_url=&#8221;https:\/\/www.granapadano.it\/curiosita-ed-eventi\/progetti-distintivi\/progetti-finanziati\/&#8221; global_colors_info=&#8221;{}&#8221;]<\/p>\n<p style=\"text-align: center\">Programma di Sviluppo Rurale per il Veneto 2014\/2020 &#8211; D.G.R. n. 1687 DEL 29\/11\/2021<\/p>\n<p>[\/et_pb_text][\/et_pb_column][\/et_pb_row][\/et_pb_section][et_pb_section fb_built=&#8221;1&#8243; _builder_version=&#8221;4.27.6&#8243; _module_preset=&#8221;default&#8221; global_colors_info=&#8221;{}&#8221;][et_pb_row _builder_version=&#8221;4.27.6&#8243; _module_preset=&#8221;default&#8221; module_alignment=&#8221;center&#8221; custom_margin=&#8221;0px|0px|32px|0px|false|true&#8221; custom_padding=&#8221;0px||0px||true|true&#8221; global_colors_info=&#8221;{}&#8221;][et_pb_column type=&#8221;4_4&#8243; _builder_version=&#8221;4.27.6&#8243; _module_preset=&#8221;default&#8221; global_colors_info=&#8221;{}&#8221;][et_pb_heading title=&#8221;Scopri i progetti finanziati&#8221; _builder_version=&#8221;4.27.6&#8243; _module_preset=&#8221;default&#8221; title_level=&#8221;h2&#8243; title_font=&#8221;&#8211;et_global_heading_font||||||||&#8221; title_text_align=&#8221;center&#8221; title_text_color=&#8221;gcid-heading-color&#8221; title_font_size=&#8221;24px&#8221; title_line_height=&#8221;1.6em&#8221; global_colors_info=&#8221;{%22gcid-heading-color%22:%91%22title_text_color%22%93}&#8221;][\/et_pb_heading][\/et_pb_column][\/et_pb_row][et_pb_row column_structure=&#8221;1_6,1_6,1_6,1_6,1_6,1_6&#8243; use_custom_gutter=&#8221;on&#8221; make_equal=&#8221;on&#8221; module_class=&#8221;scopri-list&#8221; _builder_version=&#8221;4.27.6&#8243; _module_preset=&#8221;default&#8221; module_alignment=&#8221;center&#8221; custom_margin=&#8221;0px|0px|0px|0px|true|true&#8221; custom_padding=&#8221;0px||0px||true|true&#8221; global_colors_info=&#8221;{}&#8221;][et_pb_column type=&#8221;1_6&#8243; module_class=&#8221;items&#8221; _builder_version=&#8221;4.27.6&#8243; _module_preset=&#8221;default&#8221; custom_padding=&#8221;60px|40px|60px|40px|true|true&#8221; custom_padding_tablet=&#8221;32px||32px||true|true&#8221; custom_padding_phone=&#8221;|24px||24px|true|true&#8221; custom_padding_last_edited=&#8221;on|phone&#8221; border_width_right=&#8221;1px&#8221; border_width_bottom=&#8221;1px&#8221; global_colors_info=&#8221;{}&#8221;][et_pb_image src=&#8221;https:\/\/www.granapadano.it\/wp-content\/uploads\/2025\/06\/logo-regione-emilia-romagna.jpg&#8221; title_text=&#8221;logo-regione-emilia-romagna&#8221; url=&#8221;https:\/\/www.granapadano.it\/curiosita-ed-eventi\/progetti-distintivi\/progetti-finanziati\/&#8221; show_bottom_space=&#8221;off&#8221; _builder_version=&#8221;4.27.6&#8243; _module_preset=&#8221;default&#8221; width=&#8221;60%&#8221; max_width=&#8221;100%&#8221; module_alignment=&#8221;center&#8221; custom_margin=&#8221;||32px||false|false&#8221; custom_margin_tablet=&#8221;||24px||false|false&#8221; custom_margin_phone=&#8221;||16px||false|false&#8221; custom_margin_last_edited=&#8221;on|phone&#8221; locked=&#8221;off&#8221; global_colors_info=&#8221;{}&#8221;][\/et_pb_image][et_pb_heading title=&#8221;Festivaletteratura di Mantova&#8221; _builder_version=&#8221;4.27.6&#8243; _module_preset=&#8221;default&#8221; title_level=&#8221;h4&#8243; title_font=&#8221;&#8211;et_global_heading_font||||||||&#8221; title_text_align=&#8221;center&#8221; title_text_color=&#8221;#44392b&#8221; title_font_size=&#8221;16px&#8221; title_line_height=&#8221;1.6em&#8221; custom_margin=&#8221;0px||0px||false|false&#8221; locked=&#8221;off&#8221; global_colors_info=&#8221;{}&#8221;][\/et_pb_heading][et_pb_text _builder_version=&#8221;4.27.6&#8243; _module_preset=&#8221;default&#8221; text_font=&#8221;&#8211;et_global_body_font||||||||&#8221; text_text_color=&#8221;gcid-46a7fd9b-e7e5-4c0a-b621-f5f3bcee3ed6&#8243; text_line_height=&#8221;1.6em&#8221; header_font=&#8221;&#8211;et_global_heading_font|||on|||||&#8221; header_text_align=&#8221;center&#8221; header_5_text_align=&#8221;center&#8221; text_orientation=&#8221;center&#8221; custom_margin=&#8221;||32px||false|false&#8221; global_colors_info=&#8221;{%22gcid-46a7fd9b-e7e5-4c0a-b621-f5f3bcee3ed6%22:%91%22text_text_color%22%93}&#8221;]Progetto finanziato con la Legge Regionale dell\u2019Emilia-Romagna n. 16\/95[\/et_pb_text][et_pb_button button_url=&#8221;#&#8221; url_new_window=&#8221;on&#8221; button_text=&#8221;Scopri il progetto&#8221; button_alignment=&#8221;center&#8221; _builder_version=&#8221;4.27.6&#8243; _module_preset=&#8221;default&#8221; custom_button=&#8221;on&#8221; button_text_size=&#8221;12px&#8221; button_text_color=&#8221;gcid-cdd0517b-cb7c-4f63-9e4c-4eaf7d046da3&#8243; button_border_width=&#8221;0px&#8221; button_border_radius=&#8221;0px&#8221; button_font=&#8221;&#8211;et_global_heading_font||||||||&#8221; button_icon=&#8221;&#x24;||divi||400&#8243; button_on_hover=&#8221;off&#8221; global_colors_info=&#8221;{%22gcid-cdd0517b-cb7c-4f63-9e4c-4eaf7d046da3%22:%91%22button_text_color%22%93}&#8221;][\/et_pb_button][\/et_pb_column][et_pb_column type=&#8221;1_6&#8243; module_class=&#8221;items&#8221; _builder_version=&#8221;4.27.6&#8243; _module_preset=&#8221;default&#8221; custom_padding=&#8221;60px|40px|60px|40px|true|true&#8221; custom_padding_tablet=&#8221;32px||32px||true|true&#8221; custom_padding_phone=&#8221;|24px||24px|true|true&#8221; custom_padding_last_edited=&#8221;on|phone&#8221; border_width_bottom=&#8221;1px&#8221; border_width_right_tablet=&#8221;&#8221; border_width_right_phone=&#8221;&#8221; border_width_right_last_edited=&#8221;on|tablet&#8221; global_colors_info=&#8221;{}&#8221;][et_pb_image src=&#8221;https:\/\/www.granapadano.it\/wp-content\/uploads\/2026\/03\/Sviluppo-rurale-per-la-Lombardia.jpg&#8221; title_text=&#8221;Sviluppo rurale per la Lombardia&#8221; url=&#8221;https:\/\/www.granapadano.it\/curiosita-ed-eventi\/progetti-distintivi\/progetti-finanziati\/&#8221; show_bottom_space=&#8221;off&#8221; _builder_version=&#8221;4.27.6&#8243; _module_preset=&#8221;default&#8221; width=&#8221;60%&#8221; max_width=&#8221;100%&#8221; module_alignment=&#8221;center&#8221; custom_margin=&#8221;||32px||false|false&#8221; custom_margin_tablet=&#8221;||24px||false|false&#8221; custom_margin_phone=&#8221;||16px||false|false&#8221; custom_margin_last_edited=&#8221;on|phone&#8221; locked=&#8221;off&#8221; global_colors_info=&#8221;{}&#8221;][\/et_pb_image][et_pb_heading title=&#8221;Sviluppo rurale per la Lombardia&#8221; _builder_version=&#8221;4.27.6&#8243; _module_preset=&#8221;default&#8221; title_level=&#8221;h4&#8243; title_font=&#8221;&#8211;et_global_heading_font||||||||&#8221; title_text_align=&#8221;center&#8221; title_text_color=&#8221;#44392b&#8221; title_font_size=&#8221;16px&#8221; title_line_height=&#8221;1.6em&#8221; custom_margin=&#8221;0px||0px||false|false&#8221; locked=&#8221;off&#8221; global_colors_info=&#8221;{}&#8221;][\/et_pb_heading][et_pb_text _builder_version=&#8221;4.27.6&#8243; _module_preset=&#8221;default&#8221; text_font=&#8221;&#8211;et_global_body_font||||||||&#8221; text_text_color=&#8221;gcid-46a7fd9b-e7e5-4c0a-b621-f5f3bcee3ed6&#8243; text_line_height=&#8221;1.6em&#8221; header_font=&#8221;&#8211;et_global_heading_font|||on|||||&#8221; header_text_align=&#8221;center&#8221; header_5_text_align=&#8221;center&#8221; text_orientation=&#8221;center&#8221; custom_margin=&#8221;||32px||false|false&#8221; custom_margin_tablet=&#8221;||24px||false|false&#8221; custom_margin_phone=&#8221;||16px||false|false&#8221; custom_margin_last_edited=&#8221;on|phone&#8221; global_colors_info=&#8221;{%22gcid-46a7fd9b-e7e5-4c0a-b621-f5f3bcee3ed6%22:%91%22text_text_color%22,%22text_text_color%22%93}&#8221;]Programma di Sviluppo Rurale per la Lombardia[\/et_pb_text][et_pb_button button_url=&#8221;#&#8221; url_new_window=&#8221;on&#8221; button_text=&#8221;Scopri il progetto&#8221; button_alignment=&#8221;center&#8221; _builder_version=&#8221;4.27.6&#8243; _module_preset=&#8221;default&#8221; custom_button=&#8221;on&#8221; button_text_size=&#8221;12px&#8221; button_text_color=&#8221;gcid-cdd0517b-cb7c-4f63-9e4c-4eaf7d046da3&#8243; button_border_width=&#8221;0px&#8221; button_border_radius=&#8221;0px&#8221; button_font=&#8221;&#8211;et_global_heading_font||||||||&#8221; button_icon=&#8221;&#x24;||divi||400&#8243; button_on_hover=&#8221;off&#8221; global_colors_info=&#8221;{%22gcid-cdd0517b-cb7c-4f63-9e4c-4eaf7d046da3%22:%91%22button_text_color%22%93}&#8221;][\/et_pb_button][\/et_pb_column][et_pb_column type=&#8221;1_6&#8243; module_class=&#8221;items&#8221; _builder_version=&#8221;4.27.6&#8243; _module_preset=&#8221;default&#8221; custom_padding=&#8221;60px|40px|60px|40px|true|true&#8221; custom_padding_tablet=&#8221;32px||32px||true|true&#8221; custom_padding_phone=&#8221;|24px||24px|true|true&#8221; custom_padding_last_edited=&#8221;on|phone&#8221; border_width_right=&#8221;1px&#8221; border_width_bottom=&#8221;1px&#8221; border_width_right_tablet=&#8221;0px&#8221; border_width_right_phone=&#8221;0px&#8221; border_width_right_last_edited=&#8221;on|tablet&#8221; global_colors_info=&#8221;{}&#8221;][et_pb_image src=&#8221;https:\/\/www.granapadano.it\/wp-content\/uploads\/2026\/03\/3b67ed45cbd53d4b172e41e51ac508104f3bea31.jpg&#8221; title_text=&#8221;3b67ed45cbd53d4b172e41e51ac508104f3bea31&#8243; url=&#8221;https:\/\/www.granapadano.it\/curiosita-ed-eventi\/progetti-distintivi\/progetti-finanziati\/&#8221; show_bottom_space=&#8221;off&#8221; _builder_version=&#8221;4.27.6&#8243; _module_preset=&#8221;default&#8221; width=&#8221;60%&#8221; max_width=&#8221;100%&#8221; module_alignment=&#8221;center&#8221; custom_margin=&#8221;||32px||false|false&#8221; custom_margin_tablet=&#8221;||24px||false|false&#8221; custom_margin_phone=&#8221;||16px||false|false&#8221; custom_margin_last_edited=&#8221;on|phone&#8221; locked=&#8221;off&#8221; global_colors_info=&#8221;{}&#8221;][\/et_pb_image][et_pb_heading title=&#8221;Sviluppo rurale per il Veneto&#8221; _builder_version=&#8221;4.27.6&#8243; _module_preset=&#8221;default&#8221; title_level=&#8221;h4&#8243; title_font=&#8221;&#8211;et_global_heading_font||||||||&#8221; title_text_align=&#8221;center&#8221; title_text_color=&#8221;#44392b&#8221; title_font_size=&#8221;16px&#8221; title_line_height=&#8221;1.6em&#8221; custom_margin=&#8221;0px||0px||false|false&#8221; locked=&#8221;off&#8221; global_colors_info=&#8221;{}&#8221;][\/et_pb_heading][et_pb_text _builder_version=&#8221;4.27.6&#8243; _module_preset=&#8221;default&#8221; text_font=&#8221;&#8211;et_global_body_font||||||||&#8221; text_text_color=&#8221;gcid-46a7fd9b-e7e5-4c0a-b621-f5f3bcee3ed6&#8243; text_line_height=&#8221;1.6em&#8221; header_font=&#8221;&#8211;et_global_heading_font|||on|||||&#8221; header_text_align=&#8221;center&#8221; header_5_text_align=&#8221;center&#8221; text_orientation=&#8221;center&#8221; custom_margin=&#8221;||32px||false|false&#8221; custom_margin_tablet=&#8221;||24px||false|false&#8221; custom_margin_phone=&#8221;||16px||false|false&#8221; custom_margin_last_edited=&#8221;on|phone&#8221; global_colors_info=&#8221;{%22gcid-46a7fd9b-e7e5-4c0a-b621-f5f3bcee3ed6%22:%91%22text_text_color%22,%22text_text_color%22%93}&#8221;]Programma di Sviluppo Rurale per il Veneto 2014\/2017[\/et_pb_text][et_pb_button button_url=&#8221;#&#8221; url_new_window=&#8221;on&#8221; button_text=&#8221;Scopri il progetto&#8221; button_alignment=&#8221;center&#8221; _builder_version=&#8221;4.27.6&#8243; _module_preset=&#8221;default&#8221; custom_button=&#8221;on&#8221; button_text_size=&#8221;12px&#8221; button_text_color=&#8221;gcid-cdd0517b-cb7c-4f63-9e4c-4eaf7d046da3&#8243; button_border_width=&#8221;0px&#8221; button_border_radius=&#8221;0px&#8221; button_font=&#8221;&#8211;et_global_heading_font||||||||&#8221; button_icon=&#8221;&#x24;||divi||400&#8243; button_on_hover=&#8221;off&#8221; global_colors_info=&#8221;{%22gcid-cdd0517b-cb7c-4f63-9e4c-4eaf7d046da3%22:%91%22button_text_color%22%93}&#8221;][\/et_pb_button][\/et_pb_column][et_pb_column type=&#8221;1_6&#8243; module_class=&#8221;items&#8221; _builder_version=&#8221;4.27.6&#8243; _module_preset=&#8221;default&#8221; custom_padding=&#8221;60px|40px|60px|40px|true|true&#8221; custom_padding_tablet=&#8221;32px||32px||true|true&#8221; custom_padding_phone=&#8221;|24px||24px|true|true&#8221; custom_padding_last_edited=&#8221;on|phone&#8221; border_width_bottom=&#8221;1px&#8221; global_colors_info=&#8221;{}&#8221;][et_pb_image src=&#8221;https:\/\/www.granapadano.it\/wp-content\/uploads\/2026\/03\/6a11e94bd9b5251c243ebb9b40c50c452d757a0b.jpg&#8221; title_text=&#8221;6a11e94bd9b5251c243ebb9b40c50c452d757a0b&#8221; url=&#8221;https:\/\/www.granapadano.it\/curiosita-ed-eventi\/progetti-distintivi\/progetti-finanziati\/&#8221; show_bottom_space=&#8221;off&#8221; _builder_version=&#8221;4.27.6&#8243; _module_preset=&#8221;default&#8221; width=&#8221;60%&#8221; max_width=&#8221;100%&#8221; module_alignment=&#8221;center&#8221; custom_margin=&#8221;||32px||false|false&#8221; custom_margin_tablet=&#8221;||24px||false|false&#8221; custom_margin_phone=&#8221;||16px||false|false&#8221; custom_margin_last_edited=&#8221;on|phone&#8221; locked=&#8221;off&#8221; global_colors_info=&#8221;{}&#8221;][\/et_pb_image][et_pb_heading title=&#8221;E-GLOCAL DAIRY&#8221; _builder_version=&#8221;4.27.6&#8243; _module_preset=&#8221;default&#8221; title_level=&#8221;h4&#8243; title_font=&#8221;&#8211;et_global_heading_font||||||||&#8221; title_text_align=&#8221;center&#8221; title_text_color=&#8221;#44392b&#8221; title_font_size=&#8221;16px&#8221; title_line_height=&#8221;1.6em&#8221; custom_margin=&#8221;0px||0px||false|false&#8221; locked=&#8221;off&#8221; global_colors_info=&#8221;{}&#8221;][\/et_pb_heading][et_pb_text _builder_version=&#8221;4.27.6&#8243; _module_preset=&#8221;default&#8221; text_font=&#8221;&#8211;et_global_body_font||||||||&#8221; text_text_color=&#8221;gcid-46a7fd9b-e7e5-4c0a-b621-f5f3bcee3ed6&#8243; text_line_height=&#8221;1.6em&#8221; header_font=&#8221;&#8211;et_global_heading_font|||on|||||&#8221; header_text_align=&#8221;center&#8221; header_5_text_align=&#8221;center&#8221; text_orientation=&#8221;center&#8221; custom_margin=&#8221;||32px||false|false&#8221; custom_margin_tablet=&#8221;||24px||false|false&#8221; custom_margin_phone=&#8221;||16px||false|false&#8221; custom_margin_last_edited=&#8221;on|phone&#8221; global_colors_info=&#8221;{%22gcid-46a7fd9b-e7e5-4c0a-b621-f5f3bcee3ed6%22:%91%22text_text_color%22,%22text_text_color%22%93}&#8221;]Migliorare la sostenibilit\u00e0 ambientale ed economica del mercato globale della produzione locale dei prodotti caseari[\/et_pb_text][et_pb_button button_url=&#8221;#&#8221; url_new_window=&#8221;on&#8221; button_text=&#8221;Scopri il progetto&#8221; button_alignment=&#8221;center&#8221; _builder_version=&#8221;4.27.6&#8243; _module_preset=&#8221;default&#8221; custom_button=&#8221;on&#8221; button_text_size=&#8221;12px&#8221; button_text_color=&#8221;gcid-cdd0517b-cb7c-4f63-9e4c-4eaf7d046da3&#8243; button_border_width=&#8221;0px&#8221; button_border_radius=&#8221;0px&#8221; button_font=&#8221;&#8211;et_global_heading_font||||||||&#8221; button_icon=&#8221;&#x24;||divi||400&#8243; button_on_hover=&#8221;off&#8221; global_colors_info=&#8221;{%22gcid-cdd0517b-cb7c-4f63-9e4c-4eaf7d046da3%22:%91%22button_text_color%22%93}&#8221;][\/et_pb_button][\/et_pb_column][et_pb_column type=&#8221;1_6&#8243; module_class=&#8221;items&#8221; _builder_version=&#8221;4.27.6&#8243; _module_preset=&#8221;default&#8221; custom_padding=&#8221;60px|40px|60px|40px|true|true&#8221; custom_padding_tablet=&#8221;32px||32px||true|true&#8221; custom_padding_phone=&#8221;|24px||24px|true|true&#8221; custom_padding_last_edited=&#8221;on|phone&#8221; border_width_right=&#8221;1px&#8221; border_width_right_tablet=&#8221;0px&#8221; border_width_right_phone=&#8221;0px&#8221; border_width_right_last_edited=&#8221;on|tablet&#8221; border_width_bottom_tablet=&#8221;1px&#8221; border_width_bottom_phone=&#8221;1px&#8221; border_width_bottom_last_edited=&#8221;on|tablet&#8221; global_colors_info=&#8221;{}&#8221;][et_pb_image src=&#8221;https:\/\/www.granapadano.it\/wp-content\/uploads\/2026\/03\/7b467759b911b6dc0ba1ea3c25026dbfa81fd9bf.jpg&#8221; title_text=&#8221;7b467759b911b6dc0ba1ea3c25026dbfa81fd9bf&#8221; url=&#8221;https:\/\/www.granapadano.it\/curiosita-ed-eventi\/progetti-distintivi\/progetti-finanziati\/&#8221; show_bottom_space=&#8221;off&#8221; _builder_version=&#8221;4.27.6&#8243; _module_preset=&#8221;default&#8221; width=&#8221;60%&#8221; max_width=&#8221;100%&#8221; module_alignment=&#8221;center&#8221; custom_margin=&#8221;||32px||false|false&#8221; custom_margin_tablet=&#8221;||24px||false|false&#8221; custom_margin_phone=&#8221;||16px||false|false&#8221; custom_margin_last_edited=&#8221;on|phone&#8221; locked=&#8221;off&#8221; global_colors_info=&#8221;{}&#8221;][\/et_pb_image][et_pb_heading title=&#8221;Sviluppo rurale per l\u2019Emilia Romagna&#8221; _builder_version=&#8221;4.27.6&#8243; _module_preset=&#8221;default&#8221; title_level=&#8221;h4&#8243; title_font=&#8221;&#8211;et_global_heading_font||||||||&#8221; title_text_align=&#8221;center&#8221; title_text_color=&#8221;#44392b&#8221; title_font_size=&#8221;16px&#8221; title_line_height=&#8221;1.6em&#8221; custom_margin=&#8221;0px||0px||false|false&#8221; locked=&#8221;off&#8221; global_colors_info=&#8221;{}&#8221;][\/et_pb_heading][et_pb_text _builder_version=&#8221;4.27.6&#8243; _module_preset=&#8221;default&#8221; text_font=&#8221;&#8211;et_global_body_font||||||||&#8221; text_text_color=&#8221;gcid-46a7fd9b-e7e5-4c0a-b621-f5f3bcee3ed6&#8243; text_line_height=&#8221;1.6em&#8221; header_font=&#8221;&#8211;et_global_heading_font|||on|||||&#8221; header_text_align=&#8221;center&#8221; header_5_text_align=&#8221;center&#8221; text_orientation=&#8221;center&#8221; custom_margin=&#8221;||32px||false|false&#8221; custom_margin_tablet=&#8221;||24px||false|false&#8221; custom_margin_phone=&#8221;||16px||false|false&#8221; custom_margin_last_edited=&#8221;on|phone&#8221; global_colors_info=&#8221;{%22gcid-46a7fd9b-e7e5-4c0a-b621-f5f3bcee3ed6%22:%91%22text_text_color%22,%22text_text_color%22%93}&#8221;]Programma di Sviluppo Rurale per l\u2019Emilia Romagna 2014\/2020[\/et_pb_text][et_pb_button button_url=&#8221;#&#8221; url_new_window=&#8221;on&#8221; button_text=&#8221;Scopri il progetto&#8221; button_alignment=&#8221;center&#8221; _builder_version=&#8221;4.27.6&#8243; _module_preset=&#8221;default&#8221; custom_button=&#8221;on&#8221; button_text_size=&#8221;12px&#8221; button_text_color=&#8221;gcid-cdd0517b-cb7c-4f63-9e4c-4eaf7d046da3&#8243; button_border_width=&#8221;0px&#8221; button_border_radius=&#8221;0px&#8221; button_font=&#8221;&#8211;et_global_heading_font||||||||&#8221; button_icon=&#8221;&#x24;||divi||400&#8243; button_on_hover=&#8221;off&#8221; global_colors_info=&#8221;{%22gcid-cdd0517b-cb7c-4f63-9e4c-4eaf7d046da3%22:%91%22button_text_color%22%93}&#8221;][\/et_pb_button][\/et_pb_column][et_pb_column type=&#8221;1_6&#8243; module_class=&#8221;items&#8221; _builder_version=&#8221;4.27.6&#8243; _module_preset=&#8221;default&#8221; custom_padding=&#8221;60px|40px|60px|40px|true|true&#8221; custom_padding_tablet=&#8221;32px||32px||true|true&#8221; custom_padding_phone=&#8221;|24px||24px|true|true&#8221; custom_padding_last_edited=&#8221;on|phone&#8221; border_width_right=&#8221;0px&#8221; border_width_bottom_tablet=&#8221;0px&#8221; border_width_bottom_phone=&#8221;0px&#8221; border_width_bottom_last_edited=&#8221;on|tablet&#8221; global_colors_info=&#8221;{}&#8221;][et_pb_image src=&#8221;https:\/\/www.granapadano.it\/wp-content\/uploads\/2026\/03\/3b67ed45cbd53d4b172e41e51ac508104f3bea31-1.jpg&#8221; title_text=&#8221;3b67ed45cbd53d4b172e41e51ac508104f3bea31 (1)&#8221; url=&#8221;https:\/\/www.granapadano.it\/curiosita-ed-eventi\/progetti-distintivi\/progetti-finanziati\/&#8221; show_bottom_space=&#8221;off&#8221; _builder_version=&#8221;4.27.6&#8243; _module_preset=&#8221;default&#8221; width=&#8221;60%&#8221; max_width=&#8221;100%&#8221; module_alignment=&#8221;center&#8221; custom_margin=&#8221;||32px||false|false&#8221; custom_margin_tablet=&#8221;||24px||false|false&#8221; custom_margin_phone=&#8221;||16px||false|false&#8221; custom_margin_last_edited=&#8221;on|phone&#8221; locked=&#8221;off&#8221; global_colors_info=&#8221;{}&#8221;][\/et_pb_image][et_pb_heading title=&#8221;Sviluppo rurale per il Veneto&#8221; _builder_version=&#8221;4.27.6&#8243; _module_preset=&#8221;default&#8221; title_level=&#8221;h4&#8243; title_font=&#8221;&#8211;et_global_heading_font||||||||&#8221; title_text_align=&#8221;center&#8221; title_text_color=&#8221;#44392b&#8221; title_font_size=&#8221;16px&#8221; title_line_height=&#8221;1.6em&#8221; custom_margin=&#8221;0px||0px||false|false&#8221; title_font_size_tablet=&#8221;16px&#8221; title_font_size_phone=&#8221;16px&#8221; title_font_size_last_edited=&#8221;on|tablet&#8221; locked=&#8221;off&#8221; global_colors_info=&#8221;{}&#8221;][\/et_pb_heading][et_pb_text _builder_version=&#8221;4.27.6&#8243; _module_preset=&#8221;default&#8221; text_font=&#8221;&#8211;et_global_body_font||||||||&#8221; text_text_color=&#8221;gcid-46a7fd9b-e7e5-4c0a-b621-f5f3bcee3ed6&#8243; text_line_height=&#8221;1.6em&#8221; header_font=&#8221;&#8211;et_global_heading_font|||on|||||&#8221; header_text_align=&#8221;center&#8221; header_5_text_align=&#8221;center&#8221; text_orientation=&#8221;center&#8221; custom_margin=&#8221;||32px||false|false&#8221; custom_margin_tablet=&#8221;||24px||false|false&#8221; custom_margin_phone=&#8221;||16px||false|false&#8221; custom_margin_last_edited=&#8221;on|phone&#8221; global_colors_info=&#8221;{%22gcid-46a7fd9b-e7e5-4c0a-b621-f5f3bcee3ed6%22:%91%22text_text_color%22%93}&#8221;]Programma di Sviluppo Rurale per il Veneto 2014\/2020[\/et_pb_text][et_pb_button button_url=&#8221;#&#8221; url_new_window=&#8221;on&#8221; button_text=&#8221;Scopri il progetto&#8221; button_alignment=&#8221;center&#8221; _builder_version=&#8221;4.27.6&#8243; _module_preset=&#8221;default&#8221; custom_button=&#8221;on&#8221; button_text_size=&#8221;12px&#8221; button_text_color=&#8221;gcid-cdd0517b-cb7c-4f63-9e4c-4eaf7d046da3&#8243; button_border_width=&#8221;0px&#8221; button_border_radius=&#8221;0px&#8221; button_font=&#8221;&#8211;et_global_heading_font||||||||&#8221; button_icon=&#8221;&#x24;||divi||400&#8243; button_on_hover=&#8221;off&#8221; global_colors_info=&#8221;{%22gcid-cdd0517b-cb7c-4f63-9e4c-4eaf7d046da3%22:%91%22button_text_color%22%93}&#8221;][\/et_pb_button][\/et_pb_column][\/et_pb_row][\/et_pb_section][et_pb_section fb_built=&#8221;1&#8243; disabled_on=&#8221;off|off|off&#8221; module_class=&#8221;abbinarlo_banner_section&#8221; _builder_version=&#8221;4.27.6&#8243; _module_preset=&#8221;default&#8221; background_image=&#8221;https:\/\/www.granapadano.it\/wp-content\/uploads\/2026\/03\/Banner-full-screen.png&#8221; min_height=&#8221;614px&#8221; custom_padding=&#8221;110px||110px||false|false&#8221; background_last_edited=&#8221;on|phone&#8221; background_image_tablet=&#8221;https:\/\/www.granapadano.it\/wp-content\/uploads\/2026\/03\/Banner-full-screen-1.png&#8221; background_image_phone=&#8221;https:\/\/www.granapadano.it\/wp-content\/uploads\/2026\/03\/Banner.png&#8221; background_enable_image_tablet=&#8221;on&#8221; background_enable_image_phone=&#8221;on&#8221; locked=&#8221;off&#8221; global_colors_info=&#8221;{}&#8221;][\/et_pb_section]<\/p>\n","protected":false},"excerpt":{"rendered":"<p>L\u2019emozione italiana che ha fatto innamorare il mondoL\u2019emozione cheha fatto innamorareil mondoNEXT Grana Padano Same LoveNEXT Grana Padano Same LoveNaturalmente senza lattosioRicco di proteineRidotto contenuto di grassiforme totali prodotte nel 2024forme esportate in tutto il mondo nel 2024caseifici produttoriaddetti<div class=\"hp-recipe-slider-wrapper\">        <div class=\"hp-recipe-slider-section\">\n            <div class=\"hp-recipe-slider\">\n                <div class=\"recipe-slide\">\n\n                                            <div class=\"slider-bg-image\">\n                            <img decoding=\"async\" loading=\"lazy\" src=\"https:\/\/granapadano.kleecks-cdn.com\/wp-content\/uploads\/2026\/03\/GP_tradizione_Italiana.png\" alt=\"Italian Tradition\">\n                        <\/div>\n                    \n                    <div class=\"recipe-overlay\">\n\n                        <h2>Italian Tradition<\/h2>\n\n                        <p>\n                            The unmistakable taste of Grana Padano PDO has always accompanied the great classics of Italian culinary tradition.                        <\/p>\n\n                        <a class=\"recipe-btn yellow-btn\"\n                           href=\"https:\/\/www.granapadano.it\/en-en\/recipes\/italian-tradition\/\"\n                           rel=\"noopener noreferrer\">\n\n                           Discover the recipes\n                           <svg width=\"7\" height=\"6\" viewBox=\"0 0 7 6\">\n                               <path d=\"M6.79688 3.15625L4 5.95312L3.64062 5.59375L6.01562 3.21875H0V2.71875H6.01562L3.8125 0.53125L3.64062 0.34375L4 0L6.96875 2.96875L6.79688 3.15625Z\" fill=\"#44392B\"\/>\n                           <\/svg>\n\n                        <\/a>\n\n                    <\/div>\n\n                <\/div>\n            <\/div>\n        <\/div>\n                <div class=\"hp-recipe-slider-section\">\n            <div class=\"hp-recipe-slider\">\n                <div class=\"recipe-slide\">\n\n                                            <div class=\"slider-bg-image\">\n                            <img decoding=\"async\" loading=\"lazy\" src=\"https:\/\/granapadano.kleecks-cdn.com\/wp-content\/uploads\/2026\/03\/GP_Healty2.png\" alt=\"Health and Sport\">\n                        <\/div>\n                    \n                    <div class=\"recipe-overlay\">\n\n                        <h2>Health and Sport<\/h2>\n\n                        <p>\n                            Thanks to its outstanding nutritional values, Grana Padano PDO is the ideal ingredient for balanced, nutritious and tasty dishes.                        <\/p>\n\n                        <a class=\"recipe-btn yellow-btn\"\n                           href=\"https:\/\/www.granapadano.it\/en-en\/recipes\/health-and-sport\/\"\n                           rel=\"noopener noreferrer\">\n\n                           Discover the recipes\n                           <svg width=\"7\" height=\"6\" viewBox=\"0 0 7 6\">\n                               <path d=\"M6.79688 3.15625L4 5.95312L3.64062 5.59375L6.01562 3.21875H0V2.71875H6.01562L3.8125 0.53125L3.64062 0.34375L4 0L6.96875 2.96875L6.79688 3.15625Z\" fill=\"#44392B\"\/>\n                           <\/svg>\n\n                        <\/a>\n\n                    <\/div>\n\n                <\/div>\n            <\/div>\n        <\/div>\n                <div class=\"hp-recipe-slider-section\">\n            <div class=\"hp-recipe-slider\">\n                <div class=\"recipe-slide\">\n\n                                            <div class=\"slider-bg-image\">\n                            <img decoding=\"async\" loading=\"lazy\" src=\"https:\/\/granapadano.kleecks-cdn.com\/wp-content\/uploads\/2026\/03\/GP_Snack.png\" alt=\"Aperisnack and Light Bites\">\n                        <\/div>\n                    \n                    <div class=\"recipe-overlay\">\n\n                        <h2>Aperisnack and Light Bites<\/h2>\n\n                        <p>\n                            Whether it\u2019s an aperitif or a snack, Grana Padano turns every bite into a special moment.                        <\/p>\n\n                        <a class=\"recipe-btn yellow-btn\"\n                           href=\"https:\/\/www.granapadano.it\/en-en\/recipes\/aperisnack-and-light-bites\/\"\n                           rel=\"noopener noreferrer\">\n\n                           Discover the recipes\n                           <svg width=\"7\" height=\"6\" viewBox=\"0 0 7 6\">\n                               <path d=\"M6.79688 3.15625L4 5.95312L3.64062 5.59375L6.01562 3.21875H0V2.71875H6.01562L3.8125 0.53125L3.64062 0.34375L4 0L6.96875 2.96875L6.79688 3.15625Z\" fill=\"#44392B\"\/>\n                           <\/svg>\n\n                        <\/a>\n\n                    <\/div>\n\n                <\/div>\n            <\/div>\n        <\/div>\n                <div class=\"hp-recipe-slider-section\">\n            <div class=\"hp-recipe-slider\">\n                <div class=\"recipe-slide\">\n\n                                            <div class=\"slider-bg-image\">\n                            <img decoding=\"async\" loading=\"lazy\" src=\"https:\/\/granapadano.kleecks-cdn.com\/wp-content\/uploads\/2026\/03\/GP_Abinamenti.png\" alt=\"Pairings\">\n                        <\/div>\n                    \n                    <div class=\"recipe-overlay\">\n\n                        <h2>Pairings<\/h2>\n\n                        <p>\n                            The versatility of Grana Padano DOP is expressed through surprising combinations with typical ingredients of Italian cuisine.                        <\/p>\n\n                        <a class=\"recipe-btn yellow-btn\"\n                           href=\"https:\/\/www.granapadano.it\/en-en\/recipes\/pairings\/\"\n                           rel=\"noopener noreferrer\">\n\n                           Discover the recipes\n                           <svg width=\"7\" height=\"6\" viewBox=\"0 0 7 6\">\n                               <path d=\"M6.79688 3.15625L4 5.95312L3.64062 5.59375L6.01562 3.21875H0V2.71875H6.01562L3.8125 0.53125L3.64062 0.34375L4 0L6.96875 2.96875L6.79688 3.15625Z\" fill=\"#44392B\"\/>\n                           <\/svg>\n\n                        <\/a>\n\n                    <\/div>\n\n                <\/div>\n            <\/div>\n        <\/div>\n        <\/div>Scopri i progetti finanziatiIniziativa finanziata dal Complemento regionale per lo Sviluppo Rurale del Veneto 2023-2027Contratto di filiera [&hellip;]<\/p>\n","protected":false},"author":2,"featured_media":0,"parent":0,"menu_order":9,"comment_status":"closed","ping_status":"closed","template":"","meta":{"_acf_changed":false,"_et_pb_use_builder":"on","_et_pb_old_content":"","_et_gb_content_width":"","footnotes":""},"class_list":["post-148809","page","type-page","status-publish","hentry"],"acf":[],"yoast_head":"<!-- This site is optimized with the Yoast SEO plugin v27.4 - https:\/\/yoast.com\/product\/yoast-seo-wordpress\/ -->\n<title>HomePage New 2026 - Grana Padano<\/title>\n<meta name=\"robots\" content=\"index, follow, max-snippet:-1, max-image-preview:large, max-video-preview:-1\" \/>\n<link rel=\"canonical\" href=\"https:\/\/www.granapadano.it\/en-en\/homepage-new-2026\/\" \/>\n<meta property=\"og:locale\" content=\"en_US\" \/>\n<meta property=\"og:type\" content=\"article\" \/>\n<meta property=\"og:title\" content=\"HomePage New 2026 - Grana Padano\" \/>\n<meta property=\"og:description\" content=\"L\u2019emozione italiana che ha fatto innamorare il mondoL\u2019emozione cheha fatto innamorareil mondoNEXT Grana Padano Same LoveNEXT Grana Padano Same LoveNaturalmente senza lattosioRicco di proteineRidotto contenuto di grassiforme totali prodotte nel 2024forme esportate in tutto il mondo nel 2024caseifici produttoriaddettiScopri i progetti finanziatiIniziativa finanziata dal Complemento regionale per lo Sviluppo Rurale del Veneto 2023-2027Contratto di filiera [&hellip;]\" \/>\n<meta property=\"og:url\" content=\"https:\/\/www.granapadano.it\/en-en\/homepage-new-2026\/\" \/>\n<meta property=\"og:site_name\" content=\"Grana Padano\" \/>\n<meta property=\"article:modified_time\" content=\"2026-03-19T11:23:23+00:00\" \/>\n<meta name=\"twitter:card\" content=\"summary_large_image\" \/>\n<meta name=\"twitter:label1\" content=\"Est. reading time\" \/>\n\t<meta name=\"twitter:data1\" content=\"6 minutes\" \/>\n<script type=\"application\/ld+json\" class=\"yoast-schema-graph\">{\"@context\":\"https:\\\/\\\/schema.org\",\"@graph\":[{\"@type\":\"WebPage\",\"@id\":\"https:\\\/\\\/www.granapadano.it\\\/en-en\\\/homepage-new-2026\\\/\",\"url\":\"https:\\\/\\\/www.granapadano.it\\\/en-en\\\/homepage-new-2026\\\/\",\"name\":\"HomePage New 2026 - Grana Padano\",\"isPartOf\":{\"@id\":\"https:\\\/\\\/www.granapadano.it\\\/en-en\\\/#website\"},\"datePublished\":\"2026-03-19T11:22:49+00:00\",\"dateModified\":\"2026-03-19T11:23:23+00:00\",\"breadcrumb\":{\"@id\":\"https:\\\/\\\/www.granapadano.it\\\/en-en\\\/homepage-new-2026\\\/#breadcrumb\"},\"inLanguage\":\"en-us\",\"potentialAction\":[{\"@type\":\"ReadAction\",\"target\":[\"https:\\\/\\\/www.granapadano.it\\\/en-en\\\/homepage-new-2026\\\/\"]}]},{\"@type\":\"BreadcrumbList\",\"@id\":\"https:\\\/\\\/www.granapadano.it\\\/en-en\\\/homepage-new-2026\\\/#breadcrumb\",\"itemListElement\":[{\"@type\":\"ListItem\",\"position\":1,\"name\":\"Home\",\"item\":\"https:\\\/\\\/www.granapadano.it\\\/en-en\\\/\"},{\"@type\":\"ListItem\",\"position\":2,\"name\":\"HomePage New 2026\"}]},{\"@type\":\"WebSite\",\"@id\":\"https:\\\/\\\/www.granapadano.it\\\/en-en\\\/#website\",\"url\":\"https:\\\/\\\/www.granapadano.it\\\/en-en\\\/\",\"name\":\"Grana Padano\",\"description\":\"\",\"potentialAction\":[{\"@type\":\"SearchAction\",\"target\":{\"@type\":\"EntryPoint\",\"urlTemplate\":\"https:\\\/\\\/www.granapadano.it\\\/en-en\\\/?s={search_term_string}\"},\"query-input\":{\"@type\":\"PropertyValueSpecification\",\"valueRequired\":true,\"valueName\":\"search_term_string\"}}],\"inLanguage\":\"en-us\"}]}<\/script>\n<!-- \/ Yoast SEO plugin. -->","yoast_head_json":{"title":"HomePage New 2026 - Grana Padano","robots":{"index":"index","follow":"follow","max-snippet":"max-snippet:-1","max-image-preview":"max-image-preview:large","max-video-preview":"max-video-preview:-1"},"canonical":"https:\/\/www.granapadano.it\/en-en\/homepage-new-2026\/","og_locale":"en_US","og_type":"article","og_title":"HomePage New 2026 - Grana Padano","og_description":"L\u2019emozione italiana che ha fatto innamorare il mondoL\u2019emozione cheha fatto innamorareil mondoNEXT Grana Padano Same LoveNEXT Grana Padano Same LoveNaturalmente senza lattosioRicco di proteineRidotto contenuto di grassiforme totali prodotte nel 2024forme esportate in tutto il mondo nel 2024caseifici produttoriaddettiScopri i progetti finanziatiIniziativa finanziata dal Complemento regionale per lo Sviluppo Rurale del Veneto 2023-2027Contratto di filiera [&hellip;]","og_url":"https:\/\/www.granapadano.it\/en-en\/homepage-new-2026\/","og_site_name":"Grana Padano","article_modified_time":"2026-03-19T11:23:23+00:00","twitter_card":"summary_large_image","twitter_misc":{"Est. reading time":"6 minutes"},"schema":{"@context":"https:\/\/schema.org","@graph":[{"@type":"WebPage","@id":"https:\/\/www.granapadano.it\/en-en\/homepage-new-2026\/","url":"https:\/\/www.granapadano.it\/en-en\/homepage-new-2026\/","name":"HomePage New 2026 - Grana Padano","isPartOf":{"@id":"https:\/\/www.granapadano.it\/en-en\/#website"},"datePublished":"2026-03-19T11:22:49+00:00","dateModified":"2026-03-19T11:23:23+00:00","breadcrumb":{"@id":"https:\/\/www.granapadano.it\/en-en\/homepage-new-2026\/#breadcrumb"},"inLanguage":"en-us","potentialAction":[{"@type":"ReadAction","target":["https:\/\/www.granapadano.it\/en-en\/homepage-new-2026\/"]}]},{"@type":"BreadcrumbList","@id":"https:\/\/www.granapadano.it\/en-en\/homepage-new-2026\/#breadcrumb","itemListElement":[{"@type":"ListItem","position":1,"name":"Home","item":"https:\/\/www.granapadano.it\/en-en\/"},{"@type":"ListItem","position":2,"name":"HomePage New 2026"}]},{"@type":"WebSite","@id":"https:\/\/www.granapadano.it\/en-en\/#website","url":"https:\/\/www.granapadano.it\/en-en\/","name":"Grana Padano","description":"","potentialAction":[{"@type":"SearchAction","target":{"@type":"EntryPoint","urlTemplate":"https:\/\/www.granapadano.it\/en-en\/?s={search_term_string}"},"query-input":{"@type":"PropertyValueSpecification","valueRequired":true,"valueName":"search_term_string"}}],"inLanguage":"en-us"}]}},"_links":{"self":[{"href":"https:\/\/www.granapadano.it\/en-en\/wp-json\/wp\/v2\/pages\/148809","targetHints":{"allow":["GET"]}}],"collection":[{"href":"https:\/\/www.granapadano.it\/en-en\/wp-json\/wp\/v2\/pages"}],"about":[{"href":"https:\/\/www.granapadano.it\/en-en\/wp-json\/wp\/v2\/types\/page"}],"author":[{"embeddable":true,"href":"https:\/\/www.granapadano.it\/en-en\/wp-json\/wp\/v2\/users\/2"}],"replies":[{"embeddable":true,"href":"https:\/\/www.granapadano.it\/en-en\/wp-json\/wp\/v2\/comments?post=148809"}],"version-history":[{"count":3,"href":"https:\/\/www.granapadano.it\/en-en\/wp-json\/wp\/v2\/pages\/148809\/revisions"}],"predecessor-version":[{"id":148812,"href":"https:\/\/www.granapadano.it\/en-en\/wp-json\/wp\/v2\/pages\/148809\/revisions\/148812"}],"wp:attachment":[{"href":"https:\/\/www.granapadano.it\/en-en\/wp-json\/wp\/v2\/media?parent=148809"}],"curies":[{"name":"wp","href":"https:\/\/api.w.org\/{rel}","templated":true}]}}