{"id":38803,"date":"2023-02-16T16:12:50","date_gmt":"2023-02-16T16:12:50","guid":{"rendered":"https:\/\/www.granapadano.it\/das-konsortium\/aufgaben-schutz-und-forderung\/promozione\/"},"modified":"2023-03-17T13:19:58","modified_gmt":"2023-03-17T13:19:58","slug":"werbeangebote","status":"publish","type":"page","link":"https:\/\/www.granapadano.it\/de-de\/das-konsortium\/aufgaben-schutz-und-forderung\/werbeangebote\/","title":{"rendered":"Werbeangebote"},"content":{"rendered":"<p>[et_pb_section fb_built=&#8221;1&#8243; fullwidth=&#8221;on&#8221; _builder_version=&#8221;4.19.0&#8243; _module_preset=&#8221;default&#8221; locked=&#8221;off&#8221; global_colors_info=&#8221;{}&#8221;][et_pb_fullwidth_image src=&#8221;https:\/\/www.granapadano.it\/wp-content\/uploads\/2023\/01\/Sostenibilita-ambientale-1h.jpg&#8221; title_text=&#8221;Sostenibilita-ambientale-1m&#8221; src_tablet=&#8221;https:\/\/www.granapadano.it\/wp-content\/uploads\/2023\/01\/Sostenibilita-ambientale-1h.jpg&#8221; src_phone=&#8221;https:\/\/www.granapadano.it\/wp-content\/uploads\/2023\/01\/Sostenibilita-ambientale-1m.jpg&#8221; src_last_edited=&#8221;on|phone&#8221; _builder_version=&#8221;4.19.5&#8243; _module_preset=&#8221;default&#8221; global_colors_info=&#8221;{}&#8221;][\/et_pb_fullwidth_image][\/et_pb_section][et_pb_section fb_built=&#8221;1&#8243; module_class=&#8221;production_sub_hub_main_wrapper promizone_top_breadcrumb_wrap&#8221; _builder_version=&#8221;4.20.2&#8243; _module_preset=&#8221;default&#8221; custom_padding=&#8221;13px||||false|false&#8221; locked=&#8221;off&#8221; global_colors_info=&#8221;{}&#8221;][et_pb_row module_class=&#8221;recipe_filter_section&#8221; _builder_version=&#8221;4.19.2&#8243; _module_preset=&#8221;default&#8221; max_width=&#8221;90%&#8221; custom_padding=&#8221;||7px|||&#8221; global_colors_info=&#8221;{}&#8221;][et_pb_column type=&#8221;4_4&#8243; _builder_version=&#8221;4.19.2&#8243; _module_preset=&#8221;default&#8221; global_colors_info=&#8221;{}&#8221;][et_pb_code _builder_version=&#8221;4.19.2&#8243; _module_preset=&#8221;default&#8221; custom_margin=&#8221;||16px|||&#8221; global_colors_info=&#8221;{}&#8221;]<div class=\"breadcrumb\"><a href=\"https:\/\/www.granapadano.it\/de-de\/\">Home<\/a>  <  <\/div>[\/et_pb_code][\/et_pb_column][\/et_pb_row][\/et_pb_section][et_pb_section fb_built=&#8221;1&#8243; module_class=&#8221;gp_production_sub_hub_main&#8221; _builder_version=&#8221;4.19.5&#8243; _module_preset=&#8221;default&#8221; custom_padding=&#8221;0px||4px||false|false&#8221; locked=&#8221;off&#8221; global_colors_info=&#8221;{}&#8221;][et_pb_row _builder_version=&#8221;4.19.4&#8243; _module_preset=&#8221;default&#8221; max_width=&#8221;90%&#8221; module_alignment=&#8221;center&#8221; custom_padding=&#8221;1px||0px|||&#8221; global_colors_info=&#8221;{}&#8221;][et_pb_column type=&#8221;4_4&#8243; _builder_version=&#8221;4.19.1&#8243; _module_preset=&#8221;default&#8221; global_colors_info=&#8221;{}&#8221;][et_pb_text _builder_version=&#8221;4.20.0&#8243; _module_preset=&#8221;default&#8221; header_font=&#8221;Merriweather||||||||&#8221; header_font_size=&#8221;44px&#8221; header_line_height=&#8221;52px&#8221; custom_margin=&#8221;0px||||false|false&#8221; custom_padding=&#8221;0px||||false|false&#8221; global_colors_info=&#8221;{}&#8221;]<\/p>\n<h1 style=\"text-align: center;\">Werbeangebote<\/h1>\n<p>[\/et_pb_text][et_pb_text _builder_version=&#8221;4.20.2&#8243; _module_preset=&#8221;default&#8221; text_text_color=&#8221;#0f0f0f&#8221; text_font_size=&#8221;18px&#8221; text_line_height=&#8221;26px&#8221; width=&#8221;99.9%&#8221; min_height=&#8221;612.9px&#8221; custom_padding=&#8221;14px|1px|46px|||&#8221; hover_enabled=&#8221;0&#8243; global_colors_info=&#8221;{}&#8221; sticky_enabled=&#8221;0&#8243;]<em>\u201eDas Konsortium ist Inhaber der Markenzeichen des Grana Padano DOP und aller damit zusammenh\u00e4ngenden oder korrespondierenden Marken, sowie rechtlich eingetragener Warenzeichen, und gew\u00e4hrt diese im Gebrauch demjenigen, der dazu berechtigt ist.\u201c<\/em><\/p>\n<p><em>\u201eDas Konsortium hat die alleinige Befugnis, das unverwechselbare Logo des Grana Padano DOP auf die K\u00e4selaibe der Mitglieder des Konsortiums und der zur Herstellung berechtigten Personen zu anzubringen.\u201c<\/em><br \/>\n<strong>(Satzung des Grana Padano Schutzkonsortiums)<\/strong><\/p>\n<p>Die Funktion der Werbung und der genauen und detaillierten Informationen \u00fcber den Grana Padano und seine Natur als ein DOP-Produkt umfasst auch die Verbesserung seines Images, auch um den Verkauf zu f\u00f6rdern und zu erweitern.<\/p>\n<p><strong style=\"display:block;\">F\u00d6RDERUNG BEDEUTET: <\/strong><\/p>\n<p><strong>Bereitstellung korrekter Informationen<\/strong><br \/>\nDie Beobachtung der Medien und der Fachpresse ist f\u00fcr das Konsortium von zentraler Bedeutung, um sicherzustellen, dass die Nachrichten und Informationen \u00fcber Grana Padano, die die breite \u00d6ffentlichkeit, die Finanzm\u00e4rkte und die Industrie erreichen, fair, detailliert und genau sind.<\/p>\n<p><strong style=\"display:block;\">Die F\u00f6rderung der korrekten Verwendung des Namens \u201eGrana Padano\u201c<\/strong><br \/>\nAngesichts der zunehmenden Globalisierung der M\u00e4rkte, der zunehmenden F\u00e4lschung von \u201eMade in Italy\u201c-Produkten und nicht zuletzt der Wirtschaftskrise und ihrer Auswirkungen auf die Spekulationen \u00fcber Qualit\u00e4t und Preise setzt sich das Konsortium intensiv f\u00fcr die F\u00f6rderung der korrekten Verwendung des Namens \u201eGrana Padano\u201c ein. Es wird auch darauf geachtet, dass nur die richtige Bezeichnung verwendet wird: \u201eGrana Padano\u201c.<\/p>\n<p><strong style=\"display:block;\">Werbung, Initiativen und Veranstaltungen<\/strong><br \/>\nDas Grana Padano Schutzkonsortium legt seit jeher besonderen Wert auf die F\u00f6rderung und nutzt die einflussreichsten Medien: Presse, Radio, Fernsehen, \u201edigitale\u201c Kampagnen, \u201esoziale Netzwerke\u201c und Werbeveranstaltungen. Dar\u00fcber hinaus unterst\u00fctzt das Konsortium h\u00e4ufig Aktivit\u00e4ten zur F\u00f6rderung der Kultur des \u201eMade in Italy\u201c im Ausland durch Sponsoring. Schlie\u00dflich f\u00f6rdert das Konsortium auch umfangreiche Bildungs-, Forschungs- und Wissenschaftsprojekte, die weit \u00fcber die urspr\u00fcnglichen Ziele hinausgehen.<\/p>\n<p><strong style=\"display:block;\">Marketing und Vertrieb<\/strong><br \/>\nDas Grana Padano Schutzkonsortium stellt auch Informationen, Dienstleistungen und Unterst\u00fctzung zur Verf\u00fcgung, um seine eigenen Mitglieder beim Verkauf, der Vermarktung und dem Vertrieb des Produkts zu unterst\u00fctzen.[\/et_pb_text][\/et_pb_column][\/et_pb_row][\/et_pb_section]<\/p>\n","protected":false},"excerpt":{"rendered":"<p><div class=\"breadcrumb\"><a href=\"https:\/\/www.granapadano.it\/de-de\/\">Home<\/a>  <  <\/div>Werbeangebote\u201eDas Konsortium ist Inhaber der Markenzeichen des Grana Padano DOP und aller damit zusammenh\u00e4ngenden oder korrespondierenden Marken, sowie rechtlich eingetragener Warenzeichen, und gew\u00e4hrt diese im Gebrauch demjenigen, der dazu berechtigt ist.\u201c \u201eDas Konsortium hat die alleinige Befugnis, das unverwechselbare Logo des Grana Padano DOP auf die K\u00e4selaibe der Mitglieder des Konsortiums und der zur Herstellung [&hellip;]<\/p>\n","protected":false},"author":3,"featured_media":0,"parent":37028,"menu_order":611,"comment_status":"closed","ping_status":"closed","template":"","meta":{"_acf_changed":false,"_et_pb_use_builder":"on","_et_pb_old_content":"","_et_gb_content_width":"","footnotes":""},"class_list":["post-38803","page","type-page","status-publish","hentry"],"acf":[],"yoast_head":"<!-- This site is optimized with the Yoast SEO plugin v27.4 - https:\/\/yoast.com\/product\/yoast-seo-wordpress\/ -->\n<title>Werbeangebote - Grana Padano<\/title>\n<meta name=\"robots\" content=\"index, follow, max-snippet:-1, max-image-preview:large, max-video-preview:-1\" \/>\n<link rel=\"canonical\" href=\"https:\/\/www.granapadano.it\/de-de\/das-konsortium\/aufgaben-schutz-und-forderung\/werbeangebote\/\" \/>\n<meta property=\"og:locale\" content=\"de_DE\" \/>\n<meta property=\"og:type\" content=\"article\" \/>\n<meta property=\"og:title\" content=\"Werbeangebote - Grana Padano\" \/>\n<meta property=\"og:description\" content=\"Werbeangebote\u201eDas Konsortium ist Inhaber der Markenzeichen des Grana Padano DOP und aller damit zusammenh\u00e4ngenden oder korrespondierenden Marken, sowie rechtlich eingetragener Warenzeichen, und gew\u00e4hrt diese im Gebrauch demjenigen, der dazu berechtigt ist.\u201c \u201eDas Konsortium hat die alleinige Befugnis, das unverwechselbare Logo des Grana Padano DOP auf die K\u00e4selaibe der Mitglieder des Konsortiums und der zur Herstellung [&hellip;]\" \/>\n<meta property=\"og:url\" content=\"https:\/\/www.granapadano.it\/de-de\/das-konsortium\/aufgaben-schutz-und-forderung\/werbeangebote\/\" \/>\n<meta property=\"og:site_name\" content=\"Grana Padano\" \/>\n<meta property=\"article:modified_time\" content=\"2023-03-17T13:19:58+00:00\" \/>\n<meta name=\"twitter:card\" content=\"summary_large_image\" \/>\n<meta name=\"twitter:label1\" content=\"Est. reading time\" \/>\n\t<meta name=\"twitter:data1\" content=\"3 minutes\" \/>\n<script type=\"application\/ld+json\" class=\"yoast-schema-graph\">{\"@context\":\"https:\\\/\\\/schema.org\",\"@graph\":[{\"@type\":\"WebPage\",\"@id\":\"https:\\\/\\\/www.granapadano.it\\\/de-de\\\/das-konsortium\\\/aufgaben-schutz-und-forderung\\\/werbeangebote\\\/\",\"url\":\"https:\\\/\\\/www.granapadano.it\\\/de-de\\\/das-konsortium\\\/aufgaben-schutz-und-forderung\\\/werbeangebote\\\/\",\"name\":\"Werbeangebote - Grana Padano\",\"isPartOf\":{\"@id\":\"https:\\\/\\\/www.granapadano.it\\\/de-de\\\/#website\"},\"datePublished\":\"2023-02-16T16:12:50+00:00\",\"dateModified\":\"2023-03-17T13:19:58+00:00\",\"breadcrumb\":{\"@id\":\"https:\\\/\\\/www.granapadano.it\\\/de-de\\\/das-konsortium\\\/aufgaben-schutz-und-forderung\\\/werbeangebote\\\/#breadcrumb\"},\"inLanguage\":\"de-de\",\"potentialAction\":[{\"@type\":\"ReadAction\",\"target\":[\"https:\\\/\\\/www.granapadano.it\\\/de-de\\\/das-konsortium\\\/aufgaben-schutz-und-forderung\\\/werbeangebote\\\/\"]}]},{\"@type\":\"BreadcrumbList\",\"@id\":\"https:\\\/\\\/www.granapadano.it\\\/de-de\\\/das-konsortium\\\/aufgaben-schutz-und-forderung\\\/werbeangebote\\\/#breadcrumb\",\"itemListElement\":[{\"@type\":\"ListItem\",\"position\":1,\"name\":\"Home\",\"item\":\"https:\\\/\\\/www.granapadano.it\\\/de-de\\\/\"},{\"@type\":\"ListItem\",\"position\":2,\"name\":\"Das Schutzkonsortium\",\"item\":\"https:\\\/\\\/www.granapadano.it\\\/de-de\\\/das-schutzkonsortium\\\/\"},{\"@type\":\"ListItem\",\"position\":3,\"name\":\"Aufgaben: Schutz und F\u00f6rderung\",\"item\":\"https:\\\/\\\/www.granapadano.it\\\/de-de\\\/das-konsortium\\\/aufgaben-schutz-und-forderung\\\/\"},{\"@type\":\"ListItem\",\"position\":4,\"name\":\"Werbeangebote\"}]},{\"@type\":\"WebSite\",\"@id\":\"https:\\\/\\\/www.granapadano.it\\\/de-de\\\/#website\",\"url\":\"https:\\\/\\\/www.granapadano.it\\\/de-de\\\/\",\"name\":\"Grana Padano\",\"description\":\"\",\"potentialAction\":[{\"@type\":\"SearchAction\",\"target\":{\"@type\":\"EntryPoint\",\"urlTemplate\":\"https:\\\/\\\/www.granapadano.it\\\/de-de\\\/?s={search_term_string}\"},\"query-input\":{\"@type\":\"PropertyValueSpecification\",\"valueRequired\":true,\"valueName\":\"search_term_string\"}}],\"inLanguage\":\"de-de\"}]}<\/script>\n<!-- \/ Yoast SEO plugin. -->","yoast_head_json":{"title":"Werbeangebote - Grana Padano","robots":{"index":"index","follow":"follow","max-snippet":"max-snippet:-1","max-image-preview":"max-image-preview:large","max-video-preview":"max-video-preview:-1"},"canonical":"https:\/\/www.granapadano.it\/de-de\/das-konsortium\/aufgaben-schutz-und-forderung\/werbeangebote\/","og_locale":"de_DE","og_type":"article","og_title":"Werbeangebote - Grana Padano","og_description":"Werbeangebote\u201eDas Konsortium ist Inhaber der Markenzeichen des Grana Padano DOP und aller damit zusammenh\u00e4ngenden oder korrespondierenden Marken, sowie rechtlich eingetragener Warenzeichen, und gew\u00e4hrt diese im Gebrauch demjenigen, der dazu berechtigt ist.\u201c \u201eDas Konsortium hat die alleinige Befugnis, das unverwechselbare Logo des Grana Padano DOP auf die K\u00e4selaibe der Mitglieder des Konsortiums und der zur Herstellung [&hellip;]","og_url":"https:\/\/www.granapadano.it\/de-de\/das-konsortium\/aufgaben-schutz-und-forderung\/werbeangebote\/","og_site_name":"Grana Padano","article_modified_time":"2023-03-17T13:19:58+00:00","twitter_card":"summary_large_image","twitter_misc":{"Est. reading time":"3 minutes"},"schema":{"@context":"https:\/\/schema.org","@graph":[{"@type":"WebPage","@id":"https:\/\/www.granapadano.it\/de-de\/das-konsortium\/aufgaben-schutz-und-forderung\/werbeangebote\/","url":"https:\/\/www.granapadano.it\/de-de\/das-konsortium\/aufgaben-schutz-und-forderung\/werbeangebote\/","name":"Werbeangebote - Grana Padano","isPartOf":{"@id":"https:\/\/www.granapadano.it\/de-de\/#website"},"datePublished":"2023-02-16T16:12:50+00:00","dateModified":"2023-03-17T13:19:58+00:00","breadcrumb":{"@id":"https:\/\/www.granapadano.it\/de-de\/das-konsortium\/aufgaben-schutz-und-forderung\/werbeangebote\/#breadcrumb"},"inLanguage":"de-de","potentialAction":[{"@type":"ReadAction","target":["https:\/\/www.granapadano.it\/de-de\/das-konsortium\/aufgaben-schutz-und-forderung\/werbeangebote\/"]}]},{"@type":"BreadcrumbList","@id":"https:\/\/www.granapadano.it\/de-de\/das-konsortium\/aufgaben-schutz-und-forderung\/werbeangebote\/#breadcrumb","itemListElement":[{"@type":"ListItem","position":1,"name":"Home","item":"https:\/\/www.granapadano.it\/de-de\/"},{"@type":"ListItem","position":2,"name":"Das Schutzkonsortium","item":"https:\/\/www.granapadano.it\/de-de\/das-schutzkonsortium\/"},{"@type":"ListItem","position":3,"name":"Aufgaben: Schutz und F\u00f6rderung","item":"https:\/\/www.granapadano.it\/de-de\/das-konsortium\/aufgaben-schutz-und-forderung\/"},{"@type":"ListItem","position":4,"name":"Werbeangebote"}]},{"@type":"WebSite","@id":"https:\/\/www.granapadano.it\/de-de\/#website","url":"https:\/\/www.granapadano.it\/de-de\/","name":"Grana Padano","description":"","potentialAction":[{"@type":"SearchAction","target":{"@type":"EntryPoint","urlTemplate":"https:\/\/www.granapadano.it\/de-de\/?s={search_term_string}"},"query-input":{"@type":"PropertyValueSpecification","valueRequired":true,"valueName":"search_term_string"}}],"inLanguage":"de-de"}]}},"_links":{"self":[{"href":"https:\/\/www.granapadano.it\/de-de\/wp-json\/wp\/v2\/pages\/38803","targetHints":{"allow":["GET"]}}],"collection":[{"href":"https:\/\/www.granapadano.it\/de-de\/wp-json\/wp\/v2\/pages"}],"about":[{"href":"https:\/\/www.granapadano.it\/de-de\/wp-json\/wp\/v2\/types\/page"}],"author":[{"embeddable":true,"href":"https:\/\/www.granapadano.it\/de-de\/wp-json\/wp\/v2\/users\/3"}],"replies":[{"embeddable":true,"href":"https:\/\/www.granapadano.it\/de-de\/wp-json\/wp\/v2\/comments?post=38803"}],"version-history":[{"count":0,"href":"https:\/\/www.granapadano.it\/de-de\/wp-json\/wp\/v2\/pages\/38803\/revisions"}],"up":[{"embeddable":true,"href":"https:\/\/www.granapadano.it\/de-de\/wp-json\/wp\/v2\/pages\/37028"}],"wp:attachment":[{"href":"https:\/\/www.granapadano.it\/de-de\/wp-json\/wp\/v2\/media?parent=38803"}],"curies":[{"name":"wp","href":"https:\/\/api.w.org\/{rel}","templated":true}]}}