{"id":153404,"date":"2026-03-30T14:51:52","date_gmt":"2026-03-30T14:51:52","guid":{"rendered":"https:\/\/www.granapadano.it\/pasquetta-the-italian-getaway-after-easter\/"},"modified":"2026-03-30T15:45:36","modified_gmt":"2026-03-30T15:45:36","slug":"pasquetta-the-italian-getaway-after-easter","status":"publish","type":"page","link":"https:\/\/www.granapadano.it\/de-de\/pasquetta-die-italienische-auszeit-nach-ostern\/","title":{"rendered":"Pasquetta: Die italienische Auszeit nach Ostern"},"content":{"rendered":"<p>[et_pb_section fb_built=&#8221;1&#8243; fullwidth=&#8221;on&#8221; _builder_version=&#8221;4.19.0&#8243; _module_preset=&#8221;default&#8221; global_colors_info=&#8221;{}&#8221;][et_pb_fullwidth_image src=&#8221;https:\/\/www.granapadano.it\/wp-content\/uploads\/2025\/03\/GP_Grigliata-di-Carne-h.jpg&#8221; title_text=&#8221;GP_Grigliata-di-Carne-m&#8221; src_tablet=&#8221;https:\/\/www.granapadano.it\/wp-content\/uploads\/2025\/03\/GP_Grigliata-di-Carne-h.jpg&#8221; src_phone=&#8221;https:\/\/www.granapadano.it\/wp-content\/uploads\/2025\/03\/GP_Grigliata-di-Carne-m.jpg&#8221; src_last_edited=&#8221;on|phone&#8221; _builder_version=&#8221;4.27.6&#8243; _module_preset=&#8221;default&#8221; global_colors_info=&#8221;{}&#8221;][\/et_pb_fullwidth_image][\/et_pb_section][et_pb_section fb_built=&#8221;1&#8243; module_class=&#8221;production_sub_hub_main_wrapper&#8221; _builder_version=&#8221;4.19.3&#8243; _module_preset=&#8221;default&#8221; custom_padding=&#8221;13px||0px|||&#8221; global_colors_info=&#8221;{}&#8221;][et_pb_row module_class=&#8221;recipe_filter_section&#8221; _builder_version=&#8221;4.19.4&#8243; _module_preset=&#8221;default&#8221; max_width=&#8221;90%&#8221; custom_padding=&#8221;||7px|||&#8221; global_colors_info=&#8221;{}&#8221;][et_pb_column type=&#8221;4_4&#8243; _builder_version=&#8221;4.19.4&#8243; _module_preset=&#8221;default&#8221; global_colors_info=&#8221;{}&#8221;][et_pb_code _builder_version=&#8221;4.19.4&#8243; _module_preset=&#8221;default&#8221; global_colors_info=&#8221;{}&#8221;]<div class=\"breadcrumb\"><a href=\"https:\/\/www.granapadano.it\/de-de\/\">Home<\/a>  <  <\/div>[\/et_pb_code][\/et_pb_column][\/et_pb_row][\/et_pb_section][et_pb_section fb_built=&#8221;1&#8243; _builder_version=&#8221;4.27.6&#8243; _module_preset=&#8221;default&#8221; min_height=&#8221;187px&#8221; height=&#8221;1000px&#8221; max_height=&#8221;141px&#8221; custom_padding=&#8221;0px||||false|false&#8221; locked=&#8221;off&#8221; global_colors_info=&#8221;{}&#8221;][et_pb_row _builder_version=&#8221;4.27.6&#8243; _module_preset=&#8221;default&#8221; max_width=&#8221;90%&#8221; min_height=&#8221;55.9px&#8221; custom_padding=&#8221;20px||0px||false|false&#8221; global_colors_info=&#8221;{}&#8221;][et_pb_column type=&#8221;4_4&#8243; _builder_version=&#8221;4.19.4&#8243; _module_preset=&#8221;default&#8221; global_colors_info=&#8221;{}&#8221;][et_pb_text _builder_version=&#8221;4.27.6&#8243; _module_preset=&#8221;default&#8221; text_font=&#8221;Merriweather|700|||||||&#8221; text_text_color=&#8221;#0f0f0f&#8221; text_font_size=&#8221;44px&#8221; text_line_height=&#8221;62px&#8221; header_text_color=&#8221;gcid-8696fd7e-29dd-4028-9d4d-981b208a53a9&#8243; header_font_size=&#8221;45px&#8221; header_line_height=&#8221;52px&#8221; text_orientation=&#8221;center&#8221; custom_margin=&#8221;0px|0px|7px|0px|false|true&#8221; global_colors_info=&#8221;{%22gcid-8696fd7e-29dd-4028-9d4d-981b208a53a9%22:%91%22header_text_color%22%93}&#8221;]<\/p>\n<h1 style=\"text-align: left;\">Pasquetta: Die italienische Auszeit nach Ostern<\/h1>\n<p>[\/et_pb_text][et_pb_text _builder_version=&#8221;4.27.6&#8243; _module_preset=&#8221;default&#8221; text_font=&#8221;||||||||&#8221; text_text_color=&#8221;#0f0f0f&#8221; text_font_size=&#8221;16px&#8221; text_line_height=&#8221;26px&#8221; custom_padding=&#8221;||20px||false|false&#8221; locked=&#8221;off&#8221; global_colors_info=&#8221;{}&#8221;]<\/p>\n<p style=\"text-align: left;\">Wenn man denkt, dass das italienische Osterfest nur aus Familie, Schokoladeneiern und endlosen Mittagessen besteht \u2026 dann hat man nur die halbe Geschichte gesehen.<br \/>\nAm Tag danach, dem ber\u00fchmten \u201cLuned\u00ec dell\u2019Angelo,\u201d besser bekannt als Pasquetta, \u00e4ndern die Italiener den Ton: weg mit der F\u00f6rmlichkeit, her mit Chaos, Leichtigkeit und nat\u00fcrlich viel gutem Essen.<\/p>\n<p>[\/et_pb_text][\/et_pb_column][\/et_pb_row][\/et_pb_section][et_pb_section fb_built=&#8221;1&#8243; module_id=&#8221;crosta-edibile&#8221; _builder_version=&#8221;4.27.6&#8243; _module_preset=&#8221;default&#8221; background_color=&#8221;#FFFFFF&#8221; max_height=&#8221;284px&#8221; custom_margin=&#8221;||0px||false|false&#8221; custom_padding=&#8221;||0px||false|false&#8221; locked=&#8221;off&#8221; global_colors_info=&#8221;{}&#8221;][et_pb_row _builder_version=&#8221;4.20.2&#8243; _module_preset=&#8221;default&#8221; custom_margin=&#8221;0px||0px||false|false&#8221; custom_padding=&#8221;0px||0px||false|false&#8221; global_colors_info=&#8221;{}&#8221;][et_pb_column type=&#8221;4_4&#8243; _builder_version=&#8221;4.20.2&#8243; _module_preset=&#8221;default&#8221; global_colors_info=&#8221;{}&#8221;][et_pb_text _builder_version=&#8221;4.27.6&#8243; _module_preset=&#8221;default&#8221; text_font=&#8221;||||||||&#8221; header_font=&#8221;||||||||&#8221; header_text_color=&#8221;#000000&#8243; header_font_size=&#8221;38px&#8221; header_line_height=&#8221;36px&#8221; header_3_font=&#8221;||||||||&#8221; header_3_text_color=&#8221;#000000&#8243; header_3_font_size=&#8221;35px&#8221; header_3_line_height=&#8221;1.4em&#8221; text_orientation=&#8221;center&#8221; custom_margin=&#8221;0px||||false|false&#8221; custom_padding=&#8221;0px||15px||false|false&#8221; header_font_size_tablet=&#8221;38px&#8221; header_font_size_phone=&#8221;28px&#8221; header_font_size_last_edited=&#8221;on|phone&#8221; header_3_font_tablet=&#8221;||||||||&#8221; header_3_font_phone=&#8221;||||||||&#8221; header_3_font_last_edited=&#8221;on|phone&#8221; locked=&#8221;off&#8221; global_colors_info=&#8221;{}&#8221;]<\/p>\n<h3 style=\"text-align: left\">Ostern vs. Pasquetta<\/h3>\n<p>[\/et_pb_text][et_pb_text _builder_version=&#8221;4.27.6&#8243; _module_preset=&#8221;default&#8221; text_font=&#8221;||||||||&#8221; text_text_color=&#8221;#0f0f0f&#8221; text_font_size=&#8221;16px&#8221; text_line_height=&#8221;25px&#8221; custom_padding=&#8221;||50px||false|false&#8221; locked=&#8221;off&#8221; global_colors_info=&#8221;{}&#8221;]<\/p>\n<p>Wenn Ostern f\u00fcr Tradition, festlich gedeckte Tische, ankommende Verwandte und Unmengen an Schokoladeneiern steht, dann bedeutet Pasquetta Freunde, Improvisation und pures Chaos.<br \/>\nDie einzige Regel? Nicht zu Hause bleiben.<br \/>\nWenn der Winter Silvester hat und der Sommer Ferragosto, dann ist Pasquetta der Fr\u00fchlingsh\u00f6hepunkt des Zusammenseins: Man plant sie oft schon Monate im Voraus, um alle Freunde unter einen Hut zu bringen und vorbereitet zu sein \u2026 oder es zumindest zu versuchen.<br \/>\nDer Tag verspricht Sonne, Lachen und Essen im Freien und h\u00e4ufig auch die ein oder andere unerwartete \u00dcberraschung.<\/p>\n<p>[\/et_pb_text][\/et_pb_column][\/et_pb_row][\/et_pb_section][et_pb_section fb_built=&#8221;1&#8243; _builder_version=&#8221;4.27.6&#8243; _module_preset=&#8221;default&#8221; min_height=&#8221;598.3px&#8221; custom_margin=&#8221;||-28px|||&#8221; locked=&#8221;off&#8221; global_colors_info=&#8221;{}&#8221;][et_pb_row use_custom_gutter=&#8221;on&#8221; gutter_width=&#8221;3&#8243; _builder_version=&#8221;4.27.6&#8243; _module_preset=&#8221;default&#8221; custom_margin=&#8221;||0px||false|false&#8221; custom_padding=&#8221;0px||||false|false&#8221; global_colors_info=&#8221;{}&#8221;][et_pb_column type=&#8221;4_4&#8243; _builder_version=&#8221;4.27.6&#8243; _module_preset=&#8221;default&#8221; global_colors_info=&#8221;{}&#8221;][et_pb_text _builder_version=&#8221;4.27.6&#8243; _module_preset=&#8221;default&#8221; text_font=&#8221;|700|||||||&#8221; text_text_color=&#8221;#0f0f0f&#8221; text_font_size=&#8221;44px&#8221; text_line_height=&#8221;62px&#8221; header_text_align=&#8221;left&#8221; header_text_color=&#8221;gcid-8696fd7e-29dd-4028-9d4d-981b208a53a9&#8243; header_font_size=&#8221;44px&#8221; header_line_height=&#8221;52px&#8221; header_2_text_align=&#8221;left&#8221; header_2_font_size=&#8221;35px&#8221; custom_margin=&#8221;0px||10px||false|false&#8221; global_colors_info=&#8221;{%22gcid-8696fd7e-29dd-4028-9d4d-981b208a53a9%22:%91%22header_text_color%22%93}&#8221;]<\/p>\n<h2 style=\"text-align: left;\">Drei Arten von Menschen an Pasquetta \u2026<\/h2>\n<p>[\/et_pb_text][et_pb_text _builder_version=&#8221;4.27.6&#8243; _module_preset=&#8221;default&#8221; text_font=&#8221;||||||||&#8221; text_text_color=&#8221;#0f0f0f&#8221; text_font_size=&#8221;16px&#8221; text_line_height=&#8221;25px&#8221; custom_padding=&#8221;||10px||false|false&#8221; locked=&#8221;off&#8221; global_colors_info=&#8221;{}&#8221;]<\/p>\n<p>Jede Italienerin und jeder Italiener erkennt sich in mindestens einer Kategorie wieder und verbringt die Monate davor damit, die eigene Idee der Freundesgruppe schmackhaft zu machen. Meist l\u00e4uft es auf eine dieser drei Varianten hinaus:<\/p>\n<p>[\/et_pb_text][et_pb_accordion open_toggle_text_color=&#8221;#44392b&#8221; closed_toggle_background_color=&#8221;RGBA(255,255,255,0)&#8221; toggle_icon=&#8221;&#x33;||divi||400&#8243; icon_color=&#8221;#876346&#8243; use_icon_font_size=&#8221;on&#8221; icon_font_size=&#8221;24px&#8221; module_class=&#8221;gp-new-faqs&#8221; _builder_version=&#8221;4.27.6&#8243; _module_preset=&#8221;default&#8221; toggle_text_color=&#8221;#876346&#8243; toggle_level=&#8221;h4&#8243; toggle_font=&#8221;&#8211;et_global_heading_font||||||||&#8221; body_font=&#8221;&#8211;et_global_heading_font||||||||&#8221; body_text_color=&#8221;#201d19&#8243; text_orientation=&#8221;left&#8221; border_width_top=&#8221;0px&#8221; border_color_right=&#8221;RGBA(255,255,255,0)&#8221; border_color_bottom=&#8221;#876346&#8243; border_width_left=&#8221;0px&#8221; global_colors_info=&#8221;{%22gcid-46a7fd9b-e7e5-4c0a-b621-f5f3bcee3ed6%22:%91%22border_color_bottom%22,%22icon_color%22%93}&#8221; custom_padding__hover_enabled=&#8221;off|desktop&#8221; closed_toggle_background_color__hover_enabled=&#8221;on|hover&#8221; closed_toggle_background_color__hover=&#8221;RGBA(255,255,255,0)&#8221; toggle_icon__hover_enabled=&#8221;off|desktop&#8221; toggle_icon__hover=&#8221;2||divi||400&#8243;][et_pb_accordion_item title=&#8221;Die Entspannten: Picknick im Gr\u00fcnen&#8221; open=&#8221;on&#8221; _builder_version=&#8221;4.27.6&#8243; _module_preset=&#8221;default&#8221; background_color=&#8221;RGBA(255,255,255,0)&#8221; background_enable_color=&#8221;on&#8221; global_colors_info=&#8221;{}&#8221;]F\u00fcr sie ist Pasquetta der perfekte Tag, um den Fr\u00fchling ganz entspannt zu genie\u00dfen.<br \/>\nEin St\u00fcck Wiese, ein H\u00fcgel oder ein Seeufer reichen aus, dazu eine karierte Decke und ein Weidenkorb voller selbstgebackenem Brot und kalter Speisen, die drau\u00dfen gegessen werden.<\/p>\n<p>Der Tag vergeht mit Familie oder engen Freunden: beim Plaudern, bei improvisierten Fu\u00dfballspielen mit selbstgebauten Toren oder bei Karten- und Brettspielen.<br \/>\nKurz gesagt: pure Entspannung, die ideale Pasquetta, um wirklich abzuschalten und den Fr\u00fchling zu sp\u00fcren.[\/et_pb_accordion_item][et_pb_accordion_item title=&#8221;Die Abenteurer: Ausflug ins Umland&#8221; _builder_version=&#8221;4.27.6&#8243; _module_preset=&#8221;default&#8221; global_colors_info=&#8221;{}&#8221; open=&#8221;off&#8221;]Meer oder Berge? Jede und jeder hat sein eigenes Ziel, zum Gl\u00fcck hat Italien viel zu bieten.<br \/>\nIm S\u00fcden er\u00f6ffnet mancher schon die Badesaison im Meer, w\u00e4hrend in den Bergen das Hauptziel darin besteht, gerade so viel zu wandern, dass das Osteressen wieder Platz macht.<\/p>\n<p>So oder so: Der Tag steht ganz im Zeichen von frischer Luft, Abstand vom Alltag und Spa\u00df mit den liebsten Menschen.<br \/>\nUnd um Wanderungen und Gel\u00e4chter zu \u00fcberstehen, darf ein strategischer Snack nat\u00fcrlich nie fehlen \u2026 zum Beispiel ein paar St\u00fccke Grana Padano g.U.[\/et_pb_accordion_item][et_pb_accordion_item title=&#8221;Die Helden des Barbecues: das Grillen&#8221; _builder_version=&#8221;4.27.6&#8243; _module_preset=&#8221;default&#8221; global_colors_info=&#8221;{}&#8221; open=&#8221;off&#8221;]F\u00fcr andere bedeutet Pasquetta nur eines: den Grill einweihen.<br \/>\nF\u00fcr Grillfans ist der Fr\u00fchling ein Aufatmen, die Sch\u00fcrze wird hervorgeholt, die Kohle angez\u00fcndet, die Zangen werden geschwungen und endlich kann die Grillsaison beginnen.<\/p>\n<p>Manche schw\u00f6ren auf Schweinerippchen, andere setzen auf mariniertes H\u00e4hnchen, und wieder andere akzeptieren nichts au\u00dfer einem riesigen Rindersteak.<br \/>\nDann gibt es noch die kreativen Beilagen-T\u00fcftler, die Spezialisten f\u00fcr gegrilltes Gem\u00fcse und nat\u00fcrlich die offiziellen Getr\u00e4nkeverantwortlichen, eine Rolle, ohne die der Tag einfach nicht funktioniert.<\/p>\n<p>Hier ist die Gesellschaft entscheidend und folgt einem einfachen Motto: je mehr, desto besser.<br \/>\nUnd um alle zufriedenzustellen, braucht es immer einen Trumpf im \u00c4rmel, zum Beispiel eine cremige Grana-Padano-g.U.-Sauce, in die man einfach alles eintunken kann.[\/et_pb_accordion_item][\/et_pb_accordion][\/et_pb_column][\/et_pb_row][\/et_pb_section][et_pb_section fb_built=&#8221;1&#8243; module_id=&#8221;crosta-edibile&#8221; _builder_version=&#8221;4.27.6&#8243; _module_preset=&#8221;default&#8221; background_color=&#8221;#FFFFFF&#8221; custom_margin=&#8221;||60px||false|false&#8221; custom_padding=&#8221;||0px||false|false&#8221; locked=&#8221;off&#8221; global_colors_info=&#8221;{}&#8221;][et_pb_row _builder_version=&#8221;4.20.2&#8243; _module_preset=&#8221;default&#8221; custom_margin=&#8221;0px||0px||false|false&#8221; custom_padding=&#8221;0px||0px||false|false&#8221; global_colors_info=&#8221;{}&#8221;][et_pb_column type=&#8221;4_4&#8243; _builder_version=&#8221;4.20.2&#8243; _module_preset=&#8221;default&#8221; global_colors_info=&#8221;{}&#8221;][et_pb_text _builder_version=&#8221;4.27.6&#8243; _module_preset=&#8221;default&#8221; text_font=&#8221;||||||||&#8221; header_font=&#8221;||||||||&#8221; header_text_color=&#8221;#000000&#8243; header_font_size=&#8221;38px&#8221; header_line_height=&#8221;36px&#8221; header_3_font=&#8221;||||||||&#8221; header_3_text_color=&#8221;#000000&#8243; header_3_font_size=&#8221;35px&#8221; header_3_line_height=&#8221;1.4em&#8221; text_orientation=&#8221;center&#8221; custom_margin=&#8221;0px||||false|false&#8221; custom_padding=&#8221;0px||15px||false|false&#8221; header_font_size_tablet=&#8221;38px&#8221; header_font_size_phone=&#8221;28px&#8221; header_font_size_last_edited=&#8221;on|phone&#8221; header_3_font_tablet=&#8221;||||||||&#8221; header_3_font_phone=&#8221;||||||||&#8221; header_3_font_last_edited=&#8221;on|phone&#8221; locked=&#8221;off&#8221; global_colors_info=&#8221;{}&#8221;]<\/p>\n<h3 style=\"text-align: left;\">Klingt perfekt \u2026 aber es gibt ein Problem<\/h3>\n<p>[\/et_pb_text][et_pb_text _builder_version=&#8221;4.27.6&#8243; _module_preset=&#8221;default&#8221; text_font=&#8221;||||||||&#8221; text_text_color=&#8221;#0f0f0f&#8221; text_font_size=&#8221;16px&#8221; text_line_height=&#8221;25px&#8221; custom_padding=&#8221;||50px||false|false&#8221; locked=&#8221;off&#8221; global_colors_info=&#8221;{}&#8221;]<\/p>\n<p> Jede Pasquetta folgt demselben Drehbuch: tausend Ideen, monatelange Planung, endlose Chat-Nachrichten \u00fcber Destination und Men\u00fc \u2026 und dann stellt man am Morgen fest, dass es regnet.<br \/>\nDas Wetter ist seit jeher der nat\u00fcrliche Erzfeind eines Tages, der f\u00fcr gro\u00dfe Gruppen und lange Stunden im Freien gedacht ist. Regen kann alles ruinieren und oft tut er das auch.<br \/>\nDoch keine Panik: Die Italiener haben immer einen sicheren Plan B. Er hei\u00dft Ostern 2.0.<br \/>\nAlle setzen sich wieder an den Tisch, das Festessen vom Vortag wird wiederholt, Brettspiele werden hervorgeholt und Kartenspiele dauern stundenlang, begleitet von Gel\u00e4chter und immer lebhafteren Geschichten.<br \/>\nDenn im Grunde ging es bei Pasquetta nie wirklich um den Ausflug, den Grill oder das Picknick.<br \/>\nEs ging immer darum, zusammen zu sein.<\/p>\n<p>[\/et_pb_text][et_pb_text _builder_version=&#8221;4.27.6&#8243; _module_preset=&#8221;default&#8221; text_font=&#8221;||||||||&#8221; text_text_color=&#8221;#0f0f0f&#8221; text_font_size=&#8221;16px&#8221; text_line_height=&#8221;25px&#8221; custom_padding=&#8221;||50px||false|false&#8221; locked=&#8221;off&#8221; global_colors_info=&#8221;{}&#8221;]<\/p>\n<p>In Italien ist Pasquetta die informelle Fortsetzung nach der feierlichen Ostertradition.<br \/>\nSie besteht aus gro\u00dfen Pl\u00e4nen, endlosen Vorbereitungen und einer guten Portion Unvorhersehbarkeit. Manchmal bringt sie Sonne und gr\u00fcne Wiesen, manchmal einen improvisierten Tisch und einen spontan beschlossenen Plan B.<br \/>\nDenn Pasquetta ist mehr als nur eine Tradition.<br \/>\nUnd wie jeder italienische Moment der Geselligkeit findet sie ihr perfektes Gleichgewicht in authentischen Aromen wie dem von Grana Padano, die selbst einen verregneten Tag mit gescheiterten Pl\u00e4nen in eine Erinnerung verwandeln k\u00f6nnen, die man gerne weitererz\u00e4hlt.<\/p>\n<p>[\/et_pb_text][\/et_pb_column][\/et_pb_row][\/et_pb_section][et_pb_section fb_built=&#8221;1&#8243; _builder_version=&#8221;4.27.6&#8243; _module_preset=&#8221;default&#8221; custom_margin=&#8221;0px||60px||false|false&#8221; custom_padding=&#8221;10px||0px||false|false&#8221; locked=&#8221;off&#8221; global_colors_info=&#8221;{}&#8221;][et_pb_row _builder_version=&#8221;4.27.6&#8243; _module_preset=&#8221;default&#8221; max_width=&#8221;90%&#8221; module_alignment=&#8221;center&#8221; custom_padding=&#8221;0px||0px||false|false&#8221; global_colors_info=&#8221;{}&#8221;][et_pb_column type=&#8221;4_4&#8243; _builder_version=&#8221;4.19.1&#8243; _module_preset=&#8221;default&#8221; global_colors_info=&#8221;{}&#8221;][et_pb_button button_url=&#8221;https:\/\/www.granapadano.it\/de-de\/Rezepte%20&#8243; url_new_window=&#8221;on&#8221; button_text=&#8221;Entdecken Sie alle Rezepte&#8221; button_alignment=&#8221;center&#8221; module_class=&#8221;Brown-btn&#8221; _builder_version=&#8221;4.27.6&#8243; _module_preset=&#8221;default&#8221; custom_button=&#8221;on&#8221; button_text_size=&#8221;12px&#8221; button_text_color=&#8221;#f9f1e4&#8243; button_bg_color=&#8221;#876346&#8243; button_border_width=&#8221;0px&#8221; button_border_color=&#8221;RGBA(255,255,255,0)&#8221; button_border_radius=&#8221;0px&#8221; button_font=&#8221;&#8211;et_global_heading_font||||||||&#8221; button_icon=&#8221;&#x24;||divi||400&#8243; button_on_hover=&#8221;off&#8221; transform_scale=&#8221;86%|86%&#8221; custom_margin=&#8221;0px||0px||false|false&#8221; custom_padding=&#8221;16px|30px|16px|16px|true|false&#8221; locked=&#8221;off&#8221; global_colors_info=&#8221;{%22gcid-26f0371c-74dd-4e63-bbf8-f8ec94f09a6d%22:%91%22button_bg_color%22%93,%22gcid-46a7fd9b-e7e5-4c0a-b621-f5f3bcee3ed6%22:%91%22button_bg_color%22%93}&#8221; button_text_color__hover_enabled=&#8221;on|desktop&#8221; button_bg_color__hover_enabled=&#8221;on|hover&#8221; button_bg_enable_color__hover=&#8221;on&#8221; button_text_color__hover=&#8221;#f9f1e4&#8243; button_bg_color__hover=&#8221;#876346&#8243;][\/et_pb_button][\/et_pb_column][\/et_pb_row][\/et_pb_section]<\/p>\n","protected":false},"excerpt":{"rendered":"<p><div class=\"breadcrumb\"><a href=\"https:\/\/www.granapadano.it\/de-de\/\">Home<\/a>  <  <\/div>Pasquetta: Die italienische Auszeit nach OsternWenn man denkt, dass das italienische Osterfest nur aus Familie, Schokoladeneiern und endlosen Mittagessen besteht \u2026 dann hat man nur die halbe Geschichte gesehen. Am Tag danach, dem ber\u00fchmten \u201cLuned\u00ec dell\u2019Angelo,\u201d besser bekannt als Pasquetta, \u00e4ndern die Italiener den Ton: weg mit der F\u00f6rmlichkeit, her mit Chaos, Leichtigkeit und nat\u00fcrlich [&hellip;]<\/p>\n","protected":false},"author":45,"featured_media":136642,"parent":0,"menu_order":906,"comment_status":"closed","ping_status":"closed","template":"","meta":{"_acf_changed":false,"_et_pb_use_builder":"on","_et_pb_old_content":"","_et_gb_content_width":"","footnotes":""},"class_list":["post-153404","page","type-page","status-publish","has-post-thumbnail","hentry"],"acf":[],"yoast_head":"<!-- This site is optimized with the Yoast SEO plugin v27.4 - https:\/\/yoast.com\/product\/yoast-seo-wordpress\/ -->\n<title>Pasquetta: Die italienische Auszeit nach Ostern - Grana Padano<\/title>\n<meta name=\"robots\" content=\"index, follow, max-snippet:-1, max-image-preview:large, max-video-preview:-1\" \/>\n<link rel=\"canonical\" href=\"https:\/\/www.granapadano.it\/de-de\/pasquetta-die-italienische-auszeit-nach-ostern\/\" \/>\n<meta property=\"og:locale\" content=\"de_DE\" \/>\n<meta property=\"og:type\" content=\"article\" \/>\n<meta property=\"og:title\" content=\"Pasquetta: Die italienische Auszeit nach Ostern - Grana Padano\" \/>\n<meta property=\"og:description\" content=\"Pasquetta: Die italienische Auszeit nach OsternWenn man denkt, dass das italienische Osterfest nur aus Familie, Schokoladeneiern und endlosen Mittagessen besteht \u2026 dann hat man nur die halbe Geschichte gesehen. Am Tag danach, dem ber\u00fchmten \u201cLuned\u00ec dell\u2019Angelo,\u201d besser bekannt als Pasquetta, \u00e4ndern die Italiener den Ton: weg mit der F\u00f6rmlichkeit, her mit Chaos, Leichtigkeit und nat\u00fcrlich [&hellip;]\" \/>\n<meta property=\"og:url\" content=\"https:\/\/www.granapadano.it\/de-de\/pasquetta-die-italienische-auszeit-nach-ostern\/\" \/>\n<meta property=\"og:site_name\" content=\"Grana Padano\" \/>\n<meta property=\"article:modified_time\" content=\"2026-03-30T15:45:36+00:00\" \/>\n<meta property=\"og:image\" content=\"https:\/\/granapadano.kleecks-cdn.com\/wp-content\/uploads\/2025\/03\/GP_Grigliata-di-Carne-p.jpg\" \/>\n\t<meta property=\"og:image:width\" content=\"395\" \/>\n\t<meta property=\"og:image:height\" content=\"395\" \/>\n\t<meta property=\"og:image:type\" content=\"image\/jpeg\" \/>\n<meta name=\"twitter:card\" content=\"summary_large_image\" \/>\n<meta name=\"twitter:label1\" content=\"Est. reading time\" \/>\n\t<meta name=\"twitter:data1\" content=\"5 minutes\" \/>\n<script type=\"application\/ld+json\" class=\"yoast-schema-graph\">{\"@context\":\"https:\\\/\\\/schema.org\",\"@graph\":[{\"@type\":\"WebPage\",\"@id\":\"https:\\\/\\\/www.granapadano.it\\\/de-de\\\/pasquetta-die-italienische-auszeit-nach-ostern\\\/\",\"url\":\"https:\\\/\\\/www.granapadano.it\\\/de-de\\\/pasquetta-die-italienische-auszeit-nach-ostern\\\/\",\"name\":\"Pasquetta: Die italienische Auszeit nach Ostern - Grana Padano\",\"isPartOf\":{\"@id\":\"https:\\\/\\\/www.granapadano.it\\\/de-de\\\/#website\"},\"primaryImageOfPage\":{\"@id\":\"https:\\\/\\\/www.granapadano.it\\\/de-de\\\/pasquetta-die-italienische-auszeit-nach-ostern\\\/#primaryimage\"},\"image\":{\"@id\":\"https:\\\/\\\/www.granapadano.it\\\/de-de\\\/pasquetta-die-italienische-auszeit-nach-ostern\\\/#primaryimage\"},\"thumbnailUrl\":\"https:\\\/\\\/granapadano.kleecks-cdn.com\\\/wp-content\\\/uploads\\\/2025\\\/03\\\/GP_Grigliata-di-Carne-p.jpg\",\"datePublished\":\"2026-03-30T14:51:52+00:00\",\"dateModified\":\"2026-03-30T15:45:36+00:00\",\"breadcrumb\":{\"@id\":\"https:\\\/\\\/www.granapadano.it\\\/de-de\\\/pasquetta-die-italienische-auszeit-nach-ostern\\\/#breadcrumb\"},\"inLanguage\":\"de-de\",\"potentialAction\":[{\"@type\":\"ReadAction\",\"target\":[\"https:\\\/\\\/www.granapadano.it\\\/de-de\\\/pasquetta-die-italienische-auszeit-nach-ostern\\\/\"]}]},{\"@type\":\"ImageObject\",\"inLanguage\":\"de-de\",\"@id\":\"https:\\\/\\\/www.granapadano.it\\\/de-de\\\/pasquetta-die-italienische-auszeit-nach-ostern\\\/#primaryimage\",\"url\":\"https:\\\/\\\/granapadano.kleecks-cdn.com\\\/wp-content\\\/uploads\\\/2025\\\/03\\\/GP_Grigliata-di-Carne-p.jpg\",\"contentUrl\":\"https:\\\/\\\/granapadano.kleecks-cdn.com\\\/wp-content\\\/uploads\\\/2025\\\/03\\\/GP_Grigliata-di-Carne-p.jpg\",\"width\":395,\"height\":395},{\"@type\":\"BreadcrumbList\",\"@id\":\"https:\\\/\\\/www.granapadano.it\\\/de-de\\\/pasquetta-die-italienische-auszeit-nach-ostern\\\/#breadcrumb\",\"itemListElement\":[{\"@type\":\"ListItem\",\"position\":1,\"name\":\"Home\",\"item\":\"https:\\\/\\\/www.granapadano.it\\\/de-de\\\/\"},{\"@type\":\"ListItem\",\"position\":2,\"name\":\"Pasquetta: Die italienische Auszeit nach Ostern\"}]},{\"@type\":\"WebSite\",\"@id\":\"https:\\\/\\\/www.granapadano.it\\\/de-de\\\/#website\",\"url\":\"https:\\\/\\\/www.granapadano.it\\\/de-de\\\/\",\"name\":\"Grana Padano\",\"description\":\"\",\"potentialAction\":[{\"@type\":\"SearchAction\",\"target\":{\"@type\":\"EntryPoint\",\"urlTemplate\":\"https:\\\/\\\/www.granapadano.it\\\/de-de\\\/?s={search_term_string}\"},\"query-input\":{\"@type\":\"PropertyValueSpecification\",\"valueRequired\":true,\"valueName\":\"search_term_string\"}}],\"inLanguage\":\"de-de\"}]}<\/script>\n<!-- \/ Yoast SEO plugin. -->","yoast_head_json":{"title":"Pasquetta: Die italienische Auszeit nach Ostern - Grana Padano","robots":{"index":"index","follow":"follow","max-snippet":"max-snippet:-1","max-image-preview":"max-image-preview:large","max-video-preview":"max-video-preview:-1"},"canonical":"https:\/\/www.granapadano.it\/de-de\/pasquetta-die-italienische-auszeit-nach-ostern\/","og_locale":"de_DE","og_type":"article","og_title":"Pasquetta: Die italienische Auszeit nach Ostern - Grana Padano","og_description":"Pasquetta: Die italienische Auszeit nach OsternWenn man denkt, dass das italienische Osterfest nur aus Familie, Schokoladeneiern und endlosen Mittagessen besteht \u2026 dann hat man nur die halbe Geschichte gesehen. Am Tag danach, dem ber\u00fchmten \u201cLuned\u00ec dell\u2019Angelo,\u201d besser bekannt als Pasquetta, \u00e4ndern die Italiener den Ton: weg mit der F\u00f6rmlichkeit, her mit Chaos, Leichtigkeit und nat\u00fcrlich [&hellip;]","og_url":"https:\/\/www.granapadano.it\/de-de\/pasquetta-die-italienische-auszeit-nach-ostern\/","og_site_name":"Grana Padano","article_modified_time":"2026-03-30T15:45:36+00:00","og_image":[{"width":395,"height":395,"url":"https:\/\/granapadano.kleecks-cdn.com\/wp-content\/uploads\/2025\/03\/GP_Grigliata-di-Carne-p.jpg","type":"image\/jpeg"}],"twitter_card":"summary_large_image","twitter_misc":{"Est. reading time":"5 minutes"},"schema":{"@context":"https:\/\/schema.org","@graph":[{"@type":"WebPage","@id":"https:\/\/www.granapadano.it\/de-de\/pasquetta-die-italienische-auszeit-nach-ostern\/","url":"https:\/\/www.granapadano.it\/de-de\/pasquetta-die-italienische-auszeit-nach-ostern\/","name":"Pasquetta: Die italienische Auszeit nach Ostern - Grana Padano","isPartOf":{"@id":"https:\/\/www.granapadano.it\/de-de\/#website"},"primaryImageOfPage":{"@id":"https:\/\/www.granapadano.it\/de-de\/pasquetta-die-italienische-auszeit-nach-ostern\/#primaryimage"},"image":{"@id":"https:\/\/www.granapadano.it\/de-de\/pasquetta-die-italienische-auszeit-nach-ostern\/#primaryimage"},"thumbnailUrl":"https:\/\/granapadano.kleecks-cdn.com\/wp-content\/uploads\/2025\/03\/GP_Grigliata-di-Carne-p.jpg","datePublished":"2026-03-30T14:51:52+00:00","dateModified":"2026-03-30T15:45:36+00:00","breadcrumb":{"@id":"https:\/\/www.granapadano.it\/de-de\/pasquetta-die-italienische-auszeit-nach-ostern\/#breadcrumb"},"inLanguage":"de-de","potentialAction":[{"@type":"ReadAction","target":["https:\/\/www.granapadano.it\/de-de\/pasquetta-die-italienische-auszeit-nach-ostern\/"]}]},{"@type":"ImageObject","inLanguage":"de-de","@id":"https:\/\/www.granapadano.it\/de-de\/pasquetta-die-italienische-auszeit-nach-ostern\/#primaryimage","url":"https:\/\/granapadano.kleecks-cdn.com\/wp-content\/uploads\/2025\/03\/GP_Grigliata-di-Carne-p.jpg","contentUrl":"https:\/\/granapadano.kleecks-cdn.com\/wp-content\/uploads\/2025\/03\/GP_Grigliata-di-Carne-p.jpg","width":395,"height":395},{"@type":"BreadcrumbList","@id":"https:\/\/www.granapadano.it\/de-de\/pasquetta-die-italienische-auszeit-nach-ostern\/#breadcrumb","itemListElement":[{"@type":"ListItem","position":1,"name":"Home","item":"https:\/\/www.granapadano.it\/de-de\/"},{"@type":"ListItem","position":2,"name":"Pasquetta: Die italienische Auszeit nach Ostern"}]},{"@type":"WebSite","@id":"https:\/\/www.granapadano.it\/de-de\/#website","url":"https:\/\/www.granapadano.it\/de-de\/","name":"Grana Padano","description":"","potentialAction":[{"@type":"SearchAction","target":{"@type":"EntryPoint","urlTemplate":"https:\/\/www.granapadano.it\/de-de\/?s={search_term_string}"},"query-input":{"@type":"PropertyValueSpecification","valueRequired":true,"valueName":"search_term_string"}}],"inLanguage":"de-de"}]}},"_links":{"self":[{"href":"https:\/\/www.granapadano.it\/de-de\/wp-json\/wp\/v2\/pages\/153404","targetHints":{"allow":["GET"]}}],"collection":[{"href":"https:\/\/www.granapadano.it\/de-de\/wp-json\/wp\/v2\/pages"}],"about":[{"href":"https:\/\/www.granapadano.it\/de-de\/wp-json\/wp\/v2\/types\/page"}],"author":[{"embeddable":true,"href":"https:\/\/www.granapadano.it\/de-de\/wp-json\/wp\/v2\/users\/45"}],"replies":[{"embeddable":true,"href":"https:\/\/www.granapadano.it\/de-de\/wp-json\/wp\/v2\/comments?post=153404"}],"version-history":[{"count":3,"href":"https:\/\/www.granapadano.it\/de-de\/wp-json\/wp\/v2\/pages\/153404\/revisions"}],"predecessor-version":[{"id":153420,"href":"https:\/\/www.granapadano.it\/de-de\/wp-json\/wp\/v2\/pages\/153404\/revisions\/153420"}],"wp:featuredmedia":[{"embeddable":true,"href":"https:\/\/www.granapadano.it\/de-de\/wp-json\/wp\/v2\/media\/136642"}],"wp:attachment":[{"href":"https:\/\/www.granapadano.it\/de-de\/wp-json\/wp\/v2\/media?parent=153404"}],"curies":[{"name":"wp","href":"https:\/\/api.w.org\/{rel}","templated":true}]}}