{"id":153110,"date":"2023-02-02T12:00:10","date_gmt":"2023-02-02T12:00:10","guid":{"rendered":"https:\/\/www.granapadano.it\/la-forma-del-benessere\/educazione-nutrizionale\/"},"modified":"2026-03-27T15:08:25","modified_gmt":"2026-03-27T15:08:25","slug":"educazione-nutrizionale","status":"publish","type":"page","link":"https:\/\/www.granapadano.it\/de-de\/die-form-des-wohlbefindens\/ernahrungsbildung\/","title":{"rendered":"Ern\u00e4hrungsbildung"},"content":{"rendered":"<p>[et_pb_section fb_built=&#8221;1&#8243; fullwidth=&#8221;on&#8221; _builder_version=&#8221;4.19.0&#8243; _module_preset=&#8221;default&#8221; locked=&#8221;off&#8221; global_colors_info=&#8221;{}&#8221;][et_pb_fullwidth_image src=&#8221;https:\/\/www.granapadano.it\/wp-content\/uploads\/2023\/03\/Educazione-nutrizionale-h.jpg&#8221; title_text=&#8221;Educazione-nutrizionale-m&#8221; src_tablet=&#8221;https:\/\/www.granapadano.it\/wp-content\/uploads\/2023\/03\/Educazione-nutrizionale-h.jpg&#8221; src_phone=&#8221;https:\/\/www.granapadano.it\/wp-content\/uploads\/2023\/03\/Educazione-nutrizionale-m.jpg&#8221; src_last_edited=&#8221;on|phone&#8221; _builder_version=&#8221;4.20.2&#8243; _module_preset=&#8221;default&#8221; global_colors_info=&#8221;{}&#8221;][\/et_pb_fullwidth_image][\/et_pb_section][et_pb_section fb_built=&#8221;1&#8243; module_class=&#8221;production_sub_hub_main_wrapper&#8221; _builder_version=&#8221;4.20.2&#8243; _module_preset=&#8221;default&#8221; custom_padding=&#8221;13px||30px||false|false&#8221; locked=&#8221;off&#8221; global_colors_info=&#8221;{}&#8221;][et_pb_row module_class=&#8221;recipe_filter_section&#8221; _builder_version=&#8221;4.19.2&#8243; _module_preset=&#8221;default&#8221; max_width=&#8221;90%&#8221; custom_padding=&#8221;||7px|||&#8221; global_colors_info=&#8221;{}&#8221;][et_pb_column type=&#8221;4_4&#8243; _builder_version=&#8221;4.19.2&#8243; _module_preset=&#8221;default&#8221; global_colors_info=&#8221;{}&#8221;][et_pb_code _builder_version=&#8221;4.19.2&#8243; _module_preset=&#8221;default&#8221; custom_margin=&#8221;||16px|||&#8221; global_colors_info=&#8221;{}&#8221;]<div class=\"breadcrumb\"><a href=\"https:\/\/www.granapadano.it\/de-de\/\">Home<\/a>  <  <\/div>[\/et_pb_code][\/et_pb_column][\/et_pb_row][\/et_pb_section][et_pb_section fb_built=&#8221;1&#8243; module_class=&#8221;gp_production_sub_hub_main&#8221; _builder_version=&#8221;4.19.5&#8243; _module_preset=&#8221;default&#8221; custom_padding=&#8221;0px||4px||false|false&#8221; locked=&#8221;off&#8221; global_colors_info=&#8221;{}&#8221;][et_pb_row column_structure=&#8221;1_2,1_2&#8243; _builder_version=&#8221;4.19.4&#8243; _module_preset=&#8221;default&#8221; max_width=&#8221;90%&#8221; module_alignment=&#8221;center&#8221; custom_padding=&#8221;23px||0px|||&#8221; global_colors_info=&#8221;{}&#8221;][et_pb_column type=&#8221;1_2&#8243; _builder_version=&#8221;4.19.1&#8243; _module_preset=&#8221;default&#8221; global_colors_info=&#8221;{}&#8221;][et_pb_image src=&#8221;https:\/\/www.granapadano.it\/wp-content\/uploads\/2023\/02\/logo-educazione-nutrizionale-grana-padano.gif&#8221; title_text=&#8221;logo-educazione-nutrizionale-grana-padano&#8221; show_bottom_space=&#8221;off&#8221; align=&#8221;center&#8221; _builder_version=&#8221;4.19.5&#8243; _module_preset=&#8221;default&#8221; width=&#8221;97.8%&#8221; module_alignment=&#8221;center&#8221; custom_margin=&#8221;-78px||||false|false&#8221; custom_margin_tablet=&#8221;-78px||||false|false&#8221; custom_margin_phone=&#8221;-78px|16px|||false|false&#8221; custom_margin_last_edited=&#8221;on|desktop&#8221; custom_padding=&#8221;|25px||||&#8221; global_colors_info=&#8221;{}&#8221;][\/et_pb_image][\/et_pb_column][et_pb_column type=&#8221;1_2&#8243; _builder_version=&#8221;4.19.1&#8243; _module_preset=&#8221;default&#8221; global_colors_info=&#8221;{}&#8221;][et_pb_text _builder_version=&#8221;4.21.0&#8243; _module_preset=&#8221;default&#8221; text_text_color=&#8221;#0f0f0f&#8221; text_font_size=&#8221;21px&#8221; text_line_height=&#8221;27px&#8221; custom_padding=&#8221;||0px||false|false&#8221; global_colors_info=&#8221;{}&#8221;]<\/p>\n<p><span style=\"color: #000000;\">Das Projekt &#8220;Grana Padano Nutritional Education&#8221; begann 2005. Es hatte zum Ziel, die Werte einer ausgewogenen Ern\u00e4hrung und einer gesunden Lebensweise zu f\u00f6rdern und die medizinische Gemeinschaft dabei zu unterst\u00fctzen, die Ern\u00e4hrungsberatung zu verbessern und die Grunds\u00e4tze der Prim\u00e4r- und Sekund\u00e4rpr\u00e4vention zu vermitteln. <\/span><\/p>\n<p><span style=\"color: #000000;\">Heute ist der Eckpfeiler der digitalen Arbeit das ENGP-Portal, das im Laufe der Jahre zu einem Bezugspunkt f\u00fcr Millionen von Menschen und Tausenden von medizinischen Fachkr\u00e4ften geworden ist.<\/span><\/p>\n<p>[\/et_pb_text][\/et_pb_column][\/et_pb_row][\/et_pb_section][et_pb_section fb_built=&#8221;1&#8243; _builder_version=&#8221;4.27.6&#8243; _module_preset=&#8221;default&#8221; background_color=&#8221;#f9f1e4&#8243; custom_margin=&#8221;27px|||||&#8221; custom_padding=&#8221;2px||60px|||&#8221; locked=&#8221;off&#8221; global_colors_info=&#8221;{}&#8221;][et_pb_row _builder_version=&#8221;4.27.6&#8243; _module_preset=&#8221;default&#8221; max_width=&#8221;90%&#8221; custom_padding=&#8221;40px||10px||false|false&#8221; locked=&#8221;off&#8221; global_colors_info=&#8221;{}&#8221;][et_pb_column type=&#8221;4_4&#8243; _builder_version=&#8221;4.19.1&#8243; _module_preset=&#8221;default&#8221; global_colors_info=&#8221;{}&#8221;][et_pb_text _builder_version=&#8221;4.27.6&#8243; _module_preset=&#8221;default&#8221; header_font=&#8221;Merriweather|700|||||||&#8221; header_text_align=&#8221;center&#8221; header_text_color=&#8221;#0f0f0f&#8221; header_font_size=&#8221;44px&#8221; header_line_height=&#8221;52px&#8221; global_colors_info=&#8221;{}&#8221;]<\/p>\n<h2 style=\"text-align: left\">Grana Padano<\/h2>\n<p>[\/et_pb_text][\/et_pb_column][\/et_pb_row][et_pb_row _builder_version=&#8221;4.19.5&#8243; _module_preset=&#8221;default&#8221; custom_padding=&#8221;0px||0px|||&#8221; global_colors_info=&#8221;{}&#8221;][et_pb_column type=&#8221;4_4&#8243; _builder_version=&#8221;4.19.5&#8243; _module_preset=&#8221;default&#8221; global_colors_info=&#8221;{}&#8221;][et_pb_text _builder_version=&#8221;4.21.0&#8243; _module_preset=&#8221;default&#8221; text_text_color=&#8221;#0f0f0f&#8221; text_font_size=&#8221;18px&#8221; text_line_height=&#8221;26px&#8221; width=&#8221;99.9%&#8221; min_height=&#8221;613.9px&#8221; custom_padding=&#8221;14px|1px||||&#8221; global_colors_info=&#8221;{}&#8221;]<\/p>\n<p>Mit dem Ziel, zur Verbreitung der bew\u00e4hrten Verfahren beizutragen, die die Grundlage der Prim\u00e4rpr\u00e4vention bilden, um die Bedingungen des Wohlbefindens zu verbessern und aufrechtzuerhalten und das Auftreten selbst schwerer Krankheiten zu vermeiden oder zu verringern, beschloss das Konsortium zum Schutz des weltweit bekanntesten DOP-K\u00e4ses im Jahr 2005, ein einzigartiges und sicherlich innovatives Projekt f\u00fcr diese Jahre durchzuf\u00fchren.<\/p>\n<p>Zu Beginn des neuen Jahrhunderts begannen nur einige Institutionen, wie das Gesundheitsministerium und einige Assessorate, Ausbildungsprogramme \u00fcber den richtigen Lebensstil f\u00fcr italienische B\u00fcrger aller Altersgruppen zu f\u00f6rdern.<\/p>\n<p>Getrieben von der \u00dcberzeugung, dass eines der wichtigsten Lebensmittelkonsortien der Welt Ziele verfolgen sollte, die nicht nur in direktem Zusammenhang mit Lebensmitteln stehen, sondern auch mit der Ern\u00e4hrung als Grundlage der menschlichen Gesundheit, brachte das Konsortium ein Expertenteam zusammen und begannen mit der T\u00e4tigkeit, die wir einvernehmlich als E.N.G.P. (= Educazione Nutrizionale Grana Padano = Grana Padano Ern\u00e4hrungserziehung) bezeichnen.<\/p>\n<p>An dem Projekt, das von einem kompetenten wissenschaftlichen Komitee koordiniert wird, sind wissenschaftliche Gremien, Mediziner, Ern\u00e4hrungswissenschaftler und Kommunikationsexperten beteiligt, die die Inhalte t\u00e4glich zu p\u00e4dagogischen Zwecken umsetzen.<\/p>\n<p><strong>Ziele:<\/strong><\/p>\n<ol>\n<li>Verbreitung der Prinzipien einer ausgewogenen Ern\u00e4hrung.<\/li>\n<li>Verbreitung der Prinzipien des richtigen Lebensstils.<\/li>\n<li>Versorgung der Mediziner mit n\u00fctzlichen Informationen und Instrumenten zur Verbesserung der Ern\u00e4hrungsberatung und Verbreitung prim\u00e4rer und sekund\u00e4rer Pr\u00e4ventionsprinzipien<\/li>\n<\/ol>\n<p>Heute ist der Grundpfeiler der digitalen Aktivit\u00e4ten das ENGP-Portal, das im Laufe der Jahre zu einem Bezugspunkt f\u00fcr Millionen von B\u00fcrgern und Tausende von Gesundheitsexperten geworden ist.<\/p>\n<p>[\/et_pb_text][et_pb_button button_url=&#8221;http:\/\/www.educazionenutrizionale.granapadano.it\/&#8221; url_new_window=&#8221;on&#8221; button_text=&#8221;Entdecken Sie das Projekt&#8221; button_alignment=&#8221;left&#8221; module_class=&#8221;Brown-btn&#8221; _builder_version=&#8221;4.27.6&#8243; _module_preset=&#8221;default&#8221; custom_button=&#8221;on&#8221; button_text_size=&#8221;12px&#8221; button_text_color=&#8221;#f9f1e4&#8243; button_bg_color=&#8221;#876346&#8243; button_border_width=&#8221;0px&#8221; button_border_color=&#8221;RGBA(255,255,255,0)&#8221; button_border_radius=&#8221;0px&#8221; button_font=&#8221;&#8211;et_global_heading_font||||||||&#8221; button_icon=&#8221;&#x24;||divi||400&#8243; button_on_hover=&#8221;off&#8221; transform_scale=&#8221;86%|86%&#8221; custom_margin=&#8221;14px||0px||false|false&#8221; custom_padding=&#8221;16px|30px|16px|16px|true|false&#8221; locked=&#8221;off&#8221; global_colors_info=&#8221;{%22gcid-26f0371c-74dd-4e63-bbf8-f8ec94f09a6d%22:%91%22button_bg_color%22%93,%22gcid-46a7fd9b-e7e5-4c0a-b621-f5f3bcee3ed6%22:%91%22button_bg_color%22%93}&#8221; button_text_color__hover_enabled=&#8221;on|desktop&#8221; button_bg_color__hover_enabled=&#8221;on|hover&#8221; button_bg_enable_color__hover=&#8221;on&#8221; button_text_color__hover=&#8221;#f9f1e4&#8243; button_bg_color__hover=&#8221;#876346&#8243;][\/et_pb_button][\/et_pb_column][\/et_pb_row][\/et_pb_section][et_pb_section fb_built=&#8221;1&#8243; module_class=&#8221;sostenibilita_main_section&#8221; _builder_version=&#8221;4.27.6&#8243; _module_preset=&#8221;default&#8221; background_color=&#8221;#FFFFFF&#8221; min_height=&#8221;1513.9px&#8221; custom_margin=&#8221;2px|||||&#8221; custom_padding=&#8221;0px||30px|||&#8221; locked=&#8221;off&#8221; global_colors_info=&#8221;{}&#8221;][et_pb_row _builder_version=&#8221;4.20.0&#8243; _module_preset=&#8221;default&#8221; global_colors_info=&#8221;{}&#8221;][et_pb_column type=&#8221;4_4&#8243; _builder_version=&#8221;4.20.0&#8243; _module_preset=&#8221;default&#8221; global_colors_info=&#8221;{}&#8221;][et_pb_text _builder_version=&#8221;4.20.0&#8243; _module_preset=&#8221;default&#8221; text_text_color=&#8221;#0f0f0f&#8221; text_font_size=&#8221;21px&#8221; text_line_height=&#8221;27px&#8221; header_font=&#8221;Merriweather||||||||&#8221; header_font_size=&#8221;44px&#8221; header_line_height=&#8221;52px&#8221; custom_padding=&#8221;||0px||false|false&#8221; global_colors_info=&#8221;{}&#8221;]<\/p>\n<h1 style=\"text-align: center;\">Entdecken Sie auch:<\/h1>\n<p>[\/et_pb_text][\/et_pb_column][\/et_pb_row][et_pb_row column_structure=&#8221;1_2,1_2&#8243; use_custom_gutter=&#8221;on&#8221; gutter_width=&#8221;3&#8243; module_class=&#8221;consorzio_saprate_section&#8221; _builder_version=&#8221;4.27.6&#8243; _module_preset=&#8221;default&#8221; transform_scale=&#8221;94%|94%&#8221; max_width=&#8221;90%&#8221; custom_margin=&#8221;|auto|29px|auto||&#8221; custom_padding=&#8221;0px|||||&#8221; custom_css_free_form=&#8221;.consorzio_saprate_section .et_pb_column  {||  border-radius: 0px !important;||}&#8221; global_colors_info=&#8221;{}&#8221;][et_pb_column type=&#8221;1_2&#8243; _builder_version=&#8221;4.27.6&#8243; _module_preset=&#8221;default&#8221; link_option_url=&#8221;https:\/\/www.granapadano.it\/la-forma-del-benessere\/proprieta-nutrizionali\/valori-nutrizionali-e-calorie-del-grana-padano&#8221; custom_css_free_form=&#8221;    .et_pb_gutters3 .et_pb_column_1_2, .et_pb_gutters3.et_pb_row .et_pb_column_1_2 {background-color: #F9F1E4 !important}&#8221; global_colors_info=&#8221;{}&#8221;][et_pb_image title_text=&#8221;A Cow grazing in a field&#8221; url=&#8221;https:\/\/www.granapadano.it\/la-forma-del-benessere\/proprieta-nutrizionali\/valori-nutrizionali-e-calorie-del-grana-padano&#8221; align=&#8221;center&#8221; _builder_version=&#8221;4.20.2&#8243; _module_preset=&#8221;default&#8221; background_color=&#8221;RGBA(255,255,255,0)&#8221; background_image=&#8221;https:\/\/www.granapadano.it\/wp-content\/uploads\/2023\/03\/Valori-nutrizionali.jpg&#8221; min_height=&#8221;89px&#8221; custom_padding=&#8221;209px|0px||2px|false|false&#8221; global_colors_info=&#8221;{}&#8221;][\/et_pb_image][et_pb_text _builder_version=&#8221;4.20.0&#8243; _module_preset=&#8221;default&#8221; header_3_font=&#8221;Merriweather|700|||||||&#8221; header_3_text_color=&#8221;#0f0f0f&#8221; header_3_font_size=&#8221;23px&#8221; header_3_line_height=&#8221;27px&#8221; custom_padding=&#8221;2px|||||&#8221; global_colors_info=&#8221;{}&#8221;]<\/p>\n<h3>N\u00e4hrwerte und kalorien von Grana Padano<\/h3>\n<p>[\/et_pb_text][et_pb_text _builder_version=&#8221;4.20.0&#8243; _module_preset=&#8221;default&#8221; text_text_color=&#8221;#0f0f0f&#8221; text_font_size=&#8221;18px&#8221; text_line_height=&#8221;26px&#8221; global_colors_info=&#8221;{}&#8221;]<\/p>\n<p>Mithilfe der Rohstoffe, die in Grana Padano enthalten sind, (\u2026) gro\u00dfartige Ern\u00e4hrungsphysiologische Eigenschaften.<\/p>\n<p>[\/et_pb_text][et_pb_image src=&#8221;https:\/\/www.granapadano.it\/wp-content\/uploads\/2022\/11\/Path-20171.png&#8221; title_text=&#8221;Path 20171&#8243; url=&#8221;https:\/\/www.granapadano.it\/de-de\/die-form-des-wohlbefindens\/nahrwerte\/die-eigenschaften\/nahrwerte-und-kalorien-von-grana-padano\/&#8221; align=&#8221;right&#8221; _builder_version=&#8221;4.27.6&#8243; _module_preset=&#8221;default&#8221; global_colors_info=&#8221;{}&#8221;][\/et_pb_image][\/et_pb_column][et_pb_column type=&#8221;1_2&#8243; _builder_version=&#8221;4.20.0&#8243; _module_preset=&#8221;default&#8221; link_option_url=&#8221;https:\/\/www.granapadano.it\/de-de\/die-kunst-der-herstellung\/ein-produkt-mit-kultstatus\/die-eigenschaften\/ernahrungstabelle-fur-grana-padano\/&#8221; global_colors_info=&#8221;{}&#8221;][et_pb_image title_text=&#8221;A Cow grazing in a field&#8221; url=&#8221;https:\/\/www.granapadano.it\/de-de\/die-kunst-der-herstellung\/ein-produkt-mit-kultstatus\/die-eigenschaften\/ernahrungstabelle-fur-grana-padano\/&#8221; align=&#8221;center&#8221; _builder_version=&#8221;4.20.2&#8243; _module_preset=&#8221;default&#8221; background_color=&#8221;RGBA(255,255,255,0)&#8221; background_image=&#8221;https:\/\/www.granapadano.it\/wp-content\/uploads\/2023\/03\/Tabella-nutrizionale.jpg&#8221; min_height=&#8221;89px&#8221; custom_padding=&#8221;209px|0px||2px|false|false&#8221; global_colors_info=&#8221;{}&#8221;][\/et_pb_image][et_pb_text _builder_version=&#8221;4.27.6&#8243; _module_preset=&#8221;default&#8221; header_3_font=&#8221;Merriweather|700|||||||&#8221; header_3_text_color=&#8221;#0f0f0f&#8221; header_3_font_size=&#8221;23px&#8221; header_3_line_height=&#8221;27px&#8221; global_colors_info=&#8221;{}&#8221;]<\/p>\n<h3>Ern\u00e4hrungstabelle f\u00fcr Grana Padano<\/h3>\n<p>[\/et_pb_text][et_pb_text _builder_version=&#8221;4.20.0&#8243; _module_preset=&#8221;default&#8221; text_text_color=&#8221;#0f0f0f&#8221; text_font_size=&#8221;18px&#8221; text_line_height=&#8221;26px&#8221; global_colors_info=&#8221;{}&#8221;]<\/p>\n<p><span>100 Gramm Grana Padano haben einen N\u00e4hrwert von 398 Kalorien. Mehr erfahren\u2026<\/span><\/p>\n<p>[\/et_pb_text][et_pb_image src=&#8221;https:\/\/www.granapadano.it\/wp-content\/uploads\/2022\/11\/Path-20171.png&#8221; title_text=&#8221;Path 20171&#8243; url=&#8221;https:\/\/www.granapadano.it\/de-de\/die-form-des-wohlbefindens\/nahrwerte\/die-eigenschaften\/ernahrungstabelle-fur-grana-padano\/&#8221; align=&#8221;right&#8221; _builder_version=&#8221;4.27.6&#8243; _module_preset=&#8221;default&#8221; global_colors_info=&#8221;{}&#8221;][\/et_pb_image][\/et_pb_column][\/et_pb_row][\/et_pb_section]<\/p>\n","protected":false},"excerpt":{"rendered":"<p><div class=\"breadcrumb\"><a href=\"https:\/\/www.granapadano.it\/de-de\/\">Home<\/a>  <  <\/div>Das Projekt &#8220;Grana Padano Nutritional Education&#8221; begann 2005. Es hatte zum Ziel, die Werte einer ausgewogenen Ern\u00e4hrung und einer gesunden Lebensweise zu f\u00f6rdern und die medizinische Gemeinschaft dabei zu unterst\u00fctzen, die Ern\u00e4hrungsberatung zu verbessern und die Grunds\u00e4tze der Prim\u00e4r- und Sekund\u00e4rpr\u00e4vention zu vermitteln. Heute ist der Eckpfeiler der digitalen Arbeit das ENGP-Portal, das im Laufe [&hellip;]<\/p>\n","protected":false},"author":3,"featured_media":0,"parent":151840,"menu_order":446,"comment_status":"closed","ping_status":"closed","template":"","meta":{"_acf_changed":false,"_et_pb_use_builder":"on","_et_pb_old_content":"","_et_gb_content_width":"","footnotes":""},"class_list":["post-153110","page","type-page","status-publish","hentry"],"acf":[],"yoast_head":"<!-- This site is optimized with the Yoast SEO plugin v27.4 - https:\/\/yoast.com\/product\/yoast-seo-wordpress\/ -->\n<title>Ern\u00e4hrungsbildung - Grana Padano<\/title>\n<meta name=\"robots\" content=\"index, follow, max-snippet:-1, max-image-preview:large, max-video-preview:-1\" \/>\n<link rel=\"canonical\" href=\"https:\/\/www.granapadano.it\/de-de\/die-form-des-wohlbefindens\/ernahrungsbildung\/\" \/>\n<meta property=\"og:locale\" content=\"de_DE\" \/>\n<meta property=\"og:type\" content=\"article\" \/>\n<meta property=\"og:title\" content=\"Ern\u00e4hrungsbildung - Grana Padano\" \/>\n<meta property=\"og:description\" content=\"Das Projekt &quot;Grana Padano Nutritional Education&quot; begann 2005. Es hatte zum Ziel, die Werte einer ausgewogenen Ern\u00e4hrung und einer gesunden Lebensweise zu f\u00f6rdern und die medizinische Gemeinschaft dabei zu unterst\u00fctzen, die Ern\u00e4hrungsberatung zu verbessern und die Grunds\u00e4tze der Prim\u00e4r- und Sekund\u00e4rpr\u00e4vention zu vermitteln. Heute ist der Eckpfeiler der digitalen Arbeit das ENGP-Portal, das im Laufe [&hellip;]\" \/>\n<meta property=\"og:url\" content=\"https:\/\/www.granapadano.it\/de-de\/die-form-des-wohlbefindens\/ernahrungsbildung\/\" \/>\n<meta property=\"og:site_name\" content=\"Grana Padano\" \/>\n<meta property=\"article:modified_time\" content=\"2026-03-27T15:08:25+00:00\" \/>\n<meta name=\"twitter:card\" content=\"summary_large_image\" \/>\n<meta name=\"twitter:label1\" content=\"Est. reading time\" \/>\n\t<meta name=\"twitter:data1\" content=\"3 minutes\" \/>\n<script type=\"application\/ld+json\" class=\"yoast-schema-graph\">{\"@context\":\"https:\\\/\\\/schema.org\",\"@graph\":[{\"@type\":\"WebPage\",\"@id\":\"https:\\\/\\\/www.granapadano.it\\\/de-de\\\/die-form-des-wohlbefindens\\\/ernahrungsbildung\\\/\",\"url\":\"https:\\\/\\\/www.granapadano.it\\\/de-de\\\/die-form-des-wohlbefindens\\\/ernahrungsbildung\\\/\",\"name\":\"Ern\u00e4hrungsbildung - Grana Padano\",\"isPartOf\":{\"@id\":\"https:\\\/\\\/www.granapadano.it\\\/de-de\\\/#website\"},\"datePublished\":\"2023-02-02T12:00:10+00:00\",\"dateModified\":\"2026-03-27T15:08:25+00:00\",\"breadcrumb\":{\"@id\":\"https:\\\/\\\/www.granapadano.it\\\/de-de\\\/die-form-des-wohlbefindens\\\/ernahrungsbildung\\\/#breadcrumb\"},\"inLanguage\":\"de-de\",\"potentialAction\":[{\"@type\":\"ReadAction\",\"target\":[\"https:\\\/\\\/www.granapadano.it\\\/de-de\\\/die-form-des-wohlbefindens\\\/ernahrungsbildung\\\/\"]}]},{\"@type\":\"BreadcrumbList\",\"@id\":\"https:\\\/\\\/www.granapadano.it\\\/de-de\\\/die-form-des-wohlbefindens\\\/ernahrungsbildung\\\/#breadcrumb\",\"itemListElement\":[{\"@type\":\"ListItem\",\"position\":1,\"name\":\"Home\",\"item\":\"https:\\\/\\\/www.granapadano.it\\\/de-de\\\/\"},{\"@type\":\"ListItem\",\"position\":2,\"name\":\"Die Form des Wohlbefindens\",\"item\":\"https:\\\/\\\/www.granapadano.it\\\/de-de\\\/ie-form-des-wohlbefindens\\\/\"},{\"@type\":\"ListItem\",\"position\":3,\"name\":\"Ern\u00e4hrungsbildung\"}]},{\"@type\":\"WebSite\",\"@id\":\"https:\\\/\\\/www.granapadano.it\\\/de-de\\\/#website\",\"url\":\"https:\\\/\\\/www.granapadano.it\\\/de-de\\\/\",\"name\":\"Grana Padano\",\"description\":\"\",\"potentialAction\":[{\"@type\":\"SearchAction\",\"target\":{\"@type\":\"EntryPoint\",\"urlTemplate\":\"https:\\\/\\\/www.granapadano.it\\\/de-de\\\/?s={search_term_string}\"},\"query-input\":{\"@type\":\"PropertyValueSpecification\",\"valueRequired\":true,\"valueName\":\"search_term_string\"}}],\"inLanguage\":\"de-de\"}]}<\/script>\n<!-- \/ Yoast SEO plugin. -->","yoast_head_json":{"title":"Ern\u00e4hrungsbildung - Grana Padano","robots":{"index":"index","follow":"follow","max-snippet":"max-snippet:-1","max-image-preview":"max-image-preview:large","max-video-preview":"max-video-preview:-1"},"canonical":"https:\/\/www.granapadano.it\/de-de\/die-form-des-wohlbefindens\/ernahrungsbildung\/","og_locale":"de_DE","og_type":"article","og_title":"Ern\u00e4hrungsbildung - Grana Padano","og_description":"Das Projekt \"Grana Padano Nutritional Education\" begann 2005. Es hatte zum Ziel, die Werte einer ausgewogenen Ern\u00e4hrung und einer gesunden Lebensweise zu f\u00f6rdern und die medizinische Gemeinschaft dabei zu unterst\u00fctzen, die Ern\u00e4hrungsberatung zu verbessern und die Grunds\u00e4tze der Prim\u00e4r- und Sekund\u00e4rpr\u00e4vention zu vermitteln. Heute ist der Eckpfeiler der digitalen Arbeit das ENGP-Portal, das im Laufe [&hellip;]","og_url":"https:\/\/www.granapadano.it\/de-de\/die-form-des-wohlbefindens\/ernahrungsbildung\/","og_site_name":"Grana Padano","article_modified_time":"2026-03-27T15:08:25+00:00","twitter_card":"summary_large_image","twitter_misc":{"Est. reading time":"3 minutes"},"schema":{"@context":"https:\/\/schema.org","@graph":[{"@type":"WebPage","@id":"https:\/\/www.granapadano.it\/de-de\/die-form-des-wohlbefindens\/ernahrungsbildung\/","url":"https:\/\/www.granapadano.it\/de-de\/die-form-des-wohlbefindens\/ernahrungsbildung\/","name":"Ern\u00e4hrungsbildung - Grana Padano","isPartOf":{"@id":"https:\/\/www.granapadano.it\/de-de\/#website"},"datePublished":"2023-02-02T12:00:10+00:00","dateModified":"2026-03-27T15:08:25+00:00","breadcrumb":{"@id":"https:\/\/www.granapadano.it\/de-de\/die-form-des-wohlbefindens\/ernahrungsbildung\/#breadcrumb"},"inLanguage":"de-de","potentialAction":[{"@type":"ReadAction","target":["https:\/\/www.granapadano.it\/de-de\/die-form-des-wohlbefindens\/ernahrungsbildung\/"]}]},{"@type":"BreadcrumbList","@id":"https:\/\/www.granapadano.it\/de-de\/die-form-des-wohlbefindens\/ernahrungsbildung\/#breadcrumb","itemListElement":[{"@type":"ListItem","position":1,"name":"Home","item":"https:\/\/www.granapadano.it\/de-de\/"},{"@type":"ListItem","position":2,"name":"Die Form des Wohlbefindens","item":"https:\/\/www.granapadano.it\/de-de\/ie-form-des-wohlbefindens\/"},{"@type":"ListItem","position":3,"name":"Ern\u00e4hrungsbildung"}]},{"@type":"WebSite","@id":"https:\/\/www.granapadano.it\/de-de\/#website","url":"https:\/\/www.granapadano.it\/de-de\/","name":"Grana Padano","description":"","potentialAction":[{"@type":"SearchAction","target":{"@type":"EntryPoint","urlTemplate":"https:\/\/www.granapadano.it\/de-de\/?s={search_term_string}"},"query-input":{"@type":"PropertyValueSpecification","valueRequired":true,"valueName":"search_term_string"}}],"inLanguage":"de-de"}]}},"_links":{"self":[{"href":"https:\/\/www.granapadano.it\/de-de\/wp-json\/wp\/v2\/pages\/153110","targetHints":{"allow":["GET"]}}],"collection":[{"href":"https:\/\/www.granapadano.it\/de-de\/wp-json\/wp\/v2\/pages"}],"about":[{"href":"https:\/\/www.granapadano.it\/de-de\/wp-json\/wp\/v2\/types\/page"}],"author":[{"embeddable":true,"href":"https:\/\/www.granapadano.it\/de-de\/wp-json\/wp\/v2\/users\/3"}],"replies":[{"embeddable":true,"href":"https:\/\/www.granapadano.it\/de-de\/wp-json\/wp\/v2\/comments?post=153110"}],"version-history":[{"count":4,"href":"https:\/\/www.granapadano.it\/de-de\/wp-json\/wp\/v2\/pages\/153110\/revisions"}],"predecessor-version":[{"id":153121,"href":"https:\/\/www.granapadano.it\/de-de\/wp-json\/wp\/v2\/pages\/153110\/revisions\/153121"}],"up":[{"embeddable":true,"href":"https:\/\/www.granapadano.it\/de-de\/wp-json\/wp\/v2\/pages\/151840"}],"wp:attachment":[{"href":"https:\/\/www.granapadano.it\/de-de\/wp-json\/wp\/v2\/media?parent=153110"}],"curies":[{"name":"wp","href":"https:\/\/api.w.org\/{rel}","templated":true}]}}