{"id":137282,"date":"2025-04-10T09:27:12","date_gmt":"2025-04-10T09:27:12","guid":{"rendered":"https:\/\/www.granapadano.it\/?page_id=137282"},"modified":"2025-04-10T10:09:48","modified_gmt":"2025-04-10T10:09:48","slug":"wie-man-grana-padano-riserva-uber-24-monate-und-obst-kombiniert","status":"publish","type":"page","link":"https:\/\/www.granapadano.it\/de-de\/vorschlage-zum-servieren\/kombinationen\/welche-fruchte-passen-gut-zu-grana-padano\/wie-man-grana-padano-riserva-uber-24-monate-und-obst-kombiniert\/","title":{"rendered":"Wie man Grana Padano \u201aRiserva\u2018 \u00fcber 24 Monate und Obst kombiniert"},"content":{"rendered":"<p>[et_pb_section fb_built=&#8221;1&#8243; fullwidth=&#8221;on&#8221; _builder_version=&#8221;4.19.5&#8243; _module_preset=&#8221;default&#8221; global_colors_info=&#8221;{}&#8221;][et_pb_fullwidth_image src=&#8221;https:\/\/www.granapadano.it\/wp-content\/uploads\/2025\/04\/GP_frutta-fresca-h.jpg&#8221; title_text=&#8221;GP_frutta-fresca-m&#8221; src_tablet=&#8221;https:\/\/www.granapadano.it\/wp-content\/uploads\/2025\/04\/GP_frutta-fresca-h.jpg&#8221; src_phone=&#8221;https:\/\/www.granapadano.it\/wp-content\/uploads\/2025\/04\/GP_frutta-fresca-m.jpg&#8221; src_last_edited=&#8221;on|phone&#8221; _builder_version=&#8221;4.27.4&#8243; _module_preset=&#8221;default&#8221; locked=&#8221;off&#8221; global_colors_info=&#8221;{}&#8221;][\/et_pb_fullwidth_image][\/et_pb_section][et_pb_section fb_built=&#8221;1&#8243; module_class=&#8221;production_sub_hub_main_wrapper&#8221; _builder_version=&#8221;4.19.4&#8243; _module_preset=&#8221;default&#8221; custom_padding=&#8221;13px||0px|||&#8221; locked=&#8221;off&#8221; global_colors_info=&#8221;{}&#8221;][et_pb_row module_class=&#8221;recipe_filter_section&#8221; _builder_version=&#8221;4.19.2&#8243; _module_preset=&#8221;default&#8221; max_width=&#8221;90%&#8221; custom_padding=&#8221;||7px|||&#8221; global_colors_info=&#8221;{}&#8221;][et_pb_column type=&#8221;4_4&#8243; _builder_version=&#8221;4.19.2&#8243; _module_preset=&#8221;default&#8221; global_colors_info=&#8221;{}&#8221;][et_pb_code _builder_version=&#8221;4.19.2&#8243; _module_preset=&#8221;default&#8221; custom_margin=&#8221;||16px|||&#8221; global_colors_info=&#8221;{}&#8221;]<div class=\"breadcrumb\"><a href=\"https:\/\/www.granapadano.it\/de-de\/\">Home<\/a>  <  <\/div>[\/et_pb_code][\/et_pb_column][\/et_pb_row][\/et_pb_section][et_pb_section fb_built=&#8221;1&#8243; module_class=&#8221;giovani_sub_hub_title&#8221; _builder_version=&#8221;4.19.5&#8243; _module_preset=&#8221;default&#8221; custom_padding=&#8221;0px||35px||false|false&#8221; locked=&#8221;off&#8221; global_colors_info=&#8221;{}&#8221;][et_pb_row module_class=&#8221;gp_producion_heading_wrapper&#8221; _builder_version=&#8221;4.19.5&#8243; _module_preset=&#8221;default&#8221; max_width=&#8221;90%&#8221; module_alignment=&#8221;center&#8221; custom_padding=&#8221;||||false|false&#8221; global_colors_info=&#8221;{}&#8221;][et_pb_column type=&#8221;4_4&#8243; _builder_version=&#8221;4.19.4&#8243; _module_preset=&#8221;default&#8221; global_colors_info=&#8221;{}&#8221;][et_pb_text module_class=&#8221;giovani_sub_hub_title_text&#8221; _builder_version=&#8221;4.27.4&#8243; _module_preset=&#8221;default&#8221; text_font=&#8221;Merriweather|700|||||||&#8221; text_text_color=&#8221;#0f0f0f&#8221; text_font_size=&#8221;80px&#8221; text_line_height=&#8221;70px&#8221; header_font=&#8221;Merriweather||||||||&#8221; header_text_color=&#8221;gcid-8696fd7e-29dd-4028-9d4d-981b208a53a9&#8243; header_font_size=&#8221;44px&#8221; header_line_height=&#8221;52px&#8221; text_orientation=&#8221;center&#8221; min_height=&#8221;83px&#8221; custom_margin=&#8221;||0px||false|false&#8221; custom_padding=&#8221;||0px||false|false&#8221; global_colors_info=&#8221;{%22gcid-8696fd7e-29dd-4028-9d4d-981b208a53a9%22:%91%22header_text_color%22%93}&#8221;]<\/p>\n<h1>Grana Padano g.U. \u201eRiserva\u201c \u00fcber 24 Monate<\/h1>\n<p>[\/et_pb_text][\/et_pb_column][\/et_pb_row][et_pb_row column_structure=&#8221;1_4,3_4&#8243; module_class=&#8221;article_dates&#8221; _builder_version=&#8221;4.19.4&#8243; _module_preset=&#8221;default&#8221; max_width=&#8221;90%&#8221; custom_padding=&#8221;2px||6px||false|false&#8221; global_colors_info=&#8221;{}&#8221;][et_pb_column type=&#8221;1_4&#8243; _builder_version=&#8221;4.19.3&#8243; _module_preset=&#8221;default&#8221; global_colors_info=&#8221;{}&#8221;][et_pb_text module_class=&#8221;button_look&#8221; _builder_version=&#8221;4.27.4&#8243; _module_preset=&#8221;default&#8221; text_font=&#8221;FontPadano-Bold||||||||&#8221; text_text_color=&#8221;#000000&#8243; text_font_size=&#8221;26px&#8221; background_color=&#8221;RGBA(255,255,255,0)&#8221; locked=&#8221;off&#8221; global_colors_info=&#8221;{}&#8221;]<\/p>\n<p>Obst<\/p>\n<p>[\/et_pb_text][\/et_pb_column][et_pb_column type=&#8221;3_4&#8243; _builder_version=&#8221;4.19.4&#8243; _module_preset=&#8221;default&#8221; global_colors_info=&#8221;{}&#8221;][\/et_pb_column][\/et_pb_row][et_pb_row column_structure=&#8221;2_5,3_5&#8243; module_class=&#8221;article_sub_img_text_content &#8221; _builder_version=&#8221;4.24.3&#8243; _module_preset=&#8221;default&#8221; max_width=&#8221;90%&#8221; module_alignment=&#8221;center&#8221; min_height=&#8221;590.9px&#8221; custom_margin=&#8221;0px|auto|0px|auto|false|false&#8221; custom_padding=&#8221;0px||40px||false|false&#8221; global_colors_info=&#8221;{}&#8221;][et_pb_column type=&#8221;2_5&#8243; module_class=&#8221;article_sub_img_wrap&#8221; _builder_version=&#8221;4.20.2&#8243; _module_preset=&#8221;default&#8221; global_colors_info=&#8221;{}&#8221;][et_pb_image src=&#8221;https:\/\/www.granapadano.it\/wp-content\/uploads\/2025\/04\/raw-ripe-medlar-fruits-with-leaves-concrete-background-strong-shadows-scaled.jpg&#8221; title_text=&#8221;raw-ripe-medlar-fruits-with-leaves-concrete-background-strong-shadows&#8221; align=&#8221;center&#8221; _builder_version=&#8221;4.27.4&#8243; _module_preset=&#8221;default&#8221; positioning=&#8221;relative&#8221; vertical_offset=&#8221;63px&#8221; module_alignment=&#8221;center&#8221; border_radii=&#8221;on|20px|20px|20px|20px&#8221; global_colors_info=&#8221;{}&#8221;][\/et_pb_image][\/et_pb_column][et_pb_column type=&#8221;3_5&#8243; module_class=&#8221;article_sub_text_wrap&#8221; _builder_version=&#8221;4.20.2&#8243; _module_preset=&#8221;default&#8221; global_colors_info=&#8221;{}&#8221;][et_pb_text _builder_version=&#8221;4.27.4&#8243; _module_preset=&#8221;default&#8221; text_text_color=&#8221;#0f0f0f&#8221; text_font_size=&#8221;18px&#8221; text_line_height=&#8221;26px&#8221; width=&#8221;100%&#8221; custom_margin=&#8221;||0px||false|false&#8221; global_colors_info=&#8221;{}&#8221;]<\/p>\n<h3>Grana Padano g.U. \u201eRiserva\u201c \u00fcber 24 Monate und Mispeln<\/h3>\n<\/p>\n<p>Grana Padano g.U. \u201eRiserva\u201c, \u00fcber 24 Monate gereift, zeichnet sich durch einen intensiven und komplexen Geschmack aus, der an geschmolzene Butter und Gew\u00fcrze erinnert. Die Mispeln mit ihrem weichen Fruchtfleisch und ihrem s\u00fc\u00df-sauren Geschmack bilden einen faszinierenden Kontrast, der den Gaumen anregt. Diese Kombination ist ideal f\u00fcr alle, die gewagte Kombinationen lieben und in der K\u00fcche mit neuen Geschmacksrichtungen experimentieren m\u00f6chten.<br \/>\nMispeln sind eine wenig beachtete, aber geschmacklich einzigartige Fr\u00fchlingsfrucht. Sie geh\u00f6ren zu den ersten Fr\u00fcchten, die im Fr\u00fchjahr reif werden, und haben uralte Urspr\u00fcnge, die bis in die Kultur des Nahen Ostens zur\u00fcckreichen. Sie enthalten viel Vitamin A und Ballaststoffe und eignen sich daher hervorragend f\u00fcr einen leichten Abschluss einer Mahlzeit. Ihr leicht s\u00e4uerlicher Geschmack bildet einen raffinierten Kontrast zum \u00fcber 24 Monate gereiften Grana Padano g.U. \u201eRiserva\u201c, der die buttrigen und w\u00fcrzigen Noten hervorhebt. Probieren Sie sie in einem Salat mit Fenchel und Waln\u00fcssen oder einfach mit K\u00e4sesp\u00e4nen und einem Spritzer nativem Oliven\u00f6l extra.\n<\/p>\n<p><strong>Kuriosit\u00e4ten<br \/>\n<\/strong><\/p>\n<ul>\n<li>Europ\u00e4ische Mispeln wurden im antiken Rom und Griechenland sehr gesch\u00e4tzt, wo sie frisch verzehrt oder zur Herstellung von fermentierten, apfelwein\u00e4hnlichen Getr\u00e4nken verwendet wurden. Plinius der \u00c4ltere erw\u00e4hnte sie in seinen Schriften als eine wertvolle Frucht.<\/li>\n<li><span style=\"font-size: 18px\">Mispeln sind reich an Vitamin A, Vitamin C und Antioxidantien, die die Haut sch\u00fctzen, das Immunsystem st\u00e4rken und freie Radikale bek\u00e4mpfen. Dank ihres hohen Wassergehalts eignen sie sich au\u00dferdem hervorragend als Feuchtigkeitsspender in den w\u00e4rmeren Monaten.<\/span><\/li>\n<\/ul>\n<p>[\/et_pb_text][\/et_pb_column][\/et_pb_row][\/et_pb_section]<\/p>\n","protected":false},"excerpt":{"rendered":"<p><div class=\"breadcrumb\"><a href=\"https:\/\/www.granapadano.it\/de-de\/\">Home<\/a>  <  <\/div>Grana Padano g.U. \u201eRiserva\u201c \u00fcber 24 MonateObstGrana Padano g.U. \u201eRiserva\u201c \u00fcber 24 Monate und Mispeln Grana Padano g.U. \u201eRiserva\u201c, \u00fcber 24 Monate gereift, zeichnet sich durch einen intensiven und komplexen Geschmack aus, der an geschmolzene Butter und Gew\u00fcrze erinnert. Die Mispeln mit ihrem weichen Fruchtfleisch und ihrem s\u00fc\u00df-sauren Geschmack bilden einen faszinierenden Kontrast, der den [&hellip;]<\/p>\n","protected":false},"author":21,"featured_media":0,"parent":137161,"menu_order":326,"comment_status":"closed","ping_status":"closed","template":"","meta":{"_acf_changed":false,"_et_pb_use_builder":"on","_et_pb_old_content":"","_et_gb_content_width":"","footnotes":""},"class_list":["post-137282","page","type-page","status-publish","hentry"],"acf":[],"yoast_head":"<!-- This site is optimized with the Yoast SEO plugin v27.4 - https:\/\/yoast.com\/product\/yoast-seo-wordpress\/ -->\n<title>Wie man Grana Padano \u201aRiserva\u2018 \u00fcber 24 Monate und Obst kombiniert - Grana Padano<\/title>\n<meta name=\"robots\" content=\"index, follow, max-snippet:-1, max-image-preview:large, max-video-preview:-1\" \/>\n<link rel=\"canonical\" href=\"https:\/\/www.granapadano.it\/de-de\/vorschlage-zum-servieren\/kombinationen\/welche-fruchte-passen-gut-zu-grana-padano\/wie-man-grana-padano-riserva-uber-24-monate-und-obst-kombiniert\/\" \/>\n<meta property=\"og:locale\" content=\"de_DE\" \/>\n<meta property=\"og:type\" content=\"article\" \/>\n<meta property=\"og:title\" content=\"Wie man Grana Padano \u201aRiserva\u2018 \u00fcber 24 Monate und Obst kombiniert - Grana Padano\" \/>\n<meta property=\"og:description\" content=\"Grana Padano g.U. \u201eRiserva\u201c \u00fcber 24 MonateObstGrana Padano g.U. \u201eRiserva\u201c \u00fcber 24 Monate und Mispeln Grana Padano g.U. \u201eRiserva\u201c, \u00fcber 24 Monate gereift, zeichnet sich durch einen intensiven und komplexen Geschmack aus, der an geschmolzene Butter und Gew\u00fcrze erinnert. Die Mispeln mit ihrem weichen Fruchtfleisch und ihrem s\u00fc\u00df-sauren Geschmack bilden einen faszinierenden Kontrast, der den [&hellip;]\" \/>\n<meta property=\"og:url\" content=\"https:\/\/www.granapadano.it\/de-de\/vorschlage-zum-servieren\/kombinationen\/welche-fruchte-passen-gut-zu-grana-padano\/wie-man-grana-padano-riserva-uber-24-monate-und-obst-kombiniert\/\" \/>\n<meta property=\"og:site_name\" content=\"Grana Padano\" \/>\n<meta property=\"article:modified_time\" content=\"2025-04-10T10:09:48+00:00\" \/>\n<meta name=\"twitter:card\" content=\"summary_large_image\" \/>\n<meta name=\"twitter:label1\" content=\"Est. reading time\" \/>\n\t<meta name=\"twitter:data1\" content=\"2 minutes\" \/>\n<script type=\"application\/ld+json\" class=\"yoast-schema-graph\">{\"@context\":\"https:\\\/\\\/schema.org\",\"@graph\":[{\"@type\":\"WebPage\",\"@id\":\"https:\\\/\\\/www.granapadano.it\\\/de-de\\\/vorschlage-zum-servieren\\\/kombinationen\\\/welche-fruchte-passen-gut-zu-grana-padano\\\/wie-man-grana-padano-riserva-uber-24-monate-und-obst-kombiniert\\\/\",\"url\":\"https:\\\/\\\/www.granapadano.it\\\/de-de\\\/vorschlage-zum-servieren\\\/kombinationen\\\/welche-fruchte-passen-gut-zu-grana-padano\\\/wie-man-grana-padano-riserva-uber-24-monate-und-obst-kombiniert\\\/\",\"name\":\"Wie man Grana Padano \u201aRiserva\u2018 \u00fcber 24 Monate und Obst kombiniert - Grana Padano\",\"isPartOf\":{\"@id\":\"https:\\\/\\\/www.granapadano.it\\\/de-de\\\/#website\"},\"datePublished\":\"2025-04-10T09:27:12+00:00\",\"dateModified\":\"2025-04-10T10:09:48+00:00\",\"breadcrumb\":{\"@id\":\"https:\\\/\\\/www.granapadano.it\\\/de-de\\\/vorschlage-zum-servieren\\\/kombinationen\\\/welche-fruchte-passen-gut-zu-grana-padano\\\/wie-man-grana-padano-riserva-uber-24-monate-und-obst-kombiniert\\\/#breadcrumb\"},\"inLanguage\":\"de-de\",\"potentialAction\":[{\"@type\":\"ReadAction\",\"target\":[\"https:\\\/\\\/www.granapadano.it\\\/de-de\\\/vorschlage-zum-servieren\\\/kombinationen\\\/welche-fruchte-passen-gut-zu-grana-padano\\\/wie-man-grana-padano-riserva-uber-24-monate-und-obst-kombiniert\\\/\"]}]},{\"@type\":\"BreadcrumbList\",\"@id\":\"https:\\\/\\\/www.granapadano.it\\\/de-de\\\/vorschlage-zum-servieren\\\/kombinationen\\\/welche-fruchte-passen-gut-zu-grana-padano\\\/wie-man-grana-padano-riserva-uber-24-monate-und-obst-kombiniert\\\/#breadcrumb\",\"itemListElement\":[{\"@type\":\"ListItem\",\"position\":1,\"name\":\"Home\",\"item\":\"https:\\\/\\\/www.granapadano.it\\\/de-de\\\/\"},{\"@type\":\"ListItem\",\"position\":2,\"name\":\"Rezepte\",\"item\":\"https:\\\/\\\/www.granapadano.it\\\/de-de\\\/rezepte\\\/\"},{\"@type\":\"ListItem\",\"position\":3,\"name\":\"Kombinationen\",\"item\":\"https:\\\/\\\/www.granapadano.it\\\/de-de\\\/rezepte\\\/kombinationen\\\/\"},{\"@type\":\"ListItem\",\"position\":4,\"name\":\"Welche Fr\u00fcchte passen gut zu Grana Padano?\",\"item\":\"https:\\\/\\\/www.granapadano.it\\\/de-de\\\/vorschlage-zum-servieren\\\/kombinationen\\\/welche-fruchte-passen-gut-zu-grana-padano\\\/\"},{\"@type\":\"ListItem\",\"position\":5,\"name\":\"Wie man Grana Padano \u201aRiserva\u2018 \u00fcber 24 Monate und Obst kombiniert\"}]},{\"@type\":\"WebSite\",\"@id\":\"https:\\\/\\\/www.granapadano.it\\\/de-de\\\/#website\",\"url\":\"https:\\\/\\\/www.granapadano.it\\\/de-de\\\/\",\"name\":\"Grana Padano\",\"description\":\"\",\"potentialAction\":[{\"@type\":\"SearchAction\",\"target\":{\"@type\":\"EntryPoint\",\"urlTemplate\":\"https:\\\/\\\/www.granapadano.it\\\/de-de\\\/?s={search_term_string}\"},\"query-input\":{\"@type\":\"PropertyValueSpecification\",\"valueRequired\":true,\"valueName\":\"search_term_string\"}}],\"inLanguage\":\"de-de\"}]}<\/script>\n<!-- \/ Yoast SEO plugin. -->","yoast_head_json":{"title":"Wie man Grana Padano \u201aRiserva\u2018 \u00fcber 24 Monate und Obst kombiniert - Grana Padano","robots":{"index":"index","follow":"follow","max-snippet":"max-snippet:-1","max-image-preview":"max-image-preview:large","max-video-preview":"max-video-preview:-1"},"canonical":"https:\/\/www.granapadano.it\/de-de\/vorschlage-zum-servieren\/kombinationen\/welche-fruchte-passen-gut-zu-grana-padano\/wie-man-grana-padano-riserva-uber-24-monate-und-obst-kombiniert\/","og_locale":"de_DE","og_type":"article","og_title":"Wie man Grana Padano \u201aRiserva\u2018 \u00fcber 24 Monate und Obst kombiniert - Grana Padano","og_description":"Grana Padano g.U. \u201eRiserva\u201c \u00fcber 24 MonateObstGrana Padano g.U. \u201eRiserva\u201c \u00fcber 24 Monate und Mispeln Grana Padano g.U. \u201eRiserva\u201c, \u00fcber 24 Monate gereift, zeichnet sich durch einen intensiven und komplexen Geschmack aus, der an geschmolzene Butter und Gew\u00fcrze erinnert. Die Mispeln mit ihrem weichen Fruchtfleisch und ihrem s\u00fc\u00df-sauren Geschmack bilden einen faszinierenden Kontrast, der den [&hellip;]","og_url":"https:\/\/www.granapadano.it\/de-de\/vorschlage-zum-servieren\/kombinationen\/welche-fruchte-passen-gut-zu-grana-padano\/wie-man-grana-padano-riserva-uber-24-monate-und-obst-kombiniert\/","og_site_name":"Grana Padano","article_modified_time":"2025-04-10T10:09:48+00:00","twitter_card":"summary_large_image","twitter_misc":{"Est. reading time":"2 minutes"},"schema":{"@context":"https:\/\/schema.org","@graph":[{"@type":"WebPage","@id":"https:\/\/www.granapadano.it\/de-de\/vorschlage-zum-servieren\/kombinationen\/welche-fruchte-passen-gut-zu-grana-padano\/wie-man-grana-padano-riserva-uber-24-monate-und-obst-kombiniert\/","url":"https:\/\/www.granapadano.it\/de-de\/vorschlage-zum-servieren\/kombinationen\/welche-fruchte-passen-gut-zu-grana-padano\/wie-man-grana-padano-riserva-uber-24-monate-und-obst-kombiniert\/","name":"Wie man Grana Padano \u201aRiserva\u2018 \u00fcber 24 Monate und Obst kombiniert - Grana Padano","isPartOf":{"@id":"https:\/\/www.granapadano.it\/de-de\/#website"},"datePublished":"2025-04-10T09:27:12+00:00","dateModified":"2025-04-10T10:09:48+00:00","breadcrumb":{"@id":"https:\/\/www.granapadano.it\/de-de\/vorschlage-zum-servieren\/kombinationen\/welche-fruchte-passen-gut-zu-grana-padano\/wie-man-grana-padano-riserva-uber-24-monate-und-obst-kombiniert\/#breadcrumb"},"inLanguage":"de-de","potentialAction":[{"@type":"ReadAction","target":["https:\/\/www.granapadano.it\/de-de\/vorschlage-zum-servieren\/kombinationen\/welche-fruchte-passen-gut-zu-grana-padano\/wie-man-grana-padano-riserva-uber-24-monate-und-obst-kombiniert\/"]}]},{"@type":"BreadcrumbList","@id":"https:\/\/www.granapadano.it\/de-de\/vorschlage-zum-servieren\/kombinationen\/welche-fruchte-passen-gut-zu-grana-padano\/wie-man-grana-padano-riserva-uber-24-monate-und-obst-kombiniert\/#breadcrumb","itemListElement":[{"@type":"ListItem","position":1,"name":"Home","item":"https:\/\/www.granapadano.it\/de-de\/"},{"@type":"ListItem","position":2,"name":"Rezepte","item":"https:\/\/www.granapadano.it\/de-de\/rezepte\/"},{"@type":"ListItem","position":3,"name":"Kombinationen","item":"https:\/\/www.granapadano.it\/de-de\/rezepte\/kombinationen\/"},{"@type":"ListItem","position":4,"name":"Welche Fr\u00fcchte passen gut zu Grana Padano?","item":"https:\/\/www.granapadano.it\/de-de\/vorschlage-zum-servieren\/kombinationen\/welche-fruchte-passen-gut-zu-grana-padano\/"},{"@type":"ListItem","position":5,"name":"Wie man Grana Padano \u201aRiserva\u2018 \u00fcber 24 Monate und Obst kombiniert"}]},{"@type":"WebSite","@id":"https:\/\/www.granapadano.it\/de-de\/#website","url":"https:\/\/www.granapadano.it\/de-de\/","name":"Grana Padano","description":"","potentialAction":[{"@type":"SearchAction","target":{"@type":"EntryPoint","urlTemplate":"https:\/\/www.granapadano.it\/de-de\/?s={search_term_string}"},"query-input":{"@type":"PropertyValueSpecification","valueRequired":true,"valueName":"search_term_string"}}],"inLanguage":"de-de"}]}},"_links":{"self":[{"href":"https:\/\/www.granapadano.it\/de-de\/wp-json\/wp\/v2\/pages\/137282","targetHints":{"allow":["GET"]}}],"collection":[{"href":"https:\/\/www.granapadano.it\/de-de\/wp-json\/wp\/v2\/pages"}],"about":[{"href":"https:\/\/www.granapadano.it\/de-de\/wp-json\/wp\/v2\/types\/page"}],"author":[{"embeddable":true,"href":"https:\/\/www.granapadano.it\/de-de\/wp-json\/wp\/v2\/users\/21"}],"replies":[{"embeddable":true,"href":"https:\/\/www.granapadano.it\/de-de\/wp-json\/wp\/v2\/comments?post=137282"}],"version-history":[{"count":2,"href":"https:\/\/www.granapadano.it\/de-de\/wp-json\/wp\/v2\/pages\/137282\/revisions"}],"predecessor-version":[{"id":137335,"href":"https:\/\/www.granapadano.it\/de-de\/wp-json\/wp\/v2\/pages\/137282\/revisions\/137335"}],"up":[{"embeddable":true,"href":"https:\/\/www.granapadano.it\/de-de\/wp-json\/wp\/v2\/pages\/137161"}],"wp:attachment":[{"href":"https:\/\/www.granapadano.it\/de-de\/wp-json\/wp\/v2\/media?parent=137282"}],"curies":[{"name":"wp","href":"https:\/\/api.w.org\/{rel}","templated":true}]}}