{"id":137239,"date":"2025-04-10T09:02:53","date_gmt":"2025-04-10T09:02:53","guid":{"rendered":"https:\/\/www.granapadano.it\/?page_id=137239"},"modified":"2025-04-10T10:05:10","modified_gmt":"2025-04-10T10:05:10","slug":"wie-man-grana-padano-20-24-monate-riserva-und-obst-kombiniert","status":"publish","type":"page","link":"https:\/\/www.granapadano.it\/de-de\/vorschlage-zum-servieren\/kombinationen\/welche-fruchte-passen-gut-zu-grana-padano\/wie-man-grana-padano-20-24-monate-riserva-und-obst-kombiniert\/","title":{"rendered":"Wie man Grana Padano 20-24 Monate \u201eRiserva\u201c und Obst kombiniert"},"content":{"rendered":"<p>[et_pb_section fb_built=&#8221;1&#8243; fullwidth=&#8221;on&#8221; _builder_version=&#8221;4.19.5&#8243; _module_preset=&#8221;default&#8221; global_colors_info=&#8221;{}&#8221;][et_pb_fullwidth_image src=&#8221;https:\/\/www.granapadano.it\/wp-content\/uploads\/2025\/04\/GP_frutta-fresca-h.jpg&#8221; title_text=&#8221;GP_Card-frutta-fresca&#8221; src_tablet=&#8221;https:\/\/www.granapadano.it\/wp-content\/uploads\/2025\/04\/GP_frutta-fresca-h.jpg&#8221; src_phone=&#8221;https:\/\/www.granapadano.it\/wp-content\/uploads\/2025\/04\/GP_Card-frutta-fresca.jpg&#8221; src_last_edited=&#8221;on|phone&#8221; _builder_version=&#8221;4.27.4&#8243; _module_preset=&#8221;default&#8221; locked=&#8221;off&#8221; global_colors_info=&#8221;{}&#8221;][\/et_pb_fullwidth_image][\/et_pb_section][et_pb_section fb_built=&#8221;1&#8243; module_class=&#8221;production_sub_hub_main_wrapper&#8221; _builder_version=&#8221;4.19.4&#8243; _module_preset=&#8221;default&#8221; custom_padding=&#8221;13px||0px|||&#8221; locked=&#8221;off&#8221; global_colors_info=&#8221;{}&#8221;][et_pb_row module_class=&#8221;recipe_filter_section&#8221; _builder_version=&#8221;4.19.2&#8243; _module_preset=&#8221;default&#8221; max_width=&#8221;90%&#8221; custom_padding=&#8221;||7px|||&#8221; global_colors_info=&#8221;{}&#8221;][et_pb_column type=&#8221;4_4&#8243; _builder_version=&#8221;4.19.2&#8243; _module_preset=&#8221;default&#8221; global_colors_info=&#8221;{}&#8221;][et_pb_code _builder_version=&#8221;4.19.2&#8243; _module_preset=&#8221;default&#8221; custom_margin=&#8221;||16px|||&#8221; global_colors_info=&#8221;{}&#8221;]<div class=\"breadcrumb\"><a href=\"https:\/\/www.granapadano.it\/de-de\/\">Home<\/a>  <  <\/div>[\/et_pb_code][\/et_pb_column][\/et_pb_row][\/et_pb_section][et_pb_section fb_built=&#8221;1&#8243; module_class=&#8221;giovani_sub_hub_title&#8221; _builder_version=&#8221;4.19.5&#8243; _module_preset=&#8221;default&#8221; custom_padding=&#8221;0px||35px||false|false&#8221; locked=&#8221;off&#8221; global_colors_info=&#8221;{}&#8221;][et_pb_row module_class=&#8221;gp_producion_heading_wrapper&#8221; _builder_version=&#8221;4.19.5&#8243; _module_preset=&#8221;default&#8221; max_width=&#8221;90%&#8221; module_alignment=&#8221;center&#8221; custom_padding=&#8221;||||false|false&#8221; global_colors_info=&#8221;{}&#8221;][et_pb_column type=&#8221;4_4&#8243; _builder_version=&#8221;4.19.4&#8243; _module_preset=&#8221;default&#8221; global_colors_info=&#8221;{}&#8221;][et_pb_text module_class=&#8221;giovani_sub_hub_title_text&#8221; _builder_version=&#8221;4.27.4&#8243; _module_preset=&#8221;default&#8221; text_font=&#8221;Merriweather|700|||||||&#8221; text_text_color=&#8221;#0f0f0f&#8221; text_font_size=&#8221;80px&#8221; text_line_height=&#8221;70px&#8221; header_font=&#8221;Merriweather||||||||&#8221; header_text_color=&#8221;gcid-8696fd7e-29dd-4028-9d4d-981b208a53a9&#8243; header_font_size=&#8221;44px&#8221; header_line_height=&#8221;52px&#8221; text_orientation=&#8221;center&#8221; min_height=&#8221;83px&#8221; custom_margin=&#8221;||0px||false|false&#8221; custom_padding=&#8221;||0px||false|false&#8221; global_colors_info=&#8221;{%22gcid-8696fd7e-29dd-4028-9d4d-981b208a53a9%22:%91%22header_text_color%22%93}&#8221;]<\/p>\n<h1>Grana Padano g.U. \u201eRiserva\u201c 20-24 Monate<\/h1>\n<p>[\/et_pb_text][\/et_pb_column][\/et_pb_row][et_pb_row column_structure=&#8221;1_4,3_4&#8243; module_class=&#8221;article_dates&#8221; _builder_version=&#8221;4.19.4&#8243; _module_preset=&#8221;default&#8221; max_width=&#8221;90%&#8221; custom_padding=&#8221;2px||6px||false|false&#8221; global_colors_info=&#8221;{}&#8221;][et_pb_column type=&#8221;1_4&#8243; _builder_version=&#8221;4.19.3&#8243; _module_preset=&#8221;default&#8221; global_colors_info=&#8221;{}&#8221;][et_pb_text module_class=&#8221;button_look&#8221; _builder_version=&#8221;4.27.4&#8243; _module_preset=&#8221;default&#8221; text_font=&#8221;FontPadano-Bold||||||||&#8221; text_text_color=&#8221;#000000&#8243; text_font_size=&#8221;26px&#8221; background_color=&#8221;RGBA(255,255,255,0)&#8221; locked=&#8221;off&#8221; global_colors_info=&#8221;{}&#8221;]<\/p>\n<p>Obst<\/p>\n<p>[\/et_pb_text][\/et_pb_column][et_pb_column type=&#8221;3_4&#8243; _builder_version=&#8221;4.19.4&#8243; _module_preset=&#8221;default&#8221; global_colors_info=&#8221;{}&#8221;][\/et_pb_column][\/et_pb_row][et_pb_row column_structure=&#8221;2_5,3_5&#8243; module_class=&#8221;article_sub_img_text_content &#8221; _builder_version=&#8221;4.24.3&#8243; _module_preset=&#8221;default&#8221; max_width=&#8221;90%&#8221; module_alignment=&#8221;center&#8221; min_height=&#8221;583.9px&#8221; custom_margin=&#8221;0px|auto|0px|auto|false|false&#8221; custom_padding=&#8221;0px||0px||false|false&#8221; global_colors_info=&#8221;{}&#8221;][et_pb_column type=&#8221;2_5&#8243; module_class=&#8221;article_sub_img_wrap&#8221; _builder_version=&#8221;4.20.2&#8243; _module_preset=&#8221;default&#8221; global_colors_info=&#8221;{}&#8221;][et_pb_image src=&#8221;https:\/\/www.granapadano.it\/wp-content\/uploads\/2025\/04\/front-view-peaches-cutting-board-wooden-surface-scaled.jpg&#8221; title_text=&#8221;side view of peaches on cutting board and wooden background&#8221; align=&#8221;center&#8221; _builder_version=&#8221;4.27.4&#8243; _module_preset=&#8221;default&#8221; positioning=&#8221;relative&#8221; vertical_offset=&#8221;63px&#8221; module_alignment=&#8221;center&#8221; border_radii=&#8221;on|20px|20px|20px|20px&#8221; global_colors_info=&#8221;{}&#8221;][\/et_pb_image][\/et_pb_column][et_pb_column type=&#8221;3_5&#8243; module_class=&#8221;article_sub_text_wrap&#8221; _builder_version=&#8221;4.20.2&#8243; _module_preset=&#8221;default&#8221; global_colors_info=&#8221;{}&#8221;][et_pb_text _builder_version=&#8221;4.27.4&#8243; _module_preset=&#8221;default&#8221; text_font=&#8221;||||||||&#8221; text_text_color=&#8221;#0f0f0f&#8221; text_font_size=&#8221;18px&#8221; text_line_height=&#8221;26px&#8221; width=&#8221;100%&#8221; custom_margin=&#8221;||0px||false|false&#8221; global_colors_info=&#8221;{}&#8221;]<\/p>\n<h3>Grana Padano g.U. \u201eRiserva\u201c 20-24 Monate und Birnen<\/h3>\n<p>Birnen geh\u00f6ren zu den beliebtesten Fr\u00fcchten bei K\u00e4sekombinationen, und mit Grana Padano g.U. \u201eRiserva\u201c 20-24 Monate ist das Ergebnis au\u00dfergew\u00f6hnlich. Diese Reifung verleiht dem K\u00e4se einen kr\u00e4ftigen Geschmack mit Noten von Trockenfr\u00fcchten und einer k\u00f6rnigen Textur, die perfekt zur samtigen S\u00fc\u00dfe der Birne passt. Ideal f\u00fcr einen Gourmet-Aperitif oder um einen Salat mit einer raffinierten Note zu bereichern.<br \/>\nDie Birne gilt dank ihrer nat\u00fcrlichen S\u00fc\u00dfe und ihrer weichen Textur als die Frucht schlechthin, um sie mit K\u00e4se zu kombinieren. Schon in der Antike verwendeten die R\u00f6mer sie in Rezepten f\u00fcr herzhafte und s\u00fc\u00dfe Gerichte. Reich an Ballaststoffen und kalorienarm, tr\u00e4gt die Birne dazu bei, die k\u00f6rnige Struktur des Grana Padano g.U. \u201eRiserva\u201c 20-24 Monate auszugleichen und ihn am Gaumen zu umh\u00fcllen. F\u00fcr ein noch intensiveres Geschmackserlebnis kombinieren Sie Birnenscheiben mit Grana Padano-Flocken und einer Prise schwarzem Pfeffer oder einem Spritzer Kastanienhonig.\n<\/p>\n<p><strong>Kuriosit\u00e4ten<\/strong><\/p>\n<ul>\n<li>Birnen werden seit \u00fcber 4.000 Jahren angebaut! Die fr\u00fchesten Spuren ihres Anbaus gehen auf die mesopotamische Zivilisation zur\u00fcck, und auch die alten Griechen und R\u00f6mer sch\u00e4tzten sie sehr. Homer bezeichnete sie in der Odyssee sogar als \u201eGeschenk der G\u00f6tter\u201c.<\/li>\n<li>Birnen geh\u00f6ren zu den am meisten kultivierten Fr\u00fcchten der Welt mit Tausenden von verschiedenen Sorten. Sie k\u00f6nnen ein knackiges oder schmelzendes Fruchtfleisch haben, s\u00fc\u00df oder leicht s\u00e4uerlich sein, was sie f\u00fcr viele Kombinationen in der K\u00fcche geeignet macht.<\/li>\n<\/ul>\n<p>[\/et_pb_text][\/et_pb_column][\/et_pb_row][\/et_pb_section]<\/p>\n","protected":false},"excerpt":{"rendered":"<p><div class=\"breadcrumb\"><a href=\"https:\/\/www.granapadano.it\/de-de\/\">Home<\/a>  <  <\/div>Grana Padano g.U. \u201eRiserva\u201c 20-24 MonateObstGrana Padano g.U. \u201eRiserva\u201c 20-24 Monate und Birnen Birnen geh\u00f6ren zu den beliebtesten Fr\u00fcchten bei K\u00e4sekombinationen, und mit Grana Padano g.U. \u201eRiserva\u201c 20-24 Monate ist das Ergebnis au\u00dfergew\u00f6hnlich. Diese Reifung verleiht dem K\u00e4se einen kr\u00e4ftigen Geschmack mit Noten von Trockenfr\u00fcchten und einer k\u00f6rnigen Textur, die perfekt zur samtigen S\u00fc\u00dfe der [&hellip;]<\/p>\n","protected":false},"author":21,"featured_media":0,"parent":137161,"menu_order":316,"comment_status":"closed","ping_status":"closed","template":"","meta":{"_acf_changed":false,"_et_pb_use_builder":"on","_et_pb_old_content":"","_et_gb_content_width":"","footnotes":""},"class_list":["post-137239","page","type-page","status-publish","hentry"],"acf":[],"yoast_head":"<!-- This site is optimized with the Yoast SEO plugin v27.4 - https:\/\/yoast.com\/product\/yoast-seo-wordpress\/ -->\n<title>Wie man Grana Padano 20-24 Monate \u201eRiserva\u201c und Obst kombiniert - Grana Padano<\/title>\n<meta name=\"robots\" content=\"index, follow, max-snippet:-1, max-image-preview:large, max-video-preview:-1\" \/>\n<link rel=\"canonical\" href=\"https:\/\/www.granapadano.it\/de-de\/vorschlage-zum-servieren\/kombinationen\/welche-fruchte-passen-gut-zu-grana-padano\/wie-man-grana-padano-20-24-monate-riserva-und-obst-kombiniert\/\" \/>\n<meta property=\"og:locale\" content=\"de_DE\" \/>\n<meta property=\"og:type\" content=\"article\" \/>\n<meta property=\"og:title\" content=\"Wie man Grana Padano 20-24 Monate \u201eRiserva\u201c und Obst kombiniert - Grana Padano\" \/>\n<meta property=\"og:description\" content=\"Grana Padano g.U. \u201eRiserva\u201c 20-24 MonateObstGrana Padano g.U. \u201eRiserva\u201c 20-24 Monate und Birnen Birnen geh\u00f6ren zu den beliebtesten Fr\u00fcchten bei K\u00e4sekombinationen, und mit Grana Padano g.U. \u201eRiserva\u201c 20-24 Monate ist das Ergebnis au\u00dfergew\u00f6hnlich. Diese Reifung verleiht dem K\u00e4se einen kr\u00e4ftigen Geschmack mit Noten von Trockenfr\u00fcchten und einer k\u00f6rnigen Textur, die perfekt zur samtigen S\u00fc\u00dfe der [&hellip;]\" \/>\n<meta property=\"og:url\" content=\"https:\/\/www.granapadano.it\/de-de\/vorschlage-zum-servieren\/kombinationen\/welche-fruchte-passen-gut-zu-grana-padano\/wie-man-grana-padano-20-24-monate-riserva-und-obst-kombiniert\/\" \/>\n<meta property=\"og:site_name\" content=\"Grana Padano\" \/>\n<meta property=\"article:modified_time\" content=\"2025-04-10T10:05:10+00:00\" \/>\n<meta name=\"twitter:card\" content=\"summary_large_image\" \/>\n<meta name=\"twitter:label1\" content=\"Est. reading time\" \/>\n\t<meta name=\"twitter:data1\" content=\"2 minutes\" \/>\n<script type=\"application\/ld+json\" class=\"yoast-schema-graph\">{\"@context\":\"https:\\\/\\\/schema.org\",\"@graph\":[{\"@type\":\"WebPage\",\"@id\":\"https:\\\/\\\/www.granapadano.it\\\/de-de\\\/vorschlage-zum-servieren\\\/kombinationen\\\/welche-fruchte-passen-gut-zu-grana-padano\\\/wie-man-grana-padano-20-24-monate-riserva-und-obst-kombiniert\\\/\",\"url\":\"https:\\\/\\\/www.granapadano.it\\\/de-de\\\/vorschlage-zum-servieren\\\/kombinationen\\\/welche-fruchte-passen-gut-zu-grana-padano\\\/wie-man-grana-padano-20-24-monate-riserva-und-obst-kombiniert\\\/\",\"name\":\"Wie man Grana Padano 20-24 Monate \u201eRiserva\u201c und Obst kombiniert - Grana Padano\",\"isPartOf\":{\"@id\":\"https:\\\/\\\/www.granapadano.it\\\/de-de\\\/#website\"},\"datePublished\":\"2025-04-10T09:02:53+00:00\",\"dateModified\":\"2025-04-10T10:05:10+00:00\",\"breadcrumb\":{\"@id\":\"https:\\\/\\\/www.granapadano.it\\\/de-de\\\/vorschlage-zum-servieren\\\/kombinationen\\\/welche-fruchte-passen-gut-zu-grana-padano\\\/wie-man-grana-padano-20-24-monate-riserva-und-obst-kombiniert\\\/#breadcrumb\"},\"inLanguage\":\"de-de\",\"potentialAction\":[{\"@type\":\"ReadAction\",\"target\":[\"https:\\\/\\\/www.granapadano.it\\\/de-de\\\/vorschlage-zum-servieren\\\/kombinationen\\\/welche-fruchte-passen-gut-zu-grana-padano\\\/wie-man-grana-padano-20-24-monate-riserva-und-obst-kombiniert\\\/\"]}]},{\"@type\":\"BreadcrumbList\",\"@id\":\"https:\\\/\\\/www.granapadano.it\\\/de-de\\\/vorschlage-zum-servieren\\\/kombinationen\\\/welche-fruchte-passen-gut-zu-grana-padano\\\/wie-man-grana-padano-20-24-monate-riserva-und-obst-kombiniert\\\/#breadcrumb\",\"itemListElement\":[{\"@type\":\"ListItem\",\"position\":1,\"name\":\"Home\",\"item\":\"https:\\\/\\\/www.granapadano.it\\\/de-de\\\/\"},{\"@type\":\"ListItem\",\"position\":2,\"name\":\"Rezepte\",\"item\":\"https:\\\/\\\/www.granapadano.it\\\/de-de\\\/rezepte\\\/\"},{\"@type\":\"ListItem\",\"position\":3,\"name\":\"Kombinationen\",\"item\":\"https:\\\/\\\/www.granapadano.it\\\/de-de\\\/rezepte\\\/kombinationen\\\/\"},{\"@type\":\"ListItem\",\"position\":4,\"name\":\"Welche Fr\u00fcchte passen gut zu Grana Padano?\",\"item\":\"https:\\\/\\\/www.granapadano.it\\\/de-de\\\/vorschlage-zum-servieren\\\/kombinationen\\\/welche-fruchte-passen-gut-zu-grana-padano\\\/\"},{\"@type\":\"ListItem\",\"position\":5,\"name\":\"Wie man Grana Padano 20-24 Monate \u201eRiserva\u201c und Obst kombiniert\"}]},{\"@type\":\"WebSite\",\"@id\":\"https:\\\/\\\/www.granapadano.it\\\/de-de\\\/#website\",\"url\":\"https:\\\/\\\/www.granapadano.it\\\/de-de\\\/\",\"name\":\"Grana Padano\",\"description\":\"\",\"potentialAction\":[{\"@type\":\"SearchAction\",\"target\":{\"@type\":\"EntryPoint\",\"urlTemplate\":\"https:\\\/\\\/www.granapadano.it\\\/de-de\\\/?s={search_term_string}\"},\"query-input\":{\"@type\":\"PropertyValueSpecification\",\"valueRequired\":true,\"valueName\":\"search_term_string\"}}],\"inLanguage\":\"de-de\"}]}<\/script>\n<!-- \/ Yoast SEO plugin. -->","yoast_head_json":{"title":"Wie man Grana Padano 20-24 Monate \u201eRiserva\u201c und Obst kombiniert - Grana Padano","robots":{"index":"index","follow":"follow","max-snippet":"max-snippet:-1","max-image-preview":"max-image-preview:large","max-video-preview":"max-video-preview:-1"},"canonical":"https:\/\/www.granapadano.it\/de-de\/vorschlage-zum-servieren\/kombinationen\/welche-fruchte-passen-gut-zu-grana-padano\/wie-man-grana-padano-20-24-monate-riserva-und-obst-kombiniert\/","og_locale":"de_DE","og_type":"article","og_title":"Wie man Grana Padano 20-24 Monate \u201eRiserva\u201c und Obst kombiniert - Grana Padano","og_description":"Grana Padano g.U. \u201eRiserva\u201c 20-24 MonateObstGrana Padano g.U. \u201eRiserva\u201c 20-24 Monate und Birnen Birnen geh\u00f6ren zu den beliebtesten Fr\u00fcchten bei K\u00e4sekombinationen, und mit Grana Padano g.U. \u201eRiserva\u201c 20-24 Monate ist das Ergebnis au\u00dfergew\u00f6hnlich. Diese Reifung verleiht dem K\u00e4se einen kr\u00e4ftigen Geschmack mit Noten von Trockenfr\u00fcchten und einer k\u00f6rnigen Textur, die perfekt zur samtigen S\u00fc\u00dfe der [&hellip;]","og_url":"https:\/\/www.granapadano.it\/de-de\/vorschlage-zum-servieren\/kombinationen\/welche-fruchte-passen-gut-zu-grana-padano\/wie-man-grana-padano-20-24-monate-riserva-und-obst-kombiniert\/","og_site_name":"Grana Padano","article_modified_time":"2025-04-10T10:05:10+00:00","twitter_card":"summary_large_image","twitter_misc":{"Est. reading time":"2 minutes"},"schema":{"@context":"https:\/\/schema.org","@graph":[{"@type":"WebPage","@id":"https:\/\/www.granapadano.it\/de-de\/vorschlage-zum-servieren\/kombinationen\/welche-fruchte-passen-gut-zu-grana-padano\/wie-man-grana-padano-20-24-monate-riserva-und-obst-kombiniert\/","url":"https:\/\/www.granapadano.it\/de-de\/vorschlage-zum-servieren\/kombinationen\/welche-fruchte-passen-gut-zu-grana-padano\/wie-man-grana-padano-20-24-monate-riserva-und-obst-kombiniert\/","name":"Wie man Grana Padano 20-24 Monate \u201eRiserva\u201c und Obst kombiniert - Grana Padano","isPartOf":{"@id":"https:\/\/www.granapadano.it\/de-de\/#website"},"datePublished":"2025-04-10T09:02:53+00:00","dateModified":"2025-04-10T10:05:10+00:00","breadcrumb":{"@id":"https:\/\/www.granapadano.it\/de-de\/vorschlage-zum-servieren\/kombinationen\/welche-fruchte-passen-gut-zu-grana-padano\/wie-man-grana-padano-20-24-monate-riserva-und-obst-kombiniert\/#breadcrumb"},"inLanguage":"de-de","potentialAction":[{"@type":"ReadAction","target":["https:\/\/www.granapadano.it\/de-de\/vorschlage-zum-servieren\/kombinationen\/welche-fruchte-passen-gut-zu-grana-padano\/wie-man-grana-padano-20-24-monate-riserva-und-obst-kombiniert\/"]}]},{"@type":"BreadcrumbList","@id":"https:\/\/www.granapadano.it\/de-de\/vorschlage-zum-servieren\/kombinationen\/welche-fruchte-passen-gut-zu-grana-padano\/wie-man-grana-padano-20-24-monate-riserva-und-obst-kombiniert\/#breadcrumb","itemListElement":[{"@type":"ListItem","position":1,"name":"Home","item":"https:\/\/www.granapadano.it\/de-de\/"},{"@type":"ListItem","position":2,"name":"Rezepte","item":"https:\/\/www.granapadano.it\/de-de\/rezepte\/"},{"@type":"ListItem","position":3,"name":"Kombinationen","item":"https:\/\/www.granapadano.it\/de-de\/rezepte\/kombinationen\/"},{"@type":"ListItem","position":4,"name":"Welche Fr\u00fcchte passen gut zu Grana Padano?","item":"https:\/\/www.granapadano.it\/de-de\/vorschlage-zum-servieren\/kombinationen\/welche-fruchte-passen-gut-zu-grana-padano\/"},{"@type":"ListItem","position":5,"name":"Wie man Grana Padano 20-24 Monate \u201eRiserva\u201c und Obst kombiniert"}]},{"@type":"WebSite","@id":"https:\/\/www.granapadano.it\/de-de\/#website","url":"https:\/\/www.granapadano.it\/de-de\/","name":"Grana Padano","description":"","potentialAction":[{"@type":"SearchAction","target":{"@type":"EntryPoint","urlTemplate":"https:\/\/www.granapadano.it\/de-de\/?s={search_term_string}"},"query-input":{"@type":"PropertyValueSpecification","valueRequired":true,"valueName":"search_term_string"}}],"inLanguage":"de-de"}]}},"_links":{"self":[{"href":"https:\/\/www.granapadano.it\/de-de\/wp-json\/wp\/v2\/pages\/137239","targetHints":{"allow":["GET"]}}],"collection":[{"href":"https:\/\/www.granapadano.it\/de-de\/wp-json\/wp\/v2\/pages"}],"about":[{"href":"https:\/\/www.granapadano.it\/de-de\/wp-json\/wp\/v2\/types\/page"}],"author":[{"embeddable":true,"href":"https:\/\/www.granapadano.it\/de-de\/wp-json\/wp\/v2\/users\/21"}],"replies":[{"embeddable":true,"href":"https:\/\/www.granapadano.it\/de-de\/wp-json\/wp\/v2\/comments?post=137239"}],"version-history":[{"count":4,"href":"https:\/\/www.granapadano.it\/de-de\/wp-json\/wp\/v2\/pages\/137239\/revisions"}],"predecessor-version":[{"id":137328,"href":"https:\/\/www.granapadano.it\/de-de\/wp-json\/wp\/v2\/pages\/137239\/revisions\/137328"}],"up":[{"embeddable":true,"href":"https:\/\/www.granapadano.it\/de-de\/wp-json\/wp\/v2\/pages\/137161"}],"wp:attachment":[{"href":"https:\/\/www.granapadano.it\/de-de\/wp-json\/wp\/v2\/media?parent=137239"}],"curies":[{"name":"wp","href":"https:\/\/api.w.org\/{rel}","templated":true}]}}