{"id":137209,"date":"2025-04-10T08:43:47","date_gmt":"2025-04-10T08:43:47","guid":{"rendered":"https:\/\/www.granapadano.it\/?page_id=137209"},"modified":"2025-04-10T09:59:19","modified_gmt":"2025-04-10T09:59:19","slug":"wie-man-grana-padano-16-20-monate-und-obst-kombiniert","status":"publish","type":"page","link":"https:\/\/www.granapadano.it\/de-de\/vorschlage-zum-servieren\/kombinationen\/welche-fruchte-passen-gut-zu-grana-padano\/wie-man-grana-padano-16-20-monate-und-obst-kombiniert\/","title":{"rendered":"Wie man Grana Padano 16-20 Monate und Obst kombiniert"},"content":{"rendered":"<p>[et_pb_section fb_built=&#8221;1&#8243; fullwidth=&#8221;on&#8221; _builder_version=&#8221;4.19.5&#8243; _module_preset=&#8221;default&#8221; global_colors_info=&#8221;{}&#8221;][et_pb_fullwidth_image src=&#8221;https:\/\/www.granapadano.it\/wp-content\/uploads\/2025\/04\/GP_frutta-fresca-h.jpg&#8221; title_text=&#8221;GP_frutta-fresca-m&#8221; src_tablet=&#8221;https:\/\/www.granapadano.it\/wp-content\/uploads\/2025\/04\/GP_frutta-fresca-h.jpg&#8221; src_phone=&#8221;https:\/\/www.granapadano.it\/wp-content\/uploads\/2025\/04\/GP_frutta-fresca-m.jpg&#8221; src_last_edited=&#8221;on|phone&#8221; _builder_version=&#8221;4.27.4&#8243; _module_preset=&#8221;default&#8221; locked=&#8221;off&#8221; global_colors_info=&#8221;{}&#8221;][\/et_pb_fullwidth_image][\/et_pb_section][et_pb_section fb_built=&#8221;1&#8243; module_class=&#8221;production_sub_hub_main_wrapper&#8221; _builder_version=&#8221;4.19.4&#8243; _module_preset=&#8221;default&#8221; custom_padding=&#8221;13px||0px|||&#8221; locked=&#8221;off&#8221; global_colors_info=&#8221;{}&#8221;][et_pb_row module_class=&#8221;recipe_filter_section&#8221; _builder_version=&#8221;4.19.2&#8243; _module_preset=&#8221;default&#8221; max_width=&#8221;90%&#8221; custom_padding=&#8221;||7px|||&#8221; global_colors_info=&#8221;{}&#8221;][et_pb_column type=&#8221;4_4&#8243; _builder_version=&#8221;4.19.2&#8243; _module_preset=&#8221;default&#8221; global_colors_info=&#8221;{}&#8221;][et_pb_code _builder_version=&#8221;4.19.2&#8243; _module_preset=&#8221;default&#8221; custom_margin=&#8221;||16px|||&#8221; global_colors_info=&#8221;{}&#8221;]<div class=\"breadcrumb\"><a href=\"https:\/\/www.granapadano.it\/de-de\/\">Home<\/a>  <  <\/div>[\/et_pb_code][\/et_pb_column][\/et_pb_row][\/et_pb_section][et_pb_section fb_built=&#8221;1&#8243; module_class=&#8221;giovani_sub_hub_title&#8221; _builder_version=&#8221;4.19.5&#8243; _module_preset=&#8221;default&#8221; custom_padding=&#8221;0px||35px||false|false&#8221; locked=&#8221;off&#8221; global_colors_info=&#8221;{}&#8221;][et_pb_row module_class=&#8221;gp_producion_heading_wrapper&#8221; _builder_version=&#8221;4.19.5&#8243; _module_preset=&#8221;default&#8221; max_width=&#8221;90%&#8221; module_alignment=&#8221;center&#8221; custom_padding=&#8221;||||false|false&#8221; global_colors_info=&#8221;{}&#8221;][et_pb_column type=&#8221;4_4&#8243; _builder_version=&#8221;4.19.4&#8243; _module_preset=&#8221;default&#8221; global_colors_info=&#8221;{}&#8221;][et_pb_text module_class=&#8221;giovani_sub_hub_title_text&#8221; _builder_version=&#8221;4.27.4&#8243; _module_preset=&#8221;default&#8221; text_font=&#8221;Merriweather|700|||||||&#8221; text_text_color=&#8221;#0f0f0f&#8221; text_font_size=&#8221;80px&#8221; text_line_height=&#8221;70px&#8221; header_font=&#8221;Merriweather||||||||&#8221; header_text_color=&#8221;gcid-8696fd7e-29dd-4028-9d4d-981b208a53a9&#8243; header_font_size=&#8221;44px&#8221; header_line_height=&#8221;52px&#8221; text_orientation=&#8221;center&#8221; min_height=&#8221;83px&#8221; custom_margin=&#8221;||0px||false|false&#8221; custom_padding=&#8221;||0px||false|false&#8221; global_colors_info=&#8221;{%22gcid-8696fd7e-29dd-4028-9d4d-981b208a53a9%22:%91%22header_text_color%22%93}&#8221;]<\/p>\n<h1>Grana Padano g.U. 16-20 Monate<\/h1>\n<p>[\/et_pb_text][\/et_pb_column][\/et_pb_row][et_pb_row column_structure=&#8221;1_4,3_4&#8243; module_class=&#8221;article_dates&#8221; _builder_version=&#8221;4.19.4&#8243; _module_preset=&#8221;default&#8221; max_width=&#8221;90%&#8221; custom_padding=&#8221;2px||6px||false|false&#8221; global_colors_info=&#8221;{}&#8221;][et_pb_column type=&#8221;1_4&#8243; _builder_version=&#8221;4.19.3&#8243; _module_preset=&#8221;default&#8221; global_colors_info=&#8221;{}&#8221;][et_pb_text module_class=&#8221;button_look&#8221; _builder_version=&#8221;4.27.4&#8243; _module_preset=&#8221;default&#8221; text_font=&#8221;FontPadano-Bold||||||||&#8221; text_text_color=&#8221;#000000&#8243; text_font_size=&#8221;26px&#8221; background_color=&#8221;RGBA(255,255,255,0)&#8221; locked=&#8221;off&#8221; global_colors_info=&#8221;{}&#8221;]<\/p>\n<p>Obst<\/p>\n<p>[\/et_pb_text][\/et_pb_column][et_pb_column type=&#8221;3_4&#8243; _builder_version=&#8221;4.19.4&#8243; _module_preset=&#8221;default&#8221; global_colors_info=&#8221;{}&#8221;][\/et_pb_column][\/et_pb_row][et_pb_row column_structure=&#8221;2_5,3_5&#8243; module_class=&#8221;article_sub_img_text_content &#8221; _builder_version=&#8221;4.24.3&#8243; _module_preset=&#8221;default&#8221; max_width=&#8221;90%&#8221; module_alignment=&#8221;center&#8221; min_height=&#8221;608.9px&#8221; custom_margin=&#8221;0px||0px||false|false&#8221; custom_padding=&#8221;0px||0px||false|false&#8221; global_colors_info=&#8221;{}&#8221;][et_pb_column type=&#8221;2_5&#8243; module_class=&#8221;article_sub_img_wrap&#8221; _builder_version=&#8221;4.20.2&#8243; _module_preset=&#8221;default&#8221; global_colors_info=&#8221;{}&#8221;][et_pb_image src=&#8221;https:\/\/www.granapadano.it\/wp-content\/uploads\/2025\/04\/sweet-delicious-strawberries-basket-top-view-scaled.jpg&#8221; title_text=&#8221;Sweet delicious strawberries in basket,top view&#8221; align=&#8221;center&#8221; _builder_version=&#8221;4.27.4&#8243; _module_preset=&#8221;default&#8221; positioning=&#8221;relative&#8221; vertical_offset=&#8221;63px&#8221; module_alignment=&#8221;center&#8221; border_radii=&#8221;on|20px|20px|20px|20px&#8221; global_colors_info=&#8221;{}&#8221;][\/et_pb_image][\/et_pb_column][et_pb_column type=&#8221;3_5&#8243; module_class=&#8221;article_sub_text_wrap&#8221; _builder_version=&#8221;4.20.2&#8243; _module_preset=&#8221;default&#8221; global_colors_info=&#8221;{}&#8221;][et_pb_text _builder_version=&#8221;4.27.4&#8243; _module_preset=&#8221;default&#8221; text_text_color=&#8221;#0f0f0f&#8221; text_font_size=&#8221;18px&#8221; text_line_height=&#8221;26px&#8221; width=&#8221;100%&#8221; custom_margin=&#8221;||0px||false|false&#8221; global_colors_info=&#8221;{}&#8221;]<\/p>\n<h3>Grana Padano g.U. 16-20 Monate und Erdbeeren<\/h3>\n<\/p>\n<p>Mit einer Reifezeit von \u00fcber 16 Monaten erh\u00e4lt der Grana Padano mehr Geschmack und eine kr\u00fcmeligere Textur. Die Erdbeeren, s\u00fc\u00df und leicht s\u00e4uerlich, bilden eine Kombination, die die Cremigkeit des K\u00e4ses hervorhebt, ohne sie zu \u00fcberlagern. Diese Kombination eignet sich sehr gut f\u00fcr ein sommerliches Schneidebrett oder als origineller und schmackhafter Abschluss einer Mahlzeit.<br \/>\nErdbeeren geh\u00f6ren zu den beliebtesten Fr\u00fcchten der Welt, sind ein Symbol des Fr\u00fchlings und reich an Antioxidantien. Ihre nat\u00fcrliche S\u00fc\u00dfe harmoniert perfekt mit der W\u00fcrze des 16-20 Monate gereiften Grana Padano und schafft ein perfektes Gleichgewicht zwischen Weichheit und Knusprigkeit. Wenn Sie diese Kombination noch interessanter gestalten m\u00f6chten, k\u00f6nnen Sie einige Tropfen Balsamico-Essig oder einen Spritzer Honig hinzuf\u00fcgen, um einen raffinierten Kontrast zu schaffen.<br \/>\n<\/strong>.<\/p>\n<p><strong>Kuriosit\u00e4ten<\/strong><\/p>\n<ul>\n<li>Erdbeeren enthalten Ellags\u00e4ure, ein starkes Antioxidans, das der Zellalterung entgegenwirkt.<\/li>\n<li>Im Gegensatz zu dem, was Sie vielleicht denken, sind Erdbeeren eigentlich keine Fr\u00fcchte. Botanisch gesehen sind die Fr\u00fcchte die kleinen gelben Samen (Ach\u00e4nen) auf ihrer Oberfl\u00e4che, w\u00e4hrend der fleischige rote Teil ein vergr\u00f6\u00dferter Bl\u00fctenstand ist.<\/li>\n<\/ul>\n<p>[\/et_pb_text][\/et_pb_column][\/et_pb_row][\/et_pb_section]<\/p>\n","protected":false},"excerpt":{"rendered":"<p><div class=\"breadcrumb\"><a href=\"https:\/\/www.granapadano.it\/de-de\/\">Home<\/a>  <  <\/div>Grana Padano g.U. 16-20 MonateObstGrana Padano g.U. 16-20 Monate und Erdbeeren Mit einer Reifezeit von \u00fcber 16 Monaten erh\u00e4lt der Grana Padano mehr Geschmack und eine kr\u00fcmeligere Textur. Die Erdbeeren, s\u00fc\u00df und leicht s\u00e4uerlich, bilden eine Kombination, die die Cremigkeit des K\u00e4ses hervorhebt, ohne sie zu \u00fcberlagern. Diese Kombination eignet sich sehr gut f\u00fcr ein [&hellip;]<\/p>\n","protected":false},"author":21,"featured_media":0,"parent":137161,"menu_order":336,"comment_status":"closed","ping_status":"closed","template":"","meta":{"_acf_changed":false,"_et_pb_use_builder":"on","_et_pb_old_content":"","_et_gb_content_width":"","footnotes":""},"class_list":["post-137209","page","type-page","status-publish","hentry"],"acf":[],"yoast_head":"<!-- This site is optimized with the Yoast SEO plugin v27.4 - https:\/\/yoast.com\/product\/yoast-seo-wordpress\/ -->\n<title>Wie man Grana Padano 16-20 Monate und Obst kombiniert - Grana Padano<\/title>\n<meta name=\"robots\" content=\"index, follow, max-snippet:-1, max-image-preview:large, max-video-preview:-1\" \/>\n<link rel=\"canonical\" href=\"https:\/\/www.granapadano.it\/de-de\/vorschlage-zum-servieren\/kombinationen\/welche-fruchte-passen-gut-zu-grana-padano\/wie-man-grana-padano-16-20-monate-und-obst-kombiniert\/\" \/>\n<meta property=\"og:locale\" content=\"de_DE\" \/>\n<meta property=\"og:type\" content=\"article\" \/>\n<meta property=\"og:title\" content=\"Wie man Grana Padano 16-20 Monate und Obst kombiniert - Grana Padano\" \/>\n<meta property=\"og:description\" content=\"Grana Padano g.U. 16-20 MonateObstGrana Padano g.U. 16-20 Monate und Erdbeeren Mit einer Reifezeit von \u00fcber 16 Monaten erh\u00e4lt der Grana Padano mehr Geschmack und eine kr\u00fcmeligere Textur. Die Erdbeeren, s\u00fc\u00df und leicht s\u00e4uerlich, bilden eine Kombination, die die Cremigkeit des K\u00e4ses hervorhebt, ohne sie zu \u00fcberlagern. Diese Kombination eignet sich sehr gut f\u00fcr ein [&hellip;]\" \/>\n<meta property=\"og:url\" content=\"https:\/\/www.granapadano.it\/de-de\/vorschlage-zum-servieren\/kombinationen\/welche-fruchte-passen-gut-zu-grana-padano\/wie-man-grana-padano-16-20-monate-und-obst-kombiniert\/\" \/>\n<meta property=\"og:site_name\" content=\"Grana Padano\" \/>\n<meta property=\"article:modified_time\" content=\"2025-04-10T09:59:19+00:00\" \/>\n<meta name=\"twitter:card\" content=\"summary_large_image\" \/>\n<meta name=\"twitter:label1\" content=\"Est. reading time\" \/>\n\t<meta name=\"twitter:data1\" content=\"2 minutes\" \/>\n<script type=\"application\/ld+json\" class=\"yoast-schema-graph\">{\"@context\":\"https:\\\/\\\/schema.org\",\"@graph\":[{\"@type\":\"WebPage\",\"@id\":\"https:\\\/\\\/www.granapadano.it\\\/de-de\\\/vorschlage-zum-servieren\\\/kombinationen\\\/welche-fruchte-passen-gut-zu-grana-padano\\\/wie-man-grana-padano-16-20-monate-und-obst-kombiniert\\\/\",\"url\":\"https:\\\/\\\/www.granapadano.it\\\/de-de\\\/vorschlage-zum-servieren\\\/kombinationen\\\/welche-fruchte-passen-gut-zu-grana-padano\\\/wie-man-grana-padano-16-20-monate-und-obst-kombiniert\\\/\",\"name\":\"Wie man Grana Padano 16-20 Monate und Obst kombiniert - Grana Padano\",\"isPartOf\":{\"@id\":\"https:\\\/\\\/www.granapadano.it\\\/de-de\\\/#website\"},\"datePublished\":\"2025-04-10T08:43:47+00:00\",\"dateModified\":\"2025-04-10T09:59:19+00:00\",\"breadcrumb\":{\"@id\":\"https:\\\/\\\/www.granapadano.it\\\/de-de\\\/vorschlage-zum-servieren\\\/kombinationen\\\/welche-fruchte-passen-gut-zu-grana-padano\\\/wie-man-grana-padano-16-20-monate-und-obst-kombiniert#breadcrumb\"},\"inLanguage\":\"de-de\",\"potentialAction\":[{\"@type\":\"ReadAction\",\"target\":[\"https:\\\/\\\/www.granapadano.it\\\/de-de\\\/vorschlage-zum-servieren\\\/kombinationen\\\/welche-fruchte-passen-gut-zu-grana-padano\\\/wie-man-grana-padano-16-20-monate-und-obst-kombiniert\\\/\"]}]},{\"@type\":\"BreadcrumbList\",\"@id\":\"https:\\\/\\\/www.granapadano.it\\\/de-de\\\/vorschlage-zum-servieren\\\/kombinationen\\\/welche-fruchte-passen-gut-zu-grana-padano\\\/wie-man-grana-padano-16-20-monate-und-obst-kombiniert#breadcrumb\",\"itemListElement\":[{\"@type\":\"ListItem\",\"position\":1,\"name\":\"Home\",\"item\":\"https:\\\/\\\/www.granapadano.it\\\/de-de\\\/\"},{\"@type\":\"ListItem\",\"position\":2,\"name\":\"Rezepte\",\"item\":\"https:\\\/\\\/www.granapadano.it\\\/de-de\\\/rezepte\\\/\"},{\"@type\":\"ListItem\",\"position\":3,\"name\":\"Kombinationen\",\"item\":\"https:\\\/\\\/www.granapadano.it\\\/de-de\\\/rezepte\\\/kombinationen\\\/\"},{\"@type\":\"ListItem\",\"position\":4,\"name\":\"Welche Fr\u00fcchte passen gut zu Grana Padano?\",\"item\":\"https:\\\/\\\/www.granapadano.it\\\/de-de\\\/vorschlage-zum-servieren\\\/kombinationen\\\/welche-fruchte-passen-gut-zu-grana-padano\\\/\"},{\"@type\":\"ListItem\",\"position\":5,\"name\":\"Wie man Grana Padano 16-20 Monate und Obst kombiniert\"}]},{\"@type\":\"WebSite\",\"@id\":\"https:\\\/\\\/www.granapadano.it\\\/de-de\\\/#website\",\"url\":\"https:\\\/\\\/www.granapadano.it\\\/de-de\\\/\",\"name\":\"Grana Padano\",\"description\":\"\",\"potentialAction\":[{\"@type\":\"SearchAction\",\"target\":{\"@type\":\"EntryPoint\",\"urlTemplate\":\"https:\\\/\\\/www.granapadano.it\\\/de-de\\\/?s={search_term_string}\"},\"query-input\":{\"@type\":\"PropertyValueSpecification\",\"valueRequired\":true,\"valueName\":\"search_term_string\"}}],\"inLanguage\":\"de-de\"}]}<\/script>\n<!-- \/ Yoast SEO plugin. -->","yoast_head_json":{"title":"Wie man Grana Padano 16-20 Monate und Obst kombiniert - Grana Padano","robots":{"index":"index","follow":"follow","max-snippet":"max-snippet:-1","max-image-preview":"max-image-preview:large","max-video-preview":"max-video-preview:-1"},"canonical":"https:\/\/www.granapadano.it\/de-de\/vorschlage-zum-servieren\/kombinationen\/welche-fruchte-passen-gut-zu-grana-padano\/wie-man-grana-padano-16-20-monate-und-obst-kombiniert\/","og_locale":"de_DE","og_type":"article","og_title":"Wie man Grana Padano 16-20 Monate und Obst kombiniert - Grana Padano","og_description":"Grana Padano g.U. 16-20 MonateObstGrana Padano g.U. 16-20 Monate und Erdbeeren Mit einer Reifezeit von \u00fcber 16 Monaten erh\u00e4lt der Grana Padano mehr Geschmack und eine kr\u00fcmeligere Textur. Die Erdbeeren, s\u00fc\u00df und leicht s\u00e4uerlich, bilden eine Kombination, die die Cremigkeit des K\u00e4ses hervorhebt, ohne sie zu \u00fcberlagern. Diese Kombination eignet sich sehr gut f\u00fcr ein [&hellip;]","og_url":"https:\/\/www.granapadano.it\/de-de\/vorschlage-zum-servieren\/kombinationen\/welche-fruchte-passen-gut-zu-grana-padano\/wie-man-grana-padano-16-20-monate-und-obst-kombiniert\/","og_site_name":"Grana Padano","article_modified_time":"2025-04-10T09:59:19+00:00","twitter_card":"summary_large_image","twitter_misc":{"Est. reading time":"2 minutes"},"schema":{"@context":"https:\/\/schema.org","@graph":[{"@type":"WebPage","@id":"https:\/\/www.granapadano.it\/de-de\/vorschlage-zum-servieren\/kombinationen\/welche-fruchte-passen-gut-zu-grana-padano\/wie-man-grana-padano-16-20-monate-und-obst-kombiniert\/","url":"https:\/\/www.granapadano.it\/de-de\/vorschlage-zum-servieren\/kombinationen\/welche-fruchte-passen-gut-zu-grana-padano\/wie-man-grana-padano-16-20-monate-und-obst-kombiniert\/","name":"Wie man Grana Padano 16-20 Monate und Obst kombiniert - Grana Padano","isPartOf":{"@id":"https:\/\/www.granapadano.it\/de-de\/#website"},"datePublished":"2025-04-10T08:43:47+00:00","dateModified":"2025-04-10T09:59:19+00:00","breadcrumb":{"@id":"https:\/\/www.granapadano.it\/de-de\/vorschlage-zum-servieren\/kombinationen\/welche-fruchte-passen-gut-zu-grana-padano\/wie-man-grana-padano-16-20-monate-und-obst-kombiniert#breadcrumb"},"inLanguage":"de-de","potentialAction":[{"@type":"ReadAction","target":["https:\/\/www.granapadano.it\/de-de\/vorschlage-zum-servieren\/kombinationen\/welche-fruchte-passen-gut-zu-grana-padano\/wie-man-grana-padano-16-20-monate-und-obst-kombiniert\/"]}]},{"@type":"BreadcrumbList","@id":"https:\/\/www.granapadano.it\/de-de\/vorschlage-zum-servieren\/kombinationen\/welche-fruchte-passen-gut-zu-grana-padano\/wie-man-grana-padano-16-20-monate-und-obst-kombiniert#breadcrumb","itemListElement":[{"@type":"ListItem","position":1,"name":"Home","item":"https:\/\/www.granapadano.it\/de-de\/"},{"@type":"ListItem","position":2,"name":"Rezepte","item":"https:\/\/www.granapadano.it\/de-de\/rezepte\/"},{"@type":"ListItem","position":3,"name":"Kombinationen","item":"https:\/\/www.granapadano.it\/de-de\/rezepte\/kombinationen\/"},{"@type":"ListItem","position":4,"name":"Welche Fr\u00fcchte passen gut zu Grana Padano?","item":"https:\/\/www.granapadano.it\/de-de\/vorschlage-zum-servieren\/kombinationen\/welche-fruchte-passen-gut-zu-grana-padano\/"},{"@type":"ListItem","position":5,"name":"Wie man Grana Padano 16-20 Monate und Obst kombiniert"}]},{"@type":"WebSite","@id":"https:\/\/www.granapadano.it\/de-de\/#website","url":"https:\/\/www.granapadano.it\/de-de\/","name":"Grana Padano","description":"","potentialAction":[{"@type":"SearchAction","target":{"@type":"EntryPoint","urlTemplate":"https:\/\/www.granapadano.it\/de-de\/?s={search_term_string}"},"query-input":{"@type":"PropertyValueSpecification","valueRequired":true,"valueName":"search_term_string"}}],"inLanguage":"de-de"}]}},"_links":{"self":[{"href":"https:\/\/www.granapadano.it\/de-de\/wp-json\/wp\/v2\/pages\/137209","targetHints":{"allow":["GET"]}}],"collection":[{"href":"https:\/\/www.granapadano.it\/de-de\/wp-json\/wp\/v2\/pages"}],"about":[{"href":"https:\/\/www.granapadano.it\/de-de\/wp-json\/wp\/v2\/types\/page"}],"author":[{"embeddable":true,"href":"https:\/\/www.granapadano.it\/de-de\/wp-json\/wp\/v2\/users\/21"}],"replies":[{"embeddable":true,"href":"https:\/\/www.granapadano.it\/de-de\/wp-json\/wp\/v2\/comments?post=137209"}],"version-history":[{"count":2,"href":"https:\/\/www.granapadano.it\/de-de\/wp-json\/wp\/v2\/pages\/137209\/revisions"}],"predecessor-version":[{"id":137322,"href":"https:\/\/www.granapadano.it\/de-de\/wp-json\/wp\/v2\/pages\/137209\/revisions\/137322"}],"up":[{"embeddable":true,"href":"https:\/\/www.granapadano.it\/de-de\/wp-json\/wp\/v2\/pages\/137161"}],"wp:attachment":[{"href":"https:\/\/www.granapadano.it\/de-de\/wp-json\/wp\/v2\/media?parent=137209"}],"curies":[{"name":"wp","href":"https:\/\/api.w.org\/{rel}","templated":true}]}}