{"id":120934,"date":"2024-06-03T15:26:33","date_gmt":"2024-06-03T15:26:33","guid":{"rendered":"https:\/\/www.granapadano.it\/?page_id=120934"},"modified":"2024-08-05T10:50:11","modified_gmt":"2024-08-05T10:50:11","slug":"sommer-an-der-frischer-luft","status":"publish","type":"page","link":"https:\/\/www.granapadano.it\/de-de\/sommer-an-der-frischer-luft\/","title":{"rendered":"Sommer an der frischer Luft"},"content":{"rendered":"<p>[et_pb_section fb_built=&#8221;1&#8243; fullwidth=&#8221;on&#8221; _builder_version=&#8221;4.19.0&#8243; _module_preset=&#8221;default&#8221; locked=&#8221;off&#8221; global_colors_info=&#8221;{}&#8221;][et_pb_fullwidth_image src=&#8221;https:\/\/www.granapadano.it\/wp-content\/uploads\/2024\/06\/banner-website-esate-1920&#215;380-de.jpg&#8221; title_text=&#8221;banner-website-esate-450&#215;200-de&#8221; src_tablet=&#8221;https:\/\/www.granapadano.it\/wp-content\/uploads\/2024\/06\/banner-website-esate-1920&#215;380-de.jpg&#8221; src_phone=&#8221;https:\/\/www.granapadano.it\/wp-content\/uploads\/2024\/06\/banner-website-esate-450&#215;200-de.jpg&#8221; src_last_edited=&#8221;on|phone&#8221; admin_label=&#8221;Fullwidth Image&#8221; _builder_version=&#8221;4.24.3&#8243; _module_preset=&#8221;default&#8221; global_colors_info=&#8221;{}&#8221;][\/et_pb_fullwidth_image][\/et_pb_section][et_pb_section fb_built=&#8221;1&#8243; disabled_on=&#8221;off|off|off&#8221; _builder_version=&#8221;4.19.4&#8243; _module_preset=&#8221;default&#8221; custom_padding=&#8221;0px||0px||false|false&#8221; locked=&#8221;off&#8221; collapsed=&#8221;off&#8221; global_colors_info=&#8221;{}&#8221;][et_pb_row module_class=&#8221;gp_producion_heading_wrapper sostenibita_sub_heading&#8221; _builder_version=&#8221;4.20.0&#8243; _module_preset=&#8221;default&#8221; max_width=&#8221;90%&#8221; module_alignment=&#8221;center&#8221; custom_padding=&#8221;8px|||||&#8221; collapsed=&#8221;off&#8221; global_colors_info=&#8221;{}&#8221;][et_pb_column type=&#8221;4_4&#8243; _builder_version=&#8221;4.19.4&#8243; _module_preset=&#8221;default&#8221; global_colors_info=&#8221;{}&#8221;][et_pb_text _builder_version=&#8221;4.24.3&#8243; _module_preset=&#8221;default&#8221; header_font=&#8221;Merriweather||||||||&#8221; header_text_color=&#8221;#000000&#8243; header_font_size=&#8221;44px&#8221; header_line_height=&#8221;52px&#8221; header_3_font=&#8221;Merriweather||||||||&#8221; header_3_text_color=&#8221;#000000&#8243; header_3_font_size=&#8221;44px&#8221; header_3_line_height=&#8221;52px&#8221; text_orientation=&#8221;center&#8221; custom_margin=&#8221;29px||||false|false&#8221; custom_padding=&#8221;0px||15px||false|false&#8221; global_colors_info=&#8221;{}&#8221;]<\/p>\n<h1>Entdecken Sie die Rezepte<\/h1>\n<p>[\/et_pb_text][\/et_pb_column][\/et_pb_row][et_pb_row column_structure=&#8221;1_4,1_4,1_4,1_4&#8243; disabled_on=&#8221;off|off|on&#8221; module_class=&#8221;heritage_tag_item_wrapper&#8221; _builder_version=&#8221;4.20.1&#8243; _module_preset=&#8221;default&#8221; min_height=&#8221;618px&#8221; custom_padding=&#8221;0px||52px||false|false&#8221; locked=&#8221;off&#8221; global_colors_info=&#8221;{}&#8221;][et_pb_column type=&#8221;1_4&#8243; _builder_version=&#8221;4.20.0&#8243; _module_preset=&#8221;default&#8221; global_colors_info=&#8221;{}&#8221;][et_pb_image src=&#8221;https:\/\/www.granapadano.it\/wp-content\/uploads\/2024\/06\/fusilli-con-zucchine-ricotta-menta-e-grana-padan.jpg&#8221; title_text=&#8221;fusilli-con-zucchine-ricotta-menta-e-grana-padan&#8221; url=&#8221;https:\/\/www.granapadano.it\/de-de\/vorschlage-zum-servieren\/italienische-klassiker\/fusilli-mit-zucchini-ricotta-minze-und-grana-padano\/&#8221; url_new_window=&#8221;on&#8221; align=&#8221;center&#8221; admin_label=&#8221;Image&#8221; _builder_version=&#8221;4.24.3&#8243; _module_preset=&#8221;default&#8221; transform_scale=&#8221;90%|90%&#8221; width=&#8221;100%&#8221; border_radii=&#8221;on|20px|20px|20px|20px&#8221; locked=&#8221;off&#8221; global_colors_info=&#8221;{}&#8221;][\/et_pb_image][et_pb_text content_tablet=&#8221;<\/p>\n<h4><strong>Fusilli mit Zucchini, Ricotta, Minze und Grana Padano<\/strong><\/h4>\n<p>&#8221; content_phone=&#8221;<\/p>\n<h6><strong>Fusilli mit Zucchini, Ricotta, Minze und Grana Padano<\/strong><\/h6>\n<p>&#8221; content_last_edited=&#8221;on|phone&#8221; _builder_version=&#8221;4.24.3&#8243; _module_preset=&#8221;default&#8221; text_font=&#8221;||||||||&#8221; text_orientation=&#8221;center&#8221; width=&#8221;90%&#8221; width_tablet=&#8221;90%&#8221; width_phone=&#8221;95%&#8221; width_last_edited=&#8221;on|desktop&#8221; max_width_tablet=&#8221;60%&#8221; max_width_phone=&#8221;70%&#8221; max_width_last_edited=&#8221;on|desktop&#8221; module_alignment=&#8221;center&#8221; min_height=&#8221;90px&#8221; custom_margin=&#8221;||20px||false|false&#8221; link_option_url_new_window=&#8221;on&#8221; locked=&#8221;off&#8221; global_colors_info=&#8221;{}&#8221;]<\/p>\n<h3 style=\"text-align: center\"><span style=\"color: #000000\"><strong>Fusilli mit Zucchini, Ricotta, Minze und Grana Padano<\/strong><\/span><\/h3>\n<p>[\/et_pb_text][et_pb_image src=&#8221;https:\/\/www.granapadano.it\/wp-content\/uploads\/2024\/06\/Mojito_alla_menta_freselle_integrali_pomodorini_pesto_e_Grana-1.jpg&#8221; title_text=&#8221;Mojito_alla_menta,_freselle_integrali_pomodorini,_pesto_e_Grana-1&#8243; url=&#8221;https:\/\/www.granapadano.it\/de-de\/vorschlage-zum-servieren\/zum-teilen-und-aperitifs\/mojito-mit-minze-vollkorn-freselle-mit-kirschtomaten-pesto-und-grana-padano-riserva\/&#8221; url_new_window=&#8221;on&#8221; align=&#8221;center&#8221; src_last_edited=&#8221;off|phone&#8221; _builder_version=&#8221;4.24.3&#8243; _module_preset=&#8221;default&#8221; transform_scale=&#8221;90%|90%&#8221; transform_scale_tablet=&#8221;161%|161%&#8221; transform_scale_phone=&#8221;161%|161%&#8221; transform_scale_last_edited=&#8221;on|tablet&#8221; transform_translate_tablet=&#8221;&#8221; transform_translate_phone=&#8221;&#8221; transform_translate_last_edited=&#8221;on|tablet&#8221; transform_rotate_tablet=&#8221;&#8221; transform_rotate_phone=&#8221;&#8221; transform_rotate_last_edited=&#8221;on|tablet&#8221; transform_skew_tablet=&#8221;&#8221; transform_skew_phone=&#8221;&#8221; transform_skew_last_edited=&#8221;on|tablet&#8221; transform_origin_tablet=&#8221;&#8221; transform_origin_phone=&#8221;&#8221; transform_origin_last_edited=&#8221;on|tablet&#8221; transform_styles_last_edited=&#8221;on|tablet&#8221; width=&#8221;100%&#8221; transform_styles_tablet=&#8221;&#8221; transform_styles_phone=&#8221;&#8221; border_radii=&#8221;on|20px|20px|20px|20px&#8221; locked=&#8221;off&#8221; global_colors_info=&#8221;{}&#8221;][\/et_pb_image][et_pb_text content_tablet=&#8221;<\/p>\n<h4><span><strong>Mojito mit Minze, Vollkorn-\u201eFreselle\u201c mit Kirschtomaten, Pesto und Grana Padano Riserva<\/strong><\/span><\/h4>\n<p>&#8221; content_phone=&#8221;<\/p>\n<h6><strong>Mojito mit Minze, Vollkorn-\u201eFreselle\u201c mit Kirschtomaten, Pesto und Grana Padano Riserva<\/strong><\/h6>\n<p>&#8221; content_last_edited=&#8221;on|phone&#8221; _builder_version=&#8221;4.24.3&#8243; _module_preset=&#8221;default&#8221; text_font=&#8221;||||||||&#8221; text_orientation=&#8221;center&#8221; width=&#8221;90%&#8221; max_width_tablet=&#8221;60%&#8221; max_width_phone=&#8221;70%&#8221; max_width_last_edited=&#8221;on|desktop&#8221; module_alignment=&#8221;center&#8221; min_height=&#8221;90px&#8221; custom_margin=&#8221;||20px||false|false&#8221; link_option_url_new_window=&#8221;on&#8221; locked=&#8221;off&#8221; global_colors_info=&#8221;{}&#8221;]<\/p>\n<h3 style=\"text-align: center\"><span style=\"color: #000000\"><strong>Mojito mit Minze, Vollkorn-\u201eFreselle\u201c mit Kirschtomaten, Pesto und Grana Padano Riserva<\/strong><\/span><\/h3>\n<p>[\/et_pb_text][\/et_pb_column][et_pb_column type=&#8221;1_4&#8243; _builder_version=&#8221;4.20.0&#8243; _module_preset=&#8221;default&#8221; global_colors_info=&#8221;{}&#8221;][et_pb_image src=&#8221;https:\/\/www.granapadano.it\/wp-content\/uploads\/2024\/06\/Panzanella-al-pane-tostato-2.jpg&#8221; title_text=&#8221;Panzanella al pane tostato-2&#8243; url=&#8221;https:\/\/www.granapadano.it\/de-de\/vorschlage-zum-servieren\/mittag-zum-mitnehmen\/panzanella-mit-gerostetem-brot-und-grana-padano\/&#8221; url_new_window=&#8221;on&#8221; align=&#8221;center&#8221; src_tablet=&#8221;https:\/\/www.granapadano.it\/wp-content\/uploads\/2024\/06\/Panzanella-al-pane-tostato-2.jpg&#8221; src_phone=&#8221;https:\/\/www.granapadano.it\/wp-content\/uploads\/2024\/06\/Panzanella-al-pane-tostato-2.jpg&#8221; src_last_edited=&#8221;on|tablet&#8221; _builder_version=&#8221;4.24.3&#8243; _module_preset=&#8221;default&#8221; transform_scale=&#8221;90%|90%&#8221; width=&#8221;100%&#8221; border_radii=&#8221;on|20px|20px|20px|20px&#8221; locked=&#8221;off&#8221; global_colors_info=&#8221;{}&#8221;][\/et_pb_image][et_pb_text content_tablet=&#8221;<\/p>\n<h4><span><strong>Panzanella mit ger\u00f6stetem Brot und Grana Padano<\/strong><\/span><\/h4>\n<p>&#8221; content_phone=&#8221;<\/p>\n<h6><strong>Panzanella mit ger\u00f6stetem Brot und Grana Padano<\/strong><\/h6>\n<p>&#8221; content_last_edited=&#8221;on|desktop&#8221; admin_label=&#8221;Text&#8221; _builder_version=&#8221;4.24.3&#8243; _module_preset=&#8221;default&#8221; text_font=&#8221;||||||||&#8221; header_text_align=&#8221;center&#8221; text_orientation=&#8221;center&#8221; width=&#8221;90%&#8221; max_width_tablet=&#8221;60%&#8221; max_width_phone=&#8221;70%&#8221; max_width_last_edited=&#8221;on|desktop&#8221; module_alignment=&#8221;center&#8221; min_height=&#8221;90px&#8221; custom_margin=&#8221;||35px||false|false&#8221; custom_margin_tablet=&#8221;||20px||false|false&#8221; custom_margin_phone=&#8221;||20px||false|false&#8221; custom_margin_last_edited=&#8221;on|tablet&#8221; link_option_url_new_window=&#8221;on&#8221; locked=&#8221;off&#8221; global_colors_info=&#8221;{}&#8221;]<\/p>\n<h3 style=\"text-align: center\"><span style=\"color: #000000\"><strong>Panzanella mit ger\u00f6stetem Brot und Grana Padano<\/strong><\/span><\/h3>\n<p>[\/et_pb_text][et_pb_image src=&#8221;https:\/\/www.granapadano.it\/wp-content\/uploads\/2024\/05\/GP_programmitc_Involtini-zucchine.jpg&#8221; title_text=&#8221;GP_programmitc_Involtini-zucchine&#8221; url=&#8221;https:\/\/www.granapadano.it\/de-de\/vorschlage-zum-servieren\/hauptgerichte\/gebackene-zucchinirollchen\/&#8221; url_new_window=&#8221;on&#8221; align=&#8221;center&#8221; _builder_version=&#8221;4.24.3&#8243; _module_preset=&#8221;default&#8221; transform_scale=&#8221;90%|90%&#8221; width=&#8221;100%&#8221; hover_enabled=&#8221;0&#8243; border_radii=&#8221;on|20px|20px|20px|20px&#8221; locked=&#8221;off&#8221; global_colors_info=&#8221;{}&#8221; sticky_enabled=&#8221;0&#8243;][\/et_pb_image][et_pb_text content_tablet=&#8221;<\/p>\n<h4><strong>Zucchini-Rouladen, Scamorza, gekochter Schinken und Grana Padano<\/strong><\/h4>\n<p>&#8221; content_phone=&#8221;<\/p>\n<h6><strong>Zucchini-Rouladen, Scamorza, gekochter Schinken und Grana Padano<\/strong><\/h6>\n<p>&#8221; content_last_edited=&#8221;on|tablet&#8221; _builder_version=&#8221;4.24.3&#8243; _module_preset=&#8221;default&#8221; text_font=&#8221;||||||||&#8221; header_text_align=&#8221;center&#8221; text_orientation=&#8221;center&#8221; width=&#8221;90%&#8221; max_width_tablet=&#8221;60%&#8221; max_width_phone=&#8221;70%&#8221; max_width_last_edited=&#8221;on|desktop&#8221; module_alignment=&#8221;center&#8221; min_height=&#8221;90px&#8221; custom_margin=&#8221;||20px||false|false&#8221; link_option_url_new_window=&#8221;on&#8221; global_colors_info=&#8221;{}&#8221;]<\/p>\n<h3 style=\"text-align: center\"><span style=\"color: #000000\"><strong>Zucchini-Rouladen, Scamorza, gekochter Schinken und Grana Padano<\/strong><\/span><\/h3>\n<p>[\/et_pb_text][\/et_pb_column][et_pb_column type=&#8221;1_4&#8243; _builder_version=&#8221;4.20.0&#8243; _module_preset=&#8221;default&#8221; global_colors_info=&#8221;{}&#8221;][et_pb_image src=&#8221;https:\/\/www.granapadano.it\/wp-content\/uploads\/2024\/06\/GP_Bruschette-avocado.jpg&#8221; title_text=&#8221;GP_Bruschette-avocado&#8221; url=&#8221;https:\/\/www.granapadano.it\/de-de\/vorschlage-zum-servieren\/fruehstueck-und-brunch\/avocado-toast\/&#8221; url_new_window=&#8221;on&#8221; align=&#8221;center&#8221; src_tablet=&#8221;https:\/\/www.granapadano.it\/wp-content\/uploads\/2024\/06\/GP_Bruschette-avocado.jpg&#8221; src_phone=&#8221;https:\/\/www.granapadano.it\/wp-content\/uploads\/2024\/06\/GP_Bruschette-avocado.jpg&#8221; src_last_edited=&#8221;on|desktop&#8221; _builder_version=&#8221;4.24.3&#8243; _module_preset=&#8221;default&#8221; transform_scale=&#8221;90%|90%&#8221; transform_scale_tablet=&#8221;130%|130%&#8221; transform_scale_phone=&#8221;130%|130%&#8221; transform_scale_last_edited=&#8221;on|tablet&#8221; transform_translate_tablet=&#8221;&#8221; transform_translate_phone=&#8221;&#8221; transform_translate_last_edited=&#8221;on|desktop&#8221; transform_rotate_tablet=&#8221;&#8221; transform_rotate_phone=&#8221;&#8221; transform_rotate_last_edited=&#8221;on|desktop&#8221; transform_skew_tablet=&#8221;&#8221; transform_skew_phone=&#8221;&#8221; transform_skew_last_edited=&#8221;on|desktop&#8221; transform_origin_tablet=&#8221;&#8221; transform_origin_phone=&#8221;&#8221; transform_origin_last_edited=&#8221;on|desktop&#8221; transform_styles_last_edited=&#8221;on|tablet&#8221; width=&#8221;100%&#8221; transform_styles_tablet=&#8221;&#8221; transform_styles_phone=&#8221;&#8221; border_radii=&#8221;on|20px|20px|20px|20px&#8221; locked=&#8221;off&#8221; global_colors_info=&#8221;{}&#8221;][\/et_pb_image][et_pb_text content_tablet=&#8221;<\/p>\n<h4><strong>Avocado toast<\/strong><\/h4>\n<p>&#8221; content_phone=&#8221;<\/p>\n<h6><strong>Avocado toast<\/strong><\/h6>\n<p>&#8221; content_last_edited=&#8221;on|phone&#8221; _builder_version=&#8221;4.24.3&#8243; _module_preset=&#8221;default&#8221; text_font=&#8221;||||||||&#8221; text_orientation=&#8221;center&#8221; width=&#8221;90%&#8221; max_width_tablet=&#8221;60%&#8221; max_width_phone=&#8221;70%&#8221; max_width_last_edited=&#8221;on|desktop&#8221; module_alignment=&#8221;center&#8221; custom_margin=&#8221;||20px||false|false&#8221; link_option_url_new_window=&#8221;on&#8221; locked=&#8221;off&#8221; global_colors_info=&#8221;{}&#8221;]<\/p>\n<h3 style=\"text-align: center\"><span style=\"color: #000000\"><strong>Avocado toast<\/strong><\/span><\/h3>\n<p>[\/et_pb_text][\/et_pb_column][et_pb_column type=&#8221;1_4&#8243; _builder_version=&#8221;4.20.0&#8243; _module_preset=&#8221;default&#8221; global_colors_info=&#8221;{}&#8221;][et_pb_image src=&#8221;https:\/\/www.granapadano.it\/wp-content\/uploads\/2024\/06\/GP_Panini-al-latte.jpg&#8221; title_text=&#8221;GP_Panini-al-latte&#8221; url=&#8221;https:\/\/www.granapadano.it\/de-de\/vorschlage-zum-servieren\/beilagen-und-snacks\/weiche-milchbrotchen-mit-rohschinken-salat-und-grana-padano-riserva\/&#8221; url_new_window=&#8221;on&#8221; align=&#8221;center&#8221; src_tablet=&#8221;https:\/\/www.granapadano.it\/wp-content\/uploads\/2024\/06\/GP_Panini-al-latte.jpg&#8221; src_phone=&#8221;https:\/\/www.granapadano.it\/wp-content\/uploads\/2024\/06\/GP_Panini-al-latte.jpg&#8221; src_last_edited=&#8221;on|phone&#8221; _builder_version=&#8221;4.24.3&#8243; _module_preset=&#8221;default&#8221; transform_scale=&#8221;90%|90%&#8221; width=&#8221;100%&#8221; border_radii=&#8221;on|20px|20px|20px|20px&#8221; locked=&#8221;off&#8221; global_colors_info=&#8221;{}&#8221;][\/et_pb_image][et_pb_text content_tablet=&#8221;<\/p>\n<h4><strong>Weiche Milchbr\u00f6tchen mit Rohschinken, Salat und Grana Padano Riserva<\/strong><\/h4>\n<p>&#8221; content_phone=&#8221;<\/p>\n<h6><strong>Weiche Milchbr\u00f6tchen mit Rohschinken, Salat und Grana Padano Riserva<\/strong><\/h6>\n<p>&#8221; content_last_edited=&#8221;on|tablet&#8221; _builder_version=&#8221;4.24.3&#8243; _module_preset=&#8221;default&#8221; text_font=&#8221;||||||||&#8221; header_text_align=&#8221;center&#8221; text_orientation=&#8221;center&#8221; width=&#8221;90%&#8221; max_width_tablet=&#8221;60%&#8221; max_width_phone=&#8221;70%&#8221; max_width_last_edited=&#8221;on|desktop&#8221; module_alignment=&#8221;center&#8221; custom_margin=&#8221;||20px||false|false&#8221; link_option_url_new_window=&#8221;on&#8221; locked=&#8221;off&#8221; global_colors_info=&#8221;{}&#8221;]<\/p>\n<h3 style=\"text-align: center\"><span style=\"color: #000000\"><strong>Weiche Milchbr\u00f6tchen mit Rohschinken, Salat und Grana Padano Riserva<\/strong><\/span><\/h3>\n<p>[\/et_pb_text][\/et_pb_column][\/et_pb_row][et_pb_row column_structure=&#8221;1_3,1_3,1_3&#8243; disabled_on=&#8221;on|on|off&#8221; module_class=&#8221;heritage_tag_item_wrapper&#8221; _builder_version=&#8221;4.20.1&#8243; _module_preset=&#8221;default&#8221; custom_padding=&#8221;0px||40px||false|false&#8221; locked=&#8221;off&#8221; global_colors_info=&#8221;{}&#8221;][et_pb_column type=&#8221;1_3&#8243; _builder_version=&#8221;4.20.0&#8243; _module_preset=&#8221;default&#8221; global_colors_info=&#8221;{}&#8221;][et_pb_image src=&#8221;https:\/\/www.granapadano.it\/wp-content\/uploads\/2024\/06\/GP_Panini-al-latte.jpg&#8221; title_text=&#8221;GP_Panini-al-latte&#8221; url=&#8221;https:\/\/www.granapadano.it\/de-de\/vorschlage-zum-servieren\/beilagen-und-snacks\/weiche-milchbrotchen-mit-rohschinken-salat-und-grana-padano-riserva\/&#8221; url_new_window=&#8221;on&#8221; align=&#8221;center&#8221; src_tablet=&#8221;https:\/\/www.granapadano.it\/wp-content\/uploads\/2024\/05\/GP_programmatic_cheesecake.jpg&#8221; src_phone=&#8221;https:\/\/www.granapadano.it\/wp-content\/uploads\/2024\/05\/GP_programmatic_cheesecake.jpg&#8221; src_last_edited=&#8221;off|desktop&#8221; _builder_version=&#8221;4.24.3&#8243; _module_preset=&#8221;default&#8221; transform_scale=&#8221;90%|90%&#8221; width=&#8221;100%&#8221; border_radii=&#8221;on|20px|20px|20px|20px&#8221; locked=&#8221;off&#8221; global_colors_info=&#8221;{}&#8221;][\/et_pb_image][et_pb_text content_tablet=&#8221;<\/p>\n<h3><span><strong>Panini morbidi al latte con prosciutto crudo, insalata e Grana Padano Riserva<\/strong><\/span><\/h3>\n<p>&#8221; content_phone=&#8221;<\/p>\n<h5><span><strong>Panini morbidi al latte con prosciutto crudo, insalata e Grana Padano Riserva<\/strong><\/span><\/h5>\n<p>&#8221; content_last_edited=&#8221;on|phone&#8221; _builder_version=&#8221;4.24.3&#8243; _module_preset=&#8221;default&#8221; width=&#8221;90%&#8221; max_width_tablet=&#8221;60%&#8221; max_width_phone=&#8221;70%&#8221; max_width_last_edited=&#8221;on|desktop&#8221; module_alignment=&#8221;center&#8221; min_height=&#8221;90px&#8221; custom_margin=&#8221;||20px||false|false&#8221; link_option_url_new_window=&#8221;on&#8221; global_colors_info=&#8221;{}&#8221;]<\/p>\n<h3 style=\"text-align: left;\"><span style=\"color: #000000;\"><strong>Weiche Milchbr\u00f6tchen mit Rohschinken, Salat und Grana Padano Riserva<\/strong><\/span><\/h3>\n<p>[\/et_pb_text][et_pb_image src=&#8221;https:\/\/www.granapadano.it\/wp-content\/uploads\/2024\/06\/fusilli-con-zucchine-ricotta-menta-e-grana-padan.jpg&#8221; title_text=&#8221;fusilli-con-zucchine-ricotta-menta-e-grana-padan&#8221; url=&#8221;https:\/\/www.granapadano.it\/de-de\/vorschlage-zum-servieren\/italienische-klassiker\/fusilli-mit-zucchini-ricotta-minze-und-grana-padano\/&#8221; url_new_window=&#8221;on&#8221; align=&#8221;center&#8221; _builder_version=&#8221;4.24.3&#8243; _module_preset=&#8221;default&#8221; transform_scale=&#8221;90%|90%&#8221; width=&#8221;100%&#8221; border_radii=&#8221;on|20px|20px|20px|20px&#8221; locked=&#8221;off&#8221; global_colors_info=&#8221;{}&#8221;][\/et_pb_image][et_pb_text content_tablet=&#8221;<\/p>\n<h3><span><strong>Trofie con spinaci saltati, mandorle e Grana Padano Riserva<br \/><\/strong><\/span><\/h3>\n<p>&#8221; content_phone=&#8221;<\/p>\n<h5><span><strong>Trofie con spinaci saltati, mandorle e Grana Padano Riserva<\/p>\n<p> <\/strong><\/span><\/h5>\n<p>&#8221; content_last_edited=&#8221;off|desktop&#8221; admin_label=&#8221;Text&#8221; _builder_version=&#8221;4.24.3&#8243; _module_preset=&#8221;default&#8221; width=&#8221;90%&#8221; width_tablet=&#8221;90%&#8221; width_phone=&#8221;90%&#8221; width_last_edited=&#8221;on|desktop&#8221; max_width_tablet=&#8221;60%&#8221; max_width_phone=&#8221;70%&#8221; max_width_last_edited=&#8221;on|desktop&#8221; module_alignment=&#8221;center&#8221; custom_margin=&#8221;||20px||false|false&#8221; link_option_url_new_window=&#8221;on&#8221; locked=&#8221;off&#8221; global_colors_info=&#8221;{}&#8221;]<\/p>\n<h3 style=\"text-align: left\"><span style=\"color: #000000\"><strong>Fusilli mit Zucchini, Ricotta, Minze und Grana Padano<\/strong><\/span><\/h3>\n<p>[\/et_pb_text][\/et_pb_column][et_pb_column type=&#8221;1_3&#8243; _builder_version=&#8221;4.20.0&#8243; _module_preset=&#8221;default&#8221; global_colors_info=&#8221;{}&#8221;][et_pb_image src=&#8221;https:\/\/www.granapadano.it\/wp-content\/uploads\/2024\/06\/Mojito_alla_menta_freselle_integrali_pomodorini_pesto_e_Grana-1.jpg&#8221; title_text=&#8221;Mojito_alla_menta,_freselle_integrali_pomodorini,_pesto_e_Grana-1&#8243; url=&#8221;https:\/\/www.granapadano.it\/de-de\/vorschlage-zum-servieren\/zum-teilen-und-aperitifs\/mojito-mit-minze-vollkorn-freselle-mit-kirschtomaten-pesto-und-grana-padano-riserva\/&#8221; url_new_window=&#8221;on&#8221; align=&#8221;center&#8221; _builder_version=&#8221;4.24.3&#8243; _module_preset=&#8221;default&#8221; transform_scale=&#8221;90%|90%&#8221; width=&#8221;100%&#8221; border_radii=&#8221;on|20px|20px|20px|20px&#8221; locked=&#8221;off&#8221; global_colors_info=&#8221;{}&#8221;][\/et_pb_image][et_pb_text content_tablet=&#8221;<\/p>\n<h3><span><strong>Cous cous pesto di rucola e prezzemolo, pollo, fagiolini e Grana Padano<\/strong><\/span><\/h3>\n<p>&#8221; content_phone=&#8221;<\/p>\n<h5><span><strong>Cous cous pesto di rucola e prezzemolo, pollo, fagiolini e Grana Padano<\/strong><\/span><\/h5>\n<p>&#8221; content_last_edited=&#8221;on|phone&#8221; admin_label=&#8221;Text&#8221; _builder_version=&#8221;4.24.3&#8243; _module_preset=&#8221;default&#8221; width=&#8221;90%&#8221; max_width_tablet=&#8221;60%&#8221; max_width_phone=&#8221;70%&#8221; max_width_last_edited=&#8221;on|desktop&#8221; module_alignment=&#8221;center&#8221; min_height=&#8221;90px&#8221; custom_margin=&#8221;||20px||false|false&#8221; link_option_url_new_window=&#8221;on&#8221; locked=&#8221;off&#8221; global_colors_info=&#8221;{}&#8221;]<\/p>\n<h3 style=\"text-align: left\"><span style=\"color: #000000\"><strong>Mojito mit Minze, Vollkorn-\u201eFreselle\u201c mit Kirschtomaten, Pesto und Grana Padano Riserva<\/strong><\/span><\/h3>\n<p>[\/et_pb_text][et_pb_image src=&#8221;https:\/\/www.granapadano.it\/wp-content\/uploads\/2024\/06\/Panzanella-al-pane-tostato-2.jpg&#8221; title_text=&#8221;Panzanella al pane tostato-2&#8243; url=&#8221;https:\/\/www.granapadano.it\/de-de\/vorschlage-zum-servieren\/mittag-zum-mitnehmen\/panzanella-mit-gerostetem-brot-und-grana-padano\/&#8221; url_new_window=&#8221;on&#8221; align=&#8221;center&#8221; _builder_version=&#8221;4.24.3&#8243; _module_preset=&#8221;default&#8221; transform_scale=&#8221;90%|90%&#8221; transform_scale_tablet=&#8221;161%|161%&#8221; transform_scale_phone=&#8221;161%|161%&#8221; transform_scale_last_edited=&#8221;on|tablet&#8221; transform_translate_tablet=&#8221;&#8221; transform_translate_phone=&#8221;&#8221; transform_translate_last_edited=&#8221;on|tablet&#8221; transform_rotate_tablet=&#8221;&#8221; transform_rotate_phone=&#8221;&#8221; transform_rotate_last_edited=&#8221;on|tablet&#8221; transform_skew_tablet=&#8221;&#8221; transform_skew_phone=&#8221;&#8221; transform_skew_last_edited=&#8221;on|tablet&#8221; transform_origin_tablet=&#8221;&#8221; transform_origin_phone=&#8221;&#8221; transform_origin_last_edited=&#8221;on|tablet&#8221; transform_styles_last_edited=&#8221;on|tablet&#8221; width=&#8221;100%&#8221; transform_styles_tablet=&#8221;&#8221; transform_styles_phone=&#8221;&#8221; border_radii=&#8221;on|20px|20px|20px|20px&#8221; locked=&#8221;off&#8221; global_colors_info=&#8221;{}&#8221;][\/et_pb_image][et_pb_text content_tablet=&#8221;<\/p>\n<h3><span><strong>Spritz Cynar, focaccia con patate e cipolle e Grana Padano Riserva<\/strong><\/span><\/h3>\n<p>&#8221; content_phone=&#8221;<\/p>\n<h5><span><strong>Spritz Cynar, focaccia con patate e cipolle e Grana Padano Riserva<\/strong><\/span><\/h5>\n<p>&#8221; content_last_edited=&#8221;off|desktop&#8221; _builder_version=&#8221;4.24.3&#8243; _module_preset=&#8221;default&#8221; width=&#8221;90%&#8221; max_width_tablet=&#8221;60%&#8221; max_width_phone=&#8221;70%&#8221; max_width_last_edited=&#8221;on|desktop&#8221; module_alignment=&#8221;center&#8221; custom_margin=&#8221;||20px||false|false&#8221; link_option_url_new_window=&#8221;on&#8221; locked=&#8221;off&#8221; global_colors_info=&#8221;{}&#8221;]<\/p>\n<h3 style=\"text-align: left;\"><span style=\"color: #000000;\"><strong>Panzanella mit ger\u00f6stetem Brot und Grana Padano<\/strong><\/span><\/h3>\n<p>[\/et_pb_text][\/et_pb_column][et_pb_column type=&#8221;1_3&#8243; _builder_version=&#8221;4.20.0&#8243; _module_preset=&#8221;default&#8221; global_colors_info=&#8221;{}&#8221;][et_pb_image src=&#8221;https:\/\/www.granapadano.it\/wp-content\/uploads\/2024\/06\/GP_Bruschette-avocado.jpg&#8221; title_text=&#8221;GP_Bruschette-avocado&#8221; url=&#8221;https:\/\/www.granapadano.it\/de-de\/vorschlage-zum-servieren\/fruehstueck-und-brunch\/avocado-toast\/&#8221; url_new_window=&#8221;on&#8221; align=&#8221;center&#8221; _builder_version=&#8221;4.24.3&#8243; _module_preset=&#8221;default&#8221; transform_scale=&#8221;90%|90%&#8221; transform_scale_tablet=&#8221;130%|130%&#8221; transform_scale_phone=&#8221;130%|130%&#8221; transform_scale_last_edited=&#8221;on|tablet&#8221; transform_translate_tablet=&#8221;&#8221; transform_translate_phone=&#8221;&#8221; transform_translate_last_edited=&#8221;on|desktop&#8221; transform_rotate_tablet=&#8221;&#8221; transform_rotate_phone=&#8221;&#8221; transform_rotate_last_edited=&#8221;on|desktop&#8221; transform_skew_tablet=&#8221;&#8221; transform_skew_phone=&#8221;&#8221; transform_skew_last_edited=&#8221;on|desktop&#8221; transform_origin_tablet=&#8221;&#8221; transform_origin_phone=&#8221;&#8221; transform_origin_last_edited=&#8221;on|desktop&#8221; transform_styles_last_edited=&#8221;on|tablet&#8221; width=&#8221;100%&#8221; transform_styles_tablet=&#8221;&#8221; transform_styles_phone=&#8221;&#8221; border_radii=&#8221;on|20px|20px|20px|20px&#8221; locked=&#8221;off&#8221; global_colors_info=&#8221;{}&#8221;][\/et_pb_image][et_pb_text content_tablet=&#8221;<\/p>\n<h3><span><strong>Gnocchi di patate con asparagi, pisellini, fave e Grana Padano<\/strong><\/span><\/h3>\n<p>&#8221; content_phone=&#8221;<\/p>\n<h5><span><strong>Gnocchi di patate con asparagi, pisellini, fave e Grana Padano<\/strong><\/span><\/h5>\n<p>&#8221; content_last_edited=&#8221;off|phone&#8221; admin_label=&#8221;Text&#8221; _builder_version=&#8221;4.24.3&#8243; _module_preset=&#8221;default&#8221; width=&#8221;90%&#8221; max_width_tablet=&#8221;60%&#8221; max_width_phone=&#8221;70%&#8221; max_width_last_edited=&#8221;on|desktop&#8221; module_alignment=&#8221;center&#8221; min_height=&#8221;90px&#8221; custom_margin=&#8221;||20px||false|false&#8221; link_option_url_new_window=&#8221;on&#8221; locked=&#8221;off&#8221; global_colors_info=&#8221;{}&#8221;]<\/p>\n<h3 style=\"text-align: left\"><span style=\"color: #000000\"><strong>Avocado toast<\/p>\n<p><\/strong><\/h3>\n<p>[\/et_pb_text][et_pb_image src=&#8221;https:\/\/www.granapadano.it\/wp-content\/uploads\/2024\/05\/GP_programmitc_Involtini-zucchine.jpg&#8221; title_text=&#8221;GP_programmitc_Involtini-zucchine&#8221; url=&#8221;https:\/\/www.granapadano.it\/de-de\/vorschlage-zum-servieren\/hauptgerichte\/gebackene-zucchinirollchen\/&#8221; url_new_window=&#8221;on&#8221; align=&#8221;center&#8221; _builder_version=&#8221;4.24.3&#8243; _module_preset=&#8221;default&#8221; transform_scale=&#8221;90%|90%&#8221; width=&#8221;100%&#8221; hover_enabled=&#8221;0&#8243; border_radii=&#8221;on|20px|20px|20px|20px&#8221; locked=&#8221;off&#8221; global_colors_info=&#8221;{}&#8221; sticky_enabled=&#8221;0&#8243;][\/et_pb_image][et_pb_text content_tablet=&#8221;<\/p>\n<h3><span><strong>Involtini di zucchine, scamorza, prosciutto cotto e Grana Padano<\/strong><\/span><\/h3>\n<p>&#8221; content_phone=&#8221;<\/p>\n<h5><span><strong>Involtini di zucchine, scamorza, prosciutto cotto e Grana Padano<\/strong><\/span><\/h5>\n<p>&#8221; content_last_edited=&#8221;off|tablet&#8221; _builder_version=&#8221;4.24.3&#8243; _module_preset=&#8221;default&#8221; text_font=&#8221;||||||||&#8221; width=&#8221;90%&#8221; max_width_tablet=&#8221;60%&#8221; max_width_phone=&#8221;70%&#8221; max_width_last_edited=&#8221;on|desktop&#8221; module_alignment=&#8221;center&#8221; custom_margin=&#8221;||20px||false|false&#8221; custom_padding=&#8221;||||false|false&#8221; link_option_url_new_window=&#8221;on&#8221; locked=&#8221;off&#8221; global_colors_info=&#8221;{}&#8221;]<\/p>\n<h3 style=\"text-align: left;\"><span style=\"color: #000000;\"><strong>Zucchini-Rouladen, Scamorza, gekochter Schinken und Grana Padano<\/strong><\/span><\/h3>\n<p>[\/et_pb_text][\/et_pb_column][\/et_pb_row][\/et_pb_section]<\/p>\n","protected":false},"excerpt":{"rendered":"<p>Entdecken Sie die RezepteFusilli mit Zucchini, Ricotta, Minze und Grana PadanoMojito mit Minze, Vollkorn-\u201eFreselle\u201c mit Kirschtomaten, Pesto und Grana Padano RiservaPanzanella mit ger\u00f6stetem Brot und Grana PadanoZucchini-Rouladen, Scamorza, gekochter Schinken und Grana PadanoAvocado toastWeiche Milchbr\u00f6tchen mit Rohschinken, Salat und Grana Padano RiservaWeiche Milchbr\u00f6tchen mit Rohschinken, Salat und Grana Padano RiservaFusilli mit Zucchini, Ricotta, Minze und [&hellip;]<\/p>\n","protected":false},"author":11,"featured_media":120941,"parent":0,"menu_order":467,"comment_status":"closed","ping_status":"closed","template":"","meta":{"_acf_changed":false,"_et_pb_use_builder":"on","_et_pb_old_content":"[et_pb_section fb_built=\"1\" fullwidth=\"on\" _builder_version=\"4.19.0\" _module_preset=\"default\" locked=\"off\" global_colors_info=\"{}\"][et_pb_fullwidth_image src=\"https:\/\/granapadano.kleecks-cdn.com\/wp-content\/uploads\/2024\/06\/Grana_Padano_website_banner_1920\u200A\u00D7\u200A380.jpg\" title_text=\"Grana_Padano_website_banner_450\u200ax200\" src_tablet=\"https:\/\/granapadano.kleecks-cdn.com\/wp-content\/uploads\/2024\/05\/header_page_maggio_IT.png\" src_phone=\"https:\/\/granapadano.kleecks-cdn.com\/wp-content\/uploads\/2024\/06\/Grana_Padano_website_banner_450\u200Ax200.jpg\" src_last_edited=\"on|phone\" _builder_version=\"4.24.3\" _module_preset=\"default\" global_colors_info=\"{}\"][\/et_pb_fullwidth_image][\/et_pb_section][et_pb_section fb_built=\"1\" disabled_on=\"off|off|off\" _builder_version=\"4.19.4\" _module_preset=\"default\" custom_padding=\"0px||0px||false|false\" locked=\"off\" collapsed=\"off\" global_colors_info=\"{}\"][et_pb_row module_class=\"gp_producion_heading_wrapper sostenibita_sub_heading\" _builder_version=\"4.20.0\" _module_preset=\"default\" max_width=\"90%\" module_alignment=\"center\" custom_padding=\"8px|||||\" collapsed=\"off\" global_colors_info=\"{}\"][et_pb_column type=\"4_4\" _builder_version=\"4.19.4\" _module_preset=\"default\" global_colors_info=\"{}\"][et_pb_text _builder_version=\"4.24.3\" _module_preset=\"default\" header_font=\"Merriweather||||||||\" header_text_color=\"#000000\" header_font_size=\"44px\" header_line_height=\"52px\" header_3_font=\"Merriweather||||||||\" header_3_text_color=\"#000000\" header_3_font_size=\"44px\" header_3_line_height=\"52px\" text_orientation=\"center\" custom_margin=\"29px||||false|false\" custom_padding=\"0px||15px||false|false\" global_colors_info=\"{}\"]<h1>Scopri le ricette<\/h1>[\/et_pb_text][\/et_pb_column][\/et_pb_row][et_pb_row column_structure=\"1_4,1_4,1_4,1_4\" disabled_on=\"off|off|on\" module_class=\"heritage_tag_item_wrapper\" _builder_version=\"4.20.1\" _module_preset=\"default\" min_height=\"618px\" custom_padding=\"0px||52px||false|false\" locked=\"off\" global_colors_info=\"{}\"][et_pb_column type=\"1_4\" _builder_version=\"4.20.0\" _module_preset=\"default\" global_colors_info=\"{}\"][et_pb_image src=\"https:\/\/granapadano.kleecks-cdn.com\/wp-content\/uploads\/2024\/06\/fusilli-con-zucchine-ricotta-menta-e-grana-padan.jpg\" title_text=\"fusilli-con-zucchine-ricotta-menta-e-grana-padan\" url=\"https:\/\/www.granapadano.it\/momenti-di-consumo\/ricette-della-tradizione-italiana\/fusilli-con-zucchine-ricotta-menta-e-grana-padano\/\" align=\"center\" _builder_version=\"4.24.3\" _module_preset=\"default\" transform_scale=\"90%|90%\" width=\"100%\" hover_enabled=\"0\" border_radii=\"on|20px|20px|20px|20px\" locked=\"off\" global_colors_info=\"{}\" sticky_enabled=\"0\"][\/et_pb_image][et_pb_text content_tablet=\"<h4><strong>Fusilli con zucchine,<br>ricotta, menta<br>e Grana Padano<\/strong><\/h4>\" content_phone=\"<h6><strong>Fusilli<br>con zucchine,<br>ricotta, menta<br>e Grana Padano<\/strong><\/h6>\" content_last_edited=\"on|phone\" _builder_version=\"4.24.3\" _module_preset=\"default\" text_font=\"||||||||\" text_orientation=\"center\" width=\"90%\" width_tablet=\"90%\" width_phone=\"95%\" width_last_edited=\"on|desktop\" max_width_tablet=\"60%\" max_width_phone=\"70%\" max_width_last_edited=\"on|desktop\" module_alignment=\"center\" custom_margin=\"||20px||false|false\" hover_enabled=\"0\" locked=\"off\" global_colors_info=\"{}\" sticky_enabled=\"0\"]<h3 style=\"text-align: center\"><span style=\"color: #000000\"><strong>Fusilli con zucchine, ricotta, menta<br> e Grana Padano<\/strong><\/span><\/h3>[\/et_pb_text][et_pb_image src=\"https:\/\/granapadano.kleecks-cdn.com\/wp-content\/uploads\/2024\/06\/Mojito_alla_menta_freselle_integrali_pomodorini_pesto_e_Grana-1.jpg\" title_text=\"Mojito_alla_menta,_freselle_integrali_pomodorini,_pesto_e_Grana-1\" url=\"https:\/\/www.granapadano.it\/momenti-di-consumo\/aperitivi-e-momenti-conviviali\/mojito-alla-menta-freselle-integrali-pomodorini-pesto-e-grana-padano-riserva\/\" align=\"center\" src_last_edited=\"off|phone\" _builder_version=\"4.24.3\" _module_preset=\"default\" transform_scale=\"90%|90%\" transform_scale_tablet=\"161%|161%\" transform_scale_phone=\"161%|161%\" transform_scale_last_edited=\"on|tablet\" transform_translate_tablet=\"\" transform_translate_phone=\"\" transform_translate_last_edited=\"on|tablet\" transform_rotate_tablet=\"\" transform_rotate_phone=\"\" transform_rotate_last_edited=\"on|tablet\" transform_skew_tablet=\"\" transform_skew_phone=\"\" transform_skew_last_edited=\"on|tablet\" transform_origin_tablet=\"\" transform_origin_phone=\"\" transform_origin_last_edited=\"on|tablet\" transform_styles_last_edited=\"on|tablet\" width=\"100%\" hover_enabled=\"0\" transform_styles_tablet=\"\" transform_styles_phone=\"\" border_radii=\"on|20px|20px|20px|20px\" locked=\"off\" global_colors_info=\"{}\" sticky_enabled=\"0\"][\/et_pb_image][et_pb_text content_tablet=\"<h4><span><strong>Mojito alla menta, freselle integrali pomodorini, pesto e Grana Padano Riserva<\/strong><\/span><\/h4>\" content_phone=\"<h6><strong>Mojito alla menta, freselle integrali pomodorini, pesto e Grana Padano Riserva<\/strong><\/h6>\" content_last_edited=\"on|phone\" _builder_version=\"4.24.3\" _module_preset=\"default\" text_font=\"||||||||\" text_orientation=\"center\" width=\"90%\" max_width_tablet=\"60%\" max_width_phone=\"70%\" max_width_last_edited=\"on|desktop\" module_alignment=\"center\" custom_margin=\"||20px||false|false\" locked=\"off\" global_colors_info=\"{}\"]<h3 style=\"text-align: center\"><span style=\"color: #000000\"><strong>Mojito alla menta, freselle integrali pomodorini, pesto e Grana Padano Riserva<\/strong><\/span><\/h3>[\/et_pb_text][\/et_pb_column][et_pb_column type=\"1_4\" _builder_version=\"4.20.0\" _module_preset=\"default\" global_colors_info=\"{}\"][et_pb_image src=\"https:\/\/granapadano.kleecks-cdn.com\/wp-content\/uploads\/2024\/06\/Panzanella-al-pane-tostato-2.jpg\" title_text=\"Panzanella al pane tostato-2\" url=\"https:\/\/www.granapadano.it\/momenti-di-consumo\/pranzo-veloce\/panzanella-al-pane-tostato-con-grana-padano\/\" align=\"center\" src_tablet=\"https:\/\/granapadano.kleecks-cdn.com\/wp-content\/uploads\/2024\/06\/Panzanella-al-pane-tostato-2.jpg\" src_phone=\"https:\/\/granapadano.kleecks-cdn.com\/wp-content\/uploads\/2024\/06\/Panzanella-al-pane-tostato-2.jpg\" src_last_edited=\"on|tablet\" _builder_version=\"4.24.3\" _module_preset=\"default\" transform_scale=\"90%|90%\" width=\"100%\" hover_enabled=\"0\" border_radii=\"on|20px|20px|20px|20px\" locked=\"off\" global_colors_info=\"{}\" sticky_enabled=\"0\"][\/et_pb_image][et_pb_text content_tablet=\"<h4><span><strong>Panzanella<br> al pane tostato con Grana Padano<\/strong><\/span><\/h4>\" content_phone=\"<h6><strong>Panzanella<br> al pane tostato<br>con Grana<br>Padano<\/strong><\/h6>\" content_last_edited=\"on|phone\" admin_label=\"Text\" _builder_version=\"4.24.3\" _module_preset=\"default\" text_font=\"||||||||\" header_text_align=\"center\" text_orientation=\"center\" width=\"90%\" max_width_tablet=\"60%\" max_width_phone=\"70%\" max_width_last_edited=\"on|desktop\" module_alignment=\"center\" custom_margin=\"||35px||false|false\" custom_margin_tablet=\"||20px||false|false\" custom_margin_phone=\"||20px||false|false\" custom_margin_last_edited=\"on|tablet\" hover_enabled=\"0\" locked=\"off\" global_colors_info=\"{}\" sticky_enabled=\"0\"]<h3 style=\"text-align: center\"><span style=\"color: #000000\"><strong>Panzanella al pane tostato con Grana Padano<\/strong><\/span><\/h3>[\/et_pb_text][et_pb_image src=\"https:\/\/granapadano.kleecks-cdn.com\/wp-content\/uploads\/2024\/05\/GP_programmitc_Involtini-zucchine.jpg\" title_text=\"GP_programmitc_Involtini-zucchine\" url=\"https:\/\/www.granapadano.it\/momenti-di-consumo\/portata-principale\/involtini-di-zucchine\/\" align=\"center\" _builder_version=\"4.24.3\" _module_preset=\"default\" transform_scale=\"90%|90%\" width=\"100%\" hover_enabled=\"0\" border_radii=\"on|20px|20px|20px|20px\" locked=\"off\" global_colors_info=\"{}\" sticky_enabled=\"0\"][\/et_pb_image][et_pb_text content_tablet=\"<h4><strong>Involtini di zucchine, scamorza,<br>prosciutto cotto<br>e Grana Padano<\/strong><\/h4>\" content_phone=\"<h6><strong>Involtini di zucchine, scamorza, prosciutto cotto e Grana Padano<\/strong><\/h6>\" content_last_edited=\"on|tablet\" _builder_version=\"4.24.3\" _module_preset=\"default\" text_font=\"||||||||\" header_text_align=\"center\" text_orientation=\"center\" width=\"90%\" max_width_tablet=\"60%\" max_width_phone=\"70%\" max_width_last_edited=\"on|desktop\" module_alignment=\"center\" custom_margin=\"||20px||false|false\" hover_enabled=\"0\" global_colors_info=\"{}\" sticky_enabled=\"0\"]<h3 style=\"text-align: center\"><span style=\"color: #000000\"><strong>Involtini di zucchine, scamorza, prosciutto cotto e Grana Padano<\/strong><\/span><\/h3>[\/et_pb_text][\/et_pb_column][et_pb_column type=\"1_4\" _builder_version=\"4.20.0\" _module_preset=\"default\" global_colors_info=\"{}\"][et_pb_image src=\"https:\/\/granapadano.kleecks-cdn.com\/wp-content\/uploads\/2024\/06\/GP_Bruschette-avocado.jpg\" title_text=\"GP_Bruschette-avocado\" url=\"https:\/\/www.granapadano.it\/momenti-di-consumo\/colazione-e-brunch\/avocado-toast\/\" align=\"center\" src_tablet=\"https:\/\/granapadano.kleecks-cdn.com\/wp-content\/uploads\/2024\/06\/GP_Bruschette-avocado.jpg\" src_phone=\"https:\/\/granapadano.kleecks-cdn.com\/wp-content\/uploads\/2024\/06\/GP_Bruschette-avocado.jpg\" src_last_edited=\"on|desktop\" _builder_version=\"4.24.3\" _module_preset=\"default\" transform_scale=\"90%|90%\" transform_scale_tablet=\"130%|130%\" transform_scale_phone=\"130%|130%\" transform_scale_last_edited=\"on|tablet\" transform_translate_tablet=\"\" transform_translate_phone=\"\" transform_translate_last_edited=\"on|desktop\" transform_rotate_tablet=\"\" transform_rotate_phone=\"\" transform_rotate_last_edited=\"on|desktop\" transform_skew_tablet=\"\" transform_skew_phone=\"\" transform_skew_last_edited=\"on|desktop\" transform_origin_tablet=\"\" transform_origin_phone=\"\" transform_origin_last_edited=\"on|desktop\" transform_styles_last_edited=\"on|tablet\" width=\"100%\" hover_enabled=\"0\" transform_styles_tablet=\"\" transform_styles_phone=\"\" border_radii=\"on|20px|20px|20px|20px\" locked=\"off\" global_colors_info=\"{}\" sticky_enabled=\"0\"][\/et_pb_image][et_pb_text content_tablet=\"<h4><strong>Avocado toast<\/strong><\/h4>\" content_phone=\"<h6><strong>Avocado toast<\/strong><\/h6>\" content_last_edited=\"on|phone\" _builder_version=\"4.24.3\" _module_preset=\"default\" text_font=\"||||||||\" text_orientation=\"center\" width=\"90%\" max_width_tablet=\"60%\" max_width_phone=\"70%\" max_width_last_edited=\"on|desktop\" module_alignment=\"center\" custom_margin=\"||20px||false|false\" hover_enabled=\"0\" locked=\"off\" global_colors_info=\"{}\" sticky_enabled=\"0\"]<h3 style=\"text-align: center\"><span style=\"color: #000000\"><strong>Avocado toast<\/strong><\/span><\/h3>[\/et_pb_text][\/et_pb_column][et_pb_column type=\"1_4\" _builder_version=\"4.20.0\" _module_preset=\"default\" global_colors_info=\"{}\"][et_pb_image src=\"https:\/\/granapadano.kleecks-cdn.com\/wp-content\/uploads\/2024\/06\/GP_Panini-al-latte.jpg\" title_text=\"GP_Panini-al-latte\" url=\"https:\/\/www.granapadano.it\/momenti-di-consumo\/spuntini-e-snack\/panini-morbidi-al-latte-con-prosciutto-crudo-insalata-e-grana-padano-riserva\/\" align=\"center\" src_tablet=\"https:\/\/granapadano.kleecks-cdn.com\/wp-content\/uploads\/2024\/06\/GP_Panini-al-latte.jpg\" src_phone=\"https:\/\/granapadano.kleecks-cdn.com\/wp-content\/uploads\/2024\/06\/GP_Panini-al-latte.jpg\" src_last_edited=\"on|phone\" _builder_version=\"4.24.3\" _module_preset=\"default\" transform_scale=\"90%|90%\" width=\"100%\" hover_enabled=\"0\" border_radii=\"on|20px|20px|20px|20px\" locked=\"off\" global_colors_info=\"{}\" sticky_enabled=\"0\"][\/et_pb_image][et_pb_text content_tablet=\"<h4><strong>Panini morbidi al latte con prosciutto crudo, insalata e Grana Padano Riserva<\/strong><\/h4>\" content_phone=\"<h6><strong>Panini morbidi al latte con prosciutto crudo, insalata e Grana Padano Riserva<\/strong><\/h6>\" content_last_edited=\"on|phone\" _builder_version=\"4.24.3\" _module_preset=\"default\" text_font=\"||||||||\" header_text_align=\"center\" text_orientation=\"center\" width=\"90%\" max_width_tablet=\"60%\" max_width_phone=\"70%\" max_width_last_edited=\"on|desktop\" module_alignment=\"center\" custom_margin=\"||20px||false|false\" hover_enabled=\"0\" locked=\"off\" global_colors_info=\"{}\" sticky_enabled=\"0\"]<h3 style=\"text-align: center\"><span style=\"color: #000000\"><strong>Panini morbidi al latte con prosciutto crudo, insalata e Grana Padano Riserva<\/strong><\/span><\/h3>[\/et_pb_text][\/et_pb_column][\/et_pb_row][et_pb_row column_structure=\"1_3,1_3,1_3\" disabled_on=\"on|on|off\" module_class=\"heritage_tag_item_wrapper\" _builder_version=\"4.20.1\" _module_preset=\"default\" custom_padding=\"0px||40px||false|false\" locked=\"off\" global_colors_info=\"{}\"][et_pb_column type=\"1_3\" _builder_version=\"4.20.0\" _module_preset=\"default\" global_colors_info=\"{}\"][et_pb_image src=\"https:\/\/granapadano.kleecks-cdn.com\/wp-content\/uploads\/2024\/06\/GP_Panini-al-latte.jpg\" title_text=\"GP_Panini-al-latte\" url=\"https:\/\/www.granapadano.it\/momenti-di-consumo\/spuntini-e-snack\/panini-morbidi-al-latte-con-prosciutto-crudo-insalata-e-grana-padano-riserva\/\" align=\"center\" src_tablet=\"https:\/\/granapadano.kleecks-cdn.com\/wp-content\/uploads\/2024\/05\/GP_programmatic_cheesecake.jpg\" src_phone=\"https:\/\/granapadano.kleecks-cdn.com\/wp-content\/uploads\/2024\/05\/GP_programmatic_cheesecake.jpg\" src_last_edited=\"off|desktop\" _builder_version=\"4.24.3\" _module_preset=\"default\" transform_scale=\"90%|90%\" width=\"100%\" hover_enabled=\"0\" border_radii=\"on|20px|20px|20px|20px\" locked=\"off\" global_colors_info=\"{}\" sticky_enabled=\"0\"][\/et_pb_image][et_pb_text content_tablet=\"<h3><span><strong>Panini morbidi al latte con prosciutto crudo, insalata e Grana Padano Riserva<\/strong><\/span><\/h3>\" content_phone=\"<h5><span><strong>Panini morbidi al latte con prosciutto crudo, insalata e Grana Padano Riserva<\/strong><\/span><\/h5>\" content_last_edited=\"on|phone\" _builder_version=\"4.24.3\" _module_preset=\"default\" width=\"90%\" max_width_tablet=\"60%\" max_width_phone=\"70%\" max_width_last_edited=\"on|desktop\" module_alignment=\"center\" min_height=\"90px\" custom_margin=\"||20px||false|false\" hover_enabled=\"0\" global_colors_info=\"{}\" sticky_enabled=\"0\"]<h3 style=\"text-align: left;\"><span style=\"color: #000000;\"><strong>Panini morbidi al latte con prosciutto crudo, insalata e Grana Padano Riserva<\/strong><\/span><\/h3>[\/et_pb_text][et_pb_image src=\"https:\/\/granapadano.kleecks-cdn.com\/wp-content\/uploads\/2024\/06\/fusilli-con-zucchine-ricotta-menta-e-grana-padan.jpg\" title_text=\"fusilli-con-zucchine-ricotta-menta-e-grana-padan\" url=\"https:\/\/www.granapadano.it\/momenti-di-consumo\/ricette-della-tradizione-italiana\/fusilli-con-zucchine-ricotta-menta-e-grana-padano\/\" align=\"center\" _builder_version=\"4.24.3\" _module_preset=\"default\" transform_scale=\"90%|90%\" width=\"100%\" hover_enabled=\"0\" border_radii=\"on|20px|20px|20px|20px\" locked=\"off\" global_colors_info=\"{}\" sticky_enabled=\"0\"][\/et_pb_image][et_pb_text content_tablet=\"<h3><span><strong>Trofie con spinaci saltati, mandorle e Grana Padano Riserva<br \/><\/strong><\/span><\/h3>\" content_phone=\"\r\n<h5><span><strong>Trofie con spinaci saltati, mandorle e Grana Padano Riserva<br \/><br \/> <\/strong><\/span><\/h5>\" content_last_edited=\"on|phone\" admin_label=\"Text\" _builder_version=\"4.24.3\" _module_preset=\"default\" width=\"90%\" width_tablet=\"90%\" width_phone=\"90%\" width_last_edited=\"on|desktop\" max_width_tablet=\"60%\" max_width_phone=\"70%\" max_width_last_edited=\"on|desktop\" module_alignment=\"center\" custom_margin=\"||20px||false|false\" hover_enabled=\"0\" locked=\"off\" global_colors_info=\"{}\" sticky_enabled=\"0\"]<h3 style=\"text-align: left\"><span style=\"color: #000000\"><strong>Fusilli con zucchine,<br> ricotta, menta e Grana Padano<\/strong><\/span><\/h3>[\/et_pb_text][\/et_pb_column][et_pb_column type=\"1_3\" _builder_version=\"4.20.0\" _module_preset=\"default\" global_colors_info=\"{}\"][et_pb_image src=\"https:\/\/granapadano.kleecks-cdn.com\/wp-content\/uploads\/2024\/06\/Mojito_alla_menta_freselle_integrali_pomodorini_pesto_e_Grana-1.jpg\" title_text=\"Mojito_alla_menta,_freselle_integrali_pomodorini,_pesto_e_Grana-1\" url=\"https:\/\/www.granapadano.it\/momenti-di-consumo\/aperitivi-e-momenti-conviviali\/mojito-alla-menta-freselle-integrali-pomodorini-pesto-e-grana-padano-riserva\/\" align=\"center\" _builder_version=\"4.24.3\" _module_preset=\"default\" transform_scale=\"90%|90%\" width=\"100%\" hover_enabled=\"0\" border_radii=\"on|20px|20px|20px|20px\" locked=\"off\" global_colors_info=\"{}\" sticky_enabled=\"0\"][\/et_pb_image][et_pb_text content_tablet=\"<h3><span><strong>Cous cous pesto di rucola e prezzemolo, pollo, fagiolini e Grana Padano<\/strong><\/span><\/h3>\" content_phone=\"<h5><span><strong>Cous cous pesto di rucola e prezzemolo, pollo, fagiolini e Grana Padano<\/strong><\/span><\/h5>\" content_last_edited=\"on|phone\" admin_label=\"Text\" _builder_version=\"4.24.3\" _module_preset=\"default\" width=\"90%\" max_width_tablet=\"60%\" max_width_phone=\"70%\" max_width_last_edited=\"on|desktop\" module_alignment=\"center\" min_height=\"90px\" custom_margin=\"||20px||false|false\" hover_enabled=\"0\" locked=\"off\" global_colors_info=\"{}\" sticky_enabled=\"0\"]<h3 style=\"text-align: left\"><span style=\"color: #000000\"><strong>Mojito alla menta, freselle integrali pomodorini, pesto e Grana Padano Riserva<\/strong><\/span><\/h3>[\/et_pb_text][et_pb_image src=\"https:\/\/granapadano.kleecks-cdn.com\/wp-content\/uploads\/2024\/06\/Panzanella-al-pane-tostato-2.jpg\" title_text=\"Panzanella al pane tostato-2\" url=\"https:\/\/www.granapadano.it\/momenti-di-consumo\/pranzo-veloce\/panzanella-al-pane-tostato-con-grana-padano\/\" align=\"center\" _builder_version=\"4.24.3\" _module_preset=\"default\" transform_scale=\"90%|90%\" transform_scale_tablet=\"161%|161%\" transform_scale_phone=\"161%|161%\" transform_scale_last_edited=\"on|tablet\" transform_translate_tablet=\"\" transform_translate_phone=\"\" transform_translate_last_edited=\"on|tablet\" transform_rotate_tablet=\"\" transform_rotate_phone=\"\" transform_rotate_last_edited=\"on|tablet\" transform_skew_tablet=\"\" transform_skew_phone=\"\" transform_skew_last_edited=\"on|tablet\" transform_origin_tablet=\"\" transform_origin_phone=\"\" transform_origin_last_edited=\"on|tablet\" transform_styles_last_edited=\"on|tablet\" width=\"100%\" hover_enabled=\"0\" transform_styles_tablet=\"\" transform_styles_phone=\"\" border_radii=\"on|20px|20px|20px|20px\" locked=\"off\" global_colors_info=\"{}\" sticky_enabled=\"0\"][\/et_pb_image][et_pb_text content_tablet=\"<h3><span><strong>Spritz Cynar, focaccia con patate e cipolle e Grana Padano Riserva<\/strong><\/span><\/h3>\" content_phone=\"<h5><span><strong>Spritz Cynar, focaccia con patate e cipolle e Grana Padano Riserva<\/strong><\/span><\/h5>\" content_last_edited=\"on|phone\" _builder_version=\"4.24.3\" _module_preset=\"default\" width=\"90%\" max_width_tablet=\"60%\" max_width_phone=\"70%\" max_width_last_edited=\"on|desktop\" module_alignment=\"center\" custom_margin=\"||20px||false|false\" link_option_url_new_window=\"on\" locked=\"off\" global_colors_info=\"{}\"]<h3 style=\"text-align: left;\"><span style=\"color: #000000;\"><strong>Panzanella al pane tostato<br>con Grana Padano<\/strong><\/span><\/h3>[\/et_pb_text][\/et_pb_column][et_pb_column type=\"1_3\" _builder_version=\"4.20.0\" _module_preset=\"default\" global_colors_info=\"{}\"][et_pb_image src=\"https:\/\/granapadano.kleecks-cdn.com\/wp-content\/uploads\/2024\/06\/GP_Bruschette-avocado.jpg\" title_text=\"GP_Bruschette-avocado\" url=\"https:\/\/www.granapadano.it\/momenti-di-consumo\/colazione-e-brunch\/avocado-toast\/\" align=\"center\" _builder_version=\"4.24.3\" _module_preset=\"default\" transform_scale=\"90%|90%\" transform_scale_tablet=\"130%|130%\" transform_scale_phone=\"130%|130%\" transform_scale_last_edited=\"on|tablet\" transform_translate_tablet=\"\" transform_translate_phone=\"\" transform_translate_last_edited=\"on|desktop\" transform_rotate_tablet=\"\" transform_rotate_phone=\"\" transform_rotate_last_edited=\"on|desktop\" transform_skew_tablet=\"\" transform_skew_phone=\"\" transform_skew_last_edited=\"on|desktop\" transform_origin_tablet=\"\" transform_origin_phone=\"\" transform_origin_last_edited=\"on|desktop\" transform_styles_last_edited=\"on|tablet\" width=\"100%\" hover_enabled=\"0\" transform_styles_tablet=\"\" transform_styles_phone=\"\" border_radii=\"on|20px|20px|20px|20px\" locked=\"off\" global_colors_info=\"{}\" sticky_enabled=\"0\"][\/et_pb_image][et_pb_text content_tablet=\"<h3><span><strong>Gnocchi di patate con asparagi, pisellini, fave e Grana Padano<\/strong><\/span><\/h3>\" content_phone=\"<h5><span><strong>Gnocchi di patate con asparagi, pisellini, fave e Grana Padano<\/strong><\/span><\/h5>\" content_last_edited=\"on|tablet\" admin_label=\"Text\" _builder_version=\"4.24.3\" _module_preset=\"default\" width=\"90%\" max_width_tablet=\"60%\" max_width_phone=\"70%\" max_width_last_edited=\"on|desktop\" module_alignment=\"center\" min_height=\"90px\" custom_margin=\"||20px||false|false\" hover_enabled=\"0\" locked=\"off\" global_colors_info=\"{}\" sticky_enabled=\"0\"]<h3 style=\"text-align: left\"><span style=\"color: #000000\"><strong>Avocado toast<br><br><br><\/strong><\/h3>[\/et_pb_text][et_pb_image src=\"https:\/\/granapadano.kleecks-cdn.com\/wp-content\/uploads\/2024\/05\/GP_programmitc_Involtini-zucchine.jpg\" title_text=\"GP_programmitc_Involtini-zucchine\" url=\"https:\/\/www.granapadano.it\/momenti-di-consumo\/portata-principale\/involtini-di-zucchine\/\" align=\"center\" _builder_version=\"4.24.3\" _module_preset=\"default\" transform_scale=\"90%|90%\" width=\"100%\" hover_enabled=\"0\" border_radii=\"on|20px|20px|20px|20px\" locked=\"off\" global_colors_info=\"{}\" sticky_enabled=\"0\"][\/et_pb_image][et_pb_text content_tablet=\"<h3><span><strong>Involtini di zucchine, scamorza, prosciutto cotto e Grana Padano<\/strong><\/span><\/h3>\" content_phone=\"<h5><span><strong>Involtini di zucchine, scamorza, prosciutto cotto e Grana Padano<\/strong><\/span><\/h5>\" content_last_edited=\"on|phone\" _builder_version=\"4.24.3\" _module_preset=\"default\" text_font=\"||||||||\" width=\"90%\" max_width_tablet=\"60%\" max_width_phone=\"70%\" max_width_last_edited=\"on|desktop\" module_alignment=\"center\" custom_margin=\"||20px||false|false\" custom_padding=\"||||false|false\" link_option_url_new_window=\"on\" locked=\"off\" global_colors_info=\"{}\"]<h3 style=\"text-align: left;\"><span style=\"color: #000000;\"><strong>Involtini di zucchine, scamorza, prosciutto cotto e Grana Padano<\/strong><\/span><\/h3>[\/et_pb_text][\/et_pb_column][\/et_pb_row][\/et_pb_section]","_et_gb_content_width":"","footnotes":""},"class_list":["post-120934","page","type-page","status-publish","has-post-thumbnail","hentry"],"acf":[],"yoast_head":"<!-- This site is optimized with the Yoast SEO plugin v27.4 - https:\/\/yoast.com\/product\/yoast-seo-wordpress\/ -->\n<title>Sommer an der frischer Luft - Grana Padano<\/title>\n<meta name=\"robots\" content=\"index, follow, max-snippet:-1, max-image-preview:large, max-video-preview:-1\" \/>\n<link rel=\"canonical\" href=\"https:\/\/www.granapadano.it\/de-de\/sommer-an-der-frischer-luft\/\" \/>\n<meta property=\"og:locale\" content=\"de_DE\" \/>\n<meta property=\"og:type\" content=\"article\" \/>\n<meta property=\"og:title\" content=\"Sommer an der frischer Luft - Grana Padano\" \/>\n<meta property=\"og:description\" content=\"Entdecken Sie die RezepteFusilli mit Zucchini, Ricotta, Minze und Grana PadanoMojito mit Minze, Vollkorn-\u201eFreselle\u201c mit Kirschtomaten, Pesto und Grana Padano RiservaPanzanella mit ger\u00f6stetem Brot und Grana PadanoZucchini-Rouladen, Scamorza, gekochter Schinken und Grana PadanoAvocado toastWeiche Milchbr\u00f6tchen mit Rohschinken, Salat und Grana Padano RiservaWeiche Milchbr\u00f6tchen mit Rohschinken, Salat und Grana Padano RiservaFusilli mit Zucchini, Ricotta, Minze und [&hellip;]\" \/>\n<meta property=\"og:url\" content=\"https:\/\/www.granapadano.it\/de-de\/sommer-an-der-frischer-luft\/\" \/>\n<meta property=\"og:site_name\" content=\"Grana Padano\" \/>\n<meta property=\"article:modified_time\" content=\"2024-08-05T10:50:11+00:00\" \/>\n<meta property=\"og:image\" content=\"https:\/\/granapadano.kleecks-cdn.com\/wp-content\/uploads\/2024\/06\/banner-website-esate-359X395-DE.jpg\" \/>\n\t<meta property=\"og:image:width\" content=\"395\" \/>\n\t<meta property=\"og:image:height\" content=\"395\" \/>\n\t<meta property=\"og:image:type\" content=\"image\/jpeg\" \/>\n<meta name=\"twitter:card\" content=\"summary_large_image\" \/>\n<meta name=\"twitter:label1\" content=\"Est. reading time\" \/>\n\t<meta name=\"twitter:data1\" content=\"5 minutes\" \/>\n<script type=\"application\/ld+json\" class=\"yoast-schema-graph\">{\"@context\":\"https:\\\/\\\/schema.org\",\"@graph\":[{\"@type\":\"WebPage\",\"@id\":\"https:\\\/\\\/www.granapadano.it\\\/de-de\\\/sommer-an-der-frischer-luft\\\/\",\"url\":\"https:\\\/\\\/www.granapadano.it\\\/de-de\\\/sommer-an-der-frischer-luft\\\/\",\"name\":\"Sommer an der frischer Luft - Grana Padano\",\"isPartOf\":{\"@id\":\"https:\\\/\\\/www.granapadano.it\\\/de-de\\\/#website\"},\"primaryImageOfPage\":{\"@id\":\"https:\\\/\\\/www.granapadano.it\\\/de-de\\\/sommer-an-der-frischer-luft\\\/#primaryimage\"},\"image\":{\"@id\":\"https:\\\/\\\/www.granapadano.it\\\/de-de\\\/sommer-an-der-frischer-luft\\\/#primaryimage\"},\"thumbnailUrl\":\"https:\\\/\\\/granapadano.kleecks-cdn.com\\\/wp-content\\\/uploads\\\/2024\\\/06\\\/banner-website-esate-359X395-DE.jpg\",\"datePublished\":\"2024-06-03T15:26:33+00:00\",\"dateModified\":\"2024-08-05T10:50:11+00:00\",\"breadcrumb\":{\"@id\":\"https:\\\/\\\/www.granapadano.it\\\/de-de\\\/sommer-an-der-frischer-luft\\\/#breadcrumb\"},\"inLanguage\":\"de-de\",\"potentialAction\":[{\"@type\":\"ReadAction\",\"target\":[\"https:\\\/\\\/www.granapadano.it\\\/de-de\\\/sommer-an-der-frischer-luft\\\/\"]}]},{\"@type\":\"ImageObject\",\"inLanguage\":\"de-de\",\"@id\":\"https:\\\/\\\/www.granapadano.it\\\/de-de\\\/sommer-an-der-frischer-luft\\\/#primaryimage\",\"url\":\"https:\\\/\\\/granapadano.kleecks-cdn.com\\\/wp-content\\\/uploads\\\/2024\\\/06\\\/banner-website-esate-359X395-DE.jpg\",\"contentUrl\":\"https:\\\/\\\/granapadano.kleecks-cdn.com\\\/wp-content\\\/uploads\\\/2024\\\/06\\\/banner-website-esate-359X395-DE.jpg\",\"width\":395,\"height\":395},{\"@type\":\"BreadcrumbList\",\"@id\":\"https:\\\/\\\/www.granapadano.it\\\/de-de\\\/sommer-an-der-frischer-luft\\\/#breadcrumb\",\"itemListElement\":[{\"@type\":\"ListItem\",\"position\":1,\"name\":\"Home\",\"item\":\"https:\\\/\\\/www.granapadano.it\\\/de-de\\\/\"},{\"@type\":\"ListItem\",\"position\":2,\"name\":\"Sommer an der frischer Luft\"}]},{\"@type\":\"WebSite\",\"@id\":\"https:\\\/\\\/www.granapadano.it\\\/de-de\\\/#website\",\"url\":\"https:\\\/\\\/www.granapadano.it\\\/de-de\\\/\",\"name\":\"Grana Padano\",\"description\":\"\",\"potentialAction\":[{\"@type\":\"SearchAction\",\"target\":{\"@type\":\"EntryPoint\",\"urlTemplate\":\"https:\\\/\\\/www.granapadano.it\\\/de-de\\\/?s={search_term_string}\"},\"query-input\":{\"@type\":\"PropertyValueSpecification\",\"valueRequired\":true,\"valueName\":\"search_term_string\"}}],\"inLanguage\":\"de-de\"}]}<\/script>\n<!-- \/ Yoast SEO plugin. -->","yoast_head_json":{"title":"Sommer an der frischer Luft - Grana Padano","robots":{"index":"index","follow":"follow","max-snippet":"max-snippet:-1","max-image-preview":"max-image-preview:large","max-video-preview":"max-video-preview:-1"},"canonical":"https:\/\/www.granapadano.it\/de-de\/sommer-an-der-frischer-luft\/","og_locale":"de_DE","og_type":"article","og_title":"Sommer an der frischer Luft - Grana Padano","og_description":"Entdecken Sie die RezepteFusilli mit Zucchini, Ricotta, Minze und Grana PadanoMojito mit Minze, Vollkorn-\u201eFreselle\u201c mit Kirschtomaten, Pesto und Grana Padano RiservaPanzanella mit ger\u00f6stetem Brot und Grana PadanoZucchini-Rouladen, Scamorza, gekochter Schinken und Grana PadanoAvocado toastWeiche Milchbr\u00f6tchen mit Rohschinken, Salat und Grana Padano RiservaWeiche Milchbr\u00f6tchen mit Rohschinken, Salat und Grana Padano RiservaFusilli mit Zucchini, Ricotta, Minze und [&hellip;]","og_url":"https:\/\/www.granapadano.it\/de-de\/sommer-an-der-frischer-luft\/","og_site_name":"Grana Padano","article_modified_time":"2024-08-05T10:50:11+00:00","og_image":[{"width":395,"height":395,"url":"https:\/\/granapadano.kleecks-cdn.com\/wp-content\/uploads\/2024\/06\/banner-website-esate-359X395-DE.jpg","type":"image\/jpeg"}],"twitter_card":"summary_large_image","twitter_misc":{"Est. reading time":"5 minutes"},"schema":{"@context":"https:\/\/schema.org","@graph":[{"@type":"WebPage","@id":"https:\/\/www.granapadano.it\/de-de\/sommer-an-der-frischer-luft\/","url":"https:\/\/www.granapadano.it\/de-de\/sommer-an-der-frischer-luft\/","name":"Sommer an der frischer Luft - Grana Padano","isPartOf":{"@id":"https:\/\/www.granapadano.it\/de-de\/#website"},"primaryImageOfPage":{"@id":"https:\/\/www.granapadano.it\/de-de\/sommer-an-der-frischer-luft\/#primaryimage"},"image":{"@id":"https:\/\/www.granapadano.it\/de-de\/sommer-an-der-frischer-luft\/#primaryimage"},"thumbnailUrl":"https:\/\/granapadano.kleecks-cdn.com\/wp-content\/uploads\/2024\/06\/banner-website-esate-359X395-DE.jpg","datePublished":"2024-06-03T15:26:33+00:00","dateModified":"2024-08-05T10:50:11+00:00","breadcrumb":{"@id":"https:\/\/www.granapadano.it\/de-de\/sommer-an-der-frischer-luft\/#breadcrumb"},"inLanguage":"de-de","potentialAction":[{"@type":"ReadAction","target":["https:\/\/www.granapadano.it\/de-de\/sommer-an-der-frischer-luft\/"]}]},{"@type":"ImageObject","inLanguage":"de-de","@id":"https:\/\/www.granapadano.it\/de-de\/sommer-an-der-frischer-luft\/#primaryimage","url":"https:\/\/granapadano.kleecks-cdn.com\/wp-content\/uploads\/2024\/06\/banner-website-esate-359X395-DE.jpg","contentUrl":"https:\/\/granapadano.kleecks-cdn.com\/wp-content\/uploads\/2024\/06\/banner-website-esate-359X395-DE.jpg","width":395,"height":395},{"@type":"BreadcrumbList","@id":"https:\/\/www.granapadano.it\/de-de\/sommer-an-der-frischer-luft\/#breadcrumb","itemListElement":[{"@type":"ListItem","position":1,"name":"Home","item":"https:\/\/www.granapadano.it\/de-de\/"},{"@type":"ListItem","position":2,"name":"Sommer an der frischer Luft"}]},{"@type":"WebSite","@id":"https:\/\/www.granapadano.it\/de-de\/#website","url":"https:\/\/www.granapadano.it\/de-de\/","name":"Grana Padano","description":"","potentialAction":[{"@type":"SearchAction","target":{"@type":"EntryPoint","urlTemplate":"https:\/\/www.granapadano.it\/de-de\/?s={search_term_string}"},"query-input":{"@type":"PropertyValueSpecification","valueRequired":true,"valueName":"search_term_string"}}],"inLanguage":"de-de"}]}},"_links":{"self":[{"href":"https:\/\/www.granapadano.it\/de-de\/wp-json\/wp\/v2\/pages\/120934","targetHints":{"allow":["GET"]}}],"collection":[{"href":"https:\/\/www.granapadano.it\/de-de\/wp-json\/wp\/v2\/pages"}],"about":[{"href":"https:\/\/www.granapadano.it\/de-de\/wp-json\/wp\/v2\/types\/page"}],"author":[{"embeddable":true,"href":"https:\/\/www.granapadano.it\/de-de\/wp-json\/wp\/v2\/users\/11"}],"replies":[{"embeddable":true,"href":"https:\/\/www.granapadano.it\/de-de\/wp-json\/wp\/v2\/comments?post=120934"}],"version-history":[{"count":15,"href":"https:\/\/www.granapadano.it\/de-de\/wp-json\/wp\/v2\/pages\/120934\/revisions"}],"predecessor-version":[{"id":121835,"href":"https:\/\/www.granapadano.it\/de-de\/wp-json\/wp\/v2\/pages\/120934\/revisions\/121835"}],"wp:featuredmedia":[{"embeddable":true,"href":"https:\/\/www.granapadano.it\/de-de\/wp-json\/wp\/v2\/media\/120941"}],"wp:attachment":[{"href":"https:\/\/www.granapadano.it\/de-de\/wp-json\/wp\/v2\/media?parent=120934"}],"curies":[{"name":"wp","href":"https:\/\/api.w.org\/{rel}","templated":true}]}}