{"id":119168,"date":"2024-04-16T13:30:50","date_gmt":"2024-04-16T13:30:50","guid":{"rendered":"https:\/\/www.granapadano.it\/vorschlage-zum-servieren\/kombinationen\/con-quale-cioccolato-abbinare-grana-padano\/come-abbinare-grana-padano-20-24-mesi-riserva-con-il-cioccolato\/"},"modified":"2024-07-04T17:37:43","modified_gmt":"2024-07-04T17:37:43","slug":"grana-padano-dop-riserva-20-24-monate-und-schokolade","status":"publish","type":"page","link":"https:\/\/www.granapadano.it\/de-de\/vorschlage-zum-servieren\/welche-schokolade-passt-zu-grana-padano-dop\/grana-padano-dop-riserva-20-24-monate-und-schokolade\/","title":{"rendered":"Grana Padano DOP \u201eRiserva\u201c 20-24 Monate und Schokolade"},"content":{"rendered":"<p>[et_pb_section fb_built=&#8221;1&#8243; fullwidth=&#8221;on&#8221; _builder_version=&#8221;4.19.5&#8243; _module_preset=&#8221;default&#8221; global_colors_info=&#8221;{}&#8221;][et_pb_fullwidth_image src=&#8221;https:\/\/www.granapadano.it\/wp-content\/uploads\/2024\/04\/Grana-Padano-e-Cioccolato-h.jpg&#8221; title_text=&#8221;Grana-Padano-e-Cioccolato-m&#8221; src_tablet=&#8221;https:\/\/www.granapadano.it\/wp-content\/uploads\/2024\/04\/Grana-Padano-e-Cioccolato-h.jpg&#8221; src_phone=&#8221;https:\/\/www.granapadano.it\/wp-content\/uploads\/2024\/04\/Grana-Padano-e-Cioccolato-m.jpg&#8221; src_last_edited=&#8221;on|phone&#8221; _builder_version=&#8221;4.24.3&#8243; _module_preset=&#8221;default&#8221; locked=&#8221;off&#8221; global_colors_info=&#8221;{}&#8221;][\/et_pb_fullwidth_image][\/et_pb_section][et_pb_section fb_built=&#8221;1&#8243; module_class=&#8221;production_sub_hub_main_wrapper&#8221; _builder_version=&#8221;4.19.4&#8243; _module_preset=&#8221;default&#8221; custom_padding=&#8221;13px||0px|||&#8221; locked=&#8221;off&#8221; global_colors_info=&#8221;{}&#8221;][et_pb_row module_class=&#8221;recipe_filter_section&#8221; _builder_version=&#8221;4.19.2&#8243; _module_preset=&#8221;default&#8221; max_width=&#8221;90%&#8221; custom_padding=&#8221;||7px|||&#8221; global_colors_info=&#8221;{}&#8221;][et_pb_column type=&#8221;4_4&#8243; _builder_version=&#8221;4.19.2&#8243; _module_preset=&#8221;default&#8221; global_colors_info=&#8221;{}&#8221;][et_pb_code _builder_version=&#8221;4.19.2&#8243; _module_preset=&#8221;default&#8221; custom_margin=&#8221;||16px|||&#8221; global_colors_info=&#8221;{}&#8221;]<div class=\"breadcrumb\"><a href=\"https:\/\/www.granapadano.it\/de-de\/\">Home<\/a>  <  <\/div>[\/et_pb_code][\/et_pb_column][\/et_pb_row][\/et_pb_section][et_pb_section fb_built=&#8221;1&#8243; module_class=&#8221;giovani_sub_hub_title&#8221; _builder_version=&#8221;4.19.5&#8243; _module_preset=&#8221;default&#8221; custom_padding=&#8221;0px||35px||false|false&#8221; locked=&#8221;off&#8221; global_colors_info=&#8221;{}&#8221;][et_pb_row module_class=&#8221;gp_producion_heading_wrapper&#8221; _builder_version=&#8221;4.19.5&#8243; _module_preset=&#8221;default&#8221; max_width=&#8221;90%&#8221; module_alignment=&#8221;center&#8221; custom_padding=&#8221;||||false|false&#8221; global_colors_info=&#8221;{}&#8221;][et_pb_column type=&#8221;4_4&#8243; _builder_version=&#8221;4.19.4&#8243; _module_preset=&#8221;default&#8221; global_colors_info=&#8221;{}&#8221;][et_pb_text module_class=&#8221;giovani_sub_hub_title_text&#8221; _builder_version=&#8221;4.24.3&#8243; _module_preset=&#8221;default&#8221; text_font=&#8221;Merriweather|700|||||||&#8221; text_text_color=&#8221;#0f0f0f&#8221; text_font_size=&#8221;80px&#8221; text_line_height=&#8221;70px&#8221; header_font=&#8221;Merriweather||||||||&#8221; header_text_color=&#8221;gcid-8696fd7e-29dd-4028-9d4d-981b208a53a9&#8243; header_font_size=&#8221;44px&#8221; header_line_height=&#8221;52px&#8221; text_orientation=&#8221;center&#8221; min_height=&#8221;83px&#8221; custom_margin=&#8221;||0px||false|false&#8221; custom_padding=&#8221;||0px||false|false&#8221; hover_enabled=&#8221;0&#8243; global_colors_info=&#8221;{%22gcid-8696fd7e-29dd-4028-9d4d-981b208a53a9%22:%91%22header_text_color%22%93}&#8221; sticky_enabled=&#8221;0&#8243;]<\/p>\n<h1>Grana Padano DOP \u201eRiserva\u201c 20-24 Monate<\/h1>\n<p>[\/et_pb_text][\/et_pb_column][\/et_pb_row][et_pb_row column_structure=&#8221;1_4,3_4&#8243; module_class=&#8221;article_dates&#8221; _builder_version=&#8221;4.19.4&#8243; _module_preset=&#8221;default&#8221; max_width=&#8221;90%&#8221; custom_padding=&#8221;2px||6px||false|false&#8221; global_colors_info=&#8221;{}&#8221;][et_pb_column type=&#8221;1_4&#8243; _builder_version=&#8221;4.19.3&#8243; _module_preset=&#8221;default&#8221; global_colors_info=&#8221;{}&#8221;][et_pb_text module_class=&#8221;button_look&#8221; _builder_version=&#8221;4.24.3&#8243; _module_preset=&#8221;default&#8221; text_font=&#8221;FontPadano-Bold||||||||&#8221; text_text_color=&#8221;#000000&#8243; text_font_size=&#8221;26px&#8221; background_color=&#8221;RGBA(255,255,255,0)&#8221; locked=&#8221;off&#8221; global_colors_info=&#8221;{}&#8221;]<\/p>\n<p>Cacao<\/p>\n<p>[\/et_pb_text][\/et_pb_column][et_pb_column type=&#8221;3_4&#8243; _builder_version=&#8221;4.19.4&#8243; _module_preset=&#8221;default&#8221; global_colors_info=&#8221;{}&#8221;][\/et_pb_column][\/et_pb_row][et_pb_row column_structure=&#8221;2_5,3_5&#8243; module_class=&#8221;article_sub_img_text_content &#8221; _builder_version=&#8221;4.24.3&#8243; _module_preset=&#8221;default&#8221; max_width=&#8221;90%&#8221; module_alignment=&#8221;center&#8221; min_height=&#8221;741.9px&#8221; custom_margin=&#8221;0px|auto|0px|auto|false|false&#8221; custom_padding=&#8221;0px||0px||false|false&#8221; global_colors_info=&#8221;{}&#8221;][et_pb_column type=&#8221;2_5&#8243; module_class=&#8221;article_sub_img_wrap&#8221; _builder_version=&#8221;4.20.2&#8243; _module_preset=&#8221;default&#8221; global_colors_info=&#8221;{}&#8221;][et_pb_image src=&#8221;https:\/\/www.granapadano.it\/wp-content\/uploads\/2024\/04\/GP-ZENZERO.jpg&#8221; title_text=&#8221;GP-ZENZERO&#8221; align=&#8221;center&#8221; _builder_version=&#8221;4.24.3&#8243; _module_preset=&#8221;default&#8221; positioning=&#8221;relative&#8221; vertical_offset=&#8221;63px&#8221; module_alignment=&#8221;center&#8221; border_radii=&#8221;on|20px|20px|20px|20px&#8221; global_colors_info=&#8221;{}&#8221;][\/et_pb_image][\/et_pb_column][et_pb_column type=&#8221;3_5&#8243; module_class=&#8221;article_sub_text_wrap&#8221; _builder_version=&#8221;4.20.2&#8243; _module_preset=&#8221;default&#8221; global_colors_info=&#8221;{}&#8221;][et_pb_text _builder_version=&#8221;4.24.3&#8243; _module_preset=&#8221;default&#8221; text_font=&#8221;||||||||&#8221; text_text_color=&#8221;#0f0f0f&#8221; text_font_size=&#8221;18px&#8221; text_line_height=&#8221;26px&#8221; width=&#8221;100%&#8221; custom_margin=&#8221;||0px||false|false&#8221; hover_enabled=&#8221;0&#8243; global_colors_info=&#8221;{}&#8221; sticky_enabled=&#8221;0&#8243;]<\/p>\n<h3>Grana Padano DOP \u201eRiserva\u201c20-24 Monate und Zartbitterschokolade mit 51 % Kakao mit kaniderten Ingwerst\u00fcckchen<\/h3>\n<p>Schokoladentafeln mit einem Kakaoanteil von mindestens 45 % k\u00f6nnen als \u201edunkel\u201c angesehen und definiert werden. Bis zu einem Kakaoanteil von 50-55 % bleibt der typische bittere Geschmack jedoch zart und wird auch von denjenigen gesch\u00e4tzt, die zwar keine Fans von extremen Kombinationen sind, sich aber von gastronomischen Neuheiten und Produkten mit einem gewissen Charakter angezogen f\u00fchlen.<br \/>\nIn dieser Kombination ist der \u201everlockende\u201c Vorschlag eine \u201eMischung\u201c aus kandierten Ingwerst\u00fcckchen in einer Tafel Zartbitterschokolade mit 51 % Kakao.<br \/>\nDas Vorhandensein von kandierten Ingwerst\u00fcckchen hat erhebliche Auswirkungen auf den Geschmacksverlauf, denn es beeinflusst das Mundgef\u00fchl und sorgt f\u00fcr Knusprigkeit. Dar\u00fcber hinaus erh\u00f6ht es im Gegensatz dazu die Wahrnehmung des zarten Kakaoaromas und schafft eine angenehme Frische im Mund durch das Prickeln des Ingwers, kombiniert mit dem f\u00fcr dieses Gew\u00fcrz typischen Zitrusaroma.<\/p>\n<p>Wir empfehlen, mit dem Kauen der St\u00fccke des 20-24 Monate gereiften Grana Padano DOP \u201eRiserva\u201c zu beginnen, um ein Wechselspiel zwischen der typischen K\u00f6rnigkeit des K\u00e4ses und den Ingwerst\u00fcckchen zu erzeugen, so dass die Zutaten mit berauschender Frische eins werden.<br \/>\nMit dieser Kombination wollen wir die Neugier derjenigen wecken, die sich gerne etwas trauen, ohne zu \u00fcbertreiben.\n<\/p>\n<p><strong>Besonderheit:<\/strong><\/p>\n<ul>\n<li>Die Geschichte des Ingwers ist sehr alt: Die Wurzel ist eines der ersten Gew\u00fcrze, die aus Asien exportiert wurden, und es wird angenommen, dass Alexander der Gro\u00dfe sie in den Westen brachte. \u00dcber das antike Griechenland gelangte der Ingwer w\u00e4hrend des sogenannten \u201espice trade age\u201c nach Europa.<\/li>\n<li>In der Antike galt die Ingwerwurzel als \u201emagisch\u201c, denn sie wurde wegen einer Eigenschaft gesch\u00e4tzt, die sie ebenso wertvoll wie geheimnisvoll machte: Wenn sie Lebensmitteln zugesetzt wurde, verhinderte oder verlangsamte sie den Verderb, so dass sie h\u00e4ufig als Konservierungsmittel f\u00fcr Lebensmittel verwendet wurde. <\/li>\n<li>Ingwer, ein Verwandter des Kardamoms, geh\u00f6rt zur Familie der Zingiberaceae. Die Urspr\u00fcnge seines Namens sind im Nebel der Zeit verloren gegangen; tats\u00e4chlich stammt er aus dem Sanskrit und Arabischen und bedeutet \u201eHorn\u201c aufgrund der Form seiner Rhizome oder Wurzeln. Seit jeher f\u00fcr seine wohltuenden Eigenschaften bekannt, ist er heute ein Gew\u00fcrz, das wegen seines \u201escharfen\u201c Geschmacks gesch\u00e4tzt wird, der alle Speisen, mit denen er kombiniert wird, w\u00fcrzig und faszinierend macht.<\/li>\n<\/ul>\n<p>[\/et_pb_text][\/et_pb_column][\/et_pb_row][et_pb_row column_structure=&#8221;2_5,3_5&#8243; module_class=&#8221;article_sub_img_text_content_left&#8221; _builder_version=&#8221;4.24.3&#8243; _module_preset=&#8221;default&#8221; max_width=&#8221;94%&#8221; custom_padding=&#8221;20px||30px||false|false&#8221; border_color_top=&#8221;RGBA(255,255,255,0)&#8221; locked=&#8221;off&#8221; global_colors_info=&#8221;{}&#8221;][et_pb_column type=&#8221;2_5&#8243; module_class=&#8221;article_sub_img_wrap_left&#8221; _builder_version=&#8221;4.20.2&#8243; _module_preset=&#8221;default&#8221; global_colors_info=&#8221;{}&#8221;][et_pb_image src=&#8221;https:\/\/www.granapadano.it\/wp-content\/uploads\/2024\/04\/GP_Abbinamento-Cacao-16-20.jpg&#8221; title_text=&#8221;GP_Abbinamento-Cacao-16-20&#8243; align=&#8221;center&#8221; show_bottom_space_tablet=&#8221;on&#8221; show_bottom_space_last_edited=&#8221;off|phone&#8221; _builder_version=&#8221;4.24.3&#8243; _module_preset=&#8221;default&#8221; custom_margin=&#8221;||0px||false|false&#8221; custom_margin_tablet=&#8221;30px||||false|false&#8221; custom_margin_phone=&#8221;30px||||false|false&#8221; custom_margin_last_edited=&#8221;on|desktop&#8221; custom_padding=&#8221;0px||0px||false|false&#8221; border_radii=&#8221;on|20px|20px|20px|20px&#8221; global_colors_info=&#8221;{}&#8221;][\/et_pb_image][\/et_pb_column][et_pb_column type=&#8221;3_5&#8243; module_class=&#8221;article_sub_text_wrap_left&#8221; _builder_version=&#8221;4.20.2&#8243; _module_preset=&#8221;default&#8221; global_colors_info=&#8221;{}&#8221;][et_pb_text _builder_version=&#8221;4.24.3&#8243; _module_preset=&#8221;default&#8221; text_font=&#8221;Merriweather|300|||||||&#8221; text_text_color=&#8221;#0f0f0f&#8221; text_font_size=&#8221;18px&#8221; text_line_height=&#8221;26px&#8221; width=&#8221;97.1%&#8221; custom_margin=&#8221;|||0px|false|false&#8221; hover_enabled=&#8221;0&#8243; global_colors_info=&#8221;{}&#8221; sticky_enabled=&#8221;0&#8243;]<\/p>\n<h3><strong>Grana Padano DOP \u201eRiserva\u201c 20-24 Monate und Bitterschokolade mit 71 % Kakao mit Honig und Mandelsplittern<\/strong><\/h3>\n<\/p>\n<p>Kakao, Honig, Mandeln\u2026 Dank der Mischung der Zutaten zeichnet sich die von uns angebotene Tafel durch eine Kombination verschiedener Aromen und Texturen aus, die sie einzigartig und wertvoll machen: Die bitteren Noten des Kakaos werden durch den Honig zart ges\u00fc\u00dft, was jedoch seinen Charakter nicht ver\u00e4ndert; die Mandelbl\u00e4ttchen verleihen ihm eine lebendige Knusprigkeit, die &#8211; in einem angenehmen Kontrast &#8211; von der Schokolade begleitet wird, die schmilzt und den Gaumen umh\u00fcllt. Die Kombination von dieser Schokolade und dem 20-24 Monate gereiften Grana Padano DOP \u201eRiserva\u201c \u00fcberrascht mit einer Vielzahl von Empfindungen, die aufeinander folgen: Im Mund kann man eine leichte S\u00e4ure, die S\u00fc\u00dfe des Honigs, einen Hauch von Bitterkeit des Kakaos und der Mandeln sowie eine gewisse Herbheit wahrnehmen, die ein Gegengewicht zu den leicht fettigen Noten des Grana Padano DOP bildet; es ist ein Fest der Aromen, der trigeminalen Wahrnehmungen und des Geschmacks. Es ist eine \u00fcberraschende Kombination, die den K\u00e4se aufwertet und im Nachgeschmack ein angenehmes Aroma von Grana Padano und Honig im Mund hinterl\u00e4sst. [\/et_pb_text][\/et_pb_column][\/et_pb_row][\/et_pb_section]<\/p>\n","protected":false},"excerpt":{"rendered":"<p><div class=\"breadcrumb\"><a href=\"https:\/\/www.granapadano.it\/de-de\/\">Home<\/a>  <  <\/div>Grana Padano DOP \u201eRiserva\u201c 20-24 MonateCacaoGrana Padano DOP \u201eRiserva\u201c20-24 Monate und Zartbitterschokolade mit 51 % Kakao mit kaniderten Ingwerst\u00fcckchen Schokoladentafeln mit einem Kakaoanteil von mindestens 45 % k\u00f6nnen als \u201edunkel\u201c angesehen und definiert werden. Bis zu einem Kakaoanteil von 50-55 % bleibt der typische bittere Geschmack jedoch zart und wird auch von denjenigen gesch\u00e4tzt, die [&hellip;]<\/p>\n","protected":false},"author":21,"featured_media":0,"parent":119061,"menu_order":321,"comment_status":"closed","ping_status":"closed","template":"","meta":{"_acf_changed":false,"_et_pb_use_builder":"on","_et_pb_old_content":"","_et_gb_content_width":"","footnotes":""},"class_list":["post-119168","page","type-page","status-publish","hentry"],"acf":[],"yoast_head":"<!-- This site is optimized with the Yoast SEO plugin v27.4 - https:\/\/yoast.com\/product\/yoast-seo-wordpress\/ -->\n<title>Grana Padano DOP \u201eRiserva\u201c 20-24 Monate und Schokolade - Grana Padano<\/title>\n<meta name=\"robots\" content=\"index, follow, max-snippet:-1, max-image-preview:large, max-video-preview:-1\" \/>\n<link rel=\"canonical\" href=\"https:\/\/www.granapadano.it\/de-de\/vorschlage-zum-servieren\/welche-schokolade-passt-zu-grana-padano-dop\/grana-padano-dop-riserva-20-24-monate-und-schokolade\/\" \/>\n<meta property=\"og:locale\" content=\"de_DE\" \/>\n<meta property=\"og:type\" content=\"article\" \/>\n<meta property=\"og:title\" content=\"Grana Padano DOP \u201eRiserva\u201c 20-24 Monate und Schokolade - Grana Padano\" \/>\n<meta property=\"og:description\" content=\"Grana Padano DOP \u201eRiserva\u201c 20-24 MonateCacaoGrana Padano DOP \u201eRiserva\u201c20-24 Monate und Zartbitterschokolade mit 51 % Kakao mit kaniderten Ingwerst\u00fcckchen Schokoladentafeln mit einem Kakaoanteil von mindestens 45 % k\u00f6nnen als \u201edunkel\u201c angesehen und definiert werden. Bis zu einem Kakaoanteil von 50-55 % bleibt der typische bittere Geschmack jedoch zart und wird auch von denjenigen gesch\u00e4tzt, die [&hellip;]\" \/>\n<meta property=\"og:url\" content=\"https:\/\/www.granapadano.it\/de-de\/vorschlage-zum-servieren\/welche-schokolade-passt-zu-grana-padano-dop\/grana-padano-dop-riserva-20-24-monate-und-schokolade\/\" \/>\n<meta property=\"og:site_name\" content=\"Grana Padano\" \/>\n<meta property=\"article:modified_time\" content=\"2024-07-04T17:37:43+00:00\" \/>\n<meta name=\"twitter:card\" content=\"summary_large_image\" \/>\n<meta name=\"twitter:label1\" content=\"Est. reading time\" \/>\n\t<meta name=\"twitter:data1\" content=\"4 minutes\" \/>\n<script type=\"application\/ld+json\" class=\"yoast-schema-graph\">{\"@context\":\"https:\\\/\\\/schema.org\",\"@graph\":[{\"@type\":\"WebPage\",\"@id\":\"https:\\\/\\\/www.granapadano.it\\\/de-de\\\/vorschlage-zum-servieren\\\/welche-schokolade-passt-zu-grana-padano-dop\\\/grana-padano-dop-riserva-20-24-monate-und-schokolade\\\/\",\"url\":\"https:\\\/\\\/www.granapadano.it\\\/de-de\\\/vorschlage-zum-servieren\\\/welche-schokolade-passt-zu-grana-padano-dop\\\/grana-padano-dop-riserva-20-24-monate-und-schokolade\\\/\",\"name\":\"Grana Padano DOP \u201eRiserva\u201c 20-24 Monate und Schokolade - Grana Padano\",\"isPartOf\":{\"@id\":\"https:\\\/\\\/www.granapadano.it\\\/de-de\\\/#website\"},\"datePublished\":\"2024-04-16T13:30:50+00:00\",\"dateModified\":\"2024-07-04T17:37:43+00:00\",\"breadcrumb\":{\"@id\":\"https:\\\/\\\/www.granapadano.it\\\/de-de\\\/vorschlage-zum-servieren\\\/welche-schokolade-passt-zu-grana-padano-dop\\\/grana-padano-dop-riserva-20-24-monate-und-schokolade\\\/#breadcrumb\"},\"inLanguage\":\"de-de\",\"potentialAction\":[{\"@type\":\"ReadAction\",\"target\":[\"https:\\\/\\\/www.granapadano.it\\\/de-de\\\/vorschlage-zum-servieren\\\/welche-schokolade-passt-zu-grana-padano-dop\\\/grana-padano-dop-riserva-20-24-monate-und-schokolade\\\/\"]}]},{\"@type\":\"BreadcrumbList\",\"@id\":\"https:\\\/\\\/www.granapadano.it\\\/de-de\\\/vorschlage-zum-servieren\\\/welche-schokolade-passt-zu-grana-padano-dop\\\/grana-padano-dop-riserva-20-24-monate-und-schokolade\\\/#breadcrumb\",\"itemListElement\":[{\"@type\":\"ListItem\",\"position\":1,\"name\":\"Home\",\"item\":\"https:\\\/\\\/www.granapadano.it\\\/de-de\\\/\"},{\"@type\":\"ListItem\",\"position\":2,\"name\":\"Rezepte\",\"item\":\"https:\\\/\\\/www.granapadano.it\\\/de-de\\\/rezepte\\\/\"},{\"@type\":\"ListItem\",\"position\":3,\"name\":\"Welche Schokolade passt zu Grana Padano DOP\",\"item\":\"https:\\\/\\\/www.granapadano.it\\\/de-de\\\/vorschlage-zum-servieren\\\/welche-schokolade-passt-zu-grana-padano-dop\\\/\"},{\"@type\":\"ListItem\",\"position\":4,\"name\":\"Grana Padano DOP \u201eRiserva\u201c 20-24 Monate und Schokolade\"}]},{\"@type\":\"WebSite\",\"@id\":\"https:\\\/\\\/www.granapadano.it\\\/de-de\\\/#website\",\"url\":\"https:\\\/\\\/www.granapadano.it\\\/de-de\\\/\",\"name\":\"Grana Padano\",\"description\":\"\",\"potentialAction\":[{\"@type\":\"SearchAction\",\"target\":{\"@type\":\"EntryPoint\",\"urlTemplate\":\"https:\\\/\\\/www.granapadano.it\\\/de-de\\\/?s={search_term_string}\"},\"query-input\":{\"@type\":\"PropertyValueSpecification\",\"valueRequired\":true,\"valueName\":\"search_term_string\"}}],\"inLanguage\":\"de-de\"}]}<\/script>\n<!-- \/ Yoast SEO plugin. -->","yoast_head_json":{"title":"Grana Padano DOP \u201eRiserva\u201c 20-24 Monate und Schokolade - Grana Padano","robots":{"index":"index","follow":"follow","max-snippet":"max-snippet:-1","max-image-preview":"max-image-preview:large","max-video-preview":"max-video-preview:-1"},"canonical":"https:\/\/www.granapadano.it\/de-de\/vorschlage-zum-servieren\/welche-schokolade-passt-zu-grana-padano-dop\/grana-padano-dop-riserva-20-24-monate-und-schokolade\/","og_locale":"de_DE","og_type":"article","og_title":"Grana Padano DOP \u201eRiserva\u201c 20-24 Monate und Schokolade - Grana Padano","og_description":"Grana Padano DOP \u201eRiserva\u201c 20-24 MonateCacaoGrana Padano DOP \u201eRiserva\u201c20-24 Monate und Zartbitterschokolade mit 51 % Kakao mit kaniderten Ingwerst\u00fcckchen Schokoladentafeln mit einem Kakaoanteil von mindestens 45 % k\u00f6nnen als \u201edunkel\u201c angesehen und definiert werden. Bis zu einem Kakaoanteil von 50-55 % bleibt der typische bittere Geschmack jedoch zart und wird auch von denjenigen gesch\u00e4tzt, die [&hellip;]","og_url":"https:\/\/www.granapadano.it\/de-de\/vorschlage-zum-servieren\/welche-schokolade-passt-zu-grana-padano-dop\/grana-padano-dop-riserva-20-24-monate-und-schokolade\/","og_site_name":"Grana Padano","article_modified_time":"2024-07-04T17:37:43+00:00","twitter_card":"summary_large_image","twitter_misc":{"Est. reading time":"4 minutes"},"schema":{"@context":"https:\/\/schema.org","@graph":[{"@type":"WebPage","@id":"https:\/\/www.granapadano.it\/de-de\/vorschlage-zum-servieren\/welche-schokolade-passt-zu-grana-padano-dop\/grana-padano-dop-riserva-20-24-monate-und-schokolade\/","url":"https:\/\/www.granapadano.it\/de-de\/vorschlage-zum-servieren\/welche-schokolade-passt-zu-grana-padano-dop\/grana-padano-dop-riserva-20-24-monate-und-schokolade\/","name":"Grana Padano DOP \u201eRiserva\u201c 20-24 Monate und Schokolade - Grana Padano","isPartOf":{"@id":"https:\/\/www.granapadano.it\/de-de\/#website"},"datePublished":"2024-04-16T13:30:50+00:00","dateModified":"2024-07-04T17:37:43+00:00","breadcrumb":{"@id":"https:\/\/www.granapadano.it\/de-de\/vorschlage-zum-servieren\/welche-schokolade-passt-zu-grana-padano-dop\/grana-padano-dop-riserva-20-24-monate-und-schokolade\/#breadcrumb"},"inLanguage":"de-de","potentialAction":[{"@type":"ReadAction","target":["https:\/\/www.granapadano.it\/de-de\/vorschlage-zum-servieren\/welche-schokolade-passt-zu-grana-padano-dop\/grana-padano-dop-riserva-20-24-monate-und-schokolade\/"]}]},{"@type":"BreadcrumbList","@id":"https:\/\/www.granapadano.it\/de-de\/vorschlage-zum-servieren\/welche-schokolade-passt-zu-grana-padano-dop\/grana-padano-dop-riserva-20-24-monate-und-schokolade\/#breadcrumb","itemListElement":[{"@type":"ListItem","position":1,"name":"Home","item":"https:\/\/www.granapadano.it\/de-de\/"},{"@type":"ListItem","position":2,"name":"Rezepte","item":"https:\/\/www.granapadano.it\/de-de\/rezepte\/"},{"@type":"ListItem","position":3,"name":"Welche Schokolade passt zu Grana Padano DOP","item":"https:\/\/www.granapadano.it\/de-de\/vorschlage-zum-servieren\/welche-schokolade-passt-zu-grana-padano-dop\/"},{"@type":"ListItem","position":4,"name":"Grana Padano DOP \u201eRiserva\u201c 20-24 Monate und Schokolade"}]},{"@type":"WebSite","@id":"https:\/\/www.granapadano.it\/de-de\/#website","url":"https:\/\/www.granapadano.it\/de-de\/","name":"Grana Padano","description":"","potentialAction":[{"@type":"SearchAction","target":{"@type":"EntryPoint","urlTemplate":"https:\/\/www.granapadano.it\/de-de\/?s={search_term_string}"},"query-input":{"@type":"PropertyValueSpecification","valueRequired":true,"valueName":"search_term_string"}}],"inLanguage":"de-de"}]}},"_links":{"self":[{"href":"https:\/\/www.granapadano.it\/de-de\/wp-json\/wp\/v2\/pages\/119168","targetHints":{"allow":["GET"]}}],"collection":[{"href":"https:\/\/www.granapadano.it\/de-de\/wp-json\/wp\/v2\/pages"}],"about":[{"href":"https:\/\/www.granapadano.it\/de-de\/wp-json\/wp\/v2\/types\/page"}],"author":[{"embeddable":true,"href":"https:\/\/www.granapadano.it\/de-de\/wp-json\/wp\/v2\/users\/21"}],"replies":[{"embeddable":true,"href":"https:\/\/www.granapadano.it\/de-de\/wp-json\/wp\/v2\/comments?post=119168"}],"version-history":[{"count":2,"href":"https:\/\/www.granapadano.it\/de-de\/wp-json\/wp\/v2\/pages\/119168\/revisions"}],"predecessor-version":[{"id":121872,"href":"https:\/\/www.granapadano.it\/de-de\/wp-json\/wp\/v2\/pages\/119168\/revisions\/121872"}],"up":[{"embeddable":true,"href":"https:\/\/www.granapadano.it\/de-de\/wp-json\/wp\/v2\/pages\/119061"}],"wp:attachment":[{"href":"https:\/\/www.granapadano.it\/de-de\/wp-json\/wp\/v2\/media?parent=119168"}],"curies":[{"name":"wp","href":"https:\/\/api.w.org\/{rel}","templated":true}]}}