{"id":119100,"date":"2024-04-16T16:24:50","date_gmt":"2024-04-16T16:24:50","guid":{"rendered":"https:\/\/www.granapadano.it\/vorschlage-zum-servieren\/kombinationen\/con-quale-mostarda-abbinare-grana-padano\/come-abbinare-grana-padano-20-24-mesi-riserva-con-la-mostarda\/"},"modified":"2024-05-08T14:19:30","modified_gmt":"2024-05-08T14:19:30","slug":"come-abbinare-grana-padano-20-24-mesi-riserva-con-la-mostarda","status":"publish","type":"page","link":"https:\/\/www.granapadano.it\/de-de\/vorschlage-zum-servieren\/con-quale-mostarda-abbinare-grana-padano\/come-abbinare-grana-padano-20-24-mesi-riserva-con-la-mostarda\/","title":{"rendered":"Come abbinare Grana Padano 20-24 mesi &#8220;Riserva&#8221; con la mostarda"},"content":{"rendered":"<p>[et_pb_section fb_built=&#8221;1&#8243; fullwidth=&#8221;on&#8221; _builder_version=&#8221;4.19.5&#8243; _module_preset=&#8221;default&#8221; global_colors_info=&#8221;{}&#8221;][et_pb_fullwidth_image src=&#8221;https:\/\/www.granapadano.it\/wp-content\/uploads\/2024\/04\/GP_Mostarda-h.jpg&#8221; title_text=&#8221;GP_Mostarda-m&#8221; src_tablet=&#8221;https:\/\/www.granapadano.it\/wp-content\/uploads\/2024\/04\/GP_Mostarda-h.jpg&#8221; src_phone=&#8221;https:\/\/www.granapadano.it\/wp-content\/uploads\/2024\/04\/GP_Mostarda-m.jpg&#8221; src_last_edited=&#8221;on|phone&#8221; _builder_version=&#8221;4.24.3&#8243; _module_preset=&#8221;default&#8221; locked=&#8221;off&#8221; global_colors_info=&#8221;{}&#8221;][\/et_pb_fullwidth_image][\/et_pb_section][et_pb_section fb_built=&#8221;1&#8243; module_class=&#8221;production_sub_hub_main_wrapper&#8221; _builder_version=&#8221;4.19.4&#8243; _module_preset=&#8221;default&#8221; custom_padding=&#8221;13px||0px|||&#8221; locked=&#8221;off&#8221; global_colors_info=&#8221;{}&#8221;][et_pb_row module_class=&#8221;recipe_filter_section&#8221; _builder_version=&#8221;4.19.2&#8243; _module_preset=&#8221;default&#8221; max_width=&#8221;90%&#8221; custom_padding=&#8221;||7px|||&#8221; global_colors_info=&#8221;{}&#8221;][et_pb_column type=&#8221;4_4&#8243; _builder_version=&#8221;4.19.2&#8243; _module_preset=&#8221;default&#8221; global_colors_info=&#8221;{}&#8221;][et_pb_code _builder_version=&#8221;4.19.2&#8243; _module_preset=&#8221;default&#8221; custom_margin=&#8221;||16px|||&#8221; global_colors_info=&#8221;{}&#8221;]<div class=\"breadcrumb\"><a href=\"https:\/\/www.granapadano.it\/de-de\/\">Home<\/a>  <  <\/div>[\/et_pb_code][\/et_pb_column][\/et_pb_row][\/et_pb_section][et_pb_section fb_built=&#8221;1&#8243; module_class=&#8221;giovani_sub_hub_title&#8221; _builder_version=&#8221;4.19.5&#8243; _module_preset=&#8221;default&#8221; custom_padding=&#8221;0px||35px||false|false&#8221; locked=&#8221;off&#8221; global_colors_info=&#8221;{}&#8221;][et_pb_row module_class=&#8221;gp_producion_heading_wrapper&#8221; _builder_version=&#8221;4.19.5&#8243; _module_preset=&#8221;default&#8221; max_width=&#8221;90%&#8221; module_alignment=&#8221;center&#8221; custom_padding=&#8221;||||false|false&#8221; global_colors_info=&#8221;{}&#8221;][et_pb_column type=&#8221;4_4&#8243; _builder_version=&#8221;4.19.4&#8243; _module_preset=&#8221;default&#8221; global_colors_info=&#8221;{}&#8221;][et_pb_text module_class=&#8221;giovani_sub_hub_title_text&#8221; _builder_version=&#8221;4.24.3&#8243; _module_preset=&#8221;default&#8221; text_font=&#8221;Merriweather|700|||||||&#8221; text_text_color=&#8221;#0f0f0f&#8221; text_font_size=&#8221;80px&#8221; text_line_height=&#8221;70px&#8221; header_font=&#8221;Merriweather||||||||&#8221; header_text_color=&#8221;gcid-8696fd7e-29dd-4028-9d4d-981b208a53a9&#8243; header_font_size=&#8221;44px&#8221; header_line_height=&#8221;52px&#8221; text_orientation=&#8221;center&#8221; min_height=&#8221;83px&#8221; custom_margin=&#8221;||0px||false|false&#8221; custom_padding=&#8221;||0px||false|false&#8221; hover_enabled=&#8221;0&#8243; global_colors_info=&#8221;{%22gcid-8696fd7e-29dd-4028-9d4d-981b208a53a9%22:%91%22header_text_color%22%93}&#8221; sticky_enabled=&#8221;0&#8243;]<\/p>\n<h1>Grana Padano DOP \u201eRiserva\u201c 20-24 Monate<\/h1>\n<p>[\/et_pb_text][\/et_pb_column][\/et_pb_row][et_pb_row column_structure=&#8221;1_4,3_4&#8243; module_class=&#8221;article_dates&#8221; _builder_version=&#8221;4.19.4&#8243; _module_preset=&#8221;default&#8221; max_width=&#8221;90%&#8221; custom_padding=&#8221;2px||6px||false|false&#8221; global_colors_info=&#8221;{}&#8221;][et_pb_column type=&#8221;1_4&#8243; _builder_version=&#8221;4.19.3&#8243; _module_preset=&#8221;default&#8221; global_colors_info=&#8221;{}&#8221;][et_pb_text module_class=&#8221;button_look&#8221; _builder_version=&#8221;4.24.3&#8243; _module_preset=&#8221;default&#8221; text_font=&#8221;FontPadano-Bold||||||||&#8221; text_text_color=&#8221;#000000&#8243; text_font_size=&#8221;26px&#8221; background_color=&#8221;RGBA(255,255,255,0)&#8221; locked=&#8221;off&#8221; global_colors_info=&#8221;{}&#8221;]<\/p>\n<p>Mostarda<\/p>\n<p>[\/et_pb_text][\/et_pb_column][et_pb_column type=&#8221;3_4&#8243; _builder_version=&#8221;4.19.4&#8243; _module_preset=&#8221;default&#8221; global_colors_info=&#8221;{}&#8221;][\/et_pb_column][\/et_pb_row][et_pb_row column_structure=&#8221;2_5,3_5&#8243; module_class=&#8221;article_sub_img_text_content &#8221; _builder_version=&#8221;4.24.3&#8243; _module_preset=&#8221;default&#8221; max_width=&#8221;90%&#8221; module_alignment=&#8221;center&#8221; min_height=&#8221;655.9px&#8221; custom_margin=&#8221;0px|auto|0px|auto|false|false&#8221; custom_padding=&#8221;0px||0px||false|false&#8221; global_colors_info=&#8221;{}&#8221;][et_pb_column type=&#8221;2_5&#8243; module_class=&#8221;article_sub_img_wrap&#8221; _builder_version=&#8221;4.20.2&#8243; _module_preset=&#8221;default&#8221; global_colors_info=&#8221;{}&#8221;][et_pb_image src=&#8221;https:\/\/www.granapadano.it\/wp-content\/uploads\/2024\/04\/GP_Mostarda-cotogna.jpg&#8221; title_text=&#8221;GP_Mostarda-cotogna&#8221; align=&#8221;center&#8221; _builder_version=&#8221;4.24.3&#8243; _module_preset=&#8221;default&#8221; positioning=&#8221;relative&#8221; vertical_offset=&#8221;63px&#8221; module_alignment=&#8221;center&#8221; border_radii=&#8221;on|20px|20px|20px|20px&#8221; global_colors_info=&#8221;{}&#8221;][\/et_pb_image][\/et_pb_column][et_pb_column type=&#8221;3_5&#8243; module_class=&#8221;article_sub_text_wrap&#8221; _builder_version=&#8221;4.20.2&#8243; _module_preset=&#8221;default&#8221; global_colors_info=&#8221;{}&#8221;][et_pb_text _builder_version=&#8221;4.24.3&#8243; _module_preset=&#8221;default&#8221; text_text_color=&#8221;#0f0f0f&#8221; text_font_size=&#8221;18px&#8221; text_line_height=&#8221;26px&#8221; width=&#8221;100%&#8221; custom_margin=&#8221;||0px||false|false&#8221; hover_enabled=&#8221;0&#8243; global_colors_info=&#8221;{}&#8221; sticky_enabled=&#8221;0&#8243;]<\/p>\n<h3><strong>Grana Padano DOP 20-24 Monate und Mostarda mit Campanina-\u00c4pfeln<\/strong><\/h3>\n<p>Sie ist die Mostarda par excellence der Tradition und der Feste Mantuas.<br \/>\nDer Campanina-Apfel ist ein sehr kleiner, meist wild wachsender Apfel, der heute wegen seiner Haltbarkeit und seines besonderen s\u00fc\u00df-sauren Geschmacks in Gem\u00fcseg\u00e4rten oder Obstplantagen angebaut wird. Bei der Zubereitung wird er vollst\u00e4ndig gesch\u00e4lt, in d\u00fcnne Scheiben geschnitten und karamellisiert; der Senf hat daher je nach Gr\u00f6\u00dfe der Scheibe eine mehr oder weniger intensive Karamellfarbe. Bei der Verkostung muss man sehr vorsichtig sein, um nicht von der starken Intensit\u00e4t des Senfs, die f\u00fcr die Zubereitung charakteristisch ist, \u00fcberrumpelt zu werden. Sie ist s\u00fc\u00df wie eine Marmelade, mit einem angenehmen Hauch von Karamell. Die leicht knackige, nicht klebrige Textur erinnert leicht an die frische Frucht, aus der sie hergestellt wird.<br \/>\nDie Mostarda di Mela Campanina wird traditionell am Ende einer Mahlzeit in Kombination mit lange gereiftem Grana Padano DOP serviert. Es handelt sich um eine Kombination mit starkem regionalem Bezug und Wurzeln, da die Provinz Mantua eine der Provinzen ist, die sich traditionell der Produktion des Grana Padano DOP widmet.<br \/>\nDie vorgeschlagene Kombination passt gut zum 20-24 Monate gereiften Grana Padano \u201eRiserva\u201c, denn beide Produkte treffen im Mund aufeinander, wobei ihre jeweiligen Texturen erhalten bleiben, sich K\u00f6rnigkeit und Knackigkeit abwechseln und der Mund nach der Verkostung dank des s\u00fc\u00dfen Beitrags der Mostarda und der S\u00e4ure und des Geschmacks des Grana Padano sauber bleibt.\n<\/p>\n<p><strong>Besonderheit: <\/strong><\/p>\n<p><span style=\"font-size: 18px;\">Gastronomische Verwendung: Die Mostarda di Mela Campanina wird das ganze Jahr \u00fcber haupts\u00e4chlich als Zutat f\u00fcr \u201eTortelli di zucca alla mantovana\u201c oder, als Bollwerk der weihnachtlichen Tradition, als Beilage zu \u00fcppigem gekochtem oder gesottenem Fleisch, gekochten Wurstwaren und mariniertem Fisch verwendet.<\/span><\/p>\n<p>[\/et_pb_text][\/et_pb_column][\/et_pb_row][et_pb_row _builder_version=&#8221;4.24.3&#8243; _module_preset=&#8221;default&#8221; locked=&#8221;off&#8221; global_colors_info=&#8221;{}&#8221;][et_pb_column type=&#8221;4_4&#8243; module_class=&#8221;article_sub_img_wrap_left&#8221; _builder_version=&#8221;4.20.2&#8243; _module_preset=&#8221;default&#8221; global_colors_info=&#8221;{}&#8221;][et_pb_text _builder_version=&#8221;4.24.3&#8243; _module_preset=&#8221;default&#8221; text_font=&#8221;|300|||||||&#8221; text_text_color=&#8221;#0f0f0f&#8221; text_font_size=&#8221;18px&#8221; text_line_height=&#8221;26px&#8221; width=&#8221;97.1%&#8221; custom_margin=&#8221;|||0px|false|false&#8221; hover_enabled=&#8221;0&#8243; global_colors_info=&#8221;{}&#8221; sticky_enabled=&#8221;0&#8243;]<\/p>\n<h3><strong>Grana Padano DOP 20-24 Monate und Mostarda Mantovana mit Feigen<\/strong><\/h3>\n<p>Die Mostarda Mantovana mit Feigen, die in der Regel Anfang September hergestellt wird, kann eine cremige, fast streichf\u00e4hige Textur haben oder sich als weiche ganze Fr\u00fcchte mit einem saftigen, w\u00fcrzigen Kern pr\u00e4sentieren.<br \/>\nIn der Nase nimmt man sofort ein karamellartiges Aroma wahr; es \u00fcberwiegen Noten von ger\u00f6steten und knusprigen Mandeln, Gew\u00fcrzen und schwarzem Pfeffer.<br \/>\nK\u00e4se und frische Feigen sind traditionell eine bew\u00e4hrte Kombination, aber die Feigen-Mostarda in Verbindung mit dem 20-24 Monate gereiften Grana Padano \u201eRiserva\u201c bietet neue und weitere \u00dcberraschungen: es ist in der Tat eine \u201ek\u00f6stliche\u201c und faszinierende Kombination, die eine F\u00fclle von Empfindungen bietet. Der reichhaltige Geschmack und die aromatischen Noten dieser Mostarda passen gut zu der zunehmenden Komplexit\u00e4t, die f\u00fcr diese Art von lang gereiftem Grana Padano charakteristisch ist; die Mostarda vertr\u00e4gt sich gut mit den Noten des K\u00e4ses nach Fleischbr\u00fche und Trockenfr\u00fcchten, deren Geschmack sich mit der S\u00fc\u00dfe der Feige abwechselt. Beide Produkte haben auch eine seltsame und gemeinsame Sch\u00e4rfe: der Grana Padano ist mild und zart, die Mostarda ist intensiver und kr\u00e4ftiger.<br \/>\nAuch in diesem Fall liegt der Erfolg der Kombination in einem delikaten Spiel der Proportionen, das es den Produkten erm\u00f6glicht, sich zu einer positiven und \u00fcberraschenden Synthese zu verbinden.\n<\/p>\n<p>[\/et_pb_text][\/et_pb_column][\/et_pb_row][\/et_pb_section]<\/p>\n","protected":false},"excerpt":{"rendered":"<p><div class=\"breadcrumb\"><a href=\"https:\/\/www.granapadano.it\/de-de\/\">Home<\/a>  <  <\/div>Grana Padano DOP \u201eRiserva\u201c 20-24 MonateMostardaGrana Padano DOP 20-24 Monate und Mostarda mit Campanina-\u00c4pfeln Sie ist die Mostarda par excellence der Tradition und der Feste Mantuas. Der Campanina-Apfel ist ein sehr kleiner, meist wild wachsender Apfel, der heute wegen seiner Haltbarkeit und seines besonderen s\u00fc\u00df-sauren Geschmacks in Gem\u00fcseg\u00e4rten oder Obstplantagen angebaut wird. Bei der Zubereitung [&hellip;]<\/p>\n","protected":false},"author":21,"featured_media":0,"parent":119057,"menu_order":369,"comment_status":"closed","ping_status":"closed","template":"","meta":{"_acf_changed":false,"_et_pb_use_builder":"on","_et_pb_old_content":"","_et_gb_content_width":"","footnotes":""},"class_list":["post-119100","page","type-page","status-publish","hentry"],"acf":[],"yoast_head":"<!-- This site is optimized with the Yoast SEO plugin v27.4 - https:\/\/yoast.com\/product\/yoast-seo-wordpress\/ -->\n<title>Come abbinare Grana Padano 20-24 mesi &quot;Riserva&quot; con la mostarda - Grana Padano<\/title>\n<meta name=\"robots\" content=\"index, follow, max-snippet:-1, max-image-preview:large, max-video-preview:-1\" \/>\n<link rel=\"canonical\" href=\"https:\/\/www.granapadano.it\/de-de\/vorschlage-zum-servieren\/con-quale-mostarda-abbinare-grana-padano\/come-abbinare-grana-padano-20-24-mesi-riserva-con-la-mostarda\/\" \/>\n<meta property=\"og:locale\" content=\"de_DE\" \/>\n<meta property=\"og:type\" content=\"article\" \/>\n<meta property=\"og:title\" content=\"Come abbinare Grana Padano 20-24 mesi &quot;Riserva&quot; con la mostarda - Grana Padano\" \/>\n<meta property=\"og:description\" content=\"Grana Padano DOP \u201eRiserva\u201c 20-24 MonateMostardaGrana Padano DOP 20-24 Monate und Mostarda mit Campanina-\u00c4pfeln Sie ist die Mostarda par excellence der Tradition und der Feste Mantuas. Der Campanina-Apfel ist ein sehr kleiner, meist wild wachsender Apfel, der heute wegen seiner Haltbarkeit und seines besonderen s\u00fc\u00df-sauren Geschmacks in Gem\u00fcseg\u00e4rten oder Obstplantagen angebaut wird. Bei der Zubereitung [&hellip;]\" \/>\n<meta property=\"og:url\" content=\"https:\/\/www.granapadano.it\/de-de\/vorschlage-zum-servieren\/con-quale-mostarda-abbinare-grana-padano\/come-abbinare-grana-padano-20-24-mesi-riserva-con-la-mostarda\/\" \/>\n<meta property=\"og:site_name\" content=\"Grana Padano\" \/>\n<meta property=\"article:modified_time\" content=\"2024-05-08T14:19:30+00:00\" \/>\n<meta name=\"twitter:card\" content=\"summary_large_image\" \/>\n<meta name=\"twitter:label1\" content=\"Est. reading time\" \/>\n\t<meta name=\"twitter:data1\" content=\"4 minutes\" \/>\n<script type=\"application\/ld+json\" class=\"yoast-schema-graph\">{\"@context\":\"https:\\\/\\\/schema.org\",\"@graph\":[{\"@type\":\"WebPage\",\"@id\":\"https:\\\/\\\/www.granapadano.it\\\/de-de\\\/vorschlage-zum-servieren\\\/con-quale-mostarda-abbinare-grana-padano\\\/come-abbinare-grana-padano-20-24-mesi-riserva-con-la-mostarda\\\/\",\"url\":\"https:\\\/\\\/www.granapadano.it\\\/de-de\\\/vorschlage-zum-servieren\\\/con-quale-mostarda-abbinare-grana-padano\\\/come-abbinare-grana-padano-20-24-mesi-riserva-con-la-mostarda\\\/\",\"name\":\"Come abbinare Grana Padano 20-24 mesi \\\"Riserva\\\" con la mostarda - Grana Padano\",\"isPartOf\":{\"@id\":\"https:\\\/\\\/www.granapadano.it\\\/de-de\\\/#website\"},\"datePublished\":\"2024-04-16T16:24:50+00:00\",\"dateModified\":\"2024-05-08T14:19:30+00:00\",\"breadcrumb\":{\"@id\":\"https:\\\/\\\/www.granapadano.it\\\/de-de\\\/vorschlage-zum-servieren\\\/con-quale-mostarda-abbinare-grana-padano\\\/come-abbinare-grana-padano-20-24-mesi-riserva-con-la-mostarda\\\/#breadcrumb\"},\"inLanguage\":\"de-de\",\"potentialAction\":[{\"@type\":\"ReadAction\",\"target\":[\"https:\\\/\\\/www.granapadano.it\\\/de-de\\\/vorschlage-zum-servieren\\\/con-quale-mostarda-abbinare-grana-padano\\\/come-abbinare-grana-padano-20-24-mesi-riserva-con-la-mostarda\\\/\"]}]},{\"@type\":\"BreadcrumbList\",\"@id\":\"https:\\\/\\\/www.granapadano.it\\\/de-de\\\/vorschlage-zum-servieren\\\/con-quale-mostarda-abbinare-grana-padano\\\/come-abbinare-grana-padano-20-24-mesi-riserva-con-la-mostarda\\\/#breadcrumb\",\"itemListElement\":[{\"@type\":\"ListItem\",\"position\":1,\"name\":\"Home\",\"item\":\"https:\\\/\\\/www.granapadano.it\\\/de-de\\\/\"},{\"@type\":\"ListItem\",\"position\":2,\"name\":\"Rezepte\",\"item\":\"https:\\\/\\\/www.granapadano.it\\\/de-de\\\/rezepte\\\/\"},{\"@type\":\"ListItem\",\"position\":3,\"name\":\"Con quale mostarda abbinare Grana Padano\",\"item\":\"https:\\\/\\\/www.granapadano.it\\\/de-de\\\/vorschlage-zum-servieren\\\/con-quale-mostarda-abbinare-grana-padano\\\/\"},{\"@type\":\"ListItem\",\"position\":4,\"name\":\"Come abbinare Grana Padano 20-24 mesi &#8220;Riserva&#8221; con la mostarda\"}]},{\"@type\":\"WebSite\",\"@id\":\"https:\\\/\\\/www.granapadano.it\\\/de-de\\\/#website\",\"url\":\"https:\\\/\\\/www.granapadano.it\\\/de-de\\\/\",\"name\":\"Grana Padano\",\"description\":\"\",\"potentialAction\":[{\"@type\":\"SearchAction\",\"target\":{\"@type\":\"EntryPoint\",\"urlTemplate\":\"https:\\\/\\\/www.granapadano.it\\\/de-de\\\/?s={search_term_string}\"},\"query-input\":{\"@type\":\"PropertyValueSpecification\",\"valueRequired\":true,\"valueName\":\"search_term_string\"}}],\"inLanguage\":\"de-de\"}]}<\/script>\n<!-- \/ Yoast SEO plugin. -->","yoast_head_json":{"title":"Come abbinare Grana Padano 20-24 mesi \"Riserva\" con la mostarda - Grana Padano","robots":{"index":"index","follow":"follow","max-snippet":"max-snippet:-1","max-image-preview":"max-image-preview:large","max-video-preview":"max-video-preview:-1"},"canonical":"https:\/\/www.granapadano.it\/de-de\/vorschlage-zum-servieren\/con-quale-mostarda-abbinare-grana-padano\/come-abbinare-grana-padano-20-24-mesi-riserva-con-la-mostarda\/","og_locale":"de_DE","og_type":"article","og_title":"Come abbinare Grana Padano 20-24 mesi \"Riserva\" con la mostarda - Grana Padano","og_description":"Grana Padano DOP \u201eRiserva\u201c 20-24 MonateMostardaGrana Padano DOP 20-24 Monate und Mostarda mit Campanina-\u00c4pfeln Sie ist die Mostarda par excellence der Tradition und der Feste Mantuas. Der Campanina-Apfel ist ein sehr kleiner, meist wild wachsender Apfel, der heute wegen seiner Haltbarkeit und seines besonderen s\u00fc\u00df-sauren Geschmacks in Gem\u00fcseg\u00e4rten oder Obstplantagen angebaut wird. Bei der Zubereitung [&hellip;]","og_url":"https:\/\/www.granapadano.it\/de-de\/vorschlage-zum-servieren\/con-quale-mostarda-abbinare-grana-padano\/come-abbinare-grana-padano-20-24-mesi-riserva-con-la-mostarda\/","og_site_name":"Grana Padano","article_modified_time":"2024-05-08T14:19:30+00:00","twitter_card":"summary_large_image","twitter_misc":{"Est. reading time":"4 minutes"},"schema":{"@context":"https:\/\/schema.org","@graph":[{"@type":"WebPage","@id":"https:\/\/www.granapadano.it\/de-de\/vorschlage-zum-servieren\/con-quale-mostarda-abbinare-grana-padano\/come-abbinare-grana-padano-20-24-mesi-riserva-con-la-mostarda\/","url":"https:\/\/www.granapadano.it\/de-de\/vorschlage-zum-servieren\/con-quale-mostarda-abbinare-grana-padano\/come-abbinare-grana-padano-20-24-mesi-riserva-con-la-mostarda\/","name":"Come abbinare Grana Padano 20-24 mesi \"Riserva\" con la mostarda - Grana Padano","isPartOf":{"@id":"https:\/\/www.granapadano.it\/de-de\/#website"},"datePublished":"2024-04-16T16:24:50+00:00","dateModified":"2024-05-08T14:19:30+00:00","breadcrumb":{"@id":"https:\/\/www.granapadano.it\/de-de\/vorschlage-zum-servieren\/con-quale-mostarda-abbinare-grana-padano\/come-abbinare-grana-padano-20-24-mesi-riserva-con-la-mostarda\/#breadcrumb"},"inLanguage":"de-de","potentialAction":[{"@type":"ReadAction","target":["https:\/\/www.granapadano.it\/de-de\/vorschlage-zum-servieren\/con-quale-mostarda-abbinare-grana-padano\/come-abbinare-grana-padano-20-24-mesi-riserva-con-la-mostarda\/"]}]},{"@type":"BreadcrumbList","@id":"https:\/\/www.granapadano.it\/de-de\/vorschlage-zum-servieren\/con-quale-mostarda-abbinare-grana-padano\/come-abbinare-grana-padano-20-24-mesi-riserva-con-la-mostarda\/#breadcrumb","itemListElement":[{"@type":"ListItem","position":1,"name":"Home","item":"https:\/\/www.granapadano.it\/de-de\/"},{"@type":"ListItem","position":2,"name":"Rezepte","item":"https:\/\/www.granapadano.it\/de-de\/rezepte\/"},{"@type":"ListItem","position":3,"name":"Con quale mostarda abbinare Grana Padano","item":"https:\/\/www.granapadano.it\/de-de\/vorschlage-zum-servieren\/con-quale-mostarda-abbinare-grana-padano\/"},{"@type":"ListItem","position":4,"name":"Come abbinare Grana Padano 20-24 mesi &#8220;Riserva&#8221; con la mostarda"}]},{"@type":"WebSite","@id":"https:\/\/www.granapadano.it\/de-de\/#website","url":"https:\/\/www.granapadano.it\/de-de\/","name":"Grana Padano","description":"","potentialAction":[{"@type":"SearchAction","target":{"@type":"EntryPoint","urlTemplate":"https:\/\/www.granapadano.it\/de-de\/?s={search_term_string}"},"query-input":{"@type":"PropertyValueSpecification","valueRequired":true,"valueName":"search_term_string"}}],"inLanguage":"de-de"}]}},"_links":{"self":[{"href":"https:\/\/www.granapadano.it\/de-de\/wp-json\/wp\/v2\/pages\/119100","targetHints":{"allow":["GET"]}}],"collection":[{"href":"https:\/\/www.granapadano.it\/de-de\/wp-json\/wp\/v2\/pages"}],"about":[{"href":"https:\/\/www.granapadano.it\/de-de\/wp-json\/wp\/v2\/types\/page"}],"author":[{"embeddable":true,"href":"https:\/\/www.granapadano.it\/de-de\/wp-json\/wp\/v2\/users\/21"}],"replies":[{"embeddable":true,"href":"https:\/\/www.granapadano.it\/de-de\/wp-json\/wp\/v2\/comments?post=119100"}],"version-history":[{"count":2,"href":"https:\/\/www.granapadano.it\/de-de\/wp-json\/wp\/v2\/pages\/119100\/revisions"}],"predecessor-version":[{"id":122698,"href":"https:\/\/www.granapadano.it\/de-de\/wp-json\/wp\/v2\/pages\/119100\/revisions\/122698"}],"up":[{"embeddable":true,"href":"https:\/\/www.granapadano.it\/de-de\/wp-json\/wp\/v2\/pages\/119057"}],"wp:attachment":[{"href":"https:\/\/www.granapadano.it\/de-de\/wp-json\/wp\/v2\/media?parent=119100"}],"curies":[{"name":"wp","href":"https:\/\/api.w.org\/{rel}","templated":true}]}}